{"id":12579,"date":"2023-04-11T11:35:46","date_gmt":"2023-04-11T09:35:46","guid":{"rendered":"https:\/\/dev.kompetensforetagen.se\/?post_type=product&#038;p=12579"},"modified":"2024-01-15T11:06:07","modified_gmt":"2024-01-15T10:06:07","slug":"faktablad-om-forandringarna-i-uthyrningslagen","status":"publish","type":"product","link":"https:\/\/www.kompetensforetagen.se\/produkt\/faktablad-om-forandringarna-i-uthyrningslagen\/","title":{"rendered":"Faktablad om f\u00f6r\u00e4ndringarna i Uthyrningslagen"},"content":{"rendered":"","protected":false},"excerpt":{"rendered":"<p><a href=\"https:\/\/www.regeringen.se\/rattsliga-dokument\/proposition\/2022\/03\/prop.-202122176\/\" target=\"_blank\" rel=\"noopener\">LAS-reformen<\/a>\u00a0f\u00f6r med sig \u00e4ndringar i\u00a0<a href=\"https:\/\/www.kompetensforetagen.se\/2021\/12\/bemanningsdirektivet-och-uthyrningslagen\/\" target=\"_blank\" rel=\"noopener\">Uthyrningslagen<\/a>,\u00a0 som inneb\u00e4r begr\u00e4nsning av inhyrning av personal. Om en person hyrs in till samma driftst\u00e4lle 24 m\u00e5nader under en period om 36 m\u00e5nader ska kundf\u00f6retaget erbjuda hen anst\u00e4llning. Utg\u00e5ngspunkten \u00e4r att om kunden har arbetsledningsansvaret \u00e4r det inhyrning, och d\u00e5 g\u00e4ller regelverket enligt uthyrningslagen.<\/p>\n<p>F\u00f6r att underl\u00e4tta f\u00f6r bemanningsf\u00f6retag och kundf\u00f6retag kring f\u00f6r\u00e4ndringar och ansvar har Kompetensf\u00f6retagen tagit fram ett faktablad med viktiga punkter. Det handlar bland annat om vilka som omfattas, n\u00e4r tiden b\u00f6rjar r\u00e4knas, och ansvar och skyldigheter kring erbjudande och ers\u00e4ttning.<\/p>\n<p>Faktabladet \u00e4r fritt att laddas ned; notera att f\u00f6r\u00e4ndringar av texten inte \u00e4r till\u00e5ten.<\/p>\n","protected":false},"featured_media":12596,"template":"","meta":{"_acf_changed":false},"product_brand":[],"product_cat":[237],"product_tag":[],"class_list":{"0":"post-12579","1":"product","2":"type-product","3":"status-publish","4":"has-post-thumbnail","6":"product_cat-bemanning-andra-konsulttjanster","8":"first","9":"instock","10":"downloadable","11":"taxable","12":"shipping-taxable","13":"product-type-simple"},"acf":[],"yoast_head":"<!-- This site is optimized with the Yoast SEO Premium plugin v26.8 (Yoast SEO v26.8) - https:\/\/yoast.com\/product\/yoast-seo-premium-wordpress\/ -->\n<title>Faktablad om f\u00f6r\u00e4ndringarna i Uthyrningslagen - Kompetensf\u00f6retagen<\/title>\n<meta name=\"description\" content=\"F\u00f6r att underl\u00e4tta f\u00f6r bemanningsf\u00f6retag och kundf\u00f6retag kring f\u00f6r\u00e4ndringar och ansvar har Kompetensf\u00f6retagen tagit fram ett faktablad med viktiga punkter.\" \/>\n<meta name=\"robots\" content=\"index, follow, max-snippet:-1, max-image-preview:large, max-video-preview:-1\" \/>\n<link rel=\"canonical\" href=\"https:\/\/www.kompetensforetagen.se\/produkt\/faktablad-om-forandringarna-i-uthyrningslagen\/\" \/>\n<meta property=\"og:locale\" content=\"sv_SE\" \/>\n<meta property=\"og:type\" content=\"article\" \/>\n<meta property=\"og:title\" content=\"Faktablad om f\u00f6r\u00e4ndringarna i Uthyrningslagen\" \/>\n<meta property=\"og:description\" content=\"F\u00f6r att underl\u00e4tta f\u00f6r bemanningsf\u00f6retag och kundf\u00f6retag kring f\u00f6r\u00e4ndringar och ansvar har Kompetensf\u00f6retagen tagit fram ett faktablad med viktiga punkter.\" \/>\n<meta property=\"og:url\" content=\"https:\/\/www.kompetensforetagen.se\/produkt\/faktablad-om-forandringarna-i-uthyrningslagen\/\" \/>\n<meta property=\"og:site_name\" content=\"Kompetensf\u00f6retagen\" \/>\n<meta property=\"article:modified_time\" content=\"2024-01-15T10:06:07+00:00\" \/>\n<meta property=\"og:image\" content=\"https:\/\/www.kompetensforetagen.se\/app\/uploads\/sites\/5\/2023\/04\/Default-x2.png\" \/>\n\t<meta property=\"og:image:width\" content=\"768\" \/>\n\t<meta property=\"og:image:height\" content=\"576\" \/>\n\t<meta property=\"og:image:type\" content=\"image\/png\" \/>\n<meta name=\"twitter:card\" content=\"summary_large_image\" \/>\n<meta name=\"twitter:label1\" content=\"Ber\u00e4knad l\u00e4stid\" \/>\n\t<meta name=\"twitter:data1\" content=\"1 minut\" \/>\n<script type=\"application\/ld+json\" class=\"yoast-schema-graph\">{\"@context\":\"https:\/\/schema.org\",\"@graph\":[{\"@type\":\"WebPage\",\"@id\":\"https:\/\/www.kompetensforetagen.se\/produkt\/faktablad-om-forandringarna-i-uthyrningslagen\/\",\"url\":\"https:\/\/www.kompetensforetagen.se\/produkt\/faktablad-om-forandringarna-i-uthyrningslagen\/\",\"name\":\"Faktablad om f\u00f6r\u00e4ndringarna i Uthyrningslagen - Kompetensf\u00f6retagen\",\"isPartOf\":{\"@id\":\"https:\/\/www.kompetensforetagen.se\/#website\"},\"primaryImageOfPage\":{\"@id\":\"https:\/\/www.kompetensforetagen.se\/produkt\/faktablad-om-forandringarna-i-uthyrningslagen\/#primaryimage\"},\"image\":{\"@id\":\"https:\/\/www.kompetensforetagen.se\/produkt\/faktablad-om-forandringarna-i-uthyrningslagen\/#primaryimage\"},\"thumbnailUrl\":\"https:\/\/www.kompetensforetagen.se\/app\/uploads\/sites\/5\/2023\/04\/Default-x2.png\",\"datePublished\":\"2023-04-11T09:35:46+00:00\",\"dateModified\":\"2024-01-15T10:06:07+00:00\",\"description\":\"F\u00f6r att underl\u00e4tta f\u00f6r bemanningsf\u00f6retag och kundf\u00f6retag kring f\u00f6r\u00e4ndringar och ansvar har Kompetensf\u00f6retagen tagit fram ett faktablad med viktiga punkter.\",\"breadcrumb\":{\"@id\":\"https:\/\/www.kompetensforetagen.se\/produkt\/faktablad-om-forandringarna-i-uthyrningslagen\/#breadcrumb\"},\"inLanguage\":\"sv-SE\",\"potentialAction\":[{\"@type\":\"ReadAction\",\"target\":[\"https:\/\/www.kompetensforetagen.se\/produkt\/faktablad-om-forandringarna-i-uthyrningslagen\/\"]}]},{\"@type\":\"ImageObject\",\"inLanguage\":\"sv-SE\",\"@id\":\"https:\/\/www.kompetensforetagen.se\/produkt\/faktablad-om-forandringarna-i-uthyrningslagen\/#primaryimage\",\"url\":\"https:\/\/www.kompetensforetagen.se\/app\/uploads\/sites\/5\/2023\/04\/Default-x2.png\",\"contentUrl\":\"https:\/\/www.kompetensforetagen.se\/app\/uploads\/sites\/5\/2023\/04\/Default-x2.png\",\"width\":768,\"height\":576,\"caption\":\"ABTU - Allm\u00e4nna best\u00e4mmelser f\u00f6r tj\u00e4nsteuppdrag\"},{\"@type\":\"BreadcrumbList\",\"@id\":\"https:\/\/www.kompetensforetagen.se\/produkt\/faktablad-om-forandringarna-i-uthyrningslagen\/#breadcrumb\",\"itemListElement\":[{\"@type\":\"ListItem\",\"position\":1,\"name\":\"Home\",\"item\":\"https:\/\/www.kompetensforetagen.se\/\"},{\"@type\":\"ListItem\",\"position\":2,\"name\":\"Webbutik\",\"item\":\"https:\/\/www.kompetensforetagen.se\/butik\/\"},{\"@type\":\"ListItem\",\"position\":3,\"name\":\"Faktablad om f\u00f6r\u00e4ndringarna i Uthyrningslagen\"}]},{\"@type\":\"WebSite\",\"@id\":\"https:\/\/www.kompetensforetagen.se\/#website\",\"url\":\"https:\/\/www.kompetensforetagen.se\/\",\"name\":\"Kompetensf\u00f6retagen\",\"description\":\"R\u00e4tt person p\u00e5 r\u00e4tt plats kan f\u00f6r\u00e4ndra v\u00e4rlden\",\"publisher\":{\"@id\":\"https:\/\/www.kompetensforetagen.se\/#organization\"},\"potentialAction\":[{\"@type\":\"SearchAction\",\"target\":{\"@type\":\"EntryPoint\",\"urlTemplate\":\"https:\/\/www.kompetensforetagen.se\/?s={search_term_string}\"},\"query-input\":{\"@type\":\"PropertyValueSpecification\",\"valueRequired\":true,\"valueName\":\"search_term_string\"}}],\"inLanguage\":\"sv-SE\"},{\"@type\":\"Organization\",\"@id\":\"https:\/\/www.kompetensforetagen.se\/#organization\",\"name\":\"Kompetensf\u00f6retagen\",\"url\":\"https:\/\/www.kompetensforetagen.se\/\",\"logo\":{\"@type\":\"ImageObject\",\"inLanguage\":\"sv-SE\",\"@id\":\"https:\/\/www.kompetensforetagen.se\/#\/schema\/logo\/image\/\",\"url\":\"https:\/\/www.kompetensforetagen.se\/app\/uploads\/sites\/5\/2022\/10\/logga_svart.png\",\"contentUrl\":\"https:\/\/www.kompetensforetagen.se\/app\/uploads\/sites\/5\/2022\/10\/logga_svart.png\",\"width\":752,\"height\":64,\"caption\":\"Kompetensf\u00f6retagen\"},\"image\":{\"@id\":\"https:\/\/www.kompetensforetagen.se\/#\/schema\/logo\/image\/\"},\"sameAs\":[\"https:\/\/www.linkedin.com\/company\/10540032\/\"]}]}<\/script>\n<!-- \/ Yoast SEO Premium plugin. -->","yoast_head_json":{"title":"Faktablad om f\u00f6r\u00e4ndringarna i Uthyrningslagen - Kompetensf\u00f6retagen","description":"F\u00f6r att underl\u00e4tta f\u00f6r bemanningsf\u00f6retag och kundf\u00f6retag kring f\u00f6r\u00e4ndringar och ansvar har Kompetensf\u00f6retagen tagit fram ett faktablad med viktiga punkter.","robots":{"index":"index","follow":"follow","max-snippet":"max-snippet:-1","max-image-preview":"max-image-preview:large","max-video-preview":"max-video-preview:-1"},"canonical":"https:\/\/www.kompetensforetagen.se\/produkt\/faktablad-om-forandringarna-i-uthyrningslagen\/","og_locale":"sv_SE","og_type":"article","og_title":"Faktablad om f\u00f6r\u00e4ndringarna i Uthyrningslagen","og_description":"F\u00f6r att underl\u00e4tta f\u00f6r bemanningsf\u00f6retag och kundf\u00f6retag kring f\u00f6r\u00e4ndringar och ansvar har Kompetensf\u00f6retagen tagit fram ett faktablad med viktiga punkter.","og_url":"https:\/\/www.kompetensforetagen.se\/produkt\/faktablad-om-forandringarna-i-uthyrningslagen\/","og_site_name":"Kompetensf\u00f6retagen","article_modified_time":"2024-01-15T10:06:07+00:00","og_image":[{"width":768,"height":576,"url":"https:\/\/www.kompetensforetagen.se\/app\/uploads\/sites\/5\/2023\/04\/Default-x2.png","type":"image\/png"}],"twitter_card":"summary_large_image","twitter_misc":{"Ber\u00e4knad l\u00e4stid":"1 minut"},"schema":{"@context":"https:\/\/schema.org","@graph":[{"@type":"WebPage","@id":"https:\/\/www.kompetensforetagen.se\/produkt\/faktablad-om-forandringarna-i-uthyrningslagen\/","url":"https:\/\/www.kompetensforetagen.se\/produkt\/faktablad-om-forandringarna-i-uthyrningslagen\/","name":"Faktablad om f\u00f6r\u00e4ndringarna i Uthyrningslagen - Kompetensf\u00f6retagen","isPartOf":{"@id":"https:\/\/www.kompetensforetagen.se\/#website"},"primaryImageOfPage":{"@id":"https:\/\/www.kompetensforetagen.se\/produkt\/faktablad-om-forandringarna-i-uthyrningslagen\/#primaryimage"},"image":{"@id":"https:\/\/www.kompetensforetagen.se\/produkt\/faktablad-om-forandringarna-i-uthyrningslagen\/#primaryimage"},"thumbnailUrl":"https:\/\/www.kompetensforetagen.se\/app\/uploads\/sites\/5\/2023\/04\/Default-x2.png","datePublished":"2023-04-11T09:35:46+00:00","dateModified":"2024-01-15T10:06:07+00:00","description":"F\u00f6r att underl\u00e4tta f\u00f6r bemanningsf\u00f6retag och kundf\u00f6retag kring f\u00f6r\u00e4ndringar och ansvar har Kompetensf\u00f6retagen tagit fram ett faktablad med viktiga punkter.","breadcrumb":{"@id":"https:\/\/www.kompetensforetagen.se\/produkt\/faktablad-om-forandringarna-i-uthyrningslagen\/#breadcrumb"},"inLanguage":"sv-SE","potentialAction":[{"@type":"ReadAction","target":["https:\/\/www.kompetensforetagen.se\/produkt\/faktablad-om-forandringarna-i-uthyrningslagen\/"]}]},{"@type":"ImageObject","inLanguage":"sv-SE","@id":"https:\/\/www.kompetensforetagen.se\/produkt\/faktablad-om-forandringarna-i-uthyrningslagen\/#primaryimage","url":"https:\/\/www.kompetensforetagen.se\/app\/uploads\/sites\/5\/2023\/04\/Default-x2.png","contentUrl":"https:\/\/www.kompetensforetagen.se\/app\/uploads\/sites\/5\/2023\/04\/Default-x2.png","width":768,"height":576,"caption":"ABTU - Allm\u00e4nna best\u00e4mmelser f\u00f6r tj\u00e4nsteuppdrag"},{"@type":"BreadcrumbList","@id":"https:\/\/www.kompetensforetagen.se\/produkt\/faktablad-om-forandringarna-i-uthyrningslagen\/#breadcrumb","itemListElement":[{"@type":"ListItem","position":1,"name":"Home","item":"https:\/\/www.kompetensforetagen.se\/"},{"@type":"ListItem","position":2,"name":"Webbutik","item":"https:\/\/www.kompetensforetagen.se\/butik\/"},{"@type":"ListItem","position":3,"name":"Faktablad om f\u00f6r\u00e4ndringarna i Uthyrningslagen"}]},{"@type":"WebSite","@id":"https:\/\/www.kompetensforetagen.se\/#website","url":"https:\/\/www.kompetensforetagen.se\/","name":"Kompetensf\u00f6retagen","description":"R\u00e4tt person p\u00e5 r\u00e4tt plats kan f\u00f6r\u00e4ndra v\u00e4rlden","publisher":{"@id":"https:\/\/www.kompetensforetagen.se\/#organization"},"potentialAction":[{"@type":"SearchAction","target":{"@type":"EntryPoint","urlTemplate":"https:\/\/www.kompetensforetagen.se\/?s={search_term_string}"},"query-input":{"@type":"PropertyValueSpecification","valueRequired":true,"valueName":"search_term_string"}}],"inLanguage":"sv-SE"},{"@type":"Organization","@id":"https:\/\/www.kompetensforetagen.se\/#organization","name":"Kompetensf\u00f6retagen","url":"https:\/\/www.kompetensforetagen.se\/","logo":{"@type":"ImageObject","inLanguage":"sv-SE","@id":"https:\/\/www.kompetensforetagen.se\/#\/schema\/logo\/image\/","url":"https:\/\/www.kompetensforetagen.se\/app\/uploads\/sites\/5\/2022\/10\/logga_svart.png","contentUrl":"https:\/\/www.kompetensforetagen.se\/app\/uploads\/sites\/5\/2022\/10\/logga_svart.png","width":752,"height":64,"caption":"Kompetensf\u00f6retagen"},"image":{"@id":"https:\/\/www.kompetensforetagen.se\/#\/schema\/logo\/image\/"},"sameAs":["https:\/\/www.linkedin.com\/company\/10540032\/"]}]}},"_links":{"self":[{"href":"https:\/\/www.kompetensforetagen.se\/api\/wp\/v2\/product\/12579","targetHints":{"allow":["GET"]}}],"collection":[{"href":"https:\/\/www.kompetensforetagen.se\/api\/wp\/v2\/product"}],"about":[{"href":"https:\/\/www.kompetensforetagen.se\/api\/wp\/v2\/types\/product"}],"wp:featuredmedia":[{"embeddable":true,"href":"https:\/\/www.kompetensforetagen.se\/api\/wp\/v2\/media\/12596"}],"wp:attachment":[{"href":"https:\/\/www.kompetensforetagen.se\/api\/wp\/v2\/media?parent=12579"}],"wp:term":[{"taxonomy":"product_brand","embeddable":true,"href":"https:\/\/www.kompetensforetagen.se\/api\/wp\/v2\/product_brand?post=12579"},{"taxonomy":"product_cat","embeddable":true,"href":"https:\/\/www.kompetensforetagen.se\/api\/wp\/v2\/product_cat?post=12579"},{"taxonomy":"product_tag","embeddable":true,"href":"https:\/\/www.kompetensforetagen.se\/api\/wp\/v2\/product_tag?post=12579"}],"curies":[{"name":"wp","href":"https:\/\/api.w.org\/{rel}","templated":true}]}}