{"id":12575,"date":"2023-04-11T11:35:46","date_gmt":"2023-04-11T09:35:46","guid":{"rendered":"https:\/\/dev.kompetensforetagen.se\/?post_type=product&#038;p=12575"},"modified":"2023-12-22T15:06:40","modified_gmt":"2023-12-22T14:06:40","slug":"prenumeration-allmanna-bestammelser-12-man","status":"publish","type":"product","link":"https:\/\/www.kompetensforetagen.se\/produkt\/prenumeration-allmanna-bestammelser-12-man\/","title":{"rendered":"Prenumeration &#8211; allm\u00e4nna best\u00e4mmelser, 12 m\u00e5n"},"content":{"rendered":"","protected":false},"excerpt":{"rendered":"<p>Genom att prenumerera p\u00e5 Kompetensf\u00f6retagens allm\u00e4nna best\u00e4mmelser f\u00e5r alla inom f\u00f6retaget tillg\u00e5ng till dessa digitalt, n\u00e4r och var ni \u00e4n beh\u00f6ver det \u2013 ni beh\u00f6ver bara teckna en prenumeration per f\u00f6retag och organisationsnummer. Prenumerationen l\u00f6per p\u00e5 12 m\u00e5nader, och f\u00f6rl\u00e4ngs d\u00e4refter automatiskt.<\/p>\n<p>Det \u00e4r viktigt att du tar del av vad som g\u00e4ller f\u00f6r k\u00f6p och anv\u00e4ndning under <a href=\"https:\/\/butik.kompetensforetagen.se\/kop-och-anvandarvillkor\/\" target=\"_blank\" rel=\"noopener\">K\u00f6p- och anv\u00e4ndarvillkor.<\/a><\/p>\n<p>Du kan ocks\u00e5 l\u00e4sa mer om varf\u00f6r du ska anv\u00e4nda de allm\u00e4nna best\u00e4mmelserna under <a href=\"https:\/\/butik.kompetensforetagen.se\/darfor-allmanna-bestammelser\/\" target=\"_blank\" rel=\"noopener\">Om allm\u00e4nna best\u00e4mmelser<\/a>.<\/p>\n<p>&nbsp;<\/p>\n","protected":false},"featured_media":12597,"template":"","meta":{"_acf_changed":false},"product_brand":[],"product_cat":[240],"product_tag":[],"class_list":{"0":"post-12575","1":"product","2":"type-product","3":"status-publish","4":"has-post-thumbnail","6":"product_cat-prenumeration-allmanna-bestammelser","8":"first","9":"instock","10":"featured","11":"taxable","12":"shipping-taxable","13":"purchasable","14":"product-type-simple"},"acf":[],"yoast_head":"<!-- This site is optimized with the Yoast SEO Premium plugin v26.8 (Yoast SEO v26.8) - https:\/\/yoast.com\/product\/yoast-seo-premium-wordpress\/ -->\n<title>Prenumeration - allm\u00e4nna best\u00e4mmelser I Kompetensf\u00f6retagen<\/title>\n<meta name=\"description\" content=\"Prenumeration - allm\u00e4nna best\u00e4mmelser. Du som inte \u00e4r medlem kan prenumererar p\u00e5 dem p\u00e5 \u00e5rsbasis. Mer info hittar du h\u00e4r.\" \/>\n<meta name=\"robots\" content=\"index, follow, max-snippet:-1, max-image-preview:large, max-video-preview:-1\" \/>\n<link rel=\"canonical\" href=\"https:\/\/www.kompetensforetagen.se\/produkt\/prenumeration-allmanna-bestammelser-12-man\/\" \/>\n<meta property=\"og:locale\" content=\"sv_SE\" \/>\n<meta property=\"og:type\" content=\"article\" \/>\n<meta property=\"og:title\" content=\"Prenumeration - allm\u00e4nna best\u00e4mmelser, 12 m\u00e5n\" \/>\n<meta property=\"og:description\" content=\"Prenumeration - allm\u00e4nna best\u00e4mmelser. Du som inte \u00e4r medlem kan prenumererar p\u00e5 dem p\u00e5 \u00e5rsbasis. Mer info hittar du h\u00e4r.\" \/>\n<meta property=\"og:url\" content=\"https:\/\/www.kompetensforetagen.se\/produkt\/prenumeration-allmanna-bestammelser-12-man\/\" \/>\n<meta property=\"og:site_name\" content=\"Kompetensf\u00f6retagen\" \/>\n<meta property=\"article:modified_time\" content=\"2023-12-22T14:06:40+00:00\" \/>\n<meta property=\"og:image\" content=\"https:\/\/www.kompetensforetagen.se\/app\/uploads\/sites\/5\/2023\/04\/Subscription-x2.png\" \/>\n\t<meta property=\"og:image:width\" content=\"768\" \/>\n\t<meta property=\"og:image:height\" content=\"576\" \/>\n\t<meta property=\"og:image:type\" content=\"image\/png\" \/>\n<meta name=\"twitter:card\" content=\"summary_large_image\" \/>\n<script type=\"application\/ld+json\" class=\"yoast-schema-graph\">{\"@context\":\"https:\/\/schema.org\",\"@graph\":[{\"@type\":\"WebPage\",\"@id\":\"https:\/\/www.kompetensforetagen.se\/produkt\/prenumeration-allmanna-bestammelser-12-man\/\",\"url\":\"https:\/\/www.kompetensforetagen.se\/produkt\/prenumeration-allmanna-bestammelser-12-man\/\",\"name\":\"Prenumeration - allm\u00e4nna best\u00e4mmelser I Kompetensf\u00f6retagen\",\"isPartOf\":{\"@id\":\"https:\/\/www.kompetensforetagen.se\/#website\"},\"primaryImageOfPage\":{\"@id\":\"https:\/\/www.kompetensforetagen.se\/produkt\/prenumeration-allmanna-bestammelser-12-man\/#primaryimage\"},\"image\":{\"@id\":\"https:\/\/www.kompetensforetagen.se\/produkt\/prenumeration-allmanna-bestammelser-12-man\/#primaryimage\"},\"thumbnailUrl\":\"https:\/\/www.kompetensforetagen.se\/app\/uploads\/sites\/5\/2023\/04\/Subscription-x2.png\",\"datePublished\":\"2023-04-11T09:35:46+00:00\",\"dateModified\":\"2023-12-22T14:06:40+00:00\",\"description\":\"Prenumeration - allm\u00e4nna best\u00e4mmelser. Du som inte \u00e4r medlem kan prenumererar p\u00e5 dem p\u00e5 \u00e5rsbasis. Mer info hittar du h\u00e4r.\",\"breadcrumb\":{\"@id\":\"https:\/\/www.kompetensforetagen.se\/produkt\/prenumeration-allmanna-bestammelser-12-man\/#breadcrumb\"},\"inLanguage\":\"sv-SE\",\"potentialAction\":[{\"@type\":\"ReadAction\",\"target\":[\"https:\/\/www.kompetensforetagen.se\/produkt\/prenumeration-allmanna-bestammelser-12-man\/\"]}]},{\"@type\":\"ImageObject\",\"inLanguage\":\"sv-SE\",\"@id\":\"https:\/\/www.kompetensforetagen.se\/produkt\/prenumeration-allmanna-bestammelser-12-man\/#primaryimage\",\"url\":\"https:\/\/www.kompetensforetagen.se\/app\/uploads\/sites\/5\/2023\/04\/Subscription-x2.png\",\"contentUrl\":\"https:\/\/www.kompetensforetagen.se\/app\/uploads\/sites\/5\/2023\/04\/Subscription-x2.png\",\"width\":768,\"height\":576,\"caption\":\"Ikon f\u00f6r prenumeration p\u00e5 nyhetsbrev och branschuppdateringar - allm\u00e4nna best\u00e4mmelser\"},{\"@type\":\"BreadcrumbList\",\"@id\":\"https:\/\/www.kompetensforetagen.se\/produkt\/prenumeration-allmanna-bestammelser-12-man\/#breadcrumb\",\"itemListElement\":[{\"@type\":\"ListItem\",\"position\":1,\"name\":\"Home\",\"item\":\"https:\/\/www.kompetensforetagen.se\/\"},{\"@type\":\"ListItem\",\"position\":2,\"name\":\"Webbutik\",\"item\":\"https:\/\/www.kompetensforetagen.se\/butik\/\"},{\"@type\":\"ListItem\",\"position\":3,\"name\":\"Prenumeration &#8211; allm\u00e4nna best\u00e4mmelser, 12 m\u00e5n\"}]},{\"@type\":\"WebSite\",\"@id\":\"https:\/\/www.kompetensforetagen.se\/#website\",\"url\":\"https:\/\/www.kompetensforetagen.se\/\",\"name\":\"Kompetensf\u00f6retagen\",\"description\":\"R\u00e4tt person p\u00e5 r\u00e4tt plats kan f\u00f6r\u00e4ndra v\u00e4rlden\",\"publisher\":{\"@id\":\"https:\/\/www.kompetensforetagen.se\/#organization\"},\"potentialAction\":[{\"@type\":\"SearchAction\",\"target\":{\"@type\":\"EntryPoint\",\"urlTemplate\":\"https:\/\/www.kompetensforetagen.se\/?s={search_term_string}\"},\"query-input\":{\"@type\":\"PropertyValueSpecification\",\"valueRequired\":true,\"valueName\":\"search_term_string\"}}],\"inLanguage\":\"sv-SE\"},{\"@type\":\"Organization\",\"@id\":\"https:\/\/www.kompetensforetagen.se\/#organization\",\"name\":\"Kompetensf\u00f6retagen\",\"url\":\"https:\/\/www.kompetensforetagen.se\/\",\"logo\":{\"@type\":\"ImageObject\",\"inLanguage\":\"sv-SE\",\"@id\":\"https:\/\/www.kompetensforetagen.se\/#\/schema\/logo\/image\/\",\"url\":\"https:\/\/www.kompetensforetagen.se\/app\/uploads\/sites\/5\/2022\/10\/logga_svart.png\",\"contentUrl\":\"https:\/\/www.kompetensforetagen.se\/app\/uploads\/sites\/5\/2022\/10\/logga_svart.png\",\"width\":752,\"height\":64,\"caption\":\"Kompetensf\u00f6retagen\"},\"image\":{\"@id\":\"https:\/\/www.kompetensforetagen.se\/#\/schema\/logo\/image\/\"},\"sameAs\":[\"https:\/\/www.linkedin.com\/company\/10540032\/\"]}]}<\/script>\n<!-- \/ Yoast SEO Premium plugin. -->","yoast_head_json":{"title":"Prenumeration - allm\u00e4nna best\u00e4mmelser I Kompetensf\u00f6retagen","description":"Prenumeration - allm\u00e4nna best\u00e4mmelser. Du som inte \u00e4r medlem kan prenumererar p\u00e5 dem p\u00e5 \u00e5rsbasis. Mer info hittar du h\u00e4r.","robots":{"index":"index","follow":"follow","max-snippet":"max-snippet:-1","max-image-preview":"max-image-preview:large","max-video-preview":"max-video-preview:-1"},"canonical":"https:\/\/www.kompetensforetagen.se\/produkt\/prenumeration-allmanna-bestammelser-12-man\/","og_locale":"sv_SE","og_type":"article","og_title":"Prenumeration - allm\u00e4nna best\u00e4mmelser, 12 m\u00e5n","og_description":"Prenumeration - allm\u00e4nna best\u00e4mmelser. Du som inte \u00e4r medlem kan prenumererar p\u00e5 dem p\u00e5 \u00e5rsbasis. Mer info hittar du h\u00e4r.","og_url":"https:\/\/www.kompetensforetagen.se\/produkt\/prenumeration-allmanna-bestammelser-12-man\/","og_site_name":"Kompetensf\u00f6retagen","article_modified_time":"2023-12-22T14:06:40+00:00","og_image":[{"width":768,"height":576,"url":"https:\/\/www.kompetensforetagen.se\/app\/uploads\/sites\/5\/2023\/04\/Subscription-x2.png","type":"image\/png"}],"twitter_card":"summary_large_image","schema":{"@context":"https:\/\/schema.org","@graph":[{"@type":"WebPage","@id":"https:\/\/www.kompetensforetagen.se\/produkt\/prenumeration-allmanna-bestammelser-12-man\/","url":"https:\/\/www.kompetensforetagen.se\/produkt\/prenumeration-allmanna-bestammelser-12-man\/","name":"Prenumeration - allm\u00e4nna best\u00e4mmelser I Kompetensf\u00f6retagen","isPartOf":{"@id":"https:\/\/www.kompetensforetagen.se\/#website"},"primaryImageOfPage":{"@id":"https:\/\/www.kompetensforetagen.se\/produkt\/prenumeration-allmanna-bestammelser-12-man\/#primaryimage"},"image":{"@id":"https:\/\/www.kompetensforetagen.se\/produkt\/prenumeration-allmanna-bestammelser-12-man\/#primaryimage"},"thumbnailUrl":"https:\/\/www.kompetensforetagen.se\/app\/uploads\/sites\/5\/2023\/04\/Subscription-x2.png","datePublished":"2023-04-11T09:35:46+00:00","dateModified":"2023-12-22T14:06:40+00:00","description":"Prenumeration - allm\u00e4nna best\u00e4mmelser. Du som inte \u00e4r medlem kan prenumererar p\u00e5 dem p\u00e5 \u00e5rsbasis. Mer info hittar du h\u00e4r.","breadcrumb":{"@id":"https:\/\/www.kompetensforetagen.se\/produkt\/prenumeration-allmanna-bestammelser-12-man\/#breadcrumb"},"inLanguage":"sv-SE","potentialAction":[{"@type":"ReadAction","target":["https:\/\/www.kompetensforetagen.se\/produkt\/prenumeration-allmanna-bestammelser-12-man\/"]}]},{"@type":"ImageObject","inLanguage":"sv-SE","@id":"https:\/\/www.kompetensforetagen.se\/produkt\/prenumeration-allmanna-bestammelser-12-man\/#primaryimage","url":"https:\/\/www.kompetensforetagen.se\/app\/uploads\/sites\/5\/2023\/04\/Subscription-x2.png","contentUrl":"https:\/\/www.kompetensforetagen.se\/app\/uploads\/sites\/5\/2023\/04\/Subscription-x2.png","width":768,"height":576,"caption":"Ikon f\u00f6r prenumeration p\u00e5 nyhetsbrev och branschuppdateringar - allm\u00e4nna best\u00e4mmelser"},{"@type":"BreadcrumbList","@id":"https:\/\/www.kompetensforetagen.se\/produkt\/prenumeration-allmanna-bestammelser-12-man\/#breadcrumb","itemListElement":[{"@type":"ListItem","position":1,"name":"Home","item":"https:\/\/www.kompetensforetagen.se\/"},{"@type":"ListItem","position":2,"name":"Webbutik","item":"https:\/\/www.kompetensforetagen.se\/butik\/"},{"@type":"ListItem","position":3,"name":"Prenumeration &#8211; allm\u00e4nna best\u00e4mmelser, 12 m\u00e5n"}]},{"@type":"WebSite","@id":"https:\/\/www.kompetensforetagen.se\/#website","url":"https:\/\/www.kompetensforetagen.se\/","name":"Kompetensf\u00f6retagen","description":"R\u00e4tt person p\u00e5 r\u00e4tt plats kan f\u00f6r\u00e4ndra v\u00e4rlden","publisher":{"@id":"https:\/\/www.kompetensforetagen.se\/#organization"},"potentialAction":[{"@type":"SearchAction","target":{"@type":"EntryPoint","urlTemplate":"https:\/\/www.kompetensforetagen.se\/?s={search_term_string}"},"query-input":{"@type":"PropertyValueSpecification","valueRequired":true,"valueName":"search_term_string"}}],"inLanguage":"sv-SE"},{"@type":"Organization","@id":"https:\/\/www.kompetensforetagen.se\/#organization","name":"Kompetensf\u00f6retagen","url":"https:\/\/www.kompetensforetagen.se\/","logo":{"@type":"ImageObject","inLanguage":"sv-SE","@id":"https:\/\/www.kompetensforetagen.se\/#\/schema\/logo\/image\/","url":"https:\/\/www.kompetensforetagen.se\/app\/uploads\/sites\/5\/2022\/10\/logga_svart.png","contentUrl":"https:\/\/www.kompetensforetagen.se\/app\/uploads\/sites\/5\/2022\/10\/logga_svart.png","width":752,"height":64,"caption":"Kompetensf\u00f6retagen"},"image":{"@id":"https:\/\/www.kompetensforetagen.se\/#\/schema\/logo\/image\/"},"sameAs":["https:\/\/www.linkedin.com\/company\/10540032\/"]}]}},"_links":{"self":[{"href":"https:\/\/www.kompetensforetagen.se\/api\/wp\/v2\/product\/12575","targetHints":{"allow":["GET"]}}],"collection":[{"href":"https:\/\/www.kompetensforetagen.se\/api\/wp\/v2\/product"}],"about":[{"href":"https:\/\/www.kompetensforetagen.se\/api\/wp\/v2\/types\/product"}],"wp:featuredmedia":[{"embeddable":true,"href":"https:\/\/www.kompetensforetagen.se\/api\/wp\/v2\/media\/12597"}],"wp:attachment":[{"href":"https:\/\/www.kompetensforetagen.se\/api\/wp\/v2\/media?parent=12575"}],"wp:term":[{"taxonomy":"product_brand","embeddable":true,"href":"https:\/\/www.kompetensforetagen.se\/api\/wp\/v2\/product_brand?post=12575"},{"taxonomy":"product_cat","embeddable":true,"href":"https:\/\/www.kompetensforetagen.se\/api\/wp\/v2\/product_cat?post=12575"},{"taxonomy":"product_tag","embeddable":true,"href":"https:\/\/www.kompetensforetagen.se\/api\/wp\/v2\/product_tag?post=12575"}],"curies":[{"name":"wp","href":"https:\/\/api.w.org\/{rel}","templated":true}]}}