{"id":12568,"date":"2023-04-11T11:35:45","date_gmt":"2023-04-11T09:35:45","guid":{"rendered":"https:\/\/dev.kompetensforetagen.se\/?post_type=product&#038;p=12568"},"modified":"2025-12-12T09:59:08","modified_gmt":"2025-12-12T08:59:08","slug":"allmanna-bestammelser-abss-10-uthyrning-av-personal-med-sarskild-sjalvstandig-stallning","status":"publish","type":"product","link":"https:\/\/www.kompetensforetagen.se\/produkt\/allmanna-bestammelser-abss-10-uthyrning-av-personal-med-sarskild-sjalvstandig-stallning\/","title":{"rendered":"Allm\u00e4nna best\u00e4mmelser ABSS \u2013 10 Uthyrning av personal med s\u00e4rskild sj\u00e4lvst\u00e4ndig st\u00e4llning"},"content":{"rendered":"","protected":false},"excerpt":{"rendered":"<p>Avtalsvillkoren i ABSS-10 anv\u00e4nds precis som ABPU-10 vid uthyrning av arbetstagare enligt lagen (2012:854) om uthyrning av arbetstagare (uthyrningslagen). Uthyrningslagen g\u00e4ller arbetstagare som \u00e4r anst\u00e4llda av bemanningsf\u00f6retag i syfte att hyras ut till kundf\u00f6retag f\u00f6r arbete under kundf\u00f6retagets kontroll och ledning. Bemanningsf\u00f6retag definieras i uthyrningslagen som ett f\u00f6retag som har arbetstagare anst\u00e4llda i syfte att hyra ut dessa till kundf\u00f6retag f\u00f6r arbete under kundf\u00f6retagets kontroll och ledning. ABSS-10 \u00e4r anpassad att anv\u00e4ndas n\u00e4r bemanningsf\u00f6retag hyr ut s\u00e4rskild, f\u00f6r uppdraget kvalificerad, sj\u00e4lvst\u00e4ndig personal till kunden. Exempel p\u00e5 s\u00e5dan personal kan vara vd, specialistl\u00e4kare, ekonomidirekt\u00f6r eller liknande kvalificerat arbete. Kunden ska behandla den inhyrda personalen som sina egna anst\u00e4llda, och kunden ansvarar ocks\u00e5 f\u00f6r kontroll och ledning av arbetet.<\/p>\n","protected":false},"featured_media":12596,"template":"","meta":{"_acf_changed":false},"product_brand":[],"product_cat":[237],"product_tag":[],"class_list":{"0":"post-12568","1":"product","2":"type-product","3":"status-publish","4":"has-post-thumbnail","6":"product_cat-bemanning-andra-konsulttjanster","8":"first","9":"instock","10":"downloadable","11":"taxable","12":"shipping-taxable","13":"product-type-simple"},"acf":[],"yoast_head":"<!-- This site is optimized with the Yoast SEO Premium plugin v26.8 (Yoast SEO v26.8) - https:\/\/yoast.com\/product\/yoast-seo-premium-wordpress\/ -->\n<title>Allm\u00e4nna best\u00e4mmelser ABSS \u2013 10 Uthyrning av personal med s\u00e4rskild sj\u00e4lvst\u00e4ndig st\u00e4llning - Kompetensf\u00f6retagen<\/title>\n<meta name=\"description\" content=\"Ladda ner ABSS 10. Allm\u00e4nna best\u00e4mmelser f\u00f6r uthyrning av personal med s\u00e4rskild sj\u00e4lvst\u00e4ndig st\u00e4llning. S\u00e4kra dina konsultavtal.\" \/>\n<meta name=\"robots\" content=\"index, follow, max-snippet:-1, max-image-preview:large, max-video-preview:-1\" \/>\n<link rel=\"canonical\" href=\"https:\/\/www.kompetensforetagen.se\/produkt\/allmanna-bestammelser-abss-10-uthyrning-av-personal-med-sarskild-sjalvstandig-stallning\/\" \/>\n<meta property=\"og:locale\" content=\"sv_SE\" \/>\n<meta property=\"og:type\" content=\"article\" \/>\n<meta property=\"og:title\" content=\"Allm\u00e4nna best\u00e4mmelser ABSS \u2013 10 Uthyrning av personal med s\u00e4rskild sj\u00e4lvst\u00e4ndig st\u00e4llning\" \/>\n<meta property=\"og:description\" content=\"Ladda ner ABSS 10. Allm\u00e4nna best\u00e4mmelser f\u00f6r uthyrning av personal med s\u00e4rskild sj\u00e4lvst\u00e4ndig st\u00e4llning. S\u00e4kra dina konsultavtal.\" \/>\n<meta property=\"og:url\" content=\"https:\/\/www.kompetensforetagen.se\/produkt\/allmanna-bestammelser-abss-10-uthyrning-av-personal-med-sarskild-sjalvstandig-stallning\/\" \/>\n<meta property=\"og:site_name\" content=\"Kompetensf\u00f6retagen\" \/>\n<meta property=\"article:modified_time\" content=\"2025-12-12T08:59:08+00:00\" \/>\n<meta property=\"og:image\" content=\"https:\/\/www.kompetensforetagen.se\/app\/uploads\/sites\/5\/2023\/04\/Default-x2.png\" \/>\n\t<meta property=\"og:image:width\" content=\"768\" \/>\n\t<meta property=\"og:image:height\" content=\"576\" \/>\n\t<meta property=\"og:image:type\" content=\"image\/png\" \/>\n<meta name=\"twitter:card\" content=\"summary_large_image\" \/>\n<meta name=\"twitter:label1\" content=\"Ber\u00e4knad l\u00e4stid\" \/>\n\t<meta name=\"twitter:data1\" content=\"1 minut\" \/>\n<script type=\"application\/ld+json\" class=\"yoast-schema-graph\">{\"@context\":\"https:\/\/schema.org\",\"@graph\":[{\"@type\":\"WebPage\",\"@id\":\"https:\/\/www.kompetensforetagen.se\/produkt\/allmanna-bestammelser-abss-10-uthyrning-av-personal-med-sarskild-sjalvstandig-stallning\/\",\"url\":\"https:\/\/www.kompetensforetagen.se\/produkt\/allmanna-bestammelser-abss-10-uthyrning-av-personal-med-sarskild-sjalvstandig-stallning\/\",\"name\":\"Allm\u00e4nna best\u00e4mmelser ABSS \u2013 10 Uthyrning av personal med s\u00e4rskild sj\u00e4lvst\u00e4ndig st\u00e4llning - Kompetensf\u00f6retagen\",\"isPartOf\":{\"@id\":\"https:\/\/www.kompetensforetagen.se\/#website\"},\"primaryImageOfPage\":{\"@id\":\"https:\/\/www.kompetensforetagen.se\/produkt\/allmanna-bestammelser-abss-10-uthyrning-av-personal-med-sarskild-sjalvstandig-stallning\/#primaryimage\"},\"image\":{\"@id\":\"https:\/\/www.kompetensforetagen.se\/produkt\/allmanna-bestammelser-abss-10-uthyrning-av-personal-med-sarskild-sjalvstandig-stallning\/#primaryimage\"},\"thumbnailUrl\":\"https:\/\/www.kompetensforetagen.se\/app\/uploads\/sites\/5\/2023\/04\/Default-x2.png\",\"datePublished\":\"2023-04-11T09:35:45+00:00\",\"dateModified\":\"2025-12-12T08:59:08+00:00\",\"description\":\"Ladda ner ABSS 10. Allm\u00e4nna best\u00e4mmelser f\u00f6r uthyrning av personal med s\u00e4rskild sj\u00e4lvst\u00e4ndig st\u00e4llning. S\u00e4kra dina konsultavtal.\",\"breadcrumb\":{\"@id\":\"https:\/\/www.kompetensforetagen.se\/produkt\/allmanna-bestammelser-abss-10-uthyrning-av-personal-med-sarskild-sjalvstandig-stallning\/#breadcrumb\"},\"inLanguage\":\"sv-SE\",\"potentialAction\":[{\"@type\":\"ReadAction\",\"target\":[\"https:\/\/www.kompetensforetagen.se\/produkt\/allmanna-bestammelser-abss-10-uthyrning-av-personal-med-sarskild-sjalvstandig-stallning\/\"]}]},{\"@type\":\"ImageObject\",\"inLanguage\":\"sv-SE\",\"@id\":\"https:\/\/www.kompetensforetagen.se\/produkt\/allmanna-bestammelser-abss-10-uthyrning-av-personal-med-sarskild-sjalvstandig-stallning\/#primaryimage\",\"url\":\"https:\/\/www.kompetensforetagen.se\/app\/uploads\/sites\/5\/2023\/04\/Default-x2.png\",\"contentUrl\":\"https:\/\/www.kompetensforetagen.se\/app\/uploads\/sites\/5\/2023\/04\/Default-x2.png\",\"width\":768,\"height\":576,\"caption\":\"ABTU - Allm\u00e4nna best\u00e4mmelser f\u00f6r tj\u00e4nsteuppdrag\"},{\"@type\":\"BreadcrumbList\",\"@id\":\"https:\/\/www.kompetensforetagen.se\/produkt\/allmanna-bestammelser-abss-10-uthyrning-av-personal-med-sarskild-sjalvstandig-stallning\/#breadcrumb\",\"itemListElement\":[{\"@type\":\"ListItem\",\"position\":1,\"name\":\"Home\",\"item\":\"https:\/\/www.kompetensforetagen.se\/\"},{\"@type\":\"ListItem\",\"position\":2,\"name\":\"Webbutik\",\"item\":\"https:\/\/www.kompetensforetagen.se\/butik\/\"},{\"@type\":\"ListItem\",\"position\":3,\"name\":\"Allm\u00e4nna best\u00e4mmelser ABSS \u2013 10 Uthyrning av personal med s\u00e4rskild sj\u00e4lvst\u00e4ndig st\u00e4llning\"}]},{\"@type\":\"WebSite\",\"@id\":\"https:\/\/www.kompetensforetagen.se\/#website\",\"url\":\"https:\/\/www.kompetensforetagen.se\/\",\"name\":\"Kompetensf\u00f6retagen\",\"description\":\"R\u00e4tt person p\u00e5 r\u00e4tt plats kan f\u00f6r\u00e4ndra v\u00e4rlden\",\"publisher\":{\"@id\":\"https:\/\/www.kompetensforetagen.se\/#organization\"},\"potentialAction\":[{\"@type\":\"SearchAction\",\"target\":{\"@type\":\"EntryPoint\",\"urlTemplate\":\"https:\/\/www.kompetensforetagen.se\/?s={search_term_string}\"},\"query-input\":{\"@type\":\"PropertyValueSpecification\",\"valueRequired\":true,\"valueName\":\"search_term_string\"}}],\"inLanguage\":\"sv-SE\"},{\"@type\":\"Organization\",\"@id\":\"https:\/\/www.kompetensforetagen.se\/#organization\",\"name\":\"Kompetensf\u00f6retagen\",\"url\":\"https:\/\/www.kompetensforetagen.se\/\",\"logo\":{\"@type\":\"ImageObject\",\"inLanguage\":\"sv-SE\",\"@id\":\"https:\/\/www.kompetensforetagen.se\/#\/schema\/logo\/image\/\",\"url\":\"https:\/\/www.kompetensforetagen.se\/app\/uploads\/sites\/5\/2022\/10\/logga_svart.png\",\"contentUrl\":\"https:\/\/www.kompetensforetagen.se\/app\/uploads\/sites\/5\/2022\/10\/logga_svart.png\",\"width\":752,\"height\":64,\"caption\":\"Kompetensf\u00f6retagen\"},\"image\":{\"@id\":\"https:\/\/www.kompetensforetagen.se\/#\/schema\/logo\/image\/\"},\"sameAs\":[\"https:\/\/www.linkedin.com\/company\/10540032\/\"]}]}<\/script>\n<!-- \/ Yoast SEO Premium plugin. -->","yoast_head_json":{"title":"Allm\u00e4nna best\u00e4mmelser ABSS \u2013 10 Uthyrning av personal med s\u00e4rskild sj\u00e4lvst\u00e4ndig st\u00e4llning - Kompetensf\u00f6retagen","description":"Ladda ner ABSS 10. Allm\u00e4nna best\u00e4mmelser f\u00f6r uthyrning av personal med s\u00e4rskild sj\u00e4lvst\u00e4ndig st\u00e4llning. S\u00e4kra dina konsultavtal.","robots":{"index":"index","follow":"follow","max-snippet":"max-snippet:-1","max-image-preview":"max-image-preview:large","max-video-preview":"max-video-preview:-1"},"canonical":"https:\/\/www.kompetensforetagen.se\/produkt\/allmanna-bestammelser-abss-10-uthyrning-av-personal-med-sarskild-sjalvstandig-stallning\/","og_locale":"sv_SE","og_type":"article","og_title":"Allm\u00e4nna best\u00e4mmelser ABSS \u2013 10 Uthyrning av personal med s\u00e4rskild sj\u00e4lvst\u00e4ndig st\u00e4llning","og_description":"Ladda ner ABSS 10. Allm\u00e4nna best\u00e4mmelser f\u00f6r uthyrning av personal med s\u00e4rskild sj\u00e4lvst\u00e4ndig st\u00e4llning. S\u00e4kra dina konsultavtal.","og_url":"https:\/\/www.kompetensforetagen.se\/produkt\/allmanna-bestammelser-abss-10-uthyrning-av-personal-med-sarskild-sjalvstandig-stallning\/","og_site_name":"Kompetensf\u00f6retagen","article_modified_time":"2025-12-12T08:59:08+00:00","og_image":[{"width":768,"height":576,"url":"https:\/\/www.kompetensforetagen.se\/app\/uploads\/sites\/5\/2023\/04\/Default-x2.png","type":"image\/png"}],"twitter_card":"summary_large_image","twitter_misc":{"Ber\u00e4knad l\u00e4stid":"1 minut"},"schema":{"@context":"https:\/\/schema.org","@graph":[{"@type":"WebPage","@id":"https:\/\/www.kompetensforetagen.se\/produkt\/allmanna-bestammelser-abss-10-uthyrning-av-personal-med-sarskild-sjalvstandig-stallning\/","url":"https:\/\/www.kompetensforetagen.se\/produkt\/allmanna-bestammelser-abss-10-uthyrning-av-personal-med-sarskild-sjalvstandig-stallning\/","name":"Allm\u00e4nna best\u00e4mmelser ABSS \u2013 10 Uthyrning av personal med s\u00e4rskild sj\u00e4lvst\u00e4ndig st\u00e4llning - Kompetensf\u00f6retagen","isPartOf":{"@id":"https:\/\/www.kompetensforetagen.se\/#website"},"primaryImageOfPage":{"@id":"https:\/\/www.kompetensforetagen.se\/produkt\/allmanna-bestammelser-abss-10-uthyrning-av-personal-med-sarskild-sjalvstandig-stallning\/#primaryimage"},"image":{"@id":"https:\/\/www.kompetensforetagen.se\/produkt\/allmanna-bestammelser-abss-10-uthyrning-av-personal-med-sarskild-sjalvstandig-stallning\/#primaryimage"},"thumbnailUrl":"https:\/\/www.kompetensforetagen.se\/app\/uploads\/sites\/5\/2023\/04\/Default-x2.png","datePublished":"2023-04-11T09:35:45+00:00","dateModified":"2025-12-12T08:59:08+00:00","description":"Ladda ner ABSS 10. Allm\u00e4nna best\u00e4mmelser f\u00f6r uthyrning av personal med s\u00e4rskild sj\u00e4lvst\u00e4ndig st\u00e4llning. S\u00e4kra dina konsultavtal.","breadcrumb":{"@id":"https:\/\/www.kompetensforetagen.se\/produkt\/allmanna-bestammelser-abss-10-uthyrning-av-personal-med-sarskild-sjalvstandig-stallning\/#breadcrumb"},"inLanguage":"sv-SE","potentialAction":[{"@type":"ReadAction","target":["https:\/\/www.kompetensforetagen.se\/produkt\/allmanna-bestammelser-abss-10-uthyrning-av-personal-med-sarskild-sjalvstandig-stallning\/"]}]},{"@type":"ImageObject","inLanguage":"sv-SE","@id":"https:\/\/www.kompetensforetagen.se\/produkt\/allmanna-bestammelser-abss-10-uthyrning-av-personal-med-sarskild-sjalvstandig-stallning\/#primaryimage","url":"https:\/\/www.kompetensforetagen.se\/app\/uploads\/sites\/5\/2023\/04\/Default-x2.png","contentUrl":"https:\/\/www.kompetensforetagen.se\/app\/uploads\/sites\/5\/2023\/04\/Default-x2.png","width":768,"height":576,"caption":"ABTU - Allm\u00e4nna best\u00e4mmelser f\u00f6r tj\u00e4nsteuppdrag"},{"@type":"BreadcrumbList","@id":"https:\/\/www.kompetensforetagen.se\/produkt\/allmanna-bestammelser-abss-10-uthyrning-av-personal-med-sarskild-sjalvstandig-stallning\/#breadcrumb","itemListElement":[{"@type":"ListItem","position":1,"name":"Home","item":"https:\/\/www.kompetensforetagen.se\/"},{"@type":"ListItem","position":2,"name":"Webbutik","item":"https:\/\/www.kompetensforetagen.se\/butik\/"},{"@type":"ListItem","position":3,"name":"Allm\u00e4nna best\u00e4mmelser ABSS \u2013 10 Uthyrning av personal med s\u00e4rskild sj\u00e4lvst\u00e4ndig st\u00e4llning"}]},{"@type":"WebSite","@id":"https:\/\/www.kompetensforetagen.se\/#website","url":"https:\/\/www.kompetensforetagen.se\/","name":"Kompetensf\u00f6retagen","description":"R\u00e4tt person p\u00e5 r\u00e4tt plats kan f\u00f6r\u00e4ndra v\u00e4rlden","publisher":{"@id":"https:\/\/www.kompetensforetagen.se\/#organization"},"potentialAction":[{"@type":"SearchAction","target":{"@type":"EntryPoint","urlTemplate":"https:\/\/www.kompetensforetagen.se\/?s={search_term_string}"},"query-input":{"@type":"PropertyValueSpecification","valueRequired":true,"valueName":"search_term_string"}}],"inLanguage":"sv-SE"},{"@type":"Organization","@id":"https:\/\/www.kompetensforetagen.se\/#organization","name":"Kompetensf\u00f6retagen","url":"https:\/\/www.kompetensforetagen.se\/","logo":{"@type":"ImageObject","inLanguage":"sv-SE","@id":"https:\/\/www.kompetensforetagen.se\/#\/schema\/logo\/image\/","url":"https:\/\/www.kompetensforetagen.se\/app\/uploads\/sites\/5\/2022\/10\/logga_svart.png","contentUrl":"https:\/\/www.kompetensforetagen.se\/app\/uploads\/sites\/5\/2022\/10\/logga_svart.png","width":752,"height":64,"caption":"Kompetensf\u00f6retagen"},"image":{"@id":"https:\/\/www.kompetensforetagen.se\/#\/schema\/logo\/image\/"},"sameAs":["https:\/\/www.linkedin.com\/company\/10540032\/"]}]}},"_links":{"self":[{"href":"https:\/\/www.kompetensforetagen.se\/api\/wp\/v2\/product\/12568","targetHints":{"allow":["GET"]}}],"collection":[{"href":"https:\/\/www.kompetensforetagen.se\/api\/wp\/v2\/product"}],"about":[{"href":"https:\/\/www.kompetensforetagen.se\/api\/wp\/v2\/types\/product"}],"wp:featuredmedia":[{"embeddable":true,"href":"https:\/\/www.kompetensforetagen.se\/api\/wp\/v2\/media\/12596"}],"wp:attachment":[{"href":"https:\/\/www.kompetensforetagen.se\/api\/wp\/v2\/media?parent=12568"}],"wp:term":[{"taxonomy":"product_brand","embeddable":true,"href":"https:\/\/www.kompetensforetagen.se\/api\/wp\/v2\/product_brand?post=12568"},{"taxonomy":"product_cat","embeddable":true,"href":"https:\/\/www.kompetensforetagen.se\/api\/wp\/v2\/product_cat?post=12568"},{"taxonomy":"product_tag","embeddable":true,"href":"https:\/\/www.kompetensforetagen.se\/api\/wp\/v2\/product_tag?post=12568"}],"curies":[{"name":"wp","href":"https:\/\/api.w.org\/{rel}","templated":true}]}}