{"id":99,"date":"2016-03-16T00:00:00","date_gmt":"2016-03-15T23:00:00","guid":{"rendered":"http:\/\/staging.bemanningsforetagen.se\/steg-4-beslut\/"},"modified":"2023-06-20T15:39:42","modified_gmt":"2023-06-20T13:39:42","slug":"steg-4-beslut","status":"publish","type":"page","link":"https:\/\/www.kompetensforetagen.se\/auktorisation\/steg-4-beslut\/","title":{"rendered":"Steg 4: Beslut"},"content":{"rendered":"<div id=\"block-hero-block_e854e00756bcf270d709944cfa4934d9\" class=\"Hero --has-media has-lightgray-background-color has-paragraph-text\">\n\n      <img loading=\"lazy\" decoding=\"async\" width=\"1180\" height=\"787\" src=\"https:\/\/www.kompetensforetagen.se\/app\/uploads\/sites\/5\/2023\/06\/pexels-cottonbro-studio-4631066-1180x787.jpg\" class=\"Hero__image\" alt=\"Upp\u00e5tv\u00e4nda handflator med yes och no skrivet i respektive\" srcset=\"https:\/\/www.kompetensforetagen.se\/app\/uploads\/sites\/5\/2023\/06\/pexels-cottonbro-studio-4631066-1180x787.jpg 1180w, https:\/\/www.kompetensforetagen.se\/app\/uploads\/sites\/5\/2023\/06\/pexels-cottonbro-studio-4631066-580x387.jpg 580w, https:\/\/www.kompetensforetagen.se\/app\/uploads\/sites\/5\/2023\/06\/pexels-cottonbro-studio-4631066-380x253.jpg 380w, https:\/\/www.kompetensforetagen.se\/app\/uploads\/sites\/5\/2023\/06\/pexels-cottonbro-studio-4631066-768x512.jpg 768w, https:\/\/www.kompetensforetagen.se\/app\/uploads\/sites\/5\/2023\/06\/pexels-cottonbro-studio-4631066-1536x1024.jpg 1536w, https:\/\/www.kompetensforetagen.se\/app\/uploads\/sites\/5\/2023\/06\/pexels-cottonbro-studio-4631066-2048x1365.jpg 2048w, https:\/\/www.kompetensforetagen.se\/app\/uploads\/sites\/5\/2023\/06\/pexels-cottonbro-studio-4631066-600x400.jpg 600w\" sizes=\"auto, (max-width: 1180px) 100vw, 1180px\" \/>\n    \n  <div class=\"Hero__inner container has-lightgray-background-color has-background-image\">\n              <div class=\"Hero__title\">\n          <h1>Steg 4 &#8211; <i> Beslut<\/i><\/h1>\n        <\/div>\n                    <div class=\"Hero__text\">\n          <p>Auktorisationsn\u00e4mnden g\u00e5r igenom varje medlems\u00adf\u00f6retags ans\u00f6kan om auktorisation. N\u00e4mnden l\u00e4mnar d\u00e4refter rekommendation f\u00f6r beslut till Kompetens\u00adf\u00f6retagens styrelse.<\/p>\n\n        <\/div>\n                    <\/div>\n<\/div>\n\n\n\n<div class=\"wp-block-group has-white-background-color has-background is-layout-constrained wp-block-group-is-layout-constrained\">\n<div class=\"wp-block-columns is-layout-flex wp-container-core-columns-is-layout-9d6595d7 wp-block-columns-is-layout-flex\">\n<div class=\"wp-block-column is-layout-flow wp-block-column-is-layout-flow\"><div class=\"wp-block wp-block-core-heading heading-in-sidebar\" id=\"beslutsunderlag\"><a class='Share__link Share__link--url copy-text' href='#' rel='nofollow' data-text='beslutsunderlag' title='Dela url' data-confirmation='L\u00e4nken kopierades till urklipp'><svg class='icon icon--link'  width='18' height='18' viewBox='0 0 18 18' fill='none' xmlns='http:\/\/www.w3.org\/2000\/svg'>\n            <path d='M10.4142 0.514721L6.87868 4.05025L8.29289 5.46447L11.1213 2.63604L15.364 6.87868L12.5355 9.70711L13.9497 11.1213L17.4853 7.58579C17.8763 7.19476 17.8763 6.5626 17.4853 6.17158L11.8284 0.514721C11.4374 0.123691 10.8052 0.123691 10.4142 0.514721Z' fill='black'\/>\n            <path d='M9.7071 12.5355L6.87868 15.364L2.63604 11.1213L5.46446 8.2929L4.05025 6.87868L0.514716 10.4142C0.123686 10.8052 0.123686 11.4374 0.514716 11.8284L6.17157 17.4853C6.5626 17.8763 7.19475 17.8763 7.58578 17.4853L11.1213 13.9497L9.7071 12.5355Z' fill='black'\/>\n            <path d='M6.17157 11.8284C6.5626 12.2195 7.19475 12.2195 7.58578 11.8284L11.8284 7.58579C12.2195 7.19476 12.2195 6.56261 11.8284 6.17158C11.4374 5.78055 10.8052 5.78055 10.4142 6.17158L6.17157 10.4142C5.78054 10.8052 5.78054 11.4374 6.17157 11.8284Z' fill='black'\/>\n            <\/svg> <\/a>\n<h2 class=\"wp-block-heading\">Beslutsunderlag<\/h2>\n<\/div>\n\n<div class=\"wp-block wp-block-core-paragraph\">\n<p>Granskningen som utf\u00f6rs inf\u00f6r auktorisation \u00e4r lika omfattande oavsett om det \u00e4r fr\u00e5ga om en f\u00f6rsta granskning eller en \u00e5rlig granskning. N\u00e4r auktorisationsans\u00f6kan \u00e4r komplett,&nbsp; f\u00f6rbereds \u00e4rendet till&nbsp;&nbsp;<a href=\"https:\/\/www.kompetensforetagen.se\/auktorisation\/kompetensforetagens-auktorisationsnamnd\/\" target=\"_blank\" rel=\"noreferrer noopener\">Kompetens\u00adf\u00f6retagens auktorisationsn\u00e4mnd<\/a>&nbsp;. Denna sammantr\u00e4der nio g\u00e5nger per \u00e5r. N\u00e4mnden l\u00e4mnar d\u00e4refter en rekommendation till Kompetens\u00adf\u00f6retagens styrelse om auktorisation ska beviljas, fr\u00e5ntas eller avsl\u00e5s. Information om beslut kommer alltid via mejl.<\/p>\n<\/div><\/div>\n\n\n\n<div class=\"wp-block-column is-layout-flow wp-block-column-is-layout-flow\"><div class=\"wp-block wp-block-core-heading heading-in-sidebar\" id=\"bordlaggning-av-ansokan\"><a class='Share__link Share__link--url copy-text' href='#' rel='nofollow' data-text='bordlaggning-av-ansokan' title='Dela url' data-confirmation='L\u00e4nken kopierades till urklipp'><svg class='icon icon--link'  width='18' height='18' viewBox='0 0 18 18' fill='none' xmlns='http:\/\/www.w3.org\/2000\/svg'>\n            <path d='M10.4142 0.514721L6.87868 4.05025L8.29289 5.46447L11.1213 2.63604L15.364 6.87868L12.5355 9.70711L13.9497 11.1213L17.4853 7.58579C17.8763 7.19476 17.8763 6.5626 17.4853 6.17158L11.8284 0.514721C11.4374 0.123691 10.8052 0.123691 10.4142 0.514721Z' fill='black'\/>\n            <path d='M9.7071 12.5355L6.87868 15.364L2.63604 11.1213L5.46446 8.2929L4.05025 6.87868L0.514716 10.4142C0.123686 10.8052 0.123686 11.4374 0.514716 11.8284L6.17157 17.4853C6.5626 17.8763 7.19475 17.8763 7.58578 17.4853L11.1213 13.9497L9.7071 12.5355Z' fill='black'\/>\n            <path d='M6.17157 11.8284C6.5626 12.2195 7.19475 12.2195 7.58578 11.8284L11.8284 7.58579C12.2195 7.19476 12.2195 6.56261 11.8284 6.17158C11.4374 5.78055 10.8052 5.78055 10.4142 6.17158L6.17157 10.4142C5.78054 10.8052 5.78054 11.4374 6.17157 11.8284Z' fill='black'\/>\n            <\/svg> <\/a>\n<h2 class=\"wp-block-heading\">Bordl\u00e4ggning av ans\u00f6kan<\/h2>\n<\/div>\n\n<div class=\"wp-block wp-block-core-paragraph\">\n<p>Om ans\u00f6kan inte \u00e4r komplett kan auktorisationsn\u00e4mnden besluta om bordl\u00e4ggning. D\u00e5 informeras medlems\u00adf\u00f6retaget om orsaken, och f\u00e5r m\u00f6jlighet att komplettera ans\u00f6kan, som d\u00e5 tas upp i n\u00e4mnden igen. En auktorisationsans\u00f6kan kan endast bordl\u00e4ggas tre g\u00e5nger. Om den fortfarande inte kan kompletteras i den grad som kr\u00e4vs, avsl\u00e5s ans\u00f6kan. Om f\u00f6retaget innehar auktorisation sedan innan, fr\u00e5ntas denna medlems\u00adf\u00f6retaget. Vid avslag eller fr\u00e5ntagande har f\u00f6retaget sex m\u00e5naders karens. D\u00e4refter kan ans\u00f6kan ins\u00e4ndas p\u00e5 nytt, f\u00f6rutsatt att villkoren uppfylls. <\/p>\n<\/div><\/div>\n<\/div>\n<\/div>\n\n\n\n<div class=\"wp-block-group has-green-background-color has-background is-layout-constrained wp-block-group-is-layout-constrained\"><div id=\"block-pager-block_df40e84daac311357560bb902d0d52e1\" class=\"block-pager container-fluid\">\n  <div class=\"Reports__related row\">\n                  <a class=\"Reports__related__blurb --prev col-md-6\" href=\"https:\/\/www.kompetensforetagen.se\/auktorisation\/steg-3-granskning-2\/\">\n          <div class=\"Arrow-link Arrow-link__prev\">\n            <svg class='icon icon--arrow-long-left'  width=\"64\" height=\"16\" viewBox=\"0 0 64 16\" fill=\"none\" xmlns=\"http:\/\/www.w3.org\/2000\/svg\">\n<path d=\"M64 8L1.91467 7.99999\" stroke=\"black\" stroke-width=\"2\" stroke-miterlimit=\"10\"\/>\n<path d=\"M10.1416 1L1.7696 8.00336L10.0323 15\" stroke=\"black\" stroke-width=\"2\" stroke-miterlimit=\"10\"\/>\n<\/svg>\n\n              <div class=\"Arrow-link__text\">\n              F\u00f6reg\u00e5ende sida\n            <\/div>\n          <\/div>\n          <div class=\"Reports__related__blurb__title\">\n            Steg 3: Granskning\n          <\/div>\n        <\/a>\n                    <a class=\"Reports__related__blurb --next col-md-6\" href=\"https:\/\/www.kompetensforetagen.se\/auktorisation\/steg-5-besked\/\">\n          <div class=\"Arrow-link Arrow-link__next\">\n            <div class=\"Arrow-link__text\">\n              N\u00e4sta sida\n            <\/div>\n            <svg class='icon icon--arrow-long-right'  width=\"64\" height=\"16\" viewBox=\"0 0 64 16\" fill=\"none\" xmlns=\"http:\/\/www.w3.org\/2000\/svg\">\n<path d=\"M0 8L62.0853 8\" stroke=\"black\" stroke-width=\"2\" stroke-miterlimit=\"10\"\/>\n<path d=\"M53.8584 15L62.2304 7.99664L53.9677 1.00001\" stroke=\"black\" stroke-width=\"2\" stroke-miterlimit=\"10\"\/>\n<\/svg>\n\n            <\/div>\n          <div class=\"Reports__related__blurb__title\">\n            Steg 5: Besked\n          <\/div>\n        <\/a>\n            <\/div>\n<\/div>\n<\/div>\n","protected":false},"excerpt":{"rendered":"<p>Beslutsunderlag Granskningen som utf\u00f6rs inf\u00f6r auktorisation \u00e4r lika omfattande oavsett om det \u00e4r fr\u00e5ga om en f\u00f6rsta granskning eller en \u00e5rlig granskning. N\u00e4r auktorisationsans\u00f6kan \u00e4r komplett,&nbsp; f\u00f6rbereds \u00e4rendet till&nbsp;&nbsp;Kompetens\u00adf\u00f6retagens auktorisationsn\u00e4mnd&nbsp;. Denna sammantr\u00e4der nio g\u00e5nger per &hellip;<\/p>\n","protected":false},"author":1,"featured_media":0,"parent":104,"menu_order":2,"comment_status":"closed","ping_status":"closed","template":"","meta":{"_acf_changed":false,"footnotes":""},"article_type":[],"agreement":[],"for-members":[],"class_list":["post-99","page","type-page","status-publish","hentry"],"acf":[],"yoast_head":"<!-- This site is optimized with the Yoast SEO Premium plugin v26.8 (Yoast SEO v26.8) - https:\/\/yoast.com\/product\/yoast-seo-premium-wordpress\/ -->\n<title>Beslut om auktorisation I Kompetensf\u00f6retagen<\/title>\n<meta name=\"description\" content=\"Beslut om auktorisation tas av Kompetensf\u00f6retagens styrelse, efter granskning av auktorisationsn\u00e4mnden. Granskning sker vid f\u00f6rsta ans\u00f6kan, sen \u00e5rligen.\" \/>\n<meta name=\"robots\" content=\"index, follow, max-snippet:-1, max-image-preview:large, max-video-preview:-1\" \/>\n<link rel=\"canonical\" href=\"https:\/\/www.kompetensforetagen.se\/auktorisation\/steg-4-beslut\/\" \/>\n<meta property=\"og:locale\" content=\"sv_SE\" \/>\n<meta property=\"og:type\" content=\"article\" \/>\n<meta property=\"og:title\" content=\"Steg 4: Beslut\" \/>\n<meta property=\"og:description\" content=\"Beslut om auktorisation tas av Kompetensf\u00f6retagens styrelse, efter granskning av auktorisationsn\u00e4mnden. Granskning sker vid f\u00f6rsta ans\u00f6kan, sen \u00e5rligen.\" \/>\n<meta property=\"og:url\" content=\"https:\/\/www.kompetensforetagen.se\/auktorisation\/steg-4-beslut\/\" \/>\n<meta property=\"og:site_name\" content=\"Kompetensf\u00f6retagen\" \/>\n<meta property=\"article:modified_time\" content=\"2023-06-20T13:39:42+00:00\" \/>\n<meta name=\"twitter:card\" content=\"summary_large_image\" \/>\n<meta name=\"twitter:label1\" content=\"Ber\u00e4knad l\u00e4stid\" \/>\n\t<meta name=\"twitter:data1\" content=\"1 minut\" \/>\n<script type=\"application\/ld+json\" class=\"yoast-schema-graph\">{\"@context\":\"https:\/\/schema.org\",\"@graph\":[{\"@type\":\"WebPage\",\"@id\":\"https:\/\/www.kompetensforetagen.se\/auktorisation\/steg-4-beslut\/\",\"url\":\"https:\/\/www.kompetensforetagen.se\/auktorisation\/steg-4-beslut\/\",\"name\":\"Beslut om auktorisation I Kompetensf\u00f6retagen\",\"isPartOf\":{\"@id\":\"https:\/\/www.kompetensforetagen.se\/#website\"},\"datePublished\":\"2016-03-15T23:00:00+00:00\",\"dateModified\":\"2023-06-20T13:39:42+00:00\",\"description\":\"Beslut om auktorisation tas av Kompetensf\u00f6retagens styrelse, efter granskning av auktorisationsn\u00e4mnden. Granskning sker vid f\u00f6rsta ans\u00f6kan, sen \u00e5rligen.\",\"breadcrumb\":{\"@id\":\"https:\/\/www.kompetensforetagen.se\/auktorisation\/steg-4-beslut\/#breadcrumb\"},\"inLanguage\":\"sv-SE\",\"potentialAction\":[{\"@type\":\"ReadAction\",\"target\":[\"https:\/\/www.kompetensforetagen.se\/auktorisation\/steg-4-beslut\/\"]}]},{\"@type\":\"BreadcrumbList\",\"@id\":\"https:\/\/www.kompetensforetagen.se\/auktorisation\/steg-4-beslut\/#breadcrumb\",\"itemListElement\":[{\"@type\":\"ListItem\",\"position\":1,\"name\":\"Home\",\"item\":\"https:\/\/www.kompetensforetagen.se\/\"},{\"@type\":\"ListItem\",\"position\":2,\"name\":\"Om auktorisation\",\"item\":\"https:\/\/www.kompetensforetagen.se\/auktorisation\/\"},{\"@type\":\"ListItem\",\"position\":3,\"name\":\"Steg 4: Beslut\"}]},{\"@type\":\"WebSite\",\"@id\":\"https:\/\/www.kompetensforetagen.se\/#website\",\"url\":\"https:\/\/www.kompetensforetagen.se\/\",\"name\":\"Kompetensf\u00f6retagen\",\"description\":\"R\u00e4tt person p\u00e5 r\u00e4tt plats kan f\u00f6r\u00e4ndra v\u00e4rlden\",\"publisher\":{\"@id\":\"https:\/\/www.kompetensforetagen.se\/#organization\"},\"potentialAction\":[{\"@type\":\"SearchAction\",\"target\":{\"@type\":\"EntryPoint\",\"urlTemplate\":\"https:\/\/www.kompetensforetagen.se\/?s={search_term_string}\"},\"query-input\":{\"@type\":\"PropertyValueSpecification\",\"valueRequired\":true,\"valueName\":\"search_term_string\"}}],\"inLanguage\":\"sv-SE\"},{\"@type\":\"Organization\",\"@id\":\"https:\/\/www.kompetensforetagen.se\/#organization\",\"name\":\"Kompetensf\u00f6retagen\",\"url\":\"https:\/\/www.kompetensforetagen.se\/\",\"logo\":{\"@type\":\"ImageObject\",\"inLanguage\":\"sv-SE\",\"@id\":\"https:\/\/www.kompetensforetagen.se\/#\/schema\/logo\/image\/\",\"url\":\"https:\/\/www.kompetensforetagen.se\/app\/uploads\/sites\/5\/2022\/10\/logga_svart.png\",\"contentUrl\":\"https:\/\/www.kompetensforetagen.se\/app\/uploads\/sites\/5\/2022\/10\/logga_svart.png\",\"width\":752,\"height\":64,\"caption\":\"Kompetensf\u00f6retagen\"},\"image\":{\"@id\":\"https:\/\/www.kompetensforetagen.se\/#\/schema\/logo\/image\/\"},\"sameAs\":[\"https:\/\/www.linkedin.com\/company\/10540032\/\"]}]}<\/script>\n<!-- \/ Yoast SEO Premium plugin. -->","yoast_head_json":{"title":"Beslut om auktorisation I Kompetensf\u00f6retagen","description":"Beslut om auktorisation tas av Kompetensf\u00f6retagens styrelse, efter granskning av auktorisationsn\u00e4mnden. Granskning sker vid f\u00f6rsta ans\u00f6kan, sen \u00e5rligen.","robots":{"index":"index","follow":"follow","max-snippet":"max-snippet:-1","max-image-preview":"max-image-preview:large","max-video-preview":"max-video-preview:-1"},"canonical":"https:\/\/www.kompetensforetagen.se\/auktorisation\/steg-4-beslut\/","og_locale":"sv_SE","og_type":"article","og_title":"Steg 4: Beslut","og_description":"Beslut om auktorisation tas av Kompetensf\u00f6retagens styrelse, efter granskning av auktorisationsn\u00e4mnden. Granskning sker vid f\u00f6rsta ans\u00f6kan, sen \u00e5rligen.","og_url":"https:\/\/www.kompetensforetagen.se\/auktorisation\/steg-4-beslut\/","og_site_name":"Kompetensf\u00f6retagen","article_modified_time":"2023-06-20T13:39:42+00:00","twitter_card":"summary_large_image","twitter_misc":{"Ber\u00e4knad l\u00e4stid":"1 minut"},"schema":{"@context":"https:\/\/schema.org","@graph":[{"@type":"WebPage","@id":"https:\/\/www.kompetensforetagen.se\/auktorisation\/steg-4-beslut\/","url":"https:\/\/www.kompetensforetagen.se\/auktorisation\/steg-4-beslut\/","name":"Beslut om auktorisation I Kompetensf\u00f6retagen","isPartOf":{"@id":"https:\/\/www.kompetensforetagen.se\/#website"},"datePublished":"2016-03-15T23:00:00+00:00","dateModified":"2023-06-20T13:39:42+00:00","description":"Beslut om auktorisation tas av Kompetensf\u00f6retagens styrelse, efter granskning av auktorisationsn\u00e4mnden. Granskning sker vid f\u00f6rsta ans\u00f6kan, sen \u00e5rligen.","breadcrumb":{"@id":"https:\/\/www.kompetensforetagen.se\/auktorisation\/steg-4-beslut\/#breadcrumb"},"inLanguage":"sv-SE","potentialAction":[{"@type":"ReadAction","target":["https:\/\/www.kompetensforetagen.se\/auktorisation\/steg-4-beslut\/"]}]},{"@type":"BreadcrumbList","@id":"https:\/\/www.kompetensforetagen.se\/auktorisation\/steg-4-beslut\/#breadcrumb","itemListElement":[{"@type":"ListItem","position":1,"name":"Home","item":"https:\/\/www.kompetensforetagen.se\/"},{"@type":"ListItem","position":2,"name":"Om auktorisation","item":"https:\/\/www.kompetensforetagen.se\/auktorisation\/"},{"@type":"ListItem","position":3,"name":"Steg 4: Beslut"}]},{"@type":"WebSite","@id":"https:\/\/www.kompetensforetagen.se\/#website","url":"https:\/\/www.kompetensforetagen.se\/","name":"Kompetensf\u00f6retagen","description":"R\u00e4tt person p\u00e5 r\u00e4tt plats kan f\u00f6r\u00e4ndra v\u00e4rlden","publisher":{"@id":"https:\/\/www.kompetensforetagen.se\/#organization"},"potentialAction":[{"@type":"SearchAction","target":{"@type":"EntryPoint","urlTemplate":"https:\/\/www.kompetensforetagen.se\/?s={search_term_string}"},"query-input":{"@type":"PropertyValueSpecification","valueRequired":true,"valueName":"search_term_string"}}],"inLanguage":"sv-SE"},{"@type":"Organization","@id":"https:\/\/www.kompetensforetagen.se\/#organization","name":"Kompetensf\u00f6retagen","url":"https:\/\/www.kompetensforetagen.se\/","logo":{"@type":"ImageObject","inLanguage":"sv-SE","@id":"https:\/\/www.kompetensforetagen.se\/#\/schema\/logo\/image\/","url":"https:\/\/www.kompetensforetagen.se\/app\/uploads\/sites\/5\/2022\/10\/logga_svart.png","contentUrl":"https:\/\/www.kompetensforetagen.se\/app\/uploads\/sites\/5\/2022\/10\/logga_svart.png","width":752,"height":64,"caption":"Kompetensf\u00f6retagen"},"image":{"@id":"https:\/\/www.kompetensforetagen.se\/#\/schema\/logo\/image\/"},"sameAs":["https:\/\/www.linkedin.com\/company\/10540032\/"]}]}},"_links":{"self":[{"href":"https:\/\/www.kompetensforetagen.se\/api\/wp\/v2\/pages\/99","targetHints":{"allow":["GET"]}}],"collection":[{"href":"https:\/\/www.kompetensforetagen.se\/api\/wp\/v2\/pages"}],"about":[{"href":"https:\/\/www.kompetensforetagen.se\/api\/wp\/v2\/types\/page"}],"author":[{"embeddable":true,"href":"https:\/\/www.kompetensforetagen.se\/api\/wp\/v2\/users\/1"}],"replies":[{"embeddable":true,"href":"https:\/\/www.kompetensforetagen.se\/api\/wp\/v2\/comments?post=99"}],"version-history":[{"count":13,"href":"https:\/\/www.kompetensforetagen.se\/api\/wp\/v2\/pages\/99\/revisions"}],"predecessor-version":[{"id":12813,"href":"https:\/\/www.kompetensforetagen.se\/api\/wp\/v2\/pages\/99\/revisions\/12813"}],"up":[{"embeddable":true,"href":"https:\/\/www.kompetensforetagen.se\/api\/wp\/v2\/pages\/104"}],"wp:attachment":[{"href":"https:\/\/www.kompetensforetagen.se\/api\/wp\/v2\/media?parent=99"}],"wp:term":[{"taxonomy":"type","embeddable":true,"href":"https:\/\/www.kompetensforetagen.se\/api\/wp\/v2\/article_type?post=99"},{"taxonomy":"agreement","embeddable":true,"href":"https:\/\/www.kompetensforetagen.se\/api\/wp\/v2\/agreement?post=99"},{"taxonomy":"for-members","embeddable":true,"href":"https:\/\/www.kompetensforetagen.se\/api\/wp\/v2\/for-members?post=99"}],"curies":[{"name":"wp","href":"https:\/\/api.w.org\/{rel}","templated":true}]}}