{"id":925,"date":"2018-04-13T14:52:11","date_gmt":"2018-04-13T12:52:11","guid":{"rendered":"http:\/\/staging.kompetensforetagen.se\/?page_id=925"},"modified":"2025-08-05T08:40:44","modified_gmt":"2025-08-05T06:40:44","slug":"internationellt","status":"publish","type":"page","link":"https:\/\/www.kompetensforetagen.se\/internationellt\/","title":{"rendered":"Internationellt engagemang"},"content":{"rendered":"<div id=\"block-hero-block_8b92e2bd0b99ddad6da35b47a9df5d99\" class=\"Hero has-green-background-color\">\n\n    \n  <div class=\"Hero__inner container has-green-background-color has-arrow\">\n              <div class=\"Hero__title\">\n          <h1><i> Internationellt<\/i><\/h1>\n        <\/div>\n                                <div class=\"Hero__arrow\">\n          <svg class='icon icon--squiggly-arrow'  width=\"282\" height=\"302\" viewBox=\"0 0 282 302\" fill=\"none\" xmlns=\"http:\/\/www.w3.org\/2000\/svg\">\n<path d=\"M108.429 281.19L129.837 295.44L143.97 274.186\" stroke=\"black\" stroke-width=\"4\" stroke-miterlimit=\"10\"\/>\n<path d=\"M43.8871 68.0497C53.3269 84.3998 70.0075 95.6755 88.6244 97.6784C107.24 99.6801 125.826 95.0068 144.209 91.4645C162.592 87.9216 182.067 85.5682 199.674 91.9481C220.515 99.5002 236.316 120.278 236.492 142.446C236.669 164.616 220.178 186.234 198.428 190.49C188.558 192.423 177.815 190.842 169.542 185.112C161.271 179.382 155.88 169.284 156.859 159.269C158.292 144.577 173.761 133.512 188.444 135C203.126 136.491 215.468 148.757 219.176 163.047C222.881 177.337 218.804 192.932 210.416 205.072C202.027 217.212 189.703 226.187 176.514 232.804C167.472 237.341 157.931 240.877 149.144 245.889C140.356 250.899 132.161 257.651 127.746 266.755C123.333 275.858 126.637 283.983 129.929 295.386\" stroke=\"black\" stroke-width=\"4\" stroke-miterlimit=\"10\"\/>\n<\/svg>\n\n          <\/div>\n        <\/div>\n<\/div>\n\n\n\n<div class=\"wp-block-group has-secondary-background-color has-background is-layout-constrained wp-block-group-is-layout-constrained\">\n<div class=\"wp-block-columns is-layout-flex wp-container-core-columns-is-layout-9d6595d7 wp-block-columns-is-layout-flex\">\n<div class=\"wp-block-column is-layout-flow wp-block-column-is-layout-flow\"><div class=\"wp-block wp-block-core-paragraph\">\n<p><strong>Kompetens\u00adf\u00f6retagen \u00e4r medlem av World Employment Confederation-Europe, WEC. Kompetens\u00adf\u00f6retagens engagemang&nbsp; i WEC har historia. Svenska Kontorsservice\u00adf\u00f6rbundet \u2013 sedermera Kompetens\u00adf\u00f6retagen \u2013 var med och grundade WEC redan \u00e5r 1967. WEC \u00e4r r\u00f6sten f\u00f6r rekryterings- och syssels\u00e4ttningsbranscherna p\u00e5 europeisk niv\u00e5 och samlar 30 nationella bransch\u00adorganisationer.<\/strong><\/p>\n<\/div><\/div>\n\n\n\n<div class=\"wp-block-column is-layout-flow wp-block-column-is-layout-flow\"><div class=\"wp-block wp-block-core-paragraph\">\n<p>Sex av v\u00e4rldens st\u00f6rsta bemannings\u00adf\u00f6retag \u00e4r medlemmar i WEC, och flera av dessa stora f\u00f6retag \u00e4r \u00e4ven medlemmar i Kompetens\u00adf\u00f6retagen.&nbsp;<a href=\"https:\/\/weceurope.org\/\" target=\"_blank\" rel=\"noreferrer noopener\">WEC Europe<\/a>&nbsp;arbetar f\u00f6r att utveckla branschens m\u00f6jligheter p\u00e5 de europeiska arbetsmarknaderna och bevakar branschens intressen i EU (bland annat Tj\u00e4nstedirektivet och&nbsp;&nbsp;<a href=\"https:\/\/www.kompetensforetagen.se\/2021\/12\/bemanningsdirektivet-och-uthyrningslagen\/\">Bemanningsdirektivet<\/a>). WEC arbetar \u00e4ven f\u00f6r att visa den positiva ekonomiska och sociala roll \u2013 samh\u00e4llsnytta \u2013 som branschen spelar f\u00f6r att m\u00f6jligg\u00f6ra arbete, s\u00e4kerhet och v\u00e4lst\u00e5nd. WEC-Europe \u00e4r en del av World Employment Confederation.<\/p>\n<\/div><\/div>\n<\/div>\n<\/div>\n\n\n\n<div class=\"wp-block-group is-layout-constrained wp-block-group-is-layout-constrained\">\n<div class=\"wp-block-columns is-layout-flex wp-container-core-columns-is-layout-9d6595d7 wp-block-columns-is-layout-flex\">\n<div class=\"wp-block-column is-layout-flow wp-block-column-is-layout-flow\" style=\"flex-basis:66.66%\"><div class=\"wp-block wp-block-core-heading\" id=\"kompetens\u00adforetagens-engagemang&nbsp;-i-wec\">\n<h3 class=\"wp-block-heading\" id=\"h-kompetens-foretagens-engagemang-nbsp-i-wec\">Kompetens\u00adf\u00f6retagens engagemang&nbsp; i WEC<a href=\"https:\/\/wecglobal.org\/\" target=\"_blank\" rel=\"noreferrer noopener\"><\/a><\/h3>\n<\/div>\n\n<div class=\"wp-block wp-block-core-paragraph\">\n<p>Kompetens\u00adf\u00f6retagen har ett starkt engagemang i det internationella sammanhanget, bland annat genom att regelbundet delta i m\u00f6ten i WEC:s olika kommitt\u00e9er som Public Affairs och Social Dialogue. F\u00f6rbundet sitter med i WEC:s General Assembly d\u00e4r bland annat styrelse och medlems\u00adorganisationer v\u00e4ljs. Kompetens\u00adf\u00f6retagen tillhandah\u00e5ller \u00e4ven information om utvecklingen f\u00f6r den svenska kompetens\u00adbranschen och arbetsmarknaden.<\/p>\n<\/div>\n\n<div class=\"wp-block wp-block-core-paragraph\">\n<p>Som medlem i Kompetens\u00adf\u00f6retagen har du tillg\u00e5ng till WEC-Europes nyheter och konferenser. Genom oss \u00e4r samtliga medlems\u00adf\u00f6retag medlemmar \u00e4ven i WEC-Global.<\/p>\n<\/div><\/div>\n\n\n\n<div class=\"wp-block-column is-vertically-aligned-center is-layout-flow wp-block-column-is-layout-flow\" style=\"flex-basis:33.33%\">\n<figure class=\"wp-block-image size-full\"><img loading=\"lazy\" decoding=\"async\" width=\"243\" height=\"121\" src=\"https:\/\/www.kompetensforetagen.se\/app\/uploads\/sites\/5\/2023\/01\/logo-header-global.jpg\" alt=\"Logotyp world employment confederation\" class=\"wp-image-10652\" \/><\/figure>\n<\/div>\n<\/div>\n<\/div>\n\n\n\n<div class=\"wp-block-group has-green-background-color has-background is-layout-constrained wp-block-group-is-layout-constrained\">\n<div class=\"wp-block-group Form-section has-primary-background-color has-background is-layout-flow wp-block-group-is-layout-flow\">\n<div class=\"wp-block-columns is-layout-flex wp-container-core-columns-is-layout-9d6595d7 wp-block-columns-is-layout-flex\">\n<div class=\"wp-block-column Form-section__text is-layout-flow wp-block-column-is-layout-flow\"><div class=\"wp-block wp-block-core-heading\" id=\"\">\n<h4 class=\"wp-block-heading\" id=\"h-\"><\/h4>\n<\/div>\n\n<div class=\"wp-block wp-block-core-heading heading-in-sidebar\" id=\"social-impact-report\"><a class='Share__link Share__link--url copy-text' href='#' rel='nofollow' data-text='social-impact-report' title='Dela url' data-confirmation='L\u00e4nken kopierades till urklipp'><svg class='icon icon--link'  width='18' height='18' viewBox='0 0 18 18' fill='none' xmlns='http:\/\/www.w3.org\/2000\/svg'>\n            <path d='M10.4142 0.514721L6.87868 4.05025L8.29289 5.46447L11.1213 2.63604L15.364 6.87868L12.5355 9.70711L13.9497 11.1213L17.4853 7.58579C17.8763 7.19476 17.8763 6.5626 17.4853 6.17158L11.8284 0.514721C11.4374 0.123691 10.8052 0.123691 10.4142 0.514721Z' fill='black'\/>\n            <path d='M9.7071 12.5355L6.87868 15.364L2.63604 11.1213L5.46446 8.2929L4.05025 6.87868L0.514716 10.4142C0.123686 10.8052 0.123686 11.4374 0.514716 11.8284L6.17157 17.4853C6.5626 17.8763 7.19475 17.8763 7.58578 17.4853L11.1213 13.9497L9.7071 12.5355Z' fill='black'\/>\n            <path d='M6.17157 11.8284C6.5626 12.2195 7.19475 12.2195 7.58578 11.8284L11.8284 7.58579C12.2195 7.19476 12.2195 6.56261 11.8284 6.17158C11.4374 5.78055 10.8052 5.78055 10.4142 6.17158L6.17157 10.4142C5.78054 10.8052 5.78054 11.4374 6.17157 11.8284Z' fill='black'\/>\n            <\/svg> <\/a>\n<h2 class=\"wp-block-heading\" id=\"h-social-impact-report\">Social impact report<\/h2>\n<\/div>\n\n<div class=\"wp-block wp-block-core-paragraph\">\n<p class=\"has-excerpt-font-size\">Granskar omfattning, identifierar innovativa tillv\u00e4gag\u00e5ngss\u00e4tt och skapar en f\u00e4rdplan f\u00f6r framtida framsteg f\u00f6r kompetensf\u00f6rs\u00f6rjning.<\/p>\n<\/div>\n\n<div id=\"block-iconlink-block_83bc8c54abc1545c1bbfb86fb1254593\" class=\"Icon-link Icon-link--squiggly-arrow-link\">\n      <a href=\"https:\/\/www.kompetensforetagen.se\/social-impact-report-sammanfattning\/\" target=\"_blank\" class=\"Button is-button is-style-fill has-green-background-color has-green-border-color has-white-color Button--squiggly-arrow-link white-space-nowrap\">\n      <div class=\"Button__text\">\n        L\u00e4s mer\n      <\/div>\n      <div class=\"Button__arrow \">\n                <div class=\"Button__line\"><\/div>\n                <svg class='icon icon--squiggly-arrow-link'  width=\"114\" height=\"36\" viewBox=\"0 0 114 36\" fill=\"none\" xmlns=\"http:\/\/www.w3.org\/2000\/svg\">\n<path d=\"M0.591797 18.5C7.0918 18.5 11.5209 19.9081 13.4345 14.5C14.3308 11.9657 14.3461 11.9541 15.0839 9.38315C15.7735 6.97969 17.3449 4.54993 19.8345 3.93399C22.9224 3.16984 26.0805 5.67017 27.0204 8.62798C27.9603 11.5851 27.243 14.7829 26.3407 17.751C25.4378 20.719 24.34 23.7256 24.5322 26.8156C24.7244 29.9049 26.6162 33.154 29.7193 33.8559C33.0114 34.5995 36.3563 32.146 37.6741 29.1234C38.9912 26.0995 38.7745 22.6791 38.4839 19.4082C38.1926 16.1373 37.8656 12.7464 38.9918 9.65134C40.1187 6.55559 43.1657 3.84801 46.5259 4.19961C49.9434 4.55763 52.3227 7.90617 52.8134 11.2104C53.3042 14.5147 52.3993 17.8408 51.8259 21.1322C51.2526 24.4237 51.0624 28.0141 52.8029 30.8923C54.221 33.2393 56.8902 34.826 59.6869 34.9864C62.4836 35.1468 65.3259 33.8758 67.0188 31.7072C69.5136 28.5126 69.3227 24.0689 68.5255 20.1345C67.7289 16.1996 66.4369 12.2139 67.1225 8.2597C67.8081 4.30548 71.3849 0.426331 75.4597 1.0705C78.5034 1.55171 80.6627 4.37413 81.4078 7.28189C82.1528 10.189 81.8133 13.2366 81.7711 16.2323C81.7288 19.2279 82.0551 22.4052 83.8874 24.8144C86.657 28.4555 91.9762 29.2197 96.6072 28.7147C101.239 28.2098 105.813 25.7501 110.457 26.1383\" stroke=\"black\" stroke-width=\"2\" stroke-miterlimit=\"10\"\/>\n<path d=\"M105.097 35L111.68 25.3613L102.457 18.2063\" stroke=\"black\" stroke-width=\"2\" stroke-miterlimit=\"10\"\/>\n<\/svg>\n\n        <\/div>\n    <\/a>\n  <\/div>\n<\/div>\n\n\n\n<div class=\"wp-block-column Form-section__form is-layout-flow wp-block-column-is-layout-flow\">\n<figure class=\"wp-block-image size-large\"><img loading=\"lazy\" decoding=\"async\" width=\"1180\" height=\"829\" src=\"https:\/\/www.kompetensforetagen.se\/app\/uploads\/sites\/5\/2023\/01\/saj-shafique-mialf1tw6-w-unsplash1-1180x829.png\" alt=\"alt=&quot;&quot;\" class=\"wp-image-10648\" srcset=\"https:\/\/www.kompetensforetagen.se\/app\/uploads\/sites\/5\/2023\/01\/saj-shafique-mialf1tw6-w-unsplash1-1180x829.png 1180w, https:\/\/www.kompetensforetagen.se\/app\/uploads\/sites\/5\/2023\/01\/saj-shafique-mialf1tw6-w-unsplash1-580x408.png 580w, https:\/\/www.kompetensforetagen.se\/app\/uploads\/sites\/5\/2023\/01\/saj-shafique-mialf1tw6-w-unsplash1-380x267.png 380w, https:\/\/www.kompetensforetagen.se\/app\/uploads\/sites\/5\/2023\/01\/saj-shafique-mialf1tw6-w-unsplash1-768x540.png 768w, https:\/\/www.kompetensforetagen.se\/app\/uploads\/sites\/5\/2023\/01\/saj-shafique-mialf1tw6-w-unsplash1-1536x1079.png 1536w, https:\/\/www.kompetensforetagen.se\/app\/uploads\/sites\/5\/2023\/01\/saj-shafique-mialf1tw6-w-unsplash1-2048x1439.png 2048w\" sizes=\"auto, (max-width: 1180px) 100vw, 1180px\" \/><\/figure>\n<\/div>\n<\/div>\n<\/div>\n<\/div>\n\n\n\n<div class=\"wp-block-group has-secondary-background-color has-background is-layout-constrained wp-block-group-is-layout-constrained\">\n<div class=\"wp-block-columns is-layout-flex wp-container-core-columns-is-layout-9d6595d7 wp-block-columns-is-layout-flex\">\n<div class=\"wp-block-column is-layout-flow wp-block-column-is-layout-flow\"><div class=\"wp-block wp-block-core-heading\" id=\"bemanningsdirektivet-galler-hela-europa\">\n<h3 class=\"wp-block-heading\" id=\"h-bemanningsdirektivet-galler-hela-europa\">Bemanningsdirektivet g\u00e4ller hela Europa<\/h3>\n<\/div>\n\n<div class=\"wp-block wp-block-core-paragraph\">\n<p>Kompetens\u00adbranschen \u00e4r internationellt erk\u00e4nd och v\u00e4l reglerad genom flera delar av EU-lagstiftningen. Den huvudsakliga regleringen \u00e4r det s\u00e5 kallade&nbsp;<a href=\"https:\/\/eur-lex.europa.eu\/legal-content\/SV\/TXT\/HTML\/?uri=CELEX:32008L0104&amp;from=SV\" target=\"_blank\" rel=\"noreferrer noopener\">Bemanningsdirektivet<\/a>&nbsp;208\/104 \/ EG &nbsp;som antogs 2008. &nbsp;Direktivet har dubbla m\u00e5l: att s\u00e4kerst\u00e4lla skyddet f\u00f6r bemannings\u00adf\u00f6retag i Europa och att uppr\u00e4tta en l\u00e4mplig ram f\u00f6r anv\u00e4ndningen av tj\u00e4nster f\u00f6r bemannings\u00adf\u00f6retag. Dess huvudsakliga best\u00e4mmelser inkluderar:<\/p>\n<\/div>\n\n<div class=\"wp-block wp-block-core-list\">\n<ul class=\"wp-block-list\">\n<li>Att erk\u00e4nna bemannings\u00adbranschens bidrag till skapande av arbetstillf\u00e4llen och utvecklingen av flexibla anst\u00e4llningsformer.<\/li>\n\n\n\n<li>Fastst\u00e4llande av principen om likabehandling, samtidigt som en viss flexibilitet baseras p\u00e5 tre former av undantag.<\/li>\n\n\n\n<li>Europaparlamentet uppmanar medlemsstaterna att se \u00f6ver befintliga restriktioner f\u00f6r arbetet med bemannings\u00adf\u00f6retag och fastst\u00e4lla tydliga gr\u00e4nser f\u00f6r deras motivering. Eventuella befintliga, omotiverade begr\u00e4nsningar m\u00e5ste upph\u00e4vas.<\/li>\n<\/ul>\n<\/div><\/div>\n\n\n\n<div class=\"wp-block-column is-layout-flow wp-block-column-is-layout-flow\"><div class=\"wp-block wp-block-core-heading\" id=\"internationell-expertis-for-aterhamtning-efter-pandemin\">\n<h3 class=\"wp-block-heading\" id=\"h-internationell-expertis-for-aterhamtning-efter-pandemin\">Internationell expertis f\u00f6r \u00e5terh\u00e4mtning efter pandemin<\/h3>\n<\/div>\n\n<div class=\"wp-block wp-block-core-paragraph\">\n<p>WEC har inr\u00e4ttat en s\u00e4rskild&nbsp;<a href=\"https:\/\/www.kompetensforetagen.se\/2021\/03\/internationellt-samarbete-for-saker-atergang-till-arbetet-safely-back-to-work\/\" target=\"_blank\" rel=\"noreferrer noopener\">arbetsgrupp f\u00f6r den ekonomiska \u00e5terh\u00e4mtningen efter coronapandemin<\/a>. Arbetsgruppen syftar till att samla expertis och att komma med l\u00f6sningar och rekommendationer som kan genomf\u00f6ras i samarbete med myndigheter, andra ekonomiska sektorer, fackf\u00f6reningar och samh\u00e4llet i stort. Arbetsgruppen har sitt ursprung i ett projekt som lanserades av globala f\u00f6retag \u2013 Randstad, The Adecco Group och ManpowerGroup. Mer information hittar du&nbsp;<a href=\"https:\/\/eur02.safelinks.protection.outlook.com\/?url=https%3A%2F%2Fweceurope.org%2Fprivate-employment-industry%2Fsafely-back-to-work-in-the-new-normal-alliance%2F&amp;data=04%7C01%7Ccecilia.malmstrom%40almega.se%7C50e26e19c87049e2414108d8e3a94794%7C1d019c94da7b49c2bf935ee1bb4b6882%7C0%7C0%7C637509663470169686%7CUnknown%7CTWFpbGZsb3d8eyJWIjoiMC4wLjAwMDAiLCJQIjoiV2luMzIiLCJBTiI6Ik1haWwiLCJXVCI6Mn0%3D%7C1000&amp;sdata=yghvP3sNIehQ65xUzB4BC%2F2Yqp%2FQQ1O4JiqXXJL5uk4%3D&amp;reserved=0\">h\u00e4r<\/a>.<\/p>\n<\/div>\n\n\n<figure class=\"wp-block-image size-full\"><img loading=\"lazy\" decoding=\"async\" width=\"1052\" height=\"738\" src=\"https:\/\/www.kompetensforetagen.se\/app\/uploads\/sites\/5\/2023\/04\/Vitpil_vanster_orm.png\" alt=\"\" class=\"wp-image-12755\" srcset=\"https:\/\/www.kompetensforetagen.se\/app\/uploads\/sites\/5\/2023\/04\/Vitpil_vanster_orm.png 1052w, https:\/\/www.kompetensforetagen.se\/app\/uploads\/sites\/5\/2023\/04\/Vitpil_vanster_orm-580x407.png 580w, https:\/\/www.kompetensforetagen.se\/app\/uploads\/sites\/5\/2023\/04\/Vitpil_vanster_orm-380x267.png 380w, https:\/\/www.kompetensforetagen.se\/app\/uploads\/sites\/5\/2023\/04\/Vitpil_vanster_orm-768x539.png 768w, https:\/\/www.kompetensforetagen.se\/app\/uploads\/sites\/5\/2023\/04\/Vitpil_vanster_orm-600x421.png 600w\" sizes=\"auto, (max-width: 1052px) 100vw, 1052px\" \/><\/figure>\n<\/div>\n<\/div>\n<\/div>\n\n\n\n<div class=\"wp-block-group is-layout-constrained wp-block-group-is-layout-constrained\"><div class=\"wp-block wp-block-core-heading heading-in-sidebar\" id=\"vara-fragor\"><a class='Share__link Share__link--url copy-text' href='#' rel='nofollow' data-text='vara-fragor' title='Dela url' data-confirmation='L\u00e4nken kopierades till urklipp'><svg class='icon icon--link'  width='18' height='18' viewBox='0 0 18 18' fill='none' xmlns='http:\/\/www.w3.org\/2000\/svg'>\n            <path d='M10.4142 0.514721L6.87868 4.05025L8.29289 5.46447L11.1213 2.63604L15.364 6.87868L12.5355 9.70711L13.9497 11.1213L17.4853 7.58579C17.8763 7.19476 17.8763 6.5626 17.4853 6.17158L11.8284 0.514721C11.4374 0.123691 10.8052 0.123691 10.4142 0.514721Z' fill='black'\/>\n            <path d='M9.7071 12.5355L6.87868 15.364L2.63604 11.1213L5.46446 8.2929L4.05025 6.87868L0.514716 10.4142C0.123686 10.8052 0.123686 11.4374 0.514716 11.8284L6.17157 17.4853C6.5626 17.8763 7.19475 17.8763 7.58578 17.4853L11.1213 13.9497L9.7071 12.5355Z' fill='black'\/>\n            <path d='M6.17157 11.8284C6.5626 12.2195 7.19475 12.2195 7.58578 11.8284L11.8284 7.58579C12.2195 7.19476 12.2195 6.56261 11.8284 6.17158C11.4374 5.78055 10.8052 5.78055 10.4142 6.17158L6.17157 10.4142C5.78054 10.8052 5.78054 11.4374 6.17157 11.8284Z' fill='black'\/>\n            <\/svg> <\/a>\n<h2 class=\"wp-block-heading\" id=\"h-vara-fragor\">V\u00e5ra fr\u00e5gor<\/h2>\n<\/div>\n\n\n<div class=\"wp-block-columns is-layout-flex wp-container-core-columns-is-layout-9d6595d7 wp-block-columns-is-layout-flex\">\n<div class=\"wp-block-column is-layout-flow wp-block-column-is-layout-flow\"><div id=\"block-iconlink-block_54bcce91decadbabca13613e04d8a2e9\" class=\"Icon-link Icon-link--arrow-tip\">\n      <a href=\"https:\/\/www.kompetensforetagen.se\/arbetsmarknadspolitik\/\" target=\"_blank\" class=\"Button is-button is-fullwidth is-style-fill has-black-background-color has-black-border-color has-white-color Button--arrow-tip white-space-nowrap\">\n      <div class=\"Button__text\">\n        Arbetsmarknad\n      <\/div>\n      <div class=\"Button__arrow  arrow-tip \">\n                <div class=\"Button__line\"><\/div>\n                <svg class='icon icon--arrow-tip'  width=\"11\" height=\"16\" viewBox=\"0 0 11 16\" fill=\"none\" xmlns=\"http:\/\/www.w3.org\/2000\/svg\">\n<path d=\"M0.858398 15L9.2304 7.99664L0.967732 1.00001\" stroke=\"black\" stroke-width=\"2\" stroke-miterlimit=\"10\"\/>\n<\/svg>\n\n        <\/div>\n    <\/a>\n  <\/div>\n<\/div>\n\n\n\n<div class=\"wp-block-column is-layout-flow wp-block-column-is-layout-flow\"><div id=\"block-iconlink-block_a52edcb88668157f4a3dcb9da60c0868\" class=\"Icon-link Icon-link--arrow-tip\">\n      <a href=\"https:\/\/www.kompetensforetagen.se\/vardbemanning\/\" target=\"_blank\" class=\"Button is-button is-fullwidth is-style-fill has-black-background-color has-black-border-color has-white-color Button--arrow-tip\">\n      <div class=\"Button__text\">\n        V\u00e4lf\u00e4rdsbemanning\n      <\/div>\n      <div class=\"Button__arrow  arrow-tip \">\n                <div class=\"Button__line\"><\/div>\n                <svg class='icon icon--arrow-tip'  width=\"11\" height=\"16\" viewBox=\"0 0 11 16\" fill=\"none\" xmlns=\"http:\/\/www.w3.org\/2000\/svg\">\n<path d=\"M0.858398 15L9.2304 7.99664L0.967732 1.00001\" stroke=\"black\" stroke-width=\"2\" stroke-miterlimit=\"10\"\/>\n<\/svg>\n\n        <\/div>\n    <\/a>\n  <\/div>\n<\/div>\n<\/div>\n\n\n\n<div class=\"wp-block-columns is-layout-flex wp-container-core-columns-is-layout-9d6595d7 wp-block-columns-is-layout-flex\">\n<div class=\"wp-block-column is-layout-flow wp-block-column-is-layout-flow\"><div id=\"block-iconlink-block_c6ff9fb4c07d17a8662cd5fc9ce018a4\" class=\"Icon-link Icon-link--arrow-tip\">\n      <a href=\"https:\/\/www.kompetensforetagen.se\/bakgrundskontroller-2\/\" target=\"_blank\" class=\"Button is-button is-fullwidth is-style-fill has-black-background-color has-black-border-color has-white-color Button--arrow-tip\">\n      <div class=\"Button__text\">\n        Bakgrundskontroller\n      <\/div>\n      <div class=\"Button__arrow  arrow-tip \">\n                <div class=\"Button__line\"><\/div>\n                <svg class='icon icon--arrow-tip'  width=\"11\" height=\"16\" viewBox=\"0 0 11 16\" fill=\"none\" xmlns=\"http:\/\/www.w3.org\/2000\/svg\">\n<path d=\"M0.858398 15L9.2304 7.99664L0.967732 1.00001\" stroke=\"black\" stroke-width=\"2\" stroke-miterlimit=\"10\"\/>\n<\/svg>\n\n        <\/div>\n    <\/a>\n  <\/div>\n<\/div>\n\n\n\n<div class=\"wp-block-column is-layout-flow wp-block-column-is-layout-flow\"><div id=\"block-iconlink-block_e0a71fd32226da96dc47dbadc4fdd378\" class=\"Icon-link Icon-link--arrow-tip\">\n      <a href=\"https:\/\/www.kompetensforetagen.se\/internationellt\/\" target=\"_blank\" class=\"Button is-button is-fullwidth is-style-fill has-black-background-color has-black-border-color has-white-color Button--arrow-tip white-space-nowrap\">\n      <div class=\"Button__text\">\n        Internationellt\n      <\/div>\n      <div class=\"Button__arrow  arrow-tip \">\n                <div class=\"Button__line\"><\/div>\n                <svg class='icon icon--arrow-tip'  width=\"11\" height=\"16\" viewBox=\"0 0 11 16\" fill=\"none\" xmlns=\"http:\/\/www.w3.org\/2000\/svg\">\n<path d=\"M0.858398 15L9.2304 7.99664L0.967732 1.00001\" stroke=\"black\" stroke-width=\"2\" stroke-miterlimit=\"10\"\/>\n<\/svg>\n\n        <\/div>\n    <\/a>\n  <\/div>\n<\/div>\n\n\n\n<div class=\"wp-block-column is-layout-flow wp-block-column-is-layout-flow\"><div id=\"block-iconlink-block_8b3d38e79d85072a106765b7bc88a183\" class=\"Icon-link Icon-link--arrow-tip\">\n      <a href=\"https:\/\/www.kompetensforetagen.se\/offentlig-upphandling\/\" target=\"_blank\" class=\"Button is-button is-fullwidth is-style-fill has-black-background-color has-black-border-color has-white-color Button--arrow-tip\">\n      <div class=\"Button__text\">\n        Offentlig upphandling\n      <\/div>\n      <div class=\"Button__arrow  arrow-tip \">\n                <div class=\"Button__line\"><\/div>\n                <svg class='icon icon--arrow-tip'  width=\"11\" height=\"16\" viewBox=\"0 0 11 16\" fill=\"none\" xmlns=\"http:\/\/www.w3.org\/2000\/svg\">\n<path d=\"M0.858398 15L9.2304 7.99664L0.967732 1.00001\" stroke=\"black\" stroke-width=\"2\" stroke-miterlimit=\"10\"\/>\n<\/svg>\n\n        <\/div>\n    <\/a>\n  <\/div>\n<\/div>\n<\/div>\n<\/div>\n","protected":false},"excerpt":{"rendered":"<p>Kompetens\u00adf\u00f6retagen \u00e4r medlem av World Employment Confederation-Europe, WEC. Kompetens\u00adf\u00f6retagens engagemang&nbsp; i WEC har historia. Svenska Kontorsservice\u00adf\u00f6rbundet \u2013 sedermera Kompetens\u00adf\u00f6retagen \u2013 var med och grundade WEC redan \u00e5r 1967. WEC \u00e4r r\u00f6sten f\u00f6r rekryterings- och syssels\u00e4ttningsbranscherna &hellip;<\/p>\n","protected":false},"author":216,"featured_media":13856,"parent":0,"menu_order":9,"comment_status":"closed","ping_status":"closed","template":"","meta":{"_acf_changed":false,"footnotes":""},"article_type":[],"agreement":[],"for-members":[],"class_list":["post-925","page","type-page","status-publish","has-post-thumbnail","hentry"],"acf":[],"yoast_head":"<!-- This site is optimized with the Yoast SEO Premium plugin v26.8 (Yoast SEO v26.8) - https:\/\/yoast.com\/product\/yoast-seo-premium-wordpress\/ -->\n<title>Kompetensf\u00f6retagens engagemang\u00a0 i WEC<\/title>\n<meta name=\"description\" content=\"Kompetensf\u00f6retagens engagemang\u00a0 i WEC \u00e4r viktigt, d\u00e5 det handlar om att utveckla branschens m\u00f6jligheter och bevakar branschens intressen i EU.\" \/>\n<meta name=\"robots\" content=\"index, follow, max-snippet:-1, max-image-preview:large, max-video-preview:-1\" \/>\n<link rel=\"canonical\" href=\"https:\/\/www.kompetensforetagen.se\/internationellt\/\" \/>\n<meta property=\"og:locale\" content=\"sv_SE\" \/>\n<meta property=\"og:type\" content=\"article\" \/>\n<meta property=\"og:title\" content=\"Internationellt engagemang\" \/>\n<meta property=\"og:description\" content=\"Kompetensf\u00f6retagens engagemang\u00a0 i WEC \u00e4r viktigt, d\u00e5 det handlar om att utveckla branschens m\u00f6jligheter och bevakar branschens intressen i EU.\" \/>\n<meta property=\"og:url\" content=\"https:\/\/www.kompetensforetagen.se\/internationellt\/\" \/>\n<meta property=\"og:site_name\" content=\"Kompetensf\u00f6retagen\" \/>\n<meta property=\"article:modified_time\" content=\"2025-08-05T06:40:44+00:00\" \/>\n<meta property=\"og:image\" content=\"https:\/\/www.kompetensforetagen.se\/app\/uploads\/sites\/5\/2023\/06\/Fokusomraden_internationellt.png\" \/>\n\t<meta property=\"og:image:width\" content=\"1180\" \/>\n\t<meta property=\"og:image:height\" content=\"787\" \/>\n\t<meta property=\"og:image:type\" content=\"image\/png\" \/>\n<meta name=\"twitter:card\" content=\"summary_large_image\" \/>\n<meta name=\"twitter:label1\" content=\"Ber\u00e4knad l\u00e4stid\" \/>\n\t<meta name=\"twitter:data1\" content=\"3 minuter\" \/>\n<script type=\"application\/ld+json\" class=\"yoast-schema-graph\">{\"@context\":\"https:\/\/schema.org\",\"@graph\":[{\"@type\":\"WebPage\",\"@id\":\"https:\/\/www.kompetensforetagen.se\/internationellt\/\",\"url\":\"https:\/\/www.kompetensforetagen.se\/internationellt\/\",\"name\":\"Kompetensf\u00f6retagens engagemang\u00a0 i WEC\",\"isPartOf\":{\"@id\":\"https:\/\/www.kompetensforetagen.se\/#website\"},\"primaryImageOfPage\":{\"@id\":\"https:\/\/www.kompetensforetagen.se\/internationellt\/#primaryimage\"},\"image\":{\"@id\":\"https:\/\/www.kompetensforetagen.se\/internationellt\/#primaryimage\"},\"thumbnailUrl\":\"https:\/\/www.kompetensforetagen.se\/app\/uploads\/sites\/5\/2023\/06\/Fokusomraden_internationellt.png\",\"datePublished\":\"2018-04-13T12:52:11+00:00\",\"dateModified\":\"2025-08-05T06:40:44+00:00\",\"description\":\"Kompetensf\u00f6retagens engagemang\u00a0 i WEC \u00e4r viktigt, d\u00e5 det handlar om att utveckla branschens m\u00f6jligheter och bevakar branschens intressen i EU.\",\"breadcrumb\":{\"@id\":\"https:\/\/www.kompetensforetagen.se\/internationellt\/#breadcrumb\"},\"inLanguage\":\"sv-SE\",\"potentialAction\":[{\"@type\":\"ReadAction\",\"target\":[\"https:\/\/www.kompetensforetagen.se\/internationellt\/\"]}]},{\"@type\":\"ImageObject\",\"inLanguage\":\"sv-SE\",\"@id\":\"https:\/\/www.kompetensforetagen.se\/internationellt\/#primaryimage\",\"url\":\"https:\/\/www.kompetensforetagen.se\/app\/uploads\/sites\/5\/2023\/06\/Fokusomraden_internationellt.png\",\"contentUrl\":\"https:\/\/www.kompetensforetagen.se\/app\/uploads\/sites\/5\/2023\/06\/Fokusomraden_internationellt.png\",\"width\":1180,\"height\":787,\"caption\":\"Karta \u00f6ver internationella fokusomr\u00e5den f\u00f6r kompetensbranschen.\"},{\"@type\":\"BreadcrumbList\",\"@id\":\"https:\/\/www.kompetensforetagen.se\/internationellt\/#breadcrumb\",\"itemListElement\":[{\"@type\":\"ListItem\",\"position\":1,\"name\":\"Home\",\"item\":\"https:\/\/www.kompetensforetagen.se\/\"},{\"@type\":\"ListItem\",\"position\":2,\"name\":\"Internationellt engagemang\"}]},{\"@type\":\"WebSite\",\"@id\":\"https:\/\/www.kompetensforetagen.se\/#website\",\"url\":\"https:\/\/www.kompetensforetagen.se\/\",\"name\":\"Kompetensf\u00f6retagen\",\"description\":\"R\u00e4tt person p\u00e5 r\u00e4tt plats kan f\u00f6r\u00e4ndra v\u00e4rlden\",\"publisher\":{\"@id\":\"https:\/\/www.kompetensforetagen.se\/#organization\"},\"potentialAction\":[{\"@type\":\"SearchAction\",\"target\":{\"@type\":\"EntryPoint\",\"urlTemplate\":\"https:\/\/www.kompetensforetagen.se\/?s={search_term_string}\"},\"query-input\":{\"@type\":\"PropertyValueSpecification\",\"valueRequired\":true,\"valueName\":\"search_term_string\"}}],\"inLanguage\":\"sv-SE\"},{\"@type\":\"Organization\",\"@id\":\"https:\/\/www.kompetensforetagen.se\/#organization\",\"name\":\"Kompetensf\u00f6retagen\",\"url\":\"https:\/\/www.kompetensforetagen.se\/\",\"logo\":{\"@type\":\"ImageObject\",\"inLanguage\":\"sv-SE\",\"@id\":\"https:\/\/www.kompetensforetagen.se\/#\/schema\/logo\/image\/\",\"url\":\"https:\/\/www.kompetensforetagen.se\/app\/uploads\/sites\/5\/2022\/10\/logga_svart.png\",\"contentUrl\":\"https:\/\/www.kompetensforetagen.se\/app\/uploads\/sites\/5\/2022\/10\/logga_svart.png\",\"width\":752,\"height\":64,\"caption\":\"Kompetensf\u00f6retagen\"},\"image\":{\"@id\":\"https:\/\/www.kompetensforetagen.se\/#\/schema\/logo\/image\/\"},\"sameAs\":[\"https:\/\/www.linkedin.com\/company\/10540032\/\"]}]}<\/script>\n<!-- \/ Yoast SEO Premium plugin. -->","yoast_head_json":{"title":"Kompetensf\u00f6retagens engagemang\u00a0 i WEC","description":"Kompetensf\u00f6retagens engagemang\u00a0 i WEC \u00e4r viktigt, d\u00e5 det handlar om att utveckla branschens m\u00f6jligheter och bevakar branschens intressen i EU.","robots":{"index":"index","follow":"follow","max-snippet":"max-snippet:-1","max-image-preview":"max-image-preview:large","max-video-preview":"max-video-preview:-1"},"canonical":"https:\/\/www.kompetensforetagen.se\/internationellt\/","og_locale":"sv_SE","og_type":"article","og_title":"Internationellt engagemang","og_description":"Kompetensf\u00f6retagens engagemang\u00a0 i WEC \u00e4r viktigt, d\u00e5 det handlar om att utveckla branschens m\u00f6jligheter och bevakar branschens intressen i EU.","og_url":"https:\/\/www.kompetensforetagen.se\/internationellt\/","og_site_name":"Kompetensf\u00f6retagen","article_modified_time":"2025-08-05T06:40:44+00:00","og_image":[{"width":1180,"height":787,"url":"https:\/\/www.kompetensforetagen.se\/app\/uploads\/sites\/5\/2023\/06\/Fokusomraden_internationellt.png","type":"image\/png"}],"twitter_card":"summary_large_image","twitter_misc":{"Ber\u00e4knad l\u00e4stid":"3 minuter"},"schema":{"@context":"https:\/\/schema.org","@graph":[{"@type":"WebPage","@id":"https:\/\/www.kompetensforetagen.se\/internationellt\/","url":"https:\/\/www.kompetensforetagen.se\/internationellt\/","name":"Kompetensf\u00f6retagens engagemang\u00a0 i WEC","isPartOf":{"@id":"https:\/\/www.kompetensforetagen.se\/#website"},"primaryImageOfPage":{"@id":"https:\/\/www.kompetensforetagen.se\/internationellt\/#primaryimage"},"image":{"@id":"https:\/\/www.kompetensforetagen.se\/internationellt\/#primaryimage"},"thumbnailUrl":"https:\/\/www.kompetensforetagen.se\/app\/uploads\/sites\/5\/2023\/06\/Fokusomraden_internationellt.png","datePublished":"2018-04-13T12:52:11+00:00","dateModified":"2025-08-05T06:40:44+00:00","description":"Kompetensf\u00f6retagens engagemang\u00a0 i WEC \u00e4r viktigt, d\u00e5 det handlar om att utveckla branschens m\u00f6jligheter och bevakar branschens intressen i EU.","breadcrumb":{"@id":"https:\/\/www.kompetensforetagen.se\/internationellt\/#breadcrumb"},"inLanguage":"sv-SE","potentialAction":[{"@type":"ReadAction","target":["https:\/\/www.kompetensforetagen.se\/internationellt\/"]}]},{"@type":"ImageObject","inLanguage":"sv-SE","@id":"https:\/\/www.kompetensforetagen.se\/internationellt\/#primaryimage","url":"https:\/\/www.kompetensforetagen.se\/app\/uploads\/sites\/5\/2023\/06\/Fokusomraden_internationellt.png","contentUrl":"https:\/\/www.kompetensforetagen.se\/app\/uploads\/sites\/5\/2023\/06\/Fokusomraden_internationellt.png","width":1180,"height":787,"caption":"Karta \u00f6ver internationella fokusomr\u00e5den f\u00f6r kompetensbranschen."},{"@type":"BreadcrumbList","@id":"https:\/\/www.kompetensforetagen.se\/internationellt\/#breadcrumb","itemListElement":[{"@type":"ListItem","position":1,"name":"Home","item":"https:\/\/www.kompetensforetagen.se\/"},{"@type":"ListItem","position":2,"name":"Internationellt engagemang"}]},{"@type":"WebSite","@id":"https:\/\/www.kompetensforetagen.se\/#website","url":"https:\/\/www.kompetensforetagen.se\/","name":"Kompetensf\u00f6retagen","description":"R\u00e4tt person p\u00e5 r\u00e4tt plats kan f\u00f6r\u00e4ndra v\u00e4rlden","publisher":{"@id":"https:\/\/www.kompetensforetagen.se\/#organization"},"potentialAction":[{"@type":"SearchAction","target":{"@type":"EntryPoint","urlTemplate":"https:\/\/www.kompetensforetagen.se\/?s={search_term_string}"},"query-input":{"@type":"PropertyValueSpecification","valueRequired":true,"valueName":"search_term_string"}}],"inLanguage":"sv-SE"},{"@type":"Organization","@id":"https:\/\/www.kompetensforetagen.se\/#organization","name":"Kompetensf\u00f6retagen","url":"https:\/\/www.kompetensforetagen.se\/","logo":{"@type":"ImageObject","inLanguage":"sv-SE","@id":"https:\/\/www.kompetensforetagen.se\/#\/schema\/logo\/image\/","url":"https:\/\/www.kompetensforetagen.se\/app\/uploads\/sites\/5\/2022\/10\/logga_svart.png","contentUrl":"https:\/\/www.kompetensforetagen.se\/app\/uploads\/sites\/5\/2022\/10\/logga_svart.png","width":752,"height":64,"caption":"Kompetensf\u00f6retagen"},"image":{"@id":"https:\/\/www.kompetensforetagen.se\/#\/schema\/logo\/image\/"},"sameAs":["https:\/\/www.linkedin.com\/company\/10540032\/"]}]}},"_links":{"self":[{"href":"https:\/\/www.kompetensforetagen.se\/api\/wp\/v2\/pages\/925","targetHints":{"allow":["GET"]}}],"collection":[{"href":"https:\/\/www.kompetensforetagen.se\/api\/wp\/v2\/pages"}],"about":[{"href":"https:\/\/www.kompetensforetagen.se\/api\/wp\/v2\/types\/page"}],"author":[{"embeddable":true,"href":"https:\/\/www.kompetensforetagen.se\/api\/wp\/v2\/users\/216"}],"replies":[{"embeddable":true,"href":"https:\/\/www.kompetensforetagen.se\/api\/wp\/v2\/comments?post=925"}],"version-history":[{"count":13,"href":"https:\/\/www.kompetensforetagen.se\/api\/wp\/v2\/pages\/925\/revisions"}],"predecessor-version":[{"id":20678,"href":"https:\/\/www.kompetensforetagen.se\/api\/wp\/v2\/pages\/925\/revisions\/20678"}],"wp:featuredmedia":[{"embeddable":true,"href":"https:\/\/www.kompetensforetagen.se\/api\/wp\/v2\/media\/13856"}],"wp:attachment":[{"href":"https:\/\/www.kompetensforetagen.se\/api\/wp\/v2\/media?parent=925"}],"wp:term":[{"taxonomy":"type","embeddable":true,"href":"https:\/\/www.kompetensforetagen.se\/api\/wp\/v2\/article_type?post=925"},{"taxonomy":"agreement","embeddable":true,"href":"https:\/\/www.kompetensforetagen.se\/api\/wp\/v2\/agreement?post=925"},{"taxonomy":"for-members","embeddable":true,"href":"https:\/\/www.kompetensforetagen.se\/api\/wp\/v2\/for-members?post=925"}],"curies":[{"name":"wp","href":"https:\/\/api.w.org\/{rel}","templated":true}]}}