{"id":923,"date":"2018-04-13T14:51:26","date_gmt":"2018-04-13T12:51:26","guid":{"rendered":"http:\/\/staging.kompetensforetagen.se\/?page_id=923"},"modified":"2026-02-05T14:10:41","modified_gmt":"2026-02-05T13:10:41","slug":"kompetensforetagens-styrelse","status":"publish","type":"page","link":"https:\/\/www.kompetensforetagen.se\/kompetensforetagens-styrelse\/","title":{"rendered":"Styrelse"},"content":{"rendered":"<div id=\"block-hero-block_a661899dcf2874644c28cc770ae06715\" class=\"Hero --has-media has-lightgray-background-color\">\n\n      <img loading=\"lazy\" decoding=\"async\" width=\"1180\" height=\"787\" src=\"https:\/\/www.kompetensforetagen.se\/app\/uploads\/sites\/5\/2025\/12\/Grupp_DSF4795-1180x787.jpg\" class=\"Hero__image\" alt=\"\" srcset=\"https:\/\/www.kompetensforetagen.se\/app\/uploads\/sites\/5\/2025\/12\/Grupp_DSF4795-1180x787.jpg 1180w, https:\/\/www.kompetensforetagen.se\/app\/uploads\/sites\/5\/2025\/12\/Grupp_DSF4795-580x387.jpg 580w, https:\/\/www.kompetensforetagen.se\/app\/uploads\/sites\/5\/2025\/12\/Grupp_DSF4795-380x253.jpg 380w, https:\/\/www.kompetensforetagen.se\/app\/uploads\/sites\/5\/2025\/12\/Grupp_DSF4795-768x512.jpg 768w, https:\/\/www.kompetensforetagen.se\/app\/uploads\/sites\/5\/2025\/12\/Grupp_DSF4795-1536x1024.jpg 1536w, https:\/\/www.kompetensforetagen.se\/app\/uploads\/sites\/5\/2025\/12\/Grupp_DSF4795-2048x1366.jpg 2048w, https:\/\/www.kompetensforetagen.se\/app\/uploads\/sites\/5\/2025\/12\/Grupp_DSF4795-600x400.jpg 600w\" sizes=\"auto, (max-width: 1180px) 100vw, 1180px\" \/>\n    \n  <div class=\"Hero__inner container has-lightgray-background-color has-background-image has-arrow\">\n              <div class=\"Hero__title\">\n          <h1><i> Styrelsen<\/i><\/h1>\n        <\/div>\n                                <div class=\"Hero__arrow\">\n          <svg class='icon icon--squiggly-arrow'  width=\"282\" height=\"302\" viewBox=\"0 0 282 302\" fill=\"none\" xmlns=\"http:\/\/www.w3.org\/2000\/svg\">\n<path d=\"M108.429 281.19L129.837 295.44L143.97 274.186\" stroke=\"black\" stroke-width=\"4\" stroke-miterlimit=\"10\"\/>\n<path d=\"M43.8871 68.0497C53.3269 84.3998 70.0075 95.6755 88.6244 97.6784C107.24 99.6801 125.826 95.0068 144.209 91.4645C162.592 87.9216 182.067 85.5682 199.674 91.9481C220.515 99.5002 236.316 120.278 236.492 142.446C236.669 164.616 220.178 186.234 198.428 190.49C188.558 192.423 177.815 190.842 169.542 185.112C161.271 179.382 155.88 169.284 156.859 159.269C158.292 144.577 173.761 133.512 188.444 135C203.126 136.491 215.468 148.757 219.176 163.047C222.881 177.337 218.804 192.932 210.416 205.072C202.027 217.212 189.703 226.187 176.514 232.804C167.472 237.341 157.931 240.877 149.144 245.889C140.356 250.899 132.161 257.651 127.746 266.755C123.333 275.858 126.637 283.983 129.929 295.386\" stroke=\"black\" stroke-width=\"4\" stroke-miterlimit=\"10\"\/>\n<\/svg>\n\n          <\/div>\n        <\/div>\n<\/div>\n\n\n\n<div class=\"wp-block-group has-green-background-color has-background is-layout-constrained wp-block-group-is-layout-constrained\">\n<div class=\"wp-block-columns is-layout-flex wp-container-core-columns-is-layout-9d6595d7 wp-block-columns-is-layout-flex\">\n<div class=\"wp-block-column is-layout-flow wp-block-column-is-layout-flow\" style=\"flex-basis:66.66%\"><div class=\"wp-block wp-block-core-heading\" id=\"kompetensforetagens-styrelse-valjs-arligen-vid-arsmotet.-det-ar-valberedningen-som-lagger-fram-forslag-pa-kandidater,-som-medlemmarna-sedan-rostar-om.&nbsp;-den-ska-ha-en-representativ-sammansattning-med-hansyn-till-medlemsstrukturen.-styrelseledamoterna-ska-vara-vd-eller-annan-person-i-ledande-stallning.\">\n<h5 class=\"wp-block-heading\" id=\"h-kompetensforetagens-styrelse-valjs-arligen-vid-arsmotet-det-ar-valberedningen-som-lagger-fram-forslag-pa-kandidater-som-medlemmarna-sedan-rostar-om-nbsp-den-ska-ha-en-representativ-sammansattning-med-hansyn-till-medlemsstrukturen-styrelseledamoterna-ska-vara-vd-eller-annan-person-i-ledande-stallning\">Kompetensf\u00f6retagens styrelse v\u00e4ljs \u00e5rligen vid \u00e5rsm\u00f6tet. Det \u00e4r valberedningen som l\u00e4gger fram f\u00f6rslag p\u00e5 kandidater, som medlemmarna sedan r\u00f6star om.&nbsp; Den ska ha en representativ sammans\u00e4ttning med h\u00e4nsyn till medlemsstrukturen. Styrelseledam\u00f6terna ska vara vd eller annan person i ledande st\u00e4llning.<\/h5>\n<\/div>\n\n<div class=\"wp-block wp-block-core-paragraph\">\n<p>Styrelsen v\u00e4ljs av medlemmarna p\u00e5 \u00e5rsm\u00f6tet. Styrelsen utser inom sig vice ordf\u00f6rande.&nbsp;Kompetensf\u00f6retagens f\u00f6rbundsdirekt\u00f6r ing\u00e5r alltid i styrelsen.<\/p>\n<\/div>\n\n<div class=\"wp-block wp-block-core-heading\" id=\"styrelse\">\n<h4 class=\"wp-block-heading\" id=\"h-styrelse\">Styrelse<\/h4>\n<\/div><\/div>\n\n\n\n<div class=\"wp-block-column is-layout-flow wp-block-column-is-layout-flow\" style=\"flex-basis:33.33%\"><\/div>\n<\/div>\n\n\n\n<div class=\"wp-block-columns is-layout-flex wp-container-core-columns-is-layout-9d6595d7 wp-block-columns-is-layout-flex\">\n<div class=\"wp-block-column is-layout-flow wp-block-column-is-layout-flow\"><div class=\"wp-block wp-block-core-list\">\n<ul class=\"wp-block-list\">\n<li>Eva Domanders, <a href=\"https:\/\/www.klarakompetens.se\/\" target=\"_blank\" rel=\"noreferrer noopener\">Klara<\/a> &#8211; ordf\u00f6rande<\/li>\n\n\n\n<li>Magnus Bergqvist, <a href=\"https:\/\/www.lernia.se\/\" target=\"_blank\" rel=\"noreferrer noopener\">Lernia<\/a>, vice ordf\u00f6rande<\/li>\n\n\n\n<li>Claes Gellstrup, <a href=\"https:\/\/www.poolia.se\/\" target=\"_blank\" rel=\"noreferrer noopener\">Poolia<\/a>\/<a href=\"https:\/\/www.uniflex.se\/\" target=\"_blank\" rel=\"noreferrer noopener\">Uniflex<\/a><\/li>\n\n\n\n<li>Henrik Olsson, <a href=\"https:\/\/pn.se\/\">Professionals Nord<\/a><\/li>\n\n\n\n<li>Louise Bagewitz, <a href=\"https:\/\/www.academicwork.se\/\" target=\"_blank\" rel=\"noreferrer noopener\">Academic Work<\/a><\/li>\n\n\n\n<li>Nima Astanehdost, <a href=\"https:\/\/www.randstad.se\/\" target=\"_blank\" rel=\"noreferrer noopener\">Randstad AB<\/a><\/li>\n<\/ul>\n<\/div><\/div>\n\n\n\n<div class=\"wp-block-column is-layout-flow wp-block-column-is-layout-flow\"><div class=\"wp-block wp-block-core-list\">\n<ul class=\"wp-block-list\">\n<li>Per Johansson, <a href=\"https:\/\/www.manpower.se\/\" target=\"_blank\" rel=\"noreferrer noopener\">Manpower<\/a><\/li>\n\n\n\n<li>Rikard Westerlund, <a href=\"https:\/\/www.hellolilly.se\/\">HelloLilly<\/a><\/li>\n\n\n\n<li>\u00c5sa Edman K\u00e4llstr\u00f6mer, <a href=\"https:\/\/www.tng.se\/\" target=\"_blank\" rel=\"noreferrer noopener\">TNG<\/a><\/li>\n\n\n\n<li>Torben Sneve, <a href=\"https:\/\/www.adecco.se\/\">Adecco Group<\/a><\/li>\n\n\n\n<li>Patrik Eidfelt, f\u00f6rbundsdirekt\u00f6r<\/li>\n<\/ul>\n<\/div><\/div>\n<\/div>\n<\/div>\n\n\n\n<div class=\"wp-block-group has-secondary-background-color has-background is-layout-constrained wp-block-group-is-layout-constrained\">\n<div class=\"wp-block-columns is-layout-flex wp-container-core-columns-is-layout-9d6595d7 wp-block-columns-is-layout-flex\">\n<div class=\"wp-block-column is-layout-flow wp-block-column-is-layout-flow\"><div id=\"block-accordion-block_066e1aca04fb8e41534c8c6008e8b352\" class=\"block-accordion is-faq container\" itemscope itemtype=\"https:\/\/schema.org\/FAQPage\">\n      <div class=\"Accordion\">\n      <div class=\"Accordion__rows\">\n                            <div class=\"Accordion__row\" itemscope itemprop=\"mainEntity\" itemtype=\"https:\/\/schema.org\/Question\">\n            <h3 class=\"Accordion__title\">\n              <button class=\"Button--unstyled togglehandle\" itemprop=\"name\" data-toggle=\"collapse\" data-target=\"styrelsesammantraden-2026\" aria-expanded=\"false\">\n                Styrelsesammantr\u00e4den 2026\n              <\/button>\n            <\/h3>\n            <div class=\"Accordion__text collapse\" id=\"styrelsesammantraden-2026\" itemscope itemprop=\"acceptedAnswer\" itemtype=\"https:\/\/schema.org\/Answer\">\n              <div itemprop=\"text\">\n                <ul>\n<li>29 januari<\/li>\n<li>26 mars (digitalt)<\/li>\n<li>20 maj (\u00e5rsm\u00f6te samt konstituerande styrelsem\u00f6te)<\/li>\n<li>9 juni<\/li>\n<li>7-8 september (strategidagar)<\/li>\n<li>22 oktober (digitalt)<\/li>\n<li>3 december<\/li>\n<\/ul>\n\n              <\/div>\n            <\/div>\n          <\/div>\n              <\/div>\n    <\/div>\n  <\/div>\n<\/div>\n\n\n\n<div class=\"wp-block-column is-layout-flow wp-block-column-is-layout-flow\"><div id=\"block-accordion-block_da4ccddc089ff417c26e0328b8bd5e6e\" class=\"block-accordion is-faq container\" itemscope itemtype=\"https:\/\/schema.org\/FAQPage\">\n      <div class=\"Accordion\">\n      <div class=\"Accordion__rows\">\n                            <div class=\"Accordion__row\" itemscope itemprop=\"mainEntity\" itemtype=\"https:\/\/schema.org\/Question\">\n            <h3 class=\"Accordion__title\">\n              <button class=\"Button--unstyled togglehandle\" itemprop=\"name\" data-toggle=\"collapse\" data-target=\"valberedning\" aria-expanded=\"false\">\n                Valberedning\n              <\/button>\n            <\/h3>\n            <div class=\"Accordion__text collapse\" id=\"valberedning\" itemscope itemprop=\"acceptedAnswer\" itemtype=\"https:\/\/schema.org\/Answer\">\n              <div itemprop=\"text\">\n                <p>\u00c5rsm\u00f6tet utser en valberedning som har till uppgift att f\u00f6resl\u00e5 styrelseledam\u00f6ter till \u00e5rsm\u00f6tet. Enligt stadgarna ska valberedningen str\u00e4va efter att ge Kompetensf\u00f6retagens styrelse en representativ sammans\u00e4ttning.<\/p>\n<p>Av\u00a0<a href=\"https:\/\/www.kompetensforetagen.se\/app\/uploads\/sites\/5\/2025\/03\/Riktlinjer-for-valberedningen-webb.pdf\" target=\"_blank\" rel=\"noopener noreferrer\">Valberedningens riktlinjer<\/a>\u00a0f\u00f6r valberedningens arbete framg\u00e5r att valberedningen har mandat att f\u00f6resl\u00e5 valfri sammans\u00e4ttning av styrelsen.<\/p>\n<ul>\n<li>Desir\u00e9e Harkn\u00e4s,\u00a0 Randstad\/Antenn<\/li>\n<li>Magnus Nordkvist,\u00a0 Manpower<\/li>\n<li>Lisa Schuman, Schuman &amp; Partners AB<\/li>\n<li>Charlotte J\u00e4reby-Hellman, OnePartnerGroup<\/li>\n<\/ul>\n<p><a href=\"mailto:info@kompetensforetagen.se\">Kontakta Kompetensf\u00f6retagen<\/a>\u00a0om du \u00e4r intresserad av att kandidera eller vill ha mer information om val eller de styrelseposter som ska tills\u00e4ttas.<\/p>\n\n              <\/div>\n            <\/div>\n          <\/div>\n              <\/div>\n    <\/div>\n  <\/div>\n<\/div>\n\n\n\n<div class=\"wp-block-column is-layout-flow wp-block-column-is-layout-flow\"><div id=\"block-accordion-block_b9192784774d4d8160842c627944e0c7\" class=\"block-accordion is-faq container aligncenter\" itemscope itemtype=\"https:\/\/schema.org\/FAQPage\">\n      <div class=\"Accordion\">\n      <div class=\"Accordion__rows\">\n                            <div class=\"Accordion__row\" itemscope itemprop=\"mainEntity\" itemtype=\"https:\/\/schema.org\/Question\">\n            <h3 class=\"Accordion__title\">\n              <button class=\"Button--unstyled togglehandle\" itemprop=\"name\" data-toggle=\"collapse\" data-target=\"arsmote\" aria-expanded=\"false\">\n                \u00c5rsm\u00f6te\n              <\/button>\n            <\/h3>\n            <div class=\"Accordion__text collapse\" id=\"arsmote\" itemscope itemprop=\"acceptedAnswer\" itemtype=\"https:\/\/schema.org\/Answer\">\n              <div itemprop=\"text\">\n                <p>F\u00f6rbundet h\u00e5ller \u00e5rsm\u00f6te varje \u00e5r, f\u00f6re maj m\u00e5nads utg\u00e5ng. Information om tid och plats ges till medlemmar i god tid. \u00c5rsm\u00f6tet beslutar bland annat om:<\/p>\n<ul>\n<li>styrelsens f\u00f6rvaltningsber\u00e4ttelse och revisorernas utl\u00e5tande \u00f6ver den<\/li>\n<li>val av ordf\u00f6rande, vice ordf\u00f6rande samt ledam\u00f6ter i f\u00f6rbundsstyrelsen<\/li>\n<li>val av revisorer j\u00e4mte suppleanter<\/li>\n<li>val av valberedning<\/li>\n<li>avgifter till f\u00f6rbundet<\/li>\n<li>\u00e4renden som medlemmar anm\u00e4lt<\/li>\n<\/ul>\n\n              <\/div>\n            <\/div>\n          <\/div>\n              <\/div>\n    <\/div>\n  <\/div>\n<\/div>\n<\/div>\n<\/div>\n\n\n\n<div class=\"wp-block-group has-white-background-color has-background is-layout-constrained wp-block-group-is-layout-constrained\">\n<div class=\"wp-block-columns is-layout-flex wp-container-core-columns-is-layout-9d6595d7 wp-block-columns-is-layout-flex\">\n<div class=\"wp-block-column is-layout-flow wp-block-column-is-layout-flow\"><div class=\"wp-block wp-block-core-paragraph\">\n<p><\/p>\n<\/div>\n\n<div class=\"wp-block wp-block-core-heading\" id=\"\">\n<h4 class=\"wp-block-heading\" id=\"h-\"><\/h4>\n<\/div><\/div>\n\n\n\n<div class=\"wp-block-column is-layout-flow wp-block-column-is-layout-flow\"><div class=\"wp-block wp-block-core-heading\" id=\"\">\n<h4 class=\"wp-block-heading\" id=\"h-\"><\/h4>\n<\/div><\/div>\n<\/div>\n\n\n\n<div class=\"wp-block-columns is-layout-flex wp-container-core-columns-is-layout-9d6595d7 wp-block-columns-is-layout-flex\">\n<div class=\"wp-block-column is-layout-flow wp-block-column-is-layout-flow\">\n<figure class=\"wp-block-image size-large\"><img loading=\"lazy\" decoding=\"async\" width=\"1180\" height=\"787\" src=\"https:\/\/www.kompetensforetagen.se\/app\/uploads\/sites\/5\/2026\/02\/Eva_Domanders_DSF4910-1180x787.jpg\" alt=\"\" class=\"wp-image-21308\" srcset=\"https:\/\/www.kompetensforetagen.se\/app\/uploads\/sites\/5\/2026\/02\/Eva_Domanders_DSF4910-1180x787.jpg 1180w, https:\/\/www.kompetensforetagen.se\/app\/uploads\/sites\/5\/2026\/02\/Eva_Domanders_DSF4910-580x387.jpg 580w, https:\/\/www.kompetensforetagen.se\/app\/uploads\/sites\/5\/2026\/02\/Eva_Domanders_DSF4910-380x253.jpg 380w, https:\/\/www.kompetensforetagen.se\/app\/uploads\/sites\/5\/2026\/02\/Eva_Domanders_DSF4910-768x512.jpg 768w, https:\/\/www.kompetensforetagen.se\/app\/uploads\/sites\/5\/2026\/02\/Eva_Domanders_DSF4910-1536x1024.jpg 1536w, https:\/\/www.kompetensforetagen.se\/app\/uploads\/sites\/5\/2026\/02\/Eva_Domanders_DSF4910-2048x1366.jpg 2048w, https:\/\/www.kompetensforetagen.se\/app\/uploads\/sites\/5\/2026\/02\/Eva_Domanders_DSF4910-600x400.jpg 600w\" sizes=\"auto, (max-width: 1180px) 100vw, 1180px\" \/><\/figure>\n\n\n<div class=\"wp-block wp-block-core-heading\" id=\"eva-domanders,klaraordforande\">\n<h4 class=\"wp-block-heading\" id=\"h-eva-domanders-klara-ordforande\">Eva Domanders,<br>Klara<br><strong>Ordf\u00f6rande<\/strong><\/h4>\n<\/div>\n\n<div class=\"wp-block wp-block-core-paragraph\">\n<p>Eva har suttit i Kompetensf\u00f6retagens styrelse sedan 2013 och varit ordf\u00f6rande sedan 2017.<br>\u2013 Jag brinner f\u00f6r att jobba med v\u00e5ra branschfr\u00e5gor, verka f\u00f6r branschens b\u00e4sta och v\u00e5rt varum\u00e4rke. Branschen k\u00e4nns alltid aktuell, men extra viktig i denna tid d\u00e5 kompetensf\u00f6rs\u00f6rjning \u00e4r s\u00e5 kritiskt i alla delar av arbetsmarknaden. D\u00e4r \u00e4r vi ett viktigt sm\u00f6rjmedel, och bidrar till att \u00f6ka Sveriges konkurrenskraft. Vi g\u00f6r ocks\u00e5 ett viktigt jobb som integrationsmotor, och f\u00f6r unga m\u00e4nniskor som ser oss som en spr\u00e5ngbr\u00e4da i karri\u00e4ren. Jag \u00e4r extra stolt, b\u00e5de som ordf\u00f6rande och medlems\u00adf\u00f6retag, att Kompetens\u00adf\u00f6retagen erbjuder schyssta villkor och har en auktorisation som en kvalitetsst\u00e4mpel. Framtiden \u00e4r inte minst sp\u00e4nnande. V\u00e5ra medlems\u00adf\u00f6retag utvecklar innovativa l\u00f6sningar n\u00e4r det g\u00e4ller digitalisering och automation; de skapar m\u00f6jligheter f\u00f6r arbetsgivare, medarbetare och arbetss\u00f6kande varje dag, \u00e5ret runt. Kompetens\u00adbranschen ser m\u00f6jligheter d\u00e4r andra ser utmaningar!<\/p>\n<\/div><\/div>\n\n\n\n<div class=\"wp-block-column is-layout-flow wp-block-column-is-layout-flow\">\n<figure class=\"wp-block-image size-large\"><img loading=\"lazy\" decoding=\"async\" width=\"1180\" height=\"787\" src=\"https:\/\/www.kompetensforetagen.se\/app\/uploads\/sites\/5\/2026\/02\/Magnus_Bergqvist_DSF4873-1180x787.jpg\" alt=\"\" class=\"wp-image-21309\" srcset=\"https:\/\/www.kompetensforetagen.se\/app\/uploads\/sites\/5\/2026\/02\/Magnus_Bergqvist_DSF4873-1180x787.jpg 1180w, https:\/\/www.kompetensforetagen.se\/app\/uploads\/sites\/5\/2026\/02\/Magnus_Bergqvist_DSF4873-580x387.jpg 580w, https:\/\/www.kompetensforetagen.se\/app\/uploads\/sites\/5\/2026\/02\/Magnus_Bergqvist_DSF4873-380x253.jpg 380w, https:\/\/www.kompetensforetagen.se\/app\/uploads\/sites\/5\/2026\/02\/Magnus_Bergqvist_DSF4873-768x512.jpg 768w, https:\/\/www.kompetensforetagen.se\/app\/uploads\/sites\/5\/2026\/02\/Magnus_Bergqvist_DSF4873-1536x1024.jpg 1536w, https:\/\/www.kompetensforetagen.se\/app\/uploads\/sites\/5\/2026\/02\/Magnus_Bergqvist_DSF4873-2048x1366.jpg 2048w, https:\/\/www.kompetensforetagen.se\/app\/uploads\/sites\/5\/2026\/02\/Magnus_Bergqvist_DSF4873-600x400.jpg 600w\" sizes=\"auto, (max-width: 1180px) 100vw, 1180px\" \/><\/figure>\n\n\n<div class=\"wp-block wp-block-core-heading\" id=\"magnus-bergqvist,-lerniavice-ordforande\">\n<h4 class=\"wp-block-heading\" id=\"h-magnus-bergqvist-lernia-vice-ordforande\">Magnus Bergqvist, Lernia<br><strong>vice ordf\u00f6rande<\/strong><\/h4>\n<\/div>\n\n<div class=\"wp-block wp-block-core-paragraph\">\n<p>Magnus har suttit i styrelsen sedan 2021 och valdes till vice ordf\u00f6rande 2025.<br>\u2013 Branschen spelar en mycket viktig roll p\u00e5 arbetsmarknaden och f\u00f6r framtidens kompetensf\u00f6rs\u00f6rjning. Det \u00e4r viktigt att vi gemensamt g\u00f6r v\u00e5r r\u00f6st h\u00f6rd och samverkar med \u00f6vriga akt\u00f6rer p\u00e5 arbetsmarknaden, s\u00e5 att v\u00e5ra medlems\u00adf\u00f6retag f\u00e5r bra avtal och f\u00f6ruts\u00e4ttningar. Vi \u00e4r i tv\u00e5 sp\u00e4nnande skiften &#8211; teknikskiftet\/digitaliseringen, d\u00e4r det snabbt inf\u00f6rda distansarbetet bidragit till att digitaliseringsgraden \u00f6kat mycket snabbare. En utmaning kommer vara att lagar, regler och kollektivavtal h\u00e4nger med i en v\u00e4ldigt snabb utveckling. Men ocks\u00e5 att skiftet i kompetensf\u00f6rs\u00f6rjning p\u00e5 b\u00e5de l\u00e5ng och kort sikt tar st\u00f6rre plats p\u00e5 den strategiska agendan hos m\u00e5nga f\u00f6retag. Det visar vikten av det arbete vi kompetens\u00adf\u00f6retag g\u00f6r.<\/p>\n<\/div><\/div>\n\n\n\n<div class=\"wp-block-column is-layout-flow wp-block-column-is-layout-flow\">\n<figure class=\"wp-block-image size-full is-resized\"><img loading=\"lazy\" decoding=\"async\" width=\"1080\" height=\"1920\" src=\"https:\/\/www.kompetensforetagen.se\/app\/uploads\/sites\/5\/2023\/04\/Namnlos-design-18.gif\" alt=\"\" class=\"wp-image-12350\" style=\"width:275px;height:488px\"\/><\/figure>\n<\/div>\n<\/div>\n\n\n\n<div class=\"wp-block-columns is-layout-flex wp-container-core-columns-is-layout-9d6595d7 wp-block-columns-is-layout-flex\">\n<div class=\"wp-block-column is-layout-flow wp-block-column-is-layout-flow\">\n<figure class=\"wp-block-image size-large\"><img loading=\"lazy\" decoding=\"async\" width=\"1180\" height=\"787\" src=\"https:\/\/www.kompetensforetagen.se\/app\/uploads\/sites\/5\/2026\/02\/Claes_Gellstrup_DSF4809-1-1180x787.jpg\" alt=\"\" class=\"wp-image-21312\" srcset=\"https:\/\/www.kompetensforetagen.se\/app\/uploads\/sites\/5\/2026\/02\/Claes_Gellstrup_DSF4809-1-1180x787.jpg 1180w, https:\/\/www.kompetensforetagen.se\/app\/uploads\/sites\/5\/2026\/02\/Claes_Gellstrup_DSF4809-1-580x387.jpg 580w, https:\/\/www.kompetensforetagen.se\/app\/uploads\/sites\/5\/2026\/02\/Claes_Gellstrup_DSF4809-1-380x253.jpg 380w, https:\/\/www.kompetensforetagen.se\/app\/uploads\/sites\/5\/2026\/02\/Claes_Gellstrup_DSF4809-1-768x512.jpg 768w, https:\/\/www.kompetensforetagen.se\/app\/uploads\/sites\/5\/2026\/02\/Claes_Gellstrup_DSF4809-1-1536x1024.jpg 1536w, https:\/\/www.kompetensforetagen.se\/app\/uploads\/sites\/5\/2026\/02\/Claes_Gellstrup_DSF4809-1-2048x1366.jpg 2048w, https:\/\/www.kompetensforetagen.se\/app\/uploads\/sites\/5\/2026\/02\/Claes_Gellstrup_DSF4809-1-600x400.jpg 600w\" sizes=\"auto, (max-width: 1180px) 100vw, 1180px\" \/><\/figure>\n\n\n<div class=\"wp-block wp-block-core-heading\" id=\"claes-gellstrup,-poolia\/uniflexstyrelseledamot\">\n<h4 class=\"wp-block-heading\" id=\"h-claes-gellstrup-poolia-uniflex-styrelseledamot\">Claes Gellstrup, Poolia\/Uniflex<br><strong><strong>Styrelseledamot<\/strong><\/strong><\/h4>\n<\/div>\n\n<div class=\"wp-block wp-block-core-paragraph\">\n<p>Claes har suttit i styrelsen sedan 2024 och jobbat i branschen sedan 1996.<br>\u2013 Under \u00e5ren har jag \u00e4ven haft en del uppdrag utanf\u00f6r branschen, men jag har alltid kommit tillbaka d\u00e5 jag tycker att det \u00e4r fantastiska m\u00e4nniskor som jobbar i v\u00e5r bransch och att vi fyller en viktig funktion p\u00e5 svenska arbetsmarknad.<\/p>\n<\/div><\/div>\n\n\n\n<div class=\"wp-block-column is-layout-flow wp-block-column-is-layout-flow\">\n<figure class=\"wp-block-image size-large\"><img loading=\"lazy\" decoding=\"async\" width=\"1180\" height=\"787\" src=\"https:\/\/www.kompetensforetagen.se\/app\/uploads\/sites\/5\/2026\/02\/Henrik_Olsson_DSF4749-1-1180x787.jpg\" alt=\"\" class=\"wp-image-21314\" srcset=\"https:\/\/www.kompetensforetagen.se\/app\/uploads\/sites\/5\/2026\/02\/Henrik_Olsson_DSF4749-1-1180x787.jpg 1180w, https:\/\/www.kompetensforetagen.se\/app\/uploads\/sites\/5\/2026\/02\/Henrik_Olsson_DSF4749-1-580x387.jpg 580w, https:\/\/www.kompetensforetagen.se\/app\/uploads\/sites\/5\/2026\/02\/Henrik_Olsson_DSF4749-1-380x253.jpg 380w, https:\/\/www.kompetensforetagen.se\/app\/uploads\/sites\/5\/2026\/02\/Henrik_Olsson_DSF4749-1-768x512.jpg 768w, https:\/\/www.kompetensforetagen.se\/app\/uploads\/sites\/5\/2026\/02\/Henrik_Olsson_DSF4749-1-1536x1024.jpg 1536w, https:\/\/www.kompetensforetagen.se\/app\/uploads\/sites\/5\/2026\/02\/Henrik_Olsson_DSF4749-1-2048x1366.jpg 2048w, https:\/\/www.kompetensforetagen.se\/app\/uploads\/sites\/5\/2026\/02\/Henrik_Olsson_DSF4749-1-600x400.jpg 600w\" sizes=\"auto, (max-width: 1180px) 100vw, 1180px\" \/><\/figure>\n\n\n<div class=\"wp-block wp-block-core-heading\" id=\"henrik-olsson,-professionals-nordstyrelseledamot\">\n<h4 class=\"wp-block-heading\" id=\"h-henrik-olsson-professionals-nord-styrelseledamot\">Henrik Olsson, Professionals nord<br><strong><strong>Styrelseledamot<\/strong><\/strong><\/h4>\n<\/div>\n\n<div class=\"wp-block wp-block-core-paragraph\">\n<p>Henrik valdes in i styrelsen vid \u00e5rsm\u00f6tet 2025.<br>\u2013 Jag klev in som som vd p\u00e5 Professionals Nord vid \u00e5rsskiftet 2026\u2013 efter drygt 20 \u00e5r i branschen. Ur mitt perspektiv \u00e4r styrelsens grunduppdrag att forts\u00e4tta f\u00f6rst\u00e4rka kompetensbranschens viktiga roll i det svenska n\u00e4ringslivet. Det g\u00f6r vi genom att synas p\u00e5 l\u00e4mpliga st\u00e4llen och f\u00f6rmedla relevant information och kunskap. Jag tror ocks\u00e5 vi m\u00e5ste forts\u00e4tta anamma den tekniska utvecklingen. M\u00e5nga gr\u00e4nser b\u00f6rjar suddas ut mellan t ex bemanningskompetens och teknisk kompetens. Dessutom dyker det upp nya regler p\u00e5 arbetsmarknaden och komplexiteten \u00f6kar, vilket st\u00e4ller ytterligare krav p\u00e5 oss som bransch. Det \u00e4r d\u00e4rf\u00f6r viktigt att med handling visa hur man b\u00f6r agera f\u00f6r att forts\u00e4tta utvecklas och bidra till svensk kompetensf\u00f6rs\u00f6rjning.<\/p>\n<\/div><\/div>\n\n\n\n<div class=\"wp-block-column is-layout-flow wp-block-column-is-layout-flow\">\n<figure class=\"wp-block-image size-full\"><img loading=\"lazy\" decoding=\"async\" width=\"2560\" height=\"1707\" src=\"https:\/\/www.kompetensforetagen.se\/app\/uploads\/sites\/5\/2026\/02\/Nima_Astanehdost_DSF4824.jpg\" alt=\"\" class=\"wp-image-21315\" srcset=\"https:\/\/www.kompetensforetagen.se\/app\/uploads\/sites\/5\/2026\/02\/Nima_Astanehdost_DSF4824.jpg 2560w, https:\/\/www.kompetensforetagen.se\/app\/uploads\/sites\/5\/2026\/02\/Nima_Astanehdost_DSF4824-580x387.jpg 580w, https:\/\/www.kompetensforetagen.se\/app\/uploads\/sites\/5\/2026\/02\/Nima_Astanehdost_DSF4824-1180x787.jpg 1180w, https:\/\/www.kompetensforetagen.se\/app\/uploads\/sites\/5\/2026\/02\/Nima_Astanehdost_DSF4824-380x253.jpg 380w, https:\/\/www.kompetensforetagen.se\/app\/uploads\/sites\/5\/2026\/02\/Nima_Astanehdost_DSF4824-768x512.jpg 768w, https:\/\/www.kompetensforetagen.se\/app\/uploads\/sites\/5\/2026\/02\/Nima_Astanehdost_DSF4824-1536x1024.jpg 1536w, https:\/\/www.kompetensforetagen.se\/app\/uploads\/sites\/5\/2026\/02\/Nima_Astanehdost_DSF4824-2048x1366.jpg 2048w, https:\/\/www.kompetensforetagen.se\/app\/uploads\/sites\/5\/2026\/02\/Nima_Astanehdost_DSF4824-600x400.jpg 600w\" sizes=\"auto, (max-width: 2560px) 100vw, 2560px\" \/><\/figure>\n\n\n<div class=\"wp-block wp-block-core-heading\" id=\"nima-astanehdost,-randstadstyrelseledamot\">\n<h4 class=\"wp-block-heading\" id=\"h-nima-astanehdost-randstad-styrelseledamot\">Nima AstanehDost, Randstad<br><strong>Styrelseledamot<\/strong><\/h4>\n<\/div>\n\n<div class=\"wp-block wp-block-core-paragraph\">\n<p>Nima blev invald i styrelsen 2025.<br>\u2013 Jag sedan 2025 vd f\u00f6r Randstad i Sverige, men har l\u00e5ng bakgrund inom Randstad och den danska bemanningsbranschen. Jag tror fortsatt p\u00e5 behovet av flexibel arbetskraft i Sverige d\u00e5 arbetsmarknaden \u00e4r mycket h\u00e5rt reglerad \u2013 det h\u00e4nger alltid ihop.&nbsp; Men jag tror ocks\u00e5 att vi kommer se att v\u00e5ra kundf\u00f6retag ser \u00f6ver sina strategier f\u00f6r inhyrning av konsulter och kanske d\u00e4rmed kommer att minska andelen inhyrda konsulter med anledning av lagstiftningen. Men, d\u00e5 man fortfarande beh\u00f6ver flexibilitet s\u00e5 tror vi att behovet av paketerade tj\u00e4nste- och produktk\u00f6p kommer att \u00f6ka d\u00e4r man inte begr\u00e4nsas av inhyrning p\u00e5 24 m\u00e5nader p\u00e5 samma s\u00e4tt.<br><\/p>\n<\/div><\/div>\n<\/div>\n<\/div>\n\n\n\n<div class=\"wp-block-columns is-layout-flex wp-container-core-columns-is-layout-9d6595d7 wp-block-columns-is-layout-flex\">\n<div class=\"wp-block-column is-layout-flow wp-block-column-is-layout-flow\">\n<figure class=\"wp-block-image size-large\"><img loading=\"lazy\" decoding=\"async\" width=\"1180\" height=\"787\" src=\"https:\/\/www.kompetensforetagen.se\/app\/uploads\/sites\/5\/2026\/02\/Louise_Bagewitz_DSF4726-1180x787.jpg\" alt=\"\" class=\"wp-image-21317\" srcset=\"https:\/\/www.kompetensforetagen.se\/app\/uploads\/sites\/5\/2026\/02\/Louise_Bagewitz_DSF4726-1180x787.jpg 1180w, https:\/\/www.kompetensforetagen.se\/app\/uploads\/sites\/5\/2026\/02\/Louise_Bagewitz_DSF4726-580x387.jpg 580w, https:\/\/www.kompetensforetagen.se\/app\/uploads\/sites\/5\/2026\/02\/Louise_Bagewitz_DSF4726-380x253.jpg 380w, https:\/\/www.kompetensforetagen.se\/app\/uploads\/sites\/5\/2026\/02\/Louise_Bagewitz_DSF4726-768x512.jpg 768w, https:\/\/www.kompetensforetagen.se\/app\/uploads\/sites\/5\/2026\/02\/Louise_Bagewitz_DSF4726-1536x1024.jpg 1536w, https:\/\/www.kompetensforetagen.se\/app\/uploads\/sites\/5\/2026\/02\/Louise_Bagewitz_DSF4726-2048x1366.jpg 2048w, https:\/\/www.kompetensforetagen.se\/app\/uploads\/sites\/5\/2026\/02\/Louise_Bagewitz_DSF4726-600x400.jpg 600w\" sizes=\"auto, (max-width: 1180px) 100vw, 1180px\" \/><\/figure>\n\n\n<div class=\"wp-block wp-block-core-heading\" id=\"louise-bagewitz,-academic-workstyrelseledamot\">\n<h4 class=\"wp-block-heading\" id=\"h-louise-bagewitz-academic-work-styrelseledamot\">LOUISE BAGEWITZ, Academic Work<br><strong><strong>Styrelseledamot<\/strong><\/strong><\/h4>\n<\/div>\n\n<div class=\"wp-block wp-block-core-paragraph\">\n<p>Louise valdes in som ledamot i styrelsen 2024 och har varit vd p\u00e5 Academic Work sedan november 2023.<br>\u2013 Det \u00e4r ett roligt uppdrag d\u00e4r vi kan g\u00f6ra skillnad tillsammans. Det h\u00e4r \u00e4r en viktig bransch f\u00f6r hela arbetsmarknaden och det k\u00e4nns inspirerande att f\u00e5 arbeta tillsammans med branschkollegor f\u00f6r att f\u00f6rmedla den bilden. Jag brinner f\u00f6r att f\u00f6rmedla v\u00e4rdet av det vi bidrar med p\u00e5 arbetsmarknaden. Vi tar alla parters intressen i beaktande, b\u00e5de vad g\u00e4ller att erbjuda en bra modell f\u00f6r kompetensf\u00f6rs\u00f6rjning, och en bra anst\u00e4llningsform f\u00f6r den som vill ha ett jobb.<\/p>\n<\/div><\/div>\n\n\n\n<div class=\"wp-block-column is-layout-flow wp-block-column-is-layout-flow\">\n<figure class=\"wp-block-image size-full\"><img loading=\"lazy\" decoding=\"async\" width=\"2560\" height=\"1707\" src=\"https:\/\/www.kompetensforetagen.se\/app\/uploads\/sites\/5\/2026\/02\/Per_Johansson_DSF4852.jpg\" alt=\"\" class=\"wp-image-21318\" srcset=\"https:\/\/www.kompetensforetagen.se\/app\/uploads\/sites\/5\/2026\/02\/Per_Johansson_DSF4852.jpg 2560w, https:\/\/www.kompetensforetagen.se\/app\/uploads\/sites\/5\/2026\/02\/Per_Johansson_DSF4852-580x387.jpg 580w, https:\/\/www.kompetensforetagen.se\/app\/uploads\/sites\/5\/2026\/02\/Per_Johansson_DSF4852-1180x787.jpg 1180w, https:\/\/www.kompetensforetagen.se\/app\/uploads\/sites\/5\/2026\/02\/Per_Johansson_DSF4852-380x253.jpg 380w, https:\/\/www.kompetensforetagen.se\/app\/uploads\/sites\/5\/2026\/02\/Per_Johansson_DSF4852-768x512.jpg 768w, https:\/\/www.kompetensforetagen.se\/app\/uploads\/sites\/5\/2026\/02\/Per_Johansson_DSF4852-1536x1024.jpg 1536w, https:\/\/www.kompetensforetagen.se\/app\/uploads\/sites\/5\/2026\/02\/Per_Johansson_DSF4852-2048x1366.jpg 2048w, https:\/\/www.kompetensforetagen.se\/app\/uploads\/sites\/5\/2026\/02\/Per_Johansson_DSF4852-600x400.jpg 600w\" sizes=\"auto, (max-width: 2560px) 100vw, 2560px\" \/><\/figure>\n\n\n<div class=\"wp-block wp-block-core-heading\" id=\"per-johansson,-manpowerstyrelseledamot\">\n<h4 class=\"wp-block-heading\" id=\"h-per-johansson-manpower-styrelseledamot\">Per Johansson, Manpower<br><strong><strong>Styrelseledamot<\/strong><\/strong><\/h4>\n<\/div>\n\n<div class=\"wp-block wp-block-core-paragraph\">\n<p>Per valdes in i styrelsen 2025.<\/p>\n<\/div>\n\n<div class=\"wp-block wp-block-core-paragraph\">\n<p>\u2013 Jag ser fram emot att vara med och verka f\u00f6r l\u00e5ngsiktigt h\u00e5llbar kompetensf\u00f6rs\u00f6rjning. V\u00e5r bransch \u00e4r politiskt och regleringsm\u00e4ssigt allt mer utmanad, jag vill bidra till att v\u00e5rt bidrag p\u00e5 arbetsmarknaden blir s\u00e5 effektiv som m\u00f6jligt och att hinder tas bort. Jag \u00e4r ocks\u00e5 m\u00e5n om att verka f\u00f6r branschens fortsatt h\u00f6ga kvalitet.<\/p>\n<\/div>\n\n<div class=\"wp-block wp-block-core-paragraph\">\n<p>\u2013 Kompetensbranschen \u00e4r och kommer att f\u00f6rbli viktig. V\u00e5r bransch f\u00f6rser f\u00f6retag och offentliga verksamheter med kritisk kompetens och flexibilitet. Vi hj\u00e4lper v\u00e5ra kunder att ha r\u00e4tt kompetens, vid r\u00e4tt tillf\u00e4lle och g\u00f6r det m\u00f6jligt f\u00f6r Sveriges verksamheter att ta n\u00e4sta steg i sin utveckling. F\u00f6r m\u00e5nga jobbs\u00f6kande \u00e4r vi v\u00e4gen in till arbetsmarknaden, f\u00f6r andra ett s\u00e4tt att snabba upp sin karri\u00e4r och f\u00e5 kompetensutveckling. Sammantaget spelar vi en viktig roll f\u00f6r en effektiv arbetsmarknad i Sverige.<\/p>\n<\/div><\/div>\n\n\n\n<div class=\"wp-block-column is-layout-flow wp-block-column-is-layout-flow\">\n<figure class=\"wp-block-image size-full\"><img loading=\"lazy\" decoding=\"async\" width=\"2560\" height=\"1707\" src=\"https:\/\/www.kompetensforetagen.se\/app\/uploads\/sites\/5\/2026\/02\/Rikard_Westerlund_DSF4862.jpg\" alt=\"\" class=\"wp-image-21319\" srcset=\"https:\/\/www.kompetensforetagen.se\/app\/uploads\/sites\/5\/2026\/02\/Rikard_Westerlund_DSF4862.jpg 2560w, https:\/\/www.kompetensforetagen.se\/app\/uploads\/sites\/5\/2026\/02\/Rikard_Westerlund_DSF4862-580x387.jpg 580w, https:\/\/www.kompetensforetagen.se\/app\/uploads\/sites\/5\/2026\/02\/Rikard_Westerlund_DSF4862-1180x787.jpg 1180w, https:\/\/www.kompetensforetagen.se\/app\/uploads\/sites\/5\/2026\/02\/Rikard_Westerlund_DSF4862-380x253.jpg 380w, https:\/\/www.kompetensforetagen.se\/app\/uploads\/sites\/5\/2026\/02\/Rikard_Westerlund_DSF4862-768x512.jpg 768w, https:\/\/www.kompetensforetagen.se\/app\/uploads\/sites\/5\/2026\/02\/Rikard_Westerlund_DSF4862-1536x1024.jpg 1536w, https:\/\/www.kompetensforetagen.se\/app\/uploads\/sites\/5\/2026\/02\/Rikard_Westerlund_DSF4862-2048x1366.jpg 2048w, https:\/\/www.kompetensforetagen.se\/app\/uploads\/sites\/5\/2026\/02\/Rikard_Westerlund_DSF4862-600x400.jpg 600w\" sizes=\"auto, (max-width: 2560px) 100vw, 2560px\" \/><\/figure>\n\n\n<div class=\"wp-block wp-block-core-heading\" id=\"rikard-westerlund,-hellolillystyrelseledamot\">\n<h4 class=\"wp-block-heading\" id=\"h-rikard-westerlund-hellolilly-styrelseledamot\">Rikard Westerlund, HelloLilly<br><strong><strong>Styrelseledamot<\/strong><\/strong><\/h4>\n<\/div>\n\n<div class=\"wp-block wp-block-core-paragraph\">\n<p>Rikard valdes in i styrelsen 2025 och \u00e4r vd p\u00e5 HelloLilly som han grundade 2020.<br>\u2013 Kompetensbranschen spelar en avg\u00f6rande roll f\u00f6r att f\u00e5 arbetsmarknaden att fungera. Genom att se till att arbetsgivare snabbt och tr\u00e4ffs\u00e4kert kan hitta r\u00e4tt kompetens st\u00e4rker vi f\u00f6retagens konkurrenskraft och anpassningsf\u00f6rm\u00e5ga. Utvecklingen och kompetensbehoven f\u00f6r\u00e4ndras i snabb takt, samtidigt som nya generationer f\u00f6rv\u00e4ntar sig flexibilitet, r\u00f6rlighet och moderna arbetss\u00e4tt. Sammantaget \u00e4r branschen en motor som kopplar samman n\u00e4ringsliv, utbildningsv\u00e4gar och arbetskraft \u2014 och som st\u00e4rker b\u00e5de individens st\u00e4llning och samh\u00e4llets f\u00f6rm\u00e5ga till omst\u00e4llning och utveckling.<\/p>\n<\/div><\/div>\n<\/div>\n\n\n\n<div class=\"wp-block-columns is-layout-flex wp-container-core-columns-is-layout-9d6595d7 wp-block-columns-is-layout-flex\">\n<div class=\"wp-block-column is-layout-flow wp-block-column-is-layout-flow\">\n<figure class=\"wp-block-image size-large\"><img loading=\"lazy\" decoding=\"async\" width=\"1180\" height=\"787\" src=\"https:\/\/www.kompetensforetagen.se\/app\/uploads\/sites\/5\/2026\/02\/Asa_Edman_Kallstromer_DSF4844-1180x787.jpg\" alt=\"\" class=\"wp-image-21320\" srcset=\"https:\/\/www.kompetensforetagen.se\/app\/uploads\/sites\/5\/2026\/02\/Asa_Edman_Kallstromer_DSF4844-1180x787.jpg 1180w, https:\/\/www.kompetensforetagen.se\/app\/uploads\/sites\/5\/2026\/02\/Asa_Edman_Kallstromer_DSF4844-580x387.jpg 580w, https:\/\/www.kompetensforetagen.se\/app\/uploads\/sites\/5\/2026\/02\/Asa_Edman_Kallstromer_DSF4844-380x253.jpg 380w, https:\/\/www.kompetensforetagen.se\/app\/uploads\/sites\/5\/2026\/02\/Asa_Edman_Kallstromer_DSF4844-768x512.jpg 768w, https:\/\/www.kompetensforetagen.se\/app\/uploads\/sites\/5\/2026\/02\/Asa_Edman_Kallstromer_DSF4844-1536x1024.jpg 1536w, https:\/\/www.kompetensforetagen.se\/app\/uploads\/sites\/5\/2026\/02\/Asa_Edman_Kallstromer_DSF4844-2048x1366.jpg 2048w, https:\/\/www.kompetensforetagen.se\/app\/uploads\/sites\/5\/2026\/02\/Asa_Edman_Kallstromer_DSF4844-600x400.jpg 600w\" sizes=\"auto, (max-width: 1180px) 100vw, 1180px\" \/><\/figure>\n\n\n<div class=\"wp-block wp-block-core-heading\" id=\"\u00c5sa-edman-kallstromer,-tngstyrelseledamot\">\n<h4 class=\"wp-block-heading\" id=\"h-asa-edman-kallstromer-tng-styrelseledamot\">\u00c5sa Edman K\u00e4llstr\u00f6mer, TNG<br><strong><strong>Styrelseledamot<\/strong><\/strong><\/h4>\n<\/div>\n\n<div class=\"wp-block wp-block-core-paragraph\">\n<p>\u00c5sa har arbetat i brasnchen sedan 1995 och har suttit i styrelsen i tv\u00e5 omg\u00e5ngar, den senaste sedan 2016.<br>\u2013 V\u00e5r bransch har verkligen varit med om en stor utveckling. Idag har vi en otroligt viktig funktion d\u00e4r vi s\u00e4kerst\u00e4ller en bra matchning i arbetslivet, vi \u00e4r med och tryggar bra anst\u00e4llningar och ser till att r\u00e4tt kompetens f\u00e5r r\u00e4tt arbetsm\u00f6jlighet &#8211; vi bidrar stort till Sveriges konkurrenskraft. I dag r\u00e5der stor kompetensbrist eller snarare en felmatchning i arbetslivet, h\u00e4r kan v\u00e5r bransch bidra stort med all v\u00e5r kunskap och expertis. Jag \u00e4r stolt \u00f6ver att f\u00e5 verka i en bransch i framkant som bidrar stort till samh\u00e4llet!<\/p>\n<\/div><\/div>\n\n\n\n<div class=\"wp-block-column is-layout-flow wp-block-column-is-layout-flow\">\n<figure class=\"wp-block-image size-full\"><img loading=\"lazy\" decoding=\"async\" width=\"2560\" height=\"1707\" src=\"https:\/\/www.kompetensforetagen.se\/app\/uploads\/sites\/5\/2026\/02\/Torben_Sneve_DSF4704.jpg\" alt=\"\" class=\"wp-image-21321\" srcset=\"https:\/\/www.kompetensforetagen.se\/app\/uploads\/sites\/5\/2026\/02\/Torben_Sneve_DSF4704.jpg 2560w, https:\/\/www.kompetensforetagen.se\/app\/uploads\/sites\/5\/2026\/02\/Torben_Sneve_DSF4704-580x387.jpg 580w, https:\/\/www.kompetensforetagen.se\/app\/uploads\/sites\/5\/2026\/02\/Torben_Sneve_DSF4704-1180x787.jpg 1180w, https:\/\/www.kompetensforetagen.se\/app\/uploads\/sites\/5\/2026\/02\/Torben_Sneve_DSF4704-380x253.jpg 380w, https:\/\/www.kompetensforetagen.se\/app\/uploads\/sites\/5\/2026\/02\/Torben_Sneve_DSF4704-768x512.jpg 768w, https:\/\/www.kompetensforetagen.se\/app\/uploads\/sites\/5\/2026\/02\/Torben_Sneve_DSF4704-1536x1024.jpg 1536w, https:\/\/www.kompetensforetagen.se\/app\/uploads\/sites\/5\/2026\/02\/Torben_Sneve_DSF4704-2048x1366.jpg 2048w, https:\/\/www.kompetensforetagen.se\/app\/uploads\/sites\/5\/2026\/02\/Torben_Sneve_DSF4704-600x400.jpg 600w\" sizes=\"auto, (max-width: 2560px) 100vw, 2560px\" \/><\/figure>\n\n\n<div class=\"wp-block wp-block-core-heading\" id=\"torben-sneve,-adeccostyrelseledamot\">\n<h4 class=\"wp-block-heading\" id=\"h-torben-sneve-adecco-styrelseledamot\">Torben Sneve, Adecco<br><strong><strong>Styrelseledamot<\/strong><\/strong><\/h4>\n<\/div>\n\n<div class=\"wp-block wp-block-core-paragraph\">\n<p>Torben har suttit i styrelsen i tv\u00e5 omg\u00e5ngar. F\u00f6rsta g\u00e5nger 2019-2020 och valdes in f\u00f6r andra g\u00e5ngen 2025.<br>\u2013 V\u00e5r bransch fyller en mycket viktig funktion p\u00e5 den svenska arbetsmarknaden, b\u00e5de f\u00f6r arbetsgivare och arbetstagare. Kompetensf\u00f6retagen har d\u00e4rf\u00f6r ett viktigt uppdrag att lyfta fram detta och s\u00e4kerst\u00e4lla att v\u00e5r gemensamma r\u00f6st blir h\u00f6rd.<\/p>\n<\/div>\n\n<div class=\"wp-block wp-block-core-paragraph\">\n<p>Sj\u00e4lv har jag jobbat i kompetensbranschen sedan 2000, och sedan 2017 har jag haft olika nordiska roller. Under 2019-2020 satt jag i Kompetensf\u00f6retagens styrelse som VD f\u00f6r Adecco Sverige. Fr\u00e5n 2025 \u00e4r jag tillbaka i den rollen kombinerat med min roll som VD f\u00f6r Adecco Norge.<\/p>\n<\/div><\/div>\n\n\n\n<div class=\"wp-block-column is-layout-flow wp-block-column-is-layout-flow\">\n<figure class=\"wp-block-image size-large\"><img loading=\"lazy\" decoding=\"async\" width=\"1180\" height=\"787\" src=\"https:\/\/www.kompetensforetagen.se\/app\/uploads\/sites\/5\/2026\/02\/Patrik_Eidfelt_DSF4919-1180x787.jpg\" alt=\"\" class=\"wp-image-21322\" srcset=\"https:\/\/www.kompetensforetagen.se\/app\/uploads\/sites\/5\/2026\/02\/Patrik_Eidfelt_DSF4919-1180x787.jpg 1180w, https:\/\/www.kompetensforetagen.se\/app\/uploads\/sites\/5\/2026\/02\/Patrik_Eidfelt_DSF4919-580x387.jpg 580w, https:\/\/www.kompetensforetagen.se\/app\/uploads\/sites\/5\/2026\/02\/Patrik_Eidfelt_DSF4919-380x253.jpg 380w, https:\/\/www.kompetensforetagen.se\/app\/uploads\/sites\/5\/2026\/02\/Patrik_Eidfelt_DSF4919-768x512.jpg 768w, https:\/\/www.kompetensforetagen.se\/app\/uploads\/sites\/5\/2026\/02\/Patrik_Eidfelt_DSF4919-1536x1024.jpg 1536w, https:\/\/www.kompetensforetagen.se\/app\/uploads\/sites\/5\/2026\/02\/Patrik_Eidfelt_DSF4919-2048x1366.jpg 2048w, https:\/\/www.kompetensforetagen.se\/app\/uploads\/sites\/5\/2026\/02\/Patrik_Eidfelt_DSF4919-600x400.jpg 600w\" sizes=\"auto, (max-width: 1180px) 100vw, 1180px\" \/><\/figure>\n\n\n<div class=\"wp-block wp-block-core-heading\" id=\"patrik-eidfelt,-kompetens\u00adforetagenstyrelseledamot\">\n<h4 class=\"wp-block-heading\" id=\"h-patrik-eidfelt-kompetens-foretagen-styrelseledamot\">Patrik Eidfelt, Kompetens\u00adf\u00f6retagen<br><strong><strong>Styrelseledamot<\/strong><\/strong><\/h4>\n<\/div>\n\n<div class=\"wp-block wp-block-core-paragraph\">\n<p>Patrik har ing\u00e5tt i Kompetensf\u00f6retagens styrelse sedan 2018 i samband med att han tilltr\u00e4dde f\u00f6rbundsdirekt\u00f6r. Innan dess arbetade han i m\u00e5nga \u00e5r inom Almega, bland annat som f\u00f6rhandlingschef p\u00e5 Almega Tj\u00e4nstef\u00f6retagen och enhetschef p\u00e5 Arbetsgivarservice (2012\u20132019). Med l\u00e5ng erfarenhet av partsarbete och kollektivavtalsf\u00f6rhandlingar driver Patrik fr\u00e5gor som st\u00e4rker branschens kvalitet, trygghet och konkurrenskraft.<\/p>\n<\/div>\n\n<div class=\"wp-block wp-block-core-paragraph\">\n<p>\u2013 Jag vill visa p\u00e5 hur viktig v\u00e5r bransch \u00e4r f\u00f6r kompetensf\u00f6rs\u00f6rjningen och skapa goda f\u00f6ruts\u00e4ttningar f\u00f6r v\u00e5ra medlemsf\u00f6retag s\u00e5 att dom kan ge fler m\u00f6jligheten att komma in, v\u00e4xa och utvecklas p\u00e5 arbetsmarknaden.<\/p>\n<\/div><\/div>\n<\/div>\n","protected":false},"excerpt":{"rendered":"<p>Kompetensf\u00f6retagens styrelse v\u00e4ljs \u00e5rligen vid \u00e5rsm\u00f6tet. Det \u00e4r valberedningen som l\u00e4gger fram f\u00f6rslag p\u00e5 kandidater, som medlemmarna sedan r\u00f6star om.&nbsp; Den ska ha en representativ sammans\u00e4ttning med h\u00e4nsyn till medlemsstrukturen. Styrelseledam\u00f6terna ska vara vd eller &hellip;<\/p>\n","protected":false},"author":216,"featured_media":5425,"parent":0,"menu_order":8,"comment_status":"closed","ping_status":"closed","template":"","meta":{"_acf_changed":false,"footnotes":""},"article_type":[],"agreement":[],"for-members":[],"class_list":["post-923","page","type-page","status-publish","has-post-thumbnail","hentry"],"acf":[],"yoast_head":"<!-- This site is optimized with the Yoast SEO Premium plugin v26.8 (Yoast SEO v26.8) - https:\/\/yoast.com\/product\/yoast-seo-premium-wordpress\/ -->\n<title>Kompetensf\u00f6retagens styrelse<\/title>\n<meta name=\"description\" content=\"H\u00e4r hittar du Kompetensf\u00f6retagens styrelse, tid f\u00f6r m\u00f6ten, \u00e5rsm\u00f6te och f\u00f6rbundets valberedning med dess riktlinjer. \u00c4ven stadgarna finns h\u00e4r.\" \/>\n<meta name=\"robots\" content=\"index, follow, max-snippet:-1, max-image-preview:large, max-video-preview:-1\" \/>\n<link rel=\"canonical\" href=\"https:\/\/www.kompetensforetagen.se\/kompetensforetagens-styrelse\/\" \/>\n<meta property=\"og:locale\" content=\"sv_SE\" \/>\n<meta property=\"og:type\" content=\"article\" \/>\n<meta property=\"og:title\" content=\"Styrelse\" \/>\n<meta property=\"og:description\" content=\"H\u00e4r hittar du Kompetensf\u00f6retagens styrelse, tid f\u00f6r m\u00f6ten, \u00e5rsm\u00f6te och f\u00f6rbundets valberedning med dess riktlinjer. \u00c4ven stadgarna finns h\u00e4r.\" \/>\n<meta property=\"og:url\" content=\"https:\/\/www.kompetensforetagen.se\/kompetensforetagens-styrelse\/\" \/>\n<meta property=\"og:site_name\" content=\"Kompetensf\u00f6retagen\" \/>\n<meta property=\"article:modified_time\" content=\"2026-02-05T13:10:41+00:00\" \/>\n<meta property=\"og:image\" content=\"https:\/\/www.kompetensforetagen.se\/app\/uploads\/sites\/5\/2020\/11\/stamp-3406367_1920.jpg\" \/>\n\t<meta property=\"og:image:width\" content=\"1920\" \/>\n\t<meta property=\"og:image:height\" content=\"1280\" \/>\n\t<meta property=\"og:image:type\" content=\"image\/jpeg\" \/>\n<meta name=\"twitter:card\" content=\"summary_large_image\" \/>\n<meta name=\"twitter:label1\" content=\"Ber\u00e4knad l\u00e4stid\" \/>\n\t<meta name=\"twitter:data1\" content=\"10 minuter\" \/>\n<script type=\"application\/ld+json\" class=\"yoast-schema-graph\">{\"@context\":\"https:\/\/schema.org\",\"@graph\":[{\"@type\":\"WebPage\",\"@id\":\"https:\/\/www.kompetensforetagen.se\/kompetensforetagens-styrelse\/\",\"url\":\"https:\/\/www.kompetensforetagen.se\/kompetensforetagens-styrelse\/\",\"name\":\"Kompetensf\u00f6retagens styrelse\",\"isPartOf\":{\"@id\":\"https:\/\/www.kompetensforetagen.se\/#website\"},\"primaryImageOfPage\":{\"@id\":\"https:\/\/www.kompetensforetagen.se\/kompetensforetagens-styrelse\/#primaryimage\"},\"image\":{\"@id\":\"https:\/\/www.kompetensforetagen.se\/kompetensforetagens-styrelse\/#primaryimage\"},\"thumbnailUrl\":\"https:\/\/www.kompetensforetagen.se\/app\/uploads\/sites\/5\/2020\/11\/stamp-3406367_1920.jpg\",\"datePublished\":\"2018-04-13T12:51:26+00:00\",\"dateModified\":\"2026-02-05T13:10:41+00:00\",\"description\":\"H\u00e4r hittar du Kompetensf\u00f6retagens styrelse, tid f\u00f6r m\u00f6ten, \u00e5rsm\u00f6te och f\u00f6rbundets valberedning med dess riktlinjer. \u00c4ven stadgarna finns h\u00e4r.\",\"breadcrumb\":{\"@id\":\"https:\/\/www.kompetensforetagen.se\/kompetensforetagens-styrelse\/#breadcrumb\"},\"inLanguage\":\"sv-SE\",\"potentialAction\":[{\"@type\":\"ReadAction\",\"target\":[\"https:\/\/www.kompetensforetagen.se\/kompetensforetagens-styrelse\/\"]}]},{\"@type\":\"ImageObject\",\"inLanguage\":\"sv-SE\",\"@id\":\"https:\/\/www.kompetensforetagen.se\/kompetensforetagens-styrelse\/#primaryimage\",\"url\":\"https:\/\/www.kompetensforetagen.se\/app\/uploads\/sites\/5\/2020\/11\/stamp-3406367_1920.jpg\",\"contentUrl\":\"https:\/\/www.kompetensforetagen.se\/app\/uploads\/sites\/5\/2020\/11\/stamp-3406367_1920.jpg\",\"width\":1920,\"height\":1280,\"caption\":\"St\u00e4mplar som symboliserar trygga jobb, skatter och f\u00f6rs\u00e4kringar.\"},{\"@type\":\"BreadcrumbList\",\"@id\":\"https:\/\/www.kompetensforetagen.se\/kompetensforetagens-styrelse\/#breadcrumb\",\"itemListElement\":[{\"@type\":\"ListItem\",\"position\":1,\"name\":\"Home\",\"item\":\"https:\/\/www.kompetensforetagen.se\/\"},{\"@type\":\"ListItem\",\"position\":2,\"name\":\"Styrelse\"}]},{\"@type\":\"WebSite\",\"@id\":\"https:\/\/www.kompetensforetagen.se\/#website\",\"url\":\"https:\/\/www.kompetensforetagen.se\/\",\"name\":\"Kompetensf\u00f6retagen\",\"description\":\"R\u00e4tt person p\u00e5 r\u00e4tt plats kan f\u00f6r\u00e4ndra v\u00e4rlden\",\"publisher\":{\"@id\":\"https:\/\/www.kompetensforetagen.se\/#organization\"},\"potentialAction\":[{\"@type\":\"SearchAction\",\"target\":{\"@type\":\"EntryPoint\",\"urlTemplate\":\"https:\/\/www.kompetensforetagen.se\/?s={search_term_string}\"},\"query-input\":{\"@type\":\"PropertyValueSpecification\",\"valueRequired\":true,\"valueName\":\"search_term_string\"}}],\"inLanguage\":\"sv-SE\"},{\"@type\":\"Organization\",\"@id\":\"https:\/\/www.kompetensforetagen.se\/#organization\",\"name\":\"Kompetensf\u00f6retagen\",\"url\":\"https:\/\/www.kompetensforetagen.se\/\",\"logo\":{\"@type\":\"ImageObject\",\"inLanguage\":\"sv-SE\",\"@id\":\"https:\/\/www.kompetensforetagen.se\/#\/schema\/logo\/image\/\",\"url\":\"https:\/\/www.kompetensforetagen.se\/app\/uploads\/sites\/5\/2022\/10\/logga_svart.png\",\"contentUrl\":\"https:\/\/www.kompetensforetagen.se\/app\/uploads\/sites\/5\/2022\/10\/logga_svart.png\",\"width\":752,\"height\":64,\"caption\":\"Kompetensf\u00f6retagen\"},\"image\":{\"@id\":\"https:\/\/www.kompetensforetagen.se\/#\/schema\/logo\/image\/\"},\"sameAs\":[\"https:\/\/www.linkedin.com\/company\/10540032\/\"]}]}<\/script>\n<!-- \/ Yoast SEO Premium plugin. -->","yoast_head_json":{"title":"Kompetensf\u00f6retagens styrelse","description":"H\u00e4r hittar du Kompetensf\u00f6retagens styrelse, tid f\u00f6r m\u00f6ten, \u00e5rsm\u00f6te och f\u00f6rbundets valberedning med dess riktlinjer. \u00c4ven stadgarna finns h\u00e4r.","robots":{"index":"index","follow":"follow","max-snippet":"max-snippet:-1","max-image-preview":"max-image-preview:large","max-video-preview":"max-video-preview:-1"},"canonical":"https:\/\/www.kompetensforetagen.se\/kompetensforetagens-styrelse\/","og_locale":"sv_SE","og_type":"article","og_title":"Styrelse","og_description":"H\u00e4r hittar du Kompetensf\u00f6retagens styrelse, tid f\u00f6r m\u00f6ten, \u00e5rsm\u00f6te och f\u00f6rbundets valberedning med dess riktlinjer. \u00c4ven stadgarna finns h\u00e4r.","og_url":"https:\/\/www.kompetensforetagen.se\/kompetensforetagens-styrelse\/","og_site_name":"Kompetensf\u00f6retagen","article_modified_time":"2026-02-05T13:10:41+00:00","og_image":[{"width":1920,"height":1280,"url":"https:\/\/www.kompetensforetagen.se\/app\/uploads\/sites\/5\/2020\/11\/stamp-3406367_1920.jpg","type":"image\/jpeg"}],"twitter_card":"summary_large_image","twitter_misc":{"Ber\u00e4knad l\u00e4stid":"10 minuter"},"schema":{"@context":"https:\/\/schema.org","@graph":[{"@type":"WebPage","@id":"https:\/\/www.kompetensforetagen.se\/kompetensforetagens-styrelse\/","url":"https:\/\/www.kompetensforetagen.se\/kompetensforetagens-styrelse\/","name":"Kompetensf\u00f6retagens styrelse","isPartOf":{"@id":"https:\/\/www.kompetensforetagen.se\/#website"},"primaryImageOfPage":{"@id":"https:\/\/www.kompetensforetagen.se\/kompetensforetagens-styrelse\/#primaryimage"},"image":{"@id":"https:\/\/www.kompetensforetagen.se\/kompetensforetagens-styrelse\/#primaryimage"},"thumbnailUrl":"https:\/\/www.kompetensforetagen.se\/app\/uploads\/sites\/5\/2020\/11\/stamp-3406367_1920.jpg","datePublished":"2018-04-13T12:51:26+00:00","dateModified":"2026-02-05T13:10:41+00:00","description":"H\u00e4r hittar du Kompetensf\u00f6retagens styrelse, tid f\u00f6r m\u00f6ten, \u00e5rsm\u00f6te och f\u00f6rbundets valberedning med dess riktlinjer. \u00c4ven stadgarna finns h\u00e4r.","breadcrumb":{"@id":"https:\/\/www.kompetensforetagen.se\/kompetensforetagens-styrelse\/#breadcrumb"},"inLanguage":"sv-SE","potentialAction":[{"@type":"ReadAction","target":["https:\/\/www.kompetensforetagen.se\/kompetensforetagens-styrelse\/"]}]},{"@type":"ImageObject","inLanguage":"sv-SE","@id":"https:\/\/www.kompetensforetagen.se\/kompetensforetagens-styrelse\/#primaryimage","url":"https:\/\/www.kompetensforetagen.se\/app\/uploads\/sites\/5\/2020\/11\/stamp-3406367_1920.jpg","contentUrl":"https:\/\/www.kompetensforetagen.se\/app\/uploads\/sites\/5\/2020\/11\/stamp-3406367_1920.jpg","width":1920,"height":1280,"caption":"St\u00e4mplar som symboliserar trygga jobb, skatter och f\u00f6rs\u00e4kringar."},{"@type":"BreadcrumbList","@id":"https:\/\/www.kompetensforetagen.se\/kompetensforetagens-styrelse\/#breadcrumb","itemListElement":[{"@type":"ListItem","position":1,"name":"Home","item":"https:\/\/www.kompetensforetagen.se\/"},{"@type":"ListItem","position":2,"name":"Styrelse"}]},{"@type":"WebSite","@id":"https:\/\/www.kompetensforetagen.se\/#website","url":"https:\/\/www.kompetensforetagen.se\/","name":"Kompetensf\u00f6retagen","description":"R\u00e4tt person p\u00e5 r\u00e4tt plats kan f\u00f6r\u00e4ndra v\u00e4rlden","publisher":{"@id":"https:\/\/www.kompetensforetagen.se\/#organization"},"potentialAction":[{"@type":"SearchAction","target":{"@type":"EntryPoint","urlTemplate":"https:\/\/www.kompetensforetagen.se\/?s={search_term_string}"},"query-input":{"@type":"PropertyValueSpecification","valueRequired":true,"valueName":"search_term_string"}}],"inLanguage":"sv-SE"},{"@type":"Organization","@id":"https:\/\/www.kompetensforetagen.se\/#organization","name":"Kompetensf\u00f6retagen","url":"https:\/\/www.kompetensforetagen.se\/","logo":{"@type":"ImageObject","inLanguage":"sv-SE","@id":"https:\/\/www.kompetensforetagen.se\/#\/schema\/logo\/image\/","url":"https:\/\/www.kompetensforetagen.se\/app\/uploads\/sites\/5\/2022\/10\/logga_svart.png","contentUrl":"https:\/\/www.kompetensforetagen.se\/app\/uploads\/sites\/5\/2022\/10\/logga_svart.png","width":752,"height":64,"caption":"Kompetensf\u00f6retagen"},"image":{"@id":"https:\/\/www.kompetensforetagen.se\/#\/schema\/logo\/image\/"},"sameAs":["https:\/\/www.linkedin.com\/company\/10540032\/"]}]}},"_links":{"self":[{"href":"https:\/\/www.kompetensforetagen.se\/api\/wp\/v2\/pages\/923","targetHints":{"allow":["GET"]}}],"collection":[{"href":"https:\/\/www.kompetensforetagen.se\/api\/wp\/v2\/pages"}],"about":[{"href":"https:\/\/www.kompetensforetagen.se\/api\/wp\/v2\/types\/page"}],"author":[{"embeddable":true,"href":"https:\/\/www.kompetensforetagen.se\/api\/wp\/v2\/users\/216"}],"replies":[{"embeddable":true,"href":"https:\/\/www.kompetensforetagen.se\/api\/wp\/v2\/comments?post=923"}],"version-history":[{"count":73,"href":"https:\/\/www.kompetensforetagen.se\/api\/wp\/v2\/pages\/923\/revisions"}],"predecessor-version":[{"id":21326,"href":"https:\/\/www.kompetensforetagen.se\/api\/wp\/v2\/pages\/923\/revisions\/21326"}],"wp:featuredmedia":[{"embeddable":true,"href":"https:\/\/www.kompetensforetagen.se\/api\/wp\/v2\/media\/5425"}],"wp:attachment":[{"href":"https:\/\/www.kompetensforetagen.se\/api\/wp\/v2\/media?parent=923"}],"wp:term":[{"taxonomy":"type","embeddable":true,"href":"https:\/\/www.kompetensforetagen.se\/api\/wp\/v2\/article_type?post=923"},{"taxonomy":"agreement","embeddable":true,"href":"https:\/\/www.kompetensforetagen.se\/api\/wp\/v2\/agreement?post=923"},{"taxonomy":"for-members","embeddable":true,"href":"https:\/\/www.kompetensforetagen.se\/api\/wp\/v2\/for-members?post=923"}],"curies":[{"name":"wp","href":"https:\/\/api.w.org\/{rel}","templated":true}]}}