{"id":92,"date":"2013-04-11T10:00:00","date_gmt":"2013-04-11T08:00:00","guid":{"rendered":"http:\/\/staging.bemanningsforetagen.se\/medlemskapets-omfattning\/"},"modified":"2023-11-16T09:51:16","modified_gmt":"2023-11-16T08:51:16","slug":"medlemskapets-omfattning","status":"publish","type":"page","link":"https:\/\/www.kompetensforetagen.se\/auktorisation\/medlemskapets-omfattning\/","title":{"rendered":"\u00a73 Medlemskapets omfattning"},"content":{"rendered":"<div id=\"block-hero-block_e9671dd7c9a82f1c5078094b5340601d\" class=\"Hero has-lightgray-background-color\">\n\n    \n  <div class=\"Hero__inner container has-lightgray-background-color has-arrow\">\n              <div class=\"Hero__title\">\n          <h1>\u00a73 Medlemskapets omfattning<\/h1>\n        <\/div>\n                                <div class=\"Hero__arrow\">\n          <svg class='icon icon--squiggly-arrow'  width=\"282\" height=\"302\" viewBox=\"0 0 282 302\" fill=\"none\" xmlns=\"http:\/\/www.w3.org\/2000\/svg\">\n<path d=\"M108.429 281.19L129.837 295.44L143.97 274.186\" stroke=\"black\" stroke-width=\"4\" stroke-miterlimit=\"10\"\/>\n<path d=\"M43.8871 68.0497C53.3269 84.3998 70.0075 95.6755 88.6244 97.6784C107.24 99.6801 125.826 95.0068 144.209 91.4645C162.592 87.9216 182.067 85.5682 199.674 91.9481C220.515 99.5002 236.316 120.278 236.492 142.446C236.669 164.616 220.178 186.234 198.428 190.49C188.558 192.423 177.815 190.842 169.542 185.112C161.271 179.382 155.88 169.284 156.859 159.269C158.292 144.577 173.761 133.512 188.444 135C203.126 136.491 215.468 148.757 219.176 163.047C222.881 177.337 218.804 192.932 210.416 205.072C202.027 217.212 189.703 226.187 176.514 232.804C167.472 237.341 157.931 240.877 149.144 245.889C140.356 250.899 132.161 257.651 127.746 266.755C123.333 275.858 126.637 283.983 129.929 295.386\" stroke=\"black\" stroke-width=\"4\" stroke-miterlimit=\"10\"\/>\n<\/svg>\n\n          <\/div>\n        <\/div>\n<\/div>\n\n\n<div class=\"wp-block wp-block-core-paragraph\">\n<p>Enligt \u00a73 medlemskapets omfattning i Kompetensf\u00f6retagens <a href=\"https:\/\/www.kompetensforetagen.se\/kompetensforetagens-stadgar-2\/\">stadgar <\/a>ska samtliga bolag i en koncern eller f\u00f6retagsgrupp anslutas om de bedriver verksamhet inom omst\u00e4llning, personaluthyrning och\/eller rekrytering. Ut\u00f6ver koncernbolag kan \u00e4ven bolag inom samma f\u00f6retagsgrupp beh\u00f6va anslutas. Vad som klassificeras som en f\u00f6retagsgrupp kan styras av&nbsp; likheter i &nbsp;styrelsesammans\u00e4ttningar, gemensamma lokaler, marknadsf\u00f6ring eller bruk av andra gemensamma resurser.<\/p>\n<\/div>\n\n<div class=\"wp-block wp-block-core-paragraph\">\n<p>Kravet p\u00e5 medlemskapets omfattning p\u00e5verkas inte av eventuella medlemskap i andra bransch- och\/eller arbetsgivarf\u00f6rbund.<\/p>\n<\/div>\n\n<div class=\"wp-block wp-block-core-paragraph\">\n<p>Styrelsen kan medge undantag, f\u00f6rutsatt godk\u00e4nnande av Svenskt N\u00e4ringsliv.<\/p>\n<\/div>\n\n<div class=\"wp-block wp-block-core-heading heading-in-sidebar\" id=\"undantag-fran-\u00a73-medlemskapets-omfattning\"><a class='Share__link Share__link--url copy-text' href='#' rel='nofollow' data-text='undantag-fran-\u00a73-medlemskapets-omfattning' title='Dela url' data-confirmation='L\u00e4nken kopierades till urklipp'><svg class='icon icon--link'  width='18' height='18' viewBox='0 0 18 18' fill='none' xmlns='http:\/\/www.w3.org\/2000\/svg'>\n            <path d='M10.4142 0.514721L6.87868 4.05025L8.29289 5.46447L11.1213 2.63604L15.364 6.87868L12.5355 9.70711L13.9497 11.1213L17.4853 7.58579C17.8763 7.19476 17.8763 6.5626 17.4853 6.17158L11.8284 0.514721C11.4374 0.123691 10.8052 0.123691 10.4142 0.514721Z' fill='black'\/>\n            <path d='M9.7071 12.5355L6.87868 15.364L2.63604 11.1213L5.46446 8.2929L4.05025 6.87868L0.514716 10.4142C0.123686 10.8052 0.123686 11.4374 0.514716 11.8284L6.17157 17.4853C6.5626 17.8763 7.19475 17.8763 7.58578 17.4853L11.1213 13.9497L9.7071 12.5355Z' fill='black'\/>\n            <path d='M6.17157 11.8284C6.5626 12.2195 7.19475 12.2195 7.58578 11.8284L11.8284 7.58579C12.2195 7.19476 12.2195 6.56261 11.8284 6.17158C11.4374 5.78055 10.8052 5.78055 10.4142 6.17158L6.17157 10.4142C5.78054 10.8052 5.78054 11.4374 6.17157 11.8284Z' fill='black'\/>\n            <\/svg> <\/a>\n<h2 class=\"wp-block-heading\">Undantag fr\u00e5n \u00a73 medlemskapets omfattning <\/h2>\n<\/div>\n\n<div class=\"wp-block wp-block-core-paragraph\">\n<p>Exempelvis kan undantag g\u00f6ras n\u00e4r:<\/p>\n<\/div>\n\n<div class=\"wp-block wp-block-core-list\">\n<ul class=\"wp-block-list\">\n<li>verksamheten inte bedrivs i svensk <a href=\"https:\/\/sv.wikipedia.org\/wiki\/Juridisk_person\" target=\"_blank\" rel=\"noreferrer noopener\">juridisk person <\/a>eller i Sverige, eller<\/li>\n\n\n\n<li>verksamheten inom omst\u00e4llnings, rekryterings- och\/eller personaluthyrning&nbsp; \u00e4r mycket begr\u00e4nsad med h\u00e4nsyn till f\u00f6retagets \u00f6vriga verksamhet<\/li>\n<\/ul>\n<\/div>\n\n<div class=\"wp-block wp-block-core-heading\" id=\"bakgrund\">\n<h3 class=\"wp-block-heading\">Bakgrund<\/h3>\n<\/div>\n\n<div class=\"wp-block wp-block-core-paragraph\">\n<p>Bakgrunden till stadgarnas \u00a73 \u00e4r behovet av att<\/p>\n<\/div>\n\n<div class=\"wp-block wp-block-core-list\">\n<ul class=\"wp-block-list\">\n<li>kunna g\u00f6ra en fullv\u00e4rdig granskning av hela verksamheten i koncernen avseende omst\u00e4llning, personaluthyrning och rekrytering<\/li>\n\n\n\n<li>kunna skydda Kompetensf\u00f6retagens auktorisationens v\u00e4rde mot urholkning<\/li>\n\n\n\n<li>undvika free-rider fenomen<\/li>\n\n\n\n<li>kunna inh\u00e4mta\/anv\u00e4nda tillf\u00f6rlitliga statistikuppgifter s\u00e5 representationen f\u00f6rblir korrekt<\/li>\n<\/ul>\n<\/div>","protected":false},"excerpt":{"rendered":"<p>Enligt \u00a73 medlemskapets omfattning i Kompetensf\u00f6retagens stadgar ska samtliga bolag i en koncern eller f\u00f6retagsgrupp anslutas om de bedriver verksamhet inom omst\u00e4llning, personaluthyrning och\/eller rekrytering. Ut\u00f6ver koncernbolag kan \u00e4ven bolag inom samma f\u00f6retagsgrupp beh\u00f6va anslutas. &hellip;<\/p>\n","protected":false},"author":1,"featured_media":0,"parent":104,"menu_order":1,"comment_status":"closed","ping_status":"closed","template":"","meta":{"_acf_changed":false,"footnotes":""},"article_type":[],"agreement":[],"for-members":[],"class_list":["post-92","page","type-page","status-publish","hentry"],"acf":[],"yoast_head":"<!-- This site is optimized with the Yoast SEO Premium plugin v26.8 (Yoast SEO v26.8) - https:\/\/yoast.com\/product\/yoast-seo-premium-wordpress\/ -->\n<title>\u00a73 Medlemskapets omfattning<\/title>\n<meta name=\"description\" content=\"Det finns ett antal regler inom \u00a73 medlemskapets omfattning som r\u00f6r koncern eller f\u00f6retagsgrupp. L\u00e4s mer h\u00e4r!\" \/>\n<meta name=\"robots\" content=\"index, follow, max-snippet:-1, max-image-preview:large, max-video-preview:-1\" \/>\n<link rel=\"canonical\" href=\"https:\/\/www.kompetensforetagen.se\/auktorisation\/medlemskapets-omfattning\/\" \/>\n<meta property=\"og:locale\" content=\"sv_SE\" \/>\n<meta property=\"og:type\" content=\"article\" \/>\n<meta property=\"og:title\" content=\"\u00a73 Medlemskapets omfattning\" \/>\n<meta property=\"og:description\" content=\"Det finns ett antal regler inom \u00a73 medlemskapets omfattning som r\u00f6r koncern eller f\u00f6retagsgrupp. L\u00e4s mer h\u00e4r!\" \/>\n<meta property=\"og:url\" content=\"https:\/\/www.kompetensforetagen.se\/auktorisation\/medlemskapets-omfattning\/\" \/>\n<meta property=\"og:site_name\" content=\"Kompetensf\u00f6retagen\" \/>\n<meta property=\"article:modified_time\" content=\"2023-11-16T08:51:16+00:00\" \/>\n<meta name=\"twitter:card\" content=\"summary_large_image\" \/>\n<meta name=\"twitter:label1\" content=\"Ber\u00e4knad l\u00e4stid\" \/>\n\t<meta name=\"twitter:data1\" content=\"1 minut\" \/>\n<script type=\"application\/ld+json\" class=\"yoast-schema-graph\">{\"@context\":\"https:\/\/schema.org\",\"@graph\":[{\"@type\":\"WebPage\",\"@id\":\"https:\/\/www.kompetensforetagen.se\/auktorisation\/medlemskapets-omfattning\/\",\"url\":\"https:\/\/www.kompetensforetagen.se\/auktorisation\/medlemskapets-omfattning\/\",\"name\":\"\u00a73 Medlemskapets omfattning\",\"isPartOf\":{\"@id\":\"https:\/\/www.kompetensforetagen.se\/#website\"},\"datePublished\":\"2013-04-11T08:00:00+00:00\",\"dateModified\":\"2023-11-16T08:51:16+00:00\",\"description\":\"Det finns ett antal regler inom \u00a73 medlemskapets omfattning som r\u00f6r koncern eller f\u00f6retagsgrupp. L\u00e4s mer h\u00e4r!\",\"breadcrumb\":{\"@id\":\"https:\/\/www.kompetensforetagen.se\/auktorisation\/medlemskapets-omfattning\/#breadcrumb\"},\"inLanguage\":\"sv-SE\",\"potentialAction\":[{\"@type\":\"ReadAction\",\"target\":[\"https:\/\/www.kompetensforetagen.se\/auktorisation\/medlemskapets-omfattning\/\"]}]},{\"@type\":\"BreadcrumbList\",\"@id\":\"https:\/\/www.kompetensforetagen.se\/auktorisation\/medlemskapets-omfattning\/#breadcrumb\",\"itemListElement\":[{\"@type\":\"ListItem\",\"position\":1,\"name\":\"Home\",\"item\":\"https:\/\/www.kompetensforetagen.se\/\"},{\"@type\":\"ListItem\",\"position\":2,\"name\":\"Om auktorisation\",\"item\":\"https:\/\/www.kompetensforetagen.se\/auktorisation\/\"},{\"@type\":\"ListItem\",\"position\":3,\"name\":\"\u00a73 Medlemskapets omfattning\"}]},{\"@type\":\"WebSite\",\"@id\":\"https:\/\/www.kompetensforetagen.se\/#website\",\"url\":\"https:\/\/www.kompetensforetagen.se\/\",\"name\":\"Kompetensf\u00f6retagen\",\"description\":\"R\u00e4tt person p\u00e5 r\u00e4tt plats kan f\u00f6r\u00e4ndra v\u00e4rlden\",\"publisher\":{\"@id\":\"https:\/\/www.kompetensforetagen.se\/#organization\"},\"potentialAction\":[{\"@type\":\"SearchAction\",\"target\":{\"@type\":\"EntryPoint\",\"urlTemplate\":\"https:\/\/www.kompetensforetagen.se\/?s={search_term_string}\"},\"query-input\":{\"@type\":\"PropertyValueSpecification\",\"valueRequired\":true,\"valueName\":\"search_term_string\"}}],\"inLanguage\":\"sv-SE\"},{\"@type\":\"Organization\",\"@id\":\"https:\/\/www.kompetensforetagen.se\/#organization\",\"name\":\"Kompetensf\u00f6retagen\",\"url\":\"https:\/\/www.kompetensforetagen.se\/\",\"logo\":{\"@type\":\"ImageObject\",\"inLanguage\":\"sv-SE\",\"@id\":\"https:\/\/www.kompetensforetagen.se\/#\/schema\/logo\/image\/\",\"url\":\"https:\/\/www.kompetensforetagen.se\/app\/uploads\/sites\/5\/2022\/10\/logga_svart.png\",\"contentUrl\":\"https:\/\/www.kompetensforetagen.se\/app\/uploads\/sites\/5\/2022\/10\/logga_svart.png\",\"width\":752,\"height\":64,\"caption\":\"Kompetensf\u00f6retagen\"},\"image\":{\"@id\":\"https:\/\/www.kompetensforetagen.se\/#\/schema\/logo\/image\/\"},\"sameAs\":[\"https:\/\/www.linkedin.com\/company\/10540032\/\"]}]}<\/script>\n<!-- \/ Yoast SEO Premium plugin. -->","yoast_head_json":{"title":"\u00a73 Medlemskapets omfattning","description":"Det finns ett antal regler inom \u00a73 medlemskapets omfattning som r\u00f6r koncern eller f\u00f6retagsgrupp. L\u00e4s mer h\u00e4r!","robots":{"index":"index","follow":"follow","max-snippet":"max-snippet:-1","max-image-preview":"max-image-preview:large","max-video-preview":"max-video-preview:-1"},"canonical":"https:\/\/www.kompetensforetagen.se\/auktorisation\/medlemskapets-omfattning\/","og_locale":"sv_SE","og_type":"article","og_title":"\u00a73 Medlemskapets omfattning","og_description":"Det finns ett antal regler inom \u00a73 medlemskapets omfattning som r\u00f6r koncern eller f\u00f6retagsgrupp. L\u00e4s mer h\u00e4r!","og_url":"https:\/\/www.kompetensforetagen.se\/auktorisation\/medlemskapets-omfattning\/","og_site_name":"Kompetensf\u00f6retagen","article_modified_time":"2023-11-16T08:51:16+00:00","twitter_card":"summary_large_image","twitter_misc":{"Ber\u00e4knad l\u00e4stid":"1 minut"},"schema":{"@context":"https:\/\/schema.org","@graph":[{"@type":"WebPage","@id":"https:\/\/www.kompetensforetagen.se\/auktorisation\/medlemskapets-omfattning\/","url":"https:\/\/www.kompetensforetagen.se\/auktorisation\/medlemskapets-omfattning\/","name":"\u00a73 Medlemskapets omfattning","isPartOf":{"@id":"https:\/\/www.kompetensforetagen.se\/#website"},"datePublished":"2013-04-11T08:00:00+00:00","dateModified":"2023-11-16T08:51:16+00:00","description":"Det finns ett antal regler inom \u00a73 medlemskapets omfattning som r\u00f6r koncern eller f\u00f6retagsgrupp. L\u00e4s mer h\u00e4r!","breadcrumb":{"@id":"https:\/\/www.kompetensforetagen.se\/auktorisation\/medlemskapets-omfattning\/#breadcrumb"},"inLanguage":"sv-SE","potentialAction":[{"@type":"ReadAction","target":["https:\/\/www.kompetensforetagen.se\/auktorisation\/medlemskapets-omfattning\/"]}]},{"@type":"BreadcrumbList","@id":"https:\/\/www.kompetensforetagen.se\/auktorisation\/medlemskapets-omfattning\/#breadcrumb","itemListElement":[{"@type":"ListItem","position":1,"name":"Home","item":"https:\/\/www.kompetensforetagen.se\/"},{"@type":"ListItem","position":2,"name":"Om auktorisation","item":"https:\/\/www.kompetensforetagen.se\/auktorisation\/"},{"@type":"ListItem","position":3,"name":"\u00a73 Medlemskapets omfattning"}]},{"@type":"WebSite","@id":"https:\/\/www.kompetensforetagen.se\/#website","url":"https:\/\/www.kompetensforetagen.se\/","name":"Kompetensf\u00f6retagen","description":"R\u00e4tt person p\u00e5 r\u00e4tt plats kan f\u00f6r\u00e4ndra v\u00e4rlden","publisher":{"@id":"https:\/\/www.kompetensforetagen.se\/#organization"},"potentialAction":[{"@type":"SearchAction","target":{"@type":"EntryPoint","urlTemplate":"https:\/\/www.kompetensforetagen.se\/?s={search_term_string}"},"query-input":{"@type":"PropertyValueSpecification","valueRequired":true,"valueName":"search_term_string"}}],"inLanguage":"sv-SE"},{"@type":"Organization","@id":"https:\/\/www.kompetensforetagen.se\/#organization","name":"Kompetensf\u00f6retagen","url":"https:\/\/www.kompetensforetagen.se\/","logo":{"@type":"ImageObject","inLanguage":"sv-SE","@id":"https:\/\/www.kompetensforetagen.se\/#\/schema\/logo\/image\/","url":"https:\/\/www.kompetensforetagen.se\/app\/uploads\/sites\/5\/2022\/10\/logga_svart.png","contentUrl":"https:\/\/www.kompetensforetagen.se\/app\/uploads\/sites\/5\/2022\/10\/logga_svart.png","width":752,"height":64,"caption":"Kompetensf\u00f6retagen"},"image":{"@id":"https:\/\/www.kompetensforetagen.se\/#\/schema\/logo\/image\/"},"sameAs":["https:\/\/www.linkedin.com\/company\/10540032\/"]}]}},"_links":{"self":[{"href":"https:\/\/www.kompetensforetagen.se\/api\/wp\/v2\/pages\/92","targetHints":{"allow":["GET"]}}],"collection":[{"href":"https:\/\/www.kompetensforetagen.se\/api\/wp\/v2\/pages"}],"about":[{"href":"https:\/\/www.kompetensforetagen.se\/api\/wp\/v2\/types\/page"}],"author":[{"embeddable":true,"href":"https:\/\/www.kompetensforetagen.se\/api\/wp\/v2\/users\/1"}],"replies":[{"embeddable":true,"href":"https:\/\/www.kompetensforetagen.se\/api\/wp\/v2\/comments?post=92"}],"version-history":[{"count":5,"href":"https:\/\/www.kompetensforetagen.se\/api\/wp\/v2\/pages\/92\/revisions"}],"predecessor-version":[{"id":15761,"href":"https:\/\/www.kompetensforetagen.se\/api\/wp\/v2\/pages\/92\/revisions\/15761"}],"up":[{"embeddable":true,"href":"https:\/\/www.kompetensforetagen.se\/api\/wp\/v2\/pages\/104"}],"wp:attachment":[{"href":"https:\/\/www.kompetensforetagen.se\/api\/wp\/v2\/media?parent=92"}],"wp:term":[{"taxonomy":"type","embeddable":true,"href":"https:\/\/www.kompetensforetagen.se\/api\/wp\/v2\/article_type?post=92"},{"taxonomy":"agreement","embeddable":true,"href":"https:\/\/www.kompetensforetagen.se\/api\/wp\/v2\/agreement?post=92"},{"taxonomy":"for-members","embeddable":true,"href":"https:\/\/www.kompetensforetagen.se\/api\/wp\/v2\/for-members?post=92"}],"curies":[{"name":"wp","href":"https:\/\/api.w.org\/{rel}","templated":true}]}}