{"id":9114,"date":"2022-03-15T08:29:46","date_gmt":"2022-03-15T07:29:46","guid":{"rendered":"https:\/\/www.kompetensforetagen.se\/?page_id=9114"},"modified":"2023-07-06T13:22:37","modified_gmt":"2023-07-06T11:22:37","slug":"fragor-och-svar-om-auktorisation","status":"publish","type":"page","link":"https:\/\/www.kompetensforetagen.se\/auktorisation\/fragor-och-svar-om-auktorisation\/","title":{"rendered":"Fr\u00e5gor och svar om auktorisation"},"content":{"rendered":"<div id=\"block-hero-block_7d678c149d0b844450f58f56b9a1851c\" class=\"Hero --has-media has-lightgray-background-color has-paragraph-text\">\n\n      <img loading=\"lazy\" decoding=\"async\" width=\"1180\" height=\"788\" src=\"https:\/\/www.kompetensforetagen.se\/app\/uploads\/sites\/5\/2023\/03\/pexels-leeloo-thefirst-5428829-1180x788.jpg\" class=\"Hero__image\" alt=\"Pappfigurer fr\u00e5getecken\" srcset=\"https:\/\/www.kompetensforetagen.se\/app\/uploads\/sites\/5\/2023\/03\/pexels-leeloo-thefirst-5428829-1180x788.jpg 1180w, https:\/\/www.kompetensforetagen.se\/app\/uploads\/sites\/5\/2023\/03\/pexels-leeloo-thefirst-5428829-580x387.jpg 580w, https:\/\/www.kompetensforetagen.se\/app\/uploads\/sites\/5\/2023\/03\/pexels-leeloo-thefirst-5428829-380x254.jpg 380w, https:\/\/www.kompetensforetagen.se\/app\/uploads\/sites\/5\/2023\/03\/pexels-leeloo-thefirst-5428829-768x513.jpg 768w, https:\/\/www.kompetensforetagen.se\/app\/uploads\/sites\/5\/2023\/03\/pexels-leeloo-thefirst-5428829-1536x1025.jpg 1536w, https:\/\/www.kompetensforetagen.se\/app\/uploads\/sites\/5\/2023\/03\/pexels-leeloo-thefirst-5428829-2048x1367.jpg 2048w\" sizes=\"auto, (max-width: 1180px) 100vw, 1180px\" \/>\n    \n  <div class=\"Hero__inner container has-lightgray-background-color has-background-image\">\n              <div class=\"Hero__title\">\n          <h1>Fr\u00e5gor <i> &amp; svar<\/i><\/h1>\n        <\/div>\n                    <div class=\"Hero__text\">\n          <p>H\u00e4r hittar du de vanligaste fr\u00e5gorna vi f\u00e5r om auktorisation<\/p>\n\n        <\/div>\n                    <\/div>\n<\/div>\n\n\n\n<div class=\"wp-block-group has-green-background-color has-background is-layout-constrained wp-block-group-is-layout-constrained\">\n<div class=\"wp-block-columns is-layout-flex wp-container-core-columns-is-layout-9d6595d7 wp-block-columns-is-layout-flex\">\n<div class=\"wp-block-column is-layout-flow wp-block-column-is-layout-flow\" style=\"flex-basis:66.66%\"><div id=\"block-accordion-block_026b2e08cc2f20007a09679bc0fedeef\" class=\"block-accordion is-faq container\" itemscope itemtype=\"https:\/\/schema.org\/FAQPage\">\n      <div class=\"Accordion\">\n      <div class=\"Accordion__rows\">\n                            <div class=\"Accordion__row\" itemscope itemprop=\"mainEntity\" itemtype=\"https:\/\/schema.org\/Question\">\n            <h3 class=\"Accordion__title\">\n              <button class=\"Button--unstyled togglehandle\" itemprop=\"name\" data-toggle=\"collapse\" data-target=\"vilka-handlingar-kravs-nar-jag-ansoker-om-auktorisation\" aria-expanded=\"false\">\n                Vilka handlingar kr\u00e4vs n\u00e4r jag ans\u00f6ker om auktorisation?\n              <\/button>\n            <\/h3>\n            <div class=\"Accordion__text collapse\" id=\"vilka-handlingar-kravs-nar-jag-ansoker-om-auktorisation\" itemscope itemprop=\"acceptedAnswer\" itemtype=\"https:\/\/schema.org\/Answer\">\n              <div itemprop=\"text\">\n                <p>Du ska bifoga undertecknad \u00e5rsredovisning, revisionsber\u00e4ttelse och g\u00e4llande ansvarsf\u00f6rs\u00e4kring till din ans\u00f6kan. Beroende p\u00e5 vilken auktorisation du ans\u00f6ker om, finns ytterligare handlingar som du kan beh\u00f6va fylla i. Det kan h\u00e4nda att du m\u00e5ste komplettera ditt underlag vid f\u00f6rfr\u00e5gan.<\/p>\n\n              <\/div>\n            <\/div>\n          <\/div>\n                            <div class=\"Accordion__row\" itemscope itemprop=\"mainEntity\" itemtype=\"https:\/\/schema.org\/Question\">\n            <h3 class=\"Accordion__title\">\n              <button class=\"Button--unstyled togglehandle\" itemprop=\"name\" data-toggle=\"collapse\" data-target=\"hur-vet-jag-att-mitt-foretag-beviljats-auktorisation\" aria-expanded=\"false\">\n                Hur vet jag att mitt f\u00f6retag beviljats auktorisation?\n              <\/button>\n            <\/h3>\n            <div class=\"Accordion__text collapse\" id=\"hur-vet-jag-att-mitt-foretag-beviljats-auktorisation\" itemscope itemprop=\"acceptedAnswer\" itemtype=\"https:\/\/schema.org\/Answer\">\n              <div itemprop=\"text\">\n                <p>Under sj\u00e4lva granskningsprocessen h\u00e5lls du informerad via mejl, och efter beviljad auktorisation f\u00e5r du ett informationsmejl. Via det kan du h\u00e4mta s\u00e5v\u00e4l certifikat som intygar auktorisationen, som logotyp att anv\u00e4nda i din marknadsf\u00f6ring.<\/p>\n\n              <\/div>\n            <\/div>\n          <\/div>\n                            <div class=\"Accordion__row\" itemscope itemprop=\"mainEntity\" itemtype=\"https:\/\/schema.org\/Question\">\n            <h3 class=\"Accordion__title\">\n              <button class=\"Button--unstyled togglehandle\" itemprop=\"name\" data-toggle=\"collapse\" data-target=\"vad-hander-om-jag-far-avslag\" aria-expanded=\"false\">\n                Vad h\u00e4nder om jag f\u00e5r avslag?\n              <\/button>\n            <\/h3>\n            <div class=\"Accordion__text collapse\" id=\"vad-hander-om-jag-far-avslag\" itemscope itemprop=\"acceptedAnswer\" itemtype=\"https:\/\/schema.org\/Answer\">\n              <div itemprop=\"text\">\n                <p>Om du f\u00e5r avslag, det vill s\u00e4ga inte uppfyller villkoren f\u00f6r auktorisation, informeras du \u00e4ven om detta. D\u00e5 har du sex m\u00e5naders karens, och efter det \u00e4r du v\u00e4lkommen att s\u00f6ka p\u00e5 nytt.<\/p>\n\n              <\/div>\n            <\/div>\n          <\/div>\n                            <div class=\"Accordion__row\" itemscope itemprop=\"mainEntity\" itemtype=\"https:\/\/schema.org\/Question\">\n            <h3 class=\"Accordion__title\">\n              <button class=\"Button--unstyled togglehandle\" itemprop=\"name\" data-toggle=\"collapse\" data-target=\"hur-lange-galler-min-auktorisation\" aria-expanded=\"false\">\n                Hur l\u00e4nge g\u00e4ller min auktorisation?\n              <\/button>\n            <\/h3>\n            <div class=\"Accordion__text collapse\" id=\"hur-lange-galler-min-auktorisation\" itemscope itemprop=\"acceptedAnswer\" itemtype=\"https:\/\/schema.org\/Answer\">\n              <div itemprop=\"text\">\n                <p>Auktorisationen g\u00e4ller ett \u00e5r, f\u00f6r att fortsatt vara auktoriserad m\u00e5ste ans\u00f6kan g\u00f6ras \u00e5rligen. Du kommer att f\u00e5 en p\u00e5minnelse via mejl om att det \u00e4r dags att ans\u00f6ka, cirka en m\u00e5nad innan din auktorisationstid g\u00e5r ut. Vid den nya ans\u00f6kan g\u00f6rs en likadan granskning som vid intr\u00e4det, och kr\u00e4ver samma typ av underlag.<\/p>\n\n              <\/div>\n            <\/div>\n          <\/div>\n                            <div class=\"Accordion__row\" itemscope itemprop=\"mainEntity\" itemtype=\"https:\/\/schema.org\/Question\">\n            <h3 class=\"Accordion__title\">\n              <button class=\"Button--unstyled togglehandle\" itemprop=\"name\" data-toggle=\"collapse\" data-target=\"vad-innehaller-auktorisationsutbildningen\" aria-expanded=\"false\">\n                Vad inneh\u00e5ller auktorisations\u00adutbildningen?\n              <\/button>\n            <\/h3>\n            <div class=\"Accordion__text collapse\" id=\"vad-innehaller-auktorisationsutbildningen\" itemscope itemprop=\"acceptedAnswer\" itemtype=\"https:\/\/schema.org\/Answer\">\n              <div itemprop=\"text\">\n                <p>Den inneh\u00e5ller en \u00f6versiktlig genomg\u00e5ng av de olika delar som ett auktoriserat f\u00f6retag beh\u00f6ver k\u00e4nna till, som till exempel auktorisationsvillkoren, f\u00f6rs\u00e4kringsfr\u00e5gor, arbetsmilj\u00f6fr\u00e5gor samt v\u00e5ra olika kollektivavtal.\u00a0<a href=\"https:\/\/www.kompetensforetagen.se\/aktiviteter\/auktorisationsutbildning\/\" target=\"_blank\" rel=\"noopener\">L\u00e4s mer om kursen<\/a>.<\/p>\n\n              <\/div>\n            <\/div>\n          <\/div>\n                            <div class=\"Accordion__row\" itemscope itemprop=\"mainEntity\" itemtype=\"https:\/\/schema.org\/Question\">\n            <h3 class=\"Accordion__title\">\n              <button class=\"Button--unstyled togglehandle\" itemprop=\"name\" data-toggle=\"collapse\" data-target=\"vad-kostar-auktorisationsutbildningen\" aria-expanded=\"false\">\n                Vad kostar auktorisations\u00adutbildningen?\n              <\/button>\n            <\/h3>\n            <div class=\"Accordion__text collapse\" id=\"vad-kostar-auktorisationsutbildningen\" itemscope itemprop=\"acceptedAnswer\" itemtype=\"https:\/\/schema.org\/Answer\">\n              <div itemprop=\"text\">\n                <p><a href=\"https:\/\/www.kompetensforetagen.se\/aktiviteter\/auktorisationsutbildning\/\" target=\"_blank\" rel=\"noopener\">Auktorisations\u00adutbildningen<\/a> kostar 1 500 kronor f\u00f6r person ett, d\u00e4refter 300 kronor f\u00f6r medf\u00f6ljande person.<\/p>\n\n              <\/div>\n            <\/div>\n          <\/div>\n                            <div class=\"Accordion__row\" itemscope itemprop=\"mainEntity\" itemtype=\"https:\/\/schema.org\/Question\">\n            <h3 class=\"Accordion__title\">\n              <button class=\"Button--unstyled togglehandle\" itemprop=\"name\" data-toggle=\"collapse\" data-target=\"hur-ska-jag-synliggora-i-min-marknadsforing-att-mitt-foretag-ar-auktoriserat\" aria-expanded=\"false\">\n                Hur ska jag synligg\u00f6ra i min marknadsf\u00f6ring att mitt f\u00f6retag \u00e4r auktoriserat?\n              <\/button>\n            <\/h3>\n            <div class=\"Accordion__text collapse\" id=\"hur-ska-jag-synliggora-i-min-marknadsforing-att-mitt-foretag-ar-auktoriserat\" itemscope itemprop=\"acceptedAnswer\" itemtype=\"https:\/\/schema.org\/Answer\">\n              <div itemprop=\"text\">\n                <p>Genom att anv\u00e4nda auktorisationslogotyperna p\u00e5 webben och i \u00f6vrig marknadsf\u00f6ring. Detta framg\u00e5r i\u00a0<a href=\"https:\/\/www.kompetensforetagen.se\/auktorisation\/ansok-om-auktorisation\/steg-1-villkor-for-auktorisation-kan-foretaget-bli-auktoriserat\/\" target=\"_blank\" rel=\"noopener\">villkoren f\u00f6r auktorisation<\/a>. Logotypen mejlas till dig i det informationsmejl du f\u00e5r efter godk\u00e4nd auktorisation.<\/p>\n\n              <\/div>\n            <\/div>\n          <\/div>\n              <\/div>\n    <\/div>\n  <\/div>\n<\/div>\n\n\n\n<div class=\"wp-block-column is-layout-flow wp-block-column-is-layout-flow\" style=\"flex-basis:33.33%\"><div class=\"Listing has-primary-background-color\">\n  <div class=\"container\">\n    <div class=\"Listing__heading\">\n          <\/div>\n    <div class=\"row\">\n                            <div class=\"col-12 \">\n                      <article class=\"Blurb Blurb--vertical Blurb--post Blurb--vertical has-thumbnail\">\n  <a href=\"https:\/\/www.kompetensforetagen.se\/2024\/01\/granskningsexpertens-basta-tips-nar-du-ansoker-om-auktorisation\/\">\n          <div class=\"Blurb__thumbnail__wrap\">\n        <figure class=\"Blurb__thumbnail\">\n          <img loading=\"lazy\" decoding=\"async\" width=\"2560\" height=\"1706\" src=\"https:\/\/www.kompetensforetagen.se\/app\/uploads\/sites\/5\/2024\/01\/Holmer_Marja_3020-scaled.jpg\" class=\"attachment-small size-small wp-post-image\" alt=\"Marja Holm\u00e9r, expert p\u00e5 arbetsr\u00e4tt hos Kompetensf\u00f6retagen, auktorisationsansvarig\" srcset=\"https:\/\/www.kompetensforetagen.se\/app\/uploads\/sites\/5\/2024\/01\/Holmer_Marja_3020-scaled.jpg 2560w, https:\/\/www.kompetensforetagen.se\/app\/uploads\/sites\/5\/2024\/01\/Holmer_Marja_3020-580x387.jpg 580w, https:\/\/www.kompetensforetagen.se\/app\/uploads\/sites\/5\/2024\/01\/Holmer_Marja_3020-1180x787.jpg 1180w, https:\/\/www.kompetensforetagen.se\/app\/uploads\/sites\/5\/2024\/01\/Holmer_Marja_3020-380x253.jpg 380w, https:\/\/www.kompetensforetagen.se\/app\/uploads\/sites\/5\/2024\/01\/Holmer_Marja_3020-768x512.jpg 768w, https:\/\/www.kompetensforetagen.se\/app\/uploads\/sites\/5\/2024\/01\/Holmer_Marja_3020-1536x1024.jpg 1536w, https:\/\/www.kompetensforetagen.se\/app\/uploads\/sites\/5\/2024\/01\/Holmer_Marja_3020-2048x1365.jpg 2048w, https:\/\/www.kompetensforetagen.se\/app\/uploads\/sites\/5\/2024\/01\/Holmer_Marja_3020-600x400.jpg 600w\" sizes=\"auto, (max-width: 2560px) 100vw, 2560px\" \/>\n        <\/figure>\n      <\/div>\n        <div class=\"Blurb__content\">\n      <div class=\"Blurb__body\">\n        <div>\n                                <div class=\"Meta d-flex align-items-center Blurb__meta\">\n      <div class=\"Meta__tag item\">\n      Auktorisation\n      <svg class='icon icon--triangle'  width=\"26\" height=\"32\" viewBox=\"0 0 26 32\" fill=\"none\" xmlns=\"http:\/\/www.w3.org\/2000\/svg\">\n<path fill-rule=\"evenodd\" clip-rule=\"evenodd\" d=\"M13.1315 0H0V32H13.1315L26 16L13.1315 0ZM9 18.581C10.6569 18.581 12 17.1946 12 15.4843C12 13.774 10.6569 12.3875 9 12.3875C7.34315 12.3875 6 13.774 6 15.4843C6 17.1946 7.34315 18.581 9 18.581Z\" fill=\"#FDDCC0\"\/>\n<\/svg>\n\n      <\/div>\n    <div class=\"Meta__group\">\n          <div class=\"Meta__date  d-flex align-items-center\">\n        <svg class='icon icon--timestamp'  width=\"16\" height=\"16\" viewBox=\"0 0 16 16\" fill=\"none\" xmlns=\"http:\/\/www.w3.org\/2000\/svg\">\n<path fill-rule=\"evenodd\" clip-rule=\"evenodd\" d=\"M10.4833 10.5818C10.7278 10.8452 10.7278 11.2723 10.4833 11.5357C10.361 11.6674 10.2008 11.7333 10.0405 11.7333C9.88023 11.7333 9.72008 11.6674 9.59781 11.5357L7.65015 9.43814C7.53273 9.31167 7.46667 9.14001 7.46667 8.96109V4.94118C7.46667 4.56868 7.74705 4.26667 8.09288 4.26667C8.4387 4.26667 8.71908 4.56868 8.71908 4.94118V8.68168L10.4833 10.5818ZM8 14.9333C4.177 14.9333 1.06667 11.823 1.06667 8C1.06667 4.177 4.177 1.06667 8 1.06667C11.8232 1.06667 14.9333 4.177 14.9333 8C14.9333 11.823 11.8232 14.9333 8 14.9333ZM8 0C3.58887 0 0 3.58887 0 8C0 12.4111 3.58887 16 8 16C12.4113 16 16 12.4111 16 8C16 3.58887 12.4113 0 8 0Z\" fill=\"black\"\/>\n<\/svg>\n\n          <time datetime=\"2024-01-16T10:00:49+00:00\">16 januari 2024<\/time>\n      <\/div>\n              <div class=\"Meta__category\">\n        Aktuellt\n      <\/div>\n      <\/div>\n<\/div>\n                  <\/div>\n        <h2 class=\"Blurb__title\">\n          Expertens b\u00e4sta tips n\u00e4r du ans\u00f6ker om auktorisation\n        <\/h2>\n                  <div class=\"Blurb__text\">\n            Marja Holmer har en viktig roll p\u00e5 Kompetensf\u00f6retagen \u2013 hon jobbar med granskningen av de f\u00f6retag som s\u00f6ker auktorisation.&nbsp;Det \u00e4r ett&nbsp;omfattande&nbsp;och kr\u00e4vande arbete. Alla f\u00f6retag&nbsp;ska granskas p\u00e5 samma s\u00e4tt,&nbsp;oavsett om det \u00e4r f\u00f6rsta g\u00e5ngen eller &hellip;\n          <\/div>\n                <div class=\"Blurb__arrow\">\n                                <div class=\"Blurb__arrow__line\">\n              <svg class='icon icon--arrow-tip'  width=\"11\" height=\"16\" viewBox=\"0 0 11 16\" fill=\"none\" xmlns=\"http:\/\/www.w3.org\/2000\/svg\">\n<path d=\"M0.858398 15L9.2304 7.99664L0.967732 1.00001\" stroke=\"black\" stroke-width=\"2\" stroke-miterlimit=\"10\"\/>\n<\/svg>\n\n              <\/div>\n                  <\/div>\n      <\/div>\n    <\/div>\n  <\/a>\n<\/article>\n                  <\/div>\n                  <\/div>\n  <\/div>\n<\/div><\/div>\n<\/div>\n<\/div>\n\n\n<div class=\"Listing no-bg\" id=\"block-747df8be-1d78-4173-8faa-86faa30f80d8\">\n  <div class=\"container\">\n    <div class=\"Listing__heading\">\n       <h2>L\u00e4s vidare om auktorisation<\/h2>     <\/div>\n    <div class=\"row\">\n      \n                      <div class=\"col-12\">\n                      <article class=\"Blurb Blurb--lg Blurb--post Blurb--horizontal has-thumbnail\">\n  <a href=\"https:\/\/www.kompetensforetagen.se\/2022\/07\/tva-nya-auktoriserade-foretag-och-tva-forlorar-auktorisationen\/\">\n          <div class=\"Blurb__thumbnail__wrap\">\n        <figure class=\"Blurb__thumbnail\">\n          <img loading=\"lazy\" decoding=\"async\" width=\"1920\" height=\"1280\" src=\"https:\/\/www.kompetensforetagen.se\/app\/uploads\/sites\/5\/2020\/11\/stamp-3406367_1920.jpg\" class=\"attachment-small size-small wp-post-image\" alt=\"St\u00e4mplar som symboliserar trygga jobb, skatter och f\u00f6rs\u00e4kringar.\" srcset=\"https:\/\/www.kompetensforetagen.se\/app\/uploads\/sites\/5\/2020\/11\/stamp-3406367_1920.jpg 1920w, https:\/\/www.kompetensforetagen.se\/app\/uploads\/sites\/5\/2020\/11\/stamp-3406367_1920-580x387.jpg 580w, https:\/\/www.kompetensforetagen.se\/app\/uploads\/sites\/5\/2020\/11\/stamp-3406367_1920-1180x787.jpg 1180w, https:\/\/www.kompetensforetagen.se\/app\/uploads\/sites\/5\/2020\/11\/stamp-3406367_1920-380x253.jpg 380w, https:\/\/www.kompetensforetagen.se\/app\/uploads\/sites\/5\/2020\/11\/stamp-3406367_1920-768x512.jpg 768w, https:\/\/www.kompetensforetagen.se\/app\/uploads\/sites\/5\/2020\/11\/stamp-3406367_1920-1536x1024.jpg 1536w\" sizes=\"auto, (max-width: 1920px) 100vw, 1920px\" \/>\n        <\/figure>\n      <\/div>\n        <div class=\"Blurb__content\">\n      <div class=\"Blurb__body\">\n        <div>\n                                <div class=\"Meta d-flex align-items-center Blurb__meta\">\n      <div class=\"Meta__tag item\">\n      Auktorisation\n      <svg class='icon icon--triangle'  width=\"26\" height=\"32\" viewBox=\"0 0 26 32\" fill=\"none\" xmlns=\"http:\/\/www.w3.org\/2000\/svg\">\n<path fill-rule=\"evenodd\" clip-rule=\"evenodd\" d=\"M13.1315 0H0V32H13.1315L26 16L13.1315 0ZM9 18.581C10.6569 18.581 12 17.1946 12 15.4843C12 13.774 10.6569 12.3875 9 12.3875C7.34315 12.3875 6 13.774 6 15.4843C6 17.1946 7.34315 18.581 9 18.581Z\" fill=\"#FDDCC0\"\/>\n<\/svg>\n\n      <\/div>\n    <div class=\"Meta__group\">\n          <div class=\"Meta__date  d-flex align-items-center\">\n        <svg class='icon icon--timestamp'  width=\"16\" height=\"16\" viewBox=\"0 0 16 16\" fill=\"none\" xmlns=\"http:\/\/www.w3.org\/2000\/svg\">\n<path fill-rule=\"evenodd\" clip-rule=\"evenodd\" d=\"M10.4833 10.5818C10.7278 10.8452 10.7278 11.2723 10.4833 11.5357C10.361 11.6674 10.2008 11.7333 10.0405 11.7333C9.88023 11.7333 9.72008 11.6674 9.59781 11.5357L7.65015 9.43814C7.53273 9.31167 7.46667 9.14001 7.46667 8.96109V4.94118C7.46667 4.56868 7.74705 4.26667 8.09288 4.26667C8.4387 4.26667 8.71908 4.56868 8.71908 4.94118V8.68168L10.4833 10.5818ZM8 14.9333C4.177 14.9333 1.06667 11.823 1.06667 8C1.06667 4.177 4.177 1.06667 8 1.06667C11.8232 1.06667 14.9333 4.177 14.9333 8C14.9333 11.823 11.8232 14.9333 8 14.9333ZM8 0C3.58887 0 0 3.58887 0 8C0 12.4111 3.58887 16 8 16C12.4113 16 16 12.4111 16 8C16 3.58887 12.4113 0 8 0Z\" fill=\"black\"\/>\n<\/svg>\n\n          <time datetime=\"2022-07-04T10:15:51+00:00\">4 juli 2022<\/time>\n      <\/div>\n              <div class=\"Meta__category\">\n        Aktuellt\n      <\/div>\n      <\/div>\n<\/div>\n                  <\/div>\n        <h3 class=\"Blurb__title\">\n          Tv\u00e5 nya auktoriserade f\u00f6retag och tv\u00e5 f\u00f6rlorar auktorisationen\n        <\/h3>\n                  <div class=\"Blurb__text\">\n            Vid det senaste m\u00f6tet med Kompetensf\u00f6retagens auktorisationsn\u00e4mnd rekommenderade den 87 f\u00f6retag f\u00f6r auktorisation. Tv\u00e5 av dessa auktoriserades f\u00f6r f\u00f6rsta g\u00e5ngen. Det inneb\u00e4r att de uppfyller Kompetensf\u00f6retagens krav, som att de varit verksamma i minst 12 &hellip;\n          <\/div>\n                <div class=\"Blurb__arrow\">\n                                <div class=\"Blurb__arrow__line\">\n              <svg class='icon icon--arrow-tip'  width=\"11\" height=\"16\" viewBox=\"0 0 11 16\" fill=\"none\" xmlns=\"http:\/\/www.w3.org\/2000\/svg\">\n<path d=\"M0.858398 15L9.2304 7.99664L0.967732 1.00001\" stroke=\"black\" stroke-width=\"2\" stroke-miterlimit=\"10\"\/>\n<\/svg>\n\n              <\/div>\n                  <\/div>\n      <\/div>\n    <\/div>\n  <\/a>\n<\/article>\n                  <\/div>\n                              <div class=\"col-md-6\">\n                      <article class=\"Blurb Blurb--md Blurb--post Blurb--vertical has-thumbnail\">\n  <a href=\"https:\/\/www.kompetensforetagen.se\/2025\/01\/auktorisationen-ar-en-sjalvklarhet-for-studentconsulting\/\">\n          <div class=\"Blurb__thumbnail__wrap\">\n        <figure class=\"Blurb__thumbnail\">\n          <img loading=\"lazy\" decoding=\"async\" width=\"1900\" height=\"1000\" src=\"https:\/\/www.kompetensforetagen.se\/app\/uploads\/sites\/5\/2025\/01\/Medlemscase-hemsida-4.png\" class=\"attachment-small size-small wp-post-image\" alt=\"StudentConsulting: Auktorisationen \u00e4r en sj\u00e4lvklarhet\" srcset=\"https:\/\/www.kompetensforetagen.se\/app\/uploads\/sites\/5\/2025\/01\/Medlemscase-hemsida-4.png 1900w, https:\/\/www.kompetensforetagen.se\/app\/uploads\/sites\/5\/2025\/01\/Medlemscase-hemsida-4-580x305.png 580w, https:\/\/www.kompetensforetagen.se\/app\/uploads\/sites\/5\/2025\/01\/Medlemscase-hemsida-4-1180x621.png 1180w, https:\/\/www.kompetensforetagen.se\/app\/uploads\/sites\/5\/2025\/01\/Medlemscase-hemsida-4-380x200.png 380w, https:\/\/www.kompetensforetagen.se\/app\/uploads\/sites\/5\/2025\/01\/Medlemscase-hemsida-4-768x404.png 768w, https:\/\/www.kompetensforetagen.se\/app\/uploads\/sites\/5\/2025\/01\/Medlemscase-hemsida-4-1536x808.png 1536w, https:\/\/www.kompetensforetagen.se\/app\/uploads\/sites\/5\/2025\/01\/Medlemscase-hemsida-4-600x316.png 600w\" sizes=\"auto, (max-width: 1900px) 100vw, 1900px\" \/>\n        <\/figure>\n      <\/div>\n        <div class=\"Blurb__content\">\n      <div class=\"Blurb__body\">\n        <div>\n                                <div class=\"Meta d-flex align-items-center Blurb__meta\">\n      <div class=\"Meta__tag item\">\n      Auktorisation\n      <svg class='icon icon--triangle'  width=\"26\" height=\"32\" viewBox=\"0 0 26 32\" fill=\"none\" xmlns=\"http:\/\/www.w3.org\/2000\/svg\">\n<path fill-rule=\"evenodd\" clip-rule=\"evenodd\" d=\"M13.1315 0H0V32H13.1315L26 16L13.1315 0ZM9 18.581C10.6569 18.581 12 17.1946 12 15.4843C12 13.774 10.6569 12.3875 9 12.3875C7.34315 12.3875 6 13.774 6 15.4843C6 17.1946 7.34315 18.581 9 18.581Z\" fill=\"#FDDCC0\"\/>\n<\/svg>\n\n      <\/div>\n    <div class=\"Meta__group\">\n          <div class=\"Meta__date  d-flex align-items-center\">\n        <svg class='icon icon--timestamp'  width=\"16\" height=\"16\" viewBox=\"0 0 16 16\" fill=\"none\" xmlns=\"http:\/\/www.w3.org\/2000\/svg\">\n<path fill-rule=\"evenodd\" clip-rule=\"evenodd\" d=\"M10.4833 10.5818C10.7278 10.8452 10.7278 11.2723 10.4833 11.5357C10.361 11.6674 10.2008 11.7333 10.0405 11.7333C9.88023 11.7333 9.72008 11.6674 9.59781 11.5357L7.65015 9.43814C7.53273 9.31167 7.46667 9.14001 7.46667 8.96109V4.94118C7.46667 4.56868 7.74705 4.26667 8.09288 4.26667C8.4387 4.26667 8.71908 4.56868 8.71908 4.94118V8.68168L10.4833 10.5818ZM8 14.9333C4.177 14.9333 1.06667 11.823 1.06667 8C1.06667 4.177 4.177 1.06667 8 1.06667C11.8232 1.06667 14.9333 4.177 14.9333 8C14.9333 11.823 11.8232 14.9333 8 14.9333ZM8 0C3.58887 0 0 3.58887 0 8C0 12.4111 3.58887 16 8 16C12.4113 16 16 12.4111 16 8C16 3.58887 12.4113 0 8 0Z\" fill=\"black\"\/>\n<\/svg>\n\n          <time datetime=\"2025-01-08T06:59:00+00:00\">8 januari 2025<\/time>\n      <\/div>\n              <div class=\"Meta__category\">\n        Aktuellt\n      <\/div>\n      <\/div>\n<\/div>\n                  <\/div>\n        <h3 class=\"Blurb__title\">\n          Auktorisationen \u00e4r en sj\u00e4lvklarhet f\u00f6r StudentConsulting\n        <\/h3>\n                  <div class=\"Blurb__text\">\n            F\u00f6r StudentConsulting \u00e4r auktorisationen en naturlig del av verksamheten och en strategi f\u00f6r att kunna vara en trygg bemannings-, vikarie- och rekryteringspartner.\n\u2013 Vi kan bland annat visa att vi \u00e4r en seri\u00f6s arbetsgivare med schyssta anst\u00e4llningsvillkor, och en trygg och l\u00e5ngsiktig partner f\u00f6r v\u00e5ra kunder, s\u00e4ger Tobias Lindfors, vd och grundare av StudentConsulting.\n\n          <\/div>\n                <div class=\"Blurb__arrow\">\n                                <div class=\"Blurb__arrow__line\">\n              <svg class='icon icon--arrow-tip'  width=\"11\" height=\"16\" viewBox=\"0 0 11 16\" fill=\"none\" xmlns=\"http:\/\/www.w3.org\/2000\/svg\">\n<path d=\"M0.858398 15L9.2304 7.99664L0.967732 1.00001\" stroke=\"black\" stroke-width=\"2\" stroke-miterlimit=\"10\"\/>\n<\/svg>\n\n              <\/div>\n                  <\/div>\n      <\/div>\n    <\/div>\n  <\/a>\n<\/article>\n                  <\/div>\n                              <div class=\"col-md-6\">\n                      <article class=\"Blurb Blurb--md Blurb--post Blurb--vertical has-thumbnail\">\n  <a href=\"https:\/\/www.kompetensforetagen.se\/2023\/04\/ansvarsforsakrning\/\">\n          <div class=\"Blurb__thumbnail__wrap\">\n        <figure class=\"Blurb__thumbnail\">\n          <img loading=\"lazy\" decoding=\"async\" width=\"900\" height=\"900\" src=\"https:\/\/www.kompetensforetagen.se\/app\/uploads\/sites\/5\/2023\/04\/Minimal-World-Anti-Drug-Day-Linkedin-Post.png\" class=\"attachment-small size-small wp-post-image\" alt=\"Grafik: World Anti-Drug Day \u2013 om drogfria arbetsplatser. Auktoriserade f\u00f6retag f\u00e5r rabatt p\u00e5 f\u00f6retagsf\u00f6rs\u00e4kring\" srcset=\"https:\/\/www.kompetensforetagen.se\/app\/uploads\/sites\/5\/2023\/04\/Minimal-World-Anti-Drug-Day-Linkedin-Post.png 900w, https:\/\/www.kompetensforetagen.se\/app\/uploads\/sites\/5\/2023\/04\/Minimal-World-Anti-Drug-Day-Linkedin-Post-580x580.png 580w, https:\/\/www.kompetensforetagen.se\/app\/uploads\/sites\/5\/2023\/04\/Minimal-World-Anti-Drug-Day-Linkedin-Post-380x380.png 380w, https:\/\/www.kompetensforetagen.se\/app\/uploads\/sites\/5\/2023\/04\/Minimal-World-Anti-Drug-Day-Linkedin-Post-768x768.png 768w, https:\/\/www.kompetensforetagen.se\/app\/uploads\/sites\/5\/2023\/04\/Minimal-World-Anti-Drug-Day-Linkedin-Post-600x600.png 600w, https:\/\/www.kompetensforetagen.se\/app\/uploads\/sites\/5\/2023\/04\/Minimal-World-Anti-Drug-Day-Linkedin-Post-100x100.png 100w\" sizes=\"auto, (max-width: 900px) 100vw, 900px\" \/>\n        <\/figure>\n      <\/div>\n        <div class=\"Blurb__content\">\n      <div class=\"Blurb__body\">\n        <div>\n                                <div class=\"Meta d-flex align-items-center Blurb__meta\">\n      <div class=\"Meta__tag item\">\n      Auktorisation\n      <svg class='icon icon--triangle'  width=\"26\" height=\"32\" viewBox=\"0 0 26 32\" fill=\"none\" xmlns=\"http:\/\/www.w3.org\/2000\/svg\">\n<path fill-rule=\"evenodd\" clip-rule=\"evenodd\" d=\"M13.1315 0H0V32H13.1315L26 16L13.1315 0ZM9 18.581C10.6569 18.581 12 17.1946 12 15.4843C12 13.774 10.6569 12.3875 9 12.3875C7.34315 12.3875 6 13.774 6 15.4843C6 17.1946 7.34315 18.581 9 18.581Z\" fill=\"#FDDCC0\"\/>\n<\/svg>\n\n      <\/div>\n    <div class=\"Meta__group\">\n          <div class=\"Meta__date  d-flex align-items-center\">\n        <svg class='icon icon--timestamp'  width=\"16\" height=\"16\" viewBox=\"0 0 16 16\" fill=\"none\" xmlns=\"http:\/\/www.w3.org\/2000\/svg\">\n<path fill-rule=\"evenodd\" clip-rule=\"evenodd\" d=\"M10.4833 10.5818C10.7278 10.8452 10.7278 11.2723 10.4833 11.5357C10.361 11.6674 10.2008 11.7333 10.0405 11.7333C9.88023 11.7333 9.72008 11.6674 9.59781 11.5357L7.65015 9.43814C7.53273 9.31167 7.46667 9.14001 7.46667 8.96109V4.94118C7.46667 4.56868 7.74705 4.26667 8.09288 4.26667C8.4387 4.26667 8.71908 4.56868 8.71908 4.94118V8.68168L10.4833 10.5818ZM8 14.9333C4.177 14.9333 1.06667 11.823 1.06667 8C1.06667 4.177 4.177 1.06667 8 1.06667C11.8232 1.06667 14.9333 4.177 14.9333 8C14.9333 11.823 11.8232 14.9333 8 14.9333ZM8 0C3.58887 0 0 3.58887 0 8C0 12.4111 3.58887 16 8 16C12.4113 16 16 12.4111 16 8C16 3.58887 12.4113 0 8 0Z\" fill=\"black\"\/>\n<\/svg>\n\n          <time datetime=\"2023-04-27T14:04:28+00:00\">27 april 2023<\/time>\n      <\/div>\n              <div class=\"Meta__category\">\n        Aktuellt\n      <\/div>\n      <\/div>\n<\/div>\n                  <\/div>\n        <h3 class=\"Blurb__title\">\n          Auktoriserade f\u00f6retag f\u00e5r rabatt p\u00e5 f\u00f6retags&shy;f\u00f6rs\u00e4kring\n        <\/h3>\n                  <div class=\"Blurb__text\">\n            F\u00f6r medlemskap i Kompetensf\u00f6retagen kr\u00e4vs att f\u00f6retagsf\u00f6rs\u00e4kringen har ansvarsf\u00f6rs\u00e4kring. I ett samarbete med S\u00f6derberg &amp; Partners och Svedea har medlemmar m\u00f6jlighet att teckna f\u00f6retagsf\u00f6rs\u00e4kring hos dem som motsvarar de krav som st\u00e4lls f\u00f6r medlemskap. Det &hellip;\n          <\/div>\n                <div class=\"Blurb__arrow\">\n                                <div class=\"Blurb__arrow__line\">\n              <svg class='icon icon--arrow-tip'  width=\"11\" height=\"16\" viewBox=\"0 0 11 16\" fill=\"none\" xmlns=\"http:\/\/www.w3.org\/2000\/svg\">\n<path d=\"M0.858398 15L9.2304 7.99664L0.967732 1.00001\" stroke=\"black\" stroke-width=\"2\" stroke-miterlimit=\"10\"\/>\n<\/svg>\n\n              <\/div>\n                  <\/div>\n      <\/div>\n    <\/div>\n  <\/a>\n<\/article>\n                  <\/div>\n                  <\/div>\n    \n      <\/div>\n<\/div>","protected":false},"excerpt":{"rendered":"","protected":false},"author":6358,"featured_media":0,"parent":104,"menu_order":11,"comment_status":"closed","ping_status":"closed","template":"","meta":{"_acf_changed":false,"footnotes":""},"article_type":[],"agreement":[],"for-members":[],"class_list":["post-9114","page","type-page","status-publish","hentry"],"acf":[],"yoast_head":"<!-- This site is optimized with the Yoast SEO Premium plugin v26.8 (Yoast SEO v26.8) - https:\/\/yoast.com\/product\/yoast-seo-premium-wordpress\/ -->\n<title>Fr\u00e5gor och svar<\/title>\n<meta name=\"description\" content=\"H\u00e4r har vi samlat fr\u00e5gor och svar kring Kompetensf\u00f6retagens auktorisation. Du f\u00e5r till exempel veta vilka handlingar som kr\u00e4vs\" \/>\n<meta name=\"robots\" content=\"index, follow, max-snippet:-1, max-image-preview:large, max-video-preview:-1\" \/>\n<link rel=\"canonical\" href=\"https:\/\/www.kompetensforetagen.se\/auktorisation\/fragor-och-svar-om-auktorisation\/\" \/>\n<meta property=\"og:locale\" content=\"sv_SE\" \/>\n<meta property=\"og:type\" content=\"article\" \/>\n<meta property=\"og:title\" content=\"Fr\u00e5gor och svar om auktorisation\" \/>\n<meta property=\"og:description\" content=\"H\u00e4r har vi samlat fr\u00e5gor och svar kring Kompetensf\u00f6retagens auktorisation. Du f\u00e5r till exempel veta vilka handlingar som kr\u00e4vs\" \/>\n<meta property=\"og:url\" content=\"https:\/\/www.kompetensforetagen.se\/auktorisation\/fragor-och-svar-om-auktorisation\/\" \/>\n<meta property=\"og:site_name\" content=\"Kompetensf\u00f6retagen\" \/>\n<meta property=\"article:modified_time\" content=\"2023-07-06T11:22:37+00:00\" \/>\n<meta name=\"twitter:card\" content=\"summary_large_image\" \/>\n<script type=\"application\/ld+json\" class=\"yoast-schema-graph\">{\"@context\":\"https:\/\/schema.org\",\"@graph\":[{\"@type\":\"WebPage\",\"@id\":\"https:\/\/www.kompetensforetagen.se\/auktorisation\/fragor-och-svar-om-auktorisation\/\",\"url\":\"https:\/\/www.kompetensforetagen.se\/auktorisation\/fragor-och-svar-om-auktorisation\/\",\"name\":\"Fr\u00e5gor och svar\",\"isPartOf\":{\"@id\":\"https:\/\/www.kompetensforetagen.se\/#website\"},\"datePublished\":\"2022-03-15T07:29:46+00:00\",\"dateModified\":\"2023-07-06T11:22:37+00:00\",\"description\":\"H\u00e4r har vi samlat fr\u00e5gor och svar kring Kompetensf\u00f6retagens auktorisation. Du f\u00e5r till exempel veta vilka handlingar som kr\u00e4vs\",\"breadcrumb\":{\"@id\":\"https:\/\/www.kompetensforetagen.se\/auktorisation\/fragor-och-svar-om-auktorisation\/#breadcrumb\"},\"inLanguage\":\"sv-SE\",\"potentialAction\":[{\"@type\":\"ReadAction\",\"target\":[\"https:\/\/www.kompetensforetagen.se\/auktorisation\/fragor-och-svar-om-auktorisation\/\"]}]},{\"@type\":\"BreadcrumbList\",\"@id\":\"https:\/\/www.kompetensforetagen.se\/auktorisation\/fragor-och-svar-om-auktorisation\/#breadcrumb\",\"itemListElement\":[{\"@type\":\"ListItem\",\"position\":1,\"name\":\"Home\",\"item\":\"https:\/\/www.kompetensforetagen.se\/\"},{\"@type\":\"ListItem\",\"position\":2,\"name\":\"Om auktorisation\",\"item\":\"https:\/\/www.kompetensforetagen.se\/auktorisation\/\"},{\"@type\":\"ListItem\",\"position\":3,\"name\":\"Fr\u00e5gor och svar om auktorisation\"}]},{\"@type\":\"WebSite\",\"@id\":\"https:\/\/www.kompetensforetagen.se\/#website\",\"url\":\"https:\/\/www.kompetensforetagen.se\/\",\"name\":\"Kompetensf\u00f6retagen\",\"description\":\"R\u00e4tt person p\u00e5 r\u00e4tt plats kan f\u00f6r\u00e4ndra v\u00e4rlden\",\"publisher\":{\"@id\":\"https:\/\/www.kompetensforetagen.se\/#organization\"},\"potentialAction\":[{\"@type\":\"SearchAction\",\"target\":{\"@type\":\"EntryPoint\",\"urlTemplate\":\"https:\/\/www.kompetensforetagen.se\/?s={search_term_string}\"},\"query-input\":{\"@type\":\"PropertyValueSpecification\",\"valueRequired\":true,\"valueName\":\"search_term_string\"}}],\"inLanguage\":\"sv-SE\"},{\"@type\":\"Organization\",\"@id\":\"https:\/\/www.kompetensforetagen.se\/#organization\",\"name\":\"Kompetensf\u00f6retagen\",\"url\":\"https:\/\/www.kompetensforetagen.se\/\",\"logo\":{\"@type\":\"ImageObject\",\"inLanguage\":\"sv-SE\",\"@id\":\"https:\/\/www.kompetensforetagen.se\/#\/schema\/logo\/image\/\",\"url\":\"https:\/\/www.kompetensforetagen.se\/app\/uploads\/sites\/5\/2022\/10\/logga_svart.png\",\"contentUrl\":\"https:\/\/www.kompetensforetagen.se\/app\/uploads\/sites\/5\/2022\/10\/logga_svart.png\",\"width\":752,\"height\":64,\"caption\":\"Kompetensf\u00f6retagen\"},\"image\":{\"@id\":\"https:\/\/www.kompetensforetagen.se\/#\/schema\/logo\/image\/\"},\"sameAs\":[\"https:\/\/www.linkedin.com\/company\/10540032\/\"]}]}<\/script>\n<!-- \/ Yoast SEO Premium plugin. -->","yoast_head_json":{"title":"Fr\u00e5gor och svar","description":"H\u00e4r har vi samlat fr\u00e5gor och svar kring Kompetensf\u00f6retagens auktorisation. Du f\u00e5r till exempel veta vilka handlingar som kr\u00e4vs","robots":{"index":"index","follow":"follow","max-snippet":"max-snippet:-1","max-image-preview":"max-image-preview:large","max-video-preview":"max-video-preview:-1"},"canonical":"https:\/\/www.kompetensforetagen.se\/auktorisation\/fragor-och-svar-om-auktorisation\/","og_locale":"sv_SE","og_type":"article","og_title":"Fr\u00e5gor och svar om auktorisation","og_description":"H\u00e4r har vi samlat fr\u00e5gor och svar kring Kompetensf\u00f6retagens auktorisation. Du f\u00e5r till exempel veta vilka handlingar som kr\u00e4vs","og_url":"https:\/\/www.kompetensforetagen.se\/auktorisation\/fragor-och-svar-om-auktorisation\/","og_site_name":"Kompetensf\u00f6retagen","article_modified_time":"2023-07-06T11:22:37+00:00","twitter_card":"summary_large_image","schema":{"@context":"https:\/\/schema.org","@graph":[{"@type":"WebPage","@id":"https:\/\/www.kompetensforetagen.se\/auktorisation\/fragor-och-svar-om-auktorisation\/","url":"https:\/\/www.kompetensforetagen.se\/auktorisation\/fragor-och-svar-om-auktorisation\/","name":"Fr\u00e5gor och svar","isPartOf":{"@id":"https:\/\/www.kompetensforetagen.se\/#website"},"datePublished":"2022-03-15T07:29:46+00:00","dateModified":"2023-07-06T11:22:37+00:00","description":"H\u00e4r har vi samlat fr\u00e5gor och svar kring Kompetensf\u00f6retagens auktorisation. Du f\u00e5r till exempel veta vilka handlingar som kr\u00e4vs","breadcrumb":{"@id":"https:\/\/www.kompetensforetagen.se\/auktorisation\/fragor-och-svar-om-auktorisation\/#breadcrumb"},"inLanguage":"sv-SE","potentialAction":[{"@type":"ReadAction","target":["https:\/\/www.kompetensforetagen.se\/auktorisation\/fragor-och-svar-om-auktorisation\/"]}]},{"@type":"BreadcrumbList","@id":"https:\/\/www.kompetensforetagen.se\/auktorisation\/fragor-och-svar-om-auktorisation\/#breadcrumb","itemListElement":[{"@type":"ListItem","position":1,"name":"Home","item":"https:\/\/www.kompetensforetagen.se\/"},{"@type":"ListItem","position":2,"name":"Om auktorisation","item":"https:\/\/www.kompetensforetagen.se\/auktorisation\/"},{"@type":"ListItem","position":3,"name":"Fr\u00e5gor och svar om auktorisation"}]},{"@type":"WebSite","@id":"https:\/\/www.kompetensforetagen.se\/#website","url":"https:\/\/www.kompetensforetagen.se\/","name":"Kompetensf\u00f6retagen","description":"R\u00e4tt person p\u00e5 r\u00e4tt plats kan f\u00f6r\u00e4ndra v\u00e4rlden","publisher":{"@id":"https:\/\/www.kompetensforetagen.se\/#organization"},"potentialAction":[{"@type":"SearchAction","target":{"@type":"EntryPoint","urlTemplate":"https:\/\/www.kompetensforetagen.se\/?s={search_term_string}"},"query-input":{"@type":"PropertyValueSpecification","valueRequired":true,"valueName":"search_term_string"}}],"inLanguage":"sv-SE"},{"@type":"Organization","@id":"https:\/\/www.kompetensforetagen.se\/#organization","name":"Kompetensf\u00f6retagen","url":"https:\/\/www.kompetensforetagen.se\/","logo":{"@type":"ImageObject","inLanguage":"sv-SE","@id":"https:\/\/www.kompetensforetagen.se\/#\/schema\/logo\/image\/","url":"https:\/\/www.kompetensforetagen.se\/app\/uploads\/sites\/5\/2022\/10\/logga_svart.png","contentUrl":"https:\/\/www.kompetensforetagen.se\/app\/uploads\/sites\/5\/2022\/10\/logga_svart.png","width":752,"height":64,"caption":"Kompetensf\u00f6retagen"},"image":{"@id":"https:\/\/www.kompetensforetagen.se\/#\/schema\/logo\/image\/"},"sameAs":["https:\/\/www.linkedin.com\/company\/10540032\/"]}]}},"_links":{"self":[{"href":"https:\/\/www.kompetensforetagen.se\/api\/wp\/v2\/pages\/9114","targetHints":{"allow":["GET"]}}],"collection":[{"href":"https:\/\/www.kompetensforetagen.se\/api\/wp\/v2\/pages"}],"about":[{"href":"https:\/\/www.kompetensforetagen.se\/api\/wp\/v2\/types\/page"}],"author":[{"embeddable":true,"href":"https:\/\/www.kompetensforetagen.se\/api\/wp\/v2\/users\/6358"}],"replies":[{"embeddable":true,"href":"https:\/\/www.kompetensforetagen.se\/api\/wp\/v2\/comments?post=9114"}],"version-history":[{"count":9,"href":"https:\/\/www.kompetensforetagen.se\/api\/wp\/v2\/pages\/9114\/revisions"}],"predecessor-version":[{"id":19208,"href":"https:\/\/www.kompetensforetagen.se\/api\/wp\/v2\/pages\/9114\/revisions\/19208"}],"up":[{"embeddable":true,"href":"https:\/\/www.kompetensforetagen.se\/api\/wp\/v2\/pages\/104"}],"wp:attachment":[{"href":"https:\/\/www.kompetensforetagen.se\/api\/wp\/v2\/media?parent=9114"}],"wp:term":[{"taxonomy":"type","embeddable":true,"href":"https:\/\/www.kompetensforetagen.se\/api\/wp\/v2\/article_type?post=9114"},{"taxonomy":"agreement","embeddable":true,"href":"https:\/\/www.kompetensforetagen.se\/api\/wp\/v2\/agreement?post=9114"},{"taxonomy":"for-members","embeddable":true,"href":"https:\/\/www.kompetensforetagen.se\/api\/wp\/v2\/for-members?post=9114"}],"curies":[{"name":"wp","href":"https:\/\/api.w.org\/{rel}","templated":true}]}}