{"id":8535,"date":"2021-12-10T10:47:36","date_gmt":"2021-12-10T09:47:36","guid":{"rendered":"https:\/\/www.kompetensforetagen.se\/?page_id=8535"},"modified":"2023-04-13T17:25:41","modified_gmt":"2023-04-13T15:25:41","slug":"auktorisation-for-rekryteringsforetag","status":"publish","type":"page","link":"https:\/\/www.kompetensforetagen.se\/auktorisation\/auktorisation-for-rekryteringsforetag\/","title":{"rendered":"Auktorisation f\u00f6r rekryterings&shy;f\u00f6retag"},"content":{"rendered":"<div id=\"block-hero-block_df38e6a335edc93905b920031d25a91b\" class=\"Hero has-primary-background-color\">\n\n    \n  <div class=\"Hero__inner container has-primary-background-color has-arrow\">\n              <div class=\"Hero__title\">\n          <h1>Auktorisation f\u00f6r <i> rekryterings&shy;f\u00f6retag<\/i><\/h1>\n        <\/div>\n                                <div class=\"Hero__arrow\">\n          <svg class='icon icon--squiggly-arrow'  width=\"282\" height=\"302\" viewBox=\"0 0 282 302\" fill=\"none\" xmlns=\"http:\/\/www.w3.org\/2000\/svg\">\n<path d=\"M108.429 281.19L129.837 295.44L143.97 274.186\" stroke=\"black\" stroke-width=\"4\" stroke-miterlimit=\"10\"\/>\n<path d=\"M43.8871 68.0497C53.3269 84.3998 70.0075 95.6755 88.6244 97.6784C107.24 99.6801 125.826 95.0068 144.209 91.4645C162.592 87.9216 182.067 85.5682 199.674 91.9481C220.515 99.5002 236.316 120.278 236.492 142.446C236.669 164.616 220.178 186.234 198.428 190.49C188.558 192.423 177.815 190.842 169.542 185.112C161.271 179.382 155.88 169.284 156.859 159.269C158.292 144.577 173.761 133.512 188.444 135C203.126 136.491 215.468 148.757 219.176 163.047C222.881 177.337 218.804 192.932 210.416 205.072C202.027 217.212 189.703 226.187 176.514 232.804C167.472 237.341 157.931 240.877 149.144 245.889C140.356 250.899 132.161 257.651 127.746 266.755C123.333 275.858 126.637 283.983 129.929 295.386\" stroke=\"black\" stroke-width=\"4\" stroke-miterlimit=\"10\"\/>\n<\/svg>\n\n          <\/div>\n        <\/div>\n<\/div>\n\n\n\n<div class=\"wp-block-group has-secondary-background-color has-background is-layout-constrained wp-block-group-is-layout-constrained\">\n<div class=\"wp-block-columns is-layout-flex wp-container-core-columns-is-layout-9d6595d7 wp-block-columns-is-layout-flex\">\n<div class=\"wp-block-column is-layout-flow wp-block-column-is-layout-flow\" style=\"flex-basis:66.66%\"><div class=\"wp-block wp-block-core-heading heading-in-sidebar\" id=\"grundvillkor-for-samtliga-auktorisationer\"><a class='Share__link Share__link--url copy-text' href='#' rel='nofollow' data-text='grundvillkor-for-samtliga-auktorisationer' title='Dela url' data-confirmation='L\u00e4nken kopierades till urklipp'><svg class='icon icon--link'  width='18' height='18' viewBox='0 0 18 18' fill='none' xmlns='http:\/\/www.w3.org\/2000\/svg'>\n            <path d='M10.4142 0.514721L6.87868 4.05025L8.29289 5.46447L11.1213 2.63604L15.364 6.87868L12.5355 9.70711L13.9497 11.1213L17.4853 7.58579C17.8763 7.19476 17.8763 6.5626 17.4853 6.17158L11.8284 0.514721C11.4374 0.123691 10.8052 0.123691 10.4142 0.514721Z' fill='black'\/>\n            <path d='M9.7071 12.5355L6.87868 15.364L2.63604 11.1213L5.46446 8.2929L4.05025 6.87868L0.514716 10.4142C0.123686 10.8052 0.123686 11.4374 0.514716 11.8284L6.17157 17.4853C6.5626 17.8763 7.19475 17.8763 7.58578 17.4853L11.1213 13.9497L9.7071 12.5355Z' fill='black'\/>\n            <path d='M6.17157 11.8284C6.5626 12.2195 7.19475 12.2195 7.58578 11.8284L11.8284 7.58579C12.2195 7.19476 12.2195 6.56261 11.8284 6.17158C11.4374 5.78055 10.8052 5.78055 10.4142 6.17158L6.17157 10.4142C5.78054 10.8052 5.78054 11.4374 6.17157 11.8284Z' fill='black'\/>\n            <\/svg> <\/a>\n<h2 class=\"wp-block-heading\">Grundvillkor f\u00f6r samtliga auktorisationer<\/h2>\n<\/div>\n\n<div class=\"wp-block wp-block-core-list\">\n<ol class=\"wp-block-list\" type=\"1\">\n<li>Ut\u00f6va verksamhet inom Kompetens\u00adf\u00f6retagens omr\u00e5den sedan minst 12 m\u00e5nader.<\/li>\n\n\n\n<li>F\u00f6ljer&nbsp;<a href=\"https:\/\/www.almega.se\/app\/uploads\/sites\/5\/2021\/11\/nystadgarslutversion.pdf\" target=\"_blank\" rel=\"noreferrer noopener\">Kompetens\u00adf\u00f6retagens stadgar<\/a>. Det betyder att f\u00f6retaget bland annat \u00e4r skyldiga att f\u00f6lja svensk lagstiftning, l\u00e4mna statistik och andra uppgifter till Kompetens\u00adf\u00f6retagen och Svenskt N\u00e4ringsliv som vi beh\u00f6ver f\u00f6r att kunna g\u00f6ra v\u00e5rt b\u00e4sta f\u00f6r branschen.<\/li>\n\n\n\n<li>Auktorisation i Kompetens\u00adf\u00f6retagen f\u00f6ruts\u00e4tter att aktuell verksamhet bedrivs i svensk juridisk person.<\/li>\n\n\n\n<li>Visar upp den senaste \u00e5rsredovisningen med revisionsber\u00e4ttelse* och i \u00f6vrigt styrker ordnad ekonomi.<\/li>\n\n\n\n<li>\u00c4r bunden av kollektivavtal f\u00f6r det avtalsomr\u00e5de inom vilket f\u00f6retaget verkar.**<\/li>\n\n\n\n<li>Till\u00e4mpar minst Kompetens\u00adf\u00f6retagens&nbsp;<a href=\"https:\/\/www.kompetensforetagen.se\/standardavtal\/\" target=\"_blank\" rel=\"noreferrer noopener\">allm\u00e4nna best\u00e4mmelser<\/a>.<\/li>\n\n\n\n<li>Tecknar&nbsp;<a href=\"https:\/\/www.kompetensforetagen.se\/medlemssidor\/forsakringar-for-medlemmar-i-kompetensforetagen\/\" target=\"_blank\" rel=\"noreferrer noopener\">Kompetens\u00adf\u00f6retagens Ansvarsf\u00f6rs\u00e4kring<\/a>&nbsp;eller motsvarande.<\/li>\n\n\n\n<li>F\u00f6ljer Kompetens\u00adf\u00f6retagens&nbsp;<a href=\"https:\/\/www.kompetensforetagen.se\/medlemskap\/etiska-regler\/\" target=\"_blank\" rel=\"noreferrer noopener\">etiska regler<\/a>.<\/li>\n\n\n\n<li>S\u00e4kerst\u00e4ller att underleverant\u00f6r \u00e4r momsregistrerad, betalar skatter och avgifter, omfattas av underleverant\u00f6rsf\u00f6rs\u00e4kring.<\/li>\n\n\n\n<li>Att minst en person i ledande st\u00e4llning i f\u00f6retaget har genomg\u00e5tt&nbsp;<a href=\"https:\/\/www.kompetensforetagen.se\/auktorisation\/auktorisationsutbildning\/\" target=\"_blank\" rel=\"noreferrer noopener\">Kompetens\u00adf\u00f6retagens s\u00e4rskilda Auktorisations\u00adutbildning.<\/a><\/li>\n\n\n\n<li>Synligg\u00f6r att det \u00e4r ett auktoriserat medlems\u00adf\u00f6retag i sin marknadsf\u00f6ring och platsannonsering.<\/li>\n\n\n\n<li>Genomg\u00e5r&nbsp;<a href=\"https:\/\/www.kompetensforetagen.se\/auktorisation\/bemanningsforetagens-auktorisationsnamnd\/ansokan-om-arlig-granskning\/\" target=\"_blank\" rel=\"noreferrer noopener\">auktorisationsn\u00e4mndens \u00e5rliga granskning<\/a>.<br><br><strong>Tillkommande redog\u00f6relse f\u00f6r omst\u00e4llningsverksamheten<\/strong><br>Omst\u00e4llnings\u00adf\u00f6retag ska bifoga redog\u00f6relse f\u00f6r: omst\u00e4llningsprocessen, kvalitet och resultatm\u00e4tning, kompetensprofil och referenser g\u00e4llande p\u00e5g\u00e5ende eller avslutade uppdrag.<br><br><strong>Tillkommande redog\u00f6relse f\u00f6r rekryteringsverksamheten<\/strong><br>Rekryterings\u00adf\u00f6retag ska d\u00e4rut\u00f6ver bifoga redog\u00f6relse f\u00f6r: rekryteringsprocessen med kandidathantering, arbete med att s\u00e4kerst\u00e4lla efterlevnad av rekryteringsprocessen, organisation och referenser som styrker angiven rekryteringsverksamhet.<br><br><strong>S\u00e4rskilda villkor f\u00f6r f\u00f6retag inom koncern<\/strong><\/li>\n\n\n\n<li>F\u00f6r auktorisation kr\u00e4vs att koncern\u00adf\u00f6retag med snarlika\/f\u00f6rv\u00e4xlingsbara namn \u00e4r bundna av kollektivavtal f\u00f6r det f\u00f6r det avtalsomr\u00e5de inom vilket f\u00f6retaget verkar. Detta g\u00e4ller f\u00f6retag f\u00f6r vilka anslutning till f\u00f6rbundet kan ske i Kompetens\u00adf\u00f6retagen.<\/li>\n\n\n\n<li>Ett auktoriserat f\u00f6retag f\u00e5r inte bedriva huvuddelen av sin uthyrning genom annat f\u00f6retag i koncernen som \u00e4r branschmedlem.<\/li>\n<\/ol>\n<\/div>\n\n<div class=\"wp-block wp-block-core-paragraph\">\n<p>*) V\u00e4nligen notera att s\u00f6kande som inte valt in revisor vid f\u00f6rsta auktorisationstillf\u00e4llet beh\u00f6ver \u00e4ndra i bolagsordningen s\u00e5 att framg\u00e5r att bolaget har revisor (g\u00e4ller \u00e4ven sm\u00e5 bolag). Dessutom inkomma med en boksluts\u00adrapport (enl. Reko) framtagen av en auktoriserad redovisningskonsult, alternativt en \u00f6versiktlig granskning framtagen av invald revisor.<\/p>\n<\/div>\n\n<div class=\"wp-block wp-block-core-paragraph\">\n<p>**) Dispens kan ges n\u00e4r kollektivavtal saknas f\u00f6r ett f\u00f6retags verksamhetsomr\u00e5de.<\/p>\n<\/div><\/div>\n\n\n\n<div class=\"wp-block-column is-layout-flow wp-block-column-is-layout-flow\" style=\"flex-basis:33.33%\">\n<figure class=\"wp-block-image size-full\"><img loading=\"lazy\" decoding=\"async\" width=\"1890\" height=\"600\" src=\"https:\/\/www.kompetensforetagen.se\/app\/uploads\/sites\/5\/2023\/03\/Auktorisationstamplar.gif\" alt=\"\" class=\"wp-image-11406\"\/><\/figure>\n\n\n<div class=\"wp-block wp-block-core-paragraph\">\n<p>Auktorisationen \u00e4r Kompetensf\u00f6retagens kvalitetsst\u00e4mpel som s\u00e4kerst\u00e4ller att du som medlem arbetar seri\u00f6st och uppfyller v\u00e5ra h\u00f6ga krav. Auktorisationen inneb\u00e4r ocks\u00e5 en trygghet f\u00f6r kunder och medarbetare.<\/p>\n<\/div>\n\n<div class=\"wp-block wp-block-core-paragraph\">\n<p>Grundl\u00e4ggande f\u00f6r att kunna bli auktoriserat \u00e4r att f\u00f6retaget \u00e4r arbetsgivar- och branschmedlem i Kompetensf\u00f6retagen.<\/p>\n<\/div>\n\n<div class=\"wp-block wp-block-core-heading\" id=\"verksamhetsomraden-inom-rekrytering\">\n<h4 class=\"wp-block-heading\"><strong>Verksamhetsomr\u00e5den inom rekrytering<\/strong> <\/h4>\n<\/div>\n\n<div class=\"wp-block wp-block-core-list\">\n<ul class=\"wp-block-list\">\n<li>Rekrytering<\/li>\n\n\n\n<li>Search<\/li>\n\n\n\n<li>Interim management<\/li>\n\n\n\n<li>Headhunting<\/li>\n<\/ul>\n<\/div>\n\n<div class=\"wp-block wp-block-core-heading\" id=\"verksamhetsomraden-inom-omstallning\">\n<h4 class=\"wp-block-heading\"><strong>Verksamhetsomr\u00e5den inom omst\u00e4llning <\/strong><\/h4>\n<\/div>\n\n<div class=\"wp-block wp-block-core-list\">\n<ul class=\"wp-block-list\">\n<li>Jobbf\u00f6rmedling<\/li>\n\n\n\n<li>Coachning<\/li>\n\n\n\n<li>Utbildning<\/li>\n\n\n\n<li>HR-utveckling<\/li>\n\n\n\n<li>Etableringslots<\/li>\n<\/ul>\n<\/div>\n\n<div class=\"wp-block wp-block-core-heading\" id=\"verksamhetsomraden-inom-bemanning\">\n<h4 class=\"wp-block-heading\"><strong>Verksamhetsomr\u00e5den inom Bemanning<\/strong><\/h4>\n<\/div>\n\n<div class=\"wp-block wp-block-core-list\">\n<ul class=\"wp-block-list\">\n<li>Personaluthyrning<\/li>\n\n\n\n<li>Personalentreprenad<\/li>\n<\/ul>\n<\/div>\n\n<div id=\"block-iconlink-block_d1428fa4487eaa50dabdea316c39d2e6\" class=\"Icon-link Icon-link--squiggly-arrow-link\">\n      <a href=\"https:\/\/www.kompetensforetagen.se\/auktorisation\/ansok-om-auktorisation\/\" target=\"_blank\" class=\"Button is-button is-fullwidth is-style-fill has-green-background-color has-green-border-color has-white-color Button--squiggly-arrow-link white-space-nowrap\">\n      <div class=\"Button__text\">\n        Till ans\u00f6kan\n      <\/div>\n      <div class=\"Button__arrow \">\n                <div class=\"Button__line\"><\/div>\n                <svg class='icon icon--squiggly-arrow-link'  width=\"114\" height=\"36\" viewBox=\"0 0 114 36\" fill=\"none\" xmlns=\"http:\/\/www.w3.org\/2000\/svg\">\n<path d=\"M0.591797 18.5C7.0918 18.5 11.5209 19.9081 13.4345 14.5C14.3308 11.9657 14.3461 11.9541 15.0839 9.38315C15.7735 6.97969 17.3449 4.54993 19.8345 3.93399C22.9224 3.16984 26.0805 5.67017 27.0204 8.62798C27.9603 11.5851 27.243 14.7829 26.3407 17.751C25.4378 20.719 24.34 23.7256 24.5322 26.8156C24.7244 29.9049 26.6162 33.154 29.7193 33.8559C33.0114 34.5995 36.3563 32.146 37.6741 29.1234C38.9912 26.0995 38.7745 22.6791 38.4839 19.4082C38.1926 16.1373 37.8656 12.7464 38.9918 9.65134C40.1187 6.55559 43.1657 3.84801 46.5259 4.19961C49.9434 4.55763 52.3227 7.90617 52.8134 11.2104C53.3042 14.5147 52.3993 17.8408 51.8259 21.1322C51.2526 24.4237 51.0624 28.0141 52.8029 30.8923C54.221 33.2393 56.8902 34.826 59.6869 34.9864C62.4836 35.1468 65.3259 33.8758 67.0188 31.7072C69.5136 28.5126 69.3227 24.0689 68.5255 20.1345C67.7289 16.1996 66.4369 12.2139 67.1225 8.2597C67.8081 4.30548 71.3849 0.426331 75.4597 1.0705C78.5034 1.55171 80.6627 4.37413 81.4078 7.28189C82.1528 10.189 81.8133 13.2366 81.7711 16.2323C81.7288 19.2279 82.0551 22.4052 83.8874 24.8144C86.657 28.4555 91.9762 29.2197 96.6072 28.7147C101.239 28.2098 105.813 25.7501 110.457 26.1383\" stroke=\"black\" stroke-width=\"2\" stroke-miterlimit=\"10\"\/>\n<path d=\"M105.097 35L111.68 25.3613L102.457 18.2063\" stroke=\"black\" stroke-width=\"2\" stroke-miterlimit=\"10\"\/>\n<\/svg>\n\n        <\/div>\n    <\/a>\n  <\/div>\n<\/div>\n<\/div>\n<\/div>\n","protected":false},"excerpt":{"rendered":"","protected":false},"author":6058,"featured_media":0,"parent":104,"menu_order":0,"comment_status":"closed","ping_status":"closed","template":"","meta":{"_acf_changed":false,"footnotes":""},"article_type":[],"agreement":[],"for-members":[],"class_list":["post-8535","page","type-page","status-publish","hentry"],"acf":[],"yoast_head":"<!-- This site is optimized with the Yoast SEO Premium plugin v26.8 (Yoast SEO v26.8) - https:\/\/yoast.com\/product\/yoast-seo-premium-wordpress\/ -->\n<title>Auktorisation f\u00f6r rekryteringsf\u00f6retag<\/title>\n<meta name=\"description\" content=\"V\u00e5ra medlemmar kan auktoriseras inom sina verksamhetsomr\u00e5den. H\u00e4r hittar du villkoren f\u00f6r auktorisation f\u00f6r rekryteringsf\u00f6retag.\" \/>\n<meta name=\"robots\" content=\"index, follow, max-snippet:-1, max-image-preview:large, max-video-preview:-1\" \/>\n<link rel=\"canonical\" href=\"https:\/\/www.kompetensforetagen.se\/auktorisation-for-rekryteringsforetag\/\" \/>\n<meta property=\"og:locale\" content=\"sv_SE\" \/>\n<meta property=\"og:type\" content=\"article\" \/>\n<meta property=\"og:title\" content=\"Auktorisation f\u00f6r rekryteringsf\u00f6retag\" \/>\n<meta property=\"og:description\" content=\"V\u00e5ra medlemmar kan auktoriseras inom sina verksamhetsomr\u00e5den. H\u00e4r hittar du villkoren f\u00f6r auktorisation f\u00f6r rekryteringsf\u00f6retag.\" \/>\n<meta property=\"og:url\" content=\"https:\/\/www.kompetensforetagen.se\/auktorisation-for-rekryteringsforetag\/\" \/>\n<meta property=\"og:site_name\" content=\"Kompetensf\u00f6retagen\" \/>\n<meta property=\"article:modified_time\" content=\"2023-04-13T15:25:41+00:00\" \/>\n<meta name=\"twitter:card\" content=\"summary_large_image\" \/>\n<script type=\"application\/ld+json\" class=\"yoast-schema-graph\">{\"@context\":\"https:\/\/schema.org\",\"@graph\":[{\"@type\":\"WebPage\",\"@id\":\"https:\/\/www.kompetensforetagen.se\/auktorisation-for-rekryteringsforetag\/\",\"url\":\"https:\/\/www.kompetensforetagen.se\/auktorisation-for-rekryteringsforetag\/\",\"name\":\"Auktorisation f\u00f6r rekryteringsf\u00f6retag\",\"isPartOf\":{\"@id\":\"https:\/\/www.kompetensforetagen.se\/#website\"},\"datePublished\":\"2021-12-10T09:47:36+00:00\",\"dateModified\":\"2023-04-13T15:25:41+00:00\",\"description\":\"V\u00e5ra medlemmar kan auktoriseras inom sina verksamhetsomr\u00e5den. H\u00e4r hittar du villkoren f\u00f6r auktorisation f\u00f6r rekryteringsf\u00f6retag.\",\"breadcrumb\":{\"@id\":\"https:\/\/www.kompetensforetagen.se\/auktorisation-for-rekryteringsforetag\/#breadcrumb\"},\"inLanguage\":\"sv-SE\",\"potentialAction\":[{\"@type\":\"ReadAction\",\"target\":[\"https:\/\/www.kompetensforetagen.se\/auktorisation-for-rekryteringsforetag\/\"]}]},{\"@type\":\"BreadcrumbList\",\"@id\":\"https:\/\/www.kompetensforetagen.se\/auktorisation-for-rekryteringsforetag\/#breadcrumb\",\"itemListElement\":[{\"@type\":\"ListItem\",\"position\":1,\"name\":\"Home\",\"item\":\"https:\/\/www.kompetensforetagen.se\/\"},{\"@type\":\"ListItem\",\"position\":2,\"name\":\"Auktorisation f\u00f6r rekryterings&shy;f\u00f6retag\"}]},{\"@type\":\"WebSite\",\"@id\":\"https:\/\/www.kompetensforetagen.se\/#website\",\"url\":\"https:\/\/www.kompetensforetagen.se\/\",\"name\":\"Kompetensf\u00f6retagen\",\"description\":\"R\u00e4tt person p\u00e5 r\u00e4tt plats kan f\u00f6r\u00e4ndra v\u00e4rlden\",\"publisher\":{\"@id\":\"https:\/\/www.kompetensforetagen.se\/#organization\"},\"potentialAction\":[{\"@type\":\"SearchAction\",\"target\":{\"@type\":\"EntryPoint\",\"urlTemplate\":\"https:\/\/www.kompetensforetagen.se\/?s={search_term_string}\"},\"query-input\":{\"@type\":\"PropertyValueSpecification\",\"valueRequired\":true,\"valueName\":\"search_term_string\"}}],\"inLanguage\":\"sv-SE\"},{\"@type\":\"Organization\",\"@id\":\"https:\/\/www.kompetensforetagen.se\/#organization\",\"name\":\"Kompetensf\u00f6retagen\",\"url\":\"https:\/\/www.kompetensforetagen.se\/\",\"logo\":{\"@type\":\"ImageObject\",\"inLanguage\":\"sv-SE\",\"@id\":\"https:\/\/www.kompetensforetagen.se\/#\/schema\/logo\/image\/\",\"url\":\"https:\/\/www.kompetensforetagen.se\/app\/uploads\/sites\/5\/2022\/10\/logga_svart.png\",\"contentUrl\":\"https:\/\/www.kompetensforetagen.se\/app\/uploads\/sites\/5\/2022\/10\/logga_svart.png\",\"width\":752,\"height\":64,\"caption\":\"Kompetensf\u00f6retagen\"},\"image\":{\"@id\":\"https:\/\/www.kompetensforetagen.se\/#\/schema\/logo\/image\/\"},\"sameAs\":[\"https:\/\/www.linkedin.com\/company\/10540032\/\"]}]}<\/script>\n<!-- \/ Yoast SEO Premium plugin. -->","yoast_head_json":{"title":"Auktorisation f\u00f6r rekryteringsf\u00f6retag","description":"V\u00e5ra medlemmar kan auktoriseras inom sina verksamhetsomr\u00e5den. H\u00e4r hittar du villkoren f\u00f6r auktorisation f\u00f6r rekryteringsf\u00f6retag.","robots":{"index":"index","follow":"follow","max-snippet":"max-snippet:-1","max-image-preview":"max-image-preview:large","max-video-preview":"max-video-preview:-1"},"canonical":"https:\/\/www.kompetensforetagen.se\/auktorisation-for-rekryteringsforetag\/","og_locale":"sv_SE","og_type":"article","og_title":"Auktorisation f\u00f6r rekryteringsf\u00f6retag","og_description":"V\u00e5ra medlemmar kan auktoriseras inom sina verksamhetsomr\u00e5den. H\u00e4r hittar du villkoren f\u00f6r auktorisation f\u00f6r rekryteringsf\u00f6retag.","og_url":"https:\/\/www.kompetensforetagen.se\/auktorisation-for-rekryteringsforetag\/","og_site_name":"Kompetensf\u00f6retagen","article_modified_time":"2023-04-13T15:25:41+00:00","twitter_card":"summary_large_image","schema":{"@context":"https:\/\/schema.org","@graph":[{"@type":"WebPage","@id":"https:\/\/www.kompetensforetagen.se\/auktorisation-for-rekryteringsforetag\/","url":"https:\/\/www.kompetensforetagen.se\/auktorisation-for-rekryteringsforetag\/","name":"Auktorisation f\u00f6r rekryteringsf\u00f6retag","isPartOf":{"@id":"https:\/\/www.kompetensforetagen.se\/#website"},"datePublished":"2021-12-10T09:47:36+00:00","dateModified":"2023-04-13T15:25:41+00:00","description":"V\u00e5ra medlemmar kan auktoriseras inom sina verksamhetsomr\u00e5den. H\u00e4r hittar du villkoren f\u00f6r auktorisation f\u00f6r rekryteringsf\u00f6retag.","breadcrumb":{"@id":"https:\/\/www.kompetensforetagen.se\/auktorisation-for-rekryteringsforetag\/#breadcrumb"},"inLanguage":"sv-SE","potentialAction":[{"@type":"ReadAction","target":["https:\/\/www.kompetensforetagen.se\/auktorisation-for-rekryteringsforetag\/"]}]},{"@type":"BreadcrumbList","@id":"https:\/\/www.kompetensforetagen.se\/auktorisation-for-rekryteringsforetag\/#breadcrumb","itemListElement":[{"@type":"ListItem","position":1,"name":"Home","item":"https:\/\/www.kompetensforetagen.se\/"},{"@type":"ListItem","position":2,"name":"Auktorisation f\u00f6r rekryterings&shy;f\u00f6retag"}]},{"@type":"WebSite","@id":"https:\/\/www.kompetensforetagen.se\/#website","url":"https:\/\/www.kompetensforetagen.se\/","name":"Kompetensf\u00f6retagen","description":"R\u00e4tt person p\u00e5 r\u00e4tt plats kan f\u00f6r\u00e4ndra v\u00e4rlden","publisher":{"@id":"https:\/\/www.kompetensforetagen.se\/#organization"},"potentialAction":[{"@type":"SearchAction","target":{"@type":"EntryPoint","urlTemplate":"https:\/\/www.kompetensforetagen.se\/?s={search_term_string}"},"query-input":{"@type":"PropertyValueSpecification","valueRequired":true,"valueName":"search_term_string"}}],"inLanguage":"sv-SE"},{"@type":"Organization","@id":"https:\/\/www.kompetensforetagen.se\/#organization","name":"Kompetensf\u00f6retagen","url":"https:\/\/www.kompetensforetagen.se\/","logo":{"@type":"ImageObject","inLanguage":"sv-SE","@id":"https:\/\/www.kompetensforetagen.se\/#\/schema\/logo\/image\/","url":"https:\/\/www.kompetensforetagen.se\/app\/uploads\/sites\/5\/2022\/10\/logga_svart.png","contentUrl":"https:\/\/www.kompetensforetagen.se\/app\/uploads\/sites\/5\/2022\/10\/logga_svart.png","width":752,"height":64,"caption":"Kompetensf\u00f6retagen"},"image":{"@id":"https:\/\/www.kompetensforetagen.se\/#\/schema\/logo\/image\/"},"sameAs":["https:\/\/www.linkedin.com\/company\/10540032\/"]}]}},"_links":{"self":[{"href":"https:\/\/www.kompetensforetagen.se\/api\/wp\/v2\/pages\/8535","targetHints":{"allow":["GET"]}}],"collection":[{"href":"https:\/\/www.kompetensforetagen.se\/api\/wp\/v2\/pages"}],"about":[{"href":"https:\/\/www.kompetensforetagen.se\/api\/wp\/v2\/types\/page"}],"author":[{"embeddable":true,"href":"https:\/\/www.kompetensforetagen.se\/api\/wp\/v2\/users\/6058"}],"replies":[{"embeddable":true,"href":"https:\/\/www.kompetensforetagen.se\/api\/wp\/v2\/comments?post=8535"}],"version-history":[{"count":3,"href":"https:\/\/www.kompetensforetagen.se\/api\/wp\/v2\/pages\/8535\/revisions"}],"predecessor-version":[{"id":19486,"href":"https:\/\/www.kompetensforetagen.se\/api\/wp\/v2\/pages\/8535\/revisions\/19486"}],"up":[{"embeddable":true,"href":"https:\/\/www.kompetensforetagen.se\/api\/wp\/v2\/pages\/104"}],"wp:attachment":[{"href":"https:\/\/www.kompetensforetagen.se\/api\/wp\/v2\/media?parent=8535"}],"wp:term":[{"taxonomy":"type","embeddable":true,"href":"https:\/\/www.kompetensforetagen.se\/api\/wp\/v2\/article_type?post=8535"},{"taxonomy":"agreement","embeddable":true,"href":"https:\/\/www.kompetensforetagen.se\/api\/wp\/v2\/agreement?post=8535"},{"taxonomy":"for-members","embeddable":true,"href":"https:\/\/www.kompetensforetagen.se\/api\/wp\/v2\/for-members?post=8535"}],"curies":[{"name":"wp","href":"https:\/\/api.w.org\/{rel}","templated":true}]}}