{"id":7811,"date":"2021-09-03T15:05:23","date_gmt":"2021-09-03T13:05:23","guid":{"rendered":"https:\/\/www.kompetensforetagen.se\/?page_id=7811"},"modified":"2025-12-04T14:28:05","modified_gmt":"2025-12-04T13:28:05","slug":"kompetensforetagens-stadgar-2","status":"publish","type":"page","link":"https:\/\/www.kompetensforetagen.se\/kompetensforetagens-stadgar-2\/","title":{"rendered":"Stadgar"},"content":{"rendered":"<div class=\"wp-block wp-block-core-heading\" id=\"kompetensforetagens-stadgar\">\n<h1 class=\"wp-block-heading\" id=\"h-kompetensforetagens-stadgar\">Kompetensf\u00f6retagens stadgar<\/h1>\n<\/div>\n\n\n<div class=\"wp-block-group is-layout-constrained wp-block-group-is-layout-constrained\">\n<div class=\"wp-block-columns is-layout-flex wp-container-core-columns-is-layout-9d6595d7 wp-block-columns-is-layout-flex\">\n<div class=\"wp-block-column is-layout-flow wp-block-column-is-layout-flow\" style=\"flex-basis:33.33%\">\n<figure class=\"wp-block-image size-full\"><a class=\"https:\/\/www.kompetensforetagen.se\/app\/uploads\/sites\/5\/2025\/06\/Stadgar-250508-1.pdf\" href=\"https:\/\/www.kompetensforetagen.se\/app\/uploads\/sites\/5\/2025\/06\/Stadgar-250508.pdf\" target=\"_blank\" rel=\"noreferrer noopener\"><img loading=\"lazy\" decoding=\"async\" width=\"1058\" height=\"1497\" src=\"https:\/\/www.kompetensforetagen.se\/app\/uploads\/sites\/5\/2025\/06\/Stadgar-250508-1-pdf.jpg\" alt=\"\" class=\"wp-image-20166\" \/><\/a><\/figure>\n<\/div>\n\n\n\n<div class=\"wp-block-column is-layout-flow wp-block-column-is-layout-flow\" style=\"flex-basis:66.66%\"><div class=\"wp-block wp-block-core-paragraph\">\n<p>Kompetensf\u00f6retagens stadgar antogs f\u00f6rsta g\u00e5ngen vid konstituerande st\u00e4mma den 26 juni 2003. De har sedan reviderats 16 g\u00e5nger, senast 8 maj 2025.<\/p>\n<\/div>\n\n<div class=\"wp-block wp-block-core-paragraph\">\n<p>Medlemmar f\u00f6rbinder sig att f\u00f6lja inneh\u00e5llet i stadgarna.<\/p>\n<\/div><\/div>\n<\/div>\n<\/div>\n","protected":false},"excerpt":{"rendered":"<p>Kompetensf\u00f6retagens stadgar Kompetensf\u00f6retagens stadgar antogs f\u00f6rsta g\u00e5ngen vid konstituerande st\u00e4mma den 26 juni 2003. De har sedan reviderats 16 g\u00e5nger, senast 8 maj 2025. Medlemmar f\u00f6rbinder sig att f\u00f6lja inneh\u00e5llet i stadgarna.<\/p>\n","protected":false},"author":6058,"featured_media":0,"parent":0,"menu_order":49,"comment_status":"closed","ping_status":"closed","template":"","meta":{"_acf_changed":false,"footnotes":""},"article_type":[],"agreement":[],"for-members":[],"class_list":["post-7811","page","type-page","status-publish","hentry"],"acf":[],"yoast_head":"<!-- This site is optimized with the Yoast SEO Premium plugin v26.8 (Yoast SEO v26.8) - https:\/\/yoast.com\/product\/yoast-seo-premium-wordpress\/ -->\n<title>Stadgar I Kompetensf\u00f6retagen<\/title>\n<meta name=\"description\" content=\"H\u00e4r hittar du Kompetensf\u00f6retagens stadgar. Alla medlemsf\u00f6retag m\u00e5ste f\u00f6lja stadgarna. De antogs f\u00f6rsta g\u00e5ngen 2003 och uppdaterades senast 2025.\" \/>\n<meta name=\"robots\" content=\"index, follow, max-snippet:-1, max-image-preview:large, max-video-preview:-1\" \/>\n<link rel=\"canonical\" href=\"https:\/\/www.kompetensforetagen.se\/kompetensforetagens-stadgar-2\/\" \/>\n<meta property=\"og:locale\" content=\"sv_SE\" \/>\n<meta property=\"og:type\" content=\"article\" \/>\n<meta property=\"og:title\" content=\"Stadgar\" \/>\n<meta property=\"og:description\" content=\"H\u00e4r hittar du Kompetensf\u00f6retagens stadgar. Alla medlemsf\u00f6retag m\u00e5ste f\u00f6lja stadgarna. De antogs f\u00f6rsta g\u00e5ngen 2003 och uppdaterades senast 2025.\" \/>\n<meta property=\"og:url\" content=\"https:\/\/www.kompetensforetagen.se\/kompetensforetagens-stadgar-2\/\" \/>\n<meta property=\"og:site_name\" content=\"Kompetensf\u00f6retagen\" \/>\n<meta property=\"article:modified_time\" content=\"2025-12-04T13:28:05+00:00\" \/>\n<meta name=\"twitter:card\" content=\"summary_large_image\" \/>\n<meta name=\"twitter:label1\" content=\"Ber\u00e4knad l\u00e4stid\" \/>\n\t<meta name=\"twitter:data1\" content=\"1 minut\" \/>\n<script type=\"application\/ld+json\" class=\"yoast-schema-graph\">{\"@context\":\"https:\/\/schema.org\",\"@graph\":[{\"@type\":\"WebPage\",\"@id\":\"https:\/\/www.kompetensforetagen.se\/kompetensforetagens-stadgar-2\/\",\"url\":\"https:\/\/www.kompetensforetagen.se\/kompetensforetagens-stadgar-2\/\",\"name\":\"Stadgar I Kompetensf\u00f6retagen\",\"isPartOf\":{\"@id\":\"https:\/\/www.kompetensforetagen.se\/#website\"},\"primaryImageOfPage\":{\"@id\":\"https:\/\/www.kompetensforetagen.se\/kompetensforetagens-stadgar-2\/#primaryimage\"},\"image\":{\"@id\":\"https:\/\/www.kompetensforetagen.se\/kompetensforetagens-stadgar-2\/#primaryimage\"},\"thumbnailUrl\":\"https:\/\/www.kompetensforetagen.se\/app\/uploads\/sites\/5\/2025\/06\/Stadgar-250508-1-pdf.jpg\",\"datePublished\":\"2021-09-03T13:05:23+00:00\",\"dateModified\":\"2025-12-04T13:28:05+00:00\",\"description\":\"H\u00e4r hittar du Kompetensf\u00f6retagens stadgar. Alla medlemsf\u00f6retag m\u00e5ste f\u00f6lja stadgarna. De antogs f\u00f6rsta g\u00e5ngen 2003 och uppdaterades senast 2025.\",\"breadcrumb\":{\"@id\":\"https:\/\/www.kompetensforetagen.se\/kompetensforetagens-stadgar-2\/#breadcrumb\"},\"inLanguage\":\"sv-SE\",\"potentialAction\":[{\"@type\":\"ReadAction\",\"target\":[\"https:\/\/www.kompetensforetagen.se\/kompetensforetagens-stadgar-2\/\"]}]},{\"@type\":\"ImageObject\",\"inLanguage\":\"sv-SE\",\"@id\":\"https:\/\/www.kompetensforetagen.se\/kompetensforetagens-stadgar-2\/#primaryimage\",\"url\":\"https:\/\/www.kompetensforetagen.se\/app\/uploads\/sites\/5\/2025\/06\/Stadgar-250508-1-pdf.jpg\",\"contentUrl\":\"https:\/\/www.kompetensforetagen.se\/app\/uploads\/sites\/5\/2025\/06\/Stadgar-250508-1-pdf.jpg\"},{\"@type\":\"BreadcrumbList\",\"@id\":\"https:\/\/www.kompetensforetagen.se\/kompetensforetagens-stadgar-2\/#breadcrumb\",\"itemListElement\":[{\"@type\":\"ListItem\",\"position\":1,\"name\":\"Home\",\"item\":\"https:\/\/www.kompetensforetagen.se\/\"},{\"@type\":\"ListItem\",\"position\":2,\"name\":\"Stadgar\"}]},{\"@type\":\"WebSite\",\"@id\":\"https:\/\/www.kompetensforetagen.se\/#website\",\"url\":\"https:\/\/www.kompetensforetagen.se\/\",\"name\":\"Kompetensf\u00f6retagen\",\"description\":\"R\u00e4tt person p\u00e5 r\u00e4tt plats kan f\u00f6r\u00e4ndra v\u00e4rlden\",\"publisher\":{\"@id\":\"https:\/\/www.kompetensforetagen.se\/#organization\"},\"potentialAction\":[{\"@type\":\"SearchAction\",\"target\":{\"@type\":\"EntryPoint\",\"urlTemplate\":\"https:\/\/www.kompetensforetagen.se\/?s={search_term_string}\"},\"query-input\":{\"@type\":\"PropertyValueSpecification\",\"valueRequired\":true,\"valueName\":\"search_term_string\"}}],\"inLanguage\":\"sv-SE\"},{\"@type\":\"Organization\",\"@id\":\"https:\/\/www.kompetensforetagen.se\/#organization\",\"name\":\"Kompetensf\u00f6retagen\",\"url\":\"https:\/\/www.kompetensforetagen.se\/\",\"logo\":{\"@type\":\"ImageObject\",\"inLanguage\":\"sv-SE\",\"@id\":\"https:\/\/www.kompetensforetagen.se\/#\/schema\/logo\/image\/\",\"url\":\"https:\/\/www.kompetensforetagen.se\/app\/uploads\/sites\/5\/2022\/10\/logga_svart.png\",\"contentUrl\":\"https:\/\/www.kompetensforetagen.se\/app\/uploads\/sites\/5\/2022\/10\/logga_svart.png\",\"width\":752,\"height\":64,\"caption\":\"Kompetensf\u00f6retagen\"},\"image\":{\"@id\":\"https:\/\/www.kompetensforetagen.se\/#\/schema\/logo\/image\/\"},\"sameAs\":[\"https:\/\/www.linkedin.com\/company\/10540032\/\"]}]}<\/script>\n<!-- \/ Yoast SEO Premium plugin. -->","yoast_head_json":{"title":"Stadgar I Kompetensf\u00f6retagen","description":"H\u00e4r hittar du Kompetensf\u00f6retagens stadgar. Alla medlemsf\u00f6retag m\u00e5ste f\u00f6lja stadgarna. De antogs f\u00f6rsta g\u00e5ngen 2003 och uppdaterades senast 2025.","robots":{"index":"index","follow":"follow","max-snippet":"max-snippet:-1","max-image-preview":"max-image-preview:large","max-video-preview":"max-video-preview:-1"},"canonical":"https:\/\/www.kompetensforetagen.se\/kompetensforetagens-stadgar-2\/","og_locale":"sv_SE","og_type":"article","og_title":"Stadgar","og_description":"H\u00e4r hittar du Kompetensf\u00f6retagens stadgar. Alla medlemsf\u00f6retag m\u00e5ste f\u00f6lja stadgarna. De antogs f\u00f6rsta g\u00e5ngen 2003 och uppdaterades senast 2025.","og_url":"https:\/\/www.kompetensforetagen.se\/kompetensforetagens-stadgar-2\/","og_site_name":"Kompetensf\u00f6retagen","article_modified_time":"2025-12-04T13:28:05+00:00","twitter_card":"summary_large_image","twitter_misc":{"Ber\u00e4knad l\u00e4stid":"1 minut"},"schema":{"@context":"https:\/\/schema.org","@graph":[{"@type":"WebPage","@id":"https:\/\/www.kompetensforetagen.se\/kompetensforetagens-stadgar-2\/","url":"https:\/\/www.kompetensforetagen.se\/kompetensforetagens-stadgar-2\/","name":"Stadgar I Kompetensf\u00f6retagen","isPartOf":{"@id":"https:\/\/www.kompetensforetagen.se\/#website"},"primaryImageOfPage":{"@id":"https:\/\/www.kompetensforetagen.se\/kompetensforetagens-stadgar-2\/#primaryimage"},"image":{"@id":"https:\/\/www.kompetensforetagen.se\/kompetensforetagens-stadgar-2\/#primaryimage"},"thumbnailUrl":"https:\/\/www.kompetensforetagen.se\/app\/uploads\/sites\/5\/2025\/06\/Stadgar-250508-1-pdf.jpg","datePublished":"2021-09-03T13:05:23+00:00","dateModified":"2025-12-04T13:28:05+00:00","description":"H\u00e4r hittar du Kompetensf\u00f6retagens stadgar. Alla medlemsf\u00f6retag m\u00e5ste f\u00f6lja stadgarna. De antogs f\u00f6rsta g\u00e5ngen 2003 och uppdaterades senast 2025.","breadcrumb":{"@id":"https:\/\/www.kompetensforetagen.se\/kompetensforetagens-stadgar-2\/#breadcrumb"},"inLanguage":"sv-SE","potentialAction":[{"@type":"ReadAction","target":["https:\/\/www.kompetensforetagen.se\/kompetensforetagens-stadgar-2\/"]}]},{"@type":"ImageObject","inLanguage":"sv-SE","@id":"https:\/\/www.kompetensforetagen.se\/kompetensforetagens-stadgar-2\/#primaryimage","url":"https:\/\/www.kompetensforetagen.se\/app\/uploads\/sites\/5\/2025\/06\/Stadgar-250508-1-pdf.jpg","contentUrl":"https:\/\/www.kompetensforetagen.se\/app\/uploads\/sites\/5\/2025\/06\/Stadgar-250508-1-pdf.jpg"},{"@type":"BreadcrumbList","@id":"https:\/\/www.kompetensforetagen.se\/kompetensforetagens-stadgar-2\/#breadcrumb","itemListElement":[{"@type":"ListItem","position":1,"name":"Home","item":"https:\/\/www.kompetensforetagen.se\/"},{"@type":"ListItem","position":2,"name":"Stadgar"}]},{"@type":"WebSite","@id":"https:\/\/www.kompetensforetagen.se\/#website","url":"https:\/\/www.kompetensforetagen.se\/","name":"Kompetensf\u00f6retagen","description":"R\u00e4tt person p\u00e5 r\u00e4tt plats kan f\u00f6r\u00e4ndra v\u00e4rlden","publisher":{"@id":"https:\/\/www.kompetensforetagen.se\/#organization"},"potentialAction":[{"@type":"SearchAction","target":{"@type":"EntryPoint","urlTemplate":"https:\/\/www.kompetensforetagen.se\/?s={search_term_string}"},"query-input":{"@type":"PropertyValueSpecification","valueRequired":true,"valueName":"search_term_string"}}],"inLanguage":"sv-SE"},{"@type":"Organization","@id":"https:\/\/www.kompetensforetagen.se\/#organization","name":"Kompetensf\u00f6retagen","url":"https:\/\/www.kompetensforetagen.se\/","logo":{"@type":"ImageObject","inLanguage":"sv-SE","@id":"https:\/\/www.kompetensforetagen.se\/#\/schema\/logo\/image\/","url":"https:\/\/www.kompetensforetagen.se\/app\/uploads\/sites\/5\/2022\/10\/logga_svart.png","contentUrl":"https:\/\/www.kompetensforetagen.se\/app\/uploads\/sites\/5\/2022\/10\/logga_svart.png","width":752,"height":64,"caption":"Kompetensf\u00f6retagen"},"image":{"@id":"https:\/\/www.kompetensforetagen.se\/#\/schema\/logo\/image\/"},"sameAs":["https:\/\/www.linkedin.com\/company\/10540032\/"]}]}},"_links":{"self":[{"href":"https:\/\/www.kompetensforetagen.se\/api\/wp\/v2\/pages\/7811","targetHints":{"allow":["GET"]}}],"collection":[{"href":"https:\/\/www.kompetensforetagen.se\/api\/wp\/v2\/pages"}],"about":[{"href":"https:\/\/www.kompetensforetagen.se\/api\/wp\/v2\/types\/page"}],"author":[{"embeddable":true,"href":"https:\/\/www.kompetensforetagen.se\/api\/wp\/v2\/users\/6058"}],"replies":[{"embeddable":true,"href":"https:\/\/www.kompetensforetagen.se\/api\/wp\/v2\/comments?post=7811"}],"version-history":[{"count":19,"href":"https:\/\/www.kompetensforetagen.se\/api\/wp\/v2\/pages\/7811\/revisions"}],"predecessor-version":[{"id":21118,"href":"https:\/\/www.kompetensforetagen.se\/api\/wp\/v2\/pages\/7811\/revisions\/21118"}],"wp:attachment":[{"href":"https:\/\/www.kompetensforetagen.se\/api\/wp\/v2\/media?parent=7811"}],"wp:term":[{"taxonomy":"type","embeddable":true,"href":"https:\/\/www.kompetensforetagen.se\/api\/wp\/v2\/article_type?post=7811"},{"taxonomy":"agreement","embeddable":true,"href":"https:\/\/www.kompetensforetagen.se\/api\/wp\/v2\/agreement?post=7811"},{"taxonomy":"for-members","embeddable":true,"href":"https:\/\/www.kompetensforetagen.se\/api\/wp\/v2\/for-members?post=7811"}],"curies":[{"name":"wp","href":"https:\/\/api.w.org\/{rel}","templated":true}]}}