{"id":78,"date":"2018-02-26T11:05:02","date_gmt":"2018-02-26T10:05:02","guid":{"rendered":"http:\/\/staging.bemanningsforetagen.se\/?page_id=78"},"modified":"2024-08-27T10:51:24","modified_gmt":"2024-08-27T08:51:24","slug":"etiska-regler","status":"publish","type":"page","link":"https:\/\/www.kompetensforetagen.se\/bli-medlem-2\/etiska-regler\/","title":{"rendered":"Etiska regler"},"content":{"rendered":"<div id=\"block-hero-block_abda09f9596f1efd68e382d31db953fd\" class=\"Hero has-lightgray-background-color\">\n\n    \n  <div class=\"Hero__inner container has-lightgray-background-color has-arrow\">\n              <div class=\"Hero__title\">\n          <h1>Etiska <i> regler<\/i><\/h1>\n        <\/div>\n                                <div class=\"Hero__arrow\">\n          <svg class='icon icon--squiggly-arrow'  width=\"282\" height=\"302\" viewBox=\"0 0 282 302\" fill=\"none\" xmlns=\"http:\/\/www.w3.org\/2000\/svg\">\n<path d=\"M108.429 281.19L129.837 295.44L143.97 274.186\" stroke=\"black\" stroke-width=\"4\" stroke-miterlimit=\"10\"\/>\n<path d=\"M43.8871 68.0497C53.3269 84.3998 70.0075 95.6755 88.6244 97.6784C107.24 99.6801 125.826 95.0068 144.209 91.4645C162.592 87.9216 182.067 85.5682 199.674 91.9481C220.515 99.5002 236.316 120.278 236.492 142.446C236.669 164.616 220.178 186.234 198.428 190.49C188.558 192.423 177.815 190.842 169.542 185.112C161.271 179.382 155.88 169.284 156.859 159.269C158.292 144.577 173.761 133.512 188.444 135C203.126 136.491 215.468 148.757 219.176 163.047C222.881 177.337 218.804 192.932 210.416 205.072C202.027 217.212 189.703 226.187 176.514 232.804C167.472 237.341 157.931 240.877 149.144 245.889C140.356 250.899 132.161 257.651 127.746 266.755C123.333 275.858 126.637 283.983 129.929 295.386\" stroke=\"black\" stroke-width=\"4\" stroke-miterlimit=\"10\"\/>\n<\/svg>\n\n          <\/div>\n        <\/div>\n<\/div>\n\n\n<div class=\"wp-block wp-block-core-paragraph\">\n<p><strong>Kompetensf\u00f6retagens medlemmar verkar inom bemanning, omst\u00e4llning och rekrytering. Kompetensf\u00f6retagens medlemmar f\u00f6rser f\u00f6retag och organisationer med r\u00e4tt kompetens vid r\u00e4tt tillf\u00e4lle f\u00f6r att kunna verka effektivt. Medarbetarna f\u00e5r m\u00f6jlighet att utvecklas under trygga former p\u00e5 en f\u00f6r\u00e4nderlig arbetsmarknad. Kompetensf\u00f6retagen arbetar f\u00f6r en h\u00f6g tillit till branschen som helhet. Branschens f\u00f6retag ska str\u00e4va efter att vara attraktiva arbetsplatser som skapar l\u00e5ngsiktigt h\u00e5llbara v\u00e4rden och framtid f\u00f6r medarbetare, kund och samh\u00e4lle. <\/strong><strong>Alla medlemmar i Kompetensf\u00f6retagen ska f\u00f6lja de etiska reglerna. <\/strong><strong><\/strong><\/p>\n<\/div>\n\n<div class=\"wp-block wp-block-core-paragraph\">\n<p><strong>Medarbetaransvar<\/strong><\/p>\n<\/div>\n\n<div class=\"wp-block wp-block-core-paragraph\">\n<p>Vi st\u00e4var hela tiden efter att vara en ansvarsfull arbetsgivare och vi v\u00e4rnar om den enskildes arbetssituation, h\u00e4lsa, trivsel och utveckling.<\/p>\n<\/div>\n\n<div class=\"wp-block wp-block-core-paragraph\">\n<p>Vi v\u00e4ljer medarbetare endast efter kompetens \u2013 inga godtyckliga kriterier.<\/p>\n<\/div>\n\n<div class=\"wp-block wp-block-core-paragraph\">\n<p>Vi till\u00e4mpar de anst\u00e4llnings-\/arbetsvillkor som vi \u00e4r bundna av i branschen.<\/p>\n<\/div>\n\n<div class=\"wp-block wp-block-core-paragraph\">\n<p><strong>Kundansvar<\/strong><\/p>\n<\/div>\n\n<div class=\"wp-block wp-block-core-paragraph\">\n<p>Vi ska i v\u00e5ra aff\u00e4rsrelationer alltid str\u00e4va efter att upptr\u00e4da p\u00e5 ett professionellt och respektfullt s\u00e4tt som st\u00e4rker branschens anseende.<\/p>\n<\/div>\n\n<div class=\"wp-block wp-block-core-paragraph\">\n<p>Vi s\u00e4kerst\u00e4ller diskretion om f\u00f6rh\u00e5llanden hos kundf\u00f6retag.<\/p>\n<\/div>\n\n<div class=\"wp-block wp-block-core-paragraph\">\n<p><strong>Partsansvar<\/strong><\/p>\n<\/div>\n\n<div class=\"wp-block wp-block-core-paragraph\">\n<p>Vi medverkar till utveckling av kollektivavtal.<\/p>\n<\/div>\n\n<div class=\"wp-block wp-block-core-paragraph\">\n<p>Vi v\u00e4rnar den svenska modellen d\u00e4r en god dialog med v\u00e5ra fackliga parter \u00e4r centralt.<\/p>\n<\/div>\n\n<div class=\"wp-block wp-block-core-paragraph\">\n<p>Vi f\u00f6rh\u00e5ller oss neutrala vid arbetsmarknadskonflikter.<\/p>\n<\/div>\n\n<div class=\"wp-block wp-block-core-paragraph\">\n<p><strong>Integritet och s\u00e4kerhet<\/strong><\/p>\n<\/div>\n\n<div class=\"wp-block wp-block-core-paragraph\">\n<p>Vi v\u00e4rnar den personliga integriteten hos medarbetare, kandidater och omst\u00e4llningsdeltagare s\u00e5v\u00e4l som f\u00f6retags och organisationers integritet vid anv\u00e4ndning av v\u00e5ra tj\u00e4nster.<\/p>\n<\/div>\n\n<div class=\"wp-block wp-block-core-paragraph\">\n<p>Vi hanterar uppgifter och data om individer, f\u00f6retag och organisationer med stor f\u00f6rsiktighet och arbetar f\u00f6r att f\u00f6rhindra l\u00e4ckor och spridning av k\u00e4nsliga uppgifter.<\/p>\n<\/div>\n\n<div class=\"wp-block wp-block-core-paragraph\">\n<p>Vi verkar f\u00f6r att \u00f6ka det generella medvetandet om s\u00e4kerhetsfr\u00e5gor genom att tydligg\u00f6ra ansvaret mellan parterna genom avtal, lag, standarder och \u00f6verenskommelser.<\/p>\n<\/div>\n\n<div class=\"wp-block wp-block-core-paragraph\">\n<p><strong>Konkurrens<\/strong><\/p>\n<\/div>\n\n<div class=\"wp-block wp-block-core-paragraph\">\n<p>Vi anser att en fri marknadsm\u00e4ssig konkurrens \u00e4r en f\u00f6ruts\u00e4ttning f\u00f6r tillv\u00e4xt och utveckling som leder Sverige till \u00f6kat v\u00e4lst\u00e5nd.<\/p>\n<\/div>\n\n<div class=\"wp-block wp-block-core-paragraph\">\n<p>Vi respekterar v\u00e5ra konkurrenters aff\u00e4rsrelationer genom korrekt och aff\u00e4rsm\u00e4ssigt agerande i f\u00f6rh\u00e5llande till andras avtalsrelationer.<\/p>\n<\/div>\n\n<div class=\"wp-block wp-block-core-paragraph\">\n<p>Som akt\u00f6r p\u00e5 marknaden verkar vi f\u00f6r sund konkurrens och ska iaktta god marknadsf\u00f6ringssed.<\/p>\n<\/div>\n\n<div class=\"wp-block wp-block-core-paragraph\">\n<p>V\u00e5r information till kunder och marknaden ska alltid vara tydlig till sitt inneh\u00e5ll och aldrig vara medvetet vilseledande eller tvetydig.<\/p>\n<\/div>\n\n<div class=\"wp-block wp-block-core-paragraph\">\n<p>Vi s\u00e4kerst\u00e4ller och m\u00e5nar om underleverant\u00f6rers och samarbetspartners seriositet.<\/p>\n<\/div>\n\n<div class=\"wp-block wp-block-core-paragraph\">\n<p><strong>Anti-korruption<\/strong><\/p>\n<\/div>\n\n<div class=\"wp-block wp-block-core-paragraph\">\n<p>Vi arbetar aktivt med anti-korruption.<\/p>\n<\/div>\n\n<div class=\"wp-block wp-block-core-paragraph\">\n<p>Vi str\u00e4var efter att fr\u00e4mja en h\u00f6g etisk niv\u00e5 i kommersiella relationer och motverkar mutor, bestickningar och andra former av korruption.<\/p>\n<\/div>\n\n<div class=\"wp-block wp-block-core-paragraph\">\n<p><strong>H\u00e5llbarhet<\/strong><\/p>\n<\/div>\n\n<div class=\"wp-block wp-block-core-paragraph\">\n<p>Vi arbetar f\u00f6r en h\u00e5llbar, klimatsmart och framtidss\u00e4krad bransch<\/p>\n<\/div>\n\n<div class=\"wp-block wp-block-core-paragraph\">\n<p>V\u00e5rt m\u00e5l \u00e4r att v\u00e5r verksamhet ska ha s\u00e5 liten p\u00e5verkan p\u00e5 milj\u00f6n som m\u00f6jligt.<\/p>\n<\/div>\n\n<div class=\"wp-block wp-block-core-paragraph\">\n<p>Vi tar socialt ansvar genom att vi f\u00f6ljer de lagar, best\u00e4mmelser och f\u00f6reskrifter som g\u00e4ller f\u00f6r verksamheten och alltid p\u00e5 ett etiskt korrekt s\u00e4tt, med \u00f6ppenhet, integritet och \u00e4rlighet.<\/p>\n<\/div>\n\n<div class=\"wp-block wp-block-core-paragraph\">\n<p><strong>M\u00e5ngfald<\/strong><\/p>\n<\/div>\n\n<div class=\"wp-block wp-block-core-paragraph\">\n<p>Vi erbjuder alla individer lika m\u00f6jligheter till anst\u00e4llning.<\/p>\n<\/div>\n\n<div class=\"wp-block wp-block-core-paragraph\">\n<p>Vi fr\u00e4mjar m\u00e5ngfald och motverkar varje form av diskriminering.<\/p>\n<\/div>\n\n<div class=\"wp-block wp-block-core-paragraph\">\n<p><strong>Samh\u00e4llsansvar<\/strong><\/p>\n<\/div>\n\n<div class=\"wp-block wp-block-core-paragraph\">\n<p>Vi ska bidra till ett samh\u00e4lle d\u00e4r det finns ett starkt f\u00f6rtroende f\u00f6r f\u00f6retagen, f\u00f6retagande, marknadsekonomin, v\u00e4lf\u00e4rden och r\u00e4ttsstaten.<\/p>\n<\/div>\n\n<div class=\"wp-block wp-block-core-paragraph\">\n<p>Vi tar ansvar f\u00f6r hur branschen verkar och vi bidrar till branschens goda rykte bland myndigheter och organisationer genom robust styrning, transparens och ett h\u00f6gt f\u00f6rtroende.<\/p>\n<\/div>\n\n<div class=\"wp-block wp-block-core-paragraph\">\n<p>Vi bidrar till samh\u00e4llet med v\u00e5r kompetensf\u00f6rs\u00f6rjning.<\/p>\n<\/div>\n\n<div id=\"block-iconlink-block_4f8e66859c65d37a471c837f811e779e\" class=\"Icon-link Icon-link--download\">\n      <a href=\"https:\/\/www.kompetensforetagen.se\/app\/uploads\/sites\/5\/2024\/05\/Etiska-regler.pdf\" target=\"_blank\" class=\"Button is-button is-style-fill has-green-background-color has-green-border-color has-white-color Button--download\">\n      <div class=\"Button__text\">\n        Ladda ner etiska regler\n      <\/div>\n      <div class=\"Button__arrow \">\n                <svg class='icon icon--download'  width=\"16\" height=\"16\" viewBox=\"0 0 16 16\" fill=\"none\" xmlns=\"http:\/\/www.w3.org\/2000\/svg\">\n<path d=\"M8 -2.18557e-07L8 10M8 10L13 5M8 10L3 5\" stroke=\"black\" stroke-width=\"2\" stroke-miterlimit=\"10\"\/>\n<path d=\"M15 11.5V15H1V11.5\" stroke=\"black\" stroke-width=\"2\" stroke-miterlimit=\"10\"\/>\n<\/svg>\n\n        <\/div>\n    <\/a>\n  <\/div>\n","protected":false},"excerpt":{"rendered":"<p>Kompetensf\u00f6retagens medlemmar verkar inom bemanning, omst\u00e4llning och rekrytering. Kompetensf\u00f6retagens medlemmar f\u00f6rser f\u00f6retag och organisationer med r\u00e4tt kompetens vid r\u00e4tt tillf\u00e4lle f\u00f6r att kunna verka effektivt. Medarbetarna f\u00e5r m\u00f6jlighet att utvecklas under trygga former p\u00e5 en &hellip;<\/p>\n","protected":false},"author":2,"featured_media":0,"parent":13909,"menu_order":0,"comment_status":"closed","ping_status":"closed","template":"","meta":{"_acf_changed":false,"footnotes":""},"article_type":[],"agreement":[],"for-members":[],"class_list":["post-78","page","type-page","status-publish","hentry"],"acf":[],"yoast_head":"<!-- This site is optimized with the Yoast SEO Premium plugin v26.8 (Yoast SEO v26.8) - https:\/\/yoast.com\/product\/yoast-seo-premium-wordpress\/ -->\n<title>Etiska regler - Kompetensf\u00f6retagen<\/title>\n<meta name=\"description\" content=\"Medlemskap i Kompetensf\u00f6retagen \u00e4r en kvalitetsst\u00e4mpel. En del av att vara medlem i Kompetensf\u00f6retagen \u00e4r att f\u00f6lja v\u00e5ra etiska regler.\" \/>\n<meta name=\"robots\" content=\"index, follow, max-snippet:-1, max-image-preview:large, max-video-preview:-1\" \/>\n<link rel=\"canonical\" href=\"https:\/\/www.kompetensforetagen.se\/medlemskap\/etiska-regler\/\" \/>\n<meta property=\"og:locale\" content=\"sv_SE\" \/>\n<meta property=\"og:type\" content=\"article\" \/>\n<meta property=\"og:title\" content=\"Etiska regler\" \/>\n<meta property=\"og:description\" content=\"Medlemskap i Kompetensf\u00f6retagen \u00e4r en kvalitetsst\u00e4mpel. En del av att vara medlem i Kompetensf\u00f6retagen \u00e4r att f\u00f6lja v\u00e5ra etiska regler.\" \/>\n<meta property=\"og:url\" content=\"https:\/\/www.kompetensforetagen.se\/medlemskap\/etiska-regler\/\" \/>\n<meta property=\"og:site_name\" content=\"Kompetensf\u00f6retagen\" \/>\n<meta property=\"article:modified_time\" content=\"2024-08-27T08:51:24+00:00\" \/>\n<meta name=\"twitter:card\" content=\"summary_large_image\" \/>\n<meta name=\"twitter:label1\" content=\"Ber\u00e4knad l\u00e4stid\" \/>\n\t<meta name=\"twitter:data1\" content=\"3 minuter\" \/>\n<script type=\"application\/ld+json\" class=\"yoast-schema-graph\">{\"@context\":\"https:\/\/schema.org\",\"@graph\":[{\"@type\":\"WebPage\",\"@id\":\"https:\/\/www.kompetensforetagen.se\/medlemskap\/etiska-regler\/\",\"url\":\"https:\/\/www.kompetensforetagen.se\/medlemskap\/etiska-regler\/\",\"name\":\"Etiska regler - Kompetensf\u00f6retagen\",\"isPartOf\":{\"@id\":\"https:\/\/www.kompetensforetagen.se\/#website\"},\"datePublished\":\"2018-02-26T10:05:02+00:00\",\"dateModified\":\"2024-08-27T08:51:24+00:00\",\"description\":\"Medlemskap i Kompetensf\u00f6retagen \u00e4r en kvalitetsst\u00e4mpel. En del av att vara medlem i Kompetensf\u00f6retagen \u00e4r att f\u00f6lja v\u00e5ra etiska regler.\",\"breadcrumb\":{\"@id\":\"https:\/\/www.kompetensforetagen.se\/medlemskap\/etiska-regler\/#breadcrumb\"},\"inLanguage\":\"sv-SE\",\"potentialAction\":[{\"@type\":\"ReadAction\",\"target\":[\"https:\/\/www.kompetensforetagen.se\/medlemskap\/etiska-regler\/\"]}]},{\"@type\":\"BreadcrumbList\",\"@id\":\"https:\/\/www.kompetensforetagen.se\/medlemskap\/etiska-regler\/#breadcrumb\",\"itemListElement\":[{\"@type\":\"ListItem\",\"position\":1,\"name\":\"Home\",\"item\":\"https:\/\/www.kompetensforetagen.se\/\"},{\"@type\":\"ListItem\",\"position\":2,\"name\":\"Medlemskap\",\"item\":\"https:\/\/www.kompetensforetagen.se\/?page_id=13\"},{\"@type\":\"ListItem\",\"position\":3,\"name\":\"Etiska regler\"}]},{\"@type\":\"WebSite\",\"@id\":\"https:\/\/www.kompetensforetagen.se\/#website\",\"url\":\"https:\/\/www.kompetensforetagen.se\/\",\"name\":\"Kompetensf\u00f6retagen\",\"description\":\"R\u00e4tt person p\u00e5 r\u00e4tt plats kan f\u00f6r\u00e4ndra v\u00e4rlden\",\"publisher\":{\"@id\":\"https:\/\/www.kompetensforetagen.se\/#organization\"},\"potentialAction\":[{\"@type\":\"SearchAction\",\"target\":{\"@type\":\"EntryPoint\",\"urlTemplate\":\"https:\/\/www.kompetensforetagen.se\/?s={search_term_string}\"},\"query-input\":{\"@type\":\"PropertyValueSpecification\",\"valueRequired\":true,\"valueName\":\"search_term_string\"}}],\"inLanguage\":\"sv-SE\"},{\"@type\":\"Organization\",\"@id\":\"https:\/\/www.kompetensforetagen.se\/#organization\",\"name\":\"Kompetensf\u00f6retagen\",\"url\":\"https:\/\/www.kompetensforetagen.se\/\",\"logo\":{\"@type\":\"ImageObject\",\"inLanguage\":\"sv-SE\",\"@id\":\"https:\/\/www.kompetensforetagen.se\/#\/schema\/logo\/image\/\",\"url\":\"https:\/\/www.kompetensforetagen.se\/app\/uploads\/sites\/5\/2022\/10\/logga_svart.png\",\"contentUrl\":\"https:\/\/www.kompetensforetagen.se\/app\/uploads\/sites\/5\/2022\/10\/logga_svart.png\",\"width\":752,\"height\":64,\"caption\":\"Kompetensf\u00f6retagen\"},\"image\":{\"@id\":\"https:\/\/www.kompetensforetagen.se\/#\/schema\/logo\/image\/\"},\"sameAs\":[\"https:\/\/www.linkedin.com\/company\/10540032\/\"]}]}<\/script>\n<!-- \/ Yoast SEO Premium plugin. -->","yoast_head_json":{"title":"Etiska regler - Kompetensf\u00f6retagen","description":"Medlemskap i Kompetensf\u00f6retagen \u00e4r en kvalitetsst\u00e4mpel. En del av att vara medlem i Kompetensf\u00f6retagen \u00e4r att f\u00f6lja v\u00e5ra etiska regler.","robots":{"index":"index","follow":"follow","max-snippet":"max-snippet:-1","max-image-preview":"max-image-preview:large","max-video-preview":"max-video-preview:-1"},"canonical":"https:\/\/www.kompetensforetagen.se\/medlemskap\/etiska-regler\/","og_locale":"sv_SE","og_type":"article","og_title":"Etiska regler","og_description":"Medlemskap i Kompetensf\u00f6retagen \u00e4r en kvalitetsst\u00e4mpel. En del av att vara medlem i Kompetensf\u00f6retagen \u00e4r att f\u00f6lja v\u00e5ra etiska regler.","og_url":"https:\/\/www.kompetensforetagen.se\/medlemskap\/etiska-regler\/","og_site_name":"Kompetensf\u00f6retagen","article_modified_time":"2024-08-27T08:51:24+00:00","twitter_card":"summary_large_image","twitter_misc":{"Ber\u00e4knad l\u00e4stid":"3 minuter"},"schema":{"@context":"https:\/\/schema.org","@graph":[{"@type":"WebPage","@id":"https:\/\/www.kompetensforetagen.se\/medlemskap\/etiska-regler\/","url":"https:\/\/www.kompetensforetagen.se\/medlemskap\/etiska-regler\/","name":"Etiska regler - Kompetensf\u00f6retagen","isPartOf":{"@id":"https:\/\/www.kompetensforetagen.se\/#website"},"datePublished":"2018-02-26T10:05:02+00:00","dateModified":"2024-08-27T08:51:24+00:00","description":"Medlemskap i Kompetensf\u00f6retagen \u00e4r en kvalitetsst\u00e4mpel. En del av att vara medlem i Kompetensf\u00f6retagen \u00e4r att f\u00f6lja v\u00e5ra etiska regler.","breadcrumb":{"@id":"https:\/\/www.kompetensforetagen.se\/medlemskap\/etiska-regler\/#breadcrumb"},"inLanguage":"sv-SE","potentialAction":[{"@type":"ReadAction","target":["https:\/\/www.kompetensforetagen.se\/medlemskap\/etiska-regler\/"]}]},{"@type":"BreadcrumbList","@id":"https:\/\/www.kompetensforetagen.se\/medlemskap\/etiska-regler\/#breadcrumb","itemListElement":[{"@type":"ListItem","position":1,"name":"Home","item":"https:\/\/www.kompetensforetagen.se\/"},{"@type":"ListItem","position":2,"name":"Medlemskap","item":"https:\/\/www.kompetensforetagen.se\/?page_id=13"},{"@type":"ListItem","position":3,"name":"Etiska regler"}]},{"@type":"WebSite","@id":"https:\/\/www.kompetensforetagen.se\/#website","url":"https:\/\/www.kompetensforetagen.se\/","name":"Kompetensf\u00f6retagen","description":"R\u00e4tt person p\u00e5 r\u00e4tt plats kan f\u00f6r\u00e4ndra v\u00e4rlden","publisher":{"@id":"https:\/\/www.kompetensforetagen.se\/#organization"},"potentialAction":[{"@type":"SearchAction","target":{"@type":"EntryPoint","urlTemplate":"https:\/\/www.kompetensforetagen.se\/?s={search_term_string}"},"query-input":{"@type":"PropertyValueSpecification","valueRequired":true,"valueName":"search_term_string"}}],"inLanguage":"sv-SE"},{"@type":"Organization","@id":"https:\/\/www.kompetensforetagen.se\/#organization","name":"Kompetensf\u00f6retagen","url":"https:\/\/www.kompetensforetagen.se\/","logo":{"@type":"ImageObject","inLanguage":"sv-SE","@id":"https:\/\/www.kompetensforetagen.se\/#\/schema\/logo\/image\/","url":"https:\/\/www.kompetensforetagen.se\/app\/uploads\/sites\/5\/2022\/10\/logga_svart.png","contentUrl":"https:\/\/www.kompetensforetagen.se\/app\/uploads\/sites\/5\/2022\/10\/logga_svart.png","width":752,"height":64,"caption":"Kompetensf\u00f6retagen"},"image":{"@id":"https:\/\/www.kompetensforetagen.se\/#\/schema\/logo\/image\/"},"sameAs":["https:\/\/www.linkedin.com\/company\/10540032\/"]}]}},"_links":{"self":[{"href":"https:\/\/www.kompetensforetagen.se\/api\/wp\/v2\/pages\/78","targetHints":{"allow":["GET"]}}],"collection":[{"href":"https:\/\/www.kompetensforetagen.se\/api\/wp\/v2\/pages"}],"about":[{"href":"https:\/\/www.kompetensforetagen.se\/api\/wp\/v2\/types\/page"}],"author":[{"embeddable":true,"href":"https:\/\/www.kompetensforetagen.se\/api\/wp\/v2\/users\/2"}],"replies":[{"embeddable":true,"href":"https:\/\/www.kompetensforetagen.se\/api\/wp\/v2\/comments?post=78"}],"version-history":[{"count":9,"href":"https:\/\/www.kompetensforetagen.se\/api\/wp\/v2\/pages\/78\/revisions"}],"predecessor-version":[{"id":17892,"href":"https:\/\/www.kompetensforetagen.se\/api\/wp\/v2\/pages\/78\/revisions\/17892"}],"up":[{"embeddable":true,"href":"https:\/\/www.kompetensforetagen.se\/api\/wp\/v2\/pages\/13909"}],"wp:attachment":[{"href":"https:\/\/www.kompetensforetagen.se\/api\/wp\/v2\/media?parent=78"}],"wp:term":[{"taxonomy":"type","embeddable":true,"href":"https:\/\/www.kompetensforetagen.se\/api\/wp\/v2\/article_type?post=78"},{"taxonomy":"agreement","embeddable":true,"href":"https:\/\/www.kompetensforetagen.se\/api\/wp\/v2\/agreement?post=78"},{"taxonomy":"for-members","embeddable":true,"href":"https:\/\/www.kompetensforetagen.se\/api\/wp\/v2\/for-members?post=78"}],"curies":[{"name":"wp","href":"https:\/\/api.w.org\/{rel}","templated":true}]}}