{"id":7611,"date":"2021-08-16T11:06:44","date_gmt":"2021-08-16T09:06:44","guid":{"rendered":"https:\/\/www.kompetensforetagen.se\/?page_id=7611"},"modified":"2023-11-03T10:25:52","modified_gmt":"2023-11-03T09:25:52","slug":"bemanning","status":"publish","type":"page","link":"https:\/\/www.kompetensforetagen.se\/bemanning\/","title":{"rendered":"Bemanning"},"content":{"rendered":"<div id=\"block-hero-block_9925e13ba3a9421279c9f699610e597d\" class=\"Hero has-lightgray-background-color\">\n\n    \n  <div class=\"Hero__inner container has-lightgray-background-color has-arrow\">\n              <div class=\"Hero__title\">\n          <h1><i> Bemanning<\/i><\/h1>\n        <\/div>\n                                <div class=\"Hero__arrow\">\n          <svg class='icon icon--squiggly-arrow'  width=\"282\" height=\"302\" viewBox=\"0 0 282 302\" fill=\"none\" xmlns=\"http:\/\/www.w3.org\/2000\/svg\">\n<path d=\"M108.429 281.19L129.837 295.44L143.97 274.186\" stroke=\"black\" stroke-width=\"4\" stroke-miterlimit=\"10\"\/>\n<path d=\"M43.8871 68.0497C53.3269 84.3998 70.0075 95.6755 88.6244 97.6784C107.24 99.6801 125.826 95.0068 144.209 91.4645C162.592 87.9216 182.067 85.5682 199.674 91.9481C220.515 99.5002 236.316 120.278 236.492 142.446C236.669 164.616 220.178 186.234 198.428 190.49C188.558 192.423 177.815 190.842 169.542 185.112C161.271 179.382 155.88 169.284 156.859 159.269C158.292 144.577 173.761 133.512 188.444 135C203.126 136.491 215.468 148.757 219.176 163.047C222.881 177.337 218.804 192.932 210.416 205.072C202.027 217.212 189.703 226.187 176.514 232.804C167.472 237.341 157.931 240.877 149.144 245.889C140.356 250.899 132.161 257.651 127.746 266.755C123.333 275.858 126.637 283.983 129.929 295.386\" stroke=\"black\" stroke-width=\"4\" stroke-miterlimit=\"10\"\/>\n<\/svg>\n\n          <\/div>\n        <\/div>\n<\/div>\n\n\n\n<div class=\"wp-block-group is-layout-constrained wp-block-group-is-layout-constrained\">\n<div class=\"wp-block-columns is-layout-flex wp-container-core-columns-is-layout-9d6595d7 wp-block-columns-is-layout-flex\">\n<div class=\"wp-block-column is-vertically-aligned-center is-layout-flow wp-block-column-is-layout-flow\"><div class=\"wp-block wp-block-core-paragraph\">\n<p><strong>Behovet av medarbetare &#8211; bemanning &#8211; har varierat i alla tider,&nbsp;beroende p\u00e5 \u00e5rstid och omv\u00e4rldsh\u00e4ndelser.&nbsp;&nbsp;Idag&nbsp;beh\u00f6ver b\u00e5de privata och offentliga verksamheter&nbsp;klara&nbsp;av arbetstoppar, specialistbehov&nbsp;och kompetensbrist,&nbsp;men \u00e4ven l\u00f6sa bemanningen vid&nbsp;till exempel&nbsp;organisationsf\u00f6r\u00e4ndringar.&nbsp;D\u00e5&nbsp;\u00e4r m\u00f6jligheterna att hyra in konsulter&nbsp;avg\u00f6rande.&nbsp;<\/strong><\/p>\n<\/div><\/div>\n\n\n\n<div class=\"wp-block-column is-layout-flow wp-block-column-is-layout-flow\">\n<figure class=\"wp-block-image size-large\"><img loading=\"lazy\" decoding=\"async\" width=\"1180\" height=\"787\" src=\"https:\/\/www.kompetensforetagen.se\/app\/uploads\/sites\/5\/2023\/04\/pexels-helena-lopes-705792-1180x787.jpg\" alt=\"alt=&quot;&quot;\" class=\"wp-image-12985\" srcset=\"https:\/\/www.kompetensforetagen.se\/app\/uploads\/sites\/5\/2023\/04\/pexels-helena-lopes-705792-1180x787.jpg 1180w, https:\/\/www.kompetensforetagen.se\/app\/uploads\/sites\/5\/2023\/04\/pexels-helena-lopes-705792-580x387.jpg 580w, https:\/\/www.kompetensforetagen.se\/app\/uploads\/sites\/5\/2023\/04\/pexels-helena-lopes-705792-380x253.jpg 380w, https:\/\/www.kompetensforetagen.se\/app\/uploads\/sites\/5\/2023\/04\/pexels-helena-lopes-705792-768x512.jpg 768w, https:\/\/www.kompetensforetagen.se\/app\/uploads\/sites\/5\/2023\/04\/pexels-helena-lopes-705792-1536x1024.jpg 1536w, https:\/\/www.kompetensforetagen.se\/app\/uploads\/sites\/5\/2023\/04\/pexels-helena-lopes-705792-2048x1365.jpg 2048w, https:\/\/www.kompetensforetagen.se\/app\/uploads\/sites\/5\/2023\/04\/pexels-helena-lopes-705792-600x400.jpg 600w\" sizes=\"auto, (max-width: 1180px) 100vw, 1180px\" \/><\/figure>\n<\/div>\n<\/div>\n<\/div>\n\n\n\n<div class=\"wp-block-group has-green-background-color has-background is-layout-constrained wp-block-group-is-layout-constrained\">\n<div class=\"wp-block-columns is-layout-flex wp-container-core-columns-is-layout-9d6595d7 wp-block-columns-is-layout-flex\">\n<div class=\"wp-block-column is-layout-flow wp-block-column-is-layout-flow\"><div class=\"wp-block wp-block-core-heading\" id=\"snabba-skiften-och-global-paverkan\">\n<h3 class=\"wp-block-heading\">Snabba skiften och global p\u00e5verkan<\/h3>\n<\/div>\n\n<div class=\"wp-block wp-block-core-paragraph\">\n<p>F\u00f6r b\u00e5de arbetsgivare och medarbetare \u00f6kar kraven p\u00e5 s\u00e5v\u00e4l snabb anpassningsf\u00f6rm\u00e5ga till skiftande f\u00f6ruts\u00e4ttningar som behoven av trygghet och stabilitet.\u202f\u00c5terkommande unders\u00f6kningar bland svenska f\u00f6retag visar att utan m\u00f6jligheten att hyra in konsulter hade de inte kunnat \u00e5ta sig fler uppdrag eller f\u00e5tt \u00f6ka belastningen p\u00e5 den befintliga personalen. Bemannings\u00adbranschen bidrar allts\u00e5 till att skapa aff\u00e4rer och jobb som annars inte funnits.&nbsp;<\/p>\n<\/div><\/div>\n\n\n\n<div class=\"wp-block-column is-layout-flow wp-block-column-is-layout-flow\"><div class=\"wp-block wp-block-core-heading\" id=\"lokala-forutsattningar\">\n<h3 class=\"wp-block-heading\">Lokala f\u00f6ruts\u00e4ttningar<\/h3>\n<\/div>\n\n<div class=\"wp-block wp-block-core-paragraph\">\n<p>Att ha \u202fen \u202fupparbetad\u202f relation med kompetensspecialister\u202fsom snabbt kan\u202f hitta l\u00f6sningar vid \u202farbetstoppar,\u202f riktade insatser \u202feller sjukfr\u00e5nvaro ger stabilitet i b\u00e5de privata och offentliga verksamheter. \u202fP\u00e5 m\u00e5nga mindre orter \u00e4r det ofta sv\u00e5rt att rekrytera specialistkompetens, framf\u00f6rallt inom v\u00e5rden.<\/p>\n<\/div><\/div>\n\n\n\n<div class=\"wp-block-column is-layout-flow wp-block-column-is-layout-flow\"><div class=\"wp-block wp-block-core-heading\" id=\"trygghet-for-medarbetarna\">\n<h3 class=\"wp-block-heading\">Trygghet f\u00f6r medarbetarna<\/h3>\n<\/div>\n\n<div class=\"wp-block wp-block-core-paragraph\">\n<p>I kompetens\u00adf\u00f6retag \u00e4r fast anst\u00e4llning efter sex m\u00e5nader huvudregel och konsulter som inte \u00e4r uthyrda har garantil\u00f6n. P\u00e5 LO-avtalet motsvarar l\u00f6nen f\u00f6r konsulter det&nbsp;<a href=\"https:\/\/www.kompetensforetagen.se\/gfl\/\">genomsnittliga f\u00f6rtj\u00e4nstl\u00e4get f\u00f6r en j\u00e4mf\u00f6rbar grupp p\u00e5 arbetsplatsen (GFL),<\/a>&nbsp;vilket g\u00f6r att konsulten ofta har h\u00f6gre l\u00f6n \u00e4n om hen varit direktanst\u00e4lld hos kunden.&nbsp;Kollektivavtal, pensioner och f\u00f6rs\u00e4kringar \u00e4r huvudregel bland v\u00e5ra medlems\u00adf\u00f6retag.&nbsp;<\/p>\n<\/div><\/div>\n<\/div>\n<\/div>\n\n\n\n<div class=\"wp-block-group is-layout-constrained wp-block-group-is-layout-constrained\">\n<div class=\"wp-block-columns is-layout-flex wp-container-core-columns-is-layout-9d6595d7 wp-block-columns-is-layout-flex\">\n<div class=\"wp-block-column is-layout-flow wp-block-column-is-layout-flow\" style=\"flex-basis:66.66%\"><div class=\"wp-block wp-block-core-heading\" id=\"inkluderande-vag-till-langre-yrkesliv\">\n<h3 class=\"wp-block-heading\"><strong>I<\/strong>nkluderande v\u00e4g till l\u00e4ngre yrkesliv<\/h3>\n<\/div>\n\n<div class=\"wp-block wp-block-core-paragraph\">\n<p>Konsultyrket&nbsp;bidrar till&nbsp;att skapa&nbsp;ett l\u00e4ngre arbetsliv genom att korta tiden till f\u00f6rsta jobbet, ge&nbsp;arbetss\u00f6kande&nbsp;en snabb v\u00e4g tillbaka till arbetsmarknaden, och f\u00f6rl\u00e4nger tiden p\u00e5 arbetsmarknaden f\u00f6r dem som s\u00e5 \u00f6nskar.&nbsp;M\u00e5nga s\u00f6ker sig ocks\u00e5 till konsultyrket f\u00f6r att prova n\u00e5got nytt eller utveckla sin kompetens.&nbsp;<\/p>\n<\/div>\n\n<div class=\"wp-block wp-block-core-paragraph\">\n<p>Forskning och statistik visar att branschen&nbsp;underl\u00e4ttar f\u00f6r unga och utrikesf\u00f6dda att komma in p\u00e5 arbetsmarknaden. M\u00e5nga unga f\u00e5r sina f\u00f6rsta jobb som konsulter, och andelen utrikesf\u00f6dda \u00e4r h\u00f6gre \u00e4n p\u00e5 arbetsmarknaden i \u00f6vrigt.&nbsp;&nbsp;<\/p>\n<\/div>\n\n<div class=\"wp-block wp-block-core-heading\" id=\"finns&nbsp;pa-hela-arbetsmarknaden\">\n<h3 class=\"wp-block-heading\">Finns&nbsp;p\u00e5 hela arbetsmarknaden<\/h3>\n<\/div>\n\n<div class=\"wp-block wp-block-core-paragraph\">\n<p>&nbsp;<a href=\"https:\/\/www.kompetensforetagen.se\/medlemskap\/kollektivavtal\/\">Kompetens\u00adf\u00f6retagen tecknar kollektivavtal<\/a>&nbsp;med tj\u00e4nstemanna\u00adf\u00f6rbunden Akademiker\u00adf\u00f6rbunden, Unionen, L\u00e4rar\u00adf\u00f6rbundet, och L\u00e4rarnas Riks\u00adf\u00f6rbund. Med Sveriges L\u00e4kar\u00adf\u00f6rbund och V\u00e5rd\u00adf\u00f6rbundet tecknar vi v\u00e5rdbemanningsavtal, och med samtliga f\u00f6rbund inom LO tecknas ett brett avtal f\u00f6r bemanningskonsulter.&nbsp;Det \u00e4r bemannings\u00adf\u00f6retagen sj\u00e4lva och deras organisationer som har varit p\u00e5drivande f\u00f6r att integrera branschen i den svenska modellen.&nbsp;&nbsp;<\/p>\n<\/div><\/div>\n\n\n\n<div class=\"wp-block-column is-layout-flow wp-block-column-is-layout-flow\" style=\"flex-basis:33.33%\"><div class=\"wp-block wp-block-core-heading\" id=\"auktorisationen-\u2013-en-kvalitetsstampel\">\n<h3 class=\"wp-block-heading\">Auktorisationen \u2013 en kvalitetsst\u00e4mpel<\/h3>\n<\/div>\n\n<div class=\"wp-block wp-block-core-paragraph\">\n<p>Sedan 2004 har medlems\u00adf\u00f6retag med verksamhet inom bemanning kunnat auktoriseras. Det betyder att de uppfyller ett antal skarpa krav som sedan granskas \u00e5rligen av en partssammansatt auktorisationsn\u00e4mnd. Du kan l\u00e4sa mer om det p\u00e5&nbsp;<a href=\"https:\/\/www.kompetensforetagen.se\/auktorisation\/\">v\u00e5r sida om just auktorisationen.<\/a>&nbsp;&nbsp;<\/p>\n<\/div>\n\n\n<figure class=\"wp-block-image size-large\"><img loading=\"lazy\" decoding=\"async\" width=\"1180\" height=\"393\" src=\"https:\/\/www.kompetensforetagen.se\/app\/uploads\/sites\/5\/2023\/04\/Auktorisation_treolika-1180x393.png\" alt=\"\" class=\"wp-image-12794\" srcset=\"https:\/\/www.kompetensforetagen.se\/app\/uploads\/sites\/5\/2023\/04\/Auktorisation_treolika-1180x393.png 1180w, https:\/\/www.kompetensforetagen.se\/app\/uploads\/sites\/5\/2023\/04\/Auktorisation_treolika-580x193.png 580w, https:\/\/www.kompetensforetagen.se\/app\/uploads\/sites\/5\/2023\/04\/Auktorisation_treolika-380x127.png 380w, https:\/\/www.kompetensforetagen.se\/app\/uploads\/sites\/5\/2023\/04\/Auktorisation_treolika-768x256.png 768w, https:\/\/www.kompetensforetagen.se\/app\/uploads\/sites\/5\/2023\/04\/Auktorisation_treolika-600x200.png 600w, https:\/\/www.kompetensforetagen.se\/app\/uploads\/sites\/5\/2023\/04\/Auktorisation_treolika.png 1200w\" sizes=\"auto, (max-width: 1180px) 100vw, 1180px\" \/><\/figure>\n<\/div>\n<\/div>\n<\/div>\n\n\n\n<div class=\"wp-block-group has-primary-background-color has-background is-layout-constrained wp-block-group-is-layout-constrained\"><div class=\"Listing no-bg\" id=\"block-37a43810-293a-4e3b-a0f3-ce24acaaa231\">\n  <div class=\"container\">\n    <div class=\"Listing__heading\">\n       <h2>AKTUELLT INOM BEMANNING<\/h2>     <\/div>\n    <div class=\"row\">\n      \n                      <div class=\"col-md-3 col-12 col-sm-6\">\n                      <article class=\"Blurb Blurb--sm Blurb--post Blurb--vertical has-thumbnail\">\n  <a href=\"https:\/\/www.kompetensforetagen.se\/2026\/04\/johan-eriksson-ny-naringspolitisk-expert\/\">\n          <div class=\"Blurb__thumbnail__wrap\">\n        <figure class=\"Blurb__thumbnail\">\n          <img loading=\"lazy\" decoding=\"async\" width=\"1920\" height=\"1344\" src=\"https:\/\/www.kompetensforetagen.se\/app\/uploads\/sites\/5\/2026\/04\/Johan-Eriksson-260420-scaled-e1776669731454.jpeg\" class=\"attachment-small size-small wp-post-image\" alt=\"\" srcset=\"https:\/\/www.kompetensforetagen.se\/app\/uploads\/sites\/5\/2026\/04\/Johan-Eriksson-260420-scaled-e1776669731454.jpeg 1920w, https:\/\/www.kompetensforetagen.se\/app\/uploads\/sites\/5\/2026\/04\/Johan-Eriksson-260420-scaled-e1776669731454-580x406.jpeg 580w, https:\/\/www.kompetensforetagen.se\/app\/uploads\/sites\/5\/2026\/04\/Johan-Eriksson-260420-scaled-e1776669731454-1180x826.jpeg 1180w, https:\/\/www.kompetensforetagen.se\/app\/uploads\/sites\/5\/2026\/04\/Johan-Eriksson-260420-scaled-e1776669731454-380x266.jpeg 380w, https:\/\/www.kompetensforetagen.se\/app\/uploads\/sites\/5\/2026\/04\/Johan-Eriksson-260420-scaled-e1776669731454-768x538.jpeg 768w, https:\/\/www.kompetensforetagen.se\/app\/uploads\/sites\/5\/2026\/04\/Johan-Eriksson-260420-scaled-e1776669731454-1536x1075.jpeg 1536w, https:\/\/www.kompetensforetagen.se\/app\/uploads\/sites\/5\/2026\/04\/Johan-Eriksson-260420-scaled-e1776669731454-600x420.jpeg 600w\" sizes=\"auto, (max-width: 1920px) 100vw, 1920px\" \/>\n        <\/figure>\n      <\/div>\n        <div class=\"Blurb__content\">\n      <div class=\"Blurb__body\">\n        <div>\n                                <div class=\"Meta d-flex align-items-center Blurb__meta\">\n    <div class=\"Meta__group\">\n          <div class=\"Meta__date  d-flex align-items-center\">\n        <svg class='icon icon--timestamp'  width=\"16\" height=\"16\" viewBox=\"0 0 16 16\" fill=\"none\" xmlns=\"http:\/\/www.w3.org\/2000\/svg\">\n<path fill-rule=\"evenodd\" clip-rule=\"evenodd\" d=\"M10.4833 10.5818C10.7278 10.8452 10.7278 11.2723 10.4833 11.5357C10.361 11.6674 10.2008 11.7333 10.0405 11.7333C9.88023 11.7333 9.72008 11.6674 9.59781 11.5357L7.65015 9.43814C7.53273 9.31167 7.46667 9.14001 7.46667 8.96109V4.94118C7.46667 4.56868 7.74705 4.26667 8.09288 4.26667C8.4387 4.26667 8.71908 4.56868 8.71908 4.94118V8.68168L10.4833 10.5818ZM8 14.9333C4.177 14.9333 1.06667 11.823 1.06667 8C1.06667 4.177 4.177 1.06667 8 1.06667C11.8232 1.06667 14.9333 4.177 14.9333 8C14.9333 11.823 11.8232 14.9333 8 14.9333ZM8 0C3.58887 0 0 3.58887 0 8C0 12.4111 3.58887 16 8 16C12.4113 16 16 12.4111 16 8C16 3.58887 12.4113 0 8 0Z\" fill=\"black\"\/>\n<\/svg>\n\n          <time datetime=\"2026-04-20T07:21:18+00:00\">20 april<\/time>\n      <\/div>\n              <div class=\"Meta__category\">\n        Aktuellt\n      <\/div>\n      <\/div>\n<\/div>\n                  <\/div>\n        <h3 class=\"Blurb__title\">\n          Johan Eriksson, ny n\u00e4ringspolitisk expert\n        <\/h3>\n                  <div class=\"Blurb__text\">\n            Varmt v\u00e4lkommen Johan Eriksson, ny n\u00e4ringspolitisk expert p\u00e5 Kompetensf\u00f6retagen! Johan \u00e4r ursprungligen fr\u00e5n Uppsala, med examen fr\u00e5n Lunds universitet. Senast arbetade han som konsult p\u00e5 Public Affairs-byr\u00e5 och har tidigare var politiskt sakkunnig f\u00f6r Moderaterna i Stockholms stad samt dessf\u00f6rinnan Region Uppsala.\n\n          <\/div>\n                <div class=\"Blurb__arrow\">\n                                <div class=\"Blurb__arrow__line\">\n              <svg class='icon icon--arrow-tip'  width=\"11\" height=\"16\" viewBox=\"0 0 11 16\" fill=\"none\" xmlns=\"http:\/\/www.w3.org\/2000\/svg\">\n<path d=\"M0.858398 15L9.2304 7.99664L0.967732 1.00001\" stroke=\"black\" stroke-width=\"2\" stroke-miterlimit=\"10\"\/>\n<\/svg>\n\n              <\/div>\n                  <\/div>\n      <\/div>\n    <\/div>\n  <\/a>\n<\/article>\n                  <\/div>\n                              <div class=\"col-md-3 col-12 col-sm-6\">\n                      <article class=\"Blurb Blurb--sm Blurb--post Blurb--vertical has-thumbnail\">\n  <a href=\"https:\/\/www.kompetensforetagen.se\/2025\/06\/innebar-framtidens-vard-mindre-bemanning-hog-arbetsbelastning-brist-pa-aterhamtning-och-farre-vardplatser\/\">\n          <div class=\"Blurb__thumbnail__wrap\">\n        <figure class=\"Blurb__thumbnail\">\n          <img loading=\"lazy\" decoding=\"async\" width=\"1900\" height=\"1000\" src=\"https:\/\/www.kompetensforetagen.se\/app\/uploads\/sites\/5\/2024\/09\/Medlemscase-hemsida.png\" class=\"attachment-small size-small wp-post-image\" alt=\"Grafik f\u00f6r artikel om medlemscase och framg\u00e5ngsrik bemanning. Inhyrd v\u00e5rdpersonal viktig f\u00f6r v\u00e5rden.\" srcset=\"https:\/\/www.kompetensforetagen.se\/app\/uploads\/sites\/5\/2024\/09\/Medlemscase-hemsida.png 1900w, https:\/\/www.kompetensforetagen.se\/app\/uploads\/sites\/5\/2024\/09\/Medlemscase-hemsida-580x305.png 580w, https:\/\/www.kompetensforetagen.se\/app\/uploads\/sites\/5\/2024\/09\/Medlemscase-hemsida-1180x621.png 1180w, https:\/\/www.kompetensforetagen.se\/app\/uploads\/sites\/5\/2024\/09\/Medlemscase-hemsida-380x200.png 380w, https:\/\/www.kompetensforetagen.se\/app\/uploads\/sites\/5\/2024\/09\/Medlemscase-hemsida-768x404.png 768w, https:\/\/www.kompetensforetagen.se\/app\/uploads\/sites\/5\/2024\/09\/Medlemscase-hemsida-1536x808.png 1536w, https:\/\/www.kompetensforetagen.se\/app\/uploads\/sites\/5\/2024\/09\/Medlemscase-hemsida-600x316.png 600w\" sizes=\"auto, (max-width: 1900px) 100vw, 1900px\" \/>\n        <\/figure>\n      <\/div>\n        <div class=\"Blurb__content\">\n      <div class=\"Blurb__body\">\n        <div>\n                                <div class=\"Meta d-flex align-items-center Blurb__meta\">\n      <div class=\"Meta__tag item\">\n      V\u00e5rdbemanning\n      <svg class='icon icon--triangle'  width=\"26\" height=\"32\" viewBox=\"0 0 26 32\" fill=\"none\" xmlns=\"http:\/\/www.w3.org\/2000\/svg\">\n<path fill-rule=\"evenodd\" clip-rule=\"evenodd\" d=\"M13.1315 0H0V32H13.1315L26 16L13.1315 0ZM9 18.581C10.6569 18.581 12 17.1946 12 15.4843C12 13.774 10.6569 12.3875 9 12.3875C7.34315 12.3875 6 13.774 6 15.4843C6 17.1946 7.34315 18.581 9 18.581Z\" fill=\"#FDDCC0\"\/>\n<\/svg>\n\n      <\/div>\n    <div class=\"Meta__group\">\n          <div class=\"Meta__date  d-flex align-items-center\">\n        <svg class='icon icon--timestamp'  width=\"16\" height=\"16\" viewBox=\"0 0 16 16\" fill=\"none\" xmlns=\"http:\/\/www.w3.org\/2000\/svg\">\n<path fill-rule=\"evenodd\" clip-rule=\"evenodd\" d=\"M10.4833 10.5818C10.7278 10.8452 10.7278 11.2723 10.4833 11.5357C10.361 11.6674 10.2008 11.7333 10.0405 11.7333C9.88023 11.7333 9.72008 11.6674 9.59781 11.5357L7.65015 9.43814C7.53273 9.31167 7.46667 9.14001 7.46667 8.96109V4.94118C7.46667 4.56868 7.74705 4.26667 8.09288 4.26667C8.4387 4.26667 8.71908 4.56868 8.71908 4.94118V8.68168L10.4833 10.5818ZM8 14.9333C4.177 14.9333 1.06667 11.823 1.06667 8C1.06667 4.177 4.177 1.06667 8 1.06667C11.8232 1.06667 14.9333 4.177 14.9333 8C14.9333 11.823 11.8232 14.9333 8 14.9333ZM8 0C3.58887 0 0 3.58887 0 8C0 12.4111 3.58887 16 8 16C12.4113 16 16 12.4111 16 8C16 3.58887 12.4113 0 8 0Z\" fill=\"black\"\/>\n<\/svg>\n\n          <time datetime=\"2025-06-18T06:59:17+00:00\">18 juni 2025<\/time>\n      <\/div>\n              <div class=\"Meta__category\">\n        Aktuellt\n      <\/div>\n      <\/div>\n<\/div>\n                  <\/div>\n        <h3 class=\"Blurb__title\">\n          Inneb\u00e4r framtidens v\u00e5rd mindre bemanning, h\u00f6g arbetsbelastning, brist p\u00e5 \u00e5terh\u00e4mtning och f\u00e4rre v\u00e5rdplatser?\n        <\/h3>\n                  <div class=\"Blurb__text\">\n            I en tid d\u00e5 svensk sjukv\u00e5rd st\u00e5r inf\u00f6r historiska utmaningar har kompetensf\u00f6rs\u00f6rjningen blivit v\u00e5rdens viktigaste fr\u00e5ga. Bemanningsbranschen har hamnat i fokus f\u00f6r debatten, trots att den 2023 endast sysselsatte cirka 1 procent av yrkesverksamma l\u00e4kare och 2\u20133 procent av sjuksk\u00f6terskorna.\n\n          <\/div>\n                <div class=\"Blurb__arrow\">\n                                <div class=\"Blurb__arrow__line\">\n              <svg class='icon icon--arrow-tip'  width=\"11\" height=\"16\" viewBox=\"0 0 11 16\" fill=\"none\" xmlns=\"http:\/\/www.w3.org\/2000\/svg\">\n<path d=\"M0.858398 15L9.2304 7.99664L0.967732 1.00001\" stroke=\"black\" stroke-width=\"2\" stroke-miterlimit=\"10\"\/>\n<\/svg>\n\n              <\/div>\n                  <\/div>\n      <\/div>\n    <\/div>\n  <\/a>\n<\/article>\n                  <\/div>\n                              <div class=\"col-md-3 col-12 col-sm-6\">\n                      <article class=\"Blurb Blurb--sm Blurb--post Blurb--vertical has-thumbnail\">\n  <a href=\"https:\/\/www.kompetensforetagen.se\/2024\/09\/inhyrd-vardpersonal-viktig\/\">\n          <div class=\"Blurb__thumbnail__wrap\">\n        <figure class=\"Blurb__thumbnail\">\n          <img loading=\"lazy\" decoding=\"async\" width=\"1900\" height=\"1000\" src=\"https:\/\/www.kompetensforetagen.se\/app\/uploads\/sites\/5\/2024\/09\/Medlemscase-hemsida.png\" class=\"attachment-small size-small wp-post-image\" alt=\"Grafik f\u00f6r artikel om medlemscase och framg\u00e5ngsrik bemanning. Inhyrd v\u00e5rdpersonal viktig f\u00f6r v\u00e5rden.\" srcset=\"https:\/\/www.kompetensforetagen.se\/app\/uploads\/sites\/5\/2024\/09\/Medlemscase-hemsida.png 1900w, https:\/\/www.kompetensforetagen.se\/app\/uploads\/sites\/5\/2024\/09\/Medlemscase-hemsida-580x305.png 580w, https:\/\/www.kompetensforetagen.se\/app\/uploads\/sites\/5\/2024\/09\/Medlemscase-hemsida-1180x621.png 1180w, https:\/\/www.kompetensforetagen.se\/app\/uploads\/sites\/5\/2024\/09\/Medlemscase-hemsida-380x200.png 380w, https:\/\/www.kompetensforetagen.se\/app\/uploads\/sites\/5\/2024\/09\/Medlemscase-hemsida-768x404.png 768w, https:\/\/www.kompetensforetagen.se\/app\/uploads\/sites\/5\/2024\/09\/Medlemscase-hemsida-1536x808.png 1536w, https:\/\/www.kompetensforetagen.se\/app\/uploads\/sites\/5\/2024\/09\/Medlemscase-hemsida-600x316.png 600w\" sizes=\"auto, (max-width: 1900px) 100vw, 1900px\" \/>\n        <\/figure>\n      <\/div>\n        <div class=\"Blurb__content\">\n      <div class=\"Blurb__body\">\n        <div>\n                                <div class=\"Meta d-flex align-items-center Blurb__meta\">\n      <div class=\"Meta__tag item\">\n      V\u00e5rdbemanning\n      <svg class='icon icon--triangle'  width=\"26\" height=\"32\" viewBox=\"0 0 26 32\" fill=\"none\" xmlns=\"http:\/\/www.w3.org\/2000\/svg\">\n<path fill-rule=\"evenodd\" clip-rule=\"evenodd\" d=\"M13.1315 0H0V32H13.1315L26 16L13.1315 0ZM9 18.581C10.6569 18.581 12 17.1946 12 15.4843C12 13.774 10.6569 12.3875 9 12.3875C7.34315 12.3875 6 13.774 6 15.4843C6 17.1946 7.34315 18.581 9 18.581Z\" fill=\"#FDDCC0\"\/>\n<\/svg>\n\n      <\/div>\n    <div class=\"Meta__group\">\n          <div class=\"Meta__date  d-flex align-items-center\">\n        <svg class='icon icon--timestamp'  width=\"16\" height=\"16\" viewBox=\"0 0 16 16\" fill=\"none\" xmlns=\"http:\/\/www.w3.org\/2000\/svg\">\n<path fill-rule=\"evenodd\" clip-rule=\"evenodd\" d=\"M10.4833 10.5818C10.7278 10.8452 10.7278 11.2723 10.4833 11.5357C10.361 11.6674 10.2008 11.7333 10.0405 11.7333C9.88023 11.7333 9.72008 11.6674 9.59781 11.5357L7.65015 9.43814C7.53273 9.31167 7.46667 9.14001 7.46667 8.96109V4.94118C7.46667 4.56868 7.74705 4.26667 8.09288 4.26667C8.4387 4.26667 8.71908 4.56868 8.71908 4.94118V8.68168L10.4833 10.5818ZM8 14.9333C4.177 14.9333 1.06667 11.823 1.06667 8C1.06667 4.177 4.177 1.06667 8 1.06667C11.8232 1.06667 14.9333 4.177 14.9333 8C14.9333 11.823 11.8232 14.9333 8 14.9333ZM8 0C3.58887 0 0 3.58887 0 8C0 12.4111 3.58887 16 8 16C12.4113 16 16 12.4111 16 8C16 3.58887 12.4113 0 8 0Z\" fill=\"black\"\/>\n<\/svg>\n\n          <time datetime=\"2024-09-27T08:56:15+00:00\">27 september 2024<\/time>\n      <\/div>\n              <div class=\"Meta__category\">\n        Blogg\n      <\/div>\n      <\/div>\n<\/div>\n                  <\/div>\n        <h3 class=\"Blurb__title\">\n          S\u00e4mre arbetsmilj\u00f6 utan inhyrd v\u00e5rd&shy;personal\n        <\/h3>\n                  <div class=\"Blurb__text\">\n            Regionerna har minskat kostnaderna f\u00f6r inhyrd v\u00e5rdpersonal med 1,3 miljarder. Nu varnar facket f\u00f6r \u00f6kade sjukskrivningar och s\u00e4mre arbetsmilj\u00f6, skriver Christoffer Nilsson, n\u00e4ringspolitisk expert i en kommentar.\n\n          <\/div>\n                <div class=\"Blurb__arrow\">\n                                <div class=\"Blurb__arrow__line\">\n              <svg class='icon icon--arrow-tip'  width=\"11\" height=\"16\" viewBox=\"0 0 11 16\" fill=\"none\" xmlns=\"http:\/\/www.w3.org\/2000\/svg\">\n<path d=\"M0.858398 15L9.2304 7.99664L0.967732 1.00001\" stroke=\"black\" stroke-width=\"2\" stroke-miterlimit=\"10\"\/>\n<\/svg>\n\n              <\/div>\n                  <\/div>\n      <\/div>\n    <\/div>\n  <\/a>\n<\/article>\n                  <\/div>\n                              <div class=\"col-md-3 col-12 col-sm-6\">\n                      <article class=\"Blurb Blurb--sm Blurb--post Blurb--vertical has-thumbnail\">\n  <a href=\"https:\/\/www.kompetensforetagen.se\/2024\/08\/bemanningsforbud-hotar-varden\/\">\n          <div class=\"Blurb__thumbnail__wrap\">\n        <figure class=\"Blurb__thumbnail\">\n          <img loading=\"lazy\" decoding=\"async\" width=\"8880\" height=\"5921\" src=\"https:\/\/www.kompetensforetagen.se\/app\/uploads\/sites\/5\/2020\/08\/DSC01293.jpg\" class=\"attachment-small size-small wp-post-image\" alt=\"\" srcset=\"https:\/\/www.kompetensforetagen.se\/app\/uploads\/sites\/5\/2020\/08\/DSC01293.jpg 8880w, https:\/\/www.kompetensforetagen.se\/app\/uploads\/sites\/5\/2020\/08\/DSC01293-580x387.jpg 580w, https:\/\/www.kompetensforetagen.se\/app\/uploads\/sites\/5\/2020\/08\/DSC01293-1180x787.jpg 1180w, https:\/\/www.kompetensforetagen.se\/app\/uploads\/sites\/5\/2020\/08\/DSC01293-380x253.jpg 380w, https:\/\/www.kompetensforetagen.se\/app\/uploads\/sites\/5\/2020\/08\/DSC01293-768x512.jpg 768w, https:\/\/www.kompetensforetagen.se\/app\/uploads\/sites\/5\/2020\/08\/DSC01293-600x400.jpg 600w\" sizes=\"auto, (max-width: 8880px) 100vw, 8880px\" \/>\n        <\/figure>\n      <\/div>\n        <div class=\"Blurb__content\">\n      <div class=\"Blurb__body\">\n        <div>\n                                <div class=\"Meta d-flex align-items-center Blurb__meta\">\n      <div class=\"Meta__tag item\">\n      V\u00e5rdbemanning\n      <svg class='icon icon--triangle'  width=\"26\" height=\"32\" viewBox=\"0 0 26 32\" fill=\"none\" xmlns=\"http:\/\/www.w3.org\/2000\/svg\">\n<path fill-rule=\"evenodd\" clip-rule=\"evenodd\" d=\"M13.1315 0H0V32H13.1315L26 16L13.1315 0ZM9 18.581C10.6569 18.581 12 17.1946 12 15.4843C12 13.774 10.6569 12.3875 9 12.3875C7.34315 12.3875 6 13.774 6 15.4843C6 17.1946 7.34315 18.581 9 18.581Z\" fill=\"#FDDCC0\"\/>\n<\/svg>\n\n      <\/div>\n    <div class=\"Meta__group\">\n          <div class=\"Meta__date  d-flex align-items-center\">\n        <svg class='icon icon--timestamp'  width=\"16\" height=\"16\" viewBox=\"0 0 16 16\" fill=\"none\" xmlns=\"http:\/\/www.w3.org\/2000\/svg\">\n<path fill-rule=\"evenodd\" clip-rule=\"evenodd\" d=\"M10.4833 10.5818C10.7278 10.8452 10.7278 11.2723 10.4833 11.5357C10.361 11.6674 10.2008 11.7333 10.0405 11.7333C9.88023 11.7333 9.72008 11.6674 9.59781 11.5357L7.65015 9.43814C7.53273 9.31167 7.46667 9.14001 7.46667 8.96109V4.94118C7.46667 4.56868 7.74705 4.26667 8.09288 4.26667C8.4387 4.26667 8.71908 4.56868 8.71908 4.94118V8.68168L10.4833 10.5818ZM8 14.9333C4.177 14.9333 1.06667 11.823 1.06667 8C1.06667 4.177 4.177 1.06667 8 1.06667C11.8232 1.06667 14.9333 4.177 14.9333 8C14.9333 11.823 11.8232 14.9333 8 14.9333ZM8 0C3.58887 0 0 3.58887 0 8C0 12.4111 3.58887 16 8 16C12.4113 16 16 12.4111 16 8C16 3.58887 12.4113 0 8 0Z\" fill=\"black\"\/>\n<\/svg>\n\n          <time datetime=\"2024-08-19T11:00:00+00:00\">19 augusti 2024<\/time>\n      <\/div>\n              <div class=\"Meta__category\">\n        Aktuellt\n      <\/div>\n      <\/div>\n<\/div>\n                  <\/div>\n        <h3 class=\"Blurb__title\">\n          Bemanningsf\u00f6rbud hotar v\u00e5rden\n        <\/h3>\n                  <div class=\"Blurb__text\">\n            En arbetsgrupp inom Socialdemokraterna har f\u00f6reslagit ett f\u00f6rbud mot bemanningsf\u00f6retag inom v\u00e4lf\u00e4rdssektorn. \u2013 Ett f\u00f6rbud mot inhyrd v\u00e5rdpersonal skulle det sl\u00e5 h\u00e5rt mot patients\u00e4kerheten och v\u00e5rdens kvalitet, s\u00e4ger Eva Domanders, ordf\u00f6rande f\u00f6r Kompetensf\u00f6retagen. \u2013 Stopp &hellip;\n          <\/div>\n                <div class=\"Blurb__arrow\">\n                                <div class=\"Blurb__arrow__line\">\n              <svg class='icon icon--arrow-tip'  width=\"11\" height=\"16\" viewBox=\"0 0 11 16\" fill=\"none\" xmlns=\"http:\/\/www.w3.org\/2000\/svg\">\n<path d=\"M0.858398 15L9.2304 7.99664L0.967732 1.00001\" stroke=\"black\" stroke-width=\"2\" stroke-miterlimit=\"10\"\/>\n<\/svg>\n\n              <\/div>\n                  <\/div>\n      <\/div>\n    <\/div>\n  <\/a>\n<\/article>\n                  <\/div>\n                  <\/div>\n    \n      <\/div>\n<\/div><\/div>\n","protected":false},"excerpt":{"rendered":"<p>Behovet av medarbetare &#8211; bemanning &#8211; har varierat i alla tider,&nbsp;beroende p\u00e5 \u00e5rstid och omv\u00e4rldsh\u00e4ndelser.&nbsp;&nbsp;Idag&nbsp;beh\u00f6ver b\u00e5de privata och offentliga verksamheter&nbsp;klara&nbsp;av arbetstoppar, specialistbehov&nbsp;och kompetensbrist,&nbsp;men \u00e4ven l\u00f6sa bemanningen vid&nbsp;till exempel&nbsp;organisationsf\u00f6r\u00e4ndringar.&nbsp;D\u00e5&nbsp;\u00e4r m\u00f6jligheterna att hyra in konsulter&nbsp;avg\u00f6rande.&nbsp; Snabba skiften &hellip;<\/p>\n","protected":false},"author":6058,"featured_media":0,"parent":0,"menu_order":51,"comment_status":"closed","ping_status":"closed","template":"","meta":{"_acf_changed":false,"footnotes":""},"article_type":[],"agreement":[],"for-members":[],"class_list":["post-7611","page","type-page","status-publish","hentry"],"acf":[],"yoast_head":"<!-- This site is optimized with the Yoast SEO Premium plugin v26.8 (Yoast SEO v26.8) - https:\/\/yoast.com\/product\/yoast-seo-premium-wordpress\/ -->\n<title>Om bemanning - f\u00f6r kundf\u00f6retag och konsulter<\/title>\n<meta name=\"description\" content=\"Behovet av medarbetare har varierat i alla tider. H\u00e4r kan du l\u00e4sa mer om bemanning och hitta l\u00e4nkar till intressant fakta om till exempel GFL\" \/>\n<meta name=\"robots\" content=\"index, follow, max-snippet:-1, max-image-preview:large, max-video-preview:-1\" \/>\n<link rel=\"canonical\" href=\"https:\/\/www.kompetensforetagen.se\/bemanning\/\" \/>\n<meta property=\"og:locale\" content=\"sv_SE\" \/>\n<meta property=\"og:type\" content=\"article\" \/>\n<meta property=\"og:title\" content=\"Bemanning\" \/>\n<meta property=\"og:description\" content=\"Behovet av medarbetare har varierat i alla tider. H\u00e4r kan du l\u00e4sa mer om bemanning och hitta l\u00e4nkar till intressant fakta om till exempel GFL\" \/>\n<meta property=\"og:url\" content=\"https:\/\/www.kompetensforetagen.se\/bemanning\/\" \/>\n<meta property=\"og:site_name\" content=\"Kompetensf\u00f6retagen\" \/>\n<meta property=\"article:modified_time\" content=\"2023-11-03T09:25:52+00:00\" \/>\n<meta property=\"og:image\" content=\"https:\/\/www.kompetensforetagen.se\/app\/uploads\/sites\/5\/2023\/04\/pexels-helena-lopes-705792-1180x787.jpg\" \/>\n<meta name=\"twitter:card\" content=\"summary_large_image\" \/>\n<meta name=\"twitter:label1\" content=\"Ber\u00e4knad l\u00e4stid\" \/>\n\t<meta name=\"twitter:data1\" content=\"3 minuter\" \/>\n<script type=\"application\/ld+json\" class=\"yoast-schema-graph\">{\"@context\":\"https:\/\/schema.org\",\"@graph\":[{\"@type\":\"WebPage\",\"@id\":\"https:\/\/www.kompetensforetagen.se\/bemanning\/\",\"url\":\"https:\/\/www.kompetensforetagen.se\/bemanning\/\",\"name\":\"Om bemanning - f\u00f6r kundf\u00f6retag och konsulter\",\"isPartOf\":{\"@id\":\"https:\/\/www.kompetensforetagen.se\/#website\"},\"primaryImageOfPage\":{\"@id\":\"https:\/\/www.kompetensforetagen.se\/bemanning\/#primaryimage\"},\"image\":{\"@id\":\"https:\/\/www.kompetensforetagen.se\/bemanning\/#primaryimage\"},\"thumbnailUrl\":\"https:\/\/www.kompetensforetagen.se\/app\/uploads\/sites\/5\/2023\/04\/pexels-helena-lopes-705792-1180x787.jpg\",\"datePublished\":\"2021-08-16T09:06:44+00:00\",\"dateModified\":\"2023-11-03T09:25:52+00:00\",\"description\":\"Behovet av medarbetare har varierat i alla tider. H\u00e4r kan du l\u00e4sa mer om bemanning och hitta l\u00e4nkar till intressant fakta om till exempel GFL\",\"breadcrumb\":{\"@id\":\"https:\/\/www.kompetensforetagen.se\/bemanning\/#breadcrumb\"},\"inLanguage\":\"sv-SE\",\"potentialAction\":[{\"@type\":\"ReadAction\",\"target\":[\"https:\/\/www.kompetensforetagen.se\/bemanning\/\"]}]},{\"@type\":\"ImageObject\",\"inLanguage\":\"sv-SE\",\"@id\":\"https:\/\/www.kompetensforetagen.se\/bemanning\/#primaryimage\",\"url\":\"https:\/\/www.kompetensforetagen.se\/app\/uploads\/sites\/5\/2023\/04\/pexels-helena-lopes-705792-scaled.jpg\",\"contentUrl\":\"https:\/\/www.kompetensforetagen.se\/app\/uploads\/sites\/5\/2023\/04\/pexels-helena-lopes-705792-scaled.jpg\",\"width\":2560,\"height\":1707,\"caption\":\"Futuristiskt rum med glasv\u00e4ggar d\u00e4r personer i motljus vistas\"},{\"@type\":\"BreadcrumbList\",\"@id\":\"https:\/\/www.kompetensforetagen.se\/bemanning\/#breadcrumb\",\"itemListElement\":[{\"@type\":\"ListItem\",\"position\":1,\"name\":\"Home\",\"item\":\"https:\/\/www.kompetensforetagen.se\/\"},{\"@type\":\"ListItem\",\"position\":2,\"name\":\"Bemanning\"}]},{\"@type\":\"WebSite\",\"@id\":\"https:\/\/www.kompetensforetagen.se\/#website\",\"url\":\"https:\/\/www.kompetensforetagen.se\/\",\"name\":\"Kompetensf\u00f6retagen\",\"description\":\"R\u00e4tt person p\u00e5 r\u00e4tt plats kan f\u00f6r\u00e4ndra v\u00e4rlden\",\"publisher\":{\"@id\":\"https:\/\/www.kompetensforetagen.se\/#organization\"},\"potentialAction\":[{\"@type\":\"SearchAction\",\"target\":{\"@type\":\"EntryPoint\",\"urlTemplate\":\"https:\/\/www.kompetensforetagen.se\/?s={search_term_string}\"},\"query-input\":{\"@type\":\"PropertyValueSpecification\",\"valueRequired\":true,\"valueName\":\"search_term_string\"}}],\"inLanguage\":\"sv-SE\"},{\"@type\":\"Organization\",\"@id\":\"https:\/\/www.kompetensforetagen.se\/#organization\",\"name\":\"Kompetensf\u00f6retagen\",\"url\":\"https:\/\/www.kompetensforetagen.se\/\",\"logo\":{\"@type\":\"ImageObject\",\"inLanguage\":\"sv-SE\",\"@id\":\"https:\/\/www.kompetensforetagen.se\/#\/schema\/logo\/image\/\",\"url\":\"https:\/\/www.kompetensforetagen.se\/app\/uploads\/sites\/5\/2022\/10\/logga_svart.png\",\"contentUrl\":\"https:\/\/www.kompetensforetagen.se\/app\/uploads\/sites\/5\/2022\/10\/logga_svart.png\",\"width\":752,\"height\":64,\"caption\":\"Kompetensf\u00f6retagen\"},\"image\":{\"@id\":\"https:\/\/www.kompetensforetagen.se\/#\/schema\/logo\/image\/\"},\"sameAs\":[\"https:\/\/www.linkedin.com\/company\/10540032\/\"]}]}<\/script>\n<!-- \/ Yoast SEO Premium plugin. -->","yoast_head_json":{"title":"Om bemanning - f\u00f6r kundf\u00f6retag och konsulter","description":"Behovet av medarbetare har varierat i alla tider. H\u00e4r kan du l\u00e4sa mer om bemanning och hitta l\u00e4nkar till intressant fakta om till exempel GFL","robots":{"index":"index","follow":"follow","max-snippet":"max-snippet:-1","max-image-preview":"max-image-preview:large","max-video-preview":"max-video-preview:-1"},"canonical":"https:\/\/www.kompetensforetagen.se\/bemanning\/","og_locale":"sv_SE","og_type":"article","og_title":"Bemanning","og_description":"Behovet av medarbetare har varierat i alla tider. H\u00e4r kan du l\u00e4sa mer om bemanning och hitta l\u00e4nkar till intressant fakta om till exempel GFL","og_url":"https:\/\/www.kompetensforetagen.se\/bemanning\/","og_site_name":"Kompetensf\u00f6retagen","article_modified_time":"2023-11-03T09:25:52+00:00","og_image":[{"url":"https:\/\/www.kompetensforetagen.se\/app\/uploads\/sites\/5\/2023\/04\/pexels-helena-lopes-705792-1180x787.jpg","type":"","width":"","height":""}],"twitter_card":"summary_large_image","twitter_misc":{"Ber\u00e4knad l\u00e4stid":"3 minuter"},"schema":{"@context":"https:\/\/schema.org","@graph":[{"@type":"WebPage","@id":"https:\/\/www.kompetensforetagen.se\/bemanning\/","url":"https:\/\/www.kompetensforetagen.se\/bemanning\/","name":"Om bemanning - f\u00f6r kundf\u00f6retag och konsulter","isPartOf":{"@id":"https:\/\/www.kompetensforetagen.se\/#website"},"primaryImageOfPage":{"@id":"https:\/\/www.kompetensforetagen.se\/bemanning\/#primaryimage"},"image":{"@id":"https:\/\/www.kompetensforetagen.se\/bemanning\/#primaryimage"},"thumbnailUrl":"https:\/\/www.kompetensforetagen.se\/app\/uploads\/sites\/5\/2023\/04\/pexels-helena-lopes-705792-1180x787.jpg","datePublished":"2021-08-16T09:06:44+00:00","dateModified":"2023-11-03T09:25:52+00:00","description":"Behovet av medarbetare har varierat i alla tider. H\u00e4r kan du l\u00e4sa mer om bemanning och hitta l\u00e4nkar till intressant fakta om till exempel GFL","breadcrumb":{"@id":"https:\/\/www.kompetensforetagen.se\/bemanning\/#breadcrumb"},"inLanguage":"sv-SE","potentialAction":[{"@type":"ReadAction","target":["https:\/\/www.kompetensforetagen.se\/bemanning\/"]}]},{"@type":"ImageObject","inLanguage":"sv-SE","@id":"https:\/\/www.kompetensforetagen.se\/bemanning\/#primaryimage","url":"https:\/\/www.kompetensforetagen.se\/app\/uploads\/sites\/5\/2023\/04\/pexels-helena-lopes-705792-scaled.jpg","contentUrl":"https:\/\/www.kompetensforetagen.se\/app\/uploads\/sites\/5\/2023\/04\/pexels-helena-lopes-705792-scaled.jpg","width":2560,"height":1707,"caption":"Futuristiskt rum med glasv\u00e4ggar d\u00e4r personer i motljus vistas"},{"@type":"BreadcrumbList","@id":"https:\/\/www.kompetensforetagen.se\/bemanning\/#breadcrumb","itemListElement":[{"@type":"ListItem","position":1,"name":"Home","item":"https:\/\/www.kompetensforetagen.se\/"},{"@type":"ListItem","position":2,"name":"Bemanning"}]},{"@type":"WebSite","@id":"https:\/\/www.kompetensforetagen.se\/#website","url":"https:\/\/www.kompetensforetagen.se\/","name":"Kompetensf\u00f6retagen","description":"R\u00e4tt person p\u00e5 r\u00e4tt plats kan f\u00f6r\u00e4ndra v\u00e4rlden","publisher":{"@id":"https:\/\/www.kompetensforetagen.se\/#organization"},"potentialAction":[{"@type":"SearchAction","target":{"@type":"EntryPoint","urlTemplate":"https:\/\/www.kompetensforetagen.se\/?s={search_term_string}"},"query-input":{"@type":"PropertyValueSpecification","valueRequired":true,"valueName":"search_term_string"}}],"inLanguage":"sv-SE"},{"@type":"Organization","@id":"https:\/\/www.kompetensforetagen.se\/#organization","name":"Kompetensf\u00f6retagen","url":"https:\/\/www.kompetensforetagen.se\/","logo":{"@type":"ImageObject","inLanguage":"sv-SE","@id":"https:\/\/www.kompetensforetagen.se\/#\/schema\/logo\/image\/","url":"https:\/\/www.kompetensforetagen.se\/app\/uploads\/sites\/5\/2022\/10\/logga_svart.png","contentUrl":"https:\/\/www.kompetensforetagen.se\/app\/uploads\/sites\/5\/2022\/10\/logga_svart.png","width":752,"height":64,"caption":"Kompetensf\u00f6retagen"},"image":{"@id":"https:\/\/www.kompetensforetagen.se\/#\/schema\/logo\/image\/"},"sameAs":["https:\/\/www.linkedin.com\/company\/10540032\/"]}]}},"_links":{"self":[{"href":"https:\/\/www.kompetensforetagen.se\/api\/wp\/v2\/pages\/7611","targetHints":{"allow":["GET"]}}],"collection":[{"href":"https:\/\/www.kompetensforetagen.se\/api\/wp\/v2\/pages"}],"about":[{"href":"https:\/\/www.kompetensforetagen.se\/api\/wp\/v2\/types\/page"}],"author":[{"embeddable":true,"href":"https:\/\/www.kompetensforetagen.se\/api\/wp\/v2\/users\/6058"}],"replies":[{"embeddable":true,"href":"https:\/\/www.kompetensforetagen.se\/api\/wp\/v2\/comments?post=7611"}],"version-history":[{"count":13,"href":"https:\/\/www.kompetensforetagen.se\/api\/wp\/v2\/pages\/7611\/revisions"}],"predecessor-version":[{"id":15600,"href":"https:\/\/www.kompetensforetagen.se\/api\/wp\/v2\/pages\/7611\/revisions\/15600"}],"wp:attachment":[{"href":"https:\/\/www.kompetensforetagen.se\/api\/wp\/v2\/media?parent=7611"}],"wp:term":[{"taxonomy":"type","embeddable":true,"href":"https:\/\/www.kompetensforetagen.se\/api\/wp\/v2\/article_type?post=7611"},{"taxonomy":"agreement","embeddable":true,"href":"https:\/\/www.kompetensforetagen.se\/api\/wp\/v2\/agreement?post=7611"},{"taxonomy":"for-members","embeddable":true,"href":"https:\/\/www.kompetensforetagen.se\/api\/wp\/v2\/for-members?post=7611"}],"curies":[{"name":"wp","href":"https:\/\/api.w.org\/{rel}","templated":true}]}}