{"id":7299,"date":"2021-06-14T10:07:06","date_gmt":"2021-06-14T08:07:06","guid":{"rendered":"https:\/\/www.kompetensforetagen.se\/?page_id=7299"},"modified":"2023-11-22T15:46:50","modified_gmt":"2023-11-22T14:46:50","slug":"vardkarens","status":"publish","type":"page","link":"https:\/\/www.kompetensforetagen.se\/vardkarens\/","title":{"rendered":"V\u00e5rdkarens"},"content":{"rendered":"<div id=\"block-hero-block_b3c6bb71a388c72b5fe86f79b251af45\" class=\"Hero has-primary-background-color\">\n\n    \n  <div class=\"Hero__inner container has-primary-background-color has-arrow\">\n              <div class=\"Hero__title\">\n          <h1>V\u00e5rdkarens &#8211;<i> Kompetens&shy;f\u00f6retagen efterfr\u00e5gar mer konstruktiva l\u00f6sningar <\/i><\/h1>\n        <\/div>\n                                <div class=\"Hero__arrow\">\n          <svg class='icon icon--squiggly-arrow'  width=\"282\" height=\"302\" viewBox=\"0 0 282 302\" fill=\"none\" xmlns=\"http:\/\/www.w3.org\/2000\/svg\">\n<path d=\"M108.429 281.19L129.837 295.44L143.97 274.186\" stroke=\"black\" stroke-width=\"4\" stroke-miterlimit=\"10\"\/>\n<path d=\"M43.8871 68.0497C53.3269 84.3998 70.0075 95.6755 88.6244 97.6784C107.24 99.6801 125.826 95.0068 144.209 91.4645C162.592 87.9216 182.067 85.5682 199.674 91.9481C220.515 99.5002 236.316 120.278 236.492 142.446C236.669 164.616 220.178 186.234 198.428 190.49C188.558 192.423 177.815 190.842 169.542 185.112C161.271 179.382 155.88 169.284 156.859 159.269C158.292 144.577 173.761 133.512 188.444 135C203.126 136.491 215.468 148.757 219.176 163.047C222.881 177.337 218.804 192.932 210.416 205.072C202.027 217.212 189.703 226.187 176.514 232.804C167.472 237.341 157.931 240.877 149.144 245.889C140.356 250.899 132.161 257.651 127.746 266.755C123.333 275.858 126.637 283.983 129.929 295.386\" stroke=\"black\" stroke-width=\"4\" stroke-miterlimit=\"10\"\/>\n<\/svg>\n\n          <\/div>\n        <\/div>\n<\/div>\n\n\n\n<div class=\"wp-block-group is-layout-constrained wp-block-group-is-layout-constrained\">\n<div class=\"wp-block-columns is-layout-flex wp-container-core-columns-is-layout-9d6595d7 wp-block-columns-is-layout-flex\">\n<div class=\"wp-block-column is-layout-flow wp-block-column-is-layout-flow\"><div class=\"wp-block wp-block-core-heading\" id=\"viktigt-med-oversyn-av-karensregler-for-inhyrning-av-vardpersonal\">\n<h3 class=\"wp-block-heading\">Viktigt med \u00f6versyn av karensregler f\u00f6r inhyrning av v\u00e5rdpersonal<\/h3>\n<\/div>\n\n<div class=\"wp-block wp-block-core-paragraph\">\n<p>En f\u00f6ruts\u00e4ttning f\u00f6r att avtal inom<a href=\"https:\/\/www.kompetensforetagen.se\/2022\/09\/expertens-tips-for-offentlig-upphandling-av-tjanster\/\"> offentlig upphandling ska fungera med kvalitet, kostnadseffektivitet och leverans\u00ads\u00e4kerhet<\/a> \u00e4r att avtalsvillkoren diskuteras mellan de upphandlande parterna. Ett av de villkor som \u00e4r i tr\u00e4ngande behov av diskussion \u00e4r\u00a0karenstidsregler. Dessa medf\u00f6r att arbetstagare som tar anst\u00e4llning i ett privat v\u00e5rd\u00adf\u00f6retag eller ett privat bemannings- eller kompetens\u00adf\u00f6retag som levererar v\u00e5rdtj\u00e4nster inte kan jobba inom\u00a0hela\u00a0\u201dsin\u201d region p\u00e5 6\u201312 m\u00e5nader. Regionerna menar att villkoren f\u00f6r v\u00e5rdkarens har inf\u00f6rts f\u00f6r att minska risken att f\u00f6rlora medarbetare och f\u00e5 h\u00f6gre l\u00f6nekostnader.\u00a0\u00a0Men en annan sida av myntet \u00e4r att karenstidsreglerna\u00a0inverkar negativt p\u00e5 v\u00e5rdyrkenas attraktivitet och regionernas arbetsmarknader. V\u00e5rdpersonalens m\u00f6jligheter till att fritt v\u00e4lja arbetsgivare och f\u00f6retagens m\u00f6jlighet att leverera efterfr\u00e5gade tj\u00e4nster leder i f\u00f6rl\u00e4ngningen till brister i v\u00e5rdkvaliteten.\u00a0<\/p>\n<\/div>\n\n<div class=\"wp-block wp-block-core-quote\">\n<blockquote class=\"wp-block-quote is-layout-flow wp-block-quote-is-layout-flow\"><div class=\"wp-block wp-block-core-paragraph\">\n<p>Med mer dialog och samarbete,&nbsp;utan karensregler, kan detta motverkas.&nbsp;&nbsp;<\/p>\n<\/div><\/blockquote>\n<\/div>\n\n<div class=\"wp-block wp-block-core-paragraph\">\n<p>Det finns dessutom tveksamheter kring karenstidens f\u00f6renlighet med upphandlings- och arbetsr\u00e4tten. D\u00e4rf\u00f6r har advokatbyr\u00e5n <a href=\"https:\/\/mollwenden.se\/?gclid=CjwKCAjwzJmlBhBBEiwAEJyLuxFverd92e7KJUrP-L9QFnXHHqNjDfciv4UV_mXgAkC0SZO7xhwRWxoC2GgQAvD_BwE\" target=\"_blank\" rel=\"noreferrer noopener\">Moll&nbsp;Wend\u00e9n<\/a>&nbsp;enligt uppdrag utrett fr\u00e5gan. Deras promemoria pekar p\u00e5 ett par problem:&nbsp;<\/p>\n<\/div>\n\n<div class=\"wp-block wp-block-core-list\">\n<ul class=\"wp-block-list\">\n<li>Karenstidsvillkor kan strida mot de grundl\u00e4ggande principerna om offentlig upphandling&nbsp;&nbsp;<\/li>\n\n\n\n<li>Karenstidsvillkor framst\u00e5r som ett dolt anst\u00e4llningsvillkor som har likheter med s\u00e5v\u00e4l konkurrensklausuler som v\u00e4rvningsklausuler, och d\u00e4rmed kan f\u00e5 samma effekt som v\u00e4rvningsklausuler.&nbsp;<\/li>\n\n\n\n<li>Karenstidsvillkor strider mot EU-prim\u00e4rr\u00e4ttens best\u00e4mmelser om etableringsfrihet, fri r\u00f6rlighet f\u00f6r arbetstagare och fri r\u00f6rlighet f\u00f6r tj\u00e4nster&nbsp;&nbsp;<\/li>\n<\/ul>\n<\/div>\n\n<div class=\"wp-block wp-block-core-paragraph\">\n<p>V\u00e5rdkarens riskerar \u00e4ven att strida mot diskrimineringsr\u00e4tten, d\u00e5 den sl\u00e5r h\u00e5rt mot de kvinnodominerade yrkena sjuksk\u00f6terskor och v\u00e5rdbitr\u00e4den.\u00a0\u00a0<\/p>\n<\/div>\n\n<div class=\"wp-block wp-block-core-heading\" id=\"konstruktiva-losningar\">\n<h3 class=\"wp-block-heading\">Konstruktiva l\u00f6sningar<\/h3>\n<\/div>\n\n<div class=\"wp-block wp-block-core-paragraph\">\n<p>Vi har f\u00f6rst\u00e5else&nbsp;f\u00f6r&nbsp;att det finns en stor press p\u00e5 regionerna att&nbsp;rekrytera&nbsp;och beh\u00e5lla personal. Men vi \u00e4r s\u00e4kra p\u00e5 att det finns mer konstruktiva l\u00f6sningar \u00e4n de som nu ligger&nbsp;f\u00f6r handen.&nbsp;<\/p>\n<\/div>\n\n<div id=\"block-iconlink-block_7e9d98eaeec58b003053878fce7188d4\" class=\"Icon-link Icon-link--squiggly-arrow-link\">\n      <a href=\"https:\/\/www.almega.se\/app\/uploads\/sites\/5\/2021\/02\/promemoria-karenstidsvillkor-mw.pdf\" target=\"_blank\" class=\"Button is-button is-style-fill has-green-background-color has-green-border-color has-white-color Button--squiggly-arrow-link\">\n      <div class=\"Button__text\">\n        Ta del av promemorian\n      <\/div>\n      <div class=\"Button__arrow \">\n                <div class=\"Button__line\"><\/div>\n                <svg class='icon icon--squiggly-arrow-link'  width=\"114\" height=\"36\" viewBox=\"0 0 114 36\" fill=\"none\" xmlns=\"http:\/\/www.w3.org\/2000\/svg\">\n<path d=\"M0.591797 18.5C7.0918 18.5 11.5209 19.9081 13.4345 14.5C14.3308 11.9657 14.3461 11.9541 15.0839 9.38315C15.7735 6.97969 17.3449 4.54993 19.8345 3.93399C22.9224 3.16984 26.0805 5.67017 27.0204 8.62798C27.9603 11.5851 27.243 14.7829 26.3407 17.751C25.4378 20.719 24.34 23.7256 24.5322 26.8156C24.7244 29.9049 26.6162 33.154 29.7193 33.8559C33.0114 34.5995 36.3563 32.146 37.6741 29.1234C38.9912 26.0995 38.7745 22.6791 38.4839 19.4082C38.1926 16.1373 37.8656 12.7464 38.9918 9.65134C40.1187 6.55559 43.1657 3.84801 46.5259 4.19961C49.9434 4.55763 52.3227 7.90617 52.8134 11.2104C53.3042 14.5147 52.3993 17.8408 51.8259 21.1322C51.2526 24.4237 51.0624 28.0141 52.8029 30.8923C54.221 33.2393 56.8902 34.826 59.6869 34.9864C62.4836 35.1468 65.3259 33.8758 67.0188 31.7072C69.5136 28.5126 69.3227 24.0689 68.5255 20.1345C67.7289 16.1996 66.4369 12.2139 67.1225 8.2597C67.8081 4.30548 71.3849 0.426331 75.4597 1.0705C78.5034 1.55171 80.6627 4.37413 81.4078 7.28189C82.1528 10.189 81.8133 13.2366 81.7711 16.2323C81.7288 19.2279 82.0551 22.4052 83.8874 24.8144C86.657 28.4555 91.9762 29.2197 96.6072 28.7147C101.239 28.2098 105.813 25.7501 110.457 26.1383\" stroke=\"black\" stroke-width=\"2\" stroke-miterlimit=\"10\"\/>\n<path d=\"M105.097 35L111.68 25.3613L102.457 18.2063\" stroke=\"black\" stroke-width=\"2\" stroke-miterlimit=\"10\"\/>\n<\/svg>\n\n        <\/div>\n    <\/a>\n  <\/div>\n<\/div>\n<\/div>\n<\/div>\n","protected":false},"excerpt":{"rendered":"<p>Viktigt med \u00f6versyn av karensregler f\u00f6r inhyrning av v\u00e5rdpersonal En f\u00f6ruts\u00e4ttning f\u00f6r att avtal inom offentlig upphandling ska fungera med kvalitet, kostnadseffektivitet och leverans\u00ads\u00e4kerhet \u00e4r att avtalsvillkoren diskuteras mellan de upphandlande parterna. Ett av de &hellip;<\/p>\n","protected":false},"author":6058,"featured_media":12642,"parent":0,"menu_order":48,"comment_status":"closed","ping_status":"closed","template":"","meta":{"_acf_changed":false,"footnotes":""},"article_type":[],"agreement":[],"for-members":[],"class_list":["post-7299","page","type-page","status-publish","has-post-thumbnail","hentry"],"acf":[],"yoast_head":"<!-- This site is optimized with the Yoast SEO Premium plugin v26.8 (Yoast SEO v26.8) - https:\/\/yoast.com\/product\/yoast-seo-premium-wordpress\/ -->\n<title>V\u00e5rdkarens - om karensregler f\u00f6r inhyrning av v\u00e5rdpersonal<\/title>\n<meta name=\"description\" content=\"V\u00e5rdkarens g\u00e4ller n\u00e4r en person g\u00e5r fr\u00e5n anst\u00e4llning hos region till ett bemanningsf\u00f6retagt. L\u00e4s mer om det h\u00e4r.\" \/>\n<meta name=\"robots\" content=\"index, follow, max-snippet:-1, max-image-preview:large, max-video-preview:-1\" \/>\n<link rel=\"canonical\" href=\"https:\/\/www.kompetensforetagen.se\/vardkarens\/\" \/>\n<meta property=\"og:locale\" content=\"sv_SE\" \/>\n<meta property=\"og:type\" content=\"article\" \/>\n<meta property=\"og:title\" content=\"V\u00e5rdkarens\" \/>\n<meta property=\"og:description\" content=\"V\u00e5rdkarens g\u00e4ller n\u00e4r en person g\u00e5r fr\u00e5n anst\u00e4llning hos region till ett bemanningsf\u00f6retagt. L\u00e4s mer om det h\u00e4r.\" \/>\n<meta property=\"og:url\" content=\"https:\/\/www.kompetensforetagen.se\/vardkarens\/\" \/>\n<meta property=\"og:site_name\" content=\"Kompetensf\u00f6retagen\" \/>\n<meta property=\"article:modified_time\" content=\"2023-11-22T14:46:50+00:00\" \/>\n<meta property=\"og:image\" content=\"https:\/\/www.kompetensforetagen.se\/app\/uploads\/sites\/5\/2023\/04\/pexels-karolina-grabowska-4021769-scaled.jpg\" \/>\n\t<meta property=\"og:image:width\" content=\"2560\" \/>\n\t<meta property=\"og:image:height\" content=\"1707\" \/>\n\t<meta property=\"og:image:type\" content=\"image\/jpeg\" \/>\n<meta name=\"twitter:card\" content=\"summary_large_image\" \/>\n<meta name=\"twitter:label1\" content=\"Ber\u00e4knad l\u00e4stid\" \/>\n\t<meta name=\"twitter:data1\" content=\"2 minuter\" \/>\n<script type=\"application\/ld+json\" class=\"yoast-schema-graph\">{\"@context\":\"https:\/\/schema.org\",\"@graph\":[{\"@type\":\"WebPage\",\"@id\":\"https:\/\/www.kompetensforetagen.se\/vardkarens\/\",\"url\":\"https:\/\/www.kompetensforetagen.se\/vardkarens\/\",\"name\":\"V\u00e5rdkarens - om karensregler f\u00f6r inhyrning av v\u00e5rdpersonal\",\"isPartOf\":{\"@id\":\"https:\/\/www.kompetensforetagen.se\/#website\"},\"primaryImageOfPage\":{\"@id\":\"https:\/\/www.kompetensforetagen.se\/vardkarens\/#primaryimage\"},\"image\":{\"@id\":\"https:\/\/www.kompetensforetagen.se\/vardkarens\/#primaryimage\"},\"thumbnailUrl\":\"https:\/\/www.kompetensforetagen.se\/app\/uploads\/sites\/5\/2023\/04\/pexels-karolina-grabowska-4021769-scaled.jpg\",\"datePublished\":\"2021-06-14T08:07:06+00:00\",\"dateModified\":\"2023-11-22T14:46:50+00:00\",\"description\":\"V\u00e5rdkarens g\u00e4ller n\u00e4r en person g\u00e5r fr\u00e5n anst\u00e4llning hos region till ett bemanningsf\u00f6retagt. L\u00e4s mer om det h\u00e4r.\",\"breadcrumb\":{\"@id\":\"https:\/\/www.kompetensforetagen.se\/vardkarens\/#breadcrumb\"},\"inLanguage\":\"sv-SE\",\"potentialAction\":[{\"@type\":\"ReadAction\",\"target\":[\"https:\/\/www.kompetensforetagen.se\/vardkarens\/\"]}]},{\"@type\":\"ImageObject\",\"inLanguage\":\"sv-SE\",\"@id\":\"https:\/\/www.kompetensforetagen.se\/vardkarens\/#primaryimage\",\"url\":\"https:\/\/www.kompetensforetagen.se\/app\/uploads\/sites\/5\/2023\/04\/pexels-karolina-grabowska-4021769-scaled.jpg\",\"contentUrl\":\"https:\/\/www.kompetensforetagen.se\/app\/uploads\/sites\/5\/2023\/04\/pexels-karolina-grabowska-4021769-scaled.jpg\",\"width\":2560,\"height\":1707,\"caption\":\"Man i v\u00e5rdkl\u00e4der med armarna korsade \u00f6ver br\u00f6stet och stetoskop runt halsen\"},{\"@type\":\"BreadcrumbList\",\"@id\":\"https:\/\/www.kompetensforetagen.se\/vardkarens\/#breadcrumb\",\"itemListElement\":[{\"@type\":\"ListItem\",\"position\":1,\"name\":\"Home\",\"item\":\"https:\/\/www.kompetensforetagen.se\/\"},{\"@type\":\"ListItem\",\"position\":2,\"name\":\"V\u00e5rdkarens\"}]},{\"@type\":\"WebSite\",\"@id\":\"https:\/\/www.kompetensforetagen.se\/#website\",\"url\":\"https:\/\/www.kompetensforetagen.se\/\",\"name\":\"Kompetensf\u00f6retagen\",\"description\":\"R\u00e4tt person p\u00e5 r\u00e4tt plats kan f\u00f6r\u00e4ndra v\u00e4rlden\",\"publisher\":{\"@id\":\"https:\/\/www.kompetensforetagen.se\/#organization\"},\"potentialAction\":[{\"@type\":\"SearchAction\",\"target\":{\"@type\":\"EntryPoint\",\"urlTemplate\":\"https:\/\/www.kompetensforetagen.se\/?s={search_term_string}\"},\"query-input\":{\"@type\":\"PropertyValueSpecification\",\"valueRequired\":true,\"valueName\":\"search_term_string\"}}],\"inLanguage\":\"sv-SE\"},{\"@type\":\"Organization\",\"@id\":\"https:\/\/www.kompetensforetagen.se\/#organization\",\"name\":\"Kompetensf\u00f6retagen\",\"url\":\"https:\/\/www.kompetensforetagen.se\/\",\"logo\":{\"@type\":\"ImageObject\",\"inLanguage\":\"sv-SE\",\"@id\":\"https:\/\/www.kompetensforetagen.se\/#\/schema\/logo\/image\/\",\"url\":\"https:\/\/www.kompetensforetagen.se\/app\/uploads\/sites\/5\/2022\/10\/logga_svart.png\",\"contentUrl\":\"https:\/\/www.kompetensforetagen.se\/app\/uploads\/sites\/5\/2022\/10\/logga_svart.png\",\"width\":752,\"height\":64,\"caption\":\"Kompetensf\u00f6retagen\"},\"image\":{\"@id\":\"https:\/\/www.kompetensforetagen.se\/#\/schema\/logo\/image\/\"},\"sameAs\":[\"https:\/\/www.linkedin.com\/company\/10540032\/\"]}]}<\/script>\n<!-- \/ Yoast SEO Premium plugin. -->","yoast_head_json":{"title":"V\u00e5rdkarens - om karensregler f\u00f6r inhyrning av v\u00e5rdpersonal","description":"V\u00e5rdkarens g\u00e4ller n\u00e4r en person g\u00e5r fr\u00e5n anst\u00e4llning hos region till ett bemanningsf\u00f6retagt. L\u00e4s mer om det h\u00e4r.","robots":{"index":"index","follow":"follow","max-snippet":"max-snippet:-1","max-image-preview":"max-image-preview:large","max-video-preview":"max-video-preview:-1"},"canonical":"https:\/\/www.kompetensforetagen.se\/vardkarens\/","og_locale":"sv_SE","og_type":"article","og_title":"V\u00e5rdkarens","og_description":"V\u00e5rdkarens g\u00e4ller n\u00e4r en person g\u00e5r fr\u00e5n anst\u00e4llning hos region till ett bemanningsf\u00f6retagt. L\u00e4s mer om det h\u00e4r.","og_url":"https:\/\/www.kompetensforetagen.se\/vardkarens\/","og_site_name":"Kompetensf\u00f6retagen","article_modified_time":"2023-11-22T14:46:50+00:00","og_image":[{"width":2560,"height":1707,"url":"https:\/\/www.kompetensforetagen.se\/app\/uploads\/sites\/5\/2023\/04\/pexels-karolina-grabowska-4021769-scaled.jpg","type":"image\/jpeg"}],"twitter_card":"summary_large_image","twitter_misc":{"Ber\u00e4knad l\u00e4stid":"2 minuter"},"schema":{"@context":"https:\/\/schema.org","@graph":[{"@type":"WebPage","@id":"https:\/\/www.kompetensforetagen.se\/vardkarens\/","url":"https:\/\/www.kompetensforetagen.se\/vardkarens\/","name":"V\u00e5rdkarens - om karensregler f\u00f6r inhyrning av v\u00e5rdpersonal","isPartOf":{"@id":"https:\/\/www.kompetensforetagen.se\/#website"},"primaryImageOfPage":{"@id":"https:\/\/www.kompetensforetagen.se\/vardkarens\/#primaryimage"},"image":{"@id":"https:\/\/www.kompetensforetagen.se\/vardkarens\/#primaryimage"},"thumbnailUrl":"https:\/\/www.kompetensforetagen.se\/app\/uploads\/sites\/5\/2023\/04\/pexels-karolina-grabowska-4021769-scaled.jpg","datePublished":"2021-06-14T08:07:06+00:00","dateModified":"2023-11-22T14:46:50+00:00","description":"V\u00e5rdkarens g\u00e4ller n\u00e4r en person g\u00e5r fr\u00e5n anst\u00e4llning hos region till ett bemanningsf\u00f6retagt. L\u00e4s mer om det h\u00e4r.","breadcrumb":{"@id":"https:\/\/www.kompetensforetagen.se\/vardkarens\/#breadcrumb"},"inLanguage":"sv-SE","potentialAction":[{"@type":"ReadAction","target":["https:\/\/www.kompetensforetagen.se\/vardkarens\/"]}]},{"@type":"ImageObject","inLanguage":"sv-SE","@id":"https:\/\/www.kompetensforetagen.se\/vardkarens\/#primaryimage","url":"https:\/\/www.kompetensforetagen.se\/app\/uploads\/sites\/5\/2023\/04\/pexels-karolina-grabowska-4021769-scaled.jpg","contentUrl":"https:\/\/www.kompetensforetagen.se\/app\/uploads\/sites\/5\/2023\/04\/pexels-karolina-grabowska-4021769-scaled.jpg","width":2560,"height":1707,"caption":"Man i v\u00e5rdkl\u00e4der med armarna korsade \u00f6ver br\u00f6stet och stetoskop runt halsen"},{"@type":"BreadcrumbList","@id":"https:\/\/www.kompetensforetagen.se\/vardkarens\/#breadcrumb","itemListElement":[{"@type":"ListItem","position":1,"name":"Home","item":"https:\/\/www.kompetensforetagen.se\/"},{"@type":"ListItem","position":2,"name":"V\u00e5rdkarens"}]},{"@type":"WebSite","@id":"https:\/\/www.kompetensforetagen.se\/#website","url":"https:\/\/www.kompetensforetagen.se\/","name":"Kompetensf\u00f6retagen","description":"R\u00e4tt person p\u00e5 r\u00e4tt plats kan f\u00f6r\u00e4ndra v\u00e4rlden","publisher":{"@id":"https:\/\/www.kompetensforetagen.se\/#organization"},"potentialAction":[{"@type":"SearchAction","target":{"@type":"EntryPoint","urlTemplate":"https:\/\/www.kompetensforetagen.se\/?s={search_term_string}"},"query-input":{"@type":"PropertyValueSpecification","valueRequired":true,"valueName":"search_term_string"}}],"inLanguage":"sv-SE"},{"@type":"Organization","@id":"https:\/\/www.kompetensforetagen.se\/#organization","name":"Kompetensf\u00f6retagen","url":"https:\/\/www.kompetensforetagen.se\/","logo":{"@type":"ImageObject","inLanguage":"sv-SE","@id":"https:\/\/www.kompetensforetagen.se\/#\/schema\/logo\/image\/","url":"https:\/\/www.kompetensforetagen.se\/app\/uploads\/sites\/5\/2022\/10\/logga_svart.png","contentUrl":"https:\/\/www.kompetensforetagen.se\/app\/uploads\/sites\/5\/2022\/10\/logga_svart.png","width":752,"height":64,"caption":"Kompetensf\u00f6retagen"},"image":{"@id":"https:\/\/www.kompetensforetagen.se\/#\/schema\/logo\/image\/"},"sameAs":["https:\/\/www.linkedin.com\/company\/10540032\/"]}]}},"_links":{"self":[{"href":"https:\/\/www.kompetensforetagen.se\/api\/wp\/v2\/pages\/7299","targetHints":{"allow":["GET"]}}],"collection":[{"href":"https:\/\/www.kompetensforetagen.se\/api\/wp\/v2\/pages"}],"about":[{"href":"https:\/\/www.kompetensforetagen.se\/api\/wp\/v2\/types\/page"}],"author":[{"embeddable":true,"href":"https:\/\/www.kompetensforetagen.se\/api\/wp\/v2\/users\/6058"}],"replies":[{"embeddable":true,"href":"https:\/\/www.kompetensforetagen.se\/api\/wp\/v2\/comments?post=7299"}],"version-history":[{"count":11,"href":"https:\/\/www.kompetensforetagen.se\/api\/wp\/v2\/pages\/7299\/revisions"}],"predecessor-version":[{"id":15834,"href":"https:\/\/www.kompetensforetagen.se\/api\/wp\/v2\/pages\/7299\/revisions\/15834"}],"wp:featuredmedia":[{"embeddable":true,"href":"https:\/\/www.kompetensforetagen.se\/api\/wp\/v2\/media\/12642"}],"wp:attachment":[{"href":"https:\/\/www.kompetensforetagen.se\/api\/wp\/v2\/media?parent=7299"}],"wp:term":[{"taxonomy":"type","embeddable":true,"href":"https:\/\/www.kompetensforetagen.se\/api\/wp\/v2\/article_type?post=7299"},{"taxonomy":"agreement","embeddable":true,"href":"https:\/\/www.kompetensforetagen.se\/api\/wp\/v2\/agreement?post=7299"},{"taxonomy":"for-members","embeddable":true,"href":"https:\/\/www.kompetensforetagen.se\/api\/wp\/v2\/for-members?post=7299"}],"curies":[{"name":"wp","href":"https:\/\/api.w.org\/{rel}","templated":true}]}}