{"id":7221,"date":"2021-06-02T11:40:05","date_gmt":"2021-06-02T09:40:05","guid":{"rendered":"https:\/\/www.kompetensforetagen.se\/?page_id=7221"},"modified":"2025-08-05T08:39:55","modified_gmt":"2025-08-05T06:39:55","slug":"offentlig-upphandling","status":"publish","type":"page","link":"https:\/\/www.kompetensforetagen.se\/offentlig-upphandling\/","title":{"rendered":"Offentlig upphandling"},"content":{"rendered":"<div id=\"block-hero-block_f653e8f1cb5cbb892cc1e06be0e34761\" class=\"Hero has-green-background-color has-paragraph-text\">\n\n    \n  <div class=\"Hero__inner container has-green-background-color\">\n              <div class=\"Hero__title\">\n          <h1><i> Offentlig upphandling<\/i><\/h1>\n        <\/div>\n                    <div class=\"Hero__text\">\n          <p>Dialog och fokus p\u00e5 kvalitet m\u00e5ste pr\u00e4gla offentlig upphandling <\/p>\n\n        <\/div>\n                    <\/div>\n<\/div>\n\n\n\n<div class=\"wp-block-group has-white-background-color has-background is-layout-constrained wp-block-group-is-layout-constrained\">\n<div class=\"wp-block-columns is-layout-flex wp-container-core-columns-is-layout-9d6595d7 wp-block-columns-is-layout-flex\">\n<div class=\"wp-block-column is-vertically-aligned-center is-layout-flow wp-block-column-is-layout-flow\"><div class=\"wp-block wp-block-core-heading heading-in-sidebar\" id=\"11-tips-till-dig-som-upphandlare\"><a class='Share__link Share__link--url copy-text' href='#' rel='nofollow' data-text='11-tips-till-dig-som-upphandlare' title='Dela url' data-confirmation='L\u00e4nken kopierades till urklipp'><svg class='icon icon--link'  width='18' height='18' viewBox='0 0 18 18' fill='none' xmlns='http:\/\/www.w3.org\/2000\/svg'>\n            <path d='M10.4142 0.514721L6.87868 4.05025L8.29289 5.46447L11.1213 2.63604L15.364 6.87868L12.5355 9.70711L13.9497 11.1213L17.4853 7.58579C17.8763 7.19476 17.8763 6.5626 17.4853 6.17158L11.8284 0.514721C11.4374 0.123691 10.8052 0.123691 10.4142 0.514721Z' fill='black'\/>\n            <path d='M9.7071 12.5355L6.87868 15.364L2.63604 11.1213L5.46446 8.2929L4.05025 6.87868L0.514716 10.4142C0.123686 10.8052 0.123686 11.4374 0.514716 11.8284L6.17157 17.4853C6.5626 17.8763 7.19475 17.8763 7.58578 17.4853L11.1213 13.9497L9.7071 12.5355Z' fill='black'\/>\n            <path d='M6.17157 11.8284C6.5626 12.2195 7.19475 12.2195 7.58578 11.8284L11.8284 7.58579C12.2195 7.19476 12.2195 6.56261 11.8284 6.17158C11.4374 5.78055 10.8052 5.78055 10.4142 6.17158L6.17157 10.4142C5.78054 10.8052 5.78054 11.4374 6.17157 11.8284Z' fill='black'\/>\n            <\/svg> <\/a>\n<h2 class=\"wp-block-heading\" id=\"h-11-tips-till-dig-som-upphandlare\">11 tips till dig som upphandlare<\/h2>\n<\/div>\n\n<div class=\"wp-block wp-block-core-heading\" id=\"offentlig-upphandling\">\n<h4 class=\"wp-block-heading\" id=\"h-offentlig-upphandling\">Offentlig upphandling<\/h4>\n<\/div>\n\n<div class=\"wp-block wp-block-core-paragraph\">\n<p>Bli en b\u00e4ttre upphandlare av kompetenstj\u00e4nster. V\u00e5ra medlemsf\u00f6retag deltar i m\u00e5nga offentliga upphandlingar, men m\u00e5nga upplever upphandlingsprocessen som komplicerad och byr\u00e5kratisk. H\u00e4r har vi samlat 11 tips f\u00f6r att bli en b\u00e4ttre best\u00e4llare.<\/p>\n<\/div>\n\n<div id=\"block-iconlink-block_fe7cceeecb6548cf667cee3fb85eea73\" class=\"Icon-link Icon-link--arrow-tip\">\n      <a href=\"https:\/\/www.kompetensforetagen.se\/rapport\/upphandlingsguide\/\" target=\"_blank\" class=\"Button is-button is-style-fill has-black-background-color has-black-border-color has-white-color Button--arrow-tip white-space-nowrap\">\n      <div class=\"Button__text\">\n        Till tips\n      <\/div>\n      <div class=\"Button__arrow  arrow-tip \">\n                <div class=\"Button__line\"><\/div>\n                <svg class='icon icon--arrow-tip'  width=\"11\" height=\"16\" viewBox=\"0 0 11 16\" fill=\"none\" xmlns=\"http:\/\/www.w3.org\/2000\/svg\">\n<path d=\"M0.858398 15L9.2304 7.99664L0.967732 1.00001\" stroke=\"black\" stroke-width=\"2\" stroke-miterlimit=\"10\"\/>\n<\/svg>\n\n        <\/div>\n    <\/a>\n  <\/div>\n<\/div>\n\n\n\n<div class=\"wp-block-column is-vertically-aligned-center is-layout-flow wp-block-column-is-layout-flow\">\n<figure class=\"wp-block-video\"><video height=\"1080\" style=\"aspect-ratio: 1080 \/ 1080;\" width=\"1080\" autoplay controls loop muted src=\"https:\/\/www.kompetensforetagen.se\/app\/uploads\/sites\/5\/2025\/05\/11-tips-offentlig-upphandling.mp4\" playsinline><\/video><\/figure>\n<\/div>\n<\/div>\n<\/div>\n\n\n\n<div class=\"wp-block-group has-primary-background-color has-background is-layout-constrained wp-block-group-is-layout-constrained\">\n<div class=\"wp-block-columns is-layout-flex wp-container-core-columns-is-layout-9d6595d7 wp-block-columns-is-layout-flex\">\n<div class=\"wp-block-column is-layout-flow wp-block-column-is-layout-flow\" style=\"flex-basis:66.66%\"><div class=\"wp-block wp-block-core-heading\" id=\"varje-ar-annonseras&nbsp;17&nbsp;000-offentliga-upphandlingar&nbsp;och-ytterligare&nbsp;ett-stort-antal-direktupphandlingar.\">\n<h3 class=\"wp-block-heading\" id=\"h-varje-ar-annonseras-nbsp-17-nbsp-000-offentliga-upphandlingar-nbsp-och-ytterligare-nbsp-ett-stort-antal-direktupphandlingar\">Varje \u00e5r annonseras&nbsp;17&nbsp;000 offentliga upphandlingar&nbsp;och ytterligare&nbsp;ett stort antal direktupphandlingar. <\/h3>\n<\/div>\n\n<div class=\"wp-block wp-block-core-paragraph\">\n<p>Allt fler myndigheter v\u00e4ljer ocks\u00e5 att annonsera sina direktupphandlingar &#8211; 2022 annonserades 2 700! Tillsammans&nbsp;summeras&nbsp;v\u00e4rdet av offentlig sektors&nbsp;ink\u00f6p&nbsp;till 800 miljarder kronor. Det&nbsp;motsvarar&nbsp;en femtedel av BNP. Det&nbsp;g\u00f6r den offentliga sektorn till en&nbsp;mycket betydelsefull&nbsp;best\u00e4llare av&nbsp;n\u00e4ringslivets varor och tj\u00e4nster.<\/p>\n<\/div>\n\n<div class=\"wp-block wp-block-core-paragraph\">\n<p>M\u00e5nga erfarna medlemsf\u00f6retag inom bemanning, rekrytering och omst\u00e4llning levererar idag sina tj\u00e4nster till offentliga kunder. F\u00f6retagen har tunga erfarenheter fr\u00e5n deltagande i b\u00e5de upphandlingar och valfrihetssystem och vet vad som \u00e4r avg\u00f6rande f\u00f6r lyckade upphandlingar och avtal. Den vill vi&nbsp;i branschen&nbsp;dela med oss av,&nbsp;f\u00f6r att samh\u00e4llet ska f\u00e5 s\u00e5 mycket nytta som m\u00f6jligt av de tj\u00e4nster som upphandlas.&nbsp;Vi vill betona vikten av&nbsp;fokus p\u00e5 kvalitet framf\u00f6r pris, f\u00f6r att uppn\u00e5 goda och kostnadseffektiva tj\u00e4nster.<\/p>\n<\/div><\/div>\n\n\n\n<div class=\"wp-block-column is-layout-flow wp-block-column-is-layout-flow\" style=\"flex-basis:33.33%\">\n<figure class=\"wp-block-image size-large\"><img loading=\"lazy\" decoding=\"async\" width=\"1180\" height=\"787\" src=\"https:\/\/www.kompetensforetagen.se\/app\/uploads\/sites\/5\/2023\/04\/pexels-karolina-grabowska-76810713-1180x787.png\" alt=\"\" class=\"wp-image-12625\" srcset=\"https:\/\/www.kompetensforetagen.se\/app\/uploads\/sites\/5\/2023\/04\/pexels-karolina-grabowska-76810713-1180x787.png 1180w, https:\/\/www.kompetensforetagen.se\/app\/uploads\/sites\/5\/2023\/04\/pexels-karolina-grabowska-76810713-580x387.png 580w, https:\/\/www.kompetensforetagen.se\/app\/uploads\/sites\/5\/2023\/04\/pexels-karolina-grabowska-76810713-380x253.png 380w, https:\/\/www.kompetensforetagen.se\/app\/uploads\/sites\/5\/2023\/04\/pexels-karolina-grabowska-76810713-768x512.png 768w, https:\/\/www.kompetensforetagen.se\/app\/uploads\/sites\/5\/2023\/04\/pexels-karolina-grabowska-76810713-1536x1024.png 1536w, https:\/\/www.kompetensforetagen.se\/app\/uploads\/sites\/5\/2023\/04\/pexels-karolina-grabowska-76810713-2048x1365.png 2048w, https:\/\/www.kompetensforetagen.se\/app\/uploads\/sites\/5\/2023\/04\/pexels-karolina-grabowska-76810713-600x400.png 600w\" sizes=\"auto, (max-width: 1180px) 100vw, 1180px\" \/><\/figure>\n<\/div>\n<\/div>\n<\/div>\n\n\n\n<div class=\"wp-block-group has-secondary-background-color has-background is-layout-constrained wp-block-group-is-layout-constrained\">\n<div class=\"wp-block-columns is-layout-flex wp-container-core-columns-is-layout-9d6595d7 wp-block-columns-is-layout-flex\">\n<div class=\"wp-block-column is-layout-flow wp-block-column-is-layout-flow\"><div class=\"wp-block wp-block-core-heading\" id=\"viktigt-med-kvalitet-framfor-pris\">\n<h3 class=\"wp-block-heading\" id=\"h-viktigt-med-kvalitet-framfor-pris\">Viktigt med kvalitet framf\u00f6r pris<\/h3>\n<\/div>\n\n<div class=\"wp-block wp-block-core-paragraph\">\n<p>F\u00f6r att uppn\u00e5 bra och kostnadseffektiva upphandlingar b\u00f6r de offentliga upphandlarna s\u00e4tta fokus p\u00e5 kvalitet i upphandlingarna. Det uppn\u00e5s b\u00e4st i samarbete med leverant\u00f6rerna. Som ett gott exempel kan man lyfta medlemsf\u00f6retagens\u202f samarbete med regionerna. Konkurrensverkets rapport<a href=\"https:\/\/www.konkurrensverket.se\/informationsmaterial\/rapportlista\/regioners-upphandlingar-av-vardpersonal--en-uppfoljning-av-utvecklingen-sedan-2015\/\" target=\"_blank\" rel=\"noreferrer noopener\"> Regioners upphandlingar av v\u00e5rdpersonal\u202f<\/a>(2020) bekr\u00e4ftade att detta har f\u00f6rb\u00e4ttrat leveranserna. Konkurrensverket konstaterar att m\u00e5nga leverant\u00f6rer p\u00e5 ramavtal troligen har bidragit till att behovet av kostnadsdrivande direktupphandlingar har minskat samtidigt som leveranss\u00e4kerheten har \u00f6kat.<\/p>\n<\/div>\n\n<div class=\"wp-block wp-block-core-paragraph\">\n<p>Ett annat gott exempel \u00e4r n\u00e4r Arbetsf\u00f6rmedlingen numera upphandlar omst\u00e4llningstj\u00e4nster, <a href=\"https:\/\/www.kompetensforetagen.se\/arbetsformedlingen\/krom-rusta-och-matcha\/\">Rusta och matcha 2<\/a>, i n\u00e4ra samarbete med leverant\u00f6rerna. En viktig anledning till att ett n\u00e4ra samarbete har varit m\u00f6jligt \u00e4r att det har genomf\u00f6rts som ett valfrihetssystem. Arbetsf\u00f6rmedlingen har l\u00e5tit Dels har leverant\u00f6rerna kunnat komma med synpunkter p\u00e5 inneh\u00e5llet inf\u00f6r upphandlingen. Dessutom finns det ett Leverant\u00f6rsforum d\u00e4r de upphandlade tj\u00e4nsterna diskuteras kontinuerligt. Det har lett till en kontinuerlig dialog d\u00e4r AF och leverant\u00f6rerna kan diskutera vad som fungerar bra och vad som kan g\u00f6ras b\u00e4ttre. Resultatet av det \u00e4r att kvaliteten kan h\u00f6jas i de levererade tj\u00e4nsterna f\u00f6r\u00e4ndringar kan g\u00f6ras under mer ordnade former och eventuella problem kan tas om hand p\u00e5 ett tidigt stadium.<\/p>\n<\/div><\/div>\n\n\n\n<div class=\"wp-block-column is-layout-flow wp-block-column-is-layout-flow\"><div class=\"wp-block wp-block-core-heading\" id=\"dialog&nbsp;avgorande-for-lyckad-upphandling\">\n<h3 class=\"wp-block-heading\" id=\"h-dialog-nbsp-avgorande-for-lyckad-upphandling\">Dialog&nbsp;avg\u00f6rande f\u00f6r lyckad upphandling<\/h3>\n<\/div>\n\n<div class=\"wp-block wp-block-core-paragraph\">\n<p>Dialog \u00e4r en viktig framg\u00e5ngsfaktor f\u00f6r lyckad upphandling. L\u00e5ngt innan upphandlingen annonseras kan leverant\u00f6rer, bland andra v\u00e5ra medlemsf\u00f6retag, g\u00e5 igenom f\u00f6ruts\u00e4ttningarna och dela med sig av sina erfarenheter. Numera \u00e4r dialog inskriven i <a href=\"https:\/\/www.riksdagen.se\/sv\/dokument-och-lagar\/dokument\/svensk-forfattningssamling\/lag-20161145-om-offentlig-upphandling_sfs-2016-1145\/\" target=\"_blank\" rel=\"noreferrer noopener\">Lagen om Offentlig Upphandling (LOU<\/a>), ett s\u00e4tt att tydligg\u00f6ra att dialogen \u00e4r till\u00e5ten. Tidig dialog inneb\u00e4r ofta startskottet f\u00f6r att utforma upphandlingsunderlagen. Men \u00e4ven under och efter upphandlingen \u00e4r dialogen viktig. <\/p>\n<\/div>\n\n<div class=\"wp-block wp-block-core-paragraph\">\n<p>Den kan vara betydelsefull efter upphandlingen f\u00f6r de leverant\u00f6rer som inte f\u00e5tt tilldelning. De f\u00e5r d\u00e5 m\u00f6jlighet att f\u00f6rst\u00e5 varf\u00f6r, och p\u00e5 s\u00e5 vis skapas b\u00e4ttre f\u00f6ruts\u00e4ttningar f\u00f6r dem vid n\u00e4sta upphandling. Men dialogen \u00e4r ocks\u00e5 viktig under avtalstiden, om det beh\u00f6vs anpassningar f\u00f6r att avtalet ska fungera s\u00e5 effektivt som m\u00f6jligt.<\/p>\n<\/div>\n\n<div class=\"wp-block wp-block-core-heading\" id=\"for-lyckad-upphandling-i-offentlig-sektor-vill-vi-darfor-betona-vikten-av:\">\n<h3 class=\"wp-block-heading\" id=\"h-for-lyckad-upphandling-i-offentlig-sektor-vill-vi-darfor-betona-vikten-av\">F\u00f6r lyckad upphandling i offentlig sektor vill vi d\u00e4rf\u00f6r betona vikten av:<\/h3>\n<\/div>\n\n<div class=\"wp-block wp-block-core-list\">\n<ul class=\"wp-block-list\">\n<li>Att ink\u00f6psprocesserna blir enklare och mer aff\u00e4rsm\u00e4ssiga, grundade i dialog mellan ink\u00f6pare och f\u00f6retag&nbsp;<\/li>\n\n\n\n<li>Att kvalitet ska pr\u00e4gla upphandlingen f\u00f6re priset&nbsp;<\/li>\n<\/ul>\n<\/div><\/div>\n<\/div>\n\n\n\n<div class=\"wp-block-columns is-layout-flex wp-container-core-columns-is-layout-9d6595d7 wp-block-columns-is-layout-flex\">\n<div class=\"wp-block-column is-layout-flow wp-block-column-is-layout-flow\"><div class=\"wp-block wp-block-core-heading\" id=\"kompetens\u00adforetagen-som-facilitator\">\n<h3 class=\"wp-block-heading\" id=\"h-kompetens-foretagen-som-facilitator\">Kompetens\u00adf\u00f6retagen som facilitator<\/h3>\n<\/div>\n\n<div class=\"wp-block wp-block-core-paragraph\">\n<p>Som organisation har&nbsp;Kompetens\u00adf\u00f6retagen&nbsp;goda f\u00f6ruts\u00e4ttningar att bidra till att dialogen f\u00f6rverkligas. Vi utg\u00f6r en m\u00f6tesplats d\u00e4r k\u00f6pare och s\u00e4ljare kan n\u00e5 varandra;&nbsp;d\u00e4r seri\u00f6sa f\u00f6rslag kan diskuteras.&nbsp;N\u00e4r medlems\u00adf\u00f6retagen f\u00e5r bidra med sina kunskaper&nbsp;kan&nbsp;de stora summor&nbsp;som f\u00f6rekommer i offentlig upphandling&nbsp;anv\u00e4ndas&nbsp;effektivare&nbsp;och&nbsp;till st\u00f6rre nytta f\u00f6r samh\u00e4llet.&nbsp;<\/p>\n<\/div><\/div>\n\n\n\n<div class=\"wp-block-column is-layout-flow wp-block-column-is-layout-flow\"><\/div>\n<\/div>\n<\/div>\n\n\n\n<div class=\"wp-block-group is-layout-constrained wp-block-group-is-layout-constrained\"><div class=\"wp-block wp-block-core-heading heading-in-sidebar\" id=\"vara-fragor\"><a class='Share__link Share__link--url copy-text' href='#' rel='nofollow' data-text='vara-fragor' title='Dela url' data-confirmation='L\u00e4nken kopierades till urklipp'><svg class='icon icon--link'  width='18' height='18' viewBox='0 0 18 18' fill='none' xmlns='http:\/\/www.w3.org\/2000\/svg'>\n            <path d='M10.4142 0.514721L6.87868 4.05025L8.29289 5.46447L11.1213 2.63604L15.364 6.87868L12.5355 9.70711L13.9497 11.1213L17.4853 7.58579C17.8763 7.19476 17.8763 6.5626 17.4853 6.17158L11.8284 0.514721C11.4374 0.123691 10.8052 0.123691 10.4142 0.514721Z' fill='black'\/>\n            <path d='M9.7071 12.5355L6.87868 15.364L2.63604 11.1213L5.46446 8.2929L4.05025 6.87868L0.514716 10.4142C0.123686 10.8052 0.123686 11.4374 0.514716 11.8284L6.17157 17.4853C6.5626 17.8763 7.19475 17.8763 7.58578 17.4853L11.1213 13.9497L9.7071 12.5355Z' fill='black'\/>\n            <path d='M6.17157 11.8284C6.5626 12.2195 7.19475 12.2195 7.58578 11.8284L11.8284 7.58579C12.2195 7.19476 12.2195 6.56261 11.8284 6.17158C11.4374 5.78055 10.8052 5.78055 10.4142 6.17158L6.17157 10.4142C5.78054 10.8052 5.78054 11.4374 6.17157 11.8284Z' fill='black'\/>\n            <\/svg> <\/a>\n<h2 class=\"wp-block-heading\" id=\"h-vara-fragor\">V\u00e5ra fr\u00e5gor<\/h2>\n<\/div>\n\n\n<div class=\"wp-block-columns is-layout-flex wp-container-core-columns-is-layout-9d6595d7 wp-block-columns-is-layout-flex\">\n<div class=\"wp-block-column is-layout-flow wp-block-column-is-layout-flow\"><div id=\"block-iconlink-block_ba7ea8c3732b8ebb531ece9c6bcee78f\" class=\"Icon-link Icon-link--arrow-tip\">\n      <a href=\"https:\/\/www.kompetensforetagen.se\/arbetsmarknadspolitik\/\" target=\"_blank\" class=\"Button is-button is-fullwidth is-style-fill has-black-background-color has-black-border-color has-white-color Button--arrow-tip white-space-nowrap\">\n      <div class=\"Button__text\">\n        Arbetsmarknad\n      <\/div>\n      <div class=\"Button__arrow  arrow-tip \">\n                <div class=\"Button__line\"><\/div>\n                <svg class='icon icon--arrow-tip'  width=\"11\" height=\"16\" viewBox=\"0 0 11 16\" fill=\"none\" xmlns=\"http:\/\/www.w3.org\/2000\/svg\">\n<path d=\"M0.858398 15L9.2304 7.99664L0.967732 1.00001\" stroke=\"black\" stroke-width=\"2\" stroke-miterlimit=\"10\"\/>\n<\/svg>\n\n        <\/div>\n    <\/a>\n  <\/div>\n<\/div>\n\n\n\n<div class=\"wp-block-column is-layout-flow wp-block-column-is-layout-flow\"><div id=\"block-iconlink-block_5315c2eea269e8cb1876e89b4c78b49a\" class=\"Icon-link Icon-link--arrow-tip\">\n      <a href=\"https:\/\/www.kompetensforetagen.se\/vardbemanning\/\" target=\"_blank\" class=\"Button is-button is-fullwidth is-style-fill has-black-background-color has-black-border-color has-white-color Button--arrow-tip\">\n      <div class=\"Button__text\">\n        V\u00e4lf\u00e4rdsbemanning\n      <\/div>\n      <div class=\"Button__arrow  arrow-tip \">\n                <div class=\"Button__line\"><\/div>\n                <svg class='icon icon--arrow-tip'  width=\"11\" height=\"16\" viewBox=\"0 0 11 16\" fill=\"none\" xmlns=\"http:\/\/www.w3.org\/2000\/svg\">\n<path d=\"M0.858398 15L9.2304 7.99664L0.967732 1.00001\" stroke=\"black\" stroke-width=\"2\" stroke-miterlimit=\"10\"\/>\n<\/svg>\n\n        <\/div>\n    <\/a>\n  <\/div>\n<\/div>\n<\/div>\n\n\n\n<div class=\"wp-block-columns is-layout-flex wp-container-core-columns-is-layout-9d6595d7 wp-block-columns-is-layout-flex\">\n<div class=\"wp-block-column is-layout-flow wp-block-column-is-layout-flow\"><div id=\"block-iconlink-block_0d4a6fa47303e707b3e5dea0470b5af0\" class=\"Icon-link Icon-link--arrow-tip\">\n      <a href=\"https:\/\/www.kompetensforetagen.se\/bakgrundskontroller-2\/\" target=\"_blank\" class=\"Button is-button is-fullwidth is-style-fill has-black-background-color has-black-border-color has-white-color Button--arrow-tip\">\n      <div class=\"Button__text\">\n        Bakgrundskontroller\n      <\/div>\n      <div class=\"Button__arrow  arrow-tip \">\n                <div class=\"Button__line\"><\/div>\n                <svg class='icon icon--arrow-tip'  width=\"11\" height=\"16\" viewBox=\"0 0 11 16\" fill=\"none\" xmlns=\"http:\/\/www.w3.org\/2000\/svg\">\n<path d=\"M0.858398 15L9.2304 7.99664L0.967732 1.00001\" stroke=\"black\" stroke-width=\"2\" stroke-miterlimit=\"10\"\/>\n<\/svg>\n\n        <\/div>\n    <\/a>\n  <\/div>\n<\/div>\n\n\n\n<div class=\"wp-block-column is-layout-flow wp-block-column-is-layout-flow\"><div id=\"block-iconlink-block_11545cb7a334db22c43367f4a7dbd213\" class=\"Icon-link Icon-link--arrow-tip\">\n      <a href=\"https:\/\/www.kompetensforetagen.se\/internationellt\/\" target=\"_blank\" class=\"Button is-button is-fullwidth is-style-fill has-black-background-color has-black-border-color has-white-color Button--arrow-tip white-space-nowrap\">\n      <div class=\"Button__text\">\n        Internationellt\n      <\/div>\n      <div class=\"Button__arrow  arrow-tip \">\n                <div class=\"Button__line\"><\/div>\n                <svg class='icon icon--arrow-tip'  width=\"11\" height=\"16\" viewBox=\"0 0 11 16\" fill=\"none\" xmlns=\"http:\/\/www.w3.org\/2000\/svg\">\n<path d=\"M0.858398 15L9.2304 7.99664L0.967732 1.00001\" stroke=\"black\" stroke-width=\"2\" stroke-miterlimit=\"10\"\/>\n<\/svg>\n\n        <\/div>\n    <\/a>\n  <\/div>\n<\/div>\n\n\n\n<div class=\"wp-block-column is-layout-flow wp-block-column-is-layout-flow\"><div id=\"block-iconlink-block_36db568174b6b04e5240bdb1846a6811\" class=\"Icon-link Icon-link--arrow-tip\">\n      <a href=\"https:\/\/www.kompetensforetagen.se\/offentlig-upphandling\/\" target=\"_blank\" class=\"Button is-button is-fullwidth is-style-fill has-black-background-color has-black-border-color has-white-color Button--arrow-tip\">\n      <div class=\"Button__text\">\n        Offentlig upphandling\n      <\/div>\n      <div class=\"Button__arrow  arrow-tip \">\n                <div class=\"Button__line\"><\/div>\n                <svg class='icon icon--arrow-tip'  width=\"11\" height=\"16\" viewBox=\"0 0 11 16\" fill=\"none\" xmlns=\"http:\/\/www.w3.org\/2000\/svg\">\n<path d=\"M0.858398 15L9.2304 7.99664L0.967732 1.00001\" stroke=\"black\" stroke-width=\"2\" stroke-miterlimit=\"10\"\/>\n<\/svg>\n\n        <\/div>\n    <\/a>\n  <\/div>\n<\/div>\n<\/div>\n<\/div>\n","protected":false},"excerpt":{"rendered":"<p>11 tips till dig som upphandlare Offentlig upphandling Bli en b\u00e4ttre upphandlare av kompetenstj\u00e4nster. V\u00e5ra medlemsf\u00f6retag deltar i m\u00e5nga offentliga upphandlingar, men m\u00e5nga upplever upphandlingsprocessen som komplicerad och byr\u00e5kratisk. H\u00e4r har vi samlat 11 tips &hellip;<\/p>\n","protected":false},"author":6058,"featured_media":12676,"parent":0,"menu_order":18,"comment_status":"closed","ping_status":"closed","template":"","meta":{"_acf_changed":false,"footnotes":""},"article_type":[],"agreement":[],"for-members":[],"class_list":["post-7221","page","type-page","status-publish","has-post-thumbnail","hentry"],"acf":[],"yoast_head":"<!-- This site is optimized with the Yoast SEO Premium plugin v26.8 (Yoast SEO v26.8) - https:\/\/yoast.com\/product\/yoast-seo-premium-wordpress\/ -->\n<title>Dialog och kvalitetsfokus viktigt f\u00f6r lyckad offentlig upphandling<\/title>\n<meta name=\"description\" content=\"Dialog och fokus p\u00e5 kvalitet f\u00f6re pris \u00e4r avg\u00f6rande f\u00f6r lyckad offentlig upphandling. Samarbete med leverant\u00f6rerna \u00e4r v\u00e4gen dit.\" \/>\n<meta name=\"robots\" content=\"index, follow, max-snippet:-1, max-image-preview:large, max-video-preview:-1\" \/>\n<link rel=\"canonical\" href=\"https:\/\/www.kompetensforetagen.se\/offentlig-upphandling\/\" \/>\n<meta property=\"og:locale\" content=\"sv_SE\" \/>\n<meta property=\"og:type\" content=\"article\" \/>\n<meta property=\"og:title\" content=\"Offentlig upphandling\" \/>\n<meta property=\"og:description\" content=\"Dialog och fokus p\u00e5 kvalitet f\u00f6re pris \u00e4r avg\u00f6rande f\u00f6r lyckad offentlig upphandling. Samarbete med leverant\u00f6rerna \u00e4r v\u00e4gen dit.\" \/>\n<meta property=\"og:url\" content=\"https:\/\/www.kompetensforetagen.se\/offentlig-upphandling\/\" \/>\n<meta property=\"og:site_name\" content=\"Kompetensf\u00f6retagen\" \/>\n<meta property=\"article:modified_time\" content=\"2025-08-05T06:39:55+00:00\" \/>\n<meta property=\"og:image\" content=\"https:\/\/www.kompetensforetagen.se\/app\/uploads\/sites\/5\/2023\/04\/Offentlig-upphandling.png\" \/>\n\t<meta property=\"og:image:width\" content=\"1180\" \/>\n\t<meta property=\"og:image:height\" content=\"787\" \/>\n\t<meta property=\"og:image:type\" content=\"image\/png\" \/>\n<meta name=\"twitter:card\" content=\"summary_large_image\" \/>\n<meta name=\"twitter:label1\" content=\"Ber\u00e4knad l\u00e4stid\" \/>\n\t<meta name=\"twitter:data1\" content=\"4 minuter\" \/>\n<script type=\"application\/ld+json\" class=\"yoast-schema-graph\">{\"@context\":\"https:\/\/schema.org\",\"@graph\":[{\"@type\":\"WebPage\",\"@id\":\"https:\/\/www.kompetensforetagen.se\/offentlig-upphandling\/\",\"url\":\"https:\/\/www.kompetensforetagen.se\/offentlig-upphandling\/\",\"name\":\"Dialog och kvalitetsfokus viktigt f\u00f6r lyckad offentlig upphandling\",\"isPartOf\":{\"@id\":\"https:\/\/www.kompetensforetagen.se\/#website\"},\"primaryImageOfPage\":{\"@id\":\"https:\/\/www.kompetensforetagen.se\/offentlig-upphandling\/#primaryimage\"},\"image\":{\"@id\":\"https:\/\/www.kompetensforetagen.se\/offentlig-upphandling\/#primaryimage\"},\"thumbnailUrl\":\"https:\/\/www.kompetensforetagen.se\/app\/uploads\/sites\/5\/2023\/04\/Offentlig-upphandling.png\",\"datePublished\":\"2021-06-02T09:40:05+00:00\",\"dateModified\":\"2025-08-05T06:39:55+00:00\",\"description\":\"Dialog och fokus p\u00e5 kvalitet f\u00f6re pris \u00e4r avg\u00f6rande f\u00f6r lyckad offentlig upphandling. Samarbete med leverant\u00f6rerna \u00e4r v\u00e4gen dit.\",\"breadcrumb\":{\"@id\":\"https:\/\/www.kompetensforetagen.se\/offentlig-upphandling\/#breadcrumb\"},\"inLanguage\":\"sv-SE\",\"potentialAction\":[{\"@type\":\"ReadAction\",\"target\":[\"https:\/\/www.kompetensforetagen.se\/offentlig-upphandling\/\"]}]},{\"@type\":\"ImageObject\",\"inLanguage\":\"sv-SE\",\"@id\":\"https:\/\/www.kompetensforetagen.se\/offentlig-upphandling\/#primaryimage\",\"url\":\"https:\/\/www.kompetensforetagen.se\/app\/uploads\/sites\/5\/2023\/04\/Offentlig-upphandling.png\",\"contentUrl\":\"https:\/\/www.kompetensforetagen.se\/app\/uploads\/sites\/5\/2023\/04\/Offentlig-upphandling.png\",\"width\":1180,\"height\":787,\"caption\":\"Tv\u00e5 personer skakar hand \u00f6ver skrivbord: om offentlig upphandling av konsulttj\u00e4nster.\"},{\"@type\":\"BreadcrumbList\",\"@id\":\"https:\/\/www.kompetensforetagen.se\/offentlig-upphandling\/#breadcrumb\",\"itemListElement\":[{\"@type\":\"ListItem\",\"position\":1,\"name\":\"Home\",\"item\":\"https:\/\/www.kompetensforetagen.se\/\"},{\"@type\":\"ListItem\",\"position\":2,\"name\":\"Offentlig upphandling\"}]},{\"@type\":\"WebSite\",\"@id\":\"https:\/\/www.kompetensforetagen.se\/#website\",\"url\":\"https:\/\/www.kompetensforetagen.se\/\",\"name\":\"Kompetensf\u00f6retagen\",\"description\":\"R\u00e4tt person p\u00e5 r\u00e4tt plats kan f\u00f6r\u00e4ndra v\u00e4rlden\",\"publisher\":{\"@id\":\"https:\/\/www.kompetensforetagen.se\/#organization\"},\"potentialAction\":[{\"@type\":\"SearchAction\",\"target\":{\"@type\":\"EntryPoint\",\"urlTemplate\":\"https:\/\/www.kompetensforetagen.se\/?s={search_term_string}\"},\"query-input\":{\"@type\":\"PropertyValueSpecification\",\"valueRequired\":true,\"valueName\":\"search_term_string\"}}],\"inLanguage\":\"sv-SE\"},{\"@type\":\"Organization\",\"@id\":\"https:\/\/www.kompetensforetagen.se\/#organization\",\"name\":\"Kompetensf\u00f6retagen\",\"url\":\"https:\/\/www.kompetensforetagen.se\/\",\"logo\":{\"@type\":\"ImageObject\",\"inLanguage\":\"sv-SE\",\"@id\":\"https:\/\/www.kompetensforetagen.se\/#\/schema\/logo\/image\/\",\"url\":\"https:\/\/www.kompetensforetagen.se\/app\/uploads\/sites\/5\/2022\/10\/logga_svart.png\",\"contentUrl\":\"https:\/\/www.kompetensforetagen.se\/app\/uploads\/sites\/5\/2022\/10\/logga_svart.png\",\"width\":752,\"height\":64,\"caption\":\"Kompetensf\u00f6retagen\"},\"image\":{\"@id\":\"https:\/\/www.kompetensforetagen.se\/#\/schema\/logo\/image\/\"},\"sameAs\":[\"https:\/\/www.linkedin.com\/company\/10540032\/\"]}]}<\/script>\n<!-- \/ Yoast SEO Premium plugin. -->","yoast_head_json":{"title":"Dialog och kvalitetsfokus viktigt f\u00f6r lyckad offentlig upphandling","description":"Dialog och fokus p\u00e5 kvalitet f\u00f6re pris \u00e4r avg\u00f6rande f\u00f6r lyckad offentlig upphandling. Samarbete med leverant\u00f6rerna \u00e4r v\u00e4gen dit.","robots":{"index":"index","follow":"follow","max-snippet":"max-snippet:-1","max-image-preview":"max-image-preview:large","max-video-preview":"max-video-preview:-1"},"canonical":"https:\/\/www.kompetensforetagen.se\/offentlig-upphandling\/","og_locale":"sv_SE","og_type":"article","og_title":"Offentlig upphandling","og_description":"Dialog och fokus p\u00e5 kvalitet f\u00f6re pris \u00e4r avg\u00f6rande f\u00f6r lyckad offentlig upphandling. Samarbete med leverant\u00f6rerna \u00e4r v\u00e4gen dit.","og_url":"https:\/\/www.kompetensforetagen.se\/offentlig-upphandling\/","og_site_name":"Kompetensf\u00f6retagen","article_modified_time":"2025-08-05T06:39:55+00:00","og_image":[{"width":1180,"height":787,"url":"https:\/\/www.kompetensforetagen.se\/app\/uploads\/sites\/5\/2023\/04\/Offentlig-upphandling.png","type":"image\/png"}],"twitter_card":"summary_large_image","twitter_misc":{"Ber\u00e4knad l\u00e4stid":"4 minuter"},"schema":{"@context":"https:\/\/schema.org","@graph":[{"@type":"WebPage","@id":"https:\/\/www.kompetensforetagen.se\/offentlig-upphandling\/","url":"https:\/\/www.kompetensforetagen.se\/offentlig-upphandling\/","name":"Dialog och kvalitetsfokus viktigt f\u00f6r lyckad offentlig upphandling","isPartOf":{"@id":"https:\/\/www.kompetensforetagen.se\/#website"},"primaryImageOfPage":{"@id":"https:\/\/www.kompetensforetagen.se\/offentlig-upphandling\/#primaryimage"},"image":{"@id":"https:\/\/www.kompetensforetagen.se\/offentlig-upphandling\/#primaryimage"},"thumbnailUrl":"https:\/\/www.kompetensforetagen.se\/app\/uploads\/sites\/5\/2023\/04\/Offentlig-upphandling.png","datePublished":"2021-06-02T09:40:05+00:00","dateModified":"2025-08-05T06:39:55+00:00","description":"Dialog och fokus p\u00e5 kvalitet f\u00f6re pris \u00e4r avg\u00f6rande f\u00f6r lyckad offentlig upphandling. Samarbete med leverant\u00f6rerna \u00e4r v\u00e4gen dit.","breadcrumb":{"@id":"https:\/\/www.kompetensforetagen.se\/offentlig-upphandling\/#breadcrumb"},"inLanguage":"sv-SE","potentialAction":[{"@type":"ReadAction","target":["https:\/\/www.kompetensforetagen.se\/offentlig-upphandling\/"]}]},{"@type":"ImageObject","inLanguage":"sv-SE","@id":"https:\/\/www.kompetensforetagen.se\/offentlig-upphandling\/#primaryimage","url":"https:\/\/www.kompetensforetagen.se\/app\/uploads\/sites\/5\/2023\/04\/Offentlig-upphandling.png","contentUrl":"https:\/\/www.kompetensforetagen.se\/app\/uploads\/sites\/5\/2023\/04\/Offentlig-upphandling.png","width":1180,"height":787,"caption":"Tv\u00e5 personer skakar hand \u00f6ver skrivbord: om offentlig upphandling av konsulttj\u00e4nster."},{"@type":"BreadcrumbList","@id":"https:\/\/www.kompetensforetagen.se\/offentlig-upphandling\/#breadcrumb","itemListElement":[{"@type":"ListItem","position":1,"name":"Home","item":"https:\/\/www.kompetensforetagen.se\/"},{"@type":"ListItem","position":2,"name":"Offentlig upphandling"}]},{"@type":"WebSite","@id":"https:\/\/www.kompetensforetagen.se\/#website","url":"https:\/\/www.kompetensforetagen.se\/","name":"Kompetensf\u00f6retagen","description":"R\u00e4tt person p\u00e5 r\u00e4tt plats kan f\u00f6r\u00e4ndra v\u00e4rlden","publisher":{"@id":"https:\/\/www.kompetensforetagen.se\/#organization"},"potentialAction":[{"@type":"SearchAction","target":{"@type":"EntryPoint","urlTemplate":"https:\/\/www.kompetensforetagen.se\/?s={search_term_string}"},"query-input":{"@type":"PropertyValueSpecification","valueRequired":true,"valueName":"search_term_string"}}],"inLanguage":"sv-SE"},{"@type":"Organization","@id":"https:\/\/www.kompetensforetagen.se\/#organization","name":"Kompetensf\u00f6retagen","url":"https:\/\/www.kompetensforetagen.se\/","logo":{"@type":"ImageObject","inLanguage":"sv-SE","@id":"https:\/\/www.kompetensforetagen.se\/#\/schema\/logo\/image\/","url":"https:\/\/www.kompetensforetagen.se\/app\/uploads\/sites\/5\/2022\/10\/logga_svart.png","contentUrl":"https:\/\/www.kompetensforetagen.se\/app\/uploads\/sites\/5\/2022\/10\/logga_svart.png","width":752,"height":64,"caption":"Kompetensf\u00f6retagen"},"image":{"@id":"https:\/\/www.kompetensforetagen.se\/#\/schema\/logo\/image\/"},"sameAs":["https:\/\/www.linkedin.com\/company\/10540032\/"]}]}},"_links":{"self":[{"href":"https:\/\/www.kompetensforetagen.se\/api\/wp\/v2\/pages\/7221","targetHints":{"allow":["GET"]}}],"collection":[{"href":"https:\/\/www.kompetensforetagen.se\/api\/wp\/v2\/pages"}],"about":[{"href":"https:\/\/www.kompetensforetagen.se\/api\/wp\/v2\/types\/page"}],"author":[{"embeddable":true,"href":"https:\/\/www.kompetensforetagen.se\/api\/wp\/v2\/users\/6058"}],"replies":[{"embeddable":true,"href":"https:\/\/www.kompetensforetagen.se\/api\/wp\/v2\/comments?post=7221"}],"version-history":[{"count":20,"href":"https:\/\/www.kompetensforetagen.se\/api\/wp\/v2\/pages\/7221\/revisions"}],"predecessor-version":[{"id":20677,"href":"https:\/\/www.kompetensforetagen.se\/api\/wp\/v2\/pages\/7221\/revisions\/20677"}],"wp:featuredmedia":[{"embeddable":true,"href":"https:\/\/www.kompetensforetagen.se\/api\/wp\/v2\/media\/12676"}],"wp:attachment":[{"href":"https:\/\/www.kompetensforetagen.se\/api\/wp\/v2\/media?parent=7221"}],"wp:term":[{"taxonomy":"type","embeddable":true,"href":"https:\/\/www.kompetensforetagen.se\/api\/wp\/v2\/article_type?post=7221"},{"taxonomy":"agreement","embeddable":true,"href":"https:\/\/www.kompetensforetagen.se\/api\/wp\/v2\/agreement?post=7221"},{"taxonomy":"for-members","embeddable":true,"href":"https:\/\/www.kompetensforetagen.se\/api\/wp\/v2\/for-members?post=7221"}],"curies":[{"name":"wp","href":"https:\/\/api.w.org\/{rel}","templated":true}]}}