{"id":7190,"date":"2021-05-31T15:00:38","date_gmt":"2021-05-31T13:00:38","guid":{"rendered":"https:\/\/www.kompetensforetagen.se\/?page_id=7190"},"modified":"2023-04-11T17:08:37","modified_gmt":"2023-04-11T15:08:37","slug":"media","status":"publish","type":"page","link":"https:\/\/www.kompetensforetagen.se\/media\/","title":{"rendered":"I media"},"content":{"rendered":"<div id=\"block-hero-block_f318dd1f9208b6d72aebd8a356210f55\" class=\"Hero has-lightgray-background-color has-paragraph-text\">\n\n    \n  <div class=\"Hero__inner container has-lightgray-background-color\">\n              <div class=\"Hero__title\">\n          <h1><i> Media<\/i><\/h1>\n        <\/div>\n                    <div class=\"Hero__text\">\n          <p>Debattartiklar, kommentarer och intervjuer<\/p>\n\n        <\/div>\n                    <\/div>\n<\/div>\n\n\n\n<div class=\"wp-block-group is-layout-constrained wp-block-group-is-layout-constrained\"><div class=\"Listing no-bg\" id=\"block-4f1c8142-26ac-4f43-a0f4-562049ee4aca\">\n  <div class=\"container\">\n    <div class=\"Listing__heading\">\n       <h2>DEBATTARTIKLAR, KOMMENTARER, INTERVJUER M.M.<\/h2>     <\/div>\n    <div class=\"row\">\n      \n                      <div class=\"col-12\">\n                      <article class=\"Blurb Blurb--lg Blurb--post Blurb--horizontal has-thumbnail\">\n  <a href=\"https:\/\/www.kompetensforetagen.se\/2025\/06\/positivt-att-af-haver-avtal\/\">\n          <div class=\"Blurb__thumbnail__wrap\">\n        <figure class=\"Blurb__thumbnail\">\n          <img loading=\"lazy\" decoding=\"async\" width=\"1900\" height=\"1000\" src=\"https:\/\/www.kompetensforetagen.se\/app\/uploads\/sites\/5\/2024\/10\/Medlemscase-hemsida-8.png\" class=\"attachment-small size-small wp-post-image\" alt=\"Jessica Forss Katz: Kritiken borde riktas mot Arbetsf\u00f6rmedlingen\" srcset=\"https:\/\/www.kompetensforetagen.se\/app\/uploads\/sites\/5\/2024\/10\/Medlemscase-hemsida-8.png 1900w, https:\/\/www.kompetensforetagen.se\/app\/uploads\/sites\/5\/2024\/10\/Medlemscase-hemsida-8-580x305.png 580w, https:\/\/www.kompetensforetagen.se\/app\/uploads\/sites\/5\/2024\/10\/Medlemscase-hemsida-8-1180x621.png 1180w, https:\/\/www.kompetensforetagen.se\/app\/uploads\/sites\/5\/2024\/10\/Medlemscase-hemsida-8-380x200.png 380w, https:\/\/www.kompetensforetagen.se\/app\/uploads\/sites\/5\/2024\/10\/Medlemscase-hemsida-8-768x404.png 768w, https:\/\/www.kompetensforetagen.se\/app\/uploads\/sites\/5\/2024\/10\/Medlemscase-hemsida-8-1536x808.png 1536w, https:\/\/www.kompetensforetagen.se\/app\/uploads\/sites\/5\/2024\/10\/Medlemscase-hemsida-8-600x316.png 600w\" sizes=\"auto, (max-width: 1900px) 100vw, 1900px\" \/>\n        <\/figure>\n      <\/div>\n        <div class=\"Blurb__content\">\n      <div class=\"Blurb__body\">\n        <div>\n                                <div class=\"Meta d-flex align-items-center Blurb__meta\">\n      <div class=\"Meta__tag item\">\n      Arbetsf\u00f6rmedlingen\n      <svg class='icon icon--triangle'  width=\"26\" height=\"32\" viewBox=\"0 0 26 32\" fill=\"none\" xmlns=\"http:\/\/www.w3.org\/2000\/svg\">\n<path fill-rule=\"evenodd\" clip-rule=\"evenodd\" d=\"M13.1315 0H0V32H13.1315L26 16L13.1315 0ZM9 18.581C10.6569 18.581 12 17.1946 12 15.4843C12 13.774 10.6569 12.3875 9 12.3875C7.34315 12.3875 6 13.774 6 15.4843C6 17.1946 7.34315 18.581 9 18.581Z\" fill=\"#FDDCC0\"\/>\n<\/svg>\n\n      <\/div>\n    <div class=\"Meta__group\">\n          <div class=\"Meta__date  d-flex align-items-center\">\n        <svg class='icon icon--timestamp'  width=\"16\" height=\"16\" viewBox=\"0 0 16 16\" fill=\"none\" xmlns=\"http:\/\/www.w3.org\/2000\/svg\">\n<path fill-rule=\"evenodd\" clip-rule=\"evenodd\" d=\"M10.4833 10.5818C10.7278 10.8452 10.7278 11.2723 10.4833 11.5357C10.361 11.6674 10.2008 11.7333 10.0405 11.7333C9.88023 11.7333 9.72008 11.6674 9.59781 11.5357L7.65015 9.43814C7.53273 9.31167 7.46667 9.14001 7.46667 8.96109V4.94118C7.46667 4.56868 7.74705 4.26667 8.09288 4.26667C8.4387 4.26667 8.71908 4.56868 8.71908 4.94118V8.68168L10.4833 10.5818ZM8 14.9333C4.177 14.9333 1.06667 11.823 1.06667 8C1.06667 4.177 4.177 1.06667 8 1.06667C11.8232 1.06667 14.9333 4.177 14.9333 8C14.9333 11.823 11.8232 14.9333 8 14.9333ZM8 0C3.58887 0 0 3.58887 0 8C0 12.4111 3.58887 16 8 16C12.4113 16 16 12.4111 16 8C16 3.58887 12.4113 0 8 0Z\" fill=\"black\"\/>\n<\/svg>\n\n          <time datetime=\"2025-06-03T07:56:51+00:00\">3 juni 2025<\/time>\n      <\/div>\n              <div class=\"Meta__category\">\n        Kommentar\n      <\/div>\n      <\/div>\n<\/div>\n                  <\/div>\n        <h3 class=\"Blurb__title\">\n          Positivt att AF h\u00e4ver avtal\n        <\/h3>\n                  <div class=\"Blurb__text\">\n            Nu h\u00e4ver Arbetsf\u00f6rmedlingen avtal med 94 leverant\u00f6rer. Myndigheten skriver att det handlar om leverant\u00f6rer som inte kan uppvisa tillr\u00e4ckliga resultat inom matchningstj\u00e4nsten Rusta och matcha.\n\n          <\/div>\n                <div class=\"Blurb__arrow\">\n                                <div class=\"Blurb__arrow__line\">\n              <svg class='icon icon--arrow-tip'  width=\"11\" height=\"16\" viewBox=\"0 0 11 16\" fill=\"none\" xmlns=\"http:\/\/www.w3.org\/2000\/svg\">\n<path d=\"M0.858398 15L9.2304 7.99664L0.967732 1.00001\" stroke=\"black\" stroke-width=\"2\" stroke-miterlimit=\"10\"\/>\n<\/svg>\n\n              <\/div>\n                  <\/div>\n      <\/div>\n    <\/div>\n  <\/a>\n<\/article>\n                  <\/div>\n                              <div class=\"col-md-4\">\n                      <article class=\"Blurb Blurb--md Blurb--post Blurb--vertical has-thumbnail\">\n  <a href=\"https:\/\/www.kompetensforetagen.se\/2024\/06\/vardbemanningens-faktiska-siffror\/\">\n          <div class=\"Blurb__thumbnail__wrap\">\n        <figure class=\"Blurb__thumbnail\">\n          <img loading=\"lazy\" decoding=\"async\" width=\"1122\" height=\"793\" src=\"https:\/\/www.kompetensforetagen.se\/app\/uploads\/sites\/5\/2024\/06\/Vardbemanningens-faktiska-siffror.gif\" class=\"attachment-small size-small wp-post-image\" alt=\"Grafik: V\u00e5rdbemanningens faktiska siffror och statistik.\" \/>\n        <\/figure>\n      <\/div>\n        <div class=\"Blurb__content\">\n      <div class=\"Blurb__body\">\n        <div>\n                                <div class=\"Meta d-flex align-items-center Blurb__meta\">\n      <div class=\"Meta__tag item\">\n      V\u00e5rdbemanning\n      <svg class='icon icon--triangle'  width=\"26\" height=\"32\" viewBox=\"0 0 26 32\" fill=\"none\" xmlns=\"http:\/\/www.w3.org\/2000\/svg\">\n<path fill-rule=\"evenodd\" clip-rule=\"evenodd\" d=\"M13.1315 0H0V32H13.1315L26 16L13.1315 0ZM9 18.581C10.6569 18.581 12 17.1946 12 15.4843C12 13.774 10.6569 12.3875 9 12.3875C7.34315 12.3875 6 13.774 6 15.4843C6 17.1946 7.34315 18.581 9 18.581Z\" fill=\"#FDDCC0\"\/>\n<\/svg>\n\n      <\/div>\n    <div class=\"Meta__group\">\n          <div class=\"Meta__date  d-flex align-items-center\">\n        <svg class='icon icon--timestamp'  width=\"16\" height=\"16\" viewBox=\"0 0 16 16\" fill=\"none\" xmlns=\"http:\/\/www.w3.org\/2000\/svg\">\n<path fill-rule=\"evenodd\" clip-rule=\"evenodd\" d=\"M10.4833 10.5818C10.7278 10.8452 10.7278 11.2723 10.4833 11.5357C10.361 11.6674 10.2008 11.7333 10.0405 11.7333C9.88023 11.7333 9.72008 11.6674 9.59781 11.5357L7.65015 9.43814C7.53273 9.31167 7.46667 9.14001 7.46667 8.96109V4.94118C7.46667 4.56868 7.74705 4.26667 8.09288 4.26667C8.4387 4.26667 8.71908 4.56868 8.71908 4.94118V8.68168L10.4833 10.5818ZM8 14.9333C4.177 14.9333 1.06667 11.823 1.06667 8C1.06667 4.177 4.177 1.06667 8 1.06667C11.8232 1.06667 14.9333 4.177 14.9333 8C14.9333 11.823 11.8232 14.9333 8 14.9333ZM8 0C3.58887 0 0 3.58887 0 8C0 12.4111 3.58887 16 8 16C12.4113 16 16 12.4111 16 8C16 3.58887 12.4113 0 8 0Z\" fill=\"black\"\/>\n<\/svg>\n\n          <time datetime=\"2024-06-13T05:11:39+00:00\">13 juni 2024<\/time>\n      <\/div>\n              <div class=\"Meta__category\">\n        Fakta\n      <\/div>\n      <\/div>\n<\/div>\n                  <\/div>\n        <h3 class=\"Blurb__title\">\n          V\u00e5rdbemanningens faktiska siffror\n        <\/h3>\n                  <div class=\"Blurb__text\">\n            St\u00e4ndigt p\u00e5st\u00e5s det att hyrl\u00e4kare \u00e4r l\u00e5ngt dyrare \u00e4n regionernas egen personal. Det \u00e4r inte sant. Den m\u00e5ttliga skillnad i kostnad som finns skapar andra v\u00e4rden som kortare v\u00e5rdk\u00f6er och mer flexibilitet. Bemannings\u00adbranschen uppstod f\u00f6r &hellip;\n          <\/div>\n                <div class=\"Blurb__arrow\">\n                                <div class=\"Blurb__arrow__line\">\n              <svg class='icon icon--arrow-tip'  width=\"11\" height=\"16\" viewBox=\"0 0 11 16\" fill=\"none\" xmlns=\"http:\/\/www.w3.org\/2000\/svg\">\n<path d=\"M0.858398 15L9.2304 7.99664L0.967732 1.00001\" stroke=\"black\" stroke-width=\"2\" stroke-miterlimit=\"10\"\/>\n<\/svg>\n\n              <\/div>\n                  <\/div>\n      <\/div>\n    <\/div>\n  <\/a>\n<\/article>\n                  <\/div>\n                              <div class=\"col-md-4\">\n                      <article class=\"Blurb Blurb--md Blurb--post Blurb--vertical has-thumbnail\">\n  <a href=\"https:\/\/www.kompetensforetagen.se\/2023\/12\/debatt-facken-far-inte-tveka-om-etableringsjobben\/\">\n          <div class=\"Blurb__thumbnail__wrap\">\n        <figure class=\"Blurb__thumbnail\">\n          <img loading=\"lazy\" decoding=\"async\" width=\"2560\" height=\"1707\" src=\"https:\/\/www.kompetensforetagen.se\/app\/uploads\/sites\/5\/2023\/06\/pexels-cottonbro-studio-4631066-scaled.jpg\" class=\"attachment-small size-small wp-post-image\" alt=\"Upp\u00e5tv\u00e4nda handflator med yes och no skrivet i respektive\" srcset=\"https:\/\/www.kompetensforetagen.se\/app\/uploads\/sites\/5\/2023\/06\/pexels-cottonbro-studio-4631066-scaled.jpg 2560w, https:\/\/www.kompetensforetagen.se\/app\/uploads\/sites\/5\/2023\/06\/pexels-cottonbro-studio-4631066-580x387.jpg 580w, https:\/\/www.kompetensforetagen.se\/app\/uploads\/sites\/5\/2023\/06\/pexels-cottonbro-studio-4631066-1180x787.jpg 1180w, https:\/\/www.kompetensforetagen.se\/app\/uploads\/sites\/5\/2023\/06\/pexels-cottonbro-studio-4631066-380x253.jpg 380w, https:\/\/www.kompetensforetagen.se\/app\/uploads\/sites\/5\/2023\/06\/pexels-cottonbro-studio-4631066-768x512.jpg 768w, https:\/\/www.kompetensforetagen.se\/app\/uploads\/sites\/5\/2023\/06\/pexels-cottonbro-studio-4631066-1536x1024.jpg 1536w, https:\/\/www.kompetensforetagen.se\/app\/uploads\/sites\/5\/2023\/06\/pexels-cottonbro-studio-4631066-2048x1365.jpg 2048w, https:\/\/www.kompetensforetagen.se\/app\/uploads\/sites\/5\/2023\/06\/pexels-cottonbro-studio-4631066-600x400.jpg 600w\" sizes=\"auto, (max-width: 2560px) 100vw, 2560px\" \/>\n        <\/figure>\n      <\/div>\n        <div class=\"Blurb__content\">\n      <div class=\"Blurb__body\">\n        <div>\n                                <div class=\"Meta d-flex align-items-center Blurb__meta\">\n      <div class=\"Meta__tag item\">\n      Arbetsmarknad\n      <svg class='icon icon--triangle'  width=\"26\" height=\"32\" viewBox=\"0 0 26 32\" fill=\"none\" xmlns=\"http:\/\/www.w3.org\/2000\/svg\">\n<path fill-rule=\"evenodd\" clip-rule=\"evenodd\" d=\"M13.1315 0H0V32H13.1315L26 16L13.1315 0ZM9 18.581C10.6569 18.581 12 17.1946 12 15.4843C12 13.774 10.6569 12.3875 9 12.3875C7.34315 12.3875 6 13.774 6 15.4843C6 17.1946 7.34315 18.581 9 18.581Z\" fill=\"#FDDCC0\"\/>\n<\/svg>\n\n      <\/div>\n    <div class=\"Meta__group\">\n          <div class=\"Meta__date  d-flex align-items-center\">\n        <svg class='icon icon--timestamp'  width=\"16\" height=\"16\" viewBox=\"0 0 16 16\" fill=\"none\" xmlns=\"http:\/\/www.w3.org\/2000\/svg\">\n<path fill-rule=\"evenodd\" clip-rule=\"evenodd\" d=\"M10.4833 10.5818C10.7278 10.8452 10.7278 11.2723 10.4833 11.5357C10.361 11.6674 10.2008 11.7333 10.0405 11.7333C9.88023 11.7333 9.72008 11.6674 9.59781 11.5357L7.65015 9.43814C7.53273 9.31167 7.46667 9.14001 7.46667 8.96109V4.94118C7.46667 4.56868 7.74705 4.26667 8.09288 4.26667C8.4387 4.26667 8.71908 4.56868 8.71908 4.94118V8.68168L10.4833 10.5818ZM8 14.9333C4.177 14.9333 1.06667 11.823 1.06667 8C1.06667 4.177 4.177 1.06667 8 1.06667C11.8232 1.06667 14.9333 4.177 14.9333 8C14.9333 11.823 11.8232 14.9333 8 14.9333ZM8 0C3.58887 0 0 3.58887 0 8C0 12.4111 3.58887 16 8 16C12.4113 16 16 12.4111 16 8C16 3.58887 12.4113 0 8 0Z\" fill=\"black\"\/>\n<\/svg>\n\n          <time datetime=\"2023-12-27T09:57:14+00:00\">27 december 2023<\/time>\n      <\/div>\n              <div class=\"Meta__category\">\n        Debattartiklar\n      <\/div>\n      <\/div>\n<\/div>\n                  <\/div>\n        <h3 class=\"Blurb__title\">\n          Debatt: Facken f\u00e5r inte tveka om etableringsjobben\n        <\/h3>\n                  <div class=\"Blurb__text\">\n            Artikeln publicerades f\u00f6rst p\u00e5 svd.se 25\/12 2023. I snart sex \u00e5r har arbetsmarknadens parter drivit p\u00e5 f\u00f6r reformen med etableringsjobb. Nu b\u00f6rjar dessv\u00e4rre vissa fackf\u00f6rbund att tveka. Men de b\u00f6r t\u00e4nka l\u00e5ngsiktigt, skriver \u00e5tta f\u00f6rbundsdirekt\u00f6rer &hellip;\n          <\/div>\n                <div class=\"Blurb__arrow\">\n                                <div class=\"Blurb__arrow__line\">\n              <svg class='icon icon--arrow-tip'  width=\"11\" height=\"16\" viewBox=\"0 0 11 16\" fill=\"none\" xmlns=\"http:\/\/www.w3.org\/2000\/svg\">\n<path d=\"M0.858398 15L9.2304 7.99664L0.967732 1.00001\" stroke=\"black\" stroke-width=\"2\" stroke-miterlimit=\"10\"\/>\n<\/svg>\n\n              <\/div>\n                  <\/div>\n      <\/div>\n    <\/div>\n  <\/a>\n<\/article>\n                  <\/div>\n                              <div class=\"col-md-4\">\n                      <article class=\"Blurb Blurb--md Blurb--post Blurb--vertical has-thumbnail\">\n  <a href=\"https:\/\/www.kompetensforetagen.se\/2023\/11\/debatt-var-ar-din-politik-for-langtidsarbetslosa-pehrson\/\">\n          <div class=\"Blurb__thumbnail__wrap\">\n        <figure class=\"Blurb__thumbnail\">\n          <img loading=\"lazy\" decoding=\"async\" width=\"2560\" height=\"1709\" src=\"https:\/\/www.kompetensforetagen.se\/app\/uploads\/sites\/5\/2023\/03\/pexels-leeloo-thefirst-5428829-scaled.jpg\" class=\"attachment-small size-small wp-post-image\" alt=\"Pappfigurer fr\u00e5getecken\" srcset=\"https:\/\/www.kompetensforetagen.se\/app\/uploads\/sites\/5\/2023\/03\/pexels-leeloo-thefirst-5428829-scaled.jpg 2560w, https:\/\/www.kompetensforetagen.se\/app\/uploads\/sites\/5\/2023\/03\/pexels-leeloo-thefirst-5428829-580x387.jpg 580w, https:\/\/www.kompetensforetagen.se\/app\/uploads\/sites\/5\/2023\/03\/pexels-leeloo-thefirst-5428829-1180x788.jpg 1180w, https:\/\/www.kompetensforetagen.se\/app\/uploads\/sites\/5\/2023\/03\/pexels-leeloo-thefirst-5428829-380x254.jpg 380w, https:\/\/www.kompetensforetagen.se\/app\/uploads\/sites\/5\/2023\/03\/pexels-leeloo-thefirst-5428829-768x513.jpg 768w, https:\/\/www.kompetensforetagen.se\/app\/uploads\/sites\/5\/2023\/03\/pexels-leeloo-thefirst-5428829-1536x1025.jpg 1536w, https:\/\/www.kompetensforetagen.se\/app\/uploads\/sites\/5\/2023\/03\/pexels-leeloo-thefirst-5428829-2048x1367.jpg 2048w\" sizes=\"auto, (max-width: 2560px) 100vw, 2560px\" \/>\n        <\/figure>\n      <\/div>\n        <div class=\"Blurb__content\">\n      <div class=\"Blurb__body\">\n        <div>\n                                <div class=\"Meta d-flex align-items-center Blurb__meta\">\n      <div class=\"Meta__tag item\">\n      Arbetsmarknad\n      <svg class='icon icon--triangle'  width=\"26\" height=\"32\" viewBox=\"0 0 26 32\" fill=\"none\" xmlns=\"http:\/\/www.w3.org\/2000\/svg\">\n<path fill-rule=\"evenodd\" clip-rule=\"evenodd\" d=\"M13.1315 0H0V32H13.1315L26 16L13.1315 0ZM9 18.581C10.6569 18.581 12 17.1946 12 15.4843C12 13.774 10.6569 12.3875 9 12.3875C7.34315 12.3875 6 13.774 6 15.4843C6 17.1946 7.34315 18.581 9 18.581Z\" fill=\"#FDDCC0\"\/>\n<\/svg>\n\n      <\/div>\n    <div class=\"Meta__group\">\n          <div class=\"Meta__date  d-flex align-items-center\">\n        <svg class='icon icon--timestamp'  width=\"16\" height=\"16\" viewBox=\"0 0 16 16\" fill=\"none\" xmlns=\"http:\/\/www.w3.org\/2000\/svg\">\n<path fill-rule=\"evenodd\" clip-rule=\"evenodd\" d=\"M10.4833 10.5818C10.7278 10.8452 10.7278 11.2723 10.4833 11.5357C10.361 11.6674 10.2008 11.7333 10.0405 11.7333C9.88023 11.7333 9.72008 11.6674 9.59781 11.5357L7.65015 9.43814C7.53273 9.31167 7.46667 9.14001 7.46667 8.96109V4.94118C7.46667 4.56868 7.74705 4.26667 8.09288 4.26667C8.4387 4.26667 8.71908 4.56868 8.71908 4.94118V8.68168L10.4833 10.5818ZM8 14.9333C4.177 14.9333 1.06667 11.823 1.06667 8C1.06667 4.177 4.177 1.06667 8 1.06667C11.8232 1.06667 14.9333 4.177 14.9333 8C14.9333 11.823 11.8232 14.9333 8 14.9333ZM8 0C3.58887 0 0 3.58887 0 8C0 12.4111 3.58887 16 8 16C12.4113 16 16 12.4111 16 8C16 3.58887 12.4113 0 8 0Z\" fill=\"black\"\/>\n<\/svg>\n\n          <time datetime=\"2023-11-28T11:56:15+00:00\">28 november 2023<\/time>\n      <\/div>\n              <div class=\"Meta__category\">\n        Aktuellt\n      <\/div>\n      <\/div>\n<\/div>\n                  <\/div>\n        <h3 class=\"Blurb__title\">\n          Debatt: Var \u00e4r din politik f\u00f6r l\u00e5ngtidsarbetsl\u00f6sa, Pehrson?\n        <\/h3>\n                  <div class=\"Blurb__text\">\n            Publicerad p\u00e5 gp.se 27 november 2023. Det finns ingen politik f\u00f6r l\u00e5ngtidsarbetsl\u00f6sa. Aldrig tidigare har s\u00e5 m\u00e5nga arbetss\u00f6kande st\u00e5tt utan hj\u00e4lp och st\u00f6d fr\u00e5n Arbetsf\u00f6rmedlingen. \u00c4nd\u00e5 inskr\u00e4nker regeringens budget de effektiva insatserna ytterligare. Det \u00e4r &hellip;\n          <\/div>\n                <div class=\"Blurb__arrow\">\n                                <div class=\"Blurb__arrow__line\">\n              <svg class='icon icon--arrow-tip'  width=\"11\" height=\"16\" viewBox=\"0 0 11 16\" fill=\"none\" xmlns=\"http:\/\/www.w3.org\/2000\/svg\">\n<path d=\"M0.858398 15L9.2304 7.99664L0.967732 1.00001\" stroke=\"black\" stroke-width=\"2\" stroke-miterlimit=\"10\"\/>\n<\/svg>\n\n              <\/div>\n                  <\/div>\n      <\/div>\n    <\/div>\n  <\/a>\n<\/article>\n                  <\/div>\n                              <div class=\"col-md-4\">\n                      <article class=\"Blurb Blurb--md Blurb--post Blurb--vertical has-thumbnail\">\n  <a href=\"https:\/\/www.kompetensforetagen.se\/2023\/10\/debatt-hyrstoppet-i-region-skane-kommer-att-skapa-storre-press-pa-den-ordinarie-personalen\/\">\n          <div class=\"Blurb__thumbnail__wrap\">\n        <figure class=\"Blurb__thumbnail\">\n          <img loading=\"lazy\" decoding=\"async\" width=\"2560\" height=\"1707\" src=\"https:\/\/www.kompetensforetagen.se\/app\/uploads\/sites\/5\/2021\/02\/gettyimages-1032866544-1-scaled.jpg\" class=\"attachment-small size-small wp-post-image\" alt=\"Tv\u00e5 personer i sjukhuskl\u00e4der g\u00e5r i riktning fr\u00e5n kameran\" srcset=\"https:\/\/www.kompetensforetagen.se\/app\/uploads\/sites\/5\/2021\/02\/gettyimages-1032866544-1-scaled.jpg 2560w, https:\/\/www.kompetensforetagen.se\/app\/uploads\/sites\/5\/2021\/02\/gettyimages-1032866544-1-580x387.jpg 580w, https:\/\/www.kompetensforetagen.se\/app\/uploads\/sites\/5\/2021\/02\/gettyimages-1032866544-1-1180x787.jpg 1180w, https:\/\/www.kompetensforetagen.se\/app\/uploads\/sites\/5\/2021\/02\/gettyimages-1032866544-1-380x253.jpg 380w, https:\/\/www.kompetensforetagen.se\/app\/uploads\/sites\/5\/2021\/02\/gettyimages-1032866544-1-768x512.jpg 768w, https:\/\/www.kompetensforetagen.se\/app\/uploads\/sites\/5\/2021\/02\/gettyimages-1032866544-1-1536x1024.jpg 1536w, https:\/\/www.kompetensforetagen.se\/app\/uploads\/sites\/5\/2021\/02\/gettyimages-1032866544-1-2048x1365.jpg 2048w\" sizes=\"auto, (max-width: 2560px) 100vw, 2560px\" \/>\n        <\/figure>\n      <\/div>\n        <div class=\"Blurb__content\">\n      <div class=\"Blurb__body\">\n        <div>\n                                <div class=\"Meta d-flex align-items-center Blurb__meta\">\n      <div class=\"Meta__tag item\">\n      V\u00e5rdbemanning\n      <svg class='icon icon--triangle'  width=\"26\" height=\"32\" viewBox=\"0 0 26 32\" fill=\"none\" xmlns=\"http:\/\/www.w3.org\/2000\/svg\">\n<path fill-rule=\"evenodd\" clip-rule=\"evenodd\" d=\"M13.1315 0H0V32H13.1315L26 16L13.1315 0ZM9 18.581C10.6569 18.581 12 17.1946 12 15.4843C12 13.774 10.6569 12.3875 9 12.3875C7.34315 12.3875 6 13.774 6 15.4843C6 17.1946 7.34315 18.581 9 18.581Z\" fill=\"#FDDCC0\"\/>\n<\/svg>\n\n      <\/div>\n    <div class=\"Meta__group\">\n          <div class=\"Meta__date  d-flex align-items-center\">\n        <svg class='icon icon--timestamp'  width=\"16\" height=\"16\" viewBox=\"0 0 16 16\" fill=\"none\" xmlns=\"http:\/\/www.w3.org\/2000\/svg\">\n<path fill-rule=\"evenodd\" clip-rule=\"evenodd\" d=\"M10.4833 10.5818C10.7278 10.8452 10.7278 11.2723 10.4833 11.5357C10.361 11.6674 10.2008 11.7333 10.0405 11.7333C9.88023 11.7333 9.72008 11.6674 9.59781 11.5357L7.65015 9.43814C7.53273 9.31167 7.46667 9.14001 7.46667 8.96109V4.94118C7.46667 4.56868 7.74705 4.26667 8.09288 4.26667C8.4387 4.26667 8.71908 4.56868 8.71908 4.94118V8.68168L10.4833 10.5818ZM8 14.9333C4.177 14.9333 1.06667 11.823 1.06667 8C1.06667 4.177 4.177 1.06667 8 1.06667C11.8232 1.06667 14.9333 4.177 14.9333 8C14.9333 11.823 11.8232 14.9333 8 14.9333ZM8 0C3.58887 0 0 3.58887 0 8C0 12.4111 3.58887 16 8 16C12.4113 16 16 12.4111 16 8C16 3.58887 12.4113 0 8 0Z\" fill=\"black\"\/>\n<\/svg>\n\n          <time datetime=\"2023-10-01T06:00:00+00:00\">1 oktober 2023<\/time>\n      <\/div>\n              <div class=\"Meta__category\">\n        Debattartiklar\n      <\/div>\n      <\/div>\n<\/div>\n                  <\/div>\n        <h3 class=\"Blurb__title\">\n          Debatt: Hyrstoppet i Region Sk\u00e5ne kommer att skapa st\u00f6rre press p\u00e5 den ordinarie personalen\n        <\/h3>\n                  <div class=\"Blurb__text\">\n            Sjuksk\u00f6terskor och l\u00e4kare fr\u00e5n bemanningsf\u00f6retag m\u00e5ste \u00e4ntligen ses som en viktig resurs f\u00f6r regionen. F\u00f6r detta kr\u00e4vs samarbete \u2013 inte panikartade hyrstopp och skuldbel\u00e4ggning av de inhyrda medarbetarna, skriver f\u00f6retr\u00e4dare f\u00f6r branschorganisationen Kompetensf\u00f6retagen. I Sk\u00e5ne &hellip;\n          <\/div>\n                <div class=\"Blurb__arrow\">\n                                <div class=\"Blurb__arrow__line\">\n              <svg class='icon icon--arrow-tip'  width=\"11\" height=\"16\" viewBox=\"0 0 11 16\" fill=\"none\" xmlns=\"http:\/\/www.w3.org\/2000\/svg\">\n<path d=\"M0.858398 15L9.2304 7.99664L0.967732 1.00001\" stroke=\"black\" stroke-width=\"2\" stroke-miterlimit=\"10\"\/>\n<\/svg>\n\n              <\/div>\n                  <\/div>\n      <\/div>\n    <\/div>\n  <\/a>\n<\/article>\n                  <\/div>\n                              <div class=\"col-md-4\">\n                      <article class=\"Blurb Blurb--md Blurb--post Blurb--vertical has-thumbnail\">\n  <a href=\"https:\/\/www.kompetensforetagen.se\/2023\/09\/debattreplik-hyrstopp-ar-domt-att-leda-till-vardskador\/\">\n          <div class=\"Blurb__thumbnail__wrap\">\n        <figure class=\"Blurb__thumbnail\">\n          <img loading=\"lazy\" decoding=\"async\" width=\"2000\" height=\"1414\" src=\"https:\/\/www.kompetensforetagen.se\/app\/uploads\/sites\/5\/2021\/06\/namnlos-design-14.png\" class=\"attachment-small size-small wp-post-image\" alt=\"\u00c4ldre man ligger i sjukhuss\u00e4ng och f\u00e5r hj\u00e4lp med en Ipad\" srcset=\"https:\/\/www.kompetensforetagen.se\/app\/uploads\/sites\/5\/2021\/06\/namnlos-design-14.png 2000w, https:\/\/www.kompetensforetagen.se\/app\/uploads\/sites\/5\/2021\/06\/namnlos-design-14-580x410.png 580w, https:\/\/www.kompetensforetagen.se\/app\/uploads\/sites\/5\/2021\/06\/namnlos-design-14-1180x834.png 1180w, https:\/\/www.kompetensforetagen.se\/app\/uploads\/sites\/5\/2021\/06\/namnlos-design-14-380x269.png 380w, https:\/\/www.kompetensforetagen.se\/app\/uploads\/sites\/5\/2021\/06\/namnlos-design-14-768x543.png 768w, https:\/\/www.kompetensforetagen.se\/app\/uploads\/sites\/5\/2021\/06\/namnlos-design-14-1536x1086.png 1536w\" sizes=\"auto, (max-width: 2000px) 100vw, 2000px\" \/>\n        <\/figure>\n      <\/div>\n        <div class=\"Blurb__content\">\n      <div class=\"Blurb__body\">\n        <div>\n                                <div class=\"Meta d-flex align-items-center Blurb__meta\">\n      <div class=\"Meta__tag item\">\n      V\u00e5rdbemanning\n      <svg class='icon icon--triangle'  width=\"26\" height=\"32\" viewBox=\"0 0 26 32\" fill=\"none\" xmlns=\"http:\/\/www.w3.org\/2000\/svg\">\n<path fill-rule=\"evenodd\" clip-rule=\"evenodd\" d=\"M13.1315 0H0V32H13.1315L26 16L13.1315 0ZM9 18.581C10.6569 18.581 12 17.1946 12 15.4843C12 13.774 10.6569 12.3875 9 12.3875C7.34315 12.3875 6 13.774 6 15.4843C6 17.1946 7.34315 18.581 9 18.581Z\" fill=\"#FDDCC0\"\/>\n<\/svg>\n\n      <\/div>\n    <div class=\"Meta__group\">\n          <div class=\"Meta__date  d-flex align-items-center\">\n        <svg class='icon icon--timestamp'  width=\"16\" height=\"16\" viewBox=\"0 0 16 16\" fill=\"none\" xmlns=\"http:\/\/www.w3.org\/2000\/svg\">\n<path fill-rule=\"evenodd\" clip-rule=\"evenodd\" d=\"M10.4833 10.5818C10.7278 10.8452 10.7278 11.2723 10.4833 11.5357C10.361 11.6674 10.2008 11.7333 10.0405 11.7333C9.88023 11.7333 9.72008 11.6674 9.59781 11.5357L7.65015 9.43814C7.53273 9.31167 7.46667 9.14001 7.46667 8.96109V4.94118C7.46667 4.56868 7.74705 4.26667 8.09288 4.26667C8.4387 4.26667 8.71908 4.56868 8.71908 4.94118V8.68168L10.4833 10.5818ZM8 14.9333C4.177 14.9333 1.06667 11.823 1.06667 8C1.06667 4.177 4.177 1.06667 8 1.06667C11.8232 1.06667 14.9333 4.177 14.9333 8C14.9333 11.823 11.8232 14.9333 8 14.9333ZM8 0C3.58887 0 0 3.58887 0 8C0 12.4111 3.58887 16 8 16C12.4113 16 16 12.4111 16 8C16 3.58887 12.4113 0 8 0Z\" fill=\"black\"\/>\n<\/svg>\n\n          <time datetime=\"2023-09-28T15:00:00+00:00\">28 september 2023<\/time>\n      <\/div>\n              <div class=\"Meta__category\">\n        Debattartiklar\n      <\/div>\n      <\/div>\n<\/div>\n                  <\/div>\n        <h3 class=\"Blurb__title\">\n          Debattreplik: Hyrstopp \u00e4r d\u00f6mt att leda till v\u00e5rdskador\n        <\/h3>\n                  <div class=\"Blurb__text\">\n            V\u00e5r f\u00f6rhoppning \u00e4r att regionpolitikerna s\u00e4kerst\u00e4ller grundbemanningen.\u00a0Men vid arbetstoppar, semestrar och annan fr\u00e5nvaro beh\u00f6vs inhyrd personal, skriver Eva Domanders och Patrik Eidfelt fr\u00e5n Kompetensf\u00f6retagen. I ett tufft ekonomiskt l\u00e4ge ska man se \u00f6ver kostnaderna. Men\u00a0regionernas &hellip;\n          <\/div>\n                <div class=\"Blurb__arrow\">\n                                <div class=\"Blurb__arrow__line\">\n              <svg class='icon icon--arrow-tip'  width=\"11\" height=\"16\" viewBox=\"0 0 11 16\" fill=\"none\" xmlns=\"http:\/\/www.w3.org\/2000\/svg\">\n<path d=\"M0.858398 15L9.2304 7.99664L0.967732 1.00001\" stroke=\"black\" stroke-width=\"2\" stroke-miterlimit=\"10\"\/>\n<\/svg>\n\n              <\/div>\n                  <\/div>\n      <\/div>\n    <\/div>\n  <\/a>\n<\/article>\n                  <\/div>\n                              <div class=\"col-md-4\">\n                      <article class=\"Blurb Blurb--md Blurb--post Blurb--vertical no-thumbnail\">\n  <a href=\"https:\/\/www.kompetensforetagen.se\/2023\/09\/debatt-utveckla-offentliga-upphandlingar-av-tjanster\/\">\n        <div class=\"Blurb__content\">\n      <div class=\"Blurb__body\">\n        <div>\n                                <div class=\"Meta d-flex align-items-center Blurb__meta\">\n      <div class=\"Meta__tag item\">\n      Offentlig upphandling\n      <svg class='icon icon--triangle'  width=\"26\" height=\"32\" viewBox=\"0 0 26 32\" fill=\"none\" xmlns=\"http:\/\/www.w3.org\/2000\/svg\">\n<path fill-rule=\"evenodd\" clip-rule=\"evenodd\" d=\"M13.1315 0H0V32H13.1315L26 16L13.1315 0ZM9 18.581C10.6569 18.581 12 17.1946 12 15.4843C12 13.774 10.6569 12.3875 9 12.3875C7.34315 12.3875 6 13.774 6 15.4843C6 17.1946 7.34315 18.581 9 18.581Z\" fill=\"#FDDCC0\"\/>\n<\/svg>\n\n      <\/div>\n    <div class=\"Meta__group\">\n          <div class=\"Meta__date  d-flex align-items-center\">\n        <svg class='icon icon--timestamp'  width=\"16\" height=\"16\" viewBox=\"0 0 16 16\" fill=\"none\" xmlns=\"http:\/\/www.w3.org\/2000\/svg\">\n<path fill-rule=\"evenodd\" clip-rule=\"evenodd\" d=\"M10.4833 10.5818C10.7278 10.8452 10.7278 11.2723 10.4833 11.5357C10.361 11.6674 10.2008 11.7333 10.0405 11.7333C9.88023 11.7333 9.72008 11.6674 9.59781 11.5357L7.65015 9.43814C7.53273 9.31167 7.46667 9.14001 7.46667 8.96109V4.94118C7.46667 4.56868 7.74705 4.26667 8.09288 4.26667C8.4387 4.26667 8.71908 4.56868 8.71908 4.94118V8.68168L10.4833 10.5818ZM8 14.9333C4.177 14.9333 1.06667 11.823 1.06667 8C1.06667 4.177 4.177 1.06667 8 1.06667C11.8232 1.06667 14.9333 4.177 14.9333 8C14.9333 11.823 11.8232 14.9333 8 14.9333ZM8 0C3.58887 0 0 3.58887 0 8C0 12.4111 3.58887 16 8 16C12.4113 16 16 12.4111 16 8C16 3.58887 12.4113 0 8 0Z\" fill=\"black\"\/>\n<\/svg>\n\n          <time datetime=\"2023-09-21T06:49:15+00:00\">21 september 2023<\/time>\n      <\/div>\n              <div class=\"Meta__category\">\n        Debattartiklar\n      <\/div>\n      <\/div>\n<\/div>\n                  <\/div>\n        <h3 class=\"Blurb__title\">\n          Debatt: Utveckla offentliga upphandlingar av tj\u00e4nster\n        <\/h3>\n                  <div class=\"Blurb__text\">\n            M\u00e5nga f\u00f6retag, inte minst inom tj\u00e4nstesektorn, upplever offentliga upphandlingar som s\u00e5pass kr\u00e5ngliga att de v\u00e4ljer att avst\u00e5, skriver debatt\u00f6rer fr\u00e5n flera branschorgansationer. Offentlig upphandling&nbsp;\u00e4r av strategisk betydelse f\u00f6r samh\u00e4llet. Genom offentlig upphandling kan offentlig sektor &hellip;\n          <\/div>\n                <div class=\"Blurb__arrow\">\n                                <div class=\"Blurb__arrow__line\">\n              <svg class='icon icon--arrow-tip'  width=\"11\" height=\"16\" viewBox=\"0 0 11 16\" fill=\"none\" xmlns=\"http:\/\/www.w3.org\/2000\/svg\">\n<path d=\"M0.858398 15L9.2304 7.99664L0.967732 1.00001\" stroke=\"black\" stroke-width=\"2\" stroke-miterlimit=\"10\"\/>\n<\/svg>\n\n              <\/div>\n                  <\/div>\n      <\/div>\n    <\/div>\n  <\/a>\n<\/article>\n                  <\/div>\n                              <div class=\"col-md-4\">\n                      <article class=\"Blurb Blurb--xs Blurb--post no-thumbnail\">\n  <a href=\"https:\/\/www.kompetensforetagen.se\/2023\/09\/debattreplik-patienterna-vill-ha-vard-i-tid-av-kompetent-personal\/\">\n        <div class=\"Blurb__content\">\n      <div class=\"Blurb__body\">\n        <div>\n                                <div class=\"Meta d-flex align-items-center Blurb__meta\">\n      <div class=\"Meta__tag item\">\n      V\u00e5rdbemanning\n      <svg class='icon icon--triangle'  width=\"26\" height=\"32\" viewBox=\"0 0 26 32\" fill=\"none\" xmlns=\"http:\/\/www.w3.org\/2000\/svg\">\n<path fill-rule=\"evenodd\" clip-rule=\"evenodd\" d=\"M13.1315 0H0V32H13.1315L26 16L13.1315 0ZM9 18.581C10.6569 18.581 12 17.1946 12 15.4843C12 13.774 10.6569 12.3875 9 12.3875C7.34315 12.3875 6 13.774 6 15.4843C6 17.1946 7.34315 18.581 9 18.581Z\" fill=\"#FDDCC0\"\/>\n<\/svg>\n\n      <\/div>\n    <div class=\"Meta__group\">\n          <div class=\"Meta__date  d-flex align-items-center\">\n        <svg class='icon icon--timestamp'  width=\"16\" height=\"16\" viewBox=\"0 0 16 16\" fill=\"none\" xmlns=\"http:\/\/www.w3.org\/2000\/svg\">\n<path fill-rule=\"evenodd\" clip-rule=\"evenodd\" d=\"M10.4833 10.5818C10.7278 10.8452 10.7278 11.2723 10.4833 11.5357C10.361 11.6674 10.2008 11.7333 10.0405 11.7333C9.88023 11.7333 9.72008 11.6674 9.59781 11.5357L7.65015 9.43814C7.53273 9.31167 7.46667 9.14001 7.46667 8.96109V4.94118C7.46667 4.56868 7.74705 4.26667 8.09288 4.26667C8.4387 4.26667 8.71908 4.56868 8.71908 4.94118V8.68168L10.4833 10.5818ZM8 14.9333C4.177 14.9333 1.06667 11.823 1.06667 8C1.06667 4.177 4.177 1.06667 8 1.06667C11.8232 1.06667 14.9333 4.177 14.9333 8C14.9333 11.823 11.8232 14.9333 8 14.9333ZM8 0C3.58887 0 0 3.58887 0 8C0 12.4111 3.58887 16 8 16C12.4113 16 16 12.4111 16 8C16 3.58887 12.4113 0 8 0Z\" fill=\"black\"\/>\n<\/svg>\n\n          <time datetime=\"2023-09-18T06:21:16+00:00\">18 september 2023<\/time>\n      <\/div>\n              <div class=\"Meta__category\">\n        Debattartiklar\n      <\/div>\n      <\/div>\n<\/div>\n                  <\/div>\n        <h3 class=\"Blurb__title\">\n          Debattreplik: Patienterna vill ha v\u00e5rd i tid av kompetent personal\n        <\/h3>\n                  <div class=\"Blurb__text\">\n            \u00d6stg\u00f6tarna vill ha v\u00e5rd i tid av kompetenta l\u00e4kare och sjuksk\u00f6terskor. F\u00f6r dem \u00e4r det mindre viktigt om personalen \u00e4r inhyrd eller inte. F\u00f6r att s\u00e4kra att patienterna i \u00d6sterg\u00f6tland f\u00e5r den v\u00e5rd de har &hellip;\n          <\/div>\n                <div class=\"Blurb__arrow\">\n                                <div class=\"Blurb__arrow__line\">\n              <svg class='icon icon--arrow-tip'  width=\"11\" height=\"16\" viewBox=\"0 0 11 16\" fill=\"none\" xmlns=\"http:\/\/www.w3.org\/2000\/svg\">\n<path d=\"M0.858398 15L9.2304 7.99664L0.967732 1.00001\" stroke=\"black\" stroke-width=\"2\" stroke-miterlimit=\"10\"\/>\n<\/svg>\n\n              <\/div>\n                  <\/div>\n      <\/div>\n    <\/div>\n  <\/a>\n<\/article>\n                  <\/div>\n                              <div class=\"col-md-4\">\n                      <article class=\"Blurb Blurb--xs Blurb--post no-thumbnail\">\n  <a href=\"https:\/\/www.kompetensforetagen.se\/2023\/08\/nu-forlorar-50-000-arbetssokande-sin-praktik\/\">\n        <div class=\"Blurb__content\">\n      <div class=\"Blurb__body\">\n        <div>\n                                <div class=\"Meta d-flex align-items-center Blurb__meta\">\n      <div class=\"Meta__tag item\">\n      Arbetsf\u00f6rmedlingen\n      <svg class='icon icon--triangle'  width=\"26\" height=\"32\" viewBox=\"0 0 26 32\" fill=\"none\" xmlns=\"http:\/\/www.w3.org\/2000\/svg\">\n<path fill-rule=\"evenodd\" clip-rule=\"evenodd\" d=\"M13.1315 0H0V32H13.1315L26 16L13.1315 0ZM9 18.581C10.6569 18.581 12 17.1946 12 15.4843C12 13.774 10.6569 12.3875 9 12.3875C7.34315 12.3875 6 13.774 6 15.4843C6 17.1946 7.34315 18.581 9 18.581Z\" fill=\"#FDDCC0\"\/>\n<\/svg>\n\n      <\/div>\n    <div class=\"Meta__group\">\n          <div class=\"Meta__date  d-flex align-items-center\">\n        <svg class='icon icon--timestamp'  width=\"16\" height=\"16\" viewBox=\"0 0 16 16\" fill=\"none\" xmlns=\"http:\/\/www.w3.org\/2000\/svg\">\n<path fill-rule=\"evenodd\" clip-rule=\"evenodd\" d=\"M10.4833 10.5818C10.7278 10.8452 10.7278 11.2723 10.4833 11.5357C10.361 11.6674 10.2008 11.7333 10.0405 11.7333C9.88023 11.7333 9.72008 11.6674 9.59781 11.5357L7.65015 9.43814C7.53273 9.31167 7.46667 9.14001 7.46667 8.96109V4.94118C7.46667 4.56868 7.74705 4.26667 8.09288 4.26667C8.4387 4.26667 8.71908 4.56868 8.71908 4.94118V8.68168L10.4833 10.5818ZM8 14.9333C4.177 14.9333 1.06667 11.823 1.06667 8C1.06667 4.177 4.177 1.06667 8 1.06667C11.8232 1.06667 14.9333 4.177 14.9333 8C14.9333 11.823 11.8232 14.9333 8 14.9333ZM8 0C3.58887 0 0 3.58887 0 8C0 12.4111 3.58887 16 8 16C12.4113 16 16 12.4111 16 8C16 3.58887 12.4113 0 8 0Z\" fill=\"black\"\/>\n<\/svg>\n\n          <time datetime=\"2023-08-17T07:14:44+00:00\">17 augusti 2023<\/time>\n      <\/div>\n              <div class=\"Meta__category\">\n        Debattartiklar\n      <\/div>\n      <\/div>\n<\/div>\n                  <\/div>\n        <h3 class=\"Blurb__title\">\n          Nu f\u00f6rlorar 50 000 arbetss\u00f6kande sin praktik\n        <\/h3>\n                  <div class=\"Blurb__text\">\n            Ny lagtolkning av Arbetsf\u00f6rmedlingen kring praktik kommer att sl\u00e5 h\u00e5rt mot m\u00e5nga arbetss\u00f6kande, skriver Fredric Sk\u00e4lstad i en debattartikel publicerad i UNT 17 augusti och en l\u00e5st artikel p\u00e5 n\u00e4tet. Hur ska en person som &hellip;\n          <\/div>\n                <div class=\"Blurb__arrow\">\n                                <div class=\"Blurb__arrow__line\">\n              <svg class='icon icon--arrow-tip'  width=\"11\" height=\"16\" viewBox=\"0 0 11 16\" fill=\"none\" xmlns=\"http:\/\/www.w3.org\/2000\/svg\">\n<path d=\"M0.858398 15L9.2304 7.99664L0.967732 1.00001\" stroke=\"black\" stroke-width=\"2\" stroke-miterlimit=\"10\"\/>\n<\/svg>\n\n              <\/div>\n                  <\/div>\n      <\/div>\n    <\/div>\n  <\/a>\n<\/article>\n                  <\/div>\n                              <div class=\"col-md-4\">\n                      <article class=\"Blurb Blurb--xs Blurb--post no-thumbnail\">\n  <a href=\"https:\/\/www.kompetensforetagen.se\/2023\/07\/debatt-samhall-har-spelat-ut-sin-roll-pa-arbetsmarknaden\/\">\n        <div class=\"Blurb__content\">\n      <div class=\"Blurb__body\">\n        <div>\n                                <div class=\"Meta d-flex align-items-center Blurb__meta\">\n      <div class=\"Meta__tag item\">\n      Arbetsmarknad\n      <svg class='icon icon--triangle'  width=\"26\" height=\"32\" viewBox=\"0 0 26 32\" fill=\"none\" xmlns=\"http:\/\/www.w3.org\/2000\/svg\">\n<path fill-rule=\"evenodd\" clip-rule=\"evenodd\" d=\"M13.1315 0H0V32H13.1315L26 16L13.1315 0ZM9 18.581C10.6569 18.581 12 17.1946 12 15.4843C12 13.774 10.6569 12.3875 9 12.3875C7.34315 12.3875 6 13.774 6 15.4843C6 17.1946 7.34315 18.581 9 18.581Z\" fill=\"#FDDCC0\"\/>\n<\/svg>\n\n      <\/div>\n    <div class=\"Meta__group\">\n          <div class=\"Meta__date  d-flex align-items-center\">\n        <svg class='icon icon--timestamp'  width=\"16\" height=\"16\" viewBox=\"0 0 16 16\" fill=\"none\" xmlns=\"http:\/\/www.w3.org\/2000\/svg\">\n<path fill-rule=\"evenodd\" clip-rule=\"evenodd\" d=\"M10.4833 10.5818C10.7278 10.8452 10.7278 11.2723 10.4833 11.5357C10.361 11.6674 10.2008 11.7333 10.0405 11.7333C9.88023 11.7333 9.72008 11.6674 9.59781 11.5357L7.65015 9.43814C7.53273 9.31167 7.46667 9.14001 7.46667 8.96109V4.94118C7.46667 4.56868 7.74705 4.26667 8.09288 4.26667C8.4387 4.26667 8.71908 4.56868 8.71908 4.94118V8.68168L10.4833 10.5818ZM8 14.9333C4.177 14.9333 1.06667 11.823 1.06667 8C1.06667 4.177 4.177 1.06667 8 1.06667C11.8232 1.06667 14.9333 4.177 14.9333 8C14.9333 11.823 11.8232 14.9333 8 14.9333ZM8 0C3.58887 0 0 3.58887 0 8C0 12.4111 3.58887 16 8 16C12.4113 16 16 12.4111 16 8C16 3.58887 12.4113 0 8 0Z\" fill=\"black\"\/>\n<\/svg>\n\n          <time datetime=\"2023-07-17T09:12:47+00:00\">17 juli 2023<\/time>\n      <\/div>\n              <div class=\"Meta__category\">\n        Debattartiklar\n      <\/div>\n      <\/div>\n<\/div>\n                  <\/div>\n        <h3 class=\"Blurb__title\">\n          Debatt: \u201dSamhall har spelat ut sin roll p\u00e5 arbetsmarknaden\u201d\n        <\/h3>\n                  <div class=\"Blurb__text\">\n            Sverige f\u00e5r allt fler l\u00e5ngtidsarbetsl\u00f6sa som saknar insatser och st\u00f6d. Det statliga bolaget Samhall var t\u00e4nkt som en \u201dgrindvakt mot f\u00f6rtidspension\u201d, men sk\u00f6ter sitt uppdrag allt s\u00e4mre. V\u00e5ra medlemsf\u00f6retag lyckas redan mycket b\u00e4ttre med att &hellip;\n          <\/div>\n                <div class=\"Blurb__arrow\">\n                                <div class=\"Blurb__arrow__line\">\n              <svg class='icon icon--arrow-tip'  width=\"11\" height=\"16\" viewBox=\"0 0 11 16\" fill=\"none\" xmlns=\"http:\/\/www.w3.org\/2000\/svg\">\n<path d=\"M0.858398 15L9.2304 7.99664L0.967732 1.00001\" stroke=\"black\" stroke-width=\"2\" stroke-miterlimit=\"10\"\/>\n<\/svg>\n\n              <\/div>\n                  <\/div>\n      <\/div>\n    <\/div>\n  <\/a>\n<\/article>\n                  <\/div>\n                              <div class=\"col-md-4\">\n                      <article class=\"Blurb Blurb--xs Blurb--post no-thumbnail\">\n  <a href=\"https:\/\/www.kompetensforetagen.se\/2023\/07\/debattreplik-skattefinansierad-kompetensforsorjning-kraver-ordning-och-reda\/\">\n        <div class=\"Blurb__content\">\n      <div class=\"Blurb__body\">\n        <div>\n                                <div class=\"Meta d-flex align-items-center Blurb__meta\">\n      <div class=\"Meta__tag item\">\n      V\u00e5rdbemanning\n      <svg class='icon icon--triangle'  width=\"26\" height=\"32\" viewBox=\"0 0 26 32\" fill=\"none\" xmlns=\"http:\/\/www.w3.org\/2000\/svg\">\n<path fill-rule=\"evenodd\" clip-rule=\"evenodd\" d=\"M13.1315 0H0V32H13.1315L26 16L13.1315 0ZM9 18.581C10.6569 18.581 12 17.1946 12 15.4843C12 13.774 10.6569 12.3875 9 12.3875C7.34315 12.3875 6 13.774 6 15.4843C6 17.1946 7.34315 18.581 9 18.581Z\" fill=\"#FDDCC0\"\/>\n<\/svg>\n\n      <\/div>\n    <div class=\"Meta__group\">\n          <div class=\"Meta__date  d-flex align-items-center\">\n        <svg class='icon icon--timestamp'  width=\"16\" height=\"16\" viewBox=\"0 0 16 16\" fill=\"none\" xmlns=\"http:\/\/www.w3.org\/2000\/svg\">\n<path fill-rule=\"evenodd\" clip-rule=\"evenodd\" d=\"M10.4833 10.5818C10.7278 10.8452 10.7278 11.2723 10.4833 11.5357C10.361 11.6674 10.2008 11.7333 10.0405 11.7333C9.88023 11.7333 9.72008 11.6674 9.59781 11.5357L7.65015 9.43814C7.53273 9.31167 7.46667 9.14001 7.46667 8.96109V4.94118C7.46667 4.56868 7.74705 4.26667 8.09288 4.26667C8.4387 4.26667 8.71908 4.56868 8.71908 4.94118V8.68168L10.4833 10.5818ZM8 14.9333C4.177 14.9333 1.06667 11.823 1.06667 8C1.06667 4.177 4.177 1.06667 8 1.06667C11.8232 1.06667 14.9333 4.177 14.9333 8C14.9333 11.823 11.8232 14.9333 8 14.9333ZM8 0C3.58887 0 0 3.58887 0 8C0 12.4111 3.58887 16 8 16C12.4113 16 16 12.4111 16 8C16 3.58887 12.4113 0 8 0Z\" fill=\"black\"\/>\n<\/svg>\n\n          <time datetime=\"2023-07-07T08:34:52+00:00\">7 juli 2023<\/time>\n      <\/div>\n              <div class=\"Meta__category\">\n        Debattartiklar\n      <\/div>\n      <\/div>\n<\/div>\n                  <\/div>\n        <h3 class=\"Blurb__title\">\n          Debattreplik: Skattefinansierad kompetensf\u00f6rs\u00f6rjning kr\u00e4ver ordning och reda\n        <\/h3>\n                  <div class=\"Blurb__text\">\n            Skattefinansierad kompetensf\u00f6rs\u00f6rjning kr\u00e4ver ordning och reda, skriver Kompetensf\u00f6retagens Eva Domanders och Patrik Eidfelt i en replik. Relationerna m\u00e5ste bli b\u00e4ttre och samtalen fler,&nbsp;skriver representanter f\u00f6r KD om inhyrning i v\u00e5rden i en debattreplik&nbsp;till oss. F\u00e5 &hellip;\n          <\/div>\n                <div class=\"Blurb__arrow\">\n                                <div class=\"Blurb__arrow__line\">\n              <svg class='icon icon--arrow-tip'  width=\"11\" height=\"16\" viewBox=\"0 0 11 16\" fill=\"none\" xmlns=\"http:\/\/www.w3.org\/2000\/svg\">\n<path d=\"M0.858398 15L9.2304 7.99664L0.967732 1.00001\" stroke=\"black\" stroke-width=\"2\" stroke-miterlimit=\"10\"\/>\n<\/svg>\n\n              <\/div>\n                  <\/div>\n      <\/div>\n    <\/div>\n  <\/a>\n<\/article>\n                  <\/div>\n                              <div class=\"col-md-4\">\n                      <article class=\"Blurb Blurb--xs Blurb--post no-thumbnail\">\n  <a href=\"https:\/\/www.kompetensforetagen.se\/2023\/06\/debatt-fokus-for-vardens-kompetensforsorjning-maste-skifta\/\">\n        <div class=\"Blurb__content\">\n      <div class=\"Blurb__body\">\n        <div>\n                                <div class=\"Meta d-flex align-items-center Blurb__meta\">\n      <div class=\"Meta__tag item\">\n      V\u00e5rdbemanning\n      <svg class='icon icon--triangle'  width=\"26\" height=\"32\" viewBox=\"0 0 26 32\" fill=\"none\" xmlns=\"http:\/\/www.w3.org\/2000\/svg\">\n<path fill-rule=\"evenodd\" clip-rule=\"evenodd\" d=\"M13.1315 0H0V32H13.1315L26 16L13.1315 0ZM9 18.581C10.6569 18.581 12 17.1946 12 15.4843C12 13.774 10.6569 12.3875 9 12.3875C7.34315 12.3875 6 13.774 6 15.4843C6 17.1946 7.34315 18.581 9 18.581Z\" fill=\"#FDDCC0\"\/>\n<\/svg>\n\n      <\/div>\n    <div class=\"Meta__group\">\n          <div class=\"Meta__date  d-flex align-items-center\">\n        <svg class='icon icon--timestamp'  width=\"16\" height=\"16\" viewBox=\"0 0 16 16\" fill=\"none\" xmlns=\"http:\/\/www.w3.org\/2000\/svg\">\n<path fill-rule=\"evenodd\" clip-rule=\"evenodd\" d=\"M10.4833 10.5818C10.7278 10.8452 10.7278 11.2723 10.4833 11.5357C10.361 11.6674 10.2008 11.7333 10.0405 11.7333C9.88023 11.7333 9.72008 11.6674 9.59781 11.5357L7.65015 9.43814C7.53273 9.31167 7.46667 9.14001 7.46667 8.96109V4.94118C7.46667 4.56868 7.74705 4.26667 8.09288 4.26667C8.4387 4.26667 8.71908 4.56868 8.71908 4.94118V8.68168L10.4833 10.5818ZM8 14.9333C4.177 14.9333 1.06667 11.823 1.06667 8C1.06667 4.177 4.177 1.06667 8 1.06667C11.8232 1.06667 14.9333 4.177 14.9333 8C14.9333 11.823 11.8232 14.9333 8 14.9333ZM8 0C3.58887 0 0 3.58887 0 8C0 12.4111 3.58887 16 8 16C12.4113 16 16 12.4111 16 8C16 3.58887 12.4113 0 8 0Z\" fill=\"black\"\/>\n<\/svg>\n\n          <time datetime=\"2023-06-09T07:45:02+00:00\">9 juni 2023<\/time>\n      <\/div>\n              <div class=\"Meta__category\">\n        Aktuellt\n      <\/div>\n      <\/div>\n<\/div>\n                  <\/div>\n        <h3 class=\"Blurb__title\">\n          Debatt: Fokus f\u00f6r v\u00e5rdens kompetensf\u00f6rs\u00f6rjning m\u00e5ste skifta\n        <\/h3>\n                  <div class=\"Blurb__text\">\n            Vi vill ha ett \u00e4nnu t\u00e4tare samarbete med offentlig sektor f\u00f6r att kunna bidra till planeringen p\u00e5 kort och l\u00e5ng sikt, skriver Eva Domanders och Patrik Eidfelt, Kompetensf\u00f6retagen i en&nbsp;debatt p\u00e5 dagensmedicin.se. En f\u00e4rsk unders\u00f6kning &hellip;\n          <\/div>\n                <div class=\"Blurb__arrow\">\n                                <div class=\"Blurb__arrow__line\">\n              <svg class='icon icon--arrow-tip'  width=\"11\" height=\"16\" viewBox=\"0 0 11 16\" fill=\"none\" xmlns=\"http:\/\/www.w3.org\/2000\/svg\">\n<path d=\"M0.858398 15L9.2304 7.99664L0.967732 1.00001\" stroke=\"black\" stroke-width=\"2\" stroke-miterlimit=\"10\"\/>\n<\/svg>\n\n              <\/div>\n                  <\/div>\n      <\/div>\n    <\/div>\n  <\/a>\n<\/article>\n                  <\/div>\n                  <\/div>\n    \n      <\/div>\n<\/div><\/div>\n","protected":false},"excerpt":{"rendered":"","protected":false},"author":6058,"featured_media":12683,"parent":0,"menu_order":40,"comment_status":"closed","ping_status":"closed","template":"","meta":{"_acf_changed":false,"footnotes":""},"article_type":[],"agreement":[],"for-members":[],"class_list":["post-7190","page","type-page","status-publish","has-post-thumbnail","hentry"],"acf":[],"yoast_head":"<!-- This site is optimized with the Yoast SEO Premium plugin v26.8 (Yoast SEO v26.8) - https:\/\/yoast.com\/product\/yoast-seo-premium-wordpress\/ -->\n<title>Kompetensf\u00f6retagen i media - debattartiklar, nyheter och intervjuer<\/title>\n<meta name=\"description\" content=\"Vad tycker Kompetensf\u00f6retagen? H\u00e4r kan du l\u00e4sa debattartiklar, kommentarer och annat material med Kompetensf\u00f6retagens st\u00e4llningstaganden.\" \/>\n<meta name=\"robots\" content=\"index, follow, max-snippet:-1, max-image-preview:large, max-video-preview:-1\" \/>\n<link rel=\"canonical\" href=\"https:\/\/www.kompetensforetagen.se\/media\/\" \/>\n<meta property=\"og:locale\" content=\"sv_SE\" \/>\n<meta property=\"og:type\" content=\"article\" \/>\n<meta property=\"og:title\" content=\"I media\" \/>\n<meta property=\"og:description\" content=\"Vad tycker Kompetensf\u00f6retagen? H\u00e4r kan du l\u00e4sa debattartiklar, kommentarer och annat material med Kompetensf\u00f6retagens st\u00e4llningstaganden.\" \/>\n<meta property=\"og:url\" content=\"https:\/\/www.kompetensforetagen.se\/media\/\" \/>\n<meta property=\"og:site_name\" content=\"Kompetensf\u00f6retagen\" \/>\n<meta property=\"article:modified_time\" content=\"2023-04-11T15:08:37+00:00\" \/>\n<meta property=\"og:image\" content=\"https:\/\/www.kompetensforetagen.se\/app\/uploads\/sites\/5\/2023\/04\/media.png\" \/>\n\t<meta property=\"og:image:width\" content=\"1180\" \/>\n\t<meta property=\"og:image:height\" content=\"787\" \/>\n\t<meta property=\"og:image:type\" content=\"image\/png\" \/>\n<meta name=\"twitter:card\" content=\"summary_large_image\" \/>\n<script type=\"application\/ld+json\" class=\"yoast-schema-graph\">{\"@context\":\"https:\/\/schema.org\",\"@graph\":[{\"@type\":\"WebPage\",\"@id\":\"https:\/\/www.kompetensforetagen.se\/media\/\",\"url\":\"https:\/\/www.kompetensforetagen.se\/media\/\",\"name\":\"Kompetensf\u00f6retagen i media - debattartiklar, nyheter och intervjuer\",\"isPartOf\":{\"@id\":\"https:\/\/www.kompetensforetagen.se\/#website\"},\"primaryImageOfPage\":{\"@id\":\"https:\/\/www.kompetensforetagen.se\/media\/#primaryimage\"},\"image\":{\"@id\":\"https:\/\/www.kompetensforetagen.se\/media\/#primaryimage\"},\"thumbnailUrl\":\"https:\/\/www.kompetensforetagen.se\/app\/uploads\/sites\/5\/2023\/04\/media.png\",\"datePublished\":\"2021-05-31T13:00:38+00:00\",\"dateModified\":\"2023-04-11T15:08:37+00:00\",\"description\":\"Vad tycker Kompetensf\u00f6retagen? H\u00e4r kan du l\u00e4sa debattartiklar, kommentarer och annat material med Kompetensf\u00f6retagens st\u00e4llningstaganden.\",\"breadcrumb\":{\"@id\":\"https:\/\/www.kompetensforetagen.se\/media\/#breadcrumb\"},\"inLanguage\":\"sv-SE\",\"potentialAction\":[{\"@type\":\"ReadAction\",\"target\":[\"https:\/\/www.kompetensforetagen.se\/media\/\"]}]},{\"@type\":\"ImageObject\",\"inLanguage\":\"sv-SE\",\"@id\":\"https:\/\/www.kompetensforetagen.se\/media\/#primaryimage\",\"url\":\"https:\/\/www.kompetensforetagen.se\/app\/uploads\/sites\/5\/2023\/04\/media.png\",\"contentUrl\":\"https:\/\/www.kompetensforetagen.se\/app\/uploads\/sites\/5\/2023\/04\/media.png\",\"width\":1180,\"height\":787,\"caption\":\"Titt \u00f6ver axeln p\u00e5 manspersons iPad\"},{\"@type\":\"BreadcrumbList\",\"@id\":\"https:\/\/www.kompetensforetagen.se\/media\/#breadcrumb\",\"itemListElement\":[{\"@type\":\"ListItem\",\"position\":1,\"name\":\"Home\",\"item\":\"https:\/\/www.kompetensforetagen.se\/\"},{\"@type\":\"ListItem\",\"position\":2,\"name\":\"I media\"}]},{\"@type\":\"WebSite\",\"@id\":\"https:\/\/www.kompetensforetagen.se\/#website\",\"url\":\"https:\/\/www.kompetensforetagen.se\/\",\"name\":\"Kompetensf\u00f6retagen\",\"description\":\"R\u00e4tt person p\u00e5 r\u00e4tt plats kan f\u00f6r\u00e4ndra v\u00e4rlden\",\"publisher\":{\"@id\":\"https:\/\/www.kompetensforetagen.se\/#organization\"},\"potentialAction\":[{\"@type\":\"SearchAction\",\"target\":{\"@type\":\"EntryPoint\",\"urlTemplate\":\"https:\/\/www.kompetensforetagen.se\/?s={search_term_string}\"},\"query-input\":{\"@type\":\"PropertyValueSpecification\",\"valueRequired\":true,\"valueName\":\"search_term_string\"}}],\"inLanguage\":\"sv-SE\"},{\"@type\":\"Organization\",\"@id\":\"https:\/\/www.kompetensforetagen.se\/#organization\",\"name\":\"Kompetensf\u00f6retagen\",\"url\":\"https:\/\/www.kompetensforetagen.se\/\",\"logo\":{\"@type\":\"ImageObject\",\"inLanguage\":\"sv-SE\",\"@id\":\"https:\/\/www.kompetensforetagen.se\/#\/schema\/logo\/image\/\",\"url\":\"https:\/\/www.kompetensforetagen.se\/app\/uploads\/sites\/5\/2022\/10\/logga_svart.png\",\"contentUrl\":\"https:\/\/www.kompetensforetagen.se\/app\/uploads\/sites\/5\/2022\/10\/logga_svart.png\",\"width\":752,\"height\":64,\"caption\":\"Kompetensf\u00f6retagen\"},\"image\":{\"@id\":\"https:\/\/www.kompetensforetagen.se\/#\/schema\/logo\/image\/\"},\"sameAs\":[\"https:\/\/www.linkedin.com\/company\/10540032\/\"]}]}<\/script>\n<!-- \/ Yoast SEO Premium plugin. -->","yoast_head_json":{"title":"Kompetensf\u00f6retagen i media - debattartiklar, nyheter och intervjuer","description":"Vad tycker Kompetensf\u00f6retagen? H\u00e4r kan du l\u00e4sa debattartiklar, kommentarer och annat material med Kompetensf\u00f6retagens st\u00e4llningstaganden.","robots":{"index":"index","follow":"follow","max-snippet":"max-snippet:-1","max-image-preview":"max-image-preview:large","max-video-preview":"max-video-preview:-1"},"canonical":"https:\/\/www.kompetensforetagen.se\/media\/","og_locale":"sv_SE","og_type":"article","og_title":"I media","og_description":"Vad tycker Kompetensf\u00f6retagen? H\u00e4r kan du l\u00e4sa debattartiklar, kommentarer och annat material med Kompetensf\u00f6retagens st\u00e4llningstaganden.","og_url":"https:\/\/www.kompetensforetagen.se\/media\/","og_site_name":"Kompetensf\u00f6retagen","article_modified_time":"2023-04-11T15:08:37+00:00","og_image":[{"width":1180,"height":787,"url":"https:\/\/www.kompetensforetagen.se\/app\/uploads\/sites\/5\/2023\/04\/media.png","type":"image\/png"}],"twitter_card":"summary_large_image","schema":{"@context":"https:\/\/schema.org","@graph":[{"@type":"WebPage","@id":"https:\/\/www.kompetensforetagen.se\/media\/","url":"https:\/\/www.kompetensforetagen.se\/media\/","name":"Kompetensf\u00f6retagen i media - debattartiklar, nyheter och intervjuer","isPartOf":{"@id":"https:\/\/www.kompetensforetagen.se\/#website"},"primaryImageOfPage":{"@id":"https:\/\/www.kompetensforetagen.se\/media\/#primaryimage"},"image":{"@id":"https:\/\/www.kompetensforetagen.se\/media\/#primaryimage"},"thumbnailUrl":"https:\/\/www.kompetensforetagen.se\/app\/uploads\/sites\/5\/2023\/04\/media.png","datePublished":"2021-05-31T13:00:38+00:00","dateModified":"2023-04-11T15:08:37+00:00","description":"Vad tycker Kompetensf\u00f6retagen? H\u00e4r kan du l\u00e4sa debattartiklar, kommentarer och annat material med Kompetensf\u00f6retagens st\u00e4llningstaganden.","breadcrumb":{"@id":"https:\/\/www.kompetensforetagen.se\/media\/#breadcrumb"},"inLanguage":"sv-SE","potentialAction":[{"@type":"ReadAction","target":["https:\/\/www.kompetensforetagen.se\/media\/"]}]},{"@type":"ImageObject","inLanguage":"sv-SE","@id":"https:\/\/www.kompetensforetagen.se\/media\/#primaryimage","url":"https:\/\/www.kompetensforetagen.se\/app\/uploads\/sites\/5\/2023\/04\/media.png","contentUrl":"https:\/\/www.kompetensforetagen.se\/app\/uploads\/sites\/5\/2023\/04\/media.png","width":1180,"height":787,"caption":"Titt \u00f6ver axeln p\u00e5 manspersons iPad"},{"@type":"BreadcrumbList","@id":"https:\/\/www.kompetensforetagen.se\/media\/#breadcrumb","itemListElement":[{"@type":"ListItem","position":1,"name":"Home","item":"https:\/\/www.kompetensforetagen.se\/"},{"@type":"ListItem","position":2,"name":"I media"}]},{"@type":"WebSite","@id":"https:\/\/www.kompetensforetagen.se\/#website","url":"https:\/\/www.kompetensforetagen.se\/","name":"Kompetensf\u00f6retagen","description":"R\u00e4tt person p\u00e5 r\u00e4tt plats kan f\u00f6r\u00e4ndra v\u00e4rlden","publisher":{"@id":"https:\/\/www.kompetensforetagen.se\/#organization"},"potentialAction":[{"@type":"SearchAction","target":{"@type":"EntryPoint","urlTemplate":"https:\/\/www.kompetensforetagen.se\/?s={search_term_string}"},"query-input":{"@type":"PropertyValueSpecification","valueRequired":true,"valueName":"search_term_string"}}],"inLanguage":"sv-SE"},{"@type":"Organization","@id":"https:\/\/www.kompetensforetagen.se\/#organization","name":"Kompetensf\u00f6retagen","url":"https:\/\/www.kompetensforetagen.se\/","logo":{"@type":"ImageObject","inLanguage":"sv-SE","@id":"https:\/\/www.kompetensforetagen.se\/#\/schema\/logo\/image\/","url":"https:\/\/www.kompetensforetagen.se\/app\/uploads\/sites\/5\/2022\/10\/logga_svart.png","contentUrl":"https:\/\/www.kompetensforetagen.se\/app\/uploads\/sites\/5\/2022\/10\/logga_svart.png","width":752,"height":64,"caption":"Kompetensf\u00f6retagen"},"image":{"@id":"https:\/\/www.kompetensforetagen.se\/#\/schema\/logo\/image\/"},"sameAs":["https:\/\/www.linkedin.com\/company\/10540032\/"]}]}},"_links":{"self":[{"href":"https:\/\/www.kompetensforetagen.se\/api\/wp\/v2\/pages\/7190","targetHints":{"allow":["GET"]}}],"collection":[{"href":"https:\/\/www.kompetensforetagen.se\/api\/wp\/v2\/pages"}],"about":[{"href":"https:\/\/www.kompetensforetagen.se\/api\/wp\/v2\/types\/page"}],"author":[{"embeddable":true,"href":"https:\/\/www.kompetensforetagen.se\/api\/wp\/v2\/users\/6058"}],"replies":[{"embeddable":true,"href":"https:\/\/www.kompetensforetagen.se\/api\/wp\/v2\/comments?post=7190"}],"version-history":[{"count":4,"href":"https:\/\/www.kompetensforetagen.se\/api\/wp\/v2\/pages\/7190\/revisions"}],"predecessor-version":[{"id":12692,"href":"https:\/\/www.kompetensforetagen.se\/api\/wp\/v2\/pages\/7190\/revisions\/12692"}],"wp:featuredmedia":[{"embeddable":true,"href":"https:\/\/www.kompetensforetagen.se\/api\/wp\/v2\/media\/12683"}],"wp:attachment":[{"href":"https:\/\/www.kompetensforetagen.se\/api\/wp\/v2\/media?parent=7190"}],"wp:term":[{"taxonomy":"type","embeddable":true,"href":"https:\/\/www.kompetensforetagen.se\/api\/wp\/v2\/article_type?post=7190"},{"taxonomy":"agreement","embeddable":true,"href":"https:\/\/www.kompetensforetagen.se\/api\/wp\/v2\/agreement?post=7190"},{"taxonomy":"for-members","embeddable":true,"href":"https:\/\/www.kompetensforetagen.se\/api\/wp\/v2\/for-members?post=7190"}],"curies":[{"name":"wp","href":"https:\/\/api.w.org\/{rel}","templated":true}]}}