{"id":7069,"date":"2021-05-07T11:34:10","date_gmt":"2021-05-07T09:34:10","guid":{"rendered":"https:\/\/www.kompetensforetagen.se\/?page_id=7069"},"modified":"2025-09-29T13:32:11","modified_gmt":"2025-09-29T11:32:11","slug":"etableringsjobben","status":"publish","type":"page","link":"https:\/\/www.kompetensforetagen.se\/etableringsjobben\/","title":{"rendered":"Etableringsjobben"},"content":{"rendered":"<div id=\"block-hero-block_23059be50b35b18d1cf09337e76a34e6\" class=\"Hero has-green-background-color\">\n\n    \n  <div class=\"Hero__inner container has-green-background-color has-arrow\">\n              <div class=\"Hero__title\">\n          <h1><i> Etableringsjobb<\/i><\/h1>\n        <\/div>\n                                <div class=\"Hero__arrow\">\n          <svg class='icon icon--squiggly-arrow'  width=\"282\" height=\"302\" viewBox=\"0 0 282 302\" fill=\"none\" xmlns=\"http:\/\/www.w3.org\/2000\/svg\">\n<path d=\"M108.429 281.19L129.837 295.44L143.97 274.186\" stroke=\"black\" stroke-width=\"4\" stroke-miterlimit=\"10\"\/>\n<path d=\"M43.8871 68.0497C53.3269 84.3998 70.0075 95.6755 88.6244 97.6784C107.24 99.6801 125.826 95.0068 144.209 91.4645C162.592 87.9216 182.067 85.5682 199.674 91.9481C220.515 99.5002 236.316 120.278 236.492 142.446C236.669 164.616 220.178 186.234 198.428 190.49C188.558 192.423 177.815 190.842 169.542 185.112C161.271 179.382 155.88 169.284 156.859 159.269C158.292 144.577 173.761 133.512 188.444 135C203.126 136.491 215.468 148.757 219.176 163.047C222.881 177.337 218.804 192.932 210.416 205.072C202.027 217.212 189.703 226.187 176.514 232.804C167.472 237.341 157.931 240.877 149.144 245.889C140.356 250.899 132.161 257.651 127.746 266.755C123.333 275.858 126.637 283.983 129.929 295.386\" stroke=\"black\" stroke-width=\"4\" stroke-miterlimit=\"10\"\/>\n<\/svg>\n\n          <\/div>\n        <\/div>\n<\/div>\n\n\n\n<div class=\"wp-block-group is-layout-constrained wp-block-group-is-layout-constrained\">\n<div class=\"wp-block-columns is-layout-flex wp-container-core-columns-is-layout-9d6595d7 wp-block-columns-is-layout-flex\">\n<div class=\"wp-block-column is-layout-flow wp-block-column-is-layout-flow\"><div class=\"wp-block wp-block-core-paragraph\">\n<p>Etableringsjobben \u00e4r ett anst\u00e4llningsst\u00f6d som p\u00e5 ett enkelt s\u00e4tt ska hj\u00e4lpa l\u00e5ngtidsarbetsl\u00f6sa till arbete. Kompetensf\u00f6retagen har tecknat<a href=\"https:\/\/www.almega.se\/2023\/12\/nytt-avtal-om-etableringsjobb-for-stationara-tjansteman-och-entreprenadtjansteman\/\" target=\"_blank\" rel=\"noreferrer noopener\"> avtal med Unionen om etableringsjobb<\/a> (kr\u00e4ver inlogg) f\u00f6r station\u00e4ra tj\u00e4nstem\u00e4n samt f\u00f6r entreprenadtj\u00e4nstem\u00e4n. D\u00e4remot omfattas inte st\u00f6det bemanningsbranschen, vilket \u00e4r orimligt.<\/p>\n<\/div>\n\n<div class=\"wp-block wp-block-core-paragraph\">\n<p>Under de senaste tio \u00e5ren har \u00f6ver en kvarts miljon arbetss\u00f6kande hj\u00e4lpts ett arbete via ett bemanningsf\u00f6retag. M\u00e5nga \u00e4r utrikesf\u00f6dda \u2013 v\u00e5ra medlemsf\u00f6retag inom bemanning anst\u00e4ller femtio procent fler utrikesf\u00f6dda \u00e4n den \u00f6vriga arbetsmarknaden.<\/p>\n<\/div>\n\n<div class=\"wp-block wp-block-core-paragraph\">\n<p>Om \u00e4ven bemanningsf\u00f6retag omfattas av etableringsjobben skulle de kunna ta en \u00e4nnu st\u00f6rre roll i att bryta l\u00e5ngtidsarbetsl\u00f6sheten och f\u00f6rb\u00e4ttra integrationen.<\/p>\n<\/div>\n\n<div class=\"wp-block wp-block-core-paragraph\">\n<p>Branschen \u00e4r en v\u00e4l fungerande del av den svenska modellen.&nbsp;<a href=\"https:\/\/www.kompetensforetagen.se\/medlemskap\/kollektivavtal\/\">Kompetens\u00adf\u00f6retagen tecknar kollektivavtal<\/a>&nbsp;med tj\u00e4nstemanna\u00adf\u00f6rbunden Akademiker\u00adf\u00f6rbunden, Unionen, L\u00e4rar\u00adf\u00f6rbundet, och L\u00e4rarnas Riks\u00adf\u00f6rbund. Med Sveriges L\u00e4kar\u00adf\u00f6rbund och V\u00e5rd\u00adf\u00f6rbundet tecknar vi v\u00e5rdbemanningsavtal, och med samtliga f\u00f6rbund inom LO tecknas ett brett avtal f\u00f6r bemanningskonsulter. &nbsp;<\/p>\n<\/div>\n\n<div class=\"wp-block wp-block-core-quote\">\n<blockquote class=\"wp-block-quote is-layout-flow wp-block-quote-is-layout-flow\"><div class=\"wp-block wp-block-core-paragraph\">\n<p><strong>Vi vill att&nbsp;Kompetens\u00adbranschens&nbsp;medverkan&nbsp;i etableringsjobben&nbsp;realiseras<\/strong><\/p>\n<\/div><\/blockquote>\n<\/div><\/div>\n<\/div>\n\n\n\n<div class=\"wp-block-group has-secondary-background-color has-background is-layout-constrained wp-block-group-is-layout-constrained\">\n<div class=\"wp-block-columns is-layout-flex wp-container-core-columns-is-layout-9d6595d7 wp-block-columns-is-layout-flex\">\n<div class=\"wp-block-column is-layout-flow wp-block-column-is-layout-flow\"><div class=\"wp-block wp-block-core-heading\" id=\"kompetens\u00adbranschen-en-forutsattning-for-etableringsjobbens-framgang&nbsp;\">\n<h3 class=\"wp-block-heading\" id=\"h-kompetens-branschen-en-forutsattning-for-etableringsjobbens-framgang-nbsp\"><strong>Kompetens\u00adbranschen en f\u00f6ruts\u00e4ttning f\u00f6r etableringsjobbens framg\u00e5ng<\/strong>&nbsp;<\/h3>\n<\/div>\n\n<div class=\"wp-block wp-block-core-paragraph\">\n<p>Kompetens\u00adbranschen&nbsp;bidrar med stor samh\u00e4llsnytta. V\u00e5ra medlems\u00adf\u00f6retag&nbsp;g\u00f6r redan jobbet med att s\u00e4nka&nbsp;tr\u00f6skeln till arbetsmarknaden f\u00f6r dem som&nbsp;st\u00e5r&nbsp;l\u00e5ngt&nbsp;ifr\u00e5n den. Oavsett om det handlar&nbsp;om en f\u00f6rsta rad p\u00e5 sitt cv,&nbsp;utrikesf\u00f6dda,&nbsp;l\u00e5ngtidsarbetsl\u00f6sa eller andra orsaker&nbsp;som g\u00f6r att man har st\u00e5tt utan ett arbete en l\u00e4ngre tid. Hj\u00e4lpfunktionen finns inbyggd i&nbsp;medlemsf\u00f6retagens aff\u00e4rslogik: den som har kompetens men saknar kontakter eller ett bra cv beh\u00f6ver n\u00e5gon som g\u00e5r i god f\u00f6r dem. D\u00e4r ligger rekryterings- och bemanningsspecialisternas viktigaste f\u00f6rdel: i att screena, testa och g\u00e5 i god f\u00f6r stora grupper av kandidater som andra arbetsgivare inte har resurser eller erfarenhet att rekrytera&nbsp;ur.&nbsp;D\u00e4rmed \u00e4r&nbsp;kompetens\u00adbranschen&nbsp;en&nbsp;f\u00f6ruts\u00e4ttning f\u00f6r etableringsjobbens framg\u00e5ng.&nbsp;&nbsp;<\/p>\n<\/div>\n\n<div class=\"wp-block wp-block-core-paragraph\">\n<p><strong>L\u00e4s mer om etableringsjobben&nbsp;p\u00e5&nbsp;<a href=\"https:\/\/www.regeringen.se\/pressmeddelanden\/2023\/09\/effektivare-arbetsmarknadspolitik-som-leder-till-jobb\/\" target=\"_blank\" rel=\"noreferrer noopener\">regeringens <\/a>webbplats&nbsp;och&nbsp;<a href=\"https:\/\/www.almega.se\/etableringsjobb\/\" target=\"_blank\" rel=\"noreferrer noopener\">Almegas webbplats<\/a><\/strong><\/p>\n<\/div><\/div>\n\n\n\n<div class=\"wp-block-column is-layout-flow wp-block-column-is-layout-flow\"><div class=\"wp-block wp-block-core-heading\" id=\"vad-ar-etableringsjobb?&nbsp;&nbsp;\">\n<h3 class=\"wp-block-heading\" id=\"h-vad-ar-etableringsjobb-nbsp-nbsp\"><strong>Vad \u00e4r etableringsjobb?<\/strong>&nbsp;&nbsp;<\/h3>\n<\/div>\n\n<div class=\"wp-block wp-block-core-paragraph\">\n<p>Kort sagt \u00e4r etableringsjobb en ny&nbsp;typ av st\u00f6d&nbsp;som&nbsp;ska&nbsp;underl\u00e4tta f\u00f6r arbetsgivare att anst\u00e4lla personer som st\u00e5r l\u00e5ngt&nbsp;ifr\u00e5n arbetsmarknaden.&nbsp;Satsningen&nbsp;inneb\u00e4r jobb&nbsp;med l\u00e4gre l\u00f6n f\u00f6r nyanl\u00e4nda och l\u00e5ngtidsarbetsl\u00f6sa,&nbsp;s\u00e5 som parterna inledningsvis f\u00f6reslog.&nbsp;Kompetens\u00adf\u00f6retagen arbetar f\u00f6r att etableringsjobben utvidgas till att g\u00e4lla f\u00f6r&nbsp;f\u00f6retag utan kollektivavtal och bemannings\u00adf\u00f6retag.<\/p>\n<\/div>\n\n<div class=\"wp-block wp-block-core-paragraph\">\n<p>Etableringsjobb \u00e4r en visstids\u00adanst\u00e4llning i l\u00e4ngst tv\u00e5 \u00e5r och vars syfte \u00e4r att den ska leda till en tillsvidareanst\u00e4llning. F\u00f6ljande personer omfattas:<\/p>\n<\/div>\n\n<div class=\"wp-block wp-block-core-list\">\n<ul class=\"wp-block-list\">\n<li>nyanl\u00e4nda som fyllt 20 \u00e5r och beviljats uppeh\u00e5llstillst\u00e5nd de senaste 36 m\u00e5nader<\/li>\n\n\n\n<li>personer som fyllt 20 \u00e5r och har varit inskrivna som arbetss\u00f6kande hos Arbetsf\u00f6rmedlingen i minst 24 av de senaste 27 m\u00e5naderna<\/li>\n\n\n\n<li>personer som \u00e4r anvisade till det arbetsmarknadspolitiska programmet etableringsinsatser<\/li>\n<\/ul>\n<\/div><\/div>\n<\/div>\n<\/div>\n<\/div>\n\n\n\n<div class=\"wp-block-group is-layout-constrained wp-block-group-is-layout-constrained\"><div class=\"wp-block wp-block-core-heading heading-in-sidebar\" id=\"vara-fokusomraden\"><a class='Share__link Share__link--url copy-text' href='#' rel='nofollow' data-text='vara-fokusomraden' title='Dela url' data-confirmation='L\u00e4nken kopierades till urklipp'><svg class='icon icon--link'  width='18' height='18' viewBox='0 0 18 18' fill='none' xmlns='http:\/\/www.w3.org\/2000\/svg'>\n            <path d='M10.4142 0.514721L6.87868 4.05025L8.29289 5.46447L11.1213 2.63604L15.364 6.87868L12.5355 9.70711L13.9497 11.1213L17.4853 7.58579C17.8763 7.19476 17.8763 6.5626 17.4853 6.17158L11.8284 0.514721C11.4374 0.123691 10.8052 0.123691 10.4142 0.514721Z' fill='black'\/>\n            <path d='M9.7071 12.5355L6.87868 15.364L2.63604 11.1213L5.46446 8.2929L4.05025 6.87868L0.514716 10.4142C0.123686 10.8052 0.123686 11.4374 0.514716 11.8284L6.17157 17.4853C6.5626 17.8763 7.19475 17.8763 7.58578 17.4853L11.1213 13.9497L9.7071 12.5355Z' fill='black'\/>\n            <path d='M6.17157 11.8284C6.5626 12.2195 7.19475 12.2195 7.58578 11.8284L11.8284 7.58579C12.2195 7.19476 12.2195 6.56261 11.8284 6.17158C11.4374 5.78055 10.8052 5.78055 10.4142 6.17158L6.17157 10.4142C5.78054 10.8052 5.78054 11.4374 6.17157 11.8284Z' fill='black'\/>\n            <\/svg> <\/a>\n<h2 class=\"wp-block-heading\" id=\"h-vara-fokusomraden\">V\u00e5ra fokusomr\u00e5den<\/h2>\n<\/div>\n\n\n<div class=\"wp-block-columns is-layout-flex wp-container-core-columns-is-layout-9d6595d7 wp-block-columns-is-layout-flex\">\n<div class=\"wp-block-column is-layout-flow wp-block-column-is-layout-flow\"><div id=\"block-iconlink-block_8585fa91d3c56e012e6e1e230aa2472a\" class=\"Icon-link Icon-link--arrow-tip\">\n      <a href=\"https:\/\/www.kompetensforetagen.se\/arbetsformedlingen\/\" target=\"_blank\" class=\"Button is-button is-fullwidth is-style-fill has-black-background-color has-black-border-color has-white-color Button--arrow-tip\">\n      <div class=\"Button__text\">\n        Arbetsf\u00f6rmedlingen\n      <\/div>\n      <div class=\"Button__arrow  arrow-tip \">\n                <div class=\"Button__line\"><\/div>\n                <svg class='icon icon--arrow-tip'  width=\"11\" height=\"16\" viewBox=\"0 0 11 16\" fill=\"none\" xmlns=\"http:\/\/www.w3.org\/2000\/svg\">\n<path d=\"M0.858398 15L9.2304 7.99664L0.967732 1.00001\" stroke=\"black\" stroke-width=\"2\" stroke-miterlimit=\"10\"\/>\n<\/svg>\n\n        <\/div>\n    <\/a>\n  <\/div>\n<\/div>\n\n\n\n<div class=\"wp-block-column is-layout-flow wp-block-column-is-layout-flow\"><div id=\"block-iconlink-block_f6eb0ff7c79022592adc5fa902ce9709\" class=\"Icon-link Icon-link--arrow-tip\">\n      <a href=\"https:\/\/www.kompetensforetagen.se\/etableringsjobb\/\" target=\"_blank\" class=\"Button is-button is-fullwidth is-style-fill has-black-background-color has-black-border-color has-white-color Button--arrow-tip white-space-nowrap\">\n      <div class=\"Button__text\">\n        Etableringsjobb\n      <\/div>\n      <div class=\"Button__arrow  arrow-tip \">\n                <div class=\"Button__line\"><\/div>\n                <svg class='icon icon--arrow-tip'  width=\"11\" height=\"16\" viewBox=\"0 0 11 16\" fill=\"none\" xmlns=\"http:\/\/www.w3.org\/2000\/svg\">\n<path d=\"M0.858398 15L9.2304 7.99664L0.967732 1.00001\" stroke=\"black\" stroke-width=\"2\" stroke-miterlimit=\"10\"\/>\n<\/svg>\n\n        <\/div>\n    <\/a>\n  <\/div>\n<\/div>\n<\/div>\n\n\n\n<div class=\"wp-block-columns is-layout-flex wp-container-core-columns-is-layout-9d6595d7 wp-block-columns-is-layout-flex\">\n<div class=\"wp-block-column is-layout-flow wp-block-column-is-layout-flow\"><div id=\"block-iconlink-block_d5b6ecb580566df64427edd72f5768a0\" class=\"Icon-link Icon-link--arrow-tip\">\n      <a href=\"https:\/\/www.kompetensforetagen.se\/internationellt\/\" target=\"_blank\" class=\"Button is-button is-fullwidth is-style-fill has-black-background-color has-black-border-color has-white-color Button--arrow-tip white-space-nowrap\">\n      <div class=\"Button__text\">\n        Internationellt\n      <\/div>\n      <div class=\"Button__arrow  arrow-tip \">\n                <div class=\"Button__line\"><\/div>\n                <svg class='icon icon--arrow-tip'  width=\"11\" height=\"16\" viewBox=\"0 0 11 16\" fill=\"none\" xmlns=\"http:\/\/www.w3.org\/2000\/svg\">\n<path d=\"M0.858398 15L9.2304 7.99664L0.967732 1.00001\" stroke=\"black\" stroke-width=\"2\" stroke-miterlimit=\"10\"\/>\n<\/svg>\n\n        <\/div>\n    <\/a>\n  <\/div>\n<\/div>\n\n\n\n<div class=\"wp-block-column is-layout-flow wp-block-column-is-layout-flow\"><div id=\"block-iconlink-block_964ccfe2ff734bcc35e0957762a5b9b4\" class=\"Icon-link Icon-link--arrow-tip\">\n      <a href=\"https:\/\/www.kompetensforetagen.se\/offentlig-upphandling\/\" target=\"_blank\" class=\"Button is-button is-fullwidth is-style-fill has-black-background-color has-black-border-color has-white-color Button--arrow-tip\">\n      <div class=\"Button__text\">\n        Offentlig upphandling\n      <\/div>\n      <div class=\"Button__arrow  arrow-tip \">\n                <div class=\"Button__line\"><\/div>\n                <svg class='icon icon--arrow-tip'  width=\"11\" height=\"16\" viewBox=\"0 0 11 16\" fill=\"none\" xmlns=\"http:\/\/www.w3.org\/2000\/svg\">\n<path d=\"M0.858398 15L9.2304 7.99664L0.967732 1.00001\" stroke=\"black\" stroke-width=\"2\" stroke-miterlimit=\"10\"\/>\n<\/svg>\n\n        <\/div>\n    <\/a>\n  <\/div>\n<\/div>\n\n\n\n<div class=\"wp-block-column is-layout-flow wp-block-column-is-layout-flow\"><div id=\"block-iconlink-block_e70c4d274b50fe8c1c057dbbf0449324\" class=\"Icon-link Icon-link--arrow-tip\">\n      <a href=\"https:\/\/www.kompetensforetagen.se\/vardbemanning\/\" target=\"_blank\" class=\"Button is-button is-fullwidth is-style-fill has-black-background-color has-black-border-color has-white-color Button--arrow-tip white-space-nowrap\">\n      <div class=\"Button__text\">\n        V\u00e5rdbemanning\n      <\/div>\n      <div class=\"Button__arrow  arrow-tip \">\n                <div class=\"Button__line\"><\/div>\n                <svg class='icon icon--arrow-tip'  width=\"11\" height=\"16\" viewBox=\"0 0 11 16\" fill=\"none\" xmlns=\"http:\/\/www.w3.org\/2000\/svg\">\n<path d=\"M0.858398 15L9.2304 7.99664L0.967732 1.00001\" stroke=\"black\" stroke-width=\"2\" stroke-miterlimit=\"10\"\/>\n<\/svg>\n\n        <\/div>\n    <\/a>\n  <\/div>\n<\/div>\n<\/div>\n<\/div>\n","protected":false},"excerpt":{"rendered":"<p>Etableringsjobben \u00e4r ett anst\u00e4llningsst\u00f6d som p\u00e5 ett enkelt s\u00e4tt ska hj\u00e4lpa l\u00e5ngtidsarbetsl\u00f6sa till arbete. Kompetensf\u00f6retagen har tecknat avtal med Unionen om etableringsjobb (kr\u00e4ver inlogg) f\u00f6r station\u00e4ra tj\u00e4nstem\u00e4n samt f\u00f6r entreprenadtj\u00e4nstem\u00e4n. D\u00e4remot omfattas inte st\u00f6det bemanningsbranschen, &hellip;<\/p>\n","protected":false},"author":6058,"featured_media":12677,"parent":0,"menu_order":17,"comment_status":"closed","ping_status":"closed","template":"","meta":{"_acf_changed":false,"footnotes":""},"article_type":[],"agreement":[],"for-members":[],"class_list":["post-7069","page","type-page","status-publish","has-post-thumbnail","hentry"],"acf":[],"yoast_head":"<!-- This site is optimized with the Yoast SEO Premium plugin v26.8 (Yoast SEO v26.8) - https:\/\/yoast.com\/product\/yoast-seo-premium-wordpress\/ -->\n<title>Etableringsjobben - Kompetensbranschen en f\u00f6ruts\u00e4ttning<\/title>\n<meta name=\"description\" content=\"Medlemsf\u00f6retagen har resurser och erfarenhet som som andra arbetsgivare saknar, och \u00e4r d\u00e4rf\u00f6r \u00a0en\u00a0f\u00f6ruts\u00e4ttning f\u00f6r etableringsjobben.\u00a0\u00a0\" \/>\n<meta name=\"robots\" content=\"index, follow, max-snippet:-1, max-image-preview:large, max-video-preview:-1\" \/>\n<link rel=\"canonical\" href=\"https:\/\/www.kompetensforetagen.se\/etableringsjobben\/\" \/>\n<meta property=\"og:locale\" content=\"sv_SE\" \/>\n<meta property=\"og:type\" content=\"article\" \/>\n<meta property=\"og:title\" content=\"Etableringsjobben\" \/>\n<meta property=\"og:description\" content=\"Medlemsf\u00f6retagen har resurser och erfarenhet som som andra arbetsgivare saknar, och \u00e4r d\u00e4rf\u00f6r \u00a0en\u00a0f\u00f6ruts\u00e4ttning f\u00f6r etableringsjobben.\u00a0\u00a0\" \/>\n<meta property=\"og:url\" content=\"https:\/\/www.kompetensforetagen.se\/etableringsjobben\/\" \/>\n<meta property=\"og:site_name\" content=\"Kompetensf\u00f6retagen\" \/>\n<meta property=\"article:modified_time\" content=\"2025-09-29T11:32:11+00:00\" \/>\n<meta property=\"og:image\" content=\"https:\/\/www.kompetensforetagen.se\/app\/uploads\/sites\/5\/2023\/04\/Etableringsjobb.png\" \/>\n\t<meta property=\"og:image:width\" content=\"1180\" \/>\n\t<meta property=\"og:image:height\" content=\"787\" \/>\n\t<meta property=\"og:image:type\" content=\"image\/png\" \/>\n<meta name=\"twitter:card\" content=\"summary_large_image\" \/>\n<meta name=\"twitter:label1\" content=\"Ber\u00e4knad l\u00e4stid\" \/>\n\t<meta name=\"twitter:data1\" content=\"3 minuter\" \/>\n<script type=\"application\/ld+json\" class=\"yoast-schema-graph\">{\"@context\":\"https:\/\/schema.org\",\"@graph\":[{\"@type\":\"WebPage\",\"@id\":\"https:\/\/www.kompetensforetagen.se\/etableringsjobben\/\",\"url\":\"https:\/\/www.kompetensforetagen.se\/etableringsjobben\/\",\"name\":\"Etableringsjobben - Kompetensbranschen en f\u00f6ruts\u00e4ttning\",\"isPartOf\":{\"@id\":\"https:\/\/www.kompetensforetagen.se\/#website\"},\"primaryImageOfPage\":{\"@id\":\"https:\/\/www.kompetensforetagen.se\/etableringsjobben\/#primaryimage\"},\"image\":{\"@id\":\"https:\/\/www.kompetensforetagen.se\/etableringsjobben\/#primaryimage\"},\"thumbnailUrl\":\"https:\/\/www.kompetensforetagen.se\/app\/uploads\/sites\/5\/2023\/04\/Etableringsjobb.png\",\"datePublished\":\"2021-05-07T09:34:10+00:00\",\"dateModified\":\"2025-09-29T11:32:11+00:00\",\"description\":\"Medlemsf\u00f6retagen har resurser och erfarenhet som som andra arbetsgivare saknar, och \u00e4r d\u00e4rf\u00f6r \u00a0en\u00a0f\u00f6ruts\u00e4ttning f\u00f6r etableringsjobben.\u00a0\u00a0\",\"breadcrumb\":{\"@id\":\"https:\/\/www.kompetensforetagen.se\/etableringsjobben\/#breadcrumb\"},\"inLanguage\":\"sv-SE\",\"potentialAction\":[{\"@type\":\"ReadAction\",\"target\":[\"https:\/\/www.kompetensforetagen.se\/etableringsjobben\/\"]}]},{\"@type\":\"ImageObject\",\"inLanguage\":\"sv-SE\",\"@id\":\"https:\/\/www.kompetensforetagen.se\/etableringsjobben\/#primaryimage\",\"url\":\"https:\/\/www.kompetensforetagen.se\/app\/uploads\/sites\/5\/2023\/04\/Etableringsjobb.png\",\"contentUrl\":\"https:\/\/www.kompetensforetagen.se\/app\/uploads\/sites\/5\/2023\/04\/Etableringsjobb.png\",\"width\":1180,\"height\":787,\"caption\":\"Person i reflexv\u00e4st tejpar igen fraktkartong p\u00e5 lager, Grafik som f\u00f6rklarar Etableringsjobb och dess betydelse f\u00f6r integration.\"},{\"@type\":\"BreadcrumbList\",\"@id\":\"https:\/\/www.kompetensforetagen.se\/etableringsjobben\/#breadcrumb\",\"itemListElement\":[{\"@type\":\"ListItem\",\"position\":1,\"name\":\"Home\",\"item\":\"https:\/\/www.kompetensforetagen.se\/\"},{\"@type\":\"ListItem\",\"position\":2,\"name\":\"Etableringsjobben\"}]},{\"@type\":\"WebSite\",\"@id\":\"https:\/\/www.kompetensforetagen.se\/#website\",\"url\":\"https:\/\/www.kompetensforetagen.se\/\",\"name\":\"Kompetensf\u00f6retagen\",\"description\":\"R\u00e4tt person p\u00e5 r\u00e4tt plats kan f\u00f6r\u00e4ndra v\u00e4rlden\",\"publisher\":{\"@id\":\"https:\/\/www.kompetensforetagen.se\/#organization\"},\"potentialAction\":[{\"@type\":\"SearchAction\",\"target\":{\"@type\":\"EntryPoint\",\"urlTemplate\":\"https:\/\/www.kompetensforetagen.se\/?s={search_term_string}\"},\"query-input\":{\"@type\":\"PropertyValueSpecification\",\"valueRequired\":true,\"valueName\":\"search_term_string\"}}],\"inLanguage\":\"sv-SE\"},{\"@type\":\"Organization\",\"@id\":\"https:\/\/www.kompetensforetagen.se\/#organization\",\"name\":\"Kompetensf\u00f6retagen\",\"url\":\"https:\/\/www.kompetensforetagen.se\/\",\"logo\":{\"@type\":\"ImageObject\",\"inLanguage\":\"sv-SE\",\"@id\":\"https:\/\/www.kompetensforetagen.se\/#\/schema\/logo\/image\/\",\"url\":\"https:\/\/www.kompetensforetagen.se\/app\/uploads\/sites\/5\/2022\/10\/logga_svart.png\",\"contentUrl\":\"https:\/\/www.kompetensforetagen.se\/app\/uploads\/sites\/5\/2022\/10\/logga_svart.png\",\"width\":752,\"height\":64,\"caption\":\"Kompetensf\u00f6retagen\"},\"image\":{\"@id\":\"https:\/\/www.kompetensforetagen.se\/#\/schema\/logo\/image\/\"},\"sameAs\":[\"https:\/\/www.linkedin.com\/company\/10540032\/\"]}]}<\/script>\n<!-- \/ Yoast SEO Premium plugin. -->","yoast_head_json":{"title":"Etableringsjobben - Kompetensbranschen en f\u00f6ruts\u00e4ttning","description":"Medlemsf\u00f6retagen har resurser och erfarenhet som som andra arbetsgivare saknar, och \u00e4r d\u00e4rf\u00f6r \u00a0en\u00a0f\u00f6ruts\u00e4ttning f\u00f6r etableringsjobben.\u00a0\u00a0","robots":{"index":"index","follow":"follow","max-snippet":"max-snippet:-1","max-image-preview":"max-image-preview:large","max-video-preview":"max-video-preview:-1"},"canonical":"https:\/\/www.kompetensforetagen.se\/etableringsjobben\/","og_locale":"sv_SE","og_type":"article","og_title":"Etableringsjobben","og_description":"Medlemsf\u00f6retagen har resurser och erfarenhet som som andra arbetsgivare saknar, och \u00e4r d\u00e4rf\u00f6r \u00a0en\u00a0f\u00f6ruts\u00e4ttning f\u00f6r etableringsjobben.\u00a0\u00a0","og_url":"https:\/\/www.kompetensforetagen.se\/etableringsjobben\/","og_site_name":"Kompetensf\u00f6retagen","article_modified_time":"2025-09-29T11:32:11+00:00","og_image":[{"width":1180,"height":787,"url":"https:\/\/www.kompetensforetagen.se\/app\/uploads\/sites\/5\/2023\/04\/Etableringsjobb.png","type":"image\/png"}],"twitter_card":"summary_large_image","twitter_misc":{"Ber\u00e4knad l\u00e4stid":"3 minuter"},"schema":{"@context":"https:\/\/schema.org","@graph":[{"@type":"WebPage","@id":"https:\/\/www.kompetensforetagen.se\/etableringsjobben\/","url":"https:\/\/www.kompetensforetagen.se\/etableringsjobben\/","name":"Etableringsjobben - Kompetensbranschen en f\u00f6ruts\u00e4ttning","isPartOf":{"@id":"https:\/\/www.kompetensforetagen.se\/#website"},"primaryImageOfPage":{"@id":"https:\/\/www.kompetensforetagen.se\/etableringsjobben\/#primaryimage"},"image":{"@id":"https:\/\/www.kompetensforetagen.se\/etableringsjobben\/#primaryimage"},"thumbnailUrl":"https:\/\/www.kompetensforetagen.se\/app\/uploads\/sites\/5\/2023\/04\/Etableringsjobb.png","datePublished":"2021-05-07T09:34:10+00:00","dateModified":"2025-09-29T11:32:11+00:00","description":"Medlemsf\u00f6retagen har resurser och erfarenhet som som andra arbetsgivare saknar, och \u00e4r d\u00e4rf\u00f6r \u00a0en\u00a0f\u00f6ruts\u00e4ttning f\u00f6r etableringsjobben.\u00a0\u00a0","breadcrumb":{"@id":"https:\/\/www.kompetensforetagen.se\/etableringsjobben\/#breadcrumb"},"inLanguage":"sv-SE","potentialAction":[{"@type":"ReadAction","target":["https:\/\/www.kompetensforetagen.se\/etableringsjobben\/"]}]},{"@type":"ImageObject","inLanguage":"sv-SE","@id":"https:\/\/www.kompetensforetagen.se\/etableringsjobben\/#primaryimage","url":"https:\/\/www.kompetensforetagen.se\/app\/uploads\/sites\/5\/2023\/04\/Etableringsjobb.png","contentUrl":"https:\/\/www.kompetensforetagen.se\/app\/uploads\/sites\/5\/2023\/04\/Etableringsjobb.png","width":1180,"height":787,"caption":"Person i reflexv\u00e4st tejpar igen fraktkartong p\u00e5 lager, Grafik som f\u00f6rklarar Etableringsjobb och dess betydelse f\u00f6r integration."},{"@type":"BreadcrumbList","@id":"https:\/\/www.kompetensforetagen.se\/etableringsjobben\/#breadcrumb","itemListElement":[{"@type":"ListItem","position":1,"name":"Home","item":"https:\/\/www.kompetensforetagen.se\/"},{"@type":"ListItem","position":2,"name":"Etableringsjobben"}]},{"@type":"WebSite","@id":"https:\/\/www.kompetensforetagen.se\/#website","url":"https:\/\/www.kompetensforetagen.se\/","name":"Kompetensf\u00f6retagen","description":"R\u00e4tt person p\u00e5 r\u00e4tt plats kan f\u00f6r\u00e4ndra v\u00e4rlden","publisher":{"@id":"https:\/\/www.kompetensforetagen.se\/#organization"},"potentialAction":[{"@type":"SearchAction","target":{"@type":"EntryPoint","urlTemplate":"https:\/\/www.kompetensforetagen.se\/?s={search_term_string}"},"query-input":{"@type":"PropertyValueSpecification","valueRequired":true,"valueName":"search_term_string"}}],"inLanguage":"sv-SE"},{"@type":"Organization","@id":"https:\/\/www.kompetensforetagen.se\/#organization","name":"Kompetensf\u00f6retagen","url":"https:\/\/www.kompetensforetagen.se\/","logo":{"@type":"ImageObject","inLanguage":"sv-SE","@id":"https:\/\/www.kompetensforetagen.se\/#\/schema\/logo\/image\/","url":"https:\/\/www.kompetensforetagen.se\/app\/uploads\/sites\/5\/2022\/10\/logga_svart.png","contentUrl":"https:\/\/www.kompetensforetagen.se\/app\/uploads\/sites\/5\/2022\/10\/logga_svart.png","width":752,"height":64,"caption":"Kompetensf\u00f6retagen"},"image":{"@id":"https:\/\/www.kompetensforetagen.se\/#\/schema\/logo\/image\/"},"sameAs":["https:\/\/www.linkedin.com\/company\/10540032\/"]}]}},"_links":{"self":[{"href":"https:\/\/www.kompetensforetagen.se\/api\/wp\/v2\/pages\/7069","targetHints":{"allow":["GET"]}}],"collection":[{"href":"https:\/\/www.kompetensforetagen.se\/api\/wp\/v2\/pages"}],"about":[{"href":"https:\/\/www.kompetensforetagen.se\/api\/wp\/v2\/types\/page"}],"author":[{"embeddable":true,"href":"https:\/\/www.kompetensforetagen.se\/api\/wp\/v2\/users\/6058"}],"replies":[{"embeddable":true,"href":"https:\/\/www.kompetensforetagen.se\/api\/wp\/v2\/comments?post=7069"}],"version-history":[{"count":22,"href":"https:\/\/www.kompetensforetagen.se\/api\/wp\/v2\/pages\/7069\/revisions"}],"predecessor-version":[{"id":20927,"href":"https:\/\/www.kompetensforetagen.se\/api\/wp\/v2\/pages\/7069\/revisions\/20927"}],"wp:featuredmedia":[{"embeddable":true,"href":"https:\/\/www.kompetensforetagen.se\/api\/wp\/v2\/media\/12677"}],"wp:attachment":[{"href":"https:\/\/www.kompetensforetagen.se\/api\/wp\/v2\/media?parent=7069"}],"wp:term":[{"taxonomy":"type","embeddable":true,"href":"https:\/\/www.kompetensforetagen.se\/api\/wp\/v2\/article_type?post=7069"},{"taxonomy":"agreement","embeddable":true,"href":"https:\/\/www.kompetensforetagen.se\/api\/wp\/v2\/agreement?post=7069"},{"taxonomy":"for-members","embeddable":true,"href":"https:\/\/www.kompetensforetagen.se\/api\/wp\/v2\/for-members?post=7069"}],"curies":[{"name":"wp","href":"https:\/\/api.w.org\/{rel}","templated":true}]}}