{"id":7044,"date":"2021-05-04T16:59:38","date_gmt":"2021-05-04T14:59:38","guid":{"rendered":"https:\/\/www.kompetensforetagen.se\/?page_id=7044"},"modified":"2024-01-25T14:39:58","modified_gmt":"2024-01-25T13:39:58","slug":"omstallning","status":"publish","type":"page","link":"https:\/\/www.kompetensforetagen.se\/omstallning\/","title":{"rendered":"Omst\u00e4llning"},"content":{"rendered":"<div id=\"block-hero-block_bbb4ad7f8c9dbb011cb327856cc7c097\" class=\"Hero has-green-background-color\">\n\n    \n  <div class=\"Hero__inner container has-green-background-color has-arrow\">\n              <div class=\"Hero__title\">\n          <h1><i> Omst\u00e4llning<\/i><\/h1>\n        <\/div>\n                                <div class=\"Hero__arrow\">\n          <svg class='icon icon--squiggly-arrow'  width=\"282\" height=\"302\" viewBox=\"0 0 282 302\" fill=\"none\" xmlns=\"http:\/\/www.w3.org\/2000\/svg\">\n<path d=\"M108.429 281.19L129.837 295.44L143.97 274.186\" stroke=\"black\" stroke-width=\"4\" stroke-miterlimit=\"10\"\/>\n<path d=\"M43.8871 68.0497C53.3269 84.3998 70.0075 95.6755 88.6244 97.6784C107.24 99.6801 125.826 95.0068 144.209 91.4645C162.592 87.9216 182.067 85.5682 199.674 91.9481C220.515 99.5002 236.316 120.278 236.492 142.446C236.669 164.616 220.178 186.234 198.428 190.49C188.558 192.423 177.815 190.842 169.542 185.112C161.271 179.382 155.88 169.284 156.859 159.269C158.292 144.577 173.761 133.512 188.444 135C203.126 136.491 215.468 148.757 219.176 163.047C222.881 177.337 218.804 192.932 210.416 205.072C202.027 217.212 189.703 226.187 176.514 232.804C167.472 237.341 157.931 240.877 149.144 245.889C140.356 250.899 132.161 257.651 127.746 266.755C123.333 275.858 126.637 283.983 129.929 295.386\" stroke=\"black\" stroke-width=\"4\" stroke-miterlimit=\"10\"\/>\n<\/svg>\n\n          <\/div>\n        <\/div>\n<\/div>\n\n\n\n<div class=\"wp-block-group is-layout-constrained wp-block-group-is-layout-constrained\">\n<div class=\"wp-block-columns is-layout-flex wp-container-core-columns-is-layout-9d6595d7 wp-block-columns-is-layout-flex\">\n<div class=\"wp-block-column is-layout-flow wp-block-column-is-layout-flow\" style=\"flex-basis:66.66%\"><div class=\"wp-block wp-block-core-heading heading-in-sidebar\" id=\"vad-innebar-omstallning?\"><a class='Share__link Share__link--url copy-text' href='#' rel='nofollow' data-text='vad-innebar-omstallning?' title='Dela url' data-confirmation='L\u00e4nken kopierades till urklipp'><svg class='icon icon--link'  width='18' height='18' viewBox='0 0 18 18' fill='none' xmlns='http:\/\/www.w3.org\/2000\/svg'>\n            <path d='M10.4142 0.514721L6.87868 4.05025L8.29289 5.46447L11.1213 2.63604L15.364 6.87868L12.5355 9.70711L13.9497 11.1213L17.4853 7.58579C17.8763 7.19476 17.8763 6.5626 17.4853 6.17158L11.8284 0.514721C11.4374 0.123691 10.8052 0.123691 10.4142 0.514721Z' fill='black'\/>\n            <path d='M9.7071 12.5355L6.87868 15.364L2.63604 11.1213L5.46446 8.2929L4.05025 6.87868L0.514716 10.4142C0.123686 10.8052 0.123686 11.4374 0.514716 11.8284L6.17157 17.4853C6.5626 17.8763 7.19475 17.8763 7.58578 17.4853L11.1213 13.9497L9.7071 12.5355Z' fill='black'\/>\n            <path d='M6.17157 11.8284C6.5626 12.2195 7.19475 12.2195 7.58578 11.8284L11.8284 7.58579C12.2195 7.19476 12.2195 6.56261 11.8284 6.17158C11.4374 5.78055 10.8052 5.78055 10.4142 6.17158L6.17157 10.4142C5.78054 10.8052 5.78054 11.4374 6.17157 11.8284Z' fill='black'\/>\n            <\/svg> <\/a>\n<h2 class=\"wp-block-heading\">Vad inneb\u00e4r omst\u00e4llning?<\/h2>\n<\/div>\n\n<div class=\"wp-block wp-block-core-paragraph\">\n<p>N\u00e4r&nbsp;Kompetens\u00adf\u00f6retagen&nbsp;pratar omst\u00e4llning menar vi&nbsp;p\u00e5 arbetsmarknaden.&nbsp;God omst\u00e4llning \u00e4r&nbsp;avg\u00f6rande f\u00f6r&nbsp;svensk arbetsmarknad&nbsp;och&nbsp;dem som&nbsp;beh\u00f6ver hj\u00e4lp till nytt jobb eller studier. Det kan vara oavsett om det \u00e4r p\u00e5 grund av arbetsbrist,&nbsp;arbetsskada eller sjukdom.&nbsp;F\u00f6retag som arbetar med omst\u00e4llning, ofta&nbsp;v\u00e5ra&nbsp;<a href=\"https:\/\/www.kompetensforetagen.se\/auktorisation\/\">auktoriserade medlems\u00adf\u00f6retag<\/a>,&nbsp;kallas&nbsp;ocks\u00e5&nbsp;omst\u00e4llningsleverant\u00f6rer.&nbsp;&nbsp;M\u00f6jligheten till omst\u00e4llning&nbsp;regleras&nbsp;f\u00f6r m\u00e5nga&nbsp;i kollektiv\u00adavtalet, och tj\u00e4nsterna finns d\u00e5 i trygghetsr\u00e5d som TSL eller TRR.&nbsp;Man kan ocks\u00e5 f\u00e5 hj\u00e4lp av ett&nbsp;omst\u00e4llnings\u00adf\u00f6retag&nbsp;via kommuner,&nbsp;Arbetsf\u00f6rmedlingen&nbsp;eller&nbsp;om ens arbetsgivare&nbsp;k\u00f6per omst\u00e4llningstj\u00e4nster direkt&nbsp;fr\u00e5n en leverant\u00f6r.&nbsp;&nbsp;<\/p>\n<\/div>\n\n<div class=\"wp-block wp-block-core-paragraph\">\n<p>Omst\u00e4llnings\u00adf\u00f6retag fungerar ocks\u00e5 som jobbf\u00f6rmedlare. Tack vare&nbsp;sina&nbsp;stora n\u00e4tverk&nbsp;kan&nbsp;de&nbsp;inte bara st\u00f6tta personer i processen&nbsp;att s\u00f6ka jobb, de&nbsp;&nbsp;matchar ocks\u00e5&nbsp;arbetss\u00f6kande till&nbsp;lediga tj\u00e4nster.&nbsp;&nbsp;<\/p>\n<\/div><\/div>\n\n\n\n<div class=\"wp-block-column is-layout-flow wp-block-column-is-layout-flow\" style=\"flex-basis:33.33%\"><\/div>\n<\/div>\n<\/div>\n\n\n\n<div class=\"wp-block-group has-green-background-color has-background is-layout-constrained wp-block-group-is-layout-constrained\">\n<div class=\"wp-block-columns is-layout-flex wp-container-core-columns-is-layout-9d6595d7 wp-block-columns-is-layout-flex\">\n<div class=\"wp-block-column is-layout-flow wp-block-column-is-layout-flow\"><div class=\"wp-block wp-block-core-heading\" id=\"omstallning-ar-avgorande-for-arbetsmarknaden\">\n<h3 class=\"wp-block-heading\">Omst\u00e4llning \u00e4r avg\u00f6rande f\u00f6r arbetsmarknaden<\/h3>\n<\/div>\n\n<div class=\"wp-block wp-block-core-paragraph\">\n<p>Matchningen \u00e4r, och har l\u00e4nge varit, ett problem p\u00e5 svensk arbetsmarknad. \u00c4ven i h\u00f6gkonjunktur har m\u00e4nniskor varit arbetsl\u00f6sa p\u00e5 grund av matchning som inte fungerat. Vi \u00e4r \u00f6vertygade om att alla har en plats p\u00e5 arbetsmarknaden. D\u00e4rf\u00f6r \u00e4r god omst\u00e4llning \u00e4r en \u00f6desfr\u00e5ga f\u00f6r hela v\u00e5rt samh\u00e4lle. Att kunna f\u00e5 hj\u00e4lp att st\u00e4lla om eller studera vidare blir allt viktigare; det livsl\u00e5nga l\u00e4randet \u00e4r h\u00e4r f\u00f6r att stanna. En arbetsmarknad som rymmer alla kompetenser och d\u00e4r inga grupper l\u00e4mnas&nbsp;utanf\u00f6r&nbsp;g\u00f6r att Sverige h\u00e5lls samman och kan uppr\u00e4tth\u00e5lla h\u00f6g f\u00f6r\u00e4ndrings- och konkurrenskraft.&nbsp; Allt detta g\u00f6r att omst\u00e4llnings\u00adf\u00f6retagen beh\u00f6vs mer \u00e4n n\u00e5gonsin.&nbsp;<\/p>\n<\/div><\/div>\n\n\n\n<div class=\"wp-block-column is-layout-flow wp-block-column-is-layout-flow\"><div class=\"wp-block wp-block-core-heading\" id=\"sa-fungerar-omstallning\">\n<h3 class=\"wp-block-heading\">S\u00e5 fungerar omst\u00e4llning<\/h3>\n<\/div>\n\n<div class=\"wp-block wp-block-core-paragraph\">\n<p>Omst\u00e4llningsprocessen&nbsp;bygger mycket p\u00e5&nbsp;personen som deltar.&nbsp;En av de viktiga delarna i en omst\u00e4llning \u00e4r att hj\u00e4lpa den arbetss\u00f6kande att titta p\u00e5 och utveckla synen p\u00e5 sig sj\u00e4lv och sina m\u00e5l.&nbsp;Ofta kan hen f\u00e5 hj\u00e4lp att se kompetens och m\u00f6jligheter hos sig sj\u00e4lv som hen inte t\u00e4nkt p\u00e5!&nbsp;&nbsp;Utbildning \u00e4r ofta ett viktigt steg i omst\u00e4llningen, det kan vara fr\u00e5ga om inriktade yrkes\u00adutbildningar eller annan l\u00e4ngre utbildning..<\/p>\n<\/div>\n\n<div class=\"wp-block wp-block-core-paragraph\">\n<p>Omst\u00e4llningen&nbsp;inneh\u00e5ller&nbsp;oftast&nbsp;fem faser,&nbsp;fr\u00e5n den inledande&nbsp;informationen till den avslutande kontakten.&nbsp;I st\u00f6ttningen som&nbsp;den arbetss\u00f6kande f\u00e5r kan det ing\u00e5 allt fr\u00e5n spr\u00e5kst\u00f6ttning, hur en skriver en jobbans\u00f6kan eller helt enkelt matchning med ett jobb&nbsp;tack vare omst\u00e4llnings\u00adf\u00f6retagens stora kontaktn\u00e4t.&nbsp;Med&nbsp;digitalisering, mer specialisering och&nbsp;en arbetsmarknad i st\u00e4ndig f\u00f6r\u00e4ndring&nbsp;kommer byte av yrke att bli ett&nbsp;allt vanligare inslag i arbetslivet.&nbsp;&nbsp;<\/p>\n<\/div>\n\n<div class=\"wp-block wp-block-core-paragraph\">\n<p>Arbetsgivare erbjuds r\u00e5dgivning n\u00e4r de ska genomf\u00f6ra neddragningar och om\u00adorganisationer. Att g\u00f6ra en kompetensinventering av befintliga medarbetare kan ocks\u00e5 bidra till ett b\u00e4ttre omst\u00e4llningsresultat.<\/p>\n<\/div><\/div>\n<\/div>\n<\/div>\n\n\n\n<div class=\"wp-block-group is-layout-constrained wp-block-group-is-layout-constrained\">\n<figure class=\"wp-block-image size-large\"><img loading=\"lazy\" decoding=\"async\" width=\"1180\" height=\"834\" src=\"https:\/\/www.kompetensforetagen.se\/app\/uploads\/sites\/5\/2023\/12\/Rubrik-1-1180x834.png\" alt=\"\" class=\"wp-image-16070\" srcset=\"https:\/\/www.kompetensforetagen.se\/app\/uploads\/sites\/5\/2023\/12\/Rubrik-1-1180x834.png 1180w, https:\/\/www.kompetensforetagen.se\/app\/uploads\/sites\/5\/2023\/12\/Rubrik-1-580x410.png 580w, https:\/\/www.kompetensforetagen.se\/app\/uploads\/sites\/5\/2023\/12\/Rubrik-1-380x269.png 380w, https:\/\/www.kompetensforetagen.se\/app\/uploads\/sites\/5\/2023\/12\/Rubrik-1-768x543.png 768w, https:\/\/www.kompetensforetagen.se\/app\/uploads\/sites\/5\/2023\/12\/Rubrik-1-1536x1086.png 1536w, https:\/\/www.kompetensforetagen.se\/app\/uploads\/sites\/5\/2023\/12\/Rubrik-1-600x424.png 600w, https:\/\/www.kompetensforetagen.se\/app\/uploads\/sites\/5\/2023\/12\/Rubrik-1.png 2000w\" sizes=\"auto, (max-width: 1180px) 100vw, 1180px\" \/><\/figure>\n\n\n\n<div class=\"wp-block-columns is-layout-flex wp-container-core-columns-is-layout-9d6595d7 wp-block-columns-is-layout-flex\">\n<div class=\"wp-block-column is-layout-flow wp-block-column-is-layout-flow\"><div class=\"wp-block wp-block-core-heading heading-in-sidebar\" id=\"omstallningsavtal\u00a0\"><a class='Share__link Share__link--url copy-text' href='#' rel='nofollow' data-text='omstallningsavtal\u00a0' title='Dela url' data-confirmation='L\u00e4nken kopierades till urklipp'><svg class='icon icon--link'  width='18' height='18' viewBox='0 0 18 18' fill='none' xmlns='http:\/\/www.w3.org\/2000\/svg'>\n            <path d='M10.4142 0.514721L6.87868 4.05025L8.29289 5.46447L11.1213 2.63604L15.364 6.87868L12.5355 9.70711L13.9497 11.1213L17.4853 7.58579C17.8763 7.19476 17.8763 6.5626 17.4853 6.17158L11.8284 0.514721C11.4374 0.123691 10.8052 0.123691 10.4142 0.514721Z' fill='black'\/>\n            <path d='M9.7071 12.5355L6.87868 15.364L2.63604 11.1213L5.46446 8.2929L4.05025 6.87868L0.514716 10.4142C0.123686 10.8052 0.123686 11.4374 0.514716 11.8284L6.17157 17.4853C6.5626 17.8763 7.19475 17.8763 7.58578 17.4853L11.1213 13.9497L9.7071 12.5355Z' fill='black'\/>\n            <path d='M6.17157 11.8284C6.5626 12.2195 7.19475 12.2195 7.58578 11.8284L11.8284 7.58579C12.2195 7.19476 12.2195 6.56261 11.8284 6.17158C11.4374 5.78055 10.8052 5.78055 10.4142 6.17158L6.17157 10.4142C5.78054 10.8052 5.78054 11.4374 6.17157 11.8284Z' fill='black'\/>\n            <\/svg> <\/a>\n<h2 class=\"wp-block-heading\">Omst\u00e4llningsavtal\u00a0<\/h2>\n<\/div>\n\n<div class=\"wp-block wp-block-core-paragraph\">\n<p>Omst\u00e4llnings\u00adf\u00f6retag f\u00e5r allts\u00e5 ofta sina uppdrag via omst\u00e4llningsavtal. Dessa tecknas mellan arbetsmarknadens parter och administreras av sju kollektivavtalsstiftelser, s\u00e5 kallade trygghetsr\u00e5d. H\u00e4r kan du<a href=\"https:\/\/www.trs.se\/om-oss\/vad-ar-trs\/ratt-trygghetsrad\/\" target=\"_blank\" rel=\"noreferrer noopener\">\u00a0l\u00e4sa mer om dem.\u00a0\u00a0<\/a>St\u00f6det som erbjuds via trygghetsr\u00e5den skiljer sig fr\u00e5n Arbetsf\u00f6rmedlingens i att omst\u00e4llningsinsatserna ofta s\u00e4tts in redan under upps\u00e4gningstiden.<\/p>\n<\/div><\/div>\n\n\n\n<div class=\"wp-block-column is-layout-flow wp-block-column-is-layout-flow\"><div class=\"container\">\n  <div id=\"block-related-post-block_0e62e37eab2c3c9480f22df32a886584\" class=\"Related-post\">\n          <article class=\"Blurb Blurb--page Blurb--vertical no-thumbnail\">\n  <a href=\"https:\/\/www.kompetensforetagen.se\/valja-lnnan-leverantor-inom-trr\/\">\n        <div class=\"Blurb__content\">\n      <div class=\"Blurb__body\">\n        <div>\n                            <\/div>\n        <h2 class=\"Blurb__title\">\n          Att v\u00e4lja annan leverant\u00f6r \u00e4n TRR\n        <\/h2>\n                  <div class=\"Blurb__text\">\n            Uppsagda medarbetare kan v\u00e4lja annan leverant\u00f6r \u00e4n TRR (Trygghetsr\u00e5det) vid omst\u00e4llning. Du beh\u00f6ver jobba som tj\u00e4nsteman, och f\u00f6retaget du jobbar vara anslutet till omst\u00e4llningsavtalet. L\u00e4s mer h\u00e4r!\n          <\/div>\n                <div class=\"Blurb__arrow\">\n                                <div class=\"Blurb__arrow__line\">\n              <svg class='icon icon--arrow-tip'  width=\"11\" height=\"16\" viewBox=\"0 0 11 16\" fill=\"none\" xmlns=\"http:\/\/www.w3.org\/2000\/svg\">\n<path d=\"M0.858398 15L9.2304 7.99664L0.967732 1.00001\" stroke=\"black\" stroke-width=\"2\" stroke-miterlimit=\"10\"\/>\n<\/svg>\n\n              <\/div>\n                  <\/div>\n      <\/div>\n    <\/div>\n  <\/a>\n<\/article>\n      <\/div>\n<\/div>\n<\/div>\n<\/div>\n<\/div>\n\n\n\n<div class=\"wp-block-group has-secondary-background-color has-background is-layout-constrained wp-block-group-is-layout-constrained\"><div class=\"Listing no-bg\" id=\"block-5e2211c8-3fa2-4174-9f7b-4c5cb1e641d6\">\n  <div class=\"container\">\n    <div class=\"Listing__heading\">\n       <h2>AKTUELLT INOM OMST\u00c4LLNING<\/h2>     <\/div>\n    <div class=\"row\">\n      \n                      <div class=\"col-md-4\">\n                      <article class=\"Blurb Blurb--md Blurb--post Blurb--vertical has-thumbnail\">\n  <a href=\"https:\/\/www.kompetensforetagen.se\/2024\/08\/jessica-forss-katz-ny-naringspolitisk-expert-pa-komptensforetagen\/\">\n          <div class=\"Blurb__thumbnail__wrap\">\n        <figure class=\"Blurb__thumbnail\">\n          <img loading=\"lazy\" decoding=\"async\" width=\"2560\" height=\"1707\" src=\"https:\/\/www.kompetensforetagen.se\/app\/uploads\/sites\/5\/2024\/08\/Jessica-Forss-Katz-3-scaled.jpg\" class=\"attachment-small size-small wp-post-image\" alt=\"Jessica Forss Katz n\u00e4ringspolitisk expert p\u00e5 Kompetensf\u00f6retagen\" srcset=\"https:\/\/www.kompetensforetagen.se\/app\/uploads\/sites\/5\/2024\/08\/Jessica-Forss-Katz-3-scaled.jpg 2560w, https:\/\/www.kompetensforetagen.se\/app\/uploads\/sites\/5\/2024\/08\/Jessica-Forss-Katz-3-580x387.jpg 580w, https:\/\/www.kompetensforetagen.se\/app\/uploads\/sites\/5\/2024\/08\/Jessica-Forss-Katz-3-1180x787.jpg 1180w, https:\/\/www.kompetensforetagen.se\/app\/uploads\/sites\/5\/2024\/08\/Jessica-Forss-Katz-3-380x253.jpg 380w, https:\/\/www.kompetensforetagen.se\/app\/uploads\/sites\/5\/2024\/08\/Jessica-Forss-Katz-3-768x512.jpg 768w, https:\/\/www.kompetensforetagen.se\/app\/uploads\/sites\/5\/2024\/08\/Jessica-Forss-Katz-3-1536x1024.jpg 1536w, https:\/\/www.kompetensforetagen.se\/app\/uploads\/sites\/5\/2024\/08\/Jessica-Forss-Katz-3-2048x1365.jpg 2048w, https:\/\/www.kompetensforetagen.se\/app\/uploads\/sites\/5\/2024\/08\/Jessica-Forss-Katz-3-600x400.jpg 600w\" sizes=\"auto, (max-width: 2560px) 100vw, 2560px\" \/>\n        <\/figure>\n      <\/div>\n        <div class=\"Blurb__content\">\n      <div class=\"Blurb__body\">\n        <div>\n                                <div class=\"Meta d-flex align-items-center Blurb__meta\">\n      <div class=\"Meta__tag item\">\n      Arbetsf\u00f6rmedlingen\n      <svg class='icon icon--triangle'  width=\"26\" height=\"32\" viewBox=\"0 0 26 32\" fill=\"none\" xmlns=\"http:\/\/www.w3.org\/2000\/svg\">\n<path fill-rule=\"evenodd\" clip-rule=\"evenodd\" d=\"M13.1315 0H0V32H13.1315L26 16L13.1315 0ZM9 18.581C10.6569 18.581 12 17.1946 12 15.4843C12 13.774 10.6569 12.3875 9 12.3875C7.34315 12.3875 6 13.774 6 15.4843C6 17.1946 7.34315 18.581 9 18.581Z\" fill=\"#FDDCC0\"\/>\n<\/svg>\n\n      <\/div>\n    <div class=\"Meta__group\">\n          <div class=\"Meta__date  d-flex align-items-center\">\n        <svg class='icon icon--timestamp'  width=\"16\" height=\"16\" viewBox=\"0 0 16 16\" fill=\"none\" xmlns=\"http:\/\/www.w3.org\/2000\/svg\">\n<path fill-rule=\"evenodd\" clip-rule=\"evenodd\" d=\"M10.4833 10.5818C10.7278 10.8452 10.7278 11.2723 10.4833 11.5357C10.361 11.6674 10.2008 11.7333 10.0405 11.7333C9.88023 11.7333 9.72008 11.6674 9.59781 11.5357L7.65015 9.43814C7.53273 9.31167 7.46667 9.14001 7.46667 8.96109V4.94118C7.46667 4.56868 7.74705 4.26667 8.09288 4.26667C8.4387 4.26667 8.71908 4.56868 8.71908 4.94118V8.68168L10.4833 10.5818ZM8 14.9333C4.177 14.9333 1.06667 11.823 1.06667 8C1.06667 4.177 4.177 1.06667 8 1.06667C11.8232 1.06667 14.9333 4.177 14.9333 8C14.9333 11.823 11.8232 14.9333 8 14.9333ZM8 0C3.58887 0 0 3.58887 0 8C0 12.4111 3.58887 16 8 16C12.4113 16 16 12.4111 16 8C16 3.58887 12.4113 0 8 0Z\" fill=\"black\"\/>\n<\/svg>\n\n          <time datetime=\"2024-08-08T09:18:59+00:00\">8 augusti 2024<\/time>\n      <\/div>\n              <div class=\"Meta__category\">\n        Aktuellt\n      <\/div>\n      <\/div>\n<\/div>\n                  <\/div>\n        <h3 class=\"Blurb__title\">\n          Jessica Forss Katz ny n\u00e4ringspolitisk expert\n        <\/h3>\n                  <div class=\"Blurb__text\">\n            Vi s\u00e4ger varmt v\u00e4lkommen till Kompetensf\u00f6retagens nya n\u00e4ringspolitiska expert som ska vara ansvarig f\u00f6r arbetsmarknadspolitiska fr\u00e5gor.\u2013 Behoven av smarta l\u00f6sningar f\u00f6r kompetensf\u00f6rs\u00f6rjningen \u00f6kar hela tiden, och det \u00e4r d\u00e4r f\u00f6retagen inom bemanning, omst\u00e4llning och rekrytering g\u00f6r som st\u00f6rst nytta, s\u00e4ger Jessica Forss Katz.\n\n          <\/div>\n                <div class=\"Blurb__arrow\">\n                                <div class=\"Blurb__arrow__line\">\n              <svg class='icon icon--arrow-tip'  width=\"11\" height=\"16\" viewBox=\"0 0 11 16\" fill=\"none\" xmlns=\"http:\/\/www.w3.org\/2000\/svg\">\n<path d=\"M0.858398 15L9.2304 7.99664L0.967732 1.00001\" stroke=\"black\" stroke-width=\"2\" stroke-miterlimit=\"10\"\/>\n<\/svg>\n\n              <\/div>\n                  <\/div>\n      <\/div>\n    <\/div>\n  <\/a>\n<\/article>\n                  <\/div>\n                              <div class=\"col-md-4\">\n                      <article class=\"Blurb Blurb--md Blurb--post Blurb--vertical has-thumbnail\">\n  <a href=\"https:\/\/www.kompetensforetagen.se\/2023\/12\/behovet-av-omstallning-ar-konjunkturberoende\/\">\n          <div class=\"Blurb__thumbnail__wrap\">\n        <figure class=\"Blurb__thumbnail\">\n          <img loading=\"lazy\" decoding=\"async\" width=\"1180\" height=\"787\" src=\"https:\/\/www.kompetensforetagen.se\/app\/uploads\/sites\/5\/2023\/05\/gettyimages-881175588-1180x787-1.jpg\" class=\"attachment-small size-small wp-post-image\" alt=\"Tv\u00e5 personer cyklar i motsatt riktning \u00f6ver skanstullbron i stockholm\" srcset=\"https:\/\/www.kompetensforetagen.se\/app\/uploads\/sites\/5\/2023\/05\/gettyimages-881175588-1180x787-1.jpg 1180w, https:\/\/www.kompetensforetagen.se\/app\/uploads\/sites\/5\/2023\/05\/gettyimages-881175588-1180x787-1-580x387.jpg 580w, https:\/\/www.kompetensforetagen.se\/app\/uploads\/sites\/5\/2023\/05\/gettyimages-881175588-1180x787-1-380x253.jpg 380w, https:\/\/www.kompetensforetagen.se\/app\/uploads\/sites\/5\/2023\/05\/gettyimages-881175588-1180x787-1-768x512.jpg 768w, https:\/\/www.kompetensforetagen.se\/app\/uploads\/sites\/5\/2023\/05\/gettyimages-881175588-1180x787-1-600x400.jpg 600w\" sizes=\"auto, (max-width: 1180px) 100vw, 1180px\" \/>\n        <\/figure>\n      <\/div>\n        <div class=\"Blurb__content\">\n      <div class=\"Blurb__body\">\n        <div>\n                                <div class=\"Meta d-flex align-items-center Blurb__meta\">\n      <div class=\"Meta__tag item\">\n      Omst\u00e4llning\n      <svg class='icon icon--triangle'  width=\"26\" height=\"32\" viewBox=\"0 0 26 32\" fill=\"none\" xmlns=\"http:\/\/www.w3.org\/2000\/svg\">\n<path fill-rule=\"evenodd\" clip-rule=\"evenodd\" d=\"M13.1315 0H0V32H13.1315L26 16L13.1315 0ZM9 18.581C10.6569 18.581 12 17.1946 12 15.4843C12 13.774 10.6569 12.3875 9 12.3875C7.34315 12.3875 6 13.774 6 15.4843C6 17.1946 7.34315 18.581 9 18.581Z\" fill=\"#FDDCC0\"\/>\n<\/svg>\n\n      <\/div>\n    <div class=\"Meta__group\">\n          <div class=\"Meta__date  d-flex align-items-center\">\n        <svg class='icon icon--timestamp'  width=\"16\" height=\"16\" viewBox=\"0 0 16 16\" fill=\"none\" xmlns=\"http:\/\/www.w3.org\/2000\/svg\">\n<path fill-rule=\"evenodd\" clip-rule=\"evenodd\" d=\"M10.4833 10.5818C10.7278 10.8452 10.7278 11.2723 10.4833 11.5357C10.361 11.6674 10.2008 11.7333 10.0405 11.7333C9.88023 11.7333 9.72008 11.6674 9.59781 11.5357L7.65015 9.43814C7.53273 9.31167 7.46667 9.14001 7.46667 8.96109V4.94118C7.46667 4.56868 7.74705 4.26667 8.09288 4.26667C8.4387 4.26667 8.71908 4.56868 8.71908 4.94118V8.68168L10.4833 10.5818ZM8 14.9333C4.177 14.9333 1.06667 11.823 1.06667 8C1.06667 4.177 4.177 1.06667 8 1.06667C11.8232 1.06667 14.9333 4.177 14.9333 8C14.9333 11.823 11.8232 14.9333 8 14.9333ZM8 0C3.58887 0 0 3.58887 0 8C0 12.4111 3.58887 16 8 16C12.4113 16 16 12.4111 16 8C16 3.58887 12.4113 0 8 0Z\" fill=\"black\"\/>\n<\/svg>\n\n          <time datetime=\"2023-12-13T12:47:30+00:00\">13 december 2023<\/time>\n      <\/div>\n              <div class=\"Meta__category\">\n        Nyhet\n      <\/div>\n      <\/div>\n<\/div>\n                  <\/div>\n        <h3 class=\"Blurb__title\">\n          Behovet av omst\u00e4llning \u00e4r konjunkturberoende\n        <\/h3>\n                  <div class=\"Blurb__text\">\n            Behovet av omst\u00e4llning \u00f6kar oftast i l\u00e5gkonjunktur och minskar i h\u00f6gkonjunktur. Men omst\u00e4llningsbranschen v\u00e4xer \u00e4ven i relation till att f\u00f6retag beh\u00f6ver kompetensutveckla sina medarbetare. Och det kommer vi att se mer av i framtiden. N\u00e4r &hellip;\n          <\/div>\n                <div class=\"Blurb__arrow\">\n                                <div class=\"Blurb__arrow__line\">\n              <svg class='icon icon--arrow-tip'  width=\"11\" height=\"16\" viewBox=\"0 0 11 16\" fill=\"none\" xmlns=\"http:\/\/www.w3.org\/2000\/svg\">\n<path d=\"M0.858398 15L9.2304 7.99664L0.967732 1.00001\" stroke=\"black\" stroke-width=\"2\" stroke-miterlimit=\"10\"\/>\n<\/svg>\n\n              <\/div>\n                  <\/div>\n      <\/div>\n    <\/div>\n  <\/a>\n<\/article>\n                  <\/div>\n                              <div class=\"col-md-4\">\n                      <article class=\"Blurb Blurb--md Blurb--post Blurb--vertical has-thumbnail\">\n  <a href=\"https:\/\/www.kompetensforetagen.se\/2023\/11\/rapport-ett-trygghetsrad-i-takt-med-tiden\/\">\n          <div class=\"Blurb__thumbnail__wrap\">\n        <figure class=\"Blurb__thumbnail\">\n          <img loading=\"lazy\" decoding=\"async\" width=\"2250\" height=\"1500\" src=\"https:\/\/www.kompetensforetagen.se\/app\/uploads\/sites\/5\/2023\/11\/pexels-photo-7176319.jpeg\" class=\"attachment-small size-small wp-post-image\" alt=\"Ett trygghetsr\u00e5d i takt med tiden\" srcset=\"https:\/\/www.kompetensforetagen.se\/app\/uploads\/sites\/5\/2023\/11\/pexels-photo-7176319.jpeg 2250w, https:\/\/www.kompetensforetagen.se\/app\/uploads\/sites\/5\/2023\/11\/pexels-photo-7176319-580x387.jpeg 580w, https:\/\/www.kompetensforetagen.se\/app\/uploads\/sites\/5\/2023\/11\/pexels-photo-7176319-1180x787.jpeg 1180w, https:\/\/www.kompetensforetagen.se\/app\/uploads\/sites\/5\/2023\/11\/pexels-photo-7176319-380x253.jpeg 380w, https:\/\/www.kompetensforetagen.se\/app\/uploads\/sites\/5\/2023\/11\/pexels-photo-7176319-768x512.jpeg 768w, https:\/\/www.kompetensforetagen.se\/app\/uploads\/sites\/5\/2023\/11\/pexels-photo-7176319-1536x1024.jpeg 1536w, https:\/\/www.kompetensforetagen.se\/app\/uploads\/sites\/5\/2023\/11\/pexels-photo-7176319-2048x1365.jpeg 2048w, https:\/\/www.kompetensforetagen.se\/app\/uploads\/sites\/5\/2023\/11\/pexels-photo-7176319-600x400.jpeg 600w\" sizes=\"auto, (max-width: 2250px) 100vw, 2250px\" \/>\n        <\/figure>\n      <\/div>\n        <div class=\"Blurb__content\">\n      <div class=\"Blurb__body\">\n        <div>\n                                <div class=\"Meta d-flex align-items-center Blurb__meta\">\n      <div class=\"Meta__tag item\">\n      Omst\u00e4llning\n      <svg class='icon icon--triangle'  width=\"26\" height=\"32\" viewBox=\"0 0 26 32\" fill=\"none\" xmlns=\"http:\/\/www.w3.org\/2000\/svg\">\n<path fill-rule=\"evenodd\" clip-rule=\"evenodd\" d=\"M13.1315 0H0V32H13.1315L26 16L13.1315 0ZM9 18.581C10.6569 18.581 12 17.1946 12 15.4843C12 13.774 10.6569 12.3875 9 12.3875C7.34315 12.3875 6 13.774 6 15.4843C6 17.1946 7.34315 18.581 9 18.581Z\" fill=\"#FDDCC0\"\/>\n<\/svg>\n\n      <\/div>\n    <div class=\"Meta__group\">\n          <div class=\"Meta__date  d-flex align-items-center\">\n        <svg class='icon icon--timestamp'  width=\"16\" height=\"16\" viewBox=\"0 0 16 16\" fill=\"none\" xmlns=\"http:\/\/www.w3.org\/2000\/svg\">\n<path fill-rule=\"evenodd\" clip-rule=\"evenodd\" d=\"M10.4833 10.5818C10.7278 10.8452 10.7278 11.2723 10.4833 11.5357C10.361 11.6674 10.2008 11.7333 10.0405 11.7333C9.88023 11.7333 9.72008 11.6674 9.59781 11.5357L7.65015 9.43814C7.53273 9.31167 7.46667 9.14001 7.46667 8.96109V4.94118C7.46667 4.56868 7.74705 4.26667 8.09288 4.26667C8.4387 4.26667 8.71908 4.56868 8.71908 4.94118V8.68168L10.4833 10.5818ZM8 14.9333C4.177 14.9333 1.06667 11.823 1.06667 8C1.06667 4.177 4.177 1.06667 8 1.06667C11.8232 1.06667 14.9333 4.177 14.9333 8C14.9333 11.823 11.8232 14.9333 8 14.9333ZM8 0C3.58887 0 0 3.58887 0 8C0 12.4111 3.58887 16 8 16C12.4113 16 16 12.4111 16 8C16 3.58887 12.4113 0 8 0Z\" fill=\"black\"\/>\n<\/svg>\n\n          <time datetime=\"2023-11-29T08:26:11+00:00\">29 november 2023<\/time>\n      <\/div>\n              <div class=\"Meta__category\">\n        Rapporter\n      <\/div>\n      <\/div>\n<\/div>\n                  <\/div>\n        <h3 class=\"Blurb__title\">\n          Ett trygghetsr\u00e5d i takt med tiden\n        <\/h3>\n                  <div class=\"Blurb__text\">\n            \u00c4r TRR i takt med tiden? Denna kunskapsrapport, f\u00f6rfattad av Edward Hamilton, syftar till att initiera en diskussion p\u00e5 arbetsgivarsidan. Hur kan omst\u00e4llningsinsatserna bli \u00e4n mer verkningsfulla, samtidigt som kostnadseffektivitet i systemet f\u00f6r TRR Trygghetsr\u00e5det &hellip;\n          <\/div>\n                <div class=\"Blurb__arrow\">\n                                <div class=\"Blurb__arrow__line\">\n              <svg class='icon icon--arrow-tip'  width=\"11\" height=\"16\" viewBox=\"0 0 11 16\" fill=\"none\" xmlns=\"http:\/\/www.w3.org\/2000\/svg\">\n<path d=\"M0.858398 15L9.2304 7.99664L0.967732 1.00001\" stroke=\"black\" stroke-width=\"2\" stroke-miterlimit=\"10\"\/>\n<\/svg>\n\n              <\/div>\n                  <\/div>\n      <\/div>\n    <\/div>\n  <\/a>\n<\/article>\n                  <\/div>\n                  <\/div>\n    \n      <\/div>\n<\/div><\/div>\n\n\n\n<div class=\"wp-block-group has-green-background-color has-background is-layout-constrained wp-block-group-is-layout-constrained\"><div class=\"Listing no-bg\">\n  <div class=\"container\">\n    <div class=\"Listing__heading\">\n       <h2>L\u00c4S MER<\/h2>     <\/div>\n    <div class=\"row\">\n                            <div class=\"col-md-6 \">\n                      <article class=\"Blurb Blurb--vertical Blurb--page Blurb--vertical has-thumbnail\">\n  <a href=\"https:\/\/www.kompetensforetagen.se\/arbetsformedlingen\/krom-rusta-och-matcha\/\">\n          <div class=\"Blurb__thumbnail__wrap\">\n        <figure class=\"Blurb__thumbnail\">\n          <img loading=\"lazy\" decoding=\"async\" width=\"2560\" height=\"1710\" src=\"https:\/\/www.kompetensforetagen.se\/app\/uploads\/sites\/5\/2023\/04\/pexels-cottonbro-studio-3205570-scaled.jpg\" class=\"attachment-small size-small wp-post-image\" alt=\"Man och kvinna st\u00e5r b\u00f6jda \u00f6ver stort papper p\u00e5 bord\" srcset=\"https:\/\/www.kompetensforetagen.se\/app\/uploads\/sites\/5\/2023\/04\/pexels-cottonbro-studio-3205570-scaled.jpg 2560w, https:\/\/www.kompetensforetagen.se\/app\/uploads\/sites\/5\/2023\/04\/pexels-cottonbro-studio-3205570-580x387.jpg 580w, https:\/\/www.kompetensforetagen.se\/app\/uploads\/sites\/5\/2023\/04\/pexels-cottonbro-studio-3205570-1180x788.jpg 1180w, https:\/\/www.kompetensforetagen.se\/app\/uploads\/sites\/5\/2023\/04\/pexels-cottonbro-studio-3205570-380x254.jpg 380w, https:\/\/www.kompetensforetagen.se\/app\/uploads\/sites\/5\/2023\/04\/pexels-cottonbro-studio-3205570-768x513.jpg 768w, https:\/\/www.kompetensforetagen.se\/app\/uploads\/sites\/5\/2023\/04\/pexels-cottonbro-studio-3205570-1536x1026.jpg 1536w, https:\/\/www.kompetensforetagen.se\/app\/uploads\/sites\/5\/2023\/04\/pexels-cottonbro-studio-3205570-2048x1368.jpg 2048w\" sizes=\"auto, (max-width: 2560px) 100vw, 2560px\" \/>\n        <\/figure>\n      <\/div>\n        <div class=\"Blurb__content\">\n      <div class=\"Blurb__body\">\n        <div>\n                            <\/div>\n        <h3 class=\"Blurb__title\">\n          Rusta och matcha 2\n        <\/h3>\n                  <div class=\"Blurb__text\">\n            Vad \u00e4r Rusta och matcha 2? Det \u00e4r ett valfrihetssystem som Arbetsf\u00f6rmedlingen (AF) har utvecklat, d\u00e4r de frist\u00e5ende leverant\u00f6rer som har blivit godk\u00e4nda i systemet ska hj\u00e4lpa arbetss\u00f6kande till jobb eller studier. Rusta och matcha &hellip;\n          <\/div>\n                <div class=\"Blurb__arrow\">\n                                <div class=\"Blurb__arrow__line\">\n              <svg class='icon icon--arrow-tip'  width=\"11\" height=\"16\" viewBox=\"0 0 11 16\" fill=\"none\" xmlns=\"http:\/\/www.w3.org\/2000\/svg\">\n<path d=\"M0.858398 15L9.2304 7.99664L0.967732 1.00001\" stroke=\"black\" stroke-width=\"2\" stroke-miterlimit=\"10\"\/>\n<\/svg>\n\n              <\/div>\n                  <\/div>\n      <\/div>\n    <\/div>\n  <\/a>\n<\/article>\n                  <\/div>\n                              <div class=\"col-md-6 \">\n                      <article class=\"Blurb Blurb--vertical Blurb--page Blurb--vertical has-thumbnail\">\n  <a href=\"https:\/\/www.kompetensforetagen.se\/arbetsformedlingen\/om-arbetsformedlingens-reform\/\">\n          <div class=\"Blurb__thumbnail__wrap\">\n        <figure class=\"Blurb__thumbnail\">\n          <img loading=\"lazy\" decoding=\"async\" width=\"2560\" height=\"1707\" src=\"https:\/\/www.kompetensforetagen.se\/app\/uploads\/sites\/5\/2023\/02\/pexels-akil-mazumder-1072824-scaled.jpg\" class=\"attachment-small size-small wp-post-image\" alt=\"Gr\u00f6n v\u00e4xt spirar i utstr\u00e4ckt hand, Natur och h\u00e5llbarhet \u2013 en viktig aspekt f\u00f6r framtidens f\u00f6retagande.\" srcset=\"https:\/\/www.kompetensforetagen.se\/app\/uploads\/sites\/5\/2023\/02\/pexels-akil-mazumder-1072824-scaled.jpg 2560w, https:\/\/www.kompetensforetagen.se\/app\/uploads\/sites\/5\/2023\/02\/pexels-akil-mazumder-1072824-580x387.jpg 580w, https:\/\/www.kompetensforetagen.se\/app\/uploads\/sites\/5\/2023\/02\/pexels-akil-mazumder-1072824-1180x787.jpg 1180w, https:\/\/www.kompetensforetagen.se\/app\/uploads\/sites\/5\/2023\/02\/pexels-akil-mazumder-1072824-380x253.jpg 380w, https:\/\/www.kompetensforetagen.se\/app\/uploads\/sites\/5\/2023\/02\/pexels-akil-mazumder-1072824-768x512.jpg 768w, https:\/\/www.kompetensforetagen.se\/app\/uploads\/sites\/5\/2023\/02\/pexels-akil-mazumder-1072824-1536x1024.jpg 1536w, https:\/\/www.kompetensforetagen.se\/app\/uploads\/sites\/5\/2023\/02\/pexels-akil-mazumder-1072824-2048x1365.jpg 2048w\" sizes=\"auto, (max-width: 2560px) 100vw, 2560px\" \/>\n        <\/figure>\n      <\/div>\n        <div class=\"Blurb__content\">\n      <div class=\"Blurb__body\">\n        <div>\n                            <\/div>\n        <h3 class=\"Blurb__title\">\n          Arbetsf\u00f6rmedlingens reform\n        <\/h3>\n                  <div class=\"Blurb__text\">\n            \u00c5r 2019 inleddes en reform av Arbetsf\u00f6rmedlingen. Syftet var att hj\u00e4lpa fler m\u00e4nniskor i arbete genom f\u00f6rb\u00e4ttrad matchning p\u00e5 arbetsmarknaden. Frist\u00e5ende leverant\u00f6rer, m\u00e5nga av dem\u00a0auktoriserade kompetens\u00adf\u00f6retag, st\u00f6ttar arbetss\u00f6kande genom rustande och matchande \u00e5tg\u00e4rder. Detta sker &hellip;\n          <\/div>\n                <div class=\"Blurb__arrow\">\n                                <div class=\"Blurb__arrow__line\">\n              <svg class='icon icon--arrow-tip'  width=\"11\" height=\"16\" viewBox=\"0 0 11 16\" fill=\"none\" xmlns=\"http:\/\/www.w3.org\/2000\/svg\">\n<path d=\"M0.858398 15L9.2304 7.99664L0.967732 1.00001\" stroke=\"black\" stroke-width=\"2\" stroke-miterlimit=\"10\"\/>\n<\/svg>\n\n              <\/div>\n                  <\/div>\n      <\/div>\n    <\/div>\n  <\/a>\n<\/article>\n                  <\/div>\n                  <\/div>\n  <\/div>\n<\/div><\/div>\n","protected":false},"excerpt":{"rendered":"<p>Vad inneb\u00e4r omst\u00e4llning? N\u00e4r&nbsp;Kompetens\u00adf\u00f6retagen&nbsp;pratar omst\u00e4llning menar vi&nbsp;p\u00e5 arbetsmarknaden.&nbsp;God omst\u00e4llning \u00e4r&nbsp;avg\u00f6rande f\u00f6r&nbsp;svensk arbetsmarknad&nbsp;och&nbsp;dem som&nbsp;beh\u00f6ver hj\u00e4lp till nytt jobb eller studier. Det kan vara oavsett om det \u00e4r p\u00e5 grund av arbetsbrist,&nbsp;arbetsskada eller sjukdom.&nbsp;F\u00f6retag som arbetar med &hellip;<\/p>\n","protected":false},"author":6058,"featured_media":0,"parent":0,"menu_order":47,"comment_status":"closed","ping_status":"closed","template":"","meta":{"_acf_changed":false,"footnotes":""},"article_type":[],"agreement":[],"for-members":[],"class_list":["post-7044","page","type-page","status-publish","hentry"],"acf":[],"yoast_head":"<!-- This site is optimized with the Yoast SEO Premium plugin v26.8 (Yoast SEO v26.8) - https:\/\/yoast.com\/product\/yoast-seo-premium-wordpress\/ -->\n<title>God omst\u00e4llning \u00e4r\u00a0avg\u00f6rande f\u00f6r\u00a0svensk arbetsmarknad\u00a0<\/title>\n<meta name=\"description\" content=\"Omst\u00e4llning \u00e4r\u00a0avg\u00f6rande f\u00f6r\u00a0svensk arbetsmarknad. P\u00e5 v\u00e4gen till nytt jobb eller studier spelar v\u00e5ra medlemsf\u00f6retag en viktig roll.\" \/>\n<meta name=\"robots\" content=\"index, follow, max-snippet:-1, max-image-preview:large, max-video-preview:-1\" \/>\n<link rel=\"canonical\" href=\"https:\/\/www.kompetensforetagen.se\/omstallning\/\" \/>\n<meta property=\"og:locale\" content=\"sv_SE\" \/>\n<meta property=\"og:type\" content=\"article\" \/>\n<meta property=\"og:title\" content=\"Omst\u00e4llning\" \/>\n<meta property=\"og:description\" content=\"Omst\u00e4llning \u00e4r\u00a0avg\u00f6rande f\u00f6r\u00a0svensk arbetsmarknad. P\u00e5 v\u00e4gen till nytt jobb eller studier spelar v\u00e5ra medlemsf\u00f6retag en viktig roll.\" \/>\n<meta property=\"og:url\" content=\"https:\/\/www.kompetensforetagen.se\/omstallning\/\" \/>\n<meta property=\"og:site_name\" content=\"Kompetensf\u00f6retagen\" \/>\n<meta property=\"article:modified_time\" content=\"2024-01-25T13:39:58+00:00\" \/>\n<meta property=\"og:image\" content=\"https:\/\/www.kompetensforetagen.se\/app\/uploads\/sites\/5\/2023\/12\/Rubrik-1-1180x834.png\" \/>\n<meta name=\"twitter:card\" content=\"summary_large_image\" \/>\n<meta name=\"twitter:label1\" content=\"Ber\u00e4knad l\u00e4stid\" \/>\n\t<meta name=\"twitter:data1\" content=\"3 minuter\" \/>\n<script type=\"application\/ld+json\" class=\"yoast-schema-graph\">{\"@context\":\"https:\/\/schema.org\",\"@graph\":[{\"@type\":\"WebPage\",\"@id\":\"https:\/\/www.kompetensforetagen.se\/omstallning\/\",\"url\":\"https:\/\/www.kompetensforetagen.se\/omstallning\/\",\"name\":\"God omst\u00e4llning \u00e4r\u00a0avg\u00f6rande f\u00f6r\u00a0svensk arbetsmarknad\u00a0\",\"isPartOf\":{\"@id\":\"https:\/\/www.kompetensforetagen.se\/#website\"},\"primaryImageOfPage\":{\"@id\":\"https:\/\/www.kompetensforetagen.se\/omstallning\/#primaryimage\"},\"image\":{\"@id\":\"https:\/\/www.kompetensforetagen.se\/omstallning\/#primaryimage\"},\"thumbnailUrl\":\"https:\/\/www.kompetensforetagen.se\/app\/uploads\/sites\/5\/2023\/12\/Rubrik-1-1180x834.png\",\"datePublished\":\"2021-05-04T14:59:38+00:00\",\"dateModified\":\"2024-01-25T13:39:58+00:00\",\"description\":\"Omst\u00e4llning \u00e4r\u00a0avg\u00f6rande f\u00f6r\u00a0svensk arbetsmarknad. P\u00e5 v\u00e4gen till nytt jobb eller studier spelar v\u00e5ra medlemsf\u00f6retag en viktig roll.\",\"breadcrumb\":{\"@id\":\"https:\/\/www.kompetensforetagen.se\/omstallning\/#breadcrumb\"},\"inLanguage\":\"sv-SE\",\"potentialAction\":[{\"@type\":\"ReadAction\",\"target\":[\"https:\/\/www.kompetensforetagen.se\/omstallning\/\"]}]},{\"@type\":\"ImageObject\",\"inLanguage\":\"sv-SE\",\"@id\":\"https:\/\/www.kompetensforetagen.se\/omstallning\/#primaryimage\",\"url\":\"https:\/\/www.kompetensforetagen.se\/app\/uploads\/sites\/5\/2023\/12\/Rubrik-1.png\",\"contentUrl\":\"https:\/\/www.kompetensforetagen.se\/app\/uploads\/sites\/5\/2023\/12\/Rubrik-1.png\",\"width\":2000,\"height\":1414,\"caption\":\"Nyheter om arbetsmarknad och kompetens: omst\u00e4llningsprocess f\u00f6r individer\"},{\"@type\":\"BreadcrumbList\",\"@id\":\"https:\/\/www.kompetensforetagen.se\/omstallning\/#breadcrumb\",\"itemListElement\":[{\"@type\":\"ListItem\",\"position\":1,\"name\":\"Home\",\"item\":\"https:\/\/www.kompetensforetagen.se\/\"},{\"@type\":\"ListItem\",\"position\":2,\"name\":\"Omst\u00e4llning\"}]},{\"@type\":\"WebSite\",\"@id\":\"https:\/\/www.kompetensforetagen.se\/#website\",\"url\":\"https:\/\/www.kompetensforetagen.se\/\",\"name\":\"Kompetensf\u00f6retagen\",\"description\":\"R\u00e4tt person p\u00e5 r\u00e4tt plats kan f\u00f6r\u00e4ndra v\u00e4rlden\",\"publisher\":{\"@id\":\"https:\/\/www.kompetensforetagen.se\/#organization\"},\"potentialAction\":[{\"@type\":\"SearchAction\",\"target\":{\"@type\":\"EntryPoint\",\"urlTemplate\":\"https:\/\/www.kompetensforetagen.se\/?s={search_term_string}\"},\"query-input\":{\"@type\":\"PropertyValueSpecification\",\"valueRequired\":true,\"valueName\":\"search_term_string\"}}],\"inLanguage\":\"sv-SE\"},{\"@type\":\"Organization\",\"@id\":\"https:\/\/www.kompetensforetagen.se\/#organization\",\"name\":\"Kompetensf\u00f6retagen\",\"url\":\"https:\/\/www.kompetensforetagen.se\/\",\"logo\":{\"@type\":\"ImageObject\",\"inLanguage\":\"sv-SE\",\"@id\":\"https:\/\/www.kompetensforetagen.se\/#\/schema\/logo\/image\/\",\"url\":\"https:\/\/www.kompetensforetagen.se\/app\/uploads\/sites\/5\/2022\/10\/logga_svart.png\",\"contentUrl\":\"https:\/\/www.kompetensforetagen.se\/app\/uploads\/sites\/5\/2022\/10\/logga_svart.png\",\"width\":752,\"height\":64,\"caption\":\"Kompetensf\u00f6retagen\"},\"image\":{\"@id\":\"https:\/\/www.kompetensforetagen.se\/#\/schema\/logo\/image\/\"},\"sameAs\":[\"https:\/\/www.linkedin.com\/company\/10540032\/\"]}]}<\/script>\n<!-- \/ Yoast SEO Premium plugin. -->","yoast_head_json":{"title":"God omst\u00e4llning \u00e4r\u00a0avg\u00f6rande f\u00f6r\u00a0svensk arbetsmarknad\u00a0","description":"Omst\u00e4llning \u00e4r\u00a0avg\u00f6rande f\u00f6r\u00a0svensk arbetsmarknad. P\u00e5 v\u00e4gen till nytt jobb eller studier spelar v\u00e5ra medlemsf\u00f6retag en viktig roll.","robots":{"index":"index","follow":"follow","max-snippet":"max-snippet:-1","max-image-preview":"max-image-preview:large","max-video-preview":"max-video-preview:-1"},"canonical":"https:\/\/www.kompetensforetagen.se\/omstallning\/","og_locale":"sv_SE","og_type":"article","og_title":"Omst\u00e4llning","og_description":"Omst\u00e4llning \u00e4r\u00a0avg\u00f6rande f\u00f6r\u00a0svensk arbetsmarknad. P\u00e5 v\u00e4gen till nytt jobb eller studier spelar v\u00e5ra medlemsf\u00f6retag en viktig roll.","og_url":"https:\/\/www.kompetensforetagen.se\/omstallning\/","og_site_name":"Kompetensf\u00f6retagen","article_modified_time":"2024-01-25T13:39:58+00:00","og_image":[{"url":"https:\/\/www.kompetensforetagen.se\/app\/uploads\/sites\/5\/2023\/12\/Rubrik-1-1180x834.png","type":"","width":"","height":""}],"twitter_card":"summary_large_image","twitter_misc":{"Ber\u00e4knad l\u00e4stid":"3 minuter"},"schema":{"@context":"https:\/\/schema.org","@graph":[{"@type":"WebPage","@id":"https:\/\/www.kompetensforetagen.se\/omstallning\/","url":"https:\/\/www.kompetensforetagen.se\/omstallning\/","name":"God omst\u00e4llning \u00e4r\u00a0avg\u00f6rande f\u00f6r\u00a0svensk arbetsmarknad\u00a0","isPartOf":{"@id":"https:\/\/www.kompetensforetagen.se\/#website"},"primaryImageOfPage":{"@id":"https:\/\/www.kompetensforetagen.se\/omstallning\/#primaryimage"},"image":{"@id":"https:\/\/www.kompetensforetagen.se\/omstallning\/#primaryimage"},"thumbnailUrl":"https:\/\/www.kompetensforetagen.se\/app\/uploads\/sites\/5\/2023\/12\/Rubrik-1-1180x834.png","datePublished":"2021-05-04T14:59:38+00:00","dateModified":"2024-01-25T13:39:58+00:00","description":"Omst\u00e4llning \u00e4r\u00a0avg\u00f6rande f\u00f6r\u00a0svensk arbetsmarknad. P\u00e5 v\u00e4gen till nytt jobb eller studier spelar v\u00e5ra medlemsf\u00f6retag en viktig roll.","breadcrumb":{"@id":"https:\/\/www.kompetensforetagen.se\/omstallning\/#breadcrumb"},"inLanguage":"sv-SE","potentialAction":[{"@type":"ReadAction","target":["https:\/\/www.kompetensforetagen.se\/omstallning\/"]}]},{"@type":"ImageObject","inLanguage":"sv-SE","@id":"https:\/\/www.kompetensforetagen.se\/omstallning\/#primaryimage","url":"https:\/\/www.kompetensforetagen.se\/app\/uploads\/sites\/5\/2023\/12\/Rubrik-1.png","contentUrl":"https:\/\/www.kompetensforetagen.se\/app\/uploads\/sites\/5\/2023\/12\/Rubrik-1.png","width":2000,"height":1414,"caption":"Nyheter om arbetsmarknad och kompetens: omst\u00e4llningsprocess f\u00f6r individer"},{"@type":"BreadcrumbList","@id":"https:\/\/www.kompetensforetagen.se\/omstallning\/#breadcrumb","itemListElement":[{"@type":"ListItem","position":1,"name":"Home","item":"https:\/\/www.kompetensforetagen.se\/"},{"@type":"ListItem","position":2,"name":"Omst\u00e4llning"}]},{"@type":"WebSite","@id":"https:\/\/www.kompetensforetagen.se\/#website","url":"https:\/\/www.kompetensforetagen.se\/","name":"Kompetensf\u00f6retagen","description":"R\u00e4tt person p\u00e5 r\u00e4tt plats kan f\u00f6r\u00e4ndra v\u00e4rlden","publisher":{"@id":"https:\/\/www.kompetensforetagen.se\/#organization"},"potentialAction":[{"@type":"SearchAction","target":{"@type":"EntryPoint","urlTemplate":"https:\/\/www.kompetensforetagen.se\/?s={search_term_string}"},"query-input":{"@type":"PropertyValueSpecification","valueRequired":true,"valueName":"search_term_string"}}],"inLanguage":"sv-SE"},{"@type":"Organization","@id":"https:\/\/www.kompetensforetagen.se\/#organization","name":"Kompetensf\u00f6retagen","url":"https:\/\/www.kompetensforetagen.se\/","logo":{"@type":"ImageObject","inLanguage":"sv-SE","@id":"https:\/\/www.kompetensforetagen.se\/#\/schema\/logo\/image\/","url":"https:\/\/www.kompetensforetagen.se\/app\/uploads\/sites\/5\/2022\/10\/logga_svart.png","contentUrl":"https:\/\/www.kompetensforetagen.se\/app\/uploads\/sites\/5\/2022\/10\/logga_svart.png","width":752,"height":64,"caption":"Kompetensf\u00f6retagen"},"image":{"@id":"https:\/\/www.kompetensforetagen.se\/#\/schema\/logo\/image\/"},"sameAs":["https:\/\/www.linkedin.com\/company\/10540032\/"]}]}},"_links":{"self":[{"href":"https:\/\/www.kompetensforetagen.se\/api\/wp\/v2\/pages\/7044","targetHints":{"allow":["GET"]}}],"collection":[{"href":"https:\/\/www.kompetensforetagen.se\/api\/wp\/v2\/pages"}],"about":[{"href":"https:\/\/www.kompetensforetagen.se\/api\/wp\/v2\/types\/page"}],"author":[{"embeddable":true,"href":"https:\/\/www.kompetensforetagen.se\/api\/wp\/v2\/users\/6058"}],"replies":[{"embeddable":true,"href":"https:\/\/www.kompetensforetagen.se\/api\/wp\/v2\/comments?post=7044"}],"version-history":[{"count":13,"href":"https:\/\/www.kompetensforetagen.se\/api\/wp\/v2\/pages\/7044\/revisions"}],"predecessor-version":[{"id":16611,"href":"https:\/\/www.kompetensforetagen.se\/api\/wp\/v2\/pages\/7044\/revisions\/16611"}],"wp:attachment":[{"href":"https:\/\/www.kompetensforetagen.se\/api\/wp\/v2\/media?parent=7044"}],"wp:term":[{"taxonomy":"type","embeddable":true,"href":"https:\/\/www.kompetensforetagen.se\/api\/wp\/v2\/article_type?post=7044"},{"taxonomy":"agreement","embeddable":true,"href":"https:\/\/www.kompetensforetagen.se\/api\/wp\/v2\/agreement?post=7044"},{"taxonomy":"for-members","embeddable":true,"href":"https:\/\/www.kompetensforetagen.se\/api\/wp\/v2\/for-members?post=7044"}],"curies":[{"name":"wp","href":"https:\/\/api.w.org\/{rel}","templated":true}]}}