{"id":6825,"date":"2021-03-25T11:21:58","date_gmt":"2021-03-25T10:21:58","guid":{"rendered":"https:\/\/www.kompetensforetagen.se\/?page_id=6825"},"modified":"2023-11-23T15:07:40","modified_gmt":"2023-11-23T14:07:40","slug":"om-arbetsformedlingens-reform","status":"publish","type":"page","link":"https:\/\/www.kompetensforetagen.se\/arbetsformedlingen\/om-arbetsformedlingens-reform\/","title":{"rendered":"Arbetsf\u00f6rmedlingens reform"},"content":{"rendered":"<div id=\"block-hero-block_2983fc3b7c3fd94cff83504e30959c81\" class=\"Hero has-lightgray-background-color\">\n\n    \n  <div class=\"Hero__inner container has-lightgray-background-color has-arrow\">\n              <div class=\"Hero__title\">\n          <h1><i> Arbetsf\u00f6rmedlingens reform<\/i><\/h1>\n        <\/div>\n                                <div class=\"Hero__arrow\">\n          <svg class='icon icon--squiggly-arrow'  width=\"282\" height=\"302\" viewBox=\"0 0 282 302\" fill=\"none\" xmlns=\"http:\/\/www.w3.org\/2000\/svg\">\n<path d=\"M108.429 281.19L129.837 295.44L143.97 274.186\" stroke=\"black\" stroke-width=\"4\" stroke-miterlimit=\"10\"\/>\n<path d=\"M43.8871 68.0497C53.3269 84.3998 70.0075 95.6755 88.6244 97.6784C107.24 99.6801 125.826 95.0068 144.209 91.4645C162.592 87.9216 182.067 85.5682 199.674 91.9481C220.515 99.5002 236.316 120.278 236.492 142.446C236.669 164.616 220.178 186.234 198.428 190.49C188.558 192.423 177.815 190.842 169.542 185.112C161.271 179.382 155.88 169.284 156.859 159.269C158.292 144.577 173.761 133.512 188.444 135C203.126 136.491 215.468 148.757 219.176 163.047C222.881 177.337 218.804 192.932 210.416 205.072C202.027 217.212 189.703 226.187 176.514 232.804C167.472 237.341 157.931 240.877 149.144 245.889C140.356 250.899 132.161 257.651 127.746 266.755C123.333 275.858 126.637 283.983 129.929 295.386\" stroke=\"black\" stroke-width=\"4\" stroke-miterlimit=\"10\"\/>\n<\/svg>\n\n          <\/div>\n        <\/div>\n<\/div>\n\n\n\n<div class=\"wp-block-group is-layout-constrained wp-block-group-is-layout-constrained\"><div class=\"wp-block wp-block-core-paragraph\">\n<p><strong>\u00c5r 2019 inleddes en reform av Arbetsf\u00f6rmedlingen. Syftet var att hj\u00e4lpa fler m\u00e4nniskor i arbete genom f\u00f6rb\u00e4ttrad matchning p\u00e5 arbetsmarknaden. <\/strong><\/p>\n<\/div>\n\n<div class=\"wp-block wp-block-core-paragraph\">\n<p>Frist\u00e5ende leverant\u00f6rer, m\u00e5nga av dem\u00a0<a href=\"https:\/\/www.kompetensforetagen.se\/auktorisation-2\/ansok-om-auktorisation\/steg-1-villkor-for-auktorisation-kan-foretaget-bli-auktoriserat\/\" target=\"_blank\" rel=\"noreferrer noopener\">auktoriserade kompetens\u00adf\u00f6retag<\/a>, st\u00f6ttar arbetss\u00f6kande genom rustande och matchande \u00e5tg\u00e4rder. Detta sker i ett\u00a0<a href=\"https:\/\/www.riksdagen.se\/sv\/dokument-lagar\/dokument\/svensk-forfattningssamling\/lag-2008962-om-valfrihetssystem_sfs-2008-962\" target=\"_blank\" rel=\"noreferrer noopener\">valfrihetssystem<\/a>\u00a0d\u00e4r\u00a0 de arbetss\u00f6kande sj\u00e4lva v\u00e4lja leverant\u00f6r. F\u00f6r att underl\u00e4tta i valet av leverant\u00f6r finns ett\u00a0ratingsystem.<\/p>\n<\/div>\n\n<div class=\"wp-block wp-block-core-paragraph\">\n<p>Ut\u00f6ver valfrihetssystemet finns ett flertal kontrakt inom arbetsmarknads\u00adutbildning och andra st\u00f6dinsatser. Dessa tj\u00e4nster \u00e4r upphandlade enligt<a href=\"https:\/\/www.riksdagen.se\/sv\/dokument-lagar\/dokument\/svensk-forfattningssamling\/lag-20161145-om-offentlig-upphandling_sfs-2016-1145\" target=\"_blank\" rel=\"noreferrer noopener\">&nbsp;LOU, Lagen om offentlig upphandling<\/a>.<\/p>\n<\/div>\n\n<div class=\"wp-block wp-block-core-paragraph\">\n<p>Sedan 1990-talets b\u00f6rjan har arbetsmarknaden och&nbsp;<a href=\"https:\/\/www.kompetensforetagen.se\/2018\/05\/kompetensrebellerna-boken-om-var-historia\/\" target=\"_blank\" rel=\"noreferrer noopener\">arbetsmarknadspolitiken \u00f6ppnats upp f\u00f6r etablering av frist\u00e5ende leverant\u00f6rer<\/a>. Arbetsf\u00f6rmedlingen har blivit konkurrensutsatt och allt mer tj\u00e4nster k\u00f6ps in av frist\u00e5ende leverant\u00f6rer som upphandlas eller konkurrerar med varandra i valfrihetssystem. Avregleringarna p\u00e5 arbetsmarknaden har medf\u00f6rt att matchnings- och utbildningsbranscherna blivit en naturlig och betydande del av den privata tj\u00e4nstesektorn.<\/p>\n<\/div>\n\n<div class=\"wp-block wp-block-core-paragraph\">\n<p>Reformen av Arbetsf\u00f6rmedlingen har alla m\u00f6jligheter att lyckas tack vare den erfarenhet och kompetens som finns hos de m\u00e5nga matchnings- och utbildnings\u00adf\u00f6retagen.<\/p>\n<\/div><\/div>\n\n\n\n<div class=\"wp-block-group has-primary-background-color has-background is-layout-constrained wp-block-group-is-layout-constrained\"><div class=\"Listing no-bg\">\n  <div class=\"container\">\n    <div class=\"Listing__heading\">\n       <h2>Fakta och information<\/h2>     <\/div>\n    <div class=\"row\">\n                            <div class=\"col-md-3 col-12 col-sm-6 \">\n                      <article class=\"Blurb Blurb--sm Blurb--page Blurb--vertical has-thumbnail\">\n  <a href=\"https:\/\/www.kompetensforetagen.se\/arbetsformedlingen\/krom-rusta-och-matcha\/\">\n          <div class=\"Blurb__thumbnail__wrap\">\n        <figure class=\"Blurb__thumbnail\">\n          <img loading=\"lazy\" decoding=\"async\" width=\"2560\" height=\"1710\" src=\"https:\/\/www.kompetensforetagen.se\/app\/uploads\/sites\/5\/2023\/04\/pexels-cottonbro-studio-3205570-scaled.jpg\" class=\"attachment-small size-small wp-post-image\" alt=\"Man och kvinna st\u00e5r b\u00f6jda \u00f6ver stort papper p\u00e5 bord\" srcset=\"https:\/\/www.kompetensforetagen.se\/app\/uploads\/sites\/5\/2023\/04\/pexels-cottonbro-studio-3205570-scaled.jpg 2560w, https:\/\/www.kompetensforetagen.se\/app\/uploads\/sites\/5\/2023\/04\/pexels-cottonbro-studio-3205570-580x387.jpg 580w, https:\/\/www.kompetensforetagen.se\/app\/uploads\/sites\/5\/2023\/04\/pexels-cottonbro-studio-3205570-1180x788.jpg 1180w, https:\/\/www.kompetensforetagen.se\/app\/uploads\/sites\/5\/2023\/04\/pexels-cottonbro-studio-3205570-380x254.jpg 380w, https:\/\/www.kompetensforetagen.se\/app\/uploads\/sites\/5\/2023\/04\/pexels-cottonbro-studio-3205570-768x513.jpg 768w, https:\/\/www.kompetensforetagen.se\/app\/uploads\/sites\/5\/2023\/04\/pexels-cottonbro-studio-3205570-1536x1026.jpg 1536w, https:\/\/www.kompetensforetagen.se\/app\/uploads\/sites\/5\/2023\/04\/pexels-cottonbro-studio-3205570-2048x1368.jpg 2048w\" sizes=\"auto, (max-width: 2560px) 100vw, 2560px\" \/>\n        <\/figure>\n      <\/div>\n        <div class=\"Blurb__content\">\n      <div class=\"Blurb__body\">\n        <div>\n                            <\/div>\n        <h3 class=\"Blurb__title\">\n          Rusta och matcha 2\n        <\/h3>\n                  <div class=\"Blurb__text\">\n            Vad \u00e4r Rusta och matcha 2? Det \u00e4r ett valfrihetssystem som Arbetsf\u00f6rmedlingen (AF) har utvecklat, d\u00e4r de frist\u00e5ende leverant\u00f6rer som har blivit godk\u00e4nda i systemet ska hj\u00e4lpa arbetss\u00f6kande till jobb eller studier. Rusta och matcha &hellip;\n          <\/div>\n                <div class=\"Blurb__arrow\">\n                                <div class=\"Blurb__arrow__line\">\n              <svg class='icon icon--arrow-tip'  width=\"11\" height=\"16\" viewBox=\"0 0 11 16\" fill=\"none\" xmlns=\"http:\/\/www.w3.org\/2000\/svg\">\n<path d=\"M0.858398 15L9.2304 7.99664L0.967732 1.00001\" stroke=\"black\" stroke-width=\"2\" stroke-miterlimit=\"10\"\/>\n<\/svg>\n\n              <\/div>\n                  <\/div>\n      <\/div>\n    <\/div>\n  <\/a>\n<\/article>\n                  <\/div>\n                              <div class=\"col-md-3 col-12 col-sm-6 \">\n                      <article class=\"Blurb Blurb--sm Blurb--page Blurb--vertical has-thumbnail\">\n  <a href=\"https:\/\/www.kompetensforetagen.se\/arbetsformedlingen\/om-arbetsformedlingens-reform\/\">\n          <div class=\"Blurb__thumbnail__wrap\">\n        <figure class=\"Blurb__thumbnail\">\n          <img loading=\"lazy\" decoding=\"async\" width=\"2560\" height=\"1707\" src=\"https:\/\/www.kompetensforetagen.se\/app\/uploads\/sites\/5\/2023\/02\/pexels-akil-mazumder-1072824-scaled.jpg\" class=\"attachment-small size-small wp-post-image\" alt=\"Gr\u00f6n v\u00e4xt spirar i utstr\u00e4ckt hand, Natur och h\u00e5llbarhet \u2013 en viktig aspekt f\u00f6r framtidens f\u00f6retagande.\" srcset=\"https:\/\/www.kompetensforetagen.se\/app\/uploads\/sites\/5\/2023\/02\/pexels-akil-mazumder-1072824-scaled.jpg 2560w, https:\/\/www.kompetensforetagen.se\/app\/uploads\/sites\/5\/2023\/02\/pexels-akil-mazumder-1072824-580x387.jpg 580w, https:\/\/www.kompetensforetagen.se\/app\/uploads\/sites\/5\/2023\/02\/pexels-akil-mazumder-1072824-1180x787.jpg 1180w, https:\/\/www.kompetensforetagen.se\/app\/uploads\/sites\/5\/2023\/02\/pexels-akil-mazumder-1072824-380x253.jpg 380w, https:\/\/www.kompetensforetagen.se\/app\/uploads\/sites\/5\/2023\/02\/pexels-akil-mazumder-1072824-768x512.jpg 768w, https:\/\/www.kompetensforetagen.se\/app\/uploads\/sites\/5\/2023\/02\/pexels-akil-mazumder-1072824-1536x1024.jpg 1536w, https:\/\/www.kompetensforetagen.se\/app\/uploads\/sites\/5\/2023\/02\/pexels-akil-mazumder-1072824-2048x1365.jpg 2048w\" sizes=\"auto, (max-width: 2560px) 100vw, 2560px\" \/>\n        <\/figure>\n      <\/div>\n        <div class=\"Blurb__content\">\n      <div class=\"Blurb__body\">\n        <div>\n                            <\/div>\n        <h3 class=\"Blurb__title\">\n          Arbetsf\u00f6rmedlingens reform\n        <\/h3>\n                  <div class=\"Blurb__text\">\n            \u00c5r 2019 inleddes en reform av Arbetsf\u00f6rmedlingen. Syftet var att hj\u00e4lpa fler m\u00e4nniskor i arbete genom f\u00f6rb\u00e4ttrad matchning p\u00e5 arbetsmarknaden. Frist\u00e5ende leverant\u00f6rer, m\u00e5nga av dem\u00a0auktoriserade kompetens\u00adf\u00f6retag, st\u00f6ttar arbetss\u00f6kande genom rustande och matchande \u00e5tg\u00e4rder. Detta sker &hellip;\n          <\/div>\n                <div class=\"Blurb__arrow\">\n                                <div class=\"Blurb__arrow__line\">\n              <svg class='icon icon--arrow-tip'  width=\"11\" height=\"16\" viewBox=\"0 0 11 16\" fill=\"none\" xmlns=\"http:\/\/www.w3.org\/2000\/svg\">\n<path d=\"M0.858398 15L9.2304 7.99664L0.967732 1.00001\" stroke=\"black\" stroke-width=\"2\" stroke-miterlimit=\"10\"\/>\n<\/svg>\n\n              <\/div>\n                  <\/div>\n      <\/div>\n    <\/div>\n  <\/a>\n<\/article>\n                  <\/div>\n                              <div class=\"col-md-3 col-12 col-sm-6 \">\n                      <article class=\"Blurb Blurb--sm Blurb--post Blurb--vertical has-thumbnail\">\n  <a href=\"https:\/\/www.kompetensforetagen.se\/2021\/03\/darfor-ska-fristaende-leverantorer-rusta-och-matcha-arbetssokande\/\">\n          <div class=\"Blurb__thumbnail__wrap\">\n        <figure class=\"Blurb__thumbnail\">\n          <img loading=\"lazy\" decoding=\"async\" width=\"1920\" height=\"648\" src=\"https:\/\/www.kompetensforetagen.se\/app\/uploads\/sites\/5\/2021\/03\/namnlos-design-8-e1622463799569.png\" class=\"attachment-small size-small wp-post-image\" alt=\"Informationsgrafik med nyheter f\u00f6r medlemsf\u00f6retagen.\" srcset=\"https:\/\/www.kompetensforetagen.se\/app\/uploads\/sites\/5\/2021\/03\/namnlos-design-8-e1622463799569.png 1920w, https:\/\/www.kompetensforetagen.se\/app\/uploads\/sites\/5\/2021\/03\/namnlos-design-8-e1622463799569-580x196.png 580w, https:\/\/www.kompetensforetagen.se\/app\/uploads\/sites\/5\/2021\/03\/namnlos-design-8-e1622463799569-1180x398.png 1180w, https:\/\/www.kompetensforetagen.se\/app\/uploads\/sites\/5\/2021\/03\/namnlos-design-8-e1622463799569-380x128.png 380w, https:\/\/www.kompetensforetagen.se\/app\/uploads\/sites\/5\/2021\/03\/namnlos-design-8-e1622463799569-768x259.png 768w, https:\/\/www.kompetensforetagen.se\/app\/uploads\/sites\/5\/2021\/03\/namnlos-design-8-e1622463799569-1536x518.png 1536w\" sizes=\"auto, (max-width: 1920px) 100vw, 1920px\" \/>\n        <\/figure>\n      <\/div>\n        <div class=\"Blurb__content\">\n      <div class=\"Blurb__body\">\n        <div>\n                                <div class=\"Meta d-flex align-items-center Blurb__meta\">\n      <div class=\"Meta__tag item\">\n      Arbetsf\u00f6rmedlingen\n      <svg class='icon icon--triangle'  width=\"26\" height=\"32\" viewBox=\"0 0 26 32\" fill=\"none\" xmlns=\"http:\/\/www.w3.org\/2000\/svg\">\n<path fill-rule=\"evenodd\" clip-rule=\"evenodd\" d=\"M13.1315 0H0V32H13.1315L26 16L13.1315 0ZM9 18.581C10.6569 18.581 12 17.1946 12 15.4843C12 13.774 10.6569 12.3875 9 12.3875C7.34315 12.3875 6 13.774 6 15.4843C6 17.1946 7.34315 18.581 9 18.581Z\" fill=\"#FDDCC0\"\/>\n<\/svg>\n\n      <\/div>\n    <div class=\"Meta__group\">\n          <div class=\"Meta__date  d-flex align-items-center\">\n        <svg class='icon icon--timestamp'  width=\"16\" height=\"16\" viewBox=\"0 0 16 16\" fill=\"none\" xmlns=\"http:\/\/www.w3.org\/2000\/svg\">\n<path fill-rule=\"evenodd\" clip-rule=\"evenodd\" d=\"M10.4833 10.5818C10.7278 10.8452 10.7278 11.2723 10.4833 11.5357C10.361 11.6674 10.2008 11.7333 10.0405 11.7333C9.88023 11.7333 9.72008 11.6674 9.59781 11.5357L7.65015 9.43814C7.53273 9.31167 7.46667 9.14001 7.46667 8.96109V4.94118C7.46667 4.56868 7.74705 4.26667 8.09288 4.26667C8.4387 4.26667 8.71908 4.56868 8.71908 4.94118V8.68168L10.4833 10.5818ZM8 14.9333C4.177 14.9333 1.06667 11.823 1.06667 8C1.06667 4.177 4.177 1.06667 8 1.06667C11.8232 1.06667 14.9333 4.177 14.9333 8C14.9333 11.823 11.8232 14.9333 8 14.9333ZM8 0C3.58887 0 0 3.58887 0 8C0 12.4111 3.58887 16 8 16C12.4113 16 16 12.4111 16 8C16 3.58887 12.4113 0 8 0Z\" fill=\"black\"\/>\n<\/svg>\n\n          <time datetime=\"2021-03-30T09:22:52+00:00\">30 mars 2021<\/time>\n      <\/div>\n              <div class=\"Meta__category\">\n        Fakta\n      <\/div>\n      <\/div>\n<\/div>\n                  <\/div>\n        <h3 class=\"Blurb__title\">\n          D\u00e4rf\u00f6r ska frist\u00e5ende leverant\u00f6rer rusta och matcha arbetss\u00f6kande\n        <\/h3>\n                  <div class=\"Blurb__text\">\n            Frist\u00e5ende leverant\u00f6rer, ofta v\u00e5ra auktoriserade medlemsf\u00f6retag, \u00e4r b\u00e4st l\u00e4mpade att rusta och matcha arbetss\u00f6kande p\u00e5 v\u00e4gen till jobb eller studier. Ju snabbare vi etablerar fungerande system f\u00f6r omst\u00e4llning p\u00e5 arbetsmarknaden, desto b\u00e4ttre klarar vi n\u00e4sta &hellip;\n          <\/div>\n                <div class=\"Blurb__arrow\">\n                                <div class=\"Blurb__arrow__line\">\n              <svg class='icon icon--arrow-tip'  width=\"11\" height=\"16\" viewBox=\"0 0 11 16\" fill=\"none\" xmlns=\"http:\/\/www.w3.org\/2000\/svg\">\n<path d=\"M0.858398 15L9.2304 7.99664L0.967732 1.00001\" stroke=\"black\" stroke-width=\"2\" stroke-miterlimit=\"10\"\/>\n<\/svg>\n\n              <\/div>\n                  <\/div>\n      <\/div>\n    <\/div>\n  <\/a>\n<\/article>\n                  <\/div>\n                              <div class=\"col-md-3 col-12 col-sm-6 \">\n                      <article class=\"Blurb Blurb--sm Blurb--page Blurb--vertical has-thumbnail\">\n  <a href=\"https:\/\/www.kompetensforetagen.se\/stom-stod-och-matchning\/\">\n          <div class=\"Blurb__thumbnail__wrap\">\n        <figure class=\"Blurb__thumbnail\">\n          <img loading=\"lazy\" decoding=\"async\" width=\"2560\" height=\"1706\" src=\"https:\/\/www.kompetensforetagen.se\/app\/uploads\/sites\/5\/2022\/10\/pexels-alexander-suhorucov-6457562-scaled.jpg\" class=\"attachment-small size-small wp-post-image\" alt=\"Tre glada kvinnor g\u00e5r i korridor \u2013 inkludering \u00e4r en styrka inom bemanningsbranschen.\" srcset=\"https:\/\/www.kompetensforetagen.se\/app\/uploads\/sites\/5\/2022\/10\/pexels-alexander-suhorucov-6457562-scaled.jpg 2560w, https:\/\/www.kompetensforetagen.se\/app\/uploads\/sites\/5\/2022\/10\/pexels-alexander-suhorucov-6457562-580x387.jpg 580w, https:\/\/www.kompetensforetagen.se\/app\/uploads\/sites\/5\/2022\/10\/pexels-alexander-suhorucov-6457562-1180x787.jpg 1180w, https:\/\/www.kompetensforetagen.se\/app\/uploads\/sites\/5\/2022\/10\/pexels-alexander-suhorucov-6457562-380x253.jpg 380w, https:\/\/www.kompetensforetagen.se\/app\/uploads\/sites\/5\/2022\/10\/pexels-alexander-suhorucov-6457562-768x512.jpg 768w, https:\/\/www.kompetensforetagen.se\/app\/uploads\/sites\/5\/2022\/10\/pexels-alexander-suhorucov-6457562-1536x1024.jpg 1536w, https:\/\/www.kompetensforetagen.se\/app\/uploads\/sites\/5\/2022\/10\/pexels-alexander-suhorucov-6457562-2048x1365.jpg 2048w\" sizes=\"auto, (max-width: 2560px) 100vw, 2560px\" \/>\n        <\/figure>\n      <\/div>\n        <div class=\"Blurb__content\">\n      <div class=\"Blurb__body\">\n        <div>\n                            <\/div>\n        <h3 class=\"Blurb__title\">\n          Stom &#8211; St\u00f6d och matchning\n        <\/h3>\n                  <div class=\"Blurb__text\">\n            S\u00e5 fungerade STOM St\u00f6d och matchning var indelad i fyra olika sp\u00e5r n\u00e4r det g\u00e4ller deltagarens tid i aktivitet och ers\u00e4ttning till leverant\u00f6ren. Arbetsf\u00f6rmedlingen avgjorde vilket sp\u00e5r som var l\u00e4mpligt f\u00f6r varje deltagare. Sedan valde &hellip;\n          <\/div>\n                <div class=\"Blurb__arrow\">\n                                <div class=\"Blurb__arrow__line\">\n              <svg class='icon icon--arrow-tip'  width=\"11\" height=\"16\" viewBox=\"0 0 11 16\" fill=\"none\" xmlns=\"http:\/\/www.w3.org\/2000\/svg\">\n<path d=\"M0.858398 15L9.2304 7.99664L0.967732 1.00001\" stroke=\"black\" stroke-width=\"2\" stroke-miterlimit=\"10\"\/>\n<\/svg>\n\n              <\/div>\n                  <\/div>\n      <\/div>\n    <\/div>\n  <\/a>\n<\/article>\n                  <\/div>\n                  <\/div>\n  <\/div>\n<\/div><\/div>\n","protected":false},"excerpt":{"rendered":"<p>\u00c5r 2019 inleddes en reform av Arbetsf\u00f6rmedlingen. Syftet var att hj\u00e4lpa fler m\u00e4nniskor i arbete genom f\u00f6rb\u00e4ttrad matchning p\u00e5 arbetsmarknaden. Frist\u00e5ende leverant\u00f6rer, m\u00e5nga av dem\u00a0auktoriserade kompetens\u00adf\u00f6retag, st\u00f6ttar arbetss\u00f6kande genom rustande och matchande \u00e5tg\u00e4rder. Detta sker &hellip;<\/p>\n","protected":false},"author":6058,"featured_media":10900,"parent":6707,"menu_order":0,"comment_status":"closed","ping_status":"closed","template":"","meta":{"_acf_changed":false,"footnotes":""},"article_type":[],"agreement":[],"for-members":[],"class_list":["post-6825","page","type-page","status-publish","has-post-thumbnail","hentry"],"acf":[],"yoast_head":"<!-- This site is optimized with the Yoast SEO Premium plugin v26.8 (Yoast SEO v26.8) - https:\/\/yoast.com\/product\/yoast-seo-premium-wordpress\/ -->\n<title>Arbetsf\u00f6rmedlingens reform och hur den g\u00e5r vidare<\/title>\n<meta name=\"description\" content=\"2022 ska Arbetsf\u00f6rmedlingens reform slutf\u00f6ras enligt Januari\u00f6verenskommelsen. V\u00e5ra auktoriserade medlemsf\u00f6retag \u00e4r en viktig del av reformen\" \/>\n<meta name=\"robots\" content=\"index, follow, max-snippet:-1, max-image-preview:large, max-video-preview:-1\" \/>\n<link rel=\"canonical\" href=\"https:\/\/www.kompetensforetagen.se\/arbetsformedlingen\/om-arbetsformedlingens-reform\/\" \/>\n<meta property=\"og:locale\" content=\"sv_SE\" \/>\n<meta property=\"og:type\" content=\"article\" \/>\n<meta property=\"og:title\" content=\"Arbetsf\u00f6rmedlingens reform\" \/>\n<meta property=\"og:description\" content=\"2022 ska Arbetsf\u00f6rmedlingens reform slutf\u00f6ras enligt Januari\u00f6verenskommelsen. V\u00e5ra auktoriserade medlemsf\u00f6retag \u00e4r en viktig del av reformen\" \/>\n<meta property=\"og:url\" content=\"https:\/\/www.kompetensforetagen.se\/arbetsformedlingen\/om-arbetsformedlingens-reform\/\" \/>\n<meta property=\"og:site_name\" content=\"Kompetensf\u00f6retagen\" \/>\n<meta property=\"article:modified_time\" content=\"2023-11-23T14:07:40+00:00\" \/>\n<meta property=\"og:image\" content=\"https:\/\/www.kompetensforetagen.se\/app\/uploads\/sites\/5\/2023\/02\/pexels-akil-mazumder-1072824-scaled.jpg\" \/>\n\t<meta property=\"og:image:width\" content=\"2560\" \/>\n\t<meta property=\"og:image:height\" content=\"1707\" \/>\n\t<meta property=\"og:image:type\" content=\"image\/jpeg\" \/>\n<meta name=\"twitter:card\" content=\"summary_large_image\" \/>\n<meta name=\"twitter:label1\" content=\"Ber\u00e4knad l\u00e4stid\" \/>\n\t<meta name=\"twitter:data1\" content=\"1 minut\" \/>\n<script type=\"application\/ld+json\" class=\"yoast-schema-graph\">{\"@context\":\"https:\/\/schema.org\",\"@graph\":[{\"@type\":\"WebPage\",\"@id\":\"https:\/\/www.kompetensforetagen.se\/arbetsformedlingen\/om-arbetsformedlingens-reform\/\",\"url\":\"https:\/\/www.kompetensforetagen.se\/arbetsformedlingen\/om-arbetsformedlingens-reform\/\",\"name\":\"Arbetsf\u00f6rmedlingens reform och hur den g\u00e5r vidare\",\"isPartOf\":{\"@id\":\"https:\/\/www.kompetensforetagen.se\/#website\"},\"primaryImageOfPage\":{\"@id\":\"https:\/\/www.kompetensforetagen.se\/arbetsformedlingen\/om-arbetsformedlingens-reform\/#primaryimage\"},\"image\":{\"@id\":\"https:\/\/www.kompetensforetagen.se\/arbetsformedlingen\/om-arbetsformedlingens-reform\/#primaryimage\"},\"thumbnailUrl\":\"https:\/\/www.kompetensforetagen.se\/app\/uploads\/sites\/5\/2023\/02\/pexels-akil-mazumder-1072824-scaled.jpg\",\"datePublished\":\"2021-03-25T10:21:58+00:00\",\"dateModified\":\"2023-11-23T14:07:40+00:00\",\"description\":\"2022 ska Arbetsf\u00f6rmedlingens reform slutf\u00f6ras enligt Januari\u00f6verenskommelsen. V\u00e5ra auktoriserade medlemsf\u00f6retag \u00e4r en viktig del av reformen\",\"breadcrumb\":{\"@id\":\"https:\/\/www.kompetensforetagen.se\/arbetsformedlingen\/om-arbetsformedlingens-reform\/#breadcrumb\"},\"inLanguage\":\"sv-SE\",\"potentialAction\":[{\"@type\":\"ReadAction\",\"target\":[\"https:\/\/www.kompetensforetagen.se\/arbetsformedlingen\/om-arbetsformedlingens-reform\/\"]}]},{\"@type\":\"ImageObject\",\"inLanguage\":\"sv-SE\",\"@id\":\"https:\/\/www.kompetensforetagen.se\/arbetsformedlingen\/om-arbetsformedlingens-reform\/#primaryimage\",\"url\":\"https:\/\/www.kompetensforetagen.se\/app\/uploads\/sites\/5\/2023\/02\/pexels-akil-mazumder-1072824-scaled.jpg\",\"contentUrl\":\"https:\/\/www.kompetensforetagen.se\/app\/uploads\/sites\/5\/2023\/02\/pexels-akil-mazumder-1072824-scaled.jpg\",\"width\":2560,\"height\":1707,\"caption\":\"Gr\u00f6n v\u00e4xt spirar i utstr\u00e4ckt hand, Natur och h\u00e5llbarhet \u2013 en viktig aspekt f\u00f6r framtidens f\u00f6retagande.\"},{\"@type\":\"BreadcrumbList\",\"@id\":\"https:\/\/www.kompetensforetagen.se\/arbetsformedlingen\/om-arbetsformedlingens-reform\/#breadcrumb\",\"itemListElement\":[{\"@type\":\"ListItem\",\"position\":1,\"name\":\"Home\",\"item\":\"https:\/\/www.kompetensforetagen.se\/\"},{\"@type\":\"ListItem\",\"position\":2,\"name\":\"Arbetsf\u00f6rmedlingen\",\"item\":\"https:\/\/www.kompetensforetagen.se\/arbetsformedlingen\/\"},{\"@type\":\"ListItem\",\"position\":3,\"name\":\"Arbetsf\u00f6rmedlingens reform\"}]},{\"@type\":\"WebSite\",\"@id\":\"https:\/\/www.kompetensforetagen.se\/#website\",\"url\":\"https:\/\/www.kompetensforetagen.se\/\",\"name\":\"Kompetensf\u00f6retagen\",\"description\":\"R\u00e4tt person p\u00e5 r\u00e4tt plats kan f\u00f6r\u00e4ndra v\u00e4rlden\",\"publisher\":{\"@id\":\"https:\/\/www.kompetensforetagen.se\/#organization\"},\"potentialAction\":[{\"@type\":\"SearchAction\",\"target\":{\"@type\":\"EntryPoint\",\"urlTemplate\":\"https:\/\/www.kompetensforetagen.se\/?s={search_term_string}\"},\"query-input\":{\"@type\":\"PropertyValueSpecification\",\"valueRequired\":true,\"valueName\":\"search_term_string\"}}],\"inLanguage\":\"sv-SE\"},{\"@type\":\"Organization\",\"@id\":\"https:\/\/www.kompetensforetagen.se\/#organization\",\"name\":\"Kompetensf\u00f6retagen\",\"url\":\"https:\/\/www.kompetensforetagen.se\/\",\"logo\":{\"@type\":\"ImageObject\",\"inLanguage\":\"sv-SE\",\"@id\":\"https:\/\/www.kompetensforetagen.se\/#\/schema\/logo\/image\/\",\"url\":\"https:\/\/www.kompetensforetagen.se\/app\/uploads\/sites\/5\/2022\/10\/logga_svart.png\",\"contentUrl\":\"https:\/\/www.kompetensforetagen.se\/app\/uploads\/sites\/5\/2022\/10\/logga_svart.png\",\"width\":752,\"height\":64,\"caption\":\"Kompetensf\u00f6retagen\"},\"image\":{\"@id\":\"https:\/\/www.kompetensforetagen.se\/#\/schema\/logo\/image\/\"},\"sameAs\":[\"https:\/\/www.linkedin.com\/company\/10540032\/\"]}]}<\/script>\n<!-- \/ Yoast SEO Premium plugin. -->","yoast_head_json":{"title":"Arbetsf\u00f6rmedlingens reform och hur den g\u00e5r vidare","description":"2022 ska Arbetsf\u00f6rmedlingens reform slutf\u00f6ras enligt Januari\u00f6verenskommelsen. V\u00e5ra auktoriserade medlemsf\u00f6retag \u00e4r en viktig del av reformen","robots":{"index":"index","follow":"follow","max-snippet":"max-snippet:-1","max-image-preview":"max-image-preview:large","max-video-preview":"max-video-preview:-1"},"canonical":"https:\/\/www.kompetensforetagen.se\/arbetsformedlingen\/om-arbetsformedlingens-reform\/","og_locale":"sv_SE","og_type":"article","og_title":"Arbetsf\u00f6rmedlingens reform","og_description":"2022 ska Arbetsf\u00f6rmedlingens reform slutf\u00f6ras enligt Januari\u00f6verenskommelsen. V\u00e5ra auktoriserade medlemsf\u00f6retag \u00e4r en viktig del av reformen","og_url":"https:\/\/www.kompetensforetagen.se\/arbetsformedlingen\/om-arbetsformedlingens-reform\/","og_site_name":"Kompetensf\u00f6retagen","article_modified_time":"2023-11-23T14:07:40+00:00","og_image":[{"width":2560,"height":1707,"url":"https:\/\/www.kompetensforetagen.se\/app\/uploads\/sites\/5\/2023\/02\/pexels-akil-mazumder-1072824-scaled.jpg","type":"image\/jpeg"}],"twitter_card":"summary_large_image","twitter_misc":{"Ber\u00e4knad l\u00e4stid":"1 minut"},"schema":{"@context":"https:\/\/schema.org","@graph":[{"@type":"WebPage","@id":"https:\/\/www.kompetensforetagen.se\/arbetsformedlingen\/om-arbetsformedlingens-reform\/","url":"https:\/\/www.kompetensforetagen.se\/arbetsformedlingen\/om-arbetsformedlingens-reform\/","name":"Arbetsf\u00f6rmedlingens reform och hur den g\u00e5r vidare","isPartOf":{"@id":"https:\/\/www.kompetensforetagen.se\/#website"},"primaryImageOfPage":{"@id":"https:\/\/www.kompetensforetagen.se\/arbetsformedlingen\/om-arbetsformedlingens-reform\/#primaryimage"},"image":{"@id":"https:\/\/www.kompetensforetagen.se\/arbetsformedlingen\/om-arbetsformedlingens-reform\/#primaryimage"},"thumbnailUrl":"https:\/\/www.kompetensforetagen.se\/app\/uploads\/sites\/5\/2023\/02\/pexels-akil-mazumder-1072824-scaled.jpg","datePublished":"2021-03-25T10:21:58+00:00","dateModified":"2023-11-23T14:07:40+00:00","description":"2022 ska Arbetsf\u00f6rmedlingens reform slutf\u00f6ras enligt Januari\u00f6verenskommelsen. V\u00e5ra auktoriserade medlemsf\u00f6retag \u00e4r en viktig del av reformen","breadcrumb":{"@id":"https:\/\/www.kompetensforetagen.se\/arbetsformedlingen\/om-arbetsformedlingens-reform\/#breadcrumb"},"inLanguage":"sv-SE","potentialAction":[{"@type":"ReadAction","target":["https:\/\/www.kompetensforetagen.se\/arbetsformedlingen\/om-arbetsformedlingens-reform\/"]}]},{"@type":"ImageObject","inLanguage":"sv-SE","@id":"https:\/\/www.kompetensforetagen.se\/arbetsformedlingen\/om-arbetsformedlingens-reform\/#primaryimage","url":"https:\/\/www.kompetensforetagen.se\/app\/uploads\/sites\/5\/2023\/02\/pexels-akil-mazumder-1072824-scaled.jpg","contentUrl":"https:\/\/www.kompetensforetagen.se\/app\/uploads\/sites\/5\/2023\/02\/pexels-akil-mazumder-1072824-scaled.jpg","width":2560,"height":1707,"caption":"Gr\u00f6n v\u00e4xt spirar i utstr\u00e4ckt hand, Natur och h\u00e5llbarhet \u2013 en viktig aspekt f\u00f6r framtidens f\u00f6retagande."},{"@type":"BreadcrumbList","@id":"https:\/\/www.kompetensforetagen.se\/arbetsformedlingen\/om-arbetsformedlingens-reform\/#breadcrumb","itemListElement":[{"@type":"ListItem","position":1,"name":"Home","item":"https:\/\/www.kompetensforetagen.se\/"},{"@type":"ListItem","position":2,"name":"Arbetsf\u00f6rmedlingen","item":"https:\/\/www.kompetensforetagen.se\/arbetsformedlingen\/"},{"@type":"ListItem","position":3,"name":"Arbetsf\u00f6rmedlingens reform"}]},{"@type":"WebSite","@id":"https:\/\/www.kompetensforetagen.se\/#website","url":"https:\/\/www.kompetensforetagen.se\/","name":"Kompetensf\u00f6retagen","description":"R\u00e4tt person p\u00e5 r\u00e4tt plats kan f\u00f6r\u00e4ndra v\u00e4rlden","publisher":{"@id":"https:\/\/www.kompetensforetagen.se\/#organization"},"potentialAction":[{"@type":"SearchAction","target":{"@type":"EntryPoint","urlTemplate":"https:\/\/www.kompetensforetagen.se\/?s={search_term_string}"},"query-input":{"@type":"PropertyValueSpecification","valueRequired":true,"valueName":"search_term_string"}}],"inLanguage":"sv-SE"},{"@type":"Organization","@id":"https:\/\/www.kompetensforetagen.se\/#organization","name":"Kompetensf\u00f6retagen","url":"https:\/\/www.kompetensforetagen.se\/","logo":{"@type":"ImageObject","inLanguage":"sv-SE","@id":"https:\/\/www.kompetensforetagen.se\/#\/schema\/logo\/image\/","url":"https:\/\/www.kompetensforetagen.se\/app\/uploads\/sites\/5\/2022\/10\/logga_svart.png","contentUrl":"https:\/\/www.kompetensforetagen.se\/app\/uploads\/sites\/5\/2022\/10\/logga_svart.png","width":752,"height":64,"caption":"Kompetensf\u00f6retagen"},"image":{"@id":"https:\/\/www.kompetensforetagen.se\/#\/schema\/logo\/image\/"},"sameAs":["https:\/\/www.linkedin.com\/company\/10540032\/"]}]}},"_links":{"self":[{"href":"https:\/\/www.kompetensforetagen.se\/api\/wp\/v2\/pages\/6825","targetHints":{"allow":["GET"]}}],"collection":[{"href":"https:\/\/www.kompetensforetagen.se\/api\/wp\/v2\/pages"}],"about":[{"href":"https:\/\/www.kompetensforetagen.se\/api\/wp\/v2\/types\/page"}],"author":[{"embeddable":true,"href":"https:\/\/www.kompetensforetagen.se\/api\/wp\/v2\/users\/6058"}],"replies":[{"embeddable":true,"href":"https:\/\/www.kompetensforetagen.se\/api\/wp\/v2\/comments?post=6825"}],"version-history":[{"count":4,"href":"https:\/\/www.kompetensforetagen.se\/api\/wp\/v2\/pages\/6825\/revisions"}],"predecessor-version":[{"id":15843,"href":"https:\/\/www.kompetensforetagen.se\/api\/wp\/v2\/pages\/6825\/revisions\/15843"}],"up":[{"embeddable":true,"href":"https:\/\/www.kompetensforetagen.se\/api\/wp\/v2\/pages\/6707"}],"wp:featuredmedia":[{"embeddable":true,"href":"https:\/\/www.kompetensforetagen.se\/api\/wp\/v2\/media\/10900"}],"wp:attachment":[{"href":"https:\/\/www.kompetensforetagen.se\/api\/wp\/v2\/media?parent=6825"}],"wp:term":[{"taxonomy":"type","embeddable":true,"href":"https:\/\/www.kompetensforetagen.se\/api\/wp\/v2\/article_type?post=6825"},{"taxonomy":"agreement","embeddable":true,"href":"https:\/\/www.kompetensforetagen.se\/api\/wp\/v2\/agreement?post=6825"},{"taxonomy":"for-members","embeddable":true,"href":"https:\/\/www.kompetensforetagen.se\/api\/wp\/v2\/for-members?post=6825"}],"curies":[{"name":"wp","href":"https:\/\/api.w.org\/{rel}","templated":true}]}}