{"id":6707,"date":"2021-03-18T14:24:17","date_gmt":"2021-03-18T13:24:17","guid":{"rendered":"https:\/\/www.kompetensforetagen.se\/?page_id=6707"},"modified":"2023-11-15T08:55:31","modified_gmt":"2023-11-15T07:55:31","slug":"arbetsformedlingen","status":"publish","type":"page","link":"https:\/\/www.kompetensforetagen.se\/arbetsformedlingen\/","title":{"rendered":"Arbetsf\u00f6rmedlingen"},"content":{"rendered":"<div id=\"block-hero-block_c4b72718e7119656d0376bcfa72975a7\" class=\"Hero --has-media has-green-background-color\">\n\n      <img loading=\"lazy\" decoding=\"async\" width=\"1180\" height=\"787\" src=\"https:\/\/www.kompetensforetagen.se\/app\/uploads\/sites\/5\/2022\/11\/pexels-monstera-6238186-1180x787.jpg\" class=\"Hero__image\" alt=\"Fyra ungdomar runt ett bord som tittar p\u00e5 en laptop\" srcset=\"https:\/\/www.kompetensforetagen.se\/app\/uploads\/sites\/5\/2022\/11\/pexels-monstera-6238186-1180x787.jpg 1180w, https:\/\/www.kompetensforetagen.se\/app\/uploads\/sites\/5\/2022\/11\/pexels-monstera-6238186-580x387.jpg 580w, https:\/\/www.kompetensforetagen.se\/app\/uploads\/sites\/5\/2022\/11\/pexels-monstera-6238186-380x253.jpg 380w, https:\/\/www.kompetensforetagen.se\/app\/uploads\/sites\/5\/2022\/11\/pexels-monstera-6238186-768x512.jpg 768w, https:\/\/www.kompetensforetagen.se\/app\/uploads\/sites\/5\/2022\/11\/pexels-monstera-6238186-1536x1024.jpg 1536w, https:\/\/www.kompetensforetagen.se\/app\/uploads\/sites\/5\/2022\/11\/pexels-monstera-6238186-2048x1365.jpg 2048w\" sizes=\"auto, (max-width: 1180px) 100vw, 1180px\" \/>\n    \n  <div class=\"Hero__inner container has-green-background-color has-background-image has-arrow\">\n              <div class=\"Hero__title\">\n          <h1>Arbetsf\u00f6rmedlingen<\/h1>\n        <\/div>\n                                <div class=\"Hero__arrow\">\n          <svg class='icon icon--squiggly-arrow'  width=\"282\" height=\"302\" viewBox=\"0 0 282 302\" fill=\"none\" xmlns=\"http:\/\/www.w3.org\/2000\/svg\">\n<path d=\"M108.429 281.19L129.837 295.44L143.97 274.186\" stroke=\"black\" stroke-width=\"4\" stroke-miterlimit=\"10\"\/>\n<path d=\"M43.8871 68.0497C53.3269 84.3998 70.0075 95.6755 88.6244 97.6784C107.24 99.6801 125.826 95.0068 144.209 91.4645C162.592 87.9216 182.067 85.5682 199.674 91.9481C220.515 99.5002 236.316 120.278 236.492 142.446C236.669 164.616 220.178 186.234 198.428 190.49C188.558 192.423 177.815 190.842 169.542 185.112C161.271 179.382 155.88 169.284 156.859 159.269C158.292 144.577 173.761 133.512 188.444 135C203.126 136.491 215.468 148.757 219.176 163.047C222.881 177.337 218.804 192.932 210.416 205.072C202.027 217.212 189.703 226.187 176.514 232.804C167.472 237.341 157.931 240.877 149.144 245.889C140.356 250.899 132.161 257.651 127.746 266.755C123.333 275.858 126.637 283.983 129.929 295.386\" stroke=\"black\" stroke-width=\"4\" stroke-miterlimit=\"10\"\/>\n<\/svg>\n\n          <\/div>\n        <\/div>\n<\/div>\n\n\n\n<div class=\"wp-block-group has-white-background-color has-background is-layout-constrained wp-block-group-is-layout-constrained\"><div class=\"wp-block wp-block-core-heading heading-in-sidebar\" id=\"for-en-arbetsmarknadspolitik-som-sakrar-kompetensforsorjningen-och-hjalper-manniskor-till-arbete-maste-reformen-av-arbetsformedlingens-fortsatta.\"><a class='Share__link Share__link--url copy-text' href='#' rel='nofollow' data-text='for-en-arbetsmarknadspolitik-som-sakrar-kompetensforsorjningen-och-hjalper-manniskor-till-arbete-maste-reformen-av-arbetsformedlingens-fortsatta.' title='Dela url' data-confirmation='L\u00e4nken kopierades till urklipp'><svg class='icon icon--link'  width='18' height='18' viewBox='0 0 18 18' fill='none' xmlns='http:\/\/www.w3.org\/2000\/svg'>\n            <path d='M10.4142 0.514721L6.87868 4.05025L8.29289 5.46447L11.1213 2.63604L15.364 6.87868L12.5355 9.70711L13.9497 11.1213L17.4853 7.58579C17.8763 7.19476 17.8763 6.5626 17.4853 6.17158L11.8284 0.514721C11.4374 0.123691 10.8052 0.123691 10.4142 0.514721Z' fill='black'\/>\n            <path d='M9.7071 12.5355L6.87868 15.364L2.63604 11.1213L5.46446 8.2929L4.05025 6.87868L0.514716 10.4142C0.123686 10.8052 0.123686 11.4374 0.514716 11.8284L6.17157 17.4853C6.5626 17.8763 7.19475 17.8763 7.58578 17.4853L11.1213 13.9497L9.7071 12.5355Z' fill='black'\/>\n            <path d='M6.17157 11.8284C6.5626 12.2195 7.19475 12.2195 7.58578 11.8284L11.8284 7.58579C12.2195 7.19476 12.2195 6.56261 11.8284 6.17158C11.4374 5.78055 10.8052 5.78055 10.4142 6.17158L6.17157 10.4142C5.78054 10.8052 5.78054 11.4374 6.17157 11.8284Z' fill='black'\/>\n            <\/svg> <\/a>\n<h2 class=\"wp-block-heading\">F\u00f6r en arbetsmarknadspolitik som s\u00e4krar kompetensf\u00f6rs\u00f6rjningen och hj\u00e4lper m\u00e4nniskor till arbete m\u00e5ste reformen av Arbetsf\u00f6rmedlingens forts\u00e4tta.<\/h2>\n<\/div>\n\n<div class=\"wp-block wp-block-core-paragraph\">\n<p>Reformen av Arbetsf\u00f6rmedlingen har inneburit att<a href=\"https:\/\/www.kompetensforetagen.se\/2021\/03\/de-fristaende-leverantorerna-krom\/\" target=\"_blank\" rel=\"noreferrer noopener\">&nbsp;frist\u00e5ende leverant\u00f6rer<\/a>&nbsp;p\u00e5 uppdrag av Arbetsf\u00f6rmedlingen sk\u00f6ter matchningen mellan individer och arbetsmarknad eller studier. M\u00e5nga av de frist\u00e5ende leverant\u00f6rerna \u00e4r<a href=\"https:\/\/www.kompetensforetagen.se\/auktorisation\/\" target=\"_blank\" rel=\"noreferrer noopener\">&nbsp;auktoriserade medlems\u00adf\u00f6retag i Kompetens\u00adf\u00f6retagen<\/a>, och st\u00e5r n\u00e4ra b\u00e5de n\u00e4ringslivet och de arbetss\u00f6kande. Detta \u00e4r en styrka som Arbetsf\u00f6rmedlingen saknar. I konkurrensen med varandra kommer medlems\u00adf\u00f6retagen st\u00e4ndigt med innovativa l\u00f6sningar p\u00e5 hur effektiv matchning ska g\u00e5 till. <\/p>\n<\/div><\/div>\n\n\n\n<div class=\"wp-block-group has-secondary-background-color has-background is-layout-constrained wp-block-group-is-layout-constrained\">\n<div class=\"wp-block-columns is-layout-flex wp-container-core-columns-is-layout-9d6595d7 wp-block-columns-is-layout-flex\">\n<div class=\"wp-block-column is-layout-flow wp-block-column-is-layout-flow\"><div class=\"wp-block wp-block-core-heading heading-in-sidebar\" id=\"vi-vill-att:\"><a class='Share__link Share__link--url copy-text' href='#' rel='nofollow' data-text='vi-vill-att:' title='Dela url' data-confirmation='L\u00e4nken kopierades till urklipp'><svg class='icon icon--link'  width='18' height='18' viewBox='0 0 18 18' fill='none' xmlns='http:\/\/www.w3.org\/2000\/svg'>\n            <path d='M10.4142 0.514721L6.87868 4.05025L8.29289 5.46447L11.1213 2.63604L15.364 6.87868L12.5355 9.70711L13.9497 11.1213L17.4853 7.58579C17.8763 7.19476 17.8763 6.5626 17.4853 6.17158L11.8284 0.514721C11.4374 0.123691 10.8052 0.123691 10.4142 0.514721Z' fill='black'\/>\n            <path d='M9.7071 12.5355L6.87868 15.364L2.63604 11.1213L5.46446 8.2929L4.05025 6.87868L0.514716 10.4142C0.123686 10.8052 0.123686 11.4374 0.514716 11.8284L6.17157 17.4853C6.5626 17.8763 7.19475 17.8763 7.58578 17.4853L11.1213 13.9497L9.7071 12.5355Z' fill='black'\/>\n            <path d='M6.17157 11.8284C6.5626 12.2195 7.19475 12.2195 7.58578 11.8284L11.8284 7.58579C12.2195 7.19476 12.2195 6.56261 11.8284 6.17158C11.4374 5.78055 10.8052 5.78055 10.4142 6.17158L6.17157 10.4142C5.78054 10.8052 5.78054 11.4374 6.17157 11.8284Z' fill='black'\/>\n            <\/svg> <\/a>\n<h2 class=\"wp-block-heading\">Vi vill att:<\/h2>\n<\/div><\/div>\n<\/div>\n\n\n\n<div class=\"wp-block-columns is-layout-flex wp-container-core-columns-is-layout-9d6595d7 wp-block-columns-is-layout-flex\">\n<div class=\"wp-block-column is-layout-flow wp-block-column-is-layout-flow\"><div class=\"wp-block wp-block-core-list\">\n<ul class=\"wp-block-list\">\n<li>reformen av Arbetsf\u00f6rmedlingen forts\u00e4tter s\u00e5 att frist\u00e5ende akt\u00f6rer har ett fortsatt och ut\u00f6kat matchningsuppdrag<br><div class=\"wp-block wp-block-core-list\">\n<ul class=\"wp-block-list\">\n<li>fler arbetss\u00f6kande ska f\u00e5 r\u00e4tt att tr\u00e4ffa frist\u00e5ende leverant\u00f6rer<br><\/li>\n<\/ul>\n<\/div><\/li>\n\n\n\n<li>Arbetsf\u00f6rmedlingen ska sk\u00f6ta myndighetsut\u00f6vningen och g\u00f6ra den arbetsmarknadspolitiska bed\u00f6mningen av den arbetss\u00f6kande<\/li>\n\n\n\n<li>ekonomisk ers\u00e4ttning ges till de frist\u00e5ende utf\u00f6rarna huvudsakligen n\u00e4r de arbetss\u00f6kande har f\u00e5tt ett jobb eller en utbildning \u2013 resultaters\u00e4ttning<\/li>\n<\/ul>\n<\/div><\/div>\n\n\n\n<div class=\"wp-block-column is-layout-flow wp-block-column-is-layout-flow\"><div class=\"wp-block wp-block-core-list\">\n<ul class=\"wp-block-list\">\n<li>det tas s\u00e4rskild h\u00e4nsyn till situationen i glesbygden och att l\u00f6sningarna kan se olika ut i olika regioner:<br><div class=\"wp-block wp-block-core-list\">\n<ul class=\"wp-block-list\">\n<li>uppr\u00e4tth\u00e5ll distansst\u00f6d och digitala l\u00f6sningar som har utvecklats under pandemin<\/li>\n\n\n\n<li>med en sammanslagning av de mindre regionerna inom systemet f\u00f6rb\u00e4ttras f\u00f6ruts\u00e4ttningarna f\u00f6r jobbs\u00f6kande<br><\/li>\n<\/ul>\n<\/div><\/li>\n\n\n\n<li>reformen inte leder till att kommuner blir leverant\u00f6rer till Arbetsf\u00f6rmedlingen. V\u00e4rna ist\u00e4llet samarbetet mellan kommunerna och de frist\u00e5ende akt\u00f6rerna<\/li>\n\n\n\n<li>arbetsmarknads\u00adutbildningen g\u00f6rs om i grunden. L\u00e5t fler arbetss\u00f6kande f\u00e5 tillg\u00e5ng, och l\u00e5t de frist\u00e5ende akt\u00f6rer g\u00f6ra jobbet<\/li>\n<\/ul>\n<\/div><\/div>\n<\/div>\n<\/div>\n\n\n\n<div class=\"wp-block-group has-primary-background-color has-background is-layout-constrained wp-block-group-is-layout-constrained\"><div class=\"Listing no-bg\">\n  <div class=\"container\">\n    <div class=\"Listing__heading\">\n       <h2>Fakta och information<\/h2>     <\/div>\n    <div class=\"row\">\n                            <div class=\"col-md-3 col-12 col-sm-6 \">\n                      <article class=\"Blurb Blurb--sm Blurb--page Blurb--vertical has-thumbnail\">\n  <a href=\"https:\/\/www.kompetensforetagen.se\/arbetsformedlingen\/krom-rusta-och-matcha\/\">\n          <div class=\"Blurb__thumbnail__wrap\">\n        <figure class=\"Blurb__thumbnail\">\n          <img loading=\"lazy\" decoding=\"async\" width=\"2560\" height=\"1710\" src=\"https:\/\/www.kompetensforetagen.se\/app\/uploads\/sites\/5\/2023\/04\/pexels-cottonbro-studio-3205570-scaled.jpg\" class=\"attachment-small size-small wp-post-image\" alt=\"Man och kvinna st\u00e5r b\u00f6jda \u00f6ver stort papper p\u00e5 bord\" srcset=\"https:\/\/www.kompetensforetagen.se\/app\/uploads\/sites\/5\/2023\/04\/pexels-cottonbro-studio-3205570-scaled.jpg 2560w, https:\/\/www.kompetensforetagen.se\/app\/uploads\/sites\/5\/2023\/04\/pexels-cottonbro-studio-3205570-580x387.jpg 580w, https:\/\/www.kompetensforetagen.se\/app\/uploads\/sites\/5\/2023\/04\/pexels-cottonbro-studio-3205570-1180x788.jpg 1180w, https:\/\/www.kompetensforetagen.se\/app\/uploads\/sites\/5\/2023\/04\/pexels-cottonbro-studio-3205570-380x254.jpg 380w, https:\/\/www.kompetensforetagen.se\/app\/uploads\/sites\/5\/2023\/04\/pexels-cottonbro-studio-3205570-768x513.jpg 768w, https:\/\/www.kompetensforetagen.se\/app\/uploads\/sites\/5\/2023\/04\/pexels-cottonbro-studio-3205570-1536x1026.jpg 1536w, https:\/\/www.kompetensforetagen.se\/app\/uploads\/sites\/5\/2023\/04\/pexels-cottonbro-studio-3205570-2048x1368.jpg 2048w\" sizes=\"auto, (max-width: 2560px) 100vw, 2560px\" \/>\n        <\/figure>\n      <\/div>\n        <div class=\"Blurb__content\">\n      <div class=\"Blurb__body\">\n        <div>\n                            <\/div>\n        <h3 class=\"Blurb__title\">\n          Rusta och matcha 2\n        <\/h3>\n                  <div class=\"Blurb__text\">\n            Vad \u00e4r Rusta och matcha 2? Det \u00e4r ett valfrihetssystem som Arbetsf\u00f6rmedlingen (AF) har utvecklat, d\u00e4r de frist\u00e5ende leverant\u00f6rer som har blivit godk\u00e4nda i systemet ska hj\u00e4lpa arbetss\u00f6kande till jobb eller studier. Rusta och matcha &hellip;\n          <\/div>\n                <div class=\"Blurb__arrow\">\n                                <div class=\"Blurb__arrow__line\">\n              <svg class='icon icon--arrow-tip'  width=\"11\" height=\"16\" viewBox=\"0 0 11 16\" fill=\"none\" xmlns=\"http:\/\/www.w3.org\/2000\/svg\">\n<path d=\"M0.858398 15L9.2304 7.99664L0.967732 1.00001\" stroke=\"black\" stroke-width=\"2\" stroke-miterlimit=\"10\"\/>\n<\/svg>\n\n              <\/div>\n                  <\/div>\n      <\/div>\n    <\/div>\n  <\/a>\n<\/article>\n                  <\/div>\n                              <div class=\"col-md-3 col-12 col-sm-6 \">\n                      <article class=\"Blurb Blurb--sm Blurb--page Blurb--vertical has-thumbnail\">\n  <a href=\"https:\/\/www.kompetensforetagen.se\/arbetsformedlingen\/om-arbetsformedlingens-reform\/\">\n          <div class=\"Blurb__thumbnail__wrap\">\n        <figure class=\"Blurb__thumbnail\">\n          <img loading=\"lazy\" decoding=\"async\" width=\"2560\" height=\"1707\" src=\"https:\/\/www.kompetensforetagen.se\/app\/uploads\/sites\/5\/2023\/02\/pexels-akil-mazumder-1072824-scaled.jpg\" class=\"attachment-small size-small wp-post-image\" alt=\"Gr\u00f6n v\u00e4xt spirar i utstr\u00e4ckt hand, Natur och h\u00e5llbarhet \u2013 en viktig aspekt f\u00f6r framtidens f\u00f6retagande.\" srcset=\"https:\/\/www.kompetensforetagen.se\/app\/uploads\/sites\/5\/2023\/02\/pexels-akil-mazumder-1072824-scaled.jpg 2560w, https:\/\/www.kompetensforetagen.se\/app\/uploads\/sites\/5\/2023\/02\/pexels-akil-mazumder-1072824-580x387.jpg 580w, https:\/\/www.kompetensforetagen.se\/app\/uploads\/sites\/5\/2023\/02\/pexels-akil-mazumder-1072824-1180x787.jpg 1180w, https:\/\/www.kompetensforetagen.se\/app\/uploads\/sites\/5\/2023\/02\/pexels-akil-mazumder-1072824-380x253.jpg 380w, https:\/\/www.kompetensforetagen.se\/app\/uploads\/sites\/5\/2023\/02\/pexels-akil-mazumder-1072824-768x512.jpg 768w, https:\/\/www.kompetensforetagen.se\/app\/uploads\/sites\/5\/2023\/02\/pexels-akil-mazumder-1072824-1536x1024.jpg 1536w, https:\/\/www.kompetensforetagen.se\/app\/uploads\/sites\/5\/2023\/02\/pexels-akil-mazumder-1072824-2048x1365.jpg 2048w\" sizes=\"auto, (max-width: 2560px) 100vw, 2560px\" \/>\n        <\/figure>\n      <\/div>\n        <div class=\"Blurb__content\">\n      <div class=\"Blurb__body\">\n        <div>\n                            <\/div>\n        <h3 class=\"Blurb__title\">\n          Arbetsf\u00f6rmedlingens reform\n        <\/h3>\n                  <div class=\"Blurb__text\">\n            \u00c5r 2019 inleddes en reform av Arbetsf\u00f6rmedlingen. Syftet var att hj\u00e4lpa fler m\u00e4nniskor i arbete genom f\u00f6rb\u00e4ttrad matchning p\u00e5 arbetsmarknaden. Frist\u00e5ende leverant\u00f6rer, m\u00e5nga av dem\u00a0auktoriserade kompetens\u00adf\u00f6retag, st\u00f6ttar arbetss\u00f6kande genom rustande och matchande \u00e5tg\u00e4rder. Detta sker &hellip;\n          <\/div>\n                <div class=\"Blurb__arrow\">\n                                <div class=\"Blurb__arrow__line\">\n              <svg class='icon icon--arrow-tip'  width=\"11\" height=\"16\" viewBox=\"0 0 11 16\" fill=\"none\" xmlns=\"http:\/\/www.w3.org\/2000\/svg\">\n<path d=\"M0.858398 15L9.2304 7.99664L0.967732 1.00001\" stroke=\"black\" stroke-width=\"2\" stroke-miterlimit=\"10\"\/>\n<\/svg>\n\n              <\/div>\n                  <\/div>\n      <\/div>\n    <\/div>\n  <\/a>\n<\/article>\n                  <\/div>\n                              <div class=\"col-md-3 col-12 col-sm-6 \">\n                      <article class=\"Blurb Blurb--sm Blurb--post Blurb--vertical has-thumbnail\">\n  <a href=\"https:\/\/www.kompetensforetagen.se\/2021\/03\/darfor-ska-fristaende-leverantorer-rusta-och-matcha-arbetssokande\/\">\n          <div class=\"Blurb__thumbnail__wrap\">\n        <figure class=\"Blurb__thumbnail\">\n          <img loading=\"lazy\" decoding=\"async\" width=\"1920\" height=\"648\" src=\"https:\/\/www.kompetensforetagen.se\/app\/uploads\/sites\/5\/2021\/03\/namnlos-design-8-e1622463799569.png\" class=\"attachment-small size-small wp-post-image\" alt=\"Informationsgrafik med nyheter f\u00f6r medlemsf\u00f6retagen.\" srcset=\"https:\/\/www.kompetensforetagen.se\/app\/uploads\/sites\/5\/2021\/03\/namnlos-design-8-e1622463799569.png 1920w, https:\/\/www.kompetensforetagen.se\/app\/uploads\/sites\/5\/2021\/03\/namnlos-design-8-e1622463799569-580x196.png 580w, https:\/\/www.kompetensforetagen.se\/app\/uploads\/sites\/5\/2021\/03\/namnlos-design-8-e1622463799569-1180x398.png 1180w, https:\/\/www.kompetensforetagen.se\/app\/uploads\/sites\/5\/2021\/03\/namnlos-design-8-e1622463799569-380x128.png 380w, https:\/\/www.kompetensforetagen.se\/app\/uploads\/sites\/5\/2021\/03\/namnlos-design-8-e1622463799569-768x259.png 768w, https:\/\/www.kompetensforetagen.se\/app\/uploads\/sites\/5\/2021\/03\/namnlos-design-8-e1622463799569-1536x518.png 1536w\" sizes=\"auto, (max-width: 1920px) 100vw, 1920px\" \/>\n        <\/figure>\n      <\/div>\n        <div class=\"Blurb__content\">\n      <div class=\"Blurb__body\">\n        <div>\n                                <div class=\"Meta d-flex align-items-center Blurb__meta\">\n      <div class=\"Meta__tag item\">\n      Arbetsf\u00f6rmedlingen\n      <svg class='icon icon--triangle'  width=\"26\" height=\"32\" viewBox=\"0 0 26 32\" fill=\"none\" xmlns=\"http:\/\/www.w3.org\/2000\/svg\">\n<path fill-rule=\"evenodd\" clip-rule=\"evenodd\" d=\"M13.1315 0H0V32H13.1315L26 16L13.1315 0ZM9 18.581C10.6569 18.581 12 17.1946 12 15.4843C12 13.774 10.6569 12.3875 9 12.3875C7.34315 12.3875 6 13.774 6 15.4843C6 17.1946 7.34315 18.581 9 18.581Z\" fill=\"#FDDCC0\"\/>\n<\/svg>\n\n      <\/div>\n    <div class=\"Meta__group\">\n          <div class=\"Meta__date  d-flex align-items-center\">\n        <svg class='icon icon--timestamp'  width=\"16\" height=\"16\" viewBox=\"0 0 16 16\" fill=\"none\" xmlns=\"http:\/\/www.w3.org\/2000\/svg\">\n<path fill-rule=\"evenodd\" clip-rule=\"evenodd\" d=\"M10.4833 10.5818C10.7278 10.8452 10.7278 11.2723 10.4833 11.5357C10.361 11.6674 10.2008 11.7333 10.0405 11.7333C9.88023 11.7333 9.72008 11.6674 9.59781 11.5357L7.65015 9.43814C7.53273 9.31167 7.46667 9.14001 7.46667 8.96109V4.94118C7.46667 4.56868 7.74705 4.26667 8.09288 4.26667C8.4387 4.26667 8.71908 4.56868 8.71908 4.94118V8.68168L10.4833 10.5818ZM8 14.9333C4.177 14.9333 1.06667 11.823 1.06667 8C1.06667 4.177 4.177 1.06667 8 1.06667C11.8232 1.06667 14.9333 4.177 14.9333 8C14.9333 11.823 11.8232 14.9333 8 14.9333ZM8 0C3.58887 0 0 3.58887 0 8C0 12.4111 3.58887 16 8 16C12.4113 16 16 12.4111 16 8C16 3.58887 12.4113 0 8 0Z\" fill=\"black\"\/>\n<\/svg>\n\n          <time datetime=\"2021-03-30T09:22:52+00:00\">30 mars 2021<\/time>\n      <\/div>\n              <div class=\"Meta__category\">\n        Fakta\n      <\/div>\n      <\/div>\n<\/div>\n                  <\/div>\n        <h3 class=\"Blurb__title\">\n          D\u00e4rf\u00f6r ska frist\u00e5ende leverant\u00f6rer rusta och matcha arbetss\u00f6kande\n        <\/h3>\n                  <div class=\"Blurb__text\">\n            Frist\u00e5ende leverant\u00f6rer, ofta v\u00e5ra auktoriserade medlemsf\u00f6retag, \u00e4r b\u00e4st l\u00e4mpade att rusta och matcha arbetss\u00f6kande p\u00e5 v\u00e4gen till jobb eller studier. Ju snabbare vi etablerar fungerande system f\u00f6r omst\u00e4llning p\u00e5 arbetsmarknaden, desto b\u00e4ttre klarar vi n\u00e4sta &hellip;\n          <\/div>\n                <div class=\"Blurb__arrow\">\n                                <div class=\"Blurb__arrow__line\">\n              <svg class='icon icon--arrow-tip'  width=\"11\" height=\"16\" viewBox=\"0 0 11 16\" fill=\"none\" xmlns=\"http:\/\/www.w3.org\/2000\/svg\">\n<path d=\"M0.858398 15L9.2304 7.99664L0.967732 1.00001\" stroke=\"black\" stroke-width=\"2\" stroke-miterlimit=\"10\"\/>\n<\/svg>\n\n              <\/div>\n                  <\/div>\n      <\/div>\n    <\/div>\n  <\/a>\n<\/article>\n                  <\/div>\n                              <div class=\"col-md-3 col-12 col-sm-6 \">\n                      <article class=\"Blurb Blurb--sm Blurb--page Blurb--vertical has-thumbnail\">\n  <a href=\"https:\/\/www.kompetensforetagen.se\/stom-stod-och-matchning\/\">\n          <div class=\"Blurb__thumbnail__wrap\">\n        <figure class=\"Blurb__thumbnail\">\n          <img loading=\"lazy\" decoding=\"async\" width=\"2560\" height=\"1706\" src=\"https:\/\/www.kompetensforetagen.se\/app\/uploads\/sites\/5\/2022\/10\/pexels-alexander-suhorucov-6457562-scaled.jpg\" class=\"attachment-small size-small wp-post-image\" alt=\"Tre glada kvinnor g\u00e5r i korridor \u2013 inkludering \u00e4r en styrka inom bemanningsbranschen.\" srcset=\"https:\/\/www.kompetensforetagen.se\/app\/uploads\/sites\/5\/2022\/10\/pexels-alexander-suhorucov-6457562-scaled.jpg 2560w, https:\/\/www.kompetensforetagen.se\/app\/uploads\/sites\/5\/2022\/10\/pexels-alexander-suhorucov-6457562-580x387.jpg 580w, https:\/\/www.kompetensforetagen.se\/app\/uploads\/sites\/5\/2022\/10\/pexels-alexander-suhorucov-6457562-1180x787.jpg 1180w, https:\/\/www.kompetensforetagen.se\/app\/uploads\/sites\/5\/2022\/10\/pexels-alexander-suhorucov-6457562-380x253.jpg 380w, https:\/\/www.kompetensforetagen.se\/app\/uploads\/sites\/5\/2022\/10\/pexels-alexander-suhorucov-6457562-768x512.jpg 768w, https:\/\/www.kompetensforetagen.se\/app\/uploads\/sites\/5\/2022\/10\/pexels-alexander-suhorucov-6457562-1536x1024.jpg 1536w, https:\/\/www.kompetensforetagen.se\/app\/uploads\/sites\/5\/2022\/10\/pexels-alexander-suhorucov-6457562-2048x1365.jpg 2048w\" sizes=\"auto, (max-width: 2560px) 100vw, 2560px\" \/>\n        <\/figure>\n      <\/div>\n        <div class=\"Blurb__content\">\n      <div class=\"Blurb__body\">\n        <div>\n                            <\/div>\n        <h3 class=\"Blurb__title\">\n          Stom &#8211; St\u00f6d och matchning\n        <\/h3>\n                  <div class=\"Blurb__text\">\n            S\u00e5 fungerade STOM St\u00f6d och matchning var indelad i fyra olika sp\u00e5r n\u00e4r det g\u00e4ller deltagarens tid i aktivitet och ers\u00e4ttning till leverant\u00f6ren. Arbetsf\u00f6rmedlingen avgjorde vilket sp\u00e5r som var l\u00e4mpligt f\u00f6r varje deltagare. Sedan valde &hellip;\n          <\/div>\n                <div class=\"Blurb__arrow\">\n                                <div class=\"Blurb__arrow__line\">\n              <svg class='icon icon--arrow-tip'  width=\"11\" height=\"16\" viewBox=\"0 0 11 16\" fill=\"none\" xmlns=\"http:\/\/www.w3.org\/2000\/svg\">\n<path d=\"M0.858398 15L9.2304 7.99664L0.967732 1.00001\" stroke=\"black\" stroke-width=\"2\" stroke-miterlimit=\"10\"\/>\n<\/svg>\n\n              <\/div>\n                  <\/div>\n      <\/div>\n    <\/div>\n  <\/a>\n<\/article>\n                  <\/div>\n                  <\/div>\n  <\/div>\n<\/div><\/div>\n\n\n\n<div class=\"wp-block-group is-layout-constrained wp-block-group-is-layout-constrained\"><div class=\"wp-block wp-block-core-heading heading-in-sidebar\" id=\"vara-fokusomraden\"><a class='Share__link Share__link--url copy-text' href='#' rel='nofollow' data-text='vara-fokusomraden' title='Dela url' data-confirmation='L\u00e4nken kopierades till urklipp'><svg class='icon icon--link'  width='18' height='18' viewBox='0 0 18 18' fill='none' xmlns='http:\/\/www.w3.org\/2000\/svg'>\n            <path d='M10.4142 0.514721L6.87868 4.05025L8.29289 5.46447L11.1213 2.63604L15.364 6.87868L12.5355 9.70711L13.9497 11.1213L17.4853 7.58579C17.8763 7.19476 17.8763 6.5626 17.4853 6.17158L11.8284 0.514721C11.4374 0.123691 10.8052 0.123691 10.4142 0.514721Z' fill='black'\/>\n            <path d='M9.7071 12.5355L6.87868 15.364L2.63604 11.1213L5.46446 8.2929L4.05025 6.87868L0.514716 10.4142C0.123686 10.8052 0.123686 11.4374 0.514716 11.8284L6.17157 17.4853C6.5626 17.8763 7.19475 17.8763 7.58578 17.4853L11.1213 13.9497L9.7071 12.5355Z' fill='black'\/>\n            <path d='M6.17157 11.8284C6.5626 12.2195 7.19475 12.2195 7.58578 11.8284L11.8284 7.58579C12.2195 7.19476 12.2195 6.56261 11.8284 6.17158C11.4374 5.78055 10.8052 5.78055 10.4142 6.17158L6.17157 10.4142C5.78054 10.8052 5.78054 11.4374 6.17157 11.8284Z' fill='black'\/>\n            <\/svg> <\/a>\n<h2 class=\"wp-block-heading\">V\u00e5ra fokusomr\u00e5den<\/h2>\n<\/div>\n\n\n<div class=\"wp-block-columns is-layout-flex wp-container-core-columns-is-layout-9d6595d7 wp-block-columns-is-layout-flex\">\n<div class=\"wp-block-column is-layout-flow wp-block-column-is-layout-flow\"><div id=\"block-iconlink-block_f23ef113fec33c8d85cbfb34a7fb7a98\" class=\"Icon-link Icon-link--arrow-tip\">\n      <a href=\"https:\/\/www.kompetensforetagen.se\/arbetsformedlingen\/\" target=\"_blank\" class=\"Button is-button is-fullwidth is-style-fill has-black-background-color has-black-border-color has-white-color Button--arrow-tip\">\n      <div class=\"Button__text\">\n        Arbetsf\u00f6rmedlingen\n      <\/div>\n      <div class=\"Button__arrow  arrow-tip \">\n                <div class=\"Button__line\"><\/div>\n                <svg class='icon icon--arrow-tip'  width=\"11\" height=\"16\" viewBox=\"0 0 11 16\" fill=\"none\" xmlns=\"http:\/\/www.w3.org\/2000\/svg\">\n<path d=\"M0.858398 15L9.2304 7.99664L0.967732 1.00001\" stroke=\"black\" stroke-width=\"2\" stroke-miterlimit=\"10\"\/>\n<\/svg>\n\n        <\/div>\n    <\/a>\n  <\/div>\n<\/div>\n\n\n\n<div class=\"wp-block-column is-layout-flow wp-block-column-is-layout-flow\"><div id=\"block-iconlink-block_f7480778396a7d698a4e80a5308057e8\" class=\"Icon-link Icon-link--arrow-tip\">\n      <a href=\"https:\/\/www.kompetensforetagen.se\/etableringsjobb\/\" target=\"_blank\" class=\"Button is-button is-fullwidth is-style-fill has-black-background-color has-black-border-color has-white-color Button--arrow-tip white-space-nowrap\">\n      <div class=\"Button__text\">\n        Etableringsjobb\n      <\/div>\n      <div class=\"Button__arrow  arrow-tip \">\n                <div class=\"Button__line\"><\/div>\n                <svg class='icon icon--arrow-tip'  width=\"11\" height=\"16\" viewBox=\"0 0 11 16\" fill=\"none\" xmlns=\"http:\/\/www.w3.org\/2000\/svg\">\n<path d=\"M0.858398 15L9.2304 7.99664L0.967732 1.00001\" stroke=\"black\" stroke-width=\"2\" stroke-miterlimit=\"10\"\/>\n<\/svg>\n\n        <\/div>\n    <\/a>\n  <\/div>\n<\/div>\n<\/div>\n\n\n\n<div class=\"wp-block-columns is-layout-flex wp-container-core-columns-is-layout-9d6595d7 wp-block-columns-is-layout-flex\">\n<div class=\"wp-block-column is-layout-flow wp-block-column-is-layout-flow\"><div id=\"block-iconlink-block_cc71f96e7dfd9f45f05749cf0789b7dd\" class=\"Icon-link Icon-link--arrow-tip\">\n      <a href=\"https:\/\/www.kompetensforetagen.se\/internationellt\/\" target=\"_blank\" class=\"Button is-button is-fullwidth is-style-fill has-black-background-color has-black-border-color has-white-color Button--arrow-tip white-space-nowrap\">\n      <div class=\"Button__text\">\n        Internationellt\n      <\/div>\n      <div class=\"Button__arrow  arrow-tip \">\n                <div class=\"Button__line\"><\/div>\n                <svg class='icon icon--arrow-tip'  width=\"11\" height=\"16\" viewBox=\"0 0 11 16\" fill=\"none\" xmlns=\"http:\/\/www.w3.org\/2000\/svg\">\n<path d=\"M0.858398 15L9.2304 7.99664L0.967732 1.00001\" stroke=\"black\" stroke-width=\"2\" stroke-miterlimit=\"10\"\/>\n<\/svg>\n\n        <\/div>\n    <\/a>\n  <\/div>\n<\/div>\n\n\n\n<div class=\"wp-block-column is-layout-flow wp-block-column-is-layout-flow\"><div id=\"block-iconlink-block_dd1a043c6b0778ab135655655175373c\" class=\"Icon-link Icon-link--arrow-tip\">\n      <a href=\"https:\/\/www.kompetensforetagen.se\/offentlig-upphandling\/\" target=\"_blank\" class=\"Button is-button is-fullwidth is-style-fill has-black-background-color has-black-border-color has-white-color Button--arrow-tip\">\n      <div class=\"Button__text\">\n        Offentlig upphandling\n      <\/div>\n      <div class=\"Button__arrow  arrow-tip \">\n                <div class=\"Button__line\"><\/div>\n                <svg class='icon icon--arrow-tip'  width=\"11\" height=\"16\" viewBox=\"0 0 11 16\" fill=\"none\" xmlns=\"http:\/\/www.w3.org\/2000\/svg\">\n<path d=\"M0.858398 15L9.2304 7.99664L0.967732 1.00001\" stroke=\"black\" stroke-width=\"2\" stroke-miterlimit=\"10\"\/>\n<\/svg>\n\n        <\/div>\n    <\/a>\n  <\/div>\n<\/div>\n\n\n\n<div class=\"wp-block-column is-layout-flow wp-block-column-is-layout-flow\"><div id=\"block-iconlink-block_f42c6be1ea4ad83db7e88f6a6822161b\" class=\"Icon-link Icon-link--arrow-tip\">\n      <a href=\"https:\/\/www.kompetensforetagen.se\/vardbemanning\/\" target=\"_blank\" class=\"Button is-button is-fullwidth is-style-fill has-black-background-color has-black-border-color has-white-color Button--arrow-tip white-space-nowrap\">\n      <div class=\"Button__text\">\n        V\u00e5rdbemanning\n      <\/div>\n      <div class=\"Button__arrow  arrow-tip \">\n                <div class=\"Button__line\"><\/div>\n                <svg class='icon icon--arrow-tip'  width=\"11\" height=\"16\" viewBox=\"0 0 11 16\" fill=\"none\" xmlns=\"http:\/\/www.w3.org\/2000\/svg\">\n<path d=\"M0.858398 15L9.2304 7.99664L0.967732 1.00001\" stroke=\"black\" stroke-width=\"2\" stroke-miterlimit=\"10\"\/>\n<\/svg>\n\n        <\/div>\n    <\/a>\n  <\/div>\n<\/div>\n<\/div>\n<\/div>\n","protected":false},"excerpt":{"rendered":"<p>F\u00f6r en arbetsmarknadspolitik som s\u00e4krar kompetensf\u00f6rs\u00f6rjningen och hj\u00e4lper m\u00e4nniskor till arbete m\u00e5ste reformen av Arbetsf\u00f6rmedlingens forts\u00e4tta. Reformen av Arbetsf\u00f6rmedlingen har inneburit att&nbsp;frist\u00e5ende leverant\u00f6rer&nbsp;p\u00e5 uppdrag av Arbetsf\u00f6rmedlingen sk\u00f6ter matchningen mellan individer och arbetsmarknad eller studier. M\u00e5nga &hellip;<\/p>\n","protected":false},"author":6058,"featured_media":12675,"parent":0,"menu_order":46,"comment_status":"closed","ping_status":"closed","template":"","meta":{"_acf_changed":false,"footnotes":""},"article_type":[],"agreement":[],"for-members":[],"class_list":["post-6707","page","type-page","status-publish","has-post-thumbnail","hentry"],"acf":[],"yoast_head":"<!-- This site is optimized with the Yoast SEO Premium plugin v26.8 (Yoast SEO v26.8) - https:\/\/yoast.com\/product\/yoast-seo-premium-wordpress\/ -->\n<title>Om Arbetsf\u00f6rmedlingens reform - Kompetensf\u00f6retagen<\/title>\n<meta name=\"description\" content=\"Arbetsf\u00f6rmedlingens reform beh\u00f6vs f\u00f6r en arbetsmarknadspolitik som s\u00e4krar kompetensf\u00f6rs\u00f6rjningen och hj\u00e4lper m\u00e4nniskor till arbete.\" \/>\n<meta name=\"robots\" content=\"index, follow, max-snippet:-1, max-image-preview:large, max-video-preview:-1\" \/>\n<link rel=\"canonical\" href=\"https:\/\/www.kompetensforetagen.se\/arbetsformedlingen\/\" \/>\n<meta property=\"og:locale\" content=\"sv_SE\" \/>\n<meta property=\"og:type\" content=\"article\" \/>\n<meta property=\"og:title\" content=\"Arbetsf\u00f6rmedlingen\" \/>\n<meta property=\"og:description\" content=\"Arbetsf\u00f6rmedlingens reform beh\u00f6vs f\u00f6r en arbetsmarknadspolitik som s\u00e4krar kompetensf\u00f6rs\u00f6rjningen och hj\u00e4lper m\u00e4nniskor till arbete.\" \/>\n<meta property=\"og:url\" content=\"https:\/\/www.kompetensforetagen.se\/arbetsformedlingen\/\" \/>\n<meta property=\"og:site_name\" content=\"Kompetensf\u00f6retagen\" \/>\n<meta property=\"article:modified_time\" content=\"2023-11-15T07:55:31+00:00\" \/>\n<meta property=\"og:image\" content=\"https:\/\/www.kompetensforetagen.se\/app\/uploads\/sites\/5\/2023\/04\/arbetsformedlningens_reform.png\" \/>\n\t<meta property=\"og:image:width\" content=\"1180\" \/>\n\t<meta property=\"og:image:height\" content=\"787\" \/>\n\t<meta property=\"og:image:type\" content=\"image\/png\" \/>\n<meta name=\"twitter:card\" content=\"summary_large_image\" \/>\n<meta name=\"twitter:label1\" content=\"Ber\u00e4knad l\u00e4stid\" \/>\n\t<meta name=\"twitter:data1\" content=\"2 minuter\" \/>\n<script type=\"application\/ld+json\" class=\"yoast-schema-graph\">{\"@context\":\"https:\/\/schema.org\",\"@graph\":[{\"@type\":\"WebPage\",\"@id\":\"https:\/\/www.kompetensforetagen.se\/arbetsformedlingen\/\",\"url\":\"https:\/\/www.kompetensforetagen.se\/arbetsformedlingen\/\",\"name\":\"Om Arbetsf\u00f6rmedlingens reform - Kompetensf\u00f6retagen\",\"isPartOf\":{\"@id\":\"https:\/\/www.kompetensforetagen.se\/#website\"},\"primaryImageOfPage\":{\"@id\":\"https:\/\/www.kompetensforetagen.se\/arbetsformedlingen\/#primaryimage\"},\"image\":{\"@id\":\"https:\/\/www.kompetensforetagen.se\/arbetsformedlingen\/#primaryimage\"},\"thumbnailUrl\":\"https:\/\/www.kompetensforetagen.se\/app\/uploads\/sites\/5\/2023\/04\/arbetsformedlningens_reform.png\",\"datePublished\":\"2021-03-18T13:24:17+00:00\",\"dateModified\":\"2023-11-15T07:55:31+00:00\",\"description\":\"Arbetsf\u00f6rmedlingens reform beh\u00f6vs f\u00f6r en arbetsmarknadspolitik som s\u00e4krar kompetensf\u00f6rs\u00f6rjningen och hj\u00e4lper m\u00e4nniskor till arbete.\",\"breadcrumb\":{\"@id\":\"https:\/\/www.kompetensforetagen.se\/arbetsformedlingen\/#breadcrumb\"},\"inLanguage\":\"sv-SE\",\"potentialAction\":[{\"@type\":\"ReadAction\",\"target\":[\"https:\/\/www.kompetensforetagen.se\/arbetsformedlingen\/\"]}]},{\"@type\":\"ImageObject\",\"inLanguage\":\"sv-SE\",\"@id\":\"https:\/\/www.kompetensforetagen.se\/arbetsformedlingen\/#primaryimage\",\"url\":\"https:\/\/www.kompetensforetagen.se\/app\/uploads\/sites\/5\/2023\/04\/arbetsformedlningens_reform.png\",\"contentUrl\":\"https:\/\/www.kompetensforetagen.se\/app\/uploads\/sites\/5\/2023\/04\/arbetsformedlningens_reform.png\",\"width\":1180,\"height\":787,\"caption\":\"Fyra laptops st\u00e5ende i par mittemot varandra, h\u00e4nder skriver p\u00e5 dem, Grafik om Arbetsf\u00f6rmedlingens reformering och matchningstj\u00e4nster.\"},{\"@type\":\"BreadcrumbList\",\"@id\":\"https:\/\/www.kompetensforetagen.se\/arbetsformedlingen\/#breadcrumb\",\"itemListElement\":[{\"@type\":\"ListItem\",\"position\":1,\"name\":\"Home\",\"item\":\"https:\/\/www.kompetensforetagen.se\/\"},{\"@type\":\"ListItem\",\"position\":2,\"name\":\"Arbetsf\u00f6rmedlingen\"}]},{\"@type\":\"WebSite\",\"@id\":\"https:\/\/www.kompetensforetagen.se\/#website\",\"url\":\"https:\/\/www.kompetensforetagen.se\/\",\"name\":\"Kompetensf\u00f6retagen\",\"description\":\"R\u00e4tt person p\u00e5 r\u00e4tt plats kan f\u00f6r\u00e4ndra v\u00e4rlden\",\"publisher\":{\"@id\":\"https:\/\/www.kompetensforetagen.se\/#organization\"},\"potentialAction\":[{\"@type\":\"SearchAction\",\"target\":{\"@type\":\"EntryPoint\",\"urlTemplate\":\"https:\/\/www.kompetensforetagen.se\/?s={search_term_string}\"},\"query-input\":{\"@type\":\"PropertyValueSpecification\",\"valueRequired\":true,\"valueName\":\"search_term_string\"}}],\"inLanguage\":\"sv-SE\"},{\"@type\":\"Organization\",\"@id\":\"https:\/\/www.kompetensforetagen.se\/#organization\",\"name\":\"Kompetensf\u00f6retagen\",\"url\":\"https:\/\/www.kompetensforetagen.se\/\",\"logo\":{\"@type\":\"ImageObject\",\"inLanguage\":\"sv-SE\",\"@id\":\"https:\/\/www.kompetensforetagen.se\/#\/schema\/logo\/image\/\",\"url\":\"https:\/\/www.kompetensforetagen.se\/app\/uploads\/sites\/5\/2022\/10\/logga_svart.png\",\"contentUrl\":\"https:\/\/www.kompetensforetagen.se\/app\/uploads\/sites\/5\/2022\/10\/logga_svart.png\",\"width\":752,\"height\":64,\"caption\":\"Kompetensf\u00f6retagen\"},\"image\":{\"@id\":\"https:\/\/www.kompetensforetagen.se\/#\/schema\/logo\/image\/\"},\"sameAs\":[\"https:\/\/www.linkedin.com\/company\/10540032\/\"]}]}<\/script>\n<!-- \/ Yoast SEO Premium plugin. -->","yoast_head_json":{"title":"Om Arbetsf\u00f6rmedlingens reform - Kompetensf\u00f6retagen","description":"Arbetsf\u00f6rmedlingens reform beh\u00f6vs f\u00f6r en arbetsmarknadspolitik som s\u00e4krar kompetensf\u00f6rs\u00f6rjningen och hj\u00e4lper m\u00e4nniskor till arbete.","robots":{"index":"index","follow":"follow","max-snippet":"max-snippet:-1","max-image-preview":"max-image-preview:large","max-video-preview":"max-video-preview:-1"},"canonical":"https:\/\/www.kompetensforetagen.se\/arbetsformedlingen\/","og_locale":"sv_SE","og_type":"article","og_title":"Arbetsf\u00f6rmedlingen","og_description":"Arbetsf\u00f6rmedlingens reform beh\u00f6vs f\u00f6r en arbetsmarknadspolitik som s\u00e4krar kompetensf\u00f6rs\u00f6rjningen och hj\u00e4lper m\u00e4nniskor till arbete.","og_url":"https:\/\/www.kompetensforetagen.se\/arbetsformedlingen\/","og_site_name":"Kompetensf\u00f6retagen","article_modified_time":"2023-11-15T07:55:31+00:00","og_image":[{"width":1180,"height":787,"url":"https:\/\/www.kompetensforetagen.se\/app\/uploads\/sites\/5\/2023\/04\/arbetsformedlningens_reform.png","type":"image\/png"}],"twitter_card":"summary_large_image","twitter_misc":{"Ber\u00e4knad l\u00e4stid":"2 minuter"},"schema":{"@context":"https:\/\/schema.org","@graph":[{"@type":"WebPage","@id":"https:\/\/www.kompetensforetagen.se\/arbetsformedlingen\/","url":"https:\/\/www.kompetensforetagen.se\/arbetsformedlingen\/","name":"Om Arbetsf\u00f6rmedlingens reform - Kompetensf\u00f6retagen","isPartOf":{"@id":"https:\/\/www.kompetensforetagen.se\/#website"},"primaryImageOfPage":{"@id":"https:\/\/www.kompetensforetagen.se\/arbetsformedlingen\/#primaryimage"},"image":{"@id":"https:\/\/www.kompetensforetagen.se\/arbetsformedlingen\/#primaryimage"},"thumbnailUrl":"https:\/\/www.kompetensforetagen.se\/app\/uploads\/sites\/5\/2023\/04\/arbetsformedlningens_reform.png","datePublished":"2021-03-18T13:24:17+00:00","dateModified":"2023-11-15T07:55:31+00:00","description":"Arbetsf\u00f6rmedlingens reform beh\u00f6vs f\u00f6r en arbetsmarknadspolitik som s\u00e4krar kompetensf\u00f6rs\u00f6rjningen och hj\u00e4lper m\u00e4nniskor till arbete.","breadcrumb":{"@id":"https:\/\/www.kompetensforetagen.se\/arbetsformedlingen\/#breadcrumb"},"inLanguage":"sv-SE","potentialAction":[{"@type":"ReadAction","target":["https:\/\/www.kompetensforetagen.se\/arbetsformedlingen\/"]}]},{"@type":"ImageObject","inLanguage":"sv-SE","@id":"https:\/\/www.kompetensforetagen.se\/arbetsformedlingen\/#primaryimage","url":"https:\/\/www.kompetensforetagen.se\/app\/uploads\/sites\/5\/2023\/04\/arbetsformedlningens_reform.png","contentUrl":"https:\/\/www.kompetensforetagen.se\/app\/uploads\/sites\/5\/2023\/04\/arbetsformedlningens_reform.png","width":1180,"height":787,"caption":"Fyra laptops st\u00e5ende i par mittemot varandra, h\u00e4nder skriver p\u00e5 dem, Grafik om Arbetsf\u00f6rmedlingens reformering och matchningstj\u00e4nster."},{"@type":"BreadcrumbList","@id":"https:\/\/www.kompetensforetagen.se\/arbetsformedlingen\/#breadcrumb","itemListElement":[{"@type":"ListItem","position":1,"name":"Home","item":"https:\/\/www.kompetensforetagen.se\/"},{"@type":"ListItem","position":2,"name":"Arbetsf\u00f6rmedlingen"}]},{"@type":"WebSite","@id":"https:\/\/www.kompetensforetagen.se\/#website","url":"https:\/\/www.kompetensforetagen.se\/","name":"Kompetensf\u00f6retagen","description":"R\u00e4tt person p\u00e5 r\u00e4tt plats kan f\u00f6r\u00e4ndra v\u00e4rlden","publisher":{"@id":"https:\/\/www.kompetensforetagen.se\/#organization"},"potentialAction":[{"@type":"SearchAction","target":{"@type":"EntryPoint","urlTemplate":"https:\/\/www.kompetensforetagen.se\/?s={search_term_string}"},"query-input":{"@type":"PropertyValueSpecification","valueRequired":true,"valueName":"search_term_string"}}],"inLanguage":"sv-SE"},{"@type":"Organization","@id":"https:\/\/www.kompetensforetagen.se\/#organization","name":"Kompetensf\u00f6retagen","url":"https:\/\/www.kompetensforetagen.se\/","logo":{"@type":"ImageObject","inLanguage":"sv-SE","@id":"https:\/\/www.kompetensforetagen.se\/#\/schema\/logo\/image\/","url":"https:\/\/www.kompetensforetagen.se\/app\/uploads\/sites\/5\/2022\/10\/logga_svart.png","contentUrl":"https:\/\/www.kompetensforetagen.se\/app\/uploads\/sites\/5\/2022\/10\/logga_svart.png","width":752,"height":64,"caption":"Kompetensf\u00f6retagen"},"image":{"@id":"https:\/\/www.kompetensforetagen.se\/#\/schema\/logo\/image\/"},"sameAs":["https:\/\/www.linkedin.com\/company\/10540032\/"]}]}},"_links":{"self":[{"href":"https:\/\/www.kompetensforetagen.se\/api\/wp\/v2\/pages\/6707","targetHints":{"allow":["GET"]}}],"collection":[{"href":"https:\/\/www.kompetensforetagen.se\/api\/wp\/v2\/pages"}],"about":[{"href":"https:\/\/www.kompetensforetagen.se\/api\/wp\/v2\/types\/page"}],"author":[{"embeddable":true,"href":"https:\/\/www.kompetensforetagen.se\/api\/wp\/v2\/users\/6058"}],"replies":[{"embeddable":true,"href":"https:\/\/www.kompetensforetagen.se\/api\/wp\/v2\/comments?post=6707"}],"version-history":[{"count":18,"href":"https:\/\/www.kompetensforetagen.se\/api\/wp\/v2\/pages\/6707\/revisions"}],"predecessor-version":[{"id":15680,"href":"https:\/\/www.kompetensforetagen.se\/api\/wp\/v2\/pages\/6707\/revisions\/15680"}],"wp:featuredmedia":[{"embeddable":true,"href":"https:\/\/www.kompetensforetagen.se\/api\/wp\/v2\/media\/12675"}],"wp:attachment":[{"href":"https:\/\/www.kompetensforetagen.se\/api\/wp\/v2\/media?parent=6707"}],"wp:term":[{"taxonomy":"type","embeddable":true,"href":"https:\/\/www.kompetensforetagen.se\/api\/wp\/v2\/article_type?post=6707"},{"taxonomy":"agreement","embeddable":true,"href":"https:\/\/www.kompetensforetagen.se\/api\/wp\/v2\/agreement?post=6707"},{"taxonomy":"for-members","embeddable":true,"href":"https:\/\/www.kompetensforetagen.se\/api\/wp\/v2\/for-members?post=6707"}],"curies":[{"name":"wp","href":"https:\/\/api.w.org\/{rel}","templated":true}]}}