{"id":6060,"date":"2021-01-22T16:17:17","date_gmt":"2021-01-22T15:17:17","guid":{"rendered":"https:\/\/www.kompetensforetagen.se\/?page_id=6060"},"modified":"2023-11-02T15:47:18","modified_gmt":"2023-11-02T14:47:18","slug":"vara-fragor","status":"publish","type":"page","link":"https:\/\/www.kompetensforetagen.se\/vara-fragor\/","title":{"rendered":"V\u00e5ra fokusomr\u00e5den"},"content":{"rendered":"<div id=\"block-hero-block_cf837e01be890b7a20db29d92afac5f9\" class=\"Hero has-green-background-color has-paragraph-text\">\n\n    \n  <div class=\"Hero__inner container has-green-background-color\">\n              <div class=\"Hero__title\">\n          <h1><i> V\u00e5ra fokusomr\u00e5den<\/i><\/h1>\n        <\/div>\n                    <div class=\"Hero__text\">\n          <p>Den svenska kompetensbranschens specialisering p\u00e5 bemanning, rekrytering och omst\u00e4llning \u00e4r avg\u00f6rande f\u00f6r svensk konkurrenskraft och syssels\u00e4ttning.\u00a0<\/p>\n\n        <\/div>\n                    <\/div>\n<\/div>\n\n\n\n<div class=\"wp-block-group has-white-background-color has-background is-layout-constrained wp-block-group-is-layout-constrained\">\n<div class=\"wp-block-columns is-layout-flex wp-container-core-columns-is-layout-9d6595d7 wp-block-columns-is-layout-flex\">\n<div class=\"wp-block-column is-layout-flow wp-block-column-is-layout-flow\"><div class=\"wp-block wp-block-core-heading\" id=\"varje-dag-hjalper-vara-medlemsforetag-verksamheter-och-individer-att-hitta-ratt-pa-en-arbetsmarknad-som-ar-specialiserad,-snabbrorlig,-fragmenterad-och-global.&nbsp;vi-ser-att-med-fler-reformer&nbsp;av&nbsp;arbetsmarknaden&nbsp;kan-vart-bidrag-bli-annu-storre.&nbsp;\">\n<h3 class=\"wp-block-heading\">Varje dag hj\u00e4lper v\u00e5ra medlemsf\u00f6retag verksamheter och individer att hitta r\u00e4tt p\u00e5 en arbetsmarknad som \u00e4r specialiserad, snabbr\u00f6rlig, fragmenterad och global.&nbsp;Vi ser att med fler reformer&nbsp;av&nbsp;arbetsmarknaden&nbsp;kan v\u00e5rt bidrag bli \u00e4nnu st\u00f6rre.&nbsp;<\/h3>\n<\/div>\n\n<div class=\"wp-block wp-block-core-paragraph\">\n<p><br><strong>Tidigare reformer&nbsp;av&nbsp;arbetsmarknaden&nbsp;<\/strong><br>Kompetensbranschen&nbsp;spelar en viktig roll p\u00e5 den svenska arbetsmarknaden, och&nbsp;har vuxit fram i takt med&nbsp;dess&nbsp;utveckling.&nbsp;F\u00f6rbudet mot privat arbetsf\u00f6rmedling&nbsp;h\u00e4vdes&nbsp;1993, och tillsammans med utvecklingen av anpassade kollektivavtal \u00e4r det exempel p\u00e5 reformer som fr\u00e4mjat s\u00e5v\u00e4l arbetsgivare som medarbetare. Tack vare dessa&nbsp;uppdateringar av regelverk och avtal&nbsp;har r\u00f6rligheten p\u00e5 arbetsmarknaden \u00f6kat och tr\u00f6sklarna in p\u00e5 den minskat. Det har blivit enklare f\u00f6r&nbsp;verksamheter att finna r\u00e4tt kompetens eller v\u00e4xla upp och ned i personalstyrkan n\u00e4r det kr\u00e4vs. Och det har skapat fler trygga jobb.&nbsp;&nbsp;&nbsp;<\/p>\n<\/div><\/div>\n\n\n\n<div class=\"wp-block-column is-layout-flow wp-block-column-is-layout-flow\">\n<figure class=\"wp-block-image size-full\"><img loading=\"lazy\" decoding=\"async\" width=\"1080\" height=\"1080\" src=\"https:\/\/www.kompetensforetagen.se\/app\/uploads\/sites\/5\/2023\/04\/Namnlos-design-19.gif\" alt=\"alt=&quot;&quot;\" class=\"wp-image-12703\"\/><\/figure>\n<\/div>\n<\/div>\n<\/div>\n\n\n\n<div class=\"wp-block-group has-secondary-background-color has-background is-layout-constrained wp-block-group-is-layout-constrained\">\n<div class=\"wp-block-columns is-layout-flex wp-container-core-columns-is-layout-9d6595d7 wp-block-columns-is-layout-flex\">\n<div class=\"wp-block-column is-layout-flow wp-block-column-is-layout-flow\">\n<div class=\"wp-block-columns is-layout-flex wp-container-core-columns-is-layout-9d6595d7 wp-block-columns-is-layout-flex\">\n<div class=\"wp-block-column is-layout-flow wp-block-column-is-layout-flow\" style=\"flex-basis:33.33%\"><div class=\"wp-block wp-block-core-heading heading-in-sidebar\" id=\"vart-uppdrag&nbsp;\"><a class='Share__link Share__link--url copy-text' href='#' rel='nofollow' data-text='vart-uppdrag&nbsp;' title='Dela url' data-confirmation='L\u00e4nken kopierades till urklipp'><svg class='icon icon--link'  width='18' height='18' viewBox='0 0 18 18' fill='none' xmlns='http:\/\/www.w3.org\/2000\/svg'>\n            <path d='M10.4142 0.514721L6.87868 4.05025L8.29289 5.46447L11.1213 2.63604L15.364 6.87868L12.5355 9.70711L13.9497 11.1213L17.4853 7.58579C17.8763 7.19476 17.8763 6.5626 17.4853 6.17158L11.8284 0.514721C11.4374 0.123691 10.8052 0.123691 10.4142 0.514721Z' fill='black'\/>\n            <path d='M9.7071 12.5355L6.87868 15.364L2.63604 11.1213L5.46446 8.2929L4.05025 6.87868L0.514716 10.4142C0.123686 10.8052 0.123686 11.4374 0.514716 11.8284L6.17157 17.4853C6.5626 17.8763 7.19475 17.8763 7.58578 17.4853L11.1213 13.9497L9.7071 12.5355Z' fill='black'\/>\n            <path d='M6.17157 11.8284C6.5626 12.2195 7.19475 12.2195 7.58578 11.8284L11.8284 7.58579C12.2195 7.19476 12.2195 6.56261 11.8284 6.17158C11.4374 5.78055 10.8052 5.78055 10.4142 6.17158L6.17157 10.4142C5.78054 10.8052 5.78054 11.4374 6.17157 11.8284Z' fill='black'\/>\n            <\/svg> <\/a>\n<h2 class=\"wp-block-heading\"><strong>V\u00e5rt uppdrag<\/strong>&nbsp;<\/h2>\n<\/div>\n\n<div class=\"wp-block wp-block-core-paragraph\">\n<p>Tv\u00e5&nbsp;av&nbsp;Kompetens\u00adf\u00f6retagens viktigaste&nbsp;uppdrag&nbsp;best\u00e5r i&nbsp;att vara en tydlig r\u00f6st&nbsp;f\u00f6r branschen i samh\u00e4llsdebatten&nbsp;och att&nbsp;skapa goda villkor och f\u00f6ruts\u00e4ttningar f\u00f6r v\u00e5ra medlems\u00adf\u00f6retag.&nbsp;Det g\u00f6r vi genom att informera&nbsp;och&nbsp;f\u00f6rmedla fakta&nbsp;om&nbsp;det v\u00e4rde och den samh\u00e4llsnytta branschen tillf\u00f6r.&nbsp;&nbsp;<\/p>\n<\/div><\/div>\n\n\n\n<div class=\"wp-block-column is-vertically-aligned-center is-layout-flow wp-block-column-is-layout-flow\" style=\"flex-basis:66.66%\"><div class=\"wp-block wp-block-core-list\">\n<ul class=\"wp-block-list\">\n<li>Vi&nbsp;f\u00f6r dialog med politiska beslutsfattare och myndigheter p\u00e5 olika niv\u00e5er.&nbsp;<\/li>\n\n\n\n<li>Vi finns p\u00e5 debatt- och nyhetssidor.&nbsp;<\/li>\n\n\n\n<li>Vi deltar i Almedalen, J\u00e4rvaveckan och liknande dialogarenor.<\/li>\n\n\n\n<li>Vi b\u00e5de f\u00f6ljer utvecklingen och f\u00f6rs\u00f6ker spana fram\u00e5t f\u00f6r skeenden inom branschen, p\u00e5 arbetsmarknaden, i politiska beslut och myndigheters arbete.&nbsp;&nbsp;<\/li>\n<\/ul>\n<\/div><\/div>\n<\/div>\n<\/div>\n<\/div>\n<\/div>\n\n\n\n<div class=\"wp-block-group has-green-background-color has-background is-layout-constrained wp-block-group-is-layout-constrained\">\n<div class=\"wp-block-columns is-layout-flex wp-container-core-columns-is-layout-9d6595d7 wp-block-columns-is-layout-flex\">\n<div class=\"wp-block-column has-green-background-color has-background is-layout-flow wp-block-column-is-layout-flow\"><div class=\"Listing has-green-background-color\">\n  <div class=\"container\">\n    <div class=\"Listing__heading\">\n       <h2>V\u00c5RA PRIORITERADE FR\u00c5GOR<\/h2>     <\/div>\n    <div class=\"row\">\n                            <div class=\"col-md-6 \">\n                      <article class=\"Blurb Blurb--vertical Blurb--page Blurb--vertical has-thumbnail\">\n  <a href=\"https:\/\/www.kompetensforetagen.se\/arbetsformedlingen\/\">\n          <div class=\"Blurb__thumbnail__wrap\">\n        <figure class=\"Blurb__thumbnail\">\n          <img loading=\"lazy\" decoding=\"async\" width=\"1180\" height=\"787\" src=\"https:\/\/www.kompetensforetagen.se\/app\/uploads\/sites\/5\/2023\/04\/arbetsformedlningens_reform.png\" class=\"attachment-small size-small wp-post-image\" alt=\"Fyra laptops st\u00e5ende i par mittemot varandra, h\u00e4nder skriver p\u00e5 dem, Grafik om Arbetsf\u00f6rmedlingens reformering och matchningstj\u00e4nster.\" srcset=\"https:\/\/www.kompetensforetagen.se\/app\/uploads\/sites\/5\/2023\/04\/arbetsformedlningens_reform.png 1180w, https:\/\/www.kompetensforetagen.se\/app\/uploads\/sites\/5\/2023\/04\/arbetsformedlningens_reform-580x387.png 580w, https:\/\/www.kompetensforetagen.se\/app\/uploads\/sites\/5\/2023\/04\/arbetsformedlningens_reform-380x253.png 380w, https:\/\/www.kompetensforetagen.se\/app\/uploads\/sites\/5\/2023\/04\/arbetsformedlningens_reform-768x512.png 768w, https:\/\/www.kompetensforetagen.se\/app\/uploads\/sites\/5\/2023\/04\/arbetsformedlningens_reform-600x400.png 600w\" sizes=\"auto, (max-width: 1180px) 100vw, 1180px\" \/>\n        <\/figure>\n      <\/div>\n        <div class=\"Blurb__content\">\n      <div class=\"Blurb__body\">\n        <div>\n                            <\/div>\n        <h3 class=\"Blurb__title\">\n          Arbetsf\u00f6rmedlingen\n        <\/h3>\n                  <div class=\"Blurb__text\">\n            F\u00f6r en arbetsmarknadspolitik som s\u00e4krar kompetensf\u00f6rs\u00f6rjningen och hj\u00e4lper m\u00e4nniskor till arbete m\u00e5ste reformen av Arbetsf\u00f6rmedlingens forts\u00e4tta. Reformen av Arbetsf\u00f6rmedlingen har inneburit att&nbsp;frist\u00e5ende leverant\u00f6rer&nbsp;p\u00e5 uppdrag av Arbetsf\u00f6rmedlingen sk\u00f6ter matchningen mellan individer och arbetsmarknad eller studier. M\u00e5nga &hellip;\n          <\/div>\n                <div class=\"Blurb__arrow\">\n                                <div class=\"Blurb__arrow__line\">\n              <svg class='icon icon--arrow-tip'  width=\"11\" height=\"16\" viewBox=\"0 0 11 16\" fill=\"none\" xmlns=\"http:\/\/www.w3.org\/2000\/svg\">\n<path d=\"M0.858398 15L9.2304 7.99664L0.967732 1.00001\" stroke=\"black\" stroke-width=\"2\" stroke-miterlimit=\"10\"\/>\n<\/svg>\n\n              <\/div>\n                  <\/div>\n      <\/div>\n    <\/div>\n  <\/a>\n<\/article>\n                  <\/div>\n                              <div class=\"col-md-6 \">\n                      <article class=\"Blurb Blurb--vertical Blurb--page Blurb--vertical has-thumbnail\">\n  <a href=\"https:\/\/www.kompetensforetagen.se\/etableringsjobben\/\">\n          <div class=\"Blurb__thumbnail__wrap\">\n        <figure class=\"Blurb__thumbnail\">\n          <img loading=\"lazy\" decoding=\"async\" width=\"1180\" height=\"787\" src=\"https:\/\/www.kompetensforetagen.se\/app\/uploads\/sites\/5\/2023\/04\/Etableringsjobb.png\" class=\"attachment-small size-small wp-post-image\" alt=\"Person i reflexv\u00e4st tejpar igen fraktkartong p\u00e5 lager, Grafik som f\u00f6rklarar Etableringsjobb och dess betydelse f\u00f6r integration.\" srcset=\"https:\/\/www.kompetensforetagen.se\/app\/uploads\/sites\/5\/2023\/04\/Etableringsjobb.png 1180w, https:\/\/www.kompetensforetagen.se\/app\/uploads\/sites\/5\/2023\/04\/Etableringsjobb-580x387.png 580w, https:\/\/www.kompetensforetagen.se\/app\/uploads\/sites\/5\/2023\/04\/Etableringsjobb-380x253.png 380w, https:\/\/www.kompetensforetagen.se\/app\/uploads\/sites\/5\/2023\/04\/Etableringsjobb-768x512.png 768w, https:\/\/www.kompetensforetagen.se\/app\/uploads\/sites\/5\/2023\/04\/Etableringsjobb-600x400.png 600w\" sizes=\"auto, (max-width: 1180px) 100vw, 1180px\" \/>\n        <\/figure>\n      <\/div>\n        <div class=\"Blurb__content\">\n      <div class=\"Blurb__body\">\n        <div>\n                            <\/div>\n        <h3 class=\"Blurb__title\">\n          Etableringsjobben\n        <\/h3>\n                  <div class=\"Blurb__text\">\n            Etableringsjobben \u00e4r ett anst\u00e4llningsst\u00f6d som p\u00e5 ett enkelt s\u00e4tt ska hj\u00e4lpa l\u00e5ngtidsarbetsl\u00f6sa till arbete. Kompetensf\u00f6retagen har tecknat avtal med Unionen om etableringsjobb (kr\u00e4ver inlogg) f\u00f6r station\u00e4ra tj\u00e4nstem\u00e4n samt f\u00f6r entreprenadtj\u00e4nstem\u00e4n. D\u00e4remot omfattas inte st\u00f6det bemanningsbranschen, &hellip;\n          <\/div>\n                <div class=\"Blurb__arrow\">\n                                <div class=\"Blurb__arrow__line\">\n              <svg class='icon icon--arrow-tip'  width=\"11\" height=\"16\" viewBox=\"0 0 11 16\" fill=\"none\" xmlns=\"http:\/\/www.w3.org\/2000\/svg\">\n<path d=\"M0.858398 15L9.2304 7.99664L0.967732 1.00001\" stroke=\"black\" stroke-width=\"2\" stroke-miterlimit=\"10\"\/>\n<\/svg>\n\n              <\/div>\n                  <\/div>\n      <\/div>\n    <\/div>\n  <\/a>\n<\/article>\n                  <\/div>\n                              <div class=\"col-md-6 \">\n                      <article class=\"Blurb Blurb--vertical Blurb--page Blurb--vertical has-thumbnail\">\n  <a href=\"https:\/\/www.kompetensforetagen.se\/offentlig-upphandling\/\">\n          <div class=\"Blurb__thumbnail__wrap\">\n        <figure class=\"Blurb__thumbnail\">\n          <img loading=\"lazy\" decoding=\"async\" width=\"1180\" height=\"787\" src=\"https:\/\/www.kompetensforetagen.se\/app\/uploads\/sites\/5\/2023\/04\/Offentlig-upphandling.png\" class=\"attachment-small size-small wp-post-image\" alt=\"Tv\u00e5 personer skakar hand \u00f6ver skrivbord: om offentlig upphandling av konsulttj\u00e4nster.\" srcset=\"https:\/\/www.kompetensforetagen.se\/app\/uploads\/sites\/5\/2023\/04\/Offentlig-upphandling.png 1180w, https:\/\/www.kompetensforetagen.se\/app\/uploads\/sites\/5\/2023\/04\/Offentlig-upphandling-580x387.png 580w, https:\/\/www.kompetensforetagen.se\/app\/uploads\/sites\/5\/2023\/04\/Offentlig-upphandling-380x253.png 380w, https:\/\/www.kompetensforetagen.se\/app\/uploads\/sites\/5\/2023\/04\/Offentlig-upphandling-768x512.png 768w, https:\/\/www.kompetensforetagen.se\/app\/uploads\/sites\/5\/2023\/04\/Offentlig-upphandling-600x400.png 600w\" sizes=\"auto, (max-width: 1180px) 100vw, 1180px\" \/>\n        <\/figure>\n      <\/div>\n        <div class=\"Blurb__content\">\n      <div class=\"Blurb__body\">\n        <div>\n                            <\/div>\n        <h3 class=\"Blurb__title\">\n          Offentlig upphandling\n        <\/h3>\n                  <div class=\"Blurb__text\">\n            11 tips till dig som upphandlare Offentlig upphandling Bli en b\u00e4ttre upphandlare av kompetenstj\u00e4nster. V\u00e5ra medlemsf\u00f6retag deltar i m\u00e5nga offentliga upphandlingar, men m\u00e5nga upplever upphandlingsprocessen som komplicerad och byr\u00e5kratisk. H\u00e4r har vi samlat 11 tips &hellip;\n          <\/div>\n                <div class=\"Blurb__arrow\">\n                                <div class=\"Blurb__arrow__line\">\n              <svg class='icon icon--arrow-tip'  width=\"11\" height=\"16\" viewBox=\"0 0 11 16\" fill=\"none\" xmlns=\"http:\/\/www.w3.org\/2000\/svg\">\n<path d=\"M0.858398 15L9.2304 7.99664L0.967732 1.00001\" stroke=\"black\" stroke-width=\"2\" stroke-miterlimit=\"10\"\/>\n<\/svg>\n\n              <\/div>\n                  <\/div>\n      <\/div>\n    <\/div>\n  <\/a>\n<\/article>\n                  <\/div>\n                              <div class=\"col-md-6 \">\n                      <article class=\"Blurb Blurb--vertical Blurb--page Blurb--vertical has-thumbnail\">\n  <a href=\"https:\/\/www.kompetensforetagen.se\/vardbemanning\/\">\n          <div class=\"Blurb__thumbnail__wrap\">\n        <figure class=\"Blurb__thumbnail\">\n          <img loading=\"lazy\" decoding=\"async\" width=\"1180\" height=\"787\" src=\"https:\/\/www.kompetensforetagen.se\/app\/uploads\/sites\/5\/2023\/04\/Vardbemanning.png\" class=\"attachment-small size-small wp-post-image\" alt=\"Ikon f\u00f6r v\u00e5rdbemanning \u2013 en viktig del av kompetensf\u00f6rs\u00f6rjningen.\" srcset=\"https:\/\/www.kompetensforetagen.se\/app\/uploads\/sites\/5\/2023\/04\/Vardbemanning.png 1180w, https:\/\/www.kompetensforetagen.se\/app\/uploads\/sites\/5\/2023\/04\/Vardbemanning-580x387.png 580w, https:\/\/www.kompetensforetagen.se\/app\/uploads\/sites\/5\/2023\/04\/Vardbemanning-380x253.png 380w, https:\/\/www.kompetensforetagen.se\/app\/uploads\/sites\/5\/2023\/04\/Vardbemanning-768x512.png 768w, https:\/\/www.kompetensforetagen.se\/app\/uploads\/sites\/5\/2023\/04\/Vardbemanning-600x400.png 600w\" sizes=\"auto, (max-width: 1180px) 100vw, 1180px\" \/>\n        <\/figure>\n      <\/div>\n        <div class=\"Blurb__content\">\n      <div class=\"Blurb__body\">\n        <div>\n                            <\/div>\n        <h3 class=\"Blurb__title\">\n          V\u00e5rdbemanning\n        <\/h3>\n                  <div class=\"Blurb__text\">\n            Kompetensf\u00f6rs\u00f6rjning&nbsp;\u2013v\u00e5rdens enskilt viktigaste fr\u00e5ga&nbsp; M\u00e5nga offentliga v\u00e5rdverksamheter st\u00e5r inf\u00f6r stora utmaningar, framf\u00f6rallt utanf\u00f6r de st\u00f6rre st\u00e4derna och i glesbygden. Det mesta talar f\u00f6r att de utmaningarna kommer att finnas under l\u00e5ng tid fram\u00f6ver. \u00c4ven med &hellip;\n          <\/div>\n                <div class=\"Blurb__arrow\">\n                                <div class=\"Blurb__arrow__line\">\n              <svg class='icon icon--arrow-tip'  width=\"11\" height=\"16\" viewBox=\"0 0 11 16\" fill=\"none\" xmlns=\"http:\/\/www.w3.org\/2000\/svg\">\n<path d=\"M0.858398 15L9.2304 7.99664L0.967732 1.00001\" stroke=\"black\" stroke-width=\"2\" stroke-miterlimit=\"10\"\/>\n<\/svg>\n\n              <\/div>\n                  <\/div>\n      <\/div>\n    <\/div>\n  <\/a>\n<\/article>\n                  <\/div>\n                  <\/div>\n  <\/div>\n<\/div><\/div>\n<\/div>\n\n\n\n<div class=\"wp-block-columns is-layout-flex wp-container-core-columns-is-layout-9d6595d7 wp-block-columns-is-layout-flex\">\n<div class=\"wp-block-column is-layout-flow wp-block-column-is-layout-flow\">\n<figure class=\"wp-block-image size-full\"><img loading=\"lazy\" decoding=\"async\" width=\"1180\" height=\"787\" src=\"https:\/\/www.kompetensforetagen.se\/app\/uploads\/sites\/5\/2023\/06\/Fokusomraden_internationellt.png\" alt=\"\" class=\"wp-image-13856\" srcset=\"https:\/\/www.kompetensforetagen.se\/app\/uploads\/sites\/5\/2023\/06\/Fokusomraden_internationellt.png 1180w, https:\/\/www.kompetensforetagen.se\/app\/uploads\/sites\/5\/2023\/06\/Fokusomraden_internationellt-580x387.png 580w, https:\/\/www.kompetensforetagen.se\/app\/uploads\/sites\/5\/2023\/06\/Fokusomraden_internationellt-380x253.png 380w, https:\/\/www.kompetensforetagen.se\/app\/uploads\/sites\/5\/2023\/06\/Fokusomraden_internationellt-768x512.png 768w, https:\/\/www.kompetensforetagen.se\/app\/uploads\/sites\/5\/2023\/06\/Fokusomraden_internationellt-600x400.png 600w\" sizes=\"auto, (max-width: 1180px) 100vw, 1180px\" \/><\/figure>\n\n\n<div class=\"wp-block wp-block-core-heading heading-in-sidebar\" id=\"internationellt\"><a class='Share__link Share__link--url copy-text' href='#' rel='nofollow' data-text='internationellt' title='Dela url' data-confirmation='L\u00e4nken kopierades till urklipp'><svg class='icon icon--link'  width='18' height='18' viewBox='0 0 18 18' fill='none' xmlns='http:\/\/www.w3.org\/2000\/svg'>\n            <path d='M10.4142 0.514721L6.87868 4.05025L8.29289 5.46447L11.1213 2.63604L15.364 6.87868L12.5355 9.70711L13.9497 11.1213L17.4853 7.58579C17.8763 7.19476 17.8763 6.5626 17.4853 6.17158L11.8284 0.514721C11.4374 0.123691 10.8052 0.123691 10.4142 0.514721Z' fill='black'\/>\n            <path d='M9.7071 12.5355L6.87868 15.364L2.63604 11.1213L5.46446 8.2929L4.05025 6.87868L0.514716 10.4142C0.123686 10.8052 0.123686 11.4374 0.514716 11.8284L6.17157 17.4853C6.5626 17.8763 7.19475 17.8763 7.58578 17.4853L11.1213 13.9497L9.7071 12.5355Z' fill='black'\/>\n            <path d='M6.17157 11.8284C6.5626 12.2195 7.19475 12.2195 7.58578 11.8284L11.8284 7.58579C12.2195 7.19476 12.2195 6.56261 11.8284 6.17158C11.4374 5.78055 10.8052 5.78055 10.4142 6.17158L6.17157 10.4142C5.78054 10.8052 5.78054 11.4374 6.17157 11.8284Z' fill='black'\/>\n            <\/svg> <\/a>\n<h2 class=\"wp-block-heading\">Internationellt<\/h2>\n<\/div>\n\n<div class=\"wp-block wp-block-core-paragraph\">\n<p>Kompetens\u00adf\u00f6retagen \u00e4r medlem av World Employment Confederation-Europe, WEC. Kompetens\u00adf\u00f6retagens engagemang&nbsp; i WEC har historia.<\/p>\n<\/div>\n\n<div id=\"block-iconlink-block_eaf2c14e0088e8c8069bae1e349e59c2\" class=\"Icon-link Icon-link--squiggly-arrow-link\">\n      <a href=\"https:\/\/www.kompetensforetagen.se\/internationellt\/\" target=\"_blank\" class=\"Button is-button is-fullwidth is-style-fill has-black-background-color has-black-border-color has-white-color Button--squiggly-arrow-link white-space-nowrap\">\n      <div class=\"Button__text\">\n        L\u00e4s mer\n      <\/div>\n      <div class=\"Button__arrow \">\n                <div class=\"Button__line\"><\/div>\n                <svg class='icon icon--squiggly-arrow-link'  width=\"114\" height=\"36\" viewBox=\"0 0 114 36\" fill=\"none\" xmlns=\"http:\/\/www.w3.org\/2000\/svg\">\n<path d=\"M0.591797 18.5C7.0918 18.5 11.5209 19.9081 13.4345 14.5C14.3308 11.9657 14.3461 11.9541 15.0839 9.38315C15.7735 6.97969 17.3449 4.54993 19.8345 3.93399C22.9224 3.16984 26.0805 5.67017 27.0204 8.62798C27.9603 11.5851 27.243 14.7829 26.3407 17.751C25.4378 20.719 24.34 23.7256 24.5322 26.8156C24.7244 29.9049 26.6162 33.154 29.7193 33.8559C33.0114 34.5995 36.3563 32.146 37.6741 29.1234C38.9912 26.0995 38.7745 22.6791 38.4839 19.4082C38.1926 16.1373 37.8656 12.7464 38.9918 9.65134C40.1187 6.55559 43.1657 3.84801 46.5259 4.19961C49.9434 4.55763 52.3227 7.90617 52.8134 11.2104C53.3042 14.5147 52.3993 17.8408 51.8259 21.1322C51.2526 24.4237 51.0624 28.0141 52.8029 30.8923C54.221 33.2393 56.8902 34.826 59.6869 34.9864C62.4836 35.1468 65.3259 33.8758 67.0188 31.7072C69.5136 28.5126 69.3227 24.0689 68.5255 20.1345C67.7289 16.1996 66.4369 12.2139 67.1225 8.2597C67.8081 4.30548 71.3849 0.426331 75.4597 1.0705C78.5034 1.55171 80.6627 4.37413 81.4078 7.28189C82.1528 10.189 81.8133 13.2366 81.7711 16.2323C81.7288 19.2279 82.0551 22.4052 83.8874 24.8144C86.657 28.4555 91.9762 29.2197 96.6072 28.7147C101.239 28.2098 105.813 25.7501 110.457 26.1383\" stroke=\"black\" stroke-width=\"2\" stroke-miterlimit=\"10\"\/>\n<path d=\"M105.097 35L111.68 25.3613L102.457 18.2063\" stroke=\"black\" stroke-width=\"2\" stroke-miterlimit=\"10\"\/>\n<\/svg>\n\n        <\/div>\n    <\/a>\n  <\/div>\n<\/div>\n\n\n\n<div class=\"wp-block-column is-vertically-aligned-center is-layout-flow wp-block-column-is-layout-flow\"><div id=\"block-cta-block_f7a0249953065de942e1d71608e6e318\" class=\"container\">\n      <div class=\"Cta aligncenter\">\n          <div class=\"Cta__text has-primary-background-color has-white-color\">\n        <p>\n           <span class=\"text-1\">Remissyttranden<\/span>                   <\/p>\n        \n              <\/div>\n\n      \n              <div class=\"Cta__buttons \">\n                                              \n              <a href=\"https:\/\/www.kompetensforetagen.se\/remisser\/\"  target=\"_blank\"  class=\"Cta__button\">\n                <div class=\"Button Button--arrow-tip white-space-nowrap has-black-background-color has-white-color\">\n                  <div class=\"Button__text\">\n                    L\u00e4s mer\n                  <\/div>\n                  <div class=\"Button__arrow\">\n                                          <span class=\"Button__line\"><\/span>\n                                        <svg class='icon icon--arrow-tip'  width=\"11\" height=\"16\" viewBox=\"0 0 11 16\" fill=\"none\" xmlns=\"http:\/\/www.w3.org\/2000\/svg\">\n<path d=\"M0.858398 15L9.2304 7.99664L0.967732 1.00001\" stroke=\"black\" stroke-width=\"2\" stroke-miterlimit=\"10\"\/>\n<\/svg>\n\n                    <\/div>\n                <\/div>\n              <\/a>\n                              <\/div>\n            <\/div>\n  <\/div>\n\n\n\n<div id=\"block-cta-block_a95c5ce7301cdd4d731010a792b7d6fc\" class=\"container\">\n      <div class=\"Cta\">\n          <div class=\"Cta__text has-primary-background-color has-white-color\">\n        <p>\n           <span class=\"text-1\">Kompetensf\u00f6retagen<\/span>            <span class=\"text-2 has-black-color\">i media<\/span>          <\/p>\n        \n              <\/div>\n\n      \n              <div class=\"Cta__buttons \">\n                                              \n              <a href=\"https:\/\/www.kompetensforetagen.se\/media\/\"  target=\"_blank\"  class=\"Cta__button\">\n                <div class=\"Button Button--arrow-tip white-space-nowrap has-black-background-color has-white-color\">\n                  <div class=\"Button__text\">\n                    I media\n                  <\/div>\n                  <div class=\"Button__arrow\">\n                                          <span class=\"Button__line\"><\/span>\n                                        <svg class='icon icon--arrow-tip'  width=\"11\" height=\"16\" viewBox=\"0 0 11 16\" fill=\"none\" xmlns=\"http:\/\/www.w3.org\/2000\/svg\">\n<path d=\"M0.858398 15L9.2304 7.99664L0.967732 1.00001\" stroke=\"black\" stroke-width=\"2\" stroke-miterlimit=\"10\"\/>\n<\/svg>\n\n                    <\/div>\n                <\/div>\n              <\/a>\n                              <\/div>\n            <\/div>\n  <\/div>\n\n<\/div>\n<\/div>\n<\/div>\n\n\n\n<figure class=\"wp-block-image size-full\"><a href=\"https:\/\/www.linkedin.com\/company\/10540032\/admin\/\"><img loading=\"lazy\" decoding=\"async\" width=\"1920\" height=\"1080\" src=\"https:\/\/www.kompetensforetagen.se\/app\/uploads\/sites\/5\/2023\/03\/Namnlos-design-15.gif\" alt=\"alt=&quot;&quot;\" class=\"wp-image-11928\"\/><\/a><\/figure>\n","protected":false},"excerpt":{"rendered":"<p>Varje dag hj\u00e4lper v\u00e5ra medlemsf\u00f6retag verksamheter och individer att hitta r\u00e4tt p\u00e5 en arbetsmarknad som \u00e4r specialiserad, snabbr\u00f6rlig, fragmenterad och global.&nbsp;Vi ser att med fler reformer&nbsp;av&nbsp;arbetsmarknaden&nbsp;kan v\u00e5rt bidrag bli \u00e4nnu st\u00f6rre.&nbsp; Tidigare reformer&nbsp;av&nbsp;arbetsmarknaden&nbsp;Kompetensbranschen&nbsp;spelar en viktig &hellip;<\/p>\n","protected":false},"author":6058,"featured_media":0,"parent":0,"menu_order":15,"comment_status":"closed","ping_status":"closed","template":"","meta":{"_acf_changed":false,"footnotes":""},"article_type":[],"agreement":[],"for-members":[],"class_list":["post-6060","page","type-page","status-publish","hentry"],"acf":[],"yoast_head":"<!-- This site is optimized with the Yoast SEO Premium plugin v26.8 (Yoast SEO v26.8) - https:\/\/yoast.com\/product\/yoast-seo-premium-wordpress\/ -->\n<title>Fokusomr\u00e5den I Kompetensf\u00f6retagen<\/title>\n<meta name=\"description\" content=\"H\u00e4r kan du l\u00e4sa mer om Kompetensf\u00f6retagens fokusomr\u00e5den. H\u00e4r finns ocks\u00e5 debattartiklar, nyheter och annat som r\u00f6r dessa fr\u00e5gor.\u00a0\u00a0\" \/>\n<meta name=\"robots\" content=\"index, follow, max-snippet:-1, max-image-preview:large, max-video-preview:-1\" \/>\n<link rel=\"canonical\" href=\"https:\/\/www.kompetensforetagen.se\/vara-fragor\/\" \/>\n<meta property=\"og:locale\" content=\"sv_SE\" \/>\n<meta property=\"og:type\" content=\"article\" \/>\n<meta property=\"og:title\" content=\"V\u00e5ra fokusomr\u00e5den\" \/>\n<meta property=\"og:description\" content=\"H\u00e4r kan du l\u00e4sa mer om Kompetensf\u00f6retagens fokusomr\u00e5den. H\u00e4r finns ocks\u00e5 debattartiklar, nyheter och annat som r\u00f6r dessa fr\u00e5gor.\u00a0\u00a0\" \/>\n<meta property=\"og:url\" content=\"https:\/\/www.kompetensforetagen.se\/vara-fragor\/\" \/>\n<meta property=\"og:site_name\" content=\"Kompetensf\u00f6retagen\" \/>\n<meta property=\"article:modified_time\" content=\"2023-11-02T14:47:18+00:00\" \/>\n<meta property=\"og:image\" content=\"https:\/\/www.kompetensforetagen.se\/app\/uploads\/sites\/5\/2023\/04\/Namnlos-design-19.gif\" \/>\n<meta name=\"twitter:card\" content=\"summary_large_image\" \/>\n<meta name=\"twitter:label1\" content=\"Ber\u00e4knad l\u00e4stid\" \/>\n\t<meta name=\"twitter:data1\" content=\"2 minuter\" \/>\n<script type=\"application\/ld+json\" class=\"yoast-schema-graph\">{\"@context\":\"https:\/\/schema.org\",\"@graph\":[{\"@type\":\"WebPage\",\"@id\":\"https:\/\/www.kompetensforetagen.se\/vara-fragor\/\",\"url\":\"https:\/\/www.kompetensforetagen.se\/vara-fragor\/\",\"name\":\"Fokusomr\u00e5den I Kompetensf\u00f6retagen\",\"isPartOf\":{\"@id\":\"https:\/\/www.kompetensforetagen.se\/#website\"},\"primaryImageOfPage\":{\"@id\":\"https:\/\/www.kompetensforetagen.se\/vara-fragor\/#primaryimage\"},\"image\":{\"@id\":\"https:\/\/www.kompetensforetagen.se\/vara-fragor\/#primaryimage\"},\"thumbnailUrl\":\"https:\/\/www.kompetensforetagen.se\/app\/uploads\/sites\/5\/2023\/04\/Namnlos-design-19.gif\",\"datePublished\":\"2021-01-22T15:17:17+00:00\",\"dateModified\":\"2023-11-02T14:47:18+00:00\",\"description\":\"H\u00e4r kan du l\u00e4sa mer om Kompetensf\u00f6retagens fokusomr\u00e5den. H\u00e4r finns ocks\u00e5 debattartiklar, nyheter och annat som r\u00f6r dessa fr\u00e5gor.\u00a0\u00a0\",\"breadcrumb\":{\"@id\":\"https:\/\/www.kompetensforetagen.se\/vara-fragor\/#breadcrumb\"},\"inLanguage\":\"sv-SE\",\"potentialAction\":[{\"@type\":\"ReadAction\",\"target\":[\"https:\/\/www.kompetensforetagen.se\/vara-fragor\/\"]}]},{\"@type\":\"ImageObject\",\"inLanguage\":\"sv-SE\",\"@id\":\"https:\/\/www.kompetensforetagen.se\/vara-fragor\/#primaryimage\",\"url\":\"https:\/\/www.kompetensforetagen.se\/app\/uploads\/sites\/5\/2023\/04\/Namnlos-design-19.gif\",\"contentUrl\":\"https:\/\/www.kompetensforetagen.se\/app\/uploads\/sites\/5\/2023\/04\/Namnlos-design-19.gif\",\"width\":1080,\"height\":1080,\"caption\":\"Animerad grafik f\u00f6r V\u00e5ra fokusomr\u00e5den inom kompetensbranschen.\"},{\"@type\":\"BreadcrumbList\",\"@id\":\"https:\/\/www.kompetensforetagen.se\/vara-fragor\/#breadcrumb\",\"itemListElement\":[{\"@type\":\"ListItem\",\"position\":1,\"name\":\"Home\",\"item\":\"https:\/\/www.kompetensforetagen.se\/\"},{\"@type\":\"ListItem\",\"position\":2,\"name\":\"V\u00e5ra fokusomr\u00e5den\"}]},{\"@type\":\"WebSite\",\"@id\":\"https:\/\/www.kompetensforetagen.se\/#website\",\"url\":\"https:\/\/www.kompetensforetagen.se\/\",\"name\":\"Kompetensf\u00f6retagen\",\"description\":\"R\u00e4tt person p\u00e5 r\u00e4tt plats kan f\u00f6r\u00e4ndra v\u00e4rlden\",\"publisher\":{\"@id\":\"https:\/\/www.kompetensforetagen.se\/#organization\"},\"potentialAction\":[{\"@type\":\"SearchAction\",\"target\":{\"@type\":\"EntryPoint\",\"urlTemplate\":\"https:\/\/www.kompetensforetagen.se\/?s={search_term_string}\"},\"query-input\":{\"@type\":\"PropertyValueSpecification\",\"valueRequired\":true,\"valueName\":\"search_term_string\"}}],\"inLanguage\":\"sv-SE\"},{\"@type\":\"Organization\",\"@id\":\"https:\/\/www.kompetensforetagen.se\/#organization\",\"name\":\"Kompetensf\u00f6retagen\",\"url\":\"https:\/\/www.kompetensforetagen.se\/\",\"logo\":{\"@type\":\"ImageObject\",\"inLanguage\":\"sv-SE\",\"@id\":\"https:\/\/www.kompetensforetagen.se\/#\/schema\/logo\/image\/\",\"url\":\"https:\/\/www.kompetensforetagen.se\/app\/uploads\/sites\/5\/2022\/10\/logga_svart.png\",\"contentUrl\":\"https:\/\/www.kompetensforetagen.se\/app\/uploads\/sites\/5\/2022\/10\/logga_svart.png\",\"width\":752,\"height\":64,\"caption\":\"Kompetensf\u00f6retagen\"},\"image\":{\"@id\":\"https:\/\/www.kompetensforetagen.se\/#\/schema\/logo\/image\/\"},\"sameAs\":[\"https:\/\/www.linkedin.com\/company\/10540032\/\"]}]}<\/script>\n<!-- \/ Yoast SEO Premium plugin. -->","yoast_head_json":{"title":"Fokusomr\u00e5den I Kompetensf\u00f6retagen","description":"H\u00e4r kan du l\u00e4sa mer om Kompetensf\u00f6retagens fokusomr\u00e5den. H\u00e4r finns ocks\u00e5 debattartiklar, nyheter och annat som r\u00f6r dessa fr\u00e5gor.\u00a0\u00a0","robots":{"index":"index","follow":"follow","max-snippet":"max-snippet:-1","max-image-preview":"max-image-preview:large","max-video-preview":"max-video-preview:-1"},"canonical":"https:\/\/www.kompetensforetagen.se\/vara-fragor\/","og_locale":"sv_SE","og_type":"article","og_title":"V\u00e5ra fokusomr\u00e5den","og_description":"H\u00e4r kan du l\u00e4sa mer om Kompetensf\u00f6retagens fokusomr\u00e5den. H\u00e4r finns ocks\u00e5 debattartiklar, nyheter och annat som r\u00f6r dessa fr\u00e5gor.\u00a0\u00a0","og_url":"https:\/\/www.kompetensforetagen.se\/vara-fragor\/","og_site_name":"Kompetensf\u00f6retagen","article_modified_time":"2023-11-02T14:47:18+00:00","og_image":[{"url":"https:\/\/www.kompetensforetagen.se\/app\/uploads\/sites\/5\/2023\/04\/Namnlos-design-19.gif","type":"","width":"","height":""}],"twitter_card":"summary_large_image","twitter_misc":{"Ber\u00e4knad l\u00e4stid":"2 minuter"},"schema":{"@context":"https:\/\/schema.org","@graph":[{"@type":"WebPage","@id":"https:\/\/www.kompetensforetagen.se\/vara-fragor\/","url":"https:\/\/www.kompetensforetagen.se\/vara-fragor\/","name":"Fokusomr\u00e5den I Kompetensf\u00f6retagen","isPartOf":{"@id":"https:\/\/www.kompetensforetagen.se\/#website"},"primaryImageOfPage":{"@id":"https:\/\/www.kompetensforetagen.se\/vara-fragor\/#primaryimage"},"image":{"@id":"https:\/\/www.kompetensforetagen.se\/vara-fragor\/#primaryimage"},"thumbnailUrl":"https:\/\/www.kompetensforetagen.se\/app\/uploads\/sites\/5\/2023\/04\/Namnlos-design-19.gif","datePublished":"2021-01-22T15:17:17+00:00","dateModified":"2023-11-02T14:47:18+00:00","description":"H\u00e4r kan du l\u00e4sa mer om Kompetensf\u00f6retagens fokusomr\u00e5den. H\u00e4r finns ocks\u00e5 debattartiklar, nyheter och annat som r\u00f6r dessa fr\u00e5gor.\u00a0\u00a0","breadcrumb":{"@id":"https:\/\/www.kompetensforetagen.se\/vara-fragor\/#breadcrumb"},"inLanguage":"sv-SE","potentialAction":[{"@type":"ReadAction","target":["https:\/\/www.kompetensforetagen.se\/vara-fragor\/"]}]},{"@type":"ImageObject","inLanguage":"sv-SE","@id":"https:\/\/www.kompetensforetagen.se\/vara-fragor\/#primaryimage","url":"https:\/\/www.kompetensforetagen.se\/app\/uploads\/sites\/5\/2023\/04\/Namnlos-design-19.gif","contentUrl":"https:\/\/www.kompetensforetagen.se\/app\/uploads\/sites\/5\/2023\/04\/Namnlos-design-19.gif","width":1080,"height":1080,"caption":"Animerad grafik f\u00f6r V\u00e5ra fokusomr\u00e5den inom kompetensbranschen."},{"@type":"BreadcrumbList","@id":"https:\/\/www.kompetensforetagen.se\/vara-fragor\/#breadcrumb","itemListElement":[{"@type":"ListItem","position":1,"name":"Home","item":"https:\/\/www.kompetensforetagen.se\/"},{"@type":"ListItem","position":2,"name":"V\u00e5ra fokusomr\u00e5den"}]},{"@type":"WebSite","@id":"https:\/\/www.kompetensforetagen.se\/#website","url":"https:\/\/www.kompetensforetagen.se\/","name":"Kompetensf\u00f6retagen","description":"R\u00e4tt person p\u00e5 r\u00e4tt plats kan f\u00f6r\u00e4ndra v\u00e4rlden","publisher":{"@id":"https:\/\/www.kompetensforetagen.se\/#organization"},"potentialAction":[{"@type":"SearchAction","target":{"@type":"EntryPoint","urlTemplate":"https:\/\/www.kompetensforetagen.se\/?s={search_term_string}"},"query-input":{"@type":"PropertyValueSpecification","valueRequired":true,"valueName":"search_term_string"}}],"inLanguage":"sv-SE"},{"@type":"Organization","@id":"https:\/\/www.kompetensforetagen.se\/#organization","name":"Kompetensf\u00f6retagen","url":"https:\/\/www.kompetensforetagen.se\/","logo":{"@type":"ImageObject","inLanguage":"sv-SE","@id":"https:\/\/www.kompetensforetagen.se\/#\/schema\/logo\/image\/","url":"https:\/\/www.kompetensforetagen.se\/app\/uploads\/sites\/5\/2022\/10\/logga_svart.png","contentUrl":"https:\/\/www.kompetensforetagen.se\/app\/uploads\/sites\/5\/2022\/10\/logga_svart.png","width":752,"height":64,"caption":"Kompetensf\u00f6retagen"},"image":{"@id":"https:\/\/www.kompetensforetagen.se\/#\/schema\/logo\/image\/"},"sameAs":["https:\/\/www.linkedin.com\/company\/10540032\/"]}]}},"_links":{"self":[{"href":"https:\/\/www.kompetensforetagen.se\/api\/wp\/v2\/pages\/6060","targetHints":{"allow":["GET"]}}],"collection":[{"href":"https:\/\/www.kompetensforetagen.se\/api\/wp\/v2\/pages"}],"about":[{"href":"https:\/\/www.kompetensforetagen.se\/api\/wp\/v2\/types\/page"}],"author":[{"embeddable":true,"href":"https:\/\/www.kompetensforetagen.se\/api\/wp\/v2\/users\/6058"}],"replies":[{"embeddable":true,"href":"https:\/\/www.kompetensforetagen.se\/api\/wp\/v2\/comments?post=6060"}],"version-history":[{"count":35,"href":"https:\/\/www.kompetensforetagen.se\/api\/wp\/v2\/pages\/6060\/revisions"}],"predecessor-version":[{"id":15594,"href":"https:\/\/www.kompetensforetagen.se\/api\/wp\/v2\/pages\/6060\/revisions\/15594"}],"wp:attachment":[{"href":"https:\/\/www.kompetensforetagen.se\/api\/wp\/v2\/media?parent=6060"}],"wp:term":[{"taxonomy":"type","embeddable":true,"href":"https:\/\/www.kompetensforetagen.se\/api\/wp\/v2\/article_type?post=6060"},{"taxonomy":"agreement","embeddable":true,"href":"https:\/\/www.kompetensforetagen.se\/api\/wp\/v2\/agreement?post=6060"},{"taxonomy":"for-members","embeddable":true,"href":"https:\/\/www.kompetensforetagen.se\/api\/wp\/v2\/for-members?post=6060"}],"curies":[{"name":"wp","href":"https:\/\/api.w.org\/{rel}","templated":true}]}}