{"id":596,"date":"2014-04-03T16:00:00","date_gmt":"2014-04-03T14:00:00","guid":{"rendered":"http:\/\/staging.bemanningsforetagen.se\/forsakringar-for-medlemmar-i-bemanningsforetagen\/"},"modified":"2026-04-20T09:40:33","modified_gmt":"2026-04-20T07:40:33","slug":"forsakringar-for-medlemmar-i-kompetensforetagen","status":"publish","type":"page","link":"https:\/\/www.kompetensforetagen.se\/medlemssidor\/forsakringar-for-medlemmar-i-kompetensforetagen\/","title":{"rendered":"Ansvars&shy;f\u00f6rs\u00e4kring f\u00f6r dig som \u00e4r medlem"},"content":{"rendered":"<div class=\"wp-block wp-block-core-heading\" id=\"ett-medlemserbjudande\">\n<h1 class=\"wp-block-heading\" id=\"h-ett-medlemserbjudande\">Ett medlemserbjudande<\/h1>\n<\/div>\n\n\n<div class=\"wp-block-group has-secondary-background-color has-background is-layout-constrained wp-block-group-is-layout-constrained\">\n<div class=\"wp-block-columns is-layout-flex wp-container-core-columns-is-layout-9d6595d7 wp-block-columns-is-layout-flex\">\n<div class=\"wp-block-column is-layout-flow wp-block-column-is-layout-flow\" style=\"flex-basis:66.66%\"><div class=\"wp-block wp-block-core-heading heading-in-sidebar\" id=\"som-medlem-har-du-mojlighet-att-teckna-var-branschanpassade-ansvarsforsakring.-forsakringen-motsvarar-de-krav-som-stalls-for-medlemskap.\"><a class='Share__link Share__link--url copy-text' href='#' rel='nofollow' data-text='som-medlem-har-du-mojlighet-att-teckna-var-branschanpassade-ansvarsforsakring.-forsakringen-motsvarar-de-krav-som-stalls-for-medlemskap.' title='Dela url' data-confirmation='L\u00e4nken kopierades till urklipp'><svg class='icon icon--link'  width='18' height='18' viewBox='0 0 18 18' fill='none' xmlns='http:\/\/www.w3.org\/2000\/svg'>\n            <path d='M10.4142 0.514721L6.87868 4.05025L8.29289 5.46447L11.1213 2.63604L15.364 6.87868L12.5355 9.70711L13.9497 11.1213L17.4853 7.58579C17.8763 7.19476 17.8763 6.5626 17.4853 6.17158L11.8284 0.514721C11.4374 0.123691 10.8052 0.123691 10.4142 0.514721Z' fill='black'\/>\n            <path d='M9.7071 12.5355L6.87868 15.364L2.63604 11.1213L5.46446 8.2929L4.05025 6.87868L0.514716 10.4142C0.123686 10.8052 0.123686 11.4374 0.514716 11.8284L6.17157 17.4853C6.5626 17.8763 7.19475 17.8763 7.58578 17.4853L11.1213 13.9497L9.7071 12.5355Z' fill='black'\/>\n            <path d='M6.17157 11.8284C6.5626 12.2195 7.19475 12.2195 7.58578 11.8284L11.8284 7.58579C12.2195 7.19476 12.2195 6.56261 11.8284 6.17158C11.4374 5.78055 10.8052 5.78055 10.4142 6.17158L6.17157 10.4142C5.78054 10.8052 5.78054 11.4374 6.17157 11.8284Z' fill='black'\/>\n            <\/svg> <\/a>\n<h2 class=\"wp-block-heading\" id=\"h-som-medlem-har-du-mojlighet-att-teckna-var-branschanpassade-ansvarsforsakring-forsakringen-motsvarar-de-krav-som-stalls-for-medlemskap\"><strong>Som medlem har du m\u00f6jlighet att teckna v\u00e5r branschanpassade ansvarsf\u00f6rs\u00e4kring. F\u00f6rs\u00e4kringen motsvarar de krav som st\u00e4lls f\u00f6r medlemskap.<\/strong><\/h2>\n<\/div>\n\n<div class=\"wp-block wp-block-core-paragraph\">\n<p>Kompetensf\u00f6retagen har ett samarbete med <a href=\"http:\/\/www.soderbergpartners.se\" target=\"_blank\" rel=\"noreferrer noopener\">S\u00f6derberg &amp; Partners<\/a> och f\u00f6rs\u00e4kringsbolaget <a href=\"https:\/\/www.svedea.se\/?gclid=Cj0KCQjwuMuRBhCJARIsAHXdnqNv574b0EZ9TNUEN26jtmOgmflKEEGu0XOjbcvZaF4qKvIUTf62ssYaAoYqEALw_wcB\" target=\"_blank\" rel=\"noreferrer noopener\">Svedea<\/a>, som inneb\u00e4r att du som medlem har m\u00f6jlighet att teckna olika f\u00f6rs\u00e4kringar hos dem. Dessa motsvarar de krav som st\u00e4lls f\u00f6r medlemskap. Du kan givetvis tecknas hos andra f\u00f6rs\u00e4kringsbolag om du s\u00e5 \u00f6nskar.<\/p>\n<\/div>\n\n<div class=\"wp-block wp-block-core-paragraph\">\n<p><mark class=\"has-inline-color has-green-color\">F\u00f6r att s\u00e4kerst\u00e4lla korrekt skydd och ansvar \u00e4r det viktigt att f\u00f6rs\u00e4kringsbrevet tydligt anger att f\u00f6rs\u00e4kringen omfattar verksamhet inom bemanning, omst\u00e4llning eller rekrytering.<\/mark><\/p>\n<\/div>\n\n<div class=\"wp-block wp-block-core-paragraph\">\n<p>S\u00f6derberg &amp; Partners f\u00f6rs\u00e4kringsl\u00f6sning \u00e4r anpassad till kompetensbranschens alla olika verksamhetsomr\u00e5den s\u00e5som personaluthyrning, entreprenad, rekrytering, omst\u00e4llning och jobbf\u00f6rmedling. F\u00f6rs\u00e4kringen skyddar f\u00f6retaget n\u00e4r det drabbas av skadest\u00e5ndskrav. Samma erbjudanden kan finnas hos andra f\u00f6rs\u00e4kringsbolag.<\/p>\n<\/div>\n\n<div class=\"wp-block wp-block-core-paragraph\">\n<p>Ser det intressant ut, fyll i och skicka in en offertf\u00f6rfr\u00e5gan, s\u00e5 \u00e5terkommer S\u00f6derberg &amp; Partners med ett f\u00f6rslag p\u00e5 f\u00f6rs\u00e4kringsl\u00f6sning och premie.<\/p>\n<\/div>\n\n<div class=\"wp-block wp-block-core-paragraph\">\n<p>Nedan f\u00f6ljer mer information om S\u00f6derberg &amp; Partners olika f\u00f6rs\u00e4kringsprodukter och ans\u00f6ka.<\/p>\n<\/div><\/div>\n\n\n\n<div class=\"wp-block-column is-layout-flow wp-block-column-is-layout-flow\" style=\"flex-basis:33.33%\">\n<figure class=\"wp-block-image size-large\"><img loading=\"lazy\" decoding=\"async\" width=\"1180\" height=\"1532\" src=\"https:\/\/www.kompetensforetagen.se\/app\/uploads\/sites\/5\/2023\/03\/pexels-mikhail-nilov-7734591-1180x1532.jpg\" alt=\"alt=&quot;&quot;\" class=\"wp-image-11668\" srcset=\"https:\/\/www.kompetensforetagen.se\/app\/uploads\/sites\/5\/2023\/03\/pexels-mikhail-nilov-7734591-1180x1532.jpg 1180w, https:\/\/www.kompetensforetagen.se\/app\/uploads\/sites\/5\/2023\/03\/pexels-mikhail-nilov-7734591-580x753.jpg 580w, https:\/\/www.kompetensforetagen.se\/app\/uploads\/sites\/5\/2023\/03\/pexels-mikhail-nilov-7734591-380x493.jpg 380w, https:\/\/www.kompetensforetagen.se\/app\/uploads\/sites\/5\/2023\/03\/pexels-mikhail-nilov-7734591-768x997.jpg 768w, https:\/\/www.kompetensforetagen.se\/app\/uploads\/sites\/5\/2023\/03\/pexels-mikhail-nilov-7734591-1183x1536.jpg 1183w, https:\/\/www.kompetensforetagen.se\/app\/uploads\/sites\/5\/2023\/03\/pexels-mikhail-nilov-7734591-1577x2048.jpg 1577w, https:\/\/www.kompetensforetagen.se\/app\/uploads\/sites\/5\/2023\/03\/pexels-mikhail-nilov-7734591-scaled.jpg 1972w\" sizes=\"auto, (max-width: 1180px) 100vw, 1180px\" \/><\/figure>\n<\/div>\n<\/div>\n<\/div>\n\n\n\n<div class=\"wp-block-group has-green-background-color has-background is-layout-constrained wp-block-group-is-layout-constrained\">\n<div class=\"wp-block-group has-green-background-color has-background is-layout-constrained wp-block-group-is-layout-constrained\">\n<div class=\"wp-block-columns is-layout-flex wp-container-core-columns-is-layout-9d6595d7 wp-block-columns-is-layout-flex\">\n<div class=\"wp-block-column is-layout-flow wp-block-column-is-layout-flow\"><div class=\"wp-block wp-block-core-heading heading-in-sidebar\" id=\"foretagsforsakring\"><a class='Share__link Share__link--url copy-text' href='#' rel='nofollow' data-text='foretagsforsakring' title='Dela url' data-confirmation='L\u00e4nken kopierades till urklipp'><svg class='icon icon--link'  width='18' height='18' viewBox='0 0 18 18' fill='none' xmlns='http:\/\/www.w3.org\/2000\/svg'>\n            <path d='M10.4142 0.514721L6.87868 4.05025L8.29289 5.46447L11.1213 2.63604L15.364 6.87868L12.5355 9.70711L13.9497 11.1213L17.4853 7.58579C17.8763 7.19476 17.8763 6.5626 17.4853 6.17158L11.8284 0.514721C11.4374 0.123691 10.8052 0.123691 10.4142 0.514721Z' fill='black'\/>\n            <path d='M9.7071 12.5355L6.87868 15.364L2.63604 11.1213L5.46446 8.2929L4.05025 6.87868L0.514716 10.4142C0.123686 10.8052 0.123686 11.4374 0.514716 11.8284L6.17157 17.4853C6.5626 17.8763 7.19475 17.8763 7.58578 17.4853L11.1213 13.9497L9.7071 12.5355Z' fill='black'\/>\n            <path d='M6.17157 11.8284C6.5626 12.2195 7.19475 12.2195 7.58578 11.8284L11.8284 7.58579C12.2195 7.19476 12.2195 6.56261 11.8284 6.17158C11.4374 5.78055 10.8052 5.78055 10.4142 6.17158L6.17157 10.4142C5.78054 10.8052 5.78054 11.4374 6.17157 11.8284Z' fill='black'\/>\n            <\/svg> <\/a>\n<h2 class=\"wp-block-heading\" id=\"h-foretagsforsakring\">F\u00f6retagsf\u00f6rs\u00e4kring<\/h2>\n<\/div>\n\n<div class=\"wp-block wp-block-core-paragraph\">\n<p>Grundpaketet som S\u00f6derberg &amp; Partners erbjuder inneh\u00e5ller de f\u00f6rs\u00e4kringar som kr\u00e4vs f\u00f6r att bli medlem. I detta paket ing\u00e5r Allm\u00e4n ansvarsf\u00f6rs\u00e4kring, Ansvarsf\u00f6rs\u00e4kring ren f\u00f6rm\u00f6genhetsskada och F\u00f6rm\u00f6genhetsbrottsf\u00f6rs\u00e4kring.<\/p>\n<\/div>\n\n<div class=\"wp-block wp-block-core-heading\" id=\"forsakringens-omfattning:\">\n<h3 class=\"wp-block-heading\" id=\"h-forsakringens-omfattning\">F\u00f6rs\u00e4kringens omfattning:<\/h3>\n<\/div>\n\n<div class=\"wp-block wp-block-core-list\">\n<ul class=\"wp-block-list\">\n<li>Allm\u00e4n ansvarsf\u00f6rs\u00e4kring, 10&nbsp;000&nbsp;000 SEK per skada max 20&nbsp;000&nbsp;000 SEK per \u00e5r<\/li>\n\n\n\n<li>Ansvarsf\u00f6rs\u00e4kring f\u00f6r ren f\u00f6rm\u00f6genhetsskada, 2 960 000 SEK per skada och \u00e5r*, 50 prisbasbelopp<\/li>\n\n\n\n<li>F\u00f6rm\u00f6genhetsbrottsf\u00f6rs\u00e4kring, 2&nbsp;000&nbsp;000 SEK per skada och \u00e5r<\/li>\n<\/ul>\n<\/div>\n\n<div id=\"block-iconlink-block_60a6037015030e834bd10c92d19c3db2\" class=\"Icon-link Icon-link--squiggly-arrow-link\">\n      <a href=\"https:\/\/www.kompetensforetagen.se\/app\/uploads\/sites\/5\/2026\/01\/Ansokan-Kompetensforetagen-2026_Ifyllbar.pdf\" target=\"_blank\" class=\"Button is-button is-style-fill has-primary-background-color has-primary-border-color Button--squiggly-arrow-link\">\n      <div class=\"Button__text\">\n        L\u00e4s mer om f\u00f6rs\u00e4kringen och ans\u00f6k\n      <\/div>\n      <div class=\"Button__arrow \">\n                <div class=\"Button__line\"><\/div>\n                <svg class='icon icon--squiggly-arrow-link'  width=\"114\" height=\"36\" viewBox=\"0 0 114 36\" fill=\"none\" xmlns=\"http:\/\/www.w3.org\/2000\/svg\">\n<path d=\"M0.591797 18.5C7.0918 18.5 11.5209 19.9081 13.4345 14.5C14.3308 11.9657 14.3461 11.9541 15.0839 9.38315C15.7735 6.97969 17.3449 4.54993 19.8345 3.93399C22.9224 3.16984 26.0805 5.67017 27.0204 8.62798C27.9603 11.5851 27.243 14.7829 26.3407 17.751C25.4378 20.719 24.34 23.7256 24.5322 26.8156C24.7244 29.9049 26.6162 33.154 29.7193 33.8559C33.0114 34.5995 36.3563 32.146 37.6741 29.1234C38.9912 26.0995 38.7745 22.6791 38.4839 19.4082C38.1926 16.1373 37.8656 12.7464 38.9918 9.65134C40.1187 6.55559 43.1657 3.84801 46.5259 4.19961C49.9434 4.55763 52.3227 7.90617 52.8134 11.2104C53.3042 14.5147 52.3993 17.8408 51.8259 21.1322C51.2526 24.4237 51.0624 28.0141 52.8029 30.8923C54.221 33.2393 56.8902 34.826 59.6869 34.9864C62.4836 35.1468 65.3259 33.8758 67.0188 31.7072C69.5136 28.5126 69.3227 24.0689 68.5255 20.1345C67.7289 16.1996 66.4369 12.2139 67.1225 8.2597C67.8081 4.30548 71.3849 0.426331 75.4597 1.0705C78.5034 1.55171 80.6627 4.37413 81.4078 7.28189C82.1528 10.189 81.8133 13.2366 81.7711 16.2323C81.7288 19.2279 82.0551 22.4052 83.8874 24.8144C86.657 28.4555 91.9762 29.2197 96.6072 28.7147C101.239 28.2098 105.813 25.7501 110.457 26.1383\" stroke=\"black\" stroke-width=\"2\" stroke-miterlimit=\"10\"\/>\n<path d=\"M105.097 35L111.68 25.3613L102.457 18.2063\" stroke=\"black\" stroke-width=\"2\" stroke-miterlimit=\"10\"\/>\n<\/svg>\n\n        <\/div>\n    <\/a>\n  <\/div>\n\n\n<div class=\"wp-block wp-block-core-paragraph\">\n<p>*Ansvarsf\u00f6rs\u00e4kring f\u00f6r ren f\u00f6rm\u00f6genhetsskada, kan \u00e4ven ben\u00e4mnas professionsansvar eller konsultansvar.<\/p>\n<\/div><\/div>\n\n\n\n<div class=\"wp-block-column is-layout-flow wp-block-column-is-layout-flow\"><div class=\"wp-block wp-block-core-heading heading-in-sidebar\" id=\"fri-radgivning-kring-ditt-foretags-ansvarsforsakring\"><a class='Share__link Share__link--url copy-text' href='#' rel='nofollow' data-text='fri-radgivning-kring-ditt-foretags-ansvarsforsakring' title='Dela url' data-confirmation='L\u00e4nken kopierades till urklipp'><svg class='icon icon--link'  width='18' height='18' viewBox='0 0 18 18' fill='none' xmlns='http:\/\/www.w3.org\/2000\/svg'>\n            <path d='M10.4142 0.514721L6.87868 4.05025L8.29289 5.46447L11.1213 2.63604L15.364 6.87868L12.5355 9.70711L13.9497 11.1213L17.4853 7.58579C17.8763 7.19476 17.8763 6.5626 17.4853 6.17158L11.8284 0.514721C11.4374 0.123691 10.8052 0.123691 10.4142 0.514721Z' fill='black'\/>\n            <path d='M9.7071 12.5355L6.87868 15.364L2.63604 11.1213L5.46446 8.2929L4.05025 6.87868L0.514716 10.4142C0.123686 10.8052 0.123686 11.4374 0.514716 11.8284L6.17157 17.4853C6.5626 17.8763 7.19475 17.8763 7.58578 17.4853L11.1213 13.9497L9.7071 12.5355Z' fill='black'\/>\n            <path d='M6.17157 11.8284C6.5626 12.2195 7.19475 12.2195 7.58578 11.8284L11.8284 7.58579C12.2195 7.19476 12.2195 6.56261 11.8284 6.17158C11.4374 5.78055 10.8052 5.78055 10.4142 6.17158L6.17157 10.4142C5.78054 10.8052 5.78054 11.4374 6.17157 11.8284Z' fill='black'\/>\n            <\/svg> <\/a>\n<h2 class=\"wp-block-heading\" id=\"h-fri-radgivning-kring-ditt-foretags-ansvarsforsakring\">Fri r\u00e5dgivning kring ditt f\u00f6retags ansvarsf\u00f6rs\u00e4kring<\/h2>\n<\/div>\n\n<div class=\"wp-block wp-block-core-paragraph\">\n<p>Alla f\u00f6retag riskerar att f\u00e5 skadest\u00e5ndsanspr\u00e5k riktade mot sig som kan kosta f\u00f6retaget b\u00e5de tid och pengar. Som medlem i Kompetensf\u00f6retagen ska du enligt v\u00e5ra villkor ha en ansvarsf\u00f6rs\u00e4kring. Alla medlemmar erbjuds d\u00e4rf\u00f6r <strong>30 minuters gratis r\u00e5dgivning kring ansvarsf\u00f6rs\u00e4kringar<\/strong> av v\u00e5r partner S\u00f6derberg &amp; Partners. De kan ge dig r\u00e5d i fr\u00e5gor kring bland annat skade\u00e4renden, hur man ska agera om man f\u00e5r ett krav riktat mot sitt f\u00f6retag och vad som \u00e4r viktigt att t\u00e4nka p\u00e5 i kundavtal kopplat till f\u00f6rs\u00e4kring.<\/p>\n<\/div>\n\n<div class=\"wp-block wp-block-core-paragraph\">\n<p>Du f\u00f6rbinder dig inte att teckna ansvarsf\u00f6rs\u00e4kring via S\u00f6derberg &amp; Partners utan samtalet med f\u00f6rs\u00e4kringsr\u00e5dgivaren \u00e4r en service till dig som \u00e4r medlem. Om du \u00e4nnu inte \u00e4r medlem men t\u00e4nker auktorisera ditt f\u00f6retag i Kompetensf\u00f6retagen kan det vara bra att f\u00e5 r\u00e5dgivning om den obligatoriska ansvarsf\u00f6rs\u00e4kringen innan du g\u00f6r din ans\u00f6kan, eftersom det \u00e4r ett av de omr\u00e5den d\u00e4r flest fr\u00e5gor brukar dyka upp.&nbsp;&nbsp;<\/p>\n<\/div><\/div>\n<\/div>\n<\/div>\n<\/div>\n\n\n\n<div class=\"wp-block-group has-secondary-background-color has-background is-layout-constrained wp-block-group-is-layout-constrained\">\n<div class=\"wp-block-columns is-layout-flex wp-container-core-columns-is-layout-9d6595d7 wp-block-columns-is-layout-flex\">\n<div class=\"wp-block-column is-vertically-aligned-center is-layout-flow wp-block-column-is-layout-flow\">\n<figure class=\"wp-block-image size-full\"><img loading=\"lazy\" decoding=\"async\" width=\"821\" height=\"360\" src=\"https:\/\/www.kompetensforetagen.se\/app\/uploads\/sites\/5\/2023\/03\/Soderberg1.png\" alt=\"Logotyp s\u00f6derberg&amp;partners\" class=\"wp-image-11669\" srcset=\"https:\/\/www.kompetensforetagen.se\/app\/uploads\/sites\/5\/2023\/03\/Soderberg1.png 821w, https:\/\/www.kompetensforetagen.se\/app\/uploads\/sites\/5\/2023\/03\/Soderberg1-580x254.png 580w, https:\/\/www.kompetensforetagen.se\/app\/uploads\/sites\/5\/2023\/03\/Soderberg1-380x167.png 380w, https:\/\/www.kompetensforetagen.se\/app\/uploads\/sites\/5\/2023\/03\/Soderberg1-768x337.png 768w\" sizes=\"auto, (max-width: 821px) 100vw, 821px\" \/><\/figure>\n<\/div>\n\n\n\n<div class=\"wp-block-column is-layout-flow wp-block-column-is-layout-flow\"><div class=\"wp-block wp-block-core-heading\" id=\"for-mer-information-kontakta-garna-nagon-av-nedanstaende-radgivare-pa-soderberg-&amp;-partners:\">\n<h3 class=\"wp-block-heading\" id=\"h-for-mer-information-kontakta-garna-nagon-av-nedanstaende-radgivare-pa-soderberg-amp-partners\">F\u00f6r mer information kontakta g\u00e4rna n\u00e5gon av nedanst\u00e5ende r\u00e5dgivare p\u00e5 S\u00f6derberg &amp; Partners:<\/h3>\n<\/div>\n\n<div class=\"wp-block wp-block-core-paragraph\">\n<p><a href=\"mailto:birgitta.pettersson@soderbergpartners.se\"><strong>Birgitta Pettersson<\/strong><\/a>, 070- 66 88 953<\/p>\n<\/div>\n\n<div class=\"wp-block wp-block-core-paragraph\">\n<p><strong><a href=\"mailto:erik.nilsson@soderbergpartners.se\">Erik Nilsson<\/a> <\/strong>070-462 46 08&nbsp;&nbsp;&nbsp;<\/p>\n<\/div>\n\n<div class=\"wp-block wp-block-core-paragraph\">\n<p><a href=\"mailto:mikael.henningsson@soderbergpartners.se\"><strong>Mikael Henningsson<\/strong><\/a> 070- 81 84 887<\/p>\n<\/div>\n\n<div class=\"wp-block wp-block-core-paragraph\">\n<p><a href=\"mailto:&nbsp;fredrik.lahte@soderbergpartners.se\"><strong>Fredrik Lahte<\/strong><\/a> 072- 85 55 209<\/p>\n<\/div><\/div>\n<\/div>\n<\/div>\n\n\n\n<div class=\"wp-block-group has-green-background-color has-background is-layout-constrained wp-block-group-is-layout-constrained\">\n<div class=\"wp-block-columns is-layout-flex wp-container-core-columns-is-layout-9d6595d7 wp-block-columns-is-layout-flex\">\n<div class=\"wp-block-column is-layout-flow wp-block-column-is-layout-flow\" style=\"flex-basis:66.66%\"><div class=\"wp-block wp-block-core-heading heading-in-sidebar\" id=\"forsakring-for-underkonsulter\"><a class='Share__link Share__link--url copy-text' href='#' rel='nofollow' data-text='forsakring-for-underkonsulter' title='Dela url' data-confirmation='L\u00e4nken kopierades till urklipp'><svg class='icon icon--link'  width='18' height='18' viewBox='0 0 18 18' fill='none' xmlns='http:\/\/www.w3.org\/2000\/svg'>\n            <path d='M10.4142 0.514721L6.87868 4.05025L8.29289 5.46447L11.1213 2.63604L15.364 6.87868L12.5355 9.70711L13.9497 11.1213L17.4853 7.58579C17.8763 7.19476 17.8763 6.5626 17.4853 6.17158L11.8284 0.514721C11.4374 0.123691 10.8052 0.123691 10.4142 0.514721Z' fill='black'\/>\n            <path d='M9.7071 12.5355L6.87868 15.364L2.63604 11.1213L5.46446 8.2929L4.05025 6.87868L0.514716 10.4142C0.123686 10.8052 0.123686 11.4374 0.514716 11.8284L6.17157 17.4853C6.5626 17.8763 7.19475 17.8763 7.58578 17.4853L11.1213 13.9497L9.7071 12.5355Z' fill='black'\/>\n            <path d='M6.17157 11.8284C6.5626 12.2195 7.19475 12.2195 7.58578 11.8284L11.8284 7.58579C12.2195 7.19476 12.2195 6.56261 11.8284 6.17158C11.4374 5.78055 10.8052 5.78055 10.4142 6.17158L6.17157 10.4142C5.78054 10.8052 5.78054 11.4374 6.17157 11.8284Z' fill='black'\/>\n            <\/svg> <\/a>\n<h2 class=\"wp-block-heading\" id=\"h-forsakring-for-underkonsulter\">F\u00f6rs\u00e4kring f\u00f6r underkonsulter<\/h2>\n<\/div>\n\n<div class=\"wp-block wp-block-core-paragraph\">\n<p>Vid anlitande av underkonsulter \u00e4r v\u00e5r starka rekommendation att ni alltid inkr\u00e4ver ett f\u00f6rs\u00e4kringsbevis eller certifikat utf\u00e4rdat av underkonsultens f\u00f6rs\u00e4kringsgivare. Enligt v\u00e5r kontakt p\u00e5 S\u00f6derberg &amp; Partners b\u00f6r f\u00f6ljande uppgifter framg\u00e5 av beviset:<\/p>\n<\/div>\n\n<div class=\"wp-block wp-block-core-list\">\n<ul class=\"wp-block-list\">\n<li>F\u00f6rs\u00e4krad verksamhet<\/li>\n\n\n\n<li>F\u00f6rs\u00e4kringsmoment<\/li>\n\n\n\n<li>F\u00f6rs\u00e4kringsbelopp<\/li>\n\n\n\n<li>F\u00f6rs\u00e4kringsperiod<\/li>\n\n\n\n<li>Sj\u00e4lvrisk<\/li>\n<\/ul>\n<\/div>\n\n<div class=\"wp-block wp-block-core-paragraph\">\n<p>Underkonsultens f\u00f6rs\u00e4kring ska minst omfatta f\u00f6ljande f\u00f6rs\u00e4kringsmoment och f\u00f6rs\u00e4kringsbelopp:<\/p>\n<\/div>\n\n<div class=\"wp-block wp-block-core-paragraph\">\n<p><strong>Allm\u00e4n ansvarsf\u00f6rs\u00e4kring<\/strong>, MSEK 10 per skada och MSEK 20 per \u00e5r<\/p>\n<\/div>\n\n<div class=\"wp-block wp-block-core-paragraph\">\n<p><strong>Ansvarsf\u00f6rs\u00e4kring<\/strong> f\u00f6r ren f\u00f6rm\u00f6genhetsskada, MSEK 2 per skada och \u00e5r<\/p>\n<\/div>\n\n<div class=\"wp-block wp-block-core-paragraph\">\n<p><strong>F\u00f6rm\u00f6genhetsbrottsf\u00f6rs\u00e4kring<\/strong>, MSEK 2 per skada och \u00e5r<\/p>\n<\/div>\n\n<div class=\"wp-block wp-block-core-paragraph\">\n<p>Skulle ni p\u00e5ta er ett st\u00f6rre ansvar \u00e4n vad de Allm\u00e4nna best\u00e4mmelserna f\u00f6reskriver \u00e4r det ytterst viktigt att b\u00e5de ni och underkonsulten justerar f\u00f6rs\u00e4kringen att g\u00e4lla f\u00f6r det ut\u00f6kade ansvarstagandet. Vidare \u00e4r det viktigt att ni kontrollerar att er f\u00f6rs\u00e4kring g\u00e4ller f\u00f6r den verksamhet underkonsulten bedriver.<\/p>\n<\/div><\/div>\n\n\n\n<div class=\"wp-block-column is-vertically-aligned-center is-layout-flow wp-block-column-is-layout-flow\" style=\"flex-basis:33.33%\">\n<figure class=\"wp-block-image size-full\"><img decoding=\"async\" src=\"https:\/\/www.kompetensforetagen.se\/app\/uploads\/sites\/5\/2023\/03\/Vit-tunn-pil-vanster.png\" alt=\"\" class=\"wp-image-11664\"\/><\/figure>\n<\/div>\n<\/div>\n<\/div>\n\n\n\n<div class=\"wp-block-group has-secondary-background-color has-background is-layout-constrained wp-block-group-is-layout-constrained\">\n<div class=\"wp-block-columns is-layout-flex wp-container-core-columns-is-layout-9d6595d7 wp-block-columns-is-layout-flex\">\n<div class=\"wp-block-column is-layout-flow wp-block-column-is-layout-flow\"><div class=\"wp-block wp-block-core-heading heading-in-sidebar\" id=\"skaderesultatet-paverkar-premien-och-villkoren\"><a class='Share__link Share__link--url copy-text' href='#' rel='nofollow' data-text='skaderesultatet-paverkar-premien-och-villkoren' title='Dela url' data-confirmation='L\u00e4nken kopierades till urklipp'><svg class='icon icon--link'  width='18' height='18' viewBox='0 0 18 18' fill='none' xmlns='http:\/\/www.w3.org\/2000\/svg'>\n            <path d='M10.4142 0.514721L6.87868 4.05025L8.29289 5.46447L11.1213 2.63604L15.364 6.87868L12.5355 9.70711L13.9497 11.1213L17.4853 7.58579C17.8763 7.19476 17.8763 6.5626 17.4853 6.17158L11.8284 0.514721C11.4374 0.123691 10.8052 0.123691 10.4142 0.514721Z' fill='black'\/>\n            <path d='M9.7071 12.5355L6.87868 15.364L2.63604 11.1213L5.46446 8.2929L4.05025 6.87868L0.514716 10.4142C0.123686 10.8052 0.123686 11.4374 0.514716 11.8284L6.17157 17.4853C6.5626 17.8763 7.19475 17.8763 7.58578 17.4853L11.1213 13.9497L9.7071 12.5355Z' fill='black'\/>\n            <path d='M6.17157 11.8284C6.5626 12.2195 7.19475 12.2195 7.58578 11.8284L11.8284 7.58579C12.2195 7.19476 12.2195 6.56261 11.8284 6.17158C11.4374 5.78055 10.8052 5.78055 10.4142 6.17158L6.17157 10.4142C5.78054 10.8052 5.78054 11.4374 6.17157 11.8284Z' fill='black'\/>\n            <\/svg> <\/a>\n<h2 class=\"wp-block-heading\" id=\"h-skaderesultatet-paverkar-premien-och-villkoren\">Skaderesultatet p\u00e5verkar premien och villkoren<\/h2>\n<\/div>\n\n<div class=\"wp-block wp-block-core-paragraph\">\n<p>Er premie och era villkor \u00e4r direkt avh\u00e4ngiga av er skadestatistik. D\u00e4rf\u00f6r b\u00f6r ni i m\u00f6jligaste m\u00e5n undvika att er skadestatistik p\u00e5verkas av underkonsultens arbete, som b\u00f6r ha en egen f\u00f6rs\u00e4kring. Vidare skulle er f\u00f6rs\u00e4kringsgivare i h\u00e4ndelse av skada och utbetalning av ers\u00e4ttning i sin tur p\u00e5kalla underkonsultens juridiska ansvar (regressr\u00e4tt) om det klart framg\u00e5r att denne gjort felet. Har inte underkonsulten egen f\u00f6rs\u00e4kring i denna situation kommer denne att f\u00e5 ers\u00e4tta skadan sj\u00e4lv.<\/p>\n<\/div>\n\n<div class=\"wp-block wp-block-core-paragraph\">\n<p>\u00d6nskar ni ytterligare information eller om er underkonsult har behov att teckna en f\u00f6rs\u00e4kring \u00e4r ni v\u00e4lkommen att kontakta f\u00f6rs\u00e4kringsf\u00f6rmedlare S\u00f6derberg &amp; Partners. <a href=\"https:\/\/www.almega.se\/app\/uploads\/sites\/5\/2021\/04\/pluskonsult-produktblad-ansokningsformular-2021.pdf\">L\u00e4s mer om f\u00f6retagsf\u00f6rs\u00e4kring<\/a>.<\/p>\n<\/div><\/div>\n\n\n\n<div class=\"wp-block-column is-vertically-aligned-center is-layout-flow wp-block-column-is-layout-flow\">\n<figure class=\"wp-block-image size-full\"><img loading=\"lazy\" decoding=\"async\" width=\"1018\" height=\"212\" src=\"https:\/\/www.kompetensforetagen.se\/app\/uploads\/sites\/5\/2023\/03\/Vit-pil-at-bada-hall.png\" alt=\"\" class=\"wp-image-11679\" srcset=\"https:\/\/www.kompetensforetagen.se\/app\/uploads\/sites\/5\/2023\/03\/Vit-pil-at-bada-hall.png 1018w, https:\/\/www.kompetensforetagen.se\/app\/uploads\/sites\/5\/2023\/03\/Vit-pil-at-bada-hall-580x121.png 580w, https:\/\/www.kompetensforetagen.se\/app\/uploads\/sites\/5\/2023\/03\/Vit-pil-at-bada-hall-380x79.png 380w, https:\/\/www.kompetensforetagen.se\/app\/uploads\/sites\/5\/2023\/03\/Vit-pil-at-bada-hall-768x160.png 768w\" sizes=\"auto, (max-width: 1018px) 100vw, 1018px\" \/><\/figure>\n<\/div>\n\n\n\n<div class=\"wp-block-column is-layout-flow wp-block-column-is-layout-flow\"><div class=\"wp-block wp-block-core-heading heading-in-sidebar\" id=\"forsakring-for-sjalvriskreducering\"><a class='Share__link Share__link--url copy-text' href='#' rel='nofollow' data-text='forsakring-for-sjalvriskreducering' title='Dela url' data-confirmation='L\u00e4nken kopierades till urklipp'><svg class='icon icon--link'  width='18' height='18' viewBox='0 0 18 18' fill='none' xmlns='http:\/\/www.w3.org\/2000\/svg'>\n            <path d='M10.4142 0.514721L6.87868 4.05025L8.29289 5.46447L11.1213 2.63604L15.364 6.87868L12.5355 9.70711L13.9497 11.1213L17.4853 7.58579C17.8763 7.19476 17.8763 6.5626 17.4853 6.17158L11.8284 0.514721C11.4374 0.123691 10.8052 0.123691 10.4142 0.514721Z' fill='black'\/>\n            <path d='M9.7071 12.5355L6.87868 15.364L2.63604 11.1213L5.46446 8.2929L4.05025 6.87868L0.514716 10.4142C0.123686 10.8052 0.123686 11.4374 0.514716 11.8284L6.17157 17.4853C6.5626 17.8763 7.19475 17.8763 7.58578 17.4853L11.1213 13.9497L9.7071 12.5355Z' fill='black'\/>\n            <path d='M6.17157 11.8284C6.5626 12.2195 7.19475 12.2195 7.58578 11.8284L11.8284 7.58579C12.2195 7.19476 12.2195 6.56261 11.8284 6.17158C11.4374 5.78055 10.8052 5.78055 10.4142 6.17158L6.17157 10.4142C5.78054 10.8052 5.78054 11.4374 6.17157 11.8284Z' fill='black'\/>\n            <\/svg> <\/a>\n<h2 class=\"wp-block-heading\" id=\"h-forsakring-for-sjalvriskreducering\">F\u00f6rs\u00e4kring f\u00f6r sj\u00e4lvriskreducering<\/h2>\n<\/div>\n\n<div class=\"wp-block wp-block-core-paragraph\">\n<p>I till\u00e4gg till f\u00f6retagsf\u00f6rs\u00e4kringen kan man v\u00e4lja en till en f\u00f6rs\u00e4kring f\u00f6r sj\u00e4lvriskreducering vid skada p\u00e5 kundens motorfordon.<\/p>\n<\/div>\n\n<div class=\"wp-block wp-block-core-paragraph\">\n<p>Enligt branschens Allm\u00e4nna best\u00e4mmelser ansvarar inte f\u00f6retaget f\u00f6r eventuella skador p\u00e5 kundens motorfordon. Tyv\u00e4rr \u00e4r det dock ganska vanligt att den skadelidande kunden v\u00e4nder sig till f\u00f6retaget, som till exempel hyrt ut en chauff\u00f6r som orsakat en skada, och st\u00e4ller krav p\u00e5 ers\u00e4ttning. I m\u00e5nga fall v\u00e4ljer f\u00f6retaget att ers\u00e4tta sin kund med kostnaden f\u00f6r sj\u00e4lvrisken, f\u00f6r att beh\u00e5lla en god aff\u00e4rsrelation.<\/p>\n<\/div>\n\n<div class=\"wp-block wp-block-core-paragraph\">\n<p> F\u00f6retagsf\u00f6rs\u00e4kring ers\u00e4tter inte skador p\u00e5 motorfordon och inte heller skador som omfattas av trafikf\u00f6rs\u00e4kringen eftersom det \u00e4r undantaget i de Allm\u00e4nna best\u00e4mmelserna och d\u00e4rf\u00f6r blir detta en kostnad som f\u00f6retaget ensamt f\u00e5r st\u00e5 f\u00f6r.<\/p>\n<\/div><\/div>\n<\/div>\n<\/div>\n\n\n\n<div class=\"wp-block-group has-primary-background-color has-background is-layout-constrained wp-block-group-is-layout-constrained\">\n<div class=\"wp-block-columns is-layout-flex wp-container-core-columns-is-layout-9d6595d7 wp-block-columns-is-layout-flex\">\n<div class=\"wp-block-column is-layout-flow wp-block-column-is-layout-flow\"><div class=\"wp-block wp-block-core-heading heading-in-sidebar\" id=\"fordonsforsakring\"><a class='Share__link Share__link--url copy-text' href='#' rel='nofollow' data-text='fordonsforsakring' title='Dela url' data-confirmation='L\u00e4nken kopierades till urklipp'><svg class='icon icon--link'  width='18' height='18' viewBox='0 0 18 18' fill='none' xmlns='http:\/\/www.w3.org\/2000\/svg'>\n            <path d='M10.4142 0.514721L6.87868 4.05025L8.29289 5.46447L11.1213 2.63604L15.364 6.87868L12.5355 9.70711L13.9497 11.1213L17.4853 7.58579C17.8763 7.19476 17.8763 6.5626 17.4853 6.17158L11.8284 0.514721C11.4374 0.123691 10.8052 0.123691 10.4142 0.514721Z' fill='black'\/>\n            <path d='M9.7071 12.5355L6.87868 15.364L2.63604 11.1213L5.46446 8.2929L4.05025 6.87868L0.514716 10.4142C0.123686 10.8052 0.123686 11.4374 0.514716 11.8284L6.17157 17.4853C6.5626 17.8763 7.19475 17.8763 7.58578 17.4853L11.1213 13.9497L9.7071 12.5355Z' fill='black'\/>\n            <path d='M6.17157 11.8284C6.5626 12.2195 7.19475 12.2195 7.58578 11.8284L11.8284 7.58579C12.2195 7.19476 12.2195 6.56261 11.8284 6.17158C11.4374 5.78055 10.8052 5.78055 10.4142 6.17158L6.17157 10.4142C5.78054 10.8052 5.78054 11.4374 6.17157 11.8284Z' fill='black'\/>\n            <\/svg> <\/a>\n<h2 class=\"wp-block-heading\" id=\"h-fordonsforsakring\">Fordonsf\u00f6rs\u00e4kring<\/h2>\n<\/div>\n\n<div class=\"wp-block wp-block-core-paragraph\">\n<p>S\u00f6derberg &amp; Partners&nbsp; kan erbjuda en <a href=\"https:\/\/www.almega.se\/app\/uploads\/sites\/5\/2023\/02\/produktblad-s_p-motor-3.pdf\">fordonsf\u00f6rs\u00e4kring <\/a>f\u00f6r f\u00f6retagens motorfordon till en av marknadens b\u00e4sta f\u00f6rs\u00e4kringsvillkor och premier.&nbsp; Kontakta <a href=\"mailto:kompetensforetagen@soderbergpartners.se\">S\u00f6derberg &amp; Partners<\/a> f\u00f6r mer information.<\/p>\n<\/div><\/div>\n\n\n\n<div class=\"wp-block-column is-vertically-aligned-top is-layout-flow wp-block-column-is-layout-flow\"><div class=\"wp-block wp-block-core-heading heading-in-sidebar\" id=\"frivillig-gruppforsakring\"><a class='Share__link Share__link--url copy-text' href='#' rel='nofollow' data-text='frivillig-gruppforsakring' title='Dela url' data-confirmation='L\u00e4nken kopierades till urklipp'><svg class='icon icon--link'  width='18' height='18' viewBox='0 0 18 18' fill='none' xmlns='http:\/\/www.w3.org\/2000\/svg'>\n            <path d='M10.4142 0.514721L6.87868 4.05025L8.29289 5.46447L11.1213 2.63604L15.364 6.87868L12.5355 9.70711L13.9497 11.1213L17.4853 7.58579C17.8763 7.19476 17.8763 6.5626 17.4853 6.17158L11.8284 0.514721C11.4374 0.123691 10.8052 0.123691 10.4142 0.514721Z' fill='black'\/>\n            <path d='M9.7071 12.5355L6.87868 15.364L2.63604 11.1213L5.46446 8.2929L4.05025 6.87868L0.514716 10.4142C0.123686 10.8052 0.123686 11.4374 0.514716 11.8284L6.17157 17.4853C6.5626 17.8763 7.19475 17.8763 7.58578 17.4853L11.1213 13.9497L9.7071 12.5355Z' fill='black'\/>\n            <path d='M6.17157 11.8284C6.5626 12.2195 7.19475 12.2195 7.58578 11.8284L11.8284 7.58579C12.2195 7.19476 12.2195 6.56261 11.8284 6.17158C11.4374 5.78055 10.8052 5.78055 10.4142 6.17158L6.17157 10.4142C5.78054 10.8052 5.78054 11.4374 6.17157 11.8284Z' fill='black'\/>\n            <\/svg> <\/a>\n<h2 class=\"wp-block-heading\" id=\"h-frivillig-gruppforsakring\">Frivillig gruppf\u00f6rs\u00e4kring<\/h2>\n<\/div>\n\n<div class=\"wp-block wp-block-core-paragraph\">\n<p>Kompetensf\u00f6retagen och Almega har tillsammans med Skandia tagit fram en frivillig gruppf\u00f6rs\u00e4kring som du som medlem kan erbjuda dina anst\u00e4llda.<\/p>\n<\/div>\n\n<div id=\"block-iconlink-block_edd8d1ccb61b3d704820cb9a59dce12d\" class=\"Icon-link Icon-link--arrow-tip\">\n      <a href=\"https:\/\/www.almega.se\/frivillig-gruppforsakring\/\" target=\"_blank\" class=\"Button is-text Button--arrow-tip\">\n      <div class=\"Button__text\">\n        Frivillig gruppf\u00f6rs\u00e4kring\n      <\/div>\n      <div class=\"Button__arrow  arrow-tip \">\n                <div class=\"Button__line\"><\/div>\n                <svg class='icon icon--arrow-tip'  width=\"11\" height=\"16\" viewBox=\"0 0 11 16\" fill=\"none\" xmlns=\"http:\/\/www.w3.org\/2000\/svg\">\n<path d=\"M0.858398 15L9.2304 7.99664L0.967732 1.00001\" stroke=\"black\" stroke-width=\"2\" stroke-miterlimit=\"10\"\/>\n<\/svg>\n\n        <\/div>\n    <\/a>\n  <\/div>\n<\/div>\n\n\n\n<div class=\"wp-block-column is-layout-flow wp-block-column-is-layout-flow\"><div class=\"wp-block wp-block-core-heading heading-in-sidebar\" id=\"administration,-fragor-samt-skador\"><a class='Share__link Share__link--url copy-text' href='#' rel='nofollow' data-text='administration,-fragor-samt-skador' title='Dela url' data-confirmation='L\u00e4nken kopierades till urklipp'><svg class='icon icon--link'  width='18' height='18' viewBox='0 0 18 18' fill='none' xmlns='http:\/\/www.w3.org\/2000\/svg'>\n            <path d='M10.4142 0.514721L6.87868 4.05025L8.29289 5.46447L11.1213 2.63604L15.364 6.87868L12.5355 9.70711L13.9497 11.1213L17.4853 7.58579C17.8763 7.19476 17.8763 6.5626 17.4853 6.17158L11.8284 0.514721C11.4374 0.123691 10.8052 0.123691 10.4142 0.514721Z' fill='black'\/>\n            <path d='M9.7071 12.5355L6.87868 15.364L2.63604 11.1213L5.46446 8.2929L4.05025 6.87868L0.514716 10.4142C0.123686 10.8052 0.123686 11.4374 0.514716 11.8284L6.17157 17.4853C6.5626 17.8763 7.19475 17.8763 7.58578 17.4853L11.1213 13.9497L9.7071 12.5355Z' fill='black'\/>\n            <path d='M6.17157 11.8284C6.5626 12.2195 7.19475 12.2195 7.58578 11.8284L11.8284 7.58579C12.2195 7.19476 12.2195 6.56261 11.8284 6.17158C11.4374 5.78055 10.8052 5.78055 10.4142 6.17158L6.17157 10.4142C5.78054 10.8052 5.78054 11.4374 6.17157 11.8284Z' fill='black'\/>\n            <\/svg> <\/a>\n<h2 class=\"wp-block-heading\" id=\"h-administration-fragor-samt-skador\">Administration, fr\u00e5gor samt skador<\/h2>\n<\/div>\n\n<div class=\"wp-block wp-block-core-paragraph\">\n<p>S\u00f6derberg &amp; Partners \u00e4r v\u00e5r f\u00f6rs\u00e4kringsf\u00f6rmedlare och sk\u00f6ter all administration samt r\u00e5dgivning g\u00e4llande f\u00f6retagsf\u00f6rs\u00e4kring. F\u00f6r mer information om f\u00f6rs\u00e4kringen kontakta S\u00f6derberg &amp; Partners.<\/p>\n<\/div><\/div>\n<\/div>\n<\/div>\n\n\n\n<div class=\"wp-block-group is-layout-constrained wp-block-group-is-layout-constrained\"><div class=\"wp-block wp-block-core-paragraph\">\n<p><\/p>\n<\/div>\n\n\n<div class=\"wp-block-columns is-layout-flex wp-container-core-columns-is-layout-9d6595d7 wp-block-columns-is-layout-flex\">\n<div class=\"wp-block-column is-layout-flow wp-block-column-is-layout-flow\" style=\"flex-basis:33.33%\">\n<figure class=\"wp-block-image size-large\"><img loading=\"lazy\" decoding=\"async\" width=\"1180\" height=\"787\" src=\"https:\/\/www.kompetensforetagen.se\/app\/uploads\/sites\/5\/2023\/03\/pexels-antoni-shkraba-5467600-1180x787.jpg\" alt=\"alt=&quot;&quot;\" class=\"wp-image-11678\" srcset=\"https:\/\/www.kompetensforetagen.se\/app\/uploads\/sites\/5\/2023\/03\/pexels-antoni-shkraba-5467600-1180x787.jpg 1180w, https:\/\/www.kompetensforetagen.se\/app\/uploads\/sites\/5\/2023\/03\/pexels-antoni-shkraba-5467600-580x387.jpg 580w, https:\/\/www.kompetensforetagen.se\/app\/uploads\/sites\/5\/2023\/03\/pexels-antoni-shkraba-5467600-380x253.jpg 380w, https:\/\/www.kompetensforetagen.se\/app\/uploads\/sites\/5\/2023\/03\/pexels-antoni-shkraba-5467600-768x512.jpg 768w, https:\/\/www.kompetensforetagen.se\/app\/uploads\/sites\/5\/2023\/03\/pexels-antoni-shkraba-5467600-1536x1024.jpg 1536w, https:\/\/www.kompetensforetagen.se\/app\/uploads\/sites\/5\/2023\/03\/pexels-antoni-shkraba-5467600-2048x1366.jpg 2048w\" sizes=\"auto, (max-width: 1180px) 100vw, 1180px\" \/><\/figure>\n<\/div>\n\n\n\n<div class=\"wp-block-column is-layout-flow wp-block-column-is-layout-flow\" style=\"flex-basis:66.66%\"><div class=\"wp-block wp-block-core-heading heading-in-sidebar\" id=\"kundtjanst\"><a class='Share__link Share__link--url copy-text' href='#' rel='nofollow' data-text='kundtjanst' title='Dela url' data-confirmation='L\u00e4nken kopierades till urklipp'><svg class='icon icon--link'  width='18' height='18' viewBox='0 0 18 18' fill='none' xmlns='http:\/\/www.w3.org\/2000\/svg'>\n            <path d='M10.4142 0.514721L6.87868 4.05025L8.29289 5.46447L11.1213 2.63604L15.364 6.87868L12.5355 9.70711L13.9497 11.1213L17.4853 7.58579C17.8763 7.19476 17.8763 6.5626 17.4853 6.17158L11.8284 0.514721C11.4374 0.123691 10.8052 0.123691 10.4142 0.514721Z' fill='black'\/>\n            <path d='M9.7071 12.5355L6.87868 15.364L2.63604 11.1213L5.46446 8.2929L4.05025 6.87868L0.514716 10.4142C0.123686 10.8052 0.123686 11.4374 0.514716 11.8284L6.17157 17.4853C6.5626 17.8763 7.19475 17.8763 7.58578 17.4853L11.1213 13.9497L9.7071 12.5355Z' fill='black'\/>\n            <path d='M6.17157 11.8284C6.5626 12.2195 7.19475 12.2195 7.58578 11.8284L11.8284 7.58579C12.2195 7.19476 12.2195 6.56261 11.8284 6.17158C11.4374 5.78055 10.8052 5.78055 10.4142 6.17158L6.17157 10.4142C5.78054 10.8052 5.78054 11.4374 6.17157 11.8284Z' fill='black'\/>\n            <\/svg> <\/a>\n<h2 class=\"wp-block-heading\" id=\"h-kundtjanst\"><strong>Kundtj\u00e4nst<\/strong><\/h2>\n<\/div>\n\n<div class=\"wp-block wp-block-core-list\">\n<ul class=\"wp-block-list\">\n<li><strong>\u00d6ppettider<\/strong> m\u00e5ndag \u2013 fredag mellan 09.00\u201416.00<\/li>\n\n\n\n<li><strong>Telefonnummer<\/strong> 08 -501 115 08<\/li>\n\n\n\n<li><a href=\"mailto:kompetensforetagen@soderbergpartners.se\">E-post<\/a><\/li>\n<\/ul>\n<\/div>\n\n<div class=\"wp-block wp-block-core-paragraph\">\n<p>S\u00f6derberg &amp; Partners erbjuder nu en \u00e4nnu h\u00f6gre serviceniv\u00e5 med en kundtj\u00e4nst specifikt f\u00f6r Kompetensf\u00f6retagen. Kundtj\u00e4nsten kommer att besvara enklare f\u00f6rs\u00e4krings- och fakturafr\u00e5gor samt se till att r\u00e4tt f\u00f6rs\u00e4kringsr\u00e5dgivare \u00e5terkopplar snarast d\u00e4r behovet finns.<\/p>\n<\/div><\/div>\n<\/div>\n<\/div>\n","protected":false},"excerpt":{"rendered":"<p>Ett medlemserbjudande Som medlem har du m\u00f6jlighet att teckna v\u00e5r branschanpassade ansvarsf\u00f6rs\u00e4kring. F\u00f6rs\u00e4kringen motsvarar de krav som st\u00e4lls f\u00f6r medlemskap. Kompetensf\u00f6retagen har ett samarbete med S\u00f6derberg &amp; Partners och f\u00f6rs\u00e4kringsbolaget Svedea, som inneb\u00e4r att du &hellip;<\/p>\n","protected":false},"author":1,"featured_media":0,"parent":560,"menu_order":3,"comment_status":"closed","ping_status":"closed","template":"","meta":{"_acf_changed":false,"footnotes":""},"article_type":[],"agreement":[],"for-members":[],"class_list":["post-596","page","type-page","status-publish","hentry"],"acf":[],"yoast_head":"<!-- This site is optimized with the Yoast SEO Premium plugin v26.8 (Yoast SEO v26.8) - https:\/\/yoast.com\/product\/yoast-seo-premium-wordpress\/ -->\n<title>Kompetensf\u00f6retagens branschanpassade f\u00f6retagsf\u00f6rs\u00e4kringar<\/title>\n<meta name=\"description\" content=\"Kompetensf\u00f6retagen erbjuder tillsammans med S\u00f6derberg &amp; Partners branschanpassade f\u00f6rs\u00e4kringar. L\u00e4s mer och hitta blanketter h\u00e4r.\" \/>\n<meta name=\"robots\" content=\"index, follow, max-snippet:-1, max-image-preview:large, max-video-preview:-1\" \/>\n<link rel=\"canonical\" href=\"https:\/\/www.kompetensforetagen.se\/medlemssidor\/forsakringar-for-medlemmar-i-kompetensforetagen\/\" \/>\n<meta property=\"og:locale\" content=\"sv_SE\" \/>\n<meta property=\"og:type\" content=\"article\" \/>\n<meta property=\"og:title\" content=\"Ansvarsf\u00f6rs\u00e4kring f\u00f6r dig som \u00e4r medlem\" \/>\n<meta property=\"og:description\" content=\"Kompetensf\u00f6retagen erbjuder tillsammans med S\u00f6derberg &amp; Partners branschanpassade f\u00f6rs\u00e4kringar. L\u00e4s mer och hitta blanketter h\u00e4r.\" \/>\n<meta property=\"og:url\" content=\"https:\/\/www.kompetensforetagen.se\/medlemssidor\/forsakringar-for-medlemmar-i-kompetensforetagen\/\" \/>\n<meta property=\"og:site_name\" content=\"Kompetensf\u00f6retagen\" \/>\n<meta property=\"article:modified_time\" content=\"2026-04-20T07:40:33+00:00\" \/>\n<meta property=\"og:image\" content=\"https:\/\/www.kompetensforetagen.se\/app\/uploads\/sites\/5\/2023\/03\/pexels-mikhail-nilov-7734591-scaled.jpg\" \/>\n\t<meta property=\"og:image:width\" content=\"1972\" \/>\n\t<meta property=\"og:image:height\" content=\"2560\" \/>\n\t<meta property=\"og:image:type\" content=\"image\/jpeg\" \/>\n<meta name=\"twitter:card\" content=\"summary_large_image\" \/>\n<meta name=\"twitter:label1\" content=\"Ber\u00e4knad l\u00e4stid\" \/>\n\t<meta name=\"twitter:data1\" content=\"6 minuter\" \/>\n<script type=\"application\/ld+json\" class=\"yoast-schema-graph\">{\"@context\":\"https:\/\/schema.org\",\"@graph\":[{\"@type\":\"WebPage\",\"@id\":\"https:\/\/www.kompetensforetagen.se\/medlemssidor\/forsakringar-for-medlemmar-i-kompetensforetagen\/\",\"url\":\"https:\/\/www.kompetensforetagen.se\/medlemssidor\/forsakringar-for-medlemmar-i-kompetensforetagen\/\",\"name\":\"Kompetensf\u00f6retagens branschanpassade f\u00f6retagsf\u00f6rs\u00e4kringar\",\"isPartOf\":{\"@id\":\"https:\/\/www.kompetensforetagen.se\/#website\"},\"primaryImageOfPage\":{\"@id\":\"https:\/\/www.kompetensforetagen.se\/medlemssidor\/forsakringar-for-medlemmar-i-kompetensforetagen\/#primaryimage\"},\"image\":{\"@id\":\"https:\/\/www.kompetensforetagen.se\/medlemssidor\/forsakringar-for-medlemmar-i-kompetensforetagen\/#primaryimage\"},\"thumbnailUrl\":\"https:\/\/www.kompetensforetagen.se\/app\/uploads\/sites\/5\/2023\/03\/pexels-mikhail-nilov-7734591-1180x1532.jpg\",\"datePublished\":\"2014-04-03T14:00:00+00:00\",\"dateModified\":\"2026-04-20T07:40:33+00:00\",\"description\":\"Kompetensf\u00f6retagen erbjuder tillsammans med S\u00f6derberg & Partners branschanpassade f\u00f6rs\u00e4kringar. L\u00e4s mer och hitta blanketter h\u00e4r.\",\"breadcrumb\":{\"@id\":\"https:\/\/www.kompetensforetagen.se\/medlemssidor\/forsakringar-for-medlemmar-i-kompetensforetagen\/#breadcrumb\"},\"inLanguage\":\"sv-SE\",\"potentialAction\":[{\"@type\":\"ReadAction\",\"target\":[\"https:\/\/www.kompetensforetagen.se\/medlemssidor\/forsakringar-for-medlemmar-i-kompetensforetagen\/\"]}]},{\"@type\":\"ImageObject\",\"inLanguage\":\"sv-SE\",\"@id\":\"https:\/\/www.kompetensforetagen.se\/medlemssidor\/forsakringar-for-medlemmar-i-kompetensforetagen\/#primaryimage\",\"url\":\"https:\/\/www.kompetensforetagen.se\/app\/uploads\/sites\/5\/2023\/03\/pexels-mikhail-nilov-7734591-scaled.jpg\",\"contentUrl\":\"https:\/\/www.kompetensforetagen.se\/app\/uploads\/sites\/5\/2023\/03\/pexels-mikhail-nilov-7734591-scaled.jpg\",\"width\":1972,\"height\":2560,\"caption\":\"Man och kvinna b\u00f6jda \u00f6ver clipboard p\u00e5 bord\"},{\"@type\":\"BreadcrumbList\",\"@id\":\"https:\/\/www.kompetensforetagen.se\/medlemssidor\/forsakringar-for-medlemmar-i-kompetensforetagen\/#breadcrumb\",\"itemListElement\":[{\"@type\":\"ListItem\",\"position\":1,\"name\":\"Home\",\"item\":\"https:\/\/www.kompetensforetagen.se\/\"},{\"@type\":\"ListItem\",\"position\":2,\"name\":\"Medlemssidor\",\"item\":\"https:\/\/www.kompetensforetagen.se\/medlemssidor\/\"},{\"@type\":\"ListItem\",\"position\":3,\"name\":\"Ansvars&shy;f\u00f6rs\u00e4kring f\u00f6r dig som \u00e4r medlem\"}]},{\"@type\":\"WebSite\",\"@id\":\"https:\/\/www.kompetensforetagen.se\/#website\",\"url\":\"https:\/\/www.kompetensforetagen.se\/\",\"name\":\"Kompetensf\u00f6retagen\",\"description\":\"R\u00e4tt person p\u00e5 r\u00e4tt plats kan f\u00f6r\u00e4ndra v\u00e4rlden\",\"publisher\":{\"@id\":\"https:\/\/www.kompetensforetagen.se\/#organization\"},\"potentialAction\":[{\"@type\":\"SearchAction\",\"target\":{\"@type\":\"EntryPoint\",\"urlTemplate\":\"https:\/\/www.kompetensforetagen.se\/?s={search_term_string}\"},\"query-input\":{\"@type\":\"PropertyValueSpecification\",\"valueRequired\":true,\"valueName\":\"search_term_string\"}}],\"inLanguage\":\"sv-SE\"},{\"@type\":\"Organization\",\"@id\":\"https:\/\/www.kompetensforetagen.se\/#organization\",\"name\":\"Kompetensf\u00f6retagen\",\"url\":\"https:\/\/www.kompetensforetagen.se\/\",\"logo\":{\"@type\":\"ImageObject\",\"inLanguage\":\"sv-SE\",\"@id\":\"https:\/\/www.kompetensforetagen.se\/#\/schema\/logo\/image\/\",\"url\":\"https:\/\/www.kompetensforetagen.se\/app\/uploads\/sites\/5\/2022\/10\/logga_svart.png\",\"contentUrl\":\"https:\/\/www.kompetensforetagen.se\/app\/uploads\/sites\/5\/2022\/10\/logga_svart.png\",\"width\":752,\"height\":64,\"caption\":\"Kompetensf\u00f6retagen\"},\"image\":{\"@id\":\"https:\/\/www.kompetensforetagen.se\/#\/schema\/logo\/image\/\"},\"sameAs\":[\"https:\/\/www.linkedin.com\/company\/10540032\/\"]}]}<\/script>\n<!-- \/ Yoast SEO Premium plugin. -->","yoast_head_json":{"title":"Kompetensf\u00f6retagens branschanpassade f\u00f6retagsf\u00f6rs\u00e4kringar","description":"Kompetensf\u00f6retagen erbjuder tillsammans med S\u00f6derberg & Partners branschanpassade f\u00f6rs\u00e4kringar. L\u00e4s mer och hitta blanketter h\u00e4r.","robots":{"index":"index","follow":"follow","max-snippet":"max-snippet:-1","max-image-preview":"max-image-preview:large","max-video-preview":"max-video-preview:-1"},"canonical":"https:\/\/www.kompetensforetagen.se\/medlemssidor\/forsakringar-for-medlemmar-i-kompetensforetagen\/","og_locale":"sv_SE","og_type":"article","og_title":"Ansvarsf\u00f6rs\u00e4kring f\u00f6r dig som \u00e4r medlem","og_description":"Kompetensf\u00f6retagen erbjuder tillsammans med S\u00f6derberg & Partners branschanpassade f\u00f6rs\u00e4kringar. L\u00e4s mer och hitta blanketter h\u00e4r.","og_url":"https:\/\/www.kompetensforetagen.se\/medlemssidor\/forsakringar-for-medlemmar-i-kompetensforetagen\/","og_site_name":"Kompetensf\u00f6retagen","article_modified_time":"2026-04-20T07:40:33+00:00","og_image":[{"width":1972,"height":2560,"url":"https:\/\/www.kompetensforetagen.se\/app\/uploads\/sites\/5\/2023\/03\/pexels-mikhail-nilov-7734591-scaled.jpg","type":"image\/jpeg"}],"twitter_card":"summary_large_image","twitter_misc":{"Ber\u00e4knad l\u00e4stid":"6 minuter"},"schema":{"@context":"https:\/\/schema.org","@graph":[{"@type":"WebPage","@id":"https:\/\/www.kompetensforetagen.se\/medlemssidor\/forsakringar-for-medlemmar-i-kompetensforetagen\/","url":"https:\/\/www.kompetensforetagen.se\/medlemssidor\/forsakringar-for-medlemmar-i-kompetensforetagen\/","name":"Kompetensf\u00f6retagens branschanpassade f\u00f6retagsf\u00f6rs\u00e4kringar","isPartOf":{"@id":"https:\/\/www.kompetensforetagen.se\/#website"},"primaryImageOfPage":{"@id":"https:\/\/www.kompetensforetagen.se\/medlemssidor\/forsakringar-for-medlemmar-i-kompetensforetagen\/#primaryimage"},"image":{"@id":"https:\/\/www.kompetensforetagen.se\/medlemssidor\/forsakringar-for-medlemmar-i-kompetensforetagen\/#primaryimage"},"thumbnailUrl":"https:\/\/www.kompetensforetagen.se\/app\/uploads\/sites\/5\/2023\/03\/pexels-mikhail-nilov-7734591-1180x1532.jpg","datePublished":"2014-04-03T14:00:00+00:00","dateModified":"2026-04-20T07:40:33+00:00","description":"Kompetensf\u00f6retagen erbjuder tillsammans med S\u00f6derberg & Partners branschanpassade f\u00f6rs\u00e4kringar. L\u00e4s mer och hitta blanketter h\u00e4r.","breadcrumb":{"@id":"https:\/\/www.kompetensforetagen.se\/medlemssidor\/forsakringar-for-medlemmar-i-kompetensforetagen\/#breadcrumb"},"inLanguage":"sv-SE","potentialAction":[{"@type":"ReadAction","target":["https:\/\/www.kompetensforetagen.se\/medlemssidor\/forsakringar-for-medlemmar-i-kompetensforetagen\/"]}]},{"@type":"ImageObject","inLanguage":"sv-SE","@id":"https:\/\/www.kompetensforetagen.se\/medlemssidor\/forsakringar-for-medlemmar-i-kompetensforetagen\/#primaryimage","url":"https:\/\/www.kompetensforetagen.se\/app\/uploads\/sites\/5\/2023\/03\/pexels-mikhail-nilov-7734591-scaled.jpg","contentUrl":"https:\/\/www.kompetensforetagen.se\/app\/uploads\/sites\/5\/2023\/03\/pexels-mikhail-nilov-7734591-scaled.jpg","width":1972,"height":2560,"caption":"Man och kvinna b\u00f6jda \u00f6ver clipboard p\u00e5 bord"},{"@type":"BreadcrumbList","@id":"https:\/\/www.kompetensforetagen.se\/medlemssidor\/forsakringar-for-medlemmar-i-kompetensforetagen\/#breadcrumb","itemListElement":[{"@type":"ListItem","position":1,"name":"Home","item":"https:\/\/www.kompetensforetagen.se\/"},{"@type":"ListItem","position":2,"name":"Medlemssidor","item":"https:\/\/www.kompetensforetagen.se\/medlemssidor\/"},{"@type":"ListItem","position":3,"name":"Ansvars&shy;f\u00f6rs\u00e4kring f\u00f6r dig som \u00e4r medlem"}]},{"@type":"WebSite","@id":"https:\/\/www.kompetensforetagen.se\/#website","url":"https:\/\/www.kompetensforetagen.se\/","name":"Kompetensf\u00f6retagen","description":"R\u00e4tt person p\u00e5 r\u00e4tt plats kan f\u00f6r\u00e4ndra v\u00e4rlden","publisher":{"@id":"https:\/\/www.kompetensforetagen.se\/#organization"},"potentialAction":[{"@type":"SearchAction","target":{"@type":"EntryPoint","urlTemplate":"https:\/\/www.kompetensforetagen.se\/?s={search_term_string}"},"query-input":{"@type":"PropertyValueSpecification","valueRequired":true,"valueName":"search_term_string"}}],"inLanguage":"sv-SE"},{"@type":"Organization","@id":"https:\/\/www.kompetensforetagen.se\/#organization","name":"Kompetensf\u00f6retagen","url":"https:\/\/www.kompetensforetagen.se\/","logo":{"@type":"ImageObject","inLanguage":"sv-SE","@id":"https:\/\/www.kompetensforetagen.se\/#\/schema\/logo\/image\/","url":"https:\/\/www.kompetensforetagen.se\/app\/uploads\/sites\/5\/2022\/10\/logga_svart.png","contentUrl":"https:\/\/www.kompetensforetagen.se\/app\/uploads\/sites\/5\/2022\/10\/logga_svart.png","width":752,"height":64,"caption":"Kompetensf\u00f6retagen"},"image":{"@id":"https:\/\/www.kompetensforetagen.se\/#\/schema\/logo\/image\/"},"sameAs":["https:\/\/www.linkedin.com\/company\/10540032\/"]}]}},"_links":{"self":[{"href":"https:\/\/www.kompetensforetagen.se\/api\/wp\/v2\/pages\/596","targetHints":{"allow":["GET"]}}],"collection":[{"href":"https:\/\/www.kompetensforetagen.se\/api\/wp\/v2\/pages"}],"about":[{"href":"https:\/\/www.kompetensforetagen.se\/api\/wp\/v2\/types\/page"}],"author":[{"embeddable":true,"href":"https:\/\/www.kompetensforetagen.se\/api\/wp\/v2\/users\/1"}],"replies":[{"embeddable":true,"href":"https:\/\/www.kompetensforetagen.se\/api\/wp\/v2\/comments?post=596"}],"version-history":[{"count":31,"href":"https:\/\/www.kompetensforetagen.se\/api\/wp\/v2\/pages\/596\/revisions"}],"predecessor-version":[{"id":21551,"href":"https:\/\/www.kompetensforetagen.se\/api\/wp\/v2\/pages\/596\/revisions\/21551"}],"up":[{"embeddable":true,"href":"https:\/\/www.kompetensforetagen.se\/api\/wp\/v2\/pages\/560"}],"wp:attachment":[{"href":"https:\/\/www.kompetensforetagen.se\/api\/wp\/v2\/media?parent=596"}],"wp:term":[{"taxonomy":"type","embeddable":true,"href":"https:\/\/www.kompetensforetagen.se\/api\/wp\/v2\/article_type?post=596"},{"taxonomy":"agreement","embeddable":true,"href":"https:\/\/www.kompetensforetagen.se\/api\/wp\/v2\/agreement?post=596"},{"taxonomy":"for-members","embeddable":true,"href":"https:\/\/www.kompetensforetagen.se\/api\/wp\/v2\/for-members?post=596"}],"curies":[{"name":"wp","href":"https:\/\/api.w.org\/{rel}","templated":true}]}}