{"id":570,"date":"2017-10-18T13:42:45","date_gmt":"2017-10-18T11:42:45","guid":{"rendered":"http:\/\/staging.bemanningsforetagen.se\/avtalsforsakringar-och-itp\/"},"modified":"2025-12-11T09:53:33","modified_gmt":"2025-12-11T08:53:33","slug":"avtalsforsakringar-och-itp","status":"publish","type":"page","link":"https:\/\/www.kompetensforetagen.se\/medlemssidor\/forsakringar-for-medlemmar-i-kompetensforetagen\/avtalsforsakringar-och-itp\/","title":{"rendered":"Avtals&shy;f\u00f6rs\u00e4kringar och ITP"},"content":{"rendered":"<div class=\"wp-block wp-block-core-heading\" id=\"avtalsforsakringar-och-itp\">\n<h1 class=\"wp-block-heading\" id=\"h-avtalsforsakringar-och-itp\">Avtalsf\u00f6rs\u00e4kringar och ITP<\/h1>\n<\/div>\n\n<div class=\"wp-block wp-block-core-paragraph\">\n<p>Avtalsf\u00f6rs\u00e4kringar och ITP &#8211; vad g\u00e4ller? En avtalsf\u00f6rs\u00e4kring \u00e4r en anst\u00e4llningsf\u00f6rm\u00e5n som best\u00e4mts i ett kollektivavtal, tecknat mellan arbetsmarknadens parter. En arbetsgivare som blir bunden av kollektivavtal ska g\u00f6ra en f\u00f6rs\u00e4kringsanm\u00e4lan till Fora respektive Collectum.<\/p>\n<\/div>\n\n<div class=\"wp-block wp-block-core-paragraph\">\n<p>Det finns olika f\u00f6rs\u00e4kringar beroende p\u00e5 vilket avtal som \u00e4r aktuellt. Enligt <a href=\"https:\/\/www.kompetensforetagen.se\/medlemskap\/kollektivavtal\/\">kollektivavtalen<\/a> ska f\u00f6rs\u00e4kringar f\u00f6r f\u00f6retagets anst\u00e4llda tecknas hos <a href=\"http:\/\/www.fora.se\" target=\"_blank\" rel=\"noopener noreferrer\">FORA<\/a> (f\u00f6r arbetare) och hos Alecta via <a href=\"https:\/\/collectum.se\/\" target=\"_blank\" rel=\"noopener noreferrer\">Collectum<\/a> (f\u00f6r tj\u00e4nstem\u00e4n). F\u00f6retaget ska snarast g\u00f6ra anm\u00e4lan till de ber\u00f6rda f\u00f6rs\u00e4kringsbolagen.<\/p>\n<\/div>\n\n<div class=\"wp-block wp-block-core-paragraph\">\n<p>F\u00f6rs\u00e4kringspaketet p\u00e5 arbetaromr\u00e5det best\u00e5r av sex olika f\u00f6rs\u00e4kringar och m\u00e5ste tecknas i sin helhet. Kostnaderna f\u00f6r f\u00f6rs\u00e4kringarna ber\u00e4knas f\u00f6r n\u00e4rvarande till ca 4,6 % av bruttol\u00f6nen (avser l\u00f6n intill 7,5 inkomstbasbelopp).<\/p>\n<\/div>\n\n<div class=\"wp-block wp-block-core-paragraph\">\n<p>Om anm\u00e4lan dr\u00f6jer kommer retroaktiv debitering att ske.<\/p>\n<\/div>\n\n<div class=\"wp-block wp-block-core-paragraph\">\n<p>Har du fr\u00e5gor ang\u00e5ende avtalsf\u00f6rs\u00e4kringar och ITP, kontakta<a href=\"https:\/\/www.avtalat.se\/kontakta-oss\/\" target=\"_blank\" rel=\"noopener noreferrer\"> avtalat.se<\/a><\/p>\n<\/div>\n\n\n<figure class=\"wp-block-image\"><img loading=\"lazy\" decoding=\"async\" width=\"580\" height=\"319\" src=\"https:\/\/www.almega.se\/app\/uploads\/sites\/5\/2020\/12\/question-mark-1872665_1920-580x319.jpg\" alt=\"R\u00f6da fr\u00e5getecken syns tydligt bland svarta fr\u00e5getecken\" class=\"wp-image-5712\" srcset=\"https:\/\/www.kompetensforetagen.se\/app\/uploads\/sites\/5\/2020\/12\/question-mark-1872665_1920-580x319.jpg 580w, https:\/\/www.kompetensforetagen.se\/app\/uploads\/sites\/5\/2020\/12\/question-mark-1872665_1920-1180x649.jpg 1180w, https:\/\/www.kompetensforetagen.se\/app\/uploads\/sites\/5\/2020\/12\/question-mark-1872665_1920-380x209.jpg 380w, https:\/\/www.kompetensforetagen.se\/app\/uploads\/sites\/5\/2020\/12\/question-mark-1872665_1920-768x422.jpg 768w, https:\/\/www.kompetensforetagen.se\/app\/uploads\/sites\/5\/2020\/12\/question-mark-1872665_1920-1536x845.jpg 1536w, https:\/\/www.kompetensforetagen.se\/app\/uploads\/sites\/5\/2020\/12\/question-mark-1872665_1920.jpg 1920w\" sizes=\"auto, (max-width: 580px) 100vw, 580px\" \/><\/figure>\n\n\n<div class=\"wp-block wp-block-core-heading heading-in-sidebar\" id=\"\"><a class='Share__link Share__link--url copy-text' href='#' rel='nofollow' data-text='' title='Dela url' data-confirmation='L\u00e4nken kopierades till urklipp'><svg class='icon icon--link'  width='18' height='18' viewBox='0 0 18 18' fill='none' xmlns='http:\/\/www.w3.org\/2000\/svg'>\n            <path d='M10.4142 0.514721L6.87868 4.05025L8.29289 5.46447L11.1213 2.63604L15.364 6.87868L12.5355 9.70711L13.9497 11.1213L17.4853 7.58579C17.8763 7.19476 17.8763 6.5626 17.4853 6.17158L11.8284 0.514721C11.4374 0.123691 10.8052 0.123691 10.4142 0.514721Z' fill='black'\/>\n            <path d='M9.7071 12.5355L6.87868 15.364L2.63604 11.1213L5.46446 8.2929L4.05025 6.87868L0.514716 10.4142C0.123686 10.8052 0.123686 11.4374 0.514716 11.8284L6.17157 17.4853C6.5626 17.8763 7.19475 17.8763 7.58578 17.4853L11.1213 13.9497L9.7071 12.5355Z' fill='black'\/>\n            <path d='M6.17157 11.8284C6.5626 12.2195 7.19475 12.2195 7.58578 11.8284L11.8284 7.58579C12.2195 7.19476 12.2195 6.56261 11.8284 6.17158C11.4374 5.78055 10.8052 5.78055 10.4142 6.17158L6.17157 10.4142C5.78054 10.8052 5.78054 11.4374 6.17157 11.8284Z' fill='black'\/>\n            <\/svg> <\/a>\n<h2 class=\"wp-block-heading\" id=\"h-\"><\/h2>\n<\/div>\n\n<div class=\"wp-block wp-block-core-paragraph\">\n<p><\/p>\n<\/div>","protected":false},"excerpt":{"rendered":"<p>Avtalsf\u00f6rs\u00e4kringar och ITP Avtalsf\u00f6rs\u00e4kringar och ITP &#8211; vad g\u00e4ller? En avtalsf\u00f6rs\u00e4kring \u00e4r en anst\u00e4llningsf\u00f6rm\u00e5n som best\u00e4mts i ett kollektivavtal, tecknat mellan arbetsmarknadens parter. En arbetsgivare som blir bunden av kollektivavtal ska g\u00f6ra en f\u00f6rs\u00e4kringsanm\u00e4lan till &hellip;<\/p>\n","protected":false},"author":1,"featured_media":0,"parent":596,"menu_order":0,"comment_status":"closed","ping_status":"closed","template":"","meta":{"_acf_changed":false,"footnotes":""},"article_type":[],"agreement":[],"for-members":[],"class_list":["post-570","page","type-page","status-publish","hentry"],"acf":[],"yoast_head":"<!-- This site is optimized with the Yoast SEO Premium plugin v26.8 (Yoast SEO v26.8) - https:\/\/yoast.com\/product\/yoast-seo-premium-wordpress\/ -->\n<title>Om avtalsf\u00f6rs\u00e4kringar och ITP - Kompetensf\u00f6retagen<\/title>\n<meta name=\"description\" content=\"Arbetsgivare som blir bunden av kollektivavtal ska g\u00f6ra anm\u00e4lan till Fora respektive Collectum. L\u00e4s om avtalsf\u00f6rs\u00e4kringar och ITP h\u00e4r.\" \/>\n<meta name=\"robots\" content=\"index, follow, max-snippet:-1, max-image-preview:large, max-video-preview:-1\" \/>\n<link rel=\"canonical\" href=\"https:\/\/www.kompetensforetagen.se\/medlemssidor\/forsakringar-for-medlemmar-i-kompetensforetagen\/avtalsforsakringar-och-itp\/\" \/>\n<meta property=\"og:locale\" content=\"sv_SE\" \/>\n<meta property=\"og:type\" content=\"article\" \/>\n<meta property=\"og:title\" content=\"Avtalsf\u00f6rs\u00e4kringar och ITP\" \/>\n<meta property=\"og:description\" content=\"Arbetsgivare som blir bunden av kollektivavtal ska g\u00f6ra anm\u00e4lan till Fora respektive Collectum. L\u00e4s om avtalsf\u00f6rs\u00e4kringar och ITP h\u00e4r.\" \/>\n<meta property=\"og:url\" content=\"https:\/\/www.kompetensforetagen.se\/medlemssidor\/forsakringar-for-medlemmar-i-kompetensforetagen\/avtalsforsakringar-och-itp\/\" \/>\n<meta property=\"og:site_name\" content=\"Kompetensf\u00f6retagen\" \/>\n<meta property=\"article:modified_time\" content=\"2025-12-11T08:53:33+00:00\" \/>\n<meta property=\"og:image\" content=\"https:\/\/www.kompetensforetagen.se\/app\/uploads\/sites\/5\/2020\/12\/question-mark-1872665_1920.jpg\" \/>\n\t<meta property=\"og:image:width\" content=\"1920\" \/>\n\t<meta property=\"og:image:height\" content=\"1056\" \/>\n\t<meta property=\"og:image:type\" content=\"image\/jpeg\" \/>\n<meta name=\"twitter:card\" content=\"summary_large_image\" \/>\n<meta name=\"twitter:label1\" content=\"Ber\u00e4knad l\u00e4stid\" \/>\n\t<meta name=\"twitter:data1\" content=\"1 minut\" \/>\n<script type=\"application\/ld+json\" class=\"yoast-schema-graph\">{\"@context\":\"https:\/\/schema.org\",\"@graph\":[{\"@type\":\"WebPage\",\"@id\":\"https:\/\/www.kompetensforetagen.se\/medlemssidor\/forsakringar-for-medlemmar-i-kompetensforetagen\/avtalsforsakringar-och-itp\/\",\"url\":\"https:\/\/www.kompetensforetagen.se\/medlemssidor\/forsakringar-for-medlemmar-i-kompetensforetagen\/avtalsforsakringar-och-itp\/\",\"name\":\"Om avtalsf\u00f6rs\u00e4kringar och ITP - Kompetensf\u00f6retagen\",\"isPartOf\":{\"@id\":\"https:\/\/www.kompetensforetagen.se\/#website\"},\"primaryImageOfPage\":{\"@id\":\"https:\/\/www.kompetensforetagen.se\/medlemssidor\/forsakringar-for-medlemmar-i-kompetensforetagen\/avtalsforsakringar-och-itp\/#primaryimage\"},\"image\":{\"@id\":\"https:\/\/www.kompetensforetagen.se\/medlemssidor\/forsakringar-for-medlemmar-i-kompetensforetagen\/avtalsforsakringar-och-itp\/#primaryimage\"},\"thumbnailUrl\":\"https:\/\/www.almega.se\/app\/uploads\/sites\/5\/2020\/12\/question-mark-1872665_1920-580x319.jpg\",\"datePublished\":\"2017-10-18T11:42:45+00:00\",\"dateModified\":\"2025-12-11T08:53:33+00:00\",\"description\":\"Arbetsgivare som blir bunden av kollektivavtal ska g\u00f6ra anm\u00e4lan till Fora respektive Collectum. L\u00e4s om avtalsf\u00f6rs\u00e4kringar och ITP h\u00e4r.\",\"breadcrumb\":{\"@id\":\"https:\/\/www.kompetensforetagen.se\/medlemssidor\/forsakringar-for-medlemmar-i-kompetensforetagen\/avtalsforsakringar-och-itp\/#breadcrumb\"},\"inLanguage\":\"sv-SE\",\"potentialAction\":[{\"@type\":\"ReadAction\",\"target\":[\"https:\/\/www.kompetensforetagen.se\/medlemssidor\/forsakringar-for-medlemmar-i-kompetensforetagen\/avtalsforsakringar-och-itp\/\"]}]},{\"@type\":\"ImageObject\",\"inLanguage\":\"sv-SE\",\"@id\":\"https:\/\/www.kompetensforetagen.se\/medlemssidor\/forsakringar-for-medlemmar-i-kompetensforetagen\/avtalsforsakringar-och-itp\/#primaryimage\",\"url\":\"https:\/\/www.almega.se\/app\/uploads\/sites\/5\/2020\/12\/question-mark-1872665_1920-580x319.jpg\",\"contentUrl\":\"https:\/\/www.almega.se\/app\/uploads\/sites\/5\/2020\/12\/question-mark-1872665_1920-580x319.jpg\"},{\"@type\":\"BreadcrumbList\",\"@id\":\"https:\/\/www.kompetensforetagen.se\/medlemssidor\/forsakringar-for-medlemmar-i-kompetensforetagen\/avtalsforsakringar-och-itp\/#breadcrumb\",\"itemListElement\":[{\"@type\":\"ListItem\",\"position\":1,\"name\":\"Home\",\"item\":\"https:\/\/www.kompetensforetagen.se\/\"},{\"@type\":\"ListItem\",\"position\":2,\"name\":\"Medlemssidor\",\"item\":\"https:\/\/www.kompetensforetagen.se\/medlemssidor\/\"},{\"@type\":\"ListItem\",\"position\":3,\"name\":\"Ansvars&shy;f\u00f6rs\u00e4kring f\u00f6r dig som \u00e4r medlem\",\"item\":\"https:\/\/www.kompetensforetagen.se\/medlemssidor\/forsakringar-for-medlemmar-i-kompetensforetagen\/\"},{\"@type\":\"ListItem\",\"position\":4,\"name\":\"Avtals&shy;f\u00f6rs\u00e4kringar och ITP\"}]},{\"@type\":\"WebSite\",\"@id\":\"https:\/\/www.kompetensforetagen.se\/#website\",\"url\":\"https:\/\/www.kompetensforetagen.se\/\",\"name\":\"Kompetensf\u00f6retagen\",\"description\":\"R\u00e4tt person p\u00e5 r\u00e4tt plats kan f\u00f6r\u00e4ndra v\u00e4rlden\",\"publisher\":{\"@id\":\"https:\/\/www.kompetensforetagen.se\/#organization\"},\"potentialAction\":[{\"@type\":\"SearchAction\",\"target\":{\"@type\":\"EntryPoint\",\"urlTemplate\":\"https:\/\/www.kompetensforetagen.se\/?s={search_term_string}\"},\"query-input\":{\"@type\":\"PropertyValueSpecification\",\"valueRequired\":true,\"valueName\":\"search_term_string\"}}],\"inLanguage\":\"sv-SE\"},{\"@type\":\"Organization\",\"@id\":\"https:\/\/www.kompetensforetagen.se\/#organization\",\"name\":\"Kompetensf\u00f6retagen\",\"url\":\"https:\/\/www.kompetensforetagen.se\/\",\"logo\":{\"@type\":\"ImageObject\",\"inLanguage\":\"sv-SE\",\"@id\":\"https:\/\/www.kompetensforetagen.se\/#\/schema\/logo\/image\/\",\"url\":\"https:\/\/www.kompetensforetagen.se\/app\/uploads\/sites\/5\/2022\/10\/logga_svart.png\",\"contentUrl\":\"https:\/\/www.kompetensforetagen.se\/app\/uploads\/sites\/5\/2022\/10\/logga_svart.png\",\"width\":752,\"height\":64,\"caption\":\"Kompetensf\u00f6retagen\"},\"image\":{\"@id\":\"https:\/\/www.kompetensforetagen.se\/#\/schema\/logo\/image\/\"},\"sameAs\":[\"https:\/\/www.linkedin.com\/company\/10540032\/\"]}]}<\/script>\n<!-- \/ Yoast SEO Premium plugin. -->","yoast_head_json":{"title":"Om avtalsf\u00f6rs\u00e4kringar och ITP - Kompetensf\u00f6retagen","description":"Arbetsgivare som blir bunden av kollektivavtal ska g\u00f6ra anm\u00e4lan till Fora respektive Collectum. L\u00e4s om avtalsf\u00f6rs\u00e4kringar och ITP h\u00e4r.","robots":{"index":"index","follow":"follow","max-snippet":"max-snippet:-1","max-image-preview":"max-image-preview:large","max-video-preview":"max-video-preview:-1"},"canonical":"https:\/\/www.kompetensforetagen.se\/medlemssidor\/forsakringar-for-medlemmar-i-kompetensforetagen\/avtalsforsakringar-och-itp\/","og_locale":"sv_SE","og_type":"article","og_title":"Avtalsf\u00f6rs\u00e4kringar och ITP","og_description":"Arbetsgivare som blir bunden av kollektivavtal ska g\u00f6ra anm\u00e4lan till Fora respektive Collectum. L\u00e4s om avtalsf\u00f6rs\u00e4kringar och ITP h\u00e4r.","og_url":"https:\/\/www.kompetensforetagen.se\/medlemssidor\/forsakringar-for-medlemmar-i-kompetensforetagen\/avtalsforsakringar-och-itp\/","og_site_name":"Kompetensf\u00f6retagen","article_modified_time":"2025-12-11T08:53:33+00:00","og_image":[{"width":1920,"height":1056,"url":"https:\/\/www.kompetensforetagen.se\/app\/uploads\/sites\/5\/2020\/12\/question-mark-1872665_1920.jpg","type":"image\/jpeg"}],"twitter_card":"summary_large_image","twitter_misc":{"Ber\u00e4knad l\u00e4stid":"1 minut"},"schema":{"@context":"https:\/\/schema.org","@graph":[{"@type":"WebPage","@id":"https:\/\/www.kompetensforetagen.se\/medlemssidor\/forsakringar-for-medlemmar-i-kompetensforetagen\/avtalsforsakringar-och-itp\/","url":"https:\/\/www.kompetensforetagen.se\/medlemssidor\/forsakringar-for-medlemmar-i-kompetensforetagen\/avtalsforsakringar-och-itp\/","name":"Om avtalsf\u00f6rs\u00e4kringar och ITP - Kompetensf\u00f6retagen","isPartOf":{"@id":"https:\/\/www.kompetensforetagen.se\/#website"},"primaryImageOfPage":{"@id":"https:\/\/www.kompetensforetagen.se\/medlemssidor\/forsakringar-for-medlemmar-i-kompetensforetagen\/avtalsforsakringar-och-itp\/#primaryimage"},"image":{"@id":"https:\/\/www.kompetensforetagen.se\/medlemssidor\/forsakringar-for-medlemmar-i-kompetensforetagen\/avtalsforsakringar-och-itp\/#primaryimage"},"thumbnailUrl":"https:\/\/www.almega.se\/app\/uploads\/sites\/5\/2020\/12\/question-mark-1872665_1920-580x319.jpg","datePublished":"2017-10-18T11:42:45+00:00","dateModified":"2025-12-11T08:53:33+00:00","description":"Arbetsgivare som blir bunden av kollektivavtal ska g\u00f6ra anm\u00e4lan till Fora respektive Collectum. L\u00e4s om avtalsf\u00f6rs\u00e4kringar och ITP h\u00e4r.","breadcrumb":{"@id":"https:\/\/www.kompetensforetagen.se\/medlemssidor\/forsakringar-for-medlemmar-i-kompetensforetagen\/avtalsforsakringar-och-itp\/#breadcrumb"},"inLanguage":"sv-SE","potentialAction":[{"@type":"ReadAction","target":["https:\/\/www.kompetensforetagen.se\/medlemssidor\/forsakringar-for-medlemmar-i-kompetensforetagen\/avtalsforsakringar-och-itp\/"]}]},{"@type":"ImageObject","inLanguage":"sv-SE","@id":"https:\/\/www.kompetensforetagen.se\/medlemssidor\/forsakringar-for-medlemmar-i-kompetensforetagen\/avtalsforsakringar-och-itp\/#primaryimage","url":"https:\/\/www.almega.se\/app\/uploads\/sites\/5\/2020\/12\/question-mark-1872665_1920-580x319.jpg","contentUrl":"https:\/\/www.almega.se\/app\/uploads\/sites\/5\/2020\/12\/question-mark-1872665_1920-580x319.jpg"},{"@type":"BreadcrumbList","@id":"https:\/\/www.kompetensforetagen.se\/medlemssidor\/forsakringar-for-medlemmar-i-kompetensforetagen\/avtalsforsakringar-och-itp\/#breadcrumb","itemListElement":[{"@type":"ListItem","position":1,"name":"Home","item":"https:\/\/www.kompetensforetagen.se\/"},{"@type":"ListItem","position":2,"name":"Medlemssidor","item":"https:\/\/www.kompetensforetagen.se\/medlemssidor\/"},{"@type":"ListItem","position":3,"name":"Ansvars&shy;f\u00f6rs\u00e4kring f\u00f6r dig som \u00e4r medlem","item":"https:\/\/www.kompetensforetagen.se\/medlemssidor\/forsakringar-for-medlemmar-i-kompetensforetagen\/"},{"@type":"ListItem","position":4,"name":"Avtals&shy;f\u00f6rs\u00e4kringar och ITP"}]},{"@type":"WebSite","@id":"https:\/\/www.kompetensforetagen.se\/#website","url":"https:\/\/www.kompetensforetagen.se\/","name":"Kompetensf\u00f6retagen","description":"R\u00e4tt person p\u00e5 r\u00e4tt plats kan f\u00f6r\u00e4ndra v\u00e4rlden","publisher":{"@id":"https:\/\/www.kompetensforetagen.se\/#organization"},"potentialAction":[{"@type":"SearchAction","target":{"@type":"EntryPoint","urlTemplate":"https:\/\/www.kompetensforetagen.se\/?s={search_term_string}"},"query-input":{"@type":"PropertyValueSpecification","valueRequired":true,"valueName":"search_term_string"}}],"inLanguage":"sv-SE"},{"@type":"Organization","@id":"https:\/\/www.kompetensforetagen.se\/#organization","name":"Kompetensf\u00f6retagen","url":"https:\/\/www.kompetensforetagen.se\/","logo":{"@type":"ImageObject","inLanguage":"sv-SE","@id":"https:\/\/www.kompetensforetagen.se\/#\/schema\/logo\/image\/","url":"https:\/\/www.kompetensforetagen.se\/app\/uploads\/sites\/5\/2022\/10\/logga_svart.png","contentUrl":"https:\/\/www.kompetensforetagen.se\/app\/uploads\/sites\/5\/2022\/10\/logga_svart.png","width":752,"height":64,"caption":"Kompetensf\u00f6retagen"},"image":{"@id":"https:\/\/www.kompetensforetagen.se\/#\/schema\/logo\/image\/"},"sameAs":["https:\/\/www.linkedin.com\/company\/10540032\/"]}]}},"_links":{"self":[{"href":"https:\/\/www.kompetensforetagen.se\/api\/wp\/v2\/pages\/570","targetHints":{"allow":["GET"]}}],"collection":[{"href":"https:\/\/www.kompetensforetagen.se\/api\/wp\/v2\/pages"}],"about":[{"href":"https:\/\/www.kompetensforetagen.se\/api\/wp\/v2\/types\/page"}],"author":[{"embeddable":true,"href":"https:\/\/www.kompetensforetagen.se\/api\/wp\/v2\/users\/1"}],"replies":[{"embeddable":true,"href":"https:\/\/www.kompetensforetagen.se\/api\/wp\/v2\/comments?post=570"}],"version-history":[{"count":6,"href":"https:\/\/www.kompetensforetagen.se\/api\/wp\/v2\/pages\/570\/revisions"}],"predecessor-version":[{"id":21161,"href":"https:\/\/www.kompetensforetagen.se\/api\/wp\/v2\/pages\/570\/revisions\/21161"}],"up":[{"embeddable":true,"href":"https:\/\/www.kompetensforetagen.se\/api\/wp\/v2\/pages\/596"}],"wp:attachment":[{"href":"https:\/\/www.kompetensforetagen.se\/api\/wp\/v2\/media?parent=570"}],"wp:term":[{"taxonomy":"type","embeddable":true,"href":"https:\/\/www.kompetensforetagen.se\/api\/wp\/v2\/article_type?post=570"},{"taxonomy":"agreement","embeddable":true,"href":"https:\/\/www.kompetensforetagen.se\/api\/wp\/v2\/agreement?post=570"},{"taxonomy":"for-members","embeddable":true,"href":"https:\/\/www.kompetensforetagen.se\/api\/wp\/v2\/for-members?post=570"}],"curies":[{"name":"wp","href":"https:\/\/api.w.org\/{rel}","templated":true}]}}