{"id":560,"date":"2013-02-21T09:58:10","date_gmt":"2013-02-21T08:58:10","guid":{"rendered":"http:\/\/staging.bemanningsforetagen.se\/for-medlemmar\/"},"modified":"2026-01-16T15:50:16","modified_gmt":"2026-01-16T14:50:16","slug":"medlemssidor","status":"publish","type":"page","link":"https:\/\/www.kompetensforetagen.se\/medlemssidor\/","title":{"rendered":"Medlemssidor"},"content":{"rendered":"<div id=\"block-hero-block_96b7cf95a41018b94d29e4f61ccdf55f\" class=\"Hero has-lightgray-background-color\">\n\n    \n  <div class=\"Hero__inner container has-lightgray-background-color has-arrow\">\n              <div class=\"Hero__title\">\n          <h1>Hej<i>  medlem!<\/i><\/h1>\n        <\/div>\n                                <div class=\"Hero__arrow\">\n          <svg class='icon icon--squiggly-arrow'  width=\"282\" height=\"302\" viewBox=\"0 0 282 302\" fill=\"none\" xmlns=\"http:\/\/www.w3.org\/2000\/svg\">\n<path d=\"M108.429 281.19L129.837 295.44L143.97 274.186\" stroke=\"black\" stroke-width=\"4\" stroke-miterlimit=\"10\"\/>\n<path d=\"M43.8871 68.0497C53.3269 84.3998 70.0075 95.6755 88.6244 97.6784C107.24 99.6801 125.826 95.0068 144.209 91.4645C162.592 87.9216 182.067 85.5682 199.674 91.9481C220.515 99.5002 236.316 120.278 236.492 142.446C236.669 164.616 220.178 186.234 198.428 190.49C188.558 192.423 177.815 190.842 169.542 185.112C161.271 179.382 155.88 169.284 156.859 159.269C158.292 144.577 173.761 133.512 188.444 135C203.126 136.491 215.468 148.757 219.176 163.047C222.881 177.337 218.804 192.932 210.416 205.072C202.027 217.212 189.703 226.187 176.514 232.804C167.472 237.341 157.931 240.877 149.144 245.889C140.356 250.899 132.161 257.651 127.746 266.755C123.333 275.858 126.637 283.983 129.929 295.386\" stroke=\"black\" stroke-width=\"4\" stroke-miterlimit=\"10\"\/>\n<\/svg>\n\n          <\/div>\n        <\/div>\n<\/div>\n\n\n\n<div class=\"wp-block-group has-white-background-color has-background is-layout-constrained wp-block-group-is-layout-constrained\">\n<div class=\"wp-block-columns is-layout-flex wp-container-core-columns-is-layout-9d6595d7 wp-block-columns-is-layout-flex\">\n<div class=\"wp-block-column is-layout-flow wp-block-column-is-layout-flow\" style=\"flex-basis:66.66%\"><div class=\"wp-block wp-block-core-paragraph\">\n<p>V\u00e4lkommen till dina sidor! De allra flesta nyheter h\u00e4r \u00e4r exklusiva, eller kanske extra intressanta, f\u00f6r dig som medlem i Kompetensf\u00f6retagen. Nyheter eller information som m\u00e5nga efterfr\u00e5gar ligger oftast h\u00f6gst upp p\u00e5 sidan. <\/p>\n<\/div>\n\n<div class=\"wp-block wp-block-core-paragraph\">\n<p><a href=\"https:\/\/www.kompetensforetagen.se\/medlemssidor\/arsmote-2023\/\"><\/a><\/p>\n<\/div><\/div>\n\n\n\n<div class=\"wp-block-column is-layout-flow wp-block-column-is-layout-flow\" style=\"flex-basis:33.33%\"><\/div>\n<\/div>\n<\/div>\n\n\n\n<div class=\"wp-block-group has-green-background-color has-background is-layout-constrained wp-block-group-is-layout-constrained\">\n<div class=\"wp-block-columns is-layout-flex wp-container-core-columns-is-layout-9d6595d7 wp-block-columns-is-layout-flex\">\n<div class=\"wp-block-column is-layout-flow wp-block-column-is-layout-flow\"><div id=\"block-cta-block_8bb00cbfd48165735466093e5bea6254\" class=\"container\">\n      <div class=\"Cta\">\n          <div class=\"Cta__text has-primary-background-color has-white-color\">\n        <p>\n           <span class=\"text-1\">Fakta och information om 24-m\u00e5nadersregeln<\/span>                   <\/p>\n        \n              <\/div>\n\n      \n              <div class=\"Cta__buttons \">\n                                              \n              <a href=\"http:\/\/I snart sex \u00e5r har arbetsmarknadens parter drivit p\u00e5 f\u00f6r reformen med etableringsjobb. Nu b\u00f6rjar dessv\u00e4rre vissa fackf\u00f6rbund att tveka\"  class=\"Cta__button\">\n                <div class=\"Button Button--squiggly-arrow-link white-space-nowrap has-black-background-color has-white-color\">\n                  <div class=\"Button__text\">\n                    L\u00e4s mer\n                  <\/div>\n                  <div class=\"Button__arrow\">\n                                          <span class=\"Button__line\"><\/span>\n                                        <svg class='icon icon--squiggly-arrow-link'  width=\"114\" height=\"36\" viewBox=\"0 0 114 36\" fill=\"none\" xmlns=\"http:\/\/www.w3.org\/2000\/svg\">\n<path d=\"M0.591797 18.5C7.0918 18.5 11.5209 19.9081 13.4345 14.5C14.3308 11.9657 14.3461 11.9541 15.0839 9.38315C15.7735 6.97969 17.3449 4.54993 19.8345 3.93399C22.9224 3.16984 26.0805 5.67017 27.0204 8.62798C27.9603 11.5851 27.243 14.7829 26.3407 17.751C25.4378 20.719 24.34 23.7256 24.5322 26.8156C24.7244 29.9049 26.6162 33.154 29.7193 33.8559C33.0114 34.5995 36.3563 32.146 37.6741 29.1234C38.9912 26.0995 38.7745 22.6791 38.4839 19.4082C38.1926 16.1373 37.8656 12.7464 38.9918 9.65134C40.1187 6.55559 43.1657 3.84801 46.5259 4.19961C49.9434 4.55763 52.3227 7.90617 52.8134 11.2104C53.3042 14.5147 52.3993 17.8408 51.8259 21.1322C51.2526 24.4237 51.0624 28.0141 52.8029 30.8923C54.221 33.2393 56.8902 34.826 59.6869 34.9864C62.4836 35.1468 65.3259 33.8758 67.0188 31.7072C69.5136 28.5126 69.3227 24.0689 68.5255 20.1345C67.7289 16.1996 66.4369 12.2139 67.1225 8.2597C67.8081 4.30548 71.3849 0.426331 75.4597 1.0705C78.5034 1.55171 80.6627 4.37413 81.4078 7.28189C82.1528 10.189 81.8133 13.2366 81.7711 16.2323C81.7288 19.2279 82.0551 22.4052 83.8874 24.8144C86.657 28.4555 91.9762 29.2197 96.6072 28.7147C101.239 28.2098 105.813 25.7501 110.457 26.1383\" stroke=\"black\" stroke-width=\"2\" stroke-miterlimit=\"10\"\/>\n<path d=\"M105.097 35L111.68 25.3613L102.457 18.2063\" stroke=\"black\" stroke-width=\"2\" stroke-miterlimit=\"10\"\/>\n<\/svg>\n\n                    <\/div>\n                <\/div>\n              <\/a>\n                              <\/div>\n            <\/div>\n  <\/div>\n\n\n\n<div class=\"wp-block wp-block-core-paragraph\">\n<p><\/p>\n<\/div><\/div>\n<\/div>\n\n\n\n<div class=\"wp-block-columns is-layout-flex wp-container-core-columns-is-layout-9d6595d7 wp-block-columns-is-layout-flex\">\n<div class=\"wp-block-column is-layout-flow wp-block-column-is-layout-flow\">\n<div class=\"wp-block-columns is-layout-flex wp-container-core-columns-is-layout-9d6595d7 wp-block-columns-is-layout-flex\">\n<div class=\"wp-block-column is-layout-flow wp-block-column-is-layout-flow\"><div id=\"block-cta-block_40636e4108fc242ebee37168ab498270\" class=\"container\">\n      <div class=\"Cta\">\n          <div class=\"Cta__text has-primary-background-color has-white-color\">\n        <p>\n           <span class=\"text-1\">Delpension<\/span>                   <\/p>\n        \n              <\/div>\n\n      \n              <div class=\"Cta__buttons \">\n                                              \n              <a href=\"https:\/\/www.kompetensforetagen.se\/medlemssidor\/delpension\/\"  target=\"_blank\"  class=\"Cta__button\">\n                <div class=\"Button Button--squiggly-arrow-link white-space-nowrap has-black-background-color has-white-color\">\n                  <div class=\"Button__text\">\n                    L\u00e4s mer\n                  <\/div>\n                  <div class=\"Button__arrow\">\n                                          <span class=\"Button__line\"><\/span>\n                                        <svg class='icon icon--squiggly-arrow-link'  width=\"114\" height=\"36\" viewBox=\"0 0 114 36\" fill=\"none\" xmlns=\"http:\/\/www.w3.org\/2000\/svg\">\n<path d=\"M0.591797 18.5C7.0918 18.5 11.5209 19.9081 13.4345 14.5C14.3308 11.9657 14.3461 11.9541 15.0839 9.38315C15.7735 6.97969 17.3449 4.54993 19.8345 3.93399C22.9224 3.16984 26.0805 5.67017 27.0204 8.62798C27.9603 11.5851 27.243 14.7829 26.3407 17.751C25.4378 20.719 24.34 23.7256 24.5322 26.8156C24.7244 29.9049 26.6162 33.154 29.7193 33.8559C33.0114 34.5995 36.3563 32.146 37.6741 29.1234C38.9912 26.0995 38.7745 22.6791 38.4839 19.4082C38.1926 16.1373 37.8656 12.7464 38.9918 9.65134C40.1187 6.55559 43.1657 3.84801 46.5259 4.19961C49.9434 4.55763 52.3227 7.90617 52.8134 11.2104C53.3042 14.5147 52.3993 17.8408 51.8259 21.1322C51.2526 24.4237 51.0624 28.0141 52.8029 30.8923C54.221 33.2393 56.8902 34.826 59.6869 34.9864C62.4836 35.1468 65.3259 33.8758 67.0188 31.7072C69.5136 28.5126 69.3227 24.0689 68.5255 20.1345C67.7289 16.1996 66.4369 12.2139 67.1225 8.2597C67.8081 4.30548 71.3849 0.426331 75.4597 1.0705C78.5034 1.55171 80.6627 4.37413 81.4078 7.28189C82.1528 10.189 81.8133 13.2366 81.7711 16.2323C81.7288 19.2279 82.0551 22.4052 83.8874 24.8144C86.657 28.4555 91.9762 29.2197 96.6072 28.7147C101.239 28.2098 105.813 25.7501 110.457 26.1383\" stroke=\"black\" stroke-width=\"2\" stroke-miterlimit=\"10\"\/>\n<path d=\"M105.097 35L111.68 25.3613L102.457 18.2063\" stroke=\"black\" stroke-width=\"2\" stroke-miterlimit=\"10\"\/>\n<\/svg>\n\n                    <\/div>\n                <\/div>\n              <\/a>\n                              <\/div>\n            <\/div>\n  <\/div>\n\n<\/div>\n\n\n\n<div class=\"wp-block-column is-layout-flow wp-block-column-is-layout-flow\"><div id=\"block-cta-block_abdf000c64dfe1c7ff6ca839348385d2\" class=\"container\">\n      <div class=\"Cta\">\n          <div class=\"Cta__text has-primary-background-color has-white-color\">\n        <p>\n           <span class=\"text-1\">Arbetsgivarguiden<\/span>                   <\/p>\n        \n              <\/div>\n\n      \n              <div class=\"Cta__buttons \">\n                                              \n              <a href=\"https:\/\/medlem.arbetsgivarguiden.se\/\"  target=\"_blank\"  class=\"Cta__button\">\n                <div class=\"Button Button--lock white-space-nowrap has-black-background-color has-white-color\">\n                  <div class=\"Button__text\">\n                    Logga in\n                  <\/div>\n                  <div class=\"Button__arrow\">\n                                        <svg class='icon icon--lock'  width=\"16\" height=\"18\" viewBox=\"0 0 16 18\" fill=\"none\" xmlns=\"http:\/\/www.w3.org\/2000\/svg\">\n<path d=\"M13.5 16.5H2.5C2.23478 16.5 1.98043 16.3946 1.79289 16.2071C1.60536 16.0196 1.5 15.7652 1.5 15.5V8.5C1.5 8.23478 1.60536 7.98043 1.79289 7.79289C1.98043 7.60536 2.23478 7.5 2.5 7.5H13.5C13.7652 7.5 14.0196 7.60536 14.2071 7.79289C14.3946 7.98043 14.5 8.23478 14.5 8.5V15.5C14.5 15.7652 14.3946 16.0196 14.2071 16.2071C14.0196 16.3946 13.7652 16.5 13.5 16.5Z\" stroke=\"black\" stroke-width=\"2\" stroke-linecap=\"round\" stroke-linejoin=\"round\"\/>\n<path d=\"M4.5 7.5V5C4.5 4.07174 4.86875 3.1815 5.52513 2.52513C6.1815 1.86875 7.07174 1.5 8 1.5V1.5C8.92826 1.5 9.8185 1.86875 10.4749 2.52513C11.1313 3.1815 11.5 4.07174 11.5 5V7.5\" stroke=\"black\" stroke-width=\"2\" stroke-linecap=\"round\" stroke-linejoin=\"round\"\/>\n<path d=\"M8 13.5C8.82843 13.5 9.5 12.8284 9.5 12C9.5 11.1716 8.82843 10.5 8 10.5C7.17157 10.5 6.5 11.1716 6.5 12C6.5 12.8284 7.17157 13.5 8 13.5Z\" stroke=\"black\" stroke-width=\"2\" stroke-linecap=\"round\" stroke-linejoin=\"round\"\/>\n<\/svg>\n\n                    <\/div>\n                <\/div>\n              <\/a>\n                              <\/div>\n            <\/div>\n  <\/div>\n\n<\/div>\n<\/div>\n<\/div>\n<\/div>\n<\/div>\n\n\n\n<div class=\"wp-block-group is-layout-constrained wp-block-group-is-layout-constrained\"><div class=\"Listing no-bg\" id=\"block-88847190-10f0-4920-8be9-c78139fd0b41\">\n  <div class=\"container\">\n    <div class=\"Listing__heading\">\n       <h2>Medlemsnyheter<\/h2>     <\/div>\n    <div class=\"row\">\n      \n                      <div class=\"col-md-4\">\n                      <article class=\"Blurb Blurb--md Blurb--post Blurb--vertical has-thumbnail\">\n  <a href=\"https:\/\/www.kompetensforetagen.se\/2024\/12\/meritmind-ar-vart-1-000e-medlemforetag\/\">\n          <div class=\"Blurb__thumbnail__wrap\">\n        <figure class=\"Blurb__thumbnail\">\n          <img loading=\"lazy\" decoding=\"async\" width=\"1900\" height=\"1000\" src=\"https:\/\/www.kompetensforetagen.se\/app\/uploads\/sites\/5\/2024\/12\/Medlemscase-hemsida.png\" class=\"attachment-small size-small wp-post-image\" alt=\"MeritMind \u00e4r v\u00e5rt 1000:e medlemf\u00f6retag i Kompetensf\u00f6retagen.\" srcset=\"https:\/\/www.kompetensforetagen.se\/app\/uploads\/sites\/5\/2024\/12\/Medlemscase-hemsida.png 1900w, https:\/\/www.kompetensforetagen.se\/app\/uploads\/sites\/5\/2024\/12\/Medlemscase-hemsida-580x305.png 580w, https:\/\/www.kompetensforetagen.se\/app\/uploads\/sites\/5\/2024\/12\/Medlemscase-hemsida-1180x621.png 1180w, https:\/\/www.kompetensforetagen.se\/app\/uploads\/sites\/5\/2024\/12\/Medlemscase-hemsida-380x200.png 380w, https:\/\/www.kompetensforetagen.se\/app\/uploads\/sites\/5\/2024\/12\/Medlemscase-hemsida-768x404.png 768w, https:\/\/www.kompetensforetagen.se\/app\/uploads\/sites\/5\/2024\/12\/Medlemscase-hemsida-1536x808.png 1536w, https:\/\/www.kompetensforetagen.se\/app\/uploads\/sites\/5\/2024\/12\/Medlemscase-hemsida-600x316.png 600w\" sizes=\"auto, (max-width: 1900px) 100vw, 1900px\" \/>\n        <\/figure>\n      <\/div>\n        <div class=\"Blurb__content\">\n      <div class=\"Blurb__body\">\n        <div>\n                                <div class=\"Meta d-flex align-items-center Blurb__meta\">\n      <div class=\"Meta__tag item\">\n      Medlemsnyhet\n      <svg class='icon icon--triangle'  width=\"26\" height=\"32\" viewBox=\"0 0 26 32\" fill=\"none\" xmlns=\"http:\/\/www.w3.org\/2000\/svg\">\n<path fill-rule=\"evenodd\" clip-rule=\"evenodd\" d=\"M13.1315 0H0V32H13.1315L26 16L13.1315 0ZM9 18.581C10.6569 18.581 12 17.1946 12 15.4843C12 13.774 10.6569 12.3875 9 12.3875C7.34315 12.3875 6 13.774 6 15.4843C6 17.1946 7.34315 18.581 9 18.581Z\" fill=\"#FDDCC0\"\/>\n<\/svg>\n\n      <\/div>\n    <div class=\"Meta__group\">\n          <div class=\"Meta__date  d-flex align-items-center\">\n        <svg class='icon icon--timestamp'  width=\"16\" height=\"16\" viewBox=\"0 0 16 16\" fill=\"none\" xmlns=\"http:\/\/www.w3.org\/2000\/svg\">\n<path fill-rule=\"evenodd\" clip-rule=\"evenodd\" d=\"M10.4833 10.5818C10.7278 10.8452 10.7278 11.2723 10.4833 11.5357C10.361 11.6674 10.2008 11.7333 10.0405 11.7333C9.88023 11.7333 9.72008 11.6674 9.59781 11.5357L7.65015 9.43814C7.53273 9.31167 7.46667 9.14001 7.46667 8.96109V4.94118C7.46667 4.56868 7.74705 4.26667 8.09288 4.26667C8.4387 4.26667 8.71908 4.56868 8.71908 4.94118V8.68168L10.4833 10.5818ZM8 14.9333C4.177 14.9333 1.06667 11.823 1.06667 8C1.06667 4.177 4.177 1.06667 8 1.06667C11.8232 1.06667 14.9333 4.177 14.9333 8C14.9333 11.823 11.8232 14.9333 8 14.9333ZM8 0C3.58887 0 0 3.58887 0 8C0 12.4111 3.58887 16 8 16C12.4113 16 16 12.4111 16 8C16 3.58887 12.4113 0 8 0Z\" fill=\"black\"\/>\n<\/svg>\n\n          <time datetime=\"2024-12-09T07:15:00+00:00\">9 december 2024<\/time>\n      <\/div>\n              <div class=\"Meta__category\">\n        Aktuellt\n      <\/div>\n      <\/div>\n<\/div>\n                  <\/div>\n        <h3 class=\"Blurb__title\">\n          MeritMind \u00e4r v\u00e5rt 1000:e medlem&shy;f\u00f6retag\n        <\/h3>\n                  <div class=\"Blurb__text\">\n            MeritMind \u00e4r specialister p\u00e5 rekrytering och bemanning inom ekonomiomr\u00e5det. De har 25 \u00e5rs erfarenhet inom branschen och \u00e4r Kompetensf\u00f6retagens tusende medlemsf\u00f6retag.\n\u2013Medlemskapet ger en arbetsr\u00e4ttslig trygghet i en allt mer komplicerad lagstiftning, inte minst med 24-m\u00e5nadersregeln i uthyrningslagen. Vi vill ocks\u00e5 vara med i diskussionen om att utveckla branschen och fr\u00e5gor som p\u00e5verkar oss arbetsgivare, s\u00e4ger Johanna Berg, HR-partner p\u00e5 Meritmind.\n\n          <\/div>\n                <div class=\"Blurb__arrow\">\n                                <div class=\"Blurb__arrow__line\">\n              <svg class='icon icon--arrow-tip'  width=\"11\" height=\"16\" viewBox=\"0 0 11 16\" fill=\"none\" xmlns=\"http:\/\/www.w3.org\/2000\/svg\">\n<path d=\"M0.858398 15L9.2304 7.99664L0.967732 1.00001\" stroke=\"black\" stroke-width=\"2\" stroke-miterlimit=\"10\"\/>\n<\/svg>\n\n              <\/div>\n                  <\/div>\n      <\/div>\n    <\/div>\n  <\/a>\n<\/article>\n                  <\/div>\n                              <div class=\"col-md-4\">\n                      <article class=\"Blurb Blurb--md Blurb--post Blurb--vertical has-thumbnail\">\n  <a href=\"https:\/\/www.kompetensforetagen.se\/2022\/11\/webbinarium-om-deltidspension\/\">\n          <div class=\"Blurb__thumbnail__wrap\">\n        <figure class=\"Blurb__thumbnail\">\n          <img loading=\"lazy\" decoding=\"async\" width=\"534\" height=\"339\" src=\"https:\/\/www.kompetensforetagen.se\/app\/uploads\/sites\/5\/2022\/06\/resurs-2.png\" class=\"attachment-small size-small wp-post-image\" alt=\"Ikon som illustrerar tillg\u00e5ng till kompetens och resurser.\" srcset=\"https:\/\/www.kompetensforetagen.se\/app\/uploads\/sites\/5\/2022\/06\/resurs-2.png 534w, https:\/\/www.kompetensforetagen.se\/app\/uploads\/sites\/5\/2022\/06\/resurs-2-380x241.png 380w\" sizes=\"auto, (max-width: 534px) 100vw, 534px\" \/>\n        <\/figure>\n      <\/div>\n        <div class=\"Blurb__content\">\n      <div class=\"Blurb__body\">\n        <div>\n                                <div class=\"Meta d-flex align-items-center Blurb__meta\">\n      <div class=\"Meta__tag item\">\n      Medlemsnyhet\n      <svg class='icon icon--triangle'  width=\"26\" height=\"32\" viewBox=\"0 0 26 32\" fill=\"none\" xmlns=\"http:\/\/www.w3.org\/2000\/svg\">\n<path fill-rule=\"evenodd\" clip-rule=\"evenodd\" d=\"M13.1315 0H0V32H13.1315L26 16L13.1315 0ZM9 18.581C10.6569 18.581 12 17.1946 12 15.4843C12 13.774 10.6569 12.3875 9 12.3875C7.34315 12.3875 6 13.774 6 15.4843C6 17.1946 7.34315 18.581 9 18.581Z\" fill=\"#FDDCC0\"\/>\n<\/svg>\n\n      <\/div>\n    <div class=\"Meta__group\">\n          <div class=\"Meta__date  d-flex align-items-center\">\n        <svg class='icon icon--timestamp'  width=\"16\" height=\"16\" viewBox=\"0 0 16 16\" fill=\"none\" xmlns=\"http:\/\/www.w3.org\/2000\/svg\">\n<path fill-rule=\"evenodd\" clip-rule=\"evenodd\" d=\"M10.4833 10.5818C10.7278 10.8452 10.7278 11.2723 10.4833 11.5357C10.361 11.6674 10.2008 11.7333 10.0405 11.7333C9.88023 11.7333 9.72008 11.6674 9.59781 11.5357L7.65015 9.43814C7.53273 9.31167 7.46667 9.14001 7.46667 8.96109V4.94118C7.46667 4.56868 7.74705 4.26667 8.09288 4.26667C8.4387 4.26667 8.71908 4.56868 8.71908 4.94118V8.68168L10.4833 10.5818ZM8 14.9333C4.177 14.9333 1.06667 11.823 1.06667 8C1.06667 4.177 4.177 1.06667 8 1.06667C11.8232 1.06667 14.9333 4.177 14.9333 8C14.9333 11.823 11.8232 14.9333 8 14.9333ZM8 0C3.58887 0 0 3.58887 0 8C0 12.4111 3.58887 16 8 16C12.4113 16 16 12.4111 16 8C16 3.58887 12.4113 0 8 0Z\" fill=\"black\"\/>\n<\/svg>\n\n          <time datetime=\"2022-11-25T09:06:03+00:00\">25 november 2022<\/time>\n      <\/div>\n              <div class=\"Meta__category\">\n        Medlemsnyhet\n      <\/div>\n      <\/div>\n<\/div>\n                  <\/div>\n        <h3 class=\"Blurb__title\">\n          Ta del av webbinarium om deltids&shy;pension\n        <\/h3>\n                  <div class=\"Blurb__text\">\n            Denna film \u00e4r en inspelning av ett webbinarium som h\u00f6lls den 14 november, och inneh\u00e5ller en genomg\u00e5ng av det nya delpensionssystemet som omfattar anst\u00e4llda p\u00e5 bemanningsavtalet f\u00f6r arbetare. Det nya delpensionssystemet inneb\u00e4r i korthet att &hellip;\n          <\/div>\n                <div class=\"Blurb__arrow\">\n                                <div class=\"Blurb__arrow__line\">\n              <svg class='icon icon--arrow-tip'  width=\"11\" height=\"16\" viewBox=\"0 0 11 16\" fill=\"none\" xmlns=\"http:\/\/www.w3.org\/2000\/svg\">\n<path d=\"M0.858398 15L9.2304 7.99664L0.967732 1.00001\" stroke=\"black\" stroke-width=\"2\" stroke-miterlimit=\"10\"\/>\n<\/svg>\n\n              <\/div>\n                  <\/div>\n      <\/div>\n    <\/div>\n  <\/a>\n<\/article>\n                  <\/div>\n                              <div class=\"col-md-4\">\n                      <article class=\"Blurb Blurb--md Blurb--post Blurb--vertical has-thumbnail\">\n  <a href=\"https:\/\/www.kompetensforetagen.se\/2022\/08\/ar-ditt-foretag-med-pa-topp-50-listan\/\">\n          <div class=\"Blurb__thumbnail__wrap\">\n        <figure class=\"Blurb__thumbnail\">\n          <img loading=\"lazy\" decoding=\"async\" width=\"2560\" height=\"1707\" src=\"https:\/\/www.kompetensforetagen.se\/app\/uploads\/sites\/5\/2022\/08\/krakenimages-376kn_isple-unsplash-scaled.jpg\" class=\"attachment-small size-small wp-post-image\" alt=\"Man och kvinna sitter vid bord och g\u00f6r high five\" srcset=\"https:\/\/www.kompetensforetagen.se\/app\/uploads\/sites\/5\/2022\/08\/krakenimages-376kn_isple-unsplash-scaled.jpg 2560w, https:\/\/www.kompetensforetagen.se\/app\/uploads\/sites\/5\/2022\/08\/krakenimages-376kn_isple-unsplash-580x387.jpg 580w, https:\/\/www.kompetensforetagen.se\/app\/uploads\/sites\/5\/2022\/08\/krakenimages-376kn_isple-unsplash-1180x787.jpg 1180w, https:\/\/www.kompetensforetagen.se\/app\/uploads\/sites\/5\/2022\/08\/krakenimages-376kn_isple-unsplash-380x253.jpg 380w, https:\/\/www.kompetensforetagen.se\/app\/uploads\/sites\/5\/2022\/08\/krakenimages-376kn_isple-unsplash-768x512.jpg 768w, https:\/\/www.kompetensforetagen.se\/app\/uploads\/sites\/5\/2022\/08\/krakenimages-376kn_isple-unsplash-1536x1024.jpg 1536w, https:\/\/www.kompetensforetagen.se\/app\/uploads\/sites\/5\/2022\/08\/krakenimages-376kn_isple-unsplash-2048x1365.jpg 2048w\" sizes=\"auto, (max-width: 2560px) 100vw, 2560px\" \/>\n        <\/figure>\n      <\/div>\n        <div class=\"Blurb__content\">\n      <div class=\"Blurb__body\">\n        <div>\n                                <div class=\"Meta d-flex align-items-center Blurb__meta\">\n      <div class=\"Meta__tag item\">\n      Statistik\n      <svg class='icon icon--triangle'  width=\"26\" height=\"32\" viewBox=\"0 0 26 32\" fill=\"none\" xmlns=\"http:\/\/www.w3.org\/2000\/svg\">\n<path fill-rule=\"evenodd\" clip-rule=\"evenodd\" d=\"M13.1315 0H0V32H13.1315L26 16L13.1315 0ZM9 18.581C10.6569 18.581 12 17.1946 12 15.4843C12 13.774 10.6569 12.3875 9 12.3875C7.34315 12.3875 6 13.774 6 15.4843C6 17.1946 7.34315 18.581 9 18.581Z\" fill=\"#FDDCC0\"\/>\n<\/svg>\n\n      <\/div>\n    <div class=\"Meta__group\">\n          <div class=\"Meta__date  d-flex align-items-center\">\n        <svg class='icon icon--timestamp'  width=\"16\" height=\"16\" viewBox=\"0 0 16 16\" fill=\"none\" xmlns=\"http:\/\/www.w3.org\/2000\/svg\">\n<path fill-rule=\"evenodd\" clip-rule=\"evenodd\" d=\"M10.4833 10.5818C10.7278 10.8452 10.7278 11.2723 10.4833 11.5357C10.361 11.6674 10.2008 11.7333 10.0405 11.7333C9.88023 11.7333 9.72008 11.6674 9.59781 11.5357L7.65015 9.43814C7.53273 9.31167 7.46667 9.14001 7.46667 8.96109V4.94118C7.46667 4.56868 7.74705 4.26667 8.09288 4.26667C8.4387 4.26667 8.71908 4.56868 8.71908 4.94118V8.68168L10.4833 10.5818ZM8 14.9333C4.177 14.9333 1.06667 11.823 1.06667 8C1.06667 4.177 4.177 1.06667 8 1.06667C11.8232 1.06667 14.9333 4.177 14.9333 8C14.9333 11.823 11.8232 14.9333 8 14.9333ZM8 0C3.58887 0 0 3.58887 0 8C0 12.4111 3.58887 16 8 16C12.4113 16 16 12.4111 16 8C16 3.58887 12.4113 0 8 0Z\" fill=\"black\"\/>\n<\/svg>\n\n          <time datetime=\"2022-08-23T08:15:17+00:00\">23 augusti 2022<\/time>\n      <\/div>\n              <div class=\"Meta__category\">\n        Aktuellt\n      <\/div>\n      <\/div>\n<\/div>\n                  <\/div>\n        <h3 class=\"Blurb__title\">\n          \u00c4r ditt f\u00f6retag med p\u00e5 topp 50-listan?\n        <\/h3>\n                  <div class=\"Blurb__text\">\n            Kompetensf\u00f6retagen publicerar f\u00f6r andra g\u00e5ngen en topplista \u00f6ver de 50 st\u00f6rsta, inrapporterande medlemsf\u00f6retagen. Fram till och med plats \u00e5tta \u00e4r listan of\u00f6r\u00e4ndrad, och topptrio \u00e4ven f\u00f6r Q2 2022 best\u00e5r av: 1. Manpower2. Randstad3. Lernia Bemanning &hellip;\n          <\/div>\n                <div class=\"Blurb__arrow\">\n                                <div class=\"Blurb__arrow__line\">\n              <svg class='icon icon--arrow-tip'  width=\"11\" height=\"16\" viewBox=\"0 0 11 16\" fill=\"none\" xmlns=\"http:\/\/www.w3.org\/2000\/svg\">\n<path d=\"M0.858398 15L9.2304 7.99664L0.967732 1.00001\" stroke=\"black\" stroke-width=\"2\" stroke-miterlimit=\"10\"\/>\n<\/svg>\n\n              <\/div>\n                  <\/div>\n      <\/div>\n    <\/div>\n  <\/a>\n<\/article>\n                  <\/div>\n                              <div class=\"col-md-4\">\n                      <article class=\"Blurb Blurb--md Blurb--post Blurb--vertical has-thumbnail\">\n  <a href=\"https:\/\/www.kompetensforetagen.se\/2022\/01\/las-presentation\/\">\n          <div class=\"Blurb__thumbnail__wrap\">\n        <figure class=\"Blurb__thumbnail\">\n          <img loading=\"lazy\" decoding=\"async\" width=\"642\" height=\"362\" src=\"https:\/\/www.kompetensforetagen.se\/app\/uploads\/sites\/5\/2022\/01\/bild1.png\" class=\"attachment-small size-small wp-post-image\" alt=\"Svart text p\u00e5 gr\u00f6n botten: Inhyrningsbegr\u00e4nsningarna i uthyrningslagen\" srcset=\"https:\/\/www.kompetensforetagen.se\/app\/uploads\/sites\/5\/2022\/01\/bild1.png 642w, https:\/\/www.kompetensforetagen.se\/app\/uploads\/sites\/5\/2022\/01\/bild1-580x327.png 580w, https:\/\/www.kompetensforetagen.se\/app\/uploads\/sites\/5\/2022\/01\/bild1-380x214.png 380w\" sizes=\"auto, (max-width: 642px) 100vw, 642px\" \/>\n        <\/figure>\n      <\/div>\n        <div class=\"Blurb__content\">\n      <div class=\"Blurb__body\">\n        <div>\n                                <div class=\"Meta d-flex align-items-center Blurb__meta\">\n      <div class=\"Meta__tag item\">\n      Medlemsnyhet\n      <svg class='icon icon--triangle'  width=\"26\" height=\"32\" viewBox=\"0 0 26 32\" fill=\"none\" xmlns=\"http:\/\/www.w3.org\/2000\/svg\">\n<path fill-rule=\"evenodd\" clip-rule=\"evenodd\" d=\"M13.1315 0H0V32H13.1315L26 16L13.1315 0ZM9 18.581C10.6569 18.581 12 17.1946 12 15.4843C12 13.774 10.6569 12.3875 9 12.3875C7.34315 12.3875 6 13.774 6 15.4843C6 17.1946 7.34315 18.581 9 18.581Z\" fill=\"#FDDCC0\"\/>\n<\/svg>\n\n      <\/div>\n    <div class=\"Meta__group\">\n          <div class=\"Meta__date  d-flex align-items-center\">\n        <svg class='icon icon--timestamp'  width=\"16\" height=\"16\" viewBox=\"0 0 16 16\" fill=\"none\" xmlns=\"http:\/\/www.w3.org\/2000\/svg\">\n<path fill-rule=\"evenodd\" clip-rule=\"evenodd\" d=\"M10.4833 10.5818C10.7278 10.8452 10.7278 11.2723 10.4833 11.5357C10.361 11.6674 10.2008 11.7333 10.0405 11.7333C9.88023 11.7333 9.72008 11.6674 9.59781 11.5357L7.65015 9.43814C7.53273 9.31167 7.46667 9.14001 7.46667 8.96109V4.94118C7.46667 4.56868 7.74705 4.26667 8.09288 4.26667C8.4387 4.26667 8.71908 4.56868 8.71908 4.94118V8.68168L10.4833 10.5818ZM8 14.9333C4.177 14.9333 1.06667 11.823 1.06667 8C1.06667 4.177 4.177 1.06667 8 1.06667C11.8232 1.06667 14.9333 4.177 14.9333 8C14.9333 11.823 11.8232 14.9333 8 14.9333ZM8 0C3.58887 0 0 3.58887 0 8C0 12.4111 3.58887 16 8 16C12.4113 16 16 12.4111 16 8C16 3.58887 12.4113 0 8 0Z\" fill=\"black\"\/>\n<\/svg>\n\n          <time datetime=\"2022-01-28T10:49:20+00:00\">28 januari 2022<\/time>\n      <\/div>\n          <\/div>\n<\/div>\n                  <\/div>\n        <h3 class=\"Blurb__title\">\n          LAS-presentation\n        <\/h3>\n                  <div class=\"Blurb__text\">\n            Den presentation som visas i Kompetensf\u00f6retagens film om inhyrningsbegr\u00e4nsningarna i uthyrningslagen finner du h\u00e4r.\n          <\/div>\n                <div class=\"Blurb__arrow\">\n                                <div class=\"Blurb__arrow__line\">\n              <svg class='icon icon--arrow-tip'  width=\"11\" height=\"16\" viewBox=\"0 0 11 16\" fill=\"none\" xmlns=\"http:\/\/www.w3.org\/2000\/svg\">\n<path d=\"M0.858398 15L9.2304 7.99664L0.967732 1.00001\" stroke=\"black\" stroke-width=\"2\" stroke-miterlimit=\"10\"\/>\n<\/svg>\n\n              <\/div>\n                  <\/div>\n      <\/div>\n    <\/div>\n  <\/a>\n<\/article>\n                  <\/div>\n                              <div class=\"col-md-4\">\n                      <article class=\"Blurb Blurb--md Blurb--post Blurb--vertical has-thumbnail\">\n  <a href=\"https:\/\/www.kompetensforetagen.se\/2021\/11\/ny-lag-for-visselblasare\/\">\n          <div class=\"Blurb__thumbnail__wrap\">\n        <figure class=\"Blurb__thumbnail\">\n          <img loading=\"lazy\" decoding=\"async\" width=\"1118\" height=\"630\" src=\"https:\/\/www.kompetensforetagen.se\/app\/uploads\/sites\/5\/2021\/11\/namnlos-design-5-e1637917525778.png\" class=\"attachment-small size-small wp-post-image\" alt=\"R\u00f6d visselpipa i form av m\u00e4nniskorhuvud, omringad av svarta skuggor, bilden ska f\u00f6rmedla &quot;Visselbl\u00e5sare&quot;.\" \/>\n        <\/figure>\n      <\/div>\n        <div class=\"Blurb__content\">\n      <div class=\"Blurb__body\">\n        <div>\n                                <div class=\"Meta d-flex align-items-center Blurb__meta\">\n      <div class=\"Meta__tag item\">\n      Medlemsnyhet\n      <svg class='icon icon--triangle'  width=\"26\" height=\"32\" viewBox=\"0 0 26 32\" fill=\"none\" xmlns=\"http:\/\/www.w3.org\/2000\/svg\">\n<path fill-rule=\"evenodd\" clip-rule=\"evenodd\" d=\"M13.1315 0H0V32H13.1315L26 16L13.1315 0ZM9 18.581C10.6569 18.581 12 17.1946 12 15.4843C12 13.774 10.6569 12.3875 9 12.3875C7.34315 12.3875 6 13.774 6 15.4843C6 17.1946 7.34315 18.581 9 18.581Z\" fill=\"#FDDCC0\"\/>\n<\/svg>\n\n      <\/div>\n    <div class=\"Meta__group\">\n          <div class=\"Meta__date  d-flex align-items-center\">\n        <svg class='icon icon--timestamp'  width=\"16\" height=\"16\" viewBox=\"0 0 16 16\" fill=\"none\" xmlns=\"http:\/\/www.w3.org\/2000\/svg\">\n<path fill-rule=\"evenodd\" clip-rule=\"evenodd\" d=\"M10.4833 10.5818C10.7278 10.8452 10.7278 11.2723 10.4833 11.5357C10.361 11.6674 10.2008 11.7333 10.0405 11.7333C9.88023 11.7333 9.72008 11.6674 9.59781 11.5357L7.65015 9.43814C7.53273 9.31167 7.46667 9.14001 7.46667 8.96109V4.94118C7.46667 4.56868 7.74705 4.26667 8.09288 4.26667C8.4387 4.26667 8.71908 4.56868 8.71908 4.94118V8.68168L10.4833 10.5818ZM8 14.9333C4.177 14.9333 1.06667 11.823 1.06667 8C1.06667 4.177 4.177 1.06667 8 1.06667C11.8232 1.06667 14.9333 4.177 14.9333 8C14.9333 11.823 11.8232 14.9333 8 14.9333ZM8 0C3.58887 0 0 3.58887 0 8C0 12.4111 3.58887 16 8 16C12.4113 16 16 12.4111 16 8C16 3.58887 12.4113 0 8 0Z\" fill=\"black\"\/>\n<\/svg>\n\n          <time datetime=\"2021-11-26T09:06:06+00:00\">26 november 2021<\/time>\n      <\/div>\n              <div class=\"Meta__category\">\n        Medlemsnyhet\n      <\/div>\n      <\/div>\n<\/div>\n                  <\/div>\n        <h3 class=\"Blurb__title\">\n          Ny lag f\u00f6r visselbl\u00e5sare\n        <\/h3>\n                  <div class=\"Blurb__text\">\n            Den 17 december tr\u00e4der den nya visselbl\u00e5sarlagen i kraft i Sverige. Lagen utg\u00e5r fr\u00e5n EU:s nya visselbl\u00e5sardirektiv och inneh\u00e5ller nya krav och r\u00e4ttigheter j\u00e4mf\u00f6rt med tidigare lagstiftning. Beroende p\u00e5 storlek, kommer f\u00f6retag ha mellan sex &hellip;\n          <\/div>\n                <div class=\"Blurb__arrow\">\n                                <div class=\"Blurb__arrow__line\">\n              <svg class='icon icon--arrow-tip'  width=\"11\" height=\"16\" viewBox=\"0 0 11 16\" fill=\"none\" xmlns=\"http:\/\/www.w3.org\/2000\/svg\">\n<path d=\"M0.858398 15L9.2304 7.99664L0.967732 1.00001\" stroke=\"black\" stroke-width=\"2\" stroke-miterlimit=\"10\"\/>\n<\/svg>\n\n              <\/div>\n                  <\/div>\n      <\/div>\n    <\/div>\n  <\/a>\n<\/article>\n                  <\/div>\n                              <div class=\"col-md-4\">\n                      <article class=\"Blurb Blurb--md Blurb--post Blurb--vertical has-thumbnail\">\n  <a href=\"https:\/\/www.kompetensforetagen.se\/2021\/09\/ny-medlemsforman-fri-radgivning-kring-ansvarsforsakring\/\">\n          <div class=\"Blurb__thumbnail__wrap\">\n        <figure class=\"Blurb__thumbnail\">\n          <img loading=\"lazy\" decoding=\"async\" width=\"1920\" height=\"1280\" src=\"https:\/\/www.kompetensforetagen.se\/app\/uploads\/sites\/5\/2020\/11\/student-849822_1920.jpg\" class=\"attachment-small size-small wp-post-image\" alt=\"Student som skaffar arbetslivserfarenhet via bemanningsf\u00f6retag.\" srcset=\"https:\/\/www.kompetensforetagen.se\/app\/uploads\/sites\/5\/2020\/11\/student-849822_1920.jpg 1920w, https:\/\/www.kompetensforetagen.se\/app\/uploads\/sites\/5\/2020\/11\/student-849822_1920-580x387.jpg 580w, https:\/\/www.kompetensforetagen.se\/app\/uploads\/sites\/5\/2020\/11\/student-849822_1920-1180x787.jpg 1180w, https:\/\/www.kompetensforetagen.se\/app\/uploads\/sites\/5\/2020\/11\/student-849822_1920-380x253.jpg 380w, https:\/\/www.kompetensforetagen.se\/app\/uploads\/sites\/5\/2020\/11\/student-849822_1920-768x512.jpg 768w, https:\/\/www.kompetensforetagen.se\/app\/uploads\/sites\/5\/2020\/11\/student-849822_1920-1536x1024.jpg 1536w\" sizes=\"auto, (max-width: 1920px) 100vw, 1920px\" \/>\n        <\/figure>\n      <\/div>\n        <div class=\"Blurb__content\">\n      <div class=\"Blurb__body\">\n        <div>\n                                <div class=\"Meta d-flex align-items-center Blurb__meta\">\n      <div class=\"Meta__tag item\">\n      Medlemsnyhet\n      <svg class='icon icon--triangle'  width=\"26\" height=\"32\" viewBox=\"0 0 26 32\" fill=\"none\" xmlns=\"http:\/\/www.w3.org\/2000\/svg\">\n<path fill-rule=\"evenodd\" clip-rule=\"evenodd\" d=\"M13.1315 0H0V32H13.1315L26 16L13.1315 0ZM9 18.581C10.6569 18.581 12 17.1946 12 15.4843C12 13.774 10.6569 12.3875 9 12.3875C7.34315 12.3875 6 13.774 6 15.4843C6 17.1946 7.34315 18.581 9 18.581Z\" fill=\"#FDDCC0\"\/>\n<\/svg>\n\n      <\/div>\n    <div class=\"Meta__group\">\n          <div class=\"Meta__date  d-flex align-items-center\">\n        <svg class='icon icon--timestamp'  width=\"16\" height=\"16\" viewBox=\"0 0 16 16\" fill=\"none\" xmlns=\"http:\/\/www.w3.org\/2000\/svg\">\n<path fill-rule=\"evenodd\" clip-rule=\"evenodd\" d=\"M10.4833 10.5818C10.7278 10.8452 10.7278 11.2723 10.4833 11.5357C10.361 11.6674 10.2008 11.7333 10.0405 11.7333C9.88023 11.7333 9.72008 11.6674 9.59781 11.5357L7.65015 9.43814C7.53273 9.31167 7.46667 9.14001 7.46667 8.96109V4.94118C7.46667 4.56868 7.74705 4.26667 8.09288 4.26667C8.4387 4.26667 8.71908 4.56868 8.71908 4.94118V8.68168L10.4833 10.5818ZM8 14.9333C4.177 14.9333 1.06667 11.823 1.06667 8C1.06667 4.177 4.177 1.06667 8 1.06667C11.8232 1.06667 14.9333 4.177 14.9333 8C14.9333 11.823 11.8232 14.9333 8 14.9333ZM8 0C3.58887 0 0 3.58887 0 8C0 12.4111 3.58887 16 8 16C12.4113 16 16 12.4111 16 8C16 3.58887 12.4113 0 8 0Z\" fill=\"black\"\/>\n<\/svg>\n\n          <time datetime=\"2021-09-20T11:34:42+00:00\">20 september 2021<\/time>\n      <\/div>\n              <div class=\"Meta__category\">\n        Fakta\n      <\/div>\n      <\/div>\n<\/div>\n                  <\/div>\n        <h3 class=\"Blurb__title\">\n          Ny medlemsf\u00f6rm\u00e5n &#8211; fri r\u00e5dgivning kring ansvars&shy;f\u00f6rs\u00e4kring\n        <\/h3>\n                  <div class=\"Blurb__text\">\n            Alla medlemmar i Kompetensf\u00f6retagen ska enligt v\u00e5ra villkor ha en ansvarsf\u00f6rs\u00e4kring. De \u00e4r viktiga vid skadest\u00e5ndsanspr\u00e5k som kan kosta f\u00f6retaget b\u00e5de tid och pengar. En av v\u00e5ra medlemsf\u00f6rm\u00e5ner som kan vara v\u00e4rt att titta n\u00e4rmare &hellip;\n          <\/div>\n                <div class=\"Blurb__arrow\">\n                                <div class=\"Blurb__arrow__line\">\n              <svg class='icon icon--arrow-tip'  width=\"11\" height=\"16\" viewBox=\"0 0 11 16\" fill=\"none\" xmlns=\"http:\/\/www.w3.org\/2000\/svg\">\n<path d=\"M0.858398 15L9.2304 7.99664L0.967732 1.00001\" stroke=\"black\" stroke-width=\"2\" stroke-miterlimit=\"10\"\/>\n<\/svg>\n\n              <\/div>\n                  <\/div>\n      <\/div>\n    <\/div>\n  <\/a>\n<\/article>\n                  <\/div>\n                  <\/div>\n    \n      <\/div>\n<\/div><\/div>\n\n\n\n<div class=\"wp-block-group has-secondary-background-color has-background is-layout-constrained wp-block-group-is-layout-constrained\"><div class=\"wp-block wp-block-core-heading heading-in-sidebar\" id=\"vanliga-fragor-om-medlemskap\"><a class='Share__link Share__link--url copy-text' href='#' rel='nofollow' data-text='vanliga-fragor-om-medlemskap' title='Dela url' data-confirmation='L\u00e4nken kopierades till urklipp'><svg class='icon icon--link'  width='18' height='18' viewBox='0 0 18 18' fill='none' xmlns='http:\/\/www.w3.org\/2000\/svg'>\n            <path d='M10.4142 0.514721L6.87868 4.05025L8.29289 5.46447L11.1213 2.63604L15.364 6.87868L12.5355 9.70711L13.9497 11.1213L17.4853 7.58579C17.8763 7.19476 17.8763 6.5626 17.4853 6.17158L11.8284 0.514721C11.4374 0.123691 10.8052 0.123691 10.4142 0.514721Z' fill='black'\/>\n            <path d='M9.7071 12.5355L6.87868 15.364L2.63604 11.1213L5.46446 8.2929L4.05025 6.87868L0.514716 10.4142C0.123686 10.8052 0.123686 11.4374 0.514716 11.8284L6.17157 17.4853C6.5626 17.8763 7.19475 17.8763 7.58578 17.4853L11.1213 13.9497L9.7071 12.5355Z' fill='black'\/>\n            <path d='M6.17157 11.8284C6.5626 12.2195 7.19475 12.2195 7.58578 11.8284L11.8284 7.58579C12.2195 7.19476 12.2195 6.56261 11.8284 6.17158C11.4374 5.78055 10.8052 5.78055 10.4142 6.17158L6.17157 10.4142C5.78054 10.8052 5.78054 11.4374 6.17157 11.8284Z' fill='black'\/>\n            <\/svg> <\/a>\n<h2 class=\"wp-block-heading\">Vanliga fr\u00e5gor om medlemskap<\/h2>\n<\/div>\n\n\n<div class=\"wp-block-columns is-layout-flex wp-container-core-columns-is-layout-9d6595d7 wp-block-columns-is-layout-flex\">\n<div class=\"wp-block-column is-layout-flow wp-block-column-is-layout-flow\"><div id=\"block-accordion-block_7763b509d5533d2bc9bf8465c68408c3\" class=\"block-accordion container\">\n      <div class=\"Accordion\">\n      <div class=\"Accordion__rows\">\n                            <div class=\"Accordion__row\" itemscope itemprop=\"mainEntity\" itemtype=\"https:\/\/schema.org\/Question\">\n            <h3 class=\"Accordion__title\" itemprop=\"name\">\n              <button class=\"Button--unstyled togglehandle\" data-toggle=\"collapse\" data-target=\"hur-snabbt-kan-jag-bli-medlem\" aria-expanded=\"false\">\n                Hur snabbt kan jag bli medlem?\n              <\/button>\n            <\/h3>\n            <div class=\"Accordion__text collapse\" id=\"hur-snabbt-kan-jag-bli-medlem\" itemscope itemprop=\"acceptedAnswer\" itemtype=\"https:\/\/schema.org\/Answer\">\n              <div itemprop=\"text\">\n                <p>Om du uppfyller alla\u00a0<a href=\"https:\/\/www.kompetensforetagen.se\/medlemskap\/\" target=\"_blank\" rel=\"noopener\">villkor<\/a>\u00a0kan du bli medlem vid n\u00e4sta m\u00e5nadsskifte.<\/p>\n\n              <\/div>\n            <\/div>\n          <\/div>\n                            <div class=\"Accordion__row\" itemscope itemprop=\"mainEntity\" itemtype=\"https:\/\/schema.org\/Question\">\n            <h3 class=\"Accordion__title\" itemprop=\"name\">\n              <button class=\"Button--unstyled togglehandle\" data-toggle=\"collapse\" data-target=\"maste-jag-bli-medlem-i-almega\" aria-expanded=\"false\">\n                M\u00e5ste jag bli medlem i Almega?\n              <\/button>\n            <\/h3>\n            <div class=\"Accordion__text collapse\" id=\"maste-jag-bli-medlem-i-almega\" itemscope itemprop=\"acceptedAnswer\" itemtype=\"https:\/\/schema.org\/Answer\">\n              <div itemprop=\"text\">\n                <p>Ja.\u00a0 Oavsett medlemskapsform blir du medlem i Almega. Om du \u00e4r\u00a0<a href=\"https:\/\/www.kompetensforetagen.se\/villkor-for-medlemskap-3\/\" rel=\"noopener\">branschmedlem<\/a>\u00a0beh\u00f6ver du betala ett serviceavtal med Almega. Kostnaden varierar beroende p\u00e5 antal anst\u00e4llda i f\u00f6retaget.\u00a0\u00a0<a href=\"https:\/\/www.kompetensforetagen.se\/villkor-for-medlemskap-3-2-2\/\" rel=\"noopener\">Arbetsgivar- och branschmedlemmar<\/a>\u00a0betalar\u00a0 en medlemsavgift till Almega som bakas in i samma faktura som avgiften till Kompetens\u00adf\u00f6retagen. Avgiften baseras p\u00e5 f\u00f6reg\u00e5ende \u00e5rs l\u00f6nesummor i ditt f\u00f6retag.<\/p>\n\n              <\/div>\n            <\/div>\n          <\/div>\n                            <div class=\"Accordion__row\" itemscope itemprop=\"mainEntity\" itemtype=\"https:\/\/schema.org\/Question\">\n            <h3 class=\"Accordion__title\" itemprop=\"name\">\n              <button class=\"Button--unstyled togglehandle\" data-toggle=\"collapse\" data-target=\"maste-jag-bli-medlem-i-svenskt-naringsliv\" aria-expanded=\"false\">\n                M\u00e5ste jag bli medlem i Svenskt N\u00e4ringsliv?\n              <\/button>\n            <\/h3>\n            <div class=\"Accordion__text collapse\" id=\"maste-jag-bli-medlem-i-svenskt-naringsliv\" itemscope itemprop=\"acceptedAnswer\" itemtype=\"https:\/\/schema.org\/Answer\">\n              <div itemprop=\"text\">\n                <p>Ja. Kompetens\u00adf\u00f6retagen \u00e4r medlem i Svenskt N\u00e4ringsliv. Det inneb\u00e4r att v\u00e5ra medlemmar ocks\u00e5 blir medlemmar i Svenskt N\u00e4ringsliv. Kostnaden bakas in i samma faktura som din avgift till Kompetens\u00adf\u00f6retagen.<\/p>\n\n              <\/div>\n            <\/div>\n          <\/div>\n                            <div class=\"Accordion__row\" itemscope itemprop=\"mainEntity\" itemtype=\"https:\/\/schema.org\/Question\">\n            <h3 class=\"Accordion__title\" itemprop=\"name\">\n              <button class=\"Button--unstyled togglehandle\" data-toggle=\"collapse\" data-target=\"nar-kan-jag-fa-kollektivavtal\" aria-expanded=\"false\">\n                N\u00e4r kan jag f\u00e5 kollektivavtal?\n              <\/button>\n            <\/h3>\n            <div class=\"Accordion__text collapse\" id=\"nar-kan-jag-fa-kollektivavtal\" itemscope itemprop=\"acceptedAnswer\" itemtype=\"https:\/\/schema.org\/Answer\">\n              <div itemprop=\"text\">\n                <p>Du kan teckna kollektivavtal efter att ans\u00f6kan om inkoppling gjorts, och \u00e4r dessutom ett villkor f\u00f6r\u00a0<a href=\"https:\/\/www.kompetensforetagen.se\/villkor-for-medlemskap-3-2-2\/\" target=\"_blank\" rel=\"noopener\">arbetsgivar- och branschmedlemskap.<\/a><\/p>\n<p>Inf\u00f6r din inkoppling kontaktas du av en f\u00f6rhandlare\/r\u00e5dgivare hos oss.<\/p>\n\n              <\/div>\n            <\/div>\n          <\/div>\n                            <div class=\"Accordion__row\" itemscope itemprop=\"mainEntity\" itemtype=\"https:\/\/schema.org\/Question\">\n            <h3 class=\"Accordion__title\" itemprop=\"name\">\n              <button class=\"Button--unstyled togglehandle\" data-toggle=\"collapse\" data-target=\"vilka-villkor-stalls-for-branschmedlemskap\" aria-expanded=\"false\">\n                Vilka villkor st\u00e4lls f\u00f6r branschmedlemskap?\n              <\/button>\n            <\/h3>\n            <div class=\"Accordion__text collapse\" id=\"vilka-villkor-stalls-for-branschmedlemskap\" itemscope itemprop=\"acceptedAnswer\" itemtype=\"https:\/\/schema.org\/Answer\">\n              <div itemprop=\"text\">\n                <p>L\u00e4s mer om<\/p>\n<p>L\u00e4s mer om\u00a0<a href=\"https:\/\/www.kompetensforetagen.se\/villkor-for-medlemskap-3\/\" target=\"_blank\" rel=\"noopener\">villkoren f\u00f6r branschmedlemskap.<\/a><\/p>\n\n              <\/div>\n            <\/div>\n          <\/div>\n                            <div class=\"Accordion__row\" itemscope itemprop=\"mainEntity\" itemtype=\"https:\/\/schema.org\/Question\">\n            <h3 class=\"Accordion__title\" itemprop=\"name\">\n              <button class=\"Button--unstyled togglehandle\" data-toggle=\"collapse\" data-target=\"vilka-villkor-stalls-for-arbetsgivar-och-branschmedlemskap\" aria-expanded=\"false\">\n                Vilka villkor st\u00e4lls f\u00f6r arbetsgivar- och branschmedlemskap?\n              <\/button>\n            <\/h3>\n            <div class=\"Accordion__text collapse\" id=\"vilka-villkor-stalls-for-arbetsgivar-och-branschmedlemskap\" itemscope itemprop=\"acceptedAnswer\" itemtype=\"https:\/\/schema.org\/Answer\">\n              <div itemprop=\"text\">\n                <p>Villkoren f\u00f6r arbetsgivar- och branschmedlemskap kan du l\u00e4sa<a href=\"https:\/\/www.kompetensforetagen.se\/villkor-for-medlemskap-3-2-2\/\" target=\"_blank\" rel=\"noopener\">\u00a0h\u00e4r.<\/a><\/p>\n\n              <\/div>\n            <\/div>\n          <\/div>\n                            <div class=\"Accordion__row\" itemscope itemprop=\"mainEntity\" itemtype=\"https:\/\/schema.org\/Question\">\n            <h3 class=\"Accordion__title\" itemprop=\"name\">\n              <button class=\"Button--unstyled togglehandle\" data-toggle=\"collapse\" data-target=\"kan-jag-sjalv-valja-vilken-ansvarsforsakring-jag-vill-ha\" aria-expanded=\"false\">\n                Kan jag sj\u00e4lv v\u00e4lja vilken ansvarsf\u00f6rs\u00e4kring jag vill ha?\n              <\/button>\n            <\/h3>\n            <div class=\"Accordion__text collapse\" id=\"kan-jag-sjalv-valja-vilken-ansvarsforsakring-jag-vill-ha\" itemscope itemprop=\"acceptedAnswer\" itemtype=\"https:\/\/schema.org\/Answer\">\n              <div itemprop=\"text\">\n                <p>Nej, du kan inte v\u00e4lja f\u00f6rs\u00e4kringsform, men du kan v\u00e4lja f\u00f6rs\u00e4kringsbolag- eller f\u00f6rmedlare. L\u00e4s mer om v\u00e5ra f\u00f6rs\u00e4kringar\u00a0<a href=\"https:\/\/www.kompetensforetagen.se\/medlemssidor\/forsakringar-for-medlemmar-i-kompetensforetagen\/\" target=\"_blank\" rel=\"noopener\">h\u00e4r<\/a>.<\/p>\n\n              <\/div>\n            <\/div>\n          <\/div>\n                            <div class=\"Accordion__row\" itemscope itemprop=\"mainEntity\" itemtype=\"https:\/\/schema.org\/Question\">\n            <h3 class=\"Accordion__title\" itemprop=\"name\">\n              <button class=\"Button--unstyled togglehandle\" data-toggle=\"collapse\" data-target=\"vad-betyder-ordning-och-reda-i-ekonomin\" aria-expanded=\"false\">\n                Vad betyder \u201dordning och reda i ekonomin\u201d?\n              <\/button>\n            <\/h3>\n            <div class=\"Accordion__text collapse\" id=\"vad-betyder-ordning-och-reda-i-ekonomin\" itemscope itemprop=\"acceptedAnswer\" itemtype=\"https:\/\/schema.org\/Answer\">\n              <div itemprop=\"text\">\n                <p>Man f\u00e5r inte ha skulder hos Kronofogden, man f\u00e5r heller inte sl\u00e4pa efter med skatter och avgifter. F\u00f6retagets egna kapital f\u00e5r inte understiga h\u00e4lften av aktiekapitalet. Som medlems\u00adf\u00f6retag f\u00e5r man heller inte ha anm\u00e4rkning i revisionsber\u00e4ttelsen.<\/p>\n\n              <\/div>\n            <\/div>\n          <\/div>\n                            <div class=\"Accordion__row\" itemscope itemprop=\"mainEntity\" itemtype=\"https:\/\/schema.org\/Question\">\n            <h3 class=\"Accordion__title\" itemprop=\"name\">\n              <button class=\"Button--unstyled togglehandle\" data-toggle=\"collapse\" data-target=\"vilka-utbildningar-maste-jag-ga\" aria-expanded=\"false\">\n                Vilka utbildningar m\u00e5ste jag g\u00e5?\n              <\/button>\n            <\/h3>\n            <div class=\"Accordion__text collapse\" id=\"vilka-utbildningar-maste-jag-ga\" itemscope itemprop=\"acceptedAnswer\" itemtype=\"https:\/\/schema.org\/Answer\">\n              <div itemprop=\"text\">\n                <p>Det beror p\u00e5 vilken typ av medlemskap som \u00e4r aktuellt. I ett branschmedlemskap finns ett krav p\u00e5 att en person p\u00e5 f\u00f6retaget ska ha genom g\u00e5tt en allm\u00e4n arbetsr\u00e4ttslig utbildning. Den sker i form av ett kortare webbinarium. Den g\u00f6rs p\u00e5 egen hand vid en tidpunkt som passar f\u00f6retaget. Se\u00a0<a href=\"https:\/\/www.kompetensforetagen.se\/aktiviteter\/\" target=\"_blank\" rel=\"noopener\">h\u00e4r<\/a>\u00a0f\u00f6r aktuella datum f\u00f6r dessa.<\/p>\n<p>F\u00f6r arbetsgivar- och branschmedlemskap st\u00e4lls krav p\u00e5 genomg\u00e5ngen webbaserad utbildning i avtalen g\u00e4llande LO-f\u00f6rbunden samt tj\u00e4nstemanna\u00adavtalet med Unionen och Akademiker\u00adf\u00f6rbunden. Se\u00a0<a href=\"https:\/\/www.kompetensforetagen.se\/aktiviteter\/\" target=\"_blank\" rel=\"noopener\">h\u00e4r<\/a>\u00a0f\u00f6r aktuella datum f\u00f6r dessa.<\/p>\n<p>F\u00f6r\u00a0<strong>auktoriserade<\/strong>\u00a0medlemmar kr\u00e4vs genomg\u00e5ngen kollektivavtals\u00adutbildning i LO- och tj\u00e4nstemannaavtalen enligt ovan samt deltagande i auktorisations\u00adutbildning som sker p\u00e5 plats i Almegas lokaler och som omfattar en dag. L\u00e4s mer om dessa utbildningar, och se aktuella datum\u00a0<a href=\"https:\/\/www.kompetensforetagen.se\/aktiviteter\/auktorisationsutbildning\/\" target=\"_blank\" rel=\"noopener\">h\u00e4r<\/a><\/p>\n\n              <\/div>\n            <\/div>\n          <\/div>\n              <\/div>\n    <\/div>\n  <\/div>\n<\/div>\n\n\n\n<div class=\"wp-block-column is-layout-flow wp-block-column-is-layout-flow\"><div id=\"block-accordion-block_97e64d55bfb9f4874f13d81f6857e1c8\" class=\"block-accordion container\">\n      <div class=\"Accordion\">\n      <div class=\"Accordion__rows\">\n                            <div class=\"Accordion__row\" itemscope itemprop=\"mainEntity\" itemtype=\"https:\/\/schema.org\/Question\">\n            <h3 class=\"Accordion__title\" itemprop=\"name\">\n              <button class=\"Button--unstyled togglehandle\" data-toggle=\"collapse\" data-target=\"kan-ett-utlandskt-foretag-bli-medlem\" aria-expanded=\"false\">\n                Kan ett utl\u00e4ndskt f\u00f6retag bli medlem?\n              <\/button>\n            <\/h3>\n            <div class=\"Accordion__text collapse\" id=\"kan-ett-utlandskt-foretag-bli-medlem\" itemscope itemprop=\"acceptedAnswer\" itemtype=\"https:\/\/schema.org\/Answer\">\n              <div itemprop=\"text\">\n                <p>Ja, om de har ett svenskt driftst\u00e4lle. Om man har en stadigvarande plats f\u00f6r aff\u00e4rsverksamhet, kallas det f\u00f6r fast driftst\u00e4lle. Termen\u00a0<em>driftst\u00e4lle<\/em>\u00a0f\u00f6ruts\u00e4tter n\u00e5gon form av r\u00f6relsedrivande verksamhet som anknyter till viss ort eller visst land. F\u00f6retaget m\u00e5ste \u00e4ven vara registrerat f\u00f6r moms, F-skatt och arbetsgivaravgifter i Sverige. Utl\u00e4ndska f\u00f6retag kan dock inte bli auktoriserade.<\/p>\n\n              <\/div>\n            <\/div>\n          <\/div>\n                            <div class=\"Accordion__row\" itemscope itemprop=\"mainEntity\" itemtype=\"https:\/\/schema.org\/Question\">\n            <h3 class=\"Accordion__title\" itemprop=\"name\">\n              <button class=\"Button--unstyled togglehandle\" data-toggle=\"collapse\" data-target=\"vilket-kollektivavtal-ska-jag-ha\" aria-expanded=\"false\">\n                Vilket kollektivavtal ska jag ha?\n              <\/button>\n            <\/h3>\n            <div class=\"Accordion__text collapse\" id=\"vilket-kollektivavtal-ska-jag-ha\" itemscope itemprop=\"acceptedAnswer\" itemtype=\"https:\/\/schema.org\/Answer\">\n              <div itemprop=\"text\">\n                <p><a href=\"https:\/\/www.kompetensforetagen.se\/medlemskap\/kollektivavtal\/\" target=\"_blank\" rel=\"noopener\">Kollektiv\u00adavtalet<\/a>\u00a0styrs av f\u00f6retagets bransch- och verksamhetsomr\u00e5de. Om du \u00e4r os\u00e4ker p\u00e5 vilket kollektivavtal du ska ha,\u00a0<a href=\"https:\/\/www.kompetensforetagen.se\/kontakt\/\" target=\"_blank\" rel=\"noopener\">kontakta n\u00e5gon av v\u00e5ra f\u00f6rhandlare<\/a>. Du som \u00e4r branschmedlem beh\u00f6ver inte kollektivavtal.<\/p>\n\n              <\/div>\n            <\/div>\n          <\/div>\n                            <div class=\"Accordion__row\" itemscope itemprop=\"mainEntity\" itemtype=\"https:\/\/schema.org\/Question\">\n            <h3 class=\"Accordion__title\" itemprop=\"name\">\n              <button class=\"Button--unstyled togglehandle\" data-toggle=\"collapse\" data-target=\"kan-jag-vara-medlem-i-andra-branschorganisationer-samtidigt\" aria-expanded=\"false\">\n                Kan jag vara medlem i andra bransch\u00adorganisationer samtidigt?\n              <\/button>\n            <\/h3>\n            <div class=\"Accordion__text collapse\" id=\"kan-jag-vara-medlem-i-andra-branschorganisationer-samtidigt\" itemscope itemprop=\"acceptedAnswer\" itemtype=\"https:\/\/schema.org\/Answer\">\n              <div itemprop=\"text\">\n                <p>Ja, om du har andra verksamhetsomr\u00e5den.<\/p>\n\n              <\/div>\n            <\/div>\n          <\/div>\n                            <div class=\"Accordion__row\" itemscope itemprop=\"mainEntity\" itemtype=\"https:\/\/schema.org\/Question\">\n            <h3 class=\"Accordion__title\" itemprop=\"name\">\n              <button class=\"Button--unstyled togglehandle\" data-toggle=\"collapse\" data-target=\"vad-betyder-svenskt-driftstalle\" aria-expanded=\"false\">\n                Vad betyder \u201dsvenskt driftst\u00e4lle\u201d?\n              <\/button>\n            <\/h3>\n            <div class=\"Accordion__text collapse\" id=\"vad-betyder-svenskt-driftstalle\" itemscope itemprop=\"acceptedAnswer\" itemtype=\"https:\/\/schema.org\/Answer\">\n              <div itemprop=\"text\">\n                <p>Att verksamheten bedrivs fr\u00e5n, och \u00e4r skrivet p\u00e5, en fast adress i Sverige \u2013 postbox r\u00e4cker inte.<\/p>\n\n              <\/div>\n            <\/div>\n          <\/div>\n                            <div class=\"Accordion__row\" itemscope itemprop=\"mainEntity\" itemtype=\"https:\/\/schema.org\/Question\">\n            <h3 class=\"Accordion__title\" itemprop=\"name\">\n              <button class=\"Button--unstyled togglehandle\" data-toggle=\"collapse\" data-target=\"hur-manga-anstallda-maste-jag-ha\" aria-expanded=\"false\">\n                Hur m\u00e5nga anst\u00e4llda m\u00e5ste jag ha?\n              <\/button>\n            <\/h3>\n            <div class=\"Accordion__text collapse\" id=\"hur-manga-anstallda-maste-jag-ha\" itemscope itemprop=\"acceptedAnswer\" itemtype=\"https:\/\/schema.org\/Answer\">\n              <div itemprop=\"text\">\n                <p>I\u00a0<a href=\"https:\/\/www.kompetensforetagen.se\/villkor-for-medlemskap-3-2-2\/\" target=\"_blank\" rel=\"noopener\">arbetsgivar- och branschmedlemskap<\/a>\u00a0och f\u00f6r auktorisation kr\u00e4vs minst en anst\u00e4lld. I\u00a0<a href=\"https:\/\/www.kompetensforetagen.se\/villkor-for-medlemskap-3\/\" target=\"_blank\" rel=\"noopener\">branschmedlemskapet<\/a>\u00a0st\u00e4lls inget s\u00e5dant krav.<\/p>\n\n              <\/div>\n            <\/div>\n          <\/div>\n                            <div class=\"Accordion__row\" itemscope itemprop=\"mainEntity\" itemtype=\"https:\/\/schema.org\/Question\">\n            <h3 class=\"Accordion__title\" itemprop=\"name\">\n              <button class=\"Button--unstyled togglehandle\" data-toggle=\"collapse\" data-target=\"vilka-avgifter-betalar-jag-i-de-olika-medlemskapen\" aria-expanded=\"false\">\n                Vilka avgifter betalar jag i de olika medlemskapen?\n              <\/button>\n            <\/h3>\n            <div class=\"Accordion__text collapse\" id=\"vilka-avgifter-betalar-jag-i-de-olika-medlemskapen\" itemscope itemprop=\"acceptedAnswer\" itemtype=\"https:\/\/schema.org\/Answer\">\n              <div itemprop=\"text\">\n                <p>Bransch\u00adavgiften \u00e4r densamma i de olika medlemskapen, kostnaden bakas in i den faktura du betalar till Kompetens\u00adf\u00f6retagen.<\/p>\n<p>Arbetsgivar- och branschmedlemmar betalar \u00e4ven en avgift till Almega, baserat p\u00e5 f\u00f6reg\u00e5ende \u00e5rs l\u00f6nekostnader i f\u00f6retaget.<\/p>\n<p>Branschmedlemmar betalar en serviceavgift till Almega.<\/p>\n<p>I respektive medlemskap ing\u00e5r \u00e4ven medlemskap i Svenskt N\u00e4ringsliv. Betalningen f\u00f6r detta sker via din faktura.<\/p>\n\n              <\/div>\n            <\/div>\n          <\/div>\n                            <div class=\"Accordion__row\" itemscope itemprop=\"mainEntity\" itemtype=\"https:\/\/schema.org\/Question\">\n            <h3 class=\"Accordion__title\" itemprop=\"name\">\n              <button class=\"Button--unstyled togglehandle\" data-toggle=\"collapse\" data-target=\"kan-man-vara-standig-branschmedlem-eller-forvantas-man-byta-medlemskapsform-efter-en-tid-det-ar-up\" aria-expanded=\"false\">\n                Kan man vara st\u00e4ndig branschmedlem eller f\u00f6rv\u00e4ntas man byta medlemskapsform efter en tid? Det \u00e4r up\n              <\/button>\n            <\/h3>\n            <div class=\"Accordion__text collapse\" id=\"kan-man-vara-standig-branschmedlem-eller-forvantas-man-byta-medlemskapsform-efter-en-tid-det-ar-up\" itemscope itemprop=\"acceptedAnswer\" itemtype=\"https:\/\/schema.org\/Answer\">\n              <div itemprop=\"text\">\n                <p>Det \u00e4r upp till varje enskild medlem. Branschmedlemskapet g\u00f6r det m\u00f6jligt att successivt v\u00e4xa in i kollektivavtal och auktorisation.<\/p>\n\n              <\/div>\n            <\/div>\n          <\/div>\n                            <div class=\"Accordion__row\" itemscope itemprop=\"mainEntity\" itemtype=\"https:\/\/schema.org\/Question\">\n            <h3 class=\"Accordion__title\" itemprop=\"name\">\n              <button class=\"Button--unstyled togglehandle\" data-toggle=\"collapse\" data-target=\"skiljer-sig-kostnaderna-for-de-olika-medlemskapsformerna-at\" aria-expanded=\"false\">\n                Skiljer sig kostnaderna f\u00f6r de olika medlemskapsformerna \u00e5t?\n              <\/button>\n            <\/h3>\n            <div class=\"Accordion__text collapse\" id=\"skiljer-sig-kostnaderna-for-de-olika-medlemskapsformerna-at\" itemscope itemprop=\"acceptedAnswer\" itemtype=\"https:\/\/schema.org\/Answer\">\n              <div itemprop=\"text\">\n                <p>Medlems\u00adavgiften\u00a0\u00e4r kostnadsneutral oavsett medlemskapsform.<\/p>\n\n              <\/div>\n            <\/div>\n          <\/div>\n              <\/div>\n    <\/div>\n  <\/div>\n<\/div>\n<\/div>\n<\/div>\n\n\n\n<div class=\"wp-block-group has-green-background-color has-background is-layout-constrained wp-block-group-is-layout-constrained\">\n<div class=\"wp-block-columns is-layout-flex wp-container-core-columns-is-layout-9d6595d7 wp-block-columns-is-layout-flex\">\n<div class=\"wp-block-column is-layout-flow wp-block-column-is-layout-flow\"><div class=\"wp-block wp-block-core-heading\" id=\"administrativa-fragor-om-ditt-medlemskap\">\n<h3 class=\"wp-block-heading\" id=\"h-administrativa-fragor-om-ditt-medlemskap\">Administrativa fr\u00e5gor om ditt medlemskap<\/h3>\n<\/div>\n\n<div class=\"wp-block wp-block-core-paragraph\">\n<p>Kontakta\u00a0medlemsservice eller bes\u00f6k <a href=\"http:\/\/minasidor.almega.se\">Mina sidor (almega.se) <\/a>om du har fr\u00e5gor om till exempel:<\/p>\n<\/div>\n\n<div class=\"wp-block wp-block-core-list\">\n<ul class=\"wp-block-list\">\n<li>Adress\u00e4ndring<\/li>\n\n\n\n<li>Fakturor<\/li>\n\n\n\n<li>Inkoppling p\u00e5 kollektivavtal<\/li>\n\n\n\n<li>Medlemsavgifter<\/li>\n\n\n\n<li>Medlemsuppgifter<\/li>\n\n\n\n<li>Uttr\u00e4den<\/li>\n\n\n\n<li>\u00d6verl\u00e5telse av verksamhet<\/li>\n<\/ul>\n<\/div>\n\n<div class=\"wp-block wp-block-core-paragraph\">\n<p>L\u00e4s g\u00e4rna dessa&nbsp;<a href=\"https:\/\/www.kompetensforetagen.se\/vanligt-forekommande-fragor-om-medlemskap\/\">vanligt f\u00f6rekommande fr\u00e5gor om medlemskap<\/a><\/p>\n<\/div><\/div>\n\n\n\n<div class=\"wp-block-column is-vertically-aligned-center is-layout-flow wp-block-column-is-layout-flow\"><div id=\"block-contact-block_2bdacca77ed9346ec829f7423697f1bd\" class=\"Contact\">\n      <div class=\"Contact__title\">\n      \n    <\/div>\n    <div class=\" row \">\n              <div class=\"col-lg-12 pb-md-4 pb-3\">\n                  <\/div>\n          <\/div>\n    <\/div>\n<\/div>\n<\/div>\n<\/div>\n\n\n\n<div class=\"wp-block-group has-secondary-background-color has-background is-layout-constrained wp-block-group-is-layout-constrained\">\n<div class=\"wp-block-columns is-layout-flex wp-container-core-columns-is-layout-9d6595d7 wp-block-columns-is-layout-flex\">\n<div class=\"wp-block-column is-layout-flow wp-block-column-is-layout-flow\"><div class=\"Listing no-bg\">\n  <div class=\"container\">\n    <div class=\"Listing__heading\">\n          <\/div>\n    <div class=\"row\">\n                            <div class=\"col-md-6 \">\n                      <article class=\"Blurb Blurb--vertical Blurb--page Blurb--vertical no-thumbnail\">\n  <a href=\"https:\/\/www.kompetensforetagen.se\/statistik\/konsultundersokningar\/\">\n        <div class=\"Blurb__content\">\n      <div class=\"Blurb__body\">\n        <div>\n                            <\/div>\n        <h2 class=\"Blurb__title\">\n          Konsult&shy;unders\u00f6kningar\n        <\/h2>\n                  <div class=\"Blurb__text\">\n            \n          <\/div>\n                <div class=\"Blurb__arrow\">\n                                <div class=\"Blurb__arrow__line\">\n              <svg class='icon icon--arrow-tip'  width=\"11\" height=\"16\" viewBox=\"0 0 11 16\" fill=\"none\" xmlns=\"http:\/\/www.w3.org\/2000\/svg\">\n<path d=\"M0.858398 15L9.2304 7.99664L0.967732 1.00001\" stroke=\"black\" stroke-width=\"2\" stroke-miterlimit=\"10\"\/>\n<\/svg>\n\n              <\/div>\n                  <\/div>\n      <\/div>\n    <\/div>\n  <\/a>\n<\/article>\n                  <\/div>\n                              <div class=\"col-md-6 \">\n                      <article class=\"Blurb Blurb--vertical Blurb--page Blurb--vertical no-thumbnail\">\n  <a href=\"https:\/\/www.kompetensforetagen.se\/bli-medlem-2\/etiska-regler\/\">\n        <div class=\"Blurb__content\">\n      <div class=\"Blurb__body\">\n        <div>\n                            <\/div>\n        <h2 class=\"Blurb__title\">\n          Etiska regler\n        <\/h2>\n                  <div class=\"Blurb__text\">\n            Kompetensf\u00f6retagens medlemmar verkar inom bemanning, omst\u00e4llning och rekrytering. Kompetensf\u00f6retagens medlemmar f\u00f6rser f\u00f6retag och organisationer med r\u00e4tt kompetens vid r\u00e4tt tillf\u00e4lle f\u00f6r att kunna verka effektivt. Medarbetarna f\u00e5r m\u00f6jlighet att utvecklas under trygga former p\u00e5 en &hellip;\n          <\/div>\n                <div class=\"Blurb__arrow\">\n                                <div class=\"Blurb__arrow__line\">\n              <svg class='icon icon--arrow-tip'  width=\"11\" height=\"16\" viewBox=\"0 0 11 16\" fill=\"none\" xmlns=\"http:\/\/www.w3.org\/2000\/svg\">\n<path d=\"M0.858398 15L9.2304 7.99664L0.967732 1.00001\" stroke=\"black\" stroke-width=\"2\" stroke-miterlimit=\"10\"\/>\n<\/svg>\n\n              <\/div>\n                  <\/div>\n      <\/div>\n    <\/div>\n  <\/a>\n<\/article>\n                  <\/div>\n                              <div class=\"col-md-6 \">\n                      <article class=\"Blurb Blurb--vertical Blurb--page Blurb--vertical no-thumbnail\">\n  <a href=\"https:\/\/www.kompetensforetagen.se\/kompetensforetagens-medlemsnatverk\/\">\n        <div class=\"Blurb__content\">\n      <div class=\"Blurb__body\">\n        <div>\n                            <\/div>\n        <h2 class=\"Blurb__title\">\n          Medlemsn\u00e4tverk\n        <\/h2>\n                  <div class=\"Blurb__text\">\n            AF- och omst\u00e4llningsn\u00e4tverket Omst\u00e4llningsgruppen best\u00e5r av vd, aff\u00e4rsomr\u00e5deschefer, leveransansvariga, s\u00e4ljchefer, bid managers och andra som arbetar med omst\u00e4llningstj\u00e4nster mot fr\u00e4mst&nbsp;Arbetsf\u00f6rmedlingen,&nbsp;TSL&nbsp;och&nbsp;TRR. \u00c4ven andra offentliga organ som k\u00f6per in omst\u00e4llningstj\u00e4nster behandlas, bland annat kommuner. Omst\u00e4llningsgruppen g\u00e4stas ofta &hellip;\n          <\/div>\n                <div class=\"Blurb__arrow\">\n                                <div class=\"Blurb__arrow__line\">\n              <svg class='icon icon--arrow-tip'  width=\"11\" height=\"16\" viewBox=\"0 0 11 16\" fill=\"none\" xmlns=\"http:\/\/www.w3.org\/2000\/svg\">\n<path d=\"M0.858398 15L9.2304 7.99664L0.967732 1.00001\" stroke=\"black\" stroke-width=\"2\" stroke-miterlimit=\"10\"\/>\n<\/svg>\n\n              <\/div>\n                  <\/div>\n      <\/div>\n    <\/div>\n  <\/a>\n<\/article>\n                  <\/div>\n                              <div class=\"col-md-6 \">\n                      <article class=\"Blurb Blurb--vertical Blurb--page Blurb--vertical no-thumbnail\">\n  <a href=\"https:\/\/www.kompetensforetagen.se\/medlemssidor\/almegas-konkurrensrattsliga-riktlinjer\/\">\n        <div class=\"Blurb__content\">\n      <div class=\"Blurb__body\">\n        <div>\n                            <\/div>\n        <h2 class=\"Blurb__title\">\n          Konkurrensr\u00e4ttsliga riktlinjer\n        <\/h2>\n                  <div class=\"Blurb__text\">\n            Almegas f\u00f6rbund \u00e4r sammanslutningar av f\u00f6retag som ofta \u00e4r konkurrenter inom sina respektive branscher. Det medf\u00f6r viss risk f\u00f6r att \u00e4mnen som \u00e4r k\u00e4nsliga f\u00f6r konkurrensen av oaktsamhet diskuteras p\u00e5 m\u00f6ten i Almegas och f\u00f6rbundens &hellip;\n          <\/div>\n                <div class=\"Blurb__arrow\">\n                                <div class=\"Blurb__arrow__line\">\n              <svg class='icon icon--arrow-tip'  width=\"11\" height=\"16\" viewBox=\"0 0 11 16\" fill=\"none\" xmlns=\"http:\/\/www.w3.org\/2000\/svg\">\n<path d=\"M0.858398 15L9.2304 7.99664L0.967732 1.00001\" stroke=\"black\" stroke-width=\"2\" stroke-miterlimit=\"10\"\/>\n<\/svg>\n\n              <\/div>\n                  <\/div>\n      <\/div>\n    <\/div>\n  <\/a>\n<\/article>\n                  <\/div>\n                  <\/div>\n  <\/div>\n<\/div><\/div>\n<\/div>\n<\/div>\n\n\n\n<div class=\"wp-block-group is-layout-constrained wp-block-group-is-layout-constrained\"><div class=\"Listing no-bg\" id=\"block-c6b9406f-bda3-4cfc-87ab-87859aa8a878\">\n  <div class=\"container\">\n    <div class=\"Listing__heading\">\n       <h2>Uthyrningslagen<\/h2>     <\/div>\n    <div class=\"row\">\n      \n                      <div class=\"col-12\">\n                      <article class=\"Blurb Blurb--lg Blurb--post Blurb--vertical has-thumbnail\">\n  <a href=\"https:\/\/www.kompetensforetagen.se\/2024\/10\/ny-eu-dom-kan-fortydliga-granser-for-uthyrningslagen\/\">\n          <div class=\"Blurb__thumbnail__wrap\">\n        <figure class=\"Blurb__thumbnail\">\n          <img loading=\"lazy\" decoding=\"async\" width=\"1900\" height=\"1000\" src=\"https:\/\/www.kompetensforetagen.se\/app\/uploads\/sites\/5\/2024\/10\/Medlemscase-hemsida-9.png\" class=\"attachment-small size-small wp-post-image\" alt=\"Mia Fransson, f\u00f6rbundsjurist p\u00e5 kompetensf\u00f6retagen. kommenterar ny dom i EU-domstolen om uthyrningslagen\" srcset=\"https:\/\/www.kompetensforetagen.se\/app\/uploads\/sites\/5\/2024\/10\/Medlemscase-hemsida-9.png 1900w, https:\/\/www.kompetensforetagen.se\/app\/uploads\/sites\/5\/2024\/10\/Medlemscase-hemsida-9-580x305.png 580w, https:\/\/www.kompetensforetagen.se\/app\/uploads\/sites\/5\/2024\/10\/Medlemscase-hemsida-9-1180x621.png 1180w, https:\/\/www.kompetensforetagen.se\/app\/uploads\/sites\/5\/2024\/10\/Medlemscase-hemsida-9-380x200.png 380w, https:\/\/www.kompetensforetagen.se\/app\/uploads\/sites\/5\/2024\/10\/Medlemscase-hemsida-9-768x404.png 768w, https:\/\/www.kompetensforetagen.se\/app\/uploads\/sites\/5\/2024\/10\/Medlemscase-hemsida-9-1536x808.png 1536w, https:\/\/www.kompetensforetagen.se\/app\/uploads\/sites\/5\/2024\/10\/Medlemscase-hemsida-9-600x316.png 600w\" sizes=\"auto, (max-width: 1900px) 100vw, 1900px\" \/>\n        <\/figure>\n      <\/div>\n        <div class=\"Blurb__content\">\n      <div class=\"Blurb__body\">\n        <div>\n                                <div class=\"Meta d-flex align-items-center Blurb__meta\">\n      <div class=\"Meta__tag item\">\n      Uthyrningslagen\n      <svg class='icon icon--triangle'  width=\"26\" height=\"32\" viewBox=\"0 0 26 32\" fill=\"none\" xmlns=\"http:\/\/www.w3.org\/2000\/svg\">\n<path fill-rule=\"evenodd\" clip-rule=\"evenodd\" d=\"M13.1315 0H0V32H13.1315L26 16L13.1315 0ZM9 18.581C10.6569 18.581 12 17.1946 12 15.4843C12 13.774 10.6569 12.3875 9 12.3875C7.34315 12.3875 6 13.774 6 15.4843C6 17.1946 7.34315 18.581 9 18.581Z\" fill=\"#FDDCC0\"\/>\n<\/svg>\n\n      <\/div>\n    <div class=\"Meta__group\">\n          <div class=\"Meta__date  d-flex align-items-center\">\n        <svg class='icon icon--timestamp'  width=\"16\" height=\"16\" viewBox=\"0 0 16 16\" fill=\"none\" xmlns=\"http:\/\/www.w3.org\/2000\/svg\">\n<path fill-rule=\"evenodd\" clip-rule=\"evenodd\" d=\"M10.4833 10.5818C10.7278 10.8452 10.7278 11.2723 10.4833 11.5357C10.361 11.6674 10.2008 11.7333 10.0405 11.7333C9.88023 11.7333 9.72008 11.6674 9.59781 11.5357L7.65015 9.43814C7.53273 9.31167 7.46667 9.14001 7.46667 8.96109V4.94118C7.46667 4.56868 7.74705 4.26667 8.09288 4.26667C8.4387 4.26667 8.71908 4.56868 8.71908 4.94118V8.68168L10.4833 10.5818ZM8 14.9333C4.177 14.9333 1.06667 11.823 1.06667 8C1.06667 4.177 4.177 1.06667 8 1.06667C11.8232 1.06667 14.9333 4.177 14.9333 8C14.9333 11.823 11.8232 14.9333 8 14.9333ZM8 0C3.58887 0 0 3.58887 0 8C0 12.4111 3.58887 16 8 16C12.4113 16 16 12.4111 16 8C16 3.58887 12.4113 0 8 0Z\" fill=\"black\"\/>\n<\/svg>\n\n          <time datetime=\"2024-10-25T09:03:32+00:00\">25 oktober 2024<\/time>\n      <\/div>\n              <div class=\"Meta__category\">\n        Aktuellt\n      <\/div>\n      <\/div>\n<\/div>\n                  <\/div>\n        <h3 class=\"Blurb__title\">\n          Ny EU-dom kan f\u00f6rtydliga gr\u00e4nser f\u00f6r uthyrningslagen\n        <\/h3>\n                  <div class=\"Blurb__text\">\n            En ny EU-dom tydligg\u00f6r gr\u00e4nsen mellan bemannings- och konsulttj\u00e4nster. Domen betonar att uthyrningslagen g\u00e4ller f\u00f6r f\u00f6retag som systematiskt hyr ut personal under kundens kontroll och ledning, skriver Mia Fransson, f\u00f6rbundsjurist p\u00e5 Kompetensf\u00f6retagen.\n\n          <\/div>\n                <div class=\"Blurb__arrow\">\n                                <div class=\"Blurb__arrow__line\">\n              <svg class='icon icon--arrow-tip'  width=\"11\" height=\"16\" viewBox=\"0 0 11 16\" fill=\"none\" xmlns=\"http:\/\/www.w3.org\/2000\/svg\">\n<path d=\"M0.858398 15L9.2304 7.99664L0.967732 1.00001\" stroke=\"black\" stroke-width=\"2\" stroke-miterlimit=\"10\"\/>\n<\/svg>\n\n              <\/div>\n                  <\/div>\n      <\/div>\n    <\/div>\n  <\/a>\n<\/article>\n                  <\/div>\n                              <div class=\"col-md-6\">\n                      <article class=\"Blurb Blurb--md Blurb--post Blurb--vertical has-thumbnail\">\n  <a href=\"https:\/\/www.kompetensforetagen.se\/2023\/12\/sa-begransades-inhyrning-i-uthyrningslagen\/\">\n          <div class=\"Blurb__thumbnail__wrap\">\n        <figure class=\"Blurb__thumbnail\">\n          <img loading=\"lazy\" decoding=\"async\" width=\"2560\" height=\"1707\" src=\"https:\/\/www.kompetensforetagen.se\/app\/uploads\/sites\/5\/2022\/11\/pexels-alena-darmel-7641825-scaled.jpg\" class=\"attachment-small size-small wp-post-image\" alt=\"\" srcset=\"https:\/\/www.kompetensforetagen.se\/app\/uploads\/sites\/5\/2022\/11\/pexels-alena-darmel-7641825-scaled.jpg 2560w, https:\/\/www.kompetensforetagen.se\/app\/uploads\/sites\/5\/2022\/11\/pexels-alena-darmel-7641825-580x387.jpg 580w, https:\/\/www.kompetensforetagen.se\/app\/uploads\/sites\/5\/2022\/11\/pexels-alena-darmel-7641825-1180x787.jpg 1180w, https:\/\/www.kompetensforetagen.se\/app\/uploads\/sites\/5\/2022\/11\/pexels-alena-darmel-7641825-380x253.jpg 380w, https:\/\/www.kompetensforetagen.se\/app\/uploads\/sites\/5\/2022\/11\/pexels-alena-darmel-7641825-768x512.jpg 768w, https:\/\/www.kompetensforetagen.se\/app\/uploads\/sites\/5\/2022\/11\/pexels-alena-darmel-7641825-1536x1024.jpg 1536w, https:\/\/www.kompetensforetagen.se\/app\/uploads\/sites\/5\/2022\/11\/pexels-alena-darmel-7641825-2048x1365.jpg 2048w, https:\/\/www.kompetensforetagen.se\/app\/uploads\/sites\/5\/2022\/11\/pexels-alena-darmel-7641825-600x400.jpg 600w\" sizes=\"auto, (max-width: 2560px) 100vw, 2560px\" \/>\n        <\/figure>\n      <\/div>\n        <div class=\"Blurb__content\">\n      <div class=\"Blurb__body\">\n        <div>\n                                <div class=\"Meta d-flex align-items-center Blurb__meta\">\n      <div class=\"Meta__tag item\">\n      Uthyrningslagen\n      <svg class='icon icon--triangle'  width=\"26\" height=\"32\" viewBox=\"0 0 26 32\" fill=\"none\" xmlns=\"http:\/\/www.w3.org\/2000\/svg\">\n<path fill-rule=\"evenodd\" clip-rule=\"evenodd\" d=\"M13.1315 0H0V32H13.1315L26 16L13.1315 0ZM9 18.581C10.6569 18.581 12 17.1946 12 15.4843C12 13.774 10.6569 12.3875 9 12.3875C7.34315 12.3875 6 13.774 6 15.4843C6 17.1946 7.34315 18.581 9 18.581Z\" fill=\"#FDDCC0\"\/>\n<\/svg>\n\n      <\/div>\n    <div class=\"Meta__group\">\n          <div class=\"Meta__date  d-flex align-items-center\">\n        <svg class='icon icon--timestamp'  width=\"16\" height=\"16\" viewBox=\"0 0 16 16\" fill=\"none\" xmlns=\"http:\/\/www.w3.org\/2000\/svg\">\n<path fill-rule=\"evenodd\" clip-rule=\"evenodd\" d=\"M10.4833 10.5818C10.7278 10.8452 10.7278 11.2723 10.4833 11.5357C10.361 11.6674 10.2008 11.7333 10.0405 11.7333C9.88023 11.7333 9.72008 11.6674 9.59781 11.5357L7.65015 9.43814C7.53273 9.31167 7.46667 9.14001 7.46667 8.96109V4.94118C7.46667 4.56868 7.74705 4.26667 8.09288 4.26667C8.4387 4.26667 8.71908 4.56868 8.71908 4.94118V8.68168L10.4833 10.5818ZM8 14.9333C4.177 14.9333 1.06667 11.823 1.06667 8C1.06667 4.177 4.177 1.06667 8 1.06667C11.8232 1.06667 14.9333 4.177 14.9333 8C14.9333 11.823 11.8232 14.9333 8 14.9333ZM8 0C3.58887 0 0 3.58887 0 8C0 12.4111 3.58887 16 8 16C12.4113 16 16 12.4111 16 8C16 3.58887 12.4113 0 8 0Z\" fill=\"black\"\/>\n<\/svg>\n\n          <time datetime=\"2023-12-21T10:46:05+00:00\">21 december 2023<\/time>\n      <\/div>\n              <div class=\"Meta__category\">\n        Fakta\n      <\/div>\n      <\/div>\n<\/div>\n                  <\/div>\n        <h3 class=\"Blurb__title\">\n          S\u00e5 begr\u00e4nsades inhyrning i uthyrningslagen\n        <\/h3>\n                  <div class=\"Blurb__text\">\n            Den svenska modellen bygger p\u00e5 att parterna, arbetsgivar- och fackf\u00f6rbund, tar gemensamt ansvar f\u00f6r arbetsmarknadens fr\u00e5gor. Redan 2017 inleddes f\u00f6rhandlingar mellan LO och Svenskt N\u00e4ringsliv om reformer p\u00e5 arbetsmarknaden. De kunde inte enas om hur &hellip;\n          <\/div>\n                <div class=\"Blurb__arrow\">\n                                <div class=\"Blurb__arrow__line\">\n              <svg class='icon icon--arrow-tip'  width=\"11\" height=\"16\" viewBox=\"0 0 11 16\" fill=\"none\" xmlns=\"http:\/\/www.w3.org\/2000\/svg\">\n<path d=\"M0.858398 15L9.2304 7.99664L0.967732 1.00001\" stroke=\"black\" stroke-width=\"2\" stroke-miterlimit=\"10\"\/>\n<\/svg>\n\n              <\/div>\n                  <\/div>\n      <\/div>\n    <\/div>\n  <\/a>\n<\/article>\n                  <\/div>\n                              <div class=\"col-md-6\">\n                      <article class=\"Blurb Blurb--md Blurb--post Blurb--vertical has-thumbnail\">\n  <a href=\"https:\/\/www.kompetensforetagen.se\/2022\/11\/overklaganden-i-forhallande-till-bemanningsdirektivet\/\">\n          <div class=\"Blurb__thumbnail__wrap\">\n        <figure class=\"Blurb__thumbnail\">\n          <img loading=\"lazy\" decoding=\"async\" width=\"1640\" height=\"924\" src=\"https:\/\/www.kompetensforetagen.se\/app\/uploads\/sites\/5\/2021\/08\/bloggbild.png\" class=\"attachment-small size-small wp-post-image\" alt=\"Grafik: Svart och vit bild som visar en macbook air en Iphone en anteckningsbok och en kopp espresso\" srcset=\"https:\/\/www.kompetensforetagen.se\/app\/uploads\/sites\/5\/2021\/08\/bloggbild.png 1640w, https:\/\/www.kompetensforetagen.se\/app\/uploads\/sites\/5\/2021\/08\/bloggbild-580x327.png 580w, https:\/\/www.kompetensforetagen.se\/app\/uploads\/sites\/5\/2021\/08\/bloggbild-1180x665.png 1180w, https:\/\/www.kompetensforetagen.se\/app\/uploads\/sites\/5\/2021\/08\/bloggbild-380x214.png 380w, https:\/\/www.kompetensforetagen.se\/app\/uploads\/sites\/5\/2021\/08\/bloggbild-768x433.png 768w, https:\/\/www.kompetensforetagen.se\/app\/uploads\/sites\/5\/2021\/08\/bloggbild-1536x865.png 1536w\" sizes=\"auto, (max-width: 1640px) 100vw, 1640px\" \/>\n        <\/figure>\n      <\/div>\n        <div class=\"Blurb__content\">\n      <div class=\"Blurb__body\">\n        <div>\n                                <div class=\"Meta d-flex align-items-center Blurb__meta\">\n      <div class=\"Meta__tag item\">\n      Uthyrningslagen\n      <svg class='icon icon--triangle'  width=\"26\" height=\"32\" viewBox=\"0 0 26 32\" fill=\"none\" xmlns=\"http:\/\/www.w3.org\/2000\/svg\">\n<path fill-rule=\"evenodd\" clip-rule=\"evenodd\" d=\"M13.1315 0H0V32H13.1315L26 16L13.1315 0ZM9 18.581C10.6569 18.581 12 17.1946 12 15.4843C12 13.774 10.6569 12.3875 9 12.3875C7.34315 12.3875 6 13.774 6 15.4843C6 17.1946 7.34315 18.581 9 18.581Z\" fill=\"#FDDCC0\"\/>\n<\/svg>\n\n      <\/div>\n    <div class=\"Meta__group\">\n          <div class=\"Meta__date  d-flex align-items-center\">\n        <svg class='icon icon--timestamp'  width=\"16\" height=\"16\" viewBox=\"0 0 16 16\" fill=\"none\" xmlns=\"http:\/\/www.w3.org\/2000\/svg\">\n<path fill-rule=\"evenodd\" clip-rule=\"evenodd\" d=\"M10.4833 10.5818C10.7278 10.8452 10.7278 11.2723 10.4833 11.5357C10.361 11.6674 10.2008 11.7333 10.0405 11.7333C9.88023 11.7333 9.72008 11.6674 9.59781 11.5357L7.65015 9.43814C7.53273 9.31167 7.46667 9.14001 7.46667 8.96109V4.94118C7.46667 4.56868 7.74705 4.26667 8.09288 4.26667C8.4387 4.26667 8.71908 4.56868 8.71908 4.94118V8.68168L10.4833 10.5818ZM8 14.9333C4.177 14.9333 1.06667 11.823 1.06667 8C1.06667 4.177 4.177 1.06667 8 1.06667C11.8232 1.06667 14.9333 4.177 14.9333 8C14.9333 11.823 11.8232 14.9333 8 14.9333ZM8 0C3.58887 0 0 3.58887 0 8C0 12.4111 3.58887 16 8 16C12.4113 16 16 12.4111 16 8C16 3.58887 12.4113 0 8 0Z\" fill=\"black\"\/>\n<\/svg>\n\n          <time datetime=\"2022-11-11T12:44:45+00:00\">11 november 2022<\/time>\n      <\/div>\n              <div class=\"Meta__category\">\n        Fakta\n      <\/div>\n      <\/div>\n<\/div>\n                  <\/div>\n        <h3 class=\"Blurb__title\">\n          \u00d6verklaganden i f\u00f6rh\u00e5llande till bemannings&shy;direktivet\n        <\/h3>\n                  <div class=\"Blurb__text\">\n            Bemanningsf\u00f6retagen, som Kompetensf\u00f6retagen tidigare hette, gjorde flera \u00f6verklaganden i f\u00f6rh\u00e5llande till Bemanningsdirektivet. Svensk \u00f6verklagan till EU-kommissionen Fr\u00e5gan om inhyrning av medarbetare fr\u00e5n bemanningsf\u00f6retag uppm\u00e4rksammades genom de formella klagom\u00e5l som d\u00e5varande Bemanningsf\u00f6retagen framf\u00f6rde till EU-kommissionen. De &hellip;\n          <\/div>\n                <div class=\"Blurb__arrow\">\n                                <div class=\"Blurb__arrow__line\">\n              <svg class='icon icon--arrow-tip'  width=\"11\" height=\"16\" viewBox=\"0 0 11 16\" fill=\"none\" xmlns=\"http:\/\/www.w3.org\/2000\/svg\">\n<path d=\"M0.858398 15L9.2304 7.99664L0.967732 1.00001\" stroke=\"black\" stroke-width=\"2\" stroke-miterlimit=\"10\"\/>\n<\/svg>\n\n              <\/div>\n                  <\/div>\n      <\/div>\n    <\/div>\n  <\/a>\n<\/article>\n                  <\/div>\n                  <\/div>\n    \n      <\/div>\n<\/div><\/div>\n","protected":false},"excerpt":{"rendered":"<p>V\u00e4lkommen till dina sidor! De allra flesta nyheter h\u00e4r \u00e4r exklusiva, eller kanske extra intressanta, f\u00f6r dig som medlem i Kompetensf\u00f6retagen. Nyheter eller information som m\u00e5nga efterfr\u00e5gar ligger oftast h\u00f6gst upp p\u00e5 sidan. Administrativa fr\u00e5gor &hellip;<\/p>\n","protected":false},"author":1,"featured_media":0,"parent":0,"menu_order":37,"comment_status":"closed","ping_status":"closed","template":"","meta":{"_acf_changed":false,"footnotes":""},"article_type":[],"agreement":[163,164,165,36,37,38,39,40,41,58,59,60,42,43,44,45,46,47,48,49,50,51,52,53,55,54,56,57,61,62,63,64,65,66,67,68,69,70,71,72,73,74,75,76,77,78,79,80,81,82,83,89,90,91,84,85,86,87,88,95,92,93,94,96,97,98,99,100,101,102,103,104,105,106,107,108,109,110,111,112,113,114,115,116,117,118,119,120,121,122,123,124,125,126,127,128,129,133,130,131,132,134,135,136,137,138,139,140,141,142,143,144,145,147,149,150,151,148,152,146,153,154,155,156,157,158,159,160,162,161],"for-members":[],"class_list":["post-560","page","type-page","status-publish","hentry","agreement-d8372015-3f44-e211-be83-005056b20fd8","agreement-1ac6e1f5-3f44-e211-be83-005056b20fd8","agreement-70ee1081-3f44-e211-be83-005056b20fd8","agreement-cacd80f7-ff07-de11-b4e1-02bf9e69ca65","agreement-cbcd80f7-ff07-de11-b4e1-02bf9e69ca65","agreement-8dce80f7-ff07-de11-b4e1-02bf9e69ca65","agreement-a1c8f241-0761-e011-a194-02bf9e69ca65","agreement-a6e84646-06ab-e611-8108-003dd8b71e47","agreement-acce80f7-ff07-de11-b4e1-02bf9e69ca65","agreement-705d8229-a064-de11-bdb9-02bf9e69ca65","agreement-2767ab55-42a2-e411-95d0-005056b20fd6","agreement-875fe194-42a2-e411-95d0-005056b20fd6","agreement-9cce80f7-ff07-de11-b4e1-02bf9e69ca65","agreement-a2ce80f7-ff07-de11-b4e1-02bf9e69ca65","agreement-a1ce80f7-ff07-de11-b4e1-02bf9e69ca65","agreement-9dce80f7-ff07-de11-b4e1-02bf9e69ca65","agreement-a3ce80f7-ff07-de11-b4e1-02bf9e69ca65","agreement-a8ce80f7-ff07-de11-b4e1-02bf9e69ca65","agreement-9ece80f7-ff07-de11-b4e1-02bf9e69ca65","agreement-a4ce80f7-ff07-de11-b4e1-02bf9e69ca65","agreement-20c6e08e-fe12-de11-b4e1-02bf9e69ca65","agreement-a7ce80f7-ff07-de11-b4e1-02bf9e69ca65","agreement-a5ce80f7-ff07-de11-b4e1-02bf9e69ca65","agreement-a6ce80f7-ff07-de11-b4e1-02bf9e69ca65","agreement-9fce80f7-ff07-de11-b4e1-02bf9e69ca65","agreement-a0ce80f7-ff07-de11-b4e1-02bf9e69ca65","agreement-aace80f7-ff07-de11-b4e1-02bf9e69ca65","agreement-a9ce80f7-ff07-de11-b4e1-02bf9e69ca65","agreement-abce80f7-ff07-de11-b4e1-02bf9e69ca65","agreement-b0ce80f7-ff07-de11-b4e1-02bf9e69ca65","agreement-80801b30-bf59-de11-bdb9-02bf9e69ca65","agreement-4ace80f7-ff07-de11-b4e1-02bf9e69ca65","agreement-5bd980a8-f612-de11-b4e1-02bf9e69ca65","agreement-12ce80f7-ff07-de11-b4e1-02bf9e69ca65","agreement-19ce80f7-ff07-de11-b4e1-02bf9e69ca65","agreement-91c18dfe-fd12-de11-b4e1-02bf9e69ca65","agreement-58ce80f7-ff07-de11-b4e1-02bf9e69ca65","agreement-dbc1f569-b5f1-e511-b8fc-005056b20fd8","agreement-a0dd9b4d-7a56-de11-bdb9-02bf9e69ca65","agreement-81ce80f7-ff07-de11-b4e1-02bf9e69ca65","agreement-bccd80f7-ff07-de11-b4e1-02bf9e69ca65","agreement-4bce80f7-ff07-de11-b4e1-02bf9e69ca65","agreement-22ce80f7-ff07-de11-b4e1-02bf9e69ca65","agreement-45ce80f7-ff07-de11-b4e1-02bf9e69ca65","agreement-6fce80f7-ff07-de11-b4e1-02bf9e69ca65","agreement-72ce80f7-ff07-de11-b4e1-02bf9e69ca65","agreement-6ece80f7-ff07-de11-b4e1-02bf9e69ca65","agreement-71ce80f7-ff07-de11-b4e1-02bf9e69ca65","agreement-74ce80f7-ff07-de11-b4e1-02bf9e69ca65","agreement-47ce80f7-ff07-de11-b4e1-02bf9e69ca65","agreement-21ce80f7-ff07-de11-b4e1-02bf9e69ca65","agreement-31055653-edd3-e511-afc2-005056b20fd8","agreement-c1cd80f7-ff07-de11-b4e1-02bf9e69ca65","agreement-c4cd80f7-ff07-de11-b4e1-02bf9e69ca65","agreement-62ce80f7-ff07-de11-b4e1-02bf9e69ca65","agreement-61ce80f7-ff07-de11-b4e1-02bf9e69ca65","agreement-63ce80f7-ff07-de11-b4e1-02bf9e69ca65","agreement-64ce80f7-ff07-de11-b4e1-02bf9e69ca65","agreement-54ce80f7-ff07-de11-b4e1-02bf9e69ca65","agreement-79ce80f7-ff07-de11-b4e1-02bf9e69ca65","agreement-1cce80f7-ff07-de11-b4e1-02bf9e69ca65","agreement-5dce80f7-ff07-de11-b4e1-02bf9e69ca65","agreement-d7532451-e4a4-e711-810e-003dd8b71e49","agreement-84ce80f7-ff07-de11-b4e1-02bf9e69ca65","agreement-10cec22e-2f50-de11-bdb9-02bf9e69ca65","agreement-24ce80f7-ff07-de11-b4e1-02bf9e69ca65","agreement-9ace80f7-ff07-de11-b4e1-02bf9e69ca65","agreement-ff73fbfd-74c6-e111-9e82-005056b20fd8","agreement-8b353f92-eae2-e111-b718-005056b20fd6","agreement-6bce80f7-ff07-de11-b4e1-02bf9e69ca65","agreement-80ce80f7-ff07-de11-b4e1-02bf9e69ca65","agreement-52ce80f7-ff07-de11-b4e1-02bf9e69ca65","agreement-1dce80f7-ff07-de11-b4e1-02bf9e69ca65","agreement-8bce80f7-ff07-de11-b4e1-02bf9e69ca65","agreement-8cce80f7-ff07-de11-b4e1-02bf9e69ca65","agreement-5ece80f7-ff07-de11-b4e1-02bf9e69ca65","agreement-20ce80f7-ff07-de11-b4e1-02bf9e69ca65","agreement-50febb79-7a56-de11-bdb9-02bf9e69ca65","agreement-5fce80f7-ff07-de11-b4e1-02bf9e69ca65","agreement-7dce80f7-ff07-de11-b4e1-02bf9e69ca65","agreement-4bb0699c-fd12-de11-b4e1-02bf9e69ca65","agreement-c5cd80f7-ff07-de11-b4e1-02bf9e69ca65","agreement-d95c3e3a-0da2-de11-b057-02bf9e69ca65","agreement-2b2479db-06a2-de11-b057-02bf9e69ca65","agreement-89175bca-06a2-de11-b057-02bf9e69ca65","agreement-5ace80f7-ff07-de11-b4e1-02bf9e69ca65","agreement-55ce80f7-ff07-de11-b4e1-02bf9e69ca65","agreement-4dce80f7-ff07-de11-b4e1-02bf9e69ca65","agreement-bfc990e1-647d-e111-8141-005056b20278","agreement-6cce80f7-ff07-de11-b4e1-02bf9e69ca65","agreement-c067cbf5-647d-e111-8141-005056b20278","agreement-86ce80f7-ff07-de11-b4e1-02bf9e69ca65","agreement-85ce80f7-ff07-de11-b4e1-02bf9e69ca65","agreement-88ce80f7-ff07-de11-b4e1-02bf9e69ca65","agreement-43ce80f7-ff07-de11-b4e1-02bf9e69ca65","agreement-44ce80f7-ff07-de11-b4e1-02bf9e69ca65","agreement-9277b1e1-28ad-e011-8875-005056b20278","agreement-82ce80f7-ff07-de11-b4e1-02bf9e69ca65","agreement-87ce80f7-ff07-de11-b4e1-02bf9e69ca65","agreement-7ace80f7-ff07-de11-b4e1-02bf9e69ca65","agreement-7bce80f7-ff07-de11-b4e1-02bf9e69ca65","agreement-46ce80f7-ff07-de11-b4e1-02bf9e69ca65","agreement-cccd80f7-ff07-de11-b4e1-02bf9e69ca65","agreement-18ce80f7-ff07-de11-b4e1-02bf9e69ca65","agreement-7ece80f7-ff07-de11-b4e1-02bf9e69ca65","agreement-bbcd80f7-ff07-de11-b4e1-02bf9e69ca65","agreement-becd80f7-ff07-de11-b4e1-02bf9e69ca65","agreement-42ce80f7-ff07-de11-b4e1-02bf9e69ca65","agreement-99ce80f7-ff07-de11-b4e1-02bf9e69ca65","agreement-49ce80f7-ff07-de11-b4e1-02bf9e69ca65","agreement-284e69e0-7a56-de11-bdb9-02bf9e69ca65","agreement-587f7203-7b56-de11-bdb9-02bf9e69ca65","agreement-26ce80f7-ff07-de11-b4e1-02bf9e69ca65","agreement-29ce80f7-ff07-de11-b4e1-02bf9e69ca65","agreement-1fce80f7-ff07-de11-b4e1-02bf9e69ca65","agreement-25ce80f7-ff07-de11-b4e1-02bf9e69ca65","agreement-1ece80f7-ff07-de11-b4e1-02bf9e69ca65","agreement-59ce80f7-ff07-de11-b4e1-02bf9e69ca65","agreement-53ce80f7-ff07-de11-b4e1-02bf9e69ca65","agreement-68c1af9f-6b56-de11-bdb9-02bf9e69ca65","agreement-4cce80f7-ff07-de11-b4e1-02bf9e69ca65","agreement-4fce80f7-ff07-de11-b4e1-02bf9e69ca65","agreement-7cce80f7-ff07-de11-b4e1-02bf9e69ca65","agreement-8ace80f7-ff07-de11-b4e1-02bf9e69ca65","agreement-60ce80f7-ff07-de11-b4e1-02bf9e69ca65","agreement-bfcd80f7-ff07-de11-b4e1-02bf9e69ca65","agreement-a438d278-7ccb-e711-810f-003dd8b71e49","agreement-c0cd80f7-ff07-de11-b4e1-02bf9e69ca65","agreement-78ce80f7-ff07-de11-b4e1-02bf9e69ca65","agreement-66ce80f7-ff07-de11-b4e1-02bf9e69ca65"],"acf":[],"yoast_head":"<!-- This site is optimized with the Yoast SEO Premium plugin v26.8 (Yoast SEO v26.8) - https:\/\/yoast.com\/product\/yoast-seo-premium-wordpress\/ -->\n<title>Medlemssidor I Kompetensf\u00f6retagen<\/title>\n<meta name=\"description\" content=\"V\u00e4lkommen till Kompetensf\u00f6retagens medlemssidor.\" \/>\n<meta name=\"robots\" content=\"index, follow, max-snippet:-1, max-image-preview:large, max-video-preview:-1\" \/>\n<link rel=\"canonical\" href=\"https:\/\/www.kompetensforetagen.se\/medlemssidor\/\" \/>\n<meta property=\"og:locale\" content=\"sv_SE\" \/>\n<meta property=\"og:type\" content=\"article\" \/>\n<meta property=\"og:title\" content=\"Medlemssidor\" \/>\n<meta property=\"og:description\" content=\"V\u00e4lkommen till Kompetensf\u00f6retagens medlemssidor.\" \/>\n<meta property=\"og:url\" content=\"https:\/\/www.kompetensforetagen.se\/medlemssidor\/\" \/>\n<meta property=\"og:site_name\" content=\"Kompetensf\u00f6retagen\" \/>\n<meta property=\"article:modified_time\" content=\"2026-01-16T14:50:16+00:00\" \/>\n<meta name=\"twitter:card\" content=\"summary_large_image\" \/>\n<meta name=\"twitter:label1\" content=\"Ber\u00e4knad l\u00e4stid\" \/>\n\t<meta name=\"twitter:data1\" content=\"1 minut\" \/>\n<script type=\"application\/ld+json\" class=\"yoast-schema-graph\">{\"@context\":\"https:\/\/schema.org\",\"@graph\":[{\"@type\":\"WebPage\",\"@id\":\"https:\/\/www.kompetensforetagen.se\/medlemssidor\/\",\"url\":\"https:\/\/www.kompetensforetagen.se\/medlemssidor\/\",\"name\":\"Medlemssidor I Kompetensf\u00f6retagen\",\"isPartOf\":{\"@id\":\"https:\/\/www.kompetensforetagen.se\/#website\"},\"datePublished\":\"2013-02-21T08:58:10+00:00\",\"dateModified\":\"2026-01-16T14:50:16+00:00\",\"description\":\"V\u00e4lkommen till Kompetensf\u00f6retagens medlemssidor.\",\"breadcrumb\":{\"@id\":\"https:\/\/www.kompetensforetagen.se\/medlemssidor\/#breadcrumb\"},\"inLanguage\":\"sv-SE\",\"potentialAction\":[{\"@type\":\"ReadAction\",\"target\":[\"https:\/\/www.kompetensforetagen.se\/medlemssidor\/\"]}]},{\"@type\":\"BreadcrumbList\",\"@id\":\"https:\/\/www.kompetensforetagen.se\/medlemssidor\/#breadcrumb\",\"itemListElement\":[{\"@type\":\"ListItem\",\"position\":1,\"name\":\"Home\",\"item\":\"https:\/\/www.kompetensforetagen.se\/\"},{\"@type\":\"ListItem\",\"position\":2,\"name\":\"Medlemssidor\"}]},{\"@type\":\"WebSite\",\"@id\":\"https:\/\/www.kompetensforetagen.se\/#website\",\"url\":\"https:\/\/www.kompetensforetagen.se\/\",\"name\":\"Kompetensf\u00f6retagen\",\"description\":\"R\u00e4tt person p\u00e5 r\u00e4tt plats kan f\u00f6r\u00e4ndra v\u00e4rlden\",\"publisher\":{\"@id\":\"https:\/\/www.kompetensforetagen.se\/#organization\"},\"potentialAction\":[{\"@type\":\"SearchAction\",\"target\":{\"@type\":\"EntryPoint\",\"urlTemplate\":\"https:\/\/www.kompetensforetagen.se\/?s={search_term_string}\"},\"query-input\":{\"@type\":\"PropertyValueSpecification\",\"valueRequired\":true,\"valueName\":\"search_term_string\"}}],\"inLanguage\":\"sv-SE\"},{\"@type\":\"Organization\",\"@id\":\"https:\/\/www.kompetensforetagen.se\/#organization\",\"name\":\"Kompetensf\u00f6retagen\",\"url\":\"https:\/\/www.kompetensforetagen.se\/\",\"logo\":{\"@type\":\"ImageObject\",\"inLanguage\":\"sv-SE\",\"@id\":\"https:\/\/www.kompetensforetagen.se\/#\/schema\/logo\/image\/\",\"url\":\"https:\/\/www.kompetensforetagen.se\/app\/uploads\/sites\/5\/2022\/10\/logga_svart.png\",\"contentUrl\":\"https:\/\/www.kompetensforetagen.se\/app\/uploads\/sites\/5\/2022\/10\/logga_svart.png\",\"width\":752,\"height\":64,\"caption\":\"Kompetensf\u00f6retagen\"},\"image\":{\"@id\":\"https:\/\/www.kompetensforetagen.se\/#\/schema\/logo\/image\/\"},\"sameAs\":[\"https:\/\/www.linkedin.com\/company\/10540032\/\"]}]}<\/script>\n<!-- \/ Yoast SEO Premium plugin. -->","yoast_head_json":{"title":"Medlemssidor I Kompetensf\u00f6retagen","description":"V\u00e4lkommen till Kompetensf\u00f6retagens medlemssidor.","robots":{"index":"index","follow":"follow","max-snippet":"max-snippet:-1","max-image-preview":"max-image-preview:large","max-video-preview":"max-video-preview:-1"},"canonical":"https:\/\/www.kompetensforetagen.se\/medlemssidor\/","og_locale":"sv_SE","og_type":"article","og_title":"Medlemssidor","og_description":"V\u00e4lkommen till Kompetensf\u00f6retagens medlemssidor.","og_url":"https:\/\/www.kompetensforetagen.se\/medlemssidor\/","og_site_name":"Kompetensf\u00f6retagen","article_modified_time":"2026-01-16T14:50:16+00:00","twitter_card":"summary_large_image","twitter_misc":{"Ber\u00e4knad l\u00e4stid":"1 minut"},"schema":{"@context":"https:\/\/schema.org","@graph":[{"@type":"WebPage","@id":"https:\/\/www.kompetensforetagen.se\/medlemssidor\/","url":"https:\/\/www.kompetensforetagen.se\/medlemssidor\/","name":"Medlemssidor I Kompetensf\u00f6retagen","isPartOf":{"@id":"https:\/\/www.kompetensforetagen.se\/#website"},"datePublished":"2013-02-21T08:58:10+00:00","dateModified":"2026-01-16T14:50:16+00:00","description":"V\u00e4lkommen till Kompetensf\u00f6retagens medlemssidor.","breadcrumb":{"@id":"https:\/\/www.kompetensforetagen.se\/medlemssidor\/#breadcrumb"},"inLanguage":"sv-SE","potentialAction":[{"@type":"ReadAction","target":["https:\/\/www.kompetensforetagen.se\/medlemssidor\/"]}]},{"@type":"BreadcrumbList","@id":"https:\/\/www.kompetensforetagen.se\/medlemssidor\/#breadcrumb","itemListElement":[{"@type":"ListItem","position":1,"name":"Home","item":"https:\/\/www.kompetensforetagen.se\/"},{"@type":"ListItem","position":2,"name":"Medlemssidor"}]},{"@type":"WebSite","@id":"https:\/\/www.kompetensforetagen.se\/#website","url":"https:\/\/www.kompetensforetagen.se\/","name":"Kompetensf\u00f6retagen","description":"R\u00e4tt person p\u00e5 r\u00e4tt plats kan f\u00f6r\u00e4ndra v\u00e4rlden","publisher":{"@id":"https:\/\/www.kompetensforetagen.se\/#organization"},"potentialAction":[{"@type":"SearchAction","target":{"@type":"EntryPoint","urlTemplate":"https:\/\/www.kompetensforetagen.se\/?s={search_term_string}"},"query-input":{"@type":"PropertyValueSpecification","valueRequired":true,"valueName":"search_term_string"}}],"inLanguage":"sv-SE"},{"@type":"Organization","@id":"https:\/\/www.kompetensforetagen.se\/#organization","name":"Kompetensf\u00f6retagen","url":"https:\/\/www.kompetensforetagen.se\/","logo":{"@type":"ImageObject","inLanguage":"sv-SE","@id":"https:\/\/www.kompetensforetagen.se\/#\/schema\/logo\/image\/","url":"https:\/\/www.kompetensforetagen.se\/app\/uploads\/sites\/5\/2022\/10\/logga_svart.png","contentUrl":"https:\/\/www.kompetensforetagen.se\/app\/uploads\/sites\/5\/2022\/10\/logga_svart.png","width":752,"height":64,"caption":"Kompetensf\u00f6retagen"},"image":{"@id":"https:\/\/www.kompetensforetagen.se\/#\/schema\/logo\/image\/"},"sameAs":["https:\/\/www.linkedin.com\/company\/10540032\/"]}]}},"_links":{"self":[{"href":"https:\/\/www.kompetensforetagen.se\/api\/wp\/v2\/pages\/560","targetHints":{"allow":["GET"]}}],"collection":[{"href":"https:\/\/www.kompetensforetagen.se\/api\/wp\/v2\/pages"}],"about":[{"href":"https:\/\/www.kompetensforetagen.se\/api\/wp\/v2\/types\/page"}],"author":[{"embeddable":true,"href":"https:\/\/www.kompetensforetagen.se\/api\/wp\/v2\/users\/1"}],"replies":[{"embeddable":true,"href":"https:\/\/www.kompetensforetagen.se\/api\/wp\/v2\/comments?post=560"}],"version-history":[{"count":28,"href":"https:\/\/www.kompetensforetagen.se\/api\/wp\/v2\/pages\/560\/revisions"}],"predecessor-version":[{"id":21248,"href":"https:\/\/www.kompetensforetagen.se\/api\/wp\/v2\/pages\/560\/revisions\/21248"}],"wp:attachment":[{"href":"https:\/\/www.kompetensforetagen.se\/api\/wp\/v2\/media?parent=560"}],"wp:term":[{"taxonomy":"type","embeddable":true,"href":"https:\/\/www.kompetensforetagen.se\/api\/wp\/v2\/article_type?post=560"},{"taxonomy":"agreement","embeddable":true,"href":"https:\/\/www.kompetensforetagen.se\/api\/wp\/v2\/agreement?post=560"},{"taxonomy":"for-members","embeddable":true,"href":"https:\/\/www.kompetensforetagen.se\/api\/wp\/v2\/for-members?post=560"}],"curies":[{"name":"wp","href":"https:\/\/api.w.org\/{rel}","templated":true}]}}