{"id":3653,"date":"2019-07-03T13:00:38","date_gmt":"2019-07-03T11:00:38","guid":{"rendered":"https:\/\/www.kompetensforetagen.se\/?page_id=3653"},"modified":"2023-06-20T15:37:43","modified_gmt":"2023-06-20T13:37:43","slug":"steg-3-granskning-2","status":"publish","type":"page","link":"https:\/\/www.kompetensforetagen.se\/auktorisation\/steg-3-granskning-2\/","title":{"rendered":"Steg 3: Granskning"},"content":{"rendered":"<div id=\"block-hero-block_c7cc963288a03b5a607d26d2d88eaeb7\" class=\"Hero --has-media has-primary-background-color\">\n\n      <img loading=\"lazy\" decoding=\"async\" width=\"1180\" height=\"787\" src=\"https:\/\/www.kompetensforetagen.se\/app\/uploads\/sites\/5\/2023\/06\/pexels-anna-nekrashevich-6801648-1180x787.jpg\" class=\"Hero__image\" alt=\"F\u00f6rstoringsglas och glas\u00f6gon ligger p\u00e5 dokument med grafer\" srcset=\"https:\/\/www.kompetensforetagen.se\/app\/uploads\/sites\/5\/2023\/06\/pexels-anna-nekrashevich-6801648-1180x787.jpg 1180w, https:\/\/www.kompetensforetagen.se\/app\/uploads\/sites\/5\/2023\/06\/pexels-anna-nekrashevich-6801648-580x387.jpg 580w, https:\/\/www.kompetensforetagen.se\/app\/uploads\/sites\/5\/2023\/06\/pexels-anna-nekrashevich-6801648-380x253.jpg 380w, https:\/\/www.kompetensforetagen.se\/app\/uploads\/sites\/5\/2023\/06\/pexels-anna-nekrashevich-6801648-768x512.jpg 768w, https:\/\/www.kompetensforetagen.se\/app\/uploads\/sites\/5\/2023\/06\/pexels-anna-nekrashevich-6801648-1536x1024.jpg 1536w, https:\/\/www.kompetensforetagen.se\/app\/uploads\/sites\/5\/2023\/06\/pexels-anna-nekrashevich-6801648-2048x1365.jpg 2048w, https:\/\/www.kompetensforetagen.se\/app\/uploads\/sites\/5\/2023\/06\/pexels-anna-nekrashevich-6801648-600x400.jpg 600w\" sizes=\"auto, (max-width: 1180px) 100vw, 1180px\" \/>\n    \n  <div class=\"Hero__inner container has-primary-background-color has-background-image has-arrow\">\n              <div class=\"Hero__title\">\n          <h1>Steg 3 &#8211;<i>  Granskning<\/i><\/h1>\n        <\/div>\n                                <div class=\"Hero__arrow\">\n          <svg class='icon icon--squiggly-arrow'  width=\"282\" height=\"302\" viewBox=\"0 0 282 302\" fill=\"none\" xmlns=\"http:\/\/www.w3.org\/2000\/svg\">\n<path d=\"M108.429 281.19L129.837 295.44L143.97 274.186\" stroke=\"black\" stroke-width=\"4\" stroke-miterlimit=\"10\"\/>\n<path d=\"M43.8871 68.0497C53.3269 84.3998 70.0075 95.6755 88.6244 97.6784C107.24 99.6801 125.826 95.0068 144.209 91.4645C162.592 87.9216 182.067 85.5682 199.674 91.9481C220.515 99.5002 236.316 120.278 236.492 142.446C236.669 164.616 220.178 186.234 198.428 190.49C188.558 192.423 177.815 190.842 169.542 185.112C161.271 179.382 155.88 169.284 156.859 159.269C158.292 144.577 173.761 133.512 188.444 135C203.126 136.491 215.468 148.757 219.176 163.047C222.881 177.337 218.804 192.932 210.416 205.072C202.027 217.212 189.703 226.187 176.514 232.804C167.472 237.341 157.931 240.877 149.144 245.889C140.356 250.899 132.161 257.651 127.746 266.755C123.333 275.858 126.637 283.983 129.929 295.386\" stroke=\"black\" stroke-width=\"4\" stroke-miterlimit=\"10\"\/>\n<\/svg>\n\n          <\/div>\n        <\/div>\n<\/div>\n\n\n\n<div class=\"wp-block-group is-layout-constrained wp-block-group-is-layout-constrained\">\n<div class=\"wp-block-columns is-layout-flex wp-container-core-columns-is-layout-9d6595d7 wp-block-columns-is-layout-flex\">\n<div class=\"wp-block-column has-white-background-color has-background is-layout-flow wp-block-column-is-layout-flow\"><div class=\"wp-block wp-block-core-paragraph\">\n<p>Granskningen som utf\u00f6rs inf\u00f6r auktorisation \u00e4r lika omfattande oavsett om det \u00e4r fr\u00e5ga om en f\u00f6rsta granskning eller en \u00e5rlig granskning.&nbsp; Grundl\u00e4ggande \u00e4r att medlems\u00adf\u00f6retaget uppfyller villkoren f\u00f6r auktorisation, och n\u00e4r auktorisationsans\u00f6kan inkommit och \u00e4r komplett tittar vi p\u00e5 f\u00f6ljde punkter till h\u00f6ger.<\/p>\n<\/div>\n\n<div class=\"wp-block wp-block-core-paragraph\">\n<p>I samband med granskning kan ytterligare fr\u00e5gor komma att st\u00e4llas utifr\u00e5n underlaget.<\/p>\n<\/div>\n\n<div class=\"wp-block wp-block-core-paragraph\">\n<p>Efter f\u00e4rdig granskning och eventuella kompletteringar lyfts \u00e4rendet i auktorisationsn\u00e4mnden som g\u00f6r sin rekommendation till styrelsen. Det \u00e4r styrelsen som tar det slutgiltiga beslutet om medlems\u00adf\u00f6retaget beviljas auktorisation.<\/p>\n<\/div>\n\n\n<figure class=\"wp-block-image size-full\"><img loading=\"lazy\" decoding=\"async\" width=\"1080\" height=\"400\" src=\"https:\/\/www.kompetensforetagen.se\/app\/uploads\/sites\/5\/2023\/03\/Namnlos-design-16.gif\" alt=\"\" class=\"wp-image-11972\" \/><\/figure>\n<\/div>\n\n\n\n<div class=\"wp-block-column has-white-background-color has-background is-layout-flow wp-block-column-is-layout-flow\"><div class=\"wp-block wp-block-core-list\">\n<ul class=\"wp-block-list\">\n<li>Kontroll av bolagsform \u2013 att verksamheten bedrivs i svensk juridisk person<\/li>\n\n\n\n<li>Att f\u00f6retaget ut\u00f6vat verksamhet inom relevant omr\u00e5de minst 12 m\u00e5nader<\/li>\n\n\n\n<li>Genomg\u00e5ng av \u00e5rsredovisning:<br>\u2013 att det finns en ren revisionsber\u00e4ttelse<br>\u2013 att aktiekapitalet \u00e4r intakt<\/li>\n\n\n\n<li>Kreditupplysning genom Creditsafe<\/li>\n\n\n\n<li>Att f\u00f6retaget s\u00e4kerst\u00e4llt att underleverant\u00f6rer \u00e4r momsregistrerade, erl\u00e4gger skatter och avgifter samt omfattas av underleverant\u00f6rsf\u00f6rs\u00e4kring \u2013 detta krav s\u00e4kerst\u00e4lls via inl\u00e4mnad ans\u00f6kan samt via stickkontroller<\/li>\n\n\n\n<li>Att f\u00f6retaget har kollektivavtal och tecknat relevanta avtalsf\u00f6rs\u00e4kringar<\/li>\n\n\n\n<li>Redovisning av bruttol\u00f6n till Svenskt N\u00e4ringsliv och Kompetens\u00adf\u00f6retagen<\/li>\n\n\n\n<li>Att medlems\u00adavgiften \u00e4r erlagd<\/li>\n\n\n\n<li>Minst en person i ledande st\u00e4llning ha genomg\u00e5tt Kompetens\u00adf\u00f6retagens s\u00e4rskilda auktorisations\u00adutbildning \u2013 om personen slutar ska ny person i f\u00f6retaget genomg\u00e5 utbildningen<\/li>\n\n\n\n<li>Redovisning av bruttol\u00f6n till Svenskt N\u00e4ringslivs och Kompetens\u00adf\u00f6retagen<\/li>\n\n\n\n<li>Betalning av medlems\u00adavgiften<\/li>\n<\/ul>\n<\/div><\/div>\n<\/div>\n<\/div>\n\n\n\n<div class=\"wp-block-group has-green-background-color has-background is-layout-constrained wp-block-group-is-layout-constrained\"><div id=\"block-pager-block_e1d096beba51ccc6c6e8cce48d3c64fc\" class=\"block-pager container-fluid\">\n  <div class=\"Reports__related row\">\n                  <a class=\"Reports__related__blurb --prev col-md-6\" href=\"https:\/\/www.kompetensforetagen.se\/auktorisation\/steg-2-ansokan-om-auktorisation-for-bemannings-omstallnings-och-rekryteringsforetag\/\">\n          <div class=\"Arrow-link Arrow-link__prev\">\n            <svg class='icon icon--arrow-long-left'  width=\"64\" height=\"16\" viewBox=\"0 0 64 16\" fill=\"none\" xmlns=\"http:\/\/www.w3.org\/2000\/svg\">\n<path d=\"M64 8L1.91467 7.99999\" stroke=\"black\" stroke-width=\"2\" stroke-miterlimit=\"10\"\/>\n<path d=\"M10.1416 1L1.7696 8.00336L10.0323 15\" stroke=\"black\" stroke-width=\"2\" stroke-miterlimit=\"10\"\/>\n<\/svg>\n\n              <div class=\"Arrow-link__text\">\n              F\u00f6reg\u00e5ende sida\n            <\/div>\n          <\/div>\n          <div class=\"Reports__related__blurb__title\">\n            Steg 2: Ans\u00f6kan\n          <\/div>\n        <\/a>\n                    <a class=\"Reports__related__blurb --next col-md-6\" href=\"https:\/\/www.kompetensforetagen.se\/auktorisation\/steg-4-beslut\/\">\n          <div class=\"Arrow-link Arrow-link__next\">\n            <div class=\"Arrow-link__text\">\n              N\u00e4sta sida\n            <\/div>\n            <svg class='icon icon--arrow-long-right'  width=\"64\" height=\"16\" viewBox=\"0 0 64 16\" fill=\"none\" xmlns=\"http:\/\/www.w3.org\/2000\/svg\">\n<path d=\"M0 8L62.0853 8\" stroke=\"black\" stroke-width=\"2\" stroke-miterlimit=\"10\"\/>\n<path d=\"M53.8584 15L62.2304 7.99664L53.9677 1.00001\" stroke=\"black\" stroke-width=\"2\" stroke-miterlimit=\"10\"\/>\n<\/svg>\n\n            <\/div>\n          <div class=\"Reports__related__blurb__title\">\n            Steg 4: Beslut\n          <\/div>\n        <\/a>\n            <\/div>\n<\/div>\n<\/div>\n","protected":false},"excerpt":{"rendered":"<p>Granskningen som utf\u00f6rs inf\u00f6r auktorisation \u00e4r lika omfattande oavsett om det \u00e4r fr\u00e5ga om en f\u00f6rsta granskning eller en \u00e5rlig granskning.&nbsp; Grundl\u00e4ggande \u00e4r att medlems\u00adf\u00f6retaget uppfyller villkoren f\u00f6r auktorisation, och n\u00e4r auktorisationsans\u00f6kan inkommit och \u00e4r &hellip;<\/p>\n","protected":false},"author":3927,"featured_media":0,"parent":104,"menu_order":6,"comment_status":"closed","ping_status":"closed","template":"","meta":{"_acf_changed":false,"footnotes":""},"article_type":[],"agreement":[],"for-members":[],"class_list":["post-3653","page","type-page","status-publish","hentry"],"acf":[],"yoast_head":"<!-- This site is optimized with the Yoast SEO Premium plugin v26.8 (Yoast SEO v26.8) - https:\/\/yoast.com\/product\/yoast-seo-premium-wordpress\/ -->\n<title>Granskning inf\u00f6r auktorisation - Kompetensf\u00f6retagen<\/title>\n<meta name=\"description\" content=\"N\u00e4r ans\u00f6kan om auktorisation inkommit och \u00e4r komplett granskas underlaget av n\u00e4mnden f\u00f6r att kunna l\u00e4mna rekommendation till styrelsen.\" \/>\n<meta name=\"robots\" content=\"index, follow, max-snippet:-1, max-image-preview:large, max-video-preview:-1\" \/>\n<link rel=\"canonical\" href=\"https:\/\/www.kompetensforetagen.se\/auktorisation\/steg-3-granskning-2\/\" \/>\n<meta property=\"og:locale\" content=\"sv_SE\" \/>\n<meta property=\"og:type\" content=\"article\" \/>\n<meta property=\"og:title\" content=\"Steg 3: Granskning\" \/>\n<meta property=\"og:description\" content=\"N\u00e4r ans\u00f6kan om auktorisation inkommit och \u00e4r komplett granskas underlaget av n\u00e4mnden f\u00f6r att kunna l\u00e4mna rekommendation till styrelsen.\" \/>\n<meta property=\"og:url\" content=\"https:\/\/www.kompetensforetagen.se\/auktorisation\/steg-3-granskning-2\/\" \/>\n<meta property=\"og:site_name\" content=\"Kompetensf\u00f6retagen\" \/>\n<meta property=\"article:modified_time\" content=\"2023-06-20T13:37:43+00:00\" \/>\n<meta property=\"og:image\" content=\"https:\/\/www.kompetensforetagen.se\/app\/uploads\/sites\/5\/2023\/03\/Namnlos-design-16.gif\" \/>\n<meta name=\"twitter:card\" content=\"summary_large_image\" \/>\n<meta name=\"twitter:label1\" content=\"Ber\u00e4knad l\u00e4stid\" \/>\n\t<meta name=\"twitter:data1\" content=\"2 minuter\" \/>\n<script type=\"application\/ld+json\" class=\"yoast-schema-graph\">{\"@context\":\"https:\/\/schema.org\",\"@graph\":[{\"@type\":\"WebPage\",\"@id\":\"https:\/\/www.kompetensforetagen.se\/auktorisation\/steg-3-granskning-2\/\",\"url\":\"https:\/\/www.kompetensforetagen.se\/auktorisation\/steg-3-granskning-2\/\",\"name\":\"Granskning inf\u00f6r auktorisation - Kompetensf\u00f6retagen\",\"isPartOf\":{\"@id\":\"https:\/\/www.kompetensforetagen.se\/#website\"},\"primaryImageOfPage\":{\"@id\":\"https:\/\/www.kompetensforetagen.se\/auktorisation\/steg-3-granskning-2\/#primaryimage\"},\"image\":{\"@id\":\"https:\/\/www.kompetensforetagen.se\/auktorisation\/steg-3-granskning-2\/#primaryimage\"},\"thumbnailUrl\":\"https:\/\/www.kompetensforetagen.se\/app\/uploads\/sites\/5\/2023\/03\/Namnlos-design-16.gif\",\"datePublished\":\"2019-07-03T11:00:38+00:00\",\"dateModified\":\"2023-06-20T13:37:43+00:00\",\"description\":\"N\u00e4r ans\u00f6kan om auktorisation inkommit och \u00e4r komplett granskas underlaget av n\u00e4mnden f\u00f6r att kunna l\u00e4mna rekommendation till styrelsen.\",\"breadcrumb\":{\"@id\":\"https:\/\/www.kompetensforetagen.se\/auktorisation\/steg-3-granskning-2\/#breadcrumb\"},\"inLanguage\":\"sv-SE\",\"potentialAction\":[{\"@type\":\"ReadAction\",\"target\":[\"https:\/\/www.kompetensforetagen.se\/auktorisation\/steg-3-granskning-2\/\"]}]},{\"@type\":\"ImageObject\",\"inLanguage\":\"sv-SE\",\"@id\":\"https:\/\/www.kompetensforetagen.se\/auktorisation\/steg-3-granskning-2\/#primaryimage\",\"url\":\"https:\/\/www.kompetensforetagen.se\/app\/uploads\/sites\/5\/2023\/03\/Namnlos-design-16.gif\",\"contentUrl\":\"https:\/\/www.kompetensforetagen.se\/app\/uploads\/sites\/5\/2023\/03\/Namnlos-design-16.gif\",\"width\":1080,\"height\":400,\"caption\":\"f\u00f6rstoringsglas glider in i bild fr\u00e5n h\u00f6ger\"},{\"@type\":\"BreadcrumbList\",\"@id\":\"https:\/\/www.kompetensforetagen.se\/auktorisation\/steg-3-granskning-2\/#breadcrumb\",\"itemListElement\":[{\"@type\":\"ListItem\",\"position\":1,\"name\":\"Home\",\"item\":\"https:\/\/www.kompetensforetagen.se\/\"},{\"@type\":\"ListItem\",\"position\":2,\"name\":\"Om auktorisation\",\"item\":\"https:\/\/www.kompetensforetagen.se\/auktorisation\/\"},{\"@type\":\"ListItem\",\"position\":3,\"name\":\"Steg 3: Granskning\"}]},{\"@type\":\"WebSite\",\"@id\":\"https:\/\/www.kompetensforetagen.se\/#website\",\"url\":\"https:\/\/www.kompetensforetagen.se\/\",\"name\":\"Kompetensf\u00f6retagen\",\"description\":\"R\u00e4tt person p\u00e5 r\u00e4tt plats kan f\u00f6r\u00e4ndra v\u00e4rlden\",\"publisher\":{\"@id\":\"https:\/\/www.kompetensforetagen.se\/#organization\"},\"potentialAction\":[{\"@type\":\"SearchAction\",\"target\":{\"@type\":\"EntryPoint\",\"urlTemplate\":\"https:\/\/www.kompetensforetagen.se\/?s={search_term_string}\"},\"query-input\":{\"@type\":\"PropertyValueSpecification\",\"valueRequired\":true,\"valueName\":\"search_term_string\"}}],\"inLanguage\":\"sv-SE\"},{\"@type\":\"Organization\",\"@id\":\"https:\/\/www.kompetensforetagen.se\/#organization\",\"name\":\"Kompetensf\u00f6retagen\",\"url\":\"https:\/\/www.kompetensforetagen.se\/\",\"logo\":{\"@type\":\"ImageObject\",\"inLanguage\":\"sv-SE\",\"@id\":\"https:\/\/www.kompetensforetagen.se\/#\/schema\/logo\/image\/\",\"url\":\"https:\/\/www.kompetensforetagen.se\/app\/uploads\/sites\/5\/2022\/10\/logga_svart.png\",\"contentUrl\":\"https:\/\/www.kompetensforetagen.se\/app\/uploads\/sites\/5\/2022\/10\/logga_svart.png\",\"width\":752,\"height\":64,\"caption\":\"Kompetensf\u00f6retagen\"},\"image\":{\"@id\":\"https:\/\/www.kompetensforetagen.se\/#\/schema\/logo\/image\/\"},\"sameAs\":[\"https:\/\/www.linkedin.com\/company\/10540032\/\"]}]}<\/script>\n<!-- \/ Yoast SEO Premium plugin. -->","yoast_head_json":{"title":"Granskning inf\u00f6r auktorisation - Kompetensf\u00f6retagen","description":"N\u00e4r ans\u00f6kan om auktorisation inkommit och \u00e4r komplett granskas underlaget av n\u00e4mnden f\u00f6r att kunna l\u00e4mna rekommendation till styrelsen.","robots":{"index":"index","follow":"follow","max-snippet":"max-snippet:-1","max-image-preview":"max-image-preview:large","max-video-preview":"max-video-preview:-1"},"canonical":"https:\/\/www.kompetensforetagen.se\/auktorisation\/steg-3-granskning-2\/","og_locale":"sv_SE","og_type":"article","og_title":"Steg 3: Granskning","og_description":"N\u00e4r ans\u00f6kan om auktorisation inkommit och \u00e4r komplett granskas underlaget av n\u00e4mnden f\u00f6r att kunna l\u00e4mna rekommendation till styrelsen.","og_url":"https:\/\/www.kompetensforetagen.se\/auktorisation\/steg-3-granskning-2\/","og_site_name":"Kompetensf\u00f6retagen","article_modified_time":"2023-06-20T13:37:43+00:00","og_image":[{"url":"https:\/\/www.kompetensforetagen.se\/app\/uploads\/sites\/5\/2023\/03\/Namnlos-design-16.gif","type":"","width":"","height":""}],"twitter_card":"summary_large_image","twitter_misc":{"Ber\u00e4knad l\u00e4stid":"2 minuter"},"schema":{"@context":"https:\/\/schema.org","@graph":[{"@type":"WebPage","@id":"https:\/\/www.kompetensforetagen.se\/auktorisation\/steg-3-granskning-2\/","url":"https:\/\/www.kompetensforetagen.se\/auktorisation\/steg-3-granskning-2\/","name":"Granskning inf\u00f6r auktorisation - Kompetensf\u00f6retagen","isPartOf":{"@id":"https:\/\/www.kompetensforetagen.se\/#website"},"primaryImageOfPage":{"@id":"https:\/\/www.kompetensforetagen.se\/auktorisation\/steg-3-granskning-2\/#primaryimage"},"image":{"@id":"https:\/\/www.kompetensforetagen.se\/auktorisation\/steg-3-granskning-2\/#primaryimage"},"thumbnailUrl":"https:\/\/www.kompetensforetagen.se\/app\/uploads\/sites\/5\/2023\/03\/Namnlos-design-16.gif","datePublished":"2019-07-03T11:00:38+00:00","dateModified":"2023-06-20T13:37:43+00:00","description":"N\u00e4r ans\u00f6kan om auktorisation inkommit och \u00e4r komplett granskas underlaget av n\u00e4mnden f\u00f6r att kunna l\u00e4mna rekommendation till styrelsen.","breadcrumb":{"@id":"https:\/\/www.kompetensforetagen.se\/auktorisation\/steg-3-granskning-2\/#breadcrumb"},"inLanguage":"sv-SE","potentialAction":[{"@type":"ReadAction","target":["https:\/\/www.kompetensforetagen.se\/auktorisation\/steg-3-granskning-2\/"]}]},{"@type":"ImageObject","inLanguage":"sv-SE","@id":"https:\/\/www.kompetensforetagen.se\/auktorisation\/steg-3-granskning-2\/#primaryimage","url":"https:\/\/www.kompetensforetagen.se\/app\/uploads\/sites\/5\/2023\/03\/Namnlos-design-16.gif","contentUrl":"https:\/\/www.kompetensforetagen.se\/app\/uploads\/sites\/5\/2023\/03\/Namnlos-design-16.gif","width":1080,"height":400,"caption":"f\u00f6rstoringsglas glider in i bild fr\u00e5n h\u00f6ger"},{"@type":"BreadcrumbList","@id":"https:\/\/www.kompetensforetagen.se\/auktorisation\/steg-3-granskning-2\/#breadcrumb","itemListElement":[{"@type":"ListItem","position":1,"name":"Home","item":"https:\/\/www.kompetensforetagen.se\/"},{"@type":"ListItem","position":2,"name":"Om auktorisation","item":"https:\/\/www.kompetensforetagen.se\/auktorisation\/"},{"@type":"ListItem","position":3,"name":"Steg 3: Granskning"}]},{"@type":"WebSite","@id":"https:\/\/www.kompetensforetagen.se\/#website","url":"https:\/\/www.kompetensforetagen.se\/","name":"Kompetensf\u00f6retagen","description":"R\u00e4tt person p\u00e5 r\u00e4tt plats kan f\u00f6r\u00e4ndra v\u00e4rlden","publisher":{"@id":"https:\/\/www.kompetensforetagen.se\/#organization"},"potentialAction":[{"@type":"SearchAction","target":{"@type":"EntryPoint","urlTemplate":"https:\/\/www.kompetensforetagen.se\/?s={search_term_string}"},"query-input":{"@type":"PropertyValueSpecification","valueRequired":true,"valueName":"search_term_string"}}],"inLanguage":"sv-SE"},{"@type":"Organization","@id":"https:\/\/www.kompetensforetagen.se\/#organization","name":"Kompetensf\u00f6retagen","url":"https:\/\/www.kompetensforetagen.se\/","logo":{"@type":"ImageObject","inLanguage":"sv-SE","@id":"https:\/\/www.kompetensforetagen.se\/#\/schema\/logo\/image\/","url":"https:\/\/www.kompetensforetagen.se\/app\/uploads\/sites\/5\/2022\/10\/logga_svart.png","contentUrl":"https:\/\/www.kompetensforetagen.se\/app\/uploads\/sites\/5\/2022\/10\/logga_svart.png","width":752,"height":64,"caption":"Kompetensf\u00f6retagen"},"image":{"@id":"https:\/\/www.kompetensforetagen.se\/#\/schema\/logo\/image\/"},"sameAs":["https:\/\/www.linkedin.com\/company\/10540032\/"]}]}},"_links":{"self":[{"href":"https:\/\/www.kompetensforetagen.se\/api\/wp\/v2\/pages\/3653","targetHints":{"allow":["GET"]}}],"collection":[{"href":"https:\/\/www.kompetensforetagen.se\/api\/wp\/v2\/pages"}],"about":[{"href":"https:\/\/www.kompetensforetagen.se\/api\/wp\/v2\/types\/page"}],"author":[{"embeddable":true,"href":"https:\/\/www.kompetensforetagen.se\/api\/wp\/v2\/users\/3927"}],"replies":[{"embeddable":true,"href":"https:\/\/www.kompetensforetagen.se\/api\/wp\/v2\/comments?post=3653"}],"version-history":[{"count":10,"href":"https:\/\/www.kompetensforetagen.se\/api\/wp\/v2\/pages\/3653\/revisions"}],"predecessor-version":[{"id":13973,"href":"https:\/\/www.kompetensforetagen.se\/api\/wp\/v2\/pages\/3653\/revisions\/13973"}],"up":[{"embeddable":true,"href":"https:\/\/www.kompetensforetagen.se\/api\/wp\/v2\/pages\/104"}],"wp:attachment":[{"href":"https:\/\/www.kompetensforetagen.se\/api\/wp\/v2\/media?parent=3653"}],"wp:term":[{"taxonomy":"type","embeddable":true,"href":"https:\/\/www.kompetensforetagen.se\/api\/wp\/v2\/article_type?post=3653"},{"taxonomy":"agreement","embeddable":true,"href":"https:\/\/www.kompetensforetagen.se\/api\/wp\/v2\/agreement?post=3653"},{"taxonomy":"for-members","embeddable":true,"href":"https:\/\/www.kompetensforetagen.se\/api\/wp\/v2\/for-members?post=3653"}],"curies":[{"name":"wp","href":"https:\/\/api.w.org\/{rel}","templated":true}]}}