{"id":36,"date":"2018-02-26T09:52:06","date_gmt":"2018-02-26T08:52:06","guid":{"rendered":"http:\/\/staging.bemanningsforetagen.se\/?page_id=36"},"modified":"2026-02-02T16:12:14","modified_gmt":"2026-02-02T15:12:14","slug":"kollektivavtal","status":"publish","type":"page","link":"https:\/\/www.kompetensforetagen.se\/bli-medlem-2\/kollektivavtal\/","title":{"rendered":"Kompetens&shy;branschens kollektivavtal"},"content":{"rendered":"<div id=\"block-hero-block_d9e4631ba8e7181ffd6daaa0ba72bfcb\" class=\"Hero --has-media has-primary-background-color\">\n\n      <img loading=\"lazy\" decoding=\"async\" width=\"1180\" height=\"578\" src=\"https:\/\/www.kompetensforetagen.se\/app\/uploads\/sites\/5\/2023\/06\/Kollektivavtal_Kompetensforetgaenjpg-1180x578.jpg\" class=\"Hero__image\" alt=\"Hand bl\u00e4ddrar i pappersfilarkiv, Informationsbild om kollektivavtal f\u00f6r medlemmar i Kompetensf\u00f6retagen.\" srcset=\"https:\/\/www.kompetensforetagen.se\/app\/uploads\/sites\/5\/2023\/06\/Kollektivavtal_Kompetensforetgaenjpg-1180x578.jpg 1180w, https:\/\/www.kompetensforetagen.se\/app\/uploads\/sites\/5\/2023\/06\/Kollektivavtal_Kompetensforetgaenjpg-580x284.jpg 580w, https:\/\/www.kompetensforetagen.se\/app\/uploads\/sites\/5\/2023\/06\/Kollektivavtal_Kompetensforetgaenjpg-380x186.jpg 380w, https:\/\/www.kompetensforetagen.se\/app\/uploads\/sites\/5\/2023\/06\/Kollektivavtal_Kompetensforetgaenjpg-768x376.jpg 768w, https:\/\/www.kompetensforetagen.se\/app\/uploads\/sites\/5\/2023\/06\/Kollektivavtal_Kompetensforetgaenjpg-1536x753.jpg 1536w, https:\/\/www.kompetensforetagen.se\/app\/uploads\/sites\/5\/2023\/06\/Kollektivavtal_Kompetensforetgaenjpg-2048x1004.jpg 2048w, https:\/\/www.kompetensforetagen.se\/app\/uploads\/sites\/5\/2023\/06\/Kollektivavtal_Kompetensforetgaenjpg-600x294.jpg 600w\" sizes=\"auto, (max-width: 1180px) 100vw, 1180px\" \/>\n    \n  <div class=\"Hero__inner container has-primary-background-color has-background-image has-arrow\">\n              <div class=\"Hero__title\">\n          <h1>Kompetens\u00adbranschens<i> kollektivavtal<\/i><\/h1>\n        <\/div>\n                                <div class=\"Hero__arrow\">\n          <svg class='icon icon--squiggly-arrow'  width=\"282\" height=\"302\" viewBox=\"0 0 282 302\" fill=\"none\" xmlns=\"http:\/\/www.w3.org\/2000\/svg\">\n<path d=\"M108.429 281.19L129.837 295.44L143.97 274.186\" stroke=\"black\" stroke-width=\"4\" stroke-miterlimit=\"10\"\/>\n<path d=\"M43.8871 68.0497C53.3269 84.3998 70.0075 95.6755 88.6244 97.6784C107.24 99.6801 125.826 95.0068 144.209 91.4645C162.592 87.9216 182.067 85.5682 199.674 91.9481C220.515 99.5002 236.316 120.278 236.492 142.446C236.669 164.616 220.178 186.234 198.428 190.49C188.558 192.423 177.815 190.842 169.542 185.112C161.271 179.382 155.88 169.284 156.859 159.269C158.292 144.577 173.761 133.512 188.444 135C203.126 136.491 215.468 148.757 219.176 163.047C222.881 177.337 218.804 192.932 210.416 205.072C202.027 217.212 189.703 226.187 176.514 232.804C167.472 237.341 157.931 240.877 149.144 245.889C140.356 250.899 132.161 257.651 127.746 266.755C123.333 275.858 126.637 283.983 129.929 295.386\" stroke=\"black\" stroke-width=\"4\" stroke-miterlimit=\"10\"\/>\n<\/svg>\n\n          <\/div>\n        <\/div>\n<\/div>\n\n\n\n<div class=\"wp-block-group has-green-background-color has-background is-layout-constrained wp-block-group-is-layout-constrained\">\n<div class=\"wp-block-columns is-layout-flex wp-container-core-columns-is-layout-9d6595d7 wp-block-columns-is-layout-flex\">\n<div class=\"wp-block-column is-layout-flow wp-block-column-is-layout-flow\"><div class=\"wp-block wp-block-core-paragraph\">\n<p>Med hj\u00e4lp av goda kollektivavtal skapas de b\u00e4sta f\u00f6ruts\u00e4ttningarna f\u00f6r b\u00e5de f\u00f6retagare och medarbetare. Kompetensf\u00f6retagen tecknar avtal med tj\u00e4nstemannaf\u00f6rbunden Akademikerf\u00f6rbunden, Unionen, L\u00e4rarf\u00f6rbundet, och L\u00e4rarnas Riksf\u00f6rbund. Med Sveriges L\u00e4karf\u00f6rbund och V\u00e5rdf\u00f6rbundet tecknar vi v\u00e5rdbemanningsavtal, och med samtliga f\u00f6rbund inom LO tecknas ett brett avtal f\u00f6r bemanningskonsulter.<\/p>\n<\/div>\n\n<div class=\"wp-block wp-block-core-paragraph\">\n<p>Som medlem i Kompetensf\u00f6retagen kan ditt f\u00f6retag omfattas av ett eller flera av branschens kollektivavtal. Detta styrs av <a href=\"https:\/\/www.kompetensforetagen.se\/medlemskap\/\">vilken typ av medlemskap<\/a> och verksamhet ditt f\u00f6retag har.<\/p>\n<\/div><\/div>\n\n\n\n<div class=\"wp-block-column is-layout-flow wp-block-column-is-layout-flow\"><div class=\"wp-block wp-block-core-paragraph\">\n<p>F\u00f6r att ett avtal ska bli g\u00e4llande kr\u00e4vs en beg\u00e4ran om inkoppling av det aktuella kollektivavtalet. Detta g\u00f6rs av f\u00f6retaget hos Kompetensf\u00f6retagen eller den fackliga parten. Kollektivavtal g\u00e4ller f\u00f6r en begr\u00e4nsad period eller i vissa fall tillsvidare. N\u00e4r ett avtal \u00e4r p\u00e5 v\u00e4g att l\u00f6pa ut och ska f\u00f6rhandlas om, b\u00f6rjar en avtalsr\u00f6relse. Vill du l\u00e4ra dig mer om hur avtalsr\u00f6relsen fungerar, kan du l\u00e4sa p\u00e5 Almegas webbplats <a href=\"https:\/\/www.avtalsrorelsen.nu\/\" target=\"_blank\" rel=\"noreferrer noopener\">Avtalsr\u00f6relsen.nu.<\/a><\/p>\n<\/div>\n\n<div class=\"wp-block wp-block-core-paragraph\">\n<p>Vill du l\u00e4sa nyheter och fakta som r\u00f6r Kompetensf\u00f6retagen i den senaste avtalsr\u00f6relsen? Det hittar du <a href=\"https:\/\/www.kompetensforetagen.se\/amne\/avtalsrorelse\/\">h\u00e4r<\/a>.<\/p>\n<\/div><\/div>\n<\/div>\n<\/div>\n\n\n\n<div class=\"wp-block-group has-secondary-background-color has-background is-layout-constrained wp-block-group-is-layout-constrained\">\n<div class=\"wp-block-columns is-layout-flex wp-container-core-columns-is-layout-9d6595d7 wp-block-columns-is-layout-flex\">\n<div class=\"wp-block-column is-layout-flow wp-block-column-is-layout-flow\"><div class=\"wp-block wp-block-core-heading heading-in-sidebar\" id=\"avtal-for-vard-och-omsorg\"><a class='Share__link Share__link--url copy-text' href='#' rel='nofollow' data-text='avtal-for-vard-och-omsorg' title='Dela url' data-confirmation='L\u00e4nken kopierades till urklipp'><svg class='icon icon--link'  width='18' height='18' viewBox='0 0 18 18' fill='none' xmlns='http:\/\/www.w3.org\/2000\/svg'>\n            <path d='M10.4142 0.514721L6.87868 4.05025L8.29289 5.46447L11.1213 2.63604L15.364 6.87868L12.5355 9.70711L13.9497 11.1213L17.4853 7.58579C17.8763 7.19476 17.8763 6.5626 17.4853 6.17158L11.8284 0.514721C11.4374 0.123691 10.8052 0.123691 10.4142 0.514721Z' fill='black'\/>\n            <path d='M9.7071 12.5355L6.87868 15.364L2.63604 11.1213L5.46446 8.2929L4.05025 6.87868L0.514716 10.4142C0.123686 10.8052 0.123686 11.4374 0.514716 11.8284L6.17157 17.4853C6.5626 17.8763 7.19475 17.8763 7.58578 17.4853L11.1213 13.9497L9.7071 12.5355Z' fill='black'\/>\n            <path d='M6.17157 11.8284C6.5626 12.2195 7.19475 12.2195 7.58578 11.8284L11.8284 7.58579C12.2195 7.19476 12.2195 6.56261 11.8284 6.17158C11.4374 5.78055 10.8052 5.78055 10.4142 6.17158L6.17157 10.4142C5.78054 10.8052 5.78054 11.4374 6.17157 11.8284Z' fill='black'\/>\n            <\/svg> <\/a>\n<h2 class=\"wp-block-heading\" id=\"h-avtal-for-vard-och-omsorg\">Avtal f\u00f6r v\u00e5rd och omsorg<\/h2>\n<\/div>\n\n<div class=\"wp-block wp-block-core-paragraph\">\n<p>Kompetensf\u00f6retagen har kollektivavtal med V\u00e5rdf\u00f6rbundet. Kollektivavtalet med V\u00e5rdf\u00f6rbundet omfattar \u00e4ven det s\u00e5 kallade E-avtalet f\u00f6r v\u00e5rd- och behandlingsverksamhet samt \u00f6vrig omsorgsverksamhet. Observera att sjukv\u00e5rdsbitr\u00e4den och undersk\u00f6terskor inte f\u00f6ljer detta kollektivavtal utan avtalet med LO-f\u00f6rbunden.<\/p>\n<\/div>\n\n<div id=\"block-iconlink-block_c3d5db0f2990ac5e79f2a26486055330\" class=\"Icon-link Icon-link--download\">\n      <a href=\"https:\/\/www.kompetensforetagen.se\/app\/uploads\/sites\/5\/2025\/11\/Kompetensforetagen-supplement-vard-2016-Vardforbundet-artnr-6546-2302.pdf\" target=\"_blank\" class=\"Button is-button is-style-outline has-black-color is-style-outline Button--download\">\n      <div class=\"Button__text\">\n        V\u00e5rdsupplementet\n      <\/div>\n      <div class=\"Button__arrow \">\n                <svg class='icon icon--download'  width=\"16\" height=\"16\" viewBox=\"0 0 16 16\" fill=\"none\" xmlns=\"http:\/\/www.w3.org\/2000\/svg\">\n<path d=\"M8 -2.18557e-07L8 10M8 10L13 5M8 10L3 5\" stroke=\"black\" stroke-width=\"2\" stroke-miterlimit=\"10\"\/>\n<path d=\"M15 11.5V15H1V11.5\" stroke=\"black\" stroke-width=\"2\" stroke-miterlimit=\"10\"\/>\n<\/svg>\n\n        <\/div>\n    <\/a>\n  <\/div>\n\n\n<div id=\"block-iconlink-block_18f856e12334f4440a80a27020bae708\" class=\"Icon-link Icon-link--download\">\n      <a href=\"https:\/\/www.kompetensforetagen.se\/app\/uploads\/sites\/5\/2025\/11\/KA-6629-2507-Vard-behandling-omsorg-Vardforbundet-med-omslag.pdf\" target=\"_blank\" class=\"Button is-button is-style-outline has-black-color is-style-outline Button--download\">\n      <div class=\"Button__text\">\n        Avtal f\u00f6r v\u00e5rd- och behandlingsverksamhet\n      <\/div>\n      <div class=\"Button__arrow \">\n                <svg class='icon icon--download'  width=\"16\" height=\"16\" viewBox=\"0 0 16 16\" fill=\"none\" xmlns=\"http:\/\/www.w3.org\/2000\/svg\">\n<path d=\"M8 -2.18557e-07L8 10M8 10L13 5M8 10L3 5\" stroke=\"black\" stroke-width=\"2\" stroke-miterlimit=\"10\"\/>\n<path d=\"M15 11.5V15H1V11.5\" stroke=\"black\" stroke-width=\"2\" stroke-miterlimit=\"10\"\/>\n<\/svg>\n\n        <\/div>\n    <\/a>\n  <\/div>\n<\/div>\n\n\n\n<div class=\"wp-block-column is-layout-flow wp-block-column-is-layout-flow\"><div class=\"wp-block wp-block-core-heading heading-in-sidebar\" id=\"avtal-for-arbetare\"><a class='Share__link Share__link--url copy-text' href='#' rel='nofollow' data-text='avtal-for-arbetare' title='Dela url' data-confirmation='L\u00e4nken kopierades till urklipp'><svg class='icon icon--link'  width='18' height='18' viewBox='0 0 18 18' fill='none' xmlns='http:\/\/www.w3.org\/2000\/svg'>\n            <path d='M10.4142 0.514721L6.87868 4.05025L8.29289 5.46447L11.1213 2.63604L15.364 6.87868L12.5355 9.70711L13.9497 11.1213L17.4853 7.58579C17.8763 7.19476 17.8763 6.5626 17.4853 6.17158L11.8284 0.514721C11.4374 0.123691 10.8052 0.123691 10.4142 0.514721Z' fill='black'\/>\n            <path d='M9.7071 12.5355L6.87868 15.364L2.63604 11.1213L5.46446 8.2929L4.05025 6.87868L0.514716 10.4142C0.123686 10.8052 0.123686 11.4374 0.514716 11.8284L6.17157 17.4853C6.5626 17.8763 7.19475 17.8763 7.58578 17.4853L11.1213 13.9497L9.7071 12.5355Z' fill='black'\/>\n            <path d='M6.17157 11.8284C6.5626 12.2195 7.19475 12.2195 7.58578 11.8284L11.8284 7.58579C12.2195 7.19476 12.2195 6.56261 11.8284 6.17158C11.4374 5.78055 10.8052 5.78055 10.4142 6.17158L6.17157 10.4142C5.78054 10.8052 5.78054 11.4374 6.17157 11.8284Z' fill='black'\/>\n            <\/svg> <\/a>\n<h2 class=\"wp-block-heading\" id=\"h-avtal-for-arbetare\">Avtal f\u00f6r arbetare<\/h2>\n<\/div>\n\n<div class=\"wp-block wp-block-core-paragraph\">\n<p>Kompetensf\u00f6retagen har kollektivavtal med samtliga f\u00f6rbund inom LO. Avtalet g\u00e4ller f\u00f6r f\u00f6retag som hyr ut arbetstagare och som \u00e4r medlemmar, samt deras anst\u00e4llda n\u00e4r de utf\u00f6r arbete f\u00f6r vilket n\u00e5got av LO-f\u00f6rbunden har avtalsr\u00e4tten<\/p>\n<\/div>\n\n<div id=\"block-iconlink-block_dd31e2147e8f8f8e01c1f3a03c1fc704\" class=\"Icon-link Icon-link--download\">\n      <a href=\"https:\/\/www.kompetensforetagen.se\/app\/uploads\/sites\/5\/2025\/11\/Kollektivavtal-bemanning-arbetare-2025-2027-artnr-6516-2505.pdf\" target=\"_blank\" class=\"Button is-button is-style-outline has-black-color is-style-outline Button--download\">\n      <div class=\"Button__text\">\n        Avtal f\u00f6r arbetare\n      <\/div>\n      <div class=\"Button__arrow \">\n                <svg class='icon icon--download'  width=\"16\" height=\"16\" viewBox=\"0 0 16 16\" fill=\"none\" xmlns=\"http:\/\/www.w3.org\/2000\/svg\">\n<path d=\"M8 -2.18557e-07L8 10M8 10L13 5M8 10L3 5\" stroke=\"black\" stroke-width=\"2\" stroke-miterlimit=\"10\"\/>\n<path d=\"M15 11.5V15H1V11.5\" stroke=\"black\" stroke-width=\"2\" stroke-miterlimit=\"10\"\/>\n<\/svg>\n\n        <\/div>\n    <\/a>\n  <\/div>\n<\/div>\n\n\n\n<div class=\"wp-block-column is-layout-flow wp-block-column-is-layout-flow\"><div class=\"wp-block wp-block-core-heading heading-in-sidebar\" id=\"avtal-for-tjansteman\"><a class='Share__link Share__link--url copy-text' href='#' rel='nofollow' data-text='avtal-for-tjansteman' title='Dela url' data-confirmation='L\u00e4nken kopierades till urklipp'><svg class='icon icon--link'  width='18' height='18' viewBox='0 0 18 18' fill='none' xmlns='http:\/\/www.w3.org\/2000\/svg'>\n            <path d='M10.4142 0.514721L6.87868 4.05025L8.29289 5.46447L11.1213 2.63604L15.364 6.87868L12.5355 9.70711L13.9497 11.1213L17.4853 7.58579C17.8763 7.19476 17.8763 6.5626 17.4853 6.17158L11.8284 0.514721C11.4374 0.123691 10.8052 0.123691 10.4142 0.514721Z' fill='black'\/>\n            <path d='M9.7071 12.5355L6.87868 15.364L2.63604 11.1213L5.46446 8.2929L4.05025 6.87868L0.514716 10.4142C0.123686 10.8052 0.123686 11.4374 0.514716 11.8284L6.17157 17.4853C6.5626 17.8763 7.19475 17.8763 7.58578 17.4853L11.1213 13.9497L9.7071 12.5355Z' fill='black'\/>\n            <path d='M6.17157 11.8284C6.5626 12.2195 7.19475 12.2195 7.58578 11.8284L11.8284 7.58579C12.2195 7.19476 12.2195 6.56261 11.8284 6.17158C11.4374 5.78055 10.8052 5.78055 10.4142 6.17158L6.17157 10.4142C5.78054 10.8052 5.78054 11.4374 6.17157 11.8284Z' fill='black'\/>\n            <\/svg> <\/a>\n<h2 class=\"wp-block-heading\" id=\"h-avtal-for-tjansteman\">Avtal f\u00f6r tj\u00e4nstem\u00e4n<\/h2>\n<\/div>\n\n<div class=\"wp-block wp-block-core-paragraph\">\n<p>Kompetensf\u00f6retagen har kollektivavtal med Unionen och Akademikerf\u00f6rbunden. Avtalet g\u00e4ller f\u00f6r medlemmar i Unionen\/Akademikerf\u00f6rbunden anst\u00e4llda vid f\u00f6retag som omfattas av kollektivavtal mellan oss och Unionen respektive Akademikerf\u00f6rbunden.<\/p>\n<\/div>\n\n<div id=\"block-iconlink-block_a376a1065932e1af96beca82f09a9bbb\" class=\"Icon-link Icon-link--download\">\n      <a href=\"https:\/\/www.kompetensforetagen.se\/app\/uploads\/sites\/5\/2025\/11\/Kollektivavtal-Kompetensforetagen-tjansteman-2025-2027-artnr-6512-2506.pdf\" target=\"_blank\" class=\"Button is-button is-style-outline has-black-color is-style-outline Button--download\">\n      <div class=\"Button__text\">\n        Avtal f\u00f6r tj\u00e4nstem\u00e4n\n      <\/div>\n      <div class=\"Button__arrow \">\n                <svg class='icon icon--download'  width=\"16\" height=\"16\" viewBox=\"0 0 16 16\" fill=\"none\" xmlns=\"http:\/\/www.w3.org\/2000\/svg\">\n<path d=\"M8 -2.18557e-07L8 10M8 10L13 5M8 10L3 5\" stroke=\"black\" stroke-width=\"2\" stroke-miterlimit=\"10\"\/>\n<path d=\"M15 11.5V15H1V11.5\" stroke=\"black\" stroke-width=\"2\" stroke-miterlimit=\"10\"\/>\n<\/svg>\n\n        <\/div>\n    <\/a>\n  <\/div>\n\n\n<div id=\"block-iconlink-block_03cce0ce31f4a6d2289c0abb7539060b\" class=\"Icon-link Icon-link--download\">\n      <a href=\"https:\/\/www.kompetensforetagen.se\/app\/uploads\/sites\/5\/2025\/11\/Loneavtal-Kompetensforetagen-tjansteman-2025-2027-artnr-6538-2505-1.pdf\" target=\"_blank\" class=\"Button is-button is-style-outline has-black-color is-style-outline Button--download white-space-nowrap\">\n      <div class=\"Button__text\">\n        L\u00f6neavtal\n      <\/div>\n      <div class=\"Button__arrow \">\n                <svg class='icon icon--download'  width=\"16\" height=\"16\" viewBox=\"0 0 16 16\" fill=\"none\" xmlns=\"http:\/\/www.w3.org\/2000\/svg\">\n<path d=\"M8 -2.18557e-07L8 10M8 10L13 5M8 10L3 5\" stroke=\"black\" stroke-width=\"2\" stroke-miterlimit=\"10\"\/>\n<path d=\"M15 11.5V15H1V11.5\" stroke=\"black\" stroke-width=\"2\" stroke-miterlimit=\"10\"\/>\n<\/svg>\n\n        <\/div>\n    <\/a>\n  <\/div>\n<\/div>\n<\/div>\n<\/div>\n\n\n\n<div class=\"wp-block-group has-primary-background-color has-background is-layout-constrained wp-block-group-is-layout-constrained\">\n<div class=\"wp-block-columns is-layout-flex wp-container-core-columns-is-layout-9d6595d7 wp-block-columns-is-layout-flex\">\n<div class=\"wp-block-column is-layout-flow wp-block-column-is-layout-flow\"><div class=\"wp-block wp-block-core-heading heading-in-sidebar\" id=\"lakare-i-bemanningsforetag\"><a class='Share__link Share__link--url copy-text' href='#' rel='nofollow' data-text='lakare-i-bemanningsforetag' title='Dela url' data-confirmation='L\u00e4nken kopierades till urklipp'><svg class='icon icon--link'  width='18' height='18' viewBox='0 0 18 18' fill='none' xmlns='http:\/\/www.w3.org\/2000\/svg'>\n            <path d='M10.4142 0.514721L6.87868 4.05025L8.29289 5.46447L11.1213 2.63604L15.364 6.87868L12.5355 9.70711L13.9497 11.1213L17.4853 7.58579C17.8763 7.19476 17.8763 6.5626 17.4853 6.17158L11.8284 0.514721C11.4374 0.123691 10.8052 0.123691 10.4142 0.514721Z' fill='black'\/>\n            <path d='M9.7071 12.5355L6.87868 15.364L2.63604 11.1213L5.46446 8.2929L4.05025 6.87868L0.514716 10.4142C0.123686 10.8052 0.123686 11.4374 0.514716 11.8284L6.17157 17.4853C6.5626 17.8763 7.19475 17.8763 7.58578 17.4853L11.1213 13.9497L9.7071 12.5355Z' fill='black'\/>\n            <path d='M6.17157 11.8284C6.5626 12.2195 7.19475 12.2195 7.58578 11.8284L11.8284 7.58579C12.2195 7.19476 12.2195 6.56261 11.8284 6.17158C11.4374 5.78055 10.8052 5.78055 10.4142 6.17158L6.17157 10.4142C5.78054 10.8052 5.78054 11.4374 6.17157 11.8284Z' fill='black'\/>\n            <\/svg> <\/a>\n<h2 class=\"wp-block-heading\" id=\"h-lakare-i-bemanningsforetag\">L\u00e4kare i bemanningsf\u00f6retag<\/h2>\n<\/div>\n\n<div class=\"wp-block wp-block-core-paragraph\">\n<p>Kompetensf\u00f6retagen har kollektivavtal med Sveriges L\u00e4karf\u00f6rbund f\u00f6r uthyrning av l\u00e4kare.<br>Det inneb\u00e4r att man ska till\u00e4mpa Kompetensf\u00f6retagens avtal som komplement till det s\u00e5 kallade E- och F-avtalet.<\/p>\n<\/div>\n\n<div id=\"block-iconlink-block_3643b60a4fa190707c1fc2adeb4b5148\" class=\"Icon-link Icon-link--download\">\n      <a href=\"https:\/\/www.almega.se\/app\/uploads\/sites\/5\/2022\/06\/avtal-med-lakarforbundet-6623_1712_k1.pdf\" target=\"_blank\" class=\"Button is-button is-style-outline has-secondary-color is-style-outline Button--download\">\n      <div class=\"Button__text\">\n        L\u00e4karsupplementet\n      <\/div>\n      <div class=\"Button__arrow \">\n                <svg class='icon icon--download'  width=\"16\" height=\"16\" viewBox=\"0 0 16 16\" fill=\"none\" xmlns=\"http:\/\/www.w3.org\/2000\/svg\">\n<path d=\"M8 -2.18557e-07L8 10M8 10L13 5M8 10L3 5\" stroke=\"black\" stroke-width=\"2\" stroke-miterlimit=\"10\"\/>\n<path d=\"M15 11.5V15H1V11.5\" stroke=\"black\" stroke-width=\"2\" stroke-miterlimit=\"10\"\/>\n<\/svg>\n\n        <\/div>\n    <\/a>\n  <\/div>\n\n\n<div id=\"block-iconlink-block_a09b7f2e7bbd34d44455b66653f856db\" class=\"Icon-link Icon-link--download\">\n      <a href=\"https:\/\/www.almega.se\/app\/uploads\/sites\/5\/2022\/06\/ka-6540-2201-vard-behandling-omsorg-samt-aldreomsorg-nytt-pbb-1.pdf\" target=\"_blank\" class=\"Button is-button is-style-outline has-secondary-color is-style-outline Button--download\">\n      <div class=\"Button__text\">\n        E- och F-avtalet\n      <\/div>\n      <div class=\"Button__arrow \">\n                <svg class='icon icon--download'  width=\"16\" height=\"16\" viewBox=\"0 0 16 16\" fill=\"none\" xmlns=\"http:\/\/www.w3.org\/2000\/svg\">\n<path d=\"M8 -2.18557e-07L8 10M8 10L13 5M8 10L3 5\" stroke=\"black\" stroke-width=\"2\" stroke-miterlimit=\"10\"\/>\n<path d=\"M15 11.5V15H1V11.5\" stroke=\"black\" stroke-width=\"2\" stroke-miterlimit=\"10\"\/>\n<\/svg>\n\n        <\/div>\n    <\/a>\n  <\/div>\n<\/div>\n\n\n\n<div class=\"wp-block-column is-layout-flow wp-block-column-is-layout-flow\"><div class=\"wp-block wp-block-core-heading heading-in-sidebar\" id=\"avtal-for-larare\"><a class='Share__link Share__link--url copy-text' href='#' rel='nofollow' data-text='avtal-for-larare' title='Dela url' data-confirmation='L\u00e4nken kopierades till urklipp'><svg class='icon icon--link'  width='18' height='18' viewBox='0 0 18 18' fill='none' xmlns='http:\/\/www.w3.org\/2000\/svg'>\n            <path d='M10.4142 0.514721L6.87868 4.05025L8.29289 5.46447L11.1213 2.63604L15.364 6.87868L12.5355 9.70711L13.9497 11.1213L17.4853 7.58579C17.8763 7.19476 17.8763 6.5626 17.4853 6.17158L11.8284 0.514721C11.4374 0.123691 10.8052 0.123691 10.4142 0.514721Z' fill='black'\/>\n            <path d='M9.7071 12.5355L6.87868 15.364L2.63604 11.1213L5.46446 8.2929L4.05025 6.87868L0.514716 10.4142C0.123686 10.8052 0.123686 11.4374 0.514716 11.8284L6.17157 17.4853C6.5626 17.8763 7.19475 17.8763 7.58578 17.4853L11.1213 13.9497L9.7071 12.5355Z' fill='black'\/>\n            <path d='M6.17157 11.8284C6.5626 12.2195 7.19475 12.2195 7.58578 11.8284L11.8284 7.58579C12.2195 7.19476 12.2195 6.56261 11.8284 6.17158C11.4374 5.78055 10.8052 5.78055 10.4142 6.17158L6.17157 10.4142C5.78054 10.8052 5.78054 11.4374 6.17157 11.8284Z' fill='black'\/>\n            <\/svg> <\/a>\n<h2 class=\"wp-block-heading\" id=\"h-avtal-for-larare\">Avtal f\u00f6r l\u00e4rare<\/h2>\n<\/div>\n\n<div class=\"wp-block wp-block-core-paragraph\">\n<p>Kompetensf\u00f6retagen har kollektivavtal med L\u00e4rarf\u00f6rbundet och L\u00e4rarnas Riksf\u00f6rbund f\u00f6r uthyrning av l\u00e4rare. Avtalet inneb\u00e4r att man ska till\u00e4mpa Kompetensf\u00f6retagens avtal som komplement till kollektivavtalet f\u00f6r friskolor, det s\u00e5 kallade Friskoleavtalet.<br>Observera att barnsk\u00f6tare och \u00f6vriga av Kommunals medlemsgrupper inte f\u00f6ljer detta, utan avtalet med LO-f\u00f6rbunden.<\/p>\n<\/div>\n\n<div id=\"block-iconlink-block_ba81e6a120600e7153d5fe4fafbd5365\" class=\"Icon-link Icon-link--download\">\n      <a href=\"https:\/\/www.kompetensforetagen.se\/app\/uploads\/sites\/5\/2025\/11\/Kollektivavtal-bemanning-skolor-2025-2027-Kompetensforetagen-och-Sveriges-Larare-med-omslag.pdf\" target=\"_blank\" class=\"Button is-button is-style-outline has-secondary-color is-style-outline Button--download\">\n      <div class=\"Button__text\">\n        L\u00e4rarsupplement\n      <\/div>\n      <div class=\"Button__arrow \">\n                <svg class='icon icon--download'  width=\"16\" height=\"16\" viewBox=\"0 0 16 16\" fill=\"none\" xmlns=\"http:\/\/www.w3.org\/2000\/svg\">\n<path d=\"M8 -2.18557e-07L8 10M8 10L13 5M8 10L3 5\" stroke=\"black\" stroke-width=\"2\" stroke-miterlimit=\"10\"\/>\n<path d=\"M15 11.5V15H1V11.5\" stroke=\"black\" stroke-width=\"2\" stroke-miterlimit=\"10\"\/>\n<\/svg>\n\n        <\/div>\n    <\/a>\n  <\/div>\n\n\n<div id=\"block-iconlink-block_7785023bd8a052f8552b0967592ed322\" class=\"Icon-link Icon-link--download\">\n      <a href=\"https:\/\/www.kompetensforetagen.se\/app\/uploads\/sites\/5\/2025\/11\/Kollektivavtal-Friskoleavtalet-Almega-Utbildning-Sveriges-Larare-20250901-20270831-65062509.pdf\" target=\"_blank\" class=\"Button is-button is-style-outline has-secondary-color is-style-outline Button--download\">\n      <div class=\"Button__text\">\n        Avtal f\u00f6r friskolor\n      <\/div>\n      <div class=\"Button__arrow \">\n                <svg class='icon icon--download'  width=\"16\" height=\"16\" viewBox=\"0 0 16 16\" fill=\"none\" xmlns=\"http:\/\/www.w3.org\/2000\/svg\">\n<path d=\"M8 -2.18557e-07L8 10M8 10L13 5M8 10L3 5\" stroke=\"black\" stroke-width=\"2\" stroke-miterlimit=\"10\"\/>\n<path d=\"M15 11.5V15H1V11.5\" stroke=\"black\" stroke-width=\"2\" stroke-miterlimit=\"10\"\/>\n<\/svg>\n\n        <\/div>\n    <\/a>\n  <\/div>\n<\/div>\n<\/div>\n<\/div>\n\n\n\n<div class=\"wp-block-group has-white-background-color has-background is-layout-constrained wp-block-group-is-layout-constrained\"><div class=\"wp-block wp-block-core-heading\" id=\"fragor?-kontakta-oss.\">\n<h3 class=\"wp-block-heading\" id=\"h-fragor-kontakta-oss\">Fr\u00e5gor? Kontakta oss.<\/h3>\n<\/div>\n\n\n<div class=\"wp-block-columns is-layout-flex wp-container-core-columns-is-layout-9d6595d7 wp-block-columns-is-layout-flex\">\n<div class=\"wp-block-column is-layout-flow wp-block-column-is-layout-flow\"><div id=\"block-contact-block_a7fea126e5f9da8be44532d76ba224ab\" class=\"Contact\">\n      <div class=\"Contact__title\">\n      \n    <\/div>\n    <div class=\" row \">\n              <div class=\"col-lg-12 pb-md-4 pb-3\">\n          <div class=\"Contact-card   --has-image \">\n             <a href=\"https:\/\/www.kompetensforetagen.se\/person\/johanhuldt\/\">\n          <figure class=\"Contact-card__image\">\n            <img decoding=\"async\" src=\"https:\/\/www.kompetensforetagen.se\/app\/uploads\/2026\/01\/DSC01446-380x253.jpg\" alt=\"Johan Huldt\">\n          <\/figure>\n        <\/a>\n          <div class=\"Contact-card__body\">\n      <h2 class=\"Contact-card__title\">Johan Huldt<\/h2>\n      <p class=\"mb-0\">F\u00f6rhandlingschef<\/p>\n      \n              <p class=\"mb-2\">Stockholm<\/p>\n                    <p>\n                      <a href=\"tel:+46 8 762 69 63\">+46 8 762 69 63<\/a>\n                                <a href=\"tel:+46 72 201 47 09\">+46 72 201 47 09<\/a>\n                                <a href=\"mailto:johan.huldt@almega.se\">E-post<\/a>\n                  <\/p>\n            <a href=\"https:\/\/www.kompetensforetagen.se\/person\/johanhuldt\/\" class=\"Contact-card__link\">\n        <div class=\"Contact-card__arrow\">\n          <p class=\"Contact-card__arrow__text\">L\u00e4s mer<\/p>\n          <div class=\"Contact-card__arrow__line\"><\/div>\n          <svg class='icon icon--arrow-tip'  width=\"11\" height=\"16\" viewBox=\"0 0 11 16\" fill=\"none\" xmlns=\"http:\/\/www.w3.org\/2000\/svg\">\n<path d=\"M0.858398 15L9.2304 7.99664L0.967732 1.00001\" stroke=\"black\" stroke-width=\"2\" stroke-miterlimit=\"10\"\/>\n<\/svg>\n\n          <\/div>\n      <\/a>\n\n      \n    <\/div>\n  <\/div>\n        <\/div>\n          <\/div>\n    <\/div>\n\n\n<div id=\"block-contact-block_16f07a703605a00a50c45bca22803dc8\" class=\"Contact\">\n      <div class=\"Contact__title\">\n      \n    <\/div>\n    <div class=\" row \">\n              <div class=\"col-lg-12 pb-md-4 pb-3\">\n          <div class=\"Contact-card   --has-image \">\n             <a href=\"https:\/\/www.kompetensforetagen.se\/person\/alvapalmqvist\/\">\n          <figure class=\"Contact-card__image\">\n            <img decoding=\"async\" src=\"https:\/\/www.kompetensforetagen.se\/app\/uploads\/2025\/03\/Alva_Palmqvist__DSF1051-380x285.jpg\" alt=\"Alva Palmqvist\">\n          <\/figure>\n        <\/a>\n          <div class=\"Contact-card__body\">\n      <h2 class=\"Contact-card__title\">Alva Palmqvist<\/h2>\n      <p class=\"mb-0\">Arbetsr\u00e4ttsjurist<\/p>\n      \n              <p class=\"mb-2\">Stockholm<\/p>\n                    <p>\n                      <a href=\"tel:08 762 69 98\">08 762 69 98<\/a>\n                                <a href=\"tel:+46 72 187 54 77\">+46 72 187 54 77<\/a>\n                                <a href=\"mailto:alva.palmqvist@almega.se\">E-post<\/a>\n                  <\/p>\n            <a href=\"https:\/\/www.kompetensforetagen.se\/person\/alvapalmqvist\/\" class=\"Contact-card__link\">\n        <div class=\"Contact-card__arrow\">\n          <p class=\"Contact-card__arrow__text\">L\u00e4s mer<\/p>\n          <div class=\"Contact-card__arrow__line\"><\/div>\n          <svg class='icon icon--arrow-tip'  width=\"11\" height=\"16\" viewBox=\"0 0 11 16\" fill=\"none\" xmlns=\"http:\/\/www.w3.org\/2000\/svg\">\n<path d=\"M0.858398 15L9.2304 7.99664L0.967732 1.00001\" stroke=\"black\" stroke-width=\"2\" stroke-miterlimit=\"10\"\/>\n<\/svg>\n\n          <\/div>\n      <\/a>\n\n      \n    <\/div>\n  <\/div>\n        <\/div>\n          <\/div>\n    <\/div>\n<\/div>\n\n\n\n<div class=\"wp-block-column is-layout-flow wp-block-column-is-layout-flow\"><div id=\"block-contact-block_de5a3285a04d8f46c5e9a8460c72a072\" class=\"Contact\">\n      <div class=\"Contact__title\">\n      \n    <\/div>\n    <div class=\" row \">\n              <div class=\"col-lg-12 pb-md-4 pb-3\">\n          <div class=\"Contact-card   --has-image \">\n             <a href=\"https:\/\/www.kompetensforetagen.se\/person\/axelhammaren\/\">\n          <figure class=\"Contact-card__image\">\n            <img decoding=\"async\" src=\"https:\/\/www.kompetensforetagen.se\/app\/uploads\/2020\/10\/axel-hammaren-380x380.jpg\" alt=\"Axel Hammar\u00e9n\">\n          <\/figure>\n        <\/a>\n          <div class=\"Contact-card__body\">\n      <h2 class=\"Contact-card__title\">Axel Hammar\u00e9n<\/h2>\n      <p class=\"mb-0\">Arbetsr\u00e4ttsjurist<\/p>\n      \n              <p class=\"mb-2\">Stockholm<\/p>\n                    <p>\n                      <a href=\"tel:+46 8 762 69 91\">+46 8 762 69 91<\/a>\n                                <a href=\"tel:+46 72 221 32 92\">+46 72 221 32 92<\/a>\n                                <a href=\"mailto:axel.hammaren@almega.se\">E-post<\/a>\n                  <\/p>\n            <a href=\"https:\/\/www.kompetensforetagen.se\/person\/axelhammaren\/\" class=\"Contact-card__link\">\n        <div class=\"Contact-card__arrow\">\n          <p class=\"Contact-card__arrow__text\">L\u00e4s mer<\/p>\n          <div class=\"Contact-card__arrow__line\"><\/div>\n          <svg class='icon icon--arrow-tip'  width=\"11\" height=\"16\" viewBox=\"0 0 11 16\" fill=\"none\" xmlns=\"http:\/\/www.w3.org\/2000\/svg\">\n<path d=\"M0.858398 15L9.2304 7.99664L0.967732 1.00001\" stroke=\"black\" stroke-width=\"2\" stroke-miterlimit=\"10\"\/>\n<\/svg>\n\n          <\/div>\n      <\/a>\n\n      \n    <\/div>\n  <\/div>\n        <\/div>\n          <\/div>\n    <\/div>\n\n\n<div id=\"block-contact-block_0f0df5b13b9f36ac05bca86970be9051\" class=\"Contact\">\n      <div class=\"Contact__title\">\n      \n    <\/div>\n    <div class=\" row \">\n              <div class=\"col-lg-12 pb-md-4 pb-3\">\n          <div class=\"Contact-card   --has-image \">\n             <a href=\"https:\/\/www.kompetensforetagen.se\/person\/joelengstrom\/\">\n          <figure class=\"Contact-card__image\">\n            <img decoding=\"async\" src=\"https:\/\/www.kompetensforetagen.se\/app\/uploads\/2024\/10\/joelengstrom-380x253.jpg\" alt=\"Joel Engstr\u00f6m\">\n          <\/figure>\n        <\/a>\n          <div class=\"Contact-card__body\">\n      <h2 class=\"Contact-card__title\">Joel Engstr\u00f6m<\/h2>\n      <p class=\"mb-0\">Arbetsr\u00e4ttsjurist<\/p>\n      \n              <p class=\"mb-2\">Stockholm<\/p>\n                    <p>\n                      <a href=\"tel:+46 8 762 69 14\">+46 8 762 69 14<\/a>\n                                <a href=\"tel:+46 72 228 56 29\">+46 72 228 56 29<\/a>\n                                <a href=\"mailto:joel.engstrom@almega.se\">E-post<\/a>\n                  <\/p>\n            <a href=\"https:\/\/www.kompetensforetagen.se\/person\/joelengstrom\/\" class=\"Contact-card__link\">\n        <div class=\"Contact-card__arrow\">\n          <p class=\"Contact-card__arrow__text\">L\u00e4s mer<\/p>\n          <div class=\"Contact-card__arrow__line\"><\/div>\n          <svg class='icon icon--arrow-tip'  width=\"11\" height=\"16\" viewBox=\"0 0 11 16\" fill=\"none\" xmlns=\"http:\/\/www.w3.org\/2000\/svg\">\n<path d=\"M0.858398 15L9.2304 7.99664L0.967732 1.00001\" stroke=\"black\" stroke-width=\"2\" stroke-miterlimit=\"10\"\/>\n<\/svg>\n\n          <\/div>\n      <\/a>\n\n      \n    <\/div>\n  <\/div>\n        <\/div>\n          <\/div>\n    <\/div>\n<\/div>\n<\/div>\n<\/div>\n","protected":false},"excerpt":{"rendered":"<p>Med hj\u00e4lp av goda kollektivavtal skapas de b\u00e4sta f\u00f6ruts\u00e4ttningarna f\u00f6r b\u00e5de f\u00f6retagare och medarbetare. Kompetensf\u00f6retagen tecknar avtal med tj\u00e4nstemannaf\u00f6rbunden Akademikerf\u00f6rbunden, Unionen, L\u00e4rarf\u00f6rbundet, och L\u00e4rarnas Riksf\u00f6rbund. Med Sveriges L\u00e4karf\u00f6rbund och V\u00e5rdf\u00f6rbundet tecknar vi v\u00e5rdbemanningsavtal, och med &hellip;<\/p>\n","protected":false},"author":2,"featured_media":0,"parent":13909,"menu_order":1,"comment_status":"closed","ping_status":"closed","template":"","meta":{"_acf_changed":false,"footnotes":""},"article_type":[210],"agreement":[],"for-members":[],"class_list":["post-36","page","type-page","status-publish","hentry","type-fakta"],"acf":[],"yoast_head":"<!-- This site is optimized with the Yoast SEO Premium plugin v26.8 (Yoast SEO v26.8) - https:\/\/yoast.com\/product\/yoast-seo-premium-wordpress\/ -->\n<title>Kompetensbranschens kollektivavtal - Kompetensf\u00f6retagen<\/title>\n<meta name=\"description\" content=\"H\u00e4r hittar du Kompetensf\u00f6retagens kollektivavtal; bemanningsavtalet med LO, tj\u00e4nstemannaavtalen, och andra kollektivavtal som r\u00f6r branschen.\" \/>\n<meta name=\"robots\" content=\"index, follow, max-snippet:-1, max-image-preview:large, max-video-preview:-1\" \/>\n<link rel=\"canonical\" href=\"https:\/\/www.kompetensforetagen.se\/bli-medlem-2\/kollektivavtal\/\" \/>\n<meta property=\"og:locale\" content=\"sv_SE\" \/>\n<meta property=\"og:type\" content=\"article\" \/>\n<meta property=\"og:title\" content=\"Kompetensbranschens kollektivavtal\" \/>\n<meta property=\"og:description\" content=\"H\u00e4r hittar du Kompetensf\u00f6retagens kollektivavtal; bemanningsavtalet med LO, tj\u00e4nstemannaavtalen, och andra kollektivavtal som r\u00f6r branschen.\" \/>\n<meta property=\"og:url\" content=\"https:\/\/www.kompetensforetagen.se\/bli-medlem-2\/kollektivavtal\/\" \/>\n<meta property=\"og:site_name\" content=\"Kompetensf\u00f6retagen\" \/>\n<meta property=\"article:modified_time\" content=\"2026-02-02T15:12:14+00:00\" \/>\n<meta name=\"twitter:card\" content=\"summary_large_image\" \/>\n<meta name=\"twitter:label1\" content=\"Ber\u00e4knad l\u00e4stid\" \/>\n\t<meta name=\"twitter:data1\" content=\"2 minuter\" \/>\n<script type=\"application\/ld+json\" class=\"yoast-schema-graph\">{\"@context\":\"https:\/\/schema.org\",\"@graph\":[{\"@type\":\"WebPage\",\"@id\":\"https:\/\/www.kompetensforetagen.se\/bli-medlem-2\/kollektivavtal\/\",\"url\":\"https:\/\/www.kompetensforetagen.se\/bli-medlem-2\/kollektivavtal\/\",\"name\":\"Kompetensbranschens kollektivavtal - Kompetensf\u00f6retagen\",\"isPartOf\":{\"@id\":\"https:\/\/www.kompetensforetagen.se\/#website\"},\"datePublished\":\"2018-02-26T08:52:06+00:00\",\"dateModified\":\"2026-02-02T15:12:14+00:00\",\"description\":\"H\u00e4r hittar du Kompetensf\u00f6retagens kollektivavtal; bemanningsavtalet med LO, tj\u00e4nstemannaavtalen, och andra kollektivavtal som r\u00f6r branschen.\",\"breadcrumb\":{\"@id\":\"https:\/\/www.kompetensforetagen.se\/bli-medlem-2\/kollektivavtal\/#breadcrumb\"},\"inLanguage\":\"sv-SE\",\"potentialAction\":[{\"@type\":\"ReadAction\",\"target\":[\"https:\/\/www.kompetensforetagen.se\/bli-medlem-2\/kollektivavtal\/\"]}]},{\"@type\":\"BreadcrumbList\",\"@id\":\"https:\/\/www.kompetensforetagen.se\/bli-medlem-2\/kollektivavtal\/#breadcrumb\",\"itemListElement\":[{\"@type\":\"ListItem\",\"position\":1,\"name\":\"Home\",\"item\":\"https:\/\/www.kompetensforetagen.se\/\"},{\"@type\":\"ListItem\",\"position\":2,\"name\":\"Bli medlem\",\"item\":\"https:\/\/www.kompetensforetagen.se\/bli-medlem-2\/\"},{\"@type\":\"ListItem\",\"position\":3,\"name\":\"Kompetens&shy;branschens kollektivavtal\"}]},{\"@type\":\"WebSite\",\"@id\":\"https:\/\/www.kompetensforetagen.se\/#website\",\"url\":\"https:\/\/www.kompetensforetagen.se\/\",\"name\":\"Kompetensf\u00f6retagen\",\"description\":\"R\u00e4tt person p\u00e5 r\u00e4tt plats kan f\u00f6r\u00e4ndra v\u00e4rlden\",\"publisher\":{\"@id\":\"https:\/\/www.kompetensforetagen.se\/#organization\"},\"potentialAction\":[{\"@type\":\"SearchAction\",\"target\":{\"@type\":\"EntryPoint\",\"urlTemplate\":\"https:\/\/www.kompetensforetagen.se\/?s={search_term_string}\"},\"query-input\":{\"@type\":\"PropertyValueSpecification\",\"valueRequired\":true,\"valueName\":\"search_term_string\"}}],\"inLanguage\":\"sv-SE\"},{\"@type\":\"Organization\",\"@id\":\"https:\/\/www.kompetensforetagen.se\/#organization\",\"name\":\"Kompetensf\u00f6retagen\",\"url\":\"https:\/\/www.kompetensforetagen.se\/\",\"logo\":{\"@type\":\"ImageObject\",\"inLanguage\":\"sv-SE\",\"@id\":\"https:\/\/www.kompetensforetagen.se\/#\/schema\/logo\/image\/\",\"url\":\"https:\/\/www.kompetensforetagen.se\/app\/uploads\/sites\/5\/2022\/10\/logga_svart.png\",\"contentUrl\":\"https:\/\/www.kompetensforetagen.se\/app\/uploads\/sites\/5\/2022\/10\/logga_svart.png\",\"width\":752,\"height\":64,\"caption\":\"Kompetensf\u00f6retagen\"},\"image\":{\"@id\":\"https:\/\/www.kompetensforetagen.se\/#\/schema\/logo\/image\/\"},\"sameAs\":[\"https:\/\/www.linkedin.com\/company\/10540032\/\"]}]}<\/script>\n<!-- \/ Yoast SEO Premium plugin. -->","yoast_head_json":{"title":"Kompetensbranschens kollektivavtal - Kompetensf\u00f6retagen","description":"H\u00e4r hittar du Kompetensf\u00f6retagens kollektivavtal; bemanningsavtalet med LO, tj\u00e4nstemannaavtalen, och andra kollektivavtal som r\u00f6r branschen.","robots":{"index":"index","follow":"follow","max-snippet":"max-snippet:-1","max-image-preview":"max-image-preview:large","max-video-preview":"max-video-preview:-1"},"canonical":"https:\/\/www.kompetensforetagen.se\/bli-medlem-2\/kollektivavtal\/","og_locale":"sv_SE","og_type":"article","og_title":"Kompetensbranschens kollektivavtal","og_description":"H\u00e4r hittar du Kompetensf\u00f6retagens kollektivavtal; bemanningsavtalet med LO, tj\u00e4nstemannaavtalen, och andra kollektivavtal som r\u00f6r branschen.","og_url":"https:\/\/www.kompetensforetagen.se\/bli-medlem-2\/kollektivavtal\/","og_site_name":"Kompetensf\u00f6retagen","article_modified_time":"2026-02-02T15:12:14+00:00","twitter_card":"summary_large_image","twitter_misc":{"Ber\u00e4knad l\u00e4stid":"2 minuter"},"schema":{"@context":"https:\/\/schema.org","@graph":[{"@type":"WebPage","@id":"https:\/\/www.kompetensforetagen.se\/bli-medlem-2\/kollektivavtal\/","url":"https:\/\/www.kompetensforetagen.se\/bli-medlem-2\/kollektivavtal\/","name":"Kompetensbranschens kollektivavtal - Kompetensf\u00f6retagen","isPartOf":{"@id":"https:\/\/www.kompetensforetagen.se\/#website"},"datePublished":"2018-02-26T08:52:06+00:00","dateModified":"2026-02-02T15:12:14+00:00","description":"H\u00e4r hittar du Kompetensf\u00f6retagens kollektivavtal; bemanningsavtalet med LO, tj\u00e4nstemannaavtalen, och andra kollektivavtal som r\u00f6r branschen.","breadcrumb":{"@id":"https:\/\/www.kompetensforetagen.se\/bli-medlem-2\/kollektivavtal\/#breadcrumb"},"inLanguage":"sv-SE","potentialAction":[{"@type":"ReadAction","target":["https:\/\/www.kompetensforetagen.se\/bli-medlem-2\/kollektivavtal\/"]}]},{"@type":"BreadcrumbList","@id":"https:\/\/www.kompetensforetagen.se\/bli-medlem-2\/kollektivavtal\/#breadcrumb","itemListElement":[{"@type":"ListItem","position":1,"name":"Home","item":"https:\/\/www.kompetensforetagen.se\/"},{"@type":"ListItem","position":2,"name":"Bli medlem","item":"https:\/\/www.kompetensforetagen.se\/bli-medlem-2\/"},{"@type":"ListItem","position":3,"name":"Kompetens&shy;branschens kollektivavtal"}]},{"@type":"WebSite","@id":"https:\/\/www.kompetensforetagen.se\/#website","url":"https:\/\/www.kompetensforetagen.se\/","name":"Kompetensf\u00f6retagen","description":"R\u00e4tt person p\u00e5 r\u00e4tt plats kan f\u00f6r\u00e4ndra v\u00e4rlden","publisher":{"@id":"https:\/\/www.kompetensforetagen.se\/#organization"},"potentialAction":[{"@type":"SearchAction","target":{"@type":"EntryPoint","urlTemplate":"https:\/\/www.kompetensforetagen.se\/?s={search_term_string}"},"query-input":{"@type":"PropertyValueSpecification","valueRequired":true,"valueName":"search_term_string"}}],"inLanguage":"sv-SE"},{"@type":"Organization","@id":"https:\/\/www.kompetensforetagen.se\/#organization","name":"Kompetensf\u00f6retagen","url":"https:\/\/www.kompetensforetagen.se\/","logo":{"@type":"ImageObject","inLanguage":"sv-SE","@id":"https:\/\/www.kompetensforetagen.se\/#\/schema\/logo\/image\/","url":"https:\/\/www.kompetensforetagen.se\/app\/uploads\/sites\/5\/2022\/10\/logga_svart.png","contentUrl":"https:\/\/www.kompetensforetagen.se\/app\/uploads\/sites\/5\/2022\/10\/logga_svart.png","width":752,"height":64,"caption":"Kompetensf\u00f6retagen"},"image":{"@id":"https:\/\/www.kompetensforetagen.se\/#\/schema\/logo\/image\/"},"sameAs":["https:\/\/www.linkedin.com\/company\/10540032\/"]}]}},"_links":{"self":[{"href":"https:\/\/www.kompetensforetagen.se\/api\/wp\/v2\/pages\/36","targetHints":{"allow":["GET"]}}],"collection":[{"href":"https:\/\/www.kompetensforetagen.se\/api\/wp\/v2\/pages"}],"about":[{"href":"https:\/\/www.kompetensforetagen.se\/api\/wp\/v2\/types\/page"}],"author":[{"embeddable":true,"href":"https:\/\/www.kompetensforetagen.se\/api\/wp\/v2\/users\/2"}],"replies":[{"embeddable":true,"href":"https:\/\/www.kompetensforetagen.se\/api\/wp\/v2\/comments?post=36"}],"version-history":[{"count":44,"href":"https:\/\/www.kompetensforetagen.se\/api\/wp\/v2\/pages\/36\/revisions"}],"predecessor-version":[{"id":21294,"href":"https:\/\/www.kompetensforetagen.se\/api\/wp\/v2\/pages\/36\/revisions\/21294"}],"up":[{"embeddable":true,"href":"https:\/\/www.kompetensforetagen.se\/api\/wp\/v2\/pages\/13909"}],"wp:attachment":[{"href":"https:\/\/www.kompetensforetagen.se\/api\/wp\/v2\/media?parent=36"}],"wp:term":[{"taxonomy":"type","embeddable":true,"href":"https:\/\/www.kompetensforetagen.se\/api\/wp\/v2\/article_type?post=36"},{"taxonomy":"agreement","embeddable":true,"href":"https:\/\/www.kompetensforetagen.se\/api\/wp\/v2\/agreement?post=36"},{"taxonomy":"for-members","embeddable":true,"href":"https:\/\/www.kompetensforetagen.se\/api\/wp\/v2\/for-members?post=36"}],"curies":[{"name":"wp","href":"https:\/\/api.w.org\/{rel}","templated":true}]}}