{"id":3598,"date":"2019-07-01T11:42:22","date_gmt":"2019-07-01T09:42:22","guid":{"rendered":"https:\/\/www.kompetensforetagen.se\/?page_id=3598"},"modified":"2025-10-16T11:27:48","modified_gmt":"2025-10-16T09:27:48","slug":"villkor-for-medlemskap-3-2-2","status":"publish","type":"page","link":"https:\/\/www.kompetensforetagen.se\/villkor-for-medlemskap-3-2-2\/","title":{"rendered":"Villkor f\u00f6r Arbetsgivar- och branschmedlemskap"},"content":{"rendered":"<div id=\"block-hero-block_aaf401358ce698ddcc5294284acd9095\" class=\"Hero has-lightgray-background-color\">\n\n    \n  <div class=\"Hero__inner container has-lightgray-background-color has-arrow\">\n              <div class=\"Hero__title\">\n          <h1>Villkor f\u00f6r<i> Arbetsgivar- &amp; branschmedlemskap<\/i><\/h1>\n        <\/div>\n                                <div class=\"Hero__arrow\">\n          <svg class='icon icon--squiggly-arrow'  width=\"282\" height=\"302\" viewBox=\"0 0 282 302\" fill=\"none\" xmlns=\"http:\/\/www.w3.org\/2000\/svg\">\n<path d=\"M108.429 281.19L129.837 295.44L143.97 274.186\" stroke=\"black\" stroke-width=\"4\" stroke-miterlimit=\"10\"\/>\n<path d=\"M43.8871 68.0497C53.3269 84.3998 70.0075 95.6755 88.6244 97.6784C107.24 99.6801 125.826 95.0068 144.209 91.4645C162.592 87.9216 182.067 85.5682 199.674 91.9481C220.515 99.5002 236.316 120.278 236.492 142.446C236.669 164.616 220.178 186.234 198.428 190.49C188.558 192.423 177.815 190.842 169.542 185.112C161.271 179.382 155.88 169.284 156.859 159.269C158.292 144.577 173.761 133.512 188.444 135C203.126 136.491 215.468 148.757 219.176 163.047C222.881 177.337 218.804 192.932 210.416 205.072C202.027 217.212 189.703 226.187 176.514 232.804C167.472 237.341 157.931 240.877 149.144 245.889C140.356 250.899 132.161 257.651 127.746 266.755C123.333 275.858 126.637 283.983 129.929 295.386\" stroke=\"black\" stroke-width=\"4\" stroke-miterlimit=\"10\"\/>\n<\/svg>\n\n          <\/div>\n        <\/div>\n<\/div>\n\n\n\n<div class=\"wp-block-group has-white-background-color has-background is-layout-constrained wp-block-group-is-layout-constrained\">\n<div class=\"wp-block-columns is-layout-flex wp-container-core-columns-is-layout-9d6595d7 wp-block-columns-is-layout-flex\">\n<div class=\"wp-block-column is-layout-flow wp-block-column-is-layout-flow\" style=\"flex-basis:66.66%\"><div class=\"wp-block wp-block-core-heading\" id=\"vill-du-teckna-kollektivavtal?-da-ar-arbetsgivar--och-branschmedlemskap&nbsp;-aktuellt-for-dig.-for-ett-sadant-medlemskap-maste-foretaget-uppfylla-dessa-villkor:\">\n<h3 class=\"wp-block-heading\" id=\"h-vill-du-teckna-kollektivavtal-da-ar-arbetsgivar-och-branschmedlemskap-nbsp-aktuellt-for-dig-for-ett-sadant-medlemskap-maste-foretaget-uppfylla-dessa-villkor\">Vill du teckna kollektivavtal? D\u00e5 \u00e4r arbetsgivar- och branschmedlemskap&nbsp; aktuellt f\u00f6r dig. F\u00f6r ett s\u00e5dant medlemskap m\u00e5ste f\u00f6retaget uppfylla dessa villkor:<\/h3>\n<\/div>\n\n<div class=\"wp-block wp-block-core-list\">\n<ul class=\"wp-block-list\">\n<li>Bedriva verksamhet i juridisk person<\/li>\n\n\n\n<li>Ha svenskt driftst\u00e4lle<\/li>\n\n\n\n<li>Visa att verksamhet bedrivs genom entreprenad, jobbf\u00f6rmedling, omst\u00e4llning, personaluthyrning eller rekrytering<\/li>\n\n\n\n<li>I ans\u00f6kan, genom underskrift, avge skriftlig f\u00f6rklaring att f\u00f6retaget har f\u00f6r avsikt att f\u00f6lja\u00a0<a href=\"https:\/\/www.kompetensforetagen.se\/kompetensforetagens-stadgar-2\/\">f\u00f6rbundets stadgar<\/a>\u00a0med dess\u00a0<a href=\"https:\/\/www.kompetensforetagen.se\/medlemskap\/etiska-regler\">etiska regler,<\/a>\u00a0samt Svenskt N\u00e4ringslivs\u00a0<a href=\"https:\/\/www.svensktnaringsliv.se\/material\/rapporter\/svenskt-naringslivs-stadgar_1009616.html\" target=\"_blank\" rel=\"noreferrer noopener\">stadgar<\/a><\/li>\n\n\n\n<li>Bifoga underlag som visar att f\u00f6retaget har giltigt registreringsbevis och F-skattsedel, vara momsregistrerad och vara registrerade som arbetsgivare, vilket g\u00f6rs enklast genom att anv\u00e4nda skatteverkets blankett, SKV 4820<\/li>\n\n\n\n<li>Omfattas av Kompetensf\u00f6retagens&nbsp;<a href=\"https:\/\/www.kompetensforetagen.se\/medlemssidor\/forsakringar-for-medlemmar-i-kompetensforetagen\/\">ansvarsf\u00f6rs\u00e4kring&nbsp;<\/a>eller motsvarande. Nedan f\u00f6rs\u00e4kringsmoment och belopp m\u00e5ste framg\u00e5:<br>1. Allm\u00e4n ansvarsf\u00f6rs\u00e4kring, 10 000 000 SEK<br>2. Ansvarsf\u00f6rs\u00e4kring f\u00f6r ren f\u00f6rm\u00f6genhetsskada 2 000 000 SEK, per skada och \u00e5r*<br>3. F\u00f6rm\u00f6genhetsbrottsf\u00f6rs\u00e4kring, 2 000 000 SEK per skada och \u00e5r<br><em>*Ansvarsf\u00f6rs\u00e4kring f\u00f6r ren f\u00f6rm\u00f6genhetsskada kan \u00e4ven ben\u00e4mnas professionsansvar eller konsultansvar<\/em>.<br><\/li>\n\n\n\n<li>Bifoga handling som styrker att f\u00f6retaget inte har restf\u00f6rda skatter och avgifter samt i \u00f6vrigt har ordnad ekonomi<\/li>\n\n\n\n<li>Teckna kollektivavtal f\u00f6r det avtalsomr\u00e5de inom vilket f\u00f6retaget verkar<\/li>\n\n\n\n<li>Ha genomg\u00e5tt Kompetensf\u00f6retagens kollektivavtalsutbildning<\/li>\n\n\n\n<li>Minst till\u00e4mpa Kompetensf\u00f6retagens&nbsp;<a href=\"https:\/\/www.kompetensforetagen.se\/standardavtal\/\">allm\u00e4nna best\u00e4mmelser<\/a><\/li>\n\n\n\n<li>S\u00e4kerst\u00e4lla underleverant\u00f6rers seriositet avseende skatter och avgifter samt ansvarsf\u00f6rs\u00e4kring<\/li>\n\n\n\n<li>Ansluta samtliga bolag i en koncern med verksamhet inom omst\u00e4llning, personaluthyrning och rekrytering enligt&nbsp;<a href=\"https:\/\/www.kompetensforetagen.se\/auktorisation\/medlemskapets-omfattning\/\">\u00a73 medlemskapets omfattning<\/a>.<\/li>\n\n\n\n<li>Genomg\u00e5 Kompetensf\u00f6retagens granskning av ovan vid intr\u00e4de<\/li>\n<\/ul>\n<\/div><\/div>\n\n\n\n<div class=\"wp-block-column is-layout-flow wp-block-column-is-layout-flow\" style=\"flex-basis:33.33%\"><div id=\"block-iconlink-block_60ea1dbcb3597a159601495fb2e35df7\" class=\"Icon-link Icon-link--arrow-tip\">\n      <a href=\"https:\/\/www.kompetensforetagen.se\/villkor-for-medlemskap-3\/\" target=\"\" class=\"Button is-button is-style-fill has-primary-background-color has-primary-border-color Button--arrow-tip\">\n      <div class=\"Button__text\">\n        Villkor f\u00f6r Branschmedlemskap\n      <\/div>\n      <div class=\"Button__arrow  arrow-tip \">\n                <div class=\"Button__line\"><\/div>\n                <svg class='icon icon--arrow-tip'  width=\"11\" height=\"16\" viewBox=\"0 0 11 16\" fill=\"none\" xmlns=\"http:\/\/www.w3.org\/2000\/svg\">\n<path d=\"M0.858398 15L9.2304 7.99664L0.967732 1.00001\" stroke=\"black\" stroke-width=\"2\" stroke-miterlimit=\"10\"\/>\n<\/svg>\n\n        <\/div>\n    <\/a>\n  <\/div>\n<\/div>\n<\/div>\n<\/div>\n","protected":false},"excerpt":{"rendered":"","protected":false},"author":222,"featured_media":0,"parent":0,"menu_order":38,"comment_status":"closed","ping_status":"closed","template":"","meta":{"_acf_changed":false,"footnotes":""},"article_type":[],"agreement":[],"for-members":[],"class_list":["post-3598","page","type-page","status-publish","hentry"],"acf":[],"yoast_head":"<!-- This site is optimized with the Yoast SEO Premium plugin v26.8 (Yoast SEO v26.8) - https:\/\/yoast.com\/product\/yoast-seo-premium-wordpress\/ -->\n<title>Villkor Arbetsgivar- och branschmedlemskap i Kompetensf\u00f6retagen<\/title>\n<meta name=\"description\" content=\"H\u00e4r hittar du villkor f\u00f6r arbetsgivar- och branschmedlemskap i Kompetensf\u00f6retagen. L\u00e4s mer om underlag och krav inf\u00f6r ans\u00f6kan.\" \/>\n<meta name=\"robots\" content=\"index, follow, max-snippet:-1, max-image-preview:large, max-video-preview:-1\" \/>\n<link rel=\"canonical\" href=\"https:\/\/www.kompetensforetagen.se\/villkor-for-medlemskap-3-2-2\/\" \/>\n<meta property=\"og:locale\" content=\"sv_SE\" \/>\n<meta property=\"og:type\" content=\"article\" \/>\n<meta property=\"og:title\" content=\"Villkor f\u00f6r Arbetsgivar- och branschmedlemskap\" \/>\n<meta property=\"og:description\" content=\"H\u00e4r hittar du villkor f\u00f6r arbetsgivar- och branschmedlemskap i Kompetensf\u00f6retagen. L\u00e4s mer om underlag och krav inf\u00f6r ans\u00f6kan.\" \/>\n<meta property=\"og:url\" content=\"https:\/\/www.kompetensforetagen.se\/villkor-for-medlemskap-3-2-2\/\" \/>\n<meta property=\"og:site_name\" content=\"Kompetensf\u00f6retagen\" \/>\n<meta property=\"article:modified_time\" content=\"2025-10-16T09:27:48+00:00\" \/>\n<meta name=\"twitter:card\" content=\"summary_large_image\" \/>\n<meta name=\"twitter:label1\" content=\"Ber\u00e4knad l\u00e4stid\" \/>\n\t<meta name=\"twitter:data1\" content=\"2 minuter\" \/>\n<script type=\"application\/ld+json\" class=\"yoast-schema-graph\">{\"@context\":\"https:\/\/schema.org\",\"@graph\":[{\"@type\":\"WebPage\",\"@id\":\"https:\/\/www.kompetensforetagen.se\/villkor-for-medlemskap-3-2-2\/\",\"url\":\"https:\/\/www.kompetensforetagen.se\/villkor-for-medlemskap-3-2-2\/\",\"name\":\"Villkor Arbetsgivar- och branschmedlemskap i Kompetensf\u00f6retagen\",\"isPartOf\":{\"@id\":\"https:\/\/www.kompetensforetagen.se\/#website\"},\"datePublished\":\"2019-07-01T09:42:22+00:00\",\"dateModified\":\"2025-10-16T09:27:48+00:00\",\"description\":\"H\u00e4r hittar du villkor f\u00f6r arbetsgivar- och branschmedlemskap i Kompetensf\u00f6retagen. L\u00e4s mer om underlag och krav inf\u00f6r ans\u00f6kan.\",\"breadcrumb\":{\"@id\":\"https:\/\/www.kompetensforetagen.se\/villkor-for-medlemskap-3-2-2\/#breadcrumb\"},\"inLanguage\":\"sv-SE\",\"potentialAction\":[{\"@type\":\"ReadAction\",\"target\":[\"https:\/\/www.kompetensforetagen.se\/villkor-for-medlemskap-3-2-2\/\"]}]},{\"@type\":\"BreadcrumbList\",\"@id\":\"https:\/\/www.kompetensforetagen.se\/villkor-for-medlemskap-3-2-2\/#breadcrumb\",\"itemListElement\":[{\"@type\":\"ListItem\",\"position\":1,\"name\":\"Home\",\"item\":\"https:\/\/www.kompetensforetagen.se\/\"},{\"@type\":\"ListItem\",\"position\":2,\"name\":\"Villkor f\u00f6r Arbetsgivar- och branschmedlemskap\"}]},{\"@type\":\"WebSite\",\"@id\":\"https:\/\/www.kompetensforetagen.se\/#website\",\"url\":\"https:\/\/www.kompetensforetagen.se\/\",\"name\":\"Kompetensf\u00f6retagen\",\"description\":\"R\u00e4tt person p\u00e5 r\u00e4tt plats kan f\u00f6r\u00e4ndra v\u00e4rlden\",\"publisher\":{\"@id\":\"https:\/\/www.kompetensforetagen.se\/#organization\"},\"potentialAction\":[{\"@type\":\"SearchAction\",\"target\":{\"@type\":\"EntryPoint\",\"urlTemplate\":\"https:\/\/www.kompetensforetagen.se\/?s={search_term_string}\"},\"query-input\":{\"@type\":\"PropertyValueSpecification\",\"valueRequired\":true,\"valueName\":\"search_term_string\"}}],\"inLanguage\":\"sv-SE\"},{\"@type\":\"Organization\",\"@id\":\"https:\/\/www.kompetensforetagen.se\/#organization\",\"name\":\"Kompetensf\u00f6retagen\",\"url\":\"https:\/\/www.kompetensforetagen.se\/\",\"logo\":{\"@type\":\"ImageObject\",\"inLanguage\":\"sv-SE\",\"@id\":\"https:\/\/www.kompetensforetagen.se\/#\/schema\/logo\/image\/\",\"url\":\"https:\/\/www.kompetensforetagen.se\/app\/uploads\/sites\/5\/2022\/10\/logga_svart.png\",\"contentUrl\":\"https:\/\/www.kompetensforetagen.se\/app\/uploads\/sites\/5\/2022\/10\/logga_svart.png\",\"width\":752,\"height\":64,\"caption\":\"Kompetensf\u00f6retagen\"},\"image\":{\"@id\":\"https:\/\/www.kompetensforetagen.se\/#\/schema\/logo\/image\/\"},\"sameAs\":[\"https:\/\/www.linkedin.com\/company\/10540032\/\"]}]}<\/script>\n<!-- \/ Yoast SEO Premium plugin. -->","yoast_head_json":{"title":"Villkor Arbetsgivar- och branschmedlemskap i Kompetensf\u00f6retagen","description":"H\u00e4r hittar du villkor f\u00f6r arbetsgivar- och branschmedlemskap i Kompetensf\u00f6retagen. L\u00e4s mer om underlag och krav inf\u00f6r ans\u00f6kan.","robots":{"index":"index","follow":"follow","max-snippet":"max-snippet:-1","max-image-preview":"max-image-preview:large","max-video-preview":"max-video-preview:-1"},"canonical":"https:\/\/www.kompetensforetagen.se\/villkor-for-medlemskap-3-2-2\/","og_locale":"sv_SE","og_type":"article","og_title":"Villkor f\u00f6r Arbetsgivar- och branschmedlemskap","og_description":"H\u00e4r hittar du villkor f\u00f6r arbetsgivar- och branschmedlemskap i Kompetensf\u00f6retagen. L\u00e4s mer om underlag och krav inf\u00f6r ans\u00f6kan.","og_url":"https:\/\/www.kompetensforetagen.se\/villkor-for-medlemskap-3-2-2\/","og_site_name":"Kompetensf\u00f6retagen","article_modified_time":"2025-10-16T09:27:48+00:00","twitter_card":"summary_large_image","twitter_misc":{"Ber\u00e4knad l\u00e4stid":"2 minuter"},"schema":{"@context":"https:\/\/schema.org","@graph":[{"@type":"WebPage","@id":"https:\/\/www.kompetensforetagen.se\/villkor-for-medlemskap-3-2-2\/","url":"https:\/\/www.kompetensforetagen.se\/villkor-for-medlemskap-3-2-2\/","name":"Villkor Arbetsgivar- och branschmedlemskap i Kompetensf\u00f6retagen","isPartOf":{"@id":"https:\/\/www.kompetensforetagen.se\/#website"},"datePublished":"2019-07-01T09:42:22+00:00","dateModified":"2025-10-16T09:27:48+00:00","description":"H\u00e4r hittar du villkor f\u00f6r arbetsgivar- och branschmedlemskap i Kompetensf\u00f6retagen. L\u00e4s mer om underlag och krav inf\u00f6r ans\u00f6kan.","breadcrumb":{"@id":"https:\/\/www.kompetensforetagen.se\/villkor-for-medlemskap-3-2-2\/#breadcrumb"},"inLanguage":"sv-SE","potentialAction":[{"@type":"ReadAction","target":["https:\/\/www.kompetensforetagen.se\/villkor-for-medlemskap-3-2-2\/"]}]},{"@type":"BreadcrumbList","@id":"https:\/\/www.kompetensforetagen.se\/villkor-for-medlemskap-3-2-2\/#breadcrumb","itemListElement":[{"@type":"ListItem","position":1,"name":"Home","item":"https:\/\/www.kompetensforetagen.se\/"},{"@type":"ListItem","position":2,"name":"Villkor f\u00f6r Arbetsgivar- och branschmedlemskap"}]},{"@type":"WebSite","@id":"https:\/\/www.kompetensforetagen.se\/#website","url":"https:\/\/www.kompetensforetagen.se\/","name":"Kompetensf\u00f6retagen","description":"R\u00e4tt person p\u00e5 r\u00e4tt plats kan f\u00f6r\u00e4ndra v\u00e4rlden","publisher":{"@id":"https:\/\/www.kompetensforetagen.se\/#organization"},"potentialAction":[{"@type":"SearchAction","target":{"@type":"EntryPoint","urlTemplate":"https:\/\/www.kompetensforetagen.se\/?s={search_term_string}"},"query-input":{"@type":"PropertyValueSpecification","valueRequired":true,"valueName":"search_term_string"}}],"inLanguage":"sv-SE"},{"@type":"Organization","@id":"https:\/\/www.kompetensforetagen.se\/#organization","name":"Kompetensf\u00f6retagen","url":"https:\/\/www.kompetensforetagen.se\/","logo":{"@type":"ImageObject","inLanguage":"sv-SE","@id":"https:\/\/www.kompetensforetagen.se\/#\/schema\/logo\/image\/","url":"https:\/\/www.kompetensforetagen.se\/app\/uploads\/sites\/5\/2022\/10\/logga_svart.png","contentUrl":"https:\/\/www.kompetensforetagen.se\/app\/uploads\/sites\/5\/2022\/10\/logga_svart.png","width":752,"height":64,"caption":"Kompetensf\u00f6retagen"},"image":{"@id":"https:\/\/www.kompetensforetagen.se\/#\/schema\/logo\/image\/"},"sameAs":["https:\/\/www.linkedin.com\/company\/10540032\/"]}]}},"_links":{"self":[{"href":"https:\/\/www.kompetensforetagen.se\/api\/wp\/v2\/pages\/3598","targetHints":{"allow":["GET"]}}],"collection":[{"href":"https:\/\/www.kompetensforetagen.se\/api\/wp\/v2\/pages"}],"about":[{"href":"https:\/\/www.kompetensforetagen.se\/api\/wp\/v2\/types\/page"}],"author":[{"embeddable":true,"href":"https:\/\/www.kompetensforetagen.se\/api\/wp\/v2\/users\/222"}],"replies":[{"embeddable":true,"href":"https:\/\/www.kompetensforetagen.se\/api\/wp\/v2\/comments?post=3598"}],"version-history":[{"count":4,"href":"https:\/\/www.kompetensforetagen.se\/api\/wp\/v2\/pages\/3598\/revisions"}],"predecessor-version":[{"id":13687,"href":"https:\/\/www.kompetensforetagen.se\/api\/wp\/v2\/pages\/3598\/revisions\/13687"}],"wp:attachment":[{"href":"https:\/\/www.kompetensforetagen.se\/api\/wp\/v2\/media?parent=3598"}],"wp:term":[{"taxonomy":"type","embeddable":true,"href":"https:\/\/www.kompetensforetagen.se\/api\/wp\/v2\/article_type?post=3598"},{"taxonomy":"agreement","embeddable":true,"href":"https:\/\/www.kompetensforetagen.se\/api\/wp\/v2\/agreement?post=3598"},{"taxonomy":"for-members","embeddable":true,"href":"https:\/\/www.kompetensforetagen.se\/api\/wp\/v2\/for-members?post=3598"}],"curies":[{"name":"wp","href":"https:\/\/api.w.org\/{rel}","templated":true}]}}