{"id":3585,"date":"2019-07-01T10:19:34","date_gmt":"2019-07-01T08:19:34","guid":{"rendered":"https:\/\/www.kompetensforetagen.se\/?page_id=3585"},"modified":"2025-10-16T11:30:08","modified_gmt":"2025-10-16T09:30:08","slug":"villkor-for-medlemskap-3","status":"publish","type":"page","link":"https:\/\/www.kompetensforetagen.se\/villkor-for-medlemskap-3\/","title":{"rendered":"Villkor f\u00f6r Branschmedlemskap"},"content":{"rendered":"<div id=\"block-hero-block_960781be7d537fcb31bd53964a5c6465\" class=\"Hero has-green-background-color\">\n\n    \n  <div class=\"Hero__inner container has-green-background-color has-arrow\">\n              <div class=\"Hero__title\">\n          <h1>Villkor f\u00f6r<i> Branschmedlemskap<\/i><\/h1>\n        <\/div>\n                                <div class=\"Hero__arrow\">\n          <svg class='icon icon--squiggly-arrow'  width=\"282\" height=\"302\" viewBox=\"0 0 282 302\" fill=\"none\" xmlns=\"http:\/\/www.w3.org\/2000\/svg\">\n<path d=\"M108.429 281.19L129.837 295.44L143.97 274.186\" stroke=\"black\" stroke-width=\"4\" stroke-miterlimit=\"10\"\/>\n<path d=\"M43.8871 68.0497C53.3269 84.3998 70.0075 95.6755 88.6244 97.6784C107.24 99.6801 125.826 95.0068 144.209 91.4645C162.592 87.9216 182.067 85.5682 199.674 91.9481C220.515 99.5002 236.316 120.278 236.492 142.446C236.669 164.616 220.178 186.234 198.428 190.49C188.558 192.423 177.815 190.842 169.542 185.112C161.271 179.382 155.88 169.284 156.859 159.269C158.292 144.577 173.761 133.512 188.444 135C203.126 136.491 215.468 148.757 219.176 163.047C222.881 177.337 218.804 192.932 210.416 205.072C202.027 217.212 189.703 226.187 176.514 232.804C167.472 237.341 157.931 240.877 149.144 245.889C140.356 250.899 132.161 257.651 127.746 266.755C123.333 275.858 126.637 283.983 129.929 295.386\" stroke=\"black\" stroke-width=\"4\" stroke-miterlimit=\"10\"\/>\n<\/svg>\n\n          <\/div>\n        <\/div>\n<\/div>\n\n\n\n<div class=\"wp-block-group is-layout-constrained wp-block-group-is-layout-constrained\">\n<div class=\"wp-block-columns is-layout-flex wp-container-core-columns-is-layout-9d6595d7 wp-block-columns-is-layout-flex\">\n<div class=\"wp-block-column is-layout-flow wp-block-column-is-layout-flow\" style=\"flex-basis:66.66%\"><div class=\"wp-block wp-block-core-heading\" id=\"for-dig-som-vill-vara-med-och-paverka-branschens-forutsattningar,-men-inte-ar-redo-att-teckna-kollektivavtal,-kan-du-bli-branschmedlem-i-kompetensforetagen.-for-ett-sadant-medlemskap-maste-dessa-villkor-uppfyllas:\">\n<h3 class=\"wp-block-heading\" id=\"h-for-dig-som-vill-vara-med-och-paverka-branschens-forutsattningar-men-inte-ar-redo-att-teckna-kollektivavtal-kan-du-bli-branschmedlem-i-kompetensforetagen-for-ett-sadant-medlemskap-maste-dessa-villkor-uppfyllas\">F\u00f6r dig som vill vara med och p\u00e5verka branschens f\u00f6ruts\u00e4ttningar, men inte \u00e4r redo att teckna kollektivavtal, kan du bli branschmedlem i Kompetensf\u00f6retagen. F\u00f6r ett s\u00e5dant medlemskap m\u00e5ste dessa villkor uppfyllas:<\/h3>\n<\/div>\n\n<div class=\"wp-block wp-block-core-list\">\n<ul class=\"wp-block-list\">\n<li>Verksamhet bedrivs i juridisk person<\/li>\n\n\n\n<li>Skriftlig f\u00f6rklaring avges genom underskrift att f\u00f6retaget har f\u00f6r avsikt att f\u00f6lja\u00a0<a href=\"https:\/\/www.kompetensforetagen.se\/kompetensforetagens-stadgar-2\/\">f\u00f6rbundets stadgar<\/a>\u00a0med dess\u00a0<a href=\"https:\/\/www.kompetensforetagen.se\/medlemskap\/etiska-regler\">etiska regler ,<\/a>\u00a0samt Svenskt N\u00e4ringslivs\u00a0<a href=\"https:\/\/www.svensktnaringsliv.se\/material\/rapporter\/svenskt-naringslivs-stadgar_1009616.html\" target=\"_blank\" rel=\"noreferrer noopener\">stadgar<\/a>,\u00a0vilket g\u00f6rs p\u00e5 ans\u00f6kan<\/li>\n\n\n\n<li>Underlag bifogas som visar att f\u00f6retaget har giltigt registreringsbevis och F-skattsedel, \u00e4r momsregistrerad och registrerade som arbetsgivare, vilket enklast g\u00f6rs genom att anv\u00e4nda skatteverkets blankett, SKV 4820<\/li>\n\n\n\n<li>Omfattas av Kompetensf\u00f6retagens&nbsp;<a href=\"https:\/\/www.kompetensforetagen.se\/medlemssidor\/forsakringar-for-medlemmar-i-kompetensforetagen\/\">ansvarsf\u00f6rs\u00e4kring<\/a>&nbsp;eller motsvarande. Nedan f\u00f6rs\u00e4kringsmoment och belopp m\u00e5ste framg\u00e5:<br>1. Allm\u00e4n ansvarsf\u00f6rs\u00e4kring, 10 000 000 SEK<br>2. Ansvarsf\u00f6rs\u00e4kring f\u00f6r ren f\u00f6rm\u00f6genhetsskada 2 000 000 SEK, per skada och \u00e5r*<br>3. F\u00f6rm\u00f6genhetsbrottsf\u00f6rs\u00e4kring, 2 000 000 SEK per skada och \u00e5r<br><em>*Ansvarsf\u00f6rs\u00e4kring f\u00f6r ren f\u00f6rm\u00f6genhetsskada kan \u00e4ven ben\u00e4mnas professionsansvar eller konsultansvar<\/em>. <br><a href=\"https:\/\/www.kompetensforetagen.se\/medlemssidor\/forsakringar-for-medlemmar-i-kompetensforetagen\/\">Ansvarsf\u00f6rs\u00e4kringar f\u00f6r dig som medlem.<\/a><\/li>\n\n\n\n<li>Handling bifogas som styrker att f\u00f6retaget inte har restf\u00f6rda skatter och avgifter samt i \u00f6vrigt har ordnad ekonomi.<\/li>\n\n\n\n<li>Serviceavtal tecknas samtidigt med Almega (om verksamhet avser personaluthyrning), alternativt finns redan medlemskap i annat f\u00f6rbund inom Svenskt N\u00e4ringsliv med arbetsr\u00e4ttslig service.<\/li>\n\n\n\n<li>N\u00e5gon i f\u00f6retaget ska genomg\u00e5 Kompetensf\u00f6retagens grundutbildning i arbetsr\u00e4tt<\/li>\n\n\n\n<li>M\u00e5ste minst till\u00e4mpa Kompetensf\u00f6retagens&nbsp;<a href=\"https:\/\/www.kompetensforetagen.se\/standardavtal\/\">allm\u00e4nna best\u00e4mmelser&nbsp;<\/a><\/li>\n\n\n\n<li>S\u00e4kerst\u00e4llande av underleverant\u00f6rers seriositet avseende skatter och avgifter samt ansvarsf\u00f6rs\u00e4kring<\/li>\n\n\n\n<li>Ansluta samtliga bolag i en koncern med verksamhet inom omst\u00e4llning, personaluthyrning och rekrytering enligt&nbsp;<a href=\"https:\/\/www.kompetensforetagen.se\/auktorisation\/medlemskapets-omfattning\/\">\u00a73 medlemskapets omfattning<\/a><\/li>\n\n\n\n<li>Kompetensf\u00f6retagens&nbsp;<a href=\"https:\/\/www.kompetensforetagen.se\/medlemskap\/etiska-regler\/\">etiska regler<\/a>&nbsp;m\u00e5ste f\u00f6ljas*<\/li>\n\n\n\n<li>Att verksamhet bedrivs i s\u00f6kande bolag m\u00e5ste bel\u00e4ggas<\/li>\n\n\n\n<li>Granskas av Kompetensf\u00f6retagens i ovanst\u00e5ende punkter vid intr\u00e4de<\/li>\n<\/ul>\n<\/div>\n\n<div class=\"wp-block wp-block-core-paragraph\">\n<p><\/p>\n<\/div>\n\n<div class=\"wp-block wp-block-core-paragraph\">\n<p>*Branschmedlemskap i Kompetensf\u00f6retagen \u00e4r inte f\u00f6renligt med v\u00e5ra etiska regler f\u00f6r f\u00f6retag som erbjuder hyrpersonal i den nya nationella upphandlingen inom v\u00e5rdbemanning,  enligt styrelsebeslut 18 april 2024<\/p>\n<\/div><\/div>\n\n\n\n<div class=\"wp-block-column is-layout-flow wp-block-column-is-layout-flow\" style=\"flex-basis:33.33%\"><div id=\"block-iconlink-block_b9c50ddf38f7ac52998ed400a3becb89\" class=\"Icon-link Icon-link--arrow-tip\">\n      <a href=\"https:\/\/www.kompetensforetagen.se\/villkor-for-medlemskap-3-2-2\/\" target=\"_blank\" class=\"Button is-button is-style-fill has-primary-background-color has-primary-border-color Button--arrow-tip\">\n      <div class=\"Button__text\">\n        Villkor f\u00f6r Arbetsgivar- och branschmedlemskap\n      <\/div>\n      <div class=\"Button__arrow  arrow-tip \">\n                <div class=\"Button__line\"><\/div>\n                <svg class='icon icon--arrow-tip'  width=\"11\" height=\"16\" viewBox=\"0 0 11 16\" fill=\"none\" xmlns=\"http:\/\/www.w3.org\/2000\/svg\">\n<path d=\"M0.858398 15L9.2304 7.99664L0.967732 1.00001\" stroke=\"black\" stroke-width=\"2\" stroke-miterlimit=\"10\"\/>\n<\/svg>\n\n        <\/div>\n    <\/a>\n  <\/div>\n<\/div>\n<\/div>\n<\/div>\n","protected":false},"excerpt":{"rendered":"<p>F\u00f6r dig som vill vara med och p\u00e5verka branschens f\u00f6ruts\u00e4ttningar, men inte \u00e4r redo att teckna kollektivavtal, kan du bli branschmedlem i Kompetensf\u00f6retagen. F\u00f6r ett s\u00e5dant medlemskap m\u00e5ste dessa villkor uppfyllas: *Branschmedlemskap i Kompetensf\u00f6retagen \u00e4r &hellip;<\/p>\n","protected":false},"author":1,"featured_media":0,"parent":0,"menu_order":44,"comment_status":"closed","ping_status":"closed","template":"","meta":{"_acf_changed":false,"footnotes":""},"article_type":[],"agreement":[],"for-members":[],"class_list":["post-3585","page","type-page","status-publish","hentry"],"acf":[],"yoast_head":"<!-- This site is optimized with the Yoast SEO Premium plugin v26.8 (Yoast SEO v26.8) - https:\/\/yoast.com\/product\/yoast-seo-premium-wordpress\/ -->\n<title>Villkor f\u00f6r Branschmedlemskap<\/title>\n<meta name=\"description\" content=\"H\u00e4r hittar du villkor f\u00f6r branschmedlemskap i Kompetensf\u00f6retagen. L\u00e4s mer om underlag du m\u00e5ste skicka in och vilka krav som st\u00e4lls.\" \/>\n<meta name=\"robots\" content=\"index, follow, max-snippet:-1, max-image-preview:large, max-video-preview:-1\" \/>\n<link rel=\"canonical\" href=\"https:\/\/www.kompetensforetagen.se\/villkor-for-medlemskap-3\/\" \/>\n<meta property=\"og:locale\" content=\"sv_SE\" \/>\n<meta property=\"og:type\" content=\"article\" \/>\n<meta property=\"og:title\" content=\"Villkor f\u00f6r Branschmedlemskap\" \/>\n<meta property=\"og:description\" content=\"H\u00e4r hittar du villkor f\u00f6r branschmedlemskap i Kompetensf\u00f6retagen. L\u00e4s mer om underlag du m\u00e5ste skicka in och vilka krav som st\u00e4lls.\" \/>\n<meta property=\"og:url\" content=\"https:\/\/www.kompetensforetagen.se\/villkor-for-medlemskap-3\/\" \/>\n<meta property=\"og:site_name\" content=\"Kompetensf\u00f6retagen\" \/>\n<meta property=\"article:modified_time\" content=\"2025-10-16T09:30:08+00:00\" \/>\n<meta name=\"twitter:card\" content=\"summary_large_image\" \/>\n<meta name=\"twitter:label1\" content=\"Ber\u00e4knad l\u00e4stid\" \/>\n\t<meta name=\"twitter:data1\" content=\"2 minuter\" \/>\n<script type=\"application\/ld+json\" class=\"yoast-schema-graph\">{\"@context\":\"https:\/\/schema.org\",\"@graph\":[{\"@type\":\"WebPage\",\"@id\":\"https:\/\/www.kompetensforetagen.se\/villkor-for-medlemskap-3\/\",\"url\":\"https:\/\/www.kompetensforetagen.se\/villkor-for-medlemskap-3\/\",\"name\":\"Villkor f\u00f6r Branschmedlemskap\",\"isPartOf\":{\"@id\":\"https:\/\/www.kompetensforetagen.se\/#website\"},\"datePublished\":\"2019-07-01T08:19:34+00:00\",\"dateModified\":\"2025-10-16T09:30:08+00:00\",\"description\":\"H\u00e4r hittar du villkor f\u00f6r branschmedlemskap i Kompetensf\u00f6retagen. L\u00e4s mer om underlag du m\u00e5ste skicka in och vilka krav som st\u00e4lls.\",\"breadcrumb\":{\"@id\":\"https:\/\/www.kompetensforetagen.se\/villkor-for-medlemskap-3\/#breadcrumb\"},\"inLanguage\":\"sv-SE\",\"potentialAction\":[{\"@type\":\"ReadAction\",\"target\":[\"https:\/\/www.kompetensforetagen.se\/villkor-for-medlemskap-3\/\"]}]},{\"@type\":\"BreadcrumbList\",\"@id\":\"https:\/\/www.kompetensforetagen.se\/villkor-for-medlemskap-3\/#breadcrumb\",\"itemListElement\":[{\"@type\":\"ListItem\",\"position\":1,\"name\":\"Home\",\"item\":\"https:\/\/www.kompetensforetagen.se\/\"},{\"@type\":\"ListItem\",\"position\":2,\"name\":\"Villkor f\u00f6r Branschmedlemskap\"}]},{\"@type\":\"WebSite\",\"@id\":\"https:\/\/www.kompetensforetagen.se\/#website\",\"url\":\"https:\/\/www.kompetensforetagen.se\/\",\"name\":\"Kompetensf\u00f6retagen\",\"description\":\"R\u00e4tt person p\u00e5 r\u00e4tt plats kan f\u00f6r\u00e4ndra v\u00e4rlden\",\"publisher\":{\"@id\":\"https:\/\/www.kompetensforetagen.se\/#organization\"},\"potentialAction\":[{\"@type\":\"SearchAction\",\"target\":{\"@type\":\"EntryPoint\",\"urlTemplate\":\"https:\/\/www.kompetensforetagen.se\/?s={search_term_string}\"},\"query-input\":{\"@type\":\"PropertyValueSpecification\",\"valueRequired\":true,\"valueName\":\"search_term_string\"}}],\"inLanguage\":\"sv-SE\"},{\"@type\":\"Organization\",\"@id\":\"https:\/\/www.kompetensforetagen.se\/#organization\",\"name\":\"Kompetensf\u00f6retagen\",\"url\":\"https:\/\/www.kompetensforetagen.se\/\",\"logo\":{\"@type\":\"ImageObject\",\"inLanguage\":\"sv-SE\",\"@id\":\"https:\/\/www.kompetensforetagen.se\/#\/schema\/logo\/image\/\",\"url\":\"https:\/\/www.kompetensforetagen.se\/app\/uploads\/sites\/5\/2022\/10\/logga_svart.png\",\"contentUrl\":\"https:\/\/www.kompetensforetagen.se\/app\/uploads\/sites\/5\/2022\/10\/logga_svart.png\",\"width\":752,\"height\":64,\"caption\":\"Kompetensf\u00f6retagen\"},\"image\":{\"@id\":\"https:\/\/www.kompetensforetagen.se\/#\/schema\/logo\/image\/\"},\"sameAs\":[\"https:\/\/www.linkedin.com\/company\/10540032\/\"]}]}<\/script>\n<!-- \/ Yoast SEO Premium plugin. -->","yoast_head_json":{"title":"Villkor f\u00f6r Branschmedlemskap","description":"H\u00e4r hittar du villkor f\u00f6r branschmedlemskap i Kompetensf\u00f6retagen. L\u00e4s mer om underlag du m\u00e5ste skicka in och vilka krav som st\u00e4lls.","robots":{"index":"index","follow":"follow","max-snippet":"max-snippet:-1","max-image-preview":"max-image-preview:large","max-video-preview":"max-video-preview:-1"},"canonical":"https:\/\/www.kompetensforetagen.se\/villkor-for-medlemskap-3\/","og_locale":"sv_SE","og_type":"article","og_title":"Villkor f\u00f6r Branschmedlemskap","og_description":"H\u00e4r hittar du villkor f\u00f6r branschmedlemskap i Kompetensf\u00f6retagen. L\u00e4s mer om underlag du m\u00e5ste skicka in och vilka krav som st\u00e4lls.","og_url":"https:\/\/www.kompetensforetagen.se\/villkor-for-medlemskap-3\/","og_site_name":"Kompetensf\u00f6retagen","article_modified_time":"2025-10-16T09:30:08+00:00","twitter_card":"summary_large_image","twitter_misc":{"Ber\u00e4knad l\u00e4stid":"2 minuter"},"schema":{"@context":"https:\/\/schema.org","@graph":[{"@type":"WebPage","@id":"https:\/\/www.kompetensforetagen.se\/villkor-for-medlemskap-3\/","url":"https:\/\/www.kompetensforetagen.se\/villkor-for-medlemskap-3\/","name":"Villkor f\u00f6r Branschmedlemskap","isPartOf":{"@id":"https:\/\/www.kompetensforetagen.se\/#website"},"datePublished":"2019-07-01T08:19:34+00:00","dateModified":"2025-10-16T09:30:08+00:00","description":"H\u00e4r hittar du villkor f\u00f6r branschmedlemskap i Kompetensf\u00f6retagen. L\u00e4s mer om underlag du m\u00e5ste skicka in och vilka krav som st\u00e4lls.","breadcrumb":{"@id":"https:\/\/www.kompetensforetagen.se\/villkor-for-medlemskap-3\/#breadcrumb"},"inLanguage":"sv-SE","potentialAction":[{"@type":"ReadAction","target":["https:\/\/www.kompetensforetagen.se\/villkor-for-medlemskap-3\/"]}]},{"@type":"BreadcrumbList","@id":"https:\/\/www.kompetensforetagen.se\/villkor-for-medlemskap-3\/#breadcrumb","itemListElement":[{"@type":"ListItem","position":1,"name":"Home","item":"https:\/\/www.kompetensforetagen.se\/"},{"@type":"ListItem","position":2,"name":"Villkor f\u00f6r Branschmedlemskap"}]},{"@type":"WebSite","@id":"https:\/\/www.kompetensforetagen.se\/#website","url":"https:\/\/www.kompetensforetagen.se\/","name":"Kompetensf\u00f6retagen","description":"R\u00e4tt person p\u00e5 r\u00e4tt plats kan f\u00f6r\u00e4ndra v\u00e4rlden","publisher":{"@id":"https:\/\/www.kompetensforetagen.se\/#organization"},"potentialAction":[{"@type":"SearchAction","target":{"@type":"EntryPoint","urlTemplate":"https:\/\/www.kompetensforetagen.se\/?s={search_term_string}"},"query-input":{"@type":"PropertyValueSpecification","valueRequired":true,"valueName":"search_term_string"}}],"inLanguage":"sv-SE"},{"@type":"Organization","@id":"https:\/\/www.kompetensforetagen.se\/#organization","name":"Kompetensf\u00f6retagen","url":"https:\/\/www.kompetensforetagen.se\/","logo":{"@type":"ImageObject","inLanguage":"sv-SE","@id":"https:\/\/www.kompetensforetagen.se\/#\/schema\/logo\/image\/","url":"https:\/\/www.kompetensforetagen.se\/app\/uploads\/sites\/5\/2022\/10\/logga_svart.png","contentUrl":"https:\/\/www.kompetensforetagen.se\/app\/uploads\/sites\/5\/2022\/10\/logga_svart.png","width":752,"height":64,"caption":"Kompetensf\u00f6retagen"},"image":{"@id":"https:\/\/www.kompetensforetagen.se\/#\/schema\/logo\/image\/"},"sameAs":["https:\/\/www.linkedin.com\/company\/10540032\/"]}]}},"_links":{"self":[{"href":"https:\/\/www.kompetensforetagen.se\/api\/wp\/v2\/pages\/3585","targetHints":{"allow":["GET"]}}],"collection":[{"href":"https:\/\/www.kompetensforetagen.se\/api\/wp\/v2\/pages"}],"about":[{"href":"https:\/\/www.kompetensforetagen.se\/api\/wp\/v2\/types\/page"}],"author":[{"embeddable":true,"href":"https:\/\/www.kompetensforetagen.se\/api\/wp\/v2\/users\/1"}],"replies":[{"embeddable":true,"href":"https:\/\/www.kompetensforetagen.se\/api\/wp\/v2\/comments?post=3585"}],"version-history":[{"count":33,"href":"https:\/\/www.kompetensforetagen.se\/api\/wp\/v2\/pages\/3585\/revisions"}],"predecessor-version":[{"id":20990,"href":"https:\/\/www.kompetensforetagen.se\/api\/wp\/v2\/pages\/3585\/revisions\/20990"}],"wp:attachment":[{"href":"https:\/\/www.kompetensforetagen.se\/api\/wp\/v2\/media?parent=3585"}],"wp:term":[{"taxonomy":"type","embeddable":true,"href":"https:\/\/www.kompetensforetagen.se\/api\/wp\/v2\/article_type?post=3585"},{"taxonomy":"agreement","embeddable":true,"href":"https:\/\/www.kompetensforetagen.se\/api\/wp\/v2\/agreement?post=3585"},{"taxonomy":"for-members","embeddable":true,"href":"https:\/\/www.kompetensforetagen.se\/api\/wp\/v2\/for-members?post=3585"}],"curies":[{"name":"wp","href":"https:\/\/api.w.org\/{rel}","templated":true}]}}