{"id":3402,"date":"2019-05-23T09:30:19","date_gmt":"2019-05-23T07:30:19","guid":{"rendered":"https:\/\/www.kompetensforetagen.se\/?page_id=3402"},"modified":"2025-10-16T12:13:05","modified_gmt":"2025-10-16T10:13:05","slug":"konsultundersokningar","status":"publish","type":"page","link":"https:\/\/www.kompetensforetagen.se\/statistik\/konsultundersokningar\/","title":{"rendered":"Konsult&shy;unders\u00f6kningar"},"content":{"rendered":"<div id=\"block-hero-block_d89c51a8263d6797b135caac4d5e3074\" class=\"Hero --has-media has-primary-background-color has-paragraph-text\">\n\n      <img loading=\"lazy\" decoding=\"async\" width=\"1180\" height=\"781\" src=\"https:\/\/www.kompetensforetagen.se\/app\/uploads\/sites\/5\/2023\/11\/pexels-lukas-590037-1180x781.jpg\" class=\"Hero__image\" alt=\"Konsultunders\u00f6kningar\" srcset=\"https:\/\/www.kompetensforetagen.se\/app\/uploads\/sites\/5\/2023\/11\/pexels-lukas-590037-1180x781.jpg 1180w, https:\/\/www.kompetensforetagen.se\/app\/uploads\/sites\/5\/2023\/11\/pexels-lukas-590037-580x384.jpg 580w, https:\/\/www.kompetensforetagen.se\/app\/uploads\/sites\/5\/2023\/11\/pexels-lukas-590037-380x252.jpg 380w, https:\/\/www.kompetensforetagen.se\/app\/uploads\/sites\/5\/2023\/11\/pexels-lukas-590037-768x509.jpg 768w, https:\/\/www.kompetensforetagen.se\/app\/uploads\/sites\/5\/2023\/11\/pexels-lukas-590037-1536x1017.jpg 1536w, https:\/\/www.kompetensforetagen.se\/app\/uploads\/sites\/5\/2023\/11\/pexels-lukas-590037-2048x1356.jpg 2048w, https:\/\/www.kompetensforetagen.se\/app\/uploads\/sites\/5\/2023\/11\/pexels-lukas-590037-600x397.jpg 600w\" sizes=\"auto, (max-width: 1180px) 100vw, 1180px\" \/>\n    \n  <div class=\"Hero__inner container has-primary-background-color has-background-image\">\n              <div class=\"Hero__title\">\n          <h1><i> Konsult&shy;unders\u00f6kningar<\/i><\/h1>\n        <\/div>\n                    <div class=\"Hero__text\">\n          <p>Vartannat \u00e5r tar Kompetensf\u00f6retagen tempen p\u00e5 hur det \u00e4r att jobba som konsult. Medlemsf\u00f6retagens konsulter svarar anonymt bland annat p\u00e5 hur de ser p\u00e5 sina jobb, hur de trivs och vilka f\u00f6rdelar jobbet ger.<\/p>\n\n        <\/div>\n                    <\/div>\n<\/div>\n\n\n\n<div class=\"wp-block-group has-secondary-background-color has-background is-layout-constrained wp-block-group-is-layout-constrained\">\n<div class=\"wp-block-columns is-layout-flex wp-container-core-columns-is-layout-9d6595d7 wp-block-columns-is-layout-flex\">\n<div class=\"wp-block-column is-layout-flow wp-block-column-is-layout-flow\"><div class=\"wp-block wp-block-core-heading heading-in-sidebar\" id=\"konsultundersokning\"><a class='Share__link Share__link--url copy-text' href='#' rel='nofollow' data-text='konsultundersokning' title='Dela url' data-confirmation='L\u00e4nken kopierades till urklipp'><svg class='icon icon--link'  width='18' height='18' viewBox='0 0 18 18' fill='none' xmlns='http:\/\/www.w3.org\/2000\/svg'>\n            <path d='M10.4142 0.514721L6.87868 4.05025L8.29289 5.46447L11.1213 2.63604L15.364 6.87868L12.5355 9.70711L13.9497 11.1213L17.4853 7.58579C17.8763 7.19476 17.8763 6.5626 17.4853 6.17158L11.8284 0.514721C11.4374 0.123691 10.8052 0.123691 10.4142 0.514721Z' fill='black'\/>\n            <path d='M9.7071 12.5355L6.87868 15.364L2.63604 11.1213L5.46446 8.2929L4.05025 6.87868L0.514716 10.4142C0.123686 10.8052 0.123686 11.4374 0.514716 11.8284L6.17157 17.4853C6.5626 17.8763 7.19475 17.8763 7.58578 17.4853L11.1213 13.9497L9.7071 12.5355Z' fill='black'\/>\n            <path d='M6.17157 11.8284C6.5626 12.2195 7.19475 12.2195 7.58578 11.8284L11.8284 7.58579C12.2195 7.19476 12.2195 6.56261 11.8284 6.17158C11.4374 5.78055 10.8052 5.78055 10.4142 6.17158L6.17157 10.4142C5.78054 10.8052 5.78054 11.4374 6.17157 11.8284Z' fill='black'\/>\n            <\/svg> <\/a>\n<h2 class=\"wp-block-heading\" id=\"h-konsultundersokning\">Konsultunders\u00f6kning<\/h2>\n<\/div>\n\n<div class=\"wp-block wp-block-core-heading\" id=\"2023\">\n<h4 class=\"wp-block-heading\" id=\"h-2023\"><strong>2023<\/strong><\/h4>\n<\/div>\n\n<div class=\"wp-block wp-block-core-paragraph\">\n<p>Drygt 3 500 konsulter svarade p\u00e5 den unders\u00f6kning som Demoskop utf\u00f6rde p\u00e5 uppdrag av Kompetensf\u00f6retagen v\u00e5ren 2023.  \u00c4ven h\u00e4r \u00e4r det tre av fyra som rekommenderar jobbet som konsult, bland utrikesf\u00f6dda var siffran 85 procent. Var tredje person hade tagit jobbet f\u00f6r att kompetensutvecklas, och f\u00f6r sex av tio var det ett s\u00e4tt att f\u00e5 jobb. Var tredje konsult blev intresserad av jobbet genom v\u00e4nner eller andra kontakter. <\/p>\n<\/div>\n\n<div id=\"block-iconlink-block_1117a961e426f26a551573f6fcead84b\" class=\"Icon-link Icon-link--arrow-tip\">\n      <a href=\"https:\/\/www.kompetensforetagen.se\/app\/uploads\/sites\/5\/2023\/11\/Konsultundersokningen_2023.pdf\" target=\"_blank\" class=\"Button is-button is-style-fill has-black-background-color has-black-border-color has-white-color Button--arrow-tip\">\n      <div class=\"Button__text\">\n        Konsultunders\u00f6kning 2023\n      <\/div>\n      <div class=\"Button__arrow  arrow-tip \">\n                <div class=\"Button__line\"><\/div>\n                <svg class='icon icon--arrow-tip'  width=\"11\" height=\"16\" viewBox=\"0 0 11 16\" fill=\"none\" xmlns=\"http:\/\/www.w3.org\/2000\/svg\">\n<path d=\"M0.858398 15L9.2304 7.99664L0.967732 1.00001\" stroke=\"black\" stroke-width=\"2\" stroke-miterlimit=\"10\"\/>\n<\/svg>\n\n        <\/div>\n    <\/a>\n  <\/div>\n<\/div>\n\n\n\n<div class=\"wp-block-column is-layout-flow wp-block-column-is-layout-flow\"><div class=\"wp-block wp-block-core-heading heading-in-sidebar\" id=\"konsultundersokning\"><a class='Share__link Share__link--url copy-text' href='#' rel='nofollow' data-text='konsultundersokning' title='Dela url' data-confirmation='L\u00e4nken kopierades till urklipp'><svg class='icon icon--link'  width='18' height='18' viewBox='0 0 18 18' fill='none' xmlns='http:\/\/www.w3.org\/2000\/svg'>\n            <path d='M10.4142 0.514721L6.87868 4.05025L8.29289 5.46447L11.1213 2.63604L15.364 6.87868L12.5355 9.70711L13.9497 11.1213L17.4853 7.58579C17.8763 7.19476 17.8763 6.5626 17.4853 6.17158L11.8284 0.514721C11.4374 0.123691 10.8052 0.123691 10.4142 0.514721Z' fill='black'\/>\n            <path d='M9.7071 12.5355L6.87868 15.364L2.63604 11.1213L5.46446 8.2929L4.05025 6.87868L0.514716 10.4142C0.123686 10.8052 0.123686 11.4374 0.514716 11.8284L6.17157 17.4853C6.5626 17.8763 7.19475 17.8763 7.58578 17.4853L11.1213 13.9497L9.7071 12.5355Z' fill='black'\/>\n            <path d='M6.17157 11.8284C6.5626 12.2195 7.19475 12.2195 7.58578 11.8284L11.8284 7.58579C12.2195 7.19476 12.2195 6.56261 11.8284 6.17158C11.4374 5.78055 10.8052 5.78055 10.4142 6.17158L6.17157 10.4142C5.78054 10.8052 5.78054 11.4374 6.17157 11.8284Z' fill='black'\/>\n            <\/svg> <\/a>\n<h2 class=\"wp-block-heading\" id=\"h-konsultundersokning-0\">Konsultunders\u00f6kning<\/h2>\n<\/div>\n\n<div class=\"wp-block wp-block-core-heading\" id=\"2021\">\n<h4 class=\"wp-block-heading\" id=\"h-2021\"><strong>2021<\/strong><\/h4>\n<\/div>\n\n<div class=\"wp-block wp-block-core-paragraph\">\n<p>Konsultunders\u00f6kningen genomf\u00f6rdes under v\u00e5ren 2021 bland konsulter inom ett flertal medlemsf\u00f6retag. Det vi ser i \u00e5rets unders\u00f6kning \u00e4r att konsultjobbet \u00e4r attraktivt och ett insteg till arbetsmarknaden. Bland annat svarar tre av fyra att de rekommenderar jobbet som konsult och lika m\u00e5nga \u00e4r n\u00f6jda med arbetsuppgifterna. F\u00f6r h\u00e4lften av de som deltog i unders\u00f6kningen var konsultrollen ett s\u00e4tt att f\u00e5 jobb. Tydligast visar unders\u00f6kningen att det g\u00e4ller&nbsp;unga och utrikesf\u00f6dda.<\/p>\n<\/div>\n\n<div id=\"block-iconlink-block_6a537eb8e4dcbeaea3f8b03980a1459b\" class=\"Icon-link Icon-link--arrow-tip\">\n      <a href=\"https:\/\/www.kompetensforetagen.se\/2021\/09\/konsultundersokningen-2021-bemanningsbranschen-skapar-insteg-och-framsteg-pa-arbetsmarknaden\/\" target=\"_blank\" class=\"Button is-button is-style-fill has-black-background-color has-black-border-color has-white-color Button--arrow-tip\">\n      <div class=\"Button__text\">\n        Konsult\u00adunders\u00f6kning 2021\n      <\/div>\n      <div class=\"Button__arrow  arrow-tip \">\n                <div class=\"Button__line\"><\/div>\n                <svg class='icon icon--arrow-tip'  width=\"11\" height=\"16\" viewBox=\"0 0 11 16\" fill=\"none\" xmlns=\"http:\/\/www.w3.org\/2000\/svg\">\n<path d=\"M0.858398 15L9.2304 7.99664L0.967732 1.00001\" stroke=\"black\" stroke-width=\"2\" stroke-miterlimit=\"10\"\/>\n<\/svg>\n\n        <\/div>\n    <\/a>\n  <\/div>\n<\/div>\n\n\n\n<div class=\"wp-block-column is-layout-flow wp-block-column-is-layout-flow\"><div class=\"wp-block wp-block-core-heading heading-in-sidebar\" id=\"konsultundersokning\"><a class='Share__link Share__link--url copy-text' href='#' rel='nofollow' data-text='konsultundersokning' title='Dela url' data-confirmation='L\u00e4nken kopierades till urklipp'><svg class='icon icon--link'  width='18' height='18' viewBox='0 0 18 18' fill='none' xmlns='http:\/\/www.w3.org\/2000\/svg'>\n            <path d='M10.4142 0.514721L6.87868 4.05025L8.29289 5.46447L11.1213 2.63604L15.364 6.87868L12.5355 9.70711L13.9497 11.1213L17.4853 7.58579C17.8763 7.19476 17.8763 6.5626 17.4853 6.17158L11.8284 0.514721C11.4374 0.123691 10.8052 0.123691 10.4142 0.514721Z' fill='black'\/>\n            <path d='M9.7071 12.5355L6.87868 15.364L2.63604 11.1213L5.46446 8.2929L4.05025 6.87868L0.514716 10.4142C0.123686 10.8052 0.123686 11.4374 0.514716 11.8284L6.17157 17.4853C6.5626 17.8763 7.19475 17.8763 7.58578 17.4853L11.1213 13.9497L9.7071 12.5355Z' fill='black'\/>\n            <path d='M6.17157 11.8284C6.5626 12.2195 7.19475 12.2195 7.58578 11.8284L11.8284 7.58579C12.2195 7.19476 12.2195 6.56261 11.8284 6.17158C11.4374 5.78055 10.8052 5.78055 10.4142 6.17158L6.17157 10.4142C5.78054 10.8052 5.78054 11.4374 6.17157 11.8284Z' fill='black'\/>\n            <\/svg> <\/a>\n<h2 class=\"wp-block-heading\" id=\"h-konsultundersokning-1\">Konsultunders\u00f6kning<\/h2>\n<\/div>\n\n<div class=\"wp-block wp-block-core-heading\" id=\"2019\">\n<h4 class=\"wp-block-heading\" id=\"h-2019\"><strong>2019<\/strong><\/h4>\n<\/div>\n\n<div class=\"wp-block wp-block-core-paragraph\">\n<p>Under v\u00e5ren 2018 har ett flertal medlemsf\u00f6retag deltagit i en konsultunders\u00f6kning. Rapporten ger en bland annat en god inblick i varf\u00f6r konsulterna v\u00e4ljer att jobba i branschen, hur de trivs p\u00e5 sina jobb, hur l\u00e4nge de v\u00e4ljer att stanna i branschen. En av de stora insikterna i denna unders\u00f6kning \u00e4r att det jobbar fler kvinnor i branschen \u00e4n n\u00e5gonsin f\u00f6rr. En fj\u00e4rdedel av konsulterna var arbetsl\u00f6sa innan de fick jobb i branschen, och av alla upplever sju av tio jobbet som meningsfullt.<\/p>\n<\/div>\n\n<div id=\"block-iconlink-block_59f4c68bdd7ebd4b8ac660a752ebd4b9\" class=\"Icon-link Icon-link--arrow-tip\">\n      <a href=\"https:\/\/www.kompetensforetagen.se\/app\/uploads\/sites\/5\/2019\/05\/konsultundersokningen-2019-slutrapport-1.pdf\" target=\"_blank\" class=\"Button is-button is-style-fill has-black-background-color has-black-border-color has-white-color Button--arrow-tip\">\n      <div class=\"Button__text\">\n        Konsult\u00adunders\u00f6kning 2019\n      <\/div>\n      <div class=\"Button__arrow  arrow-tip \">\n                <div class=\"Button__line\"><\/div>\n                <svg class='icon icon--arrow-tip'  width=\"11\" height=\"16\" viewBox=\"0 0 11 16\" fill=\"none\" xmlns=\"http:\/\/www.w3.org\/2000\/svg\">\n<path d=\"M0.858398 15L9.2304 7.99664L0.967732 1.00001\" stroke=\"black\" stroke-width=\"2\" stroke-miterlimit=\"10\"\/>\n<\/svg>\n\n        <\/div>\n    <\/a>\n  <\/div>\n<\/div>\n<\/div>\n\n\n\n<div class=\"wp-block-columns is-layout-flex wp-container-core-columns-is-layout-9d6595d7 wp-block-columns-is-layout-flex\">\n<div class=\"wp-block-column is-layout-flow wp-block-column-is-layout-flow\"><div class=\"wp-block wp-block-core-heading heading-in-sidebar\" id=\"konsultundersokning\"><a class='Share__link Share__link--url copy-text' href='#' rel='nofollow' data-text='konsultundersokning' title='Dela url' data-confirmation='L\u00e4nken kopierades till urklipp'><svg class='icon icon--link'  width='18' height='18' viewBox='0 0 18 18' fill='none' xmlns='http:\/\/www.w3.org\/2000\/svg'>\n            <path d='M10.4142 0.514721L6.87868 4.05025L8.29289 5.46447L11.1213 2.63604L15.364 6.87868L12.5355 9.70711L13.9497 11.1213L17.4853 7.58579C17.8763 7.19476 17.8763 6.5626 17.4853 6.17158L11.8284 0.514721C11.4374 0.123691 10.8052 0.123691 10.4142 0.514721Z' fill='black'\/>\n            <path d='M9.7071 12.5355L6.87868 15.364L2.63604 11.1213L5.46446 8.2929L4.05025 6.87868L0.514716 10.4142C0.123686 10.8052 0.123686 11.4374 0.514716 11.8284L6.17157 17.4853C6.5626 17.8763 7.19475 17.8763 7.58578 17.4853L11.1213 13.9497L9.7071 12.5355Z' fill='black'\/>\n            <path d='M6.17157 11.8284C6.5626 12.2195 7.19475 12.2195 7.58578 11.8284L11.8284 7.58579C12.2195 7.19476 12.2195 6.56261 11.8284 6.17158C11.4374 5.78055 10.8052 5.78055 10.4142 6.17158L6.17157 10.4142C5.78054 10.8052 5.78054 11.4374 6.17157 11.8284Z' fill='black'\/>\n            <\/svg> <\/a>\n<h2 class=\"wp-block-heading\" id=\"h-konsultundersokning-2\">Konsultunders\u00f6kning<\/h2>\n<\/div>\n\n<div class=\"wp-block wp-block-core-heading\" id=\"2017\">\n<h4 class=\"wp-block-heading\" id=\"h-2017\"><strong>2017<\/strong><\/h4>\n<\/div>\n\n<div id=\"block-iconlink-block_ac623fb27462c0365535b81396e6389b\" class=\"Icon-link Icon-link--arrow-tip\">\n      <a href=\"https:\/\/www.kompetensforetagen.se\/app\/uploads\/sites\/5\/imported\/Rapport-Konsultundersokning--Bemanningsforetagen--2017-11-24.pdf\" target=\"_blank\" class=\"Button is-button is-style-outline has-green-color is-style-outline Button--arrow-tip\">\n      <div class=\"Button__text\">\n        Konsult\u00adunders\u00f6kning 2017\n      <\/div>\n      <div class=\"Button__arrow  arrow-tip \">\n                <div class=\"Button__line\"><\/div>\n                <svg class='icon icon--arrow-tip'  width=\"11\" height=\"16\" viewBox=\"0 0 11 16\" fill=\"none\" xmlns=\"http:\/\/www.w3.org\/2000\/svg\">\n<path d=\"M0.858398 15L9.2304 7.99664L0.967732 1.00001\" stroke=\"black\" stroke-width=\"2\" stroke-miterlimit=\"10\"\/>\n<\/svg>\n\n        <\/div>\n    <\/a>\n  <\/div>\n<\/div>\n\n\n\n<div class=\"wp-block-column is-layout-flow wp-block-column-is-layout-flow\"><\/div>\n<\/div>\n<\/div>\n","protected":false},"excerpt":{"rendered":"","protected":false},"author":169,"featured_media":0,"parent":12453,"menu_order":5,"comment_status":"closed","ping_status":"closed","template":"","meta":{"_acf_changed":false,"footnotes":""},"article_type":[],"agreement":[],"for-members":[],"class_list":["post-3402","page","type-page","status-publish","hentry"],"acf":[],"yoast_head":"<!-- This site is optimized with the Yoast SEO Premium plugin v26.8 (Yoast SEO v26.8) - https:\/\/yoast.com\/product\/yoast-seo-premium-wordpress\/ -->\n<title>Kompetensf\u00f6retagens konsultunders\u00f6kningar<\/title>\n<meta name=\"description\" content=\"Vartannat \u00e5r unders\u00f6ker Kompetensf\u00f6retagen bl a hur medlemsf\u00f6retagens konsulter ser p\u00e5 sina jobb, hur de trivs och vilka f\u00f6rdelar jobbet ger.\" \/>\n<meta name=\"robots\" content=\"index, follow, max-snippet:-1, max-image-preview:large, max-video-preview:-1\" \/>\n<link rel=\"canonical\" href=\"https:\/\/www.kompetensforetagen.se\/statistik\/konsultundersokningar\/\" \/>\n<meta property=\"og:locale\" content=\"sv_SE\" \/>\n<meta property=\"og:type\" content=\"article\" \/>\n<meta property=\"og:title\" content=\"Konsultunders\u00f6kningar\" \/>\n<meta property=\"og:description\" content=\"Vartannat \u00e5r unders\u00f6ker Kompetensf\u00f6retagen bl a hur medlemsf\u00f6retagens konsulter ser p\u00e5 sina jobb, hur de trivs och vilka f\u00f6rdelar jobbet ger.\" \/>\n<meta property=\"og:url\" content=\"https:\/\/www.kompetensforetagen.se\/statistik\/konsultundersokningar\/\" \/>\n<meta property=\"og:site_name\" content=\"Kompetensf\u00f6retagen\" \/>\n<meta property=\"article:modified_time\" content=\"2025-10-16T10:13:05+00:00\" \/>\n<meta name=\"twitter:card\" content=\"summary_large_image\" \/>\n<meta name=\"twitter:label1\" content=\"Ber\u00e4knad l\u00e4stid\" \/>\n\t<meta name=\"twitter:data1\" content=\"2 minuter\" \/>\n<script type=\"application\/ld+json\" class=\"yoast-schema-graph\">{\"@context\":\"https:\/\/schema.org\",\"@graph\":[{\"@type\":\"WebPage\",\"@id\":\"https:\/\/www.kompetensforetagen.se\/statistik\/konsultundersokningar\/\",\"url\":\"https:\/\/www.kompetensforetagen.se\/statistik\/konsultundersokningar\/\",\"name\":\"Kompetensf\u00f6retagens konsultunders\u00f6kningar\",\"isPartOf\":{\"@id\":\"https:\/\/www.kompetensforetagen.se\/#website\"},\"datePublished\":\"2019-05-23T07:30:19+00:00\",\"dateModified\":\"2025-10-16T10:13:05+00:00\",\"description\":\"Vartannat \u00e5r unders\u00f6ker Kompetensf\u00f6retagen bl a hur medlemsf\u00f6retagens konsulter ser p\u00e5 sina jobb, hur de trivs och vilka f\u00f6rdelar jobbet ger.\",\"breadcrumb\":{\"@id\":\"https:\/\/www.kompetensforetagen.se\/statistik\/konsultundersokningar\/#breadcrumb\"},\"inLanguage\":\"sv-SE\",\"potentialAction\":[{\"@type\":\"ReadAction\",\"target\":[\"https:\/\/www.kompetensforetagen.se\/statistik\/konsultundersokningar\/\"]}]},{\"@type\":\"BreadcrumbList\",\"@id\":\"https:\/\/www.kompetensforetagen.se\/statistik\/konsultundersokningar\/#breadcrumb\",\"itemListElement\":[{\"@type\":\"ListItem\",\"position\":1,\"name\":\"Home\",\"item\":\"https:\/\/www.kompetensforetagen.se\/\"},{\"@type\":\"ListItem\",\"position\":2,\"name\":\"Rapporter och statistik\",\"item\":\"https:\/\/www.kompetensforetagen.se\/statistik\/\"},{\"@type\":\"ListItem\",\"position\":3,\"name\":\"Konsult&shy;unders\u00f6kningar\"}]},{\"@type\":\"WebSite\",\"@id\":\"https:\/\/www.kompetensforetagen.se\/#website\",\"url\":\"https:\/\/www.kompetensforetagen.se\/\",\"name\":\"Kompetensf\u00f6retagen\",\"description\":\"R\u00e4tt person p\u00e5 r\u00e4tt plats kan f\u00f6r\u00e4ndra v\u00e4rlden\",\"publisher\":{\"@id\":\"https:\/\/www.kompetensforetagen.se\/#organization\"},\"potentialAction\":[{\"@type\":\"SearchAction\",\"target\":{\"@type\":\"EntryPoint\",\"urlTemplate\":\"https:\/\/www.kompetensforetagen.se\/?s={search_term_string}\"},\"query-input\":{\"@type\":\"PropertyValueSpecification\",\"valueRequired\":true,\"valueName\":\"search_term_string\"}}],\"inLanguage\":\"sv-SE\"},{\"@type\":\"Organization\",\"@id\":\"https:\/\/www.kompetensforetagen.se\/#organization\",\"name\":\"Kompetensf\u00f6retagen\",\"url\":\"https:\/\/www.kompetensforetagen.se\/\",\"logo\":{\"@type\":\"ImageObject\",\"inLanguage\":\"sv-SE\",\"@id\":\"https:\/\/www.kompetensforetagen.se\/#\/schema\/logo\/image\/\",\"url\":\"https:\/\/www.kompetensforetagen.se\/app\/uploads\/sites\/5\/2022\/10\/logga_svart.png\",\"contentUrl\":\"https:\/\/www.kompetensforetagen.se\/app\/uploads\/sites\/5\/2022\/10\/logga_svart.png\",\"width\":752,\"height\":64,\"caption\":\"Kompetensf\u00f6retagen\"},\"image\":{\"@id\":\"https:\/\/www.kompetensforetagen.se\/#\/schema\/logo\/image\/\"},\"sameAs\":[\"https:\/\/www.linkedin.com\/company\/10540032\/\"]}]}<\/script>\n<!-- \/ Yoast SEO Premium plugin. -->","yoast_head_json":{"title":"Kompetensf\u00f6retagens konsultunders\u00f6kningar","description":"Vartannat \u00e5r unders\u00f6ker Kompetensf\u00f6retagen bl a hur medlemsf\u00f6retagens konsulter ser p\u00e5 sina jobb, hur de trivs och vilka f\u00f6rdelar jobbet ger.","robots":{"index":"index","follow":"follow","max-snippet":"max-snippet:-1","max-image-preview":"max-image-preview:large","max-video-preview":"max-video-preview:-1"},"canonical":"https:\/\/www.kompetensforetagen.se\/statistik\/konsultundersokningar\/","og_locale":"sv_SE","og_type":"article","og_title":"Konsultunders\u00f6kningar","og_description":"Vartannat \u00e5r unders\u00f6ker Kompetensf\u00f6retagen bl a hur medlemsf\u00f6retagens konsulter ser p\u00e5 sina jobb, hur de trivs och vilka f\u00f6rdelar jobbet ger.","og_url":"https:\/\/www.kompetensforetagen.se\/statistik\/konsultundersokningar\/","og_site_name":"Kompetensf\u00f6retagen","article_modified_time":"2025-10-16T10:13:05+00:00","twitter_card":"summary_large_image","twitter_misc":{"Ber\u00e4knad l\u00e4stid":"2 minuter"},"schema":{"@context":"https:\/\/schema.org","@graph":[{"@type":"WebPage","@id":"https:\/\/www.kompetensforetagen.se\/statistik\/konsultundersokningar\/","url":"https:\/\/www.kompetensforetagen.se\/statistik\/konsultundersokningar\/","name":"Kompetensf\u00f6retagens konsultunders\u00f6kningar","isPartOf":{"@id":"https:\/\/www.kompetensforetagen.se\/#website"},"datePublished":"2019-05-23T07:30:19+00:00","dateModified":"2025-10-16T10:13:05+00:00","description":"Vartannat \u00e5r unders\u00f6ker Kompetensf\u00f6retagen bl a hur medlemsf\u00f6retagens konsulter ser p\u00e5 sina jobb, hur de trivs och vilka f\u00f6rdelar jobbet ger.","breadcrumb":{"@id":"https:\/\/www.kompetensforetagen.se\/statistik\/konsultundersokningar\/#breadcrumb"},"inLanguage":"sv-SE","potentialAction":[{"@type":"ReadAction","target":["https:\/\/www.kompetensforetagen.se\/statistik\/konsultundersokningar\/"]}]},{"@type":"BreadcrumbList","@id":"https:\/\/www.kompetensforetagen.se\/statistik\/konsultundersokningar\/#breadcrumb","itemListElement":[{"@type":"ListItem","position":1,"name":"Home","item":"https:\/\/www.kompetensforetagen.se\/"},{"@type":"ListItem","position":2,"name":"Rapporter och statistik","item":"https:\/\/www.kompetensforetagen.se\/statistik\/"},{"@type":"ListItem","position":3,"name":"Konsult&shy;unders\u00f6kningar"}]},{"@type":"WebSite","@id":"https:\/\/www.kompetensforetagen.se\/#website","url":"https:\/\/www.kompetensforetagen.se\/","name":"Kompetensf\u00f6retagen","description":"R\u00e4tt person p\u00e5 r\u00e4tt plats kan f\u00f6r\u00e4ndra v\u00e4rlden","publisher":{"@id":"https:\/\/www.kompetensforetagen.se\/#organization"},"potentialAction":[{"@type":"SearchAction","target":{"@type":"EntryPoint","urlTemplate":"https:\/\/www.kompetensforetagen.se\/?s={search_term_string}"},"query-input":{"@type":"PropertyValueSpecification","valueRequired":true,"valueName":"search_term_string"}}],"inLanguage":"sv-SE"},{"@type":"Organization","@id":"https:\/\/www.kompetensforetagen.se\/#organization","name":"Kompetensf\u00f6retagen","url":"https:\/\/www.kompetensforetagen.se\/","logo":{"@type":"ImageObject","inLanguage":"sv-SE","@id":"https:\/\/www.kompetensforetagen.se\/#\/schema\/logo\/image\/","url":"https:\/\/www.kompetensforetagen.se\/app\/uploads\/sites\/5\/2022\/10\/logga_svart.png","contentUrl":"https:\/\/www.kompetensforetagen.se\/app\/uploads\/sites\/5\/2022\/10\/logga_svart.png","width":752,"height":64,"caption":"Kompetensf\u00f6retagen"},"image":{"@id":"https:\/\/www.kompetensforetagen.se\/#\/schema\/logo\/image\/"},"sameAs":["https:\/\/www.linkedin.com\/company\/10540032\/"]}]}},"_links":{"self":[{"href":"https:\/\/www.kompetensforetagen.se\/api\/wp\/v2\/pages\/3402","targetHints":{"allow":["GET"]}}],"collection":[{"href":"https:\/\/www.kompetensforetagen.se\/api\/wp\/v2\/pages"}],"about":[{"href":"https:\/\/www.kompetensforetagen.se\/api\/wp\/v2\/types\/page"}],"author":[{"embeddable":true,"href":"https:\/\/www.kompetensforetagen.se\/api\/wp\/v2\/users\/169"}],"replies":[{"embeddable":true,"href":"https:\/\/www.kompetensforetagen.se\/api\/wp\/v2\/comments?post=3402"}],"version-history":[{"count":5,"href":"https:\/\/www.kompetensforetagen.se\/api\/wp\/v2\/pages\/3402\/revisions"}],"predecessor-version":[{"id":16040,"href":"https:\/\/www.kompetensforetagen.se\/api\/wp\/v2\/pages\/3402\/revisions\/16040"}],"up":[{"embeddable":true,"href":"https:\/\/www.kompetensforetagen.se\/api\/wp\/v2\/pages\/12453"}],"wp:attachment":[{"href":"https:\/\/www.kompetensforetagen.se\/api\/wp\/v2\/media?parent=3402"}],"wp:term":[{"taxonomy":"type","embeddable":true,"href":"https:\/\/www.kompetensforetagen.se\/api\/wp\/v2\/article_type?post=3402"},{"taxonomy":"agreement","embeddable":true,"href":"https:\/\/www.kompetensforetagen.se\/api\/wp\/v2\/agreement?post=3402"},{"taxonomy":"for-members","embeddable":true,"href":"https:\/\/www.kompetensforetagen.se\/api\/wp\/v2\/for-members?post=3402"}],"curies":[{"name":"wp","href":"https:\/\/api.w.org\/{rel}","templated":true}]}}