{"id":29,"date":"2018-02-21T14:09:19","date_gmt":"2018-02-21T13:09:19","guid":{"rendered":"http:\/\/staging.bemanningsforetagen.se\/?page_id=29"},"modified":"2024-04-09T15:28:15","modified_gmt":"2024-04-09T13:28:15","slug":"pressrum-kompetensforetagen","status":"publish","type":"page","link":"https:\/\/www.kompetensforetagen.se\/pressrum-kompetensforetagen\/","title":{"rendered":"Pressrum"},"content":{"rendered":"<div id=\"block-hero-block_b8f3c6125469ac8d8c80f8954cfc0216\" class=\"Hero --has-media has-lightgray-background-color\">\n\n      <img loading=\"lazy\" decoding=\"async\" width=\"1180\" height=\"664\" src=\"https:\/\/www.kompetensforetagen.se\/app\/uploads\/sites\/5\/2023\/06\/pexels-mike-bird-114820-1180x664.jpg\" class=\"Hero__image\" alt=\"Stor bokhylla med gamla h\u00f6gtalare, ljudkassetter, vinyl- och CD-skivor\" srcset=\"https:\/\/www.kompetensforetagen.se\/app\/uploads\/sites\/5\/2023\/06\/pexels-mike-bird-114820-1180x664.jpg 1180w, https:\/\/www.kompetensforetagen.se\/app\/uploads\/sites\/5\/2023\/06\/pexels-mike-bird-114820-580x326.jpg 580w, https:\/\/www.kompetensforetagen.se\/app\/uploads\/sites\/5\/2023\/06\/pexels-mike-bird-114820-380x214.jpg 380w, https:\/\/www.kompetensforetagen.se\/app\/uploads\/sites\/5\/2023\/06\/pexels-mike-bird-114820-768x432.jpg 768w, https:\/\/www.kompetensforetagen.se\/app\/uploads\/sites\/5\/2023\/06\/pexels-mike-bird-114820-1536x864.jpg 1536w, https:\/\/www.kompetensforetagen.se\/app\/uploads\/sites\/5\/2023\/06\/pexels-mike-bird-114820-2048x1152.jpg 2048w, https:\/\/www.kompetensforetagen.se\/app\/uploads\/sites\/5\/2023\/06\/pexels-mike-bird-114820-600x338.jpg 600w\" sizes=\"auto, (max-width: 1180px) 100vw, 1180px\" \/>\n    \n  <div class=\"Hero__inner container has-lightgray-background-color has-background-image has-arrow\">\n              <div class=\"Hero__title\">\n          <h1><i> Pressrum<\/i><\/h1>\n        <\/div>\n                                <div class=\"Hero__arrow\">\n          <svg class='icon icon--squiggly-arrow'  width=\"282\" height=\"302\" viewBox=\"0 0 282 302\" fill=\"none\" xmlns=\"http:\/\/www.w3.org\/2000\/svg\">\n<path d=\"M108.429 281.19L129.837 295.44L143.97 274.186\" stroke=\"black\" stroke-width=\"4\" stroke-miterlimit=\"10\"\/>\n<path d=\"M43.8871 68.0497C53.3269 84.3998 70.0075 95.6755 88.6244 97.6784C107.24 99.6801 125.826 95.0068 144.209 91.4645C162.592 87.9216 182.067 85.5682 199.674 91.9481C220.515 99.5002 236.316 120.278 236.492 142.446C236.669 164.616 220.178 186.234 198.428 190.49C188.558 192.423 177.815 190.842 169.542 185.112C161.271 179.382 155.88 169.284 156.859 159.269C158.292 144.577 173.761 133.512 188.444 135C203.126 136.491 215.468 148.757 219.176 163.047C222.881 177.337 218.804 192.932 210.416 205.072C202.027 217.212 189.703 226.187 176.514 232.804C167.472 237.341 157.931 240.877 149.144 245.889C140.356 250.899 132.161 257.651 127.746 266.755C123.333 275.858 126.637 283.983 129.929 295.386\" stroke=\"black\" stroke-width=\"4\" stroke-miterlimit=\"10\"\/>\n<\/svg>\n\n          <\/div>\n        <\/div>\n<\/div>\n\n\n<div class=\"wp-block wp-block-core-heading\" id=\"valkommen-till-kompetensforetagens-pressrum.-har-hittar-du-vara-pressmeddelanden-och-pressbilder.-som-journalist-ar-du-varmt-valkommen-att\u00a0kontakta-fredric-skalstad-(070-541-32-68)-med-din-forfragan.\">\n<h3 class=\"wp-block-heading\" id=\"h-valkommen-till-kompetensforetagens-pressrum-har-hittar-du-vara-pressmeddelanden-och-pressbilder-som-journalist-ar-du-varmt-valkommen-att-kontakta-fredric-skalstad-070-541-32-68-med-din-forfragan\"><strong>V\u00e4lkommen till Kompetensf\u00f6retagens pressrum. H\u00e4r hittar du v\u00e5ra pressmeddelanden och pressbilder. Som journalist \u00e4r du varmt v\u00e4lkommen att\u00a0kontakta Fredric Sk\u00e4lstad (070-541 32 68) med din f\u00f6rfr\u00e5gan.<\/strong><\/h3>\n<\/div>\n\n\n<div class=\"wp-block-columns is-layout-flex wp-container-core-columns-is-layout-9d6595d7 wp-block-columns-is-layout-flex\">\n<div class=\"wp-block-column is-layout-flow wp-block-column-is-layout-flow\"><div id=\"block-iconlink-block_ca083ed9c21e09027213e00838c310c6\" class=\"Icon-link Icon-link--arrow-tip\">\n      <a href=\"https:\/\/via.tt.se\/pressrum\/kompetensforetagen\/m?publisherId=2596428\" target=\"_blank\" class=\"Button is-button is-style-fill has-green-background-color has-green-border-color has-white-color Button--arrow-tip\">\n      <div class=\"Button__text\">\n        Pressbilder, logotyper och dokument\n      <\/div>\n      <div class=\"Button__arrow  arrow-tip \">\n                <div class=\"Button__line\"><\/div>\n                <svg class='icon icon--arrow-tip'  width=\"11\" height=\"16\" viewBox=\"0 0 11 16\" fill=\"none\" xmlns=\"http:\/\/www.w3.org\/2000\/svg\">\n<path d=\"M0.858398 15L9.2304 7.99664L0.967732 1.00001\" stroke=\"black\" stroke-width=\"2\" stroke-miterlimit=\"10\"\/>\n<\/svg>\n\n        <\/div>\n    <\/a>\n  <\/div>\n<\/div>\n\n\n\n<div class=\"wp-block-column is-layout-flow wp-block-column-is-layout-flow\"><div id=\"block-contact-block_8cbb6e974e5a1cfbf01906684e8eaa97\" class=\"Contact\">\n  <\/div>\n<\/div>\n<\/div>\n\n\n\n<div class=\"wp-block-group has-secondary-background-color has-background is-layout-constrained wp-block-group-is-layout-constrained\"><div class=\"Listing no-bg\" id=\"block-c2d64b9b-1b85-477d-b5dd-9241b48f530f\">\n  <div class=\"container\">\n    <div class=\"Listing__heading\">\n       <h2>PRESSMEDDELANDEN<\/h2>     <\/div>\n    <div class=\"row\">\n      \n          <\/div>\n    \n      <\/div>\n<\/div><\/div>\n","protected":false},"excerpt":{"rendered":"<p>V\u00e4lkommen till Kompetensf\u00f6retagens pressrum. H\u00e4r hittar du v\u00e5ra pressmeddelanden och pressbilder. Som journalist \u00e4r du varmt v\u00e4lkommen att\u00a0kontakta Fredric Sk\u00e4lstad (070-541 32 68) med din f\u00f6rfr\u00e5gan.<\/p>\n","protected":false},"author":1,"featured_media":0,"parent":0,"menu_order":7,"comment_status":"closed","ping_status":"closed","template":"","meta":{"_acf_changed":false,"footnotes":""},"article_type":[],"agreement":[],"for-members":[],"class_list":["post-29","page","type-page","status-publish","hentry"],"acf":[],"yoast_head":"<!-- This site is optimized with the Yoast SEO Premium plugin v26.8 (Yoast SEO v26.8) - https:\/\/yoast.com\/product\/yoast-seo-premium-wordpress\/ -->\n<title>Kompetensf\u00f6retagens pressrum<\/title>\n<meta name=\"description\" content=\"V\u00e4lkomna till Kompetensf\u00f6retagens pressrum. H\u00e4r hittar du kontaktinformation, pressmeddelanden och pressbilder.\" \/>\n<meta name=\"robots\" content=\"index, follow, max-snippet:-1, max-image-preview:large, max-video-preview:-1\" \/>\n<link rel=\"canonical\" href=\"https:\/\/www.kompetensforetagen.se\/pressrum-kompetensforetagen\/\" \/>\n<meta property=\"og:locale\" content=\"sv_SE\" \/>\n<meta property=\"og:type\" content=\"article\" \/>\n<meta property=\"og:title\" content=\"Pressrum\" \/>\n<meta property=\"og:description\" content=\"V\u00e4lkomna till Kompetensf\u00f6retagens pressrum. H\u00e4r hittar du kontaktinformation, pressmeddelanden och pressbilder.\" \/>\n<meta property=\"og:url\" content=\"https:\/\/www.kompetensforetagen.se\/pressrum-kompetensforetagen\/\" \/>\n<meta property=\"og:site_name\" content=\"Kompetensf\u00f6retagen\" \/>\n<meta property=\"article:modified_time\" content=\"2024-04-09T13:28:15+00:00\" \/>\n<meta name=\"twitter:card\" content=\"summary_large_image\" \/>\n<meta name=\"twitter:label1\" content=\"Ber\u00e4knad l\u00e4stid\" \/>\n\t<meta name=\"twitter:data1\" content=\"1 minut\" \/>\n<script type=\"application\/ld+json\" class=\"yoast-schema-graph\">{\"@context\":\"https:\/\/schema.org\",\"@graph\":[{\"@type\":\"WebPage\",\"@id\":\"https:\/\/www.kompetensforetagen.se\/pressrum-kompetensforetagen\/\",\"url\":\"https:\/\/www.kompetensforetagen.se\/pressrum-kompetensforetagen\/\",\"name\":\"Kompetensf\u00f6retagens pressrum\",\"isPartOf\":{\"@id\":\"https:\/\/www.kompetensforetagen.se\/#website\"},\"datePublished\":\"2018-02-21T13:09:19+00:00\",\"dateModified\":\"2024-04-09T13:28:15+00:00\",\"description\":\"V\u00e4lkomna till Kompetensf\u00f6retagens pressrum. H\u00e4r hittar du kontaktinformation, pressmeddelanden och pressbilder.\",\"breadcrumb\":{\"@id\":\"https:\/\/www.kompetensforetagen.se\/pressrum-kompetensforetagen\/#breadcrumb\"},\"inLanguage\":\"sv-SE\",\"potentialAction\":[{\"@type\":\"ReadAction\",\"target\":[\"https:\/\/www.kompetensforetagen.se\/pressrum-kompetensforetagen\/\"]}]},{\"@type\":\"BreadcrumbList\",\"@id\":\"https:\/\/www.kompetensforetagen.se\/pressrum-kompetensforetagen\/#breadcrumb\",\"itemListElement\":[{\"@type\":\"ListItem\",\"position\":1,\"name\":\"Home\",\"item\":\"https:\/\/www.kompetensforetagen.se\/\"},{\"@type\":\"ListItem\",\"position\":2,\"name\":\"Pressrum\"}]},{\"@type\":\"WebSite\",\"@id\":\"https:\/\/www.kompetensforetagen.se\/#website\",\"url\":\"https:\/\/www.kompetensforetagen.se\/\",\"name\":\"Kompetensf\u00f6retagen\",\"description\":\"R\u00e4tt person p\u00e5 r\u00e4tt plats kan f\u00f6r\u00e4ndra v\u00e4rlden\",\"publisher\":{\"@id\":\"https:\/\/www.kompetensforetagen.se\/#organization\"},\"potentialAction\":[{\"@type\":\"SearchAction\",\"target\":{\"@type\":\"EntryPoint\",\"urlTemplate\":\"https:\/\/www.kompetensforetagen.se\/?s={search_term_string}\"},\"query-input\":{\"@type\":\"PropertyValueSpecification\",\"valueRequired\":true,\"valueName\":\"search_term_string\"}}],\"inLanguage\":\"sv-SE\"},{\"@type\":\"Organization\",\"@id\":\"https:\/\/www.kompetensforetagen.se\/#organization\",\"name\":\"Kompetensf\u00f6retagen\",\"url\":\"https:\/\/www.kompetensforetagen.se\/\",\"logo\":{\"@type\":\"ImageObject\",\"inLanguage\":\"sv-SE\",\"@id\":\"https:\/\/www.kompetensforetagen.se\/#\/schema\/logo\/image\/\",\"url\":\"https:\/\/www.kompetensforetagen.se\/app\/uploads\/sites\/5\/2022\/10\/logga_svart.png\",\"contentUrl\":\"https:\/\/www.kompetensforetagen.se\/app\/uploads\/sites\/5\/2022\/10\/logga_svart.png\",\"width\":752,\"height\":64,\"caption\":\"Kompetensf\u00f6retagen\"},\"image\":{\"@id\":\"https:\/\/www.kompetensforetagen.se\/#\/schema\/logo\/image\/\"},\"sameAs\":[\"https:\/\/www.linkedin.com\/company\/10540032\/\"]}]}<\/script>\n<!-- \/ Yoast SEO Premium plugin. -->","yoast_head_json":{"title":"Kompetensf\u00f6retagens pressrum","description":"V\u00e4lkomna till Kompetensf\u00f6retagens pressrum. H\u00e4r hittar du kontaktinformation, pressmeddelanden och pressbilder.","robots":{"index":"index","follow":"follow","max-snippet":"max-snippet:-1","max-image-preview":"max-image-preview:large","max-video-preview":"max-video-preview:-1"},"canonical":"https:\/\/www.kompetensforetagen.se\/pressrum-kompetensforetagen\/","og_locale":"sv_SE","og_type":"article","og_title":"Pressrum","og_description":"V\u00e4lkomna till Kompetensf\u00f6retagens pressrum. H\u00e4r hittar du kontaktinformation, pressmeddelanden och pressbilder.","og_url":"https:\/\/www.kompetensforetagen.se\/pressrum-kompetensforetagen\/","og_site_name":"Kompetensf\u00f6retagen","article_modified_time":"2024-04-09T13:28:15+00:00","twitter_card":"summary_large_image","twitter_misc":{"Ber\u00e4knad l\u00e4stid":"1 minut"},"schema":{"@context":"https:\/\/schema.org","@graph":[{"@type":"WebPage","@id":"https:\/\/www.kompetensforetagen.se\/pressrum-kompetensforetagen\/","url":"https:\/\/www.kompetensforetagen.se\/pressrum-kompetensforetagen\/","name":"Kompetensf\u00f6retagens pressrum","isPartOf":{"@id":"https:\/\/www.kompetensforetagen.se\/#website"},"datePublished":"2018-02-21T13:09:19+00:00","dateModified":"2024-04-09T13:28:15+00:00","description":"V\u00e4lkomna till Kompetensf\u00f6retagens pressrum. H\u00e4r hittar du kontaktinformation, pressmeddelanden och pressbilder.","breadcrumb":{"@id":"https:\/\/www.kompetensforetagen.se\/pressrum-kompetensforetagen\/#breadcrumb"},"inLanguage":"sv-SE","potentialAction":[{"@type":"ReadAction","target":["https:\/\/www.kompetensforetagen.se\/pressrum-kompetensforetagen\/"]}]},{"@type":"BreadcrumbList","@id":"https:\/\/www.kompetensforetagen.se\/pressrum-kompetensforetagen\/#breadcrumb","itemListElement":[{"@type":"ListItem","position":1,"name":"Home","item":"https:\/\/www.kompetensforetagen.se\/"},{"@type":"ListItem","position":2,"name":"Pressrum"}]},{"@type":"WebSite","@id":"https:\/\/www.kompetensforetagen.se\/#website","url":"https:\/\/www.kompetensforetagen.se\/","name":"Kompetensf\u00f6retagen","description":"R\u00e4tt person p\u00e5 r\u00e4tt plats kan f\u00f6r\u00e4ndra v\u00e4rlden","publisher":{"@id":"https:\/\/www.kompetensforetagen.se\/#organization"},"potentialAction":[{"@type":"SearchAction","target":{"@type":"EntryPoint","urlTemplate":"https:\/\/www.kompetensforetagen.se\/?s={search_term_string}"},"query-input":{"@type":"PropertyValueSpecification","valueRequired":true,"valueName":"search_term_string"}}],"inLanguage":"sv-SE"},{"@type":"Organization","@id":"https:\/\/www.kompetensforetagen.se\/#organization","name":"Kompetensf\u00f6retagen","url":"https:\/\/www.kompetensforetagen.se\/","logo":{"@type":"ImageObject","inLanguage":"sv-SE","@id":"https:\/\/www.kompetensforetagen.se\/#\/schema\/logo\/image\/","url":"https:\/\/www.kompetensforetagen.se\/app\/uploads\/sites\/5\/2022\/10\/logga_svart.png","contentUrl":"https:\/\/www.kompetensforetagen.se\/app\/uploads\/sites\/5\/2022\/10\/logga_svart.png","width":752,"height":64,"caption":"Kompetensf\u00f6retagen"},"image":{"@id":"https:\/\/www.kompetensforetagen.se\/#\/schema\/logo\/image\/"},"sameAs":["https:\/\/www.linkedin.com\/company\/10540032\/"]}]}},"_links":{"self":[{"href":"https:\/\/www.kompetensforetagen.se\/api\/wp\/v2\/pages\/29","targetHints":{"allow":["GET"]}}],"collection":[{"href":"https:\/\/www.kompetensforetagen.se\/api\/wp\/v2\/pages"}],"about":[{"href":"https:\/\/www.kompetensforetagen.se\/api\/wp\/v2\/types\/page"}],"author":[{"embeddable":true,"href":"https:\/\/www.kompetensforetagen.se\/api\/wp\/v2\/users\/1"}],"replies":[{"embeddable":true,"href":"https:\/\/www.kompetensforetagen.se\/api\/wp\/v2\/comments?post=29"}],"version-history":[{"count":10,"href":"https:\/\/www.kompetensforetagen.se\/api\/wp\/v2\/pages\/29\/revisions"}],"predecessor-version":[{"id":17018,"href":"https:\/\/www.kompetensforetagen.se\/api\/wp\/v2\/pages\/29\/revisions\/17018"}],"wp:attachment":[{"href":"https:\/\/www.kompetensforetagen.se\/api\/wp\/v2\/media?parent=29"}],"wp:term":[{"taxonomy":"type","embeddable":true,"href":"https:\/\/www.kompetensforetagen.se\/api\/wp\/v2\/article_type?post=29"},{"taxonomy":"agreement","embeddable":true,"href":"https:\/\/www.kompetensforetagen.se\/api\/wp\/v2\/agreement?post=29"},{"taxonomy":"for-members","embeddable":true,"href":"https:\/\/www.kompetensforetagen.se\/api\/wp\/v2\/for-members?post=29"}],"curies":[{"name":"wp","href":"https:\/\/api.w.org\/{rel}","templated":true}]}}