{"id":22,"date":"2018-02-21T13:46:02","date_gmt":"2018-02-21T12:46:02","guid":{"rendered":"http:\/\/staging.bemanningsforetagen.se\/?page_id=22"},"modified":"2026-02-10T10:42:43","modified_gmt":"2026-02-10T09:42:43","slug":"kontakt","status":"publish","type":"page","link":"https:\/\/www.kompetensforetagen.se\/kontakt\/","title":{"rendered":"Kontakt"},"content":{"rendered":"<div id=\"block-hero-block_54f998df40960963efd5a78577e61d8f\" class=\"Hero has-green-background-color\">\n\n    \n  <div class=\"Hero__inner container has-green-background-color has-arrow\">\n              <div class=\"Hero__title\">\n          <h1>Kontakta<i> Kompetens&shy;f\u00f6retagen<\/i><\/h1>\n        <\/div>\n                                <div class=\"Hero__arrow\">\n          <svg class='icon icon--squiggly-arrow'  width=\"282\" height=\"302\" viewBox=\"0 0 282 302\" fill=\"none\" xmlns=\"http:\/\/www.w3.org\/2000\/svg\">\n<path d=\"M108.429 281.19L129.837 295.44L143.97 274.186\" stroke=\"black\" stroke-width=\"4\" stroke-miterlimit=\"10\"\/>\n<path d=\"M43.8871 68.0497C53.3269 84.3998 70.0075 95.6755 88.6244 97.6784C107.24 99.6801 125.826 95.0068 144.209 91.4645C162.592 87.9216 182.067 85.5682 199.674 91.9481C220.515 99.5002 236.316 120.278 236.492 142.446C236.669 164.616 220.178 186.234 198.428 190.49C188.558 192.423 177.815 190.842 169.542 185.112C161.271 179.382 155.88 169.284 156.859 159.269C158.292 144.577 173.761 133.512 188.444 135C203.126 136.491 215.468 148.757 219.176 163.047C222.881 177.337 218.804 192.932 210.416 205.072C202.027 217.212 189.703 226.187 176.514 232.804C167.472 237.341 157.931 240.877 149.144 245.889C140.356 250.899 132.161 257.651 127.746 266.755C123.333 275.858 126.637 283.983 129.929 295.386\" stroke=\"black\" stroke-width=\"4\" stroke-miterlimit=\"10\"\/>\n<\/svg>\n\n          <\/div>\n        <\/div>\n<\/div>\n\n\n\n<div class=\"wp-block-group is-layout-constrained wp-block-group-is-layout-constrained\">\n<div class=\"wp-block-columns is-layout-flex wp-container-core-columns-is-layout-9d6595d7 wp-block-columns-is-layout-flex\">\n<div class=\"wp-block-column is-layout-flow wp-block-column-is-layout-flow\"><div class=\"wp-block wp-block-core-heading heading-in-sidebar\" id=\"press\"><a class='Share__link Share__link--url copy-text' href='#' rel='nofollow' data-text='press' title='Dela url' data-confirmation='L\u00e4nken kopierades till urklipp'><svg class='icon icon--link'  width='18' height='18' viewBox='0 0 18 18' fill='none' xmlns='http:\/\/www.w3.org\/2000\/svg'>\n            <path d='M10.4142 0.514721L6.87868 4.05025L8.29289 5.46447L11.1213 2.63604L15.364 6.87868L12.5355 9.70711L13.9497 11.1213L17.4853 7.58579C17.8763 7.19476 17.8763 6.5626 17.4853 6.17158L11.8284 0.514721C11.4374 0.123691 10.8052 0.123691 10.4142 0.514721Z' fill='black'\/>\n            <path d='M9.7071 12.5355L6.87868 15.364L2.63604 11.1213L5.46446 8.2929L4.05025 6.87868L0.514716 10.4142C0.123686 10.8052 0.123686 11.4374 0.514716 11.8284L6.17157 17.4853C6.5626 17.8763 7.19475 17.8763 7.58578 17.4853L11.1213 13.9497L9.7071 12.5355Z' fill='black'\/>\n            <path d='M6.17157 11.8284C6.5626 12.2195 7.19475 12.2195 7.58578 11.8284L11.8284 7.58579C12.2195 7.19476 12.2195 6.56261 11.8284 6.17158C11.4374 5.78055 10.8052 5.78055 10.4142 6.17158L6.17157 10.4142C5.78054 10.8052 5.78054 11.4374 6.17157 11.8284Z' fill='black'\/>\n            <\/svg> <\/a>\n<h2 class=\"wp-block-heading\" id=\"h-press\">Press<\/h2>\n<\/div>\n\n<div class=\"wp-block wp-block-core-paragraph\">\n<p>Du som \u00e4r journalist \u00e4r v\u00e4lkommen att kontakta v\u00e5r presstj\u00e4nst eller ta del av pressmeddelanden och -bilder.<\/p>\n<\/div>\n\n<div id=\"block-iconlink-block_d2f355c4c5a81303b5a27bf9f9f1c71c\" class=\"Icon-link Icon-link--arrow-tip\">\n      <a href=\"https:\/\/www.kompetensforetagen.se\/pressrum-kompetensforetagen\/\" target=\"_blank\" class=\"Button is-button is-fullwidth is-style-fill has-green-background-color has-green-border-color has-white-color Button--arrow-tip white-space-nowrap\">\n      <div class=\"Button__text\">\n        Till pressrum\n      <\/div>\n      <div class=\"Button__arrow  arrow-tip \">\n                <div class=\"Button__line\"><\/div>\n                <svg class='icon icon--arrow-tip'  width=\"11\" height=\"16\" viewBox=\"0 0 11 16\" fill=\"none\" xmlns=\"http:\/\/www.w3.org\/2000\/svg\">\n<path d=\"M0.858398 15L9.2304 7.99664L0.967732 1.00001\" stroke=\"black\" stroke-width=\"2\" stroke-miterlimit=\"10\"\/>\n<\/svg>\n\n        <\/div>\n    <\/a>\n  <\/div>\n<\/div>\n\n\n\n<div class=\"wp-block-column is-layout-flow wp-block-column-is-layout-flow\"><div class=\"wp-block wp-block-core-heading heading-in-sidebar\" id=\"medlemservice\"><a class='Share__link Share__link--url copy-text' href='#' rel='nofollow' data-text='medlemservice' title='Dela url' data-confirmation='L\u00e4nken kopierades till urklipp'><svg class='icon icon--link'  width='18' height='18' viewBox='0 0 18 18' fill='none' xmlns='http:\/\/www.w3.org\/2000\/svg'>\n            <path d='M10.4142 0.514721L6.87868 4.05025L8.29289 5.46447L11.1213 2.63604L15.364 6.87868L12.5355 9.70711L13.9497 11.1213L17.4853 7.58579C17.8763 7.19476 17.8763 6.5626 17.4853 6.17158L11.8284 0.514721C11.4374 0.123691 10.8052 0.123691 10.4142 0.514721Z' fill='black'\/>\n            <path d='M9.7071 12.5355L6.87868 15.364L2.63604 11.1213L5.46446 8.2929L4.05025 6.87868L0.514716 10.4142C0.123686 10.8052 0.123686 11.4374 0.514716 11.8284L6.17157 17.4853C6.5626 17.8763 7.19475 17.8763 7.58578 17.4853L11.1213 13.9497L9.7071 12.5355Z' fill='black'\/>\n            <path d='M6.17157 11.8284C6.5626 12.2195 7.19475 12.2195 7.58578 11.8284L11.8284 7.58579C12.2195 7.19476 12.2195 6.56261 11.8284 6.17158C11.4374 5.78055 10.8052 5.78055 10.4142 6.17158L6.17157 10.4142C5.78054 10.8052 5.78054 11.4374 6.17157 11.8284Z' fill='black'\/>\n            <\/svg> <\/a>\n<h2 class=\"wp-block-heading\" id=\"h-medlemservice\">Medlemservice<\/h2>\n<\/div>\n\n<div class=\"wp-block wp-block-core-paragraph\">\n<p>Har du fr\u00e5gor ang\u00e5ende ditt medlemskap eller vill bli medlem och det kvarst\u00e5r fr\u00e5gor v\u00e4nligen <a href=\"mailto:medlem@almega.se\" target=\"_blank\" rel=\"noreferrer noopener\"><strong>mejla oss.<\/strong><\/a><\/p>\n<\/div>\n\n<div id=\"block-iconlink-block_31cf4938621b4e63889f4616c1dc7da4\" class=\"Icon-link Icon-link--arrow-tip\">\n      <a href=\"mailto:medlem@almega.se\" target=\"_blank\" class=\"Button is-button is-fullwidth is-style-fill has-green-background-color has-green-border-color has-white-color Button--arrow-tip white-space-nowrap\">\n      <div class=\"Button__text\">\n        Mejla oss\n      <\/div>\n      <div class=\"Button__arrow  arrow-tip \">\n                <div class=\"Button__line\"><\/div>\n                <svg class='icon icon--arrow-tip'  width=\"11\" height=\"16\" viewBox=\"0 0 11 16\" fill=\"none\" xmlns=\"http:\/\/www.w3.org\/2000\/svg\">\n<path d=\"M0.858398 15L9.2304 7.99664L0.967732 1.00001\" stroke=\"black\" stroke-width=\"2\" stroke-miterlimit=\"10\"\/>\n<\/svg>\n\n        <\/div>\n    <\/a>\n  <\/div>\n<\/div>\n\n\n\n<div class=\"wp-block-column is-layout-flow wp-block-column-is-layout-flow\"><div class=\"wp-block wp-block-core-heading heading-in-sidebar\" id=\"arbetsgivarjouren\"><a class='Share__link Share__link--url copy-text' href='#' rel='nofollow' data-text='arbetsgivarjouren' title='Dela url' data-confirmation='L\u00e4nken kopierades till urklipp'><svg class='icon icon--link'  width='18' height='18' viewBox='0 0 18 18' fill='none' xmlns='http:\/\/www.w3.org\/2000\/svg'>\n            <path d='M10.4142 0.514721L6.87868 4.05025L8.29289 5.46447L11.1213 2.63604L15.364 6.87868L12.5355 9.70711L13.9497 11.1213L17.4853 7.58579C17.8763 7.19476 17.8763 6.5626 17.4853 6.17158L11.8284 0.514721C11.4374 0.123691 10.8052 0.123691 10.4142 0.514721Z' fill='black'\/>\n            <path d='M9.7071 12.5355L6.87868 15.364L2.63604 11.1213L5.46446 8.2929L4.05025 6.87868L0.514716 10.4142C0.123686 10.8052 0.123686 11.4374 0.514716 11.8284L6.17157 17.4853C6.5626 17.8763 7.19475 17.8763 7.58578 17.4853L11.1213 13.9497L9.7071 12.5355Z' fill='black'\/>\n            <path d='M6.17157 11.8284C6.5626 12.2195 7.19475 12.2195 7.58578 11.8284L11.8284 7.58579C12.2195 7.19476 12.2195 6.56261 11.8284 6.17158C11.4374 5.78055 10.8052 5.78055 10.4142 6.17158L6.17157 10.4142C5.78054 10.8052 5.78054 11.4374 6.17157 11.8284Z' fill='black'\/>\n            <\/svg> <\/a>\n<h2 class=\"wp-block-heading\" id=\"h-arbetsgivarjouren\">Arbetsgivarjouren<\/h2>\n<\/div>\n\n<div class=\"wp-block wp-block-core-paragraph\">\n<p>I jouren arbetar m\u00e5nga av Sveriges b\u00e4sta arbetsr\u00e4ttsjurister, avtalsexperter och f\u00f6rhandlare.<\/p>\n<\/div>\n\n<div id=\"block-iconlink-block_92f749dba93466dffd97fcd1f4a2eec7\" class=\"Icon-link Icon-link--arrow-tip\">\n      <a href=\"https:\/\/www.almega.se\/kontakt\/jouren\/\" target=\"_blank\" class=\"Button is-button is-fullwidth is-style-fill has-green-background-color has-green-border-color has-white-color Button--arrow-tip\">\n      <div class=\"Button__text\">\n        Till arbetsgivarjouren\n      <\/div>\n      <div class=\"Button__arrow  arrow-tip \">\n                <div class=\"Button__line\"><\/div>\n                <svg class='icon icon--arrow-tip'  width=\"11\" height=\"16\" viewBox=\"0 0 11 16\" fill=\"none\" xmlns=\"http:\/\/www.w3.org\/2000\/svg\">\n<path d=\"M0.858398 15L9.2304 7.99664L0.967732 1.00001\" stroke=\"black\" stroke-width=\"2\" stroke-miterlimit=\"10\"\/>\n<\/svg>\n\n        <\/div>\n    <\/a>\n  <\/div>\n<\/div>\n<\/div>\n<\/div>\n\n\n\n<div class=\"wp-block-group has-secondary-background-color has-background is-layout-constrained wp-block-group-is-layout-constrained\"><div class=\"Contact-search\"\n  data-contacts=\"zVrbcts2EP0VjF5rUeCd8lOc2q7T1JlM7HamE2U0kAhJMEmQBSDFTqf\/3gVBSrRFybZCpX3wDQT3kHsO9iZ\/\/rvH4t6pHXlD76THSUZ7p72zdEXQR5Jmf62YVL2TnmIqLS+ICVVSjJYYU08pebcUZkOxyLnegCMUBg4KhmgYwXKWT1h5409egEIH2VGIfA+FIVyjGWEpXCIAZhU12Bv4hc6JJSlsmTL1ADtuVD5NFnmawVLKeAJLC6UKeToajAZfv361kjwrqKJcznJBFZlTDvePBgUVMuejgUZYA\/Sd0QDskBVRRLzUEimK0WBZpDmJ5WjgYMcfDbA7GmhHjdeOGo\/Pby5t7Nt9P8L3nutbd8UcsHIxJ5x9I4rlXPZOP\/fer1G0J2dBBQVb34JXOGd8jvLpAn2iiXhQVMDfvS8nPbmc3NGpGhNBSWnH0DFnKyIkFSs2hUetTS4Ij9PqxkKwjIiHcfNB4NV3PwbckAum2DcK2lBiSf85MToJsDPcyOSepuiKZGC7VMSQv0YqWhIbtdgtanEcG7kOGjpNtQCmtSgxKT+KWACgtt+FUvBoYGNjtl\/bLfUBX6\/VxxE0sI9sNwg3MeECHh1dGToz8yM1PxinrybedpHjIxcjx3tCfIgDL3KxZzdIp4CtSScp0WBttP8GVJu3LvQLH8a9xtnAdMC+HQH7tjHcX\/STvGDEkO8Fu8h\/x3m+Mn9uncvdJ\/asdAm6vTN+51LRes9kyeNyzxXNKols3X5j1ilXghagUBLrxYJOGUmre2Dh8rq\/686t9UuzoB9EFEsly4AGehQEtTzE5g1+V6CFmB8p5O2Tu+M4a7VfChoLNkU3SSV1qUqX1CL\/YJZ1ZJZFnoI5maDpgs7QnqC6HfjgIDhbgQ9DiiwDXxA1zsDMPJElE1I+zJtWCXYXByu8Gq6LUOiZw3B+8zO2PdvpmzzpRmEXcXAnIweqwXbtKFjr4VcqJZsSdJkLKdF7or49JwZ6D57cme\/8sC3fYQ8FLvKa1dGdAbZmGrifAPCxia8QS0CN1xXzztp0h7R3WtzoItjdUJ5DdXMBlCphLGQHVzf20yRnqpsI+QFyhk22AdOiJWaeHaO60QC1\/W4qYc\/UN48Md3isjxjvbWfo2A26wRy6WqZxs+G5fAIly4iyg+bAbT3UNpxohB\/TDPashcY6DslgvrTeBcEBtDrrqO0F\/yNyDzniQw9valooGjk6m+TQaMmU8Bbede0kCUQtKGM4uPPink6Xiq0oMouE7zz0XluIxzhEboCw31ADvCW3yCS3RPkUx47vGg7QDFhHEQCHo8G7DLaU6ghDtwt1tHPQrR7coROu5XBNxB30OOBaKpqxfpkouFuatyBcglzZvJ12COnbnawu6PD6Wk17ptGsRYl2bM5LLAPVRVczNDG\/tDo2ZjtsaTslOGzQy6B+E8AfuOTgVO7iJr1NOhkUaZX1YwR1sF+b77Aia1jtMrCf55lUeSoLkU+h5oPj9PIUPdMd5zpeY9zgLyFQkv2ac3IIhXAEXV9PHaLtwAwn1Nlc21CqAa27CrCN1WtYM+44mFaNUUN0wSywioPacL+2bM5nuJPdl8wP9uxZH8R904ubJE9zsZkNCFkvPDvX+O+mArYT+Js+8ANLUiLRW0EySdP0YA26rR0B9H9DG0XNeScvAa1JBXgUDRqMGqILDbpmPG681a+9VTX8geNaBW9V4c5hEpGKzRfgYLJhmpNDJ2LrPd8\/EXvdlOuHT7TWwv1IlGAJumDxjKZtHU5ZZcVM0ERVKztTYFth69uba7V2ixLTogbz2DWOQavAOqpysKc\/PdLbuxzZ73F5t82Oh+1orYBPdEKnCdS3h1VAro2A\/qGHotaPanCAnNCEtZp+YQCtxe6i6BfzLopCP3Lo0L6CWXRaG2F\/NKgc1q8cNvZ9O\/whZe7eisjfjCxu8wxy0YdcQHrWT4gu04c5mN9DbetUMsDIBhZd+N5SGQXDzbWaWqWRLb5Gnhng1rpXi3xFylx5CL0l1BbSd9PMsiIXisajQRR72LNnYZ84M6\/vzXDUJ75P+9PYn\/pu5Ewn\/k66\/ygd64u4SXeVmbZzxc4kdg5ZBjyku3KiW82y\/WxNQGfZZAlt+yN57a2sdn+gvC937smLLykUX\/M50Y2xk1ChPbN1+RYy4Kr28g+v\/Tafdf+5yjmn6D0R6ZPoeU3jFNxF4oxxCJvA4N78GW0PhkLH95wgejT3fyjxrKTCO0ZHaSBqhK5GhdB+GF+Na1+V\/xVhR+7h\/xUBLmbbyrk1spgfJNFnZLevjXm+sGyTaSWTOhy8UpBf\/gU=\"\n  data-cities=\"i1Zyjyk1MEgzK0lNyi9KV9JR8snMy4YIFWTmgQR8E3NyIQJATnBJfnJ2Rn5OLohdmpdSXJaYk6MUCwA=\"\n  data-organizations=\"i1ZySs1NzMvLzEtXyE\/OUAhKzS6qLEktAvKVYgE=\"\n  data-subject_areas=\"XY3BCsIwEAV\/RXIW7EG8F8Sb\/oD1kCabdmmalH3bfr8r5OR1ZmDerpeRFBMfXkBycKDhkoa969JNZl9i5jK5s7vXFVozNqmBYKWxR8vGvUR4gKFU9F9EFlq0EZNPiplWtJmB18\/RVWyErWZWxnIKMyX3+QI=\">\n\n  <header class=\"Contact-search__form\">\n\n    <div class=\"container\">\n\n      <h2>Kom i kontakt med oss<\/h2>\n\n            <label for=\"contact-query\" class=\"visually-hidden\">S\u00f6k p\u00e5 namn, roll, sakomr\u00e5de eller organisation<\/label>\n      <input\n        v-on:keydown.enter=\"scrollToResults\"\n        type=\"search\"\n        placeholder=\"S\u00f6k p\u00e5 namn, roll, sakomr\u00e5de eller organisation\"\n        v-model=\"query\"\n        :class=\"{'--is-filled': query != ''}\"\n        id=\"contact-query\">\n      <input\n        type=\"submit\"\n        aria-label=\"S\u00f6k p\u00e5 kontakter\"\n        v-on:click=\"scrollToResults\">\n      <br>\n\n      <select id=\"area\" v-model=\"filter_subject_area\" aria-label=\"Filtrera p\u00e5 omr\u00e5de\">\n        <option value=\"\" selected v-text=\"filter_subject_area == '' ? 'Omr\u00e5de' : 'Alla omr\u00e5den'\"><\/option>\n        <option v-for=\"subject_area in subject_areas\" v-html=\"subject_area\"><\/option>\n      <\/select>\n\n      <select id=\"organization\" v-model=\"filter_organization\" v-if=\"organizations.length != 0\" aria-label=\"Filtrera p\u00e5 f\u00f6rbund eller bransch\">\n                <option value=\"\" selected v-text=\"filter_organization == '' ? 'Bransch' : 'Alla branscher'\"><\/option>\n                <option v-for=\"organization in organizations\" v-html=\"organization\"><\/option>\n      <\/select>\n\n      <select id=\"city\" v-model=\"filter_city\" class=\"mt-2 ms-0 mt-md-0 ms-md-3\" aria-label=\"Filtrera p\u00e5 ort\">\n        <option value=\"\" selected v-text=\"filter_city == '' ? 'Ort' : 'Alla orter'\"><\/option>\n        <option v-for=\"city in cities\" v-html=\"city\"><\/option>\n      <\/select>\n\n      <button v-on:click=\"clearQuery()\" class=\"Contact-search__form__clear float-end\" v-if=\"anyQuery()\">\n        Rensa filter\n      <\/button>\n\n    <\/div>\n\n  <\/header>\n\n  \n  <a name=\"search-results\"><\/a>\n\n  <div v-if=\"anyQuery() || filteredContacts.length != 0\" class=\"Contact-search__result Contact has-image\">\n\n    <div class=\"container\">\n\n      <h3 v-if=\"!anyQuery() &#038;&#038; filteredContacts.length != 0\">Utvalda kontaktpersoner<\/h3>\n\n      <div aria-live=\"polite\" class=\"mb-4 sr-only\">Din s\u00f6kning gav {{ filteredContacts.length }} resultat<\/div>\n\n      <div class=\"row\">\n\n        <transition-group name=\"cards\">\n\n          <div class=\"Contact-search__result__item col-md-4 col-lg-3 pb-4\" v-for=\"contact in filteredContacts\" :key=\"contact.id\">\n\n            <div class=\"Contact-card --has-image\">\n\n              <a :href=\"contact.link\">\n                <figure class=\"Contact-card__image\">\n                  <img :src=\"contact.avatar\" :alt=\"contact.name\">\n                <\/figure>\n              <\/a>\n\n              <div class=\"Contact-card__body\">\n\n                <h2 class=\"Contact-card__title\">{{ contact.name }}<\/h2>\n\n                <p class=\"mb-0\">{{ contact.title }}<\/p>\n                <p class=\"mb-0\">{{ contact.primary_organization }}<\/p>\n\n                \n\n                <p>{{ contact.city }}<\/p>\n\n                <p>\n                  <a v-if=\"contact.phone != ''\" :href=\"'tel:'+contact.phone\">{{ contact.phone }}<\/a>\n\n                  <a v-if=\"contact.mobile != ''\" :href=\"'tel:'+contact.mobile\">{{ contact.mobile }}<\/a>\n\n                  <a v-if=\"contact.email != ''\" :href=\"'mailto:'+contact.email\">E-post<\/a>\n                <\/p>\n\n                <a :href=\"contact.link\" class=\"Contact-card__link\">\n                  <div class=\"Contact-card__arrow\">\n                    <p class=\"Contact-card__arrow__text\">L\u00e4s mer<\/p>\n                    <div class=\"Contact-card__arrow__line\"><\/div>\n                    <svg class='icon icon--arrow-tip'  width=\"11\" height=\"16\" viewBox=\"0 0 11 16\" fill=\"none\" xmlns=\"http:\/\/www.w3.org\/2000\/svg\">\n<path d=\"M0.858398 15L9.2304 7.99664L0.967732 1.00001\" stroke=\"black\" stroke-width=\"2\" stroke-miterlimit=\"10\"\/>\n<\/svg>\n\n                    <\/div>\n                <\/a>\n              <\/div>\n            <\/div>\n          <\/div>\n\n        <\/transition-group>\n\n      <\/div>\n\n      <h3 v-if=\"anyQuery() &#038;&#038; filteredContacts.length == 0\">Inga kontakter hittades med nuvarande s\u00f6kning.<\/h3>\n\n    <\/div>\n  <\/div>\n\n  \n<\/div>\n\n<\/div>\n\n\n\n<div class=\"wp-block-group is-layout-constrained wp-block-group-is-layout-constrained\"><div id=\"block-cta-block_2f6887cb4f6fdd7d2726ca97170c5870\" class=\"container\">\n      <div class=\"Cta\">\n          <div class=\"Cta__text has-secondary-background-color has-primary-color\">\n        <p>\n           <span class=\"text-1\">Arbetsgivarjouren<\/span>            <span class=\"text-2 has-black-color\">F\u00e5 hj\u00e4lp av Sveriges b\u00e4sta arbetsr\u00e4ttsjurister<\/span>          <\/p>\n        \n              <\/div>\n\n      \n              <div class=\"Cta__buttons \">\n                                              \n              <a href=\"https:\/\/www.almega.se\/kontakt\/jouren\/\"  target=\"_blank\"  class=\"Cta__button\">\n                <div class=\"Button Button--arrow-tip has-primary-background-color\">\n                  <div class=\"Button__text\">\n                    Jouren (endast f\u00f6r medlemmar)\n                  <\/div>\n                  <div class=\"Button__arrow\">\n                                          <span class=\"Button__line\"><\/span>\n                                        <svg class='icon icon--arrow-tip'  width=\"11\" height=\"16\" viewBox=\"0 0 11 16\" fill=\"none\" xmlns=\"http:\/\/www.w3.org\/2000\/svg\">\n<path d=\"M0.858398 15L9.2304 7.99664L0.967732 1.00001\" stroke=\"black\" stroke-width=\"2\" stroke-miterlimit=\"10\"\/>\n<\/svg>\n\n                    <\/div>\n                <\/div>\n              <\/a>\n                              <\/div>\n            <\/div>\n  <\/div>\n\n<\/div>\n","protected":false},"excerpt":{"rendered":"<p>Press Du som \u00e4r journalist \u00e4r v\u00e4lkommen att kontakta v\u00e5r presstj\u00e4nst eller ta del av pressmeddelanden och -bilder. Medlemservice Har du fr\u00e5gor ang\u00e5ende ditt medlemskap eller vill bli medlem och det kvarst\u00e5r fr\u00e5gor v\u00e4nligen mejla &hellip;<\/p>\n","protected":false},"author":1,"featured_media":0,"parent":0,"menu_order":2,"comment_status":"closed","ping_status":"closed","template":"","meta":{"_acf_changed":false,"footnotes":""},"article_type":[],"agreement":[],"for-members":[],"class_list":["post-22","page","type-page","status-publish","hentry"],"acf":[],"yoast_head":"<!-- This site is optimized with the Yoast SEO Premium plugin v26.8 (Yoast SEO v26.8) - https:\/\/yoast.com\/product\/yoast-seo-premium-wordpress\/ -->\n<title>Kontaktuppgifter till medarbetare p\u00e5 Kompetensf\u00f6retagen<\/title>\n<meta name=\"description\" content=\"S\u00f6ker du n\u00e5gon som jobbar p\u00e5 Kompetensf\u00f6retagen? H\u00e4r finns kontaktuppgifter till alla medarbetare, oavsett var i landet de jobbar.\" \/>\n<meta name=\"robots\" content=\"index, follow, max-snippet:-1, max-image-preview:large, max-video-preview:-1\" \/>\n<link rel=\"canonical\" href=\"https:\/\/www.kompetensforetagen.se\/kontakt\/\" \/>\n<meta property=\"og:locale\" content=\"sv_SE\" \/>\n<meta property=\"og:type\" content=\"article\" \/>\n<meta property=\"og:title\" content=\"Kontakt\" \/>\n<meta property=\"og:description\" content=\"S\u00f6ker du n\u00e5gon som jobbar p\u00e5 Kompetensf\u00f6retagen? H\u00e4r finns kontaktuppgifter till alla medarbetare, oavsett var i landet de jobbar.\" \/>\n<meta property=\"og:url\" content=\"https:\/\/www.kompetensforetagen.se\/kontakt\/\" \/>\n<meta property=\"og:site_name\" content=\"Kompetensf\u00f6retagen\" \/>\n<meta property=\"article:modified_time\" content=\"2026-02-10T09:42:43+00:00\" \/>\n<meta name=\"twitter:card\" content=\"summary_large_image\" \/>\n<meta name=\"twitter:label1\" content=\"Ber\u00e4knad l\u00e4stid\" \/>\n\t<meta name=\"twitter:data1\" content=\"1 minut\" \/>\n<script type=\"application\/ld+json\" class=\"yoast-schema-graph\">{\"@context\":\"https:\/\/schema.org\",\"@graph\":[{\"@type\":\"WebPage\",\"@id\":\"https:\/\/www.kompetensforetagen.se\/kontakt\/\",\"url\":\"https:\/\/www.kompetensforetagen.se\/kontakt\/\",\"name\":\"Kontaktuppgifter till medarbetare p\u00e5 Kompetensf\u00f6retagen\",\"isPartOf\":{\"@id\":\"https:\/\/www.kompetensforetagen.se\/#website\"},\"datePublished\":\"2018-02-21T12:46:02+00:00\",\"dateModified\":\"2026-02-10T09:42:43+00:00\",\"description\":\"S\u00f6ker du n\u00e5gon som jobbar p\u00e5 Kompetensf\u00f6retagen? H\u00e4r finns kontaktuppgifter till alla medarbetare, oavsett var i landet de jobbar.\",\"breadcrumb\":{\"@id\":\"https:\/\/www.kompetensforetagen.se\/kontakt\/#breadcrumb\"},\"inLanguage\":\"sv-SE\",\"potentialAction\":[{\"@type\":\"ReadAction\",\"target\":[\"https:\/\/www.kompetensforetagen.se\/kontakt\/\"]}]},{\"@type\":\"BreadcrumbList\",\"@id\":\"https:\/\/www.kompetensforetagen.se\/kontakt\/#breadcrumb\",\"itemListElement\":[{\"@type\":\"ListItem\",\"position\":1,\"name\":\"Home\",\"item\":\"https:\/\/www.kompetensforetagen.se\/\"},{\"@type\":\"ListItem\",\"position\":2,\"name\":\"Kontakt\"}]},{\"@type\":\"WebSite\",\"@id\":\"https:\/\/www.kompetensforetagen.se\/#website\",\"url\":\"https:\/\/www.kompetensforetagen.se\/\",\"name\":\"Kompetensf\u00f6retagen\",\"description\":\"R\u00e4tt person p\u00e5 r\u00e4tt plats kan f\u00f6r\u00e4ndra v\u00e4rlden\",\"publisher\":{\"@id\":\"https:\/\/www.kompetensforetagen.se\/#organization\"},\"potentialAction\":[{\"@type\":\"SearchAction\",\"target\":{\"@type\":\"EntryPoint\",\"urlTemplate\":\"https:\/\/www.kompetensforetagen.se\/?s={search_term_string}\"},\"query-input\":{\"@type\":\"PropertyValueSpecification\",\"valueRequired\":true,\"valueName\":\"search_term_string\"}}],\"inLanguage\":\"sv-SE\"},{\"@type\":\"Organization\",\"@id\":\"https:\/\/www.kompetensforetagen.se\/#organization\",\"name\":\"Kompetensf\u00f6retagen\",\"url\":\"https:\/\/www.kompetensforetagen.se\/\",\"logo\":{\"@type\":\"ImageObject\",\"inLanguage\":\"sv-SE\",\"@id\":\"https:\/\/www.kompetensforetagen.se\/#\/schema\/logo\/image\/\",\"url\":\"https:\/\/www.kompetensforetagen.se\/app\/uploads\/sites\/5\/2022\/10\/logga_svart.png\",\"contentUrl\":\"https:\/\/www.kompetensforetagen.se\/app\/uploads\/sites\/5\/2022\/10\/logga_svart.png\",\"width\":752,\"height\":64,\"caption\":\"Kompetensf\u00f6retagen\"},\"image\":{\"@id\":\"https:\/\/www.kompetensforetagen.se\/#\/schema\/logo\/image\/\"},\"sameAs\":[\"https:\/\/www.linkedin.com\/company\/10540032\/\"]}]}<\/script>\n<!-- \/ Yoast SEO Premium plugin. -->","yoast_head_json":{"title":"Kontaktuppgifter till medarbetare p\u00e5 Kompetensf\u00f6retagen","description":"S\u00f6ker du n\u00e5gon som jobbar p\u00e5 Kompetensf\u00f6retagen? H\u00e4r finns kontaktuppgifter till alla medarbetare, oavsett var i landet de jobbar.","robots":{"index":"index","follow":"follow","max-snippet":"max-snippet:-1","max-image-preview":"max-image-preview:large","max-video-preview":"max-video-preview:-1"},"canonical":"https:\/\/www.kompetensforetagen.se\/kontakt\/","og_locale":"sv_SE","og_type":"article","og_title":"Kontakt","og_description":"S\u00f6ker du n\u00e5gon som jobbar p\u00e5 Kompetensf\u00f6retagen? H\u00e4r finns kontaktuppgifter till alla medarbetare, oavsett var i landet de jobbar.","og_url":"https:\/\/www.kompetensforetagen.se\/kontakt\/","og_site_name":"Kompetensf\u00f6retagen","article_modified_time":"2026-02-10T09:42:43+00:00","twitter_card":"summary_large_image","twitter_misc":{"Ber\u00e4knad l\u00e4stid":"1 minut"},"schema":{"@context":"https:\/\/schema.org","@graph":[{"@type":"WebPage","@id":"https:\/\/www.kompetensforetagen.se\/kontakt\/","url":"https:\/\/www.kompetensforetagen.se\/kontakt\/","name":"Kontaktuppgifter till medarbetare p\u00e5 Kompetensf\u00f6retagen","isPartOf":{"@id":"https:\/\/www.kompetensforetagen.se\/#website"},"datePublished":"2018-02-21T12:46:02+00:00","dateModified":"2026-02-10T09:42:43+00:00","description":"S\u00f6ker du n\u00e5gon som jobbar p\u00e5 Kompetensf\u00f6retagen? H\u00e4r finns kontaktuppgifter till alla medarbetare, oavsett var i landet de jobbar.","breadcrumb":{"@id":"https:\/\/www.kompetensforetagen.se\/kontakt\/#breadcrumb"},"inLanguage":"sv-SE","potentialAction":[{"@type":"ReadAction","target":["https:\/\/www.kompetensforetagen.se\/kontakt\/"]}]},{"@type":"BreadcrumbList","@id":"https:\/\/www.kompetensforetagen.se\/kontakt\/#breadcrumb","itemListElement":[{"@type":"ListItem","position":1,"name":"Home","item":"https:\/\/www.kompetensforetagen.se\/"},{"@type":"ListItem","position":2,"name":"Kontakt"}]},{"@type":"WebSite","@id":"https:\/\/www.kompetensforetagen.se\/#website","url":"https:\/\/www.kompetensforetagen.se\/","name":"Kompetensf\u00f6retagen","description":"R\u00e4tt person p\u00e5 r\u00e4tt plats kan f\u00f6r\u00e4ndra v\u00e4rlden","publisher":{"@id":"https:\/\/www.kompetensforetagen.se\/#organization"},"potentialAction":[{"@type":"SearchAction","target":{"@type":"EntryPoint","urlTemplate":"https:\/\/www.kompetensforetagen.se\/?s={search_term_string}"},"query-input":{"@type":"PropertyValueSpecification","valueRequired":true,"valueName":"search_term_string"}}],"inLanguage":"sv-SE"},{"@type":"Organization","@id":"https:\/\/www.kompetensforetagen.se\/#organization","name":"Kompetensf\u00f6retagen","url":"https:\/\/www.kompetensforetagen.se\/","logo":{"@type":"ImageObject","inLanguage":"sv-SE","@id":"https:\/\/www.kompetensforetagen.se\/#\/schema\/logo\/image\/","url":"https:\/\/www.kompetensforetagen.se\/app\/uploads\/sites\/5\/2022\/10\/logga_svart.png","contentUrl":"https:\/\/www.kompetensforetagen.se\/app\/uploads\/sites\/5\/2022\/10\/logga_svart.png","width":752,"height":64,"caption":"Kompetensf\u00f6retagen"},"image":{"@id":"https:\/\/www.kompetensforetagen.se\/#\/schema\/logo\/image\/"},"sameAs":["https:\/\/www.linkedin.com\/company\/10540032\/"]}]}},"_links":{"self":[{"href":"https:\/\/www.kompetensforetagen.se\/api\/wp\/v2\/pages\/22","targetHints":{"allow":["GET"]}}],"collection":[{"href":"https:\/\/www.kompetensforetagen.se\/api\/wp\/v2\/pages"}],"about":[{"href":"https:\/\/www.kompetensforetagen.se\/api\/wp\/v2\/types\/page"}],"author":[{"embeddable":true,"href":"https:\/\/www.kompetensforetagen.se\/api\/wp\/v2\/users\/1"}],"replies":[{"embeddable":true,"href":"https:\/\/www.kompetensforetagen.se\/api\/wp\/v2\/comments?post=22"}],"version-history":[{"count":49,"href":"https:\/\/www.kompetensforetagen.se\/api\/wp\/v2\/pages\/22\/revisions"}],"predecessor-version":[{"id":21342,"href":"https:\/\/www.kompetensforetagen.se\/api\/wp\/v2\/pages\/22\/revisions\/21342"}],"wp:attachment":[{"href":"https:\/\/www.kompetensforetagen.se\/api\/wp\/v2\/media?parent=22"}],"wp:term":[{"taxonomy":"type","embeddable":true,"href":"https:\/\/www.kompetensforetagen.se\/api\/wp\/v2\/article_type?post=22"},{"taxonomy":"agreement","embeddable":true,"href":"https:\/\/www.kompetensforetagen.se\/api\/wp\/v2\/agreement?post=22"},{"taxonomy":"for-members","embeddable":true,"href":"https:\/\/www.kompetensforetagen.se\/api\/wp\/v2\/for-members?post=22"}],"curies":[{"name":"wp","href":"https:\/\/api.w.org\/{rel}","templated":true}]}}