{"id":20685,"date":"2025-08-05T10:28:19","date_gmt":"2025-08-05T08:28:19","guid":{"rendered":"https:\/\/www.kompetensforetagen.se\/?page_id=20685"},"modified":"2025-08-05T10:28:20","modified_gmt":"2025-08-05T08:28:20","slug":"omstallning-i-arbetslivet","status":"publish","type":"page","link":"https:\/\/www.kompetensforetagen.se\/omstallning-i-arbetslivet\/","title":{"rendered":"Omst\u00e4llning i arbetslivet\u00a0"},"content":{"rendered":"<div id=\"block-hero-block_29ea51f2ae2de4bef265ae2863b6110c\" class=\"Hero --has-media has-green-background-color\">\n\n      <img loading=\"lazy\" decoding=\"async\" width=\"1180\" height=\"788\" src=\"https:\/\/www.kompetensforetagen.se\/app\/uploads\/sites\/5\/2025\/08\/pexels-marta-klement-636760-1438072-1180x788.jpg\" class=\"Hero__image\" alt=\"Omst\u00e4llning i arbetslivet, Strategisk planering och m\u00f6teskultur.\" srcset=\"https:\/\/www.kompetensforetagen.se\/app\/uploads\/sites\/5\/2025\/08\/pexels-marta-klement-636760-1438072-1180x788.jpg 1180w, https:\/\/www.kompetensforetagen.se\/app\/uploads\/sites\/5\/2025\/08\/pexels-marta-klement-636760-1438072-580x387.jpg 580w, https:\/\/www.kompetensforetagen.se\/app\/uploads\/sites\/5\/2025\/08\/pexels-marta-klement-636760-1438072-380x254.jpg 380w, https:\/\/www.kompetensforetagen.se\/app\/uploads\/sites\/5\/2025\/08\/pexels-marta-klement-636760-1438072-768x513.jpg 768w, https:\/\/www.kompetensforetagen.se\/app\/uploads\/sites\/5\/2025\/08\/pexels-marta-klement-636760-1438072-1536x1025.jpg 1536w, https:\/\/www.kompetensforetagen.se\/app\/uploads\/sites\/5\/2025\/08\/pexels-marta-klement-636760-1438072-2048x1367.jpg 2048w, https:\/\/www.kompetensforetagen.se\/app\/uploads\/sites\/5\/2025\/08\/pexels-marta-klement-636760-1438072-600x401.jpg 600w\" sizes=\"auto, (max-width: 1180px) 100vw, 1180px\" \/>\n    \n  <div class=\"Hero__inner container has-green-background-color has-background-image has-arrow\">\n              <div class=\"Hero__title\">\n          <h1>Omst\u00e4llning<i> i arbetslivet<\/i><\/h1>\n        <\/div>\n                                <div class=\"Hero__arrow\">\n          <svg class='icon icon--squiggly-arrow'  width=\"282\" height=\"302\" viewBox=\"0 0 282 302\" fill=\"none\" xmlns=\"http:\/\/www.w3.org\/2000\/svg\">\n<path d=\"M108.429 281.19L129.837 295.44L143.97 274.186\" stroke=\"black\" stroke-width=\"4\" stroke-miterlimit=\"10\"\/>\n<path d=\"M43.8871 68.0497C53.3269 84.3998 70.0075 95.6755 88.6244 97.6784C107.24 99.6801 125.826 95.0068 144.209 91.4645C162.592 87.9216 182.067 85.5682 199.674 91.9481C220.515 99.5002 236.316 120.278 236.492 142.446C236.669 164.616 220.178 186.234 198.428 190.49C188.558 192.423 177.815 190.842 169.542 185.112C161.271 179.382 155.88 169.284 156.859 159.269C158.292 144.577 173.761 133.512 188.444 135C203.126 136.491 215.468 148.757 219.176 163.047C222.881 177.337 218.804 192.932 210.416 205.072C202.027 217.212 189.703 226.187 176.514 232.804C167.472 237.341 157.931 240.877 149.144 245.889C140.356 250.899 132.161 257.651 127.746 266.755C123.333 275.858 126.637 283.983 129.929 295.386\" stroke=\"black\" stroke-width=\"4\" stroke-miterlimit=\"10\"\/>\n<\/svg>\n\n          <\/div>\n        <\/div>\n<\/div>\n\n\n\n<div class=\"wp-block-group has-white-background-color has-background is-layout-constrained wp-block-group-is-layout-constrained\">\n<div class=\"wp-block-columns is-layout-flex wp-container-core-columns-is-layout-9d6595d7 wp-block-columns-is-layout-flex\">\n<div class=\"wp-block-column is-layout-flow wp-block-column-is-layout-flow\"><div class=\"wp-block wp-block-core-heading\" id=\"kompetensforetagens-medlemmar-utgor-en-viktig-del-av-arbetsmarknadspolitiken,-bland-annat-genom-att-erbjuda-en-omstallning-i-arbetslivet.-foretag-som-arbetar-med-omstallning-stottar-anstallda-till-att-hitta-nya-mojligheter-nar-de-riskerar-att-bli-uppsagda-eller-vill-byta-karriar.\">\n<h3 class=\"wp-block-heading\" id=\"h-kompetensforetagens-medlemmar-utgor-en-viktig-del-av-arbetsmarknadspolitiken-bland-annat-genom-att-erbjuda-en-omstallning-i-arbetslivet-foretag-som-arbetar-med-omstallning-stottar-anstallda-till-att-hitta-nya-mojligheter-nar-de-riskerar-att-bli-uppsagda-eller-vill-byta-karriar\">Kompetensf\u00f6retagens medlemmar utg\u00f6r en viktig del av arbetsmarknadspolitiken, bland annat genom att erbjuda en omst\u00e4llning i arbetslivet. F\u00f6retag som arbetar med omst\u00e4llning st\u00f6ttar anst\u00e4llda till att hitta nya m\u00f6jligheter n\u00e4r de riskerar att bli uppsagda eller vill byta karri\u00e4r. <\/h3>\n<\/div><\/div>\n\n\n\n<div class=\"wp-block-column is-layout-flow wp-block-column-is-layout-flow\"><div class=\"wp-block wp-block-core-heading\" id=\"det-kan-handla-om-allt-fran-karriarradgivning-och-jobbsokande-insatser-till-kompetensutveckling-och-utbildning.-kompetensforetagens-medlemmar-ar-leverantorer-av-dessa-tjanster-till-omstallningsorganisationerna.\">\n<h3 class=\"wp-block-heading\" id=\"h-det-kan-handla-om-allt-fran-karriarradgivning-och-jobbsokande-insatser-till-kompetensutveckling-och-utbildning-kompetensforetagens-medlemmar-ar-leverantorer-av-dessa-tjanster-till-omstallningsorganisationerna\">Det kan handla om allt fr\u00e5n karri\u00e4rr\u00e5dgivning och jobbs\u00f6kande insatser till kompetensutveckling och utbildning. Kompetensf\u00f6retagens medlemmar \u00e4r leverant\u00f6rer av dessa tj\u00e4nster till omst\u00e4llningsorganisationerna.<\/h3>\n<\/div><\/div>\n<\/div>\n<\/div>\n\n\n\n<div class=\"wp-block-group has-secondary-background-color has-background is-layout-constrained wp-block-group-is-layout-constrained\">\n<div class=\"wp-block-columns is-layout-flex wp-container-core-columns-is-layout-9d6595d7 wp-block-columns-is-layout-flex\">\n<div class=\"wp-block-column is-layout-flow wp-block-column-is-layout-flow\"><div class=\"wp-block wp-block-core-heading heading-in-sidebar\" id=\"vi-menar-att-sverige-behover-ett-omstallningssystem-som-ar:\"><a class='Share__link Share__link--url copy-text' href='#' rel='nofollow' data-text='vi-menar-att-sverige-behover-ett-omstallningssystem-som-ar:' title='Dela url' data-confirmation='L\u00e4nken kopierades till urklipp'><svg class='icon icon--link'  width='18' height='18' viewBox='0 0 18 18' fill='none' xmlns='http:\/\/www.w3.org\/2000\/svg'>\n            <path d='M10.4142 0.514721L6.87868 4.05025L8.29289 5.46447L11.1213 2.63604L15.364 6.87868L12.5355 9.70711L13.9497 11.1213L17.4853 7.58579C17.8763 7.19476 17.8763 6.5626 17.4853 6.17158L11.8284 0.514721C11.4374 0.123691 10.8052 0.123691 10.4142 0.514721Z' fill='black'\/>\n            <path d='M9.7071 12.5355L6.87868 15.364L2.63604 11.1213L5.46446 8.2929L4.05025 6.87868L0.514716 10.4142C0.123686 10.8052 0.123686 11.4374 0.514716 11.8284L6.17157 17.4853C6.5626 17.8763 7.19475 17.8763 7.58578 17.4853L11.1213 13.9497L9.7071 12.5355Z' fill='black'\/>\n            <path d='M6.17157 11.8284C6.5626 12.2195 7.19475 12.2195 7.58578 11.8284L11.8284 7.58579C12.2195 7.19476 12.2195 6.56261 11.8284 6.17158C11.4374 5.78055 10.8052 5.78055 10.4142 6.17158L6.17157 10.4142C5.78054 10.8052 5.78054 11.4374 6.17157 11.8284Z' fill='black'\/>\n            <\/svg> <\/a>\n<h2 class=\"wp-block-heading\" id=\"h-vi-menar-att-sverige-behover-ett-omstallningssystem-som-ar\">Vi menar att Sverige beh\u00f6ver ett omst\u00e4llningssystem som \u00e4r:<\/h2>\n<\/div>\n\n<div class=\"wp-block wp-block-core-list\">\n<ul class=\"wp-block-list\">\n<li>Transparent och tillg\u00e4ngligt n\u00e4r det kommer till omst\u00e4llningsorganisationernas arbete och tillg\u00e5ngen till data<\/li>\n\n\n\n<li>Likv\u00e4rdigt och kvalitativt utformat utifr\u00e5n gemensamma standarder och regelverk f\u00f6r uppf\u00f6ljning<\/li>\n\n\n\n<li>Utformat f\u00f6r fler samarbeten mellan organisationerna och en effektiv styrning av leverant\u00f6rer, f\u00f6r att \u00f6ka synergierna mellan branscher, nischer samt geografisk och yrkesm\u00e4ssig expertis<\/li>\n<\/ul>\n<\/div><\/div>\n\n\n\n<div class=\"wp-block-column is-layout-flow wp-block-column-is-layout-flow\">\n<figure class=\"wp-block-image size-large\"><img loading=\"lazy\" decoding=\"async\" width=\"1180\" height=\"787\" src=\"https:\/\/www.kompetensforetagen.se\/app\/uploads\/sites\/5\/2025\/08\/pexels-canvastudio-3153199-1180x787.jpg\" alt=\"\" class=\"wp-image-20688\" srcset=\"https:\/\/www.kompetensforetagen.se\/app\/uploads\/sites\/5\/2025\/08\/pexels-canvastudio-3153199-1180x787.jpg 1180w, https:\/\/www.kompetensforetagen.se\/app\/uploads\/sites\/5\/2025\/08\/pexels-canvastudio-3153199-580x387.jpg 580w, https:\/\/www.kompetensforetagen.se\/app\/uploads\/sites\/5\/2025\/08\/pexels-canvastudio-3153199-380x253.jpg 380w, https:\/\/www.kompetensforetagen.se\/app\/uploads\/sites\/5\/2025\/08\/pexels-canvastudio-3153199-768x512.jpg 768w, https:\/\/www.kompetensforetagen.se\/app\/uploads\/sites\/5\/2025\/08\/pexels-canvastudio-3153199-1536x1024.jpg 1536w, https:\/\/www.kompetensforetagen.se\/app\/uploads\/sites\/5\/2025\/08\/pexels-canvastudio-3153199-2048x1365.jpg 2048w, https:\/\/www.kompetensforetagen.se\/app\/uploads\/sites\/5\/2025\/08\/pexels-canvastudio-3153199-600x400.jpg 600w\" sizes=\"auto, (max-width: 1180px) 100vw, 1180px\" \/><\/figure>\n<\/div>\n<\/div>\n<\/div>\n\n\n\n<div class=\"wp-block-group has-primary-background-color has-background is-layout-constrained wp-block-group-is-layout-constrained\"><div class=\"wp-block wp-block-core-quote\">\n<blockquote class=\"wp-block-quote is-layout-flow wp-block-quote-is-layout-flow\"><div class=\"wp-block wp-block-core-paragraph\">\n<p>Omst\u00e4llning i arbetslivet \u00e4r en del av det livsl\u00e5nga l\u00e4randet: att skola om sig, kompetensutvecklas och \u00f6ka r\u00f6rligheten p\u00e5 arbetsmarknaden.<\/p>\n<\/div><\/blockquote>\n<\/div><\/div>\n\n\n\n<div class=\"wp-block-group has-white-background-color has-background is-layout-constrained wp-block-group-is-layout-constrained\"><div class=\"wp-block wp-block-core-heading\" id=\"kompetensforetagen-bedriver-ett-aktivt-paverkansarbete-for-att-forbattra-forutsattningarna-for-fristaende-leverantorer-till-omstallningsorganisationerna-och-for-att-skapa-sunda-forhallanden-pa-marknaden.\u00a0detta-gor-vi:\">\n<h3 class=\"wp-block-heading\" id=\"h-kompetensforetagen-bedriver-ett-aktivt-paverkansarbete-for-att-forbattra-forutsattningarna-for-fristaende-leverantorer-till-omstallningsorganisationerna-och-for-att-skapa-sunda-forhallanden-pa-marknaden-detta-gor-vi\">Kompetensf\u00f6retagen bedriver ett aktivt p\u00e5verkansarbete f\u00f6r att f\u00f6rb\u00e4ttra f\u00f6ruts\u00e4ttningarna f\u00f6r frist\u00e5ende leverant\u00f6rer till omst\u00e4llningsorganisationerna och f\u00f6r att skapa sunda f\u00f6rh\u00e5llanden p\u00e5 marknaden.\u00a0<strong>Detta g\u00f6r vi<\/strong>:<\/h3>\n<\/div>\n\n\n<div class=\"wp-block-columns is-layout-flex wp-container-core-columns-is-layout-9d6595d7 wp-block-columns-is-layout-flex\">\n<div class=\"wp-block-column is-layout-flow wp-block-column-is-layout-flow\">\n<figure class=\"wp-block-image aligncenter size-full is-resized\"><img loading=\"lazy\" decoding=\"async\" width=\"1080\" height=\"1080\" src=\"https:\/\/www.kompetensforetagen.se\/app\/uploads\/sites\/5\/2025\/05\/1000-medlemmar.png\" alt=\"\" class=\"wp-image-20056\" style=\"width:193px;height:auto\" srcset=\"https:\/\/www.kompetensforetagen.se\/app\/uploads\/sites\/5\/2025\/05\/1000-medlemmar.png 1080w, https:\/\/www.kompetensforetagen.se\/app\/uploads\/sites\/5\/2025\/05\/1000-medlemmar-580x580.png 580w, https:\/\/www.kompetensforetagen.se\/app\/uploads\/sites\/5\/2025\/05\/1000-medlemmar-380x380.png 380w, https:\/\/www.kompetensforetagen.se\/app\/uploads\/sites\/5\/2025\/05\/1000-medlemmar-768x768.png 768w, https:\/\/www.kompetensforetagen.se\/app\/uploads\/sites\/5\/2025\/05\/1000-medlemmar-600x600.png 600w, https:\/\/www.kompetensforetagen.se\/app\/uploads\/sites\/5\/2025\/05\/1000-medlemmar-100x100.png 100w\" sizes=\"auto, (max-width: 1080px) 100vw, 1080px\" \/><\/figure>\n\n\n<div class=\"wp-block wp-block-core-heading\" id=\"medlemsnatverk-for-att-diskutera-och-utvardera-aktuella-arbetsmarknadsfragor\">\n<h5 class=\"wp-block-heading\" id=\"h-medlemsnatverk-for-att-diskutera-och-utvardera-aktuella-arbetsmarknadsfragor\"><strong>Medlemsn\u00e4tverk<\/strong> f\u00f6r att diskutera och utv\u00e4rdera aktuella arbetsmarknadsfr\u00e5gor<\/h5>\n<\/div><\/div>\n\n\n\n<div class=\"wp-block-column is-layout-flow wp-block-column-is-layout-flow\">\n<figure class=\"wp-block-image aligncenter size-full is-resized\"><img loading=\"lazy\" decoding=\"async\" width=\"810\" height=\"810\" src=\"https:\/\/www.kompetensforetagen.se\/app\/uploads\/sites\/5\/2025\/05\/Analys.png\" alt=\"\" class=\"wp-image-20033\" style=\"width:192px;height:auto\" srcset=\"https:\/\/www.kompetensforetagen.se\/app\/uploads\/sites\/5\/2025\/05\/Analys.png 810w, https:\/\/www.kompetensforetagen.se\/app\/uploads\/sites\/5\/2025\/05\/Analys-580x580.png 580w, https:\/\/www.kompetensforetagen.se\/app\/uploads\/sites\/5\/2025\/05\/Analys-380x380.png 380w, https:\/\/www.kompetensforetagen.se\/app\/uploads\/sites\/5\/2025\/05\/Analys-768x768.png 768w, https:\/\/www.kompetensforetagen.se\/app\/uploads\/sites\/5\/2025\/05\/Analys-600x600.png 600w, https:\/\/www.kompetensforetagen.se\/app\/uploads\/sites\/5\/2025\/05\/Analys-100x100.png 100w\" sizes=\"auto, (max-width: 810px) 100vw, 810px\" \/><\/figure>\n\n\n<div class=\"wp-block wp-block-core-heading\" id=\"analyser-och-uppfoljningar-av-myndighetsrapporter-och-annat-av-intresse\">\n<h5 class=\"wp-block-heading\" id=\"h-analyser-och-uppfoljningar-av-myndighetsrapporter-och-annat-av-intresse\"><strong>Analyser<\/strong> och uppf\u00f6ljningar av myndighetsrapporter och annat av intresse<\/h5>\n<\/div><\/div>\n\n\n\n<div class=\"wp-block-column is-layout-flow wp-block-column-is-layout-flow\">\n<figure class=\"wp-block-image aligncenter size-full is-resized\"><img loading=\"lazy\" decoding=\"async\" width=\"810\" height=\"810\" src=\"https:\/\/www.kompetensforetagen.se\/app\/uploads\/sites\/5\/2025\/05\/Uppdateringar.png\" alt=\"\" class=\"wp-image-20038\" style=\"width:184px;height:auto\" srcset=\"https:\/\/www.kompetensforetagen.se\/app\/uploads\/sites\/5\/2025\/05\/Uppdateringar.png 810w, https:\/\/www.kompetensforetagen.se\/app\/uploads\/sites\/5\/2025\/05\/Uppdateringar-580x580.png 580w, https:\/\/www.kompetensforetagen.se\/app\/uploads\/sites\/5\/2025\/05\/Uppdateringar-380x380.png 380w, https:\/\/www.kompetensforetagen.se\/app\/uploads\/sites\/5\/2025\/05\/Uppdateringar-768x768.png 768w, https:\/\/www.kompetensforetagen.se\/app\/uploads\/sites\/5\/2025\/05\/Uppdateringar-600x600.png 600w, https:\/\/www.kompetensforetagen.se\/app\/uploads\/sites\/5\/2025\/05\/Uppdateringar-100x100.png 100w\" sizes=\"auto, (max-width: 810px) 100vw, 810px\" \/><\/figure>\n\n\n<div class=\"wp-block wp-block-core-heading\" id=\"lopande-uppdateringar-kring-vad-som-hander-i-arbetsmarknadspolitiken&nbsp;\">\n<h5 class=\"wp-block-heading\" id=\"h-lopande-uppdateringar-kring-vad-som-hander-i-arbetsmarknadspolitiken-nbsp\">L\u00f6pande <strong>uppdateringar<\/strong> kring vad som h\u00e4nder i arbetsmarknadspolitiken&nbsp;<\/h5>\n<\/div><\/div>\n<\/div>\n\n\n\n<div class=\"wp-block-columns is-layout-flex wp-container-core-columns-is-layout-9d6595d7 wp-block-columns-is-layout-flex\">\n<div class=\"wp-block-column is-layout-flow wp-block-column-is-layout-flow\">\n<figure class=\"wp-block-image aligncenter size-full is-resized\"><img loading=\"lazy\" decoding=\"async\" width=\"810\" height=\"810\" src=\"https:\/\/www.kompetensforetagen.se\/app\/uploads\/sites\/5\/2025\/05\/Moten.png\" alt=\"\" class=\"wp-image-20036\" style=\"width:225px;height:auto\" srcset=\"https:\/\/www.kompetensforetagen.se\/app\/uploads\/sites\/5\/2025\/05\/Moten.png 810w, https:\/\/www.kompetensforetagen.se\/app\/uploads\/sites\/5\/2025\/05\/Moten-580x580.png 580w, https:\/\/www.kompetensforetagen.se\/app\/uploads\/sites\/5\/2025\/05\/Moten-380x380.png 380w, https:\/\/www.kompetensforetagen.se\/app\/uploads\/sites\/5\/2025\/05\/Moten-768x768.png 768w, https:\/\/www.kompetensforetagen.se\/app\/uploads\/sites\/5\/2025\/05\/Moten-600x600.png 600w, https:\/\/www.kompetensforetagen.se\/app\/uploads\/sites\/5\/2025\/05\/Moten-100x100.png 100w\" sizes=\"auto, (max-width: 810px) 100vw, 810px\" \/><\/figure>\n\n\n<div class=\"wp-block wp-block-core-heading\" id=\"aktiviteter-sasom-moten,-seminarier-och-konferenser-med-relevanta-intressenter&nbsp;\">\n<h5 class=\"wp-block-heading\" id=\"h-aktiviteter-sasom-moten-seminarier-och-konferenser-med-relevanta-intressenter-nbsp\"><strong>Aktiviteter<\/strong> s\u00e5som m\u00f6ten, seminarier och konferenser med relevanta intressenter&nbsp;<\/h5>\n<\/div><\/div>\n\n\n\n<div class=\"wp-block-column is-layout-flow wp-block-column-is-layout-flow\">\n<figure class=\"wp-block-image aligncenter size-full is-resized\"><img loading=\"lazy\" decoding=\"async\" width=\"810\" height=\"810\" src=\"https:\/\/www.kompetensforetagen.se\/app\/uploads\/sites\/5\/2025\/05\/kontaktvagar.png\" alt=\"\" class=\"wp-image-20035\" style=\"width:219px;height:auto\" srcset=\"https:\/\/www.kompetensforetagen.se\/app\/uploads\/sites\/5\/2025\/05\/kontaktvagar.png 810w, https:\/\/www.kompetensforetagen.se\/app\/uploads\/sites\/5\/2025\/05\/kontaktvagar-580x580.png 580w, https:\/\/www.kompetensforetagen.se\/app\/uploads\/sites\/5\/2025\/05\/kontaktvagar-380x380.png 380w, https:\/\/www.kompetensforetagen.se\/app\/uploads\/sites\/5\/2025\/05\/kontaktvagar-768x768.png 768w, https:\/\/www.kompetensforetagen.se\/app\/uploads\/sites\/5\/2025\/05\/kontaktvagar-600x600.png 600w, https:\/\/www.kompetensforetagen.se\/app\/uploads\/sites\/5\/2025\/05\/kontaktvagar-100x100.png 100w\" sizes=\"auto, (max-width: 810px) 100vw, 810px\" \/><\/figure>\n\n\n<div class=\"wp-block wp-block-core-heading\" id=\"kontaktvagar-till-berorda-politiker,-myndigheter-och-andra-beslutsfattare&nbsp;\">\n<h5 class=\"wp-block-heading\" id=\"h-kontaktvagar-till-berorda-politiker-myndigheter-och-andra-beslutsfattare-nbsp\"><strong>Kontaktv\u00e4gar <\/strong>till ber\u00f6rda politiker, myndigheter och andra beslutsfattare&nbsp;<\/h5>\n<\/div><\/div>\n\n\n\n<div class=\"wp-block-column is-layout-flow wp-block-column-is-layout-flow\">\n<figure class=\"wp-block-image aligncenter size-full is-resized\"><img loading=\"lazy\" decoding=\"async\" width=\"810\" height=\"810\" src=\"https:\/\/www.kompetensforetagen.se\/app\/uploads\/sites\/5\/2025\/05\/Debattinlagg.png\" alt=\"\" class=\"wp-image-20034\" style=\"width:223px;height:auto\" srcset=\"https:\/\/www.kompetensforetagen.se\/app\/uploads\/sites\/5\/2025\/05\/Debattinlagg.png 810w, https:\/\/www.kompetensforetagen.se\/app\/uploads\/sites\/5\/2025\/05\/Debattinlagg-580x580.png 580w, https:\/\/www.kompetensforetagen.se\/app\/uploads\/sites\/5\/2025\/05\/Debattinlagg-380x380.png 380w, https:\/\/www.kompetensforetagen.se\/app\/uploads\/sites\/5\/2025\/05\/Debattinlagg-768x768.png 768w, https:\/\/www.kompetensforetagen.se\/app\/uploads\/sites\/5\/2025\/05\/Debattinlagg-600x600.png 600w, https:\/\/www.kompetensforetagen.se\/app\/uploads\/sites\/5\/2025\/05\/Debattinlagg-100x100.png 100w\" sizes=\"auto, (max-width: 810px) 100vw, 810px\" \/><\/figure>\n\n\n<div class=\"wp-block wp-block-core-heading\" id=\"debattinlagg-i-centrala-arbetsmarknadsfragor&nbsp;\">\n<h5 class=\"wp-block-heading\" id=\"h-debattinlagg-i-centrala-arbetsmarknadsfragor-nbsp\"><strong>Debattinl\u00e4gg<\/strong> i centrala arbetsmarknadsfr\u00e5gor&nbsp;<\/h5>\n<\/div><\/div>\n<\/div>\n<\/div>\n\n\n\n<div class=\"wp-block-group has-green-background-color has-background is-layout-constrained wp-block-group-is-layout-constrained\"><div id=\"block-contact-block_ae5b334f5c2025a8882e2aef7ba89a36\" class=\"Contact\">\n      <div class=\"Contact__title\">\n      <p>F\u00f6r vidare fr\u00e5gor<\/p>\n\n    <\/div>\n    <div class=\" row \">\n              <div class=\"col-lg-12 pb-md-4 pb-3\">\n          <div class=\"Contact-card   --has-image \">\n             <a href=\"https:\/\/www.kompetensforetagen.se\/person\/jessicaforsskatz\/\">\n          <figure class=\"Contact-card__image\">\n            <img decoding=\"async\" src=\"https:\/\/www.kompetensforetagen.se\/app\/uploads\/2024\/12\/jessica-380x253.jpg\" alt=\"Jessica Forss Katz\">\n          <\/figure>\n        <\/a>\n          <div class=\"Contact-card__body\">\n      <h2 class=\"Contact-card__title\">Jessica Forss Katz<\/h2>\n      <p class=\"mb-0\">N\u00e4ringspolitisk expert<\/p>\n      \n              <p class=\"mb-2\">Stockholm<\/p>\n                    <p>\n                      <a href=\"tel:+46 8 762 69 57\">+46 8 762 69 57<\/a>\n                                <a href=\"tel:+46 72 204 63 47\">+46 72 204 63 47<\/a>\n                                <a href=\"mailto:jessica.forss-katz@kompetensforetagen.se\">E-post<\/a>\n                  <\/p>\n            <a href=\"https:\/\/www.kompetensforetagen.se\/person\/jessicaforsskatz\/\" class=\"Contact-card__link\">\n        <div class=\"Contact-card__arrow\">\n          <p class=\"Contact-card__arrow__text\">L\u00e4s mer<\/p>\n          <div class=\"Contact-card__arrow__line\"><\/div>\n          <svg class='icon icon--arrow-tip'  width=\"11\" height=\"16\" viewBox=\"0 0 11 16\" fill=\"none\" xmlns=\"http:\/\/www.w3.org\/2000\/svg\">\n<path d=\"M0.858398 15L9.2304 7.99664L0.967732 1.00001\" stroke=\"black\" stroke-width=\"2\" stroke-miterlimit=\"10\"\/>\n<\/svg>\n\n          <\/div>\n      <\/a>\n\n      \n    <\/div>\n  <\/div>\n        <\/div>\n          <\/div>\n    <\/div>\n<\/div>\n\n\n\n<div class=\"wp-block-group has-primary-background-color has-background is-layout-constrained wp-block-group-is-layout-constrained\"><div class=\"wp-block wp-block-core-heading heading-in-sidebar\" id=\"vara-fragor\"><a class='Share__link Share__link--url copy-text' href='#' rel='nofollow' data-text='vara-fragor' title='Dela url' data-confirmation='L\u00e4nken kopierades till urklipp'><svg class='icon icon--link'  width='18' height='18' viewBox='0 0 18 18' fill='none' xmlns='http:\/\/www.w3.org\/2000\/svg'>\n            <path d='M10.4142 0.514721L6.87868 4.05025L8.29289 5.46447L11.1213 2.63604L15.364 6.87868L12.5355 9.70711L13.9497 11.1213L17.4853 7.58579C17.8763 7.19476 17.8763 6.5626 17.4853 6.17158L11.8284 0.514721C11.4374 0.123691 10.8052 0.123691 10.4142 0.514721Z' fill='black'\/>\n            <path d='M9.7071 12.5355L6.87868 15.364L2.63604 11.1213L5.46446 8.2929L4.05025 6.87868L0.514716 10.4142C0.123686 10.8052 0.123686 11.4374 0.514716 11.8284L6.17157 17.4853C6.5626 17.8763 7.19475 17.8763 7.58578 17.4853L11.1213 13.9497L9.7071 12.5355Z' fill='black'\/>\n            <path d='M6.17157 11.8284C6.5626 12.2195 7.19475 12.2195 7.58578 11.8284L11.8284 7.58579C12.2195 7.19476 12.2195 6.56261 11.8284 6.17158C11.4374 5.78055 10.8052 5.78055 10.4142 6.17158L6.17157 10.4142C5.78054 10.8052 5.78054 11.4374 6.17157 11.8284Z' fill='black'\/>\n            <\/svg> <\/a>\n<h2 class=\"wp-block-heading\" id=\"h-vara-fragor\">V\u00e5ra fr\u00e5gor<\/h2>\n<\/div>\n\n\n<div class=\"wp-block-columns is-layout-flex wp-container-core-columns-is-layout-9d6595d7 wp-block-columns-is-layout-flex\">\n<div class=\"wp-block-column is-layout-flow wp-block-column-is-layout-flow\"><div id=\"block-iconlink-block_095c340ac75cea2d7fe3fbd1dc2b845a\" class=\"Icon-link Icon-link--arrow-tip\">\n      <a href=\"https:\/\/www.kompetensforetagen.se\/arbetsmarknadspolitik\/\" target=\"_blank\" class=\"Button is-button is-fullwidth is-style-fill has-black-background-color has-black-border-color has-white-color Button--arrow-tip white-space-nowrap\">\n      <div class=\"Button__text\">\n        Arbetsmarknad\n      <\/div>\n      <div class=\"Button__arrow  arrow-tip \">\n                <div class=\"Button__line\"><\/div>\n                <svg class='icon icon--arrow-tip'  width=\"11\" height=\"16\" viewBox=\"0 0 11 16\" fill=\"none\" xmlns=\"http:\/\/www.w3.org\/2000\/svg\">\n<path d=\"M0.858398 15L9.2304 7.99664L0.967732 1.00001\" stroke=\"black\" stroke-width=\"2\" stroke-miterlimit=\"10\"\/>\n<\/svg>\n\n        <\/div>\n    <\/a>\n  <\/div>\n<\/div>\n\n\n\n<div class=\"wp-block-column is-layout-flow wp-block-column-is-layout-flow\"><div id=\"block-iconlink-block_46abc4e1cb8729916defad6af6a5600c\" class=\"Icon-link Icon-link--arrow-tip\">\n      <a href=\"https:\/\/www.kompetensforetagen.se\/vardbemanning\/\" target=\"_blank\" class=\"Button is-button is-fullwidth is-style-fill has-black-background-color has-black-border-color has-white-color Button--arrow-tip\">\n      <div class=\"Button__text\">\n        V\u00e4lf\u00e4rdsbemanning\n      <\/div>\n      <div class=\"Button__arrow  arrow-tip \">\n                <div class=\"Button__line\"><\/div>\n                <svg class='icon icon--arrow-tip'  width=\"11\" height=\"16\" viewBox=\"0 0 11 16\" fill=\"none\" xmlns=\"http:\/\/www.w3.org\/2000\/svg\">\n<path d=\"M0.858398 15L9.2304 7.99664L0.967732 1.00001\" stroke=\"black\" stroke-width=\"2\" stroke-miterlimit=\"10\"\/>\n<\/svg>\n\n        <\/div>\n    <\/a>\n  <\/div>\n<\/div>\n<\/div>\n\n\n\n<div class=\"wp-block-columns is-layout-flex wp-container-core-columns-is-layout-9d6595d7 wp-block-columns-is-layout-flex\">\n<div class=\"wp-block-column is-layout-flow wp-block-column-is-layout-flow\"><div id=\"block-iconlink-block_069d13c57c06b6f2e2aa6eee1ab35d90\" class=\"Icon-link Icon-link--arrow-tip\">\n      <a href=\"https:\/\/www.kompetensforetagen.se\/bakgrundskontroller-2\/\" target=\"_blank\" class=\"Button is-button is-fullwidth is-style-fill has-black-background-color has-black-border-color has-white-color Button--arrow-tip\">\n      <div class=\"Button__text\">\n        Bakgrundskontroller\n      <\/div>\n      <div class=\"Button__arrow  arrow-tip \">\n                <div class=\"Button__line\"><\/div>\n                <svg class='icon icon--arrow-tip'  width=\"11\" height=\"16\" viewBox=\"0 0 11 16\" fill=\"none\" xmlns=\"http:\/\/www.w3.org\/2000\/svg\">\n<path d=\"M0.858398 15L9.2304 7.99664L0.967732 1.00001\" stroke=\"black\" stroke-width=\"2\" stroke-miterlimit=\"10\"\/>\n<\/svg>\n\n        <\/div>\n    <\/a>\n  <\/div>\n<\/div>\n\n\n\n<div class=\"wp-block-column is-layout-flow wp-block-column-is-layout-flow\"><div id=\"block-iconlink-block_445df56bf2b5e8c740e6febc28ebdc96\" class=\"Icon-link Icon-link--arrow-tip\">\n      <a href=\"https:\/\/www.kompetensforetagen.se\/internationellt\/\" target=\"_blank\" class=\"Button is-button is-fullwidth is-style-fill has-black-background-color has-black-border-color has-white-color Button--arrow-tip white-space-nowrap\">\n      <div class=\"Button__text\">\n        Internationellt\n      <\/div>\n      <div class=\"Button__arrow  arrow-tip \">\n                <div class=\"Button__line\"><\/div>\n                <svg class='icon icon--arrow-tip'  width=\"11\" height=\"16\" viewBox=\"0 0 11 16\" fill=\"none\" xmlns=\"http:\/\/www.w3.org\/2000\/svg\">\n<path d=\"M0.858398 15L9.2304 7.99664L0.967732 1.00001\" stroke=\"black\" stroke-width=\"2\" stroke-miterlimit=\"10\"\/>\n<\/svg>\n\n        <\/div>\n    <\/a>\n  <\/div>\n<\/div>\n\n\n\n<div class=\"wp-block-column is-layout-flow wp-block-column-is-layout-flow\"><div id=\"block-iconlink-block_26f3b1f92beb858e6381efecf7e23cb9\" class=\"Icon-link Icon-link--arrow-tip\">\n      <a href=\"https:\/\/www.kompetensforetagen.se\/offentlig-upphandling\/\" target=\"_blank\" class=\"Button is-button is-fullwidth is-style-fill has-black-background-color has-black-border-color has-white-color Button--arrow-tip\">\n      <div class=\"Button__text\">\n        Offentlig upphandling\n      <\/div>\n      <div class=\"Button__arrow  arrow-tip \">\n                <div class=\"Button__line\"><\/div>\n                <svg class='icon icon--arrow-tip'  width=\"11\" height=\"16\" viewBox=\"0 0 11 16\" fill=\"none\" xmlns=\"http:\/\/www.w3.org\/2000\/svg\">\n<path d=\"M0.858398 15L9.2304 7.99664L0.967732 1.00001\" stroke=\"black\" stroke-width=\"2\" stroke-miterlimit=\"10\"\/>\n<\/svg>\n\n        <\/div>\n    <\/a>\n  <\/div>\n<\/div>\n<\/div>\n<\/div>\n","protected":false},"excerpt":{"rendered":"<p>Kompetensf\u00f6retagens medlemmar utg\u00f6r en viktig del av arbetsmarknadspolitiken, bland annat genom att erbjuda en omst\u00e4llning i arbetslivet. F\u00f6retag som arbetar med omst\u00e4llning st\u00f6ttar anst\u00e4llda till att hitta nya m\u00f6jligheter n\u00e4r de riskerar att bli uppsagda &hellip;<\/p>\n","protected":false},"author":13369,"featured_media":0,"parent":0,"menu_order":0,"comment_status":"closed","ping_status":"closed","template":"","meta":{"_acf_changed":false,"footnotes":""},"article_type":[],"agreement":[],"for-members":[],"class_list":["post-20685","page","type-page","status-publish","hentry"],"acf":[],"yoast_head":"<!-- This site is optimized with the Yoast SEO Premium plugin v26.8 (Yoast SEO v26.8) - https:\/\/yoast.com\/product\/yoast-seo-premium-wordpress\/ -->\n<title>Omst\u00e4llning i arbetslivet\u00a0 - Kompetensf\u00f6retagen<\/title>\n<meta name=\"description\" content=\"Som upphandlade leverant\u00f6rer till Arbetsf\u00f6rmedlingen \u00e4r v\u00e5ra medlemmar en f\u00f6rl\u00e4ngning av myndigheten i dess arbetsmarknadspolitiska uppdrag.\u00a0\u00a0\u00a0\" \/>\n<meta name=\"robots\" content=\"index, follow, max-snippet:-1, max-image-preview:large, max-video-preview:-1\" \/>\n<link rel=\"canonical\" href=\"https:\/\/www.kompetensforetagen.se\/omstallning-i-arbetslivet\/\" \/>\n<meta property=\"og:locale\" content=\"sv_SE\" \/>\n<meta property=\"og:type\" content=\"article\" \/>\n<meta property=\"og:title\" content=\"Omst\u00e4llning i arbetslivet\u00a0\" \/>\n<meta property=\"og:description\" content=\"Som upphandlade leverant\u00f6rer till Arbetsf\u00f6rmedlingen \u00e4r v\u00e5ra medlemmar en f\u00f6rl\u00e4ngning av myndigheten i dess arbetsmarknadspolitiska uppdrag.\u00a0\u00a0\u00a0\" \/>\n<meta property=\"og:url\" content=\"https:\/\/www.kompetensforetagen.se\/omstallning-i-arbetslivet\/\" \/>\n<meta property=\"og:site_name\" content=\"Kompetensf\u00f6retagen\" \/>\n<meta property=\"article:modified_time\" content=\"2025-08-05T08:28:20+00:00\" \/>\n<meta property=\"og:image\" content=\"https:\/\/www.kompetensforetagen.se\/app\/uploads\/sites\/5\/2025\/08\/pexels-canvastudio-3153199-1180x787.jpg\" \/>\n<meta name=\"twitter:card\" content=\"summary_large_image\" \/>\n<meta name=\"twitter:label1\" content=\"Ber\u00e4knad l\u00e4stid\" \/>\n\t<meta name=\"twitter:data1\" content=\"3 minuter\" \/>\n<script type=\"application\/ld+json\" class=\"yoast-schema-graph\">{\"@context\":\"https:\/\/schema.org\",\"@graph\":[{\"@type\":\"WebPage\",\"@id\":\"https:\/\/www.kompetensforetagen.se\/omstallning-i-arbetslivet\/\",\"url\":\"https:\/\/www.kompetensforetagen.se\/omstallning-i-arbetslivet\/\",\"name\":\"Omst\u00e4llning i arbetslivet\u00a0 - Kompetensf\u00f6retagen\",\"isPartOf\":{\"@id\":\"https:\/\/www.kompetensforetagen.se\/#website\"},\"primaryImageOfPage\":{\"@id\":\"https:\/\/www.kompetensforetagen.se\/omstallning-i-arbetslivet\/#primaryimage\"},\"image\":{\"@id\":\"https:\/\/www.kompetensforetagen.se\/omstallning-i-arbetslivet\/#primaryimage\"},\"thumbnailUrl\":\"https:\/\/www.kompetensforetagen.se\/app\/uploads\/sites\/5\/2025\/08\/pexels-canvastudio-3153199-1180x787.jpg\",\"datePublished\":\"2025-08-05T08:28:19+00:00\",\"dateModified\":\"2025-08-05T08:28:20+00:00\",\"description\":\"Som upphandlade leverant\u00f6rer till Arbetsf\u00f6rmedlingen \u00e4r v\u00e5ra medlemmar en f\u00f6rl\u00e4ngning av myndigheten i dess arbetsmarknadspolitiska uppdrag.\u00a0\u00a0\u00a0\",\"breadcrumb\":{\"@id\":\"https:\/\/www.kompetensforetagen.se\/omstallning-i-arbetslivet\/#breadcrumb\"},\"inLanguage\":\"sv-SE\",\"potentialAction\":[{\"@type\":\"ReadAction\",\"target\":[\"https:\/\/www.kompetensforetagen.se\/omstallning-i-arbetslivet\/\"]}]},{\"@type\":\"ImageObject\",\"inLanguage\":\"sv-SE\",\"@id\":\"https:\/\/www.kompetensforetagen.se\/omstallning-i-arbetslivet\/#primaryimage\",\"url\":\"https:\/\/www.kompetensforetagen.se\/app\/uploads\/sites\/5\/2025\/08\/pexels-canvastudio-3153199-scaled.jpg\",\"contentUrl\":\"https:\/\/www.kompetensforetagen.se\/app\/uploads\/sites\/5\/2025\/08\/pexels-canvastudio-3153199-scaled.jpg\",\"width\":2560,\"height\":1706,\"caption\":\"Omst\u00e4llning i arbetslivet, Utbildning och kompetensutveckling i arbetslivet.\"},{\"@type\":\"BreadcrumbList\",\"@id\":\"https:\/\/www.kompetensforetagen.se\/omstallning-i-arbetslivet\/#breadcrumb\",\"itemListElement\":[{\"@type\":\"ListItem\",\"position\":1,\"name\":\"Home\",\"item\":\"https:\/\/www.kompetensforetagen.se\/\"},{\"@type\":\"ListItem\",\"position\":2,\"name\":\"Omst\u00e4llning i arbetslivet\u00a0\"}]},{\"@type\":\"WebSite\",\"@id\":\"https:\/\/www.kompetensforetagen.se\/#website\",\"url\":\"https:\/\/www.kompetensforetagen.se\/\",\"name\":\"Kompetensf\u00f6retagen\",\"description\":\"R\u00e4tt person p\u00e5 r\u00e4tt plats kan f\u00f6r\u00e4ndra v\u00e4rlden\",\"publisher\":{\"@id\":\"https:\/\/www.kompetensforetagen.se\/#organization\"},\"potentialAction\":[{\"@type\":\"SearchAction\",\"target\":{\"@type\":\"EntryPoint\",\"urlTemplate\":\"https:\/\/www.kompetensforetagen.se\/?s={search_term_string}\"},\"query-input\":{\"@type\":\"PropertyValueSpecification\",\"valueRequired\":true,\"valueName\":\"search_term_string\"}}],\"inLanguage\":\"sv-SE\"},{\"@type\":\"Organization\",\"@id\":\"https:\/\/www.kompetensforetagen.se\/#organization\",\"name\":\"Kompetensf\u00f6retagen\",\"url\":\"https:\/\/www.kompetensforetagen.se\/\",\"logo\":{\"@type\":\"ImageObject\",\"inLanguage\":\"sv-SE\",\"@id\":\"https:\/\/www.kompetensforetagen.se\/#\/schema\/logo\/image\/\",\"url\":\"https:\/\/www.kompetensforetagen.se\/app\/uploads\/sites\/5\/2022\/10\/logga_svart.png\",\"contentUrl\":\"https:\/\/www.kompetensforetagen.se\/app\/uploads\/sites\/5\/2022\/10\/logga_svart.png\",\"width\":752,\"height\":64,\"caption\":\"Kompetensf\u00f6retagen\"},\"image\":{\"@id\":\"https:\/\/www.kompetensforetagen.se\/#\/schema\/logo\/image\/\"},\"sameAs\":[\"https:\/\/www.linkedin.com\/company\/10540032\/\"]}]}<\/script>\n<!-- \/ Yoast SEO Premium plugin. -->","yoast_head_json":{"title":"Omst\u00e4llning i arbetslivet\u00a0 - Kompetensf\u00f6retagen","description":"Som upphandlade leverant\u00f6rer till Arbetsf\u00f6rmedlingen \u00e4r v\u00e5ra medlemmar en f\u00f6rl\u00e4ngning av myndigheten i dess arbetsmarknadspolitiska uppdrag.\u00a0\u00a0\u00a0","robots":{"index":"index","follow":"follow","max-snippet":"max-snippet:-1","max-image-preview":"max-image-preview:large","max-video-preview":"max-video-preview:-1"},"canonical":"https:\/\/www.kompetensforetagen.se\/omstallning-i-arbetslivet\/","og_locale":"sv_SE","og_type":"article","og_title":"Omst\u00e4llning i arbetslivet\u00a0","og_description":"Som upphandlade leverant\u00f6rer till Arbetsf\u00f6rmedlingen \u00e4r v\u00e5ra medlemmar en f\u00f6rl\u00e4ngning av myndigheten i dess arbetsmarknadspolitiska uppdrag.\u00a0\u00a0\u00a0","og_url":"https:\/\/www.kompetensforetagen.se\/omstallning-i-arbetslivet\/","og_site_name":"Kompetensf\u00f6retagen","article_modified_time":"2025-08-05T08:28:20+00:00","og_image":[{"url":"https:\/\/www.kompetensforetagen.se\/app\/uploads\/sites\/5\/2025\/08\/pexels-canvastudio-3153199-1180x787.jpg","type":"","width":"","height":""}],"twitter_card":"summary_large_image","twitter_misc":{"Ber\u00e4knad l\u00e4stid":"3 minuter"},"schema":{"@context":"https:\/\/schema.org","@graph":[{"@type":"WebPage","@id":"https:\/\/www.kompetensforetagen.se\/omstallning-i-arbetslivet\/","url":"https:\/\/www.kompetensforetagen.se\/omstallning-i-arbetslivet\/","name":"Omst\u00e4llning i arbetslivet\u00a0 - Kompetensf\u00f6retagen","isPartOf":{"@id":"https:\/\/www.kompetensforetagen.se\/#website"},"primaryImageOfPage":{"@id":"https:\/\/www.kompetensforetagen.se\/omstallning-i-arbetslivet\/#primaryimage"},"image":{"@id":"https:\/\/www.kompetensforetagen.se\/omstallning-i-arbetslivet\/#primaryimage"},"thumbnailUrl":"https:\/\/www.kompetensforetagen.se\/app\/uploads\/sites\/5\/2025\/08\/pexels-canvastudio-3153199-1180x787.jpg","datePublished":"2025-08-05T08:28:19+00:00","dateModified":"2025-08-05T08:28:20+00:00","description":"Som upphandlade leverant\u00f6rer till Arbetsf\u00f6rmedlingen \u00e4r v\u00e5ra medlemmar en f\u00f6rl\u00e4ngning av myndigheten i dess arbetsmarknadspolitiska uppdrag.\u00a0\u00a0\u00a0","breadcrumb":{"@id":"https:\/\/www.kompetensforetagen.se\/omstallning-i-arbetslivet\/#breadcrumb"},"inLanguage":"sv-SE","potentialAction":[{"@type":"ReadAction","target":["https:\/\/www.kompetensforetagen.se\/omstallning-i-arbetslivet\/"]}]},{"@type":"ImageObject","inLanguage":"sv-SE","@id":"https:\/\/www.kompetensforetagen.se\/omstallning-i-arbetslivet\/#primaryimage","url":"https:\/\/www.kompetensforetagen.se\/app\/uploads\/sites\/5\/2025\/08\/pexels-canvastudio-3153199-scaled.jpg","contentUrl":"https:\/\/www.kompetensforetagen.se\/app\/uploads\/sites\/5\/2025\/08\/pexels-canvastudio-3153199-scaled.jpg","width":2560,"height":1706,"caption":"Omst\u00e4llning i arbetslivet, Utbildning och kompetensutveckling i arbetslivet."},{"@type":"BreadcrumbList","@id":"https:\/\/www.kompetensforetagen.se\/omstallning-i-arbetslivet\/#breadcrumb","itemListElement":[{"@type":"ListItem","position":1,"name":"Home","item":"https:\/\/www.kompetensforetagen.se\/"},{"@type":"ListItem","position":2,"name":"Omst\u00e4llning i arbetslivet\u00a0"}]},{"@type":"WebSite","@id":"https:\/\/www.kompetensforetagen.se\/#website","url":"https:\/\/www.kompetensforetagen.se\/","name":"Kompetensf\u00f6retagen","description":"R\u00e4tt person p\u00e5 r\u00e4tt plats kan f\u00f6r\u00e4ndra v\u00e4rlden","publisher":{"@id":"https:\/\/www.kompetensforetagen.se\/#organization"},"potentialAction":[{"@type":"SearchAction","target":{"@type":"EntryPoint","urlTemplate":"https:\/\/www.kompetensforetagen.se\/?s={search_term_string}"},"query-input":{"@type":"PropertyValueSpecification","valueRequired":true,"valueName":"search_term_string"}}],"inLanguage":"sv-SE"},{"@type":"Organization","@id":"https:\/\/www.kompetensforetagen.se\/#organization","name":"Kompetensf\u00f6retagen","url":"https:\/\/www.kompetensforetagen.se\/","logo":{"@type":"ImageObject","inLanguage":"sv-SE","@id":"https:\/\/www.kompetensforetagen.se\/#\/schema\/logo\/image\/","url":"https:\/\/www.kompetensforetagen.se\/app\/uploads\/sites\/5\/2022\/10\/logga_svart.png","contentUrl":"https:\/\/www.kompetensforetagen.se\/app\/uploads\/sites\/5\/2022\/10\/logga_svart.png","width":752,"height":64,"caption":"Kompetensf\u00f6retagen"},"image":{"@id":"https:\/\/www.kompetensforetagen.se\/#\/schema\/logo\/image\/"},"sameAs":["https:\/\/www.linkedin.com\/company\/10540032\/"]}]}},"_links":{"self":[{"href":"https:\/\/www.kompetensforetagen.se\/api\/wp\/v2\/pages\/20685","targetHints":{"allow":["GET"]}}],"collection":[{"href":"https:\/\/www.kompetensforetagen.se\/api\/wp\/v2\/pages"}],"about":[{"href":"https:\/\/www.kompetensforetagen.se\/api\/wp\/v2\/types\/page"}],"author":[{"embeddable":true,"href":"https:\/\/www.kompetensforetagen.se\/api\/wp\/v2\/users\/13369"}],"replies":[{"embeddable":true,"href":"https:\/\/www.kompetensforetagen.se\/api\/wp\/v2\/comments?post=20685"}],"version-history":[{"count":11,"href":"https:\/\/www.kompetensforetagen.se\/api\/wp\/v2\/pages\/20685\/revisions"}],"predecessor-version":[{"id":20698,"href":"https:\/\/www.kompetensforetagen.se\/api\/wp\/v2\/pages\/20685\/revisions\/20698"}],"wp:attachment":[{"href":"https:\/\/www.kompetensforetagen.se\/api\/wp\/v2\/media?parent=20685"}],"wp:term":[{"taxonomy":"type","embeddable":true,"href":"https:\/\/www.kompetensforetagen.se\/api\/wp\/v2\/article_type?post=20685"},{"taxonomy":"agreement","embeddable":true,"href":"https:\/\/www.kompetensforetagen.se\/api\/wp\/v2\/agreement?post=20685"},{"taxonomy":"for-members","embeddable":true,"href":"https:\/\/www.kompetensforetagen.se\/api\/wp\/v2\/for-members?post=20685"}],"curies":[{"name":"wp","href":"https:\/\/api.w.org\/{rel}","templated":true}]}}