{"id":20012,"date":"2025-05-21T10:05:22","date_gmt":"2025-05-21T08:05:22","guid":{"rendered":"https:\/\/www.kompetensforetagen.se\/?page_id=20012"},"modified":"2025-08-05T10:45:55","modified_gmt":"2025-08-05T08:45:55","slug":"arbetsmarknadspolitik","status":"publish","type":"page","link":"https:\/\/www.kompetensforetagen.se\/arbetsmarknadspolitik\/","title":{"rendered":"Arbetsmarknadspolitik\u00a0"},"content":{"rendered":"<div id=\"block-hero-block_594d4758dabfe2dafd77a42d9b4c341c\" class=\"Hero --has-media has-green-background-color\">\n\n      <img loading=\"lazy\" decoding=\"async\" width=\"1180\" height=\"787\" src=\"https:\/\/www.kompetensforetagen.se\/app\/uploads\/sites\/5\/2025\/05\/pexels-fauxels-3184291-1180x787.jpg\" class=\"Hero__image\" alt=\"Teamarbete och samverkan p\u00e5 ett modernt bemanningsf\u00f6retag.\" srcset=\"https:\/\/www.kompetensforetagen.se\/app\/uploads\/sites\/5\/2025\/05\/pexels-fauxels-3184291-1180x787.jpg 1180w, https:\/\/www.kompetensforetagen.se\/app\/uploads\/sites\/5\/2025\/05\/pexels-fauxels-3184291-580x387.jpg 580w, https:\/\/www.kompetensforetagen.se\/app\/uploads\/sites\/5\/2025\/05\/pexels-fauxels-3184291-380x253.jpg 380w, https:\/\/www.kompetensforetagen.se\/app\/uploads\/sites\/5\/2025\/05\/pexels-fauxels-3184291-768x512.jpg 768w, https:\/\/www.kompetensforetagen.se\/app\/uploads\/sites\/5\/2025\/05\/pexels-fauxels-3184291-1536x1024.jpg 1536w, https:\/\/www.kompetensforetagen.se\/app\/uploads\/sites\/5\/2025\/05\/pexels-fauxels-3184291-2048x1365.jpg 2048w, https:\/\/www.kompetensforetagen.se\/app\/uploads\/sites\/5\/2025\/05\/pexels-fauxels-3184291-600x400.jpg 600w\" sizes=\"auto, (max-width: 1180px) 100vw, 1180px\" \/>\n    \n  <div class=\"Hero__inner container has-green-background-color has-background-image has-arrow\">\n              <div class=\"Hero__title\">\n          <h1>En aktiv<i> arbetsmarknadspolitik<\/i><\/h1>\n        <\/div>\n                                <div class=\"Hero__arrow\">\n          <svg class='icon icon--squiggly-arrow'  width=\"282\" height=\"302\" viewBox=\"0 0 282 302\" fill=\"none\" xmlns=\"http:\/\/www.w3.org\/2000\/svg\">\n<path d=\"M108.429 281.19L129.837 295.44L143.97 274.186\" stroke=\"black\" stroke-width=\"4\" stroke-miterlimit=\"10\"\/>\n<path d=\"M43.8871 68.0497C53.3269 84.3998 70.0075 95.6755 88.6244 97.6784C107.24 99.6801 125.826 95.0068 144.209 91.4645C162.592 87.9216 182.067 85.5682 199.674 91.9481C220.515 99.5002 236.316 120.278 236.492 142.446C236.669 164.616 220.178 186.234 198.428 190.49C188.558 192.423 177.815 190.842 169.542 185.112C161.271 179.382 155.88 169.284 156.859 159.269C158.292 144.577 173.761 133.512 188.444 135C203.126 136.491 215.468 148.757 219.176 163.047C222.881 177.337 218.804 192.932 210.416 205.072C202.027 217.212 189.703 226.187 176.514 232.804C167.472 237.341 157.931 240.877 149.144 245.889C140.356 250.899 132.161 257.651 127.746 266.755C123.333 275.858 126.637 283.983 129.929 295.386\" stroke=\"black\" stroke-width=\"4\" stroke-miterlimit=\"10\"\/>\n<\/svg>\n\n          <\/div>\n        <\/div>\n<\/div>\n\n\n\n<div class=\"wp-block-group has-white-background-color has-background is-layout-constrained wp-block-group-is-layout-constrained\">\n<div class=\"wp-block-columns is-layout-flex wp-container-core-columns-is-layout-9d6595d7 wp-block-columns-is-layout-flex\">\n<div class=\"wp-block-column is-layout-flow wp-block-column-is-layout-flow\"><div class=\"wp-block wp-block-core-heading\" id=\"kompetensforetagens-medlemmar-utgor-en-viktig-del-av-arbetsmarknadspolitiken,-inte-minst-genom-att-erbjuda-arbetsmarknads-tjanster-till-arbetssokande-som-ar-inskrivna-pa-arbetsformedlingen.\">\n<h3 class=\"wp-block-heading\" id=\"h-kompetensforetagens-medlemmar-utgor-en-viktig-del-av-arbetsmarknadspolitiken-inte-minst-genom-att-erbjuda-arbetsmarknads-tjanster-till-arbetssokande-som-ar-inskrivna-pa-arbetsformedlingen\">Kompetensf\u00f6retagens medlemmar utg\u00f6r en viktig del av arbetsmarknadspolitiken, inte minst genom att erbjuda arbetsmarknads-tj\u00e4nster till arbetss\u00f6kande som \u00e4r inskrivna p\u00e5 Arbetsf\u00f6rmedlingen.<\/h3>\n<\/div><\/div>\n\n\n\n<div class=\"wp-block-column is-layout-flow wp-block-column-is-layout-flow\"><div class=\"wp-block wp-block-core-heading\" id=\"som-upphandlade-leverantorer-till-arbetsformedlingen-ar-vara-medlemmar-en-forlangning-av-myndigheten-i-dess-arbetsmarknadspolitiska-uppdrag.&nbsp;&nbsp;&nbsp;\">\n<h3 class=\"wp-block-heading\" id=\"h-som-upphandlade-leverantorer-till-arbetsformedlingen-ar-vara-medlemmar-en-forlangning-av-myndigheten-i-dess-arbetsmarknadspolitiska-uppdrag-nbsp-nbsp-nbsp\">Som upphandlade leverant\u00f6rer till Arbetsf\u00f6rmedlingen \u00e4r v\u00e5ra medlemmar en f\u00f6rl\u00e4ngning av myndigheten i dess arbetsmarknadspolitiska uppdrag.&nbsp;&nbsp;&nbsp;<\/h3>\n<\/div><\/div>\n<\/div>\n<\/div>\n\n\n\n<div class=\"wp-block-group has-secondary-background-color has-background is-layout-constrained wp-block-group-is-layout-constrained\"><div class=\"wp-block wp-block-core-heading\" id=\"vi-menar-att-sverige-behover-en-arbetsmarknadspolitik-som-ar:&nbsp;\">\n<h3 class=\"wp-block-heading\" id=\"h-vi-menar-att-sverige-behover-en-arbetsmarknadspolitik-som-ar-nbsp\">Vi menar att Sverige beh\u00f6ver en arbetsmarknadspolitik som \u00e4r:&nbsp;<\/h3>\n<\/div>\n\n\n<div class=\"wp-block-columns is-layout-flex wp-container-core-columns-is-layout-9d6595d7 wp-block-columns-is-layout-flex\">\n<div class=\"wp-block-column is-layout-flow wp-block-column-is-layout-flow\"><div class=\"wp-block wp-block-core-list\">\n<ul class=\"wp-block-list\">\n<li>L\u00e5ngsiktig och resultatinriktad, med fokus p\u00e5 effektiva, tidiga, insatser som f\u00f6rebygger l\u00e5nga arbetsl\u00f6shetstider&nbsp;<\/li>\n\n\n\n<li>Behovsstyrd och individfokuserad, utifr\u00e5n arbetsmarknadens och individens behov av insatser&nbsp;<\/li>\n\n\n\n<li>Tydliga roll- och ansvarsf\u00f6rdelningar, d\u00e4r samverkan utg\u00f6r en grundpelare f\u00f6r insatserna&nbsp;<\/li>\n\n\n\n<li>Transparent och utv\u00e4rderas p\u00e5 lika villkor, oavsett akt\u00f6r som utf\u00f6r arbetsmarknadstj\u00e4nsterna&nbsp;<\/li>\n<\/ul>\n<\/div><\/div>\n\n\n\n<div class=\"wp-block-column is-layout-flow wp-block-column-is-layout-flow\"><div class=\"wp-block wp-block-core-list\">\n<ul class=\"wp-block-list\">\n<li>Statlig, modern och \u00e4ndam\u00e5lsenligt styrd, med tillr\u00e4cklig resurss\u00e4ttning och tydliga m\u00e5l som premierar kvalitet och effektivitet&nbsp;<\/li>\n\n\n\n<li>St\u00f6djande b\u00e5de f\u00f6r arbetss\u00f6kande och arbetsgivare, s\u00e5 att fler personer kan hitta syssels\u00e4ttning med r\u00e4tt st\u00f6d&nbsp;<\/li>\n\n\n\n<li>Fokuserad p\u00e5 riktiga jobb p\u00e5 regulj\u00e4ra arbetsmarknaden, inte institutionaliserade l\u00f6sningar som leder till inl\u00e5snings- och utest\u00e4ngningseffekter f\u00f6r arbetss\u00f6kande&nbsp;<\/li>\n<\/ul>\n<\/div><\/div>\n<\/div>\n<\/div>\n\n\n\n<div class=\"wp-block-columns is-layout-flex wp-container-core-columns-is-layout-9d6595d7 wp-block-columns-is-layout-flex\">\n<div class=\"wp-block-column is-layout-flow wp-block-column-is-layout-flow\"><div class=\"wp-block wp-block-core-paragraph\">\n<p><\/p>\n<\/div>\n\n\n<figure class=\"wp-block-video\"><video height=\"1080\" style=\"aspect-ratio: 1920 \/ 1080;\" width=\"1920\" controls poster=\"https:\/\/www.kompetensforetagen.se\/app\/uploads\/sites\/5\/2025\/06\/Bild_arbetsmarknadspolitik.jpg\" src=\"https:\/\/www.kompetensforetagen.se\/app\/uploads\/sites\/5\/2025\/06\/Sequence-01_1.mp4\"><\/video><\/figure>\n\n\n\n<div class=\"wp-block-columns is-layout-flex wp-container-core-columns-is-layout-9d6595d7 wp-block-columns-is-layout-flex\">\n<div class=\"wp-block-column is-layout-flow wp-block-column-is-layout-flow\"><div class=\"wp-block wp-block-core-paragraph\">\n<p><\/p>\n<\/div><\/div>\n\n\n\n<div class=\"wp-block-column is-layout-flow wp-block-column-is-layout-flow\"><div class=\"wp-block wp-block-core-quote\">\n<blockquote class=\"wp-block-quote is-layout-flow wp-block-quote-is-layout-flow\"><div class=\"wp-block wp-block-core-paragraph\">\n<p>De arbetsmarknadspolitiska tj\u00e4nsterna \u00e4r en viktig pusselbit f\u00f6r att minska utanf\u00f6rskapet p\u00e5 arbetsmarknaden.&nbsp;<\/p>\n<\/div><\/blockquote>\n<\/div><\/div>\n<\/div>\n\n\n\n<div class=\"wp-block-columns is-layout-flex wp-container-core-columns-is-layout-9d6595d7 wp-block-columns-is-layout-flex\">\n<div class=\"wp-block-column is-layout-flow wp-block-column-is-layout-flow\"><div class=\"wp-block wp-block-core-heading\" id=\"10-reformer-for-battre-arbetsmarknadspolitik\">\n<h3 class=\"wp-block-heading\" id=\"h-10-reformer-for-battre-arbetsmarknadspolitik\">10 reformer f\u00f6r b\u00e4ttre arbetsmarknadspolitik<\/h3>\n<\/div>\n\n<div class=\"wp-block wp-block-core-paragraph\">\n<p>I Almedalen presenterade vi ett nytt program tillsammans med Utbildningsf\u00f6retagen &#8211; 10 reformer f\u00f6r en b\u00e4ttre aktiv arbetsmarknadspolitik.<\/p>\n<\/div>\n\n<div class=\"wp-block wp-block-core-paragraph\">\n<p>Som representanter f\u00f6r tj\u00e4nstesektorn vill vi forts\u00e4tta att bidra till att l\u00f6sa arbetsmarknadens utmaningar, f\u00f6r s\u00e5v\u00e4l samh\u00e4llet, f\u00f6retagen som alla arbetss\u00f6kande.<\/p>\n<\/div>\n\n<div id=\"block-iconlink-block_b57ffb17fd9e30259d16df7486c108db\" class=\"Icon-link Icon-link--arrow-tip\">\n      <a href=\"https:\/\/www.kompetensforetagen.se\/app\/uploads\/sites\/5\/2025\/06\/10-reformer.pdf\" target=\"_blank\" class=\"Button is-button is-fullwidth is-style-fill has-black-background-color has-black-border-color has-white-color Button--arrow-tip\">\n      <div class=\"Button__text\">\n        L\u00e4s programmet h\u00e4r\n      <\/div>\n      <div class=\"Button__arrow  arrow-tip \">\n                <div class=\"Button__line\"><\/div>\n                <svg class='icon icon--arrow-tip'  width=\"11\" height=\"16\" viewBox=\"0 0 11 16\" fill=\"none\" xmlns=\"http:\/\/www.w3.org\/2000\/svg\">\n<path d=\"M0.858398 15L9.2304 7.99664L0.967732 1.00001\" stroke=\"black\" stroke-width=\"2\" stroke-miterlimit=\"10\"\/>\n<\/svg>\n\n        <\/div>\n    <\/a>\n  <\/div>\n<\/div>\n\n\n\n<div class=\"wp-block-column is-layout-flow wp-block-column-is-layout-flow\">\n<figure class=\"wp-block-image aligncenter size-large\"><a href=\"https:\/\/www.kompetensforetagen.se\/app\/uploads\/sites\/5\/2025\/06\/10-reformer.pdf\" target=\"_blank\" rel=\" noreferrer noopener\"><img loading=\"lazy\" decoding=\"async\" width=\"1180\" height=\"834\" src=\"https:\/\/www.kompetensforetagen.se\/app\/uploads\/sites\/5\/2025\/06\/10-reformer-2-1180x834.png\" alt=\"\" class=\"wp-image-20457\" srcset=\"https:\/\/www.kompetensforetagen.se\/app\/uploads\/sites\/5\/2025\/06\/10-reformer-2-1180x834.png 1180w, https:\/\/www.kompetensforetagen.se\/app\/uploads\/sites\/5\/2025\/06\/10-reformer-2-580x410.png 580w, https:\/\/www.kompetensforetagen.se\/app\/uploads\/sites\/5\/2025\/06\/10-reformer-2-380x269.png 380w, https:\/\/www.kompetensforetagen.se\/app\/uploads\/sites\/5\/2025\/06\/10-reformer-2-768x543.png 768w, https:\/\/www.kompetensforetagen.se\/app\/uploads\/sites\/5\/2025\/06\/10-reformer-2-1536x1086.png 1536w, https:\/\/www.kompetensforetagen.se\/app\/uploads\/sites\/5\/2025\/06\/10-reformer-2-600x424.png 600w, https:\/\/www.kompetensforetagen.se\/app\/uploads\/sites\/5\/2025\/06\/10-reformer-2.png 2000w\" sizes=\"auto, (max-width: 1180px) 100vw, 1180px\" \/><\/a><\/figure>\n<\/div>\n<\/div>\n<\/div>\n<\/div>\n\n\n\n<div class=\"wp-block-group has-primary-background-color has-background is-layout-constrained wp-block-group-is-layout-constrained\">\n<div class=\"wp-block-columns is-layout-flex wp-container-core-columns-is-layout-9d6595d7 wp-block-columns-is-layout-flex\">\n<div class=\"wp-block-column is-layout-flow wp-block-column-is-layout-flow\"><div class=\"wp-block wp-block-core-heading\" id=\"sa-arbetar-vi-med-omstallning-i-arbetslivet\">\n<h3 class=\"wp-block-heading\" id=\"h-sa-arbetar-vi-med-omstallning-i-arbetslivet\"><strong>S\u00e5 arbetar vi med omst\u00e4llning i arbetslivet<\/strong><\/h3>\n<\/div>\n\n<div class=\"wp-block wp-block-core-paragraph\">\n<p>Genom att driva fr\u00e5gor som st\u00e4rker medlemsf\u00f6retagens roll i arbetslivets omst\u00e4llning. Verkar vi f\u00f6r goda villkor och tydliga regelverk, och samarbetar med omst\u00e4llningsorganisationer, myndigheter och andra akt\u00f6rer f\u00f6r att s\u00e4kerst\u00e4lla att r\u00e4tt st\u00f6d n\u00e5r den som st\u00e5r inf\u00f6r en f\u00f6r\u00e4ndring i arbetslivet. V\u00e5ra medlemmar erbjuder insatser som karri\u00e4rr\u00e5dgivning, jobbs\u00f6kande st\u00f6d och utbildning \u2013 avg\u00f6rande verktyg f\u00f6r en effektiv och h\u00e5llbar omst\u00e4llning.<\/p>\n<\/div><\/div>\n\n\n\n<div class=\"wp-block-column is-vertically-aligned-center is-layout-flow wp-block-column-is-layout-flow\"><div id=\"block-iconlink-block_ad5754051db17fe8766a767ab75e2a24\" class=\"Icon-link Icon-link--arrow-tip\">\n      <a href=\"https:\/\/www.kompetensforetagen.se\/omstallning-i-arbetslivet\/\" target=\"_blank\" class=\"Button is-button is-fullwidth is-style-fill has-black-background-color has-black-border-color has-white-color Button--arrow-tip\">\n      <div class=\"Button__text\">\n        Omst\u00e4llning i arbetslivet&nbsp;\n      <\/div>\n      <div class=\"Button__arrow  arrow-tip \">\n                <div class=\"Button__line\"><\/div>\n                <svg class='icon icon--arrow-tip'  width=\"11\" height=\"16\" viewBox=\"0 0 11 16\" fill=\"none\" xmlns=\"http:\/\/www.w3.org\/2000\/svg\">\n<path d=\"M0.858398 15L9.2304 7.99664L0.967732 1.00001\" stroke=\"black\" stroke-width=\"2\" stroke-miterlimit=\"10\"\/>\n<\/svg>\n\n        <\/div>\n    <\/a>\n  <\/div>\n<\/div>\n<\/div>\n<\/div>\n\n\n\n<div class=\"wp-block-group has-secondary-background-color has-background is-layout-constrained wp-block-group-is-layout-constrained\"><div class=\"wp-block wp-block-core-heading\" id=\"kompetensforetagen-bedriver-ett-aktivt-paverkansarbete-for-att-forbattra-forutsattningarna-for-arbetsformedlingens-fristaende-leverantorer-och-skapa-sunda-forhallanden-pa-marknaden.&nbsp;detta-gor-vi:\">\n<h3 class=\"wp-block-heading\" id=\"h-kompetensforetagen-bedriver-ett-aktivt-paverkansarbete-for-att-forbattra-forutsattningarna-for-arbetsformedlingens-fristaende-leverantorer-och-skapa-sunda-forhallanden-pa-marknaden-nbsp-detta-gor-vi\">Kompetensf\u00f6retagen bedriver ett aktivt p\u00e5verkansarbete f\u00f6r att f\u00f6rb\u00e4ttra f\u00f6ruts\u00e4ttningarna f\u00f6r Arbetsf\u00f6rmedlingens frist\u00e5ende leverant\u00f6rer och skapa sunda f\u00f6rh\u00e5llanden p\u00e5 marknaden.&nbsp;<strong>Detta g\u00f6r vi<\/strong>:<\/h3>\n<\/div>\n\n\n<div class=\"wp-block-columns is-layout-flex wp-container-core-columns-is-layout-9d6595d7 wp-block-columns-is-layout-flex\">\n<div class=\"wp-block-column is-layout-flow wp-block-column-is-layout-flow\">\n<figure class=\"wp-block-image aligncenter size-full is-resized\"><img loading=\"lazy\" decoding=\"async\" width=\"1080\" height=\"1080\" src=\"https:\/\/www.kompetensforetagen.se\/app\/uploads\/sites\/5\/2025\/05\/1000-medlemmar.png\" alt=\"\" class=\"wp-image-20056\" style=\"width:193px;height:auto\" srcset=\"https:\/\/www.kompetensforetagen.se\/app\/uploads\/sites\/5\/2025\/05\/1000-medlemmar.png 1080w, https:\/\/www.kompetensforetagen.se\/app\/uploads\/sites\/5\/2025\/05\/1000-medlemmar-580x580.png 580w, https:\/\/www.kompetensforetagen.se\/app\/uploads\/sites\/5\/2025\/05\/1000-medlemmar-380x380.png 380w, https:\/\/www.kompetensforetagen.se\/app\/uploads\/sites\/5\/2025\/05\/1000-medlemmar-768x768.png 768w, https:\/\/www.kompetensforetagen.se\/app\/uploads\/sites\/5\/2025\/05\/1000-medlemmar-600x600.png 600w, https:\/\/www.kompetensforetagen.se\/app\/uploads\/sites\/5\/2025\/05\/1000-medlemmar-100x100.png 100w\" sizes=\"auto, (max-width: 1080px) 100vw, 1080px\" \/><\/figure>\n\n\n<div class=\"wp-block wp-block-core-heading\" id=\"medlemsnatverk-for-att-diskutera-och-utvardera-aktuella-arbetsmarknadsfragor\">\n<h5 class=\"wp-block-heading\" id=\"h-medlemsnatverk-for-att-diskutera-och-utvardera-aktuella-arbetsmarknadsfragor\"><strong>Medlemsn\u00e4tverk<\/strong> f\u00f6r att diskutera och utv\u00e4rdera aktuella arbetsmarknadsfr\u00e5gor<\/h5>\n<\/div><\/div>\n\n\n\n<div class=\"wp-block-column is-layout-flow wp-block-column-is-layout-flow\">\n<figure class=\"wp-block-image aligncenter size-full is-resized\"><img loading=\"lazy\" decoding=\"async\" width=\"810\" height=\"810\" src=\"https:\/\/www.kompetensforetagen.se\/app\/uploads\/sites\/5\/2025\/05\/Analys.png\" alt=\"\" class=\"wp-image-20033\" style=\"width:192px;height:auto\" srcset=\"https:\/\/www.kompetensforetagen.se\/app\/uploads\/sites\/5\/2025\/05\/Analys.png 810w, https:\/\/www.kompetensforetagen.se\/app\/uploads\/sites\/5\/2025\/05\/Analys-580x580.png 580w, https:\/\/www.kompetensforetagen.se\/app\/uploads\/sites\/5\/2025\/05\/Analys-380x380.png 380w, https:\/\/www.kompetensforetagen.se\/app\/uploads\/sites\/5\/2025\/05\/Analys-768x768.png 768w, https:\/\/www.kompetensforetagen.se\/app\/uploads\/sites\/5\/2025\/05\/Analys-600x600.png 600w, https:\/\/www.kompetensforetagen.se\/app\/uploads\/sites\/5\/2025\/05\/Analys-100x100.png 100w\" sizes=\"auto, (max-width: 810px) 100vw, 810px\" \/><\/figure>\n\n\n<div class=\"wp-block wp-block-core-heading\" id=\"analyser-och-uppfoljningar-av-myndighetsrapporter-och-annat-av-intresse\">\n<h5 class=\"wp-block-heading\" id=\"h-analyser-och-uppfoljningar-av-myndighetsrapporter-och-annat-av-intresse\"><strong>Analyser<\/strong> och uppf\u00f6ljningar av myndighetsrapporter och annat av intresse<\/h5>\n<\/div><\/div>\n\n\n\n<div class=\"wp-block-column is-layout-flow wp-block-column-is-layout-flow\">\n<figure class=\"wp-block-image aligncenter size-full is-resized\"><img loading=\"lazy\" decoding=\"async\" width=\"810\" height=\"810\" src=\"https:\/\/www.kompetensforetagen.se\/app\/uploads\/sites\/5\/2025\/05\/Uppdateringar.png\" alt=\"\" class=\"wp-image-20038\" style=\"width:184px;height:auto\" srcset=\"https:\/\/www.kompetensforetagen.se\/app\/uploads\/sites\/5\/2025\/05\/Uppdateringar.png 810w, https:\/\/www.kompetensforetagen.se\/app\/uploads\/sites\/5\/2025\/05\/Uppdateringar-580x580.png 580w, https:\/\/www.kompetensforetagen.se\/app\/uploads\/sites\/5\/2025\/05\/Uppdateringar-380x380.png 380w, https:\/\/www.kompetensforetagen.se\/app\/uploads\/sites\/5\/2025\/05\/Uppdateringar-768x768.png 768w, https:\/\/www.kompetensforetagen.se\/app\/uploads\/sites\/5\/2025\/05\/Uppdateringar-600x600.png 600w, https:\/\/www.kompetensforetagen.se\/app\/uploads\/sites\/5\/2025\/05\/Uppdateringar-100x100.png 100w\" sizes=\"auto, (max-width: 810px) 100vw, 810px\" \/><\/figure>\n\n\n<div class=\"wp-block wp-block-core-heading\" id=\"lopande-uppdateringar-kring-vad-som-hander-i-arbetsmarknadspolitiken&nbsp;\">\n<h5 class=\"wp-block-heading\" id=\"h-lopande-uppdateringar-kring-vad-som-hander-i-arbetsmarknadspolitiken-nbsp\">L\u00f6pande <strong>uppdateringar<\/strong> kring vad som h\u00e4nder i arbetsmarknadspolitiken&nbsp;<\/h5>\n<\/div><\/div>\n<\/div>\n\n\n\n<div class=\"wp-block-columns is-layout-flex wp-container-core-columns-is-layout-9d6595d7 wp-block-columns-is-layout-flex\">\n<div class=\"wp-block-column is-layout-flow wp-block-column-is-layout-flow\">\n<figure class=\"wp-block-image aligncenter size-full is-resized\"><img loading=\"lazy\" decoding=\"async\" width=\"810\" height=\"810\" src=\"https:\/\/www.kompetensforetagen.se\/app\/uploads\/sites\/5\/2025\/05\/Moten.png\" alt=\"\" class=\"wp-image-20036\" style=\"width:225px;height:auto\" srcset=\"https:\/\/www.kompetensforetagen.se\/app\/uploads\/sites\/5\/2025\/05\/Moten.png 810w, https:\/\/www.kompetensforetagen.se\/app\/uploads\/sites\/5\/2025\/05\/Moten-580x580.png 580w, https:\/\/www.kompetensforetagen.se\/app\/uploads\/sites\/5\/2025\/05\/Moten-380x380.png 380w, https:\/\/www.kompetensforetagen.se\/app\/uploads\/sites\/5\/2025\/05\/Moten-768x768.png 768w, https:\/\/www.kompetensforetagen.se\/app\/uploads\/sites\/5\/2025\/05\/Moten-600x600.png 600w, https:\/\/www.kompetensforetagen.se\/app\/uploads\/sites\/5\/2025\/05\/Moten-100x100.png 100w\" sizes=\"auto, (max-width: 810px) 100vw, 810px\" \/><\/figure>\n\n\n<div class=\"wp-block wp-block-core-heading\" id=\"aktiviteter-sasom-moten,-seminarier-och-konferenser-med-relevanta-intressenter&nbsp;\">\n<h5 class=\"wp-block-heading\" id=\"h-aktiviteter-sasom-moten-seminarier-och-konferenser-med-relevanta-intressenter-nbsp\"><strong>Aktiviteter<\/strong> s\u00e5som m\u00f6ten, seminarier och konferenser med relevanta intressenter&nbsp;<\/h5>\n<\/div><\/div>\n\n\n\n<div class=\"wp-block-column is-layout-flow wp-block-column-is-layout-flow\">\n<figure class=\"wp-block-image aligncenter size-full is-resized\"><img loading=\"lazy\" decoding=\"async\" width=\"810\" height=\"810\" src=\"https:\/\/www.kompetensforetagen.se\/app\/uploads\/sites\/5\/2025\/05\/kontaktvagar.png\" alt=\"\" class=\"wp-image-20035\" style=\"width:219px;height:auto\" srcset=\"https:\/\/www.kompetensforetagen.se\/app\/uploads\/sites\/5\/2025\/05\/kontaktvagar.png 810w, https:\/\/www.kompetensforetagen.se\/app\/uploads\/sites\/5\/2025\/05\/kontaktvagar-580x580.png 580w, https:\/\/www.kompetensforetagen.se\/app\/uploads\/sites\/5\/2025\/05\/kontaktvagar-380x380.png 380w, https:\/\/www.kompetensforetagen.se\/app\/uploads\/sites\/5\/2025\/05\/kontaktvagar-768x768.png 768w, https:\/\/www.kompetensforetagen.se\/app\/uploads\/sites\/5\/2025\/05\/kontaktvagar-600x600.png 600w, https:\/\/www.kompetensforetagen.se\/app\/uploads\/sites\/5\/2025\/05\/kontaktvagar-100x100.png 100w\" sizes=\"auto, (max-width: 810px) 100vw, 810px\" \/><\/figure>\n\n\n<div class=\"wp-block wp-block-core-heading\" id=\"kontaktvagar-till-berorda-politiker,-myndigheter-och-andra-beslutsfattare&nbsp;\">\n<h5 class=\"wp-block-heading\" id=\"h-kontaktvagar-till-berorda-politiker-myndigheter-och-andra-beslutsfattare-nbsp\"><strong>Kontaktv\u00e4gar <\/strong>till ber\u00f6rda politiker, myndigheter och andra beslutsfattare&nbsp;<\/h5>\n<\/div><\/div>\n\n\n\n<div class=\"wp-block-column is-layout-flow wp-block-column-is-layout-flow\">\n<figure class=\"wp-block-image aligncenter size-full is-resized\"><img loading=\"lazy\" decoding=\"async\" width=\"810\" height=\"810\" src=\"https:\/\/www.kompetensforetagen.se\/app\/uploads\/sites\/5\/2025\/05\/Debattinlagg.png\" alt=\"\" class=\"wp-image-20034\" style=\"width:223px;height:auto\" srcset=\"https:\/\/www.kompetensforetagen.se\/app\/uploads\/sites\/5\/2025\/05\/Debattinlagg.png 810w, https:\/\/www.kompetensforetagen.se\/app\/uploads\/sites\/5\/2025\/05\/Debattinlagg-580x580.png 580w, https:\/\/www.kompetensforetagen.se\/app\/uploads\/sites\/5\/2025\/05\/Debattinlagg-380x380.png 380w, https:\/\/www.kompetensforetagen.se\/app\/uploads\/sites\/5\/2025\/05\/Debattinlagg-768x768.png 768w, https:\/\/www.kompetensforetagen.se\/app\/uploads\/sites\/5\/2025\/05\/Debattinlagg-600x600.png 600w, https:\/\/www.kompetensforetagen.se\/app\/uploads\/sites\/5\/2025\/05\/Debattinlagg-100x100.png 100w\" sizes=\"auto, (max-width: 810px) 100vw, 810px\" \/><\/figure>\n\n\n<div class=\"wp-block wp-block-core-heading\" id=\"debattinlagg-i-centrala-arbetsmarknadsfragor&nbsp;\">\n<h5 class=\"wp-block-heading\" id=\"h-debattinlagg-i-centrala-arbetsmarknadsfragor-nbsp\"><strong>Debattinl\u00e4gg<\/strong> i centrala arbetsmarknadsfr\u00e5gor&nbsp;<\/h5>\n<\/div><\/div>\n<\/div>\n<\/div>\n\n\n\n<div class=\"wp-block-group is-layout-constrained wp-block-group-is-layout-constrained\"><div id=\"block-contact-block_6856ba97ba183d9845037ba03ac34019\" class=\"Contact\">\n      <div class=\"Contact__title\">\n      <p>F\u00f6r vidare fr\u00e5gor<\/p>\n\n    <\/div>\n    <div class=\" row \">\n              <div class=\"col-lg-12 pb-md-4 pb-3\">\n          <div class=\"Contact-card   --has-image \">\n             <a href=\"https:\/\/www.kompetensforetagen.se\/person\/jessicaforsskatz\/\">\n          <figure class=\"Contact-card__image\">\n            <img decoding=\"async\" src=\"https:\/\/www.kompetensforetagen.se\/app\/uploads\/2024\/12\/jessica-380x253.jpg\" alt=\"Jessica Forss Katz\">\n          <\/figure>\n        <\/a>\n          <div class=\"Contact-card__body\">\n      <h2 class=\"Contact-card__title\">Jessica Forss Katz<\/h2>\n      <p class=\"mb-0\">N\u00e4ringspolitisk expert<\/p>\n      \n              <p class=\"mb-2\">Stockholm<\/p>\n                    <p>\n                      <a href=\"tel:+46 8 762 69 57\">+46 8 762 69 57<\/a>\n                                <a href=\"tel:+46 72 204 63 47\">+46 72 204 63 47<\/a>\n                                <a href=\"mailto:jessica.forss-katz@kompetensforetagen.se\">E-post<\/a>\n                  <\/p>\n            <a href=\"https:\/\/www.kompetensforetagen.se\/person\/jessicaforsskatz\/\" class=\"Contact-card__link\">\n        <div class=\"Contact-card__arrow\">\n          <p class=\"Contact-card__arrow__text\">L\u00e4s mer<\/p>\n          <div class=\"Contact-card__arrow__line\"><\/div>\n          <svg class='icon icon--arrow-tip'  width=\"11\" height=\"16\" viewBox=\"0 0 11 16\" fill=\"none\" xmlns=\"http:\/\/www.w3.org\/2000\/svg\">\n<path d=\"M0.858398 15L9.2304 7.99664L0.967732 1.00001\" stroke=\"black\" stroke-width=\"2\" stroke-miterlimit=\"10\"\/>\n<\/svg>\n\n          <\/div>\n      <\/a>\n\n      \n    <\/div>\n  <\/div>\n        <\/div>\n          <\/div>\n    <\/div>\n<\/div>\n\n\n\n<div class=\"wp-block-group has-primary-background-color has-background is-layout-constrained wp-block-group-is-layout-constrained\"><div class=\"wp-block wp-block-core-heading heading-in-sidebar\" id=\"vara-fragor\"><a class='Share__link Share__link--url copy-text' href='#' rel='nofollow' data-text='vara-fragor' title='Dela url' data-confirmation='L\u00e4nken kopierades till urklipp'><svg class='icon icon--link'  width='18' height='18' viewBox='0 0 18 18' fill='none' xmlns='http:\/\/www.w3.org\/2000\/svg'>\n            <path d='M10.4142 0.514721L6.87868 4.05025L8.29289 5.46447L11.1213 2.63604L15.364 6.87868L12.5355 9.70711L13.9497 11.1213L17.4853 7.58579C17.8763 7.19476 17.8763 6.5626 17.4853 6.17158L11.8284 0.514721C11.4374 0.123691 10.8052 0.123691 10.4142 0.514721Z' fill='black'\/>\n            <path d='M9.7071 12.5355L6.87868 15.364L2.63604 11.1213L5.46446 8.2929L4.05025 6.87868L0.514716 10.4142C0.123686 10.8052 0.123686 11.4374 0.514716 11.8284L6.17157 17.4853C6.5626 17.8763 7.19475 17.8763 7.58578 17.4853L11.1213 13.9497L9.7071 12.5355Z' fill='black'\/>\n            <path d='M6.17157 11.8284C6.5626 12.2195 7.19475 12.2195 7.58578 11.8284L11.8284 7.58579C12.2195 7.19476 12.2195 6.56261 11.8284 6.17158C11.4374 5.78055 10.8052 5.78055 10.4142 6.17158L6.17157 10.4142C5.78054 10.8052 5.78054 11.4374 6.17157 11.8284Z' fill='black'\/>\n            <\/svg> <\/a>\n<h2 class=\"wp-block-heading\" id=\"h-vara-fragor\">V\u00e5ra fr\u00e5gor<\/h2>\n<\/div>\n\n\n<div class=\"wp-block-columns is-layout-flex wp-container-core-columns-is-layout-9d6595d7 wp-block-columns-is-layout-flex\">\n<div class=\"wp-block-column is-layout-flow wp-block-column-is-layout-flow\"><div id=\"block-iconlink-block_661d616fce850ff2c5880e6b3c8c5dfb\" class=\"Icon-link Icon-link--arrow-tip\">\n      <a href=\"https:\/\/www.kompetensforetagen.se\/arbetsmarknadspolitik\/\" target=\"_blank\" class=\"Button is-button is-fullwidth is-style-fill has-black-background-color has-black-border-color has-white-color Button--arrow-tip white-space-nowrap\">\n      <div class=\"Button__text\">\n        Arbetsmarknad\n      <\/div>\n      <div class=\"Button__arrow  arrow-tip \">\n                <div class=\"Button__line\"><\/div>\n                <svg class='icon icon--arrow-tip'  width=\"11\" height=\"16\" viewBox=\"0 0 11 16\" fill=\"none\" xmlns=\"http:\/\/www.w3.org\/2000\/svg\">\n<path d=\"M0.858398 15L9.2304 7.99664L0.967732 1.00001\" stroke=\"black\" stroke-width=\"2\" stroke-miterlimit=\"10\"\/>\n<\/svg>\n\n        <\/div>\n    <\/a>\n  <\/div>\n<\/div>\n\n\n\n<div class=\"wp-block-column is-layout-flow wp-block-column-is-layout-flow\"><div id=\"block-iconlink-block_32955172b1656a68e6cde029de935156\" class=\"Icon-link Icon-link--arrow-tip\">\n      <a href=\"https:\/\/www.kompetensforetagen.se\/vardbemanning\/\" target=\"_blank\" class=\"Button is-button is-fullwidth is-style-fill has-black-background-color has-black-border-color has-white-color Button--arrow-tip\">\n      <div class=\"Button__text\">\n        V\u00e4lf\u00e4rdsbemanning\n      <\/div>\n      <div class=\"Button__arrow  arrow-tip \">\n                <div class=\"Button__line\"><\/div>\n                <svg class='icon icon--arrow-tip'  width=\"11\" height=\"16\" viewBox=\"0 0 11 16\" fill=\"none\" xmlns=\"http:\/\/www.w3.org\/2000\/svg\">\n<path d=\"M0.858398 15L9.2304 7.99664L0.967732 1.00001\" stroke=\"black\" stroke-width=\"2\" stroke-miterlimit=\"10\"\/>\n<\/svg>\n\n        <\/div>\n    <\/a>\n  <\/div>\n<\/div>\n<\/div>\n\n\n\n<div class=\"wp-block-columns is-layout-flex wp-container-core-columns-is-layout-9d6595d7 wp-block-columns-is-layout-flex\">\n<div class=\"wp-block-column is-layout-flow wp-block-column-is-layout-flow\"><div id=\"block-iconlink-block_81255a92c842704f6b67881bc3d45293\" class=\"Icon-link Icon-link--arrow-tip\">\n      <a href=\"https:\/\/www.kompetensforetagen.se\/bakgrundskontroller-2\/\" target=\"_blank\" class=\"Button is-button is-fullwidth is-style-fill has-black-background-color has-black-border-color has-white-color Button--arrow-tip\">\n      <div class=\"Button__text\">\n        Bakgrundskontroller\n      <\/div>\n      <div class=\"Button__arrow  arrow-tip \">\n                <div class=\"Button__line\"><\/div>\n                <svg class='icon icon--arrow-tip'  width=\"11\" height=\"16\" viewBox=\"0 0 11 16\" fill=\"none\" xmlns=\"http:\/\/www.w3.org\/2000\/svg\">\n<path d=\"M0.858398 15L9.2304 7.99664L0.967732 1.00001\" stroke=\"black\" stroke-width=\"2\" stroke-miterlimit=\"10\"\/>\n<\/svg>\n\n        <\/div>\n    <\/a>\n  <\/div>\n<\/div>\n\n\n\n<div class=\"wp-block-column is-layout-flow wp-block-column-is-layout-flow\"><div id=\"block-iconlink-block_148ed2579a51b390c1354697ea9acc22\" class=\"Icon-link Icon-link--arrow-tip\">\n      <a href=\"https:\/\/www.kompetensforetagen.se\/internationellt\/\" target=\"_blank\" class=\"Button is-button is-fullwidth is-style-fill has-black-background-color has-black-border-color has-white-color Button--arrow-tip white-space-nowrap\">\n      <div class=\"Button__text\">\n        Internationellt\n      <\/div>\n      <div class=\"Button__arrow  arrow-tip \">\n                <div class=\"Button__line\"><\/div>\n                <svg class='icon icon--arrow-tip'  width=\"11\" height=\"16\" viewBox=\"0 0 11 16\" fill=\"none\" xmlns=\"http:\/\/www.w3.org\/2000\/svg\">\n<path d=\"M0.858398 15L9.2304 7.99664L0.967732 1.00001\" stroke=\"black\" stroke-width=\"2\" stroke-miterlimit=\"10\"\/>\n<\/svg>\n\n        <\/div>\n    <\/a>\n  <\/div>\n<\/div>\n\n\n\n<div class=\"wp-block-column is-layout-flow wp-block-column-is-layout-flow\"><div id=\"block-iconlink-block_06742056b9e03042ad6a938e018112cb\" class=\"Icon-link Icon-link--arrow-tip\">\n      <a href=\"https:\/\/www.kompetensforetagen.se\/offentlig-upphandling\/\" target=\"_blank\" class=\"Button is-button is-fullwidth is-style-fill has-black-background-color has-black-border-color has-white-color Button--arrow-tip\">\n      <div class=\"Button__text\">\n        Offentlig upphandling\n      <\/div>\n      <div class=\"Button__arrow  arrow-tip \">\n                <div class=\"Button__line\"><\/div>\n                <svg class='icon icon--arrow-tip'  width=\"11\" height=\"16\" viewBox=\"0 0 11 16\" fill=\"none\" xmlns=\"http:\/\/www.w3.org\/2000\/svg\">\n<path d=\"M0.858398 15L9.2304 7.99664L0.967732 1.00001\" stroke=\"black\" stroke-width=\"2\" stroke-miterlimit=\"10\"\/>\n<\/svg>\n\n        <\/div>\n    <\/a>\n  <\/div>\n<\/div>\n<\/div>\n<\/div>\n","protected":false},"excerpt":{"rendered":"<p>Kompetensf\u00f6retagens medlemmar utg\u00f6r en viktig del av arbetsmarknadspolitiken, inte minst genom att erbjuda arbetsmarknads-tj\u00e4nster till arbetss\u00f6kande som \u00e4r inskrivna p\u00e5 Arbetsf\u00f6rmedlingen. Som upphandlade leverant\u00f6rer till Arbetsf\u00f6rmedlingen \u00e4r v\u00e5ra medlemmar en f\u00f6rl\u00e4ngning av myndigheten i dess &hellip;<\/p>\n","protected":false},"author":13369,"featured_media":0,"parent":0,"menu_order":0,"comment_status":"closed","ping_status":"closed","template":"","meta":{"_acf_changed":false,"footnotes":""},"article_type":[],"agreement":[],"for-members":[],"class_list":["post-20012","page","type-page","status-publish","hentry"],"acf":[],"yoast_head":"<!-- This site is optimized with the Yoast SEO Premium plugin v26.8 (Yoast SEO v26.8) - https:\/\/yoast.com\/product\/yoast-seo-premium-wordpress\/ -->\n<title>Arbetsmarknadspolitik\u00a0 - Kompetensf\u00f6retagen<\/title>\n<meta name=\"description\" content=\"Som upphandlade leverant\u00f6rer till Arbetsf\u00f6rmedlingen \u00e4r v\u00e5ra medlemmar en f\u00f6rl\u00e4ngning av myndigheten i dess arbetsmarknadspolitiska uppdrag.\u00a0\u00a0\u00a0\" \/>\n<meta name=\"robots\" content=\"index, follow, max-snippet:-1, max-image-preview:large, max-video-preview:-1\" \/>\n<link rel=\"canonical\" href=\"https:\/\/www.kompetensforetagen.se\/arbetsmarknadspolitik\/\" \/>\n<meta property=\"og:locale\" content=\"sv_SE\" \/>\n<meta property=\"og:type\" content=\"article\" \/>\n<meta property=\"og:title\" content=\"Arbetsmarknadspolitik\u00a0\" \/>\n<meta property=\"og:description\" content=\"Som upphandlade leverant\u00f6rer till Arbetsf\u00f6rmedlingen \u00e4r v\u00e5ra medlemmar en f\u00f6rl\u00e4ngning av myndigheten i dess arbetsmarknadspolitiska uppdrag.\u00a0\u00a0\u00a0\" \/>\n<meta property=\"og:url\" content=\"https:\/\/www.kompetensforetagen.se\/arbetsmarknadspolitik\/\" \/>\n<meta property=\"og:site_name\" content=\"Kompetensf\u00f6retagen\" \/>\n<meta property=\"article:modified_time\" content=\"2025-08-05T08:45:55+00:00\" \/>\n<meta property=\"og:image\" content=\"https:\/\/www.kompetensforetagen.se\/app\/uploads\/sites\/5\/2025\/06\/10-reformer-2-1180x834.png\" \/>\n<meta name=\"twitter:card\" content=\"summary_large_image\" \/>\n<meta name=\"twitter:label1\" content=\"Ber\u00e4knad l\u00e4stid\" \/>\n\t<meta name=\"twitter:data1\" content=\"4 minuter\" \/>\n<script type=\"application\/ld+json\" class=\"yoast-schema-graph\">{\"@context\":\"https:\/\/schema.org\",\"@graph\":[{\"@type\":\"WebPage\",\"@id\":\"https:\/\/www.kompetensforetagen.se\/arbetsmarknadspolitik\/\",\"url\":\"https:\/\/www.kompetensforetagen.se\/arbetsmarknadspolitik\/\",\"name\":\"Arbetsmarknadspolitik\u00a0 - Kompetensf\u00f6retagen\",\"isPartOf\":{\"@id\":\"https:\/\/www.kompetensforetagen.se\/#website\"},\"primaryImageOfPage\":{\"@id\":\"https:\/\/www.kompetensforetagen.se\/arbetsmarknadspolitik\/#primaryimage\"},\"image\":{\"@id\":\"https:\/\/www.kompetensforetagen.se\/arbetsmarknadspolitik\/#primaryimage\"},\"thumbnailUrl\":\"https:\/\/www.kompetensforetagen.se\/app\/uploads\/sites\/5\/2025\/06\/10-reformer-2-1180x834.png\",\"datePublished\":\"2025-05-21T08:05:22+00:00\",\"dateModified\":\"2025-08-05T08:45:55+00:00\",\"description\":\"Som upphandlade leverant\u00f6rer till Arbetsf\u00f6rmedlingen \u00e4r v\u00e5ra medlemmar en f\u00f6rl\u00e4ngning av myndigheten i dess arbetsmarknadspolitiska uppdrag.\u00a0\u00a0\u00a0\",\"breadcrumb\":{\"@id\":\"https:\/\/www.kompetensforetagen.se\/arbetsmarknadspolitik\/#breadcrumb\"},\"inLanguage\":\"sv-SE\",\"potentialAction\":[{\"@type\":\"ReadAction\",\"target\":[\"https:\/\/www.kompetensforetagen.se\/arbetsmarknadspolitik\/\"]}]},{\"@type\":\"ImageObject\",\"inLanguage\":\"sv-SE\",\"@id\":\"https:\/\/www.kompetensforetagen.se\/arbetsmarknadspolitik\/#primaryimage\",\"url\":\"https:\/\/www.kompetensforetagen.se\/app\/uploads\/sites\/5\/2025\/06\/10-reformer-2.png\",\"contentUrl\":\"https:\/\/www.kompetensforetagen.se\/app\/uploads\/sites\/5\/2025\/06\/10-reformer-2.png\",\"width\":2000,\"height\":1414,\"caption\":\"Grafik: 10 reformer f\u00f6r en b\u00e4ttre arbetsmarknad.\"},{\"@type\":\"BreadcrumbList\",\"@id\":\"https:\/\/www.kompetensforetagen.se\/arbetsmarknadspolitik\/#breadcrumb\",\"itemListElement\":[{\"@type\":\"ListItem\",\"position\":1,\"name\":\"Home\",\"item\":\"https:\/\/www.kompetensforetagen.se\/\"},{\"@type\":\"ListItem\",\"position\":2,\"name\":\"Arbetsmarknadspolitik\u00a0\"}]},{\"@type\":\"WebSite\",\"@id\":\"https:\/\/www.kompetensforetagen.se\/#website\",\"url\":\"https:\/\/www.kompetensforetagen.se\/\",\"name\":\"Kompetensf\u00f6retagen\",\"description\":\"R\u00e4tt person p\u00e5 r\u00e4tt plats kan f\u00f6r\u00e4ndra v\u00e4rlden\",\"publisher\":{\"@id\":\"https:\/\/www.kompetensforetagen.se\/#organization\"},\"potentialAction\":[{\"@type\":\"SearchAction\",\"target\":{\"@type\":\"EntryPoint\",\"urlTemplate\":\"https:\/\/www.kompetensforetagen.se\/?s={search_term_string}\"},\"query-input\":{\"@type\":\"PropertyValueSpecification\",\"valueRequired\":true,\"valueName\":\"search_term_string\"}}],\"inLanguage\":\"sv-SE\"},{\"@type\":\"Organization\",\"@id\":\"https:\/\/www.kompetensforetagen.se\/#organization\",\"name\":\"Kompetensf\u00f6retagen\",\"url\":\"https:\/\/www.kompetensforetagen.se\/\",\"logo\":{\"@type\":\"ImageObject\",\"inLanguage\":\"sv-SE\",\"@id\":\"https:\/\/www.kompetensforetagen.se\/#\/schema\/logo\/image\/\",\"url\":\"https:\/\/www.kompetensforetagen.se\/app\/uploads\/sites\/5\/2022\/10\/logga_svart.png\",\"contentUrl\":\"https:\/\/www.kompetensforetagen.se\/app\/uploads\/sites\/5\/2022\/10\/logga_svart.png\",\"width\":752,\"height\":64,\"caption\":\"Kompetensf\u00f6retagen\"},\"image\":{\"@id\":\"https:\/\/www.kompetensforetagen.se\/#\/schema\/logo\/image\/\"},\"sameAs\":[\"https:\/\/www.linkedin.com\/company\/10540032\/\"]}]}<\/script>\n<!-- \/ Yoast SEO Premium plugin. -->","yoast_head_json":{"title":"Arbetsmarknadspolitik\u00a0 - Kompetensf\u00f6retagen","description":"Som upphandlade leverant\u00f6rer till Arbetsf\u00f6rmedlingen \u00e4r v\u00e5ra medlemmar en f\u00f6rl\u00e4ngning av myndigheten i dess arbetsmarknadspolitiska uppdrag.\u00a0\u00a0\u00a0","robots":{"index":"index","follow":"follow","max-snippet":"max-snippet:-1","max-image-preview":"max-image-preview:large","max-video-preview":"max-video-preview:-1"},"canonical":"https:\/\/www.kompetensforetagen.se\/arbetsmarknadspolitik\/","og_locale":"sv_SE","og_type":"article","og_title":"Arbetsmarknadspolitik\u00a0","og_description":"Som upphandlade leverant\u00f6rer till Arbetsf\u00f6rmedlingen \u00e4r v\u00e5ra medlemmar en f\u00f6rl\u00e4ngning av myndigheten i dess arbetsmarknadspolitiska uppdrag.\u00a0\u00a0\u00a0","og_url":"https:\/\/www.kompetensforetagen.se\/arbetsmarknadspolitik\/","og_site_name":"Kompetensf\u00f6retagen","article_modified_time":"2025-08-05T08:45:55+00:00","og_image":[{"url":"https:\/\/www.kompetensforetagen.se\/app\/uploads\/sites\/5\/2025\/06\/10-reformer-2-1180x834.png","type":"","width":"","height":""}],"twitter_card":"summary_large_image","twitter_misc":{"Ber\u00e4knad l\u00e4stid":"4 minuter"},"schema":{"@context":"https:\/\/schema.org","@graph":[{"@type":"WebPage","@id":"https:\/\/www.kompetensforetagen.se\/arbetsmarknadspolitik\/","url":"https:\/\/www.kompetensforetagen.se\/arbetsmarknadspolitik\/","name":"Arbetsmarknadspolitik\u00a0 - Kompetensf\u00f6retagen","isPartOf":{"@id":"https:\/\/www.kompetensforetagen.se\/#website"},"primaryImageOfPage":{"@id":"https:\/\/www.kompetensforetagen.se\/arbetsmarknadspolitik\/#primaryimage"},"image":{"@id":"https:\/\/www.kompetensforetagen.se\/arbetsmarknadspolitik\/#primaryimage"},"thumbnailUrl":"https:\/\/www.kompetensforetagen.se\/app\/uploads\/sites\/5\/2025\/06\/10-reformer-2-1180x834.png","datePublished":"2025-05-21T08:05:22+00:00","dateModified":"2025-08-05T08:45:55+00:00","description":"Som upphandlade leverant\u00f6rer till Arbetsf\u00f6rmedlingen \u00e4r v\u00e5ra medlemmar en f\u00f6rl\u00e4ngning av myndigheten i dess arbetsmarknadspolitiska uppdrag.\u00a0\u00a0\u00a0","breadcrumb":{"@id":"https:\/\/www.kompetensforetagen.se\/arbetsmarknadspolitik\/#breadcrumb"},"inLanguage":"sv-SE","potentialAction":[{"@type":"ReadAction","target":["https:\/\/www.kompetensforetagen.se\/arbetsmarknadspolitik\/"]}]},{"@type":"ImageObject","inLanguage":"sv-SE","@id":"https:\/\/www.kompetensforetagen.se\/arbetsmarknadspolitik\/#primaryimage","url":"https:\/\/www.kompetensforetagen.se\/app\/uploads\/sites\/5\/2025\/06\/10-reformer-2.png","contentUrl":"https:\/\/www.kompetensforetagen.se\/app\/uploads\/sites\/5\/2025\/06\/10-reformer-2.png","width":2000,"height":1414,"caption":"Grafik: 10 reformer f\u00f6r en b\u00e4ttre arbetsmarknad."},{"@type":"BreadcrumbList","@id":"https:\/\/www.kompetensforetagen.se\/arbetsmarknadspolitik\/#breadcrumb","itemListElement":[{"@type":"ListItem","position":1,"name":"Home","item":"https:\/\/www.kompetensforetagen.se\/"},{"@type":"ListItem","position":2,"name":"Arbetsmarknadspolitik\u00a0"}]},{"@type":"WebSite","@id":"https:\/\/www.kompetensforetagen.se\/#website","url":"https:\/\/www.kompetensforetagen.se\/","name":"Kompetensf\u00f6retagen","description":"R\u00e4tt person p\u00e5 r\u00e4tt plats kan f\u00f6r\u00e4ndra v\u00e4rlden","publisher":{"@id":"https:\/\/www.kompetensforetagen.se\/#organization"},"potentialAction":[{"@type":"SearchAction","target":{"@type":"EntryPoint","urlTemplate":"https:\/\/www.kompetensforetagen.se\/?s={search_term_string}"},"query-input":{"@type":"PropertyValueSpecification","valueRequired":true,"valueName":"search_term_string"}}],"inLanguage":"sv-SE"},{"@type":"Organization","@id":"https:\/\/www.kompetensforetagen.se\/#organization","name":"Kompetensf\u00f6retagen","url":"https:\/\/www.kompetensforetagen.se\/","logo":{"@type":"ImageObject","inLanguage":"sv-SE","@id":"https:\/\/www.kompetensforetagen.se\/#\/schema\/logo\/image\/","url":"https:\/\/www.kompetensforetagen.se\/app\/uploads\/sites\/5\/2022\/10\/logga_svart.png","contentUrl":"https:\/\/www.kompetensforetagen.se\/app\/uploads\/sites\/5\/2022\/10\/logga_svart.png","width":752,"height":64,"caption":"Kompetensf\u00f6retagen"},"image":{"@id":"https:\/\/www.kompetensforetagen.se\/#\/schema\/logo\/image\/"},"sameAs":["https:\/\/www.linkedin.com\/company\/10540032\/"]}]}},"_links":{"self":[{"href":"https:\/\/www.kompetensforetagen.se\/api\/wp\/v2\/pages\/20012","targetHints":{"allow":["GET"]}}],"collection":[{"href":"https:\/\/www.kompetensforetagen.se\/api\/wp\/v2\/pages"}],"about":[{"href":"https:\/\/www.kompetensforetagen.se\/api\/wp\/v2\/types\/page"}],"author":[{"embeddable":true,"href":"https:\/\/www.kompetensforetagen.se\/api\/wp\/v2\/users\/13369"}],"replies":[{"embeddable":true,"href":"https:\/\/www.kompetensforetagen.se\/api\/wp\/v2\/comments?post=20012"}],"version-history":[{"count":30,"href":"https:\/\/www.kompetensforetagen.se\/api\/wp\/v2\/pages\/20012\/revisions"}],"predecessor-version":[{"id":20700,"href":"https:\/\/www.kompetensforetagen.se\/api\/wp\/v2\/pages\/20012\/revisions\/20700"}],"wp:attachment":[{"href":"https:\/\/www.kompetensforetagen.se\/api\/wp\/v2\/media?parent=20012"}],"wp:term":[{"taxonomy":"type","embeddable":true,"href":"https:\/\/www.kompetensforetagen.se\/api\/wp\/v2\/article_type?post=20012"},{"taxonomy":"agreement","embeddable":true,"href":"https:\/\/www.kompetensforetagen.se\/api\/wp\/v2\/agreement?post=20012"},{"taxonomy":"for-members","embeddable":true,"href":"https:\/\/www.kompetensforetagen.se\/api\/wp\/v2\/for-members?post=20012"}],"curies":[{"name":"wp","href":"https:\/\/api.w.org\/{rel}","templated":true}]}}