{"id":19684,"date":"2025-04-16T12:59:17","date_gmt":"2025-04-16T10:59:17","guid":{"rendered":"https:\/\/www.kompetensforetagen.se\/?page_id=19684"},"modified":"2025-08-19T15:15:11","modified_gmt":"2025-08-19T13:15:11","slug":"vara-fragor-2","status":"publish","type":"page","link":"https:\/\/www.kompetensforetagen.se\/vara-fragor-2\/","title":{"rendered":"V\u00e5ra fr\u00e5gor"},"content":{"rendered":"<div id=\"block-hero-block_5d30f710f90e786e163fd69789a80ebc\" class=\"Hero --has-media has-no-background-color\">\n\n      <img loading=\"lazy\" decoding=\"async\" width=\"1180\" height=\"590\" src=\"https:\/\/www.kompetensforetagen.se\/app\/uploads\/sites\/5\/2025\/04\/Gra.-Vara-fragor-1180x590.png\" class=\"Hero__image\" alt=\"\" srcset=\"https:\/\/www.kompetensforetagen.se\/app\/uploads\/sites\/5\/2025\/04\/Gra.-Vara-fragor-1180x590.png 1180w, https:\/\/www.kompetensforetagen.se\/app\/uploads\/sites\/5\/2025\/04\/Gra.-Vara-fragor-580x290.png 580w, https:\/\/www.kompetensforetagen.se\/app\/uploads\/sites\/5\/2025\/04\/Gra.-Vara-fragor-380x190.png 380w, https:\/\/www.kompetensforetagen.se\/app\/uploads\/sites\/5\/2025\/04\/Gra.-Vara-fragor-768x384.png 768w, https:\/\/www.kompetensforetagen.se\/app\/uploads\/sites\/5\/2025\/04\/Gra.-Vara-fragor-1536x768.png 1536w, https:\/\/www.kompetensforetagen.se\/app\/uploads\/sites\/5\/2025\/04\/Gra.-Vara-fragor-600x300.png 600w, https:\/\/www.kompetensforetagen.se\/app\/uploads\/sites\/5\/2025\/04\/Gra.-Vara-fragor.png 1890w\" sizes=\"auto, (max-width: 1180px) 100vw, 1180px\" \/>\n    \n  <div class=\"Hero__inner container has-no-background-color has-background-image has-arrow\">\n              <div class=\"Hero__title\">\n          <h1>V\u00e5ra fr\u00e5gor<\/h1>\n        <\/div>\n                          <\/div>\n<\/div>\n\n\n\n<div class=\"wp-block-group has-secondary-background-color has-background is-layout-constrained wp-block-group-is-layout-constrained\">\n<div class=\"wp-block-columns is-layout-flex wp-container-core-columns-is-layout-9d6595d7 wp-block-columns-is-layout-flex\">\n<div class=\"wp-block-column is-layout-flow wp-block-column-is-layout-flow\"><div class=\"wp-block wp-block-core-heading heading-in-sidebar\" id=\"\"><a class='Share__link Share__link--url copy-text' href='#' rel='nofollow' data-text='' title='Dela url' data-confirmation='L\u00e4nken kopierades till urklipp'><svg class='icon icon--link'  width='18' height='18' viewBox='0 0 18 18' fill='none' xmlns='http:\/\/www.w3.org\/2000\/svg'>\n            <path d='M10.4142 0.514721L6.87868 4.05025L8.29289 5.46447L11.1213 2.63604L15.364 6.87868L12.5355 9.70711L13.9497 11.1213L17.4853 7.58579C17.8763 7.19476 17.8763 6.5626 17.4853 6.17158L11.8284 0.514721C11.4374 0.123691 10.8052 0.123691 10.4142 0.514721Z' fill='black'\/>\n            <path d='M9.7071 12.5355L6.87868 15.364L2.63604 11.1213L5.46446 8.2929L4.05025 6.87868L0.514716 10.4142C0.123686 10.8052 0.123686 11.4374 0.514716 11.8284L6.17157 17.4853C6.5626 17.8763 7.19475 17.8763 7.58578 17.4853L11.1213 13.9497L9.7071 12.5355Z' fill='black'\/>\n            <path d='M6.17157 11.8284C6.5626 12.2195 7.19475 12.2195 7.58578 11.8284L11.8284 7.58579C12.2195 7.19476 12.2195 6.56261 11.8284 6.17158C11.4374 5.78055 10.8052 5.78055 10.4142 6.17158L6.17157 10.4142C5.78054 10.8052 5.78054 11.4374 6.17157 11.8284Z' fill='black'\/>\n            <\/svg> <\/a>\n<h2 class=\"wp-block-heading\" id=\"h-\"><\/h2>\n<\/div>\n\n\n<div class=\"wp-block-columns is-layout-flex wp-container-core-columns-is-layout-9d6595d7 wp-block-columns-is-layout-flex\">\n<div class=\"wp-block-column is-layout-flow wp-block-column-is-layout-flow\">\n<figure class=\"wp-block-image size-full\"><a href=\"https:\/\/www.kompetensforetagen.se\/arbetsmarknadspolitik\/\" target=\"_blank\" rel=\"noreferrer noopener\"><img loading=\"lazy\" decoding=\"async\" width=\"1080\" height=\"540\" src=\"https:\/\/www.kompetensforetagen.se\/app\/uploads\/sites\/5\/2025\/08\/Arbetsmarkand.jpg\" alt=\"\" class=\"wp-image-20752\" srcset=\"https:\/\/www.kompetensforetagen.se\/app\/uploads\/sites\/5\/2025\/08\/Arbetsmarkand.jpg 1080w, https:\/\/www.kompetensforetagen.se\/app\/uploads\/sites\/5\/2025\/08\/Arbetsmarkand-580x290.jpg 580w, https:\/\/www.kompetensforetagen.se\/app\/uploads\/sites\/5\/2025\/08\/Arbetsmarkand-380x190.jpg 380w, https:\/\/www.kompetensforetagen.se\/app\/uploads\/sites\/5\/2025\/08\/Arbetsmarkand-768x384.jpg 768w, https:\/\/www.kompetensforetagen.se\/app\/uploads\/sites\/5\/2025\/08\/Arbetsmarkand-600x300.jpg 600w\" sizes=\"auto, (max-width: 1080px) 100vw, 1080px\" \/><\/a><\/figure>\n\n\n<div class=\"wp-block wp-block-core-heading\" id=\"arbetsmarknadspolitik\">\n<h3 class=\"wp-block-heading\" id=\"h-arbetsmarknadspolitik\">Arbetsmarknadspolitik<\/h3>\n<\/div>\n\n<div class=\"wp-block wp-block-core-paragraph\">\n<p>Kompetensf\u00f6retagens medlemmar \u00e4r en viktig del av arbetsmarknadspolitiken genom att erbjuda tj\u00e4nster till arbetss\u00f6kande via Arbetsf\u00f6rmedlingen. Som upphandlade leverant\u00f6rer fungerar de som en f\u00f6rl\u00e4ngning av myndighetens uppdrag.<\/p>\n<\/div>\n\n<div id=\"block-iconlink-block_22b8dceb77d76cbb1b6281026ff6fd00\" class=\"Icon-link Icon-link--arrow-tip\">\n      <a href=\"https:\/\/www.kompetensforetagen.se\/arbetsmarknadspolitik\/\" target=\"_blank\" class=\"Button is-text is-fullwidth Button--arrow-tip\">\n      <div class=\"Button__text\">\n        Till arbetsmarkand\n      <\/div>\n      <div class=\"Button__arrow  arrow-tip \">\n                <div class=\"Button__line\"><\/div>\n                <svg class='icon icon--arrow-tip'  width=\"11\" height=\"16\" viewBox=\"0 0 11 16\" fill=\"none\" xmlns=\"http:\/\/www.w3.org\/2000\/svg\">\n<path d=\"M0.858398 15L9.2304 7.99664L0.967732 1.00001\" stroke=\"black\" stroke-width=\"2\" stroke-miterlimit=\"10\"\/>\n<\/svg>\n\n        <\/div>\n    <\/a>\n  <\/div>\n<\/div>\n\n\n\n<div class=\"wp-block-column is-layout-flow wp-block-column-is-layout-flow\">\n<figure class=\"wp-block-image size-full\"><a href=\"https:\/\/www.kompetensforetagen.se\/vardbemanning\/\" target=\"_blank\" rel=\" noreferrer noopener\"><img loading=\"lazy\" decoding=\"async\" width=\"1080\" height=\"540\" src=\"https:\/\/www.kompetensforetagen.se\/app\/uploads\/sites\/5\/2025\/08\/Valfardsbemanning.jpg\" alt=\"\" class=\"wp-image-20753\" srcset=\"https:\/\/www.kompetensforetagen.se\/app\/uploads\/sites\/5\/2025\/08\/Valfardsbemanning.jpg 1080w, https:\/\/www.kompetensforetagen.se\/app\/uploads\/sites\/5\/2025\/08\/Valfardsbemanning-580x290.jpg 580w, https:\/\/www.kompetensforetagen.se\/app\/uploads\/sites\/5\/2025\/08\/Valfardsbemanning-380x190.jpg 380w, https:\/\/www.kompetensforetagen.se\/app\/uploads\/sites\/5\/2025\/08\/Valfardsbemanning-768x384.jpg 768w, https:\/\/www.kompetensforetagen.se\/app\/uploads\/sites\/5\/2025\/08\/Valfardsbemanning-600x300.jpg 600w\" sizes=\"auto, (max-width: 1080px) 100vw, 1080px\" \/><\/a><\/figure>\n\n\n<div class=\"wp-block wp-block-core-heading\" id=\"va\u0308lfa\u0308rdsbemanning\">\n<h3 class=\"wp-block-heading\" id=\"h-valfardsbemanning\">Va\u0308lfa\u0308rdsbemanning<\/h3>\n<\/div>\n\n<div class=\"wp-block wp-block-core-paragraph\">\n<p>M\u00e5nga offentliga v\u00e5rdverksamheter st\u00e5r inf\u00f6r stora utmaningar \u2013 inte minst n\u00e4r det g\u00e4ller kompetensf\u00f6rs\u00f6rjning. Genom inhyrning kan v\u00e5rden snabbt och flexibelt st\u00e4rka sin bemanning vid behov. <\/p>\n<\/div>\n\n<div id=\"block-iconlink-block_7ff18dd21aa1715dd033cce3ae501a7d\" class=\"Icon-link Icon-link--arrow-tip\">\n      <a href=\"https:\/\/www.kompetensforetagen.se\/vardbemanning\/\" target=\"_blank\" class=\"Button is-text is-fullwidth Button--arrow-tip\">\n      <div class=\"Button__text\">\n        Till va\u0308lfa\u0308rdsbemanning\n      <\/div>\n      <div class=\"Button__arrow  arrow-tip \">\n                <div class=\"Button__line\"><\/div>\n                <svg class='icon icon--arrow-tip'  width=\"11\" height=\"16\" viewBox=\"0 0 11 16\" fill=\"none\" xmlns=\"http:\/\/www.w3.org\/2000\/svg\">\n<path d=\"M0.858398 15L9.2304 7.99664L0.967732 1.00001\" stroke=\"black\" stroke-width=\"2\" stroke-miterlimit=\"10\"\/>\n<\/svg>\n\n        <\/div>\n    <\/a>\n  <\/div>\n<\/div>\n\n\n\n<div class=\"wp-block-column is-layout-flow wp-block-column-is-layout-flow\">\n<figure class=\"wp-block-image size-full\"><a href=\"https:\/\/www.kompetensforetagen.se\/internationellt\/\" target=\"_blank\" rel=\"noreferrer noopener\"><img loading=\"lazy\" decoding=\"async\" width=\"1080\" height=\"540\" src=\"https:\/\/www.kompetensforetagen.se\/app\/uploads\/sites\/5\/2025\/08\/Internationellt.jpg\" alt=\"\" class=\"wp-image-20754\" srcset=\"https:\/\/www.kompetensforetagen.se\/app\/uploads\/sites\/5\/2025\/08\/Internationellt.jpg 1080w, https:\/\/www.kompetensforetagen.se\/app\/uploads\/sites\/5\/2025\/08\/Internationellt-580x290.jpg 580w, https:\/\/www.kompetensforetagen.se\/app\/uploads\/sites\/5\/2025\/08\/Internationellt-380x190.jpg 380w, https:\/\/www.kompetensforetagen.se\/app\/uploads\/sites\/5\/2025\/08\/Internationellt-768x384.jpg 768w, https:\/\/www.kompetensforetagen.se\/app\/uploads\/sites\/5\/2025\/08\/Internationellt-600x300.jpg 600w\" sizes=\"auto, (max-width: 1080px) 100vw, 1080px\" \/><\/a><\/figure>\n\n\n<div class=\"wp-block wp-block-core-heading\" id=\"internationellt\">\n<h3 class=\"wp-block-heading\" id=\"h-internationellt\">Internationellt<\/h3>\n<\/div>\n\n<div class=\"wp-block wp-block-core-paragraph\">\n<p>Genom internationellt samarbete driver Kompetensf\u00f6retagen branschens fr\u00e5gor i EU och ger medlemmarna tillg\u00e5ng till v\u00e4rdefulla n\u00e4tverk och insikter.<a href=\"https:\/\/www.kompetensforetagen.se\/internationellt\/\" target=\"_blank\" rel=\"noreferrer noopener\"><\/a><\/p>\n<\/div>\n\n<div id=\"block-iconlink-block_d55c5149cb59f649a92da7c8536320eb\" class=\"Icon-link Icon-link--arrow-tip\">\n      <a href=\"https:\/\/www.kompetensforetagen.se\/internationellt\/\" target=\"_blank\" class=\"Button is-text is-fullwidth Button--arrow-tip\">\n      <div class=\"Button__text\">\n        Till internationellt\n      <\/div>\n      <div class=\"Button__arrow  arrow-tip \">\n                <div class=\"Button__line\"><\/div>\n                <svg class='icon icon--arrow-tip'  width=\"11\" height=\"16\" viewBox=\"0 0 11 16\" fill=\"none\" xmlns=\"http:\/\/www.w3.org\/2000\/svg\">\n<path d=\"M0.858398 15L9.2304 7.99664L0.967732 1.00001\" stroke=\"black\" stroke-width=\"2\" stroke-miterlimit=\"10\"\/>\n<\/svg>\n\n        <\/div>\n    <\/a>\n  <\/div>\n<\/div>\n<\/div>\n<\/div>\n<\/div>\n\n\n\n<div class=\"wp-block-columns is-layout-flex wp-container-core-columns-is-layout-9d6595d7 wp-block-columns-is-layout-flex\">\n<div class=\"wp-block-column is-layout-flow wp-block-column-is-layout-flow\">\n<div class=\"wp-block-columns is-layout-flex wp-container-core-columns-is-layout-9d6595d7 wp-block-columns-is-layout-flex\">\n<div class=\"wp-block-column is-layout-flow wp-block-column-is-layout-flow\">\n<figure class=\"wp-block-image size-full\"><a href=\"https:\/\/www.kompetensforetagen.se\/bakgrundskontroller-2\/\" target=\"_blank\" rel=\" noreferrer noopener\"><img loading=\"lazy\" decoding=\"async\" width=\"1080\" height=\"540\" src=\"https:\/\/www.kompetensforetagen.se\/app\/uploads\/sites\/5\/2025\/08\/Bakgrundskontroller.jpg\" alt=\"\" class=\"wp-image-20755\" srcset=\"https:\/\/www.kompetensforetagen.se\/app\/uploads\/sites\/5\/2025\/08\/Bakgrundskontroller.jpg 1080w, https:\/\/www.kompetensforetagen.se\/app\/uploads\/sites\/5\/2025\/08\/Bakgrundskontroller-580x290.jpg 580w, https:\/\/www.kompetensforetagen.se\/app\/uploads\/sites\/5\/2025\/08\/Bakgrundskontroller-380x190.jpg 380w, https:\/\/www.kompetensforetagen.se\/app\/uploads\/sites\/5\/2025\/08\/Bakgrundskontroller-768x384.jpg 768w, https:\/\/www.kompetensforetagen.se\/app\/uploads\/sites\/5\/2025\/08\/Bakgrundskontroller-600x300.jpg 600w\" sizes=\"auto, (max-width: 1080px) 100vw, 1080px\" \/><\/a><\/figure>\n\n\n<div class=\"wp-block wp-block-core-heading\" id=\"bakgrundskontroller\">\n<h3 class=\"wp-block-heading\" id=\"h-bakgrundskontroller\">Bakgrundskontroller<\/h3>\n<\/div>\n\n<div class=\"wp-block wp-block-core-paragraph\">\n<p>Arbetsgivare beh\u00f6ver laglig tillg\u00e5ng till r\u00e4ttsdatabaser och digitala registerutdrag f\u00f6r att kunna g\u00f6ra l\u00e4mplighetsbed\u00f6mningar. En snabbutredning och ett enhetligt regelverk kr\u00e4vs, liksom hantering av IMY:s hemst\u00e4llan och \u00f6versyn av fler brottsf\u00f6rebyggande verktyg.<\/p>\n<\/div>\n\n<div id=\"block-iconlink-block_78f6dd081f003b075f753ca2492ad655\" class=\"Icon-link Icon-link--arrow-tip\">\n      <a href=\"https:\/\/www.kompetensforetagen.se\/bakgrundskontroller-2\/\" target=\"_blank\" class=\"Button is-text is-fullwidth Button--arrow-tip\">\n      <div class=\"Button__text\">\n        Till bakgrundskontroller\n      <\/div>\n      <div class=\"Button__arrow  arrow-tip \">\n                <div class=\"Button__line\"><\/div>\n                <svg class='icon icon--arrow-tip'  width=\"11\" height=\"16\" viewBox=\"0 0 11 16\" fill=\"none\" xmlns=\"http:\/\/www.w3.org\/2000\/svg\">\n<path d=\"M0.858398 15L9.2304 7.99664L0.967732 1.00001\" stroke=\"black\" stroke-width=\"2\" stroke-miterlimit=\"10\"\/>\n<\/svg>\n\n        <\/div>\n    <\/a>\n  <\/div>\n<\/div>\n\n\n\n<div class=\"wp-block-column is-layout-flow wp-block-column-is-layout-flow\">\n<figure class=\"wp-block-image size-full\"><a href=\"https:\/\/www.kompetensforetagen.se\/offentlig-upphandling\/\" target=\"_blank\" rel=\"noreferrer noopener\"><img loading=\"lazy\" decoding=\"async\" width=\"1080\" height=\"540\" src=\"https:\/\/www.kompetensforetagen.se\/app\/uploads\/sites\/5\/2025\/08\/Offentlig-upphandling.jpg\" alt=\"\" class=\"wp-image-20756\" srcset=\"https:\/\/www.kompetensforetagen.se\/app\/uploads\/sites\/5\/2025\/08\/Offentlig-upphandling.jpg 1080w, https:\/\/www.kompetensforetagen.se\/app\/uploads\/sites\/5\/2025\/08\/Offentlig-upphandling-580x290.jpg 580w, https:\/\/www.kompetensforetagen.se\/app\/uploads\/sites\/5\/2025\/08\/Offentlig-upphandling-380x190.jpg 380w, https:\/\/www.kompetensforetagen.se\/app\/uploads\/sites\/5\/2025\/08\/Offentlig-upphandling-768x384.jpg 768w, https:\/\/www.kompetensforetagen.se\/app\/uploads\/sites\/5\/2025\/08\/Offentlig-upphandling-600x300.jpg 600w\" sizes=\"auto, (max-width: 1080px) 100vw, 1080px\" \/><\/a><\/figure>\n\n\n<div class=\"wp-block wp-block-core-heading\" id=\"offentlig-upphandling\">\n<h3 class=\"wp-block-heading\" id=\"h-offentlig-upphandling\">Offentlig upphandling<\/h3>\n<\/div>\n\n<div class=\"wp-block wp-block-core-paragraph\">\n<p>Kompetensf\u00f6retagen fr\u00e4mjar kvalitet och effektivitet i offentlig upphandling av kompetenstj\u00e4nster. Genom samverkan och kunskapsutbyte st\u00e4rks b\u00e5de processer och resultat i anv\u00e4ndningen av offentliga medel.<\/p>\n<\/div>\n\n<div id=\"block-iconlink-block_384e2abfc8afd0dcc29003f8553c19b2\" class=\"Icon-link Icon-link--arrow-tip\">\n      <a href=\"https:\/\/www.kompetensforetagen.se\/offentlig-upphandling\/\" target=\"_blank\" class=\"Button is-text is-fullwidth Button--arrow-tip\">\n      <div class=\"Button__text\">\n        Till offentlig upphandling\n      <\/div>\n      <div class=\"Button__arrow  arrow-tip \">\n                <div class=\"Button__line\"><\/div>\n                <svg class='icon icon--arrow-tip'  width=\"11\" height=\"16\" viewBox=\"0 0 11 16\" fill=\"none\" xmlns=\"http:\/\/www.w3.org\/2000\/svg\">\n<path d=\"M0.858398 15L9.2304 7.99664L0.967732 1.00001\" stroke=\"black\" stroke-width=\"2\" stroke-miterlimit=\"10\"\/>\n<\/svg>\n\n        <\/div>\n    <\/a>\n  <\/div>\n<\/div>\n<\/div>\n<\/div>\n<\/div>\n<\/div>\n\n\n<div class=\"wp-block wp-block-core-heading\" id=\"vid-fragor,-kontakta:\">\n<h3 class=\"wp-block-heading\" id=\"h-vid-fragor-kontakta\">Vid fr\u00e5gor, kontakta:<\/h3>\n<\/div>\n\n<div id=\"block-contact-block_6607bfd74fd779e0a9e2c6a39acf3fdf\" class=\"Contact\">\n      <div class=\"Contact__title\">\n      \n    <\/div>\n    <div class=\" row \">\n              <div class=\"col-lg-12 pb-md-4 pb-3\">\n          <div class=\"Contact-card   --has-image \">\n             <a href=\"https:\/\/www.kompetensforetagen.se\/person\/fredricskalstad\/\">\n          <figure class=\"Contact-card__image\">\n            <img decoding=\"async\" src=\"https:\/\/www.kompetensforetagen.se\/app\/uploads\/2024\/11\/DSC01412-1-380x253.jpg\" alt=\"Fredric Sk\u00e4lstad\">\n          <\/figure>\n        <\/a>\n          <div class=\"Contact-card__body\">\n      <h2 class=\"Contact-card__title\">Fredric Sk\u00e4lstad<\/h2>\n      <p class=\"mb-0\">N\u00e4ringspolitisk chef Kompetensf\u00f6retagen<\/p>\n      \n              <p class=\"mb-2\">Stockholm<\/p>\n                    <p>\n                      <a href=\"tel:+46 8 762 66 12\">+46 8 762 66 12<\/a>\n                                <a href=\"tel:+46 70 541 32 68\">+46 70 541 32 68<\/a>\n                                <a href=\"mailto:fredric.skalstad@kompetensforetagen.se\">E-post<\/a>\n                  <\/p>\n            <a href=\"https:\/\/www.kompetensforetagen.se\/person\/fredricskalstad\/\" class=\"Contact-card__link\">\n        <div class=\"Contact-card__arrow\">\n          <p class=\"Contact-card__arrow__text\">L\u00e4s mer<\/p>\n          <div class=\"Contact-card__arrow__line\"><\/div>\n          <svg class='icon icon--arrow-tip'  width=\"11\" height=\"16\" viewBox=\"0 0 11 16\" fill=\"none\" xmlns=\"http:\/\/www.w3.org\/2000\/svg\">\n<path d=\"M0.858398 15L9.2304 7.99664L0.967732 1.00001\" stroke=\"black\" stroke-width=\"2\" stroke-miterlimit=\"10\"\/>\n<\/svg>\n\n          <\/div>\n      <\/a>\n\n      \n    <\/div>\n  <\/div>\n        <\/div>\n          <\/div>\n    <\/div>\n","protected":false},"excerpt":{"rendered":"<p>Arbetsmarknadspolitik Kompetensf\u00f6retagens medlemmar \u00e4r en viktig del av arbetsmarknadspolitiken genom att erbjuda tj\u00e4nster till arbetss\u00f6kande via Arbetsf\u00f6rmedlingen. Som upphandlade leverant\u00f6rer fungerar de som en f\u00f6rl\u00e4ngning av myndighetens uppdrag. Va\u0308lfa\u0308rdsbemanning M\u00e5nga offentliga v\u00e5rdverksamheter st\u00e5r inf\u00f6r stora &hellip;<\/p>\n","protected":false},"author":13369,"featured_media":0,"parent":0,"menu_order":0,"comment_status":"closed","ping_status":"closed","template":"","meta":{"_acf_changed":false,"footnotes":""},"article_type":[],"agreement":[],"for-members":[],"class_list":["post-19684","page","type-page","status-publish","hentry"],"acf":[],"yoast_head":"<!-- This site is optimized with the Yoast SEO Premium plugin v26.8 (Yoast SEO v26.8) - https:\/\/yoast.com\/product\/yoast-seo-premium-wordpress\/ -->\n<title>V\u00e5ra fr\u00e5gor - Kompetensf\u00f6retagen<\/title>\n<meta name=\"description\" content=\"Kompetensf\u00f6retagens fr\u00e5gor som drivs, arbetsmarknad, offentlig upphandling, bakgrundskontroller, internationellt och v\u00e4lf\u00e4rdsbemanning.\" \/>\n<meta name=\"robots\" content=\"index, follow, max-snippet:-1, max-image-preview:large, max-video-preview:-1\" \/>\n<link rel=\"canonical\" href=\"https:\/\/www.kompetensforetagen.se\/vara-fragor-2\/\" \/>\n<meta property=\"og:locale\" content=\"sv_SE\" \/>\n<meta property=\"og:type\" content=\"article\" \/>\n<meta property=\"og:title\" content=\"V\u00e5ra fr\u00e5gor\" \/>\n<meta property=\"og:description\" content=\"Kompetensf\u00f6retagens fr\u00e5gor som drivs, arbetsmarknad, offentlig upphandling, bakgrundskontroller, internationellt och v\u00e4lf\u00e4rdsbemanning.\" \/>\n<meta property=\"og:url\" content=\"https:\/\/www.kompetensforetagen.se\/vara-fragor-2\/\" \/>\n<meta property=\"og:site_name\" content=\"Kompetensf\u00f6retagen\" \/>\n<meta property=\"article:modified_time\" content=\"2025-08-19T13:15:11+00:00\" \/>\n<meta property=\"og:image\" content=\"https:\/\/www.kompetensforetagen.se\/app\/uploads\/sites\/5\/2025\/08\/Arbetsmarkand.jpg\" \/>\n<meta name=\"twitter:card\" content=\"summary_large_image\" \/>\n<meta name=\"twitter:label1\" content=\"Ber\u00e4knad l\u00e4stid\" \/>\n\t<meta name=\"twitter:data1\" content=\"2 minuter\" \/>\n<script type=\"application\/ld+json\" class=\"yoast-schema-graph\">{\"@context\":\"https:\/\/schema.org\",\"@graph\":[{\"@type\":\"WebPage\",\"@id\":\"https:\/\/www.kompetensforetagen.se\/vara-fragor-2\/\",\"url\":\"https:\/\/www.kompetensforetagen.se\/vara-fragor-2\/\",\"name\":\"V\u00e5ra fr\u00e5gor - Kompetensf\u00f6retagen\",\"isPartOf\":{\"@id\":\"https:\/\/www.kompetensforetagen.se\/#website\"},\"primaryImageOfPage\":{\"@id\":\"https:\/\/www.kompetensforetagen.se\/vara-fragor-2\/#primaryimage\"},\"image\":{\"@id\":\"https:\/\/www.kompetensforetagen.se\/vara-fragor-2\/#primaryimage\"},\"thumbnailUrl\":\"https:\/\/www.kompetensforetagen.se\/app\/uploads\/sites\/5\/2025\/08\/Arbetsmarkand.jpg\",\"datePublished\":\"2025-04-16T10:59:17+00:00\",\"dateModified\":\"2025-08-19T13:15:11+00:00\",\"description\":\"Kompetensf\u00f6retagens fr\u00e5gor som drivs, arbetsmarknad, offentlig upphandling, bakgrundskontroller, internationellt och v\u00e4lf\u00e4rdsbemanning.\",\"breadcrumb\":{\"@id\":\"https:\/\/www.kompetensforetagen.se\/vara-fragor-2\/#breadcrumb\"},\"inLanguage\":\"sv-SE\",\"potentialAction\":[{\"@type\":\"ReadAction\",\"target\":[\"https:\/\/www.kompetensforetagen.se\/vara-fragor-2\/\"]}]},{\"@type\":\"ImageObject\",\"inLanguage\":\"sv-SE\",\"@id\":\"https:\/\/www.kompetensforetagen.se\/vara-fragor-2\/#primaryimage\",\"url\":\"https:\/\/www.kompetensforetagen.se\/app\/uploads\/sites\/5\/2025\/08\/Arbetsmarkand.jpg\",\"contentUrl\":\"https:\/\/www.kompetensforetagen.se\/app\/uploads\/sites\/5\/2025\/08\/Arbetsmarkand.jpg\",\"width\":1080,\"height\":540,\"caption\":\"Vinjettbild f\u00f6r \u00e4mnesomr\u00e5det Arbetsmarknad.\"},{\"@type\":\"BreadcrumbList\",\"@id\":\"https:\/\/www.kompetensforetagen.se\/vara-fragor-2\/#breadcrumb\",\"itemListElement\":[{\"@type\":\"ListItem\",\"position\":1,\"name\":\"Home\",\"item\":\"https:\/\/www.kompetensforetagen.se\/\"},{\"@type\":\"ListItem\",\"position\":2,\"name\":\"V\u00e5ra fr\u00e5gor\"}]},{\"@type\":\"WebSite\",\"@id\":\"https:\/\/www.kompetensforetagen.se\/#website\",\"url\":\"https:\/\/www.kompetensforetagen.se\/\",\"name\":\"Kompetensf\u00f6retagen\",\"description\":\"R\u00e4tt person p\u00e5 r\u00e4tt plats kan f\u00f6r\u00e4ndra v\u00e4rlden\",\"publisher\":{\"@id\":\"https:\/\/www.kompetensforetagen.se\/#organization\"},\"potentialAction\":[{\"@type\":\"SearchAction\",\"target\":{\"@type\":\"EntryPoint\",\"urlTemplate\":\"https:\/\/www.kompetensforetagen.se\/?s={search_term_string}\"},\"query-input\":{\"@type\":\"PropertyValueSpecification\",\"valueRequired\":true,\"valueName\":\"search_term_string\"}}],\"inLanguage\":\"sv-SE\"},{\"@type\":\"Organization\",\"@id\":\"https:\/\/www.kompetensforetagen.se\/#organization\",\"name\":\"Kompetensf\u00f6retagen\",\"url\":\"https:\/\/www.kompetensforetagen.se\/\",\"logo\":{\"@type\":\"ImageObject\",\"inLanguage\":\"sv-SE\",\"@id\":\"https:\/\/www.kompetensforetagen.se\/#\/schema\/logo\/image\/\",\"url\":\"https:\/\/www.kompetensforetagen.se\/app\/uploads\/sites\/5\/2022\/10\/logga_svart.png\",\"contentUrl\":\"https:\/\/www.kompetensforetagen.se\/app\/uploads\/sites\/5\/2022\/10\/logga_svart.png\",\"width\":752,\"height\":64,\"caption\":\"Kompetensf\u00f6retagen\"},\"image\":{\"@id\":\"https:\/\/www.kompetensforetagen.se\/#\/schema\/logo\/image\/\"},\"sameAs\":[\"https:\/\/www.linkedin.com\/company\/10540032\/\"]}]}<\/script>\n<!-- \/ Yoast SEO Premium plugin. -->","yoast_head_json":{"title":"V\u00e5ra fr\u00e5gor - Kompetensf\u00f6retagen","description":"Kompetensf\u00f6retagens fr\u00e5gor som drivs, arbetsmarknad, offentlig upphandling, bakgrundskontroller, internationellt och v\u00e4lf\u00e4rdsbemanning.","robots":{"index":"index","follow":"follow","max-snippet":"max-snippet:-1","max-image-preview":"max-image-preview:large","max-video-preview":"max-video-preview:-1"},"canonical":"https:\/\/www.kompetensforetagen.se\/vara-fragor-2\/","og_locale":"sv_SE","og_type":"article","og_title":"V\u00e5ra fr\u00e5gor","og_description":"Kompetensf\u00f6retagens fr\u00e5gor som drivs, arbetsmarknad, offentlig upphandling, bakgrundskontroller, internationellt och v\u00e4lf\u00e4rdsbemanning.","og_url":"https:\/\/www.kompetensforetagen.se\/vara-fragor-2\/","og_site_name":"Kompetensf\u00f6retagen","article_modified_time":"2025-08-19T13:15:11+00:00","og_image":[{"url":"https:\/\/www.kompetensforetagen.se\/app\/uploads\/sites\/5\/2025\/08\/Arbetsmarkand.jpg","type":"","width":"","height":""}],"twitter_card":"summary_large_image","twitter_misc":{"Ber\u00e4knad l\u00e4stid":"2 minuter"},"schema":{"@context":"https:\/\/schema.org","@graph":[{"@type":"WebPage","@id":"https:\/\/www.kompetensforetagen.se\/vara-fragor-2\/","url":"https:\/\/www.kompetensforetagen.se\/vara-fragor-2\/","name":"V\u00e5ra fr\u00e5gor - Kompetensf\u00f6retagen","isPartOf":{"@id":"https:\/\/www.kompetensforetagen.se\/#website"},"primaryImageOfPage":{"@id":"https:\/\/www.kompetensforetagen.se\/vara-fragor-2\/#primaryimage"},"image":{"@id":"https:\/\/www.kompetensforetagen.se\/vara-fragor-2\/#primaryimage"},"thumbnailUrl":"https:\/\/www.kompetensforetagen.se\/app\/uploads\/sites\/5\/2025\/08\/Arbetsmarkand.jpg","datePublished":"2025-04-16T10:59:17+00:00","dateModified":"2025-08-19T13:15:11+00:00","description":"Kompetensf\u00f6retagens fr\u00e5gor som drivs, arbetsmarknad, offentlig upphandling, bakgrundskontroller, internationellt och v\u00e4lf\u00e4rdsbemanning.","breadcrumb":{"@id":"https:\/\/www.kompetensforetagen.se\/vara-fragor-2\/#breadcrumb"},"inLanguage":"sv-SE","potentialAction":[{"@type":"ReadAction","target":["https:\/\/www.kompetensforetagen.se\/vara-fragor-2\/"]}]},{"@type":"ImageObject","inLanguage":"sv-SE","@id":"https:\/\/www.kompetensforetagen.se\/vara-fragor-2\/#primaryimage","url":"https:\/\/www.kompetensforetagen.se\/app\/uploads\/sites\/5\/2025\/08\/Arbetsmarkand.jpg","contentUrl":"https:\/\/www.kompetensforetagen.se\/app\/uploads\/sites\/5\/2025\/08\/Arbetsmarkand.jpg","width":1080,"height":540,"caption":"Vinjettbild f\u00f6r \u00e4mnesomr\u00e5det Arbetsmarknad."},{"@type":"BreadcrumbList","@id":"https:\/\/www.kompetensforetagen.se\/vara-fragor-2\/#breadcrumb","itemListElement":[{"@type":"ListItem","position":1,"name":"Home","item":"https:\/\/www.kompetensforetagen.se\/"},{"@type":"ListItem","position":2,"name":"V\u00e5ra fr\u00e5gor"}]},{"@type":"WebSite","@id":"https:\/\/www.kompetensforetagen.se\/#website","url":"https:\/\/www.kompetensforetagen.se\/","name":"Kompetensf\u00f6retagen","description":"R\u00e4tt person p\u00e5 r\u00e4tt plats kan f\u00f6r\u00e4ndra v\u00e4rlden","publisher":{"@id":"https:\/\/www.kompetensforetagen.se\/#organization"},"potentialAction":[{"@type":"SearchAction","target":{"@type":"EntryPoint","urlTemplate":"https:\/\/www.kompetensforetagen.se\/?s={search_term_string}"},"query-input":{"@type":"PropertyValueSpecification","valueRequired":true,"valueName":"search_term_string"}}],"inLanguage":"sv-SE"},{"@type":"Organization","@id":"https:\/\/www.kompetensforetagen.se\/#organization","name":"Kompetensf\u00f6retagen","url":"https:\/\/www.kompetensforetagen.se\/","logo":{"@type":"ImageObject","inLanguage":"sv-SE","@id":"https:\/\/www.kompetensforetagen.se\/#\/schema\/logo\/image\/","url":"https:\/\/www.kompetensforetagen.se\/app\/uploads\/sites\/5\/2022\/10\/logga_svart.png","contentUrl":"https:\/\/www.kompetensforetagen.se\/app\/uploads\/sites\/5\/2022\/10\/logga_svart.png","width":752,"height":64,"caption":"Kompetensf\u00f6retagen"},"image":{"@id":"https:\/\/www.kompetensforetagen.se\/#\/schema\/logo\/image\/"},"sameAs":["https:\/\/www.linkedin.com\/company\/10540032\/"]}]}},"_links":{"self":[{"href":"https:\/\/www.kompetensforetagen.se\/api\/wp\/v2\/pages\/19684","targetHints":{"allow":["GET"]}}],"collection":[{"href":"https:\/\/www.kompetensforetagen.se\/api\/wp\/v2\/pages"}],"about":[{"href":"https:\/\/www.kompetensforetagen.se\/api\/wp\/v2\/types\/page"}],"author":[{"embeddable":true,"href":"https:\/\/www.kompetensforetagen.se\/api\/wp\/v2\/users\/13369"}],"replies":[{"embeddable":true,"href":"https:\/\/www.kompetensforetagen.se\/api\/wp\/v2\/comments?post=19684"}],"version-history":[{"count":23,"href":"https:\/\/www.kompetensforetagen.se\/api\/wp\/v2\/pages\/19684\/revisions"}],"predecessor-version":[{"id":20758,"href":"https:\/\/www.kompetensforetagen.se\/api\/wp\/v2\/pages\/19684\/revisions\/20758"}],"wp:attachment":[{"href":"https:\/\/www.kompetensforetagen.se\/api\/wp\/v2\/media?parent=19684"}],"wp:term":[{"taxonomy":"type","embeddable":true,"href":"https:\/\/www.kompetensforetagen.se\/api\/wp\/v2\/article_type?post=19684"},{"taxonomy":"agreement","embeddable":true,"href":"https:\/\/www.kompetensforetagen.se\/api\/wp\/v2\/agreement?post=19684"},{"taxonomy":"for-members","embeddable":true,"href":"https:\/\/www.kompetensforetagen.se\/api\/wp\/v2\/for-members?post=19684"}],"curies":[{"name":"wp","href":"https:\/\/api.w.org\/{rel}","templated":true}]}}