{"id":1834,"date":"2018-05-14T14:00:49","date_gmt":"2018-05-14T12:00:49","guid":{"rendered":"http:\/\/staging.kompetensforetagen.se\/?page_id=1834"},"modified":"2025-02-13T16:34:24","modified_gmt":"2025-02-13T15:34:24","slug":"arbetsmiljo","status":"publish","type":"page","link":"https:\/\/www.kompetensforetagen.se\/arbetsmiljo\/","title":{"rendered":"Arbetsmilj\u00f6"},"content":{"rendered":"<div id=\"block-hero-block_cfc9fa527d9752e3f361bf2e81812434\" class=\"Hero has-green-background-color\">\n\n    \n  <div class=\"Hero__inner container has-green-background-color has-arrow\">\n              <div class=\"Hero__title\">\n          <h1>Arbetsmilj\u00f6<\/h1>\n        <\/div>\n                                <div class=\"Hero__arrow\">\n          <svg class='icon icon--squiggly-arrow'  width=\"282\" height=\"302\" viewBox=\"0 0 282 302\" fill=\"none\" xmlns=\"http:\/\/www.w3.org\/2000\/svg\">\n<path d=\"M108.429 281.19L129.837 295.44L143.97 274.186\" stroke=\"black\" stroke-width=\"4\" stroke-miterlimit=\"10\"\/>\n<path d=\"M43.8871 68.0497C53.3269 84.3998 70.0075 95.6755 88.6244 97.6784C107.24 99.6801 125.826 95.0068 144.209 91.4645C162.592 87.9216 182.067 85.5682 199.674 91.9481C220.515 99.5002 236.316 120.278 236.492 142.446C236.669 164.616 220.178 186.234 198.428 190.49C188.558 192.423 177.815 190.842 169.542 185.112C161.271 179.382 155.88 169.284 156.859 159.269C158.292 144.577 173.761 133.512 188.444 135C203.126 136.491 215.468 148.757 219.176 163.047C222.881 177.337 218.804 192.932 210.416 205.072C202.027 217.212 189.703 226.187 176.514 232.804C167.472 237.341 157.931 240.877 149.144 245.889C140.356 250.899 132.161 257.651 127.746 266.755C123.333 275.858 126.637 283.983 129.929 295.386\" stroke=\"black\" stroke-width=\"4\" stroke-miterlimit=\"10\"\/>\n<\/svg>\n\n          <\/div>\n        <\/div>\n<\/div>\n\n\n\n<div class=\"wp-block-group is-layout-constrained wp-block-group-is-layout-constrained\">\n<div class=\"wp-block-columns is-layout-flex wp-container-core-columns-is-layout-9d6595d7 wp-block-columns-is-layout-flex\">\n<div class=\"wp-block-column is-vertically-aligned-top is-layout-flow wp-block-column-is-layout-flow\">\n<div class=\"wp-block-columns is-layout-flex wp-container-core-columns-is-layout-9d6595d7 wp-block-columns-is-layout-flex\">\n<div class=\"wp-block-column is-layout-flow wp-block-column-is-layout-flow\"><div class=\"wp-block wp-block-core-paragraph\">\n<p>Det st\u00e5r i lagen att alla ska ha en god arbetsmilj\u00f6, det \u00e4r en sj\u00e4lvklarhet. Bemannings\u00adf\u00f6retagen har dessutom ett stort intresse av att konsulterna \u00e4r friska och trivs p\u00e5 jobbet. Utan konsulter har bemannings\u00adf\u00f6retagen ingen verksamhet. Arbetsmilj\u00f6n \u00e4r d\u00e4rf\u00f6r en av de viktigaste prioriteringar f\u00f6r medlems\u00adf\u00f6retagen. Vem har d\u00e5 arbetsmilj\u00f6ansvar f\u00f6r konsulter?<\/p>\n<\/div>\n\n<div class=\"wp-block wp-block-core-heading\" id=\"gemensamt-och-delat-arbetsmiljoansvar\">\n<h3 class=\"wp-block-heading\" id=\"h-gemensamt-och-delat-arbetsmiljoansvar\">Gemensamt och delat arbetsmilj\u00f6ansvar<\/h3>\n<\/div>\n\n<div class=\"wp-block wp-block-core-paragraph\">\n<p>Bemannings\u00adf\u00f6retaget och kund\u00adf\u00f6retaget har ett gemensamt och delat arbetsmilj\u00f6ansvar f\u00f6r konsulten. Konsultchefer beh\u00f6ver bland annat ha kunskap om arbetsplatsen, att arbetsuppgifterna \u00e4r riskbed\u00f6mda och att konsulten f\u00e5r en bra introduktion. P\u00e5 plats \u00e4r det kund\u00adf\u00f6retagets uppgift att se till att konsulten f\u00e5r en genomg\u00e5ng av sin arbetsmilj\u00f6 f\u00f6r att kunna jobba under trygga former. Det kr\u00e4ver ett gott samarbete och dialog mellan kund- och bemannings\u00adf\u00f6retag f\u00f6re, under och efter konsultens uppdrag.<\/p>\n<\/div><\/div>\n\n\n\n<div class=\"wp-block-column is-layout-flow wp-block-column-is-layout-flow\">\n<figure class=\"wp-block-image size-full\"><img loading=\"lazy\" decoding=\"async\" width=\"432\" height=\"432\" src=\"https:\/\/www.kompetensforetagen.se\/app\/uploads\/sites\/5\/2023\/04\/Namnlos-design-24.gif\" alt=\"\" class=\"wp-image-13098\" \/><\/figure>\n<\/div>\n<\/div>\n<\/div>\n<\/div>\n\n\n\n<div class=\"wp-block-columns is-layout-flex wp-container-core-columns-is-layout-9d6595d7 wp-block-columns-is-layout-flex\">\n<div class=\"wp-block-column is-layout-flow wp-block-column-is-layout-flow\"><div class=\"wp-block wp-block-core-heading\" id=\"bemanningsforetagets-ansvar\">\n<h4 class=\"wp-block-heading\" id=\"h-bemanningsforetagets-ansvar\"><strong><mark class=\"has-inline-color has-green-color\">Bemanningsf\u00f6retagets<\/mark> ansvar<\/strong><\/h4>\n<\/div>\n\n<div class=\"wp-block wp-block-core-list\">\n<ul class=\"wp-block-list\">\n<li>Att det g\u00f6rs en riskbed\u00f6mning av arbetsuppgifterna som ska utf\u00f6ras av konsult.<\/li>\n\n\n\n<li>Att det ges en god introduktion p\u00e5 arbetsplatsen<\/li>\n\n\n\n<li>Att konsulten har det bra under arbetstiden<\/li>\n\n\n\n<li>Ha regelbunden kontakt med konsulten, st\u00f6tta och f\u00f6lja upp arbetet<\/li>\n\n\n\n<li>Anm\u00e4la allvarliga tillbud och arbetsskador till F\u00f6rs\u00e4kringskassan och Arbetsmilj\u00f6verket<\/li>\n<\/ul>\n<\/div><\/div>\n\n\n\n<div class=\"wp-block-column is-layout-flow wp-block-column-is-layout-flow\"><div class=\"wp-block wp-block-core-heading\" id=\"kundforetagets-ansvar\">\n<h4 class=\"wp-block-heading\" id=\"h-kundforetagets-ansvar\"><strong><mark class=\"has-inline-color has-green-color\">Kundf\u00f6retagets <\/mark>ansvar<\/strong><\/h4>\n<\/div>\n\n<div class=\"wp-block wp-block-core-list\">\n<ul class=\"wp-block-list\">\n<li>Ge en bra introduktion till arbetsplatsen<\/li>\n\n\n\n<li>Instruera om arbetsuppgifterna<\/li>\n\n\n\n<li>Informera om arbetsmilj\u00f6risker och hur en ska skydda sig<\/li>\n\n\n\n<li>Informera om vem en ska v\u00e4nda sig till om en beh\u00f6ver hj\u00e4lp och st\u00f6d i sitt arbete<\/li>\n<\/ul>\n<\/div><\/div>\n<\/div>\n<\/div>\n\n\n\n<div class=\"wp-block-group has-green-background-color has-background is-layout-constrained wp-block-group-is-layout-constrained\">\n<div class=\"wp-block-columns is-layout-flex wp-container-core-columns-is-layout-9d6595d7 wp-block-columns-is-layout-flex\">\n<div class=\"wp-block-column is-layout-flow wp-block-column-is-layout-flow\"><div class=\"wp-block wp-block-core-heading\" id=\"checklistor-for-god-arbetsmiljo\">\n<h3 class=\"wp-block-heading\" id=\"h-checklistor-for-god-arbetsmiljo\">Checklistor f\u00f6r god arbetsmilj\u00f6<\/h3>\n<\/div>\n\n<div class=\"wp-block wp-block-core-paragraph\">\n<p>F\u00f6r att g\u00f6ra konsulternas arbetsmilj\u00f6 s\u00e5 god och s\u00e4ker som m\u00f6jligt har vi tillsammans med&nbsp;<a href=\"https:\/\/www.prevent.se\/\" target=\"_blank\" rel=\"noreferrer noopener\">Prevent<\/a>&nbsp;utvecklat&nbsp;<a href=\"https:\/\/www.prevent.se\/bransch\/tjanster\/in--och-uthyrd-personal\/\" target=\"_blank\" rel=\"noreferrer noopener\">checklistor f\u00f6r b\u00e5de kund- och bemannings\u00adf\u00f6retag<\/a>.<\/p>\n<\/div>\n\n<div class=\"wp-block wp-block-core-paragraph\">\n<p>Det finns \u00e4ven checklistor och informationsmaterial p\u00e5\u00a0Arbetsmilj\u00f6verkets hemsida.<\/p>\n<\/div><\/div>\n\n\n\n<div class=\"wp-block-column is-layout-flow wp-block-column-is-layout-flow\"><div class=\"wp-block wp-block-core-heading\" id=\"systematiskt-arbete\">\n<h3 class=\"wp-block-heading\" id=\"h-systematiskt-arbete\">Systematiskt arbete<\/h3>\n<\/div>\n\n<div class=\"wp-block wp-block-core-paragraph\">\n<p><a href=\"https:\/\/www.kompetensforetagen.se\/2022\/03\/systematiskt-arbetsmiljoarbete-for-sakrare-arbetsmiljo\/\">Arbetsmilj\u00f6arbete ska bedrivas systematiskt.<\/a>&nbsp;Det inneb\u00e4r att arbetsgivare, anst\u00e4llda och skyddsombud kartl\u00e4gger och motverkar eventuella risker f\u00f6r oh\u00e4lsa eller olycksfall p\u00e5 arbetsplatsen. Arbetsmilj\u00f6n ber\u00f6r alla anst\u00e4llda, och eventuella risker hotar s\u00e5v\u00e4l konsulter som andra anst\u00e4llda.<strong>&nbsp;<\/strong><\/p>\n<\/div><\/div>\n\n\n\n<div class=\"wp-block-column is-layout-flow wp-block-column-is-layout-flow\"><div class=\"wp-block wp-block-core-heading\" id=\"arbetsmiljo-for-dig-som-medlem\">\n<h3 class=\"wp-block-heading\" id=\"h-arbetsmiljo-for-dig-som-medlem\">Arbetsmilj\u00f6 f\u00f6r dig som medlem<\/h3>\n<\/div>\n\n<div class=\"wp-block wp-block-core-paragraph\">\n<p>Vi h\u00e5ller kurser i arbetsmilj\u00f6 och alla auktoriserade medlemmar f\u00e5r ocks\u00e5&nbsp; en s\u00e4rskild utbildning. P\u00e5 Kompetens\u00adf\u00f6retagen har vi ocks\u00e5 en arbetsmilj\u00f6grupp med fokus p\u00e5 arbetsmilj\u00f6 och som syftar till att diskutera gemensamma fr\u00e5gor, utmaningar och nyheter p\u00e5 arbetsmilj\u00f6omr\u00e5det. M\u00e5let \u00e4r att sprida goda exempel och kunskaper om arbetsmilj\u00f6arbete inom branschen och fr\u00e4mja p\u00e5 s\u00e5 s\u00e4tt ett systematiskt arbetsmilj\u00f6arbete i branschen. Ut\u00f6ver n\u00e4tverksmedlemmar och representanter fr\u00e5n Kompetens\u00adf\u00f6retagen, medverkar arbetsmilj\u00f6experter fr\u00e5n Almega. Medlemmar i n\u00e4tverket \u00e4r HR- eller arbetsmilj\u00f6experter p\u00e5 v\u00e5ra medlems\u00adf\u00f6retag.<\/p>\n<\/div><\/div>\n<\/div>\n\n\n<div class=\"wp-block wp-block-core-paragraph\">\n<p>Kontaktperson:&nbsp;<a href=\"mailto:johan.huldt@almega.se\" target=\"_blank\" rel=\"noreferrer noopener\">Johan Huldt<\/a><br>H\u00e4r kan du ladda ner ett&nbsp;<a href=\"https:\/\/www.almega.se\/app\/uploads\/sites\/5\/2018\/05\/en_sakrare_arbetsdag_for_dig_som_ar_bemmaningsanstalld_adi_710.pdf\">informationsmaterial<\/a>&nbsp;som vi tagit fram i samarbete med Arbetsmilj\u00f6verket, och&nbsp;<a href=\"https:\/\/www.kompetensforetagen.se\/2021\/02\/samverkan-for-sakrare-arbetsplatser\/\">h\u00e4r rapporten Samverkan f\u00f6r s\u00e4krare arbetsplatser<\/a>.<\/p>\n<\/div><\/div>\n\n\n\n<div class=\"wp-block-group has-secondary-background-color has-background is-layout-constrained wp-block-group-is-layout-constrained\"><div id=\"block-events-block_1b8e0c458bd370e9b2b1afb1abee40e4\" class=\"Listing Listing--event no-bg\" >\n  <div class=\"container\">\n          <div class=\"Listing__heading\">\n        <h2>KURSER INOM ARBETSMILJ\u00d6<\/h2>\n      <\/div>\n        <div class=\"row\">\n                    <div class=\"col-md-3 mb-4\">\n            <article class=\"Blurb Blurb--event Blurb--sm\">\n  <a href=\"https:\/\/www.kompetensforetagen.se\/aktiviteter\/arbetsmiljoarbetet-i-praktiken-samosa\/\">\n          <div class=\"Blurb__thumbnail__wrap\">\n        <figure class=\"Blurb__thumbnail\">\n          <img loading=\"lazy\" decoding=\"async\" width=\"580\" height=\"387\" src=\"https:\/\/www.kompetensforetagen.se\/app\/uploads\/sites\/5\/2025\/06\/masma111876-580x387.jpg\" class=\"attachment-medium size-medium wp-post-image\" alt=\"Informationsbild g\u00e4llande SAM (Systematiskt Arbetsmilj\u00f6arbete) och OSA.\" srcset=\"https:\/\/www.kompetensforetagen.se\/app\/uploads\/sites\/5\/2025\/06\/masma111876-580x387.jpg 580w, https:\/\/www.kompetensforetagen.se\/app\/uploads\/sites\/5\/2025\/06\/masma111876-1180x787.jpg 1180w, https:\/\/www.kompetensforetagen.se\/app\/uploads\/sites\/5\/2025\/06\/masma111876-380x253.jpg 380w, https:\/\/www.kompetensforetagen.se\/app\/uploads\/sites\/5\/2025\/06\/masma111876-768x512.jpg 768w, https:\/\/www.kompetensforetagen.se\/app\/uploads\/sites\/5\/2025\/06\/masma111876-1536x1024.jpg 1536w, https:\/\/www.kompetensforetagen.se\/app\/uploads\/sites\/5\/2025\/06\/masma111876-2048x1366.jpg 2048w, https:\/\/www.kompetensforetagen.se\/app\/uploads\/sites\/5\/2025\/06\/masma111876-600x400.jpg 600w\" sizes=\"auto, (max-width: 580px) 100vw, 580px\" \/>\n        <\/figure>\n      <\/div>\n        <div class=\"Blurb__content\">\n      <div class=\"Blurb__body\">\n        <h2 class=\"Blurb__title\">\n          Grundl\u00e4ggande arbetsmilj\u00f6 &#8211; SAM och  OSA\n        <\/h2>\n        <div class=\"Blurb__text course-info\">\n          <div class=\"meta\">\n                          <span>Kurs<\/span>\n                                                      <span>Distans<\/span>\n                                                    <span>Medlemspris 2995 kr<\/span>\n                      <\/div>\n\n                      <div class=\"date\">\n              <svg class='icon icon--calendar'  width=\"16\" height=\"16\" viewBox=\"0 0 16 16\" fill=\"none\" xmlns=\"http:\/\/www.w3.org\/2000\/svg\">\n<rect x=\"1.5\" y=\"3.99835\" width=\"13\" height=\"10\" stroke=\"black\" stroke-width=\"2\" stroke-miterlimit=\"10\" stroke-linecap=\"round\"\/>\n<path d=\"M1.5 6.79999H14.5\" stroke=\"black\" stroke-width=\"2\" stroke-miterlimit=\"10\"\/>\n<path d=\"M5 0.5V4\" stroke=\"black\" stroke-width=\"2\"\/>\n<path d=\"M11 0.5V4\" stroke=\"black\" stroke-width=\"2\"\/>\n<\/svg>\n\n                                6 maj, 09:00 &#8211; 12:00 och <br>\n                              7 maj, 09:00 &#8211; 12:00<br>\n                          <\/div>\n          \n          \n\n                      <div class=\"checklist\">\n              <ul class=\"checklist__list\">\n                                  <li>Arbetsmilj\u00f6lagstiftning<\/li>\n                                  <li>Systematiskt arbetsmilj\u00f6arbete<\/li>\n                                  <li>Organisatorisk och social arbetsmilj\u00f6<\/li>\n                              <\/ul>\n            <\/div>\n          \n          \n          \n\n          \n\n          \n        <\/div>\n      <\/div>\n      <div class=\"Blurb__button Button \">\n                  <div class=\"Button__text\">\n            L\u00e4s mer och boka\n          <\/div>\n                <div class=\"Button__arrow\">\n          <div class=\"Button__line\"><\/div>\n          <svg class='icon icon--arrow-tip'  width=\"11\" height=\"16\" viewBox=\"0 0 11 16\" fill=\"none\" xmlns=\"http:\/\/www.w3.org\/2000\/svg\">\n<path d=\"M0.858398 15L9.2304 7.99664L0.967732 1.00001\" stroke=\"black\" stroke-width=\"2\" stroke-miterlimit=\"10\"\/>\n<\/svg>\n\n          <\/div>\n      <\/div>\n    <\/div>\n  <\/a>\n<\/article>\n\n        <\/div>\n              <div class=\"col-md-3 mb-4\">\n            <article class=\"Blurb Blurb--event Blurb--sm\">\n  <a href=\"https:\/\/www.kompetensforetagen.se\/aktiviteter\/arbetsmiljo-for-bemanningsforetag\/\">\n          <div class=\"Blurb__thumbnail__wrap\">\n        <figure class=\"Blurb__thumbnail\">\n          <img loading=\"lazy\" decoding=\"async\" width=\"580\" height=\"387\" src=\"https:\/\/www.kompetensforetagen.se\/app\/uploads\/sites\/5\/2026\/04\/arbetsmiljo-bemanning-580x387.jpg\" class=\"attachment-medium size-medium wp-post-image\" alt=\"\" srcset=\"https:\/\/www.kompetensforetagen.se\/app\/uploads\/sites\/5\/2026\/04\/arbetsmiljo-bemanning-580x387.jpg 580w, https:\/\/www.kompetensforetagen.se\/app\/uploads\/sites\/5\/2026\/04\/arbetsmiljo-bemanning-1180x787.jpg 1180w, https:\/\/www.kompetensforetagen.se\/app\/uploads\/sites\/5\/2026\/04\/arbetsmiljo-bemanning-380x254.jpg 380w, https:\/\/www.kompetensforetagen.se\/app\/uploads\/sites\/5\/2026\/04\/arbetsmiljo-bemanning-768x512.jpg 768w, https:\/\/www.kompetensforetagen.se\/app\/uploads\/sites\/5\/2026\/04\/arbetsmiljo-bemanning-1536x1025.jpg 1536w, https:\/\/www.kompetensforetagen.se\/app\/uploads\/sites\/5\/2026\/04\/arbetsmiljo-bemanning-2048x1366.jpg 2048w, https:\/\/www.kompetensforetagen.se\/app\/uploads\/sites\/5\/2026\/04\/arbetsmiljo-bemanning-600x400.jpg 600w\" sizes=\"auto, (max-width: 580px) 100vw, 580px\" \/>\n        <\/figure>\n      <\/div>\n        <div class=\"Blurb__content\">\n      <div class=\"Blurb__body\">\n        <h2 class=\"Blurb__title\">\n          Arbetsmilj\u00f6 f\u00f6r bemannings&shy;f\u00f6retag\n        <\/h2>\n        <div class=\"Blurb__text course-info\">\n          <div class=\"meta\">\n                          <span>Kurs<\/span>\n                                                      <span>Distans<\/span>\n                                                    <span>Medlemspris 2495 kr<\/span>\n                      <\/div>\n\n                      <div class=\"date\">\n              <svg class='icon icon--calendar'  width=\"16\" height=\"16\" viewBox=\"0 0 16 16\" fill=\"none\" xmlns=\"http:\/\/www.w3.org\/2000\/svg\">\n<rect x=\"1.5\" y=\"3.99835\" width=\"13\" height=\"10\" stroke=\"black\" stroke-width=\"2\" stroke-miterlimit=\"10\" stroke-linecap=\"round\"\/>\n<path d=\"M1.5 6.79999H14.5\" stroke=\"black\" stroke-width=\"2\" stroke-miterlimit=\"10\"\/>\n<path d=\"M5 0.5V4\" stroke=\"black\" stroke-width=\"2\"\/>\n<path d=\"M11 0.5V4\" stroke=\"black\" stroke-width=\"2\"\/>\n<\/svg>\n\n                26 maj, 09:00 &#8211; 12:00\n            <\/div>\n          \n          \n\n                      <div class=\"checklist\">\n              <ul class=\"checklist__list\">\n                                  <li>Arbetsgivarens ansvar enligt arbetsmilj\u00f6lagstiftningen<\/li>\n                                  <li>Systematiskt arbetsmilj\u00f6arbete i praktiken<\/li>\n                              <\/ul>\n            <\/div>\n          \n          \n          \n\n          \n\n          \n        <\/div>\n      <\/div>\n      <div class=\"Blurb__button Button \">\n                  <div class=\"Button__text\">\n            L\u00e4s mer och boka\n          <\/div>\n                <div class=\"Button__arrow\">\n          <div class=\"Button__line\"><\/div>\n          <svg class='icon icon--arrow-tip'  width=\"11\" height=\"16\" viewBox=\"0 0 11 16\" fill=\"none\" xmlns=\"http:\/\/www.w3.org\/2000\/svg\">\n<path d=\"M0.858398 15L9.2304 7.99664L0.967732 1.00001\" stroke=\"black\" stroke-width=\"2\" stroke-miterlimit=\"10\"\/>\n<\/svg>\n\n          <\/div>\n      <\/div>\n    <\/div>\n  <\/a>\n<\/article>\n\n        <\/div>\n              <div class=\"col-md-3 mb-4\">\n            <article class=\"Blurb Blurb--event Blurb--sm\">\n  <a href=\"https:\/\/www.kompetensforetagen.se\/aktiviteter\/rattigheter-och-skyldigheter-i-samband-med-sjukskrivning-lakarintyg-och-arbetsanpassning-stockholm\/\">\n          <div class=\"Blurb__thumbnail__wrap\">\n        <figure class=\"Blurb__thumbnail\">\n          <img loading=\"lazy\" decoding=\"async\" width=\"580\" height=\"387\" src=\"https:\/\/www.kompetensforetagen.se\/app\/uploads\/sites\/5\/2025\/06\/ima252052-580x387.jpg\" class=\"attachment-medium size-medium wp-post-image\" alt=\"\" srcset=\"https:\/\/www.kompetensforetagen.se\/app\/uploads\/sites\/5\/2025\/06\/ima252052-580x387.jpg 580w, https:\/\/www.kompetensforetagen.se\/app\/uploads\/sites\/5\/2025\/06\/ima252052-1180x787.jpg 1180w, https:\/\/www.kompetensforetagen.se\/app\/uploads\/sites\/5\/2025\/06\/ima252052-380x253.jpg 380w, https:\/\/www.kompetensforetagen.se\/app\/uploads\/sites\/5\/2025\/06\/ima252052-768x512.jpg 768w, https:\/\/www.kompetensforetagen.se\/app\/uploads\/sites\/5\/2025\/06\/ima252052-1536x1024.jpg 1536w, https:\/\/www.kompetensforetagen.se\/app\/uploads\/sites\/5\/2025\/06\/ima252052-2048x1366.jpg 2048w, https:\/\/www.kompetensforetagen.se\/app\/uploads\/sites\/5\/2025\/06\/ima252052-600x400.jpg 600w\" sizes=\"auto, (max-width: 580px) 100vw, 580px\" \/>\n        <\/figure>\n      <\/div>\n        <div class=\"Blurb__content\">\n      <div class=\"Blurb__body\">\n        <h2 class=\"Blurb__title\">\n          Sjukskrivning, l\u00e4karintyg och arbets\u00adanpassning \u2013 Vi reder ut missf\u00f6rst\u00e5nden, Stockholm\n        <\/h2>\n        <div class=\"Blurb__text course-info\">\n          <div class=\"meta\">\n                          <span>Kurs<\/span>\n                                                      <span>N\u00e4ringslivets Hus, Stockholm<\/span>\n                                                    <span>Medlemspris 3800 kr<\/span>\n                      <\/div>\n\n                      <div class=\"date\">\n              <svg class='icon icon--calendar'  width=\"16\" height=\"16\" viewBox=\"0 0 16 16\" fill=\"none\" xmlns=\"http:\/\/www.w3.org\/2000\/svg\">\n<rect x=\"1.5\" y=\"3.99835\" width=\"13\" height=\"10\" stroke=\"black\" stroke-width=\"2\" stroke-miterlimit=\"10\" stroke-linecap=\"round\"\/>\n<path d=\"M1.5 6.79999H14.5\" stroke=\"black\" stroke-width=\"2\" stroke-miterlimit=\"10\"\/>\n<path d=\"M5 0.5V4\" stroke=\"black\" stroke-width=\"2\"\/>\n<path d=\"M11 0.5V4\" stroke=\"black\" stroke-width=\"2\"\/>\n<\/svg>\n\n                26 maj, 10:00 &#8211; 16:00\n            <\/div>\n          \n          \n\n          \n          \n          \n\n          \n\n          \n        <\/div>\n      <\/div>\n      <div class=\"Blurb__button Button \">\n                  <div class=\"Button__text\">\n            L\u00e4s mer och boka\n          <\/div>\n                <div class=\"Button__arrow\">\n          <div class=\"Button__line\"><\/div>\n          <svg class='icon icon--arrow-tip'  width=\"11\" height=\"16\" viewBox=\"0 0 11 16\" fill=\"none\" xmlns=\"http:\/\/www.w3.org\/2000\/svg\">\n<path d=\"M0.858398 15L9.2304 7.99664L0.967732 1.00001\" stroke=\"black\" stroke-width=\"2\" stroke-miterlimit=\"10\"\/>\n<\/svg>\n\n          <\/div>\n      <\/div>\n    <\/div>\n  <\/a>\n<\/article>\n\n        <\/div>\n              <div class=\"col-md-3 mb-4\">\n            <article class=\"Blurb Blurb--event Blurb--sm\">\n  <a href=\"https:\/\/www.kompetensforetagen.se\/aktiviteter\/osa-i-praktiken-fordjupning\/\">\n          <div class=\"Blurb__thumbnail__wrap\">\n        <figure class=\"Blurb__thumbnail\">\n          <img loading=\"lazy\" decoding=\"async\" width=\"580\" height=\"387\" src=\"https:\/\/www.kompetensforetagen.se\/app\/uploads\/sites\/5\/2026\/01\/sam-och-osa-arbetsmiljo-580x387.jpg\" class=\"attachment-medium size-medium wp-post-image\" alt=\"\" srcset=\"https:\/\/www.kompetensforetagen.se\/app\/uploads\/sites\/5\/2026\/01\/sam-och-osa-arbetsmiljo-580x387.jpg 580w, https:\/\/www.kompetensforetagen.se\/app\/uploads\/sites\/5\/2026\/01\/sam-och-osa-arbetsmiljo-1180x787.jpg 1180w, https:\/\/www.kompetensforetagen.se\/app\/uploads\/sites\/5\/2026\/01\/sam-och-osa-arbetsmiljo-380x253.jpg 380w, https:\/\/www.kompetensforetagen.se\/app\/uploads\/sites\/5\/2026\/01\/sam-och-osa-arbetsmiljo-768x512.jpg 768w, https:\/\/www.kompetensforetagen.se\/app\/uploads\/sites\/5\/2026\/01\/sam-och-osa-arbetsmiljo-1536x1024.jpg 1536w, https:\/\/www.kompetensforetagen.se\/app\/uploads\/sites\/5\/2026\/01\/sam-och-osa-arbetsmiljo-2048x1366.jpg 2048w, https:\/\/www.kompetensforetagen.se\/app\/uploads\/sites\/5\/2026\/01\/sam-och-osa-arbetsmiljo-600x400.jpg 600w\" sizes=\"auto, (max-width: 580px) 100vw, 580px\" \/>\n        <\/figure>\n      <\/div>\n        <div class=\"Blurb__content\">\n      <div class=\"Blurb__body\">\n        <h2 class=\"Blurb__title\">\n          OSA i praktiken &#8211; f\u00f6rdjupning\n        <\/h2>\n        <div class=\"Blurb__text course-info\">\n          <div class=\"meta\">\n                          <span>Kurs<\/span>\n                                                      <span>Distans<\/span>\n                                                    <span>Medlemspris 1895 kr<\/span>\n                      <\/div>\n\n                      <div class=\"date\">\n              <svg class='icon icon--calendar'  width=\"16\" height=\"16\" viewBox=\"0 0 16 16\" fill=\"none\" xmlns=\"http:\/\/www.w3.org\/2000\/svg\">\n<rect x=\"1.5\" y=\"3.99835\" width=\"13\" height=\"10\" stroke=\"black\" stroke-width=\"2\" stroke-miterlimit=\"10\" stroke-linecap=\"round\"\/>\n<path d=\"M1.5 6.79999H14.5\" stroke=\"black\" stroke-width=\"2\" stroke-miterlimit=\"10\"\/>\n<path d=\"M5 0.5V4\" stroke=\"black\" stroke-width=\"2\"\/>\n<path d=\"M11 0.5V4\" stroke=\"black\" stroke-width=\"2\"\/>\n<\/svg>\n\n                28 maj, 09:00 &#8211; 11:00\n            <\/div>\n          \n          \n\n                      <div class=\"checklist\">\n              <ul class=\"checklist__list\">\n                                  <li>Arbetsbelastning<\/li>\n                                  <li>Arbetstidens f\u00f6rl\u00e4ggning<\/li>\n                                  <li>Kr\u00e4nkande s\u00e4rbehandling<\/li>\n                              <\/ul>\n            <\/div>\n          \n          \n          \n\n          \n\n          \n        <\/div>\n      <\/div>\n      <div class=\"Blurb__button Button \">\n                  <div class=\"Button__text\">\n            L\u00e4s mer och boka\n          <\/div>\n                <div class=\"Button__arrow\">\n          <div class=\"Button__line\"><\/div>\n          <svg class='icon icon--arrow-tip'  width=\"11\" height=\"16\" viewBox=\"0 0 11 16\" fill=\"none\" xmlns=\"http:\/\/www.w3.org\/2000\/svg\">\n<path d=\"M0.858398 15L9.2304 7.99664L0.967732 1.00001\" stroke=\"black\" stroke-width=\"2\" stroke-miterlimit=\"10\"\/>\n<\/svg>\n\n          <\/div>\n      <\/div>\n    <\/div>\n  <\/a>\n<\/article>\n\n        <\/div>\n                <\/div>\n      <\/div>\n<\/div>\n\n\n<div class=\"Listing has-green-background-color\" id=\"block-562a74bf-3e3f-4b1a-9694-94984bb1660f\">\n  <div class=\"container\">\n    <div class=\"Listing__heading\">\n       <h2>AKTUELLT INOM ARBETSMILJ\u00d6<\/h2>     <\/div>\n    <div class=\"row\">\n      \n                      <div class=\"col-md-4\">\n                      <article class=\"Blurb Blurb--md Blurb--post Blurb--vertical has-thumbnail\">\n  <a href=\"https:\/\/www.kompetensforetagen.se\/2023\/01\/ny-guide-for-arbetsmiljointroduktion\/\">\n          <div class=\"Blurb__thumbnail__wrap\">\n        <figure class=\"Blurb__thumbnail\">\n          <img loading=\"lazy\" decoding=\"async\" width=\"1920\" height=\"1080\" src=\"https:\/\/www.kompetensforetagen.se\/app\/uploads\/sites\/5\/2023\/01\/introduktion-inom-industrin-1_16x9.jpg\" class=\"attachment-small size-small wp-post-image\" alt=\"Man och kvinna tittar p\u00e5 varandra st\u00e5ende i fabrikslokal\" srcset=\"https:\/\/www.kompetensforetagen.se\/app\/uploads\/sites\/5\/2023\/01\/introduktion-inom-industrin-1_16x9.jpg 1920w, https:\/\/www.kompetensforetagen.se\/app\/uploads\/sites\/5\/2023\/01\/introduktion-inom-industrin-1_16x9-580x326.jpg 580w, https:\/\/www.kompetensforetagen.se\/app\/uploads\/sites\/5\/2023\/01\/introduktion-inom-industrin-1_16x9-1180x664.jpg 1180w, https:\/\/www.kompetensforetagen.se\/app\/uploads\/sites\/5\/2023\/01\/introduktion-inom-industrin-1_16x9-380x214.jpg 380w, https:\/\/www.kompetensforetagen.se\/app\/uploads\/sites\/5\/2023\/01\/introduktion-inom-industrin-1_16x9-768x432.jpg 768w, https:\/\/www.kompetensforetagen.se\/app\/uploads\/sites\/5\/2023\/01\/introduktion-inom-industrin-1_16x9-1536x864.jpg 1536w\" sizes=\"auto, (max-width: 1920px) 100vw, 1920px\" \/>\n        <\/figure>\n      <\/div>\n        <div class=\"Blurb__content\">\n      <div class=\"Blurb__body\">\n        <div>\n                                <div class=\"Meta d-flex align-items-center Blurb__meta\">\n      <div class=\"Meta__tag item\">\n      Arbetsmilj\u00f6\n      <svg class='icon icon--triangle'  width=\"26\" height=\"32\" viewBox=\"0 0 26 32\" fill=\"none\" xmlns=\"http:\/\/www.w3.org\/2000\/svg\">\n<path fill-rule=\"evenodd\" clip-rule=\"evenodd\" d=\"M13.1315 0H0V32H13.1315L26 16L13.1315 0ZM9 18.581C10.6569 18.581 12 17.1946 12 15.4843C12 13.774 10.6569 12.3875 9 12.3875C7.34315 12.3875 6 13.774 6 15.4843C6 17.1946 7.34315 18.581 9 18.581Z\" fill=\"#FDDCC0\"\/>\n<\/svg>\n\n      <\/div>\n    <div class=\"Meta__group\">\n          <div class=\"Meta__date  d-flex align-items-center\">\n        <svg class='icon icon--timestamp'  width=\"16\" height=\"16\" viewBox=\"0 0 16 16\" fill=\"none\" xmlns=\"http:\/\/www.w3.org\/2000\/svg\">\n<path fill-rule=\"evenodd\" clip-rule=\"evenodd\" d=\"M10.4833 10.5818C10.7278 10.8452 10.7278 11.2723 10.4833 11.5357C10.361 11.6674 10.2008 11.7333 10.0405 11.7333C9.88023 11.7333 9.72008 11.6674 9.59781 11.5357L7.65015 9.43814C7.53273 9.31167 7.46667 9.14001 7.46667 8.96109V4.94118C7.46667 4.56868 7.74705 4.26667 8.09288 4.26667C8.4387 4.26667 8.71908 4.56868 8.71908 4.94118V8.68168L10.4833 10.5818ZM8 14.9333C4.177 14.9333 1.06667 11.823 1.06667 8C1.06667 4.177 4.177 1.06667 8 1.06667C11.8232 1.06667 14.9333 4.177 14.9333 8C14.9333 11.823 11.8232 14.9333 8 14.9333ZM8 0C3.58887 0 0 3.58887 0 8C0 12.4111 3.58887 16 8 16C12.4113 16 16 12.4111 16 8C16 3.58887 12.4113 0 8 0Z\" fill=\"black\"\/>\n<\/svg>\n\n          <time datetime=\"2023-01-17T12:07:14+00:00\">17 januari 2023<\/time>\n      <\/div>\n              <div class=\"Meta__category\">\n        Aktuellt\n      <\/div>\n      <\/div>\n<\/div>\n                  <\/div>\n        <h3 class=\"Blurb__title\">\n          Ny guide f\u00f6r arbetsmilj\u00f6introduktion\n        <\/h3>\n                  <div class=\"Blurb__text\">\n            Att byta jobb \u00e4r en stor sak f\u00f6r en individ och en viktig investering f\u00f6r f\u00f6retaget. F\u00f6r att kunna arbeta tryggt och s\u00e4kert \u00e4r det viktigt med en bra introduktion. Arbetsmarknadens parter inom industrin har &hellip;\n          <\/div>\n                <div class=\"Blurb__arrow\">\n                                <div class=\"Blurb__arrow__line\">\n              <svg class='icon icon--arrow-tip'  width=\"11\" height=\"16\" viewBox=\"0 0 11 16\" fill=\"none\" xmlns=\"http:\/\/www.w3.org\/2000\/svg\">\n<path d=\"M0.858398 15L9.2304 7.99664L0.967732 1.00001\" stroke=\"black\" stroke-width=\"2\" stroke-miterlimit=\"10\"\/>\n<\/svg>\n\n              <\/div>\n                  <\/div>\n      <\/div>\n    <\/div>\n  <\/a>\n<\/article>\n                  <\/div>\n                              <div class=\"col-md-4\">\n                      <article class=\"Blurb Blurb--md Blurb--post Blurb--vertical has-thumbnail\">\n  <a href=\"https:\/\/www.kompetensforetagen.se\/2022\/07\/partssamarbete-mot-sexuella-trakasserier\/\">\n          <div class=\"Blurb__thumbnail__wrap\">\n        <figure class=\"Blurb__thumbnail\">\n          <img loading=\"lazy\" decoding=\"async\" width=\"1920\" height=\"1080\" src=\"https:\/\/www.kompetensforetagen.se\/app\/uploads\/sites\/5\/2022\/06\/prevent_bild3_16-9.jpg\" class=\"attachment-small size-small wp-post-image\" alt=\"Illustration av en kvinna som h\u00e5ller en lapp med ordet nolltolerans, Prevent-utbildning f\u00f6r s\u00e4krare arbetsmilj\u00f6 i bemanningsbranschen.\" srcset=\"https:\/\/www.kompetensforetagen.se\/app\/uploads\/sites\/5\/2022\/06\/prevent_bild3_16-9.jpg 1920w, https:\/\/www.kompetensforetagen.se\/app\/uploads\/sites\/5\/2022\/06\/prevent_bild3_16-9-580x326.jpg 580w, https:\/\/www.kompetensforetagen.se\/app\/uploads\/sites\/5\/2022\/06\/prevent_bild3_16-9-1180x664.jpg 1180w, https:\/\/www.kompetensforetagen.se\/app\/uploads\/sites\/5\/2022\/06\/prevent_bild3_16-9-380x214.jpg 380w, https:\/\/www.kompetensforetagen.se\/app\/uploads\/sites\/5\/2022\/06\/prevent_bild3_16-9-768x432.jpg 768w, https:\/\/www.kompetensforetagen.se\/app\/uploads\/sites\/5\/2022\/06\/prevent_bild3_16-9-1536x864.jpg 1536w\" sizes=\"auto, (max-width: 1920px) 100vw, 1920px\" \/>\n        <\/figure>\n      <\/div>\n        <div class=\"Blurb__content\">\n      <div class=\"Blurb__body\">\n        <div>\n                                <div class=\"Meta d-flex align-items-center Blurb__meta\">\n      <div class=\"Meta__tag item\">\n      Arbetsmilj\u00f6\n      <svg class='icon icon--triangle'  width=\"26\" height=\"32\" viewBox=\"0 0 26 32\" fill=\"none\" xmlns=\"http:\/\/www.w3.org\/2000\/svg\">\n<path fill-rule=\"evenodd\" clip-rule=\"evenodd\" d=\"M13.1315 0H0V32H13.1315L26 16L13.1315 0ZM9 18.581C10.6569 18.581 12 17.1946 12 15.4843C12 13.774 10.6569 12.3875 9 12.3875C7.34315 12.3875 6 13.774 6 15.4843C6 17.1946 7.34315 18.581 9 18.581Z\" fill=\"#FDDCC0\"\/>\n<\/svg>\n\n      <\/div>\n    <div class=\"Meta__group\">\n          <div class=\"Meta__date  d-flex align-items-center\">\n        <svg class='icon icon--timestamp'  width=\"16\" height=\"16\" viewBox=\"0 0 16 16\" fill=\"none\" xmlns=\"http:\/\/www.w3.org\/2000\/svg\">\n<path fill-rule=\"evenodd\" clip-rule=\"evenodd\" d=\"M10.4833 10.5818C10.7278 10.8452 10.7278 11.2723 10.4833 11.5357C10.361 11.6674 10.2008 11.7333 10.0405 11.7333C9.88023 11.7333 9.72008 11.6674 9.59781 11.5357L7.65015 9.43814C7.53273 9.31167 7.46667 9.14001 7.46667 8.96109V4.94118C7.46667 4.56868 7.74705 4.26667 8.09288 4.26667C8.4387 4.26667 8.71908 4.56868 8.71908 4.94118V8.68168L10.4833 10.5818ZM8 14.9333C4.177 14.9333 1.06667 11.823 1.06667 8C1.06667 4.177 4.177 1.06667 8 1.06667C11.8232 1.06667 14.9333 4.177 14.9333 8C14.9333 11.823 11.8232 14.9333 8 14.9333ZM8 0C3.58887 0 0 3.58887 0 8C0 12.4111 3.58887 16 8 16C12.4113 16 16 12.4111 16 8C16 3.58887 12.4113 0 8 0Z\" fill=\"black\"\/>\n<\/svg>\n\n          <time datetime=\"2022-07-05T10:30:34+00:00\">5 juli 2022<\/time>\n      <\/div>\n              <div class=\"Meta__category\">\n        Aktuellt\n      <\/div>\n      <\/div>\n<\/div>\n                  <\/div>\n        <h3 class=\"Blurb__title\">\n          Partssamarbete mot sexuella trakasserier\n        <\/h3>\n                  <div class=\"Blurb__text\">\n            Alla medarbetare ska ha en trygg arbetsmilj\u00f6 utan risk f\u00f6r sexuella trakasserier. Men f\u00f6r inhyrd personal kan det finnas en os\u00e4kerhet om vem som \u00e4r ansvarig f\u00f6r att f\u00f6rebygga problemen, och vad som ska g\u00f6ras &hellip;\n          <\/div>\n                <div class=\"Blurb__arrow\">\n                                <div class=\"Blurb__arrow__line\">\n              <svg class='icon icon--arrow-tip'  width=\"11\" height=\"16\" viewBox=\"0 0 11 16\" fill=\"none\" xmlns=\"http:\/\/www.w3.org\/2000\/svg\">\n<path d=\"M0.858398 15L9.2304 7.99664L0.967732 1.00001\" stroke=\"black\" stroke-width=\"2\" stroke-miterlimit=\"10\"\/>\n<\/svg>\n\n              <\/div>\n                  <\/div>\n      <\/div>\n    <\/div>\n  <\/a>\n<\/article>\n                  <\/div>\n                              <div class=\"col-md-4\">\n                      <article class=\"Blurb Blurb--md Blurb--post Blurb--vertical has-thumbnail\">\n  <a href=\"https:\/\/www.kompetensforetagen.se\/2022\/03\/systematiskt-arbetsmiljoarbete-for-sakrare-arbetsmiljo\/\">\n          <div class=\"Blurb__thumbnail__wrap\">\n        <figure class=\"Blurb__thumbnail\">\n          <img loading=\"lazy\" decoding=\"async\" width=\"1000\" height=\"1000\" src=\"https:\/\/www.kompetensforetagen.se\/app\/uploads\/sites\/5\/2018\/06\/rep-shutterstock.jpg\" class=\"attachment-small size-small wp-post-image\" alt=\"M\u00e5ngf\u00e4rgade rep bildar knut som symboliserar service inom bemanningsl\u00f6sningar.\" srcset=\"https:\/\/www.kompetensforetagen.se\/app\/uploads\/sites\/5\/2018\/06\/rep-shutterstock.jpg 1000w, https:\/\/www.kompetensforetagen.se\/app\/uploads\/sites\/5\/2018\/06\/rep-shutterstock-380x380.jpg 380w, https:\/\/www.kompetensforetagen.se\/app\/uploads\/sites\/5\/2018\/06\/rep-shutterstock-580x580.jpg 580w, https:\/\/www.kompetensforetagen.se\/app\/uploads\/sites\/5\/2018\/06\/rep-shutterstock-768x768.jpg 768w\" sizes=\"auto, (max-width: 1000px) 100vw, 1000px\" \/>\n        <\/figure>\n      <\/div>\n        <div class=\"Blurb__content\">\n      <div class=\"Blurb__body\">\n        <div>\n                                <div class=\"Meta d-flex align-items-center Blurb__meta\">\n      <div class=\"Meta__tag item\">\n      Arbetsmilj\u00f6\n      <svg class='icon icon--triangle'  width=\"26\" height=\"32\" viewBox=\"0 0 26 32\" fill=\"none\" xmlns=\"http:\/\/www.w3.org\/2000\/svg\">\n<path fill-rule=\"evenodd\" clip-rule=\"evenodd\" d=\"M13.1315 0H0V32H13.1315L26 16L13.1315 0ZM9 18.581C10.6569 18.581 12 17.1946 12 15.4843C12 13.774 10.6569 12.3875 9 12.3875C7.34315 12.3875 6 13.774 6 15.4843C6 17.1946 7.34315 18.581 9 18.581Z\" fill=\"#FDDCC0\"\/>\n<\/svg>\n\n      <\/div>\n    <div class=\"Meta__group\">\n          <div class=\"Meta__date  d-flex align-items-center\">\n        <svg class='icon icon--timestamp'  width=\"16\" height=\"16\" viewBox=\"0 0 16 16\" fill=\"none\" xmlns=\"http:\/\/www.w3.org\/2000\/svg\">\n<path fill-rule=\"evenodd\" clip-rule=\"evenodd\" d=\"M10.4833 10.5818C10.7278 10.8452 10.7278 11.2723 10.4833 11.5357C10.361 11.6674 10.2008 11.7333 10.0405 11.7333C9.88023 11.7333 9.72008 11.6674 9.59781 11.5357L7.65015 9.43814C7.53273 9.31167 7.46667 9.14001 7.46667 8.96109V4.94118C7.46667 4.56868 7.74705 4.26667 8.09288 4.26667C8.4387 4.26667 8.71908 4.56868 8.71908 4.94118V8.68168L10.4833 10.5818ZM8 14.9333C4.177 14.9333 1.06667 11.823 1.06667 8C1.06667 4.177 4.177 1.06667 8 1.06667C11.8232 1.06667 14.9333 4.177 14.9333 8C14.9333 11.823 11.8232 14.9333 8 14.9333ZM8 0C3.58887 0 0 3.58887 0 8C0 12.4111 3.58887 16 8 16C12.4113 16 16 12.4111 16 8C16 3.58887 12.4113 0 8 0Z\" fill=\"black\"\/>\n<\/svg>\n\n          <time datetime=\"2022-03-15T12:15:27+00:00\">15 mars 2022<\/time>\n      <\/div>\n              <div class=\"Meta__category\">\n        Aktuellt\n      <\/div>\n      <\/div>\n<\/div>\n                  <\/div>\n        <h3 class=\"Blurb__title\">\n          Systematiskt arbetsmilj\u00f6arbete f\u00f6r s\u00e4krare arbetsmilj\u00f6\n        <\/h3>\n                  <div class=\"Blurb__text\">\n            Du kanske har h\u00f6rt att systematiskt arbetsmilj\u00f6arbete \u00e4r grundl\u00e4ggande f\u00f6r en god arbetsmilj\u00f6. Men vad inneb\u00e4r det egentligen? Arbetsmilj\u00f6arbetet \u00e4r oerh\u00f6rt viktigt. Ingen ska bli skadad eller sjuk p\u00e5 grund av sitt arbete. I Arbetsmilj\u00f6lagen &hellip;\n          <\/div>\n                <div class=\"Blurb__arrow\">\n                                <div class=\"Blurb__arrow__line\">\n              <svg class='icon icon--arrow-tip'  width=\"11\" height=\"16\" viewBox=\"0 0 11 16\" fill=\"none\" xmlns=\"http:\/\/www.w3.org\/2000\/svg\">\n<path d=\"M0.858398 15L9.2304 7.99664L0.967732 1.00001\" stroke=\"black\" stroke-width=\"2\" stroke-miterlimit=\"10\"\/>\n<\/svg>\n\n              <\/div>\n                  <\/div>\n      <\/div>\n    <\/div>\n  <\/a>\n<\/article>\n                  <\/div>\n                              <div class=\"col-md-4\">\n                      <article class=\"Blurb Blurb--md Blurb--post Blurb--vertical has-thumbnail\">\n  <a href=\"https:\/\/www.kompetensforetagen.se\/2022\/01\/partsgemensamt-arbete-for-god-arbetsmiljointroduktion\/\">\n          <div class=\"Blurb__thumbnail__wrap\">\n        <figure class=\"Blurb__thumbnail\">\n          <img loading=\"lazy\" decoding=\"async\" width=\"923\" height=\"630\" src=\"https:\/\/www.kompetensforetagen.se\/app\/uploads\/sites\/5\/2022\/01\/axel_h7-scaled-e1643279929634.jpg\" class=\"attachment-small size-small wp-post-image\" alt=\"Axel Hammar\u00e9n, arbetsr\u00e4ttsjurist p\u00e5 Kompetensf\u00f6retagen\" \/>\n        <\/figure>\n      <\/div>\n        <div class=\"Blurb__content\">\n      <div class=\"Blurb__body\">\n        <div>\n                                <div class=\"Meta d-flex align-items-center Blurb__meta\">\n      <div class=\"Meta__tag item\">\n      Arbetsmilj\u00f6\n      <svg class='icon icon--triangle'  width=\"26\" height=\"32\" viewBox=\"0 0 26 32\" fill=\"none\" xmlns=\"http:\/\/www.w3.org\/2000\/svg\">\n<path fill-rule=\"evenodd\" clip-rule=\"evenodd\" d=\"M13.1315 0H0V32H13.1315L26 16L13.1315 0ZM9 18.581C10.6569 18.581 12 17.1946 12 15.4843C12 13.774 10.6569 12.3875 9 12.3875C7.34315 12.3875 6 13.774 6 15.4843C6 17.1946 7.34315 18.581 9 18.581Z\" fill=\"#FDDCC0\"\/>\n<\/svg>\n\n      <\/div>\n    <div class=\"Meta__group\">\n          <div class=\"Meta__date  d-flex align-items-center\">\n        <svg class='icon icon--timestamp'  width=\"16\" height=\"16\" viewBox=\"0 0 16 16\" fill=\"none\" xmlns=\"http:\/\/www.w3.org\/2000\/svg\">\n<path fill-rule=\"evenodd\" clip-rule=\"evenodd\" d=\"M10.4833 10.5818C10.7278 10.8452 10.7278 11.2723 10.4833 11.5357C10.361 11.6674 10.2008 11.7333 10.0405 11.7333C9.88023 11.7333 9.72008 11.6674 9.59781 11.5357L7.65015 9.43814C7.53273 9.31167 7.46667 9.14001 7.46667 8.96109V4.94118C7.46667 4.56868 7.74705 4.26667 8.09288 4.26667C8.4387 4.26667 8.71908 4.56868 8.71908 4.94118V8.68168L10.4833 10.5818ZM8 14.9333C4.177 14.9333 1.06667 11.823 1.06667 8C1.06667 4.177 4.177 1.06667 8 1.06667C11.8232 1.06667 14.9333 4.177 14.9333 8C14.9333 11.823 11.8232 14.9333 8 14.9333ZM8 0C3.58887 0 0 3.58887 0 8C0 12.4111 3.58887 16 8 16C12.4113 16 16 12.4111 16 8C16 3.58887 12.4113 0 8 0Z\" fill=\"black\"\/>\n<\/svg>\n\n          <time datetime=\"2022-01-27T10:41:02+00:00\">27 januari 2022<\/time>\n      <\/div>\n              <div class=\"Meta__category\">\n        Aktuellt\n      <\/div>\n      <\/div>\n<\/div>\n                  <\/div>\n        <h3 class=\"Blurb__title\">\n          Partsgemensamt arbete f\u00f6r god arbetsmilj\u00f6introduktion\n        <\/h3>\n                  <div class=\"Blurb__text\">\n            Medarbetarna \u00e4r avg\u00f6rande f\u00f6r medlemsf\u00f6retagens verksamhet. D\u00e4rf\u00f6r \u00e4r ocks\u00e5 arbetsmilj\u00f6 och arbetsmilj\u00f6introduktion viktiga utvecklingsomr\u00e5den f\u00f6r kompetensbranschen. Kompetensf\u00f6retagen ing\u00e5r i en arbetsgrupp som samarbetar med Prevent f\u00f6r&nbsp;att&nbsp;st\u00e4rka upp arbetet med arbetsmilj\u00f6 och s\u00e4kerhetsrisker. Syftet \u00e4r att &hellip;\n          <\/div>\n                <div class=\"Blurb__arrow\">\n                                <div class=\"Blurb__arrow__line\">\n              <svg class='icon icon--arrow-tip'  width=\"11\" height=\"16\" viewBox=\"0 0 11 16\" fill=\"none\" xmlns=\"http:\/\/www.w3.org\/2000\/svg\">\n<path d=\"M0.858398 15L9.2304 7.99664L0.967732 1.00001\" stroke=\"black\" stroke-width=\"2\" stroke-miterlimit=\"10\"\/>\n<\/svg>\n\n              <\/div>\n                  <\/div>\n      <\/div>\n    <\/div>\n  <\/a>\n<\/article>\n                  <\/div>\n                              <div class=\"col-md-4\">\n                      <article class=\"Blurb Blurb--md Blurb--post Blurb--vertical has-thumbnail\">\n  <a href=\"https:\/\/www.kompetensforetagen.se\/2022\/01\/expertens-fem-tips-for-lyckad-arbetsmiljointroduktion-av-konsulter\/\">\n          <div class=\"Blurb__thumbnail__wrap\">\n        <figure class=\"Blurb__thumbnail\">\n          <img loading=\"lazy\" decoding=\"async\" width=\"2560\" height=\"1708\" src=\"https:\/\/www.kompetensforetagen.se\/app\/uploads\/sites\/5\/2021\/08\/gettyimages-165527719-scaled.jpg\" class=\"attachment-small size-small wp-post-image\" alt=\"Bilmont\u00f6rer i gula v\u00e4star diskuterar och tittar p\u00e5 en iPad\" srcset=\"https:\/\/www.kompetensforetagen.se\/app\/uploads\/sites\/5\/2021\/08\/gettyimages-165527719-scaled.jpg 2560w, https:\/\/www.kompetensforetagen.se\/app\/uploads\/sites\/5\/2021\/08\/gettyimages-165527719-580x387.jpg 580w, https:\/\/www.kompetensforetagen.se\/app\/uploads\/sites\/5\/2021\/08\/gettyimages-165527719-1180x787.jpg 1180w, https:\/\/www.kompetensforetagen.se\/app\/uploads\/sites\/5\/2021\/08\/gettyimages-165527719-380x254.jpg 380w, https:\/\/www.kompetensforetagen.se\/app\/uploads\/sites\/5\/2021\/08\/gettyimages-165527719-768x512.jpg 768w, https:\/\/www.kompetensforetagen.se\/app\/uploads\/sites\/5\/2021\/08\/gettyimages-165527719-1536x1025.jpg 1536w, https:\/\/www.kompetensforetagen.se\/app\/uploads\/sites\/5\/2021\/08\/gettyimages-165527719-2048x1367.jpg 2048w\" sizes=\"auto, (max-width: 2560px) 100vw, 2560px\" \/>\n        <\/figure>\n      <\/div>\n        <div class=\"Blurb__content\">\n      <div class=\"Blurb__body\">\n        <div>\n                                <div class=\"Meta d-flex align-items-center Blurb__meta\">\n      <div class=\"Meta__tag item\">\n      Arbetsmilj\u00f6\n      <svg class='icon icon--triangle'  width=\"26\" height=\"32\" viewBox=\"0 0 26 32\" fill=\"none\" xmlns=\"http:\/\/www.w3.org\/2000\/svg\">\n<path fill-rule=\"evenodd\" clip-rule=\"evenodd\" d=\"M13.1315 0H0V32H13.1315L26 16L13.1315 0ZM9 18.581C10.6569 18.581 12 17.1946 12 15.4843C12 13.774 10.6569 12.3875 9 12.3875C7.34315 12.3875 6 13.774 6 15.4843C6 17.1946 7.34315 18.581 9 18.581Z\" fill=\"#FDDCC0\"\/>\n<\/svg>\n\n      <\/div>\n    <div class=\"Meta__group\">\n          <div class=\"Meta__date  d-flex align-items-center\">\n        <svg class='icon icon--timestamp'  width=\"16\" height=\"16\" viewBox=\"0 0 16 16\" fill=\"none\" xmlns=\"http:\/\/www.w3.org\/2000\/svg\">\n<path fill-rule=\"evenodd\" clip-rule=\"evenodd\" d=\"M10.4833 10.5818C10.7278 10.8452 10.7278 11.2723 10.4833 11.5357C10.361 11.6674 10.2008 11.7333 10.0405 11.7333C9.88023 11.7333 9.72008 11.6674 9.59781 11.5357L7.65015 9.43814C7.53273 9.31167 7.46667 9.14001 7.46667 8.96109V4.94118C7.46667 4.56868 7.74705 4.26667 8.09288 4.26667C8.4387 4.26667 8.71908 4.56868 8.71908 4.94118V8.68168L10.4833 10.5818ZM8 14.9333C4.177 14.9333 1.06667 11.823 1.06667 8C1.06667 4.177 4.177 1.06667 8 1.06667C11.8232 1.06667 14.9333 4.177 14.9333 8C14.9333 11.823 11.8232 14.9333 8 14.9333ZM8 0C3.58887 0 0 3.58887 0 8C0 12.4111 3.58887 16 8 16C12.4113 16 16 12.4111 16 8C16 3.58887 12.4113 0 8 0Z\" fill=\"black\"\/>\n<\/svg>\n\n          <time datetime=\"2022-01-20T09:10:21+00:00\">20 januari 2022<\/time>\n      <\/div>\n              <div class=\"Meta__category\">\n        Fakta\n      <\/div>\n      <\/div>\n<\/div>\n                  <\/div>\n        <h3 class=\"Blurb__title\">\n          Expertens fem tips f\u00f6r lyckad arbetsmilj\u00f6introduktion av konsulter\n        <\/h3>\n                  <div class=\"Blurb__text\">\n            Liksom f\u00f6r alla andra \u00e4r arbetsmilj\u00f6introduktion av konsulter en viktig och ansvarsfull uppgift.\u00a0Bemanningsf\u00f6retag och kundf\u00f6retag\u00a0har\u00a0d\u00e4r\u00a0ett gemensamt och delat ansvar.\u00a0F\u00f6r att g\u00f6ra arbetsmilj\u00f6n s\u00e5 trygg och s\u00e4ker som m\u00f6jligt \u00e4r det d\u00e4rf\u00f6r viktigt att veta vem &hellip;\n          <\/div>\n                <div class=\"Blurb__arrow\">\n                                <div class=\"Blurb__arrow__line\">\n              <svg class='icon icon--arrow-tip'  width=\"11\" height=\"16\" viewBox=\"0 0 11 16\" fill=\"none\" xmlns=\"http:\/\/www.w3.org\/2000\/svg\">\n<path d=\"M0.858398 15L9.2304 7.99664L0.967732 1.00001\" stroke=\"black\" stroke-width=\"2\" stroke-miterlimit=\"10\"\/>\n<\/svg>\n\n              <\/div>\n                  <\/div>\n      <\/div>\n    <\/div>\n  <\/a>\n<\/article>\n                  <\/div>\n                              <div class=\"col-md-4\">\n                      <article class=\"Blurb Blurb--md Blurb--post Blurb--vertical has-thumbnail\">\n  <a href=\"https:\/\/www.kompetensforetagen.se\/2021\/11\/konsultens-arbetsmiljo\/\">\n          <div class=\"Blurb__thumbnail__wrap\">\n        <figure class=\"Blurb__thumbnail\">\n          <img loading=\"lazy\" decoding=\"async\" width=\"888\" height=\"630\" src=\"https:\/\/www.kompetensforetagen.se\/app\/uploads\/sites\/5\/2021\/11\/namnlos-design-4-e1637158158603.png\" class=\"attachment-small size-small wp-post-image\" alt=\"Grafik om trygghet och kvalitet i bemanningsbranschen.\" \/>\n        <\/figure>\n      <\/div>\n        <div class=\"Blurb__content\">\n      <div class=\"Blurb__body\">\n        <div>\n                                <div class=\"Meta d-flex align-items-center Blurb__meta\">\n      <div class=\"Meta__tag item\">\n      Arbetsmilj\u00f6\n      <svg class='icon icon--triangle'  width=\"26\" height=\"32\" viewBox=\"0 0 26 32\" fill=\"none\" xmlns=\"http:\/\/www.w3.org\/2000\/svg\">\n<path fill-rule=\"evenodd\" clip-rule=\"evenodd\" d=\"M13.1315 0H0V32H13.1315L26 16L13.1315 0ZM9 18.581C10.6569 18.581 12 17.1946 12 15.4843C12 13.774 10.6569 12.3875 9 12.3875C7.34315 12.3875 6 13.774 6 15.4843C6 17.1946 7.34315 18.581 9 18.581Z\" fill=\"#FDDCC0\"\/>\n<\/svg>\n\n      <\/div>\n    <div class=\"Meta__group\">\n          <div class=\"Meta__date  d-flex align-items-center\">\n        <svg class='icon icon--timestamp'  width=\"16\" height=\"16\" viewBox=\"0 0 16 16\" fill=\"none\" xmlns=\"http:\/\/www.w3.org\/2000\/svg\">\n<path fill-rule=\"evenodd\" clip-rule=\"evenodd\" d=\"M10.4833 10.5818C10.7278 10.8452 10.7278 11.2723 10.4833 11.5357C10.361 11.6674 10.2008 11.7333 10.0405 11.7333C9.88023 11.7333 9.72008 11.6674 9.59781 11.5357L7.65015 9.43814C7.53273 9.31167 7.46667 9.14001 7.46667 8.96109V4.94118C7.46667 4.56868 7.74705 4.26667 8.09288 4.26667C8.4387 4.26667 8.71908 4.56868 8.71908 4.94118V8.68168L10.4833 10.5818ZM8 14.9333C4.177 14.9333 1.06667 11.823 1.06667 8C1.06667 4.177 4.177 1.06667 8 1.06667C11.8232 1.06667 14.9333 4.177 14.9333 8C14.9333 11.823 11.8232 14.9333 8 14.9333ZM8 0C3.58887 0 0 3.58887 0 8C0 12.4111 3.58887 16 8 16C12.4113 16 16 12.4111 16 8C16 3.58887 12.4113 0 8 0Z\" fill=\"black\"\/>\n<\/svg>\n\n          <time datetime=\"2021-11-12T13:08:19+00:00\">12 november 2021<\/time>\n      <\/div>\n              <div class=\"Meta__category\">\n        Fakta\n      <\/div>\n      <\/div>\n<\/div>\n                  <\/div>\n        <h3 class=\"Blurb__title\">\n          Konsultens arbetsmilj\u00f6\n        <\/h3>\n                  <div class=\"Blurb__text\">\n            Att ha en bra arbetsmilj\u00f6 \u00e4r viktigt, f\u00f6r alla.\u00a0Som konsult \u00e4r du ofta ny p\u00e5 jobbet. \u00c4ven om du \u00e4r erfaren och kompetent och kanske har jobbat med samma eller liknande arbetsuppgifter p\u00e5 andra st\u00e4llen &hellip;\n          <\/div>\n                <div class=\"Blurb__arrow\">\n                                <div class=\"Blurb__arrow__line\">\n              <svg class='icon icon--arrow-tip'  width=\"11\" height=\"16\" viewBox=\"0 0 11 16\" fill=\"none\" xmlns=\"http:\/\/www.w3.org\/2000\/svg\">\n<path d=\"M0.858398 15L9.2304 7.99664L0.967732 1.00001\" stroke=\"black\" stroke-width=\"2\" stroke-miterlimit=\"10\"\/>\n<\/svg>\n\n              <\/div>\n                  <\/div>\n      <\/div>\n    <\/div>\n  <\/a>\n<\/article>\n                  <\/div>\n                  <\/div>\n    \n      <\/div>\n<\/div><\/div>\n","protected":false},"excerpt":{"rendered":"<p>Det st\u00e5r i lagen att alla ska ha en god arbetsmilj\u00f6, det \u00e4r en sj\u00e4lvklarhet. Bemannings\u00adf\u00f6retagen har dessutom ett stort intresse av att konsulterna \u00e4r friska och trivs p\u00e5 jobbet. Utan konsulter har bemannings\u00adf\u00f6retagen ingen &hellip;<\/p>\n","protected":false},"author":169,"featured_media":6407,"parent":0,"menu_order":13,"comment_status":"closed","ping_status":"closed","template":"","meta":{"_acf_changed":false,"footnotes":""},"article_type":[],"agreement":[],"for-members":[],"class_list":["post-1834","page","type-page","status-publish","has-post-thumbnail","hentry"],"acf":[],"yoast_head":"<!-- This site is optimized with the Yoast SEO Premium plugin v26.8 (Yoast SEO v26.8) - https:\/\/yoast.com\/product\/yoast-seo-premium-wordpress\/ -->\n<title>Arbetsmilj\u00f6 f\u00f6r konsulter<\/title>\n<meta name=\"description\" content=\"Vem har ansvar f\u00f6r konsultens arbetsmilj\u00f6? Bemanningsf\u00f6retaget och kundf\u00f6retaget har ett gemensamt och delat arbetsmilj\u00f6ansvar.\" \/>\n<meta name=\"robots\" content=\"index, follow, max-snippet:-1, max-image-preview:large, max-video-preview:-1\" \/>\n<link rel=\"canonical\" href=\"https:\/\/www.kompetensforetagen.se\/arbetsmiljo\/\" \/>\n<meta property=\"og:locale\" content=\"sv_SE\" \/>\n<meta property=\"og:type\" content=\"article\" \/>\n<meta property=\"og:title\" content=\"Arbetsmilj\u00f6\" \/>\n<meta property=\"og:description\" content=\"Vem har ansvar f\u00f6r konsultens arbetsmilj\u00f6? Bemanningsf\u00f6retaget och kundf\u00f6retaget har ett gemensamt och delat arbetsmilj\u00f6ansvar.\" \/>\n<meta property=\"og:url\" content=\"https:\/\/www.kompetensforetagen.se\/arbetsmiljo\/\" \/>\n<meta property=\"og:site_name\" content=\"Kompetensf\u00f6retagen\" \/>\n<meta property=\"article:modified_time\" content=\"2025-02-13T15:34:24+00:00\" \/>\n<meta property=\"og:image\" content=\"https:\/\/www.kompetensforetagen.se\/app\/uploads\/sites\/5\/2021\/02\/gettyimages-681890029-scaled.jpg\" \/>\n\t<meta property=\"og:image:width\" content=\"2560\" \/>\n\t<meta property=\"og:image:height\" content=\"1706\" \/>\n\t<meta property=\"og:image:type\" content=\"image\/jpeg\" \/>\n<meta name=\"twitter:card\" content=\"summary_large_image\" \/>\n<meta name=\"twitter:label1\" content=\"Ber\u00e4knad l\u00e4stid\" \/>\n\t<meta name=\"twitter:data1\" content=\"3 minuter\" \/>\n<script type=\"application\/ld+json\" class=\"yoast-schema-graph\">{\"@context\":\"https:\/\/schema.org\",\"@graph\":[{\"@type\":\"WebPage\",\"@id\":\"https:\/\/www.kompetensforetagen.se\/arbetsmiljo\/\",\"url\":\"https:\/\/www.kompetensforetagen.se\/arbetsmiljo\/\",\"name\":\"Arbetsmilj\u00f6 f\u00f6r konsulter\",\"isPartOf\":{\"@id\":\"https:\/\/www.kompetensforetagen.se\/#website\"},\"primaryImageOfPage\":{\"@id\":\"https:\/\/www.kompetensforetagen.se\/arbetsmiljo\/#primaryimage\"},\"image\":{\"@id\":\"https:\/\/www.kompetensforetagen.se\/arbetsmiljo\/#primaryimage\"},\"thumbnailUrl\":\"https:\/\/www.kompetensforetagen.se\/app\/uploads\/sites\/5\/2021\/02\/gettyimages-681890029-scaled.jpg\",\"datePublished\":\"2018-05-14T12:00:49+00:00\",\"dateModified\":\"2025-02-13T15:34:24+00:00\",\"description\":\"Vem har ansvar f\u00f6r konsultens arbetsmilj\u00f6? Bemanningsf\u00f6retaget och kundf\u00f6retaget har ett gemensamt och delat arbetsmilj\u00f6ansvar.\",\"breadcrumb\":{\"@id\":\"https:\/\/www.kompetensforetagen.se\/arbetsmiljo\/#breadcrumb\"},\"inLanguage\":\"sv-SE\",\"potentialAction\":[{\"@type\":\"ReadAction\",\"target\":[\"https:\/\/www.kompetensforetagen.se\/arbetsmiljo\/\"]}]},{\"@type\":\"ImageObject\",\"inLanguage\":\"sv-SE\",\"@id\":\"https:\/\/www.kompetensforetagen.se\/arbetsmiljo\/#primaryimage\",\"url\":\"https:\/\/www.kompetensforetagen.se\/app\/uploads\/sites\/5\/2021\/02\/gettyimages-681890029-scaled.jpg\",\"contentUrl\":\"https:\/\/www.kompetensforetagen.se\/app\/uploads\/sites\/5\/2021\/02\/gettyimages-681890029-scaled.jpg\",\"width\":2560,\"height\":1706,\"caption\":\"Kvinna med skyddshj\u00e4lm och pappersark i handen st\u00e5r v\u00e4nd med ryggen mot kameran och tittar p\u00e5\"},{\"@type\":\"BreadcrumbList\",\"@id\":\"https:\/\/www.kompetensforetagen.se\/arbetsmiljo\/#breadcrumb\",\"itemListElement\":[{\"@type\":\"ListItem\",\"position\":1,\"name\":\"Home\",\"item\":\"https:\/\/www.kompetensforetagen.se\/\"},{\"@type\":\"ListItem\",\"position\":2,\"name\":\"Arbetsmilj\u00f6\"}]},{\"@type\":\"WebSite\",\"@id\":\"https:\/\/www.kompetensforetagen.se\/#website\",\"url\":\"https:\/\/www.kompetensforetagen.se\/\",\"name\":\"Kompetensf\u00f6retagen\",\"description\":\"R\u00e4tt person p\u00e5 r\u00e4tt plats kan f\u00f6r\u00e4ndra v\u00e4rlden\",\"publisher\":{\"@id\":\"https:\/\/www.kompetensforetagen.se\/#organization\"},\"potentialAction\":[{\"@type\":\"SearchAction\",\"target\":{\"@type\":\"EntryPoint\",\"urlTemplate\":\"https:\/\/www.kompetensforetagen.se\/?s={search_term_string}\"},\"query-input\":{\"@type\":\"PropertyValueSpecification\",\"valueRequired\":true,\"valueName\":\"search_term_string\"}}],\"inLanguage\":\"sv-SE\"},{\"@type\":\"Organization\",\"@id\":\"https:\/\/www.kompetensforetagen.se\/#organization\",\"name\":\"Kompetensf\u00f6retagen\",\"url\":\"https:\/\/www.kompetensforetagen.se\/\",\"logo\":{\"@type\":\"ImageObject\",\"inLanguage\":\"sv-SE\",\"@id\":\"https:\/\/www.kompetensforetagen.se\/#\/schema\/logo\/image\/\",\"url\":\"https:\/\/www.kompetensforetagen.se\/app\/uploads\/sites\/5\/2022\/10\/logga_svart.png\",\"contentUrl\":\"https:\/\/www.kompetensforetagen.se\/app\/uploads\/sites\/5\/2022\/10\/logga_svart.png\",\"width\":752,\"height\":64,\"caption\":\"Kompetensf\u00f6retagen\"},\"image\":{\"@id\":\"https:\/\/www.kompetensforetagen.se\/#\/schema\/logo\/image\/\"},\"sameAs\":[\"https:\/\/www.linkedin.com\/company\/10540032\/\"]}]}<\/script>\n<!-- \/ Yoast SEO Premium plugin. -->","yoast_head_json":{"title":"Arbetsmilj\u00f6 f\u00f6r konsulter","description":"Vem har ansvar f\u00f6r konsultens arbetsmilj\u00f6? Bemanningsf\u00f6retaget och kundf\u00f6retaget har ett gemensamt och delat arbetsmilj\u00f6ansvar.","robots":{"index":"index","follow":"follow","max-snippet":"max-snippet:-1","max-image-preview":"max-image-preview:large","max-video-preview":"max-video-preview:-1"},"canonical":"https:\/\/www.kompetensforetagen.se\/arbetsmiljo\/","og_locale":"sv_SE","og_type":"article","og_title":"Arbetsmilj\u00f6","og_description":"Vem har ansvar f\u00f6r konsultens arbetsmilj\u00f6? Bemanningsf\u00f6retaget och kundf\u00f6retaget har ett gemensamt och delat arbetsmilj\u00f6ansvar.","og_url":"https:\/\/www.kompetensforetagen.se\/arbetsmiljo\/","og_site_name":"Kompetensf\u00f6retagen","article_modified_time":"2025-02-13T15:34:24+00:00","og_image":[{"width":2560,"height":1706,"url":"https:\/\/www.kompetensforetagen.se\/app\/uploads\/sites\/5\/2021\/02\/gettyimages-681890029-scaled.jpg","type":"image\/jpeg"}],"twitter_card":"summary_large_image","twitter_misc":{"Ber\u00e4knad l\u00e4stid":"3 minuter"},"schema":{"@context":"https:\/\/schema.org","@graph":[{"@type":"WebPage","@id":"https:\/\/www.kompetensforetagen.se\/arbetsmiljo\/","url":"https:\/\/www.kompetensforetagen.se\/arbetsmiljo\/","name":"Arbetsmilj\u00f6 f\u00f6r konsulter","isPartOf":{"@id":"https:\/\/www.kompetensforetagen.se\/#website"},"primaryImageOfPage":{"@id":"https:\/\/www.kompetensforetagen.se\/arbetsmiljo\/#primaryimage"},"image":{"@id":"https:\/\/www.kompetensforetagen.se\/arbetsmiljo\/#primaryimage"},"thumbnailUrl":"https:\/\/www.kompetensforetagen.se\/app\/uploads\/sites\/5\/2021\/02\/gettyimages-681890029-scaled.jpg","datePublished":"2018-05-14T12:00:49+00:00","dateModified":"2025-02-13T15:34:24+00:00","description":"Vem har ansvar f\u00f6r konsultens arbetsmilj\u00f6? Bemanningsf\u00f6retaget och kundf\u00f6retaget har ett gemensamt och delat arbetsmilj\u00f6ansvar.","breadcrumb":{"@id":"https:\/\/www.kompetensforetagen.se\/arbetsmiljo\/#breadcrumb"},"inLanguage":"sv-SE","potentialAction":[{"@type":"ReadAction","target":["https:\/\/www.kompetensforetagen.se\/arbetsmiljo\/"]}]},{"@type":"ImageObject","inLanguage":"sv-SE","@id":"https:\/\/www.kompetensforetagen.se\/arbetsmiljo\/#primaryimage","url":"https:\/\/www.kompetensforetagen.se\/app\/uploads\/sites\/5\/2021\/02\/gettyimages-681890029-scaled.jpg","contentUrl":"https:\/\/www.kompetensforetagen.se\/app\/uploads\/sites\/5\/2021\/02\/gettyimages-681890029-scaled.jpg","width":2560,"height":1706,"caption":"Kvinna med skyddshj\u00e4lm och pappersark i handen st\u00e5r v\u00e4nd med ryggen mot kameran och tittar p\u00e5"},{"@type":"BreadcrumbList","@id":"https:\/\/www.kompetensforetagen.se\/arbetsmiljo\/#breadcrumb","itemListElement":[{"@type":"ListItem","position":1,"name":"Home","item":"https:\/\/www.kompetensforetagen.se\/"},{"@type":"ListItem","position":2,"name":"Arbetsmilj\u00f6"}]},{"@type":"WebSite","@id":"https:\/\/www.kompetensforetagen.se\/#website","url":"https:\/\/www.kompetensforetagen.se\/","name":"Kompetensf\u00f6retagen","description":"R\u00e4tt person p\u00e5 r\u00e4tt plats kan f\u00f6r\u00e4ndra v\u00e4rlden","publisher":{"@id":"https:\/\/www.kompetensforetagen.se\/#organization"},"potentialAction":[{"@type":"SearchAction","target":{"@type":"EntryPoint","urlTemplate":"https:\/\/www.kompetensforetagen.se\/?s={search_term_string}"},"query-input":{"@type":"PropertyValueSpecification","valueRequired":true,"valueName":"search_term_string"}}],"inLanguage":"sv-SE"},{"@type":"Organization","@id":"https:\/\/www.kompetensforetagen.se\/#organization","name":"Kompetensf\u00f6retagen","url":"https:\/\/www.kompetensforetagen.se\/","logo":{"@type":"ImageObject","inLanguage":"sv-SE","@id":"https:\/\/www.kompetensforetagen.se\/#\/schema\/logo\/image\/","url":"https:\/\/www.kompetensforetagen.se\/app\/uploads\/sites\/5\/2022\/10\/logga_svart.png","contentUrl":"https:\/\/www.kompetensforetagen.se\/app\/uploads\/sites\/5\/2022\/10\/logga_svart.png","width":752,"height":64,"caption":"Kompetensf\u00f6retagen"},"image":{"@id":"https:\/\/www.kompetensforetagen.se\/#\/schema\/logo\/image\/"},"sameAs":["https:\/\/www.linkedin.com\/company\/10540032\/"]}]}},"_links":{"self":[{"href":"https:\/\/www.kompetensforetagen.se\/api\/wp\/v2\/pages\/1834","targetHints":{"allow":["GET"]}}],"collection":[{"href":"https:\/\/www.kompetensforetagen.se\/api\/wp\/v2\/pages"}],"about":[{"href":"https:\/\/www.kompetensforetagen.se\/api\/wp\/v2\/types\/page"}],"author":[{"embeddable":true,"href":"https:\/\/www.kompetensforetagen.se\/api\/wp\/v2\/users\/169"}],"replies":[{"embeddable":true,"href":"https:\/\/www.kompetensforetagen.se\/api\/wp\/v2\/comments?post=1834"}],"version-history":[{"count":14,"href":"https:\/\/www.kompetensforetagen.se\/api\/wp\/v2\/pages\/1834\/revisions"}],"predecessor-version":[{"id":19407,"href":"https:\/\/www.kompetensforetagen.se\/api\/wp\/v2\/pages\/1834\/revisions\/19407"}],"wp:featuredmedia":[{"embeddable":true,"href":"https:\/\/www.kompetensforetagen.se\/api\/wp\/v2\/media\/6407"}],"wp:attachment":[{"href":"https:\/\/www.kompetensforetagen.se\/api\/wp\/v2\/media?parent=1834"}],"wp:term":[{"taxonomy":"type","embeddable":true,"href":"https:\/\/www.kompetensforetagen.se\/api\/wp\/v2\/article_type?post=1834"},{"taxonomy":"agreement","embeddable":true,"href":"https:\/\/www.kompetensforetagen.se\/api\/wp\/v2\/agreement?post=1834"},{"taxonomy":"for-members","embeddable":true,"href":"https:\/\/www.kompetensforetagen.se\/api\/wp\/v2\/for-members?post=1834"}],"curies":[{"name":"wp","href":"https:\/\/api.w.org\/{rel}","templated":true}]}}