{"id":18305,"date":"2024-09-15T10:15:19","date_gmt":"2024-09-15T08:15:19","guid":{"rendered":"https:\/\/www.kompetensforetagen.se\/?page_id=18305"},"modified":"2024-09-16T14:32:53","modified_gmt":"2024-09-16T12:32:53","slug":"mot-vara-samarbetspartners","status":"publish","type":"page","link":"https:\/\/www.kompetensforetagen.se\/mot-vara-samarbetspartners\/","title":{"rendered":"M\u00f6t v\u00e5ra samarbetspartners"},"content":{"rendered":"<div id=\"block-hero-block_813ada09711a5418c878f2bdad0e7a10\" class=\"Hero --has-media has-no-background-color\">\n\n      <img loading=\"lazy\" decoding=\"async\" width=\"1180\" height=\"664\" src=\"https:\/\/www.kompetensforetagen.se\/app\/uploads\/sites\/5\/2024\/06\/Fem-vdar-Almedalen-6-1180x664.png\" class=\"Hero__image\" alt=\"\" srcset=\"https:\/\/www.kompetensforetagen.se\/app\/uploads\/sites\/5\/2024\/06\/Fem-vdar-Almedalen-6-1180x664.png 1180w, https:\/\/www.kompetensforetagen.se\/app\/uploads\/sites\/5\/2024\/06\/Fem-vdar-Almedalen-6-580x326.png 580w, https:\/\/www.kompetensforetagen.se\/app\/uploads\/sites\/5\/2024\/06\/Fem-vdar-Almedalen-6-380x214.png 380w, https:\/\/www.kompetensforetagen.se\/app\/uploads\/sites\/5\/2024\/06\/Fem-vdar-Almedalen-6-768x432.png 768w, https:\/\/www.kompetensforetagen.se\/app\/uploads\/sites\/5\/2024\/06\/Fem-vdar-Almedalen-6-1536x864.png 1536w, https:\/\/www.kompetensforetagen.se\/app\/uploads\/sites\/5\/2024\/06\/Fem-vdar-Almedalen-6-600x338.png 600w, https:\/\/www.kompetensforetagen.se\/app\/uploads\/sites\/5\/2024\/06\/Fem-vdar-Almedalen-6.png 1920w\" sizes=\"auto, (max-width: 1180px) 100vw, 1180px\" \/>\n    \n  <div class=\"Hero__inner container has-no-background-color has-background-image has-arrow\">\n              <div class=\"Hero__title\">\n          <h1><i> M\u00f6t v\u00e5ra samarbetspartners<\/i><\/h1>\n        <\/div>\n                          <\/div>\n<\/div>\n\n\n\n<div class=\"wp-block-group has-secondary-background-color has-background is-layout-constrained wp-block-group-is-layout-constrained\">\n<div class=\"wp-block-columns is-not-stacked-on-mobile has-secondary-background-color has-background is-layout-flex wp-container-core-columns-is-layout-9d6595d7 wp-block-columns-is-layout-flex\">\n<div class=\"wp-block-column is-vertically-aligned-center is-layout-flow wp-block-column-is-layout-flow\" style=\"flex-basis:33.33%\">\n<figure class=\"wp-block-image alignleft size-full\"><a href=\"https:\/\/www.soderbergpartners.se\/\" target=\"_blank\" rel=\"noreferrer noopener\"><img loading=\"lazy\" decoding=\"async\" width=\"312\" height=\"94\" src=\"https:\/\/www.kompetensforetagen.se\/app\/uploads\/sites\/5\/2024\/09\/Soderberg-Partners-Logotyp-A-RGB-transparent.png\" alt=\"\" class=\"wp-image-18356\" \/><\/a><\/figure>\n<\/div>\n\n\n\n<div class=\"wp-block-column has-secondary-background-color has-background is-layout-flow wp-block-column-is-layout-flow\" style=\"flex-basis:66.66%\"><div class=\"wp-block wp-block-core-paragraph\">\n<p class=\"has-excerpt-font-size\">Goda r\u00e5d f\u00f6r ett tryggare och rikare liv. Vi hj\u00e4lper s\u00e5v\u00e4l privatpersoner som f\u00f6retag att fatta v\u00e4lgrundade beslut i fr\u00e5gor som p\u00e5verkar deras ekonomi \u2013 och deras liv i stort. Vi arbetar proaktivt i dag, f\u00f6r att du ska kunna leva ett tryggare och rikare liv imorgon.<\/p>\n<\/div><\/div>\n<\/div>\n\n\n\n<div class=\"wp-block-columns are-vertically-aligned-center is-not-stacked-on-mobile has-black-background-color has-background is-layout-flex wp-container-core-columns-is-layout-9d6595d7 wp-block-columns-is-layout-flex\">\n<div class=\"wp-block-column is-vertically-aligned-center is-layout-flow wp-block-column-is-layout-flow\" style=\"flex-basis:33.33%\">\n<figure class=\"wp-block-image alignleft size-full\"><a href=\"https:\/\/www.intelliplan.se\/\" target=\"_blank\" rel=\"noreferrer noopener\"><img loading=\"lazy\" decoding=\"async\" width=\"280\" height=\"280\" src=\"https:\/\/www.kompetensforetagen.se\/app\/uploads\/sites\/5\/2024\/09\/Intelliplan-1.png\" alt=\"\" class=\"wp-image-18327\" srcset=\"https:\/\/www.kompetensforetagen.se\/app\/uploads\/sites\/5\/2024\/09\/Intelliplan-1.png 280w, https:\/\/www.kompetensforetagen.se\/app\/uploads\/sites\/5\/2024\/09\/Intelliplan-1-100x100.png 100w\" sizes=\"auto, (max-width: 280px) 100vw, 280px\" \/><\/a><\/figure>\n<\/div>\n\n\n\n<div class=\"wp-block-column is-vertically-aligned-center has-black-background-color has-background is-layout-constrained wp-block-column-is-layout-constrained\" style=\"flex-basis:66.66%\"><div class=\"wp-block wp-block-core-paragraph\">\n<p class=\"has-excerpt-font-size\">Framtidens system f\u00f6r rekrytering och bemanning. Med v\u00e5ra systeml\u00f6sningar Intelliplan och Zerolime erbjuder vi helt\u00e4ckande l\u00f6sningar inom rekrytering, bemanning, s\u00e4lj och ekonomi.<\/p>\n<\/div><\/div>\n<\/div>\n\n\n\n<div class=\"wp-block-columns is-not-stacked-on-mobile has-primary-background-color has-background is-layout-flex wp-container-core-columns-is-layout-9d6595d7 wp-block-columns-is-layout-flex\">\n<div class=\"wp-block-column is-vertically-aligned-center has-primary-background-color has-background is-layout-flow wp-block-column-is-layout-flow\" style=\"flex-basis:33.33%\">\n<figure class=\"wp-block-image alignleft size-full\"><a href=\"https:\/\/www.svedea.se\/\" target=\"_blank\" rel=\"noreferrer noopener\"><img loading=\"lazy\" decoding=\"async\" width=\"280\" height=\"280\" src=\"https:\/\/www.kompetensforetagen.se\/app\/uploads\/sites\/5\/2024\/09\/Svedea-1-1.png\" alt=\"\" class=\"wp-image-18329\" srcset=\"https:\/\/www.kompetensforetagen.se\/app\/uploads\/sites\/5\/2024\/09\/Svedea-1-1.png 280w, https:\/\/www.kompetensforetagen.se\/app\/uploads\/sites\/5\/2024\/09\/Svedea-1-1-100x100.png 100w\" sizes=\"auto, (max-width: 280px) 100vw, 280px\" \/><\/a><\/figure>\n<\/div>\n\n\n\n<div class=\"wp-block-column has-primary-background-color has-background is-layout-flow wp-block-column-is-layout-flow\" style=\"flex-basis:66.66%\"><div class=\"wp-block wp-block-core-paragraph\">\n<p class=\"has-excerpt-font-size\">Svedea \u00e4r specialister inom gruppf\u00f6rs\u00e4kring!<br>Att alltid vara snabba, flexibla och ge h\u00f6g service \u00e4r det viktigaste f\u00f6r oss. Det i kombination med v\u00e5r skadereglering i toppklass g\u00f6r att vi kan leverera gruppl\u00f6sningar som \u00e4r bland de b\u00e4sta i branschen.<\/p>\n<\/div><\/div>\n<\/div>\n\n\n\n<div class=\"wp-block-columns are-vertically-aligned-center is-not-stacked-on-mobile has-black-background-color has-background is-layout-flex wp-container-core-columns-is-layout-9d6595d7 wp-block-columns-is-layout-flex\">\n<div class=\"wp-block-column is-vertically-aligned-center is-layout-flow wp-block-column-is-layout-flow\" style=\"flex-basis:33.33%\">\n<figure class=\"wp-block-image alignleft size-full\"><a href=\"https:\/\/hale.center\/\" target=\"_blank\" rel=\"noreferrer noopener\"><img loading=\"lazy\" decoding=\"async\" width=\"280\" height=\"280\" src=\"https:\/\/www.kompetensforetagen.se\/app\/uploads\/sites\/5\/2024\/09\/hale.png\" alt=\"\" class=\"wp-image-18331\" srcset=\"https:\/\/www.kompetensforetagen.se\/app\/uploads\/sites\/5\/2024\/09\/hale.png 280w, https:\/\/www.kompetensforetagen.se\/app\/uploads\/sites\/5\/2024\/09\/hale-100x100.png 100w\" sizes=\"auto, (max-width: 280px) 100vw, 280px\" \/><\/a><\/figure>\n<\/div>\n\n\n\n<div class=\"wp-block-column is-vertically-aligned-center has-black-background-color has-background is-layout-flow wp-block-column-is-layout-flow\" style=\"flex-basis:66.66%\"><div class=\"wp-block wp-block-core-paragraph\">\n<p class=\"has-text-align-left has-excerpt-font-size\">We educate breath guides, facilitate classes and workshops, and offer a unique breathing app.<\/p>\n<\/div><\/div>\n<\/div>\n<\/div>\n","protected":false},"excerpt":{"rendered":"<p>Goda r\u00e5d f\u00f6r ett tryggare och rikare liv. Vi hj\u00e4lper s\u00e5v\u00e4l privatpersoner som f\u00f6retag att fatta v\u00e4lgrundade beslut i fr\u00e5gor som p\u00e5verkar deras ekonomi \u2013 och deras liv i stort. Vi arbetar proaktivt i dag, &hellip;<\/p>\n","protected":false},"author":222,"featured_media":17572,"parent":0,"menu_order":79,"comment_status":"closed","ping_status":"closed","template":"","meta":{"_acf_changed":false,"footnotes":""},"article_type":[],"agreement":[],"for-members":[],"class_list":["post-18305","page","type-page","status-publish","has-post-thumbnail","hentry"],"acf":[],"yoast_head":"<!-- This site is optimized with the Yoast SEO Premium plugin v26.8 (Yoast SEO v26.8) - https:\/\/yoast.com\/product\/yoast-seo-premium-wordpress\/ -->\n<title>M\u00f6t v\u00e5ra samarbetspartners - Kompetensf\u00f6retagen<\/title>\n<meta name=\"robots\" content=\"index, follow, max-snippet:-1, max-image-preview:large, max-video-preview:-1\" \/>\n<link rel=\"canonical\" href=\"https:\/\/www.kompetensforetagen.se\/mot-vara-samarbetspartners\/\" \/>\n<meta property=\"og:locale\" content=\"sv_SE\" \/>\n<meta property=\"og:type\" content=\"article\" \/>\n<meta property=\"og:title\" content=\"M\u00f6t v\u00e5ra samarbetspartners\" \/>\n<meta property=\"og:description\" content=\"Goda r\u00e5d f\u00f6r ett tryggare och rikare liv. Vi hj\u00e4lper s\u00e5v\u00e4l privatpersoner som f\u00f6retag att fatta v\u00e4lgrundade beslut i fr\u00e5gor som p\u00e5verkar deras ekonomi \u2013 och deras liv i stort. Vi arbetar proaktivt i dag, &hellip;\" \/>\n<meta property=\"og:url\" content=\"https:\/\/www.kompetensforetagen.se\/mot-vara-samarbetspartners\/\" \/>\n<meta property=\"og:site_name\" content=\"Kompetensf\u00f6retagen\" \/>\n<meta property=\"article:modified_time\" content=\"2024-09-16T12:32:53+00:00\" \/>\n<meta property=\"og:image\" content=\"https:\/\/www.kompetensforetagen.se\/app\/uploads\/sites\/5\/2024\/06\/Fem-vdar-Almedalen-5-1180x664.png\" \/>\n\t<meta property=\"og:image:width\" content=\"1180\" \/>\n\t<meta property=\"og:image:height\" content=\"664\" \/>\n\t<meta property=\"og:image:type\" content=\"image\/png\" \/>\n<meta name=\"twitter:card\" content=\"summary_large_image\" \/>\n<meta name=\"twitter:label1\" content=\"Ber\u00e4knad l\u00e4stid\" \/>\n\t<meta name=\"twitter:data1\" content=\"2 minuter\" \/>\n<script type=\"application\/ld+json\" class=\"yoast-schema-graph\">{\"@context\":\"https:\/\/schema.org\",\"@graph\":[{\"@type\":\"WebPage\",\"@id\":\"https:\/\/www.kompetensforetagen.se\/mot-vara-samarbetspartners\/\",\"url\":\"https:\/\/www.kompetensforetagen.se\/mot-vara-samarbetspartners\/\",\"name\":\"M\u00f6t v\u00e5ra samarbetspartners - Kompetensf\u00f6retagen\",\"isPartOf\":{\"@id\":\"https:\/\/www.kompetensforetagen.se\/#website\"},\"primaryImageOfPage\":{\"@id\":\"https:\/\/www.kompetensforetagen.se\/mot-vara-samarbetspartners\/#primaryimage\"},\"image\":{\"@id\":\"https:\/\/www.kompetensforetagen.se\/mot-vara-samarbetspartners\/#primaryimage\"},\"thumbnailUrl\":\"https:\/\/www.kompetensforetagen.se\/app\/uploads\/sites\/5\/2024\/06\/Fem-vdar-Almedalen-5.png\",\"datePublished\":\"2024-09-15T08:15:19+00:00\",\"dateModified\":\"2024-09-16T12:32:53+00:00\",\"breadcrumb\":{\"@id\":\"https:\/\/www.kompetensforetagen.se\/mot-vara-samarbetspartners\/#breadcrumb\"},\"inLanguage\":\"sv-SE\",\"potentialAction\":[{\"@type\":\"ReadAction\",\"target\":[\"https:\/\/www.kompetensforetagen.se\/mot-vara-samarbetspartners\/\"]}]},{\"@type\":\"ImageObject\",\"inLanguage\":\"sv-SE\",\"@id\":\"https:\/\/www.kompetensforetagen.se\/mot-vara-samarbetspartners\/#primaryimage\",\"url\":\"https:\/\/www.kompetensforetagen.se\/app\/uploads\/sites\/5\/2024\/06\/Fem-vdar-Almedalen-5.png\",\"contentUrl\":\"https:\/\/www.kompetensforetagen.se\/app\/uploads\/sites\/5\/2024\/06\/Fem-vdar-Almedalen-5.png\",\"width\":1920,\"height\":1080,\"caption\":\"Kompetnsdagen 2024: \u00c5rets h\u00e4ndelse f\u00f6r f\u00f6retagen inom rekrytering, bemanning och omst\u00e4llning\"},{\"@type\":\"BreadcrumbList\",\"@id\":\"https:\/\/www.kompetensforetagen.se\/mot-vara-samarbetspartners\/#breadcrumb\",\"itemListElement\":[{\"@type\":\"ListItem\",\"position\":1,\"name\":\"Home\",\"item\":\"https:\/\/www.kompetensforetagen.se\/\"},{\"@type\":\"ListItem\",\"position\":2,\"name\":\"M\u00f6t v\u00e5ra samarbetspartners\"}]},{\"@type\":\"WebSite\",\"@id\":\"https:\/\/www.kompetensforetagen.se\/#website\",\"url\":\"https:\/\/www.kompetensforetagen.se\/\",\"name\":\"Kompetensf\u00f6retagen\",\"description\":\"R\u00e4tt person p\u00e5 r\u00e4tt plats kan f\u00f6r\u00e4ndra v\u00e4rlden\",\"publisher\":{\"@id\":\"https:\/\/www.kompetensforetagen.se\/#organization\"},\"potentialAction\":[{\"@type\":\"SearchAction\",\"target\":{\"@type\":\"EntryPoint\",\"urlTemplate\":\"https:\/\/www.kompetensforetagen.se\/?s={search_term_string}\"},\"query-input\":{\"@type\":\"PropertyValueSpecification\",\"valueRequired\":true,\"valueName\":\"search_term_string\"}}],\"inLanguage\":\"sv-SE\"},{\"@type\":\"Organization\",\"@id\":\"https:\/\/www.kompetensforetagen.se\/#organization\",\"name\":\"Kompetensf\u00f6retagen\",\"url\":\"https:\/\/www.kompetensforetagen.se\/\",\"logo\":{\"@type\":\"ImageObject\",\"inLanguage\":\"sv-SE\",\"@id\":\"https:\/\/www.kompetensforetagen.se\/#\/schema\/logo\/image\/\",\"url\":\"https:\/\/www.kompetensforetagen.se\/app\/uploads\/sites\/5\/2022\/10\/logga_svart.png\",\"contentUrl\":\"https:\/\/www.kompetensforetagen.se\/app\/uploads\/sites\/5\/2022\/10\/logga_svart.png\",\"width\":752,\"height\":64,\"caption\":\"Kompetensf\u00f6retagen\"},\"image\":{\"@id\":\"https:\/\/www.kompetensforetagen.se\/#\/schema\/logo\/image\/\"},\"sameAs\":[\"https:\/\/www.linkedin.com\/company\/10540032\/\"]}]}<\/script>\n<!-- \/ Yoast SEO Premium plugin. -->","yoast_head_json":{"title":"M\u00f6t v\u00e5ra samarbetspartners - Kompetensf\u00f6retagen","robots":{"index":"index","follow":"follow","max-snippet":"max-snippet:-1","max-image-preview":"max-image-preview:large","max-video-preview":"max-video-preview:-1"},"canonical":"https:\/\/www.kompetensforetagen.se\/mot-vara-samarbetspartners\/","og_locale":"sv_SE","og_type":"article","og_title":"M\u00f6t v\u00e5ra samarbetspartners","og_description":"Goda r\u00e5d f\u00f6r ett tryggare och rikare liv. Vi hj\u00e4lper s\u00e5v\u00e4l privatpersoner som f\u00f6retag att fatta v\u00e4lgrundade beslut i fr\u00e5gor som p\u00e5verkar deras ekonomi \u2013 och deras liv i stort. Vi arbetar proaktivt i dag, &hellip;","og_url":"https:\/\/www.kompetensforetagen.se\/mot-vara-samarbetspartners\/","og_site_name":"Kompetensf\u00f6retagen","article_modified_time":"2024-09-16T12:32:53+00:00","og_image":[{"width":1180,"height":664,"url":"https:\/\/www.kompetensforetagen.se\/app\/uploads\/sites\/5\/2024\/06\/Fem-vdar-Almedalen-5-1180x664.png","type":"image\/png"}],"twitter_card":"summary_large_image","twitter_misc":{"Ber\u00e4knad l\u00e4stid":"2 minuter"},"schema":{"@context":"https:\/\/schema.org","@graph":[{"@type":"WebPage","@id":"https:\/\/www.kompetensforetagen.se\/mot-vara-samarbetspartners\/","url":"https:\/\/www.kompetensforetagen.se\/mot-vara-samarbetspartners\/","name":"M\u00f6t v\u00e5ra samarbetspartners - Kompetensf\u00f6retagen","isPartOf":{"@id":"https:\/\/www.kompetensforetagen.se\/#website"},"primaryImageOfPage":{"@id":"https:\/\/www.kompetensforetagen.se\/mot-vara-samarbetspartners\/#primaryimage"},"image":{"@id":"https:\/\/www.kompetensforetagen.se\/mot-vara-samarbetspartners\/#primaryimage"},"thumbnailUrl":"https:\/\/www.kompetensforetagen.se\/app\/uploads\/sites\/5\/2024\/06\/Fem-vdar-Almedalen-5.png","datePublished":"2024-09-15T08:15:19+00:00","dateModified":"2024-09-16T12:32:53+00:00","breadcrumb":{"@id":"https:\/\/www.kompetensforetagen.se\/mot-vara-samarbetspartners\/#breadcrumb"},"inLanguage":"sv-SE","potentialAction":[{"@type":"ReadAction","target":["https:\/\/www.kompetensforetagen.se\/mot-vara-samarbetspartners\/"]}]},{"@type":"ImageObject","inLanguage":"sv-SE","@id":"https:\/\/www.kompetensforetagen.se\/mot-vara-samarbetspartners\/#primaryimage","url":"https:\/\/www.kompetensforetagen.se\/app\/uploads\/sites\/5\/2024\/06\/Fem-vdar-Almedalen-5.png","contentUrl":"https:\/\/www.kompetensforetagen.se\/app\/uploads\/sites\/5\/2024\/06\/Fem-vdar-Almedalen-5.png","width":1920,"height":1080,"caption":"Kompetnsdagen 2024: \u00c5rets h\u00e4ndelse f\u00f6r f\u00f6retagen inom rekrytering, bemanning och omst\u00e4llning"},{"@type":"BreadcrumbList","@id":"https:\/\/www.kompetensforetagen.se\/mot-vara-samarbetspartners\/#breadcrumb","itemListElement":[{"@type":"ListItem","position":1,"name":"Home","item":"https:\/\/www.kompetensforetagen.se\/"},{"@type":"ListItem","position":2,"name":"M\u00f6t v\u00e5ra samarbetspartners"}]},{"@type":"WebSite","@id":"https:\/\/www.kompetensforetagen.se\/#website","url":"https:\/\/www.kompetensforetagen.se\/","name":"Kompetensf\u00f6retagen","description":"R\u00e4tt person p\u00e5 r\u00e4tt plats kan f\u00f6r\u00e4ndra v\u00e4rlden","publisher":{"@id":"https:\/\/www.kompetensforetagen.se\/#organization"},"potentialAction":[{"@type":"SearchAction","target":{"@type":"EntryPoint","urlTemplate":"https:\/\/www.kompetensforetagen.se\/?s={search_term_string}"},"query-input":{"@type":"PropertyValueSpecification","valueRequired":true,"valueName":"search_term_string"}}],"inLanguage":"sv-SE"},{"@type":"Organization","@id":"https:\/\/www.kompetensforetagen.se\/#organization","name":"Kompetensf\u00f6retagen","url":"https:\/\/www.kompetensforetagen.se\/","logo":{"@type":"ImageObject","inLanguage":"sv-SE","@id":"https:\/\/www.kompetensforetagen.se\/#\/schema\/logo\/image\/","url":"https:\/\/www.kompetensforetagen.se\/app\/uploads\/sites\/5\/2022\/10\/logga_svart.png","contentUrl":"https:\/\/www.kompetensforetagen.se\/app\/uploads\/sites\/5\/2022\/10\/logga_svart.png","width":752,"height":64,"caption":"Kompetensf\u00f6retagen"},"image":{"@id":"https:\/\/www.kompetensforetagen.se\/#\/schema\/logo\/image\/"},"sameAs":["https:\/\/www.linkedin.com\/company\/10540032\/"]}]}},"_links":{"self":[{"href":"https:\/\/www.kompetensforetagen.se\/api\/wp\/v2\/pages\/18305","targetHints":{"allow":["GET"]}}],"collection":[{"href":"https:\/\/www.kompetensforetagen.se\/api\/wp\/v2\/pages"}],"about":[{"href":"https:\/\/www.kompetensforetagen.se\/api\/wp\/v2\/types\/page"}],"author":[{"embeddable":true,"href":"https:\/\/www.kompetensforetagen.se\/api\/wp\/v2\/users\/222"}],"replies":[{"embeddable":true,"href":"https:\/\/www.kompetensforetagen.se\/api\/wp\/v2\/comments?post=18305"}],"version-history":[{"count":25,"href":"https:\/\/www.kompetensforetagen.se\/api\/wp\/v2\/pages\/18305\/revisions"}],"predecessor-version":[{"id":18361,"href":"https:\/\/www.kompetensforetagen.se\/api\/wp\/v2\/pages\/18305\/revisions\/18361"}],"wp:featuredmedia":[{"embeddable":true,"href":"https:\/\/www.kompetensforetagen.se\/api\/wp\/v2\/media\/17572"}],"wp:attachment":[{"href":"https:\/\/www.kompetensforetagen.se\/api\/wp\/v2\/media?parent=18305"}],"wp:term":[{"taxonomy":"type","embeddable":true,"href":"https:\/\/www.kompetensforetagen.se\/api\/wp\/v2\/article_type?post=18305"},{"taxonomy":"agreement","embeddable":true,"href":"https:\/\/www.kompetensforetagen.se\/api\/wp\/v2\/agreement?post=18305"},{"taxonomy":"for-members","embeddable":true,"href":"https:\/\/www.kompetensforetagen.se\/api\/wp\/v2\/for-members?post=18305"}],"curies":[{"name":"wp","href":"https:\/\/api.w.org\/{rel}","templated":true}]}}