{"id":17379,"date":"2024-06-10T12:12:05","date_gmt":"2024-06-10T10:12:05","guid":{"rendered":"https:\/\/www.kompetensforetagen.se\/?page_id=17379"},"modified":"2024-09-18T11:05:10","modified_gmt":"2024-09-18T09:05:10","slug":"arets-event-for-kompetensbranschen","status":"publish","type":"page","link":"https:\/\/www.kompetensforetagen.se\/event\/arets-event-for-kompetensbranschen\/","title":{"rendered":"\u00c5rets h\u00e4ndelse f\u00f6r f\u00f6retagen inom rekrytering, bemanning och omst\u00e4llning"},"content":{"rendered":"<div id=\"block-hero-block_2b90bbd55a4d7d2b32be60ed4fb6b3ac\" class=\"Hero --has-media has-no-background-color\">\n\n      <img loading=\"lazy\" decoding=\"async\" width=\"1180\" height=\"664\" src=\"https:\/\/www.kompetensforetagen.se\/app\/uploads\/sites\/5\/2024\/06\/Fem-vdar-Almedalen-6-1180x664.png\" class=\"Hero__image\" alt=\"\" srcset=\"https:\/\/www.kompetensforetagen.se\/app\/uploads\/sites\/5\/2024\/06\/Fem-vdar-Almedalen-6-1180x664.png 1180w, https:\/\/www.kompetensforetagen.se\/app\/uploads\/sites\/5\/2024\/06\/Fem-vdar-Almedalen-6-580x326.png 580w, https:\/\/www.kompetensforetagen.se\/app\/uploads\/sites\/5\/2024\/06\/Fem-vdar-Almedalen-6-380x214.png 380w, https:\/\/www.kompetensforetagen.se\/app\/uploads\/sites\/5\/2024\/06\/Fem-vdar-Almedalen-6-768x432.png 768w, https:\/\/www.kompetensforetagen.se\/app\/uploads\/sites\/5\/2024\/06\/Fem-vdar-Almedalen-6-1536x864.png 1536w, https:\/\/www.kompetensforetagen.se\/app\/uploads\/sites\/5\/2024\/06\/Fem-vdar-Almedalen-6-600x338.png 600w, https:\/\/www.kompetensforetagen.se\/app\/uploads\/sites\/5\/2024\/06\/Fem-vdar-Almedalen-6.png 1920w\" sizes=\"auto, (max-width: 1180px) 100vw, 1180px\" \/>\n    \n  <div class=\"Hero__inner container has-no-background-color has-background-image has-arrow\">\n              <div class=\"Hero__title\">\n          <h1><i> Kompetens&shy;dagen 2024<\/i><\/h1>\n        <\/div>\n                          <\/div>\n<\/div>\n\n\n\n<div class=\"wp-block-group has-secondary-background-color has-background is-layout-constrained wp-block-group-is-layout-constrained\"><div class=\"wp-block wp-block-core-heading heading-in-sidebar\" id=\"snart-dags-for-hostens-handelse-i-kompetensbranschen!\"><a class='Share__link Share__link--url copy-text' href='#' rel='nofollow' data-text='snart-dags-for-hostens-handelse-i-kompetensbranschen!' title='Dela url' data-confirmation='L\u00e4nken kopierades till urklipp'><svg class='icon icon--link'  width='18' height='18' viewBox='0 0 18 18' fill='none' xmlns='http:\/\/www.w3.org\/2000\/svg'>\n            <path d='M10.4142 0.514721L6.87868 4.05025L8.29289 5.46447L11.1213 2.63604L15.364 6.87868L12.5355 9.70711L13.9497 11.1213L17.4853 7.58579C17.8763 7.19476 17.8763 6.5626 17.4853 6.17158L11.8284 0.514721C11.4374 0.123691 10.8052 0.123691 10.4142 0.514721Z' fill='black'\/>\n            <path d='M9.7071 12.5355L6.87868 15.364L2.63604 11.1213L5.46446 8.2929L4.05025 6.87868L0.514716 10.4142C0.123686 10.8052 0.123686 11.4374 0.514716 11.8284L6.17157 17.4853C6.5626 17.8763 7.19475 17.8763 7.58578 17.4853L11.1213 13.9497L9.7071 12.5355Z' fill='black'\/>\n            <path d='M6.17157 11.8284C6.5626 12.2195 7.19475 12.2195 7.58578 11.8284L11.8284 7.58579C12.2195 7.19476 12.2195 6.56261 11.8284 6.17158C11.4374 5.78055 10.8052 5.78055 10.4142 6.17158L6.17157 10.4142C5.78054 10.8052 5.78054 11.4374 6.17157 11.8284Z' fill='black'\/>\n            <\/svg> <\/a>\n<h2 class=\"wp-block-heading\" id=\"h-snart-dags-for-hostens-handelse-i-kompetensbranschen\">Snart dags f\u00f6r h\u00f6stens h\u00e4ndelse i kompetensbranschen!<\/h2>\n<\/div>\n\n\n<div class=\"wp-block-columns is-layout-flex wp-container-core-columns-is-layout-9d6595d7 wp-block-columns-is-layout-flex\">\n<div class=\"wp-block-column is-layout-flow wp-block-column-is-layout-flow\" style=\"flex-basis:66.66%\"><div class=\"wp-block wp-block-core-paragraph\">\n<p><em>Kompetensdagen \u00e4r en eftermiddag med kunskap, n\u00e4tverkande och inspiration. Vi avslutar med branschfest och prisutdelning i en av Stockholms vackraste festsalar.&nbsp;<\/em><br>&nbsp;<br><strong>Onsdagen den 18 september<\/strong> samlas vi p\u00e5 IVA i centrala Stockholm. Eftermiddagen kommer att vara fullsp\u00e4ckad med inspirerande talare, aff\u00e4rsn\u00e4ra \u00e4mnen, valbara workshop, ledarskapsf\u00f6rel\u00e4sare och mycket annat. Under kv\u00e4llens fest delar vi ut priser till branschens stj\u00e4rnor. <\/p>\n<\/div>\n\n<div class=\"wp-block wp-block-core-paragraph\">\n<p>Detta \u00e4r en unik m\u00f6jlighet att mingla med branschen i centrum och ut\u00f6ka ditt professionella n\u00e4tverk.&nbsp;Eventet \u00e4r nu sluts\u00e5lt, men du kan st\u00e4lla dig i reservk\u00f6.&nbsp;<\/p>\n<\/div>\n\n<div class=\"wp-block wp-block-core-paragraph\">\n<p><strong>Du kan f\u00f6rv\u00e4nta dig<\/strong> <\/p>\n<\/div>\n\n<div class=\"wp-block wp-block-core-list\">\n<ul class=\"wp-block-list\">\n<li>Presentationer fr\u00e5n branschens mest framst\u00e5ende experter. &nbsp;<\/li>\n\n\n\n<li>Workshops och paneldiskussioner som fokuserar p\u00e5 det senaste inom bemanning och rekrytering.<\/li>\n\n\n\n<li>M\u00f6jligheten att ut\u00f6ka ditt n\u00e4tverk med branschkollegor och f\u00f6retagsledare.<\/li>\n\n\n\n<li>Internationella g\u00e4ster som hj\u00e4lper dig att se bortom Sveriges gr\u00e4nser.<\/li>\n<\/ul>\n<\/div>\n\n<div class=\"wp-block wp-block-core-paragraph\">\n<p>Vi ser fram emot att v\u00e4lkomna dig till en inspirerande dag fylld av kunskap, n\u00e4tverkande och firande!&nbsp;<\/p>\n<\/div>\n\n<div class=\"wp-block wp-block-core-paragraph\">\n<p><strong>Vad ing\u00e5r i priset (500 kr ex moms)?&nbsp;<br><\/strong>&#8211; F\u00f6rel\u00e4sningar &nbsp;<br>&#8211; Workshops&nbsp;<br>&#8211; Mat och dryck&nbsp;<\/p>\n<\/div>\n\n\n<div class=\"wp-block-columns is-layout-flex wp-container-core-columns-is-layout-9d6595d7 wp-block-columns-is-layout-flex\">\n<div class=\"wp-block-column is-layout-flow wp-block-column-is-layout-flow\">\n<figure class=\"wp-block-image size-full\"><img loading=\"lazy\" decoding=\"async\" width=\"940\" height=\"788\" src=\"https:\/\/www.kompetensforetagen.se\/app\/uploads\/sites\/5\/2024\/09\/download-1.gif\" alt=\"\" class=\"wp-image-18202\" \/><\/figure>\n<\/div>\n\n\n\n<div class=\"wp-block-column is-vertically-aligned-center is-layout-flow wp-block-column-is-layout-flow\">\n<figure class=\"wp-block-image size-large is-resized\"><img loading=\"lazy\" decoding=\"async\" src=\"https:\/\/www.kompetensforetagen.se\/app\/uploads\/sites\/5\/2024\/06\/Namnlos-design-12-1180x307.png\" alt=\"\" class=\"wp-image-17581\" width=\"295\" height=\"77\" srcset=\"https:\/\/www.kompetensforetagen.se\/app\/uploads\/sites\/5\/2024\/06\/Namnlos-design-12-1180x307.png 1180w, https:\/\/www.kompetensforetagen.se\/app\/uploads\/sites\/5\/2024\/06\/Namnlos-design-12-580x151.png 580w, https:\/\/www.kompetensforetagen.se\/app\/uploads\/sites\/5\/2024\/06\/Namnlos-design-12-380x99.png 380w, https:\/\/www.kompetensforetagen.se\/app\/uploads\/sites\/5\/2024\/06\/Namnlos-design-12-768x200.png 768w, https:\/\/www.kompetensforetagen.se\/app\/uploads\/sites\/5\/2024\/06\/Namnlos-design-12-1536x400.png 1536w, https:\/\/www.kompetensforetagen.se\/app\/uploads\/sites\/5\/2024\/06\/Namnlos-design-12-600x156.png 600w, https:\/\/www.kompetensforetagen.se\/app\/uploads\/sites\/5\/2024\/06\/Namnlos-design-12.png 1920w\" sizes=\"auto, (max-width: 295px) 100vw, 295px\" \/><\/figure>\n\n\n<div id=\"block-iconlink-block_15e66d0cb67ba24a5eda08c6175326af\" class=\"Icon-link Icon-link--external-link\">\n      <a href=\"https:\/\/www.trippus.net\/kompetensdagen\" target=\"_blank\" class=\"Button is-button is-style-fill has-green-background-color has-green-border-color has-white-color Button--external-link white-space-nowrap\">\n      <div class=\"Button__text\">\n        Till anm\u00e4lan\n      <\/div>\n      <div class=\"Button__arrow \">\n                <svg class='icon icon--external-link'  width=\"16\" height=\"16\" viewBox=\"0 0 16 16\" fill=\"none\" xmlns=\"http:\/\/www.w3.org\/2000\/svg\">\n<path d=\"M9 1H15V7\" stroke=\"black\" stroke-width=\"2\" stroke-miterlimit=\"10\"\/>\n<path d=\"M5 2H1V15H14V11\" stroke=\"black\" stroke-width=\"2\" stroke-miterlimit=\"10\"\/>\n<path d=\"M15 1L6 10\" stroke=\"black\" stroke-width=\"2\" stroke-miterlimit=\"10\"\/>\n<\/svg>\n\n        <\/div>\n    <\/a>\n  <\/div>\n<\/div>\n<\/div>\n<\/div>\n\n\n\n<div class=\"wp-block-column is-layout-flow wp-block-column-is-layout-flow\" style=\"flex-basis:33.33%\"><div class=\"wp-block wp-block-core-heading\" id=\"vara-biljetter-ar-slut,-men-du-far-garna-skriva-upp-dig-pa-vantelistan.\">\n<h3 class=\"wp-block-heading\" id=\"h-vara-biljetter-ar-slut-men-du-far-garna-skriva-upp-dig-pa-vantelistan\">V\u00e5ra biljetter \u00e4r slut, men du f\u00e5r g\u00e4rna skriva upp dig p\u00e5 v\u00e4ntelistan.<\/h3>\n<\/div>\n\n\n<figure class=\"wp-block-image size-large\"><a href=\"https:\/\/www.trippus.se\/web\/registration\/Registration.aspx?view=closed&amp;idcategory=AB0ILBBxdlFdR0wHSXUpMhF3QAW0nq7EdICQ_BvpvMXMwECC98bWDW2tkOC_7-3hrp1KU-B4cp5h&amp;ln=swe&amp;reason=reg\" target=\"_blank\" rel=\"noreferrer noopener\"><img loading=\"lazy\" decoding=\"async\" width=\"1180\" height=\"989\" src=\"https:\/\/www.kompetensforetagen.se\/app\/uploads\/sites\/5\/2024\/09\/Arets-konsultchef-1180x989.png\" alt=\"\" class=\"wp-image-18254\" srcset=\"https:\/\/www.kompetensforetagen.se\/app\/uploads\/sites\/5\/2024\/09\/Arets-konsultchef-1180x989.png 1180w, https:\/\/www.kompetensforetagen.se\/app\/uploads\/sites\/5\/2024\/09\/Arets-konsultchef-580x486.png 580w, https:\/\/www.kompetensforetagen.se\/app\/uploads\/sites\/5\/2024\/09\/Arets-konsultchef-380x319.png 380w, https:\/\/www.kompetensforetagen.se\/app\/uploads\/sites\/5\/2024\/09\/Arets-konsultchef-768x644.png 768w, https:\/\/www.kompetensforetagen.se\/app\/uploads\/sites\/5\/2024\/09\/Arets-konsultchef-1536x1288.png 1536w, https:\/\/www.kompetensforetagen.se\/app\/uploads\/sites\/5\/2024\/09\/Arets-konsultchef-2048x1717.png 2048w, https:\/\/www.kompetensforetagen.se\/app\/uploads\/sites\/5\/2024\/09\/Arets-konsultchef-600x503.png 600w\" sizes=\"auto, (max-width: 1180px) 100vw, 1180px\" \/><\/a><\/figure>\n<\/div>\n<\/div>\n\n\n\n<div class=\"wp-block-columns is-layout-flex wp-container-core-columns-is-layout-9d6595d7 wp-block-columns-is-layout-flex\">\n<div class=\"wp-block-column is-layout-flow wp-block-column-is-layout-flow\"><div class=\"wp-block wp-block-core-heading heading-in-sidebar\" id=\"kvallens-program\"><a class='Share__link Share__link--url copy-text' href='#' rel='nofollow' data-text='kvallens-program' title='Dela url' data-confirmation='L\u00e4nken kopierades till urklipp'><svg class='icon icon--link'  width='18' height='18' viewBox='0 0 18 18' fill='none' xmlns='http:\/\/www.w3.org\/2000\/svg'>\n            <path d='M10.4142 0.514721L6.87868 4.05025L8.29289 5.46447L11.1213 2.63604L15.364 6.87868L12.5355 9.70711L13.9497 11.1213L17.4853 7.58579C17.8763 7.19476 17.8763 6.5626 17.4853 6.17158L11.8284 0.514721C11.4374 0.123691 10.8052 0.123691 10.4142 0.514721Z' fill='black'\/>\n            <path d='M9.7071 12.5355L6.87868 15.364L2.63604 11.1213L5.46446 8.2929L4.05025 6.87868L0.514716 10.4142C0.123686 10.8052 0.123686 11.4374 0.514716 11.8284L6.17157 17.4853C6.5626 17.8763 7.19475 17.8763 7.58578 17.4853L11.1213 13.9497L9.7071 12.5355Z' fill='black'\/>\n            <path d='M6.17157 11.8284C6.5626 12.2195 7.19475 12.2195 7.58578 11.8284L11.8284 7.58579C12.2195 7.19476 12.2195 6.56261 11.8284 6.17158C11.4374 5.78055 10.8052 5.78055 10.4142 6.17158L6.17157 10.4142C5.78054 10.8052 5.78054 11.4374 6.17157 11.8284Z' fill='black'\/>\n            <\/svg> <\/a>\n<h2 class=\"wp-block-heading\" id=\"h-kvallens-program\"><mark class=\"has-inline-color has-green-color\">Kv\u00e4llens program<\/mark><\/h2>\n<\/div>\n\n\n<div class=\"wp-block-columns is-layout-flex wp-container-core-columns-is-layout-9d6595d7 wp-block-columns-is-layout-flex\">\n<div class=\"wp-block-column is-layout-flow wp-block-column-is-layout-flow\" style=\"flex-basis:66.66%\"><div class=\"wp-block wp-block-core-paragraph\">\n<p><mark class=\"has-inline-color has-green-color\"><strong>14:30 Incheckning och f\u00f6rmingel p\u00e5 IVA<\/strong><\/mark><\/p>\n<\/div>\n\n<div class=\"wp-block wp-block-core-paragraph\">\n<p><strong><mark class=\"has-inline-color has-green-color\">15:00 Utan spaning ingen aning<\/mark><\/strong><\/p>\n<\/div>\n\n<div class=\"wp-block wp-block-core-list\">\n<ul class=\"wp-block-list\">\n<li><strong>V\u00e4lkommen till h\u00f6stens h\u00e4ndelse i kompetensbranschen<\/strong><br>&#8211; Eva Domanders, ordf\u00f6rande Kompetensf\u00f6retagen<\/li>\n\n\n\n<li><strong>Beh\u00f6ver n\u00e4ringslivet konsulter?<\/strong><br>&#8211; Annika Winsth, chefsekonom, Nordea<\/li>\n\n\n\n<li><strong>Fourteen and a half trends in 15 minutes<\/strong><br>&#8211; Adam Pode, analyschef p\u00e5 Staffing Industry Analysts (SIA)<\/li>\n\n\n\n<li><strong>The Future of Talent: Strategic Recruitment in the Age of AI<\/strong><br>&#8211; Audrey Lartey, Head of Marketing f\u00f6r rekryterings- och bemanningsbranchen EMEA LATAM, LinkedIn<\/li>\n\n\n\n<li><strong>Paneldiskussion &#8211; inf\u00f6r 2025<\/strong><br>&#8211; Mikael Jansson, vd Manpower Group Sverige<br>&#8211; \u00c5sa Edman-K\u00e4llstr\u00f6mer, vd TNG<br><\/li>\n<\/ul>\n<\/div>\n\n<div class=\"wp-block wp-block-core-paragraph\">\n<p><strong><mark class=\"has-inline-color has-green-color\">16:15 Branschmingel med bubbel<\/mark><\/strong><\/p>\n<\/div>\n\n<div class=\"wp-block wp-block-core-paragraph\">\n<p><strong><mark class=\"has-inline-color has-green-color\">16:45 Samspel och r\u00e4vspel &#8211; att leda i komplexitet<\/mark><\/strong><br>&#8211; \u00c5sa Lundquist Coey, PhD Management &amp; Complexity<br><\/p>\n<\/div>\n\n<div class=\"wp-block wp-block-core-paragraph\">\n<p><strong><mark class=\"has-inline-color has-green-color\">17:25 Breakout sessions, f\u00f6rdjupa dig i tv\u00e5 \u00e4mnen (20 + 20 minuter)<\/mark><\/strong><\/p>\n<\/div>\n\n<div class=\"wp-block wp-block-core-list\">\n<ol class=\"wp-block-list\">\n<li><strong>I still have faith in the Staffing Industry (with apologies to ABBA)<\/strong><br>&#8211; Adam Pode, analyschef, Staffing Industry Analysts (SIA)<\/li>\n\n\n\n<li><strong>Hur kan vi s\u00e4kra fler aff\u00e4rer och st\u00e4rka rollen som strategisk r\u00e5dgivare med hj\u00e4lp av LinkedIn?<\/strong><br>&#8211; Jean Hedayat, Sverigechef LinkedIn<\/li>\n\n\n\n<li><strong>Testa v\u00e5r nya portal f\u00f6r oms\u00e4ttningsstatistik<\/strong><br>&#8211; M\u00e5rten Lindberg och Camilla Hillerborg, Infostat<\/li>\n\n\n\n<li><strong>Vanligaste fr\u00e5gorna om 24-m\u00e5nadersregeln<\/strong><br>&#8211; Rebecca Henriques, tf f\u00f6rhandlingschef, och v\u00e5ra f\u00f6rhandlare<\/li>\n\n\n\n<li><strong>Testa Breathwork! Praktiska \u00f6vningar f\u00f6r mindfulness<\/strong><br>&#8211; Namn kommer, Hale Center<\/li>\n<\/ol>\n<\/div>\n\n<div class=\"wp-block wp-block-core-paragraph\">\n<p><strong><mark class=\"has-inline-color has-green-color\">18:15 Grande finale med hemlig g\u00e4st<\/mark><\/strong><\/p>\n<\/div>\n\n<div class=\"wp-block wp-block-core-paragraph\">\n<p><mark class=\"has-inline-color has-green-color\"><strong>18:30 Swedish Skills Awards med branschfest<\/strong><\/mark><\/p>\n<\/div>\n\n<div class=\"wp-block wp-block-core-list\">\n<ul class=\"wp-block-list\">\n<li><strong>Mingel med bubbel, musik och mat<\/strong><\/li>\n\n\n\n<li><strong>Prisutdelning<\/strong><\/li>\n<\/ul>\n<\/div>\n\n<div class=\"wp-block wp-block-core-paragraph\">\n<p>Moderator: <strong>Anna Dyhre<\/strong><\/p>\n<\/div>\n\n<div class=\"wp-block wp-block-core-paragraph\">\n<p><em>Vi reserverar oss f\u00f6r eventuella f\u00f6r\u00e4ndringar i programmet.<\/em><\/p>\n<\/div><\/div>\n\n\n\n<div class=\"wp-block-column is-layout-flow wp-block-column-is-layout-flow\" style=\"flex-basis:33.33%\">\n<figure class=\"wp-block-image size-large\"><a href=\"https:\/\/www.nordea.com\/sv\/nyheter-insikter\/pressrum\/annika-winsth\" target=\"_blank\" rel=\"noreferrer noopener\"><img loading=\"lazy\" decoding=\"async\" width=\"1180\" height=\"664\" src=\"https:\/\/www.kompetensforetagen.se\/app\/uploads\/sites\/5\/2024\/09\/Annika-5-1180x664.png\" alt=\"\" class=\"wp-image-18258\" srcset=\"https:\/\/www.kompetensforetagen.se\/app\/uploads\/sites\/5\/2024\/09\/Annika-5-1180x664.png 1180w, https:\/\/www.kompetensforetagen.se\/app\/uploads\/sites\/5\/2024\/09\/Annika-5-580x326.png 580w, https:\/\/www.kompetensforetagen.se\/app\/uploads\/sites\/5\/2024\/09\/Annika-5-380x214.png 380w, https:\/\/www.kompetensforetagen.se\/app\/uploads\/sites\/5\/2024\/09\/Annika-5-768x432.png 768w, https:\/\/www.kompetensforetagen.se\/app\/uploads\/sites\/5\/2024\/09\/Annika-5-1536x864.png 1536w, https:\/\/www.kompetensforetagen.se\/app\/uploads\/sites\/5\/2024\/09\/Annika-5-600x338.png 600w, https:\/\/www.kompetensforetagen.se\/app\/uploads\/sites\/5\/2024\/09\/Annika-5.png 1920w\" sizes=\"auto, (max-width: 1180px) 100vw, 1180px\" \/><\/a><\/figure>\n\n\n\n<figure class=\"wp-block-image size-large\"><a href=\"https:\/\/www.staffingindustry.com\/who-we-are\/adam-pode\" target=\"_blank\" rel=\"noreferrer noopener\"><img loading=\"lazy\" decoding=\"async\" width=\"1180\" height=\"664\" src=\"https:\/\/www.kompetensforetagen.se\/app\/uploads\/sites\/5\/2024\/09\/Adam-4-1180x664.png\" alt=\"\" class=\"wp-image-18259\" srcset=\"https:\/\/www.kompetensforetagen.se\/app\/uploads\/sites\/5\/2024\/09\/Adam-4-1180x664.png 1180w, https:\/\/www.kompetensforetagen.se\/app\/uploads\/sites\/5\/2024\/09\/Adam-4-580x326.png 580w, https:\/\/www.kompetensforetagen.se\/app\/uploads\/sites\/5\/2024\/09\/Adam-4-380x214.png 380w, https:\/\/www.kompetensforetagen.se\/app\/uploads\/sites\/5\/2024\/09\/Adam-4-768x432.png 768w, https:\/\/www.kompetensforetagen.se\/app\/uploads\/sites\/5\/2024\/09\/Adam-4-1536x864.png 1536w, https:\/\/www.kompetensforetagen.se\/app\/uploads\/sites\/5\/2024\/09\/Adam-4-600x338.png 600w, https:\/\/www.kompetensforetagen.se\/app\/uploads\/sites\/5\/2024\/09\/Adam-4.png 1920w\" sizes=\"auto, (max-width: 1180px) 100vw, 1180px\" \/><\/a><\/figure>\n\n\n\n<figure class=\"wp-block-image size-large\"><a href=\"https:\/\/www.linkedin.com\/in\/audreylartey\/\" target=\"_blank\" rel=\"noreferrer noopener\"><img loading=\"lazy\" decoding=\"async\" width=\"1180\" height=\"664\" src=\"https:\/\/www.kompetensforetagen.se\/app\/uploads\/sites\/5\/2024\/09\/Audery-4-1180x664.png\" alt=\"\" class=\"wp-image-18260\" srcset=\"https:\/\/www.kompetensforetagen.se\/app\/uploads\/sites\/5\/2024\/09\/Audery-4-1180x664.png 1180w, https:\/\/www.kompetensforetagen.se\/app\/uploads\/sites\/5\/2024\/09\/Audery-4-580x326.png 580w, https:\/\/www.kompetensforetagen.se\/app\/uploads\/sites\/5\/2024\/09\/Audery-4-380x214.png 380w, https:\/\/www.kompetensforetagen.se\/app\/uploads\/sites\/5\/2024\/09\/Audery-4-768x432.png 768w, https:\/\/www.kompetensforetagen.se\/app\/uploads\/sites\/5\/2024\/09\/Audery-4-1536x864.png 1536w, https:\/\/www.kompetensforetagen.se\/app\/uploads\/sites\/5\/2024\/09\/Audery-4-600x338.png 600w, https:\/\/www.kompetensforetagen.se\/app\/uploads\/sites\/5\/2024\/09\/Audery-4.png 1920w\" sizes=\"auto, (max-width: 1180px) 100vw, 1180px\" \/><\/a><\/figure>\n\n\n\n<figure class=\"wp-block-image size-large\"><a href=\"https:\/\/www.close.se\/forelasare\/asa-coey\/\" target=\"_blank\" rel=\"noreferrer noopener\"><img loading=\"lazy\" decoding=\"async\" width=\"1180\" height=\"664\" src=\"https:\/\/www.kompetensforetagen.se\/app\/uploads\/sites\/5\/2024\/09\/Asa-2-1-1180x664.png\" alt=\"\" class=\"wp-image-18281\" srcset=\"https:\/\/www.kompetensforetagen.se\/app\/uploads\/sites\/5\/2024\/09\/Asa-2-1-1180x664.png 1180w, https:\/\/www.kompetensforetagen.se\/app\/uploads\/sites\/5\/2024\/09\/Asa-2-1-580x326.png 580w, https:\/\/www.kompetensforetagen.se\/app\/uploads\/sites\/5\/2024\/09\/Asa-2-1-380x214.png 380w, https:\/\/www.kompetensforetagen.se\/app\/uploads\/sites\/5\/2024\/09\/Asa-2-1-768x432.png 768w, https:\/\/www.kompetensforetagen.se\/app\/uploads\/sites\/5\/2024\/09\/Asa-2-1-1536x864.png 1536w, https:\/\/www.kompetensforetagen.se\/app\/uploads\/sites\/5\/2024\/09\/Asa-2-1-600x338.png 600w, https:\/\/www.kompetensforetagen.se\/app\/uploads\/sites\/5\/2024\/09\/Asa-2-1.png 1920w\" sizes=\"auto, (max-width: 1180px) 100vw, 1180px\" \/><\/a><\/figure>\n<\/div>\n<\/div>\n<\/div>\n<\/div>\n<\/div>\n\n\n\n<div class=\"wp-block-group has-black-background-color has-background is-layout-constrained wp-block-group-is-layout-constrained\"><div class=\"wp-block wp-block-core-heading\" id=\"mot-vara-samarbetspartners\">\n<h1 class=\"wp-block-heading\" id=\"h-mot-vara-samarbetspartners\">M\u00f6t v\u00e5ra samarbetspartners<\/h1>\n<\/div>\n\n\n<div class=\"wp-block-columns is-layout-flex wp-container-core-columns-is-layout-9d6595d7 wp-block-columns-is-layout-flex\">\n<div class=\"wp-block-column is-layout-flow wp-block-column-is-layout-flow\">\n<figure class=\"wp-block-image size-full\"><a href=\"https:\/\/www.intelliplan.se\/\" target=\"_blank\" rel=\"noreferrer noopener\"><img loading=\"lazy\" decoding=\"async\" width=\"1000\" height=\"1000\" src=\"https:\/\/www.kompetensforetagen.se\/app\/uploads\/sites\/5\/2024\/09\/6-2.png\" alt=\"\" class=\"wp-image-18272\" srcset=\"https:\/\/www.kompetensforetagen.se\/app\/uploads\/sites\/5\/2024\/09\/6-2.png 1000w, https:\/\/www.kompetensforetagen.se\/app\/uploads\/sites\/5\/2024\/09\/6-2-580x580.png 580w, https:\/\/www.kompetensforetagen.se\/app\/uploads\/sites\/5\/2024\/09\/6-2-380x380.png 380w, https:\/\/www.kompetensforetagen.se\/app\/uploads\/sites\/5\/2024\/09\/6-2-768x768.png 768w, https:\/\/www.kompetensforetagen.se\/app\/uploads\/sites\/5\/2024\/09\/6-2-600x600.png 600w, https:\/\/www.kompetensforetagen.se\/app\/uploads\/sites\/5\/2024\/09\/6-2-100x100.png 100w\" sizes=\"auto, (max-width: 1000px) 100vw, 1000px\" \/><\/a><\/figure>\n<\/div>\n\n\n\n<div class=\"wp-block-column is-layout-flow wp-block-column-is-layout-flow\">\n<figure class=\"wp-block-image size-full\"><a href=\"https:\/\/www.soderbergpartners.se\/\" target=\"_blank\" rel=\"noreferrer noopener\"><img loading=\"lazy\" decoding=\"async\" width=\"1000\" height=\"1000\" src=\"https:\/\/www.kompetensforetagen.se\/app\/uploads\/sites\/5\/2024\/09\/7-2.png\" alt=\"\" class=\"wp-image-18273\" srcset=\"https:\/\/www.kompetensforetagen.se\/app\/uploads\/sites\/5\/2024\/09\/7-2.png 1000w, https:\/\/www.kompetensforetagen.se\/app\/uploads\/sites\/5\/2024\/09\/7-2-580x580.png 580w, https:\/\/www.kompetensforetagen.se\/app\/uploads\/sites\/5\/2024\/09\/7-2-380x380.png 380w, https:\/\/www.kompetensforetagen.se\/app\/uploads\/sites\/5\/2024\/09\/7-2-768x768.png 768w, https:\/\/www.kompetensforetagen.se\/app\/uploads\/sites\/5\/2024\/09\/7-2-600x600.png 600w, https:\/\/www.kompetensforetagen.se\/app\/uploads\/sites\/5\/2024\/09\/7-2-100x100.png 100w\" sizes=\"auto, (max-width: 1000px) 100vw, 1000px\" \/><\/a><\/figure>\n<\/div>\n\n\n\n<div class=\"wp-block-column is-layout-flow wp-block-column-is-layout-flow\">\n<figure class=\"wp-block-image size-full\"><a href=\"https:\/\/www.svedea.se\/\" target=\"_blank\" rel=\"noreferrer noopener\"><img loading=\"lazy\" decoding=\"async\" width=\"1000\" height=\"1000\" src=\"https:\/\/www.kompetensforetagen.se\/app\/uploads\/sites\/5\/2024\/09\/8-2.png\" alt=\"\" class=\"wp-image-18274\" srcset=\"https:\/\/www.kompetensforetagen.se\/app\/uploads\/sites\/5\/2024\/09\/8-2.png 1000w, https:\/\/www.kompetensforetagen.se\/app\/uploads\/sites\/5\/2024\/09\/8-2-580x580.png 580w, https:\/\/www.kompetensforetagen.se\/app\/uploads\/sites\/5\/2024\/09\/8-2-380x380.png 380w, https:\/\/www.kompetensforetagen.se\/app\/uploads\/sites\/5\/2024\/09\/8-2-768x768.png 768w, https:\/\/www.kompetensforetagen.se\/app\/uploads\/sites\/5\/2024\/09\/8-2-600x600.png 600w, https:\/\/www.kompetensforetagen.se\/app\/uploads\/sites\/5\/2024\/09\/8-2-100x100.png 100w\" sizes=\"auto, (max-width: 1000px) 100vw, 1000px\" \/><\/a><\/figure>\n<\/div>\n<\/div>\n<\/div>\n","protected":false},"excerpt":{"rendered":"<p>Snart dags f\u00f6r h\u00f6stens h\u00e4ndelse i kompetensbranschen! Kompetensdagen \u00e4r en eftermiddag med kunskap, n\u00e4tverkande och inspiration. Vi avslutar med branschfest och prisutdelning i en av Stockholms vackraste festsalar.&nbsp;&nbsp;Onsdagen den 18 september samlas vi p\u00e5 IVA &hellip;<\/p>\n","protected":false},"author":14830,"featured_media":18202,"parent":13393,"menu_order":0,"comment_status":"closed","ping_status":"closed","template":"","meta":{"_acf_changed":false,"footnotes":""},"article_type":[],"agreement":[],"for-members":[],"class_list":["post-17379","page","type-page","status-publish","has-post-thumbnail","hentry"],"acf":[],"yoast_head":"<!-- This site is optimized with the Yoast SEO Premium plugin v26.8 (Yoast SEO v26.8) - https:\/\/yoast.com\/product\/yoast-seo-premium-wordpress\/ -->\n<title>Kompetensdagen 2024 I Kompetensf\u00f6retagen<\/title>\n<meta name=\"description\" content=\"H\u00f6stens stora event Kompetensdagen, f\u00f6r f\u00f6retagen inom rekrytering, bemanning och omst\u00e4llning. Den 18 september.\" \/>\n<meta name=\"robots\" content=\"index, follow, max-snippet:-1, max-image-preview:large, max-video-preview:-1\" \/>\n<link rel=\"canonical\" href=\"https:\/\/www.kompetensforetagen.se\/event\/arets-event-for-kompetensbranschen\/\" \/>\n<meta property=\"og:locale\" content=\"sv_SE\" \/>\n<meta property=\"og:type\" content=\"article\" \/>\n<meta property=\"og:title\" content=\"\u00c5rets h\u00e4ndelse f\u00f6r f\u00f6retagen inom rekrytering, bemanning och omst\u00e4llning\" \/>\n<meta property=\"og:description\" content=\"H\u00f6stens stora event Kompetensdagen, f\u00f6r f\u00f6retagen inom rekrytering, bemanning och omst\u00e4llning. Den 18 september.\" \/>\n<meta property=\"og:url\" content=\"https:\/\/www.kompetensforetagen.se\/event\/arets-event-for-kompetensbranschen\/\" \/>\n<meta property=\"og:site_name\" content=\"Kompetensf\u00f6retagen\" \/>\n<meta property=\"article:modified_time\" content=\"2024-09-18T09:05:10+00:00\" \/>\n<meta property=\"og:image\" content=\"https:\/\/www.kompetensforetagen.se\/app\/uploads\/sites\/5\/2024\/09\/download-1-768x644.gif\" \/>\n\t<meta property=\"og:image:width\" content=\"768\" \/>\n\t<meta property=\"og:image:height\" content=\"644\" \/>\n\t<meta property=\"og:image:type\" content=\"image\/gif\" \/>\n<meta name=\"twitter:card\" content=\"summary_large_image\" \/>\n<meta name=\"twitter:label1\" content=\"Ber\u00e4knad l\u00e4stid\" \/>\n\t<meta name=\"twitter:data1\" content=\"4 minuter\" \/>\n<script type=\"application\/ld+json\" class=\"yoast-schema-graph\">{\"@context\":\"https:\/\/schema.org\",\"@graph\":[{\"@type\":\"WebPage\",\"@id\":\"https:\/\/www.kompetensforetagen.se\/event\/arets-event-for-kompetensbranschen\/\",\"url\":\"https:\/\/www.kompetensforetagen.se\/event\/arets-event-for-kompetensbranschen\/\",\"name\":\"Kompetensdagen 2024 I Kompetensf\u00f6retagen\",\"isPartOf\":{\"@id\":\"https:\/\/www.kompetensforetagen.se\/#website\"},\"primaryImageOfPage\":{\"@id\":\"https:\/\/www.kompetensforetagen.se\/event\/arets-event-for-kompetensbranschen\/#primaryimage\"},\"image\":{\"@id\":\"https:\/\/www.kompetensforetagen.se\/event\/arets-event-for-kompetensbranschen\/#primaryimage\"},\"thumbnailUrl\":\"https:\/\/www.kompetensforetagen.se\/app\/uploads\/sites\/5\/2024\/09\/download-1.gif\",\"datePublished\":\"2024-06-10T10:12:05+00:00\",\"dateModified\":\"2024-09-18T09:05:10+00:00\",\"description\":\"H\u00f6stens stora event Kompetensdagen, f\u00f6r f\u00f6retagen inom rekrytering, bemanning och omst\u00e4llning. Den 18 september.\",\"breadcrumb\":{\"@id\":\"https:\/\/www.kompetensforetagen.se\/event\/arets-event-for-kompetensbranschen\/#breadcrumb\"},\"inLanguage\":\"sv-SE\",\"potentialAction\":[{\"@type\":\"ReadAction\",\"target\":[\"https:\/\/www.kompetensforetagen.se\/event\/arets-event-for-kompetensbranschen\/\"]}]},{\"@type\":\"ImageObject\",\"inLanguage\":\"sv-SE\",\"@id\":\"https:\/\/www.kompetensforetagen.se\/event\/arets-event-for-kompetensbranschen\/#primaryimage\",\"url\":\"https:\/\/www.kompetensforetagen.se\/app\/uploads\/sites\/5\/2024\/09\/download-1.gif\",\"contentUrl\":\"https:\/\/www.kompetensforetagen.se\/app\/uploads\/sites\/5\/2024\/09\/download-1.gif\",\"width\":940,\"height\":788,\"caption\":\"Ikon: Kompetensdagen 2024\"},{\"@type\":\"BreadcrumbList\",\"@id\":\"https:\/\/www.kompetensforetagen.se\/event\/arets-event-for-kompetensbranschen\/#breadcrumb\",\"itemListElement\":[{\"@type\":\"ListItem\",\"position\":1,\"name\":\"Home\",\"item\":\"https:\/\/www.kompetensforetagen.se\/\"},{\"@type\":\"ListItem\",\"position\":2,\"name\":\"Event\",\"item\":\"https:\/\/www.kompetensforetagen.se\/event\/\"},{\"@type\":\"ListItem\",\"position\":3,\"name\":\"\u00c5rets h\u00e4ndelse f\u00f6r f\u00f6retagen inom rekrytering, bemanning och omst\u00e4llning\"}]},{\"@type\":\"WebSite\",\"@id\":\"https:\/\/www.kompetensforetagen.se\/#website\",\"url\":\"https:\/\/www.kompetensforetagen.se\/\",\"name\":\"Kompetensf\u00f6retagen\",\"description\":\"R\u00e4tt person p\u00e5 r\u00e4tt plats kan f\u00f6r\u00e4ndra v\u00e4rlden\",\"publisher\":{\"@id\":\"https:\/\/www.kompetensforetagen.se\/#organization\"},\"potentialAction\":[{\"@type\":\"SearchAction\",\"target\":{\"@type\":\"EntryPoint\",\"urlTemplate\":\"https:\/\/www.kompetensforetagen.se\/?s={search_term_string}\"},\"query-input\":{\"@type\":\"PropertyValueSpecification\",\"valueRequired\":true,\"valueName\":\"search_term_string\"}}],\"inLanguage\":\"sv-SE\"},{\"@type\":\"Organization\",\"@id\":\"https:\/\/www.kompetensforetagen.se\/#organization\",\"name\":\"Kompetensf\u00f6retagen\",\"url\":\"https:\/\/www.kompetensforetagen.se\/\",\"logo\":{\"@type\":\"ImageObject\",\"inLanguage\":\"sv-SE\",\"@id\":\"https:\/\/www.kompetensforetagen.se\/#\/schema\/logo\/image\/\",\"url\":\"https:\/\/www.kompetensforetagen.se\/app\/uploads\/sites\/5\/2022\/10\/logga_svart.png\",\"contentUrl\":\"https:\/\/www.kompetensforetagen.se\/app\/uploads\/sites\/5\/2022\/10\/logga_svart.png\",\"width\":752,\"height\":64,\"caption\":\"Kompetensf\u00f6retagen\"},\"image\":{\"@id\":\"https:\/\/www.kompetensforetagen.se\/#\/schema\/logo\/image\/\"},\"sameAs\":[\"https:\/\/www.linkedin.com\/company\/10540032\/\"]}]}<\/script>\n<!-- \/ Yoast SEO Premium plugin. -->","yoast_head_json":{"title":"Kompetensdagen 2024 I Kompetensf\u00f6retagen","description":"H\u00f6stens stora event Kompetensdagen, f\u00f6r f\u00f6retagen inom rekrytering, bemanning och omst\u00e4llning. Den 18 september.","robots":{"index":"index","follow":"follow","max-snippet":"max-snippet:-1","max-image-preview":"max-image-preview:large","max-video-preview":"max-video-preview:-1"},"canonical":"https:\/\/www.kompetensforetagen.se\/event\/arets-event-for-kompetensbranschen\/","og_locale":"sv_SE","og_type":"article","og_title":"\u00c5rets h\u00e4ndelse f\u00f6r f\u00f6retagen inom rekrytering, bemanning och omst\u00e4llning","og_description":"H\u00f6stens stora event Kompetensdagen, f\u00f6r f\u00f6retagen inom rekrytering, bemanning och omst\u00e4llning. Den 18 september.","og_url":"https:\/\/www.kompetensforetagen.se\/event\/arets-event-for-kompetensbranschen\/","og_site_name":"Kompetensf\u00f6retagen","article_modified_time":"2024-09-18T09:05:10+00:00","og_image":[{"width":768,"height":644,"url":"https:\/\/www.kompetensforetagen.se\/app\/uploads\/sites\/5\/2024\/09\/download-1-768x644.gif","type":"image\/gif"}],"twitter_card":"summary_large_image","twitter_misc":{"Ber\u00e4knad l\u00e4stid":"4 minuter"},"schema":{"@context":"https:\/\/schema.org","@graph":[{"@type":"WebPage","@id":"https:\/\/www.kompetensforetagen.se\/event\/arets-event-for-kompetensbranschen\/","url":"https:\/\/www.kompetensforetagen.se\/event\/arets-event-for-kompetensbranschen\/","name":"Kompetensdagen 2024 I Kompetensf\u00f6retagen","isPartOf":{"@id":"https:\/\/www.kompetensforetagen.se\/#website"},"primaryImageOfPage":{"@id":"https:\/\/www.kompetensforetagen.se\/event\/arets-event-for-kompetensbranschen\/#primaryimage"},"image":{"@id":"https:\/\/www.kompetensforetagen.se\/event\/arets-event-for-kompetensbranschen\/#primaryimage"},"thumbnailUrl":"https:\/\/www.kompetensforetagen.se\/app\/uploads\/sites\/5\/2024\/09\/download-1.gif","datePublished":"2024-06-10T10:12:05+00:00","dateModified":"2024-09-18T09:05:10+00:00","description":"H\u00f6stens stora event Kompetensdagen, f\u00f6r f\u00f6retagen inom rekrytering, bemanning och omst\u00e4llning. Den 18 september.","breadcrumb":{"@id":"https:\/\/www.kompetensforetagen.se\/event\/arets-event-for-kompetensbranschen\/#breadcrumb"},"inLanguage":"sv-SE","potentialAction":[{"@type":"ReadAction","target":["https:\/\/www.kompetensforetagen.se\/event\/arets-event-for-kompetensbranschen\/"]}]},{"@type":"ImageObject","inLanguage":"sv-SE","@id":"https:\/\/www.kompetensforetagen.se\/event\/arets-event-for-kompetensbranschen\/#primaryimage","url":"https:\/\/www.kompetensforetagen.se\/app\/uploads\/sites\/5\/2024\/09\/download-1.gif","contentUrl":"https:\/\/www.kompetensforetagen.se\/app\/uploads\/sites\/5\/2024\/09\/download-1.gif","width":940,"height":788,"caption":"Ikon: Kompetensdagen 2024"},{"@type":"BreadcrumbList","@id":"https:\/\/www.kompetensforetagen.se\/event\/arets-event-for-kompetensbranschen\/#breadcrumb","itemListElement":[{"@type":"ListItem","position":1,"name":"Home","item":"https:\/\/www.kompetensforetagen.se\/"},{"@type":"ListItem","position":2,"name":"Event","item":"https:\/\/www.kompetensforetagen.se\/event\/"},{"@type":"ListItem","position":3,"name":"\u00c5rets h\u00e4ndelse f\u00f6r f\u00f6retagen inom rekrytering, bemanning och omst\u00e4llning"}]},{"@type":"WebSite","@id":"https:\/\/www.kompetensforetagen.se\/#website","url":"https:\/\/www.kompetensforetagen.se\/","name":"Kompetensf\u00f6retagen","description":"R\u00e4tt person p\u00e5 r\u00e4tt plats kan f\u00f6r\u00e4ndra v\u00e4rlden","publisher":{"@id":"https:\/\/www.kompetensforetagen.se\/#organization"},"potentialAction":[{"@type":"SearchAction","target":{"@type":"EntryPoint","urlTemplate":"https:\/\/www.kompetensforetagen.se\/?s={search_term_string}"},"query-input":{"@type":"PropertyValueSpecification","valueRequired":true,"valueName":"search_term_string"}}],"inLanguage":"sv-SE"},{"@type":"Organization","@id":"https:\/\/www.kompetensforetagen.se\/#organization","name":"Kompetensf\u00f6retagen","url":"https:\/\/www.kompetensforetagen.se\/","logo":{"@type":"ImageObject","inLanguage":"sv-SE","@id":"https:\/\/www.kompetensforetagen.se\/#\/schema\/logo\/image\/","url":"https:\/\/www.kompetensforetagen.se\/app\/uploads\/sites\/5\/2022\/10\/logga_svart.png","contentUrl":"https:\/\/www.kompetensforetagen.se\/app\/uploads\/sites\/5\/2022\/10\/logga_svart.png","width":752,"height":64,"caption":"Kompetensf\u00f6retagen"},"image":{"@id":"https:\/\/www.kompetensforetagen.se\/#\/schema\/logo\/image\/"},"sameAs":["https:\/\/www.linkedin.com\/company\/10540032\/"]}]}},"_links":{"self":[{"href":"https:\/\/www.kompetensforetagen.se\/api\/wp\/v2\/pages\/17379","targetHints":{"allow":["GET"]}}],"collection":[{"href":"https:\/\/www.kompetensforetagen.se\/api\/wp\/v2\/pages"}],"about":[{"href":"https:\/\/www.kompetensforetagen.se\/api\/wp\/v2\/types\/page"}],"author":[{"embeddable":true,"href":"https:\/\/www.kompetensforetagen.se\/api\/wp\/v2\/users\/14830"}],"replies":[{"embeddable":true,"href":"https:\/\/www.kompetensforetagen.se\/api\/wp\/v2\/comments?post=17379"}],"version-history":[{"count":93,"href":"https:\/\/www.kompetensforetagen.se\/api\/wp\/v2\/pages\/17379\/revisions"}],"predecessor-version":[{"id":18374,"href":"https:\/\/www.kompetensforetagen.se\/api\/wp\/v2\/pages\/17379\/revisions\/18374"}],"up":[{"embeddable":true,"href":"https:\/\/www.kompetensforetagen.se\/api\/wp\/v2\/pages\/13393"}],"wp:featuredmedia":[{"embeddable":true,"href":"https:\/\/www.kompetensforetagen.se\/api\/wp\/v2\/media\/18202"}],"wp:attachment":[{"href":"https:\/\/www.kompetensforetagen.se\/api\/wp\/v2\/media?parent=17379"}],"wp:term":[{"taxonomy":"type","embeddable":true,"href":"https:\/\/www.kompetensforetagen.se\/api\/wp\/v2\/article_type?post=17379"},{"taxonomy":"agreement","embeddable":true,"href":"https:\/\/www.kompetensforetagen.se\/api\/wp\/v2\/agreement?post=17379"},{"taxonomy":"for-members","embeddable":true,"href":"https:\/\/www.kompetensforetagen.se\/api\/wp\/v2\/for-members?post=17379"}],"curies":[{"name":"wp","href":"https:\/\/api.w.org\/{rel}","templated":true}]}}