{"id":16523,"date":"2024-01-18T14:47:59","date_gmt":"2024-01-18T13:47:59","guid":{"rendered":"https:\/\/www.kompetensforetagen.se\/?page_id=16523"},"modified":"2024-02-06T17:05:11","modified_gmt":"2024-02-06T16:05:11","slug":"valja-lnnan-leverantor-inom-trr","status":"publish","type":"page","link":"https:\/\/www.kompetensforetagen.se\/valja-lnnan-leverantor-inom-trr\/","title":{"rendered":"Att v\u00e4lja annan leverant\u00f6r \u00e4n TRR"},"content":{"rendered":"<div id=\"block-hero-block_5febcc1240e0dd580c181a8d1aa13856\" class=\"Hero --has-media has-no-background-color has-paragraph-text\">\n\n      <img loading=\"lazy\" decoding=\"async\" width=\"1180\" height=\"787\" src=\"https:\/\/www.kompetensforetagen.se\/app\/uploads\/sites\/5\/2024\/01\/javier-allegue-barros-C7B-ExXpOIE-unsplash-1180x787.jpg\" class=\"Hero__image\" alt=\"V\u00e4g val: Att v\u00e4lja annan leverant\u00f6r \u00e4n TRR vid omst\u00e4llning\" srcset=\"https:\/\/www.kompetensforetagen.se\/app\/uploads\/sites\/5\/2024\/01\/javier-allegue-barros-C7B-ExXpOIE-unsplash-1180x787.jpg 1180w, https:\/\/www.kompetensforetagen.se\/app\/uploads\/sites\/5\/2024\/01\/javier-allegue-barros-C7B-ExXpOIE-unsplash-580x387.jpg 580w, https:\/\/www.kompetensforetagen.se\/app\/uploads\/sites\/5\/2024\/01\/javier-allegue-barros-C7B-ExXpOIE-unsplash-380x253.jpg 380w, https:\/\/www.kompetensforetagen.se\/app\/uploads\/sites\/5\/2024\/01\/javier-allegue-barros-C7B-ExXpOIE-unsplash-768x512.jpg 768w, https:\/\/www.kompetensforetagen.se\/app\/uploads\/sites\/5\/2024\/01\/javier-allegue-barros-C7B-ExXpOIE-unsplash-1536x1024.jpg 1536w, https:\/\/www.kompetensforetagen.se\/app\/uploads\/sites\/5\/2024\/01\/javier-allegue-barros-C7B-ExXpOIE-unsplash-2048x1365.jpg 2048w, https:\/\/www.kompetensforetagen.se\/app\/uploads\/sites\/5\/2024\/01\/javier-allegue-barros-C7B-ExXpOIE-unsplash-600x400.jpg 600w\" sizes=\"auto, (max-width: 1180px) 100vw, 1180px\" \/>\n    \n  <div class=\"Hero__inner container has-no-background-color has-background-image\">\n              <div class=\"Hero__title\">\n          <h1><i> Att v\u00e4lja annan leverant\u00f6r \u00e4n TRR<\/i><\/h1>\n        <\/div>\n                    <div class=\"Hero__text\">\n          <p>Vid omst\u00e4llning<\/p>\n\n        <\/div>\n                    <\/div>\n<\/div>\n\n\n\n<div class=\"wp-block-group is-layout-constrained wp-block-group-is-layout-constrained\">\n<div class=\"wp-block-columns is-layout-flex wp-container-core-columns-is-layout-9d6595d7 wp-block-columns-is-layout-flex\">\n<div class=\"wp-block-column is-layout-flow wp-block-column-is-layout-flow\"><div class=\"wp-block wp-block-core-paragraph\">\n<p><strong>B\u00e5de f\u00f6retag och medarbetare kan v\u00e4lja annan leverant\u00f6r \u00e4n TRR (Trygghetsr\u00e5det) vid <\/strong><a href=\"https:\/\/www.kompetensforetagen.se\/omstallning\/\">omst\u00e4llning<\/a><strong>. Grundf\u00f6ruts\u00e4ttningen \u00e4r att f\u00f6retaget \u00e4r anslutet till <\/strong><a href=\"https:\/\/www.svensktnaringsliv.se\/bilder_och_dokument\/o48w9v_huvudavtal-om-trygghet-omstallning-och-anstallningsskydd-svenskt_1187238.html\/SN_PTK-2.pdf\" target=\"_blank\" rel=\"noreferrer noopener\">omst\u00e4llningsavtalet<\/a><strong>. Omst\u00e4llningsavtalet fungerar som en f\u00f6rs\u00e4kring som b\u00f6rjar g\u00e4lla n\u00e4r en person av olika sk\u00e4l blir uppsagd.<\/strong><\/p>\n<\/div><\/div>\n\n\n\n<div class=\"wp-block-column is-layout-flow wp-block-column-is-layout-flow\"><div class=\"wp-block wp-block-core-paragraph\">\n<p>Att v\u00e4lja en annan leverant\u00f6r \u00e4n TRR kan ha flera f\u00f6rdelar. Frist\u00e5ende leverant\u00f6rer har ofta jobbat med andra omst\u00e4llningsorganisationer och \u00e4r experter p\u00e5 m\u00e5nga olika omr\u00e5den av arbetsmarknaden. Du kan dra nytta av deras stora n\u00e4tverk och breda erfarenheter.<\/p>\n<\/div><\/div>\n<\/div>\n<\/div>\n\n\n\n<div class=\"wp-block-group has-primary-background-color has-background is-layout-flow wp-block-group-is-layout-flow\"><div class=\"wp-block wp-block-core-heading heading-in-sidebar\" id=\"forutsattningar-for-att-valja-annan-leverantor-an-trr\"><a class='Share__link Share__link--url copy-text' href='#' rel='nofollow' data-text='forutsattningar-for-att-valja-annan-leverantor-an-trr' title='Dela url' data-confirmation='L\u00e4nken kopierades till urklipp'><svg class='icon icon--link'  width='18' height='18' viewBox='0 0 18 18' fill='none' xmlns='http:\/\/www.w3.org\/2000\/svg'>\n            <path d='M10.4142 0.514721L6.87868 4.05025L8.29289 5.46447L11.1213 2.63604L15.364 6.87868L12.5355 9.70711L13.9497 11.1213L17.4853 7.58579C17.8763 7.19476 17.8763 6.5626 17.4853 6.17158L11.8284 0.514721C11.4374 0.123691 10.8052 0.123691 10.4142 0.514721Z' fill='black'\/>\n            <path d='M9.7071 12.5355L6.87868 15.364L2.63604 11.1213L5.46446 8.2929L4.05025 6.87868L0.514716 10.4142C0.123686 10.8052 0.123686 11.4374 0.514716 11.8284L6.17157 17.4853C6.5626 17.8763 7.19475 17.8763 7.58578 17.4853L11.1213 13.9497L9.7071 12.5355Z' fill='black'\/>\n            <path d='M6.17157 11.8284C6.5626 12.2195 7.19475 12.2195 7.58578 11.8284L11.8284 7.58579C12.2195 7.19476 12.2195 6.56261 11.8284 6.17158C11.4374 5.78055 10.8052 5.78055 10.4142 6.17158L6.17157 10.4142C5.78054 10.8052 5.78054 11.4374 6.17157 11.8284Z' fill='black'\/>\n            <\/svg> <\/a>\n<h2 class=\"has-excerpt-font-size wp-block-heading\"><strong>F\u00f6ruts\u00e4ttningar f\u00f6r att v\u00e4lja annan leverant\u00f6r \u00e4n TRR<\/strong><\/h2>\n<\/div>\n\n\n<div class=\"wp-block-columns is-layout-flex wp-container-core-columns-is-layout-9d6595d7 wp-block-columns-is-layout-flex\">\n<div class=\"wp-block-column is-layout-flow wp-block-column-is-layout-flow\"><div class=\"wp-block wp-block-core-paragraph\">\n<p><strong>Om <\/strong>du jobbar som tj\u00e4nsteman, och f\u00f6retaget du jobbar \u00e4r anslutet till omst\u00e4llningsavtalet, meddelar du din arbetsgivare att du vill ha en annan leverant\u00f6r \u00e4n TRR. F\u00f6r att ta reda p\u00e5 om f\u00f6retaget \u00e4r anslutet till omst\u00e4llningsavtalet kan du till exempel titta p\u00e5 din l\u00f6nespecifikation. <\/p>\n<\/div>\n\n<div class=\"wp-block wp-block-core-paragraph\">\n<p>En annan f\u00f6ruts\u00e4ttning \u00e4r att det finns en lokal \u00f6verenskommelse med facket. \u00d6verenskommelsen ska vara undertecknad av b\u00e5de arbetsgivaren och fackligt f\u00f6rtroendevald.<\/p>\n<\/div><\/div>\n\n\n\n<div class=\"wp-block-column is-layout-flow wp-block-column-is-layout-flow\"><div class=\"wp-block wp-block-core-paragraph\">\n<p><strong>Om <\/strong>de inte kommer \u00f6verens, kan du v\u00e4lja leverant\u00f6r enligt \u00a7 14 i omst\u00e4llningsavtalet. Vill du ha en annan leverant\u00f6r kommer du allts\u00e5 att f\u00e5 det n\u00e4r du har ett intyg.<\/p>\n<\/div>\n\n<div class=\"wp-block wp-block-core-paragraph\">\n<p>Enligt tv\u00e5 andra paragrafer, \u00a7 11 och 13, kan arbetsgivaren och facket redan vara \u00f6verens om att en annan leverant\u00f6r \u00e4n TRR ska anv\u00e4ndas vid din omst\u00e4llning.<\/p>\n<\/div><\/div>\n<\/div>\n<\/div>\n\n\n\n<div class=\"wp-block-group Form-section has-green-background-color has-background is-layout-flow wp-block-group-is-layout-flow\">\n<div class=\"wp-block-columns is-layout-flex wp-container-core-columns-is-layout-9d6595d7 wp-block-columns-is-layout-flex\">\n<div class=\"wp-block-column Form-section__text is-layout-flow wp-block-column-is-layout-flow\"><div class=\"wp-block wp-block-core-paragraph\">\n<p>    <\/p>\n<\/div>\n\n<div class=\"wp-block wp-block-core-heading\" id=\"ta-del-av-de-kollektivavtalade-ekonomiska-stoden\">\n<h4 class=\"wp-block-heading\">ta del av de kollektivavtalade ekonomiska st\u00f6den <\/h4>\n<\/div>\n\n<div class=\"wp-block wp-block-core-heading heading-in-sidebar\" id=\"vad-far-du-med-en-privat-leverantor?\"><a class='Share__link Share__link--url copy-text' href='#' rel='nofollow' data-text='vad-far-du-med-en-privat-leverantor?' title='Dela url' data-confirmation='L\u00e4nken kopierades till urklipp'><svg class='icon icon--link'  width='18' height='18' viewBox='0 0 18 18' fill='none' xmlns='http:\/\/www.w3.org\/2000\/svg'>\n            <path d='M10.4142 0.514721L6.87868 4.05025L8.29289 5.46447L11.1213 2.63604L15.364 6.87868L12.5355 9.70711L13.9497 11.1213L17.4853 7.58579C17.8763 7.19476 17.8763 6.5626 17.4853 6.17158L11.8284 0.514721C11.4374 0.123691 10.8052 0.123691 10.4142 0.514721Z' fill='black'\/>\n            <path d='M9.7071 12.5355L6.87868 15.364L2.63604 11.1213L5.46446 8.2929L4.05025 6.87868L0.514716 10.4142C0.123686 10.8052 0.123686 11.4374 0.514716 11.8284L6.17157 17.4853C6.5626 17.8763 7.19475 17.8763 7.58578 17.4853L11.1213 13.9497L9.7071 12.5355Z' fill='black'\/>\n            <path d='M6.17157 11.8284C6.5626 12.2195 7.19475 12.2195 7.58578 11.8284L11.8284 7.58579C12.2195 7.19476 12.2195 6.56261 11.8284 6.17158C11.4374 5.78055 10.8052 5.78055 10.4142 6.17158L6.17157 10.4142C5.78054 10.8052 5.78054 11.4374 6.17157 11.8284Z' fill='black'\/>\n            <\/svg> <\/a>\n<h2 class=\"wp-block-heading\">Vad f\u00e5r du med en privat leverant\u00f6r?<\/h2>\n<\/div>\n\n<div class=\"wp-block wp-block-core-paragraph\">\n<p>Som du redan kunnat l\u00e4sa har de privata leverant\u00f6rerna goda f\u00f6ruts\u00e4ttningar f\u00f6r att kunna hj\u00e4lpa dig p\u00e5 b\u00e4sta s\u00e4tt. De har stora n\u00e4tverk d\u00e4r du kanske kan hitta din nya arbetsgivare. De har ocks\u00e5 bred erfarenhet av omst\u00e4llning som hj\u00e4lper dig p\u00e5 v\u00e4gen mot en ny karri\u00e4r.&nbsp;<\/p>\n<\/div>\n\n<div class=\"wp-block wp-block-core-paragraph\">\n<p>Med en privat leverant\u00f6r har du dessutom fortfarande m\u00f6jlighet att ta del av de kollektivavtalade ekonomiska st\u00f6d som TRR st\u00e5r f\u00f6r.  <\/p>\n<\/div>\n\n<div class=\"wp-block wp-block-core-paragraph\">\n<p><strong>Det \u00e4r:<\/strong><\/p>\n<\/div>\n\n<div class=\"wp-block wp-block-core-list\">\n<ul class=\"wp-block-list\">\n<li>studieers\u00e4ttning<\/li>\n\n\n\n<li>kortvarigt studiest\u00f6d<\/li>\n\n\n\n<li>kompletterande studiest\u00f6d&nbsp;<\/li>\n\n\n\n<li>avg\u00e5ngsers\u00e4ttning (AGE)<\/li>\n<\/ul>\n<\/div>\n\n<div class=\"wp-block wp-block-core-paragraph\">\n<p>Du kan ocks\u00e5 f\u00e5 ett yttrande fr\u00e5n TRR&nbsp; i samband med ans\u00f6kan om CSN:s omst\u00e4llningsstudiest\u00f6d.&nbsp;<\/p>\n<\/div>\n\n<div class=\"wp-block wp-block-core-paragraph\">\n<p><em>Efter att du skickat in din ans\u00f6kan \u00e4r det TRR som avg\u00f6r om du f\u00e5r dessa st\u00f6d.<\/em><\/p>\n<\/div><\/div>\n\n\n\n<div class=\"wp-block-column is-vertically-aligned-center Form-section__form is-layout-flow wp-block-column-is-layout-flow\"><div class=\"wp-block wp-block-core-paragraph\">\n<p> <\/p>\n<\/div>\n\n\n<figure class=\"wp-block-image aligncenter size-full\"><img loading=\"lazy\" decoding=\"async\" width=\"940\" height=\"788\" src=\"https:\/\/www.kompetensforetagen.se\/app\/uploads\/sites\/5\/2024\/01\/Namnlos-design-8.png\" alt=\"\" class=\"wp-image-16578\" srcset=\"https:\/\/www.kompetensforetagen.se\/app\/uploads\/sites\/5\/2024\/01\/Namnlos-design-8.png 940w, https:\/\/www.kompetensforetagen.se\/app\/uploads\/sites\/5\/2024\/01\/Namnlos-design-8-580x486.png 580w, https:\/\/www.kompetensforetagen.se\/app\/uploads\/sites\/5\/2024\/01\/Namnlos-design-8-380x319.png 380w, https:\/\/www.kompetensforetagen.se\/app\/uploads\/sites\/5\/2024\/01\/Namnlos-design-8-768x644.png 768w, https:\/\/www.kompetensforetagen.se\/app\/uploads\/sites\/5\/2024\/01\/Namnlos-design-8-600x503.png 600w\" sizes=\"auto, (max-width: 940px) 100vw, 940px\" \/><\/figure>\n<\/div>\n<\/div>\n<\/div>\n\n\n\n<div class=\"wp-block-group is-layout-constrained wp-block-group-is-layout-constrained\">\n<div class=\"wp-block-columns is-layout-flex wp-container-core-columns-is-layout-9d6595d7 wp-block-columns-is-layout-flex\">\n<div class=\"wp-block-column is-layout-flow wp-block-column-is-layout-flow\">\n<figure class=\"wp-block-image size-large\"><img loading=\"lazy\" decoding=\"async\" width=\"1180\" height=\"834\" src=\"https:\/\/www.kompetensforetagen.se\/app\/uploads\/sites\/5\/2024\/01\/Kopia-av-Rubrik-1180x834.png\" alt=\"\" class=\"wp-image-16591\" srcset=\"https:\/\/www.kompetensforetagen.se\/app\/uploads\/sites\/5\/2024\/01\/Kopia-av-Rubrik-1180x834.png 1180w, https:\/\/www.kompetensforetagen.se\/app\/uploads\/sites\/5\/2024\/01\/Kopia-av-Rubrik-580x410.png 580w, https:\/\/www.kompetensforetagen.se\/app\/uploads\/sites\/5\/2024\/01\/Kopia-av-Rubrik-380x269.png 380w, https:\/\/www.kompetensforetagen.se\/app\/uploads\/sites\/5\/2024\/01\/Kopia-av-Rubrik-768x543.png 768w, https:\/\/www.kompetensforetagen.se\/app\/uploads\/sites\/5\/2024\/01\/Kopia-av-Rubrik-1536x1086.png 1536w, https:\/\/www.kompetensforetagen.se\/app\/uploads\/sites\/5\/2024\/01\/Kopia-av-Rubrik-600x424.png 600w, https:\/\/www.kompetensforetagen.se\/app\/uploads\/sites\/5\/2024\/01\/Kopia-av-Rubrik.png 2000w\" sizes=\"auto, (max-width: 1180px) 100vw, 1180px\" \/><\/figure>\n<\/div>\n<\/div>\n<\/div>\n\n\n\n<div class=\"wp-block-group has-secondary-background-color has-background is-layout-constrained wp-block-group-is-layout-constrained\">\n<div class=\"wp-block-columns is-layout-flex wp-container-core-columns-is-layout-9d6595d7 wp-block-columns-is-layout-flex\">\n<div class=\"wp-block-column is-layout-flow wp-block-column-is-layout-flow\"><div class=\"wp-block wp-block-core-heading\" id=\"nar-du-som-foretag-valjer-annan-leverantor-an-trr\">\n<h3 class=\"wp-block-heading\">N\u00e4r du som f\u00f6retag v\u00e4ljer annan leverant\u00f6r \u00e4n TRR<\/h3>\n<\/div>\n\n<div class=\"wp-block wp-block-core-paragraph\">\n<p>\u00c4ven f\u00f6retag kan best\u00e4mma sig f\u00f6r att v\u00e4lja en annan omst\u00e4llningsleverant\u00f6r \u00e4n TRR vid omst\u00e4llningstj\u00e4nster av olika slag. Det kan g\u00e4lla b\u00e5de en enskild medarbetare men ocks\u00e5 vid ett st\u00f6rre antal uppsagda. Det finns m\u00e5nga f\u00f6rdelar med ett s\u00e5dant val, d\u00e5 de privata leverant\u00f6rerna har stor kunskap om arbetsmarknaden och ofta har stora etablerade f\u00f6retagsn\u00e4tverk.<\/p>\n<\/div>\n\n<div class=\"wp-block wp-block-core-paragraph\">\n<p>N\u00e4r en grupp medarbetare s\u00e4gs upp uppr\u00e4ttar leverant\u00f6ren projektledning, utbildar chefer och fackliga i sv\u00e5ra samtal och har en kontinuerlig dialog och \u00e5terrapportering. Det h\u00e4r \u00e4r de privata leverant\u00f6rernas k\u00e4rnuppgift och spetskompetens. De tar kontakt direkt och en plan f\u00f6r omst\u00e4llningen uppr\u00e4ttas samt att den uppsagda snabbt ges m\u00f6jlighet att tr\u00e4ffa en r\u00e5dgivare\/karri\u00e4rcoach.<\/p>\n<\/div>\n\n<div class=\"wp-block wp-block-core-paragraph\">\n<p>Funktionen f\u00f6r \u00f6verenskommelsen styrs av \u00a7 13 i omst\u00e4llningsavtalet. Den kr\u00e4ver en lokal \u00f6verenskommelse med fackklubben om att anv\u00e4nda en annan leverant\u00f6r vid omst\u00e4llningen i st\u00e4llet f\u00f6r TRR. F\u00f6rhandlingsprotokollet ska sedan s\u00e4ndas in till TRR.<\/p>\n<\/div>\n\n<div class=\"wp-block wp-block-core-paragraph\">\n<p>F\u00f6retag har \u00e4ven m\u00f6jlighet att tr\u00e4ffa en lokal \u00f6verenskommelse med sin fackklubb om att forts\u00e4ttningsvis anv\u00e4nda externa eller interna resurser f\u00f6r omst\u00e4llningstj\u00e4nster i st\u00e4llet f\u00f6r TRR. En s\u00e5dan \u00f6verenskommelse g\u00e4ller tills vidare och ska inte anv\u00e4ndas f\u00f6r f\u00f6r\u00e4ndringar vid ett enstaka tillf\u00e4lle. F\u00f6r f\u00f6retag som tr\u00e4ffar en \u00f6verenskommelse enligt \u00a711 minskas avgiften till TRR med en procentsats som TRR:s styrelse best\u00e4mmer. Om f\u00f6retaget senare \u00e5ter vill ansluta sig till TRR g\u00e4ller vissa regler.<\/p>\n<\/div><\/div>\n\n\n\n<div class=\"wp-block-column is-layout-flow wp-block-column-is-layout-flow\"><div class=\"wp-block wp-block-core-heading\" id=\"vilken-ersattning-far-leverantoren?\">\n<h3 class=\"wp-block-heading\"><strong>Vilken ers\u00e4ttning f\u00e5r leverant\u00f6ren?<\/strong><\/h3>\n<\/div>\n\n<div class=\"wp-block wp-block-core-paragraph\">\n<p>Om du har valt en annan leverant\u00f6r \u00e4n TRR ska den f\u00e5 ers\u00e4ttning f\u00f6r den hj\u00e4lp du f\u00e5r. Det \u00e4r TRR:s styrelse som best\u00e4mmer vilket belopp det r\u00f6r sig om.<\/p>\n<\/div>\n\n\n<figure class=\"wp-block-image size-full\"><img loading=\"lazy\" decoding=\"async\" width=\"940\" height=\"788\" src=\"https:\/\/www.kompetensforetagen.se\/app\/uploads\/sites\/5\/2024\/01\/Namnlos-design-56.gif\" alt=\"\" class=\"wp-image-16581\"\/><\/figure>\n<\/div>\n<\/div>\n<\/div>\n\n\n\n<div class=\"wp-block-group is-layout-constrained wp-block-group-is-layout-constrained\"><div class=\"wp-block wp-block-core-heading heading-in-sidebar\" id=\"paragraferna-som-ror-val-av-annan-leverantor-nar-foretag-och-fack-valjer-leverantor\"><a class='Share__link Share__link--url copy-text' href='#' rel='nofollow' data-text='paragraferna-som-ror-val-av-annan-leverantor-nar-foretag-och-fack-valjer-leverantor' title='Dela url' data-confirmation='L\u00e4nken kopierades till urklipp'><svg class='icon icon--link'  width='18' height='18' viewBox='0 0 18 18' fill='none' xmlns='http:\/\/www.w3.org\/2000\/svg'>\n            <path d='M10.4142 0.514721L6.87868 4.05025L8.29289 5.46447L11.1213 2.63604L15.364 6.87868L12.5355 9.70711L13.9497 11.1213L17.4853 7.58579C17.8763 7.19476 17.8763 6.5626 17.4853 6.17158L11.8284 0.514721C11.4374 0.123691 10.8052 0.123691 10.4142 0.514721Z' fill='black'\/>\n            <path d='M9.7071 12.5355L6.87868 15.364L2.63604 11.1213L5.46446 8.2929L4.05025 6.87868L0.514716 10.4142C0.123686 10.8052 0.123686 11.4374 0.514716 11.8284L6.17157 17.4853C6.5626 17.8763 7.19475 17.8763 7.58578 17.4853L11.1213 13.9497L9.7071 12.5355Z' fill='black'\/>\n            <path d='M6.17157 11.8284C6.5626 12.2195 7.19475 12.2195 7.58578 11.8284L11.8284 7.58579C12.2195 7.19476 12.2195 6.56261 11.8284 6.17158C11.4374 5.78055 10.8052 5.78055 10.4142 6.17158L6.17157 10.4142C5.78054 10.8052 5.78054 11.4374 6.17157 11.8284Z' fill='black'\/>\n            <\/svg> <\/a>\n<h2 class=\"wp-block-heading\">Paragraferna som r\u00f6r val av annan leverant\u00f6r n\u00e4r f\u00f6retag och fack v\u00e4ljer leverant\u00f6r<\/h2>\n<\/div>\n\n\n<div class=\"wp-block-columns is-layout-flex wp-container-core-columns-is-layout-9d6595d7 wp-block-columns-is-layout-flex\">\n<div class=\"wp-block-column is-layout-flow wp-block-column-is-layout-flow\"><div class=\"wp-block wp-block-core-paragraph\">\n<p><strong>\u00a711<\/strong> M\u00f6jlighet att v\u00e4lja omst\u00e4llningsleverant\u00f6r forts\u00e4ttningsvis<\/p>\n<\/div>\n\n<div class=\"wp-block wp-block-core-paragraph\">\n<p>\u2022 F\u00f6retag har m\u00f6jlighet att tr\u00e4ffa en lokal \u00f6verenskommelse med sin fackklubb om att forts\u00e4ttningsvis anv\u00e4nda externa eller interna resurser f\u00f6r omst\u00e4llningstj\u00e4nster i st\u00e4llet f\u00f6r TRR.<\/p>\n<\/div>\n\n<div class=\"wp-block wp-block-core-paragraph\">\n<p>\u2022 En s\u00e5dan \u00f6verenskommelse g\u00e4ller tills vidare och ska inte anv\u00e4ndas f\u00f6r f\u00f6r\u00e4ndringar vid ett enstaka tillf\u00e4lle.<\/p>\n<\/div>\n\n<div class=\"wp-block wp-block-core-paragraph\">\n<p>Parterna ska ha sett till att f\u00e5 information om inneh\u00e5llet i TRR:s omst\u00e4llningsst\u00f6d innan de tr\u00e4ffar \u00f6verenskommelsen.<\/p>\n<\/div>\n\n<div class=\"wp-block wp-block-core-paragraph\">\n<p>\u2022 F\u00f6r f\u00f6retag som tr\u00e4ffar en \u00f6verenskommelse enligt \u00a711 minskas avgiften till TRR med en procentsats som TRR:s styrelse best\u00e4mmer, minst med 0,12 procentenheter.<\/p>\n<\/div>\n\n<div class=\"wp-block wp-block-core-paragraph\">\n<p>\u2022 Den uppsagdes m\u00f6jlighet att f\u00e5 AGE* \u00e4r of\u00f6r\u00e4ndrad.<\/p>\n<\/div>\n\n<div class=\"wp-block wp-block-core-paragraph\">\n<p>\u2022 Om f\u00f6retaget senare \u00e5ter vill ansluta sig till TRR kan de anst\u00e4llda f\u00e5 st\u00f6d f\u00f6rst ett \u00e5r efter att f\u00f6retaget anslutit sig. Omst\u00e4llningsst\u00f6d kan ges direkt om f\u00f6retaget betalar ett \u00e5rs avgift retroaktivt vid anslutningen<\/p>\n<\/div><\/div>\n\n\n\n<div class=\"wp-block-column is-layout-flow wp-block-column-is-layout-flow\"><div class=\"wp-block wp-block-core-paragraph\">\n<p><strong>\u00a713<\/strong> Omst\u00e4llningsleverant\u00f6r vid ett specifikt tillf\u00e4lle<\/p>\n<\/div>\n\n<div class=\"wp-block wp-block-core-paragraph\">\n<p>\u2022 Genom en lokal \u00f6verenskommelse kan uppsagda medarbetare f\u00e5 omst\u00e4llningsst\u00f6d av en annan leverant\u00f6r \u00e4n TRR. \u00d6verenskommelsen ska tr\u00e4ffas innan omst\u00e4llningsarbetet p\u00e5b\u00f6rjas. I den lokala \u00f6verenskommelsen anges vilka personer som ska f\u00e5 omst\u00e4llningsst\u00f6det.<\/p>\n<\/div>\n\n<div class=\"wp-block wp-block-core-paragraph\">\n<p>\u2022 I omst\u00e4llningsarbetet ing\u00e5r f\u00f6rutom r\u00e5dgivning och coaching \u00e4ven m\u00f6jlighet till olika ekonomiska st\u00f6d.<\/p>\n<\/div>\n\n<div class=\"wp-block wp-block-core-paragraph\">\n<p>\u2022 Den uppsagdes m\u00f6jlighet att f\u00e5 AGE* \u00e4r of\u00f6r\u00e4ndrad.<\/p>\n<\/div>\n\n<div class=\"wp-block wp-block-core-paragraph\">\n<p>\u2022 Valet av annan leverant\u00f6r kan g\u00f6ras f\u00f6r en eller flera personer i ett f\u00f6retag. F\u00f6retaget kan \u00e4ven anv\u00e4nda flera olika leverant\u00f6rer i st\u00e4llet f\u00f6r TRR.<\/p>\n<\/div>\n\n<div class=\"wp-block wp-block-core-paragraph\">\n<p>\u2022 Att v\u00e4lja en annan leverant\u00f6r \u00e4n TRR inneb\u00e4r att den uppsagde inte f\u00e5r omst\u00e4llningsst\u00f6d av TRR. Leverant\u00f6ren som genomf\u00f6r omst\u00e4llningsarbetet f\u00e5r ett eng\u00e5ngsbelopp per individ. Beloppets storlek best\u00e4ms av TRR:s styrelse halv\u00e5rsvis. Beloppet g\u00e4ller heltidsanst\u00e4llda och anpassas f\u00f6r deltidsanst\u00e4llda.<\/p>\n<\/div>\n\n<div class=\"wp-block wp-block-core-paragraph\">\n<p>Paragrafen f\u00f6r individ som v\u00e4ljer annan omst\u00e4llningsleverant\u00f6r<\/p>\n<\/div><\/div>\n\n\n\n<div class=\"wp-block-column is-layout-flow wp-block-column-is-layout-flow\"><div class=\"wp-block wp-block-core-paragraph\">\n<p><strong>\u00a714<\/strong> M\u00f6jlighet f\u00f6r individen att sj\u00e4lv v\u00e4lja omst\u00e4llningsleverant\u00f6r<\/p>\n<\/div>\n\n<div class=\"wp-block wp-block-core-paragraph\">\n<p>\u2022 Om de lokala parterna inte kommit \u00f6verens om att v\u00e4lja en annan omst\u00e4llningsleverant\u00f6r kan individen g\u00f6ra det sj\u00e4lv.<\/p>\n<\/div>\n\n<div class=\"wp-block wp-block-core-paragraph\">\n<p>\u2022 I omst\u00e4llningsarbetet ing\u00e5r f\u00f6rutom r\u00e5dgivning och coaching \u00e4ven m\u00f6jlighet till olika ekonomiska st\u00f6d.<\/p>\n<\/div>\n\n<div class=\"wp-block wp-block-core-paragraph\">\n<p>\u2022 Att v\u00e4lja en annan leverant\u00f6r \u00e4n TRR inneb\u00e4r att den uppsagde inte f\u00e5r omst\u00e4llningsst\u00f6d av TRR. Omst\u00e4llningsst\u00f6d som beviljas p\u00e5 detta s\u00e4tt best\u00e4ms med ett belopp fastst\u00e4llt av TRR:s styrelse. Ers\u00e4ttningen utbetalas till leverant\u00f6ren av omst\u00e4llningsst\u00f6d.<\/p>\n<\/div>\n\n<div class=\"wp-block wp-block-core-paragraph\">\n<p>\u2022 Den uppsagdes m\u00f6jlighet att f\u00e5 AGE* \u00e4r of\u00f6r\u00e4ndrad.<\/p>\n<\/div>\n\n<div class=\"wp-block wp-block-core-paragraph\">\n<p>*AGE \u00e4r den avg\u00e5ngsers\u00e4ttning som du har m\u00f6jlighet att f\u00e5 n\u00e4r du har blivit uppsagd p\u00e5 grund av arbetsbrist eller sjukdom fr\u00e5n ett TRR-anslutet f\u00f6retag. AGE \u00e4r ett komplement till a-kassan och kan t\u00e4cka upp till 70 procent av din tidigare l\u00f6n. Du kan f\u00e5 AGE oavsett om du f\u00e5r ers\u00e4ttning fr\u00e5n din a-kassa eller inte.<\/p>\n<\/div><\/div>\n<\/div>\n<\/div>\n","protected":false},"excerpt":{"rendered":"<p>Uppsagda medarbetare kan v\u00e4lja annan leverant\u00f6r \u00e4n TRR (Trygghetsr\u00e5det) vid omst\u00e4llning. Du beh\u00f6ver jobba som tj\u00e4nsteman, och f\u00f6retaget du jobbar vara anslutet till omst\u00e4llningsavtalet. L\u00e4s mer h\u00e4r!<\/p>\n","protected":false},"author":14830,"featured_media":0,"parent":0,"menu_order":32,"comment_status":"closed","ping_status":"closed","template":"","meta":{"_acf_changed":false,"footnotes":""},"article_type":[],"agreement":[],"for-members":[],"class_list":["post-16523","page","type-page","status-publish","hentry"],"acf":[],"yoast_head":"<!-- This site is optimized with the Yoast SEO Premium plugin v26.8 (Yoast SEO v26.8) - https:\/\/yoast.com\/product\/yoast-seo-premium-wordpress\/ -->\n<title>Att v\u00e4lja annan leverant\u00f6r \u00e4n TRR vid omst\u00e4llning<\/title>\n<meta name=\"description\" content=\"Uppsagda medarbetare kan v\u00e4lja annan leverant\u00f6r \u00e4n TRR (Trygghetsr\u00e5det) vid omst\u00e4llning. L\u00e4s h\u00e4r om hur det funkar och hur du g\u00f6r!\" \/>\n<meta name=\"robots\" content=\"index, follow, max-snippet:-1, max-image-preview:large, max-video-preview:-1\" \/>\n<link rel=\"canonical\" href=\"https:\/\/www.kompetensforetagen.se\/valja-lnnan-leverantor-inom-trr\/\" \/>\n<meta property=\"og:locale\" content=\"sv_SE\" \/>\n<meta property=\"og:type\" content=\"article\" \/>\n<meta property=\"og:title\" content=\"Att v\u00e4lja annan leverant\u00f6r \u00e4n TRR\" \/>\n<meta property=\"og:description\" content=\"Uppsagda medarbetare kan v\u00e4lja annan leverant\u00f6r \u00e4n TRR (Trygghetsr\u00e5det) vid omst\u00e4llning. L\u00e4s h\u00e4r om hur det funkar och hur du g\u00f6r!\" \/>\n<meta property=\"og:url\" content=\"https:\/\/www.kompetensforetagen.se\/valja-lnnan-leverantor-inom-trr\/\" \/>\n<meta property=\"og:site_name\" content=\"Kompetensf\u00f6retagen\" \/>\n<meta property=\"article:modified_time\" content=\"2024-02-06T16:05:11+00:00\" \/>\n<meta property=\"og:image\" content=\"https:\/\/www.kompetensforetagen.se\/app\/uploads\/sites\/5\/2024\/01\/Namnlos-design-8.png\" \/>\n<meta name=\"twitter:card\" content=\"summary_large_image\" \/>\n<meta name=\"twitter:label1\" content=\"Ber\u00e4knad l\u00e4stid\" \/>\n\t<meta name=\"twitter:data1\" content=\"6 minuter\" \/>\n<script type=\"application\/ld+json\" class=\"yoast-schema-graph\">{\"@context\":\"https:\/\/schema.org\",\"@graph\":[{\"@type\":\"WebPage\",\"@id\":\"https:\/\/www.kompetensforetagen.se\/valja-lnnan-leverantor-inom-trr\/\",\"url\":\"https:\/\/www.kompetensforetagen.se\/valja-lnnan-leverantor-inom-trr\/\",\"name\":\"Att v\u00e4lja annan leverant\u00f6r \u00e4n TRR vid omst\u00e4llning\",\"isPartOf\":{\"@id\":\"https:\/\/www.kompetensforetagen.se\/#website\"},\"primaryImageOfPage\":{\"@id\":\"https:\/\/www.kompetensforetagen.se\/valja-lnnan-leverantor-inom-trr\/#primaryimage\"},\"image\":{\"@id\":\"https:\/\/www.kompetensforetagen.se\/valja-lnnan-leverantor-inom-trr\/#primaryimage\"},\"thumbnailUrl\":\"https:\/\/www.kompetensforetagen.se\/app\/uploads\/sites\/5\/2024\/01\/Namnlos-design-8.png\",\"datePublished\":\"2024-01-18T13:47:59+00:00\",\"dateModified\":\"2024-02-06T16:05:11+00:00\",\"description\":\"Uppsagda medarbetare kan v\u00e4lja annan leverant\u00f6r \u00e4n TRR (Trygghetsr\u00e5det) vid omst\u00e4llning. L\u00e4s h\u00e4r om hur det funkar och hur du g\u00f6r!\",\"breadcrumb\":{\"@id\":\"https:\/\/www.kompetensforetagen.se\/valja-lnnan-leverantor-inom-trr\/#breadcrumb\"},\"inLanguage\":\"sv-SE\",\"potentialAction\":[{\"@type\":\"ReadAction\",\"target\":[\"https:\/\/www.kompetensforetagen.se\/valja-lnnan-leverantor-inom-trr\/\"]}]},{\"@type\":\"ImageObject\",\"inLanguage\":\"sv-SE\",\"@id\":\"https:\/\/www.kompetensforetagen.se\/valja-lnnan-leverantor-inom-trr\/#primaryimage\",\"url\":\"https:\/\/www.kompetensforetagen.se\/app\/uploads\/sites\/5\/2024\/01\/Namnlos-design-8.png\",\"contentUrl\":\"https:\/\/www.kompetensforetagen.se\/app\/uploads\/sites\/5\/2024\/01\/Namnlos-design-8.png\",\"width\":940,\"height\":788,\"caption\":\"Att v\u00e4lja annan leverant\u00f6r \u00e4n TRR\"},{\"@type\":\"BreadcrumbList\",\"@id\":\"https:\/\/www.kompetensforetagen.se\/valja-lnnan-leverantor-inom-trr\/#breadcrumb\",\"itemListElement\":[{\"@type\":\"ListItem\",\"position\":1,\"name\":\"Home\",\"item\":\"https:\/\/www.kompetensforetagen.se\/\"},{\"@type\":\"ListItem\",\"position\":2,\"name\":\"Att v\u00e4lja annan leverant\u00f6r \u00e4n TRR\"}]},{\"@type\":\"WebSite\",\"@id\":\"https:\/\/www.kompetensforetagen.se\/#website\",\"url\":\"https:\/\/www.kompetensforetagen.se\/\",\"name\":\"Kompetensf\u00f6retagen\",\"description\":\"R\u00e4tt person p\u00e5 r\u00e4tt plats kan f\u00f6r\u00e4ndra v\u00e4rlden\",\"publisher\":{\"@id\":\"https:\/\/www.kompetensforetagen.se\/#organization\"},\"potentialAction\":[{\"@type\":\"SearchAction\",\"target\":{\"@type\":\"EntryPoint\",\"urlTemplate\":\"https:\/\/www.kompetensforetagen.se\/?s={search_term_string}\"},\"query-input\":{\"@type\":\"PropertyValueSpecification\",\"valueRequired\":true,\"valueName\":\"search_term_string\"}}],\"inLanguage\":\"sv-SE\"},{\"@type\":\"Organization\",\"@id\":\"https:\/\/www.kompetensforetagen.se\/#organization\",\"name\":\"Kompetensf\u00f6retagen\",\"url\":\"https:\/\/www.kompetensforetagen.se\/\",\"logo\":{\"@type\":\"ImageObject\",\"inLanguage\":\"sv-SE\",\"@id\":\"https:\/\/www.kompetensforetagen.se\/#\/schema\/logo\/image\/\",\"url\":\"https:\/\/www.kompetensforetagen.se\/app\/uploads\/sites\/5\/2022\/10\/logga_svart.png\",\"contentUrl\":\"https:\/\/www.kompetensforetagen.se\/app\/uploads\/sites\/5\/2022\/10\/logga_svart.png\",\"width\":752,\"height\":64,\"caption\":\"Kompetensf\u00f6retagen\"},\"image\":{\"@id\":\"https:\/\/www.kompetensforetagen.se\/#\/schema\/logo\/image\/\"},\"sameAs\":[\"https:\/\/www.linkedin.com\/company\/10540032\/\"]}]}<\/script>\n<!-- \/ Yoast SEO Premium plugin. -->","yoast_head_json":{"title":"Att v\u00e4lja annan leverant\u00f6r \u00e4n TRR vid omst\u00e4llning","description":"Uppsagda medarbetare kan v\u00e4lja annan leverant\u00f6r \u00e4n TRR (Trygghetsr\u00e5det) vid omst\u00e4llning. L\u00e4s h\u00e4r om hur det funkar och hur du g\u00f6r!","robots":{"index":"index","follow":"follow","max-snippet":"max-snippet:-1","max-image-preview":"max-image-preview:large","max-video-preview":"max-video-preview:-1"},"canonical":"https:\/\/www.kompetensforetagen.se\/valja-lnnan-leverantor-inom-trr\/","og_locale":"sv_SE","og_type":"article","og_title":"Att v\u00e4lja annan leverant\u00f6r \u00e4n TRR","og_description":"Uppsagda medarbetare kan v\u00e4lja annan leverant\u00f6r \u00e4n TRR (Trygghetsr\u00e5det) vid omst\u00e4llning. L\u00e4s h\u00e4r om hur det funkar och hur du g\u00f6r!","og_url":"https:\/\/www.kompetensforetagen.se\/valja-lnnan-leverantor-inom-trr\/","og_site_name":"Kompetensf\u00f6retagen","article_modified_time":"2024-02-06T16:05:11+00:00","og_image":[{"url":"https:\/\/www.kompetensforetagen.se\/app\/uploads\/sites\/5\/2024\/01\/Namnlos-design-8.png","type":"","width":"","height":""}],"twitter_card":"summary_large_image","twitter_misc":{"Ber\u00e4knad l\u00e4stid":"6 minuter"},"schema":{"@context":"https:\/\/schema.org","@graph":[{"@type":"WebPage","@id":"https:\/\/www.kompetensforetagen.se\/valja-lnnan-leverantor-inom-trr\/","url":"https:\/\/www.kompetensforetagen.se\/valja-lnnan-leverantor-inom-trr\/","name":"Att v\u00e4lja annan leverant\u00f6r \u00e4n TRR vid omst\u00e4llning","isPartOf":{"@id":"https:\/\/www.kompetensforetagen.se\/#website"},"primaryImageOfPage":{"@id":"https:\/\/www.kompetensforetagen.se\/valja-lnnan-leverantor-inom-trr\/#primaryimage"},"image":{"@id":"https:\/\/www.kompetensforetagen.se\/valja-lnnan-leverantor-inom-trr\/#primaryimage"},"thumbnailUrl":"https:\/\/www.kompetensforetagen.se\/app\/uploads\/sites\/5\/2024\/01\/Namnlos-design-8.png","datePublished":"2024-01-18T13:47:59+00:00","dateModified":"2024-02-06T16:05:11+00:00","description":"Uppsagda medarbetare kan v\u00e4lja annan leverant\u00f6r \u00e4n TRR (Trygghetsr\u00e5det) vid omst\u00e4llning. L\u00e4s h\u00e4r om hur det funkar och hur du g\u00f6r!","breadcrumb":{"@id":"https:\/\/www.kompetensforetagen.se\/valja-lnnan-leverantor-inom-trr\/#breadcrumb"},"inLanguage":"sv-SE","potentialAction":[{"@type":"ReadAction","target":["https:\/\/www.kompetensforetagen.se\/valja-lnnan-leverantor-inom-trr\/"]}]},{"@type":"ImageObject","inLanguage":"sv-SE","@id":"https:\/\/www.kompetensforetagen.se\/valja-lnnan-leverantor-inom-trr\/#primaryimage","url":"https:\/\/www.kompetensforetagen.se\/app\/uploads\/sites\/5\/2024\/01\/Namnlos-design-8.png","contentUrl":"https:\/\/www.kompetensforetagen.se\/app\/uploads\/sites\/5\/2024\/01\/Namnlos-design-8.png","width":940,"height":788,"caption":"Att v\u00e4lja annan leverant\u00f6r \u00e4n TRR"},{"@type":"BreadcrumbList","@id":"https:\/\/www.kompetensforetagen.se\/valja-lnnan-leverantor-inom-trr\/#breadcrumb","itemListElement":[{"@type":"ListItem","position":1,"name":"Home","item":"https:\/\/www.kompetensforetagen.se\/"},{"@type":"ListItem","position":2,"name":"Att v\u00e4lja annan leverant\u00f6r \u00e4n TRR"}]},{"@type":"WebSite","@id":"https:\/\/www.kompetensforetagen.se\/#website","url":"https:\/\/www.kompetensforetagen.se\/","name":"Kompetensf\u00f6retagen","description":"R\u00e4tt person p\u00e5 r\u00e4tt plats kan f\u00f6r\u00e4ndra v\u00e4rlden","publisher":{"@id":"https:\/\/www.kompetensforetagen.se\/#organization"},"potentialAction":[{"@type":"SearchAction","target":{"@type":"EntryPoint","urlTemplate":"https:\/\/www.kompetensforetagen.se\/?s={search_term_string}"},"query-input":{"@type":"PropertyValueSpecification","valueRequired":true,"valueName":"search_term_string"}}],"inLanguage":"sv-SE"},{"@type":"Organization","@id":"https:\/\/www.kompetensforetagen.se\/#organization","name":"Kompetensf\u00f6retagen","url":"https:\/\/www.kompetensforetagen.se\/","logo":{"@type":"ImageObject","inLanguage":"sv-SE","@id":"https:\/\/www.kompetensforetagen.se\/#\/schema\/logo\/image\/","url":"https:\/\/www.kompetensforetagen.se\/app\/uploads\/sites\/5\/2022\/10\/logga_svart.png","contentUrl":"https:\/\/www.kompetensforetagen.se\/app\/uploads\/sites\/5\/2022\/10\/logga_svart.png","width":752,"height":64,"caption":"Kompetensf\u00f6retagen"},"image":{"@id":"https:\/\/www.kompetensforetagen.se\/#\/schema\/logo\/image\/"},"sameAs":["https:\/\/www.linkedin.com\/company\/10540032\/"]}]}},"_links":{"self":[{"href":"https:\/\/www.kompetensforetagen.se\/api\/wp\/v2\/pages\/16523","targetHints":{"allow":["GET"]}}],"collection":[{"href":"https:\/\/www.kompetensforetagen.se\/api\/wp\/v2\/pages"}],"about":[{"href":"https:\/\/www.kompetensforetagen.se\/api\/wp\/v2\/types\/page"}],"author":[{"embeddable":true,"href":"https:\/\/www.kompetensforetagen.se\/api\/wp\/v2\/users\/14830"}],"replies":[{"embeddable":true,"href":"https:\/\/www.kompetensforetagen.se\/api\/wp\/v2\/comments?post=16523"}],"version-history":[{"count":42,"href":"https:\/\/www.kompetensforetagen.se\/api\/wp\/v2\/pages\/16523\/revisions"}],"predecessor-version":[{"id":16655,"href":"https:\/\/www.kompetensforetagen.se\/api\/wp\/v2\/pages\/16523\/revisions\/16655"}],"wp:attachment":[{"href":"https:\/\/www.kompetensforetagen.se\/api\/wp\/v2\/media?parent=16523"}],"wp:term":[{"taxonomy":"type","embeddable":true,"href":"https:\/\/www.kompetensforetagen.se\/api\/wp\/v2\/article_type?post=16523"},{"taxonomy":"agreement","embeddable":true,"href":"https:\/\/www.kompetensforetagen.se\/api\/wp\/v2\/agreement?post=16523"},{"taxonomy":"for-members","embeddable":true,"href":"https:\/\/www.kompetensforetagen.se\/api\/wp\/v2\/for-members?post=16523"}],"curies":[{"name":"wp","href":"https:\/\/api.w.org\/{rel}","templated":true}]}}