{"id":1633,"date":"2018-05-03T15:44:30","date_gmt":"2018-05-03T13:44:30","guid":{"rendered":"http:\/\/staging.kompetensforetagen.se\/?page_id=1633"},"modified":"2026-04-01T13:21:35","modified_gmt":"2026-04-01T11:21:35","slug":"kompetensforetagens-medlemsnatverk","status":"publish","type":"page","link":"https:\/\/www.kompetensforetagen.se\/kompetensforetagens-medlemsnatverk\/","title":{"rendered":"Medlemsn\u00e4tverk"},"content":{"rendered":"<div id=\"block-hero-block_b22e31e9dc55386cd25f7aba90372fdc\" class=\"Hero --has-media has-green-background-color has-paragraph-text\">\n\n      <img loading=\"lazy\" decoding=\"async\" width=\"1180\" height=\"787\" src=\"https:\/\/www.kompetensforetagen.se\/app\/uploads\/sites\/5\/2023\/08\/pexels-chivozol-167259-1180x787.jpg\" class=\"Hero__image\" alt=\"Spindelv\u00e4v glittrar i solen\" srcset=\"https:\/\/www.kompetensforetagen.se\/app\/uploads\/sites\/5\/2023\/08\/pexels-chivozol-167259-1180x787.jpg 1180w, https:\/\/www.kompetensforetagen.se\/app\/uploads\/sites\/5\/2023\/08\/pexels-chivozol-167259-580x387.jpg 580w, https:\/\/www.kompetensforetagen.se\/app\/uploads\/sites\/5\/2023\/08\/pexels-chivozol-167259-380x253.jpg 380w, https:\/\/www.kompetensforetagen.se\/app\/uploads\/sites\/5\/2023\/08\/pexels-chivozol-167259-768x512.jpg 768w, https:\/\/www.kompetensforetagen.se\/app\/uploads\/sites\/5\/2023\/08\/pexels-chivozol-167259-1536x1024.jpg 1536w, https:\/\/www.kompetensforetagen.se\/app\/uploads\/sites\/5\/2023\/08\/pexels-chivozol-167259-2048x1366.jpg 2048w, https:\/\/www.kompetensforetagen.se\/app\/uploads\/sites\/5\/2023\/08\/pexels-chivozol-167259-600x400.jpg 600w\" sizes=\"auto, (max-width: 1180px) 100vw, 1180px\" \/>\n    \n  <div class=\"Hero__inner container has-green-background-color has-background-image\">\n              <div class=\"Hero__title\">\n          <h1>Medlemsn\u00e4tverk<\/h1>\n        <\/div>\n                    <div class=\"Hero__text\">\n          <p>Som medlem i Kompetens\u00adf\u00f6retagen har du tillg\u00e5ng till olika medlemsn\u00e4tverk som tar upp aktuella fr\u00e5gor som ber\u00f6r alla v\u00e5ra medlemmar.<\/p>\n\n        <\/div>\n                            <a class=\"Hero__button Button Button--inline-flex has-black-background-color has-white-color   white-space-nowrap \" href=\"#Till-registrering\" target=\"\">\n          <div class=\"Button__text\">\n            G\u00e5 med idag\n          <\/div>\n          <div class=\"Button__arrow arrow-tip\">\n            <div class=\"Button__line\"><\/div>\n            <svg class='icon icon--arrow-tip'  width=\"11\" height=\"16\" viewBox=\"0 0 11 16\" fill=\"none\" xmlns=\"http:\/\/www.w3.org\/2000\/svg\">\n<path d=\"M0.858398 15L9.2304 7.99664L0.967732 1.00001\" stroke=\"black\" stroke-width=\"2\" stroke-miterlimit=\"10\"\/>\n<\/svg>\n\n            <\/div>\n        <\/a>\n              <\/div>\n<\/div>\n\n\n\n<div class=\"wp-block-group is-layout-constrained wp-block-group-is-layout-constrained\">\n<div class=\"wp-block-columns is-layout-flex wp-container-core-columns-is-layout-9d6595d7 wp-block-columns-is-layout-flex\">\n<div class=\"wp-block-column is-layout-flow wp-block-column-is-layout-flow\"><div class=\"wp-block wp-block-core-heading heading-in-sidebar\" id=\"af--och-omstallningsnatverket\"><a class='Share__link Share__link--url copy-text' href='#' rel='nofollow' data-text='af--och-omstallningsnatverket' title='Dela url' data-confirmation='L\u00e4nken kopierades till urklipp'><svg class='icon icon--link'  width='18' height='18' viewBox='0 0 18 18' fill='none' xmlns='http:\/\/www.w3.org\/2000\/svg'>\n            <path d='M10.4142 0.514721L6.87868 4.05025L8.29289 5.46447L11.1213 2.63604L15.364 6.87868L12.5355 9.70711L13.9497 11.1213L17.4853 7.58579C17.8763 7.19476 17.8763 6.5626 17.4853 6.17158L11.8284 0.514721C11.4374 0.123691 10.8052 0.123691 10.4142 0.514721Z' fill='black'\/>\n            <path d='M9.7071 12.5355L6.87868 15.364L2.63604 11.1213L5.46446 8.2929L4.05025 6.87868L0.514716 10.4142C0.123686 10.8052 0.123686 11.4374 0.514716 11.8284L6.17157 17.4853C6.5626 17.8763 7.19475 17.8763 7.58578 17.4853L11.1213 13.9497L9.7071 12.5355Z' fill='black'\/>\n            <path d='M6.17157 11.8284C6.5626 12.2195 7.19475 12.2195 7.58578 11.8284L11.8284 7.58579C12.2195 7.19476 12.2195 6.56261 11.8284 6.17158C11.4374 5.78055 10.8052 5.78055 10.4142 6.17158L6.17157 10.4142C5.78054 10.8052 5.78054 11.4374 6.17157 11.8284Z' fill='black'\/>\n            <\/svg> <\/a>\n<h2 class=\"wp-block-heading\" id=\"h-af-och-omstallningsnatverket\">AF- och omst\u00e4llningsn\u00e4tverket<\/h2>\n<\/div>\n\n<div id=\"block-iconlink-block_30e44168545c906e138b877e01a1d004\" class=\"Icon-link Icon-link--arrow-tip\">\n      <a href=\"https:\/\/ui.ungpd.com\/Surveys\/68caa339-87e4-430a-9dae-d11783b020e0\" target=\"_blank\" class=\"Button is-button is-fullwidth is-style-fill has-lightgray-background-color has-lightgray-border-color Button--arrow-tip white-space-nowrap\">\n      <div class=\"Button__text\">\n        G\u00e5 med\n      <\/div>\n      <div class=\"Button__arrow  arrow-tip \">\n                <div class=\"Button__line\"><\/div>\n                <svg class='icon icon--arrow-tip'  width=\"11\" height=\"16\" viewBox=\"0 0 11 16\" fill=\"none\" xmlns=\"http:\/\/www.w3.org\/2000\/svg\">\n<path d=\"M0.858398 15L9.2304 7.99664L0.967732 1.00001\" stroke=\"black\" stroke-width=\"2\" stroke-miterlimit=\"10\"\/>\n<\/svg>\n\n        <\/div>\n    <\/a>\n  <\/div>\n\n\n<div class=\"wp-block wp-block-core-paragraph\">\n<p>Omst\u00e4llningsgruppen best\u00e5r av vd, aff\u00e4rsomr\u00e5deschefer, leveransansvariga, s\u00e4ljchefer, bid managers och andra som arbetar med <a href=\"https:\/\/www.kompetensforetagen.se\/omstallning\/\">omst\u00e4llningstj\u00e4nster <\/a>mot fr\u00e4mst&nbsp;<a href=\"https:\/\/arbetsformedlingen.se\/\" target=\"_blank\" rel=\"noreferrer noopener\">Arbetsf\u00f6rmedlingen<\/a>,&nbsp;<a href=\"https:\/\/tsl.se\/\" target=\"_blank\" rel=\"noreferrer noopener\">TSL&nbsp;<\/a>och&nbsp;<a href=\"https:\/\/www.trr.se\/\" target=\"_blank\" rel=\"noreferrer noopener\">TRR<\/a>. \u00c4ven andra offentliga organ som k\u00f6per in omst\u00e4llningstj\u00e4nster behandlas, bland annat kommuner. Omst\u00e4llningsgruppen g\u00e4stas ofta av Arbetsf\u00f6rmedlingen men \u00e4ven andra som upphandlar omst\u00e4llningstj\u00e4nster. M\u00e5nga av fr\u00e5gorna som behandlas p\u00e5 n\u00e4tverket handlar om upphandling, utveckling av partnerskap med k\u00f6parna, kvalitet- och uppf\u00f6ljning samt utformning av tj\u00e4nsteportf\u00f6ljer. Omst\u00e4llningsgruppen \u00e4r mycket aktiv n\u00e4r det g\u00e4ller aktiviteter f\u00f6r att f\u00f6rb\u00e4ttra de offentliga upphandlingarna.<\/p>\n<\/div>\n\n<div class=\"wp-block wp-block-core-paragraph\">\n<p>Kontaktperson:&nbsp;<a href=\"mailto:fredric.skalstad@kompetensforetagen.se\">Fredric Sk\u00e4lstad&nbsp;<\/a><\/p>\n<\/div><\/div>\n\n\n\n<div class=\"wp-block-column is-layout-flow wp-block-column-is-layout-flow\"><div class=\"wp-block wp-block-core-heading heading-in-sidebar\" id=\"&nbsp;personalchefsnatverket\"><a class='Share__link Share__link--url copy-text' href='#' rel='nofollow' data-text='&nbsp;personalchefsnatverket' title='Dela url' data-confirmation='L\u00e4nken kopierades till urklipp'><svg class='icon icon--link'  width='18' height='18' viewBox='0 0 18 18' fill='none' xmlns='http:\/\/www.w3.org\/2000\/svg'>\n            <path d='M10.4142 0.514721L6.87868 4.05025L8.29289 5.46447L11.1213 2.63604L15.364 6.87868L12.5355 9.70711L13.9497 11.1213L17.4853 7.58579C17.8763 7.19476 17.8763 6.5626 17.4853 6.17158L11.8284 0.514721C11.4374 0.123691 10.8052 0.123691 10.4142 0.514721Z' fill='black'\/>\n            <path d='M9.7071 12.5355L6.87868 15.364L2.63604 11.1213L5.46446 8.2929L4.05025 6.87868L0.514716 10.4142C0.123686 10.8052 0.123686 11.4374 0.514716 11.8284L6.17157 17.4853C6.5626 17.8763 7.19475 17.8763 7.58578 17.4853L11.1213 13.9497L9.7071 12.5355Z' fill='black'\/>\n            <path d='M6.17157 11.8284C6.5626 12.2195 7.19475 12.2195 7.58578 11.8284L11.8284 7.58579C12.2195 7.19476 12.2195 6.56261 11.8284 6.17158C11.4374 5.78055 10.8052 5.78055 10.4142 6.17158L6.17157 10.4142C5.78054 10.8052 5.78054 11.4374 6.17157 11.8284Z' fill='black'\/>\n            <\/svg> <\/a>\n<h2 class=\"wp-block-heading\" id=\"h-nbsp-personalchefsnatverket\">&nbsp;Personalchefsn\u00e4tverket<\/h2>\n<\/div>\n\n<div id=\"block-iconlink-block_30e44168545c906e138b877e01a1d004\" class=\"Icon-link Icon-link--arrow-tip\">\n      <a href=\"https:\/\/ui.ungpd.com\/Surveys\/68caa339-87e4-430a-9dae-d11783b020e0\" target=\"_blank\" class=\"Button is-button is-fullwidth is-style-fill has-lightgray-background-color has-lightgray-border-color Button--arrow-tip white-space-nowrap\">\n      <div class=\"Button__text\">\n        G\u00e5 med\n      <\/div>\n      <div class=\"Button__arrow  arrow-tip \">\n                <div class=\"Button__line\"><\/div>\n                <svg class='icon icon--arrow-tip'  width=\"11\" height=\"16\" viewBox=\"0 0 11 16\" fill=\"none\" xmlns=\"http:\/\/www.w3.org\/2000\/svg\">\n<path d=\"M0.858398 15L9.2304 7.99664L0.967732 1.00001\" stroke=\"black\" stroke-width=\"2\" stroke-miterlimit=\"10\"\/>\n<\/svg>\n\n        <\/div>\n    <\/a>\n  <\/div>\n\n\n<div class=\"wp-block wp-block-core-paragraph\">\n<p>Kompetensf\u00f6retagens personalchefsn\u00e4tverk riktar sig till dig som arbetar som personalchef\/HR-chef\/HR-direkt\u00f6r\/ Head of labour law eller har motsvarande befattning. Vi v\u00e4lkomnar en representant per f\u00f6retag.&nbsp; Gruppen f\u00e5r lyssna till relevanta f\u00f6rel\u00e4sningar samt m\u00f6jlighet att tr\u00e4ffas fysiskt och diskutera aktuella \u00e4mnen och utmaningar inom arbetsr\u00e4tten.<\/p>\n<\/div>\n\n<div class=\"wp-block wp-block-core-paragraph\">\n<p>N\u00e4tverket leds av Kompetensf\u00f6retagens arbetsr\u00e4ttsjurister och arbetsr\u00e4ttsexperter som \u00e4ven kommer att tillhandah\u00e5lla f\u00f6rdjupning i utvalda \u00e4mnen.<\/p>\n<\/div>\n\n<div class=\"wp-block wp-block-core-paragraph\">\n<p>Personalchefsn\u00e4tverket har till syfte att vara n\u00e4tverkande och d\u00e4rf\u00f6r sker det fysiskt, det finns d\u00e4rf\u00f6r ingen m\u00f6jlighet att delta digitalt.<\/p>\n<\/div>\n\n<div class=\"wp-block wp-block-core-paragraph\">\n<p>Kontaktperson: <a href=\"mailto:alva.palmqvist@almega.se\">Alva Palmqvist<\/a><\/p>\n<\/div><\/div>\n<\/div>\n<\/div>\n\n\n\n<div class=\"wp-block-group has-green-background-color has-background is-layout-constrained wp-block-group-is-layout-constrained\">\n<div class=\"wp-block-columns is-layout-flex wp-container-core-columns-is-layout-9d6595d7 wp-block-columns-is-layout-flex\">\n<div class=\"wp-block-column is-layout-flow wp-block-column-is-layout-flow\"><div class=\"wp-block wp-block-core-heading heading-in-sidebar\" id=\"vardbemanningsnatverket\"><a class='Share__link Share__link--url copy-text' href='#' rel='nofollow' data-text='vardbemanningsnatverket' title='Dela url' data-confirmation='L\u00e4nken kopierades till urklipp'><svg class='icon icon--link'  width='18' height='18' viewBox='0 0 18 18' fill='none' xmlns='http:\/\/www.w3.org\/2000\/svg'>\n            <path d='M10.4142 0.514721L6.87868 4.05025L8.29289 5.46447L11.1213 2.63604L15.364 6.87868L12.5355 9.70711L13.9497 11.1213L17.4853 7.58579C17.8763 7.19476 17.8763 6.5626 17.4853 6.17158L11.8284 0.514721C11.4374 0.123691 10.8052 0.123691 10.4142 0.514721Z' fill='black'\/>\n            <path d='M9.7071 12.5355L6.87868 15.364L2.63604 11.1213L5.46446 8.2929L4.05025 6.87868L0.514716 10.4142C0.123686 10.8052 0.123686 11.4374 0.514716 11.8284L6.17157 17.4853C6.5626 17.8763 7.19475 17.8763 7.58578 17.4853L11.1213 13.9497L9.7071 12.5355Z' fill='black'\/>\n            <path d='M6.17157 11.8284C6.5626 12.2195 7.19475 12.2195 7.58578 11.8284L11.8284 7.58579C12.2195 7.19476 12.2195 6.56261 11.8284 6.17158C11.4374 5.78055 10.8052 5.78055 10.4142 6.17158L6.17157 10.4142C5.78054 10.8052 5.78054 11.4374 6.17157 11.8284Z' fill='black'\/>\n            <\/svg> <\/a>\n<h2 class=\"wp-block-heading\" id=\"h-vardbemanningsnatverket\">V\u00e5rdbemanningsn\u00e4tverket<\/h2>\n<\/div>\n\n<div id=\"block-iconlink-block_b75d11a153633e780d8f590911422833\" class=\"Icon-link Icon-link--arrow-tip\">\n      <a href=\"https:\/\/ui.ungpd.com\/Surveys\/464c1fb1-f294-4e8e-9f77-3b32b983f302\" target=\"_blank\" class=\"Button is-button is-fullwidth is-style-fill has-lightgray-background-color has-lightgray-border-color Button--arrow-tip white-space-nowrap\">\n      <div class=\"Button__text\">\n        G\u00e5 med\n      <\/div>\n      <div class=\"Button__arrow  arrow-tip \">\n                <div class=\"Button__line\"><\/div>\n                <svg class='icon icon--arrow-tip'  width=\"11\" height=\"16\" viewBox=\"0 0 11 16\" fill=\"none\" xmlns=\"http:\/\/www.w3.org\/2000\/svg\">\n<path d=\"M0.858398 15L9.2304 7.99664L0.967732 1.00001\" stroke=\"black\" stroke-width=\"2\" stroke-miterlimit=\"10\"\/>\n<\/svg>\n\n        <\/div>\n    <\/a>\n  <\/div>\n\n\n<div class=\"wp-block wp-block-core-paragraph\">\n<p>V\u00e5rdbemanningsn\u00e4tverkets fokus \u00e4r f\u00f6rs\u00e4ljning, leverans, p\u00e5verkansarbete och dialog med den del av offentlig sektor som k\u00f6per <a href=\"https:\/\/www.kompetensforetagen.se\/vardbemanning\/\">v\u00e5rdbemanning<\/a>. N\u00e4tverket g\u00e4stas oftast av st\u00f6rre k\u00f6pare av v\u00e5rdbemanning som \u00e4r intresserad av utveckling av partnerskap med leverant\u00f6rer och bransch. Deltagarna i n\u00e4tverket \u00e4r aktiva n\u00e4r det g\u00e4ller att f\u00f6rs\u00f6ka f\u00f6rb\u00e4ttra upphandlingar som ska genomf\u00f6ras. Medlemmar i n\u00e4tverket \u00e4r vd, aff\u00e4rsomr\u00e5deschefer, konsultchefer, s\u00e4ljchefer, bid managers och andra som arbetar med f\u00f6rs\u00e4ljning eller leverans till offentlig sektor.<\/p>\n<\/div>\n\n<div class=\"wp-block wp-block-core-paragraph\">\n<p>Kontaktperson:&nbsp;<a href=\"mailto:fredric.skalstad@kompetensforetagen.se\">Fredric Sk\u00e4lstad<\/a><\/p>\n<\/div><\/div>\n\n\n\n<div class=\"wp-block-column is-layout-flow wp-block-column-is-layout-flow\"><div class=\"wp-block wp-block-core-heading heading-in-sidebar\" id=\"arbetsmiljonatverket\"><a class='Share__link Share__link--url copy-text' href='#' rel='nofollow' data-text='arbetsmiljonatverket' title='Dela url' data-confirmation='L\u00e4nken kopierades till urklipp'><svg class='icon icon--link'  width='18' height='18' viewBox='0 0 18 18' fill='none' xmlns='http:\/\/www.w3.org\/2000\/svg'>\n            <path d='M10.4142 0.514721L6.87868 4.05025L8.29289 5.46447L11.1213 2.63604L15.364 6.87868L12.5355 9.70711L13.9497 11.1213L17.4853 7.58579C17.8763 7.19476 17.8763 6.5626 17.4853 6.17158L11.8284 0.514721C11.4374 0.123691 10.8052 0.123691 10.4142 0.514721Z' fill='black'\/>\n            <path d='M9.7071 12.5355L6.87868 15.364L2.63604 11.1213L5.46446 8.2929L4.05025 6.87868L0.514716 10.4142C0.123686 10.8052 0.123686 11.4374 0.514716 11.8284L6.17157 17.4853C6.5626 17.8763 7.19475 17.8763 7.58578 17.4853L11.1213 13.9497L9.7071 12.5355Z' fill='black'\/>\n            <path d='M6.17157 11.8284C6.5626 12.2195 7.19475 12.2195 7.58578 11.8284L11.8284 7.58579C12.2195 7.19476 12.2195 6.56261 11.8284 6.17158C11.4374 5.78055 10.8052 5.78055 10.4142 6.17158L6.17157 10.4142C5.78054 10.8052 5.78054 11.4374 6.17157 11.8284Z' fill='black'\/>\n            <\/svg> <\/a>\n<h2 class=\"wp-block-heading\" id=\"h-arbetsmiljonatverket\">Arbetsmilj\u00f6n\u00e4tverket<\/h2>\n<\/div>\n\n<div id=\"block-iconlink-block_75acff147006b38165de876603a22f28\" class=\"Icon-link Icon-link--arrow-tip\">\n      <a href=\"https:\/\/ui.ungpd.com\/Surveys\/9d35e360-a8e9-48b1-94e6-7f6d2aaab386\" target=\"_blank\" class=\"Button is-button is-fullwidth is-style-fill has-lightgray-background-color has-lightgray-border-color Button--arrow-tip white-space-nowrap\">\n      <div class=\"Button__text\">\n        G\u00e5 med\n      <\/div>\n      <div class=\"Button__arrow  arrow-tip \">\n                <div class=\"Button__line\"><\/div>\n                <svg class='icon icon--arrow-tip'  width=\"11\" height=\"16\" viewBox=\"0 0 11 16\" fill=\"none\" xmlns=\"http:\/\/www.w3.org\/2000\/svg\">\n<path d=\"M0.858398 15L9.2304 7.99664L0.967732 1.00001\" stroke=\"black\" stroke-width=\"2\" stroke-miterlimit=\"10\"\/>\n<\/svg>\n\n        <\/div>\n    <\/a>\n  <\/div>\n\n\n<div class=\"wp-block wp-block-core-paragraph\">\n<p>Denna grupp fokuserar p\u00e5 arbetsmilj\u00f6 och syftar till att diskutera gemensamma fr\u00e5gor, utmaningar och nyheter p\u00e5 <a href=\"https:\/\/www.kompetensforetagen.se\/arbetsmiljo\/\">arbetsmilj\u00f6omr\u00e5det<\/a>. M\u00e5let \u00e4r att sprida goda exempel och kunskaper om arbetsmilj\u00f6arbete inom branschen och fr\u00e4mja p\u00e5 s\u00e5 s\u00e4tt ett systematiskt arbetsmilj\u00f6arbete i branschen. Ut\u00f6ver n\u00e4tverksmedlemmar och representanter fr\u00e5n Kompetens\u00adf\u00f6retagen, kommer arbetsmilj\u00f6experter fr\u00e5n Almega att medverka. Medlemmar i n\u00e4tverket \u00e4r HR- eller arbetsmilj\u00f6experter p\u00e5 Kompetens\u00adf\u00f6retagens medlems\u00adf\u00f6retag.<\/p>\n<\/div>\n\n<div class=\"wp-block wp-block-core-paragraph\">\n<p>Kontaktperson:&nbsp;<a href=\"mailto:johan.huldt@almega.se\" target=\"_blank\" rel=\"noreferrer noopener\">Johan Huldt<\/a><\/p>\n<\/div><\/div>\n<\/div>\n<\/div>\n\n\n\n<div class=\"wp-block-group has-primary-background-color has-background is-layout-constrained wp-block-group-is-layout-constrained\">\n<div id=\"Till-registrering\" class=\"wp-block-group Form-section has-primary-background-color has-background is-layout-flow wp-block-group-is-layout-flow\">\n<div class=\"wp-block-columns is-layout-flex wp-container-core-columns-is-layout-9d6595d7 wp-block-columns-is-layout-flex\">\n<div class=\"wp-block-column is-vertically-aligned-top Form-section__text is-layout-flow wp-block-column-is-layout-flow\"><div class=\"wp-block wp-block-core-heading\" id=\"ga-med-redan-idag\">\n<h4 class=\"wp-block-heading\" id=\"h-ga-med-redan-idag\">G\u00e5 med redan idag<\/h4>\n<\/div>\n\n<div class=\"wp-block wp-block-core-heading\" id=\"var-med-i-loopen-och-ga-med-i-ett-eller-flera-av-vara-natverk.\">\n<h3 class=\"wp-block-heading\" id=\"h-var-med-i-loopen-och-ga-med-i-ett-eller-flera-av-vara-natverk\">Var med i loopen och g\u00e5 med i ett eller flera av v\u00e5ra n\u00e4tverk.<\/h3>\n<\/div><\/div>\n\n\n\n<div class=\"wp-block-column Form-section__form is-layout-flow wp-block-column-is-layout-flow\"><script>\nvar gform;gform||(document.addEventListener(\"gform_main_scripts_loaded\",function(){gform.scriptsLoaded=!0}),document.addEventListener(\"gform\/theme\/scripts_loaded\",function(){gform.themeScriptsLoaded=!0}),window.addEventListener(\"DOMContentLoaded\",function(){gform.domLoaded=!0}),gform={domLoaded:!1,scriptsLoaded:!1,themeScriptsLoaded:!1,isFormEditor:()=>\"function\"==typeof InitializeEditor,callIfLoaded:function(o){return!(!gform.domLoaded||!gform.scriptsLoaded||!gform.themeScriptsLoaded&&!gform.isFormEditor()||(gform.isFormEditor()&&console.warn(\"The use of gform.initializeOnLoaded() is deprecated in the form editor context and will be removed in Gravity Forms 3.1.\"),o(),0))},initializeOnLoaded:function(o){gform.callIfLoaded(o)||(document.addEventListener(\"gform_main_scripts_loaded\",()=>{gform.scriptsLoaded=!0,gform.callIfLoaded(o)}),document.addEventListener(\"gform\/theme\/scripts_loaded\",()=>{gform.themeScriptsLoaded=!0,gform.callIfLoaded(o)}),window.addEventListener(\"DOMContentLoaded\",()=>{gform.domLoaded=!0,gform.callIfLoaded(o)}))},hooks:{action:{},filter:{}},addAction:function(o,r,e,t){gform.addHook(\"action\",o,r,e,t)},addFilter:function(o,r,e,t){gform.addHook(\"filter\",o,r,e,t)},doAction:function(o){gform.doHook(\"action\",o,arguments)},applyFilters:function(o){return gform.doHook(\"filter\",o,arguments)},removeAction:function(o,r){gform.removeHook(\"action\",o,r)},removeFilter:function(o,r,e){gform.removeHook(\"filter\",o,r,e)},addHook:function(o,r,e,t,n){null==gform.hooks[o][r]&&(gform.hooks[o][r]=[]);var d=gform.hooks[o][r];null==n&&(n=r+\"_\"+d.length),gform.hooks[o][r].push({tag:n,callable:e,priority:t=null==t?10:t})},doHook:function(r,o,e){var t;if(e=Array.prototype.slice.call(e,1),null!=gform.hooks[r][o]&&((o=gform.hooks[r][o]).sort(function(o,r){return o.priority-r.priority}),o.forEach(function(o){\"function\"!=typeof(t=o.callable)&&(t=window[t]),\"action\"==r?t.apply(null,e):e[0]=t.apply(null,e)})),\"filter\"==r)return e[0]},removeHook:function(o,r,t,n){var e;null!=gform.hooks[o][r]&&(e=(e=gform.hooks[o][r]).filter(function(o,r,e){return!!(null!=n&&n!=o.tag||null!=t&&t!=o.priority)}),gform.hooks[o][r]=e)}});\n<\/script>\n\n                <div class='gf_browser_gecko gform_wrapper gravity-theme gform-theme--no-framework' data-form-theme='gravity-theme' data-form-index='0' id='gform_wrapper_5' >\n                        <div class='gform_heading'>\n                            <h2 class=\"gform_title\">Medlemsn\u00e4tverk<\/h2>\n                            <p class='gform_description'><\/p>\n                        <\/div><form method='post' enctype='multipart\/form-data'  id='gform_5'  action='\/api\/wp\/v2\/pages\/1633' data-formid='5' novalidate>\n                        <div class='gform-body gform_body'><div id='gform_fields_5' class='gform_fields top_label form_sublabel_below description_below validation_below'><div id=\"field_5_14\" class=\"gfield gfield--type-text gfield--width-full field_sublabel_below gfield--no-description field_description_below field_validation_below gfield_visibility_visible\"  ><label class='gfield_label gform-field-label' for='input_5_14'>F\u00f6r- och efternamn<\/label><div class='ginput_container ginput_container_text'><input name='input_14' id='input_5_14' type='text' value='' class='large'      aria-invalid=\"false\"   \/><\/div><\/div><div id=\"field_5_11\" class=\"gfield gfield--type-email field_sublabel_below gfield--no-description field_description_below field_validation_below gfield_visibility_visible\"  ><label class='gfield_label gform-field-label' for='input_5_11'>E-post<\/label><div class='ginput_container ginput_container_email'>\n                            <input name='input_11' id='input_5_11' type='email' value='' class='large'     aria-invalid=\"false\"  \/>\n                        <\/div><\/div><fieldset id=\"field_5_3\" class=\"gfield gfield--type-checkbox gfield--type-choice gfield--width-full field_sublabel_below gfield--no-description field_description_below field_validation_below gfield_visibility_visible\"  ><legend class='gfield_label gform-field-label gfield_label_before_complex' >Kryssa i de medlemsn\u00e4tverk som ni \u00f6nskar bli medlem i<\/legend><div class='ginput_container ginput_container_checkbox'><div class='gfield_checkbox ' id='input_5_3'><div class='gchoice gchoice_5_3_1'>\n\t\t\t\t\t\t\t\t<input class='gfield-choice-input' name='input_3.1' type='checkbox'  value='Omst\u00e4llningsgruppen'  id='choice_5_3_1'   \/>\n\t\t\t\t\t\t\t\t<label for='choice_5_3_1' id='label_5_3_1' class='gform-field-label gform-field-label--type-inline'>Omst\u00e4llningsgruppen<\/label>\n\t\t\t\t\t\t\t<\/div><div class='gchoice gchoice_5_3_2'>\n\t\t\t\t\t\t\t\t<input class='gfield-choice-input' name='input_3.2' type='checkbox'  value='V\u00e5rdbemanningsn\u00e4tverket'  id='choice_5_3_2'   \/>\n\t\t\t\t\t\t\t\t<label for='choice_5_3_2' id='label_5_3_2' class='gform-field-label gform-field-label--type-inline'>V\u00e5rdbemanningsn\u00e4tverket<\/label>\n\t\t\t\t\t\t\t<\/div><div class='gchoice gchoice_5_3_3'>\n\t\t\t\t\t\t\t\t<input class='gfield-choice-input' name='input_3.3' type='checkbox'  value='Arbetsmilj\u00f6n\u00e4tverket'  id='choice_5_3_3'   \/>\n\t\t\t\t\t\t\t\t<label for='choice_5_3_3' id='label_5_3_3' class='gform-field-label gform-field-label--type-inline'>Arbetsmilj\u00f6n\u00e4tverket<\/label>\n\t\t\t\t\t\t\t<\/div><div class='gchoice gchoice_5_3_4'>\n\t\t\t\t\t\t\t\t<input class='gfield-choice-input' name='input_3.4' type='checkbox'  value='Kommunikationsn\u00e4tverket'  id='choice_5_3_4'   \/>\n\t\t\t\t\t\t\t\t<label for='choice_5_3_4' id='label_5_3_4' class='gform-field-label gform-field-label--type-inline'>Kommunikationsn\u00e4tverket<\/label>\n\t\t\t\t\t\t\t<\/div><\/div><\/div><\/fieldset><fieldset id=\"field_5_13\" class=\"gfield gfield--type-consent gfield--type-choice gfield--input-type-consent field_sublabel_below gfield--no-description field_description_below field_validation_below gfield_visibility_visible\"  ><legend class='gfield_label gform-field-label gfield_label_before_complex' >Samtycke<\/legend><div class='ginput_container ginput_container_consent'><input name='input_13.1' id='input_5_13_1' type='checkbox' value='1'    aria-invalid=\"false\"   \/> <label class=\"gform-field-label gform-field-label--type-inline gfield_consent_label\" for='input_5_13_1' >Jag godk\u00e4nner Kompetensf\u00f6retagens <a href=\"https:\/\/www.kompetensforetagen.se\/om-webbplatsen\/\" target=\"_blank\">dataskyddspolicy<\/a><\/label><input type='hidden' name='input_13.2' value='Jag godk\u00e4nner Kompetensf\u00f6retagens &lt;a href=&quot;https:\/\/www.kompetensforetagen.se\/om-webbplatsen\/&quot; target=&quot;_blank&quot;&gt;dataskyddspolicy&lt;\/a&gt;' class='gform_hidden' \/><input type='hidden' name='input_13.3' value='3' class='gform_hidden' \/><\/div><\/fieldset><\/div><\/div>\n        <div class='gform-footer gform_footer top_label'> <input type='submit' id='gform_submit_button_5' class='gform_button button' onclick='gform.submission.handleButtonClick(this);' data-submission-type='submit' value='Skicka'  \/> \n            <input type='hidden' class='gform_hidden' name='gform_submission_method' data-js='gform_submission_method_5' value='postback' \/>\n            <input type='hidden' class='gform_hidden' name='gform_theme' data-js='gform_theme_5' id='gform_theme_5' value='gravity-theme' \/>\n            <input type='hidden' class='gform_hidden' name='gform_style_settings' data-js='gform_style_settings_5' id='gform_style_settings_5' value='{&quot;inputPrimaryColor&quot;:&quot;#204ce5&quot;}' \/>\n            <input type='hidden' class='gform_hidden' name='is_submit_5' value='1' \/>\n            <input type='hidden' class='gform_hidden' name='gform_submit' value='5' \/>\n            \n            <input type='hidden' class='gform_hidden' name='gform_currency' data-currency='SEK' value='99mzf4VC+r6BV0eLvvkL9t29GJa1IZruwPPnPk188CRQF18v0Ca15nRIdSlaYYr2kErfqgzbCU5j0hnadYycMgo2wzedDRR3Lgs4MDtD6Yp5q\/8=' \/>\n            <input type='hidden' class='gform_hidden' name='gform_unique_id' value='' \/>\n            <input type='hidden' class='gform_hidden' name='state_5' value='WyJ7XCIxMy4xXCI6XCI2YmRiMzI2MGRmNjM1YmI5MjM1NGMwZjg2NzZkODJiNVwiLFwiMTMuMlwiOlwiMzQyYmFjOTlkYmUyMzliNmU4NDg4NmIxOTJhMWRlOTZcIixcIjEzLjNcIjpcImEyYWExYThiNmExYjUwZWQ0MzBiMDg2NTc5NzZhYjE5XCJ9IiwiZWI4MmE2NDdkYzZlYWVlN2FmMDhmYzc0YjA4OWVlZDIiXQ==' \/>\n            <input type='hidden' autocomplete='off' class='gform_hidden' name='gform_target_page_number_5' id='gform_target_page_number_5' value='0' \/>\n            <input type='hidden' autocomplete='off' class='gform_hidden' name='gform_source_page_number_5' id='gform_source_page_number_5' value='1' \/>\n            <input type='hidden' name='gform_field_values' value='' \/>\n            \n        <\/div>\n                        <\/form>\n                        <\/div><script>\ngform.initializeOnLoaded( function() {gformInitSpinner( 5, 'https:\/\/www.kompetensforetagen.se\/app\/plugins\/gravityforms\/images\/spinner.svg', true );jQuery('#gform_ajax_frame_5').on('load',function(){var contents = jQuery(this).contents().find('*').html();var is_postback = contents.indexOf('GF_AJAX_POSTBACK') >= 0;if(!is_postback){return;}var form_content = jQuery(this).contents().find('#gform_wrapper_5');var is_confirmation = jQuery(this).contents().find('#gform_confirmation_wrapper_5').length > 0;var is_redirect = contents.indexOf('gformRedirect(){') >= 0;var is_form = form_content.length > 0 && ! is_redirect && ! is_confirmation;var mt = parseInt(jQuery('html').css('margin-top'), 10) + parseInt(jQuery('body').css('margin-top'), 10) + 100;if(is_form){jQuery('#gform_wrapper_5').html(form_content.html());if(form_content.hasClass('gform_validation_error')){jQuery('#gform_wrapper_5').addClass('gform_validation_error');} else {jQuery('#gform_wrapper_5').removeClass('gform_validation_error');}setTimeout( function() { \/* delay the scroll by 50 milliseconds to fix a bug in chrome *\/  }, 50 );if(window['gformInitDatepicker']) {gformInitDatepicker();}if(window['gformInitPriceFields']) {gformInitPriceFields();}var current_page = jQuery('#gform_source_page_number_5').val();gformInitSpinner( 5, 'https:\/\/www.kompetensforetagen.se\/app\/plugins\/gravityforms\/images\/spinner.svg', true );jQuery(document).trigger('gform_page_loaded', [5, current_page]);window['gf_submitting_5'] = false;}else if(!is_redirect){var confirmation_content = jQuery(this).contents().find('.GF_AJAX_POSTBACK').html();if(!confirmation_content){confirmation_content = contents;}jQuery('#gform_wrapper_5').replaceWith(confirmation_content);jQuery(document).trigger('gform_confirmation_loaded', [5]);window['gf_submitting_5'] = false;wp.a11y.speak(jQuery('#gform_confirmation_message_5').text());}else{jQuery('#gform_5').append(contents);if(window['gformRedirect']) {gformRedirect();}}jQuery(document).trigger(\"gform_pre_post_render\", [{ formId: \"5\", currentPage: \"current_page\", abort: function() { this.preventDefault(); } }]);        if (event && event.defaultPrevented) {                return;        }        const gformWrapperDiv = document.getElementById( \"gform_wrapper_5\" );        if ( gformWrapperDiv ) {            const visibilitySpan = document.createElement( \"span\" );            visibilitySpan.id = \"gform_visibility_test_5\";            gformWrapperDiv.insertAdjacentElement( \"afterend\", visibilitySpan );        }        const visibilityTestDiv = document.getElementById( \"gform_visibility_test_5\" );        let postRenderFired = false;        function triggerPostRender() {            if ( postRenderFired ) {                return;            }            postRenderFired = true;            gform.core.triggerPostRenderEvents( 5, current_page );            if ( visibilityTestDiv ) {                visibilityTestDiv.parentNode.removeChild( visibilityTestDiv );            }        }        function debounce( func, wait, immediate ) {            var timeout;            return function() {                var context = this, args = arguments;                var later = function() {                    timeout = null;                    if ( !immediate ) func.apply( context, args );                };                var callNow = immediate && !timeout;                clearTimeout( timeout );                timeout = setTimeout( later, wait );                if ( callNow ) func.apply( context, args );            };        }        const debouncedTriggerPostRender = debounce( function() {            triggerPostRender();        }, 200 );        if ( visibilityTestDiv && visibilityTestDiv.offsetParent === null ) {            const observer = new MutationObserver( ( mutations ) => {                mutations.forEach( ( mutation ) => {                    if ( mutation.type === 'attributes' && visibilityTestDiv.offsetParent !== null ) {                        debouncedTriggerPostRender();                        observer.disconnect();                    }                });            });            observer.observe( document.body, {                attributes: true,                childList: false,                subtree: true,                attributeFilter: [ 'style', 'class' ],            });        } else {            triggerPostRender();        }    } );} );\n<\/script>\n<\/div>\n<\/div>\n<\/div>\n<\/div>\n","protected":false},"excerpt":{"rendered":"<p>AF- och omst\u00e4llningsn\u00e4tverket Omst\u00e4llningsgruppen best\u00e5r av vd, aff\u00e4rsomr\u00e5deschefer, leveransansvariga, s\u00e4ljchefer, bid managers och andra som arbetar med omst\u00e4llningstj\u00e4nster mot fr\u00e4mst&nbsp;Arbetsf\u00f6rmedlingen,&nbsp;TSL&nbsp;och&nbsp;TRR. \u00c4ven andra offentliga organ som k\u00f6per in omst\u00e4llningstj\u00e4nster behandlas, bland annat kommuner. Omst\u00e4llningsgruppen g\u00e4stas ofta &hellip;<\/p>\n","protected":false},"author":169,"featured_media":0,"parent":0,"menu_order":12,"comment_status":"closed","ping_status":"closed","template":"","meta":{"_acf_changed":false,"footnotes":""},"article_type":[],"agreement":[],"for-members":[],"class_list":["post-1633","page","type-page","status-publish","hentry"],"acf":[],"yoast_head":"<!-- This site is optimized with the Yoast SEO Premium plugin v26.8 (Yoast SEO v26.8) - https:\/\/yoast.com\/product\/yoast-seo-premium-wordpress\/ -->\n<title>Kompetensf\u00f6retagens medlemsn\u00e4tverk<\/title>\n<meta name=\"description\" content=\"Medlemsf\u00f6retagen har m\u00f6jlighet att ing\u00e5 i ett eller flera av Kompetensf\u00f6retagens medlemsn\u00e4tverk och diskutera fr\u00e5gor som r\u00f6r hela branschen.\" \/>\n<meta name=\"robots\" content=\"index, follow, max-snippet:-1, max-image-preview:large, max-video-preview:-1\" \/>\n<link rel=\"canonical\" href=\"https:\/\/www.kompetensforetagen.se\/kompetensforetagens-medlemsnatverk\/\" \/>\n<meta property=\"og:locale\" content=\"sv_SE\" \/>\n<meta property=\"og:type\" content=\"article\" \/>\n<meta property=\"og:title\" content=\"Medlemsn\u00e4tverk\" \/>\n<meta property=\"og:description\" content=\"Medlemsf\u00f6retagen har m\u00f6jlighet att ing\u00e5 i ett eller flera av Kompetensf\u00f6retagens medlemsn\u00e4tverk och diskutera fr\u00e5gor som r\u00f6r hela branschen.\" \/>\n<meta property=\"og:url\" content=\"https:\/\/www.kompetensforetagen.se\/kompetensforetagens-medlemsnatverk\/\" \/>\n<meta property=\"og:site_name\" content=\"Kompetensf\u00f6retagen\" \/>\n<meta property=\"article:modified_time\" content=\"2026-04-01T11:21:35+00:00\" \/>\n<meta name=\"twitter:card\" content=\"summary_large_image\" \/>\n<meta name=\"twitter:label1\" content=\"Ber\u00e4knad l\u00e4stid\" \/>\n\t<meta name=\"twitter:data1\" content=\"2 minuter\" \/>\n<script type=\"application\/ld+json\" class=\"yoast-schema-graph\">{\"@context\":\"https:\/\/schema.org\",\"@graph\":[{\"@type\":\"WebPage\",\"@id\":\"https:\/\/www.kompetensforetagen.se\/kompetensforetagens-medlemsnatverk\/\",\"url\":\"https:\/\/www.kompetensforetagen.se\/kompetensforetagens-medlemsnatverk\/\",\"name\":\"Kompetensf\u00f6retagens medlemsn\u00e4tverk\",\"isPartOf\":{\"@id\":\"https:\/\/www.kompetensforetagen.se\/#website\"},\"datePublished\":\"2018-05-03T13:44:30+00:00\",\"dateModified\":\"2026-04-01T11:21:35+00:00\",\"description\":\"Medlemsf\u00f6retagen har m\u00f6jlighet att ing\u00e5 i ett eller flera av Kompetensf\u00f6retagens medlemsn\u00e4tverk och diskutera fr\u00e5gor som r\u00f6r hela branschen.\",\"breadcrumb\":{\"@id\":\"https:\/\/www.kompetensforetagen.se\/kompetensforetagens-medlemsnatverk\/#breadcrumb\"},\"inLanguage\":\"sv-SE\",\"potentialAction\":[{\"@type\":\"ReadAction\",\"target\":[\"https:\/\/www.kompetensforetagen.se\/kompetensforetagens-medlemsnatverk\/\"]}]},{\"@type\":\"BreadcrumbList\",\"@id\":\"https:\/\/www.kompetensforetagen.se\/kompetensforetagens-medlemsnatverk\/#breadcrumb\",\"itemListElement\":[{\"@type\":\"ListItem\",\"position\":1,\"name\":\"Home\",\"item\":\"https:\/\/www.kompetensforetagen.se\/\"},{\"@type\":\"ListItem\",\"position\":2,\"name\":\"Medlemsn\u00e4tverk\"}]},{\"@type\":\"WebSite\",\"@id\":\"https:\/\/www.kompetensforetagen.se\/#website\",\"url\":\"https:\/\/www.kompetensforetagen.se\/\",\"name\":\"Kompetensf\u00f6retagen\",\"description\":\"R\u00e4tt person p\u00e5 r\u00e4tt plats kan f\u00f6r\u00e4ndra v\u00e4rlden\",\"publisher\":{\"@id\":\"https:\/\/www.kompetensforetagen.se\/#organization\"},\"potentialAction\":[{\"@type\":\"SearchAction\",\"target\":{\"@type\":\"EntryPoint\",\"urlTemplate\":\"https:\/\/www.kompetensforetagen.se\/?s={search_term_string}\"},\"query-input\":{\"@type\":\"PropertyValueSpecification\",\"valueRequired\":true,\"valueName\":\"search_term_string\"}}],\"inLanguage\":\"sv-SE\"},{\"@type\":\"Organization\",\"@id\":\"https:\/\/www.kompetensforetagen.se\/#organization\",\"name\":\"Kompetensf\u00f6retagen\",\"url\":\"https:\/\/www.kompetensforetagen.se\/\",\"logo\":{\"@type\":\"ImageObject\",\"inLanguage\":\"sv-SE\",\"@id\":\"https:\/\/www.kompetensforetagen.se\/#\/schema\/logo\/image\/\",\"url\":\"https:\/\/www.kompetensforetagen.se\/app\/uploads\/sites\/5\/2022\/10\/logga_svart.png\",\"contentUrl\":\"https:\/\/www.kompetensforetagen.se\/app\/uploads\/sites\/5\/2022\/10\/logga_svart.png\",\"width\":752,\"height\":64,\"caption\":\"Kompetensf\u00f6retagen\"},\"image\":{\"@id\":\"https:\/\/www.kompetensforetagen.se\/#\/schema\/logo\/image\/\"},\"sameAs\":[\"https:\/\/www.linkedin.com\/company\/10540032\/\"]}]}<\/script>\n<!-- \/ Yoast SEO Premium plugin. -->","yoast_head_json":{"title":"Kompetensf\u00f6retagens medlemsn\u00e4tverk","description":"Medlemsf\u00f6retagen har m\u00f6jlighet att ing\u00e5 i ett eller flera av Kompetensf\u00f6retagens medlemsn\u00e4tverk och diskutera fr\u00e5gor som r\u00f6r hela branschen.","robots":{"index":"index","follow":"follow","max-snippet":"max-snippet:-1","max-image-preview":"max-image-preview:large","max-video-preview":"max-video-preview:-1"},"canonical":"https:\/\/www.kompetensforetagen.se\/kompetensforetagens-medlemsnatverk\/","og_locale":"sv_SE","og_type":"article","og_title":"Medlemsn\u00e4tverk","og_description":"Medlemsf\u00f6retagen har m\u00f6jlighet att ing\u00e5 i ett eller flera av Kompetensf\u00f6retagens medlemsn\u00e4tverk och diskutera fr\u00e5gor som r\u00f6r hela branschen.","og_url":"https:\/\/www.kompetensforetagen.se\/kompetensforetagens-medlemsnatverk\/","og_site_name":"Kompetensf\u00f6retagen","article_modified_time":"2026-04-01T11:21:35+00:00","twitter_card":"summary_large_image","twitter_misc":{"Ber\u00e4knad l\u00e4stid":"2 minuter"},"schema":{"@context":"https:\/\/schema.org","@graph":[{"@type":"WebPage","@id":"https:\/\/www.kompetensforetagen.se\/kompetensforetagens-medlemsnatverk\/","url":"https:\/\/www.kompetensforetagen.se\/kompetensforetagens-medlemsnatverk\/","name":"Kompetensf\u00f6retagens medlemsn\u00e4tverk","isPartOf":{"@id":"https:\/\/www.kompetensforetagen.se\/#website"},"datePublished":"2018-05-03T13:44:30+00:00","dateModified":"2026-04-01T11:21:35+00:00","description":"Medlemsf\u00f6retagen har m\u00f6jlighet att ing\u00e5 i ett eller flera av Kompetensf\u00f6retagens medlemsn\u00e4tverk och diskutera fr\u00e5gor som r\u00f6r hela branschen.","breadcrumb":{"@id":"https:\/\/www.kompetensforetagen.se\/kompetensforetagens-medlemsnatverk\/#breadcrumb"},"inLanguage":"sv-SE","potentialAction":[{"@type":"ReadAction","target":["https:\/\/www.kompetensforetagen.se\/kompetensforetagens-medlemsnatverk\/"]}]},{"@type":"BreadcrumbList","@id":"https:\/\/www.kompetensforetagen.se\/kompetensforetagens-medlemsnatverk\/#breadcrumb","itemListElement":[{"@type":"ListItem","position":1,"name":"Home","item":"https:\/\/www.kompetensforetagen.se\/"},{"@type":"ListItem","position":2,"name":"Medlemsn\u00e4tverk"}]},{"@type":"WebSite","@id":"https:\/\/www.kompetensforetagen.se\/#website","url":"https:\/\/www.kompetensforetagen.se\/","name":"Kompetensf\u00f6retagen","description":"R\u00e4tt person p\u00e5 r\u00e4tt plats kan f\u00f6r\u00e4ndra v\u00e4rlden","publisher":{"@id":"https:\/\/www.kompetensforetagen.se\/#organization"},"potentialAction":[{"@type":"SearchAction","target":{"@type":"EntryPoint","urlTemplate":"https:\/\/www.kompetensforetagen.se\/?s={search_term_string}"},"query-input":{"@type":"PropertyValueSpecification","valueRequired":true,"valueName":"search_term_string"}}],"inLanguage":"sv-SE"},{"@type":"Organization","@id":"https:\/\/www.kompetensforetagen.se\/#organization","name":"Kompetensf\u00f6retagen","url":"https:\/\/www.kompetensforetagen.se\/","logo":{"@type":"ImageObject","inLanguage":"sv-SE","@id":"https:\/\/www.kompetensforetagen.se\/#\/schema\/logo\/image\/","url":"https:\/\/www.kompetensforetagen.se\/app\/uploads\/sites\/5\/2022\/10\/logga_svart.png","contentUrl":"https:\/\/www.kompetensforetagen.se\/app\/uploads\/sites\/5\/2022\/10\/logga_svart.png","width":752,"height":64,"caption":"Kompetensf\u00f6retagen"},"image":{"@id":"https:\/\/www.kompetensforetagen.se\/#\/schema\/logo\/image\/"},"sameAs":["https:\/\/www.linkedin.com\/company\/10540032\/"]}]}},"_links":{"self":[{"href":"https:\/\/www.kompetensforetagen.se\/api\/wp\/v2\/pages\/1633","targetHints":{"allow":["GET"]}}],"collection":[{"href":"https:\/\/www.kompetensforetagen.se\/api\/wp\/v2\/pages"}],"about":[{"href":"https:\/\/www.kompetensforetagen.se\/api\/wp\/v2\/types\/page"}],"author":[{"embeddable":true,"href":"https:\/\/www.kompetensforetagen.se\/api\/wp\/v2\/users\/169"}],"replies":[{"embeddable":true,"href":"https:\/\/www.kompetensforetagen.se\/api\/wp\/v2\/comments?post=1633"}],"version-history":[{"count":29,"href":"https:\/\/www.kompetensforetagen.se\/api\/wp\/v2\/pages\/1633\/revisions"}],"predecessor-version":[{"id":21446,"href":"https:\/\/www.kompetensforetagen.se\/api\/wp\/v2\/pages\/1633\/revisions\/21446"}],"wp:attachment":[{"href":"https:\/\/www.kompetensforetagen.se\/api\/wp\/v2\/media?parent=1633"}],"wp:term":[{"taxonomy":"type","embeddable":true,"href":"https:\/\/www.kompetensforetagen.se\/api\/wp\/v2\/article_type?post=1633"},{"taxonomy":"agreement","embeddable":true,"href":"https:\/\/www.kompetensforetagen.se\/api\/wp\/v2\/agreement?post=1633"},{"taxonomy":"for-members","embeddable":true,"href":"https:\/\/www.kompetensforetagen.se\/api\/wp\/v2\/for-members?post=1633"}],"curies":[{"name":"wp","href":"https:\/\/api.w.org\/{rel}","templated":true}]}}