{"id":13805,"date":"2023-06-14T09:38:47","date_gmt":"2023-06-14T07:38:47","guid":{"rendered":"https:\/\/dev.kompetensforetagen.se\/?page_id=13805"},"modified":"2024-03-11T14:20:49","modified_gmt":"2024-03-11T13:20:49","slug":"kop-och-anvandarvillkor","status":"publish","type":"page","link":"https:\/\/www.kompetensforetagen.se\/butik\/kop-och-anvandarvillkor\/","title":{"rendered":"K\u00f6p- och anv\u00e4ndarvillkor"},"content":{"rendered":"<div id=\"block-hero-block_979b2e2f14652e417fcae459603e4e9e\" class=\"Hero has-primary-background-color\">\n\n    \n  <div class=\"Hero__inner container has-primary-background-color has-arrow\">\n              <div class=\"Hero__title\">\n          <h1>K\u00f6p- och anv\u00e4ndarvillkor<\/h1>\n        <\/div>\n                                <div class=\"Hero__arrow\">\n          <svg class='icon icon--squiggly-arrow'  width=\"282\" height=\"302\" viewBox=\"0 0 282 302\" fill=\"none\" xmlns=\"http:\/\/www.w3.org\/2000\/svg\">\n<path d=\"M108.429 281.19L129.837 295.44L143.97 274.186\" stroke=\"black\" stroke-width=\"4\" stroke-miterlimit=\"10\"\/>\n<path d=\"M43.8871 68.0497C53.3269 84.3998 70.0075 95.6755 88.6244 97.6784C107.24 99.6801 125.826 95.0068 144.209 91.4645C162.592 87.9216 182.067 85.5682 199.674 91.9481C220.515 99.5002 236.316 120.278 236.492 142.446C236.669 164.616 220.178 186.234 198.428 190.49C188.558 192.423 177.815 190.842 169.542 185.112C161.271 179.382 155.88 169.284 156.859 159.269C158.292 144.577 173.761 133.512 188.444 135C203.126 136.491 215.468 148.757 219.176 163.047C222.881 177.337 218.804 192.932 210.416 205.072C202.027 217.212 189.703 226.187 176.514 232.804C167.472 237.341 157.931 240.877 149.144 245.889C140.356 250.899 132.161 257.651 127.746 266.755C123.333 275.858 126.637 283.983 129.929 295.386\" stroke=\"black\" stroke-width=\"4\" stroke-miterlimit=\"10\"\/>\n<\/svg>\n\n          <\/div>\n        <\/div>\n<\/div>\n\n\n<div class=\"wp-block wp-block-core-heading\" id=\"anvandarvillkor\">\n<h3 class=\"wp-block-heading\">Anv\u00e4ndarvillkor<\/h3>\n<\/div>\n\n<div class=\"wp-block wp-block-core-paragraph\">\n<p><strong>Allt tillg\u00e4ngligt material som ing\u00e5r i Kompetensf\u00f6retagens allm\u00e4nna best\u00e4mmelser&nbsp;\u00e4r framtaget av Kompetensf\u00f6retagen. M\u00e5ngfaldigande av materialet \u00e4r enligt lagen om upphovsr\u00e4tt 1960:729 f\u00f6rbjuden.&nbsp;<br><\/strong>Anv\u00e4ndare av materialet f\u00e5r inte&nbsp;kopiera, trycka, duplicera, eller genom mellanlagring hantera avtalen elektroniskt.<\/p>\n<\/div>\n\n<div class=\"wp-block wp-block-core-heading\" id=\"anvandarvillkor-for-prenumeration-pa-kompetensforetagens-allmanna-bestammelser\">\n<h3 class=\"wp-block-heading\">Anv\u00e4ndarvillkor f\u00f6r prenumeration p\u00e5 Kompetensf\u00f6retagens allm\u00e4nna best\u00e4mmelser<\/h3>\n<\/div>\n\n<div class=\"wp-block wp-block-core-paragraph\">\n<p><strong>1. Allm\u00e4nt<\/strong><\/p>\n<\/div>\n\n<div class=\"wp-block wp-block-core-paragraph\">\n<p>Kompetensf\u00f6retagen tillhandah\u00e5ller via denna webbshop en prenumerationsbaserad digital tj\u00e4nst, i anv\u00e4ndarvillkoren nedan kallat Tj\u00e4nsten, som ger tillg\u00e5ng till nedladdning av samtliga Kompetensf\u00f6retagens allm\u00e4nna best\u00e4mmelser.<\/p>\n<\/div>\n\n<div class=\"wp-block wp-block-core-paragraph\">\n<p>I anv\u00e4ndarvillkoren nedan kallas det f\u00f6retag eller organisation som best\u00e4ller abonnemangstj\u00e4nsten f\u00f6r F\u00f6retaget och Kompetensf\u00f6retagen (organisationsnummer 802414-4324) f\u00f6r Kompetensf\u00f6retagen.<\/p>\n<\/div>\n\n<div class=\"wp-block wp-block-core-paragraph\">\n<p>F\u00f6retaget \u00e4ger r\u00e4tt att under g\u00e4llande prenumerationsperiod p\u00e5 nedan angivna villkor l\u00e5ta F\u00f6retagets anst\u00e4llda anv\u00e4nda Tj\u00e4nsten beskriven i punkt 2. De som anv\u00e4nder Tj\u00e4nsten kallas nedan Anv\u00e4ndare.<\/p>\n<\/div>\n\n<div class=\"wp-block wp-block-core-paragraph\">\n<p><strong>2.Tj\u00e4nsten<\/strong><\/p>\n<\/div>\n\n<div class=\"wp-block wp-block-core-paragraph\">\n<p>Direkt efter att Anv\u00e4ndaren via denna webbshop best\u00e4llt Tj\u00e4nsten och accepterat dessa anv\u00e4ndarvilllkor f\u00e5r Anv\u00e4ndaren tillg\u00e5ng till det inneh\u00e5ll som vid var tidpunkt tillhandah\u00e5lls i Kompetensf\u00f6retagens webbutik. Tj\u00e4nsten och dess inneh\u00e5ll kan i framtiden fr\u00e5n tid till annan komma att bytas ut. Byte, \u00e4ndring eller uppdatering av Tj\u00e4nstens inneh\u00e5ll samt \u00e4ndringar i hur Kompetensf\u00f6retagens webbutik i \u00f6vrigt ser ut ska inte anses utg\u00f6ra en \u00e4ndring av anv\u00e4ndarvillkoren eller av Tj\u00e4nsten. Anv\u00e4ndaren m\u00e5ste, f\u00f6r att kunna nyttja Tj\u00e4nsten, registrera ett anv\u00e4ndarkonto p\u00e5 webbshoppen. F\u00f6retaget l\u00f6ser ett abonnemang kopplat till en anv\u00e4ndare. Anv\u00e4ndaren ansvarar f\u00f6r all anv\u00e4ndning av Tj\u00e4nsten som sker genom Anv\u00e4ndarens anv\u00e4ndarkonto.<\/p>\n<\/div>\n\n<div class=\"wp-block wp-block-core-paragraph\">\n<p>Tj\u00e4nsten omfattar digital tillg\u00e5ng till de av Kompetensf\u00f6retagen utgivna allm\u00e4nna best\u00e4mmelser som vid var tid finns publicerade p\u00e5 webbshoppen.<\/p>\n<\/div>\n\n<div class=\"wp-block wp-block-core-paragraph\">\n<p><strong>3.Till\u00e5ten anv\u00e4ndning av Tj\u00e4nsten<\/strong><\/p>\n<\/div>\n\n<div class=\"wp-block wp-block-core-paragraph\">\n<p>F\u00f6retaget \u00e4ger r\u00e4tt att under g\u00e4llande abonnemangsperiod s\u00e4nda allm\u00e4nna best\u00e4mmelserna i samband med offertgivning och\/eller avtalsf\u00f6rhandlingar till kund, presumtiv kund eller samarbetspartner. De allm\u00e4nna best\u00e4mmelserna f\u00e5r s\u00e4ndas elektroniskt eller utskrivna i pappersform.<\/p>\n<\/div>\n\n<div class=\"wp-block wp-block-core-paragraph\">\n<p>\u00c4r F\u00f6retaget advokatbyr\u00e5, juristfirma eller motsvarande konsultf\u00f6retag f\u00e5r de allm\u00e4nna best\u00e4mmelserna under g\u00e4llande prenumerationsperiod anv\u00e4ndas enbart i den egna verksamheten och i samband med r\u00e5dgivning \u00e5t kunder. De allm\u00e4nna best\u00e4mmelserna f\u00e5r inte skickas till s\u00e5dant F\u00f6retags kunder (klienter) f\u00f6r att denna ska anv\u00e4nda de allm\u00e4nna best\u00e4mmelserna mot sina kunder eller samarbetspartners.<\/p>\n<\/div>\n\n<div class=\"wp-block wp-block-core-paragraph\">\n<p><strong>4.F\u00f6retagets \u00e5tagande<\/strong><\/p>\n<\/div>\n\n<div class=\"wp-block wp-block-core-paragraph\">\n<p>F\u00f6retaget f\u00f6rbinder sig att:<\/p>\n<\/div>\n\n<div class=\"wp-block wp-block-core-paragraph\">\n<p>a) Tillse att endast anst\u00e4llda i F\u00f6retaget f\u00e5r tillg\u00e5ng till de allm\u00e4nna best\u00e4mmelserna via Tj\u00e4nsten,<\/p>\n<\/div>\n\n<div class=\"wp-block wp-block-core-paragraph\">\n<p>b) Tillse att&nbsp;<a>de allm\u00e4nna best\u00e4mmelserna<\/a>&nbsp;inte lagras elektroniskt annat \u00e4n i samband med till\u00e5ten anv\u00e4ndning enligt punkt 3,<\/p>\n<\/div>\n\n<div class=\"wp-block wp-block-core-paragraph\">\n<p>c) Tillse att de allm\u00e4nna best\u00e4mmelserna inte skrivs ut eller anv\u00e4nts i pappersform annat \u00e4n i samband med till\u00e5ten anv\u00e4ndning enligt punkt 3,<\/p>\n<\/div>\n\n<div class=\"wp-block wp-block-core-paragraph\">\n<p>d) Tillse att utskrivna allm\u00e4nna best\u00e4mmelser i pappersform inte anv\u00e4nds efter prenumerationsperiodens upph\u00f6rande,<\/p>\n<\/div>\n\n<div class=\"wp-block wp-block-core-paragraph\">\n<p>e) Tillse att de allm\u00e4nna best\u00e4mmelserna endast levereras i sin helhet, samt att<\/p>\n<\/div>\n\n<div class=\"wp-block wp-block-core-paragraph\">\n<p>f) Vid prenumerationsperiodens upph\u00f6rande se till att de allm\u00e4nna best\u00e4mmelserna inte finns tillg\u00e4ngliga i elektronisk form eller att det finns fr\u00e5n Tj\u00e4nsten utskrivna de allm\u00e4nna best\u00e4mmelserna p\u00e5 F\u00f6retagets kontor i pappersform.<\/p>\n<\/div>\n\n<div class=\"wp-block wp-block-core-paragraph\">\n<p><strong>5.Avgift<\/strong><\/p>\n<\/div>\n\n<div class=\"wp-block wp-block-core-paragraph\">\n<p>Prenumerationsavgiften betalas periodvis i f\u00f6rskott, via Webbplatsens f\u00f6reslagna betals\u00e4tt, f\u00f6r respektive abonnemangsperiod. Kompetensf\u00f6retagen \u00e4ger r\u00e4tt att \u00e4ndra avgiften under f\u00f6ruts\u00e4ttning att F\u00f6retaget aviserats d\u00e4rom senast en m\u00e5nad i f\u00f6rv\u00e4g. Den nya avgiften g\u00e4ller fr\u00e5n och med n\u00e4r abonnemangsperioden f\u00f6rl\u00e4ngs.<\/p>\n<\/div>\n\n<div class=\"wp-block wp-block-core-paragraph\">\n<p><strong>6. Prenumerationsperiod och upps\u00e4gning<\/strong><\/p>\n<\/div>\n\n<div class=\"wp-block wp-block-core-paragraph\">\n<p>Prenumerationsperioden f\u00f6rl\u00e4ngs automatiskt med 1 (ett) \u00e5r i taget. Vill man avsluta abonnemanget g\u00f6rs detta av F\u00f6retaget via kontot i webbshoppen senast 1 (en) m\u00e5nad f\u00f6re abonnemangsperiodens utg\u00e5ng. Om du avbryter din betalning innan ditt nuvarande abonnemang g\u00e5tt ut kommer du inte att \u00e5terbetalas f\u00f6r resten av innevarande abonnemangsperiod som redan betalats. Kompetensf\u00f6retagen f\u00e5r s\u00e4ga upp abonnemanget med omedelbar verkan om F\u00f6retaget bryter mot anv\u00e4ndarvillkoren eller inte betalt f\u00f6rfallna avgifter och inte vidtagit r\u00e4ttelse inom 15 arbetsdagar efter beg\u00e4ran om s\u00e5dan r\u00e4ttelse fr\u00e5n Kompetensf\u00f6retagen.<\/p>\n<\/div>\n\n<div class=\"wp-block wp-block-core-paragraph\">\n<p><strong>7.\u00c4ndrade villkor<\/strong><\/p>\n<\/div>\n\n<div class=\"wp-block wp-block-core-paragraph\">\n<p>Kompetensf\u00f6retagen \u00e4ger r\u00e4tt att \u00e4ndra anv\u00e4ndarvillkoren under f\u00f6ruts\u00e4ttning att F\u00f6retaget aviserats d\u00e4rom senast tre m\u00e5nader i f\u00f6rv\u00e4g. De \u00e4ndrade villkoren g\u00e4ller fr\u00e5n och med n\u00e4r abonnemangsperioden f\u00f6rl\u00e4ngs.<\/p>\n<\/div>\n\n<div class=\"wp-block wp-block-core-paragraph\">\n<p><strong>8.Priser och betalning<\/strong><\/p>\n<\/div>\n\n<div class=\"wp-block wp-block-core-paragraph\">\n<p><strong>Priser<\/strong>: Priserna \u00e4r angivna i SEK exklusive g\u00e4llande moms.&nbsp;<\/p>\n<\/div>\n\n<div class=\"wp-block wp-block-core-paragraph\">\n<p><strong>Betalning<\/strong>: Betalningsvillkor: 30 dagar.<\/p>\n<\/div>\n\n<div class=\"wp-block wp-block-core-paragraph\">\n<p><strong>Personuppgifter<\/strong>: Personuppgifter som du l\u00e4mnat till oss kommer enbart att anv\u00e4ndas av oss p\u00e5 Kompetensf\u00f6retagen f\u00f6r att vi ska kunna beh\u00e5lla v\u00e5r kundrelation. Vill du g\u00f6ra n\u00e5gon \u00e4ndring av uppgifterna g\u00f6r du detta under Mitt konto-Kundinformation (ligger under ditt namn uppe till h\u00f6ger). Vill du bli borttagen ur registret g\u00f6r du det l\u00e4ttast genom att kontakta oss via&nbsp;<a href=\"mailto:info@kometensforetagen.se\">info@kompetensforetagen.se<\/a>. L\u00e4s mer om&nbsp;<a rel=\"noreferrer noopener\" href=\"https:\/\/www.almega.se\/dataskyddspolicy\/\" target=\"_blank\">Almegas dataskyddspolicy<\/a><\/p>\n<\/div>","protected":false},"excerpt":{"rendered":"<p>Anv\u00e4ndarvillkor Allt tillg\u00e4ngligt material som ing\u00e5r i Kompetensf\u00f6retagens allm\u00e4nna best\u00e4mmelser&nbsp;\u00e4r framtaget av Kompetensf\u00f6retagen. M\u00e5ngfaldigande av materialet \u00e4r enligt lagen om upphovsr\u00e4tt 1960:729 f\u00f6rbjuden.&nbsp;Anv\u00e4ndare av materialet f\u00e5r inte&nbsp;kopiera, trycka, duplicera, eller genom mellanlagring hantera avtalen elektroniskt. &hellip;<\/p>\n","protected":false},"author":1,"featured_media":0,"parent":12561,"menu_order":0,"comment_status":"closed","ping_status":"closed","template":"","meta":{"_acf_changed":false,"footnotes":""},"article_type":[],"agreement":[],"for-members":[],"class_list":["post-13805","page","type-page","status-publish","hentry"],"acf":[],"yoast_head":"<!-- This site is optimized with the Yoast SEO Premium plugin v26.8 (Yoast SEO v26.8) - https:\/\/yoast.com\/product\/yoast-seo-premium-wordpress\/ -->\n<title>K\u00f6p- och anv\u00e4ndarvillkor I Kompetensf\u00f6retagen<\/title>\n<meta name=\"description\" content=\"H\u00e4r hittar du k\u00f6p- och anv\u00e4ndarvillkor f\u00f6r Kompetensf\u00f6retagens popul\u00e4ra allm\u00e4nna best\u00e4mmelser.\" \/>\n<meta name=\"robots\" content=\"index, follow, max-snippet:-1, max-image-preview:large, max-video-preview:-1\" \/>\n<link rel=\"canonical\" href=\"https:\/\/www.kompetensforetagen.se\/butik\/kop-och-anvandarvillkor\/\" \/>\n<meta property=\"og:locale\" content=\"sv_SE\" \/>\n<meta property=\"og:type\" content=\"article\" \/>\n<meta property=\"og:title\" content=\"K\u00f6p- och anv\u00e4ndarvillkor\" \/>\n<meta property=\"og:description\" content=\"H\u00e4r hittar du k\u00f6p- och anv\u00e4ndarvillkor f\u00f6r Kompetensf\u00f6retagens popul\u00e4ra allm\u00e4nna best\u00e4mmelser.\" \/>\n<meta property=\"og:url\" content=\"https:\/\/www.kompetensforetagen.se\/butik\/kop-och-anvandarvillkor\/\" \/>\n<meta property=\"og:site_name\" content=\"Kompetensf\u00f6retagen\" \/>\n<meta property=\"article:modified_time\" content=\"2024-03-11T13:20:49+00:00\" \/>\n<meta name=\"twitter:card\" content=\"summary_large_image\" \/>\n<meta name=\"twitter:label1\" content=\"Ber\u00e4knad l\u00e4stid\" \/>\n\t<meta name=\"twitter:data1\" content=\"4 minuter\" \/>\n<script type=\"application\/ld+json\" class=\"yoast-schema-graph\">{\"@context\":\"https:\/\/schema.org\",\"@graph\":[{\"@type\":\"WebPage\",\"@id\":\"https:\/\/www.kompetensforetagen.se\/butik\/kop-och-anvandarvillkor\/\",\"url\":\"https:\/\/www.kompetensforetagen.se\/butik\/kop-och-anvandarvillkor\/\",\"name\":\"K\u00f6p- och anv\u00e4ndarvillkor I Kompetensf\u00f6retagen\",\"isPartOf\":{\"@id\":\"https:\/\/www.kompetensforetagen.se\/#website\"},\"datePublished\":\"2023-06-14T07:38:47+00:00\",\"dateModified\":\"2024-03-11T13:20:49+00:00\",\"description\":\"H\u00e4r hittar du k\u00f6p- och anv\u00e4ndarvillkor f\u00f6r Kompetensf\u00f6retagens popul\u00e4ra allm\u00e4nna best\u00e4mmelser.\",\"breadcrumb\":{\"@id\":\"https:\/\/www.kompetensforetagen.se\/butik\/kop-och-anvandarvillkor\/#breadcrumb\"},\"inLanguage\":\"sv-SE\",\"potentialAction\":[{\"@type\":\"ReadAction\",\"target\":[\"https:\/\/www.kompetensforetagen.se\/butik\/kop-och-anvandarvillkor\/\"]}]},{\"@type\":\"BreadcrumbList\",\"@id\":\"https:\/\/www.kompetensforetagen.se\/butik\/kop-och-anvandarvillkor\/#breadcrumb\",\"itemListElement\":[{\"@type\":\"ListItem\",\"position\":1,\"name\":\"Home\",\"item\":\"https:\/\/www.kompetensforetagen.se\/\"},{\"@type\":\"ListItem\",\"position\":2,\"name\":\"Webbutik\",\"item\":\"https:\/\/www.kompetensforetagen.se\/butik\/\"},{\"@type\":\"ListItem\",\"position\":3,\"name\":\"K\u00f6p- och anv\u00e4ndarvillkor\"}]},{\"@type\":\"WebSite\",\"@id\":\"https:\/\/www.kompetensforetagen.se\/#website\",\"url\":\"https:\/\/www.kompetensforetagen.se\/\",\"name\":\"Kompetensf\u00f6retagen\",\"description\":\"R\u00e4tt person p\u00e5 r\u00e4tt plats kan f\u00f6r\u00e4ndra v\u00e4rlden\",\"publisher\":{\"@id\":\"https:\/\/www.kompetensforetagen.se\/#organization\"},\"potentialAction\":[{\"@type\":\"SearchAction\",\"target\":{\"@type\":\"EntryPoint\",\"urlTemplate\":\"https:\/\/www.kompetensforetagen.se\/?s={search_term_string}\"},\"query-input\":{\"@type\":\"PropertyValueSpecification\",\"valueRequired\":true,\"valueName\":\"search_term_string\"}}],\"inLanguage\":\"sv-SE\"},{\"@type\":\"Organization\",\"@id\":\"https:\/\/www.kompetensforetagen.se\/#organization\",\"name\":\"Kompetensf\u00f6retagen\",\"url\":\"https:\/\/www.kompetensforetagen.se\/\",\"logo\":{\"@type\":\"ImageObject\",\"inLanguage\":\"sv-SE\",\"@id\":\"https:\/\/www.kompetensforetagen.se\/#\/schema\/logo\/image\/\",\"url\":\"https:\/\/www.kompetensforetagen.se\/app\/uploads\/sites\/5\/2022\/10\/logga_svart.png\",\"contentUrl\":\"https:\/\/www.kompetensforetagen.se\/app\/uploads\/sites\/5\/2022\/10\/logga_svart.png\",\"width\":752,\"height\":64,\"caption\":\"Kompetensf\u00f6retagen\"},\"image\":{\"@id\":\"https:\/\/www.kompetensforetagen.se\/#\/schema\/logo\/image\/\"},\"sameAs\":[\"https:\/\/www.linkedin.com\/company\/10540032\/\"]}]}<\/script>\n<!-- \/ Yoast SEO Premium plugin. -->","yoast_head_json":{"title":"K\u00f6p- och anv\u00e4ndarvillkor I Kompetensf\u00f6retagen","description":"H\u00e4r hittar du k\u00f6p- och anv\u00e4ndarvillkor f\u00f6r Kompetensf\u00f6retagens popul\u00e4ra allm\u00e4nna best\u00e4mmelser.","robots":{"index":"index","follow":"follow","max-snippet":"max-snippet:-1","max-image-preview":"max-image-preview:large","max-video-preview":"max-video-preview:-1"},"canonical":"https:\/\/www.kompetensforetagen.se\/butik\/kop-och-anvandarvillkor\/","og_locale":"sv_SE","og_type":"article","og_title":"K\u00f6p- och anv\u00e4ndarvillkor","og_description":"H\u00e4r hittar du k\u00f6p- och anv\u00e4ndarvillkor f\u00f6r Kompetensf\u00f6retagens popul\u00e4ra allm\u00e4nna best\u00e4mmelser.","og_url":"https:\/\/www.kompetensforetagen.se\/butik\/kop-och-anvandarvillkor\/","og_site_name":"Kompetensf\u00f6retagen","article_modified_time":"2024-03-11T13:20:49+00:00","twitter_card":"summary_large_image","twitter_misc":{"Ber\u00e4knad l\u00e4stid":"4 minuter"},"schema":{"@context":"https:\/\/schema.org","@graph":[{"@type":"WebPage","@id":"https:\/\/www.kompetensforetagen.se\/butik\/kop-och-anvandarvillkor\/","url":"https:\/\/www.kompetensforetagen.se\/butik\/kop-och-anvandarvillkor\/","name":"K\u00f6p- och anv\u00e4ndarvillkor I Kompetensf\u00f6retagen","isPartOf":{"@id":"https:\/\/www.kompetensforetagen.se\/#website"},"datePublished":"2023-06-14T07:38:47+00:00","dateModified":"2024-03-11T13:20:49+00:00","description":"H\u00e4r hittar du k\u00f6p- och anv\u00e4ndarvillkor f\u00f6r Kompetensf\u00f6retagens popul\u00e4ra allm\u00e4nna best\u00e4mmelser.","breadcrumb":{"@id":"https:\/\/www.kompetensforetagen.se\/butik\/kop-och-anvandarvillkor\/#breadcrumb"},"inLanguage":"sv-SE","potentialAction":[{"@type":"ReadAction","target":["https:\/\/www.kompetensforetagen.se\/butik\/kop-och-anvandarvillkor\/"]}]},{"@type":"BreadcrumbList","@id":"https:\/\/www.kompetensforetagen.se\/butik\/kop-och-anvandarvillkor\/#breadcrumb","itemListElement":[{"@type":"ListItem","position":1,"name":"Home","item":"https:\/\/www.kompetensforetagen.se\/"},{"@type":"ListItem","position":2,"name":"Webbutik","item":"https:\/\/www.kompetensforetagen.se\/butik\/"},{"@type":"ListItem","position":3,"name":"K\u00f6p- och anv\u00e4ndarvillkor"}]},{"@type":"WebSite","@id":"https:\/\/www.kompetensforetagen.se\/#website","url":"https:\/\/www.kompetensforetagen.se\/","name":"Kompetensf\u00f6retagen","description":"R\u00e4tt person p\u00e5 r\u00e4tt plats kan f\u00f6r\u00e4ndra v\u00e4rlden","publisher":{"@id":"https:\/\/www.kompetensforetagen.se\/#organization"},"potentialAction":[{"@type":"SearchAction","target":{"@type":"EntryPoint","urlTemplate":"https:\/\/www.kompetensforetagen.se\/?s={search_term_string}"},"query-input":{"@type":"PropertyValueSpecification","valueRequired":true,"valueName":"search_term_string"}}],"inLanguage":"sv-SE"},{"@type":"Organization","@id":"https:\/\/www.kompetensforetagen.se\/#organization","name":"Kompetensf\u00f6retagen","url":"https:\/\/www.kompetensforetagen.se\/","logo":{"@type":"ImageObject","inLanguage":"sv-SE","@id":"https:\/\/www.kompetensforetagen.se\/#\/schema\/logo\/image\/","url":"https:\/\/www.kompetensforetagen.se\/app\/uploads\/sites\/5\/2022\/10\/logga_svart.png","contentUrl":"https:\/\/www.kompetensforetagen.se\/app\/uploads\/sites\/5\/2022\/10\/logga_svart.png","width":752,"height":64,"caption":"Kompetensf\u00f6retagen"},"image":{"@id":"https:\/\/www.kompetensforetagen.se\/#\/schema\/logo\/image\/"},"sameAs":["https:\/\/www.linkedin.com\/company\/10540032\/"]}]}},"_links":{"self":[{"href":"https:\/\/www.kompetensforetagen.se\/api\/wp\/v2\/pages\/13805","targetHints":{"allow":["GET"]}}],"collection":[{"href":"https:\/\/www.kompetensforetagen.se\/api\/wp\/v2\/pages"}],"about":[{"href":"https:\/\/www.kompetensforetagen.se\/api\/wp\/v2\/types\/page"}],"author":[{"embeddable":true,"href":"https:\/\/www.kompetensforetagen.se\/api\/wp\/v2\/users\/1"}],"replies":[{"embeddable":true,"href":"https:\/\/www.kompetensforetagen.se\/api\/wp\/v2\/comments?post=13805"}],"version-history":[{"count":7,"href":"https:\/\/www.kompetensforetagen.se\/api\/wp\/v2\/pages\/13805\/revisions"}],"predecessor-version":[{"id":15933,"href":"https:\/\/www.kompetensforetagen.se\/api\/wp\/v2\/pages\/13805\/revisions\/15933"}],"up":[{"embeddable":true,"href":"https:\/\/www.kompetensforetagen.se\/api\/wp\/v2\/pages\/12561"}],"wp:attachment":[{"href":"https:\/\/www.kompetensforetagen.se\/api\/wp\/v2\/media?parent=13805"}],"wp:term":[{"taxonomy":"type","embeddable":true,"href":"https:\/\/www.kompetensforetagen.se\/api\/wp\/v2\/article_type?post=13805"},{"taxonomy":"agreement","embeddable":true,"href":"https:\/\/www.kompetensforetagen.se\/api\/wp\/v2\/agreement?post=13805"},{"taxonomy":"for-members","embeddable":true,"href":"https:\/\/www.kompetensforetagen.se\/api\/wp\/v2\/for-members?post=13805"}],"curies":[{"name":"wp","href":"https:\/\/api.w.org\/{rel}","templated":true}]}}