{"id":135,"date":"2013-04-10T10:00:00","date_gmt":"2013-04-10T08:00:00","guid":{"rendered":"http:\/\/staging.bemanningsforetagen.se\/ansokan-om-arlig-granskning\/"},"modified":"2024-12-03T11:00:19","modified_gmt":"2024-12-03T10:00:19","slug":"ansokan-om-arlig-granskning","status":"publish","type":"page","link":"https:\/\/www.kompetensforetagen.se\/auktorisation\/kompetensforetagens-auktorisationsnamnd\/ansokan-om-arlig-granskning\/","title":{"rendered":"Ans\u00f6kan om \u00e5rlig granskning"},"content":{"rendered":"<div id=\"block-hero-block_7db373bdd4dc48af40416c0053b6210f\" class=\"Hero --has-media has-lightgray-background-color\">\n\n      <img loading=\"lazy\" decoding=\"async\" width=\"1180\" height=\"664\" src=\"https:\/\/www.kompetensforetagen.se\/app\/uploads\/sites\/5\/2023\/03\/Namnlos-design-8.gif\" class=\"Hero__image\" alt=\"H\u00e4nder skriver p\u00e5 tangentbord\" \/>\n    \n  <div class=\"Hero__inner container has-lightgray-background-color has-background-image has-arrow\">\n              <div class=\"Hero__title\">\n          <h1>Ans\u00f6kan om<i> \u00e5rlig granskning<\/i><\/h1>\n        <\/div>\n                                <div class=\"Hero__arrow\">\n          <svg class='icon icon--squiggly-arrow'  width=\"282\" height=\"302\" viewBox=\"0 0 282 302\" fill=\"none\" xmlns=\"http:\/\/www.w3.org\/2000\/svg\">\n<path d=\"M108.429 281.19L129.837 295.44L143.97 274.186\" stroke=\"black\" stroke-width=\"4\" stroke-miterlimit=\"10\"\/>\n<path d=\"M43.8871 68.0497C53.3269 84.3998 70.0075 95.6755 88.6244 97.6784C107.24 99.6801 125.826 95.0068 144.209 91.4645C162.592 87.9216 182.067 85.5682 199.674 91.9481C220.515 99.5002 236.316 120.278 236.492 142.446C236.669 164.616 220.178 186.234 198.428 190.49C188.558 192.423 177.815 190.842 169.542 185.112C161.271 179.382 155.88 169.284 156.859 159.269C158.292 144.577 173.761 133.512 188.444 135C203.126 136.491 215.468 148.757 219.176 163.047C222.881 177.337 218.804 192.932 210.416 205.072C202.027 217.212 189.703 226.187 176.514 232.804C167.472 237.341 157.931 240.877 149.144 245.889C140.356 250.899 132.161 257.651 127.746 266.755C123.333 275.858 126.637 283.983 129.929 295.386\" stroke=\"black\" stroke-width=\"4\" stroke-miterlimit=\"10\"\/>\n<\/svg>\n\n          <\/div>\n        <\/div>\n<\/div>\n\n\n\n<div class=\"wp-block-group is-layout-constrained wp-block-group-is-layout-constrained\"><div class=\"wp-block wp-block-core-heading heading-in-sidebar\" id=\"auktoriserade-medlemsforetag-granskas-en-gang-om-aret.-far-foretaget-avslag-pa-ansokan,-kvarstar-medlemskapet-under-forutsattning-att-medlemsvillkoren-uppfylls.-vid-avslag-underrattas-foretaget-skriftligen.\"><a class='Share__link Share__link--url copy-text' href='#' rel='nofollow' data-text='auktoriserade-medlemsforetag-granskas-en-gang-om-aret.-far-foretaget-avslag-pa-ansokan,-kvarstar-medlemskapet-under-forutsattning-att-medlemsvillkoren-uppfylls.-vid-avslag-underrattas-foretaget-skriftligen.' title='Dela url' data-confirmation='L\u00e4nken kopierades till urklipp'><svg class='icon icon--link'  width='18' height='18' viewBox='0 0 18 18' fill='none' xmlns='http:\/\/www.w3.org\/2000\/svg'>\n            <path d='M10.4142 0.514721L6.87868 4.05025L8.29289 5.46447L11.1213 2.63604L15.364 6.87868L12.5355 9.70711L13.9497 11.1213L17.4853 7.58579C17.8763 7.19476 17.8763 6.5626 17.4853 6.17158L11.8284 0.514721C11.4374 0.123691 10.8052 0.123691 10.4142 0.514721Z' fill='black'\/>\n            <path d='M9.7071 12.5355L6.87868 15.364L2.63604 11.1213L5.46446 8.2929L4.05025 6.87868L0.514716 10.4142C0.123686 10.8052 0.123686 11.4374 0.514716 11.8284L6.17157 17.4853C6.5626 17.8763 7.19475 17.8763 7.58578 17.4853L11.1213 13.9497L9.7071 12.5355Z' fill='black'\/>\n            <path d='M6.17157 11.8284C6.5626 12.2195 7.19475 12.2195 7.58578 11.8284L11.8284 7.58579C12.2195 7.19476 12.2195 6.56261 11.8284 6.17158C11.4374 5.78055 10.8052 5.78055 10.4142 6.17158L6.17157 10.4142C5.78054 10.8052 5.78054 11.4374 6.17157 11.8284Z' fill='black'\/>\n            <\/svg> <\/a>\n<h2 class=\"wp-block-heading\" id=\"h-auktoriserade-medlemsforetag-granskas-en-gang-om-aret-far-foretaget-avslag-pa-ansokan-kvarstar-medlemskapet-under-forutsattning-att-medlemsvillkoren-uppfylls-vid-avslag-underrattas-foretaget-skriftligen\">Auktoriserade medlemsf\u00f6retag granskas en g\u00e5ng om \u00e5ret. F\u00e5r f\u00f6retaget avslag p\u00e5 ans\u00f6kan, kvarst\u00e5r medlemskapet under f\u00f6ruts\u00e4ttning att medlemsvillkoren uppfylls. Vid avslag underr\u00e4ttas f\u00f6retaget skriftligen.<\/h2>\n<\/div><\/div>\n\n\n\n<div class=\"wp-block-group has-secondary-background-color has-background is-layout-constrained wp-block-group-is-layout-constrained\">\n<figure class=\"wp-block-image size-large is-resized\"><img loading=\"lazy\" decoding=\"async\" width=\"1180\" height=\"151\" src=\"https:\/\/www.kompetensforetagen.se\/app\/uploads\/sites\/5\/2023\/03\/arlig_grnaskning_aukt-1180x151.png\" alt=\"\" class=\"wp-image-11463\" style=\"width:1180px;height:151px\" srcset=\"https:\/\/www.kompetensforetagen.se\/app\/uploads\/sites\/5\/2023\/03\/arlig_grnaskning_aukt-1180x151.png 1180w, https:\/\/www.kompetensforetagen.se\/app\/uploads\/sites\/5\/2023\/03\/arlig_grnaskning_aukt-580x74.png 580w, https:\/\/www.kompetensforetagen.se\/app\/uploads\/sites\/5\/2023\/03\/arlig_grnaskning_aukt-380x49.png 380w, https:\/\/www.kompetensforetagen.se\/app\/uploads\/sites\/5\/2023\/03\/arlig_grnaskning_aukt-768x99.png 768w, https:\/\/www.kompetensforetagen.se\/app\/uploads\/sites\/5\/2023\/03\/arlig_grnaskning_aukt-1536x197.png 1536w, https:\/\/www.kompetensforetagen.se\/app\/uploads\/sites\/5\/2023\/03\/arlig_grnaskning_aukt-2048x263.png 2048w\" sizes=\"auto, (max-width: 1180px) 100vw, 1180px\" \/><\/figure>\n\n\n\n<div class=\"wp-block-columns is-layout-flex wp-container-core-columns-is-layout-9d6595d7 wp-block-columns-is-layout-flex\">\n<div class=\"wp-block-column is-layout-flow wp-block-column-is-layout-flow\"><div class=\"wp-block wp-block-core-heading\" id=\"1.-du-far-en-paminnelse\">\n<h3 class=\"wp-block-heading\" id=\"h-1-du-far-en-paminnelse\">1. Du f\u00e5r en p\u00e5minnelse<\/h3>\n<\/div>\n\n<div class=\"wp-block wp-block-core-paragraph\">\n<p>F\u00f6retaget f\u00e5r ett p\u00e5minnelsemejl fr\u00e5n det digitala ans\u00f6kningsverktyget &#8211; auktorisationsverktyget &#8211; n\u00e4r det \u00e4r dags att ans\u00f6ka om \u00e5rlig granskning av auktorisationen. T\u00e4nk p\u00e5 att det \u00e4r medlemsf\u00f6retaget som har skyldighet att inkomma med ans\u00f6kan. Det \u00e4r d\u00e4rf\u00f6r mycket viktig att era kontaktuppgifter \u00e4r korrekta och aktuella, s\u00e5 det p\u00e5minnelsemejl som g\u00e5r ut n\u00e5r r\u00e4tt person.<\/p>\n<\/div>\n\n<div id=\"block-iconlink-block_75f812231e744210e6a9bfd2dbd9da2a\" class=\"Icon-link Icon-link--squiggly-arrow-link\">\n      <a href=\"https:\/\/auktorisation.kompetensforetagen.se\/\" target=\"_blank\" class=\"Button is-button is-fullwidth is-style-outline has-green-color is-style-outline Button--squiggly-arrow-link\">\n      <div class=\"Button__text\">\n        Digital ans\u00f6kan om auktorisation\n      <\/div>\n      <div class=\"Button__arrow \">\n                <div class=\"Button__line\"><\/div>\n                <svg class='icon icon--squiggly-arrow-link'  width=\"114\" height=\"36\" viewBox=\"0 0 114 36\" fill=\"none\" xmlns=\"http:\/\/www.w3.org\/2000\/svg\">\n<path d=\"M0.591797 18.5C7.0918 18.5 11.5209 19.9081 13.4345 14.5C14.3308 11.9657 14.3461 11.9541 15.0839 9.38315C15.7735 6.97969 17.3449 4.54993 19.8345 3.93399C22.9224 3.16984 26.0805 5.67017 27.0204 8.62798C27.9603 11.5851 27.243 14.7829 26.3407 17.751C25.4378 20.719 24.34 23.7256 24.5322 26.8156C24.7244 29.9049 26.6162 33.154 29.7193 33.8559C33.0114 34.5995 36.3563 32.146 37.6741 29.1234C38.9912 26.0995 38.7745 22.6791 38.4839 19.4082C38.1926 16.1373 37.8656 12.7464 38.9918 9.65134C40.1187 6.55559 43.1657 3.84801 46.5259 4.19961C49.9434 4.55763 52.3227 7.90617 52.8134 11.2104C53.3042 14.5147 52.3993 17.8408 51.8259 21.1322C51.2526 24.4237 51.0624 28.0141 52.8029 30.8923C54.221 33.2393 56.8902 34.826 59.6869 34.9864C62.4836 35.1468 65.3259 33.8758 67.0188 31.7072C69.5136 28.5126 69.3227 24.0689 68.5255 20.1345C67.7289 16.1996 66.4369 12.2139 67.1225 8.2597C67.8081 4.30548 71.3849 0.426331 75.4597 1.0705C78.5034 1.55171 80.6627 4.37413 81.4078 7.28189C82.1528 10.189 81.8133 13.2366 81.7711 16.2323C81.7288 19.2279 82.0551 22.4052 83.8874 24.8144C86.657 28.4555 91.9762 29.2197 96.6072 28.7147C101.239 28.2098 105.813 25.7501 110.457 26.1383\" stroke=\"black\" stroke-width=\"2\" stroke-miterlimit=\"10\"\/>\n<path d=\"M105.097 35L111.68 25.3613L102.457 18.2063\" stroke=\"black\" stroke-width=\"2\" stroke-miterlimit=\"10\"\/>\n<\/svg>\n\n        <\/div>\n    <\/a>\n  <\/div>\n\n\n<div class=\"wp-block wp-block-core-heading\" id=\"2.-granskning-infor-auktorisation\">\n<h3 class=\"wp-block-heading\" id=\"h-2-granskning-infor-auktorisation\">2. Granskning inf\u00f6r auktorisation<\/h3>\n<\/div>\n\n<div class=\"wp-block wp-block-core-paragraph\">\n<p><a href=\"https:\/\/www.kompetensforetagen.se\/auktorisation-2\/ansok-om-auktorisation\/steg-3-granskning-2\/\" target=\"_blank\" rel=\"noopener noreferrer\">Granskningen<\/a> som utf\u00f6rs inf\u00f6r auktorisation \u00e4r lika omfattande oavsett om det \u00e4r fr\u00e5ga om en f\u00f6rsta granskning eller en \u00e5rlig granskning.<\/p>\n<\/div>\n\n<div class=\"wp-block wp-block-core-heading\" id=\"3.-styrelsen-fattar-beslut\">\n<h3 class=\"wp-block-heading\" id=\"h-3-styrelsen-fattar-beslut\">3. Styrelsen fattar beslut<\/h3>\n<\/div>\n\n<div class=\"wp-block wp-block-core-paragraph\">\n<p>Kompetensf\u00f6retagens <a href=\"https:\/\/www.kompetensforetagen.se\/kompetensforetagens-styrelse\/\">styrelse <\/a>fattar det slutliga beslutet om auktorisation ska beviljas och f\u00f6ljer vanligtvis <a href=\"https:\/\/www.kompetensforetagen.se\/auktorisation\/kompetensforetagens-auktorisationsnamnd\/\" target=\"_blank\" rel=\"noopener noreferrer\">auktorisationsn\u00e4mndens<\/a> rekommendationer. Har styrelsen en avvikande mening g\u00e5r \u00e4rendet tillbaka till auktorisationsn\u00e4mnden.<\/p>\n<\/div><\/div>\n\n\n\n<div class=\"wp-block-column is-layout-flow wp-block-column-is-layout-flow\"><div class=\"wp-block wp-block-core-heading\" id=\"4.-besked\">\n<h3 class=\"wp-block-heading\" id=\"h-4-besked\">4. Besked<\/h3>\n<\/div>\n\n<div class=\"wp-block wp-block-core-paragraph\">\n<p>N\u00e4r styrelsen har fattat beslut kommer besked via mejl, om auktorisationen har blivit beviljad eller avslagen.<\/p>\n<\/div>\n\n<div class=\"wp-block wp-block-core-paragraph\">\n<p>Har ans\u00f6kan bordlagts i n\u00e4mnden kommer skriftligt besked via mejl, om att komplettera uppgifter i ans\u00f6kan.<\/p>\n<\/div>\n\n<div class=\"wp-block wp-block-core-paragraph\">\n<p>Om det blir avslag p\u00e5 auktorisationsans\u00f6kan kommer ett skriftlig besked.<\/p>\n<\/div>\n\n<div class=\"wp-block wp-block-core-paragraph\">\n<p>Styrelsen kan ocks\u00e5 ge er besked om fr\u00e5ntagande av auktorisation och uteslutning. Ni kan ocks\u00e5 f\u00e5 besked om varning om ni har beg\u00e5tt en mindre f\u00f6rseelse som strider mot villkoren f\u00f6r auktorisationen.<\/p>\n<\/div>\n\n<div class=\"wp-block wp-block-core-heading\" id=\"5.-auktorisationen-galler-i-ett-ar\">\n<h3 class=\"wp-block-heading\" id=\"h-5-auktorisationen-galler-i-ett-ar\">5. Auktorisationen g\u00e4ller i ett \u00e5r<\/h3>\n<\/div>\n\n<div class=\"wp-block wp-block-core-paragraph\">\n<p>Efter ett \u00e5r ans\u00f6ker ni igen, nu om \u00e5rlig granskning f\u00f6r att f\u00e5 auktorisationen f\u00f6rnyad.<\/p>\n<\/div>\n\n<div class=\"wp-block wp-block-core-paragraph\">\n<p><\/p>\n<\/div>\n\n<div class=\"wp-block wp-block-core-heading\" id=\"om-arlig-granskning-av-auktorisation-inte-soks\">\n<h3 class=\"wp-block-heading\" id=\"h-om-arlig-granskning-av-auktorisation-inte-soks\"><mark style=\"background-color:#ededed\" class=\"has-inline-color has-primary-color\">Om \u00e5rlig granskning av auktorisation inte s\u00f6ks<\/mark><\/h3>\n<\/div>\n\n<div class=\"wp-block wp-block-core-paragraph\">\n<p>\u00c5rlig granskning \u00e4r ett <a href=\"https:\/\/www.kompetensforetagen.se\/auktorisation-2\/ansok-om-auktorisation\/steg-1-villkor-for-auktorisation-kan-foretaget-bli-auktoriserat\/\" target=\"_blank\" rel=\"noopener noreferrer\">villkor f\u00f6r auktorisation<\/a>. F\u00f6r att bibeh\u00e5lla auktorisationen m\u00e5ste denna s\u00f6kas \u00e5rligen. Inkommer inte ans\u00f6kan om \u00e5rlig granskning beslutar styrelsen om fr\u00e5ntagande.<\/p>\n<\/div><\/div>\n<\/div>\n<\/div>\n","protected":false},"excerpt":{"rendered":"<p>Auktoriserade medlemsf\u00f6retag granskas en g\u00e5ng om \u00e5ret. F\u00e5r f\u00f6retaget avslag p\u00e5 ans\u00f6kan, kvarst\u00e5r medlemskapet under f\u00f6ruts\u00e4ttning att medlemsvillkoren uppfylls. Vid avslag underr\u00e4ttas f\u00f6retaget skriftligen. 1. Du f\u00e5r en p\u00e5minnelse F\u00f6retaget f\u00e5r ett p\u00e5minnelsemejl fr\u00e5n det &hellip;<\/p>\n","protected":false},"author":1,"featured_media":6497,"parent":231,"menu_order":0,"comment_status":"closed","ping_status":"closed","template":"","meta":{"_acf_changed":false,"footnotes":""},"article_type":[],"agreement":[],"for-members":[],"class_list":["post-135","page","type-page","status-publish","has-post-thumbnail","hentry"],"acf":[],"yoast_head":"<!-- This site is optimized with the Yoast SEO Premium plugin v26.8 (Yoast SEO v26.8) - https:\/\/yoast.com\/product\/yoast-seo-premium-wordpress\/ -->\n<title>Ans\u00f6kan om \u00e5rlig granskning av auktorisationen I Kompetensf\u00f6retagen<\/title>\n<meta name=\"description\" content=\"Medlemsf\u00f6retag f\u00e5r en p\u00e5minnelse n\u00e4r det \u00e4r dags att ans\u00f6ka om \u00e5rlig granskning av auktorisationen. Besked om resultatet ges via mejl.\" \/>\n<meta name=\"robots\" content=\"index, follow, max-snippet:-1, max-image-preview:large, max-video-preview:-1\" \/>\n<link rel=\"canonical\" href=\"https:\/\/www.kompetensforetagen.se\/auktorisation\/kompetensforetagens-auktorisationsnamnd\/ansokan-om-arlig-granskning\/\" \/>\n<meta property=\"og:locale\" content=\"sv_SE\" \/>\n<meta property=\"og:type\" content=\"article\" \/>\n<meta property=\"og:title\" content=\"Ans\u00f6kan om \u00e5rlig granskning\" \/>\n<meta property=\"og:description\" content=\"Medlemsf\u00f6retag f\u00e5r en p\u00e5minnelse n\u00e4r det \u00e4r dags att ans\u00f6ka om \u00e5rlig granskning av auktorisationen. Besked om resultatet ges via mejl.\" \/>\n<meta property=\"og:url\" content=\"https:\/\/www.kompetensforetagen.se\/auktorisation\/kompetensforetagens-auktorisationsnamnd\/ansokan-om-arlig-granskning\/\" \/>\n<meta property=\"og:site_name\" content=\"Kompetensf\u00f6retagen\" \/>\n<meta property=\"article:modified_time\" content=\"2024-12-03T10:00:19+00:00\" \/>\n<meta property=\"og:image\" content=\"https:\/\/www.kompetensforetagen.se\/app\/uploads\/sites\/5\/2021\/02\/alla-auktorisationsloggor.png\" \/>\n\t<meta property=\"og:image:width\" content=\"1050\" \/>\n\t<meta property=\"og:image:height\" content=\"386\" \/>\n\t<meta property=\"og:image:type\" content=\"image\/png\" \/>\n<meta name=\"twitter:card\" content=\"summary_large_image\" \/>\n<meta name=\"twitter:label1\" content=\"Ber\u00e4knad l\u00e4stid\" \/>\n\t<meta name=\"twitter:data1\" content=\"2 minuter\" \/>\n<script type=\"application\/ld+json\" class=\"yoast-schema-graph\">{\"@context\":\"https:\/\/schema.org\",\"@graph\":[{\"@type\":\"WebPage\",\"@id\":\"https:\/\/www.kompetensforetagen.se\/auktorisation\/kompetensforetagens-auktorisationsnamnd\/ansokan-om-arlig-granskning\/\",\"url\":\"https:\/\/www.kompetensforetagen.se\/auktorisation\/kompetensforetagens-auktorisationsnamnd\/ansokan-om-arlig-granskning\/\",\"name\":\"Ans\u00f6kan om \u00e5rlig granskning av auktorisationen I Kompetensf\u00f6retagen\",\"isPartOf\":{\"@id\":\"https:\/\/www.kompetensforetagen.se\/#website\"},\"primaryImageOfPage\":{\"@id\":\"https:\/\/www.kompetensforetagen.se\/auktorisation\/kompetensforetagens-auktorisationsnamnd\/ansokan-om-arlig-granskning\/#primaryimage\"},\"image\":{\"@id\":\"https:\/\/www.kompetensforetagen.se\/auktorisation\/kompetensforetagens-auktorisationsnamnd\/ansokan-om-arlig-granskning\/#primaryimage\"},\"thumbnailUrl\":\"https:\/\/www.kompetensforetagen.se\/app\/uploads\/sites\/5\/2021\/02\/alla-auktorisationsloggor.png\",\"datePublished\":\"2013-04-10T08:00:00+00:00\",\"dateModified\":\"2024-12-03T10:00:19+00:00\",\"description\":\"Medlemsf\u00f6retag f\u00e5r en p\u00e5minnelse n\u00e4r det \u00e4r dags att ans\u00f6ka om \u00e5rlig granskning av auktorisationen. Besked om resultatet ges via mejl.\",\"breadcrumb\":{\"@id\":\"https:\/\/www.kompetensforetagen.se\/auktorisation\/kompetensforetagens-auktorisationsnamnd\/ansokan-om-arlig-granskning\/#breadcrumb\"},\"inLanguage\":\"sv-SE\",\"potentialAction\":[{\"@type\":\"ReadAction\",\"target\":[\"https:\/\/www.kompetensforetagen.se\/auktorisation\/kompetensforetagens-auktorisationsnamnd\/ansokan-om-arlig-granskning\/\"]}]},{\"@type\":\"ImageObject\",\"inLanguage\":\"sv-SE\",\"@id\":\"https:\/\/www.kompetensforetagen.se\/auktorisation\/kompetensforetagens-auktorisationsnamnd\/ansokan-om-arlig-granskning\/#primaryimage\",\"url\":\"https:\/\/www.kompetensforetagen.se\/app\/uploads\/sites\/5\/2021\/02\/alla-auktorisationsloggor.png\",\"contentUrl\":\"https:\/\/www.kompetensforetagen.se\/app\/uploads\/sites\/5\/2021\/02\/alla-auktorisationsloggor.png\",\"width\":1050,\"height\":386,\"caption\":\"Logotyper auktorisationer\"},{\"@type\":\"BreadcrumbList\",\"@id\":\"https:\/\/www.kompetensforetagen.se\/auktorisation\/kompetensforetagens-auktorisationsnamnd\/ansokan-om-arlig-granskning\/#breadcrumb\",\"itemListElement\":[{\"@type\":\"ListItem\",\"position\":1,\"name\":\"Home\",\"item\":\"https:\/\/www.kompetensforetagen.se\/\"},{\"@type\":\"ListItem\",\"position\":2,\"name\":\"Om auktorisation\",\"item\":\"https:\/\/www.kompetensforetagen.se\/auktorisation\/\"},{\"@type\":\"ListItem\",\"position\":3,\"name\":\"Auktorisationsn\u00e4mnd\",\"item\":\"https:\/\/www.kompetensforetagen.se\/auktorisation\/kompetensforetagens-auktorisationsnamnd\/\"},{\"@type\":\"ListItem\",\"position\":4,\"name\":\"Ans\u00f6kan om \u00e5rlig granskning\"}]},{\"@type\":\"WebSite\",\"@id\":\"https:\/\/www.kompetensforetagen.se\/#website\",\"url\":\"https:\/\/www.kompetensforetagen.se\/\",\"name\":\"Kompetensf\u00f6retagen\",\"description\":\"R\u00e4tt person p\u00e5 r\u00e4tt plats kan f\u00f6r\u00e4ndra v\u00e4rlden\",\"publisher\":{\"@id\":\"https:\/\/www.kompetensforetagen.se\/#organization\"},\"potentialAction\":[{\"@type\":\"SearchAction\",\"target\":{\"@type\":\"EntryPoint\",\"urlTemplate\":\"https:\/\/www.kompetensforetagen.se\/?s={search_term_string}\"},\"query-input\":{\"@type\":\"PropertyValueSpecification\",\"valueRequired\":true,\"valueName\":\"search_term_string\"}}],\"inLanguage\":\"sv-SE\"},{\"@type\":\"Organization\",\"@id\":\"https:\/\/www.kompetensforetagen.se\/#organization\",\"name\":\"Kompetensf\u00f6retagen\",\"url\":\"https:\/\/www.kompetensforetagen.se\/\",\"logo\":{\"@type\":\"ImageObject\",\"inLanguage\":\"sv-SE\",\"@id\":\"https:\/\/www.kompetensforetagen.se\/#\/schema\/logo\/image\/\",\"url\":\"https:\/\/www.kompetensforetagen.se\/app\/uploads\/sites\/5\/2022\/10\/logga_svart.png\",\"contentUrl\":\"https:\/\/www.kompetensforetagen.se\/app\/uploads\/sites\/5\/2022\/10\/logga_svart.png\",\"width\":752,\"height\":64,\"caption\":\"Kompetensf\u00f6retagen\"},\"image\":{\"@id\":\"https:\/\/www.kompetensforetagen.se\/#\/schema\/logo\/image\/\"},\"sameAs\":[\"https:\/\/www.linkedin.com\/company\/10540032\/\"]}]}<\/script>\n<!-- \/ Yoast SEO Premium plugin. -->","yoast_head_json":{"title":"Ans\u00f6kan om \u00e5rlig granskning av auktorisationen I Kompetensf\u00f6retagen","description":"Medlemsf\u00f6retag f\u00e5r en p\u00e5minnelse n\u00e4r det \u00e4r dags att ans\u00f6ka om \u00e5rlig granskning av auktorisationen. Besked om resultatet ges via mejl.","robots":{"index":"index","follow":"follow","max-snippet":"max-snippet:-1","max-image-preview":"max-image-preview:large","max-video-preview":"max-video-preview:-1"},"canonical":"https:\/\/www.kompetensforetagen.se\/auktorisation\/kompetensforetagens-auktorisationsnamnd\/ansokan-om-arlig-granskning\/","og_locale":"sv_SE","og_type":"article","og_title":"Ans\u00f6kan om \u00e5rlig granskning","og_description":"Medlemsf\u00f6retag f\u00e5r en p\u00e5minnelse n\u00e4r det \u00e4r dags att ans\u00f6ka om \u00e5rlig granskning av auktorisationen. Besked om resultatet ges via mejl.","og_url":"https:\/\/www.kompetensforetagen.se\/auktorisation\/kompetensforetagens-auktorisationsnamnd\/ansokan-om-arlig-granskning\/","og_site_name":"Kompetensf\u00f6retagen","article_modified_time":"2024-12-03T10:00:19+00:00","og_image":[{"width":1050,"height":386,"url":"https:\/\/www.kompetensforetagen.se\/app\/uploads\/sites\/5\/2021\/02\/alla-auktorisationsloggor.png","type":"image\/png"}],"twitter_card":"summary_large_image","twitter_misc":{"Ber\u00e4knad l\u00e4stid":"2 minuter"},"schema":{"@context":"https:\/\/schema.org","@graph":[{"@type":"WebPage","@id":"https:\/\/www.kompetensforetagen.se\/auktorisation\/kompetensforetagens-auktorisationsnamnd\/ansokan-om-arlig-granskning\/","url":"https:\/\/www.kompetensforetagen.se\/auktorisation\/kompetensforetagens-auktorisationsnamnd\/ansokan-om-arlig-granskning\/","name":"Ans\u00f6kan om \u00e5rlig granskning av auktorisationen I Kompetensf\u00f6retagen","isPartOf":{"@id":"https:\/\/www.kompetensforetagen.se\/#website"},"primaryImageOfPage":{"@id":"https:\/\/www.kompetensforetagen.se\/auktorisation\/kompetensforetagens-auktorisationsnamnd\/ansokan-om-arlig-granskning\/#primaryimage"},"image":{"@id":"https:\/\/www.kompetensforetagen.se\/auktorisation\/kompetensforetagens-auktorisationsnamnd\/ansokan-om-arlig-granskning\/#primaryimage"},"thumbnailUrl":"https:\/\/www.kompetensforetagen.se\/app\/uploads\/sites\/5\/2021\/02\/alla-auktorisationsloggor.png","datePublished":"2013-04-10T08:00:00+00:00","dateModified":"2024-12-03T10:00:19+00:00","description":"Medlemsf\u00f6retag f\u00e5r en p\u00e5minnelse n\u00e4r det \u00e4r dags att ans\u00f6ka om \u00e5rlig granskning av auktorisationen. Besked om resultatet ges via mejl.","breadcrumb":{"@id":"https:\/\/www.kompetensforetagen.se\/auktorisation\/kompetensforetagens-auktorisationsnamnd\/ansokan-om-arlig-granskning\/#breadcrumb"},"inLanguage":"sv-SE","potentialAction":[{"@type":"ReadAction","target":["https:\/\/www.kompetensforetagen.se\/auktorisation\/kompetensforetagens-auktorisationsnamnd\/ansokan-om-arlig-granskning\/"]}]},{"@type":"ImageObject","inLanguage":"sv-SE","@id":"https:\/\/www.kompetensforetagen.se\/auktorisation\/kompetensforetagens-auktorisationsnamnd\/ansokan-om-arlig-granskning\/#primaryimage","url":"https:\/\/www.kompetensforetagen.se\/app\/uploads\/sites\/5\/2021\/02\/alla-auktorisationsloggor.png","contentUrl":"https:\/\/www.kompetensforetagen.se\/app\/uploads\/sites\/5\/2021\/02\/alla-auktorisationsloggor.png","width":1050,"height":386,"caption":"Logotyper auktorisationer"},{"@type":"BreadcrumbList","@id":"https:\/\/www.kompetensforetagen.se\/auktorisation\/kompetensforetagens-auktorisationsnamnd\/ansokan-om-arlig-granskning\/#breadcrumb","itemListElement":[{"@type":"ListItem","position":1,"name":"Home","item":"https:\/\/www.kompetensforetagen.se\/"},{"@type":"ListItem","position":2,"name":"Om auktorisation","item":"https:\/\/www.kompetensforetagen.se\/auktorisation\/"},{"@type":"ListItem","position":3,"name":"Auktorisationsn\u00e4mnd","item":"https:\/\/www.kompetensforetagen.se\/auktorisation\/kompetensforetagens-auktorisationsnamnd\/"},{"@type":"ListItem","position":4,"name":"Ans\u00f6kan om \u00e5rlig granskning"}]},{"@type":"WebSite","@id":"https:\/\/www.kompetensforetagen.se\/#website","url":"https:\/\/www.kompetensforetagen.se\/","name":"Kompetensf\u00f6retagen","description":"R\u00e4tt person p\u00e5 r\u00e4tt plats kan f\u00f6r\u00e4ndra v\u00e4rlden","publisher":{"@id":"https:\/\/www.kompetensforetagen.se\/#organization"},"potentialAction":[{"@type":"SearchAction","target":{"@type":"EntryPoint","urlTemplate":"https:\/\/www.kompetensforetagen.se\/?s={search_term_string}"},"query-input":{"@type":"PropertyValueSpecification","valueRequired":true,"valueName":"search_term_string"}}],"inLanguage":"sv-SE"},{"@type":"Organization","@id":"https:\/\/www.kompetensforetagen.se\/#organization","name":"Kompetensf\u00f6retagen","url":"https:\/\/www.kompetensforetagen.se\/","logo":{"@type":"ImageObject","inLanguage":"sv-SE","@id":"https:\/\/www.kompetensforetagen.se\/#\/schema\/logo\/image\/","url":"https:\/\/www.kompetensforetagen.se\/app\/uploads\/sites\/5\/2022\/10\/logga_svart.png","contentUrl":"https:\/\/www.kompetensforetagen.se\/app\/uploads\/sites\/5\/2022\/10\/logga_svart.png","width":752,"height":64,"caption":"Kompetensf\u00f6retagen"},"image":{"@id":"https:\/\/www.kompetensforetagen.se\/#\/schema\/logo\/image\/"},"sameAs":["https:\/\/www.linkedin.com\/company\/10540032\/"]}]}},"_links":{"self":[{"href":"https:\/\/www.kompetensforetagen.se\/api\/wp\/v2\/pages\/135","targetHints":{"allow":["GET"]}}],"collection":[{"href":"https:\/\/www.kompetensforetagen.se\/api\/wp\/v2\/pages"}],"about":[{"href":"https:\/\/www.kompetensforetagen.se\/api\/wp\/v2\/types\/page"}],"author":[{"embeddable":true,"href":"https:\/\/www.kompetensforetagen.se\/api\/wp\/v2\/users\/1"}],"replies":[{"embeddable":true,"href":"https:\/\/www.kompetensforetagen.se\/api\/wp\/v2\/comments?post=135"}],"version-history":[{"count":12,"href":"https:\/\/www.kompetensforetagen.se\/api\/wp\/v2\/pages\/135\/revisions"}],"predecessor-version":[{"id":18817,"href":"https:\/\/www.kompetensforetagen.se\/api\/wp\/v2\/pages\/135\/revisions\/18817"}],"up":[{"embeddable":true,"href":"https:\/\/www.kompetensforetagen.se\/api\/wp\/v2\/pages\/231"}],"wp:featuredmedia":[{"embeddable":true,"href":"https:\/\/www.kompetensforetagen.se\/api\/wp\/v2\/media\/6497"}],"wp:attachment":[{"href":"https:\/\/www.kompetensforetagen.se\/api\/wp\/v2\/media?parent=135"}],"wp:term":[{"taxonomy":"type","embeddable":true,"href":"https:\/\/www.kompetensforetagen.se\/api\/wp\/v2\/article_type?post=135"},{"taxonomy":"agreement","embeddable":true,"href":"https:\/\/www.kompetensforetagen.se\/api\/wp\/v2\/agreement?post=135"},{"taxonomy":"for-members","embeddable":true,"href":"https:\/\/www.kompetensforetagen.se\/api\/wp\/v2\/for-members?post=135"}],"curies":[{"name":"wp","href":"https:\/\/api.w.org\/{rel}","templated":true}]}}