{"id":13415,"date":"2023-05-29T13:37:17","date_gmt":"2023-05-29T11:37:17","guid":{"rendered":"https:\/\/dev.kompetensforetagen.se\/?page_id=13415"},"modified":"2025-05-26T13:45:46","modified_gmt":"2025-05-26T11:45:46","slug":"jobbfestivalen","status":"publish","type":"page","link":"https:\/\/www.kompetensforetagen.se\/jobbfestivalen\/","title":{"rendered":"Jobbfestivalen"},"content":{"rendered":"<div id=\"block-hero-block_4d2a232f26620b7e73d38488894a4092\" class=\"Hero has-green-background-color\">\n\n    \n  <div class=\"Hero__inner container has-green-background-color has-arrow\">\n              <div class=\"Hero__title\">\n          <h1><i> Jobbfestivalen<\/i><\/h1>\n        <\/div>\n                                <div class=\"Hero__arrow\">\n          <svg class='icon icon--squiggly-arrow'  width=\"282\" height=\"302\" viewBox=\"0 0 282 302\" fill=\"none\" xmlns=\"http:\/\/www.w3.org\/2000\/svg\">\n<path d=\"M108.429 281.19L129.837 295.44L143.97 274.186\" stroke=\"black\" stroke-width=\"4\" stroke-miterlimit=\"10\"\/>\n<path d=\"M43.8871 68.0497C53.3269 84.3998 70.0075 95.6755 88.6244 97.6784C107.24 99.6801 125.826 95.0068 144.209 91.4645C162.592 87.9216 182.067 85.5682 199.674 91.9481C220.515 99.5002 236.316 120.278 236.492 142.446C236.669 164.616 220.178 186.234 198.428 190.49C188.558 192.423 177.815 190.842 169.542 185.112C161.271 179.382 155.88 169.284 156.859 159.269C158.292 144.577 173.761 133.512 188.444 135C203.126 136.491 215.468 148.757 219.176 163.047C222.881 177.337 218.804 192.932 210.416 205.072C202.027 217.212 189.703 226.187 176.514 232.804C167.472 237.341 157.931 240.877 149.144 245.889C140.356 250.899 132.161 257.651 127.746 266.755C123.333 275.858 126.637 283.983 129.929 295.386\" stroke=\"black\" stroke-width=\"4\" stroke-miterlimit=\"10\"\/>\n<\/svg>\n\n          <\/div>\n        <\/div>\n<\/div>\n\n\n\n<div class=\"wp-block-group is-layout-constrained wp-block-group-is-layout-constrained\">\n<div class=\"wp-block-columns is-layout-flex wp-container-core-columns-is-layout-9d6595d7 wp-block-columns-is-layout-flex\">\n<div class=\"wp-block-column is-layout-flow wp-block-column-is-layout-flow\" style=\"flex-basis:66.66%\"><div class=\"wp-block wp-block-core-heading\" id=\"jobbfestivalen-med-tema-\u201dmangfald-&amp;-inkludering\u201d-arbetar-aktivt-med-viktig-informationsspridning-i-stravan-att-forandra-attityder-pa-arbetsmarknaden-samt-att-samt-att-bidra-till-en-forbattrad-matchning.\">\n<h3 class=\"wp-block-heading\" id=\"h-jobbfestivalen-med-tema-mangfald-amp-inkludering-arbetar-aktivt-med-viktig-informationsspridning-i-stravan-att-forandra-attityder-pa-arbetsmarknaden-samt-att-samt-att-bidra-till-en-forbattrad-matchning\">Jobbfestivalen med tema \u201dM\u00e5ngfald &amp; Inkludering\u201d arbetar aktivt med viktig informationsspridning i str\u00e4van att f\u00f6r\u00e4ndra attityder p\u00e5 arbetsmarknaden samt att samt att bidra till en f\u00f6rb\u00e4ttrad matchning.<\/h3>\n<\/div>\n\n<div class=\"wp-block wp-block-core-paragraph\">\n<p>Jobbfestivalen med tema m\u00e5ngfald i Kungstr\u00e4dg\u00e5rden \u00e4r en m\u00f6tesplats f\u00f6r arbetss\u00f6kande och f\u00f6retag med ett kontinuerligt rekryteringsbehov samt f\u00f6retag och organisationer som erbjuder verktyg\/tj\u00e4nster i syfte att \u00f6ka m\u00e5ngfalden och minska risken f\u00f6r diskriminering. M\u00e4ssan \u00e4r den 21 maj i Kungstr\u00e4dg\u00e5rden, men jobbfestivalen med tema m\u00e5ngfald \u00e4r \u00e4ven en onlinem\u00e4ssa som forts\u00e4tter leva vidare p\u00e5 n\u00e4tet. Syftet \u00e4r dels att knyta intressanta aff\u00e4rskontakter, men framf\u00f6rallt att f\u00f6rmedla jobb, praktikplatser och yrkesinriktade utbildningar. Ambitionen \u00e4r att bidra till mer m\u00e5ngfald p\u00e5 arbetsmarknaden och skapa&nbsp;fler dynamiska arbetsplatser.<\/p>\n<\/div>\n\n<div class=\"wp-block wp-block-core-paragraph\">\n<p>L\u00e4s mer om m\u00e5ngfald och inkludering <a href=\"https:\/\/jobbfestivalen.se\/\" target=\"_blank\" rel=\"noreferrer noopener\">h\u00e4r<\/a><br>L\u00e4s mer om Jobbfestivalens program <a href=\"https:\/\/jobbfestivalen.se\/stockholm\/dagsprogram\/stora-scenen\/\" target=\"_blank\" rel=\"noreferrer noopener\">h\u00e4r<\/a><\/p>\n<\/div><\/div>\n\n\n\n<div class=\"wp-block-column is-vertically-aligned-center is-layout-flow wp-block-column-is-layout-flow\" style=\"flex-basis:33.33%\">\n<figure class=\"wp-block-image size-full\"><a href=\"https:\/\/jobbfestivalen.se\/\" target=\"_blank\" rel=\"noreferrer noopener\"><img loading=\"lazy\" decoding=\"async\" width=\"1041\" height=\"194\" src=\"https:\/\/www.kompetensforetagen.se\/app\/uploads\/sites\/5\/2023\/05\/Logo-undertext-1ldpi.png\" alt=\"\" class=\"wp-image-13416\" srcset=\"https:\/\/www.kompetensforetagen.se\/app\/uploads\/sites\/5\/2023\/05\/Logo-undertext-1ldpi.png 1041w, https:\/\/www.kompetensforetagen.se\/app\/uploads\/sites\/5\/2023\/05\/Logo-undertext-1ldpi-580x108.png 580w, https:\/\/www.kompetensforetagen.se\/app\/uploads\/sites\/5\/2023\/05\/Logo-undertext-1ldpi-380x71.png 380w, https:\/\/www.kompetensforetagen.se\/app\/uploads\/sites\/5\/2023\/05\/Logo-undertext-1ldpi-768x143.png 768w, https:\/\/www.kompetensforetagen.se\/app\/uploads\/sites\/5\/2023\/05\/Logo-undertext-1ldpi-600x112.png 600w\" sizes=\"auto, (max-width: 1041px) 100vw, 1041px\" \/><\/a><\/figure>\n<\/div>\n<\/div>\n<\/div>\n\n\n\n<div class=\"wp-block-group has-secondary-background-color has-background is-layout-constrained wp-block-group-is-layout-constrained\">\n<div class=\"wp-block-columns is-layout-flex wp-container-core-columns-is-layout-9d6595d7 wp-block-columns-is-layout-flex\">\n<div class=\"wp-block-column is-layout-flow wp-block-column-is-layout-flow\"><div class=\"wp-block wp-block-core-heading\" id=\"kompetensforetagens-medverkan-2025\">\n<h3 class=\"wp-block-heading\" id=\"h-kompetensforetagens-medverkan-2025\">Kompetensf\u00f6retagens medverkan 2025<\/h3>\n<\/div>\n\n<div class=\"wp-block wp-block-core-paragraph\">\n<p>Kompetensf\u00f6retagen deltar p\u00e5 plats i Kungstr\u00e4dg\u00e5rden den 20 maj hela dagen mellan 09:00-19:00. Vi har den \u00e4ran att g\u00e4stas av n\u00e5gra medlemsf\u00f6retag.<\/p>\n<\/div><\/div>\n\n\n\n<div class=\"wp-block-column is-layout-flow wp-block-column-is-layout-flow\"><div class=\"wp-block wp-block-core-paragraph\">\n<p><\/p>\n<\/div>\n\n<figure class=\"wp-block-embed is-type-video is-provider-youtube wp-block-embed-youtube wp-embed-aspect-16-9 wp-has-aspect-ratio\"><div class=\"wp-block-embed__wrapper\">\n<iframe loading=\"lazy\" title=\"Feelgood\" width=\"500\" height=\"281\" src=\"https:\/\/www.youtube.com\/embed\/L3JWzsMPYr4?feature=oembed\" frameborder=\"0\" allow=\"accelerometer; autoplay; clipboard-write; encrypted-media; gyroscope; picture-in-picture; web-share\" referrerpolicy=\"strict-origin-when-cross-origin\" allowfullscreen><\/iframe>\n<\/div><\/figure>\n\n  \n\n<div class=\"wp-block wp-block-core-paragraph\">\n<p><em>Video fr\u00e5n jobbfestivalen.se<\/em><\/p>\n<\/div><\/div>\n<\/div>\n<\/div>\n","protected":false},"excerpt":{"rendered":"<p>Jobbfestivalen med tema \u201dM\u00e5ngfald &amp; Inkludering\u201d arbetar aktivt med viktig informationsspridning i str\u00e4van att f\u00f6r\u00e4ndra attityder p\u00e5 arbetsmarknaden samt att samt att bidra till en f\u00f6rb\u00e4ttrad matchning. Jobbfestivalen med tema m\u00e5ngfald i Kungstr\u00e4dg\u00e5rden \u00e4r en &hellip;<\/p>\n","protected":false},"author":14830,"featured_media":0,"parent":0,"menu_order":72,"comment_status":"closed","ping_status":"closed","template":"","meta":{"_acf_changed":false,"footnotes":""},"article_type":[],"agreement":[],"for-members":[],"class_list":["post-13415","page","type-page","status-publish","hentry"],"acf":[],"yoast_head":"<!-- This site is optimized with the Yoast SEO Premium plugin v26.8 (Yoast SEO v26.8) - https:\/\/yoast.com\/product\/yoast-seo-premium-wordpress\/ -->\n<title>Jobbfestivalen<\/title>\n<meta name=\"description\" content=\"Jobbfestivalen \u00e4r en av de arenor d\u00e4r Kompetensf\u00f6retagen och medlemmarna deltar f\u00f6r att bidra till en b\u00e4ttre matchning och inkludering.\" \/>\n<meta name=\"robots\" content=\"index, follow, max-snippet:-1, max-image-preview:large, max-video-preview:-1\" \/>\n<link rel=\"canonical\" href=\"https:\/\/www.kompetensforetagen.se\/jobbfestivalen\/\" \/>\n<meta property=\"og:locale\" content=\"sv_SE\" \/>\n<meta property=\"og:type\" content=\"article\" \/>\n<meta property=\"og:title\" content=\"Jobbfestivalen\" \/>\n<meta property=\"og:description\" content=\"Jobbfestivalen \u00e4r en av de arenor d\u00e4r Kompetensf\u00f6retagen och medlemmarna deltar f\u00f6r att bidra till en b\u00e4ttre matchning och inkludering.\" \/>\n<meta property=\"og:url\" content=\"https:\/\/www.kompetensforetagen.se\/jobbfestivalen\/\" \/>\n<meta property=\"og:site_name\" content=\"Kompetensf\u00f6retagen\" \/>\n<meta property=\"article:modified_time\" content=\"2025-05-26T11:45:46+00:00\" \/>\n<meta property=\"og:image\" content=\"https:\/\/www.kompetensforetagen.se\/app\/uploads\/sites\/5\/2023\/05\/Logo-undertext-1ldpi.png\" \/>\n\t<meta property=\"og:image:width\" content=\"1041\" \/>\n\t<meta property=\"og:image:height\" content=\"194\" \/>\n\t<meta property=\"og:image:type\" content=\"image\/png\" \/>\n<meta name=\"twitter:card\" content=\"summary_large_image\" \/>\n<meta name=\"twitter:label1\" content=\"Ber\u00e4knad l\u00e4stid\" \/>\n\t<meta name=\"twitter:data1\" content=\"1 minut\" \/>\n<script type=\"application\/ld+json\" class=\"yoast-schema-graph\">{\"@context\":\"https:\/\/schema.org\",\"@graph\":[{\"@type\":\"WebPage\",\"@id\":\"https:\/\/www.kompetensforetagen.se\/jobbfestivalen\/\",\"url\":\"https:\/\/www.kompetensforetagen.se\/jobbfestivalen\/\",\"name\":\"Jobbfestivalen\",\"isPartOf\":{\"@id\":\"https:\/\/www.kompetensforetagen.se\/#website\"},\"primaryImageOfPage\":{\"@id\":\"https:\/\/www.kompetensforetagen.se\/jobbfestivalen\/#primaryimage\"},\"image\":{\"@id\":\"https:\/\/www.kompetensforetagen.se\/jobbfestivalen\/#primaryimage\"},\"thumbnailUrl\":\"https:\/\/www.kompetensforetagen.se\/app\/uploads\/sites\/5\/2023\/05\/Logo-undertext-1ldpi.png\",\"datePublished\":\"2023-05-29T11:37:17+00:00\",\"dateModified\":\"2025-05-26T11:45:46+00:00\",\"description\":\"Jobbfestivalen \u00e4r en av de arenor d\u00e4r Kompetensf\u00f6retagen och medlemmarna deltar f\u00f6r att bidra till en b\u00e4ttre matchning och inkludering.\",\"breadcrumb\":{\"@id\":\"https:\/\/www.kompetensforetagen.se\/jobbfestivalen\/#breadcrumb\"},\"inLanguage\":\"sv-SE\",\"potentialAction\":[{\"@type\":\"ReadAction\",\"target\":[\"https:\/\/www.kompetensforetagen.se\/jobbfestivalen\/\"]}]},{\"@type\":\"ImageObject\",\"inLanguage\":\"sv-SE\",\"@id\":\"https:\/\/www.kompetensforetagen.se\/jobbfestivalen\/#primaryimage\",\"url\":\"https:\/\/www.kompetensforetagen.se\/app\/uploads\/sites\/5\/2023\/05\/Logo-undertext-1ldpi.png\",\"contentUrl\":\"https:\/\/www.kompetensforetagen.se\/app\/uploads\/sites\/5\/2023\/05\/Logo-undertext-1ldpi.png\",\"width\":1041,\"height\":194,\"caption\":\"Logotyp Jobbfestivalen i kungstr\u00e4dg\u00e5rden\"},{\"@type\":\"BreadcrumbList\",\"@id\":\"https:\/\/www.kompetensforetagen.se\/jobbfestivalen\/#breadcrumb\",\"itemListElement\":[{\"@type\":\"ListItem\",\"position\":1,\"name\":\"Home\",\"item\":\"https:\/\/www.kompetensforetagen.se\/\"},{\"@type\":\"ListItem\",\"position\":2,\"name\":\"Jobbfestivalen\"}]},{\"@type\":\"WebSite\",\"@id\":\"https:\/\/www.kompetensforetagen.se\/#website\",\"url\":\"https:\/\/www.kompetensforetagen.se\/\",\"name\":\"Kompetensf\u00f6retagen\",\"description\":\"R\u00e4tt person p\u00e5 r\u00e4tt plats kan f\u00f6r\u00e4ndra v\u00e4rlden\",\"publisher\":{\"@id\":\"https:\/\/www.kompetensforetagen.se\/#organization\"},\"potentialAction\":[{\"@type\":\"SearchAction\",\"target\":{\"@type\":\"EntryPoint\",\"urlTemplate\":\"https:\/\/www.kompetensforetagen.se\/?s={search_term_string}\"},\"query-input\":{\"@type\":\"PropertyValueSpecification\",\"valueRequired\":true,\"valueName\":\"search_term_string\"}}],\"inLanguage\":\"sv-SE\"},{\"@type\":\"Organization\",\"@id\":\"https:\/\/www.kompetensforetagen.se\/#organization\",\"name\":\"Kompetensf\u00f6retagen\",\"url\":\"https:\/\/www.kompetensforetagen.se\/\",\"logo\":{\"@type\":\"ImageObject\",\"inLanguage\":\"sv-SE\",\"@id\":\"https:\/\/www.kompetensforetagen.se\/#\/schema\/logo\/image\/\",\"url\":\"https:\/\/www.kompetensforetagen.se\/app\/uploads\/sites\/5\/2022\/10\/logga_svart.png\",\"contentUrl\":\"https:\/\/www.kompetensforetagen.se\/app\/uploads\/sites\/5\/2022\/10\/logga_svart.png\",\"width\":752,\"height\":64,\"caption\":\"Kompetensf\u00f6retagen\"},\"image\":{\"@id\":\"https:\/\/www.kompetensforetagen.se\/#\/schema\/logo\/image\/\"},\"sameAs\":[\"https:\/\/www.linkedin.com\/company\/10540032\/\"]}]}<\/script>\n<!-- \/ Yoast SEO Premium plugin. -->","yoast_head_json":{"title":"Jobbfestivalen","description":"Jobbfestivalen \u00e4r en av de arenor d\u00e4r Kompetensf\u00f6retagen och medlemmarna deltar f\u00f6r att bidra till en b\u00e4ttre matchning och inkludering.","robots":{"index":"index","follow":"follow","max-snippet":"max-snippet:-1","max-image-preview":"max-image-preview:large","max-video-preview":"max-video-preview:-1"},"canonical":"https:\/\/www.kompetensforetagen.se\/jobbfestivalen\/","og_locale":"sv_SE","og_type":"article","og_title":"Jobbfestivalen","og_description":"Jobbfestivalen \u00e4r en av de arenor d\u00e4r Kompetensf\u00f6retagen och medlemmarna deltar f\u00f6r att bidra till en b\u00e4ttre matchning och inkludering.","og_url":"https:\/\/www.kompetensforetagen.se\/jobbfestivalen\/","og_site_name":"Kompetensf\u00f6retagen","article_modified_time":"2025-05-26T11:45:46+00:00","og_image":[{"width":1041,"height":194,"url":"https:\/\/www.kompetensforetagen.se\/app\/uploads\/sites\/5\/2023\/05\/Logo-undertext-1ldpi.png","type":"image\/png"}],"twitter_card":"summary_large_image","twitter_misc":{"Ber\u00e4knad l\u00e4stid":"1 minut"},"schema":{"@context":"https:\/\/schema.org","@graph":[{"@type":"WebPage","@id":"https:\/\/www.kompetensforetagen.se\/jobbfestivalen\/","url":"https:\/\/www.kompetensforetagen.se\/jobbfestivalen\/","name":"Jobbfestivalen","isPartOf":{"@id":"https:\/\/www.kompetensforetagen.se\/#website"},"primaryImageOfPage":{"@id":"https:\/\/www.kompetensforetagen.se\/jobbfestivalen\/#primaryimage"},"image":{"@id":"https:\/\/www.kompetensforetagen.se\/jobbfestivalen\/#primaryimage"},"thumbnailUrl":"https:\/\/www.kompetensforetagen.se\/app\/uploads\/sites\/5\/2023\/05\/Logo-undertext-1ldpi.png","datePublished":"2023-05-29T11:37:17+00:00","dateModified":"2025-05-26T11:45:46+00:00","description":"Jobbfestivalen \u00e4r en av de arenor d\u00e4r Kompetensf\u00f6retagen och medlemmarna deltar f\u00f6r att bidra till en b\u00e4ttre matchning och inkludering.","breadcrumb":{"@id":"https:\/\/www.kompetensforetagen.se\/jobbfestivalen\/#breadcrumb"},"inLanguage":"sv-SE","potentialAction":[{"@type":"ReadAction","target":["https:\/\/www.kompetensforetagen.se\/jobbfestivalen\/"]}]},{"@type":"ImageObject","inLanguage":"sv-SE","@id":"https:\/\/www.kompetensforetagen.se\/jobbfestivalen\/#primaryimage","url":"https:\/\/www.kompetensforetagen.se\/app\/uploads\/sites\/5\/2023\/05\/Logo-undertext-1ldpi.png","contentUrl":"https:\/\/www.kompetensforetagen.se\/app\/uploads\/sites\/5\/2023\/05\/Logo-undertext-1ldpi.png","width":1041,"height":194,"caption":"Logotyp Jobbfestivalen i kungstr\u00e4dg\u00e5rden"},{"@type":"BreadcrumbList","@id":"https:\/\/www.kompetensforetagen.se\/jobbfestivalen\/#breadcrumb","itemListElement":[{"@type":"ListItem","position":1,"name":"Home","item":"https:\/\/www.kompetensforetagen.se\/"},{"@type":"ListItem","position":2,"name":"Jobbfestivalen"}]},{"@type":"WebSite","@id":"https:\/\/www.kompetensforetagen.se\/#website","url":"https:\/\/www.kompetensforetagen.se\/","name":"Kompetensf\u00f6retagen","description":"R\u00e4tt person p\u00e5 r\u00e4tt plats kan f\u00f6r\u00e4ndra v\u00e4rlden","publisher":{"@id":"https:\/\/www.kompetensforetagen.se\/#organization"},"potentialAction":[{"@type":"SearchAction","target":{"@type":"EntryPoint","urlTemplate":"https:\/\/www.kompetensforetagen.se\/?s={search_term_string}"},"query-input":{"@type":"PropertyValueSpecification","valueRequired":true,"valueName":"search_term_string"}}],"inLanguage":"sv-SE"},{"@type":"Organization","@id":"https:\/\/www.kompetensforetagen.se\/#organization","name":"Kompetensf\u00f6retagen","url":"https:\/\/www.kompetensforetagen.se\/","logo":{"@type":"ImageObject","inLanguage":"sv-SE","@id":"https:\/\/www.kompetensforetagen.se\/#\/schema\/logo\/image\/","url":"https:\/\/www.kompetensforetagen.se\/app\/uploads\/sites\/5\/2022\/10\/logga_svart.png","contentUrl":"https:\/\/www.kompetensforetagen.se\/app\/uploads\/sites\/5\/2022\/10\/logga_svart.png","width":752,"height":64,"caption":"Kompetensf\u00f6retagen"},"image":{"@id":"https:\/\/www.kompetensforetagen.se\/#\/schema\/logo\/image\/"},"sameAs":["https:\/\/www.linkedin.com\/company\/10540032\/"]}]}},"_links":{"self":[{"href":"https:\/\/www.kompetensforetagen.se\/api\/wp\/v2\/pages\/13415","targetHints":{"allow":["GET"]}}],"collection":[{"href":"https:\/\/www.kompetensforetagen.se\/api\/wp\/v2\/pages"}],"about":[{"href":"https:\/\/www.kompetensforetagen.se\/api\/wp\/v2\/types\/page"}],"author":[{"embeddable":true,"href":"https:\/\/www.kompetensforetagen.se\/api\/wp\/v2\/users\/14830"}],"replies":[{"embeddable":true,"href":"https:\/\/www.kompetensforetagen.se\/api\/wp\/v2\/comments?post=13415"}],"version-history":[{"count":19,"href":"https:\/\/www.kompetensforetagen.se\/api\/wp\/v2\/pages\/13415\/revisions"}],"predecessor-version":[{"id":20131,"href":"https:\/\/www.kompetensforetagen.se\/api\/wp\/v2\/pages\/13415\/revisions\/20131"}],"wp:attachment":[{"href":"https:\/\/www.kompetensforetagen.se\/api\/wp\/v2\/media?parent=13415"}],"wp:term":[{"taxonomy":"type","embeddable":true,"href":"https:\/\/www.kompetensforetagen.se\/api\/wp\/v2\/article_type?post=13415"},{"taxonomy":"agreement","embeddable":true,"href":"https:\/\/www.kompetensforetagen.se\/api\/wp\/v2\/agreement?post=13415"},{"taxonomy":"for-members","embeddable":true,"href":"https:\/\/www.kompetensforetagen.se\/api\/wp\/v2\/for-members?post=13415"}],"curies":[{"name":"wp","href":"https:\/\/api.w.org\/{rel}","templated":true}]}}