{"id":13399,"date":"2023-05-29T13:19:12","date_gmt":"2023-05-29T11:19:12","guid":{"rendered":"https:\/\/dev.kompetensforetagen.se\/?page_id=13399"},"modified":"2025-06-10T10:47:40","modified_gmt":"2025-06-10T08:47:40","slug":"almedalen","status":"publish","type":"page","link":"https:\/\/www.kompetensforetagen.se\/almedalen\/","title":{"rendered":"Almedalen"},"content":{"rendered":"<div id=\"block-hero-block_5280951ddf7e7fd6de6cc50cc152bc5d\" class=\"Hero --has-media has-green-background-color has-paragraph-text\">\n\n      <img loading=\"lazy\" decoding=\"async\" width=\"1024\" height=\"768\" src=\"https:\/\/www.kompetensforetagen.se\/app\/uploads\/sites\/5\/2023\/06\/almis.jpg\" class=\"Hero__image\" alt=\"Publik framf\u00f6r scenen Almedalen under politikerveckan\" srcset=\"https:\/\/www.kompetensforetagen.se\/app\/uploads\/sites\/5\/2023\/06\/almis.jpg 1024w, https:\/\/www.kompetensforetagen.se\/app\/uploads\/sites\/5\/2023\/06\/almis-580x435.jpg 580w, https:\/\/www.kompetensforetagen.se\/app\/uploads\/sites\/5\/2023\/06\/almis-380x285.jpg 380w, https:\/\/www.kompetensforetagen.se\/app\/uploads\/sites\/5\/2023\/06\/almis-768x576.jpg 768w, https:\/\/www.kompetensforetagen.se\/app\/uploads\/sites\/5\/2023\/06\/almis-300x225.jpg 300w, https:\/\/www.kompetensforetagen.se\/app\/uploads\/sites\/5\/2023\/06\/almis-600x450.jpg 600w\" sizes=\"auto, (max-width: 1024px) 100vw, 1024px\" \/>\n    \n  <div class=\"Hero__inner container has-green-background-color has-background-image\">\n              <div class=\"Hero__title\">\n          <h1><i> Almedalen<\/i><\/h1>\n        <\/div>\n                    <div class=\"Hero__text\">\n          <p>Kompetens\u00adf\u00f6retagens medlemsf\u00f6retag ger ett stort bidrag till den svenska ekonomin och arbetsmarknaden. Utan dem skulle varken n\u00e4ringslivets eller v\u00e4lf\u00e4rdens kompetensf\u00f6rs\u00f6rjning fungera. I Almedalen kommer vi att ber\u00e4tta om allt viktigt arbete de utf\u00f6r. Vi har funnits p\u00e5 plats i Visby under m\u00e5nga \u00e5r. D\u00e4r har vi arrangerat egna och deltagit i andras seminarier och samtal.<\/p>\n\n        <\/div>\n                    <\/div>\n<\/div>\n\n\n\n<div class=\"wp-block-columns is-layout-flex wp-container-core-columns-is-layout-9d6595d7 wp-block-columns-is-layout-flex\">\n<div class=\"wp-block-column is-layout-flow wp-block-column-is-layout-flow\" style=\"flex-basis:66.66%\"><div class=\"wp-block wp-block-core-paragraph\">\n<p><\/p>\n<\/div>\n\n<div class=\"wp-block wp-block-core-heading\" id=\"vi-valkomnar-dig-till-ett-frukostseminarium-torsdagen-den-26-juni-kl.-08.30-09:15\">\n<h3 class=\"wp-block-heading\" id=\"h-vi-valkomnar-dig-till-ett-frukostseminarium-torsdagen-den-26-juni-kl-08-30-09-15\">Vi v\u00e4lkomnar dig till ett frukostseminarium torsdagen den 26 juni kl. 08.30-09:15<\/h3>\n<\/div>\n\n<div class=\"wp-block wp-block-core-paragraph\">\n<p><strong>Vilka \u00e4r branscherna som skapar jobben?<\/strong><\/p>\n<\/div>\n\n<div class=\"wp-block wp-block-core-paragraph\">\n<p>Arbetsl\u00f6sheten tickar upp\u00e5t, tiondel f\u00f6r tiondel. \u00d6ver en halv miljon svenskar \u00e4r utan jobb. Samtidigt \u00e4r det arbetskraftsbrist i m\u00e5nga branscher. Hur g\u00e5r det ihop?<\/p>\n<\/div>\n\n<div class=\"wp-block wp-block-core-paragraph\">\n<p><strong>Ut\u00f6kad information om evenemanget<\/strong><\/p>\n<\/div>\n\n<div class=\"wp-block wp-block-core-paragraph\">\n<p>Under frukostseminariet presenterar vi ny rapport som visar var jobben faktiskt v\u00e4xer fram \u2013 och vilka branscher som anst\u00e4ller arbetss\u00f6kande. Vad s\u00e4ger statistiken? Och vad kr\u00e4vs f\u00f6r att \u00f6verbygga gapet mellan arbetss\u00f6kandes kompetens och den kompetens som arbetsmarknaden efterfr\u00e5gar? V\u00e4lkommen till en morgon med insikter, kaffe och framtidstro!<\/p>\n<\/div>\n\n<div class=\"wp-block wp-block-core-paragraph\">\n<p><strong>Deltagare i panelen \u00e4r:&nbsp;<\/strong><\/p>\n<\/div>\n\n<div class=\"wp-block wp-block-core-list\">\n<ul class=\"wp-block-list\">\n<li>Eva Domanders, ordf\u00f6rande, Kompetensf\u00f6retagen<\/li>\n\n\n\n<li>Annika Winsth, chefekonom, Nordea<\/li>\n\n\n\n<li>Susanne Spector, chefsekonom, Danske Bank<\/li>\n\n\n\n<li>Per Johansson, vd, Manpower<\/li>\n\n\n\n<li>Saila Quicklund, riksdagsledamot, M<\/li>\n\n\n\n<li>Bj\u00f6rn Wiechel, riksdagsledamot, S<\/li>\n\n\n\n<li>Fredric Sk\u00e4lstad, n\u00e4ringspolitisk chef, Kompetensf\u00f6retagen<\/li>\n<\/ul>\n<\/div>\n\n<div class=\"wp-block wp-block-core-paragraph\">\n<p><strong>Tid:<\/strong>&nbsp;Torsdagen den 26 juni<\/p>\n<\/div>\n\n<div class=\"wp-block wp-block-core-paragraph\">\n<p><strong>Moderator:<\/strong> Anna Dyhre<\/p>\n<\/div>\n\n<div class=\"wp-block wp-block-core-paragraph\">\n<p><strong>Arrang\u00f6r:<\/strong>&nbsp;Kompetens\u00adf\u00f6retagen<\/p>\n<\/div>\n\n<div class=\"wp-block wp-block-core-paragraph\">\n<p><strong>Plats:<\/strong> Svenskt n\u00e4ringslivs t\u00e4lt<\/p>\n<\/div>\n\n\n<figure class=\"wp-block-image alignleft size-full is-resized\"><a href=\"https:\/\/www.almedalsveckan.info\/\" target=\"_blank\" rel=\"noreferrer noopener\"><img loading=\"lazy\" decoding=\"async\" width=\"730\" height=\"320\" src=\"https:\/\/www.kompetensforetagen.se\/app\/uploads\/sites\/5\/2023\/05\/AVECK_ARR_logo_original_hemsidan_2023.png\" alt=\"\" class=\"wp-image-13402\" style=\"width:365px;height:160px\" srcset=\"https:\/\/www.kompetensforetagen.se\/app\/uploads\/sites\/5\/2023\/05\/AVECK_ARR_logo_original_hemsidan_2023.png 730w, https:\/\/www.kompetensforetagen.se\/app\/uploads\/sites\/5\/2023\/05\/AVECK_ARR_logo_original_hemsidan_2023-580x254.png 580w, https:\/\/www.kompetensforetagen.se\/app\/uploads\/sites\/5\/2023\/05\/AVECK_ARR_logo_original_hemsidan_2023-380x167.png 380w, https:\/\/www.kompetensforetagen.se\/app\/uploads\/sites\/5\/2023\/05\/AVECK_ARR_logo_original_hemsidan_2023-600x263.png 600w\" sizes=\"auto, (max-width: 730px) 100vw, 730px\" \/><\/a><\/figure>\n<\/div>\n<\/div>\n","protected":false},"excerpt":{"rendered":"<p>Vi v\u00e4lkomnar dig till ett frukostseminarium torsdagen den 26 juni kl. 08.30-09:15 Vilka \u00e4r branscherna som skapar jobben? Arbetsl\u00f6sheten tickar upp\u00e5t, tiondel f\u00f6r tiondel. \u00d6ver en halv miljon svenskar \u00e4r utan jobb. Samtidigt \u00e4r det &hellip;<\/p>\n","protected":false},"author":14830,"featured_media":0,"parent":0,"menu_order":71,"comment_status":"closed","ping_status":"closed","template":"","meta":{"_acf_changed":false,"footnotes":""},"article_type":[],"agreement":[],"for-members":[],"class_list":["post-13399","page","type-page","status-publish","hentry"],"acf":[],"yoast_head":"<!-- This site is optimized with the Yoast SEO Premium plugin v26.8 (Yoast SEO v26.8) - https:\/\/yoast.com\/product\/yoast-seo-premium-wordpress\/ -->\n<title>Almedalen I Kompetensf\u00f6retagen<\/title>\n<meta name=\"description\" content=\"I Almedalen jobbar vi bland annat med att kommunicera den viktiga samh\u00e4llsnytta v\u00e5ra medlems\u00adf\u00f6retag bidrar med.\" \/>\n<meta name=\"robots\" content=\"index, follow, max-snippet:-1, max-image-preview:large, max-video-preview:-1\" \/>\n<link rel=\"canonical\" href=\"https:\/\/www.kompetensforetagen.se\/almedalen\/\" \/>\n<meta property=\"og:locale\" content=\"sv_SE\" \/>\n<meta property=\"og:type\" content=\"article\" \/>\n<meta property=\"og:title\" content=\"Almedalen\" \/>\n<meta property=\"og:description\" content=\"I Almedalen jobbar vi bland annat med att kommunicera den viktiga samh\u00e4llsnytta v\u00e5ra medlems\u00adf\u00f6retag bidrar med.\" \/>\n<meta property=\"og:url\" content=\"https:\/\/www.kompetensforetagen.se\/almedalen\/\" \/>\n<meta property=\"og:site_name\" content=\"Kompetensf\u00f6retagen\" \/>\n<meta property=\"article:modified_time\" content=\"2025-06-10T08:47:40+00:00\" \/>\n<meta property=\"og:image\" content=\"https:\/\/www.kompetensforetagen.se\/app\/uploads\/sites\/5\/2023\/05\/AVECK_ARR_logo_original_hemsidan_2023.png\" \/>\n<meta name=\"twitter:card\" content=\"summary_large_image\" \/>\n<meta name=\"twitter:label1\" content=\"Ber\u00e4knad l\u00e4stid\" \/>\n\t<meta name=\"twitter:data1\" content=\"1 minut\" \/>\n<script type=\"application\/ld+json\" class=\"yoast-schema-graph\">{\"@context\":\"https:\/\/schema.org\",\"@graph\":[{\"@type\":\"WebPage\",\"@id\":\"https:\/\/www.kompetensforetagen.se\/almedalen\/\",\"url\":\"https:\/\/www.kompetensforetagen.se\/almedalen\/\",\"name\":\"Almedalen I Kompetensf\u00f6retagen\",\"isPartOf\":{\"@id\":\"https:\/\/www.kompetensforetagen.se\/#website\"},\"primaryImageOfPage\":{\"@id\":\"https:\/\/www.kompetensforetagen.se\/almedalen\/#primaryimage\"},\"image\":{\"@id\":\"https:\/\/www.kompetensforetagen.se\/almedalen\/#primaryimage\"},\"thumbnailUrl\":\"https:\/\/www.kompetensforetagen.se\/app\/uploads\/sites\/5\/2023\/05\/AVECK_ARR_logo_original_hemsidan_2023.png\",\"datePublished\":\"2023-05-29T11:19:12+00:00\",\"dateModified\":\"2025-06-10T08:47:40+00:00\",\"description\":\"I Almedalen jobbar vi bland annat med att kommunicera den viktiga samh\u00e4llsnytta v\u00e5ra medlems\u00adf\u00f6retag bidrar med.\",\"breadcrumb\":{\"@id\":\"https:\/\/www.kompetensforetagen.se\/almedalen\/#breadcrumb\"},\"inLanguage\":\"sv-SE\",\"potentialAction\":[{\"@type\":\"ReadAction\",\"target\":[\"https:\/\/www.kompetensforetagen.se\/almedalen\/\"]}]},{\"@type\":\"ImageObject\",\"inLanguage\":\"sv-SE\",\"@id\":\"https:\/\/www.kompetensforetagen.se\/almedalen\/#primaryimage\",\"url\":\"https:\/\/www.kompetensforetagen.se\/app\/uploads\/sites\/5\/2023\/05\/AVECK_ARR_logo_original_hemsidan_2023.png\",\"contentUrl\":\"https:\/\/www.kompetensforetagen.se\/app\/uploads\/sites\/5\/2023\/05\/AVECK_ARR_logo_original_hemsidan_2023.png\",\"width\":730,\"height\":320,\"caption\":\"Logotyp f\u00f6r Almedalsveckan 2023 \u2013 Kompetensf\u00f6retagen p\u00e5 plats.\"},{\"@type\":\"BreadcrumbList\",\"@id\":\"https:\/\/www.kompetensforetagen.se\/almedalen\/#breadcrumb\",\"itemListElement\":[{\"@type\":\"ListItem\",\"position\":1,\"name\":\"Home\",\"item\":\"https:\/\/www.kompetensforetagen.se\/\"},{\"@type\":\"ListItem\",\"position\":2,\"name\":\"Almedalen\"}]},{\"@type\":\"WebSite\",\"@id\":\"https:\/\/www.kompetensforetagen.se\/#website\",\"url\":\"https:\/\/www.kompetensforetagen.se\/\",\"name\":\"Kompetensf\u00f6retagen\",\"description\":\"R\u00e4tt person p\u00e5 r\u00e4tt plats kan f\u00f6r\u00e4ndra v\u00e4rlden\",\"publisher\":{\"@id\":\"https:\/\/www.kompetensforetagen.se\/#organization\"},\"potentialAction\":[{\"@type\":\"SearchAction\",\"target\":{\"@type\":\"EntryPoint\",\"urlTemplate\":\"https:\/\/www.kompetensforetagen.se\/?s={search_term_string}\"},\"query-input\":{\"@type\":\"PropertyValueSpecification\",\"valueRequired\":true,\"valueName\":\"search_term_string\"}}],\"inLanguage\":\"sv-SE\"},{\"@type\":\"Organization\",\"@id\":\"https:\/\/www.kompetensforetagen.se\/#organization\",\"name\":\"Kompetensf\u00f6retagen\",\"url\":\"https:\/\/www.kompetensforetagen.se\/\",\"logo\":{\"@type\":\"ImageObject\",\"inLanguage\":\"sv-SE\",\"@id\":\"https:\/\/www.kompetensforetagen.se\/#\/schema\/logo\/image\/\",\"url\":\"https:\/\/www.kompetensforetagen.se\/app\/uploads\/sites\/5\/2022\/10\/logga_svart.png\",\"contentUrl\":\"https:\/\/www.kompetensforetagen.se\/app\/uploads\/sites\/5\/2022\/10\/logga_svart.png\",\"width\":752,\"height\":64,\"caption\":\"Kompetensf\u00f6retagen\"},\"image\":{\"@id\":\"https:\/\/www.kompetensforetagen.se\/#\/schema\/logo\/image\/\"},\"sameAs\":[\"https:\/\/www.linkedin.com\/company\/10540032\/\"]}]}<\/script>\n<!-- \/ Yoast SEO Premium plugin. -->","yoast_head_json":{"title":"Almedalen I Kompetensf\u00f6retagen","description":"I Almedalen jobbar vi bland annat med att kommunicera den viktiga samh\u00e4llsnytta v\u00e5ra medlems\u00adf\u00f6retag bidrar med.","robots":{"index":"index","follow":"follow","max-snippet":"max-snippet:-1","max-image-preview":"max-image-preview:large","max-video-preview":"max-video-preview:-1"},"canonical":"https:\/\/www.kompetensforetagen.se\/almedalen\/","og_locale":"sv_SE","og_type":"article","og_title":"Almedalen","og_description":"I Almedalen jobbar vi bland annat med att kommunicera den viktiga samh\u00e4llsnytta v\u00e5ra medlems\u00adf\u00f6retag bidrar med.","og_url":"https:\/\/www.kompetensforetagen.se\/almedalen\/","og_site_name":"Kompetensf\u00f6retagen","article_modified_time":"2025-06-10T08:47:40+00:00","og_image":[{"url":"https:\/\/www.kompetensforetagen.se\/app\/uploads\/sites\/5\/2023\/05\/AVECK_ARR_logo_original_hemsidan_2023.png","type":"","width":"","height":""}],"twitter_card":"summary_large_image","twitter_misc":{"Ber\u00e4knad l\u00e4stid":"1 minut"},"schema":{"@context":"https:\/\/schema.org","@graph":[{"@type":"WebPage","@id":"https:\/\/www.kompetensforetagen.se\/almedalen\/","url":"https:\/\/www.kompetensforetagen.se\/almedalen\/","name":"Almedalen I Kompetensf\u00f6retagen","isPartOf":{"@id":"https:\/\/www.kompetensforetagen.se\/#website"},"primaryImageOfPage":{"@id":"https:\/\/www.kompetensforetagen.se\/almedalen\/#primaryimage"},"image":{"@id":"https:\/\/www.kompetensforetagen.se\/almedalen\/#primaryimage"},"thumbnailUrl":"https:\/\/www.kompetensforetagen.se\/app\/uploads\/sites\/5\/2023\/05\/AVECK_ARR_logo_original_hemsidan_2023.png","datePublished":"2023-05-29T11:19:12+00:00","dateModified":"2025-06-10T08:47:40+00:00","description":"I Almedalen jobbar vi bland annat med att kommunicera den viktiga samh\u00e4llsnytta v\u00e5ra medlems\u00adf\u00f6retag bidrar med.","breadcrumb":{"@id":"https:\/\/www.kompetensforetagen.se\/almedalen\/#breadcrumb"},"inLanguage":"sv-SE","potentialAction":[{"@type":"ReadAction","target":["https:\/\/www.kompetensforetagen.se\/almedalen\/"]}]},{"@type":"ImageObject","inLanguage":"sv-SE","@id":"https:\/\/www.kompetensforetagen.se\/almedalen\/#primaryimage","url":"https:\/\/www.kompetensforetagen.se\/app\/uploads\/sites\/5\/2023\/05\/AVECK_ARR_logo_original_hemsidan_2023.png","contentUrl":"https:\/\/www.kompetensforetagen.se\/app\/uploads\/sites\/5\/2023\/05\/AVECK_ARR_logo_original_hemsidan_2023.png","width":730,"height":320,"caption":"Logotyp f\u00f6r Almedalsveckan 2023 \u2013 Kompetensf\u00f6retagen p\u00e5 plats."},{"@type":"BreadcrumbList","@id":"https:\/\/www.kompetensforetagen.se\/almedalen\/#breadcrumb","itemListElement":[{"@type":"ListItem","position":1,"name":"Home","item":"https:\/\/www.kompetensforetagen.se\/"},{"@type":"ListItem","position":2,"name":"Almedalen"}]},{"@type":"WebSite","@id":"https:\/\/www.kompetensforetagen.se\/#website","url":"https:\/\/www.kompetensforetagen.se\/","name":"Kompetensf\u00f6retagen","description":"R\u00e4tt person p\u00e5 r\u00e4tt plats kan f\u00f6r\u00e4ndra v\u00e4rlden","publisher":{"@id":"https:\/\/www.kompetensforetagen.se\/#organization"},"potentialAction":[{"@type":"SearchAction","target":{"@type":"EntryPoint","urlTemplate":"https:\/\/www.kompetensforetagen.se\/?s={search_term_string}"},"query-input":{"@type":"PropertyValueSpecification","valueRequired":true,"valueName":"search_term_string"}}],"inLanguage":"sv-SE"},{"@type":"Organization","@id":"https:\/\/www.kompetensforetagen.se\/#organization","name":"Kompetensf\u00f6retagen","url":"https:\/\/www.kompetensforetagen.se\/","logo":{"@type":"ImageObject","inLanguage":"sv-SE","@id":"https:\/\/www.kompetensforetagen.se\/#\/schema\/logo\/image\/","url":"https:\/\/www.kompetensforetagen.se\/app\/uploads\/sites\/5\/2022\/10\/logga_svart.png","contentUrl":"https:\/\/www.kompetensforetagen.se\/app\/uploads\/sites\/5\/2022\/10\/logga_svart.png","width":752,"height":64,"caption":"Kompetensf\u00f6retagen"},"image":{"@id":"https:\/\/www.kompetensforetagen.se\/#\/schema\/logo\/image\/"},"sameAs":["https:\/\/www.linkedin.com\/company\/10540032\/"]}]}},"_links":{"self":[{"href":"https:\/\/www.kompetensforetagen.se\/api\/wp\/v2\/pages\/13399","targetHints":{"allow":["GET"]}}],"collection":[{"href":"https:\/\/www.kompetensforetagen.se\/api\/wp\/v2\/pages"}],"about":[{"href":"https:\/\/www.kompetensforetagen.se\/api\/wp\/v2\/types\/page"}],"author":[{"embeddable":true,"href":"https:\/\/www.kompetensforetagen.se\/api\/wp\/v2\/users\/14830"}],"replies":[{"embeddable":true,"href":"https:\/\/www.kompetensforetagen.se\/api\/wp\/v2\/comments?post=13399"}],"version-history":[{"count":63,"href":"https:\/\/www.kompetensforetagen.se\/api\/wp\/v2\/pages\/13399\/revisions"}],"predecessor-version":[{"id":20314,"href":"https:\/\/www.kompetensforetagen.se\/api\/wp\/v2\/pages\/13399\/revisions\/20314"}],"wp:attachment":[{"href":"https:\/\/www.kompetensforetagen.se\/api\/wp\/v2\/media?parent=13399"}],"wp:term":[{"taxonomy":"type","embeddable":true,"href":"https:\/\/www.kompetensforetagen.se\/api\/wp\/v2\/article_type?post=13399"},{"taxonomy":"agreement","embeddable":true,"href":"https:\/\/www.kompetensforetagen.se\/api\/wp\/v2\/agreement?post=13399"},{"taxonomy":"for-members","embeddable":true,"href":"https:\/\/www.kompetensforetagen.se\/api\/wp\/v2\/for-members?post=13399"}],"curies":[{"name":"wp","href":"https:\/\/api.w.org\/{rel}","templated":true}]}}