{"id":13393,"date":"2023-05-29T14:03:54","date_gmt":"2023-05-29T12:03:54","guid":{"rendered":"https:\/\/dev.kompetensforetagen.se\/?page_id=13393"},"modified":"2025-05-26T13:55:01","modified_gmt":"2025-05-26T11:55:01","slug":"event","status":"publish","type":"page","link":"https:\/\/www.kompetensforetagen.se\/event\/","title":{"rendered":"Event"},"content":{"rendered":"<div id=\"block-hero-block_02e2c1f944a43ae7ca19d72751f33ac1\" class=\"Hero has-green-background-color has-paragraph-text\">\n\n    \n  <div class=\"Hero__inner container has-green-background-color\">\n              <div class=\"Hero__title\">\n          <h1><i> Event<\/i><\/h1>\n        <\/div>\n                    <div class=\"Hero__text\">\n          <p>Ett av Kompetens\u00adf\u00f6retagens viktiga uppdrag \u00e4r informera om och kommunicera den samh\u00e4llsnytta v\u00e5ra medlems\u00adf\u00f6retag bidrar med. N\u00e5gra av de st\u00f6rsta arenor vi deltar p\u00e5 \u00e4r Almedalen och Jobbfestivalen.<\/p>\n\n        <\/div>\n                    <\/div>\n<\/div>\n\n\n\n<div class=\"wp-block-group has-white-background-color has-background is-layout-constrained wp-block-group-is-layout-constrained\">\n<div class=\"wp-block-columns is-layout-flex wp-container-core-columns-is-layout-9d6595d7 wp-block-columns-is-layout-flex\">\n<div class=\"wp-block-column is-layout-flow wp-block-column-is-layout-flow\"><div class=\"wp-block wp-block-core-heading heading-in-sidebar\" id=\"kompetensbranschens-dag\"><a class='Share__link Share__link--url copy-text' href='#' rel='nofollow' data-text='kompetensbranschens-dag' title='Dela url' data-confirmation='L\u00e4nken kopierades till urklipp'><svg class='icon icon--link'  width='18' height='18' viewBox='0 0 18 18' fill='none' xmlns='http:\/\/www.w3.org\/2000\/svg'>\n            <path d='M10.4142 0.514721L6.87868 4.05025L8.29289 5.46447L11.1213 2.63604L15.364 6.87868L12.5355 9.70711L13.9497 11.1213L17.4853 7.58579C17.8763 7.19476 17.8763 6.5626 17.4853 6.17158L11.8284 0.514721C11.4374 0.123691 10.8052 0.123691 10.4142 0.514721Z' fill='black'\/>\n            <path d='M9.7071 12.5355L6.87868 15.364L2.63604 11.1213L5.46446 8.2929L4.05025 6.87868L0.514716 10.4142C0.123686 10.8052 0.123686 11.4374 0.514716 11.8284L6.17157 17.4853C6.5626 17.8763 7.19475 17.8763 7.58578 17.4853L11.1213 13.9497L9.7071 12.5355Z' fill='black'\/>\n            <path d='M6.17157 11.8284C6.5626 12.2195 7.19475 12.2195 7.58578 11.8284L11.8284 7.58579C12.2195 7.19476 12.2195 6.56261 11.8284 6.17158C11.4374 5.78055 10.8052 5.78055 10.4142 6.17158L6.17157 10.4142C5.78054 10.8052 5.78054 11.4374 6.17157 11.8284Z' fill='black'\/>\n            <\/svg> <\/a>\n<h2 class=\"wp-block-heading\" id=\"h-kompetensbranschens-dag\">Kompetensbranschens dag<\/h2>\n<\/div>\n\n<div class=\"wp-block wp-block-core-paragraph\">\n<p><strong>Varmt v\u00e4lkommen till en eftermiddag med kunskap, n\u00e4tverkande och inspiration. Vi avslutar med branschfest och prisutdelning i det fantastiska N\u00e4ringslivets hus.<\/strong><br><br>Onsdagen den 15 oktober samlas vi i N\u00e4ringslivets Hus i centrala Stockholm f\u00f6r en eftermiddag med inspirerande talare, aff\u00e4rsn\u00e4ra \u00e4mnen, valbara workshop, ledarskapsf\u00f6rel\u00e4sare och mycket annat. Under kv\u00e4llens fest delar vi ut priser till branschens stj\u00e4rnor.<\/p>\n<\/div>\n\n<div class=\"wp-block wp-block-core-paragraph\">\n<p>Detta \u00e4r en unik m\u00f6jlighet att b\u00e4ttra p\u00e5 din kompetens och ut\u00f6ka ditt professionella n\u00e4tverk.<\/p>\n<\/div>\n\n<div class=\"wp-block wp-block-core-paragraph\">\n<p><strong>Du kan f\u00f6rv\u00e4nta dig<\/strong><\/p>\n<\/div>\n\n<div class=\"wp-block wp-block-core-list\">\n<ul class=\"wp-block-list\">\n<li>Framst\u00e5ende talare som ger den stora bilden.<\/li>\n\n\n\n<li>Presentationer fr\u00e5n branschens fr\u00e4msta experter.<\/li>\n\n\n\n<li>Workshops och paneldiskussioner som fokuserar p\u00e5 det senaste inom bemanning och rekrytering.<\/li>\n\n\n\n<li>M\u00f6jligheten att ut\u00f6ka ditt n\u00e4tverk med branschkollegor och f\u00f6retagsledare.<\/li>\n<\/ul>\n<\/div>\n\n<div class=\"wp-block wp-block-core-paragraph\">\n<p>Vi ser fram emot att v\u00e4lkomna dig till en inspirerande dag fylld av kunskap, n\u00e4tverkande och firande!<\/p>\n<\/div>\n\n<div id=\"block-iconlink-block_a060e77096ede15aac2cf7b8965915ba\" class=\"Icon-link Icon-link--arrow-tip\">\n      <a href=\"https:\/\/event.snmo.se\/event\/sessions?id=Kompetensbranschens_dag\" target=\"_blank\" class=\"Button is-button is-style-fill has-green-background-color has-green-border-color has-white-color Button--arrow-tip white-space-nowrap\">\n      <div class=\"Button__text\">\n        L\u00e4s mer h\u00e4r\n      <\/div>\n      <div class=\"Button__arrow  arrow-tip \">\n                <div class=\"Button__line\"><\/div>\n                <svg class='icon icon--arrow-tip'  width=\"11\" height=\"16\" viewBox=\"0 0 11 16\" fill=\"none\" xmlns=\"http:\/\/www.w3.org\/2000\/svg\">\n<path d=\"M0.858398 15L9.2304 7.99664L0.967732 1.00001\" stroke=\"black\" stroke-width=\"2\" stroke-miterlimit=\"10\"\/>\n<\/svg>\n\n        <\/div>\n    <\/a>\n  <\/div>\n<\/div>\n\n\n\n<div class=\"wp-block-column is-vertically-aligned-center is-layout-flow wp-block-column-is-layout-flow\">\n<figure class=\"wp-block-image size-full\"><img loading=\"lazy\" decoding=\"async\" width=\"940\" height=\"788\" src=\"https:\/\/www.kompetensforetagen.se\/app\/uploads\/sites\/5\/2025\/03\/Save-the-date-7.gif\" alt=\"\" class=\"wp-image-19478\" \/><\/figure>\n\n\n<div class=\"wp-block wp-block-core-paragraph\">\n<p><\/p>\n<\/div><\/div>\n<\/div>\n<\/div>\n\n\n\n<div class=\"wp-block-group has-primary-background-color has-background is-layout-constrained wp-block-group-is-layout-constrained\">\n<div class=\"wp-block-columns is-layout-flex wp-container-core-columns-is-layout-9d6595d7 wp-block-columns-is-layout-flex\">\n<div class=\"wp-block-column is-layout-flow wp-block-column-is-layout-flow\"><div class=\"Listing no-bg\">\n  <div class=\"container\">\n    <div class=\"Listing__heading\">\n          <\/div>\n    <div class=\"row\">\n                            <div class=\"col-12 \">\n                      <article class=\"Blurb Blurb--vertical Blurb--page Blurb--vertical no-thumbnail\">\n  <a href=\"https:\/\/www.kompetensforetagen.se\/almedalen\/\">\n        <div class=\"Blurb__content\">\n      <div class=\"Blurb__body\">\n        <div>\n                            <\/div>\n        <h2 class=\"Blurb__title\">\n          Almedalen\n        <\/h2>\n                  <div class=\"Blurb__text\">\n            Vi v\u00e4lkomnar dig till ett frukostseminarium torsdagen den 26 juni kl. 08.30-09:15 Vilka \u00e4r branscherna som skapar jobben? Arbetsl\u00f6sheten tickar upp\u00e5t, tiondel f\u00f6r tiondel. \u00d6ver en halv miljon svenskar \u00e4r utan jobb. Samtidigt \u00e4r det &hellip;\n          <\/div>\n                <div class=\"Blurb__arrow\">\n                                <div class=\"Blurb__arrow__line\">\n              <svg class='icon icon--arrow-tip'  width=\"11\" height=\"16\" viewBox=\"0 0 11 16\" fill=\"none\" xmlns=\"http:\/\/www.w3.org\/2000\/svg\">\n<path d=\"M0.858398 15L9.2304 7.99664L0.967732 1.00001\" stroke=\"black\" stroke-width=\"2\" stroke-miterlimit=\"10\"\/>\n<\/svg>\n\n              <\/div>\n                  <\/div>\n      <\/div>\n    <\/div>\n  <\/a>\n<\/article>\n                  <\/div>\n                  <\/div>\n  <\/div>\n<\/div><\/div>\n\n\n\n<div class=\"wp-block-column is-layout-flow wp-block-column-is-layout-flow\"><div class=\"Listing no-bg\">\n  <div class=\"container\">\n    <div class=\"Listing__heading\">\n          <\/div>\n    <div class=\"row\">\n                            <div class=\"col-12 \">\n                      <article class=\"Blurb Blurb--vertical Blurb--page Blurb--vertical no-thumbnail\">\n  <a href=\"https:\/\/www.kompetensforetagen.se\/jobbfestivalen\/\">\n        <div class=\"Blurb__content\">\n      <div class=\"Blurb__body\">\n        <div>\n                            <\/div>\n        <h2 class=\"Blurb__title\">\n          Jobbfestivalen\n        <\/h2>\n                  <div class=\"Blurb__text\">\n            Jobbfestivalen med tema \u201dM\u00e5ngfald &amp; Inkludering\u201d arbetar aktivt med viktig informationsspridning i str\u00e4van att f\u00f6r\u00e4ndra attityder p\u00e5 arbetsmarknaden samt att samt att bidra till en f\u00f6rb\u00e4ttrad matchning. Jobbfestivalen med tema m\u00e5ngfald i Kungstr\u00e4dg\u00e5rden \u00e4r en &hellip;\n          <\/div>\n                <div class=\"Blurb__arrow\">\n                                <div class=\"Blurb__arrow__line\">\n              <svg class='icon icon--arrow-tip'  width=\"11\" height=\"16\" viewBox=\"0 0 11 16\" fill=\"none\" xmlns=\"http:\/\/www.w3.org\/2000\/svg\">\n<path d=\"M0.858398 15L9.2304 7.99664L0.967732 1.00001\" stroke=\"black\" stroke-width=\"2\" stroke-miterlimit=\"10\"\/>\n<\/svg>\n\n              <\/div>\n                  <\/div>\n      <\/div>\n    <\/div>\n  <\/a>\n<\/article>\n                  <\/div>\n                  <\/div>\n  <\/div>\n<\/div><\/div>\n<\/div>\n\n\n<div id=\"block-events-block_49624bee91b97c774096e5da0462cb02\" class=\"Listing Listing--event has-secondary-background-color\" >\n  <div class=\"container\">\n          <div class=\"Listing__heading\">\n        <h2>Kommande utbildningar och kurser<\/h2>\n      <\/div>\n        <div class=\"row\">\n                    <div class=\"col-md-3 mb-4\">\n            <article class=\"Blurb Blurb--event Blurb--sm\">\n  <a href=\"https:\/\/www.kompetensforetagen.se\/aktiviteter\/lonetransparensdirektivet-vad-hander-nu\/\">\n          <div class=\"Blurb__thumbnail__wrap\">\n        <figure class=\"Blurb__thumbnail\">\n          <img loading=\"lazy\" decoding=\"async\" width=\"580\" height=\"387\" src=\"https:\/\/www.kompetensforetagen.se\/app\/uploads\/sites\/5\/2026\/03\/sjukskrivning-1-580x387.jpg\" class=\"attachment-medium size-medium wp-post-image\" alt=\"\" srcset=\"https:\/\/www.kompetensforetagen.se\/app\/uploads\/sites\/5\/2026\/03\/sjukskrivning-1-580x387.jpg 580w, https:\/\/www.kompetensforetagen.se\/app\/uploads\/sites\/5\/2026\/03\/sjukskrivning-1-1180x787.jpg 1180w, https:\/\/www.kompetensforetagen.se\/app\/uploads\/sites\/5\/2026\/03\/sjukskrivning-1-380x253.jpg 380w, https:\/\/www.kompetensforetagen.se\/app\/uploads\/sites\/5\/2026\/03\/sjukskrivning-1-768x512.jpg 768w, https:\/\/www.kompetensforetagen.se\/app\/uploads\/sites\/5\/2026\/03\/sjukskrivning-1-1536x1024.jpg 1536w, https:\/\/www.kompetensforetagen.se\/app\/uploads\/sites\/5\/2026\/03\/sjukskrivning-1-2048x1366.jpg 2048w, https:\/\/www.kompetensforetagen.se\/app\/uploads\/sites\/5\/2026\/03\/sjukskrivning-1-600x400.jpg 600w\" sizes=\"auto, (max-width: 580px) 100vw, 580px\" \/>\n        <\/figure>\n      <\/div>\n        <div class=\"Blurb__content\">\n      <div class=\"Blurb__body\">\n        <h2 class=\"Blurb__title\">\n          L\u00f6netransparens&shy;direktivet \u2013 vad h\u00e4nder nu?\n        <\/h2>\n        <div class=\"Blurb__text course-info\">\n          <div class=\"meta\">\n                          <span>Webbinarium<\/span>\n                                                      <span>Distans<\/span>\n                                                    <span>Medlemspris: Kostnadsfritt<\/span>\n                      <\/div>\n\n                      <div class=\"date\">\n              <svg class='icon icon--calendar'  width=\"16\" height=\"16\" viewBox=\"0 0 16 16\" fill=\"none\" xmlns=\"http:\/\/www.w3.org\/2000\/svg\">\n<rect x=\"1.5\" y=\"3.99835\" width=\"13\" height=\"10\" stroke=\"black\" stroke-width=\"2\" stroke-miterlimit=\"10\" stroke-linecap=\"round\"\/>\n<path d=\"M1.5 6.79999H14.5\" stroke=\"black\" stroke-width=\"2\" stroke-miterlimit=\"10\"\/>\n<path d=\"M5 0.5V4\" stroke=\"black\" stroke-width=\"2\"\/>\n<path d=\"M11 0.5V4\" stroke=\"black\" stroke-width=\"2\"\/>\n<\/svg>\n\n                29 apr, 09:00 &#8211; 09:30\n            <\/div>\n          \n          \n\n          \n          \n          \n\n          \n\n          \n        <\/div>\n      <\/div>\n      <div class=\"Blurb__button Button \">\n                  <div class=\"Button__text\">\n            L\u00e4s mer och boka\n          <\/div>\n                <div class=\"Button__arrow\">\n          <div class=\"Button__line\"><\/div>\n          <svg class='icon icon--arrow-tip'  width=\"11\" height=\"16\" viewBox=\"0 0 11 16\" fill=\"none\" xmlns=\"http:\/\/www.w3.org\/2000\/svg\">\n<path d=\"M0.858398 15L9.2304 7.99664L0.967732 1.00001\" stroke=\"black\" stroke-width=\"2\" stroke-miterlimit=\"10\"\/>\n<\/svg>\n\n          <\/div>\n      <\/div>\n    <\/div>\n  <\/a>\n<\/article>\n\n        <\/div>\n              <div class=\"col-md-3 mb-4\">\n            <article class=\"Blurb Blurb--event Blurb--sm\">\n  <a href=\"https:\/\/www.kompetensforetagen.se\/aktiviteter\/arbetsmiljoarbetet-i-praktiken-samosa\/\">\n          <div class=\"Blurb__thumbnail__wrap\">\n        <figure class=\"Blurb__thumbnail\">\n          <img loading=\"lazy\" decoding=\"async\" width=\"580\" height=\"387\" src=\"https:\/\/www.kompetensforetagen.se\/app\/uploads\/sites\/5\/2025\/06\/masma111876-580x387.jpg\" class=\"attachment-medium size-medium wp-post-image\" alt=\"Informationsbild g\u00e4llande SAM (Systematiskt Arbetsmilj\u00f6arbete) och OSA.\" srcset=\"https:\/\/www.kompetensforetagen.se\/app\/uploads\/sites\/5\/2025\/06\/masma111876-580x387.jpg 580w, https:\/\/www.kompetensforetagen.se\/app\/uploads\/sites\/5\/2025\/06\/masma111876-1180x787.jpg 1180w, https:\/\/www.kompetensforetagen.se\/app\/uploads\/sites\/5\/2025\/06\/masma111876-380x253.jpg 380w, https:\/\/www.kompetensforetagen.se\/app\/uploads\/sites\/5\/2025\/06\/masma111876-768x512.jpg 768w, https:\/\/www.kompetensforetagen.se\/app\/uploads\/sites\/5\/2025\/06\/masma111876-1536x1024.jpg 1536w, https:\/\/www.kompetensforetagen.se\/app\/uploads\/sites\/5\/2025\/06\/masma111876-2048x1366.jpg 2048w, https:\/\/www.kompetensforetagen.se\/app\/uploads\/sites\/5\/2025\/06\/masma111876-600x400.jpg 600w\" sizes=\"auto, (max-width: 580px) 100vw, 580px\" \/>\n        <\/figure>\n      <\/div>\n        <div class=\"Blurb__content\">\n      <div class=\"Blurb__body\">\n        <h2 class=\"Blurb__title\">\n          Grundl\u00e4ggande arbetsmilj\u00f6 &#8211; SAM och  OSA\n        <\/h2>\n        <div class=\"Blurb__text course-info\">\n          <div class=\"meta\">\n                          <span>Kurs<\/span>\n                                                      <span>Distans<\/span>\n                                                    <span>Medlemspris 2995 kr<\/span>\n                      <\/div>\n\n                      <div class=\"date\">\n              <svg class='icon icon--calendar'  width=\"16\" height=\"16\" viewBox=\"0 0 16 16\" fill=\"none\" xmlns=\"http:\/\/www.w3.org\/2000\/svg\">\n<rect x=\"1.5\" y=\"3.99835\" width=\"13\" height=\"10\" stroke=\"black\" stroke-width=\"2\" stroke-miterlimit=\"10\" stroke-linecap=\"round\"\/>\n<path d=\"M1.5 6.79999H14.5\" stroke=\"black\" stroke-width=\"2\" stroke-miterlimit=\"10\"\/>\n<path d=\"M5 0.5V4\" stroke=\"black\" stroke-width=\"2\"\/>\n<path d=\"M11 0.5V4\" stroke=\"black\" stroke-width=\"2\"\/>\n<\/svg>\n\n                                6 maj, 09:00 &#8211; 12:00 och <br>\n                              7 maj, 09:00 &#8211; 12:00<br>\n                          <\/div>\n          \n          \n\n                      <div class=\"checklist\">\n              <ul class=\"checklist__list\">\n                                  <li>Arbetsmilj\u00f6lagstiftning<\/li>\n                                  <li>Systematiskt arbetsmilj\u00f6arbete<\/li>\n                                  <li>Organisatorisk och social arbetsmilj\u00f6<\/li>\n                              <\/ul>\n            <\/div>\n          \n          \n          \n\n          \n\n          \n        <\/div>\n      <\/div>\n      <div class=\"Blurb__button Button \">\n                  <div class=\"Button__text\">\n            L\u00e4s mer och boka\n          <\/div>\n                <div class=\"Button__arrow\">\n          <div class=\"Button__line\"><\/div>\n          <svg class='icon icon--arrow-tip'  width=\"11\" height=\"16\" viewBox=\"0 0 11 16\" fill=\"none\" xmlns=\"http:\/\/www.w3.org\/2000\/svg\">\n<path d=\"M0.858398 15L9.2304 7.99664L0.967732 1.00001\" stroke=\"black\" stroke-width=\"2\" stroke-miterlimit=\"10\"\/>\n<\/svg>\n\n          <\/div>\n      <\/div>\n    <\/div>\n  <\/a>\n<\/article>\n\n        <\/div>\n              <div class=\"col-md-3 mb-4\">\n            <article class=\"Blurb Blurb--event Blurb--sm\">\n  <a href=\"https:\/\/www.kompetensforetagen.se\/aktiviteter\/kompetensforetagens-avtal-for-tjansteman\/\">\n          <div class=\"Blurb__thumbnail__wrap\">\n        <figure class=\"Blurb__thumbnail\">\n          <img loading=\"lazy\" decoding=\"async\" width=\"580\" height=\"386\" src=\"https:\/\/www.kompetensforetagen.se\/app\/uploads\/sites\/5\/2025\/06\/masma111866-580x386.jpg\" class=\"attachment-medium size-medium wp-post-image\" alt=\"Grafik: kompetensf\u00f6retagens avtal f\u00f6r tj\u00e4nstem\u00e4m\" srcset=\"https:\/\/www.kompetensforetagen.se\/app\/uploads\/sites\/5\/2025\/06\/masma111866-580x386.jpg 580w, https:\/\/www.kompetensforetagen.se\/app\/uploads\/sites\/5\/2025\/06\/masma111866-1180x785.jpg 1180w, https:\/\/www.kompetensforetagen.se\/app\/uploads\/sites\/5\/2025\/06\/masma111866-380x253.jpg 380w, https:\/\/www.kompetensforetagen.se\/app\/uploads\/sites\/5\/2025\/06\/masma111866-768x511.jpg 768w, https:\/\/www.kompetensforetagen.se\/app\/uploads\/sites\/5\/2025\/06\/masma111866-1536x1022.jpg 1536w, https:\/\/www.kompetensforetagen.se\/app\/uploads\/sites\/5\/2025\/06\/masma111866-2048x1363.jpg 2048w, https:\/\/www.kompetensforetagen.se\/app\/uploads\/sites\/5\/2025\/06\/masma111866-600x399.jpg 600w\" sizes=\"auto, (max-width: 580px) 100vw, 580px\" \/>\n        <\/figure>\n      <\/div>\n        <div class=\"Blurb__content\">\n      <div class=\"Blurb__body\">\n        <h2 class=\"Blurb__title\">\n          Kompetens&shy;f\u00f6retagens avtal f\u00f6r tj\u00e4nstem\u00e4n\n        <\/h2>\n        <div class=\"Blurb__text course-info\">\n          <div class=\"meta\">\n                          <span>Kurs<\/span>\n                                                      <span>Distans<\/span>\n                                                    <span>Medlemspris 1995 kr<\/span>\n                      <\/div>\n\n                      <div class=\"date\">\n              <svg class='icon icon--calendar'  width=\"16\" height=\"16\" viewBox=\"0 0 16 16\" fill=\"none\" xmlns=\"http:\/\/www.w3.org\/2000\/svg\">\n<rect x=\"1.5\" y=\"3.99835\" width=\"13\" height=\"10\" stroke=\"black\" stroke-width=\"2\" stroke-miterlimit=\"10\" stroke-linecap=\"round\"\/>\n<path d=\"M1.5 6.79999H14.5\" stroke=\"black\" stroke-width=\"2\" stroke-miterlimit=\"10\"\/>\n<path d=\"M5 0.5V4\" stroke=\"black\" stroke-width=\"2\"\/>\n<path d=\"M11 0.5V4\" stroke=\"black\" stroke-width=\"2\"\/>\n<\/svg>\n\n                                12 maj, 10:00 &#8211; 11:30 och <br>\n                              13 maj, 10:00 &#8211; 11:30<br>\n                          <\/div>\n          \n          \n\n                      <div class=\"checklist\">\n              <ul class=\"checklist__list\">\n                                  <li>Skr\u00e4ddarsytt f\u00f6r dig som medlem i Kompetensf\u00f6retagen<\/li>\n                              <\/ul>\n            <\/div>\n          \n          \n          \n\n          \n\n          \n        <\/div>\n      <\/div>\n      <div class=\"Blurb__button Button \">\n                  <div class=\"Button__text\">\n            L\u00e4s mer och boka\n          <\/div>\n                <div class=\"Button__arrow\">\n          <div class=\"Button__line\"><\/div>\n          <svg class='icon icon--arrow-tip'  width=\"11\" height=\"16\" viewBox=\"0 0 11 16\" fill=\"none\" xmlns=\"http:\/\/www.w3.org\/2000\/svg\">\n<path d=\"M0.858398 15L9.2304 7.99664L0.967732 1.00001\" stroke=\"black\" stroke-width=\"2\" stroke-miterlimit=\"10\"\/>\n<\/svg>\n\n          <\/div>\n      <\/div>\n    <\/div>\n  <\/a>\n<\/article>\n\n        <\/div>\n              <div class=\"col-md-3 mb-4\">\n            <article class=\"Blurb Blurb--event Blurb--sm\">\n  <a href=\"https:\/\/www.kompetensforetagen.se\/aktiviteter\/rekrytering-att-gora-arbetsrattsligt-ratt\/\">\n          <div class=\"Blurb__thumbnail__wrap\">\n        <figure class=\"Blurb__thumbnail\">\n          <img loading=\"lazy\" decoding=\"async\" width=\"580\" height=\"387\" src=\"https:\/\/www.kompetensforetagen.se\/app\/uploads\/sites\/5\/2026\/02\/rekrytering-ai-580x387.jpg\" class=\"attachment-medium size-medium wp-post-image\" alt=\"\" srcset=\"https:\/\/www.kompetensforetagen.se\/app\/uploads\/sites\/5\/2026\/02\/rekrytering-ai-580x387.jpg 580w, https:\/\/www.kompetensforetagen.se\/app\/uploads\/sites\/5\/2026\/02\/rekrytering-ai-1180x787.jpg 1180w, https:\/\/www.kompetensforetagen.se\/app\/uploads\/sites\/5\/2026\/02\/rekrytering-ai-380x253.jpg 380w, https:\/\/www.kompetensforetagen.se\/app\/uploads\/sites\/5\/2026\/02\/rekrytering-ai-768x512.jpg 768w, https:\/\/www.kompetensforetagen.se\/app\/uploads\/sites\/5\/2026\/02\/rekrytering-ai-1536x1024.jpg 1536w, https:\/\/www.kompetensforetagen.se\/app\/uploads\/sites\/5\/2026\/02\/rekrytering-ai-2048x1366.jpg 2048w, https:\/\/www.kompetensforetagen.se\/app\/uploads\/sites\/5\/2026\/02\/rekrytering-ai-600x400.jpg 600w\" sizes=\"auto, (max-width: 580px) 100vw, 580px\" \/>\n        <\/figure>\n      <\/div>\n        <div class=\"Blurb__content\">\n      <div class=\"Blurb__body\">\n        <h2 class=\"Blurb__title\">\n          Rekrytera r\u00e4tt \u2013 nya regler, AI och l\u00f6netransparens\n        <\/h2>\n        <div class=\"Blurb__text course-info\">\n          <div class=\"meta\">\n                          <span>Kurs<\/span>\n                                                      <span>Distans<\/span>\n                                                    <span>Medlemspris 995 kr<\/span>\n                      <\/div>\n\n                      <div class=\"date\">\n              <svg class='icon icon--calendar'  width=\"16\" height=\"16\" viewBox=\"0 0 16 16\" fill=\"none\" xmlns=\"http:\/\/www.w3.org\/2000\/svg\">\n<rect x=\"1.5\" y=\"3.99835\" width=\"13\" height=\"10\" stroke=\"black\" stroke-width=\"2\" stroke-miterlimit=\"10\" stroke-linecap=\"round\"\/>\n<path d=\"M1.5 6.79999H14.5\" stroke=\"black\" stroke-width=\"2\" stroke-miterlimit=\"10\"\/>\n<path d=\"M5 0.5V4\" stroke=\"black\" stroke-width=\"2\"\/>\n<path d=\"M11 0.5V4\" stroke=\"black\" stroke-width=\"2\"\/>\n<\/svg>\n\n                12 maj, 13:00 &#8211; 16:00\n            <\/div>\n          \n          \n\n                      <div class=\"checklist\">\n              <ul class=\"checklist__list\">\n                                  <li>AI<\/li>\n                                  <li>tester och automatiserad screening<\/li>\n                                  <li>Diskrimineringslagen \u2013 kravprofil<\/li>\n                                  <li>urval och intervjuer<\/li>\n                                  <li>L\u00f6netransparens \u2013 krav p\u00e5 l\u00f6neinformation i rekryteringsprocessen<\/li>\n                              <\/ul>\n            <\/div>\n          \n          \n          \n\n          \n\n          \n        <\/div>\n      <\/div>\n      <div class=\"Blurb__button Button \">\n                  <div class=\"Button__text\">\n            L\u00e4s mer och boka\n          <\/div>\n                <div class=\"Button__arrow\">\n          <div class=\"Button__line\"><\/div>\n          <svg class='icon icon--arrow-tip'  width=\"11\" height=\"16\" viewBox=\"0 0 11 16\" fill=\"none\" xmlns=\"http:\/\/www.w3.org\/2000\/svg\">\n<path d=\"M0.858398 15L9.2304 7.99664L0.967732 1.00001\" stroke=\"black\" stroke-width=\"2\" stroke-miterlimit=\"10\"\/>\n<\/svg>\n\n          <\/div>\n      <\/div>\n    <\/div>\n  <\/a>\n<\/article>\n\n        <\/div>\n                <\/div>\n      <\/div>\n<\/div>\n<\/div>\n","protected":false},"excerpt":{"rendered":"<p>Kompetensbranschens dag Varmt v\u00e4lkommen till en eftermiddag med kunskap, n\u00e4tverkande och inspiration. Vi avslutar med branschfest och prisutdelning i det fantastiska N\u00e4ringslivets hus. Onsdagen den 15 oktober samlas vi i N\u00e4ringslivets Hus i centrala Stockholm &hellip;<\/p>\n","protected":false},"author":14830,"featured_media":0,"parent":0,"menu_order":69,"comment_status":"closed","ping_status":"closed","template":"","meta":{"_acf_changed":false,"footnotes":""},"article_type":[],"agreement":[],"for-members":[],"class_list":["post-13393","page","type-page","status-publish","hentry"],"acf":[],"yoast_head":"<!-- This site is optimized with the Yoast SEO Premium plugin v26.8 (Yoast SEO v26.8) - https:\/\/yoast.com\/product\/yoast-seo-premium-wordpress\/ -->\n<title>Event I Kompetensf\u00f6retagen<\/title>\n<meta name=\"description\" content=\"Kompetensf\u00f6retagen deltar i event f\u00f6r att bland annat sprida information om den viktiga samh\u00e4llsnytta medlemsf\u00f6retagen bidrar med.\" \/>\n<meta name=\"robots\" content=\"index, follow, max-snippet:-1, max-image-preview:large, max-video-preview:-1\" \/>\n<link rel=\"canonical\" href=\"https:\/\/www.kompetensforetagen.se\/event\/\" \/>\n<meta property=\"og:locale\" content=\"sv_SE\" \/>\n<meta property=\"og:type\" content=\"article\" \/>\n<meta property=\"og:title\" content=\"Event\" \/>\n<meta property=\"og:description\" content=\"Kompetensf\u00f6retagen deltar i event f\u00f6r att bland annat sprida information om den viktiga samh\u00e4llsnytta medlemsf\u00f6retagen bidrar med.\" \/>\n<meta property=\"og:url\" content=\"https:\/\/www.kompetensforetagen.se\/event\/\" \/>\n<meta property=\"og:site_name\" content=\"Kompetensf\u00f6retagen\" \/>\n<meta property=\"article:modified_time\" content=\"2025-05-26T11:55:01+00:00\" \/>\n<meta property=\"og:image\" content=\"https:\/\/www.kompetensforetagen.se\/app\/uploads\/sites\/5\/2025\/03\/Save-the-date-7.gif\" \/>\n\t<meta property=\"og:image:width\" content=\"940\" \/>\n\t<meta property=\"og:image:height\" content=\"788\" \/>\n\t<meta property=\"og:image:type\" content=\"image\/gif\" \/>\n<meta name=\"twitter:card\" content=\"summary_large_image\" \/>\n<meta name=\"twitter:label1\" content=\"Ber\u00e4knad l\u00e4stid\" \/>\n\t<meta name=\"twitter:data1\" content=\"1 minut\" \/>\n<script type=\"application\/ld+json\" class=\"yoast-schema-graph\">{\"@context\":\"https:\/\/schema.org\",\"@graph\":[{\"@type\":\"WebPage\",\"@id\":\"https:\/\/www.kompetensforetagen.se\/event\/\",\"url\":\"https:\/\/www.kompetensforetagen.se\/event\/\",\"name\":\"Event I Kompetensf\u00f6retagen\",\"isPartOf\":{\"@id\":\"https:\/\/www.kompetensforetagen.se\/#website\"},\"primaryImageOfPage\":{\"@id\":\"https:\/\/www.kompetensforetagen.se\/event\/#primaryimage\"},\"image\":{\"@id\":\"https:\/\/www.kompetensforetagen.se\/event\/#primaryimage\"},\"thumbnailUrl\":\"https:\/\/www.kompetensforetagen.se\/app\/uploads\/sites\/5\/2025\/03\/Save-the-date-7.gif\",\"datePublished\":\"2023-05-29T12:03:54+00:00\",\"dateModified\":\"2025-05-26T11:55:01+00:00\",\"description\":\"Kompetensf\u00f6retagen deltar i event f\u00f6r att bland annat sprida information om den viktiga samh\u00e4llsnytta medlemsf\u00f6retagen bidrar med.\",\"breadcrumb\":{\"@id\":\"https:\/\/www.kompetensforetagen.se\/event\/#breadcrumb\"},\"inLanguage\":\"sv-SE\",\"potentialAction\":[{\"@type\":\"ReadAction\",\"target\":[\"https:\/\/www.kompetensforetagen.se\/event\/\"]}]},{\"@type\":\"ImageObject\",\"inLanguage\":\"sv-SE\",\"@id\":\"https:\/\/www.kompetensforetagen.se\/event\/#primaryimage\",\"url\":\"https:\/\/www.kompetensforetagen.se\/app\/uploads\/sites\/5\/2025\/03\/Save-the-date-7.gif\",\"contentUrl\":\"https:\/\/www.kompetensforetagen.se\/app\/uploads\/sites\/5\/2025\/03\/Save-the-date-7.gif\",\"width\":940,\"height\":788,\"caption\":\"Animerad inbjudan: Save the Date f\u00f6r kommande branscheventet: Kompetensbranschens dag.\"},{\"@type\":\"BreadcrumbList\",\"@id\":\"https:\/\/www.kompetensforetagen.se\/event\/#breadcrumb\",\"itemListElement\":[{\"@type\":\"ListItem\",\"position\":1,\"name\":\"Home\",\"item\":\"https:\/\/www.kompetensforetagen.se\/\"},{\"@type\":\"ListItem\",\"position\":2,\"name\":\"Event\"}]},{\"@type\":\"WebSite\",\"@id\":\"https:\/\/www.kompetensforetagen.se\/#website\",\"url\":\"https:\/\/www.kompetensforetagen.se\/\",\"name\":\"Kompetensf\u00f6retagen\",\"description\":\"R\u00e4tt person p\u00e5 r\u00e4tt plats kan f\u00f6r\u00e4ndra v\u00e4rlden\",\"publisher\":{\"@id\":\"https:\/\/www.kompetensforetagen.se\/#organization\"},\"potentialAction\":[{\"@type\":\"SearchAction\",\"target\":{\"@type\":\"EntryPoint\",\"urlTemplate\":\"https:\/\/www.kompetensforetagen.se\/?s={search_term_string}\"},\"query-input\":{\"@type\":\"PropertyValueSpecification\",\"valueRequired\":true,\"valueName\":\"search_term_string\"}}],\"inLanguage\":\"sv-SE\"},{\"@type\":\"Organization\",\"@id\":\"https:\/\/www.kompetensforetagen.se\/#organization\",\"name\":\"Kompetensf\u00f6retagen\",\"url\":\"https:\/\/www.kompetensforetagen.se\/\",\"logo\":{\"@type\":\"ImageObject\",\"inLanguage\":\"sv-SE\",\"@id\":\"https:\/\/www.kompetensforetagen.se\/#\/schema\/logo\/image\/\",\"url\":\"https:\/\/www.kompetensforetagen.se\/app\/uploads\/sites\/5\/2022\/10\/logga_svart.png\",\"contentUrl\":\"https:\/\/www.kompetensforetagen.se\/app\/uploads\/sites\/5\/2022\/10\/logga_svart.png\",\"width\":752,\"height\":64,\"caption\":\"Kompetensf\u00f6retagen\"},\"image\":{\"@id\":\"https:\/\/www.kompetensforetagen.se\/#\/schema\/logo\/image\/\"},\"sameAs\":[\"https:\/\/www.linkedin.com\/company\/10540032\/\"]}]}<\/script>\n<!-- \/ Yoast SEO Premium plugin. -->","yoast_head_json":{"title":"Event I Kompetensf\u00f6retagen","description":"Kompetensf\u00f6retagen deltar i event f\u00f6r att bland annat sprida information om den viktiga samh\u00e4llsnytta medlemsf\u00f6retagen bidrar med.","robots":{"index":"index","follow":"follow","max-snippet":"max-snippet:-1","max-image-preview":"max-image-preview:large","max-video-preview":"max-video-preview:-1"},"canonical":"https:\/\/www.kompetensforetagen.se\/event\/","og_locale":"sv_SE","og_type":"article","og_title":"Event","og_description":"Kompetensf\u00f6retagen deltar i event f\u00f6r att bland annat sprida information om den viktiga samh\u00e4llsnytta medlemsf\u00f6retagen bidrar med.","og_url":"https:\/\/www.kompetensforetagen.se\/event\/","og_site_name":"Kompetensf\u00f6retagen","article_modified_time":"2025-05-26T11:55:01+00:00","og_image":[{"url":"https:\/\/www.kompetensforetagen.se\/app\/uploads\/sites\/5\/2025\/03\/Save-the-date-7.gif","width":940,"height":788,"type":"image\/gif"}],"twitter_card":"summary_large_image","twitter_misc":{"Ber\u00e4knad l\u00e4stid":"1 minut"},"schema":{"@context":"https:\/\/schema.org","@graph":[{"@type":"WebPage","@id":"https:\/\/www.kompetensforetagen.se\/event\/","url":"https:\/\/www.kompetensforetagen.se\/event\/","name":"Event I Kompetensf\u00f6retagen","isPartOf":{"@id":"https:\/\/www.kompetensforetagen.se\/#website"},"primaryImageOfPage":{"@id":"https:\/\/www.kompetensforetagen.se\/event\/#primaryimage"},"image":{"@id":"https:\/\/www.kompetensforetagen.se\/event\/#primaryimage"},"thumbnailUrl":"https:\/\/www.kompetensforetagen.se\/app\/uploads\/sites\/5\/2025\/03\/Save-the-date-7.gif","datePublished":"2023-05-29T12:03:54+00:00","dateModified":"2025-05-26T11:55:01+00:00","description":"Kompetensf\u00f6retagen deltar i event f\u00f6r att bland annat sprida information om den viktiga samh\u00e4llsnytta medlemsf\u00f6retagen bidrar med.","breadcrumb":{"@id":"https:\/\/www.kompetensforetagen.se\/event\/#breadcrumb"},"inLanguage":"sv-SE","potentialAction":[{"@type":"ReadAction","target":["https:\/\/www.kompetensforetagen.se\/event\/"]}]},{"@type":"ImageObject","inLanguage":"sv-SE","@id":"https:\/\/www.kompetensforetagen.se\/event\/#primaryimage","url":"https:\/\/www.kompetensforetagen.se\/app\/uploads\/sites\/5\/2025\/03\/Save-the-date-7.gif","contentUrl":"https:\/\/www.kompetensforetagen.se\/app\/uploads\/sites\/5\/2025\/03\/Save-the-date-7.gif","width":940,"height":788,"caption":"Animerad inbjudan: Save the Date f\u00f6r kommande branscheventet: Kompetensbranschens dag."},{"@type":"BreadcrumbList","@id":"https:\/\/www.kompetensforetagen.se\/event\/#breadcrumb","itemListElement":[{"@type":"ListItem","position":1,"name":"Home","item":"https:\/\/www.kompetensforetagen.se\/"},{"@type":"ListItem","position":2,"name":"Event"}]},{"@type":"WebSite","@id":"https:\/\/www.kompetensforetagen.se\/#website","url":"https:\/\/www.kompetensforetagen.se\/","name":"Kompetensf\u00f6retagen","description":"R\u00e4tt person p\u00e5 r\u00e4tt plats kan f\u00f6r\u00e4ndra v\u00e4rlden","publisher":{"@id":"https:\/\/www.kompetensforetagen.se\/#organization"},"potentialAction":[{"@type":"SearchAction","target":{"@type":"EntryPoint","urlTemplate":"https:\/\/www.kompetensforetagen.se\/?s={search_term_string}"},"query-input":{"@type":"PropertyValueSpecification","valueRequired":true,"valueName":"search_term_string"}}],"inLanguage":"sv-SE"},{"@type":"Organization","@id":"https:\/\/www.kompetensforetagen.se\/#organization","name":"Kompetensf\u00f6retagen","url":"https:\/\/www.kompetensforetagen.se\/","logo":{"@type":"ImageObject","inLanguage":"sv-SE","@id":"https:\/\/www.kompetensforetagen.se\/#\/schema\/logo\/image\/","url":"https:\/\/www.kompetensforetagen.se\/app\/uploads\/sites\/5\/2022\/10\/logga_svart.png","contentUrl":"https:\/\/www.kompetensforetagen.se\/app\/uploads\/sites\/5\/2022\/10\/logga_svart.png","width":752,"height":64,"caption":"Kompetensf\u00f6retagen"},"image":{"@id":"https:\/\/www.kompetensforetagen.se\/#\/schema\/logo\/image\/"},"sameAs":["https:\/\/www.linkedin.com\/company\/10540032\/"]}]}},"_links":{"self":[{"href":"https:\/\/www.kompetensforetagen.se\/api\/wp\/v2\/pages\/13393","targetHints":{"allow":["GET"]}}],"collection":[{"href":"https:\/\/www.kompetensforetagen.se\/api\/wp\/v2\/pages"}],"about":[{"href":"https:\/\/www.kompetensforetagen.se\/api\/wp\/v2\/types\/page"}],"author":[{"embeddable":true,"href":"https:\/\/www.kompetensforetagen.se\/api\/wp\/v2\/users\/14830"}],"replies":[{"embeddable":true,"href":"https:\/\/www.kompetensforetagen.se\/api\/wp\/v2\/comments?post=13393"}],"version-history":[{"count":24,"href":"https:\/\/www.kompetensforetagen.se\/api\/wp\/v2\/pages\/13393\/revisions"}],"predecessor-version":[{"id":20133,"href":"https:\/\/www.kompetensforetagen.se\/api\/wp\/v2\/pages\/13393\/revisions\/20133"}],"wp:attachment":[{"href":"https:\/\/www.kompetensforetagen.se\/api\/wp\/v2\/media?parent=13393"}],"wp:term":[{"taxonomy":"type","embeddable":true,"href":"https:\/\/www.kompetensforetagen.se\/api\/wp\/v2\/article_type?post=13393"},{"taxonomy":"agreement","embeddable":true,"href":"https:\/\/www.kompetensforetagen.se\/api\/wp\/v2\/agreement?post=13393"},{"taxonomy":"for-members","embeddable":true,"href":"https:\/\/www.kompetensforetagen.se\/api\/wp\/v2\/for-members?post=13393"}],"curies":[{"name":"wp","href":"https:\/\/api.w.org\/{rel}","templated":true}]}}