{"id":12598,"date":"2023-04-11T12:53:14","date_gmt":"2023-04-11T10:53:14","guid":{"rendered":"https:\/\/dev.kompetensforetagen.se\/?page_id=12598"},"modified":"2023-10-24T13:15:14","modified_gmt":"2023-10-24T11:15:14","slug":"om-allmanna-bestammelser","status":"publish","type":"page","link":"https:\/\/www.kompetensforetagen.se\/om-allmanna-bestammelser\/","title":{"rendered":"Om allm\u00e4nna best\u00e4mmelser"},"content":{"rendered":"<div class=\"wp-block wp-block-core-heading\" id=\"om-allmanna-bestammelser\">\n<h1 class=\"wp-block-heading\">Om allm\u00e4nna best\u00e4mmelser<\/h1>\n<\/div>\n\n<div class=\"wp-block wp-block-core-paragraph\">\n<p><em>Konkurrensneutrala aff\u00e4rsvillkor med v\u00e5ra allm\u00e4nna best\u00e4mmelser<\/em><\/p>\n<\/div>\n\n<div class=\"wp-block wp-block-core-paragraph\">\n<p>Kompetensf\u00f6retagen erbjuder allm\u00e4nna best\u00e4mmelser f\u00f6r verksamheter inom <a href=\"https:\/\/www.kompetensforetagen.se\/bemanning\/\">personaluthyrning<\/a>, <a href=\"https:\/\/www.kompetensforetagen.se\/omstallning\/\">omst\u00e4llning <\/a>och <a href=\"https:\/\/www.kompetensforetagen.se\/rekrytering-2\/\">rekrytering<\/a>. F\u00f6r medlemsf\u00f6retag \u00e4r de gratis att ladda ned, och f\u00f6r andra kan de laddas ned mot en \u00e5rlig prenumerationskostnad.<\/p>\n<\/div>\n\n<div class=\"wp-block wp-block-core-paragraph\">\n<p>Ett grundl\u00e4ggande syfte med Kompetensf\u00f6retagens allm\u00e4nna best\u00e4mmelser \u00e4r att skapa konkurrensneutralitet via en rimlig balans i f\u00f6rh\u00e5llandet mellan leverans och pris. De ger ocks\u00e5 tydlighet och klara riktlinjer kring avtalsvillkor. Det g\u00f6r att anv\u00e4ndandet av de allm\u00e4nna best\u00e4mmelserna kanske \u00e4r det b\u00e4sta s\u00e4ttet att f\u00f6rhindra en tvist mellan kompetensf\u00f6retag och kundf\u00f6retag. Dessutom kan kunden p\u00e5 ett enkelt s\u00e4tt j\u00e4mf\u00f6ra olika leverant\u00f6rers offerter.<\/p>\n<\/div>\n\n<div class=\"wp-block wp-block-core-paragraph\">\n<p>Allm\u00e4nna best\u00e4mmelser \u00e4r idag vanligt f\u00f6rekommande inom en m\u00e4ngd olika branscher och uppfattas m\u00e5nga g\u00e5nger som praxis av v\u00e5ra domstolar.<\/p>\n<\/div>\n\n<div class=\"wp-block wp-block-core-paragraph\">\n<p>De allm\u00e4nna best\u00e4mmelserna \u00e4r anpassade till dataskyddsf\u00f6rordningen (<a href=\"https:\/\/gdprinfo.eu\/sv\" target=\"_blank\" rel=\"noreferrer noopener\">GDPR<\/a>).&nbsp; De \u00e4r ocks\u00e5 anpassade efter branschens f\u00f6ruts\u00e4ttningar och har sedan m\u00e5nga \u00e5r en stark st\u00e4llning i Sverige.<\/p>\n<\/div>\n\n<div class=\"wp-block wp-block-core-heading\" id=\"det-ska-vara-latt-att-gora-ratt\">\n<h3 class=\"wp-block-heading\">Det ska vara l\u00e4tt att g\u00f6ra r\u00e4tt<\/h3>\n<\/div>\n\n<div class=\"wp-block wp-block-core-paragraph\">\n<p>Ett kommersiellt avtal kan best\u00e5 av tv\u00e5 delar \u2013 en unik, enskild del f\u00f6r det specifika avtalet f\u00f6r aktuell avtalad tj\u00e4nst och en allm\u00e4n del som best\u00e5r av allm\u00e4nna best\u00e4mmelser. F\u00f6r att de allm\u00e4nna best\u00e4mmelserna ska bli en del av det enskilda avtalet m\u00e5ste motparten k\u00e4nna till dem. Det sker genom att de Allm\u00e4nna best\u00e4mmelserna bifogas tillsammans med det enskilda avtalet.<\/p>\n<\/div>\n\n<div class=\"wp-block wp-block-core-heading\" id=\"viktigt-for-dig-som-anvander-vara-allmanna-bestammelser\">\n<h3 class=\"wp-block-heading\">Viktigt f\u00f6r dig som anv\u00e4nder v\u00e5ra allm\u00e4nna best\u00e4mmelser<\/h3>\n<\/div>\n\n<div class=\"wp-block wp-block-core-paragraph\">\n<p>De allm\u00e4nna best\u00e4mmelserna finns endast som nedladdningsbara PDF:er. F\u00f6retag som anv\u00e4nder aff\u00e4rssystem kan v\u00e4nda sig till sin leverant\u00f6r f\u00f6r att f\u00e5 hj\u00e4lp att l\u00e4gga in avtalen i systemet.<\/p>\n<\/div>\n\n<div class=\"wp-block wp-block-core-paragraph\">\n<p><strong>Vad \u00e4r allm\u00e4nna best\u00e4mmelser?<\/strong><\/p>\n<\/div>\n\n<div class=\"wp-block wp-block-core-paragraph\">\n<p>De \u00e4r avtalsvillkor framtagna av Kompetensf\u00f6retagen. Ett grundl\u00e4ggande syfte med de allm\u00e4nna best\u00e4mmelserna \u00e4r att skapa en rimlig balans i f\u00f6rh\u00e5llandet mellan leverans och pris. Dessutom kan kunden b\u00e4ttre j\u00e4mf\u00f6ra olika leverant\u00f6rers offerter.<\/p>\n<\/div>\n\n<div class=\"wp-block wp-block-core-paragraph\">\n<p><strong>Ers\u00e4tter de n\u00e5got?<\/strong><\/p>\n<\/div>\n\n<div class=\"wp-block wp-block-core-paragraph\">\n<p>De allm\u00e4nna best\u00e4mmelserna \u00e4r ett st\u00f6d f\u00f6r verksamhetens aff\u00e4rsavtal, och ers\u00e4tter till exempel inte kollektivavtal.<\/p>\n<\/div>\n\n<div class=\"wp-block wp-block-core-paragraph\">\n<p><strong>Hur fungerar de?<\/strong><\/p>\n<\/div>\n\n<div class=\"wp-block wp-block-core-paragraph\">\n<p>De allm\u00e4nna best\u00e4mmelserna inneh\u00e5ller grundl\u00e4ggande beskrivningar om bland annat uppdragens omfattning, pris, arbetsledning och arbetsmilj\u00f6ansvar. Notera att de inte ers\u00e4tter kollektivavtal, utan \u00e4r ett st\u00f6d f\u00f6r verksamhetens aff\u00e4rsavtal och f\u00f6r att kundf\u00f6retag b\u00e4ttre kan j\u00e4mf\u00f6ra olika leverant\u00f6rers offerter.<\/p>\n<\/div>\n\n<div class=\"wp-block wp-block-core-paragraph\">\n<p><strong>\u00c4r de lagligt bindande?<\/strong><\/p>\n<\/div>\n\n<div class=\"wp-block wp-block-core-paragraph\">\n<p>Alla avtalsvillkor \u2013 skriftliga som muntliga &#8211; som sluts mellan parter \u00e4r lagligt bindande. Det \u00e4r viktigt att k\u00e4nna till att om man p\u00e5 n\u00e5got s\u00e4tt f\u00f6r\u00e4ndrar inneh\u00e5llet i Kompetensf\u00f6retagens allm\u00e4nna best\u00e4mmelser kan inte &nbsp;f\u00f6rbundet l\u00e4ngre r\u00e5dge i h\u00e4ndelse av tvist eller i \u00f6vrigt n\u00e4r fr\u00e5gor uppst\u00e5r i f\u00f6rh\u00e5llande till aff\u00e4ren.<\/p>\n<\/div>\n\n<div class=\"wp-block wp-block-core-paragraph\">\n<p><strong>Vem eller vilka beh\u00f6ver dem?<\/strong><\/p>\n<\/div>\n\n<div class=\"wp-block wp-block-core-paragraph\">\n<p>Att f\u00f6lja de allm\u00e4nna best\u00e4mmelserna &#8211; minst &#8211; \u00e4r ett villkor f\u00f6r medlemskap och d\u00e4rmed \u00e4ven f\u00f6r auktorisation i Kompetensf\u00f6retagen. De \u00e4r ett st\u00f6d f\u00f6r verksamhetens aff\u00e4rsavtal och f\u00f6r att kundf\u00f6retag b\u00e4ttre kan j\u00e4mf\u00f6ra olika leverant\u00f6rers offerter.<\/p>\n<\/div>\n\n<div class=\"wp-block wp-block-core-paragraph\">\n<p><strong>P\u00e5 vilket s\u00e4tt ska de vara \u201dk\u00e4nda av motparten\u201d?<\/strong><\/p>\n<\/div>\n\n<div class=\"wp-block wp-block-core-paragraph\">\n<p>Det sker genom att de allm\u00e4nna best\u00e4mmelserna bifogas tillsammans med det enskilda avtalet. F\u00f6r att vara g\u00e4llande m\u00e5ste det finnas en h\u00e4nvisning fr\u00e5n det enskilda avtalet till de allm\u00e4nna best\u00e4mmelserna. Det \u00e4r ocks\u00e5 viktigt att k\u00e4nna till att om man p\u00e5 n\u00e5got s\u00e4tt f\u00f6r\u00e4ndrar inneh\u00e5llet i Kompetensf\u00f6retagens allm\u00e4nna best\u00e4mmelser kan f\u00f6rbundet inte l\u00e4ngre r\u00e5dge i h\u00e4ndelse av tvist eller i \u00f6vrigt n\u00e4r fr\u00e5gor uppst\u00e5r i f\u00f6rh\u00e5llande till aff\u00e4ren.<\/p>\n<\/div>\n\n<div class=\"wp-block wp-block-core-paragraph\">\n<p><strong>\u00c4r de offentliga?<\/strong><\/p>\n<\/div>\n\n<div class=\"wp-block wp-block-core-paragraph\">\n<p>De \u00e4r tillg\u00e4ngliga kostnadsfritt f\u00f6r Kompetensf\u00f6retagens medlemmar. Icke-medlemmar kan ta del av dem genom att prenumerera p\u00e5 dem mot en \u00e5rlig kostnad av 5 000 kronor. Notera dock att  enligt lagen om upphovsr\u00e4tt (1960:729) \u00e4r det f\u00f6rbjudet att kopiera, trycka upp, elektroniskt mellanlagra eller p\u00e5 andra  s\u00e4tt reproducera avtalet. Det \u00e4r ocks\u00e5 enligt samma lag f\u00f6rbjudet att sprida avtalet. <\/p>\n<\/div>\n\n<div class=\"wp-block wp-block-core-paragraph\">\n<p><strong>Varf\u00f6r kostar de f\u00f6r ickemedlemmar?<\/strong><br>I medlemskapet i Kompetensf\u00f6retagen ing\u00e5r flertalet medlemsf\u00f6rm\u00e5ner som till exempel fri nedladdning av de allm\u00e4nna best\u00e4mmelserna. F\u00f6r icke medlemmar som vill prenumerera p\u00e5 de Allm\u00e4nna best\u00e4mmelserna \u00e4r kostnaden 5 000 kronor per \u00e5r.<\/p>\n<\/div>\n\n<div class=\"wp-block wp-block-core-paragraph\">\n<p><strong>Hur l\u00e4nge g\u00e4ller prenumerationen?<\/strong><\/p>\n<\/div>\n\n<div class=\"wp-block wp-block-core-paragraph\">\n<p>Prenumerationen \u00e4r \u00e5rlig.<\/p>\n<\/div>\n\n<div class=\"wp-block wp-block-core-paragraph\">\n<p><strong>Hur funkar prenumerationen?<\/strong><\/p>\n<\/div>\n\n<div class=\"wp-block wp-block-core-paragraph\">\n<p>Man k\u00f6per <a href=\"https:\/\/butik.kompetensforetagen.se\/produkt\/prenumeration-digitala-dokument\/\" data-type=\"product\" data-id=\"57\">en prenumeration<\/a> h\u00e4r i Kompetensf\u00f6retagens webbshop. Prenumerationen ger alla inom ditt f\u00f6retag tillg\u00e5ng till Kompetensf\u00f6retagens dokument digitalt.<\/p>\n<\/div>\n\n<div class=\"wp-block wp-block-core-paragraph\">\n<p>Genom att prenumerera p\u00e5 v\u00e5ra digitala dokument f\u00e5r alla inom f\u00f6retaget tillg\u00e5ng till dessa, n\u00e4r och var ni \u00e4n beh\u00f6ver det \u2013 ni beh\u00f6ver bara teckna en prenumeration per f\u00f6retag och organisationsnummer.<\/p>\n<\/div>\n\n<div class=\"wp-block wp-block-core-paragraph\">\n<p><strong>Vad h\u00e4nder om man sprider dem vidare?<\/strong><\/p>\n<\/div>\n\n<div class=\"wp-block wp-block-core-paragraph\">\n<p>Enligt lagen om upphovsr\u00e4tt (1960:729) \u00e4r det f\u00f6rbjudet att kopiera, trycka upp, elektroniskt mellanlagra eller p\u00e5 andra s\u00e4tt reproducera avtalet. Det \u00e4r ocks\u00e5 enligt samma lag f\u00f6rbjudet att sprida avtalet.<\/p>\n<\/div>","protected":false},"excerpt":{"rendered":"<p>Om allm\u00e4nna best\u00e4mmelser Konkurrensneutrala aff\u00e4rsvillkor med v\u00e5ra allm\u00e4nna best\u00e4mmelser Kompetensf\u00f6retagen erbjuder allm\u00e4nna best\u00e4mmelser f\u00f6r verksamheter inom personaluthyrning, omst\u00e4llning och rekrytering. F\u00f6r medlemsf\u00f6retag \u00e4r de gratis att ladda ned, och f\u00f6r andra kan de laddas ned &hellip;<\/p>\n","protected":false},"author":1,"featured_media":0,"parent":0,"menu_order":66,"comment_status":"closed","ping_status":"closed","template":"","meta":{"_acf_changed":false,"footnotes":""},"article_type":[],"agreement":[],"for-members":[],"class_list":["post-12598","page","type-page","status-publish","hentry"],"acf":[],"yoast_head":"<!-- This site is optimized with the Yoast SEO Premium plugin v26.8 (Yoast SEO v26.8) - https:\/\/yoast.com\/product\/yoast-seo-premium-wordpress\/ -->\n<title>Om allm\u00e4nna best\u00e4mmelser I Kompetensf\u00f6retagen<\/title>\n<meta name=\"description\" content=\"Ett grundl\u00e4ggande syfte med v\u00e5ra allm\u00e4nna best\u00e4mmelser \u00e4r att skapa konkurrensneutralitet via balans i f\u00f6rh\u00e5llandet mellan leverans och pris\" \/>\n<meta name=\"robots\" content=\"index, follow, max-snippet:-1, max-image-preview:large, max-video-preview:-1\" \/>\n<link rel=\"canonical\" href=\"https:\/\/www.kompetensforetagen.se\/om-allmanna-bestammelser\/\" \/>\n<meta property=\"og:locale\" content=\"sv_SE\" \/>\n<meta property=\"og:type\" content=\"article\" \/>\n<meta property=\"og:title\" content=\"Om allm\u00e4nna best\u00e4mmelser\" \/>\n<meta property=\"og:description\" content=\"Ett grundl\u00e4ggande syfte med v\u00e5ra allm\u00e4nna best\u00e4mmelser \u00e4r att skapa konkurrensneutralitet via balans i f\u00f6rh\u00e5llandet mellan leverans och pris\" \/>\n<meta property=\"og:url\" content=\"https:\/\/www.kompetensforetagen.se\/om-allmanna-bestammelser\/\" \/>\n<meta property=\"og:site_name\" content=\"Kompetensf\u00f6retagen\" \/>\n<meta property=\"article:modified_time\" content=\"2023-10-24T11:15:14+00:00\" \/>\n<meta name=\"twitter:card\" content=\"summary_large_image\" \/>\n<meta name=\"twitter:label1\" content=\"Ber\u00e4knad l\u00e4stid\" \/>\n\t<meta name=\"twitter:data1\" content=\"4 minuter\" \/>\n<script type=\"application\/ld+json\" class=\"yoast-schema-graph\">{\"@context\":\"https:\/\/schema.org\",\"@graph\":[{\"@type\":\"WebPage\",\"@id\":\"https:\/\/www.kompetensforetagen.se\/om-allmanna-bestammelser\/\",\"url\":\"https:\/\/www.kompetensforetagen.se\/om-allmanna-bestammelser\/\",\"name\":\"Om allm\u00e4nna best\u00e4mmelser I Kompetensf\u00f6retagen\",\"isPartOf\":{\"@id\":\"https:\/\/www.kompetensforetagen.se\/#website\"},\"datePublished\":\"2023-04-11T10:53:14+00:00\",\"dateModified\":\"2023-10-24T11:15:14+00:00\",\"description\":\"Ett grundl\u00e4ggande syfte med v\u00e5ra allm\u00e4nna best\u00e4mmelser \u00e4r att skapa konkurrensneutralitet via balans i f\u00f6rh\u00e5llandet mellan leverans och pris\",\"breadcrumb\":{\"@id\":\"https:\/\/www.kompetensforetagen.se\/om-allmanna-bestammelser\/#breadcrumb\"},\"inLanguage\":\"sv-SE\",\"potentialAction\":[{\"@type\":\"ReadAction\",\"target\":[\"https:\/\/www.kompetensforetagen.se\/om-allmanna-bestammelser\/\"]}]},{\"@type\":\"BreadcrumbList\",\"@id\":\"https:\/\/www.kompetensforetagen.se\/om-allmanna-bestammelser\/#breadcrumb\",\"itemListElement\":[{\"@type\":\"ListItem\",\"position\":1,\"name\":\"Home\",\"item\":\"https:\/\/www.kompetensforetagen.se\/\"},{\"@type\":\"ListItem\",\"position\":2,\"name\":\"Om allm\u00e4nna best\u00e4mmelser\"}]},{\"@type\":\"WebSite\",\"@id\":\"https:\/\/www.kompetensforetagen.se\/#website\",\"url\":\"https:\/\/www.kompetensforetagen.se\/\",\"name\":\"Kompetensf\u00f6retagen\",\"description\":\"R\u00e4tt person p\u00e5 r\u00e4tt plats kan f\u00f6r\u00e4ndra v\u00e4rlden\",\"publisher\":{\"@id\":\"https:\/\/www.kompetensforetagen.se\/#organization\"},\"potentialAction\":[{\"@type\":\"SearchAction\",\"target\":{\"@type\":\"EntryPoint\",\"urlTemplate\":\"https:\/\/www.kompetensforetagen.se\/?s={search_term_string}\"},\"query-input\":{\"@type\":\"PropertyValueSpecification\",\"valueRequired\":true,\"valueName\":\"search_term_string\"}}],\"inLanguage\":\"sv-SE\"},{\"@type\":\"Organization\",\"@id\":\"https:\/\/www.kompetensforetagen.se\/#organization\",\"name\":\"Kompetensf\u00f6retagen\",\"url\":\"https:\/\/www.kompetensforetagen.se\/\",\"logo\":{\"@type\":\"ImageObject\",\"inLanguage\":\"sv-SE\",\"@id\":\"https:\/\/www.kompetensforetagen.se\/#\/schema\/logo\/image\/\",\"url\":\"https:\/\/www.kompetensforetagen.se\/app\/uploads\/sites\/5\/2022\/10\/logga_svart.png\",\"contentUrl\":\"https:\/\/www.kompetensforetagen.se\/app\/uploads\/sites\/5\/2022\/10\/logga_svart.png\",\"width\":752,\"height\":64,\"caption\":\"Kompetensf\u00f6retagen\"},\"image\":{\"@id\":\"https:\/\/www.kompetensforetagen.se\/#\/schema\/logo\/image\/\"},\"sameAs\":[\"https:\/\/www.linkedin.com\/company\/10540032\/\"]}]}<\/script>\n<!-- \/ Yoast SEO Premium plugin. -->","yoast_head_json":{"title":"Om allm\u00e4nna best\u00e4mmelser I Kompetensf\u00f6retagen","description":"Ett grundl\u00e4ggande syfte med v\u00e5ra allm\u00e4nna best\u00e4mmelser \u00e4r att skapa konkurrensneutralitet via balans i f\u00f6rh\u00e5llandet mellan leverans och pris","robots":{"index":"index","follow":"follow","max-snippet":"max-snippet:-1","max-image-preview":"max-image-preview:large","max-video-preview":"max-video-preview:-1"},"canonical":"https:\/\/www.kompetensforetagen.se\/om-allmanna-bestammelser\/","og_locale":"sv_SE","og_type":"article","og_title":"Om allm\u00e4nna best\u00e4mmelser","og_description":"Ett grundl\u00e4ggande syfte med v\u00e5ra allm\u00e4nna best\u00e4mmelser \u00e4r att skapa konkurrensneutralitet via balans i f\u00f6rh\u00e5llandet mellan leverans och pris","og_url":"https:\/\/www.kompetensforetagen.se\/om-allmanna-bestammelser\/","og_site_name":"Kompetensf\u00f6retagen","article_modified_time":"2023-10-24T11:15:14+00:00","twitter_card":"summary_large_image","twitter_misc":{"Ber\u00e4knad l\u00e4stid":"4 minuter"},"schema":{"@context":"https:\/\/schema.org","@graph":[{"@type":"WebPage","@id":"https:\/\/www.kompetensforetagen.se\/om-allmanna-bestammelser\/","url":"https:\/\/www.kompetensforetagen.se\/om-allmanna-bestammelser\/","name":"Om allm\u00e4nna best\u00e4mmelser I Kompetensf\u00f6retagen","isPartOf":{"@id":"https:\/\/www.kompetensforetagen.se\/#website"},"datePublished":"2023-04-11T10:53:14+00:00","dateModified":"2023-10-24T11:15:14+00:00","description":"Ett grundl\u00e4ggande syfte med v\u00e5ra allm\u00e4nna best\u00e4mmelser \u00e4r att skapa konkurrensneutralitet via balans i f\u00f6rh\u00e5llandet mellan leverans och pris","breadcrumb":{"@id":"https:\/\/www.kompetensforetagen.se\/om-allmanna-bestammelser\/#breadcrumb"},"inLanguage":"sv-SE","potentialAction":[{"@type":"ReadAction","target":["https:\/\/www.kompetensforetagen.se\/om-allmanna-bestammelser\/"]}]},{"@type":"BreadcrumbList","@id":"https:\/\/www.kompetensforetagen.se\/om-allmanna-bestammelser\/#breadcrumb","itemListElement":[{"@type":"ListItem","position":1,"name":"Home","item":"https:\/\/www.kompetensforetagen.se\/"},{"@type":"ListItem","position":2,"name":"Om allm\u00e4nna best\u00e4mmelser"}]},{"@type":"WebSite","@id":"https:\/\/www.kompetensforetagen.se\/#website","url":"https:\/\/www.kompetensforetagen.se\/","name":"Kompetensf\u00f6retagen","description":"R\u00e4tt person p\u00e5 r\u00e4tt plats kan f\u00f6r\u00e4ndra v\u00e4rlden","publisher":{"@id":"https:\/\/www.kompetensforetagen.se\/#organization"},"potentialAction":[{"@type":"SearchAction","target":{"@type":"EntryPoint","urlTemplate":"https:\/\/www.kompetensforetagen.se\/?s={search_term_string}"},"query-input":{"@type":"PropertyValueSpecification","valueRequired":true,"valueName":"search_term_string"}}],"inLanguage":"sv-SE"},{"@type":"Organization","@id":"https:\/\/www.kompetensforetagen.se\/#organization","name":"Kompetensf\u00f6retagen","url":"https:\/\/www.kompetensforetagen.se\/","logo":{"@type":"ImageObject","inLanguage":"sv-SE","@id":"https:\/\/www.kompetensforetagen.se\/#\/schema\/logo\/image\/","url":"https:\/\/www.kompetensforetagen.se\/app\/uploads\/sites\/5\/2022\/10\/logga_svart.png","contentUrl":"https:\/\/www.kompetensforetagen.se\/app\/uploads\/sites\/5\/2022\/10\/logga_svart.png","width":752,"height":64,"caption":"Kompetensf\u00f6retagen"},"image":{"@id":"https:\/\/www.kompetensforetagen.se\/#\/schema\/logo\/image\/"},"sameAs":["https:\/\/www.linkedin.com\/company\/10540032\/"]}]}},"_links":{"self":[{"href":"https:\/\/www.kompetensforetagen.se\/api\/wp\/v2\/pages\/12598","targetHints":{"allow":["GET"]}}],"collection":[{"href":"https:\/\/www.kompetensforetagen.se\/api\/wp\/v2\/pages"}],"about":[{"href":"https:\/\/www.kompetensforetagen.se\/api\/wp\/v2\/types\/page"}],"author":[{"embeddable":true,"href":"https:\/\/www.kompetensforetagen.se\/api\/wp\/v2\/users\/1"}],"replies":[{"embeddable":true,"href":"https:\/\/www.kompetensforetagen.se\/api\/wp\/v2\/comments?post=12598"}],"version-history":[{"count":6,"href":"https:\/\/www.kompetensforetagen.se\/api\/wp\/v2\/pages\/12598\/revisions"}],"predecessor-version":[{"id":15438,"href":"https:\/\/www.kompetensforetagen.se\/api\/wp\/v2\/pages\/12598\/revisions\/15438"}],"wp:attachment":[{"href":"https:\/\/www.kompetensforetagen.se\/api\/wp\/v2\/media?parent=12598"}],"wp:term":[{"taxonomy":"type","embeddable":true,"href":"https:\/\/www.kompetensforetagen.se\/api\/wp\/v2\/article_type?post=12598"},{"taxonomy":"agreement","embeddable":true,"href":"https:\/\/www.kompetensforetagen.se\/api\/wp\/v2\/agreement?post=12598"},{"taxonomy":"for-members","embeddable":true,"href":"https:\/\/www.kompetensforetagen.se\/api\/wp\/v2\/for-members?post=12598"}],"curies":[{"name":"wp","href":"https:\/\/api.w.org\/{rel}","templated":true}]}}