{"id":12513,"date":"2023-04-06T11:04:12","date_gmt":"2023-04-06T09:04:12","guid":{"rendered":"https:\/\/dev.kompetensforetagen.se\/?page_id=12513"},"modified":"2023-06-08T14:38:19","modified_gmt":"2023-06-08T12:38:19","slug":"aktuellt","status":"publish","type":"page","link":"https:\/\/www.kompetensforetagen.se\/aktuellt\/","title":{"rendered":"Aktuellt"},"content":{"rendered":"<div class=\"Listing no-bg\" id=\"block-2dfa4da5-6211-4718-b80b-12601409581f\">\n  <div class=\"container\">\n    <div class=\"Listing__heading\">\n          <\/div>\n    <div class=\"row\">\n      \n                      <div class=\"col-12\">\n                      <article class=\"Blurb Blurb--lg Blurb--post Blurb--horizontal has-thumbnail\">\n  <a href=\"https:\/\/www.kompetensforetagen.se\/2026\/04\/tre-insikter-om-arbetsmarknaden\/\">\n          <div class=\"Blurb__thumbnail__wrap\">\n        <figure class=\"Blurb__thumbnail\">\n          <img loading=\"lazy\" decoding=\"async\" width=\"1920\" height=\"1344\" src=\"https:\/\/www.kompetensforetagen.se\/app\/uploads\/sites\/5\/2026\/04\/Johan-Eriksson-260420-scaled-e1776669731454.jpeg\" class=\"attachment-small size-small wp-post-image\" alt=\"\" srcset=\"https:\/\/www.kompetensforetagen.se\/app\/uploads\/sites\/5\/2026\/04\/Johan-Eriksson-260420-scaled-e1776669731454.jpeg 1920w, https:\/\/www.kompetensforetagen.se\/app\/uploads\/sites\/5\/2026\/04\/Johan-Eriksson-260420-scaled-e1776669731454-580x406.jpeg 580w, https:\/\/www.kompetensforetagen.se\/app\/uploads\/sites\/5\/2026\/04\/Johan-Eriksson-260420-scaled-e1776669731454-1180x826.jpeg 1180w, https:\/\/www.kompetensforetagen.se\/app\/uploads\/sites\/5\/2026\/04\/Johan-Eriksson-260420-scaled-e1776669731454-380x266.jpeg 380w, https:\/\/www.kompetensforetagen.se\/app\/uploads\/sites\/5\/2026\/04\/Johan-Eriksson-260420-scaled-e1776669731454-768x538.jpeg 768w, https:\/\/www.kompetensforetagen.se\/app\/uploads\/sites\/5\/2026\/04\/Johan-Eriksson-260420-scaled-e1776669731454-1536x1075.jpeg 1536w, https:\/\/www.kompetensforetagen.se\/app\/uploads\/sites\/5\/2026\/04\/Johan-Eriksson-260420-scaled-e1776669731454-600x420.jpeg 600w\" sizes=\"auto, (max-width: 1920px) 100vw, 1920px\" \/>\n        <\/figure>\n      <\/div>\n        <div class=\"Blurb__content\">\n      <div class=\"Blurb__body\">\n        <div>\n                                <div class=\"Meta d-flex align-items-center Blurb__meta\">\n      <div class=\"Meta__tag item\">\n      Arbetsmarknad\n      <svg class='icon icon--triangle'  width=\"26\" height=\"32\" viewBox=\"0 0 26 32\" fill=\"none\" xmlns=\"http:\/\/www.w3.org\/2000\/svg\">\n<path fill-rule=\"evenodd\" clip-rule=\"evenodd\" d=\"M13.1315 0H0V32H13.1315L26 16L13.1315 0ZM9 18.581C10.6569 18.581 12 17.1946 12 15.4843C12 13.774 10.6569 12.3875 9 12.3875C7.34315 12.3875 6 13.774 6 15.4843C6 17.1946 7.34315 18.581 9 18.581Z\" fill=\"#FDDCC0\"\/>\n<\/svg>\n\n      <\/div>\n    <div class=\"Meta__group\">\n          <div class=\"Meta__date  d-flex align-items-center\">\n        <svg class='icon icon--timestamp'  width=\"16\" height=\"16\" viewBox=\"0 0 16 16\" fill=\"none\" xmlns=\"http:\/\/www.w3.org\/2000\/svg\">\n<path fill-rule=\"evenodd\" clip-rule=\"evenodd\" d=\"M10.4833 10.5818C10.7278 10.8452 10.7278 11.2723 10.4833 11.5357C10.361 11.6674 10.2008 11.7333 10.0405 11.7333C9.88023 11.7333 9.72008 11.6674 9.59781 11.5357L7.65015 9.43814C7.53273 9.31167 7.46667 9.14001 7.46667 8.96109V4.94118C7.46667 4.56868 7.74705 4.26667 8.09288 4.26667C8.4387 4.26667 8.71908 4.56868 8.71908 4.94118V8.68168L10.4833 10.5818ZM8 14.9333C4.177 14.9333 1.06667 11.823 1.06667 8C1.06667 4.177 4.177 1.06667 8 1.06667C11.8232 1.06667 14.9333 4.177 14.9333 8C14.9333 11.823 11.8232 14.9333 8 14.9333ZM8 0C3.58887 0 0 3.58887 0 8C0 12.4111 3.58887 16 8 16C12.4113 16 16 12.4111 16 8C16 3.58887 12.4113 0 8 0Z\" fill=\"black\"\/>\n<\/svg>\n\n          <time datetime=\"2026-04-27T07:56:55+00:00\">27 april<\/time>\n      <\/div>\n              <div class=\"Meta__category\">\n        Blogg\n      <\/div>\n      <\/div>\n<\/div>\n                  <\/div>\n        <h2 class=\"Blurb__title\">\n          Tre insikter om arbetsmarknaden\n        <\/h2>\n                  <div class=\"Blurb__text\">\n            Sedan tv\u00e5 veckor \u00e4r jag n\u00e4ringspolitisk expert med fokus p\u00e5 v\u00e4lf\u00e4rdsbemanning och rekryteringsfr\u00e5gor som bakgrundskontroller och AI. Redan nu har jag haft f\u00f6rm\u00e5nen att delta i flera intressanta samtal och sammanhang som jag vill dela med mig av, skriver Johan Eriksson.\n\n          <\/div>\n                <div class=\"Blurb__arrow\">\n                                <div class=\"Blurb__arrow__line\">\n              <svg class='icon icon--arrow-tip'  width=\"11\" height=\"16\" viewBox=\"0 0 11 16\" fill=\"none\" xmlns=\"http:\/\/www.w3.org\/2000\/svg\">\n<path d=\"M0.858398 15L9.2304 7.99664L0.967732 1.00001\" stroke=\"black\" stroke-width=\"2\" stroke-miterlimit=\"10\"\/>\n<\/svg>\n\n              <\/div>\n                  <\/div>\n      <\/div>\n    <\/div>\n  <\/a>\n<\/article>\n                  <\/div>\n                              <div class=\"col-md-4\">\n                      <article class=\"Blurb Blurb--md Blurb--post Blurb--vertical has-thumbnail\">\n  <a href=\"https:\/\/www.kompetensforetagen.se\/2026\/04\/johan-eriksson-ny-naringspolitisk-expert\/\">\n          <div class=\"Blurb__thumbnail__wrap\">\n        <figure class=\"Blurb__thumbnail\">\n          <img loading=\"lazy\" decoding=\"async\" width=\"1920\" height=\"1344\" src=\"https:\/\/www.kompetensforetagen.se\/app\/uploads\/sites\/5\/2026\/04\/Johan-Eriksson-260420-scaled-e1776669731454.jpeg\" class=\"attachment-small size-small wp-post-image\" alt=\"\" srcset=\"https:\/\/www.kompetensforetagen.se\/app\/uploads\/sites\/5\/2026\/04\/Johan-Eriksson-260420-scaled-e1776669731454.jpeg 1920w, https:\/\/www.kompetensforetagen.se\/app\/uploads\/sites\/5\/2026\/04\/Johan-Eriksson-260420-scaled-e1776669731454-580x406.jpeg 580w, https:\/\/www.kompetensforetagen.se\/app\/uploads\/sites\/5\/2026\/04\/Johan-Eriksson-260420-scaled-e1776669731454-1180x826.jpeg 1180w, https:\/\/www.kompetensforetagen.se\/app\/uploads\/sites\/5\/2026\/04\/Johan-Eriksson-260420-scaled-e1776669731454-380x266.jpeg 380w, https:\/\/www.kompetensforetagen.se\/app\/uploads\/sites\/5\/2026\/04\/Johan-Eriksson-260420-scaled-e1776669731454-768x538.jpeg 768w, https:\/\/www.kompetensforetagen.se\/app\/uploads\/sites\/5\/2026\/04\/Johan-Eriksson-260420-scaled-e1776669731454-1536x1075.jpeg 1536w, https:\/\/www.kompetensforetagen.se\/app\/uploads\/sites\/5\/2026\/04\/Johan-Eriksson-260420-scaled-e1776669731454-600x420.jpeg 600w\" sizes=\"auto, (max-width: 1920px) 100vw, 1920px\" \/>\n        <\/figure>\n      <\/div>\n        <div class=\"Blurb__content\">\n      <div class=\"Blurb__body\">\n        <div>\n                                <div class=\"Meta d-flex align-items-center Blurb__meta\">\n    <div class=\"Meta__group\">\n          <div class=\"Meta__date  d-flex align-items-center\">\n        <svg class='icon icon--timestamp'  width=\"16\" height=\"16\" viewBox=\"0 0 16 16\" fill=\"none\" xmlns=\"http:\/\/www.w3.org\/2000\/svg\">\n<path fill-rule=\"evenodd\" clip-rule=\"evenodd\" d=\"M10.4833 10.5818C10.7278 10.8452 10.7278 11.2723 10.4833 11.5357C10.361 11.6674 10.2008 11.7333 10.0405 11.7333C9.88023 11.7333 9.72008 11.6674 9.59781 11.5357L7.65015 9.43814C7.53273 9.31167 7.46667 9.14001 7.46667 8.96109V4.94118C7.46667 4.56868 7.74705 4.26667 8.09288 4.26667C8.4387 4.26667 8.71908 4.56868 8.71908 4.94118V8.68168L10.4833 10.5818ZM8 14.9333C4.177 14.9333 1.06667 11.823 1.06667 8C1.06667 4.177 4.177 1.06667 8 1.06667C11.8232 1.06667 14.9333 4.177 14.9333 8C14.9333 11.823 11.8232 14.9333 8 14.9333ZM8 0C3.58887 0 0 3.58887 0 8C0 12.4111 3.58887 16 8 16C12.4113 16 16 12.4111 16 8C16 3.58887 12.4113 0 8 0Z\" fill=\"black\"\/>\n<\/svg>\n\n          <time datetime=\"2026-04-20T07:21:18+00:00\">20 april<\/time>\n      <\/div>\n              <div class=\"Meta__category\">\n        Aktuellt\n      <\/div>\n      <\/div>\n<\/div>\n                  <\/div>\n        <h2 class=\"Blurb__title\">\n          Johan Eriksson, ny n\u00e4ringspolitisk expert\n        <\/h2>\n                  <div class=\"Blurb__text\">\n            Varmt v\u00e4lkommen Johan Eriksson, ny n\u00e4ringspolitisk expert p\u00e5 Kompetensf\u00f6retagen! Johan \u00e4r ursprungligen fr\u00e5n Uppsala, med examen fr\u00e5n Lunds universitet. Senast arbetade han som konsult p\u00e5 Public Affairs-byr\u00e5 och har tidigare var politiskt sakkunnig f\u00f6r Moderaterna i Stockholms stad samt dessf\u00f6rinnan Region Uppsala.\n\n          <\/div>\n                <div class=\"Blurb__arrow\">\n                                <div class=\"Blurb__arrow__line\">\n              <svg class='icon icon--arrow-tip'  width=\"11\" height=\"16\" viewBox=\"0 0 11 16\" fill=\"none\" xmlns=\"http:\/\/www.w3.org\/2000\/svg\">\n<path d=\"M0.858398 15L9.2304 7.99664L0.967732 1.00001\" stroke=\"black\" stroke-width=\"2\" stroke-miterlimit=\"10\"\/>\n<\/svg>\n\n              <\/div>\n                  <\/div>\n      <\/div>\n    <\/div>\n  <\/a>\n<\/article>\n                  <\/div>\n                              <div class=\"col-md-4\">\n                      <article class=\"Blurb Blurb--md Blurb--post Blurb--vertical has-thumbnail\">\n  <a href=\"https:\/\/www.kompetensforetagen.se\/2026\/04\/nar-forskningen-overtolkas-och-foretag-hamnar-i-skottgluggen\/\">\n          <div class=\"Blurb__thumbnail__wrap\">\n        <figure class=\"Blurb__thumbnail\">\n          <img loading=\"lazy\" decoding=\"async\" width=\"1400\" height=\"934\" src=\"https:\/\/www.kompetensforetagen.se\/app\/uploads\/sites\/5\/2026\/04\/DSF0892.jpg\" class=\"attachment-small size-small wp-post-image\" alt=\"\" srcset=\"https:\/\/www.kompetensforetagen.se\/app\/uploads\/sites\/5\/2026\/04\/DSF0892.jpg 1400w, https:\/\/www.kompetensforetagen.se\/app\/uploads\/sites\/5\/2026\/04\/DSF0892-580x387.jpg 580w, https:\/\/www.kompetensforetagen.se\/app\/uploads\/sites\/5\/2026\/04\/DSF0892-1180x787.jpg 1180w, https:\/\/www.kompetensforetagen.se\/app\/uploads\/sites\/5\/2026\/04\/DSF0892-380x254.jpg 380w, https:\/\/www.kompetensforetagen.se\/app\/uploads\/sites\/5\/2026\/04\/DSF0892-768x512.jpg 768w, https:\/\/www.kompetensforetagen.se\/app\/uploads\/sites\/5\/2026\/04\/DSF0892-600x400.jpg 600w\" sizes=\"auto, (max-width: 1400px) 100vw, 1400px\" \/>\n        <\/figure>\n      <\/div>\n        <div class=\"Blurb__content\">\n      <div class=\"Blurb__body\">\n        <div>\n                                <div class=\"Meta d-flex align-items-center Blurb__meta\">\n      <div class=\"Meta__tag item\">\n      Arbetsf\u00f6rmedlingen\n      <svg class='icon icon--triangle'  width=\"26\" height=\"32\" viewBox=\"0 0 26 32\" fill=\"none\" xmlns=\"http:\/\/www.w3.org\/2000\/svg\">\n<path fill-rule=\"evenodd\" clip-rule=\"evenodd\" d=\"M13.1315 0H0V32H13.1315L26 16L13.1315 0ZM9 18.581C10.6569 18.581 12 17.1946 12 15.4843C12 13.774 10.6569 12.3875 9 12.3875C7.34315 12.3875 6 13.774 6 15.4843C6 17.1946 7.34315 18.581 9 18.581Z\" fill=\"#FDDCC0\"\/>\n<\/svg>\n\n      <\/div>\n    <div class=\"Meta__group\">\n          <div class=\"Meta__date  d-flex align-items-center\">\n        <svg class='icon icon--timestamp'  width=\"16\" height=\"16\" viewBox=\"0 0 16 16\" fill=\"none\" xmlns=\"http:\/\/www.w3.org\/2000\/svg\">\n<path fill-rule=\"evenodd\" clip-rule=\"evenodd\" d=\"M10.4833 10.5818C10.7278 10.8452 10.7278 11.2723 10.4833 11.5357C10.361 11.6674 10.2008 11.7333 10.0405 11.7333C9.88023 11.7333 9.72008 11.6674 9.59781 11.5357L7.65015 9.43814C7.53273 9.31167 7.46667 9.14001 7.46667 8.96109V4.94118C7.46667 4.56868 7.74705 4.26667 8.09288 4.26667C8.4387 4.26667 8.71908 4.56868 8.71908 4.94118V8.68168L10.4833 10.5818ZM8 14.9333C4.177 14.9333 1.06667 11.823 1.06667 8C1.06667 4.177 4.177 1.06667 8 1.06667C11.8232 1.06667 14.9333 4.177 14.9333 8C14.9333 11.823 11.8232 14.9333 8 14.9333ZM8 0C3.58887 0 0 3.58887 0 8C0 12.4111 3.58887 16 8 16C12.4113 16 16 12.4111 16 8C16 3.58887 12.4113 0 8 0Z\" fill=\"black\"\/>\n<\/svg>\n\n          <time datetime=\"2026-04-17T07:27:36+00:00\">17 april<\/time>\n      <\/div>\n              <div class=\"Meta__category\">\n        Blogg\n      <\/div>\n      <\/div>\n<\/div>\n                  <\/div>\n        <h2 class=\"Blurb__title\">\n          N\u00e4r forskningen \u00f6vertolkas och f\u00f6retag hamnar i skottgluggen\n        <\/h2>\n                  <div class=\"Blurb__text\">\n            En ny forskningsrapport fr\u00e5n Svenskt N\u00e4ringsliv ritar om den arbetsmarknadspolitiska kartan. Frist\u00e5ende leverant\u00f6rer h\u00e5ller h\u00f6ga resultat och \u00e4r kostnadseffektiva. Det skriver Jessica Forss Katz i ett blogginl\u00e4gg.\n\n          <\/div>\n                <div class=\"Blurb__arrow\">\n                                <div class=\"Blurb__arrow__line\">\n              <svg class='icon icon--arrow-tip'  width=\"11\" height=\"16\" viewBox=\"0 0 11 16\" fill=\"none\" xmlns=\"http:\/\/www.w3.org\/2000\/svg\">\n<path d=\"M0.858398 15L9.2304 7.99664L0.967732 1.00001\" stroke=\"black\" stroke-width=\"2\" stroke-miterlimit=\"10\"\/>\n<\/svg>\n\n              <\/div>\n                  <\/div>\n      <\/div>\n    <\/div>\n  <\/a>\n<\/article>\n                  <\/div>\n                              <div class=\"col-md-4\">\n                      <article class=\"Blurb Blurb--md Blurb--post Blurb--vertical has-thumbnail\">\n  <a href=\"https:\/\/www.kompetensforetagen.se\/2026\/02\/hur-ska-36-manader-beraknas-for-konsultregeln\/\">\n          <div class=\"Blurb__thumbnail__wrap\">\n        <figure class=\"Blurb__thumbnail\">\n          <img loading=\"lazy\" decoding=\"async\" width=\"1080\" height=\"540\" src=\"https:\/\/www.kompetensforetagen.se\/app\/uploads\/sites\/5\/2025\/02\/Kopia-av-Charlotte-Magnus-ikael-1.jpg\" class=\"attachment-small size-small wp-post-image\" alt=\"Alva Palmqvist, arbetsr\u00e4ttsjurist\" srcset=\"https:\/\/www.kompetensforetagen.se\/app\/uploads\/sites\/5\/2025\/02\/Kopia-av-Charlotte-Magnus-ikael-1.jpg 1080w, https:\/\/www.kompetensforetagen.se\/app\/uploads\/sites\/5\/2025\/02\/Kopia-av-Charlotte-Magnus-ikael-1-580x290.jpg 580w, https:\/\/www.kompetensforetagen.se\/app\/uploads\/sites\/5\/2025\/02\/Kopia-av-Charlotte-Magnus-ikael-1-380x190.jpg 380w, https:\/\/www.kompetensforetagen.se\/app\/uploads\/sites\/5\/2025\/02\/Kopia-av-Charlotte-Magnus-ikael-1-768x384.jpg 768w, https:\/\/www.kompetensforetagen.se\/app\/uploads\/sites\/5\/2025\/02\/Kopia-av-Charlotte-Magnus-ikael-1-600x300.jpg 600w\" sizes=\"auto, (max-width: 1080px) 100vw, 1080px\" \/>\n        <\/figure>\n      <\/div>\n        <div class=\"Blurb__content\">\n      <div class=\"Blurb__body\">\n        <div>\n                                <div class=\"Meta d-flex align-items-center Blurb__meta\">\n      <div class=\"Meta__tag item\">\n      24-m\u00e5nadersregeln\n      <svg class='icon icon--triangle'  width=\"26\" height=\"32\" viewBox=\"0 0 26 32\" fill=\"none\" xmlns=\"http:\/\/www.w3.org\/2000\/svg\">\n<path fill-rule=\"evenodd\" clip-rule=\"evenodd\" d=\"M13.1315 0H0V32H13.1315L26 16L13.1315 0ZM9 18.581C10.6569 18.581 12 17.1946 12 15.4843C12 13.774 10.6569 12.3875 9 12.3875C7.34315 12.3875 6 13.774 6 15.4843C6 17.1946 7.34315 18.581 9 18.581Z\" fill=\"#FDDCC0\"\/>\n<\/svg>\n\n      <\/div>\n    <div class=\"Meta__group\">\n          <div class=\"Meta__date  d-flex align-items-center\">\n        <svg class='icon icon--timestamp'  width=\"16\" height=\"16\" viewBox=\"0 0 16 16\" fill=\"none\" xmlns=\"http:\/\/www.w3.org\/2000\/svg\">\n<path fill-rule=\"evenodd\" clip-rule=\"evenodd\" d=\"M10.4833 10.5818C10.7278 10.8452 10.7278 11.2723 10.4833 11.5357C10.361 11.6674 10.2008 11.7333 10.0405 11.7333C9.88023 11.7333 9.72008 11.6674 9.59781 11.5357L7.65015 9.43814C7.53273 9.31167 7.46667 9.14001 7.46667 8.96109V4.94118C7.46667 4.56868 7.74705 4.26667 8.09288 4.26667C8.4387 4.26667 8.71908 4.56868 8.71908 4.94118V8.68168L10.4833 10.5818ZM8 14.9333C4.177 14.9333 1.06667 11.823 1.06667 8C1.06667 4.177 4.177 1.06667 8 1.06667C11.8232 1.06667 14.9333 4.177 14.9333 8C14.9333 11.823 11.8232 14.9333 8 14.9333ZM8 0C3.58887 0 0 3.58887 0 8C0 12.4111 3.58887 16 8 16C12.4113 16 16 12.4111 16 8C16 3.58887 12.4113 0 8 0Z\" fill=\"black\"\/>\n<\/svg>\n\n          <time datetime=\"2026-02-11T14:12:28+00:00\">11 februari<\/time>\n      <\/div>\n              <div class=\"Meta__category\">\n        Aktuellt\n      <\/div>\n      <\/div>\n<\/div>\n                  <\/div>\n        <h2 class=\"Blurb__title\">\n          Hur ska 36 m\u00e5nader ber\u00e4knas f\u00f6r konsultregeln?\n        <\/h2>\n                  <div class=\"Blurb__text\">\n            Utg\u00e5ngspunkten i uthyrningslagen \u00e4r att en konsult f\u00e5r vara inhyrd hos samma kund i h\u00f6gst 24 m\u00e5nader under en rullande 36-m\u00e5nadersperiod. Det \u00e4r viktigt att f\u00f6rst\u00e5 att b\u00e5de 24 m\u00e5nader och 36 m\u00e5nader avser tidsm\u00e4ngder, inte fasta perioder knutna till ett visst start- eller slutdatum.\n\n          <\/div>\n                <div class=\"Blurb__arrow\">\n                                <div class=\"Blurb__arrow__line\">\n              <svg class='icon icon--arrow-tip'  width=\"11\" height=\"16\" viewBox=\"0 0 11 16\" fill=\"none\" xmlns=\"http:\/\/www.w3.org\/2000\/svg\">\n<path d=\"M0.858398 15L9.2304 7.99664L0.967732 1.00001\" stroke=\"black\" stroke-width=\"2\" stroke-miterlimit=\"10\"\/>\n<\/svg>\n\n              <\/div>\n                  <\/div>\n      <\/div>\n    <\/div>\n  <\/a>\n<\/article>\n                  <\/div>\n                  <\/div>\n    \n      <\/div>\n<\/div>\n\n\n<div class=\"wp-block-group has-green-background-color has-background is-layout-constrained wp-block-group-is-layout-constrained\"><div class=\"Listing no-bg\" id=\"block-6c1304e9-eec9-4550-a8e6-20af3fe8c6a2\">\n  <div class=\"container\">\n    <div class=\"Listing__heading\">\n       <h2>KONSULT<\/h2>     <\/div>\n    <div class=\"row\">\n      \n                      <div class=\"col-md-6\">\n                      <article class=\"Blurb Blurb--lg Blurb--post Blurb--vertical has-thumbnail\">\n  <a href=\"https:\/\/www.kompetensforetagen.se\/2025\/10\/arets-konsulter-ar-utsedda\/\">\n          <div class=\"Blurb__thumbnail__wrap\">\n        <figure class=\"Blurb__thumbnail\">\n          <img loading=\"lazy\" decoding=\"async\" width=\"2560\" height=\"1708\" src=\"https:\/\/www.kompetensforetagen.se\/app\/uploads\/sites\/5\/2025\/10\/DSC2368-scaled.jpg\" class=\"attachment-small size-small wp-post-image\" alt=\"Bild fr\u00e5n Kompetensf\u00f6retagens Skills awards 2025.\" srcset=\"https:\/\/www.kompetensforetagen.se\/app\/uploads\/sites\/5\/2025\/10\/DSC2368-scaled.jpg 2560w, https:\/\/www.kompetensforetagen.se\/app\/uploads\/sites\/5\/2025\/10\/DSC2368-580x387.jpg 580w, https:\/\/www.kompetensforetagen.se\/app\/uploads\/sites\/5\/2025\/10\/DSC2368-1180x787.jpg 1180w, https:\/\/www.kompetensforetagen.se\/app\/uploads\/sites\/5\/2025\/10\/DSC2368-380x254.jpg 380w, https:\/\/www.kompetensforetagen.se\/app\/uploads\/sites\/5\/2025\/10\/DSC2368-768x512.jpg 768w, https:\/\/www.kompetensforetagen.se\/app\/uploads\/sites\/5\/2025\/10\/DSC2368-1536x1025.jpg 1536w, https:\/\/www.kompetensforetagen.se\/app\/uploads\/sites\/5\/2025\/10\/DSC2368-2048x1366.jpg 2048w, https:\/\/www.kompetensforetagen.se\/app\/uploads\/sites\/5\/2025\/10\/DSC2368-600x400.jpg 600w\" sizes=\"auto, (max-width: 2560px) 100vw, 2560px\" \/>\n        <\/figure>\n      <\/div>\n        <div class=\"Blurb__content\">\n      <div class=\"Blurb__body\">\n        <div>\n                                <div class=\"Meta d-flex align-items-center Blurb__meta\">\n      <div class=\"Meta__tag item\">\n      Kompetensbranschen\n      <svg class='icon icon--triangle'  width=\"26\" height=\"32\" viewBox=\"0 0 26 32\" fill=\"none\" xmlns=\"http:\/\/www.w3.org\/2000\/svg\">\n<path fill-rule=\"evenodd\" clip-rule=\"evenodd\" d=\"M13.1315 0H0V32H13.1315L26 16L13.1315 0ZM9 18.581C10.6569 18.581 12 17.1946 12 15.4843C12 13.774 10.6569 12.3875 9 12.3875C7.34315 12.3875 6 13.774 6 15.4843C6 17.1946 7.34315 18.581 9 18.581Z\" fill=\"#FDDCC0\"\/>\n<\/svg>\n\n      <\/div>\n    <div class=\"Meta__group\">\n          <div class=\"Meta__date  d-flex align-items-center\">\n        <svg class='icon icon--timestamp'  width=\"16\" height=\"16\" viewBox=\"0 0 16 16\" fill=\"none\" xmlns=\"http:\/\/www.w3.org\/2000\/svg\">\n<path fill-rule=\"evenodd\" clip-rule=\"evenodd\" d=\"M10.4833 10.5818C10.7278 10.8452 10.7278 11.2723 10.4833 11.5357C10.361 11.6674 10.2008 11.7333 10.0405 11.7333C9.88023 11.7333 9.72008 11.6674 9.59781 11.5357L7.65015 9.43814C7.53273 9.31167 7.46667 9.14001 7.46667 8.96109V4.94118C7.46667 4.56868 7.74705 4.26667 8.09288 4.26667C8.4387 4.26667 8.71908 4.56868 8.71908 4.94118V8.68168L10.4833 10.5818ZM8 14.9333C4.177 14.9333 1.06667 11.823 1.06667 8C1.06667 4.177 4.177 1.06667 8 1.06667C11.8232 1.06667 14.9333 4.177 14.9333 8C14.9333 11.823 11.8232 14.9333 8 14.9333ZM8 0C3.58887 0 0 3.58887 0 8C0 12.4111 3.58887 16 8 16C12.4113 16 16 12.4111 16 8C16 3.58887 12.4113 0 8 0Z\" fill=\"black\"\/>\n<\/svg>\n\n          <time datetime=\"2025-10-17T07:29:10+00:00\">17 oktober 2025<\/time>\n      <\/div>\n              <div class=\"Meta__category\">\n        Aktuellt\n      <\/div>\n      <\/div>\n<\/div>\n                  <\/div>\n        <h3 class=\"Blurb__title\">\n          \u00c5rets konsulter \u00e4r utsedda\n        <\/h3>\n                  <div class=\"Blurb__text\">\n            Nu kan Kompetensf\u00f6retagen presentera \u00e5rets pristagare p\u00e5 Kompetensbranschens dag 2025. Totalt delades fem priser ut till konsulter som har gjort extraordin\u00e4ra insatser inom kompetensbranschen. Priserna gick till medarbetare p\u00e5 f\u00f6retagen Adecco, Simplex, Experis, Aventus och Miljonbemanning.\n\n          <\/div>\n                <div class=\"Blurb__arrow\">\n                                <div class=\"Blurb__arrow__line\">\n              <svg class='icon icon--arrow-tip'  width=\"11\" height=\"16\" viewBox=\"0 0 11 16\" fill=\"none\" xmlns=\"http:\/\/www.w3.org\/2000\/svg\">\n<path d=\"M0.858398 15L9.2304 7.99664L0.967732 1.00001\" stroke=\"black\" stroke-width=\"2\" stroke-miterlimit=\"10\"\/>\n<\/svg>\n\n              <\/div>\n                  <\/div>\n      <\/div>\n    <\/div>\n  <\/a>\n<\/article>\n                  <\/div>\n                              <div class=\"col-md-6\">\n                      <article class=\"Blurb Blurb--lg Blurb--post Blurb--vertical has-thumbnail\">\n  <a href=\"https:\/\/www.kompetensforetagen.se\/2025\/02\/sa-raknas-din-lon-nar-du-jobbar-som-konsult\/\">\n          <div class=\"Blurb__thumbnail__wrap\">\n        <figure class=\"Blurb__thumbnail\">\n          <img loading=\"lazy\" decoding=\"async\" width=\"1748\" height=\"1240\" src=\"https:\/\/www.kompetensforetagen.se\/app\/uploads\/sites\/5\/2022\/01\/namnlos-design-7.png\" class=\"attachment-small size-small wp-post-image\" alt=\"Spargris och minir\u00e4knare st\u00e5r p\u00e5 dokument med matematiska formler\" srcset=\"https:\/\/www.kompetensforetagen.se\/app\/uploads\/sites\/5\/2022\/01\/namnlos-design-7.png 1748w, https:\/\/www.kompetensforetagen.se\/app\/uploads\/sites\/5\/2022\/01\/namnlos-design-7-580x411.png 580w, https:\/\/www.kompetensforetagen.se\/app\/uploads\/sites\/5\/2022\/01\/namnlos-design-7-1180x837.png 1180w, https:\/\/www.kompetensforetagen.se\/app\/uploads\/sites\/5\/2022\/01\/namnlos-design-7-380x270.png 380w, https:\/\/www.kompetensforetagen.se\/app\/uploads\/sites\/5\/2022\/01\/namnlos-design-7-768x545.png 768w, https:\/\/www.kompetensforetagen.se\/app\/uploads\/sites\/5\/2022\/01\/namnlos-design-7-1536x1090.png 1536w\" sizes=\"auto, (max-width: 1748px) 100vw, 1748px\" \/>\n        <\/figure>\n      <\/div>\n        <div class=\"Blurb__content\">\n      <div class=\"Blurb__body\">\n        <div>\n                                <div class=\"Meta d-flex align-items-center Blurb__meta\">\n      <div class=\"Meta__tag item\">\n      Inhyrning\n      <svg class='icon icon--triangle'  width=\"26\" height=\"32\" viewBox=\"0 0 26 32\" fill=\"none\" xmlns=\"http:\/\/www.w3.org\/2000\/svg\">\n<path fill-rule=\"evenodd\" clip-rule=\"evenodd\" d=\"M13.1315 0H0V32H13.1315L26 16L13.1315 0ZM9 18.581C10.6569 18.581 12 17.1946 12 15.4843C12 13.774 10.6569 12.3875 9 12.3875C7.34315 12.3875 6 13.774 6 15.4843C6 17.1946 7.34315 18.581 9 18.581Z\" fill=\"#FDDCC0\"\/>\n<\/svg>\n\n      <\/div>\n    <div class=\"Meta__group\">\n          <div class=\"Meta__date  d-flex align-items-center\">\n        <svg class='icon icon--timestamp'  width=\"16\" height=\"16\" viewBox=\"0 0 16 16\" fill=\"none\" xmlns=\"http:\/\/www.w3.org\/2000\/svg\">\n<path fill-rule=\"evenodd\" clip-rule=\"evenodd\" d=\"M10.4833 10.5818C10.7278 10.8452 10.7278 11.2723 10.4833 11.5357C10.361 11.6674 10.2008 11.7333 10.0405 11.7333C9.88023 11.7333 9.72008 11.6674 9.59781 11.5357L7.65015 9.43814C7.53273 9.31167 7.46667 9.14001 7.46667 8.96109V4.94118C7.46667 4.56868 7.74705 4.26667 8.09288 4.26667C8.4387 4.26667 8.71908 4.56868 8.71908 4.94118V8.68168L10.4833 10.5818ZM8 14.9333C4.177 14.9333 1.06667 11.823 1.06667 8C1.06667 4.177 4.177 1.06667 8 1.06667C11.8232 1.06667 14.9333 4.177 14.9333 8C14.9333 11.823 11.8232 14.9333 8 14.9333ZM8 0C3.58887 0 0 3.58887 0 8C0 12.4111 3.58887 16 8 16C12.4113 16 16 12.4111 16 8C16 3.58887 12.4113 0 8 0Z\" fill=\"black\"\/>\n<\/svg>\n\n          <time datetime=\"2025-02-10T19:31:22+00:00\">10 februari 2025<\/time>\n      <\/div>\n          <\/div>\n<\/div>\n                  <\/div>\n        <h3 class=\"Blurb__title\">\n          S\u00e5 r\u00e4knas din l\u00f6n n\u00e4r du jobbar som konsult\n        <\/h3>\n                  <div class=\"Blurb__text\">\n            Vad tj\u00e4nar man som konsult? Hur din l\u00f6n n\u00e4r du jobbar som konsult r\u00e4knas ut skiljer sig \u00e5t beroende p\u00e5 om du \u00e4r arbetare eller tj\u00e4nsteman. I bemanningsavtalet som g\u00e4ller f\u00f6r ditt yrke best\u00e4ms hur &hellip;\n          <\/div>\n                <div class=\"Blurb__arrow\">\n                                <div class=\"Blurb__arrow__line\">\n              <svg class='icon icon--arrow-tip'  width=\"11\" height=\"16\" viewBox=\"0 0 11 16\" fill=\"none\" xmlns=\"http:\/\/www.w3.org\/2000\/svg\">\n<path d=\"M0.858398 15L9.2304 7.99664L0.967732 1.00001\" stroke=\"black\" stroke-width=\"2\" stroke-miterlimit=\"10\"\/>\n<\/svg>\n\n              <\/div>\n                  <\/div>\n      <\/div>\n    <\/div>\n  <\/a>\n<\/article>\n                  <\/div>\n                              <div class=\"col-md-6\">\n                      <article class=\"Blurb Blurb--lg Blurb--post Blurb--vertical has-thumbnail\">\n  <a href=\"https:\/\/www.kompetensforetagen.se\/2023\/11\/johanna-siktar-pa-att-bli-konsultchef\/\">\n          <div class=\"Blurb__thumbnail__wrap\">\n        <figure class=\"Blurb__thumbnail\">\n          <img loading=\"lazy\" decoding=\"async\" width=\"1920\" height=\"1080\" src=\"https:\/\/www.kompetensforetagen.se\/app\/uploads\/sites\/5\/2023\/11\/Brown-White-Craft-Marketing-Mind-Map-Brainstorm-4.png\" class=\"attachment-small size-small wp-post-image\" alt=\"Johanna Milton: Johanna siktar p\u00e5 att bli konsultchef\" srcset=\"https:\/\/www.kompetensforetagen.se\/app\/uploads\/sites\/5\/2023\/11\/Brown-White-Craft-Marketing-Mind-Map-Brainstorm-4.png 1920w, https:\/\/www.kompetensforetagen.se\/app\/uploads\/sites\/5\/2023\/11\/Brown-White-Craft-Marketing-Mind-Map-Brainstorm-4-580x326.png 580w, https:\/\/www.kompetensforetagen.se\/app\/uploads\/sites\/5\/2023\/11\/Brown-White-Craft-Marketing-Mind-Map-Brainstorm-4-1180x664.png 1180w, https:\/\/www.kompetensforetagen.se\/app\/uploads\/sites\/5\/2023\/11\/Brown-White-Craft-Marketing-Mind-Map-Brainstorm-4-380x214.png 380w, https:\/\/www.kompetensforetagen.se\/app\/uploads\/sites\/5\/2023\/11\/Brown-White-Craft-Marketing-Mind-Map-Brainstorm-4-768x432.png 768w, https:\/\/www.kompetensforetagen.se\/app\/uploads\/sites\/5\/2023\/11\/Brown-White-Craft-Marketing-Mind-Map-Brainstorm-4-1536x864.png 1536w, https:\/\/www.kompetensforetagen.se\/app\/uploads\/sites\/5\/2023\/11\/Brown-White-Craft-Marketing-Mind-Map-Brainstorm-4-600x338.png 600w\" sizes=\"auto, (max-width: 1920px) 100vw, 1920px\" \/>\n        <\/figure>\n      <\/div>\n        <div class=\"Blurb__content\">\n      <div class=\"Blurb__body\">\n        <div>\n                                <div class=\"Meta d-flex align-items-center Blurb__meta\">\n      <div class=\"Meta__tag item\">\n      Konsult\n      <svg class='icon icon--triangle'  width=\"26\" height=\"32\" viewBox=\"0 0 26 32\" fill=\"none\" xmlns=\"http:\/\/www.w3.org\/2000\/svg\">\n<path fill-rule=\"evenodd\" clip-rule=\"evenodd\" d=\"M13.1315 0H0V32H13.1315L26 16L13.1315 0ZM9 18.581C10.6569 18.581 12 17.1946 12 15.4843C12 13.774 10.6569 12.3875 9 12.3875C7.34315 12.3875 6 13.774 6 15.4843C6 17.1946 7.34315 18.581 9 18.581Z\" fill=\"#FDDCC0\"\/>\n<\/svg>\n\n      <\/div>\n    <div class=\"Meta__group\">\n          <div class=\"Meta__date  d-flex align-items-center\">\n        <svg class='icon icon--timestamp'  width=\"16\" height=\"16\" viewBox=\"0 0 16 16\" fill=\"none\" xmlns=\"http:\/\/www.w3.org\/2000\/svg\">\n<path fill-rule=\"evenodd\" clip-rule=\"evenodd\" d=\"M10.4833 10.5818C10.7278 10.8452 10.7278 11.2723 10.4833 11.5357C10.361 11.6674 10.2008 11.7333 10.0405 11.7333C9.88023 11.7333 9.72008 11.6674 9.59781 11.5357L7.65015 9.43814C7.53273 9.31167 7.46667 9.14001 7.46667 8.96109V4.94118C7.46667 4.56868 7.74705 4.26667 8.09288 4.26667C8.4387 4.26667 8.71908 4.56868 8.71908 4.94118V8.68168L10.4833 10.5818ZM8 14.9333C4.177 14.9333 1.06667 11.823 1.06667 8C1.06667 4.177 4.177 1.06667 8 1.06667C11.8232 1.06667 14.9333 4.177 14.9333 8C14.9333 11.823 11.8232 14.9333 8 14.9333ZM8 0C3.58887 0 0 3.58887 0 8C0 12.4111 3.58887 16 8 16C12.4113 16 16 12.4111 16 8C16 3.58887 12.4113 0 8 0Z\" fill=\"black\"\/>\n<\/svg>\n\n          <time datetime=\"2023-11-29T10:58:26+00:00\">29 november 2023<\/time>\n      <\/div>\n              <div class=\"Meta__category\">\n        Aktuellt\n      <\/div>\n      <\/div>\n<\/div>\n                  <\/div>\n        <h3 class=\"Blurb__title\">\n          <strong>Johanna siktar p\u00e5 att bli konsultchef<\/strong>\n        <\/h3>\n                  <div class=\"Blurb__text\">\n            Sedan tv\u00e5 \u00e5r tillbaka jobbar Johanna Milton som konsult hos Jovi inom produktion, lager, logistik och verkstad. Fram\u00f6ver siktar hon p\u00e5 att bli konsultchef. Johanna var bara 6 \u00e5r n\u00e4r hon f\u00f6rsta g\u00e5ngen hj\u00e4lpte sin &hellip;\n          <\/div>\n                <div class=\"Blurb__arrow\">\n                                <div class=\"Blurb__arrow__line\">\n              <svg class='icon icon--arrow-tip'  width=\"11\" height=\"16\" viewBox=\"0 0 11 16\" fill=\"none\" xmlns=\"http:\/\/www.w3.org\/2000\/svg\">\n<path d=\"M0.858398 15L9.2304 7.99664L0.967732 1.00001\" stroke=\"black\" stroke-width=\"2\" stroke-miterlimit=\"10\"\/>\n<\/svg>\n\n              <\/div>\n                  <\/div>\n      <\/div>\n    <\/div>\n  <\/a>\n<\/article>\n                  <\/div>\n                              <div class=\"col-md-6\">\n                      <article class=\"Blurb Blurb--lg Blurb--post Blurb--vertical has-thumbnail\">\n  <a href=\"https:\/\/www.kompetensforetagen.se\/2023\/11\/anton-maxar-sina-karriarmojligheter-som-konsult\/\">\n          <div class=\"Blurb__thumbnail__wrap\">\n        <figure class=\"Blurb__thumbnail\">\n          <img loading=\"lazy\" decoding=\"async\" width=\"1366\" height=\"768\" src=\"https:\/\/www.kompetensforetagen.se\/app\/uploads\/sites\/5\/2023\/09\/Anton-jorkegren.png\" class=\"attachment-small size-small wp-post-image\" alt=\"Anton J\u00f6rkegren, profil verksam inom kompetensbranschen.\" srcset=\"https:\/\/www.kompetensforetagen.se\/app\/uploads\/sites\/5\/2023\/09\/Anton-jorkegren.png 1366w, https:\/\/www.kompetensforetagen.se\/app\/uploads\/sites\/5\/2023\/09\/Anton-jorkegren-580x326.png 580w, https:\/\/www.kompetensforetagen.se\/app\/uploads\/sites\/5\/2023\/09\/Anton-jorkegren-1180x663.png 1180w, https:\/\/www.kompetensforetagen.se\/app\/uploads\/sites\/5\/2023\/09\/Anton-jorkegren-380x214.png 380w, https:\/\/www.kompetensforetagen.se\/app\/uploads\/sites\/5\/2023\/09\/Anton-jorkegren-768x432.png 768w, https:\/\/www.kompetensforetagen.se\/app\/uploads\/sites\/5\/2023\/09\/Anton-jorkegren-600x337.png 600w\" sizes=\"auto, (max-width: 1366px) 100vw, 1366px\" \/>\n        <\/figure>\n      <\/div>\n        <div class=\"Blurb__content\">\n      <div class=\"Blurb__body\">\n        <div>\n                                <div class=\"Meta d-flex align-items-center Blurb__meta\">\n      <div class=\"Meta__tag item\">\n      Konsult\n      <svg class='icon icon--triangle'  width=\"26\" height=\"32\" viewBox=\"0 0 26 32\" fill=\"none\" xmlns=\"http:\/\/www.w3.org\/2000\/svg\">\n<path fill-rule=\"evenodd\" clip-rule=\"evenodd\" d=\"M13.1315 0H0V32H13.1315L26 16L13.1315 0ZM9 18.581C10.6569 18.581 12 17.1946 12 15.4843C12 13.774 10.6569 12.3875 9 12.3875C7.34315 12.3875 6 13.774 6 15.4843C6 17.1946 7.34315 18.581 9 18.581Z\" fill=\"#FDDCC0\"\/>\n<\/svg>\n\n      <\/div>\n    <div class=\"Meta__group\">\n          <div class=\"Meta__date  d-flex align-items-center\">\n        <svg class='icon icon--timestamp'  width=\"16\" height=\"16\" viewBox=\"0 0 16 16\" fill=\"none\" xmlns=\"http:\/\/www.w3.org\/2000\/svg\">\n<path fill-rule=\"evenodd\" clip-rule=\"evenodd\" d=\"M10.4833 10.5818C10.7278 10.8452 10.7278 11.2723 10.4833 11.5357C10.361 11.6674 10.2008 11.7333 10.0405 11.7333C9.88023 11.7333 9.72008 11.6674 9.59781 11.5357L7.65015 9.43814C7.53273 9.31167 7.46667 9.14001 7.46667 8.96109V4.94118C7.46667 4.56868 7.74705 4.26667 8.09288 4.26667C8.4387 4.26667 8.71908 4.56868 8.71908 4.94118V8.68168L10.4833 10.5818ZM8 14.9333C4.177 14.9333 1.06667 11.823 1.06667 8C1.06667 4.177 4.177 1.06667 8 1.06667C11.8232 1.06667 14.9333 4.177 14.9333 8C14.9333 11.823 11.8232 14.9333 8 14.9333ZM8 0C3.58887 0 0 3.58887 0 8C0 12.4111 3.58887 16 8 16C12.4113 16 16 12.4111 16 8C16 3.58887 12.4113 0 8 0Z\" fill=\"black\"\/>\n<\/svg>\n\n          <time datetime=\"2023-11-24T10:52:15+00:00\">24 november 2023<\/time>\n      <\/div>\n              <div class=\"Meta__category\">\n        Aktuellt\n      <\/div>\n      <\/div>\n<\/div>\n                  <\/div>\n        <h3 class=\"Blurb__title\">\n          <strong>Anton maxar sina karri\u00e4rm\u00f6jligheter som konsult<\/strong>\n        <\/h3>\n                  <div class=\"Blurb__text\">\n            Anton Bj\u00f6rkegren \u00e4r UX-designern och friluftsfantasten som s\u00f6kte sig till Lernia efter att ha jobbat som publikredakt\u00f6r hos ett massmedief\u00f6retag. P\u00e5 Antons nuvarande jobb arbetar han med kundsupport ur ett globalt perspektiv p\u00e5 ett teknikf\u00f6retag, &hellip;\n          <\/div>\n                <div class=\"Blurb__arrow\">\n                                <div class=\"Blurb__arrow__line\">\n              <svg class='icon icon--arrow-tip'  width=\"11\" height=\"16\" viewBox=\"0 0 11 16\" fill=\"none\" xmlns=\"http:\/\/www.w3.org\/2000\/svg\">\n<path d=\"M0.858398 15L9.2304 7.99664L0.967732 1.00001\" stroke=\"black\" stroke-width=\"2\" stroke-miterlimit=\"10\"\/>\n<\/svg>\n\n              <\/div>\n                  <\/div>\n      <\/div>\n    <\/div>\n  <\/a>\n<\/article>\n                  <\/div>\n                  <\/div>\n    \n      <\/div>\n<\/div><\/div>\n\n\n\n<div class=\"wp-block-group is-layout-constrained wp-block-group-is-layout-constrained\"><div class=\"Listing no-bg\" id=\"block-0b7250b6-7894-4866-abf3-9e9f63ec303a\">\n  <div class=\"container\">\n    <div class=\"Listing__heading\">\n       <h2>Pressmeddelanden<\/h2>     <\/div>\n    <div class=\"row\">\n      \n          <\/div>\n    \n      <\/div>\n<\/div><\/div>\n","protected":false},"excerpt":{"rendered":"","protected":false},"author":14830,"featured_media":0,"parent":0,"menu_order":62,"comment_status":"closed","ping_status":"closed","template":"template-aktuellt.blade.php","meta":{"_acf_changed":false,"footnotes":""},"article_type":[],"agreement":[],"for-members":[],"class_list":["post-12513","page","type-page","status-publish","hentry"],"acf":[],"yoast_head":"<!-- This site is optimized with the Yoast SEO Premium plugin v26.8 (Yoast SEO v26.8) - https:\/\/yoast.com\/product\/yoast-seo-premium-wordpress\/ -->\n<title>Aktuellt - Kompetensf\u00f6retagen<\/title>\n<meta name=\"description\" content=\"Aktuella \u00e4mnen fr\u00e5n K\" \/>\n<meta name=\"robots\" content=\"index, follow, max-snippet:-1, max-image-preview:large, max-video-preview:-1\" \/>\n<link rel=\"canonical\" href=\"https:\/\/www.kompetensforetagen.se\/aktuellt\/\" \/>\n<meta property=\"og:locale\" content=\"sv_SE\" \/>\n<meta property=\"og:type\" content=\"article\" \/>\n<meta property=\"og:title\" content=\"Aktuellt\" \/>\n<meta property=\"og:description\" content=\"Aktuella \u00e4mnen fr\u00e5n K\" \/>\n<meta property=\"og:url\" content=\"https:\/\/www.kompetensforetagen.se\/aktuellt\/\" \/>\n<meta property=\"og:site_name\" content=\"Kompetensf\u00f6retagen\" \/>\n<meta property=\"article:modified_time\" content=\"2023-06-08T12:38:19+00:00\" \/>\n<meta name=\"twitter:card\" content=\"summary_large_image\" \/>\n<script type=\"application\/ld+json\" class=\"yoast-schema-graph\">{\"@context\":\"https:\/\/schema.org\",\"@graph\":[{\"@type\":\"WebPage\",\"@id\":\"https:\/\/www.kompetensforetagen.se\/aktuellt\/\",\"url\":\"https:\/\/www.kompetensforetagen.se\/aktuellt\/\",\"name\":\"Aktuellt - Kompetensf\u00f6retagen\",\"isPartOf\":{\"@id\":\"https:\/\/www.kompetensforetagen.se\/#website\"},\"datePublished\":\"2023-04-06T09:04:12+00:00\",\"dateModified\":\"2023-06-08T12:38:19+00:00\",\"description\":\"Aktuella \u00e4mnen fr\u00e5n K\",\"breadcrumb\":{\"@id\":\"https:\/\/www.kompetensforetagen.se\/aktuellt\/#breadcrumb\"},\"inLanguage\":\"sv-SE\",\"potentialAction\":[{\"@type\":\"ReadAction\",\"target\":[\"https:\/\/www.kompetensforetagen.se\/aktuellt\/\"]}]},{\"@type\":\"BreadcrumbList\",\"@id\":\"https:\/\/www.kompetensforetagen.se\/aktuellt\/#breadcrumb\",\"itemListElement\":[{\"@type\":\"ListItem\",\"position\":1,\"name\":\"Home\",\"item\":\"https:\/\/www.kompetensforetagen.se\/\"},{\"@type\":\"ListItem\",\"position\":2,\"name\":\"Aktuellt\"}]},{\"@type\":\"WebSite\",\"@id\":\"https:\/\/www.kompetensforetagen.se\/#website\",\"url\":\"https:\/\/www.kompetensforetagen.se\/\",\"name\":\"Kompetensf\u00f6retagen\",\"description\":\"R\u00e4tt person p\u00e5 r\u00e4tt plats kan f\u00f6r\u00e4ndra v\u00e4rlden\",\"publisher\":{\"@id\":\"https:\/\/www.kompetensforetagen.se\/#organization\"},\"potentialAction\":[{\"@type\":\"SearchAction\",\"target\":{\"@type\":\"EntryPoint\",\"urlTemplate\":\"https:\/\/www.kompetensforetagen.se\/?s={search_term_string}\"},\"query-input\":{\"@type\":\"PropertyValueSpecification\",\"valueRequired\":true,\"valueName\":\"search_term_string\"}}],\"inLanguage\":\"sv-SE\"},{\"@type\":\"Organization\",\"@id\":\"https:\/\/www.kompetensforetagen.se\/#organization\",\"name\":\"Kompetensf\u00f6retagen\",\"url\":\"https:\/\/www.kompetensforetagen.se\/\",\"logo\":{\"@type\":\"ImageObject\",\"inLanguage\":\"sv-SE\",\"@id\":\"https:\/\/www.kompetensforetagen.se\/#\/schema\/logo\/image\/\",\"url\":\"https:\/\/www.kompetensforetagen.se\/app\/uploads\/sites\/5\/2022\/10\/logga_svart.png\",\"contentUrl\":\"https:\/\/www.kompetensforetagen.se\/app\/uploads\/sites\/5\/2022\/10\/logga_svart.png\",\"width\":752,\"height\":64,\"caption\":\"Kompetensf\u00f6retagen\"},\"image\":{\"@id\":\"https:\/\/www.kompetensforetagen.se\/#\/schema\/logo\/image\/\"},\"sameAs\":[\"https:\/\/www.linkedin.com\/company\/10540032\/\"]}]}<\/script>\n<!-- \/ Yoast SEO Premium plugin. -->","yoast_head_json":{"title":"Aktuellt - Kompetensf\u00f6retagen","description":"Aktuella \u00e4mnen fr\u00e5n K","robots":{"index":"index","follow":"follow","max-snippet":"max-snippet:-1","max-image-preview":"max-image-preview:large","max-video-preview":"max-video-preview:-1"},"canonical":"https:\/\/www.kompetensforetagen.se\/aktuellt\/","og_locale":"sv_SE","og_type":"article","og_title":"Aktuellt","og_description":"Aktuella \u00e4mnen fr\u00e5n K","og_url":"https:\/\/www.kompetensforetagen.se\/aktuellt\/","og_site_name":"Kompetensf\u00f6retagen","article_modified_time":"2023-06-08T12:38:19+00:00","twitter_card":"summary_large_image","schema":{"@context":"https:\/\/schema.org","@graph":[{"@type":"WebPage","@id":"https:\/\/www.kompetensforetagen.se\/aktuellt\/","url":"https:\/\/www.kompetensforetagen.se\/aktuellt\/","name":"Aktuellt - Kompetensf\u00f6retagen","isPartOf":{"@id":"https:\/\/www.kompetensforetagen.se\/#website"},"datePublished":"2023-04-06T09:04:12+00:00","dateModified":"2023-06-08T12:38:19+00:00","description":"Aktuella \u00e4mnen fr\u00e5n K","breadcrumb":{"@id":"https:\/\/www.kompetensforetagen.se\/aktuellt\/#breadcrumb"},"inLanguage":"sv-SE","potentialAction":[{"@type":"ReadAction","target":["https:\/\/www.kompetensforetagen.se\/aktuellt\/"]}]},{"@type":"BreadcrumbList","@id":"https:\/\/www.kompetensforetagen.se\/aktuellt\/#breadcrumb","itemListElement":[{"@type":"ListItem","position":1,"name":"Home","item":"https:\/\/www.kompetensforetagen.se\/"},{"@type":"ListItem","position":2,"name":"Aktuellt"}]},{"@type":"WebSite","@id":"https:\/\/www.kompetensforetagen.se\/#website","url":"https:\/\/www.kompetensforetagen.se\/","name":"Kompetensf\u00f6retagen","description":"R\u00e4tt person p\u00e5 r\u00e4tt plats kan f\u00f6r\u00e4ndra v\u00e4rlden","publisher":{"@id":"https:\/\/www.kompetensforetagen.se\/#organization"},"potentialAction":[{"@type":"SearchAction","target":{"@type":"EntryPoint","urlTemplate":"https:\/\/www.kompetensforetagen.se\/?s={search_term_string}"},"query-input":{"@type":"PropertyValueSpecification","valueRequired":true,"valueName":"search_term_string"}}],"inLanguage":"sv-SE"},{"@type":"Organization","@id":"https:\/\/www.kompetensforetagen.se\/#organization","name":"Kompetensf\u00f6retagen","url":"https:\/\/www.kompetensforetagen.se\/","logo":{"@type":"ImageObject","inLanguage":"sv-SE","@id":"https:\/\/www.kompetensforetagen.se\/#\/schema\/logo\/image\/","url":"https:\/\/www.kompetensforetagen.se\/app\/uploads\/sites\/5\/2022\/10\/logga_svart.png","contentUrl":"https:\/\/www.kompetensforetagen.se\/app\/uploads\/sites\/5\/2022\/10\/logga_svart.png","width":752,"height":64,"caption":"Kompetensf\u00f6retagen"},"image":{"@id":"https:\/\/www.kompetensforetagen.se\/#\/schema\/logo\/image\/"},"sameAs":["https:\/\/www.linkedin.com\/company\/10540032\/"]}]}},"_links":{"self":[{"href":"https:\/\/www.kompetensforetagen.se\/api\/wp\/v2\/pages\/12513","targetHints":{"allow":["GET"]}}],"collection":[{"href":"https:\/\/www.kompetensforetagen.se\/api\/wp\/v2\/pages"}],"about":[{"href":"https:\/\/www.kompetensforetagen.se\/api\/wp\/v2\/types\/page"}],"author":[{"embeddable":true,"href":"https:\/\/www.kompetensforetagen.se\/api\/wp\/v2\/users\/14830"}],"replies":[{"embeddable":true,"href":"https:\/\/www.kompetensforetagen.se\/api\/wp\/v2\/comments?post=12513"}],"version-history":[{"count":6,"href":"https:\/\/www.kompetensforetagen.se\/api\/wp\/v2\/pages\/12513\/revisions"}],"predecessor-version":[{"id":13575,"href":"https:\/\/www.kompetensforetagen.se\/api\/wp\/v2\/pages\/12513\/revisions\/13575"}],"wp:attachment":[{"href":"https:\/\/www.kompetensforetagen.se\/api\/wp\/v2\/media?parent=12513"}],"wp:term":[{"taxonomy":"type","embeddable":true,"href":"https:\/\/www.kompetensforetagen.se\/api\/wp\/v2\/article_type?post=12513"},{"taxonomy":"agreement","embeddable":true,"href":"https:\/\/www.kompetensforetagen.se\/api\/wp\/v2\/agreement?post=12513"},{"taxonomy":"for-members","embeddable":true,"href":"https:\/\/www.kompetensforetagen.se\/api\/wp\/v2\/for-members?post=12513"}],"curies":[{"name":"wp","href":"https:\/\/api.w.org\/{rel}","templated":true}]}}