{"id":12406,"date":"2023-04-04T12:03:47","date_gmt":"2023-04-04T10:03:47","guid":{"rendered":"https:\/\/dev.kompetensforetagen.se\/?page_id=12406"},"modified":"2025-12-12T10:09:26","modified_gmt":"2025-12-12T09:09:26","slug":"a-o-2","status":"publish","type":"page","link":"https:\/\/www.kompetensforetagen.se\/a-o-2\/","title":{"rendered":"A-\u00d6"},"content":{"rendered":"<div id=\"block-hero-block_cd965f9bca78ab64d1398856909c4fd3\" class=\"Hero has-lightgray-background-color\">\n\n    \n  <div class=\"Hero__inner container has-lightgray-background-color has-arrow\">\n              <div class=\"Hero__title\">\n          <h1>Fr\u00e5n A till \u00d6<\/h1>\n        <\/div>\n                                <div class=\"Hero__arrow\">\n          <svg class='icon icon--squiggly-arrow'  width=\"282\" height=\"302\" viewBox=\"0 0 282 302\" fill=\"none\" xmlns=\"http:\/\/www.w3.org\/2000\/svg\">\n<path d=\"M108.429 281.19L129.837 295.44L143.97 274.186\" stroke=\"black\" stroke-width=\"4\" stroke-miterlimit=\"10\"\/>\n<path d=\"M43.8871 68.0497C53.3269 84.3998 70.0075 95.6755 88.6244 97.6784C107.24 99.6801 125.826 95.0068 144.209 91.4645C162.592 87.9216 182.067 85.5682 199.674 91.9481C220.515 99.5002 236.316 120.278 236.492 142.446C236.669 164.616 220.178 186.234 198.428 190.49C188.558 192.423 177.815 190.842 169.542 185.112C161.271 179.382 155.88 169.284 156.859 159.269C158.292 144.577 173.761 133.512 188.444 135C203.126 136.491 215.468 148.757 219.176 163.047C222.881 177.337 218.804 192.932 210.416 205.072C202.027 217.212 189.703 226.187 176.514 232.804C167.472 237.341 157.931 240.877 149.144 245.889C140.356 250.899 132.161 257.651 127.746 266.755C123.333 275.858 126.637 283.983 129.929 295.386\" stroke=\"black\" stroke-width=\"4\" stroke-miterlimit=\"10\"\/>\n<\/svg>\n\n          <\/div>\n        <\/div>\n<\/div>\n\n\n<div id=\"block-topics-block_2a12bf594a96a41aebc2fee62cd344aa\" class=\"Topics container\">\n                                    <div class=\"letter\">\n        <h2>A<\/h2>\n            <p><a href=\"https:\/\/www.kompetensforetagen.se\/almedalen\/\">Almedalen<\/a><\/p>\n                <p><a href=\"https:\/\/www.kompetensforetagen.se\/allmannabestammelser\/\">Allm\u00e4nna best\u00e4mmelser<\/a><\/p>\n                <p><a href=\"https:\/\/www.kompetensforetagen.se\/arbetsformedlingen\/\">Arbetsf\u00f6rmedlingen<\/a><\/p>\n                <p><a href=\"https:\/\/www.kompetensforetagen.se\/amne\/arbetsmarknad\/\">Arbetsmarknad<\/a><\/p>\n                <p><a href=\"https:\/\/www.kompetensforetagen.se\/arbetsmiljo\/\">Arbetsmilj\u00f6<\/a><\/p>\n                <p><a href=\"https:\/\/www.kompetensforetagen.se\/auktorisation\/\">Auktorisation<\/a><\/p>\n                <p><a href=\"https:\/\/www.kompetensforetagen.se\/amne\/avtalsrorelse\/\">Avtalsr\u00f6relse<\/a><\/p>\n                <p><a href=\"https:\/\/www.kompetensforetagen.se\/medlemssidor\/forsakringar-for-medlemmar-i-kompetensforetagen\/avtalsforsakringar-och-itp\/\">Avtals\u00adf\u00f6rs\u00e4kringar och ITP<\/a><\/p>\n                   <\/div>                 <div class=\"letter\">\n        <h2>B<\/h2>\n            <p><a href=\"https:\/\/www.kompetensforetagen.se\/bemanning\/\">Bemanning<\/a><\/p>\n                <p><a href=\"https:\/\/www.kompetensforetagen.se\/2021\/12\/bemanningsdirektivet-och-uthyrningslagen\/\">Bemannings\u00addirektivet och Uthyrningslagen<\/a><\/p>\n                   <\/div>                 <div class=\"letter\">\n        <h2>D<\/h2>\n            <p><a href=\"https:\/\/www.kompetensforetagen.se\/medlemssidor\/delpension\/\">Del\u00adpension<\/a><\/p>\n                   <\/div>                 <div class=\"letter\">\n        <h2>E<\/h2>\n            <p><a href=\"https:\/\/www.kompetensforetagen.se\/etableringsjobben\/\">Etableringsjobben<\/a><\/p>\n                <p><a href=\"https:\/\/www.kompetensforetagen.se\/bli-medlem-2\/etiska-regler\/\">Etiska regler<\/a><\/p>\n                <p><a href=\"https:\/\/www.kompetensforetagen.se\/internationellt\/\">EU<\/a><\/p>\n                <p><a href=\"https:\/\/www.kompetensforetagen.se\/event\/\">Event<\/a><\/p>\n                   <\/div>                 <div class=\"letter\">\n        <h2>G<\/h2>\n            <p><a href=\"https:\/\/www.kompetensforetagen.se\/dataskyddsforordningen-gdpr\/\">GDPR &#8211; Dataskyddsf\u00f6rordningen<\/a><\/p>\n                <p><a href=\"https:\/\/www.kompetensforetagen.se\/gfl\/\">GFL<\/a><\/p>\n                   <\/div>                 <div class=\"letter\">\n        <h2>H<\/h2>\n            <p><a href=\"https:\/\/www.kompetensforetagen.se\/amne\/historia\/\">Historia<\/a><\/p>\n                <p><a href=\"https:\/\/www.kompetensforetagen.se\/hitta-ett-auktoriserat-foretag\/\">Hitta ett auktoriserat f\u00f6retag<\/a><\/p>\n                   <\/div>                 <div class=\"letter\">\n        <h2>I<\/h2>\n            <p><a href=\"https:\/\/www.kompetensforetagen.se\/amne\/inhyrning\/\">Inhyrning<\/a><\/p>\n                   <\/div>                 <div class=\"letter\">\n        <h2>J<\/h2>\n            <p><a href=\"https:\/\/www.kompetensforetagen.se\/jobbfestivalen\/\">Jobbfestivalen<\/a><\/p>\n                <p><a href=\"https:\/\/www.kompetensforetagen.se\/?page_id=10577\">Jubileum<\/a><\/p>\n                   <\/div>                 <div class=\"letter\">\n        <h2>K<\/h2>\n            <p><a href=\"https:\/\/www.kompetensforetagen.se\/bli-medlem-2\/kollektivavtal\/\">Kollektivavtal<\/a><\/p>\n                <p><a href=\"https:\/\/www.kompetensforetagen.se\/event\/arets-event-for-kompetensbranschen\/\">Kompetens\u00addagen<\/a><\/p>\n                <p><a href=\"https:\/\/www.kompetensforetagen.se\/att-jobba-som-bemanningskonsult\/\">Konsult &#8211; s\u00e5 funkar det<\/a><\/p>\n                <p><a href=\"https:\/\/www.kompetensforetagen.se\/24-manadersregeln\/\">Konsultregeln i uthyrningslagen<\/a><\/p>\n                <p><a href=\"https:\/\/www.kompetensforetagen.se\/statistik\/konsultundersokningar\/\">Konsult\u00adunders\u00f6kningar<\/a><\/p>\n                <p><a href=\"https:\/\/www.kompetensforetagen.se\/aktiviteter\/\">Kurser och utbildningar<\/a><\/p>\n                <p><a href=\"https:\/\/www.kompetensforetagen.se\/auktorisation\/kursmaterial-auktorisationsutbildning-2\/\">Kursmaterial Auktorisations\u00adutbildning<\/a><\/p>\n                   <\/div>                 <div class=\"letter\">\n        <h2>M<\/h2>\n            <p><a href=\"https:\/\/www.kompetensforetagen.se\/villkor-for-medlemskap-3-2-2\/\">Medlemskap &#8211; Arbetsgivar- och branschmedlemskap<\/a><\/p>\n                <p><a href=\"https:\/\/www.kompetensforetagen.se\/villkor-for-medlemskap-3\/\">Medlemskap &#8211; Branschmedlemskap<\/a><\/p>\n                <p><a href=\"https:\/\/www.kompetensforetagen.se\/vanligt-forekommande-fragor-om-medlemskap\/\">Medlemskap FAQ<\/a><\/p>\n                <p><a href=\"https:\/\/www.kompetensforetagen.se\/vara_medlemsforetag\/\">Medlemmar<\/a><\/p>\n                <p><a href=\"https:\/\/www.kompetensforetagen.se\/kompetensforetagens-medlemsnatverk\/\">Medlemsn\u00e4tverk<\/a><\/p>\n                <p><a href=\"https:\/\/www.kompetensforetagen.se\/auktorisation\/medlemskapets-omfattning\/\">Medlemskapets omfattning \u00a73<\/a><\/p>\n                   <\/div>                 <div class=\"letter\">\n        <h2>O<\/h2>\n            <p><a href=\"https:\/\/www.kompetensforetagen.se\/offentlig-upphandling\/\">Offentlig upphandling<\/a><\/p>\n                <p><a href=\"https:\/\/www.kompetensforetagen.se\/omstallning\/\">Omst\u00e4llning<\/a><\/p>\n                   <\/div>                 <div class=\"letter\">\n        <h2>R<\/h2>\n            <p><a href=\"https:\/\/www.kompetensforetagen.se\/statistik\/\">Rapporter och statistik<\/a><\/p>\n                <p><a href=\"https:\/\/www.kompetensforetagen.se\/rekrytering-2\/\">Rekrytering<\/a><\/p>\n                <p><a href=\"https:\/\/www.kompetensforetagen.se\/remisser\/\">Remisser<\/a><\/p>\n                   <\/div>                 <div class=\"letter\">\n        <h2>S<\/h2>\n            <p><a href=\"https:\/\/www.kompetensforetagen.se\/kompetensforetagens-stadgar-2\/\">Stadgar<\/a><\/p>\n                <p><a href=\"https:\/\/www.kompetensforetagen.se\/allmannabestammelser\/\">Standardavtal<\/a><\/p>\n                <p><a href=\"https:\/\/www.kompetensforetagen.se\/kompetensforetagens-styrelse\/\">Styrelse<\/a><\/p>\n                   <\/div>                 <div class=\"letter\">\n        <h2>T<\/h2>\n            <p><a href=\"https:\/\/www.kompetensforetagen.se\/tillsyn\/\">Tillsyn vid \u00f6vertr\u00e4delser<\/a><\/p>\n                   <\/div>                 <div class=\"letter\">\n        <h2>U<\/h2>\n            <p><a href=\"https:\/\/www.kompetensforetagen.se\/amne\/uthyrningslagen\/\">Uthyrningslagen<\/a><\/p>\n                   <\/div>                 <div class=\"letter\">\n        <h2>T<\/h2>\n            <p><a href=\"https:\/\/www.kompetensforetagen.se\/hitta-ett-auktoriserat-foretag\/\">Trygga kompetensen<\/a><\/p>\n                   <\/div>                 <div class=\"letter\">\n        <h2>V<\/h2>\n            <p><a href=\"https:\/\/www.kompetensforetagen.se\/om-oss\/verksamhetsberattelse-2023-2024\/\">Verksamhetsber\u00e4ttelse<\/a><\/p>\n                <p><a href=\"https:\/\/www.kompetensforetagen.se\/vardbemanning\/\">V\u00e5rdbemanning<\/a><\/p>\n                <p><a href=\"https:\/\/www.kompetensforetagen.se\/vardkarens\/\">V\u00e5rdkarens<\/a><\/p>\n                <p><a href=\"https:\/\/www.kompetensforetagen.se\/dataskyddsforordningen-gdpr\/\">V\u00e4gledning \u2013 GDPR<\/a><\/p>\n                   <\/div>                 <div class=\"letter\">\n        <h2>\u00d6<\/h2>\n            <p><a href=\"https:\/\/www.kompetensforetagen.se\/statistik\/kompetensforetagens-rapporter-och-statistik-2-2-2-2\/\">\u00d6vriga rapporter och presentationer<\/a><\/p>\n        <\/div>\n<\/div>\n\n\n\n\n","protected":false},"excerpt":{"rendered":"","protected":false},"author":14830,"featured_media":0,"parent":0,"menu_order":22,"comment_status":"closed","ping_status":"closed","template":"","meta":{"_acf_changed":false,"footnotes":""},"article_type":[],"agreement":[],"for-members":[],"class_list":["post-12406","page","type-page","status-publish","hentry"],"acf":[],"yoast_head":"<!-- This site is optimized with the Yoast SEO Premium plugin v26.8 (Yoast SEO v26.8) - https:\/\/yoast.com\/product\/yoast-seo-premium-wordpress\/ -->\n<title>A-\u00d6 - Kompetensf\u00f6retagen<\/title>\n<meta name=\"description\" content=\"A-\u00d6 f\u00f6r arbetsgivare och branschen. S\u00f6k i v\u00e5rt register f\u00f6r att snabbt hitta fakta, begrepp, f\u00f6rklaringar och v\u00e4gledning i dina fr\u00e5gor.\" \/>\n<meta name=\"robots\" content=\"index, follow, max-snippet:-1, max-image-preview:large, max-video-preview:-1\" \/>\n<link rel=\"canonical\" href=\"https:\/\/www.kompetensforetagen.se\/a-o-2\/\" \/>\n<meta property=\"og:locale\" content=\"sv_SE\" \/>\n<meta property=\"og:type\" content=\"article\" \/>\n<meta property=\"og:title\" content=\"A-\u00d6\" \/>\n<meta property=\"og:description\" content=\"A-\u00d6 f\u00f6r arbetsgivare och branschen. S\u00f6k i v\u00e5rt register f\u00f6r att snabbt hitta fakta, begrepp, f\u00f6rklaringar och v\u00e4gledning i dina fr\u00e5gor.\" \/>\n<meta property=\"og:url\" content=\"https:\/\/www.kompetensforetagen.se\/a-o-2\/\" \/>\n<meta property=\"og:site_name\" content=\"Kompetensf\u00f6retagen\" \/>\n<meta property=\"article:modified_time\" content=\"2025-12-12T09:09:26+00:00\" \/>\n<meta name=\"twitter:card\" content=\"summary_large_image\" \/>\n<script type=\"application\/ld+json\" class=\"yoast-schema-graph\">{\"@context\":\"https:\/\/schema.org\",\"@graph\":[{\"@type\":\"WebPage\",\"@id\":\"https:\/\/www.kompetensforetagen.se\/a-o-2\/\",\"url\":\"https:\/\/www.kompetensforetagen.se\/a-o-2\/\",\"name\":\"A-\u00d6 - Kompetensf\u00f6retagen\",\"isPartOf\":{\"@id\":\"https:\/\/www.kompetensforetagen.se\/#website\"},\"datePublished\":\"2023-04-04T10:03:47+00:00\",\"dateModified\":\"2025-12-12T09:09:26+00:00\",\"description\":\"A-\u00d6 f\u00f6r arbetsgivare och branschen. S\u00f6k i v\u00e5rt register f\u00f6r att snabbt hitta fakta, begrepp, f\u00f6rklaringar och v\u00e4gledning i dina fr\u00e5gor.\",\"breadcrumb\":{\"@id\":\"https:\/\/www.kompetensforetagen.se\/a-o-2\/#breadcrumb\"},\"inLanguage\":\"sv-SE\",\"potentialAction\":[{\"@type\":\"ReadAction\",\"target\":[\"https:\/\/www.kompetensforetagen.se\/a-o-2\/\"]}]},{\"@type\":\"BreadcrumbList\",\"@id\":\"https:\/\/www.kompetensforetagen.se\/a-o-2\/#breadcrumb\",\"itemListElement\":[{\"@type\":\"ListItem\",\"position\":1,\"name\":\"Home\",\"item\":\"https:\/\/www.kompetensforetagen.se\/\"},{\"@type\":\"ListItem\",\"position\":2,\"name\":\"A-\u00d6\"}]},{\"@type\":\"WebSite\",\"@id\":\"https:\/\/www.kompetensforetagen.se\/#website\",\"url\":\"https:\/\/www.kompetensforetagen.se\/\",\"name\":\"Kompetensf\u00f6retagen\",\"description\":\"R\u00e4tt person p\u00e5 r\u00e4tt plats kan f\u00f6r\u00e4ndra v\u00e4rlden\",\"publisher\":{\"@id\":\"https:\/\/www.kompetensforetagen.se\/#organization\"},\"potentialAction\":[{\"@type\":\"SearchAction\",\"target\":{\"@type\":\"EntryPoint\",\"urlTemplate\":\"https:\/\/www.kompetensforetagen.se\/?s={search_term_string}\"},\"query-input\":{\"@type\":\"PropertyValueSpecification\",\"valueRequired\":true,\"valueName\":\"search_term_string\"}}],\"inLanguage\":\"sv-SE\"},{\"@type\":\"Organization\",\"@id\":\"https:\/\/www.kompetensforetagen.se\/#organization\",\"name\":\"Kompetensf\u00f6retagen\",\"url\":\"https:\/\/www.kompetensforetagen.se\/\",\"logo\":{\"@type\":\"ImageObject\",\"inLanguage\":\"sv-SE\",\"@id\":\"https:\/\/www.kompetensforetagen.se\/#\/schema\/logo\/image\/\",\"url\":\"https:\/\/www.kompetensforetagen.se\/app\/uploads\/sites\/5\/2022\/10\/logga_svart.png\",\"contentUrl\":\"https:\/\/www.kompetensforetagen.se\/app\/uploads\/sites\/5\/2022\/10\/logga_svart.png\",\"width\":752,\"height\":64,\"caption\":\"Kompetensf\u00f6retagen\"},\"image\":{\"@id\":\"https:\/\/www.kompetensforetagen.se\/#\/schema\/logo\/image\/\"},\"sameAs\":[\"https:\/\/www.linkedin.com\/company\/10540032\/\"]}]}<\/script>\n<!-- \/ Yoast SEO Premium plugin. -->","yoast_head_json":{"title":"A-\u00d6 - Kompetensf\u00f6retagen","description":"A-\u00d6 f\u00f6r arbetsgivare och branschen. S\u00f6k i v\u00e5rt register f\u00f6r att snabbt hitta fakta, begrepp, f\u00f6rklaringar och v\u00e4gledning i dina fr\u00e5gor.","robots":{"index":"index","follow":"follow","max-snippet":"max-snippet:-1","max-image-preview":"max-image-preview:large","max-video-preview":"max-video-preview:-1"},"canonical":"https:\/\/www.kompetensforetagen.se\/a-o-2\/","og_locale":"sv_SE","og_type":"article","og_title":"A-\u00d6","og_description":"A-\u00d6 f\u00f6r arbetsgivare och branschen. S\u00f6k i v\u00e5rt register f\u00f6r att snabbt hitta fakta, begrepp, f\u00f6rklaringar och v\u00e4gledning i dina fr\u00e5gor.","og_url":"https:\/\/www.kompetensforetagen.se\/a-o-2\/","og_site_name":"Kompetensf\u00f6retagen","article_modified_time":"2025-12-12T09:09:26+00:00","twitter_card":"summary_large_image","schema":{"@context":"https:\/\/schema.org","@graph":[{"@type":"WebPage","@id":"https:\/\/www.kompetensforetagen.se\/a-o-2\/","url":"https:\/\/www.kompetensforetagen.se\/a-o-2\/","name":"A-\u00d6 - Kompetensf\u00f6retagen","isPartOf":{"@id":"https:\/\/www.kompetensforetagen.se\/#website"},"datePublished":"2023-04-04T10:03:47+00:00","dateModified":"2025-12-12T09:09:26+00:00","description":"A-\u00d6 f\u00f6r arbetsgivare och branschen. S\u00f6k i v\u00e5rt register f\u00f6r att snabbt hitta fakta, begrepp, f\u00f6rklaringar och v\u00e4gledning i dina fr\u00e5gor.","breadcrumb":{"@id":"https:\/\/www.kompetensforetagen.se\/a-o-2\/#breadcrumb"},"inLanguage":"sv-SE","potentialAction":[{"@type":"ReadAction","target":["https:\/\/www.kompetensforetagen.se\/a-o-2\/"]}]},{"@type":"BreadcrumbList","@id":"https:\/\/www.kompetensforetagen.se\/a-o-2\/#breadcrumb","itemListElement":[{"@type":"ListItem","position":1,"name":"Home","item":"https:\/\/www.kompetensforetagen.se\/"},{"@type":"ListItem","position":2,"name":"A-\u00d6"}]},{"@type":"WebSite","@id":"https:\/\/www.kompetensforetagen.se\/#website","url":"https:\/\/www.kompetensforetagen.se\/","name":"Kompetensf\u00f6retagen","description":"R\u00e4tt person p\u00e5 r\u00e4tt plats kan f\u00f6r\u00e4ndra v\u00e4rlden","publisher":{"@id":"https:\/\/www.kompetensforetagen.se\/#organization"},"potentialAction":[{"@type":"SearchAction","target":{"@type":"EntryPoint","urlTemplate":"https:\/\/www.kompetensforetagen.se\/?s={search_term_string}"},"query-input":{"@type":"PropertyValueSpecification","valueRequired":true,"valueName":"search_term_string"}}],"inLanguage":"sv-SE"},{"@type":"Organization","@id":"https:\/\/www.kompetensforetagen.se\/#organization","name":"Kompetensf\u00f6retagen","url":"https:\/\/www.kompetensforetagen.se\/","logo":{"@type":"ImageObject","inLanguage":"sv-SE","@id":"https:\/\/www.kompetensforetagen.se\/#\/schema\/logo\/image\/","url":"https:\/\/www.kompetensforetagen.se\/app\/uploads\/sites\/5\/2022\/10\/logga_svart.png","contentUrl":"https:\/\/www.kompetensforetagen.se\/app\/uploads\/sites\/5\/2022\/10\/logga_svart.png","width":752,"height":64,"caption":"Kompetensf\u00f6retagen"},"image":{"@id":"https:\/\/www.kompetensforetagen.se\/#\/schema\/logo\/image\/"},"sameAs":["https:\/\/www.linkedin.com\/company\/10540032\/"]}]}},"_links":{"self":[{"href":"https:\/\/www.kompetensforetagen.se\/api\/wp\/v2\/pages\/12406","targetHints":{"allow":["GET"]}}],"collection":[{"href":"https:\/\/www.kompetensforetagen.se\/api\/wp\/v2\/pages"}],"about":[{"href":"https:\/\/www.kompetensforetagen.se\/api\/wp\/v2\/types\/page"}],"author":[{"embeddable":true,"href":"https:\/\/www.kompetensforetagen.se\/api\/wp\/v2\/users\/14830"}],"replies":[{"embeddable":true,"href":"https:\/\/www.kompetensforetagen.se\/api\/wp\/v2\/comments?post=12406"}],"version-history":[{"count":6,"href":"https:\/\/www.kompetensforetagen.se\/api\/wp\/v2\/pages\/12406\/revisions"}],"predecessor-version":[{"id":12421,"href":"https:\/\/www.kompetensforetagen.se\/api\/wp\/v2\/pages\/12406\/revisions\/12421"}],"wp:attachment":[{"href":"https:\/\/www.kompetensforetagen.se\/api\/wp\/v2\/media?parent=12406"}],"wp:term":[{"taxonomy":"type","embeddable":true,"href":"https:\/\/www.kompetensforetagen.se\/api\/wp\/v2\/article_type?post=12406"},{"taxonomy":"agreement","embeddable":true,"href":"https:\/\/www.kompetensforetagen.se\/api\/wp\/v2\/agreement?post=12406"},{"taxonomy":"for-members","embeddable":true,"href":"https:\/\/www.kompetensforetagen.se\/api\/wp\/v2\/for-members?post=12406"}],"curies":[{"name":"wp","href":"https:\/\/api.w.org\/{rel}","templated":true}]}}