{"id":124,"date":"2012-05-22T00:00:00","date_gmt":"2012-05-21T22:00:00","guid":{"rendered":"http:\/\/staging.bemanningsforetagen.se\/tillsyn\/"},"modified":"2023-08-09T11:30:22","modified_gmt":"2023-08-09T09:30:22","slug":"tillsyn","status":"publish","type":"page","link":"https:\/\/www.kompetensforetagen.se\/auktorisation\/tillsyn\/","title":{"rendered":"Tillsyn vid auktorisation"},"content":{"rendered":"<div id=\"block-hero-block_240bccf17feea3602539cd7be9437941\" class=\"Hero has-green-background-color\">\n\n    \n  <div class=\"Hero__inner container has-green-background-color has-arrow\">\n              <div class=\"Hero__title\">\n          <h1>Tillsyn <i> vid auktorisation<\/i><\/h1>\n        <\/div>\n                                <div class=\"Hero__arrow\">\n          <svg class='icon icon--squiggly-arrow'  width=\"282\" height=\"302\" viewBox=\"0 0 282 302\" fill=\"none\" xmlns=\"http:\/\/www.w3.org\/2000\/svg\">\n<path d=\"M108.429 281.19L129.837 295.44L143.97 274.186\" stroke=\"black\" stroke-width=\"4\" stroke-miterlimit=\"10\"\/>\n<path d=\"M43.8871 68.0497C53.3269 84.3998 70.0075 95.6755 88.6244 97.6784C107.24 99.6801 125.826 95.0068 144.209 91.4645C162.592 87.9216 182.067 85.5682 199.674 91.9481C220.515 99.5002 236.316 120.278 236.492 142.446C236.669 164.616 220.178 186.234 198.428 190.49C188.558 192.423 177.815 190.842 169.542 185.112C161.271 179.382 155.88 169.284 156.859 159.269C158.292 144.577 173.761 133.512 188.444 135C203.126 136.491 215.468 148.757 219.176 163.047C222.881 177.337 218.804 192.932 210.416 205.072C202.027 217.212 189.703 226.187 176.514 232.804C167.472 237.341 157.931 240.877 149.144 245.889C140.356 250.899 132.161 257.651 127.746 266.755C123.333 275.858 126.637 283.983 129.929 295.386\" stroke=\"black\" stroke-width=\"4\" stroke-miterlimit=\"10\"\/>\n<\/svg>\n\n          <\/div>\n        <\/div>\n<\/div>\n\n\n\n<div class=\"wp-block-group has-secondary-background-color has-background is-layout-constrained wp-block-group-is-layout-constrained\">\n<div class=\"wp-block-columns are-vertically-aligned-top is-layout-flex wp-container-core-columns-is-layout-9d6595d7 wp-block-columns-is-layout-flex\">\n<div class=\"wp-block-column is-vertically-aligned-top is-layout-flow wp-block-column-is-layout-flow\"><div class=\"wp-block wp-block-core-heading\" id=\"kompetens\u00adforetagens-auktorisationsnamnd-utovar-tillsyn-genom-att-granska,-av-annan-medlem,-pastadda-overtradelser-av-villkoren-for-kompetens\u00adforetagens-auktorisation.-syftet-med-auktorisationen-ar-att-paverka-och-hoja-standarden-i-branschen.-den-primara-atgarden-vid-overtradelse-av-auktorisationsvillkoren-ar-rattelse.\">\n<h3 class=\"wp-block-heading\">Kompetens\u00adf\u00f6retagens auktorisationsn\u00e4mnd ut\u00f6var tillsyn genom att granska, av annan medlem, p\u00e5st\u00e5dda \u00f6vertr\u00e4delser av villkoren f\u00f6r Kompetens\u00adf\u00f6retagens auktorisation. Syftet med auktorisationen \u00e4r att p\u00e5verka och h\u00f6ja standarden i branschen. Den prim\u00e4ra \u00e5tg\u00e4rden vid \u00f6vertr\u00e4delse av auktorisationsvillkoren \u00e4r r\u00e4ttelse.<\/h3>\n<\/div><\/div>\n\n\n\n<div class=\"wp-block-column is-vertically-aligned-top is-layout-flow wp-block-column-is-layout-flow\"><div class=\"wp-block wp-block-core-heading\" id=\"\u00c5tgarder-vid-overtradelse\">\n<h3 class=\"wp-block-heading\">\u00c5tg\u00e4rder vid \u00f6vertr\u00e4delse<\/h3>\n<\/div>\n\n<div class=\"wp-block wp-block-core-paragraph\">\n<p>Vid \u00f6vertr\u00e4delse kan Kompetens\u00adf\u00f6retagens styrelse och\/eller auktorisationsn\u00e4mnd besluta om \u00e5tg\u00e4rder. Vilken \u00e5tg\u00e4rd som v\u00e4ljs beror p\u00e5 \u00f6vertr\u00e4delsens art och omfattning.<\/p>\n<\/div>\n\n<div class=\"wp-block wp-block-core-paragraph\">\n<p><a href=\"https:\/\/www.kompetensforetagen.se\/kompetensforetagens-styrelse\/\" target=\"_blank\" rel=\"noreferrer noopener\">Kompetens\u00adf\u00f6retagens styrelse<\/a>&nbsp;kan besluta om varning eller fr\u00e5ntagande av beviljad auktorisation. Detta f\u00f6ljer av f\u00f6rbundets stadgar och sker p\u00e5 rekommendation av&nbsp;Kompetens\u00adf\u00f6retagens <a href=\"https:\/\/www.kompetensforetagen.se\/auktorisation\/kompetensforetagens-auktorisationsnamnd\/\" target=\"_blank\" rel=\"noreferrer noopener\">auktorisationsn\u00e4mnd.<\/a><\/p>\n<\/div>\n\n<div class=\"wp-block wp-block-core-paragraph\">\n<p>En varning utdelas vid allvarlig \u00f6vertr\u00e4delse och inneb\u00e4r att auktorisationen kan komma att \u00e5terkallas om medlemmen g\u00f6r sig skyldig till f\u00f6rnyad f\u00f6rseelse. Om f\u00f6retaget f\u00e5r en varning skickar vi ett brev med beskedet och f\u00f6ljer sedan upp om f\u00f6retaget har vidtagit \u00e5tg\u00e4rder mot f\u00f6rseelsen.<\/p>\n<\/div>\n\n<div class=\"wp-block wp-block-core-paragraph\">\n<p>Fr\u00e5ntagande av auktorisation sker n\u00e4r det st\u00e5r klart att medlemmen inte uppfyller villkoren f\u00f6r auktorisation, s\u00e5 som vid grova systematiska fel, n\u00e4r ett f\u00f6retag inte kan anses funktionsdugligt eller avst\u00e5r fr\u00e5n att s\u00f6ka f\u00f6rnyad auktorisation.<\/p>\n<\/div>\n\n<div class=\"wp-block wp-block-core-paragraph\">\n<p>Enligt praxis i tillsyns\u00e4renden kan auktorisationsn\u00e4mnden beg\u00e4ra s\u00e4rskild redovisning av medlems\u00adf\u00f6retaget. Detta inneb\u00e4r att n\u00e4mnden f\u00f6ljer upp hur f\u00f6retaget hanterar f\u00f6rb\u00e4ttrings\u00e5tg\u00e4rder i ett visst avseende. N\u00e4mnden kan ocks\u00e5 g\u00f6ra uttalanden om sin granskning.<\/p>\n<\/div><\/div>\n<\/div>\n<\/div>\n\n\n\n<div class=\"wp-block-group has-white-background-color has-background is-layout-constrained wp-block-group-is-layout-constrained\">\n<div class=\"wp-block-columns is-layout-flex wp-container-core-columns-is-layout-9d6595d7 wp-block-columns-is-layout-flex\">\n<div class=\"wp-block-column is-vertically-aligned-top is-layout-flow wp-block-column-is-layout-flow\"><div class=\"wp-block wp-block-core-heading\" id=\"rutiner-for-handlaggning-av-tillsynsarende\">\n<h3 class=\"wp-block-heading\">Rutiner f\u00f6r handl\u00e4ggning av tillsyns\u00e4rende<\/h3>\n<\/div>\n\n<div class=\"wp-block wp-block-core-paragraph\">\n<p>En granskning av ett f\u00f6retags auktorisation sker om vi f\u00e5r in en anm\u00e4lan om brott mot Kompetens\u00adf\u00f6retagens auktorisation.<\/p>\n<\/div>\n\n<div class=\"wp-block wp-block-core-paragraph\">\n<p>L\u00e4s igenom\u00a0anvisningar\u00a0till anm\u00e4lan\u00a0som g\u00f6rs p\u00e5\u00a0blanketten Anm\u00e4lan om \u00f6vertr\u00e4delse\u00a0och skickas\u00a0till Kompetens\u00adf\u00f6retagens kansli som bereder \u00e4rendet genom att inh\u00e4mta svarom\u00e5l fr\u00e5n det anm\u00e4lda f\u00f6retaget och andra yttranden. D\u00e4refter beslutar styrelsen om eventuell vidare handl\u00e4ggning i Auktorisationsn\u00e4mnden.<\/p>\n<\/div>\n\n<div class=\"wp-block wp-block-core-paragraph\">\n<p>Anm\u00e4lan direkt till n\u00e4mnden kan endast g\u00f6ras av de organisationer som \u00e4r representerade i n\u00e4mnden. Anm\u00e4lan fr\u00e5n Kompetens\u00adf\u00f6retagen f\u00f6ruts\u00e4tter beslut av styrelsen eller f\u00f6rbundsdirekt\u00f6ren.<\/p>\n<\/div>\n\n<div id=\"block-iconlink-block_eda8e40d2dd6080ab2839f0b5b0190f5\" class=\"Icon-link Icon-link--external-link\">\n      <a href=\"https:\/\/www.almega.se\/app\/uploads\/sites\/5\/2021\/09\/anvisningar-for-anmalan-om-brott-mot-kompetensforetagens-auktorisation-2021.pdf\" target=\"_blank\" class=\"Button is-button is-fullwidth is-style-fill has-green-background-color has-green-border-color has-white-color Button--external-link\">\n      <div class=\"Button__text\">\n        Anvisningar till anm\u00e4lan\n      <\/div>\n      <div class=\"Button__arrow \">\n                <svg class='icon icon--external-link'  width=\"16\" height=\"16\" viewBox=\"0 0 16 16\" fill=\"none\" xmlns=\"http:\/\/www.w3.org\/2000\/svg\">\n<path d=\"M9 1H15V7\" stroke=\"black\" stroke-width=\"2\" stroke-miterlimit=\"10\"\/>\n<path d=\"M5 2H1V15H14V11\" stroke=\"black\" stroke-width=\"2\" stroke-miterlimit=\"10\"\/>\n<path d=\"M15 1L6 10\" stroke=\"black\" stroke-width=\"2\" stroke-miterlimit=\"10\"\/>\n<\/svg>\n\n        <\/div>\n    <\/a>\n  <\/div>\n\n\n<div id=\"block-iconlink-block_57114f060e2716a9d3743cb8e9849a63\" class=\"Icon-link Icon-link--external-link\">\n      <a href=\"https:\/\/www.almega.se\/app\/uploads\/sites\/5\/2021\/09\/anmalan-om-overtradelse-auktorisation-uppdaterad-2021ny.pdf\" target=\"_blank\" class=\"Button is-button is-fullwidth is-style-fill has-green-background-color has-green-border-color has-white-color Button--external-link\">\n      <div class=\"Button__text\">\n        Anm\u00e4lan om \u00f6vertr\u00e4delse\n      <\/div>\n      <div class=\"Button__arrow \">\n                <svg class='icon icon--external-link'  width=\"16\" height=\"16\" viewBox=\"0 0 16 16\" fill=\"none\" xmlns=\"http:\/\/www.w3.org\/2000\/svg\">\n<path d=\"M9 1H15V7\" stroke=\"black\" stroke-width=\"2\" stroke-miterlimit=\"10\"\/>\n<path d=\"M5 2H1V15H14V11\" stroke=\"black\" stroke-width=\"2\" stroke-miterlimit=\"10\"\/>\n<path d=\"M15 1L6 10\" stroke=\"black\" stroke-width=\"2\" stroke-miterlimit=\"10\"\/>\n<\/svg>\n\n        <\/div>\n    <\/a>\n  <\/div>\n<\/div>\n\n\n\n<div class=\"wp-block-column is-layout-flow wp-block-column-is-layout-flow\"><div class=\"wp-block wp-block-core-heading\" id=\"begransningar-av-auktorisationsnamndens-granskning\">\n<h3 class=\"wp-block-heading\">Begr\u00e4nsningar av auktorisationsn\u00e4mndens granskning<\/h3>\n<\/div>\n\n<div class=\"wp-block wp-block-core-paragraph\">\n<p>Auktorisationsn\u00e4mnden ers\u00e4tter inte annan tvistel\u00f6sning, s\u00e5som f\u00f6rhandlingsordningen p\u00e5 arbetsmarknaden eller offentliga organs myndighetsut\u00f6vning. Auktorisationsn\u00e4mnden har ist\u00e4llet att f\u00f6rh\u00e5lla sig till andra instansers avg\u00f6randen och har att best\u00e4mma i vilken utstr\u00e4ckning dessa ska tillm\u00e4tas betydelse.<\/p>\n<\/div>\n\n<div class=\"wp-block wp-block-core-paragraph\">\n<p>F\u00f6r Auktorisationsn\u00e4mndens behandling av tillsyns\u00e4renden g\u00e4ller d\u00e4rf\u00f6r f\u00f6ljande begr\u00e4nsningar:<\/p>\n<\/div>\n\n<div class=\"wp-block wp-block-core-list\">\n<ul class=\"wp-block-list\">\n<li>Auktorisationsn\u00e4mndens pr\u00f6var endast fr\u00e5gor som r\u00f6r villkoren f\u00f6r Kompetens\u00adf\u00f6retagens auktorisation, dock inte medan annan r\u00e4ttslig pr\u00f6vning p\u00e5g\u00e5r av samma eller f\u00f6r \u00e4rendet relevant h\u00e4ndelse eller omst\u00e4ndighet.<\/li>\n\n\n\n<li>Auktorisationsn\u00e4mnden \u00e4r inte skiljedomstol.<\/li>\n\n\n\n<li>Auktorisationsn\u00e4mnden d\u00f6mer inte ut ers\u00e4ttningar eller skadest\u00e5nd.<\/li>\n\n\n\n<li>Auktorisationsn\u00e4mnden pr\u00f6var inte icke-medlemmars agerande.<\/li>\n<\/ul>\n<\/div><\/div>\n<\/div>\n\n\n\n<div class=\"wp-block-columns has-white-background-color has-background is-layout-flex wp-container-core-columns-is-layout-9d6595d7 wp-block-columns-is-layout-flex\">\n<div class=\"wp-block-column is-layout-flow wp-block-column-is-layout-flow\"><div class=\"wp-block wp-block-core-heading heading-in-sidebar\" id=\"vid-fragor,-kontakta:\"><a class='Share__link Share__link--url copy-text' href='#' rel='nofollow' data-text='vid-fragor,-kontakta:' title='Dela url' data-confirmation='L\u00e4nken kopierades till urklipp'><svg class='icon icon--link'  width='18' height='18' viewBox='0 0 18 18' fill='none' xmlns='http:\/\/www.w3.org\/2000\/svg'>\n            <path d='M10.4142 0.514721L6.87868 4.05025L8.29289 5.46447L11.1213 2.63604L15.364 6.87868L12.5355 9.70711L13.9497 11.1213L17.4853 7.58579C17.8763 7.19476 17.8763 6.5626 17.4853 6.17158L11.8284 0.514721C11.4374 0.123691 10.8052 0.123691 10.4142 0.514721Z' fill='black'\/>\n            <path d='M9.7071 12.5355L6.87868 15.364L2.63604 11.1213L5.46446 8.2929L4.05025 6.87868L0.514716 10.4142C0.123686 10.8052 0.123686 11.4374 0.514716 11.8284L6.17157 17.4853C6.5626 17.8763 7.19475 17.8763 7.58578 17.4853L11.1213 13.9497L9.7071 12.5355Z' fill='black'\/>\n            <path d='M6.17157 11.8284C6.5626 12.2195 7.19475 12.2195 7.58578 11.8284L11.8284 7.58579C12.2195 7.19476 12.2195 6.56261 11.8284 6.17158C11.4374 5.78055 10.8052 5.78055 10.4142 6.17158L6.17157 10.4142C5.78054 10.8052 5.78054 11.4374 6.17157 11.8284Z' fill='black'\/>\n            <\/svg> <\/a>\n<h2 class=\"has-text-align-center wp-block-heading\">Vid fr\u00e5gor, kontakta:<\/h2>\n<\/div>\n\n<div id=\"block-contact-block_aaed0ef3c4d60c871eaa72988b06f400\" class=\"Contact\">\n      <div class=\"Contact__title\">\n      \n    <\/div>\n    <div class=\" row \">\n              <div class=\"col-lg-12 pb-md-4 pb-3\">\n          <div class=\"Contact-card  \">\n          <div class=\"Contact-card__body\">\n      <h2 class=\"Contact-card__title\">Marja Holmer<\/h2>\n      <p class=\"mb-0\">Auktorisationsansvarig<\/p>\n      \n              <p class=\"mb-2\">Stockholm<\/p>\n                    <p>\n                      <a href=\"tel:+46 8 762 68 51\">+46 8 762 68 51<\/a>\n                                <a href=\"tel:+46 70 540 68 51\">+46 70 540 68 51<\/a>\n                                <a href=\"mailto:marja.holmer@kompetensforetagen.se\">E-post<\/a>\n                  <\/p>\n            <a href=\"https:\/\/www.kompetensforetagen.se\/person\/marjaholmer\/\" class=\"Contact-card__link\">\n        <div class=\"Contact-card__arrow\">\n          <p class=\"Contact-card__arrow__text\">L\u00e4s mer<\/p>\n          <div class=\"Contact-card__arrow__line\"><\/div>\n          <svg class='icon icon--arrow-tip'  width=\"11\" height=\"16\" viewBox=\"0 0 11 16\" fill=\"none\" xmlns=\"http:\/\/www.w3.org\/2000\/svg\">\n<path d=\"M0.858398 15L9.2304 7.99664L0.967732 1.00001\" stroke=\"black\" stroke-width=\"2\" stroke-miterlimit=\"10\"\/>\n<\/svg>\n\n          <\/div>\n      <\/a>\n\n      \n    <\/div>\n  <\/div>\n        <\/div>\n          <\/div>\n    <\/div>\n<\/div>\n<\/div>\n<\/div>\n","protected":false},"excerpt":{"rendered":"<p>Kompetens\u00adf\u00f6retagens auktorisationsn\u00e4mnd ut\u00f6var tillsyn genom att granska, av annan medlem, p\u00e5st\u00e5dda \u00f6vertr\u00e4delser av villkoren f\u00f6r Kompetens\u00adf\u00f6retagens auktorisation. Syftet med auktorisationen \u00e4r att p\u00e5verka och h\u00f6ja standarden i branschen. Den prim\u00e4ra \u00e5tg\u00e4rden vid \u00f6vertr\u00e4delse av auktorisationsvillkoren &hellip;<\/p>\n","protected":false},"author":1,"featured_media":0,"parent":104,"menu_order":7,"comment_status":"closed","ping_status":"closed","template":"","meta":{"_acf_changed":false,"footnotes":""},"article_type":[],"agreement":[],"for-members":[],"class_list":["post-124","page","type-page","status-publish","hentry"],"acf":[],"yoast_head":"<!-- This site is optimized with the Yoast SEO Premium plugin v26.8 (Yoast SEO v26.8) - https:\/\/yoast.com\/product\/yoast-seo-premium-wordpress\/ -->\n<title>Tillsyn vid auktorisation - Kompetensf\u00f6retagen<\/title>\n<meta name=\"description\" content=\"Kompetensf\u00f6retagens auktorisationsn\u00e4mnd ut\u00f6var tillsyn genom att granska, av annan medlem, p\u00e5st\u00e5dda \u00f6vertr\u00e4delser av auktorisationsvillkoren.\" \/>\n<meta name=\"robots\" content=\"index, follow, max-snippet:-1, max-image-preview:large, max-video-preview:-1\" \/>\n<link rel=\"canonical\" href=\"https:\/\/www.kompetensforetagen.se\/auktorisation\/tillsyn\/\" \/>\n<meta property=\"og:locale\" content=\"sv_SE\" \/>\n<meta property=\"og:type\" content=\"article\" \/>\n<meta property=\"og:title\" content=\"Tillsyn vid auktorisation\" \/>\n<meta property=\"og:description\" content=\"Kompetensf\u00f6retagens auktorisationsn\u00e4mnd ut\u00f6var tillsyn genom att granska, av annan medlem, p\u00e5st\u00e5dda \u00f6vertr\u00e4delser av auktorisationsvillkoren.\" \/>\n<meta property=\"og:url\" content=\"https:\/\/www.kompetensforetagen.se\/auktorisation\/tillsyn\/\" \/>\n<meta property=\"og:site_name\" content=\"Kompetensf\u00f6retagen\" \/>\n<meta property=\"article:modified_time\" content=\"2023-08-09T09:30:22+00:00\" \/>\n<meta name=\"twitter:card\" content=\"summary_large_image\" \/>\n<meta name=\"twitter:label1\" content=\"Ber\u00e4knad l\u00e4stid\" \/>\n\t<meta name=\"twitter:data1\" content=\"2 minuter\" \/>\n<script type=\"application\/ld+json\" class=\"yoast-schema-graph\">{\"@context\":\"https:\/\/schema.org\",\"@graph\":[{\"@type\":\"WebPage\",\"@id\":\"https:\/\/www.kompetensforetagen.se\/auktorisation\/tillsyn\/\",\"url\":\"https:\/\/www.kompetensforetagen.se\/auktorisation\/tillsyn\/\",\"name\":\"Tillsyn vid auktorisation - Kompetensf\u00f6retagen\",\"isPartOf\":{\"@id\":\"https:\/\/www.kompetensforetagen.se\/#website\"},\"datePublished\":\"2012-05-21T22:00:00+00:00\",\"dateModified\":\"2023-08-09T09:30:22+00:00\",\"description\":\"Kompetensf\u00f6retagens auktorisationsn\u00e4mnd ut\u00f6var tillsyn genom att granska, av annan medlem, p\u00e5st\u00e5dda \u00f6vertr\u00e4delser av auktorisationsvillkoren.\",\"breadcrumb\":{\"@id\":\"https:\/\/www.kompetensforetagen.se\/auktorisation\/tillsyn\/#breadcrumb\"},\"inLanguage\":\"sv-SE\",\"potentialAction\":[{\"@type\":\"ReadAction\",\"target\":[\"https:\/\/www.kompetensforetagen.se\/auktorisation\/tillsyn\/\"]}]},{\"@type\":\"BreadcrumbList\",\"@id\":\"https:\/\/www.kompetensforetagen.se\/auktorisation\/tillsyn\/#breadcrumb\",\"itemListElement\":[{\"@type\":\"ListItem\",\"position\":1,\"name\":\"Home\",\"item\":\"https:\/\/www.kompetensforetagen.se\/\"},{\"@type\":\"ListItem\",\"position\":2,\"name\":\"Om auktorisation\",\"item\":\"https:\/\/www.kompetensforetagen.se\/auktorisation\/\"},{\"@type\":\"ListItem\",\"position\":3,\"name\":\"Tillsyn vid auktorisation\"}]},{\"@type\":\"WebSite\",\"@id\":\"https:\/\/www.kompetensforetagen.se\/#website\",\"url\":\"https:\/\/www.kompetensforetagen.se\/\",\"name\":\"Kompetensf\u00f6retagen\",\"description\":\"R\u00e4tt person p\u00e5 r\u00e4tt plats kan f\u00f6r\u00e4ndra v\u00e4rlden\",\"publisher\":{\"@id\":\"https:\/\/www.kompetensforetagen.se\/#organization\"},\"potentialAction\":[{\"@type\":\"SearchAction\",\"target\":{\"@type\":\"EntryPoint\",\"urlTemplate\":\"https:\/\/www.kompetensforetagen.se\/?s={search_term_string}\"},\"query-input\":{\"@type\":\"PropertyValueSpecification\",\"valueRequired\":true,\"valueName\":\"search_term_string\"}}],\"inLanguage\":\"sv-SE\"},{\"@type\":\"Organization\",\"@id\":\"https:\/\/www.kompetensforetagen.se\/#organization\",\"name\":\"Kompetensf\u00f6retagen\",\"url\":\"https:\/\/www.kompetensforetagen.se\/\",\"logo\":{\"@type\":\"ImageObject\",\"inLanguage\":\"sv-SE\",\"@id\":\"https:\/\/www.kompetensforetagen.se\/#\/schema\/logo\/image\/\",\"url\":\"https:\/\/www.kompetensforetagen.se\/app\/uploads\/sites\/5\/2022\/10\/logga_svart.png\",\"contentUrl\":\"https:\/\/www.kompetensforetagen.se\/app\/uploads\/sites\/5\/2022\/10\/logga_svart.png\",\"width\":752,\"height\":64,\"caption\":\"Kompetensf\u00f6retagen\"},\"image\":{\"@id\":\"https:\/\/www.kompetensforetagen.se\/#\/schema\/logo\/image\/\"},\"sameAs\":[\"https:\/\/www.linkedin.com\/company\/10540032\/\"]}]}<\/script>\n<!-- \/ Yoast SEO Premium plugin. -->","yoast_head_json":{"title":"Tillsyn vid auktorisation - Kompetensf\u00f6retagen","description":"Kompetensf\u00f6retagens auktorisationsn\u00e4mnd ut\u00f6var tillsyn genom att granska, av annan medlem, p\u00e5st\u00e5dda \u00f6vertr\u00e4delser av auktorisationsvillkoren.","robots":{"index":"index","follow":"follow","max-snippet":"max-snippet:-1","max-image-preview":"max-image-preview:large","max-video-preview":"max-video-preview:-1"},"canonical":"https:\/\/www.kompetensforetagen.se\/auktorisation\/tillsyn\/","og_locale":"sv_SE","og_type":"article","og_title":"Tillsyn vid auktorisation","og_description":"Kompetensf\u00f6retagens auktorisationsn\u00e4mnd ut\u00f6var tillsyn genom att granska, av annan medlem, p\u00e5st\u00e5dda \u00f6vertr\u00e4delser av auktorisationsvillkoren.","og_url":"https:\/\/www.kompetensforetagen.se\/auktorisation\/tillsyn\/","og_site_name":"Kompetensf\u00f6retagen","article_modified_time":"2023-08-09T09:30:22+00:00","twitter_card":"summary_large_image","twitter_misc":{"Ber\u00e4knad l\u00e4stid":"2 minuter"},"schema":{"@context":"https:\/\/schema.org","@graph":[{"@type":"WebPage","@id":"https:\/\/www.kompetensforetagen.se\/auktorisation\/tillsyn\/","url":"https:\/\/www.kompetensforetagen.se\/auktorisation\/tillsyn\/","name":"Tillsyn vid auktorisation - Kompetensf\u00f6retagen","isPartOf":{"@id":"https:\/\/www.kompetensforetagen.se\/#website"},"datePublished":"2012-05-21T22:00:00+00:00","dateModified":"2023-08-09T09:30:22+00:00","description":"Kompetensf\u00f6retagens auktorisationsn\u00e4mnd ut\u00f6var tillsyn genom att granska, av annan medlem, p\u00e5st\u00e5dda \u00f6vertr\u00e4delser av auktorisationsvillkoren.","breadcrumb":{"@id":"https:\/\/www.kompetensforetagen.se\/auktorisation\/tillsyn\/#breadcrumb"},"inLanguage":"sv-SE","potentialAction":[{"@type":"ReadAction","target":["https:\/\/www.kompetensforetagen.se\/auktorisation\/tillsyn\/"]}]},{"@type":"BreadcrumbList","@id":"https:\/\/www.kompetensforetagen.se\/auktorisation\/tillsyn\/#breadcrumb","itemListElement":[{"@type":"ListItem","position":1,"name":"Home","item":"https:\/\/www.kompetensforetagen.se\/"},{"@type":"ListItem","position":2,"name":"Om auktorisation","item":"https:\/\/www.kompetensforetagen.se\/auktorisation\/"},{"@type":"ListItem","position":3,"name":"Tillsyn vid auktorisation"}]},{"@type":"WebSite","@id":"https:\/\/www.kompetensforetagen.se\/#website","url":"https:\/\/www.kompetensforetagen.se\/","name":"Kompetensf\u00f6retagen","description":"R\u00e4tt person p\u00e5 r\u00e4tt plats kan f\u00f6r\u00e4ndra v\u00e4rlden","publisher":{"@id":"https:\/\/www.kompetensforetagen.se\/#organization"},"potentialAction":[{"@type":"SearchAction","target":{"@type":"EntryPoint","urlTemplate":"https:\/\/www.kompetensforetagen.se\/?s={search_term_string}"},"query-input":{"@type":"PropertyValueSpecification","valueRequired":true,"valueName":"search_term_string"}}],"inLanguage":"sv-SE"},{"@type":"Organization","@id":"https:\/\/www.kompetensforetagen.se\/#organization","name":"Kompetensf\u00f6retagen","url":"https:\/\/www.kompetensforetagen.se\/","logo":{"@type":"ImageObject","inLanguage":"sv-SE","@id":"https:\/\/www.kompetensforetagen.se\/#\/schema\/logo\/image\/","url":"https:\/\/www.kompetensforetagen.se\/app\/uploads\/sites\/5\/2022\/10\/logga_svart.png","contentUrl":"https:\/\/www.kompetensforetagen.se\/app\/uploads\/sites\/5\/2022\/10\/logga_svart.png","width":752,"height":64,"caption":"Kompetensf\u00f6retagen"},"image":{"@id":"https:\/\/www.kompetensforetagen.se\/#\/schema\/logo\/image\/"},"sameAs":["https:\/\/www.linkedin.com\/company\/10540032\/"]}]}},"_links":{"self":[{"href":"https:\/\/www.kompetensforetagen.se\/api\/wp\/v2\/pages\/124","targetHints":{"allow":["GET"]}}],"collection":[{"href":"https:\/\/www.kompetensforetagen.se\/api\/wp\/v2\/pages"}],"about":[{"href":"https:\/\/www.kompetensforetagen.se\/api\/wp\/v2\/types\/page"}],"author":[{"embeddable":true,"href":"https:\/\/www.kompetensforetagen.se\/api\/wp\/v2\/users\/1"}],"replies":[{"embeddable":true,"href":"https:\/\/www.kompetensforetagen.se\/api\/wp\/v2\/comments?post=124"}],"version-history":[{"count":22,"href":"https:\/\/www.kompetensforetagen.se\/api\/wp\/v2\/pages\/124\/revisions"}],"predecessor-version":[{"id":14783,"href":"https:\/\/www.kompetensforetagen.se\/api\/wp\/v2\/pages\/124\/revisions\/14783"}],"up":[{"embeddable":true,"href":"https:\/\/www.kompetensforetagen.se\/api\/wp\/v2\/pages\/104"}],"wp:attachment":[{"href":"https:\/\/www.kompetensforetagen.se\/api\/wp\/v2\/media?parent=124"}],"wp:term":[{"taxonomy":"type","embeddable":true,"href":"https:\/\/www.kompetensforetagen.se\/api\/wp\/v2\/article_type?post=124"},{"taxonomy":"agreement","embeddable":true,"href":"https:\/\/www.kompetensforetagen.se\/api\/wp\/v2\/agreement?post=124"},{"taxonomy":"for-members","embeddable":true,"href":"https:\/\/www.kompetensforetagen.se\/api\/wp\/v2\/for-members?post=124"}],"curies":[{"name":"wp","href":"https:\/\/api.w.org\/{rel}","templated":true}]}}