{"id":122,"date":"2016-03-16T00:00:00","date_gmt":"2016-03-15T23:00:00","guid":{"rendered":"http:\/\/staging.bemanningsforetagen.se\/steg-2-ansokan-om-auktorisation-for-bemannings-omstallnings-och-rekryteringsforetag\/"},"modified":"2026-02-03T11:11:46","modified_gmt":"2026-02-03T10:11:46","slug":"steg-2-ansokan-om-auktorisation-for-bemannings-omstallnings-och-rekryteringsforetag","status":"publish","type":"page","link":"https:\/\/www.kompetensforetagen.se\/auktorisation\/steg-2-ansokan-om-auktorisation-for-bemannings-omstallnings-och-rekryteringsforetag\/","title":{"rendered":"Steg 2: Ans\u00f6kan"},"content":{"rendered":"<div id=\"block-hero-block_53e6667d4d643571c33e3d94ea2f3001\" class=\"Hero --has-media has-primary-background-color has-paragraph-text\">\n\n      <img loading=\"lazy\" decoding=\"async\" width=\"1180\" height=\"787\" src=\"https:\/\/www.kompetensforetagen.se\/app\/uploads\/sites\/5\/2023\/06\/pexels-andrea-piacquadio-3760072-1180x787.jpg\" class=\"Hero__image\" alt=\"Dokument \u00f6verl\u00e4mnas fr\u00e5n hand till hand\" srcset=\"https:\/\/www.kompetensforetagen.se\/app\/uploads\/sites\/5\/2023\/06\/pexels-andrea-piacquadio-3760072-1180x787.jpg 1180w, https:\/\/www.kompetensforetagen.se\/app\/uploads\/sites\/5\/2023\/06\/pexels-andrea-piacquadio-3760072-580x387.jpg 580w, https:\/\/www.kompetensforetagen.se\/app\/uploads\/sites\/5\/2023\/06\/pexels-andrea-piacquadio-3760072-380x253.jpg 380w, https:\/\/www.kompetensforetagen.se\/app\/uploads\/sites\/5\/2023\/06\/pexels-andrea-piacquadio-3760072-768x512.jpg 768w, https:\/\/www.kompetensforetagen.se\/app\/uploads\/sites\/5\/2023\/06\/pexels-andrea-piacquadio-3760072-1536x1024.jpg 1536w, https:\/\/www.kompetensforetagen.se\/app\/uploads\/sites\/5\/2023\/06\/pexels-andrea-piacquadio-3760072-2048x1365.jpg 2048w, https:\/\/www.kompetensforetagen.se\/app\/uploads\/sites\/5\/2023\/06\/pexels-andrea-piacquadio-3760072-600x400.jpg 600w\" sizes=\"auto, (max-width: 1180px) 100vw, 1180px\" \/>\n    \n  <div class=\"Hero__inner container has-primary-background-color has-background-image\">\n              <div class=\"Hero__title\">\n          <h1>Steg 2<i> Ans\u00f6kan<\/i><\/h1>\n        <\/div>\n                    <div class=\"Hero__text\">\n          <p>Auktorisationen f\u00f6ljer fyra perioder med h\u00e5llpunkter f\u00f6r ans\u00f6kan, beredning, beslut och giltighet.<\/p>\n\n        <\/div>\n                    <\/div>\n<\/div>\n\n\n<div class=\"wp-block wp-block-core-paragraph\">\n<p>Efter att du tagit reda p\u00e5 om ditt f\u00f6retag kan bli auktoriserat \u00e4r det nu dags att ans\u00f6ka. Detta kan bara g\u00f6ras digitalt, i auktorisationsverktyget. Innan du loggar in \u00e4r det bra att du har<a href=\"https:\/\/www.kompetensforetagen.se\/auktorisationsvillkor-2\/\" target=\"_blank\" rel=\"noreferrer noopener\">&nbsp;de uppgifter som kr\u00e4vs enligt villkoren<\/a>&nbsp;redo, som till exempel \u00e5rsredovisning och revisionsber\u00e4ttelse.<\/p>\n<\/div>\n\n<div class=\"wp-block wp-block-core-paragraph\">\n<p>N\u00e4r du f\u00f6ljer l\u00e4nken f\u00f6r digital auktorisation uppmanas du att klicka p\u00e5 vilken organisation du tillh\u00f6r. Klicka d\u00e5 p\u00e5 \u201dAlmega\u201d f\u00f6r att komma till inloggning. Om du sedan tidigare har anv\u00e4ndaruppgifter i Arbetsgivarguiden kan du logga in med dem. Har du inte s\u00e5dana kommer du att kunna registrera ett nytt anv\u00e4ndarkonto med loggin och l\u00f6senord.&nbsp;<\/p>\n<\/div>\n\n<div class=\"wp-block wp-block-core-paragraph\">\n<p>F\u00f6lj l\u00e4nken till&nbsp;auktorisationsverktyget f\u00f6r&nbsp;<a href=\"https:\/\/auktorisation.kompetensforetagen.se\">digital ans\u00f6kan om auktorisation<\/a><\/p>\n<\/div>\n\n\n<div class=\"wp-block-group has-green-background-color has-background is-layout-constrained wp-block-group-is-layout-constrained\">\n<div class=\"wp-block-columns is-layout-flex wp-container-core-columns-is-layout-9d6595d7 wp-block-columns-is-layout-flex\">\n<div class=\"wp-block-column is-layout-flow wp-block-column-is-layout-flow\"><div class=\"wp-block wp-block-core-heading heading-in-sidebar\" id=\"tider-for-ansokan-och-giltighet\"><a class='Share__link Share__link--url copy-text' href='#' rel='nofollow' data-text='tider-for-ansokan-och-giltighet' title='Dela url' data-confirmation='L\u00e4nken kopierades till urklipp'><svg class='icon icon--link'  width='18' height='18' viewBox='0 0 18 18' fill='none' xmlns='http:\/\/www.w3.org\/2000\/svg'>\n            <path d='M10.4142 0.514721L6.87868 4.05025L8.29289 5.46447L11.1213 2.63604L15.364 6.87868L12.5355 9.70711L13.9497 11.1213L17.4853 7.58579C17.8763 7.19476 17.8763 6.5626 17.4853 6.17158L11.8284 0.514721C11.4374 0.123691 10.8052 0.123691 10.4142 0.514721Z' fill='black'\/>\n            <path d='M9.7071 12.5355L6.87868 15.364L2.63604 11.1213L5.46446 8.2929L4.05025 6.87868L0.514716 10.4142C0.123686 10.8052 0.123686 11.4374 0.514716 11.8284L6.17157 17.4853C6.5626 17.8763 7.19475 17.8763 7.58578 17.4853L11.1213 13.9497L9.7071 12.5355Z' fill='black'\/>\n            <path d='M6.17157 11.8284C6.5626 12.2195 7.19475 12.2195 7.58578 11.8284L11.8284 7.58579C12.2195 7.19476 12.2195 6.56261 11.8284 6.17158C11.4374 5.78055 10.8052 5.78055 10.4142 6.17158L6.17157 10.4142C5.78054 10.8052 5.78054 11.4374 6.17157 11.8284Z' fill='black'\/>\n            <\/svg> <\/a>\n<h2 class=\"wp-block-heading\" id=\"h-tider-for-ansokan-och-giltighet\"><strong>Tider f\u00f6r ans\u00f6kan och giltighet<\/strong><\/h2>\n<\/div>\n\n<div class=\"wp-block wp-block-core-paragraph\">\n<p>Auktorisationen f\u00f6ljer fyra perioder med nedan angivna h\u00e5llpunkter f\u00f6r ans\u00f6kan, beredning, beslut och giltighet.<\/p>\n<\/div>\n\n<div class=\"wp-block wp-block-core-paragraph\">\n<p>Till h\u00f6ger g\u00e4ller f\u00f6r redan auktoriserade medlemmar n\u00e4r de&nbsp;ans\u00f6ker om <a href=\"https:\/\/www.kompetensforetagen.se\/auktorisation\/kompetensforetagens-auktorisationsnamnd\/ansokan-om-arlig-granskning\/\">\u00e5rlig granskning<\/a>.<\/p>\n<\/div>\n\n<div class=\"wp-block wp-block-core-paragraph\">\n<p>F\u00f6retag som s\u00f6ker auktorisation f\u00f6r f\u00f6rsta g\u00e5ngen, det vill s\u00e4ga \u00e4r etablerade i branschen alternativt varit medlemmar i minst 12 m\u00e5nader, granskas och tilldelas d\u00e4refter l\u00e4mplig auktorisationsperiod enligt ovan.<\/p>\n<\/div><\/div>\n\n\n\n<div class=\"wp-block-column is-vertically-aligned-center is-layout-flow wp-block-column-is-layout-flow\">\n<figure class=\"wp-block-table is-style-regular\"><table><tbody><tr><td><strong>Period<\/strong><\/td><td><strong>Ans\u00f6kan<\/strong><\/td><td><strong>Beredning<\/strong><\/td><td><strong>Beslut<\/strong><\/td><td><strong>Giltig 1 \u00e5r fr\u00e5n<\/strong><\/td><\/tr><tr><td>1<\/td><td>15 jan<\/td><td>feb<\/td><td>mars<\/td><td>1 april<\/td><\/tr><tr><td>2<\/td><td>15 april<\/td><td>maj<\/td><td>juni<\/td><td>1 juli<\/td><\/tr><tr><td>3<\/td><td>30 juni<\/td><td>aug<\/td><td>sep<\/td><td>1 okt<\/td><\/tr><tr><td>4<\/td><td>15 okt<\/td><td>nov<\/td><td>dec<\/td><td>1 jan<\/td><\/tr><\/tbody><\/table><\/figure>\n<\/div>\n<\/div>\n<\/div>\n\n\n\n<div class=\"wp-block-group has-primary-background-color has-background is-layout-constrained wp-block-group-is-layout-constrained\"><div id=\"block-pager-block_dd3aa5b7c493711b6c5e424f15cc3fb5\" class=\"block-pager container-fluid\">\n  <div class=\"Reports__related row\">\n                  <a class=\"Reports__related__blurb --prev col-md-6\" href=\"https:\/\/www.kompetensforetagen.se\/auktorisation\/steg-1-villkor-for-auktorisation-kan-foretaget-bli-auktoriserat\/\">\n          <div class=\"Arrow-link Arrow-link__prev\">\n            <svg class='icon icon--arrow-long-left'  width=\"64\" height=\"16\" viewBox=\"0 0 64 16\" fill=\"none\" xmlns=\"http:\/\/www.w3.org\/2000\/svg\">\n<path d=\"M64 8L1.91467 7.99999\" stroke=\"black\" stroke-width=\"2\" stroke-miterlimit=\"10\"\/>\n<path d=\"M10.1416 1L1.7696 8.00336L10.0323 15\" stroke=\"black\" stroke-width=\"2\" stroke-miterlimit=\"10\"\/>\n<\/svg>\n\n              <div class=\"Arrow-link__text\">\n              F\u00f6reg\u00e5ende sida\n            <\/div>\n          <\/div>\n          <div class=\"Reports__related__blurb__title\">\n            Steg 1: Villkor\n          <\/div>\n        <\/a>\n                    <a class=\"Reports__related__blurb --next col-md-6\" href=\"https:\/\/www.kompetensforetagen.se\/auktorisation\/steg-3-granskning-2\/\">\n          <div class=\"Arrow-link Arrow-link__next\">\n            <div class=\"Arrow-link__text\">\n              N\u00e4sta sida\n            <\/div>\n            <svg class='icon icon--arrow-long-right'  width=\"64\" height=\"16\" viewBox=\"0 0 64 16\" fill=\"none\" xmlns=\"http:\/\/www.w3.org\/2000\/svg\">\n<path d=\"M0 8L62.0853 8\" stroke=\"black\" stroke-width=\"2\" stroke-miterlimit=\"10\"\/>\n<path d=\"M53.8584 15L62.2304 7.99664L53.9677 1.00001\" stroke=\"black\" stroke-width=\"2\" stroke-miterlimit=\"10\"\/>\n<\/svg>\n\n            <\/div>\n          <div class=\"Reports__related__blurb__title\">\n            Steg 3: Granskning\n          <\/div>\n        <\/a>\n            <\/div>\n<\/div>\n<\/div>\n","protected":false},"excerpt":{"rendered":"<p>Efter att du tagit reda p\u00e5 om ditt f\u00f6retag kan bli auktoriserat \u00e4r det nu dags att ans\u00f6ka. Detta kan bara g\u00f6ras digitalt, i auktorisationsverktyget. Innan du loggar in \u00e4r det bra att du har&nbsp;de &hellip;<\/p>\n","protected":false},"author":1,"featured_media":0,"parent":104,"menu_order":5,"comment_status":"closed","ping_status":"closed","template":"","meta":{"_acf_changed":false,"footnotes":""},"article_type":[],"agreement":[],"for-members":[],"class_list":["post-122","page","type-page","status-publish","hentry"],"acf":[],"yoast_head":"<!-- This site is optimized with the Yoast SEO Premium plugin v26.8 (Yoast SEO v26.8) - https:\/\/yoast.com\/product\/yoast-seo-premium-wordpress\/ -->\n<title>Ans\u00f6kan om Kompetensf\u00f6retagens auktorisationer<\/title>\n<meta name=\"description\" content=\"Ans\u00f6kan om Kompetensf\u00f6retagens olika auktorisationer kan enbart g\u00f6ras digitalt. H\u00e4r hittar du information om hur du g\u00e5r till v\u00e4ga.\" \/>\n<meta name=\"robots\" content=\"index, follow, max-snippet:-1, max-image-preview:large, max-video-preview:-1\" \/>\n<link rel=\"canonical\" href=\"https:\/\/www.kompetensforetagen.se\/auktorisation\/steg-2-ansokan-om-auktorisation-for-bemannings-omstallnings-och-rekryteringsforetag\/\" \/>\n<meta property=\"og:locale\" content=\"sv_SE\" \/>\n<meta property=\"og:type\" content=\"article\" \/>\n<meta property=\"og:title\" content=\"Steg 2: Ans\u00f6kan\" \/>\n<meta property=\"og:description\" content=\"Ans\u00f6kan om Kompetensf\u00f6retagens olika auktorisationer kan enbart g\u00f6ras digitalt. H\u00e4r hittar du information om hur du g\u00e5r till v\u00e4ga.\" \/>\n<meta property=\"og:url\" content=\"https:\/\/www.kompetensforetagen.se\/auktorisation\/steg-2-ansokan-om-auktorisation-for-bemannings-omstallnings-och-rekryteringsforetag\/\" \/>\n<meta property=\"og:site_name\" content=\"Kompetensf\u00f6retagen\" \/>\n<meta property=\"article:modified_time\" content=\"2026-02-03T10:11:46+00:00\" \/>\n<meta name=\"twitter:card\" content=\"summary_large_image\" \/>\n<meta name=\"twitter:label1\" content=\"Ber\u00e4knad l\u00e4stid\" \/>\n\t<meta name=\"twitter:data1\" content=\"2 minuter\" \/>\n<script type=\"application\/ld+json\" class=\"yoast-schema-graph\">{\"@context\":\"https:\/\/schema.org\",\"@graph\":[{\"@type\":\"WebPage\",\"@id\":\"https:\/\/www.kompetensforetagen.se\/auktorisation\/steg-2-ansokan-om-auktorisation-for-bemannings-omstallnings-och-rekryteringsforetag\/\",\"url\":\"https:\/\/www.kompetensforetagen.se\/auktorisation\/steg-2-ansokan-om-auktorisation-for-bemannings-omstallnings-och-rekryteringsforetag\/\",\"name\":\"Ans\u00f6kan om Kompetensf\u00f6retagens auktorisationer\",\"isPartOf\":{\"@id\":\"https:\/\/www.kompetensforetagen.se\/#website\"},\"datePublished\":\"2016-03-15T23:00:00+00:00\",\"dateModified\":\"2026-02-03T10:11:46+00:00\",\"description\":\"Ans\u00f6kan om Kompetensf\u00f6retagens olika auktorisationer kan enbart g\u00f6ras digitalt. H\u00e4r hittar du information om hur du g\u00e5r till v\u00e4ga.\",\"breadcrumb\":{\"@id\":\"https:\/\/www.kompetensforetagen.se\/auktorisation\/steg-2-ansokan-om-auktorisation-for-bemannings-omstallnings-och-rekryteringsforetag\/#breadcrumb\"},\"inLanguage\":\"sv-SE\",\"potentialAction\":[{\"@type\":\"ReadAction\",\"target\":[\"https:\/\/www.kompetensforetagen.se\/auktorisation\/steg-2-ansokan-om-auktorisation-for-bemannings-omstallnings-och-rekryteringsforetag\/\"]}]},{\"@type\":\"BreadcrumbList\",\"@id\":\"https:\/\/www.kompetensforetagen.se\/auktorisation\/steg-2-ansokan-om-auktorisation-for-bemannings-omstallnings-och-rekryteringsforetag\/#breadcrumb\",\"itemListElement\":[{\"@type\":\"ListItem\",\"position\":1,\"name\":\"Home\",\"item\":\"https:\/\/www.kompetensforetagen.se\/\"},{\"@type\":\"ListItem\",\"position\":2,\"name\":\"Om auktorisation\",\"item\":\"https:\/\/www.kompetensforetagen.se\/auktorisation\/\"},{\"@type\":\"ListItem\",\"position\":3,\"name\":\"Steg 2: Ans\u00f6kan\"}]},{\"@type\":\"WebSite\",\"@id\":\"https:\/\/www.kompetensforetagen.se\/#website\",\"url\":\"https:\/\/www.kompetensforetagen.se\/\",\"name\":\"Kompetensf\u00f6retagen\",\"description\":\"R\u00e4tt person p\u00e5 r\u00e4tt plats kan f\u00f6r\u00e4ndra v\u00e4rlden\",\"publisher\":{\"@id\":\"https:\/\/www.kompetensforetagen.se\/#organization\"},\"potentialAction\":[{\"@type\":\"SearchAction\",\"target\":{\"@type\":\"EntryPoint\",\"urlTemplate\":\"https:\/\/www.kompetensforetagen.se\/?s={search_term_string}\"},\"query-input\":{\"@type\":\"PropertyValueSpecification\",\"valueRequired\":true,\"valueName\":\"search_term_string\"}}],\"inLanguage\":\"sv-SE\"},{\"@type\":\"Organization\",\"@id\":\"https:\/\/www.kompetensforetagen.se\/#organization\",\"name\":\"Kompetensf\u00f6retagen\",\"url\":\"https:\/\/www.kompetensforetagen.se\/\",\"logo\":{\"@type\":\"ImageObject\",\"inLanguage\":\"sv-SE\",\"@id\":\"https:\/\/www.kompetensforetagen.se\/#\/schema\/logo\/image\/\",\"url\":\"https:\/\/www.kompetensforetagen.se\/app\/uploads\/sites\/5\/2022\/10\/logga_svart.png\",\"contentUrl\":\"https:\/\/www.kompetensforetagen.se\/app\/uploads\/sites\/5\/2022\/10\/logga_svart.png\",\"width\":752,\"height\":64,\"caption\":\"Kompetensf\u00f6retagen\"},\"image\":{\"@id\":\"https:\/\/www.kompetensforetagen.se\/#\/schema\/logo\/image\/\"},\"sameAs\":[\"https:\/\/www.linkedin.com\/company\/10540032\/\"]}]}<\/script>\n<!-- \/ Yoast SEO Premium plugin. -->","yoast_head_json":{"title":"Ans\u00f6kan om Kompetensf\u00f6retagens auktorisationer","description":"Ans\u00f6kan om Kompetensf\u00f6retagens olika auktorisationer kan enbart g\u00f6ras digitalt. H\u00e4r hittar du information om hur du g\u00e5r till v\u00e4ga.","robots":{"index":"index","follow":"follow","max-snippet":"max-snippet:-1","max-image-preview":"max-image-preview:large","max-video-preview":"max-video-preview:-1"},"canonical":"https:\/\/www.kompetensforetagen.se\/auktorisation\/steg-2-ansokan-om-auktorisation-for-bemannings-omstallnings-och-rekryteringsforetag\/","og_locale":"sv_SE","og_type":"article","og_title":"Steg 2: Ans\u00f6kan","og_description":"Ans\u00f6kan om Kompetensf\u00f6retagens olika auktorisationer kan enbart g\u00f6ras digitalt. H\u00e4r hittar du information om hur du g\u00e5r till v\u00e4ga.","og_url":"https:\/\/www.kompetensforetagen.se\/auktorisation\/steg-2-ansokan-om-auktorisation-for-bemannings-omstallnings-och-rekryteringsforetag\/","og_site_name":"Kompetensf\u00f6retagen","article_modified_time":"2026-02-03T10:11:46+00:00","twitter_card":"summary_large_image","twitter_misc":{"Ber\u00e4knad l\u00e4stid":"2 minuter"},"schema":{"@context":"https:\/\/schema.org","@graph":[{"@type":"WebPage","@id":"https:\/\/www.kompetensforetagen.se\/auktorisation\/steg-2-ansokan-om-auktorisation-for-bemannings-omstallnings-och-rekryteringsforetag\/","url":"https:\/\/www.kompetensforetagen.se\/auktorisation\/steg-2-ansokan-om-auktorisation-for-bemannings-omstallnings-och-rekryteringsforetag\/","name":"Ans\u00f6kan om Kompetensf\u00f6retagens auktorisationer","isPartOf":{"@id":"https:\/\/www.kompetensforetagen.se\/#website"},"datePublished":"2016-03-15T23:00:00+00:00","dateModified":"2026-02-03T10:11:46+00:00","description":"Ans\u00f6kan om Kompetensf\u00f6retagens olika auktorisationer kan enbart g\u00f6ras digitalt. H\u00e4r hittar du information om hur du g\u00e5r till v\u00e4ga.","breadcrumb":{"@id":"https:\/\/www.kompetensforetagen.se\/auktorisation\/steg-2-ansokan-om-auktorisation-for-bemannings-omstallnings-och-rekryteringsforetag\/#breadcrumb"},"inLanguage":"sv-SE","potentialAction":[{"@type":"ReadAction","target":["https:\/\/www.kompetensforetagen.se\/auktorisation\/steg-2-ansokan-om-auktorisation-for-bemannings-omstallnings-och-rekryteringsforetag\/"]}]},{"@type":"BreadcrumbList","@id":"https:\/\/www.kompetensforetagen.se\/auktorisation\/steg-2-ansokan-om-auktorisation-for-bemannings-omstallnings-och-rekryteringsforetag\/#breadcrumb","itemListElement":[{"@type":"ListItem","position":1,"name":"Home","item":"https:\/\/www.kompetensforetagen.se\/"},{"@type":"ListItem","position":2,"name":"Om auktorisation","item":"https:\/\/www.kompetensforetagen.se\/auktorisation\/"},{"@type":"ListItem","position":3,"name":"Steg 2: Ans\u00f6kan"}]},{"@type":"WebSite","@id":"https:\/\/www.kompetensforetagen.se\/#website","url":"https:\/\/www.kompetensforetagen.se\/","name":"Kompetensf\u00f6retagen","description":"R\u00e4tt person p\u00e5 r\u00e4tt plats kan f\u00f6r\u00e4ndra v\u00e4rlden","publisher":{"@id":"https:\/\/www.kompetensforetagen.se\/#organization"},"potentialAction":[{"@type":"SearchAction","target":{"@type":"EntryPoint","urlTemplate":"https:\/\/www.kompetensforetagen.se\/?s={search_term_string}"},"query-input":{"@type":"PropertyValueSpecification","valueRequired":true,"valueName":"search_term_string"}}],"inLanguage":"sv-SE"},{"@type":"Organization","@id":"https:\/\/www.kompetensforetagen.se\/#organization","name":"Kompetensf\u00f6retagen","url":"https:\/\/www.kompetensforetagen.se\/","logo":{"@type":"ImageObject","inLanguage":"sv-SE","@id":"https:\/\/www.kompetensforetagen.se\/#\/schema\/logo\/image\/","url":"https:\/\/www.kompetensforetagen.se\/app\/uploads\/sites\/5\/2022\/10\/logga_svart.png","contentUrl":"https:\/\/www.kompetensforetagen.se\/app\/uploads\/sites\/5\/2022\/10\/logga_svart.png","width":752,"height":64,"caption":"Kompetensf\u00f6retagen"},"image":{"@id":"https:\/\/www.kompetensforetagen.se\/#\/schema\/logo\/image\/"},"sameAs":["https:\/\/www.linkedin.com\/company\/10540032\/"]}]}},"_links":{"self":[{"href":"https:\/\/www.kompetensforetagen.se\/api\/wp\/v2\/pages\/122","targetHints":{"allow":["GET"]}}],"collection":[{"href":"https:\/\/www.kompetensforetagen.se\/api\/wp\/v2\/pages"}],"about":[{"href":"https:\/\/www.kompetensforetagen.se\/api\/wp\/v2\/types\/page"}],"author":[{"embeddable":true,"href":"https:\/\/www.kompetensforetagen.se\/api\/wp\/v2\/users\/1"}],"replies":[{"embeddable":true,"href":"https:\/\/www.kompetensforetagen.se\/api\/wp\/v2\/comments?post=122"}],"version-history":[{"count":23,"href":"https:\/\/www.kompetensforetagen.se\/api\/wp\/v2\/pages\/122\/revisions"}],"predecessor-version":[{"id":21299,"href":"https:\/\/www.kompetensforetagen.se\/api\/wp\/v2\/pages\/122\/revisions\/21299"}],"up":[{"embeddable":true,"href":"https:\/\/www.kompetensforetagen.se\/api\/wp\/v2\/pages\/104"}],"wp:attachment":[{"href":"https:\/\/www.kompetensforetagen.se\/api\/wp\/v2\/media?parent=122"}],"wp:term":[{"taxonomy":"type","embeddable":true,"href":"https:\/\/www.kompetensforetagen.se\/api\/wp\/v2\/article_type?post=122"},{"taxonomy":"agreement","embeddable":true,"href":"https:\/\/www.kompetensforetagen.se\/api\/wp\/v2\/agreement?post=122"},{"taxonomy":"for-members","embeddable":true,"href":"https:\/\/www.kompetensforetagen.se\/api\/wp\/v2\/for-members?post=122"}],"curies":[{"name":"wp","href":"https:\/\/api.w.org\/{rel}","templated":true}]}}