{"id":11685,"date":"2023-03-23T14:46:41","date_gmt":"2023-03-23T13:46:41","guid":{"rendered":"https:\/\/dev.kompetensforetagen.se\/?page_id=11685"},"modified":"2024-03-25T13:16:44","modified_gmt":"2024-03-25T12:16:44","slug":"bli-medlem","status":"publish","type":"page","link":"https:\/\/www.kompetensforetagen.se\/bli-medlem\/","title":{"rendered":"Om medlemskap"},"content":{"rendered":"<div id=\"block-hero-block_b35332e45e8721e82066220fb49e2beb\" class=\"Hero has-green-background-color\">\n\n    \n  <div class=\"Hero__inner container has-green-background-color has-arrow\">\n              <div class=\"Hero__title\">\n          <h1><i> V\u00e5ra medlems\u00adf\u00f6retag kompetensf\u00f6rs\u00f6rjer Sverige!<\/i><\/h1>\n        <\/div>\n                                  <a class=\"Hero__button Button Button--inline-flex has-black-background-color has-white-color   white-space-nowrap \" href=\"https:\/\/www.kompetensforetagen.se\/bli-medlem-2\/\" target=\"_blank\">\n          <div class=\"Button__text\">\n            Bli medlem idag\n          <\/div>\n          <div class=\"Button__arrow external-link\">\n            <div class=\"Button__line\"><\/div>\n            <svg class='icon icon--external-link'  width=\"16\" height=\"16\" viewBox=\"0 0 16 16\" fill=\"none\" xmlns=\"http:\/\/www.w3.org\/2000\/svg\">\n<path d=\"M9 1H15V7\" stroke=\"black\" stroke-width=\"2\" stroke-miterlimit=\"10\"\/>\n<path d=\"M5 2H1V15H14V11\" stroke=\"black\" stroke-width=\"2\" stroke-miterlimit=\"10\"\/>\n<path d=\"M15 1L6 10\" stroke=\"black\" stroke-width=\"2\" stroke-miterlimit=\"10\"\/>\n<\/svg>\n\n            <\/div>\n        <\/a>\n                    <div class=\"Hero__arrow\">\n          <svg class='icon icon--squiggly-arrow'  width=\"282\" height=\"302\" viewBox=\"0 0 282 302\" fill=\"none\" xmlns=\"http:\/\/www.w3.org\/2000\/svg\">\n<path d=\"M108.429 281.19L129.837 295.44L143.97 274.186\" stroke=\"black\" stroke-width=\"4\" stroke-miterlimit=\"10\"\/>\n<path d=\"M43.8871 68.0497C53.3269 84.3998 70.0075 95.6755 88.6244 97.6784C107.24 99.6801 125.826 95.0068 144.209 91.4645C162.592 87.9216 182.067 85.5682 199.674 91.9481C220.515 99.5002 236.316 120.278 236.492 142.446C236.669 164.616 220.178 186.234 198.428 190.49C188.558 192.423 177.815 190.842 169.542 185.112C161.271 179.382 155.88 169.284 156.859 159.269C158.292 144.577 173.761 133.512 188.444 135C203.126 136.491 215.468 148.757 219.176 163.047C222.881 177.337 218.804 192.932 210.416 205.072C202.027 217.212 189.703 226.187 176.514 232.804C167.472 237.341 157.931 240.877 149.144 245.889C140.356 250.899 132.161 257.651 127.746 266.755C123.333 275.858 126.637 283.983 129.929 295.386\" stroke=\"black\" stroke-width=\"4\" stroke-miterlimit=\"10\"\/>\n<\/svg>\n\n          <\/div>\n        <\/div>\n<\/div>\n\n\n\n<div class=\"wp-block-group is-layout-constrained wp-block-group-is-layout-constrained\">\n<div class=\"wp-block-columns is-layout-flex wp-container-core-columns-is-layout-9d6595d7 wp-block-columns-is-layout-flex\">\n<div class=\"wp-block-column is-layout-flow wp-block-column-is-layout-flow\"><div class=\"wp-block wp-block-core-heading\" id=\"har-ditt-foretag-verksamhet-inom-bemanning,omstallning-eller-rekrytering-kan-du-bli-medlem-i-kompetens\u00adforetagen.-vi-hjalper-dagligen-vara-cirka-950-medlemsforetag-med-fragor-kring-kollektivavtal-och-i-rollen-som-arbetsgivare.\">\n<h3 class=\"wp-block-heading\" id=\"h-har-ditt-foretag-verksamhet-inom-bemanning-omstallning-eller-rekrytering-kan-du-bli-medlem-i-kompetens-foretagen-vi-hjalper-dagligen-vara-cirka-950-medlemsforetag-med-fragor-kring-kollektivavtal-och-i-rollen-som-arbetsgivare\">Har ditt f\u00f6retag verksamhet inom <mark style=\"background-color:#fff\" class=\"has-inline-color has-primary-color\">bemanning<\/mark>,<mark style=\"background-color:#fff\" class=\"has-inline-color has-primary-color\">omst\u00e4llning <\/mark>eller <mark style=\"background-color:#fff\" class=\"has-inline-color has-primary-color\">rekrytering<\/mark> kan du bli medlem i Kompetens\u00adf\u00f6retagen. Vi hj\u00e4lper dagligen v\u00e5ra cirka 950 medlemsf\u00f6retag med fr\u00e5gor kring kollektivavtal och i rollen som arbetsgivare.<\/h3>\n<\/div><\/div>\n\n\n\n<div class=\"wp-block-column is-vertically-aligned-center is-layout-flow wp-block-column-is-layout-flow\"><div class=\"wp-block wp-block-core-paragraph\">\n<p class=\"has-excerpt-font-size\">Vi jobbar ocks\u00e5 med utbildning, kunskapsspridning och f\u00f6r att branschen ska ha s\u00e5 goda f\u00f6ruts\u00e4ttningar som m\u00f6jligt. Allt f\u00f6r att du som f\u00f6retagare ska ha f\u00f6ruts\u00e4ttningarna f\u00f6r att lyckas med din verksamhet. Vi g\u00f6r helt enkelt det vi \u00e4r bra p\u00e5, s\u00e5 att du kan fokusera p\u00e5 det som du \u00e4r b\u00e4st p\u00e5.<\/p>\n<\/div><\/div>\n<\/div>\n<\/div>\n\n\n\n<div class=\"wp-block-group has-secondary-background-color has-background is-layout-constrained wp-block-group-is-layout-constrained\">\n<div class=\"wp-block-columns is-layout-flex wp-container-core-columns-is-layout-9d6595d7 wp-block-columns-is-layout-flex\">\n<div class=\"wp-block-column is-layout-flow wp-block-column-is-layout-flow\"><div id=\"block-iconlist-block_4aa821b7ee59133c80e75568bcd15be5\" class=\"block-iconlist\">\n      <ul class=\"Iconlist\">\n                            <li class=\"Iconlist__listitem\">\n            <div class=\"Iconlist__icon\">\n              <svg class='icon icon--kollektivavtal'  width=\"48\" height=\"48\" viewBox=\"0 0 48 48\" fill=\"none\" xmlns=\"http:\/\/www.w3.org\/2000\/svg\">\n<path d=\"M2.3999 16.2H9.80579C10.4423 16.2 11.0528 15.9471 11.5028 15.4971L13.594 13.4059C14.4942 12.5057 15.7151 12 16.9881 12H19.6117C20.7783 12 21.9011 12.4247 22.7735 13.1885C22.7165 13.2384 22.6606 13.2897 22.6058 13.3425L18.5221 17.275C17.082 18.6617 17.0603 20.9604 18.474 22.3741C19.869 23.7691 22.1308 23.7691 23.5259 22.3741L24.8999 21L34.4785 28.45C35.1586 28.979 35.2944 29.953 34.7849 30.6478L33.8192 31.9646C32.927 33.1812 31.5086 33.9 29.9999 33.9L29.3318 34.5681C28.6071 35.2928 27.6241 35.7 26.5991 35.7C25.695 35.7 24.8195 35.383 24.125 34.8043L23.3999 34.2L22.9788 34.6211C22.0959 35.504 20.8985 36 19.6499 36C18.4013 36 17.2039 35.504 16.321 34.6211L11.8028 30.1029C11.3528 29.6529 10.7423 29.4 10.1058 29.4H2.3999V16.2Z\" class=\"line\" stroke=\"black\" stroke-width=\"3\" stroke-linecap=\"round\" stroke-linejoin=\"round\"\/>\n<path d=\"M27.6 18.3L24.9 21M24.9 21L23.5259 22.3741C22.1309 23.7691 19.8691 23.7691 18.474 22.3741C17.0603 20.9604 17.082 18.6617 18.5221 17.275L22.6059 13.3425C23.5003 12.4812 24.6937 12 25.9353 12H31.0117C32.2848 12 33.5057 12.5057 34.4058 13.4059L36.497 15.4971C36.9471 15.9471 37.5576 16.2 38.1941 16.2H45.6V29.4H35.7L24.9 21Z\" class=\"line\" stroke=\"black\" stroke-width=\"3\" stroke-linecap=\"round\" stroke-linejoin=\"round\"\/>\n<path d=\"M7.19995 16.2354V29.4354\" class=\"line\" stroke=\"black\" stroke-width=\"3\" stroke-linecap=\"round\" stroke-linejoin=\"round\"\/>\n<path d=\"M40.8 16.2354V29.4354\" class=\"line\" stroke=\"black\" stroke-width=\"3\" stroke-linecap=\"round\" stroke-linejoin=\"round\"\/>\n<\/svg>\n\n              <\/div>\n            <div class=\"Iconlist__content\">\n              <p><a href=\"https:\/\/www.kompetensforetagen.se\/medlemskap\/kollektivavtal\/\" data-mce-href=\"https:\/\/www.kompetensforetagen.se\/medlemskap\/kollektivavtal\/\" target=\"_blank\"><strong>Kollektivavtal<\/strong><\/a><\/p>\n<p>Med hj\u00e4lp av goda kollektivavtal skapas de b\u00e4sta f\u00f6ruts\u00e4ttningarna f\u00f6r b\u00e5de f\u00f6retagare och medarbetare.<\/p>\n\n            <\/div>\n          <\/li>\n                            <li class=\"Iconlist__listitem\">\n            <div class=\"Iconlist__icon\">\n              <svg class='icon icon--support-red'  width=\"48\" height=\"48\" viewBox=\"0 0 48 48\" fill=\"none\" xmlns=\"http:\/\/www.w3.org\/2000\/svg\">\n<path d=\"M6 24L6 13.643C6 7.76541 10.9597 3 17.0769 3L30.9231 3C37.0403 3 42 7.76541 42 13.643V24\" class=\"line\" stroke=\"black\" stroke-width=\"3\" stroke-miterlimit=\"10\"\/>\n<path d=\"M15 36H12C7.029 36 3 32.6425 3 28.5C3 24.3575 7.029 21 12 21L15 21L15 36Z\" class=\"line\" stroke=\"black\" stroke-width=\"3\" stroke-miterlimit=\"10\"\/>\n<path d=\"M33 36H36C40.971 36 45 32.6425 45 28.5C45 24.3575 40.971 21 36 21H33V36Z\" class=\"line\" stroke=\"black\" stroke-width=\"3\" stroke-miterlimit=\"10\"\/>\n<path d=\"M27 45H14.1429C11.3014 45 9 42.315 9 39V36\" class=\"line\" stroke=\"black\" stroke-width=\"3\" stroke-miterlimit=\"10\"\/>\n<\/svg>\n\n              <\/div>\n            <div class=\"Iconlist__content\">\n              <p><a href=\"https:\/\/www.kompetensforetagen.se\/kontakt\/\" target=\"_blank\" rel=\"noopener\"><strong>Hj\u00e4lp vid f\u00f6rhandling<\/strong><\/a><\/p>\n<p>Vi finns i hela landet och ger dig personlig och professionell r\u00e5dgivning i arbetsr\u00e4tt, arbetsmilj\u00f6, l\u00f6n och pensionsfr\u00e5gor. Vi bist\u00e5r ocks\u00e5 alltid med f\u00f6rhandlingshj\u00e4lp i lokala och centrala f\u00f6rhandlingar.<\/p>\n\n            <\/div>\n          <\/li>\n                            <li class=\"Iconlist__listitem\">\n            <div class=\"Iconlist__icon\">\n              <svg class='icon icon--utbildning'  width=\"48\" height=\"48\" viewBox=\"0 0 48 48\" fill=\"none\" xmlns=\"http:\/\/www.w3.org\/2000\/svg\">\n<path d=\"M44.5331 3.4668L31.3333 16.6667\" class=\"line\" stroke=\"black\" stroke-width=\"2.74997\" stroke-miterlimit=\"10\" stroke-linecap=\"square\"\/>\n<path d=\"M15.2002 16.667H24.0001\" class=\"line\" stroke=\"black\" stroke-width=\"2.74997\" stroke-miterlimit=\"10\" stroke-linecap=\"square\"\/>\n<path d=\"M15.2002 25.4668H32.8\" class=\"line\" stroke=\"black\" stroke-width=\"2.74997\" stroke-miterlimit=\"10\" stroke-linecap=\"square\"\/>\n<path d=\"M24.0002 35.7334V44.5333\" class=\"line\" stroke=\"black\" stroke-width=\"2.74997\" stroke-miterlimit=\"10\" stroke-linecap=\"square\"\/>\n<path d=\"M19.6004 35.7334L10.8005 46\" class=\"line\" stroke=\"black\" stroke-width=\"2.74997\" stroke-miterlimit=\"10\"\/>\n<path d=\"M28.4004 35.7334L37.2003 46\" class=\"line\" stroke=\"black\" stroke-width=\"2.74997\" stroke-miterlimit=\"10\"\/>\n<path d=\"M41.6003 29.8668V6.40039H6.40063V29.8668\" class=\"line\" stroke=\"black\" stroke-width=\"2.74997\" stroke-miterlimit=\"10\" stroke-linecap=\"square\"\/>\n<path d=\"M46 35.7334H2.00049\" class=\"line\" stroke=\"black\" stroke-width=\"2.74997\" stroke-miterlimit=\"10\" stroke-linecap=\"square\"\/>\n<path d=\"M24.0002 6.39995V2\" class=\"line\" stroke=\"black\" stroke-width=\"2.74997\" stroke-miterlimit=\"10\" stroke-linecap=\"square\"\/>\n<\/svg>\n\n              <\/div>\n            <div class=\"Iconlist__content\">\n              <p><a href=\"https:\/\/www.kompetensforetagen.se\/aktiviteter\/\" data-mce-href=\"https:\/\/www.kompetensforetagen.se\/aktiviteter\/\"><strong>Utbildningar och kurser<\/strong><\/a><\/p>\n<p>Kurserna leds av experter inom de omr\u00e5den som ber\u00f6r din roll som arbetsgivare, chef eller HR-person.<\/p>\n\n            <\/div>\n          <\/li>\n            <\/ul>\n  <\/div>\n<\/div>\n\n\n\n<div class=\"wp-block-column is-layout-flow wp-block-column-is-layout-flow\"><div id=\"block-iconlist-block_b7d27ffe90cdb446bc83c739174e08a9\" class=\"block-iconlist\">\n      <ul class=\"Iconlist\">\n                            <li class=\"Iconlist__listitem\">\n            <div class=\"Iconlist__icon\">\n              <svg class='icon icon--megaphone'  width=\"48\" height=\"48\" viewBox=\"0 0 48 48\" fill=\"none\" xmlns=\"http:\/\/www.w3.org\/2000\/svg\">\n<line x1=\"12.2716\" y1=\"28.2043\" x2=\"23.4797\" y2=\"46.1167\" class=\"line\" stroke=\"black\" stroke-width=\"3\" stroke-miterlimit=\"10\"\/>\n<path d=\"M20.0005 12H11.0005C6.58221 12 3.00049 15.5817 3.00049 20C3.00049 24.4183 6.58221 28 11.0005 28H20.0005L34.0005 34V6L20.0005 12Z\" class=\"line\" stroke=\"black\" stroke-width=\"3\" stroke-miterlimit=\"10\"\/>\n<path d=\"M41.4004 12C43.7916 13.5969 45.4004 16.5815 45.4004 20C45.4004 23.4185 43.7916 26.4031 41.4004 28\" class=\"line\" stroke=\"black\" stroke-width=\"3\" stroke-miterlimit=\"10\"\/>\n<\/svg>\n\n              <\/div>\n            <div class=\"Iconlist__content\">\n              <p><a href=\"https:\/\/www.kompetensforetagen.se\/kompetensforetagens-medlemsnatverk\/\"><b>Medlemsn\u00e4tverk<\/b><\/a><\/p>\n<p>Kompetensf\u00f6retagens medlemsn\u00e4tverk tar upp aktuella fr\u00e5gor f\u00f6r branschen. Som medlem har du m\u00f6jlighet att vara aktiv i ett eller flera n\u00e4tverk som r\u00f6r din verksamhet.<\/p>\n\n            <\/div>\n          <\/li>\n                            <li class=\"Iconlist__listitem\">\n            <div class=\"Iconlist__icon\">\n              <svg class='icon icon--support-red'  width=\"48\" height=\"48\" viewBox=\"0 0 48 48\" fill=\"none\" xmlns=\"http:\/\/www.w3.org\/2000\/svg\">\n<path d=\"M6 24L6 13.643C6 7.76541 10.9597 3 17.0769 3L30.9231 3C37.0403 3 42 7.76541 42 13.643V24\" class=\"line\" stroke=\"black\" stroke-width=\"3\" stroke-miterlimit=\"10\"\/>\n<path d=\"M15 36H12C7.029 36 3 32.6425 3 28.5C3 24.3575 7.029 21 12 21L15 21L15 36Z\" class=\"line\" stroke=\"black\" stroke-width=\"3\" stroke-miterlimit=\"10\"\/>\n<path d=\"M33 36H36C40.971 36 45 32.6425 45 28.5C45 24.3575 40.971 21 36 21H33V36Z\" class=\"line\" stroke=\"black\" stroke-width=\"3\" stroke-miterlimit=\"10\"\/>\n<path d=\"M27 45H14.1429C11.3014 45 9 42.315 9 39V36\" class=\"line\" stroke=\"black\" stroke-width=\"3\" stroke-miterlimit=\"10\"\/>\n<\/svg>\n\n              <\/div>\n            <div class=\"Iconlist__content\">\n              <p><a href=\"https:\/\/www.kompetensforetagen.se\/om-allmanna-bestammelser\/\" target=\"_blank\" rel=\"noopener\"><strong>Allm\u00e4nna best\u00e4mmelser<\/strong><\/a><\/p>\n<p>Kompetensf\u00f6retagens branschanpassade allm\u00e4nna best\u00e4mmelser \u00e4r kanske b\u00e4sta s\u00e4ttet att undvika en tvist. F\u00f6r medlemmar \u00e4r de kostnadsfria.<\/p>\n\n            <\/div>\n          <\/li>\n                            <li class=\"Iconlist__listitem\">\n            <div class=\"Iconlist__icon\">\n              <svg class='icon icon--paper'  width=\"48\" height=\"48\" viewBox=\"0 0 48 48\" fill=\"none\" xmlns=\"http:\/\/www.w3.org\/2000\/svg\">\n<path d=\"M38 8H6V46H38V8Z\" class=\"line\" stroke=\"black\" stroke-width=\"3\" stroke-miterlimit=\"10\" stroke-linecap=\"square\"\/>\n<path d=\"M10 2H44V42\" class=\"line\" stroke=\"black\" stroke-width=\"3\" stroke-miterlimit=\"10\" stroke-linecap=\"square\"\/>\n<path d=\"M14 18H30\" class=\"line\" stroke=\"black\" stroke-width=\"3\" stroke-miterlimit=\"10\" stroke-linecap=\"square\"\/>\n<path d=\"M14 26H30\" class=\"line\" stroke=\"black\" stroke-width=\"3\" stroke-miterlimit=\"10\" stroke-linecap=\"square\"\/>\n<path d=\"M14 34H22\" class=\"line\" stroke=\"black\" stroke-width=\"3\" stroke-miterlimit=\"10\" stroke-linecap=\"square\"\/>\n<\/svg>\n\n              <\/div>\n            <div class=\"Iconlist__content\">\n              <p><a href=\"https:\/\/www.kompetensforetagen.se\/medlemssidor\/forsakringar-for-medlemmar-i-kompetensforetagen\/\"><b>Fri r\u00e5dgivning kring ditt f\u00f6retags ansvarsf\u00f6rs\u00e4kring<\/b><\/a><\/p>\n<p>F\u00f6r dig som \u00e4r medlem ing\u00e5r 30 minuters gratis r\u00e5dgivning kring ansvarsf\u00f6rs\u00e4kringar av v\u00e5r partner S\u00f6derberg &amp;amp; Partners.<\/p>\n\n            <\/div>\n          <\/li>\n            <\/ul>\n  <\/div>\n<\/div>\n<\/div>\n<\/div>\n\n\n\n<div class=\"wp-block-group has-primary-background-color has-background is-layout-constrained wp-block-group-is-layout-constrained\">\n<div class=\"wp-block-columns is-layout-flex wp-container-core-columns-is-layout-9d6595d7 wp-block-columns-is-layout-flex\">\n<div class=\"wp-block-column is-layout-flow wp-block-column-is-layout-flow\" style=\"flex-basis:33.33%\"><div class=\"wp-block wp-block-core-heading\" id=\"starta-er-resa-redan-idag\">\n<h4 class=\"wp-block-heading\" id=\"h-starta-er-resa-redan-idag\">Starta er resa redan idag<\/h4>\n<\/div>\n\n<div class=\"wp-block wp-block-core-heading heading-in-sidebar\" id=\"fyll-i-och-skicka-in\"><a class='Share__link Share__link--url copy-text' href='#' rel='nofollow' data-text='fyll-i-och-skicka-in' title='Dela url' data-confirmation='L\u00e4nken kopierades till urklipp'><svg class='icon icon--link'  width='18' height='18' viewBox='0 0 18 18' fill='none' xmlns='http:\/\/www.w3.org\/2000\/svg'>\n            <path d='M10.4142 0.514721L6.87868 4.05025L8.29289 5.46447L11.1213 2.63604L15.364 6.87868L12.5355 9.70711L13.9497 11.1213L17.4853 7.58579C17.8763 7.19476 17.8763 6.5626 17.4853 6.17158L11.8284 0.514721C11.4374 0.123691 10.8052 0.123691 10.4142 0.514721Z' fill='black'\/>\n            <path d='M9.7071 12.5355L6.87868 15.364L2.63604 11.1213L5.46446 8.2929L4.05025 6.87868L0.514716 10.4142C0.123686 10.8052 0.123686 11.4374 0.514716 11.8284L6.17157 17.4853C6.5626 17.8763 7.19475 17.8763 7.58578 17.4853L11.1213 13.9497L9.7071 12.5355Z' fill='black'\/>\n            <path d='M6.17157 11.8284C6.5626 12.2195 7.19475 12.2195 7.58578 11.8284L11.8284 7.58579C12.2195 7.19476 12.2195 6.56261 11.8284 6.17158C11.4374 5.78055 10.8052 5.78055 10.4142 6.17158L6.17157 10.4142C5.78054 10.8052 5.78054 11.4374 6.17157 11.8284Z' fill='black'\/>\n            <\/svg> <\/a>\n<h2 class=\"wp-block-heading\" id=\"h-fyll-i-och-skicka-in\"><strong>Fyll i och skicka in<\/strong><\/h2>\n<\/div>\n\n<div class=\"wp-block wp-block-core-paragraph\">\n<p>Genom att fylla i formul\u00e4ret h\u00e4r p\u00e5 sajten s\u00e5 f\u00e5r vi de uppgifter vi beh\u00f6ver f\u00f6r att ta reda p\u00e5 vad som g\u00e4ller f\u00f6r dig och ditt f\u00f6retag. Vi kontaktar sedan dig s\u00e5 snart som m\u00f6jligt.<\/p>\n<\/div>\n\n<div class=\"wp-block wp-block-core-paragraph\">\n<p><\/p>\n<\/div>\n\n\n<figure class=\"wp-block-image size-full\"><img decoding=\"async\" src=\"https:\/\/www.kompetensforetagen.se\/app\/uploads\/sites\/5\/2023\/03\/Vit-tunn-pil-vanster-e1679575042949.png\" alt=\"\" class=\"wp-image-11664\"\/><\/figure>\n<\/div>\n\n\n\n<div class=\"wp-block-column is-layout-flow wp-block-column-is-layout-flow\" style=\"flex-basis:66.66%\"><div class=\"Interest-form container pt-md-4 pb-md-5\">\n\n  <div class=\"gform_wrapper\">\n\n    <form novalidate>\n\n      <div class=\"gform_body\">\n        <ul class=\"gform_fields\">\n          <li class=\"gfield gfield_contains_required\">\n            <label class=\"gfield_label\" for=\"input_first_name\">Ditt f\u00f6rnamn *<\/label>\n            <div class=\"ginput_container ginput_container_text\">\n              <input name=\"input_first_name\" autocomplete=\"given-name\" id=\"input_first_name\" type=\"text\" class=\"large\" placeholder=\"t ex. Alice\" required min=\"2\">\n            <\/div>\n          <\/li>\n\n          <li class=\"gfield gfield_contains_required\">\n            <label class=\"gfield_label\" for=\"input_last_name\">Ditt efternamn *<\/label>\n            <div class=\"ginput_container ginput_container_text\">\n              <input name=\"input_last_name\" autocomplete=\"family-name\" id=\"input_last_name\" type=\"text\" class=\"large\" placeholder=\"t ex. Andersson\" required>\n            <\/div>\n          <\/li>\n\n          <li class=\"gfield gfield_contains_required\">\n            <label class=\"gfield_label\" for=\"input_email\">Din e-postadress *<\/label>\n            <div class=\"ginput_container ginput_container_email\">\n              <input name=\"input_email\" autocomplete=\"email\" id=\"input_email\" type=\"email\" class=\"medium\" placeholder=\"t ex. namn@adress.se\" required>\n            <\/div>\n            <p id=\"email\" class=\"on_error\">E-postadress saknas eller \u00e4r felaktig. Kontrollera formatet och f\u00f6rs\u00f6k igen.<\/p>\n          <\/li>\n\n          <li class=\"gfield gfield_contains_required\">\n            <label class=\"gfield_label\" for=\"input_phone\">Ditt telefonnummer *<\/label>\n            <div class=\"ginput_container ginput_container_text\">\n              <input name=\"input_phone\" autocomplete=\"tel\" id=\"input_phone\" type=\"tel\" value=\"\" class=\"medium\" placeholder=\"t ex. 070 123 45 67\" required>\n            <\/div>\n            <p id=\"phone\" class=\"on_error\">Telefonnummer saknas eller \u00e4r felaktigt. Kontrollera formatet och f\u00f6rs\u00f6k igen.<\/p>\n          <\/li>\n\n          <li class=\"gfield gfield_contains_required\">\n            <label class=\"gfield_label\" for=\"input_orgnr\">F\u00f6retagets organisationsnummer (nnnnnn-nnnn) *<\/label>\n            <div class=\"ginput_container ginput_container_text\">\n              <input autocomplete=\"off\" name=\"input_orgnr\" id=\"input_orgnr\" type=\"text\" value=\"\" class=\"medium\" placeholder=\"t ex. nnnnnn-nnnn\" aria-required=\"true\" aria-live=\"polite\" data-1p-ignore>\n            <\/div>\n            <p id=\"orgnr\" class=\"on_error\">\n              Organisationsnummer saknas eller \u00e4r felaktigt. Om ni inte har ett svenskt organisationsnummer, skicka ist\u00e4llet en manuell intresseanm\u00e4lan till\n              <a href=\"mailto:intresseanmalningar@almega.se\">intresseanmalningar@almega.se<\/a>\n            <\/p>\n                      <\/li>\n\n          <li class=\"gfield gfield_contains_required\">\n                          <label class=\"gfield_label\" for=\"input_company_business\">F\u00f6retagets huvudsakliga verksamhet *<\/label>\n              <div class=\"ginput_container ginput_container_text\">\n                <input name=\"input_company_business\" id=\"input_company_business\" type=\"text\" value=\"\" class=\"medium\" placeholder=\"t ex. Konsultverksamhet\" autocomplete=\"off\" data-1p-ignore required>\n              <\/div>\n                      <\/li>\n\n                      <li class=\"gfield gfield_contains_required\">\n              <label class=\"gfield_label\" for=\"moid\">Vilket f\u00f6rbund vill ni bli medlem i? (frivillig)<\/label>\n              <div class=\"ginput_container ginput_container_select\">\n                <select name=\"moid\" id=\"moid\" class=\"medium gfield_select\">\n                  <option value=\"\">Vet ej<\/option>\n                  <option value=\"686df0ca-0527-ef11-840a-00224899cbc6\">Almega Utbildning<\/option>\n                  <option value=\"5c359bdb-78fc-e811-811f-003dd8b71e49\">Innovationsf\u00f6retagen<\/option>\n                  <option value=\"3ccd80f7-ff07-de11-b4e1-02bf9e69ca65\">Kompetensf\u00f6retagen<\/option>\n                  <option value=\"23cd80f7-ff07-de11-b4e1-02bf9e69ca65\">Medief\u00f6retagen<\/option>\n                  <option value=\"2636832d-4618-e711-810c-003dd8b71e47\">S\u00e4kerhetsf\u00f6retagen<\/option>\n                  <option value=\"29cd80f7-ff07-de11-b4e1-02bf9e69ca65\">Tj\u00e4nstef\u00f6rbunden<\/option>\n                  <option value=\"26cd80f7-ff07-de11-b4e1-02bf9e69ca65\">Tj\u00e4nstef\u00f6retagen<\/option>\n                  <option value=\"fc39afff-570c-ea11-8160-003dd8b71d64\">T\u00e5gf\u00f6retagen<\/option>\n                  <option value=\"1ecd80f7-ff07-de11-b4e1-02bf9e69ca65\">V\u00e5rdf\u00f6retagarna<\/option>\n                <\/select>\n              <\/div>\n            <\/li>\n\n          \n        <\/ul>\n\n      <\/div>\n\n      <div class=\"gform_footer top_label\">\n                <input type=\"submit\" class=\"c-accent-1-bg c-accent-1-border gform_button button\" value=\"Skicka in\">\n      <\/div>\n\n    <\/form>\n\n  <\/div>\n\n<\/div>\n<\/div>\n<\/div>\n<\/div>\n\n\n\n<div class=\"wp-block-group has-green-background-color has-background is-layout-constrained wp-block-group-is-layout-constrained\">\n<div class=\"wp-block-columns is-layout-flex wp-container-core-columns-is-layout-9d6595d7 wp-block-columns-is-layout-flex\">\n<div class=\"wp-block-column has-green-background-color has-background is-layout-flow wp-block-column-is-layout-flow\"><div class=\"Listing has-primary-background-color\">\n  <div class=\"container\">\n    <div class=\"Listing__heading\">\n       <h2>Medlemskapsformer<\/h2>     <\/div>\n    <div class=\"row\">\n                            <div class=\"col-md-6 \">\n                      <article class=\"Blurb Blurb--horizontal Blurb--page Blurb--horizontal no-thumbnail\">\n  <a href=\"https:\/\/www.kompetensforetagen.se\/villkor-for-medlemskap-3\/\">\n        <div class=\"Blurb__content\">\n      <div class=\"Blurb__body\">\n        <div>\n                            <\/div>\n        <h3 class=\"Blurb__title\">\n          Villkor f\u00f6r Branschmedlemskap\n        <\/h3>\n                  <div class=\"Blurb__text\">\n            F\u00f6r dig som vill vara med och p\u00e5verka branschens f\u00f6ruts\u00e4ttningar, men inte \u00e4r redo att teckna kollektivavtal, kan du bli branschmedlem i Kompetensf\u00f6retagen. F\u00f6r ett s\u00e5dant medlemskap m\u00e5ste dessa villkor uppfyllas: *Branschmedlemskap i Kompetensf\u00f6retagen \u00e4r &hellip;\n          <\/div>\n                <div class=\"Blurb__arrow\">\n                                <div class=\"Blurb__arrow__line\">\n              <svg class='icon icon--arrow-tip'  width=\"11\" height=\"16\" viewBox=\"0 0 11 16\" fill=\"none\" xmlns=\"http:\/\/www.w3.org\/2000\/svg\">\n<path d=\"M0.858398 15L9.2304 7.99664L0.967732 1.00001\" stroke=\"black\" stroke-width=\"2\" stroke-miterlimit=\"10\"\/>\n<\/svg>\n\n              <\/div>\n                  <\/div>\n      <\/div>\n    <\/div>\n  <\/a>\n<\/article>\n                  <\/div>\n                              <div class=\"col-md-6 \">\n                      <article class=\"Blurb Blurb--horizontal Blurb--page Blurb--horizontal no-thumbnail\">\n  <a href=\"https:\/\/www.kompetensforetagen.se\/villkor-for-medlemskap-3-2-2\/\">\n        <div class=\"Blurb__content\">\n      <div class=\"Blurb__body\">\n        <div>\n                            <\/div>\n        <h3 class=\"Blurb__title\">\n          Villkor f\u00f6r Arbetsgivar- och branschmedlemskap\n        <\/h3>\n                  <div class=\"Blurb__text\">\n            \n          <\/div>\n                <div class=\"Blurb__arrow\">\n                                <div class=\"Blurb__arrow__line\">\n              <svg class='icon icon--arrow-tip'  width=\"11\" height=\"16\" viewBox=\"0 0 11 16\" fill=\"none\" xmlns=\"http:\/\/www.w3.org\/2000\/svg\">\n<path d=\"M0.858398 15L9.2304 7.99664L0.967732 1.00001\" stroke=\"black\" stroke-width=\"2\" stroke-miterlimit=\"10\"\/>\n<\/svg>\n\n              <\/div>\n                  <\/div>\n      <\/div>\n    <\/div>\n  <\/a>\n<\/article>\n                  <\/div>\n                  <\/div>\n  <\/div>\n<\/div><\/div>\n<\/div>\n<\/div>\n\n\n\n<div class=\"wp-block-group is-layout-constrained wp-block-group-is-layout-constrained\">\n<div class=\"wp-block-columns is-layout-flex wp-container-core-columns-is-layout-9d6595d7 wp-block-columns-is-layout-flex\">\n<div class=\"wp-block-column is-layout-flow wp-block-column-is-layout-flow\"><div class=\"wp-block wp-block-core-heading heading-in-sidebar\" id=\"radgivning-av-sveriges-framsta-experter-inom-arbetsratt\"><a class='Share__link Share__link--url copy-text' href='#' rel='nofollow' data-text='radgivning-av-sveriges-framsta-experter-inom-arbetsratt' title='Dela url' data-confirmation='L\u00e4nken kopierades till urklipp'><svg class='icon icon--link'  width='18' height='18' viewBox='0 0 18 18' fill='none' xmlns='http:\/\/www.w3.org\/2000\/svg'>\n            <path d='M10.4142 0.514721L6.87868 4.05025L8.29289 5.46447L11.1213 2.63604L15.364 6.87868L12.5355 9.70711L13.9497 11.1213L17.4853 7.58579C17.8763 7.19476 17.8763 6.5626 17.4853 6.17158L11.8284 0.514721C11.4374 0.123691 10.8052 0.123691 10.4142 0.514721Z' fill='black'\/>\n            <path d='M9.7071 12.5355L6.87868 15.364L2.63604 11.1213L5.46446 8.2929L4.05025 6.87868L0.514716 10.4142C0.123686 10.8052 0.123686 11.4374 0.514716 11.8284L6.17157 17.4853C6.5626 17.8763 7.19475 17.8763 7.58578 17.4853L11.1213 13.9497L9.7071 12.5355Z' fill='black'\/>\n            <path d='M6.17157 11.8284C6.5626 12.2195 7.19475 12.2195 7.58578 11.8284L11.8284 7.58579C12.2195 7.19476 12.2195 6.56261 11.8284 6.17158C11.4374 5.78055 10.8052 5.78055 10.4142 6.17158L6.17157 10.4142C5.78054 10.8052 5.78054 11.4374 6.17157 11.8284Z' fill='black'\/>\n            <\/svg> <\/a>\n<h2 class=\"wp-block-heading\" id=\"h-radgivning-av-sveriges-framsta-experter-inom-arbetsratt\">R\u00e5dgivning av Sveriges fr\u00e4msta experter inom arbetsr\u00e4tt<\/h2>\n<\/div>\n\n<div class=\"wp-block wp-block-core-paragraph\">\n<p>Som medlem f\u00e5r du dygnet runt-st\u00f6d av v\u00e5r kunskapsbank p\u00e5 webben,&nbsp;&nbsp;<a href=\"http:\/\/www.arbetsgivarguiden.se\/\" target=\"_blank\" rel=\"noreferrer noopener\">Arbetsgivarguiden<\/a>.<\/p>\n<\/div>\n\n<div class=\"wp-block wp-block-core-paragraph\">\n<p>I guiden f\u00e5r du juridisk r\u00e5dgivning och snabb och aktuell information om kollektivavtal. H\u00e4r har vi samlat mallar, checklistor och blanketter som du kan anv\u00e4nda i ditt dagliga arbete. Du f\u00e5r svar p\u00e5 fr\u00e5gor om pension, f\u00f6rs\u00e4kringar, l\u00f6n, lagar, arbetsmilj\u00f6 och annat som r\u00f6r dig i din roll som arbetsgivare och chef.<\/p>\n<\/div>\n\n<div class=\"wp-block wp-block-core-paragraph\">\n<p>Du kan \u00e4ven&nbsp;<a href=\"https:\/\/www.almega.se\/kontakt\/jouren\/\" target=\"_blank\" rel=\"noreferrer noopener\">kontakta v\u00e5ra r\u00e5dgivare<\/a>&nbsp;f\u00f6r att f\u00e5 svar p\u00e5 fr\u00e5gor, via telefon, chatt eller mejl. V\u00e5r jour n\u00e5r du via telefon, den \u00e4r \u00f6ppen under dagtid och kontaktar du oss via mejl f\u00e5r du svar senast dagen efter.<\/p>\n<\/div><\/div>\n\n\n\n<div class=\"wp-block-column is-layout-flow wp-block-column-is-layout-flow\">\n<figure class=\"wp-block-image size-large\"><img loading=\"lazy\" decoding=\"async\" width=\"1180\" height=\"787\" src=\"https:\/\/www.kompetensforetagen.se\/app\/uploads\/sites\/5\/2024\/03\/pexels-alexander-suhorucov-6457490-1180x787.jpg\" alt=\"\" class=\"wp-image-16979\" srcset=\"https:\/\/www.kompetensforetagen.se\/app\/uploads\/sites\/5\/2024\/03\/pexels-alexander-suhorucov-6457490-1180x787.jpg 1180w, https:\/\/www.kompetensforetagen.se\/app\/uploads\/sites\/5\/2024\/03\/pexels-alexander-suhorucov-6457490-580x387.jpg 580w, https:\/\/www.kompetensforetagen.se\/app\/uploads\/sites\/5\/2024\/03\/pexels-alexander-suhorucov-6457490-380x253.jpg 380w, https:\/\/www.kompetensforetagen.se\/app\/uploads\/sites\/5\/2024\/03\/pexels-alexander-suhorucov-6457490-768x512.jpg 768w, https:\/\/www.kompetensforetagen.se\/app\/uploads\/sites\/5\/2024\/03\/pexels-alexander-suhorucov-6457490-1536x1024.jpg 1536w, https:\/\/www.kompetensforetagen.se\/app\/uploads\/sites\/5\/2024\/03\/pexels-alexander-suhorucov-6457490-2048x1365.jpg 2048w, https:\/\/www.kompetensforetagen.se\/app\/uploads\/sites\/5\/2024\/03\/pexels-alexander-suhorucov-6457490-600x400.jpg 600w\" sizes=\"auto, (max-width: 1180px) 100vw, 1180px\" \/><\/figure>\n<\/div>\n<\/div>\n<\/div>\n\n\n\n<div class=\"wp-block-group has-secondary-background-color has-background is-layout-constrained wp-block-group-is-layout-constrained\"><div class=\"wp-block wp-block-core-heading heading-in-sidebar\" id=\"vad-kostar-ett-medlemskap?\"><a class='Share__link Share__link--url copy-text' href='#' rel='nofollow' data-text='vad-kostar-ett-medlemskap?' title='Dela url' data-confirmation='L\u00e4nken kopierades till urklipp'><svg class='icon icon--link'  width='18' height='18' viewBox='0 0 18 18' fill='none' xmlns='http:\/\/www.w3.org\/2000\/svg'>\n            <path d='M10.4142 0.514721L6.87868 4.05025L8.29289 5.46447L11.1213 2.63604L15.364 6.87868L12.5355 9.70711L13.9497 11.1213L17.4853 7.58579C17.8763 7.19476 17.8763 6.5626 17.4853 6.17158L11.8284 0.514721C11.4374 0.123691 10.8052 0.123691 10.4142 0.514721Z' fill='black'\/>\n            <path d='M9.7071 12.5355L6.87868 15.364L2.63604 11.1213L5.46446 8.2929L4.05025 6.87868L0.514716 10.4142C0.123686 10.8052 0.123686 11.4374 0.514716 11.8284L6.17157 17.4853C6.5626 17.8763 7.19475 17.8763 7.58578 17.4853L11.1213 13.9497L9.7071 12.5355Z' fill='black'\/>\n            <path d='M6.17157 11.8284C6.5626 12.2195 7.19475 12.2195 7.58578 11.8284L11.8284 7.58579C12.2195 7.19476 12.2195 6.56261 11.8284 6.17158C11.4374 5.78055 10.8052 5.78055 10.4142 6.17158L6.17157 10.4142C5.78054 10.8052 5.78054 11.4374 6.17157 11.8284Z' fill='black'\/>\n            <\/svg> <\/a>\n<h2 class=\"wp-block-heading\" id=\"h-vad-kostar-ett-medlemskap\">Vad kostar ett medlemskap?<\/h2>\n<\/div>\n\n\n<div class=\"wp-block-columns is-layout-flex wp-container-core-columns-is-layout-9d6595d7 wp-block-columns-is-layout-flex\">\n<div class=\"wp-block-column is-layout-flow wp-block-column-is-layout-flow\"><div class=\"wp-block wp-block-core-paragraph\">\n<p>Kostnaden f\u00f6r ett medlemskap varierar utifr\u00e5n f\u00f6retagets storlek och antal anst\u00e4llda.<\/p>\n<\/div>\n\n<div class=\"wp-block wp-block-core-paragraph\">\n<p>Nedan finns r\u00e4kneexempel f\u00f6r ett arbetsgivar- och branschmedlemskap utifr\u00e5n f\u00f6retagets \u00e5rliga l\u00f6nesumma. Om den \u00e5rliga l\u00f6nesumman \u00e4r:<\/p>\n<\/div>\n\n<div class=\"wp-block wp-block-core-list\">\n<ul class=\"wp-block-list\">\n<li>5 miljoner kronor blir avgiften ungef\u00e4r 15 600 kronor per \u00e5r.<\/li>\n\n\n\n<li>20 miljoner kronor blir avgiften ungef\u00e4r 54 800 kronor per \u00e5r.<\/li>\n\n\n\n<li>\u00c4r f\u00f6retaget&nbsp;<strong>nystartat<\/strong>&nbsp;blir avgiften 11 450 kronor f\u00f6rsta kalender\u00e5ret.<\/li>\n<\/ul>\n<\/div>\n\n<div class=\"wp-block wp-block-core-paragraph\">\n<p>R\u00e4kneexemplen inkluderar avgift till Kompetens\u00adf\u00f6retagen, Almega och Svenskt N\u00e4ringsliv.<\/p>\n<\/div>\n\n<div class=\"wp-block wp-block-core-paragraph\">\n<p>Om f\u00f6retaget har fler \u00e4n 250 anst\u00e4llda eller tillh\u00f6r en koncern med fler \u00e4n 250 anst\u00e4llda ber vi er mejla till&nbsp;&nbsp;<a href=\"mailto:intresseanmalningar@almega.se\">intresseanmalningar@almega.se<\/a>&nbsp;f\u00f6r att r\u00e4kna ut medlems\u00adavgiften.<\/p>\n<\/div>\n\n<div class=\"wp-block wp-block-core-paragraph\">\n<p>F\u00f6r&nbsp;<strong>\u00f6vriga fr\u00e5gor<\/strong>&nbsp;eller hj\u00e4lp med att r\u00e4kna ut vad ett&nbsp;<strong>branschmedlemskap<\/strong>&nbsp;kostar ber vi er att mejla till&nbsp;<a href=\"mailto:intresseanmalningar@almega.se\" target=\"_blank\" rel=\"noreferrer noopener\">intresseanmalningar@almega.se<\/a><\/p>\n<\/div><\/div>\n\n\n\n<div class=\"wp-block-column is-layout-constrained wp-block-column-is-layout-constrained\"><div class=\"Membership-cost\"\n\t\t data-organizations=\"rY9NS8QwFEX\/SslKocVEa9uZ5SwEUUQUVzMu0vSmUyWpvry4Ef+7kY4yoDIDSjb5uOfdnOWrOO\/EXJwY0zXS1oW1si46KFW0JVQhj1s7QzUzujoVubhdj8RX2iEhF6N7AsMHy316+na7ilLaisC6h0+Baxq7aDiI+XJT2tRSyn3QM2ChA7ZQtcVdTnGPEJ3TmaY2gYQUuMFzHAgJYIrIxZ0fOAH8SOIt\/5ykfp3EDx9nlD4w3Ga7OpoyLzT0ekfF\/VdJU6s9TPNsQdoHs\/5Rufw35fIPytlBO\/3xcKd8Wu8=\">\n\t<form class=\"Membership-cost__container\"\n\t\t\t\tnovalidate\n\t\t\t\tv-if=\"currentStep === 0\"\n\t\t\t\tv-on:submit.prevent=\"nextStep\">\n\t\t<div class=\"Membership-cost__header-container\">\n\t\t\t<div class=\"Membership-cost__info-container\">\n\t\t\t\t<h2>Ber\u00e4kna medlemsavgiften<\/h2>\n\t\t\t\t<h3>Vad kostar det?<\/h3>\n\t\t\t<\/div>\n\t\t\t<div class=\"Membership-cost__hero-arrow\">\n\t\t\t\t<svg class='icon icon--squiggly-arrow-form'  width=\"177\" height=\"226\" viewBox=\"0 0 177 226\" fill=\"none\" xmlns=\"http:\/\/www.w3.org\/2000\/svg\">\n<path d=\"M1.99999 201.579L12.5722 223L33.7534 212.459\" stroke=\"#E26A34\" stroke-width=\"2\" stroke-miterlimit=\"10\"\/>\n<path d=\"M48.9374 0C48.9374 17.5495 57.0958 34.3793 71.1019 44.6443C85.1079 54.908 102.181 59.7841 118.567 65.4762C134.954 71.1683 151.666 78.3252 162.835 91.6446C176.055 107.41 179.107 131.481 168.982 149.408C158.857 167.338 135.616 177.076 116.198 170.393C107.385 167.362 99.5005 161.096 95.5179 152.638C91.5367 144.181 91.8894 133.546 97.3124 125.939C105.266 114.778 122.799 113.06 133.888 121.083C144.975 129.106 149.195 144.717 145.551 157.944C141.905 171.17 131.412 181.829 119.061 187.703C106.709 193.577 92.6668 195.074 79.0233 194.271C69.6685 193.721 60.3772 192.133 51.0084 192.084C41.6381 192.033 31.9377 193.659 24.1799 198.936C16.4236 204.213 15.3119 212.289 12.6709 222.999\" stroke=\"#E26A34\" stroke-width=\"2\" stroke-miterlimit=\"10\"\/>\n<\/svg>\n\n  \t\t\t<\/div>\n\t\t<\/div>\n\t\t<h4 class=\"Membership-cost__section-title\">V\u00e4lj f\u00f6rbund och<br \/>typ av medlemskap<\/h4>\n\t\t<p class=\"Membership-cost__section-preamble\">Alla f\u00e4lt \u00e4r obligatoriska om inget annat anges.<\/p>\n\t\t<div class=\"Membership-cost__input-container\">\n\t\t\t<label for=\"covenant\">V\u00e4lj f\u00f6rbund<\/label>\n\t\t\t<select id=\"covenant\" required\n\t\t\t\t:disabled=\"organizations.length === 1\"\n\t\t\t\t:data-dirty=\"orgIsInteracted\"\n\t\t\t\t@change=\"orgIsInteracted = true\"\n\t\t\t\tv-model=\"organization\"\n\t\t\t>\n\n\t\t\t\t<option value=\"\">V\u00e4lj f\u00f6rbund<\/option>\n\t\t\t\t<option v-for=\"organization in organizations\"\n\t\t\t\t\t\t\t\tv-text=\"organization.Name\"\n\t\t\t\t\t\t\t\t:value=\"organization.Id\"\n\t\t\t\t\t\t\t\t:key=\"organization.Id\"><\/option>\n\t\t\t<\/select>\n\t\t\t<div class=\"ifInvalid\">Du beh\u00f6ver fylla i detta f\u00e4lt f\u00f6r att forts\u00e4tta<\/div>\n\t\t\t<div v-if=\"organization\"\n\t\t\t\t\t class=\"Membership-cost__input-container\">\n\t\t\t\t<label for=\"membership\">V\u00e4lj medlemskap<\/label>\n\t\t\t\t<select id=\"membership\" required\n\t\t\t\t\t:data-dirty=\"productIsInteracted\"\n\t\t\t\t\t@change=\"productIsInteracted = true\"\n\t\t\t\t\tv-model=\"product\"\n\t\t\t\t>\n\t\t\t\t\t<option value=\"\">V\u00e4lj medlemskap<\/option>\n\t\t\t\t\t<option v-for=\"product in products\"\n\t\t\t\t\t\t\t\t\tv-text=\"product.Name\"\n\t\t\t\t\t\t\t\t\t:value=\"product.Id\"\n\t\t\t\t\t\t\t\t\t:key=\"product.Id\"><\/option>\n\t\t\t\t<\/select>\n\t\t\t\t<div class=\"ifInvalid\">Du beh\u00f6ver fylla i detta f\u00e4lt f\u00f6r att forts\u00e4tta<\/div>\n\t\t\t<\/div>\n\t\t<\/div>\n    \t\t<div class=\"Membership-cost__button-container\">\n\t\t\t<button type=\"submit\"\n\t\t\t\t\t\t\tclass=\"Membership-cost__button Cta__button Button Button--inline-flex\"\n\t\t\t\t\t\t\t:data-invalid=\"!product\">\n\t\t\t\t<div class=\"Button__text\">N\u00e4sta<\/div>\n\t\t\t\t<div class=\"Button__arrow\">\n\t\t\t\t\t<div class=\"Button__line\"><\/div>\n\t\t\t\t\t<svg class=\"icon icon--arrow-tip\"\n\t\t\t\t\t\t\t width=\"11\"\n\t\t\t\t\t\t\t height=\"16\"\n\t\t\t\t\t\t\t viewBox=\"0 0 11 16\"\n\t\t\t\t\t\t\t fill=\"none\"\n\t\t\t\t\t\t\t xmlns=\"http:\/\/www.w3.org\/2000\/svg\">\n\t\t\t\t\t\t<path d=\"M0.858398 15L9.2304 7.99664L0.967732 1.00001\"\n\t\t\t\t\t\t\t\t\tstroke=\"black\"\n\t\t\t\t\t\t\t\t\tstroke-width=\"2\"\n\t\t\t\t\t\t\t\t\tstroke-miterlimit=\"10\"><\/path>\n\t\t\t\t\t<\/svg>\n\t\t\t\t<\/div>\n\t\t\t<\/button>\n\t\t<\/div>\n\t\t<div class=\"Membership-cost__progress-bar Membership-cost__progress-dots\">\n\t\t\t\t<button v-for=\"step in maximumSteps\"\n\t\t\t\t\t\t:key=\"`step.${step}`\"\n\t\t\t\t\t\t:class=\"{'current-step':currentStep === step -1}\"\n\t\t\t\t\t\t@click=\"gotoStep(step -1)\"\n\t\t\t\t\t\tdata-invalid=\"false\"\n\t\t\t\t\t\t:aria-label=\"`step ${step}`\"><\/button>\n\t\t<\/div>\n\t<\/form>\n\t<form class=\"Membership-cost__container\"\n\t\t\t\tnovalidate\n\t\t\t\tv-else-if=\"currentStep === 1\"\n\t\t\t\tv-on:submit.prevent=\"nextStep\">\n\t\t<div>\n\t\t\t<div class=\"Membership-cost__header-container\">\n\t\t\t\t<div class=\"Membership-cost__info-container\">\n\t\t\t\t\t<h2>Ber\u00e4kna medlemsavgiften<\/h2>\n\t\t\t\t\t<h3>Vad kostar det?<\/h3>\n\t\t\t\t<\/div>\n\t\t\t\t<div class=\"Membership-cost__hero-arrow\">\n\t\t\t\t<\/div>\n\t\t\t<\/div>\n\t\t\t<h4 class=\"Membership-cost__section-title\">Ange f\u00f6retagsuppgifter<\/h4>\n\t\t\t<p class=\"Membership-cost__section-preamble\">Alla f\u00e4lt \u00e4r obligatoriska om inget annat anges.<\/p>\n\t\t\t<div class=\"Membership-cost__input-container\">\n\t\t\t\t<template v-if=\"!hasEmployeeFeeBase\">\n\t\t\t\t\t<fieldset class=\"Membership-cost__radio-buttons\">\n\t\t\t\t\t\t<legend>Hur m\u00e5nga anst\u00e4llda har ni?<\/legend>\n\t\t\t\t\t\t<div class=\"Membership-cost__radio-button\">\n\t\t\t\t\t\t\t<input required\n\t\t\t\t\t\t\t\t\t\t type=\"radio\"\n\t\t\t\t\t\t\t\t\t\t id=\"fewer\"\n\t\t\t\t\t\t\t\t\t\t name=\"employees\"\n\t\t\t\t\t\t\t\t\t\t value=\"200\"\n\t\t\t\t\t\t\t\t\t\t v-model=\"employees\">\n\t\t\t\t\t\t\t<div><label for=\"fewer\">H\u00f6gst 249 anst\u00e4llda<\/label><\/div>\n\t\t\t\t\t\t<\/div>\n\t\t\t\t\t\t<div class=\"Membership-cost__radio-button\">\n\t\t\t\t\t\t\t<input type=\"radio\"\n\t\t\t\t\t\t\t\t\t\t id=\"more\"\n\t\t\t\t\t\t\t\t\t\t name=\"employees\"\n\t\t\t\t\t\t\t\t\t\t value=\"300\"\n\t\t\t\t\t\t\t\t\t\t v-model=\"employees\">\n\t\t\t\t\t\t\t<div><label for=\"more\">Fler \u00e4n 249 anst\u00e4llda<\/label><\/div>\n\t\t\t\t\t\t<\/div>\n\t\t\t\t\t<\/fieldset>\n\t\t\t\t<\/template>\n        <template v-for=\"(feeBase, index) in feeBases\">\n          <template v-if=\"feeBase.Id == 191 || feeBase.Id == 520\">\n            <input v-bind:id=\"`feebase_${index}`\"\n                   type=\"hidden\"\n                   v-model=\"payload[feeBase.Id]\" \/>\n          <\/template>\n          <template v-else>\n            <label for=\"feebase\">{{ feeBase.Name }} <\/label>\n            <div class=\"Membership-cost__input-wrapper\">\n              <input :required=\"feeBase.Required\"\n                     v-bind:id=\"`feebase_${index}`\"\n                     type=\"text\"\n                     :placeholder=\"feeBase.Placeholder\"\n                     v-model=\"payload[feeBase.Id]\"\n                     @input=\"formatFeeBaseInput(feeBase.Id)\"\n                     :class=\"{'--is-filled': payload[feeBase.Id]}\"\n                     :data-dirty=\"dirtyIds.includes(feeBase.Id)\"\n                     :data-warning=\"feeBaseWarnings[feeBase.Id]\"\/>\n              <div class=\"ifInvalid\">Du beh\u00f6ver fylla i detta f\u00e4lt f\u00f6r att forts\u00e4tta<\/div>\n              <div class=\"ifWarning\" v-if=\"feeBaseWarnings[feeBase.Id]\">S\u00e4kerst\u00e4ll att du angivit summan i tusentals kronor. Ex. 100.000 skrivs 100.<\/div>\n            <\/div>\n          <\/template>\n        <\/template>\n\t\t\t\t<label for=\"co\">L\u00f6nesumma inkl. VD f\u00f6reg\u00e5ende \u00e5r<\/label>\n        <div class=\"Membership-cost__input-wrapper\">\n          <input required\n          id =\"co\"\n          type=\"text\"\n          placeholder=\"Ange i tusentals kronor\"\n          v-model=\"payload[12]\"\n          @input=\"formatFeeBaseInput('12')\"\n          :class=\"{'--is-filled': payload[12]}\"\n          :data-dirty=\"dirtyIds.includes('12')\"\n          :data-warning=\"feeBaseWarnings['12']\"\/>\n          <div class=\"ifInvalid\">Du beh\u00f6ver fylla i detta f\u00e4lt f\u00f6r att forts\u00e4tta<\/div>\n          <div class=\"ifWarning\" v-if=\"feeBaseWarnings['12']\">S\u00e4kerst\u00e4ll att du angivit summan i tusentals kronor. Ex. 100.000 skrivs 100.<\/div>\n        <\/div>\n\n        <template v-if=\"employees == 300\">\n          <label for=\"res\">Resultat f\u00f6re avskrivningar f\u00f6reg\u00e5ende \u00e5r<\/label>\n          <div class=\"Membership-cost__input-wrapper\">\n            <input required\n                  id=\"res\"\n                  type=\"text\"\n                  placeholder=\"Ange i tusentals kronor\"\n                  v-model=\"payload[5]\"\n                  @input=\"formatFeeBaseInput('5')\"\n                  :class=\"{'--is-filled': query != ''}\"\n                  :data-dirty=\"dirtyIds.includes('5')\"\/>\n            <div class=\"ifInvalid\">Du beh\u00f6ver fylla i detta f\u00e4lt f\u00f6r att forts\u00e4tta<\/div>\n          <\/div>\n        <\/template>\n\t\t\t<\/div>\n\t\t<\/div>\n\t\t<div class=\"Membership-cost__button-container\">\n\t\t\t<button type=\"submit\"\n\t\t\t\t\t\t\tclass=\"Membership-cost__button Cta__button Button Button--inline-flex\">\n\t\t\t\t<div class=\"Button__text\">Ber\u00e4kna medlemsavgift\n\t\t\t\t\t<span class=\"Membership-cost__loading-text\"\n\t\t\t\t\t\t\t\taria-hidden=\"true\"\n\t\t\t\t\t\t\t\tv-if=\"isLoading\">\n\t\t\t\t\t\t<span>.<\/span>\n\t\t\t\t\t\t<span>.<\/span>\n\t\t\t\t\t\t<span>.<\/span>\n\t\t\t\t\t<\/span>\n\t\t\t\t<\/div>\n\t\t\t\t<div class=\"Button__arrow\"\n\t\t\t\t\t\t v-if=\"!isLoading\">\n\t\t\t\t\t<div class=\"Button__line\"><\/div>\n\t\t\t\t\t<svg class=\"icon icon--arrow-tip\"\n\t\t\t\t\t\t\t width=\"11\"\n\t\t\t\t\t\t\t height=\"16\"\n\t\t\t\t\t\t\t viewBox=\"0 0 11 16\"\n\t\t\t\t\t\t\t fill=\"none\"\n\t\t\t\t\t\t\t xmlns=\"http:\/\/www.w3.org\/2000\/svg\">\n\t\t\t\t\t\t<path d=\"M0.858398 15L9.2304 7.99664L0.967732 1.00001\"\n\t\t\t\t\t\t\t\t\tstroke=\"black\"\n\t\t\t\t\t\t\t\t\tstroke-width=\"2\"\n\t\t\t\t\t\t\t\t\tstroke-miterlimit=\"10\"><\/path>\n\t\t\t\t\t<\/svg>\n\t\t\t\t<\/div>\n\t\t\t<\/button>\n\t\t\t<div class=\"Membership-cost__progress-bar Membership-cost__progress-dots\">\n\t\t\t\t\t<button v-for=\"step in maximumSteps\"\n\t\t\t\t\t\t\t:key=\"`step.${step}`\"\n\t\t\t\t\t\t\t:class=\"{'current-step':currentStep === step -1}\"\n\t\t\t\t\t\t\t@click=\"gotoStep(step -1)\"\n\t\t\t\t\t\t\tdata-invalid=\"false\"\n\t\t\t\t\t\t\t:aria-label=\"`step ${step}`\"><\/button>\n\t\t\t<\/div>\n\t\t<\/div>\n\t<\/form>\n\t<div v-else\n\t\t\t class=\"Membership-cost__container\">\n\t\t<div class=\"Membership-cost__header-container\">\n\t\t\t<div class=\"Membership-cost__info-container\">\n\t\t\t\t<h2>Ber\u00e4kna medlemsavgiften<\/h2>\n\t\t\t\t<h3>Ber\u00e4knad medlemsavgift<\/h3>\n\t\t\t<\/div>\n\t\t\t<div class=\"Membership-cost__hero-arrow\">\n\t\t\t<\/div>\n\t\t<\/div>\n\t\t<div class=\"Membership-cost__fees-container\">\n\t\t\t<div class=\"Membership-cost__fees-header\">\n\t\t\t\t<h4 class=\"Membership-cost__section-title\">{{ selectedOrganizationName }}<\/h4>\n\t\t\t\t<div class=\"Membership-cost__section-subtitle\">{{ selectedProductName }}<\/div>\n\t\t\t<\/div>\n\t\t\t<div class=\"Membership-cost__fee\">\n\t\t\t\t<div class=\"Membership-cost__fee-container\">\n\t\t\t\t\t<div class=\"Membership-cost__heading\">Medlemsavgift inkl. serviceavgift*<\/div>\n\t\t\t\t\t<div class=\"Membership-cost__sum\">{{ formatSum.format(fees.base.Fee) }}<\/div>\n\t\t\t\t<\/div>\n\t\t\t\t<div class=\"Membership-cost__fee-container\">\n\t\t\t\t\t<div class=\"Membership-cost__vat\">Moms<\/div>\n\t\t\t\t\t<div class=\"Membership-cost__sum\">{{ formatSum.format(fees.base.Vat) }}<\/div>\n\t\t\t\t<\/div>\n\t\t\t\t<p class=\"Membership-cost__fee-description\">* Detta \u00e4r en summerad total som delvis \u00e4r momsbelagd samt\n\t\t\t\t\tavdragsgill<\/p>\n\t\t\t<\/div>\n\t\t\t<template v-if=\"showSN\">\n\t\t\t\t<h4 class=\"Membership-cost__section-title\">Svenskt N\u00e4ringsliv<\/h4>\n\t\t\t\t<div class=\"Membership-cost__fee\">\n\t\t\t\t\t<div class=\"Membership-cost__fee-container\">\n\t\t\t\t\t\t<div class=\"Membership-cost__heading\">Medlemsavgift inkl. serviceavgift*<\/div>\n\t\t\t\t\t\t<div class=\"Membership-cost__sum\">{{ formatSum.format(fees.sn.Fee) }}<\/div>\n\t\t\t\t\t<\/div>\n\t\t\t\t\t<div class=\"Membership-cost__fee-container\">\n\t\t\t\t\t\t<div class=\"Membership-cost__vat\">Moms<\/div>\n\t\t\t\t\t\t<div class=\"Membership-cost__sum\">{{ formatSum.format(fees.sn.Vat) }}<\/div>\n\t\t\t\t\t<\/div>\n\t\t\t\t\t<p class=\"Membership-cost__fee-description\">* Detta \u00e4r en summerad total som delvis \u00e4r momsbelagd samt\n\t\t\t\t\t\tavdragsgill<\/p>\n\t\t\t\t<\/div>\n\t\t\t<\/template>\n\t\t<\/div>\n\t\t<div class=\"Membership-cost__total-costs\">\n\t\t\t<div class=\"Membership-cost__total-cost\">\n\t\t\t\t<div class=\"Membership-cost__heading\">Total ex. moms<\/div>\n\t\t\t\t<div class=\"Membership-cost__total-cost-sum\">{{ formatSum.format(fees.total.Fee) }} \/ \u00e5r<\/div>\n\t\t\t<\/div>\n\t\t\t<div class=\"Membership-cost__total-cost\">\n\t\t\t\t<div class=\"Membership-cost__heading\">Total inkl. moms<\/div>\n\t\t\t\t<div class=\"Membership-cost__total-cost-sum\">{{ formatSum.format(fees.total.Fee + fees.total.Vat) }} \/ \u00e5r<\/div>\n\t\t\t<\/div>\n\t\t<\/div>\n\t\t<a class=\"Membership-cost__button-container\"\n\t\t\t href=\"\/bli-medlem\/#intresseanmalan\">\n\t\t\t<button\n\t\t\t\t\t\t\tclass=\"Membership-cost__button Cta__button Button Button--squiggly-arrow-link has-black-background-color has-white-color\">\n\t\t\t\t<div class=\"Button__text\">Anm\u00e4l intresse f\u00f6r medlemskap<\/div>\n\t\t\t\t<div class=\"Button__arrow\">\n\t\t\t\t\t<span class=\"Button__line\"><\/span>\n\t\t\t\t\t<svg class=\"icon icon--squiggly-arrow-link\"\n\t\t\t\t\t\t\t width=\"114\"\n\t\t\t\t\t\t\t height=\"36\"\n\t\t\t\t\t\t\t viewBox=\"0 0 114 36\"\n\t\t\t\t\t\t\t fill=\"none\"\n\t\t\t\t\t\t\t xmlns=\"http:\/\/www.w3.org\/2000\/svg\">\n\t\t\t\t\t\t<path d=\"M0.591797 18.5C7.0918 18.5 11.5209 19.9081 13.4345 14.5C14.3308 11.9657 14.3461 11.9541 15.0839 9.38315C15.7735 6.97969 17.3449 4.54993 19.8345 3.93399C22.9224 3.16984 26.0805 5.67017 27.0204 8.62798C27.9603 11.5851 27.243 14.7829 26.3407 17.751C25.4378 20.719 24.34 23.7256 24.5322 26.8156C24.7244 29.9049 26.6162 33.154 29.7193 33.8559C33.0114 34.5995 36.3563 32.146 37.6741 29.1234C38.9912 26.0995 38.7745 22.6791 38.4839 19.4082C38.1926 16.1373 37.8656 12.7464 38.9918 9.65134C40.1187 6.55559 43.1657 3.84801 46.5259 4.19961C49.9434 4.55763 52.3227 7.90617 52.8134 11.2104C53.3042 14.5147 52.3993 17.8408 51.8259 21.1322C51.2526 24.4237 51.0624 28.0141 52.8029 30.8923C54.221 33.2393 56.8902 34.826 59.6869 34.9864C62.4836 35.1468 65.3259 33.8758 67.0188 31.7072C69.5136 28.5126 69.3227 24.0689 68.5255 20.1345C67.7289 16.1996 66.4369 12.2139 67.1225 8.2597C67.8081 4.30548 71.3849 0.426331 75.4597 1.0705C78.5034 1.55171 80.6627 4.37413 81.4078 7.28189C82.1528 10.189 81.8133 13.2366 81.7711 16.2323C81.7288 19.2279 82.0551 22.4052 83.8874 24.8144C86.657 28.4555 91.9762 29.2197 96.6072 28.7147C101.239 28.2098 105.813 25.7501 110.457 26.1383\"\n\t\t\t\t\t\t\t\t\tstroke=\"black\"\n\t\t\t\t\t\t\t\t\tstroke-width=\"2\"\n\t\t\t\t\t\t\t\t\tstroke-miterlimit=\"10\"><\/path>\n\t\t\t\t\t\t<path d=\"M105.097 35L111.68 25.3613L102.457 18.2063\"\n\t\t\t\t\t\t\t\t\tstroke=\"black\"\n\t\t\t\t\t\t\t\t\tstroke-width=\"2\"\n\t\t\t\t\t\t\t\t\tstroke-miterlimit=\"10\"><\/path>\n\t\t\t\t\t<\/svg>\n\t\t\t\t<\/div>\n\t\t\t<\/button>\n\t\t<\/a>\n\t\t<div class=\"Membership-cost__progress-bar Membership-cost__progress-dots\">\n\t\t\t\t<button v-for=\"step in maximumSteps\"\n\t\t\t\t\t\t:key=\"`step.${step}`\"\n\t\t\t\t\t\t:class=\"{'current-step':currentStep === step -1}\"\n\t\t\t\t\t\t@click=\"gotoStep(step -1)\"\n\t\t\t\t\t\tdata-invalid=\"false\"\n\t\t\t\t\t\t:aria-label=\"`step ${step}`\"><\/button>\n\t\t<\/div>\n\t<\/div>\n<\/div>\n<\/div>\n<\/div>\n<\/div>\n\n\n\n<div class=\"wp-block-group has-primary-background-color has-background is-layout-constrained wp-block-group-is-layout-constrained\"><div id=\"block-events-block_a88517016effa96a682d421f43adfbe9\" class=\"Listing Listing--event no-bg\" >\n  <div class=\"container\">\n          <div class=\"Listing__heading\">\n        <h2>Kommande infom\u00f6ten<\/h2>\n      <\/div>\n        <div class=\"row\">\n                      <\/div>\n      <\/div>\n<\/div>\n<\/div>\n\n\n\n<div class=\"wp-block-group has-secondary-background-color has-background is-layout-constrained wp-block-group-is-layout-constrained\"><div class=\"wp-block wp-block-core-heading heading-in-sidebar\" id=\"vanliga-fragor-om-medlemskap\"><a class='Share__link Share__link--url copy-text' href='#' rel='nofollow' data-text='vanliga-fragor-om-medlemskap' title='Dela url' data-confirmation='L\u00e4nken kopierades till urklipp'><svg class='icon icon--link'  width='18' height='18' viewBox='0 0 18 18' fill='none' xmlns='http:\/\/www.w3.org\/2000\/svg'>\n            <path d='M10.4142 0.514721L6.87868 4.05025L8.29289 5.46447L11.1213 2.63604L15.364 6.87868L12.5355 9.70711L13.9497 11.1213L17.4853 7.58579C17.8763 7.19476 17.8763 6.5626 17.4853 6.17158L11.8284 0.514721C11.4374 0.123691 10.8052 0.123691 10.4142 0.514721Z' fill='black'\/>\n            <path d='M9.7071 12.5355L6.87868 15.364L2.63604 11.1213L5.46446 8.2929L4.05025 6.87868L0.514716 10.4142C0.123686 10.8052 0.123686 11.4374 0.514716 11.8284L6.17157 17.4853C6.5626 17.8763 7.19475 17.8763 7.58578 17.4853L11.1213 13.9497L9.7071 12.5355Z' fill='black'\/>\n            <path d='M6.17157 11.8284C6.5626 12.2195 7.19475 12.2195 7.58578 11.8284L11.8284 7.58579C12.2195 7.19476 12.2195 6.56261 11.8284 6.17158C11.4374 5.78055 10.8052 5.78055 10.4142 6.17158L6.17157 10.4142C5.78054 10.8052 5.78054 11.4374 6.17157 11.8284Z' fill='black'\/>\n            <\/svg> <\/a>\n<h2 class=\"wp-block-heading\" id=\"h-vanliga-fragor-om-medlemskap\">Vanliga fr\u00e5gor om medlemskap<\/h2>\n<\/div>\n\n\n<div class=\"wp-block-columns is-layout-flex wp-container-core-columns-is-layout-9d6595d7 wp-block-columns-is-layout-flex\">\n<div class=\"wp-block-column is-layout-flow wp-block-column-is-layout-flow\"><div id=\"block-accordion-block_042ee378d6c06f41fc73c6e818e504f4\" class=\"block-accordion is-faq container\" itemscope itemtype=\"https:\/\/schema.org\/FAQPage\">\n      <div class=\"Accordion\">\n      <div class=\"Accordion__rows\">\n                            <div class=\"Accordion__row\" itemscope itemprop=\"mainEntity\" itemtype=\"https:\/\/schema.org\/Question\">\n            <h3 class=\"Accordion__title\">\n              <button class=\"Button--unstyled togglehandle\" itemprop=\"name\" data-toggle=\"collapse\" data-target=\"hur-snabbt-kan-jag-bli-medlem\" aria-expanded=\"false\">\n                Hur snabbt kan jag bli medlem?\n              <\/button>\n            <\/h3>\n            <div class=\"Accordion__text collapse\" id=\"hur-snabbt-kan-jag-bli-medlem\" itemscope itemprop=\"acceptedAnswer\" itemtype=\"https:\/\/schema.org\/Answer\">\n              <div itemprop=\"text\">\n                <p>Om du uppfyller alla\u00a0<a href=\"https:\/\/www.kompetensforetagen.se\/medlemskap\/\" target=\"_blank\" rel=\"noopener\">villkor<\/a>\u00a0kan du bli medlem vid n\u00e4sta m\u00e5nadsskifte.<\/p>\n\n              <\/div>\n            <\/div>\n          <\/div>\n                            <div class=\"Accordion__row\" itemscope itemprop=\"mainEntity\" itemtype=\"https:\/\/schema.org\/Question\">\n            <h3 class=\"Accordion__title\">\n              <button class=\"Button--unstyled togglehandle\" itemprop=\"name\" data-toggle=\"collapse\" data-target=\"maste-jag-bli-medlem-i-almega\" aria-expanded=\"false\">\n                M\u00e5ste jag bli medlem i Almega?\n              <\/button>\n            <\/h3>\n            <div class=\"Accordion__text collapse\" id=\"maste-jag-bli-medlem-i-almega\" itemscope itemprop=\"acceptedAnswer\" itemtype=\"https:\/\/schema.org\/Answer\">\n              <div itemprop=\"text\">\n                <p>Ja.\u00a0 Oavsett medlemskapsform blir du medlem i Almega. Om du \u00e4r\u00a0<a href=\"https:\/\/www.kompetensforetagen.se\/villkor-for-medlemskap-3\/\" target=\"_blank\" rel=\"noopener\">branschmedlem<\/a>\u00a0beh\u00f6ver du betala ett serviceavtal med Almega. Kostnaden varierar beroende p\u00e5 antal anst\u00e4llda i f\u00f6retaget.\u00a0\u00a0<a href=\"https:\/\/www.kompetensforetagen.se\/villkor-for-medlemskap-3-2-2\/\" target=\"_blank\" rel=\"noopener\">Arbetsgivar- och branschmedlemmar<\/a>\u00a0betalar\u00a0 en medlemsavgift till Almega som bakas in i samma faktura som avgiften till Kompetens\u00adf\u00f6retagen. Avgiften baseras p\u00e5 f\u00f6reg\u00e5ende \u00e5rs l\u00f6nesummor i ditt f\u00f6retag.<\/p>\n\n              <\/div>\n            <\/div>\n          <\/div>\n                            <div class=\"Accordion__row\" itemscope itemprop=\"mainEntity\" itemtype=\"https:\/\/schema.org\/Question\">\n            <h3 class=\"Accordion__title\">\n              <button class=\"Button--unstyled togglehandle\" itemprop=\"name\" data-toggle=\"collapse\" data-target=\"maste-jag-bli-medlem-i-svenskt-naringsliv\" aria-expanded=\"false\">\n                M\u00e5ste jag bli medlem i Svenskt N\u00e4ringsliv?\n              <\/button>\n            <\/h3>\n            <div class=\"Accordion__text collapse\" id=\"maste-jag-bli-medlem-i-svenskt-naringsliv\" itemscope itemprop=\"acceptedAnswer\" itemtype=\"https:\/\/schema.org\/Answer\">\n              <div itemprop=\"text\">\n                <p>Ja. Kompetens\u00adf\u00f6retagen \u00e4r medlem i Svenskt N\u00e4ringsliv. Det inneb\u00e4r att v\u00e5ra medlemmar ocks\u00e5 blir medlemmar i Svenskt N\u00e4ringsliv. Kostnaden bakas in i samma faktura som din avgift till Kompetens\u00adf\u00f6retagen.<\/p>\n\n              <\/div>\n            <\/div>\n          <\/div>\n                            <div class=\"Accordion__row\" itemscope itemprop=\"mainEntity\" itemtype=\"https:\/\/schema.org\/Question\">\n            <h3 class=\"Accordion__title\">\n              <button class=\"Button--unstyled togglehandle\" itemprop=\"name\" data-toggle=\"collapse\" data-target=\"nar-kan-jag-fa-kollektivavtal\" aria-expanded=\"false\">\n                N\u00e4r kan jag f\u00e5 kollektivavtal?\n              <\/button>\n            <\/h3>\n            <div class=\"Accordion__text collapse\" id=\"nar-kan-jag-fa-kollektivavtal\" itemscope itemprop=\"acceptedAnswer\" itemtype=\"https:\/\/schema.org\/Answer\">\n              <div itemprop=\"text\">\n                <p>Du kan teckna kollektivavtal efter att ans\u00f6kan om inkoppling gjorts, och \u00e4r dessutom ett villkor f\u00f6r\u00a0<a href=\"https:\/\/www.kompetensforetagen.se\/villkor-for-medlemskap-3-2-2\/\" target=\"_blank\" rel=\"noopener\">arbetsgivar- och branschmedlemskap.<\/a><\/p>\n<p>Inf\u00f6r din inkoppling kontaktas du av en f\u00f6rhandlare\/r\u00e5dgivare hos oss.<\/p>\n\n              <\/div>\n            <\/div>\n          <\/div>\n                            <div class=\"Accordion__row\" itemscope itemprop=\"mainEntity\" itemtype=\"https:\/\/schema.org\/Question\">\n            <h3 class=\"Accordion__title\">\n              <button class=\"Button--unstyled togglehandle\" itemprop=\"name\" data-toggle=\"collapse\" data-target=\"vilka-villkor-stalls-for-branschmedlemskap\" aria-expanded=\"false\">\n                Vilka villkor st\u00e4lls f\u00f6r branschmedlemskap?\n              <\/button>\n            <\/h3>\n            <div class=\"Accordion__text collapse\" id=\"vilka-villkor-stalls-for-branschmedlemskap\" itemscope itemprop=\"acceptedAnswer\" itemtype=\"https:\/\/schema.org\/Answer\">\n              <div itemprop=\"text\">\n                <p>L\u00e4s mer om<\/p>\n<p>L\u00e4s mer om\u00a0<a href=\"https:\/\/www.kompetensforetagen.se\/villkor-for-medlemskap-3\/\" target=\"_blank\" rel=\"noopener\">villkoren f\u00f6r branschmedlemskap.<\/a><\/p>\n\n              <\/div>\n            <\/div>\n          <\/div>\n                            <div class=\"Accordion__row\" itemscope itemprop=\"mainEntity\" itemtype=\"https:\/\/schema.org\/Question\">\n            <h3 class=\"Accordion__title\">\n              <button class=\"Button--unstyled togglehandle\" itemprop=\"name\" data-toggle=\"collapse\" data-target=\"vilka-villkor-stalls-for-arbetsgivar-och-branschmedlemskap\" aria-expanded=\"false\">\n                Vilka villkor st\u00e4lls f\u00f6r arbetsgivar- och branschmedlemskap?\n              <\/button>\n            <\/h3>\n            <div class=\"Accordion__text collapse\" id=\"vilka-villkor-stalls-for-arbetsgivar-och-branschmedlemskap\" itemscope itemprop=\"acceptedAnswer\" itemtype=\"https:\/\/schema.org\/Answer\">\n              <div itemprop=\"text\">\n                <p>Villkoren f\u00f6r arbetsgivar- och branschmedlemskap kan du l\u00e4sa<a href=\"https:\/\/www.kompetensforetagen.se\/villkor-for-medlemskap-3-2-2\/\" target=\"_blank\" rel=\"noopener\">\u00a0h\u00e4r.<\/a><\/p>\n\n              <\/div>\n            <\/div>\n          <\/div>\n                            <div class=\"Accordion__row\" itemscope itemprop=\"mainEntity\" itemtype=\"https:\/\/schema.org\/Question\">\n            <h3 class=\"Accordion__title\">\n              <button class=\"Button--unstyled togglehandle\" itemprop=\"name\" data-toggle=\"collapse\" data-target=\"kan-jag-sjalv-valja-vilken-ansvarsforsakring-jag-vill-ha\" aria-expanded=\"false\">\n                Kan jag sj\u00e4lv v\u00e4lja vilken ansvarsf\u00f6rs\u00e4kring jag vill ha?\n              <\/button>\n            <\/h3>\n            <div class=\"Accordion__text collapse\" id=\"kan-jag-sjalv-valja-vilken-ansvarsforsakring-jag-vill-ha\" itemscope itemprop=\"acceptedAnswer\" itemtype=\"https:\/\/schema.org\/Answer\">\n              <div itemprop=\"text\">\n                <p>Nej, du kan inte v\u00e4lja f\u00f6rs\u00e4kringsform, men du kan v\u00e4lja f\u00f6rs\u00e4kringsbolag- eller f\u00f6rmedlare. L\u00e4s mer om v\u00e5ra f\u00f6rs\u00e4kringar\u00a0<a href=\"https:\/\/www.kompetensforetagen.se\/medlemssidor\/forsakringar-for-medlemmar-i-kompetensforetagen\/\" target=\"_blank\" rel=\"noopener\">h\u00e4r<\/a>.<\/p>\n\n              <\/div>\n            <\/div>\n          <\/div>\n                            <div class=\"Accordion__row\" itemscope itemprop=\"mainEntity\" itemtype=\"https:\/\/schema.org\/Question\">\n            <h3 class=\"Accordion__title\">\n              <button class=\"Button--unstyled togglehandle\" itemprop=\"name\" data-toggle=\"collapse\" data-target=\"vad-betyder-ordning-och-reda-i-ekonomin\" aria-expanded=\"false\">\n                Vad betyder \u201dordning och reda i ekonomin\u201d?\n              <\/button>\n            <\/h3>\n            <div class=\"Accordion__text collapse\" id=\"vad-betyder-ordning-och-reda-i-ekonomin\" itemscope itemprop=\"acceptedAnswer\" itemtype=\"https:\/\/schema.org\/Answer\">\n              <div itemprop=\"text\">\n                <p>Man f\u00e5r inte ha skulder hos Kronofogden, man f\u00e5r heller inte sl\u00e4pa efter med skatter och avgifter. F\u00f6retagets egna kapital f\u00e5r inte understiga h\u00e4lften av aktiekapitalet. Som medlems\u00adf\u00f6retag f\u00e5r man heller inte ha anm\u00e4rkning i revisionsber\u00e4ttelsen.<\/p>\n\n              <\/div>\n            <\/div>\n          <\/div>\n                            <div class=\"Accordion__row\" itemscope itemprop=\"mainEntity\" itemtype=\"https:\/\/schema.org\/Question\">\n            <h3 class=\"Accordion__title\">\n              <button class=\"Button--unstyled togglehandle\" itemprop=\"name\" data-toggle=\"collapse\" data-target=\"vilka-utbildningar-maste-jag-ga\" aria-expanded=\"false\">\n                Vilka utbildningar m\u00e5ste jag g\u00e5?\n              <\/button>\n            <\/h3>\n            <div class=\"Accordion__text collapse\" id=\"vilka-utbildningar-maste-jag-ga\" itemscope itemprop=\"acceptedAnswer\" itemtype=\"https:\/\/schema.org\/Answer\">\n              <div itemprop=\"text\">\n                <p>Det beror p\u00e5 vilken typ av medlemskap som \u00e4r aktuellt. I ett branschmedlemskap finns ett krav p\u00e5 att en person p\u00e5 f\u00f6retaget ska ha genom g\u00e5tt en allm\u00e4n arbetsr\u00e4ttslig utbildning. Den sker i form av ett kortare webbinarium. Den g\u00f6rs p\u00e5 egen hand vid en tidpunkt som passar f\u00f6retaget. Se\u00a0<a href=\"https:\/\/www.kompetensforetagen.se\/aktiviteter\/\" target=\"_blank\" rel=\"noopener\">h\u00e4r<\/a>\u00a0f\u00f6r aktuella datum f\u00f6r dessa.<\/p>\n<p>F\u00f6r arbetsgivar- och branschmedlemskap st\u00e4lls krav p\u00e5 genomg\u00e5ngen webbaserad utbildning i avtalen g\u00e4llande LO-f\u00f6rbunden samt tj\u00e4nstemanna\u00adavtalet med Unionen och Akademiker\u00adf\u00f6rbunden. Se\u00a0<a href=\"https:\/\/www.kompetensforetagen.se\/aktiviteter\/\" target=\"_blank\" rel=\"noopener\">h\u00e4r<\/a>\u00a0f\u00f6r aktuella datum f\u00f6r dessa.<\/p>\n<p>F\u00f6r\u00a0<strong>auktoriserade<\/strong>\u00a0medlemmar kr\u00e4vs genomg\u00e5ngen kollektivavtals\u00adutbildning i LO- och tj\u00e4nstemannaavtalen enligt ovan samt deltagande i auktorisations\u00adutbildning som sker p\u00e5 plats i Almegas lokaler och som omfattar en dag. L\u00e4s mer om dessa utbildningar, och se aktuella datum\u00a0<a href=\"https:\/\/www.kompetensforetagen.se\/aktiviteter\/auktorisationsutbildning\/\" target=\"_blank\" rel=\"noopener\">h\u00e4r<\/a><\/p>\n\n              <\/div>\n            <\/div>\n          <\/div>\n              <\/div>\n    <\/div>\n  <\/div>\n<\/div>\n\n\n\n<div class=\"wp-block-column is-layout-flow wp-block-column-is-layout-flow\"><div id=\"block-accordion-block_f87dcdcd3a65a102c7e20974e2aa6847\" class=\"block-accordion is-faq container\" itemscope itemtype=\"https:\/\/schema.org\/FAQPage\">\n      <div class=\"Accordion\">\n      <div class=\"Accordion__rows\">\n                            <div class=\"Accordion__row\" itemscope itemprop=\"mainEntity\" itemtype=\"https:\/\/schema.org\/Question\">\n            <h3 class=\"Accordion__title\">\n              <button class=\"Button--unstyled togglehandle\" itemprop=\"name\" data-toggle=\"collapse\" data-target=\"kan-ett-utlandskt-foretag-bli-medlem\" aria-expanded=\"false\">\n                Kan ett utl\u00e4ndskt f\u00f6retag bli medlem?\n              <\/button>\n            <\/h3>\n            <div class=\"Accordion__text collapse\" id=\"kan-ett-utlandskt-foretag-bli-medlem\" itemscope itemprop=\"acceptedAnswer\" itemtype=\"https:\/\/schema.org\/Answer\">\n              <div itemprop=\"text\">\n                <p>Ja, om de har ett svenskt driftst\u00e4lle. Om man har en stadigvarande plats f\u00f6r aff\u00e4rsverksamhet, kallas det f\u00f6r fast driftst\u00e4lle. Termen\u00a0<em>driftst\u00e4lle<\/em>\u00a0f\u00f6ruts\u00e4tter n\u00e5gon form av r\u00f6relsedrivande verksamhet som anknyter till viss ort eller visst land. F\u00f6retaget m\u00e5ste \u00e4ven vara registrerat f\u00f6r moms, F-skatt och arbetsgivaravgifter i Sverige. Utl\u00e4ndska f\u00f6retag kan dock inte bli auktoriserade.<\/p>\n\n              <\/div>\n            <\/div>\n          <\/div>\n                            <div class=\"Accordion__row\" itemscope itemprop=\"mainEntity\" itemtype=\"https:\/\/schema.org\/Question\">\n            <h3 class=\"Accordion__title\">\n              <button class=\"Button--unstyled togglehandle\" itemprop=\"name\" data-toggle=\"collapse\" data-target=\"vilket-kollektivavtal-ska-jag-ha\" aria-expanded=\"false\">\n                Vilket kollektivavtal ska jag ha?\n              <\/button>\n            <\/h3>\n            <div class=\"Accordion__text collapse\" id=\"vilket-kollektivavtal-ska-jag-ha\" itemscope itemprop=\"acceptedAnswer\" itemtype=\"https:\/\/schema.org\/Answer\">\n              <div itemprop=\"text\">\n                <p><a href=\"https:\/\/www.kompetensforetagen.se\/medlemskap\/kollektivavtal\/\" target=\"_blank\" rel=\"noopener\">Kollektiv\u00adavtalet<\/a>\u00a0styrs av f\u00f6retagets bransch- och verksamhetsomr\u00e5de. Om du \u00e4r os\u00e4ker p\u00e5 vilket kollektivavtal du ska ha,\u00a0<a href=\"https:\/\/www.kompetensforetagen.se\/kontakt\/\" target=\"_blank\" rel=\"noopener\">kontakta n\u00e5gon av v\u00e5ra f\u00f6rhandlare<\/a>. Du som \u00e4r branschmedlem beh\u00f6ver inte kollektivavtal.<\/p>\n\n              <\/div>\n            <\/div>\n          <\/div>\n                            <div class=\"Accordion__row\" itemscope itemprop=\"mainEntity\" itemtype=\"https:\/\/schema.org\/Question\">\n            <h3 class=\"Accordion__title\">\n              <button class=\"Button--unstyled togglehandle\" itemprop=\"name\" data-toggle=\"collapse\" data-target=\"kan-jag-vara-medlem-i-andra-branschorganisationer-samtidigt\" aria-expanded=\"false\">\n                Kan jag vara medlem i andra bransch\u00adorganisationer samtidigt?\n              <\/button>\n            <\/h3>\n            <div class=\"Accordion__text collapse\" id=\"kan-jag-vara-medlem-i-andra-branschorganisationer-samtidigt\" itemscope itemprop=\"acceptedAnswer\" itemtype=\"https:\/\/schema.org\/Answer\">\n              <div itemprop=\"text\">\n                <p>Ja, om du har andra verksamhetsomr\u00e5den.<\/p>\n\n              <\/div>\n            <\/div>\n          <\/div>\n                            <div class=\"Accordion__row\" itemscope itemprop=\"mainEntity\" itemtype=\"https:\/\/schema.org\/Question\">\n            <h3 class=\"Accordion__title\">\n              <button class=\"Button--unstyled togglehandle\" itemprop=\"name\" data-toggle=\"collapse\" data-target=\"vad-betyder-svenskt-driftstalle\" aria-expanded=\"false\">\n                Vad betyder \u201dsvenskt driftst\u00e4lle\u201d?\n              <\/button>\n            <\/h3>\n            <div class=\"Accordion__text collapse\" id=\"vad-betyder-svenskt-driftstalle\" itemscope itemprop=\"acceptedAnswer\" itemtype=\"https:\/\/schema.org\/Answer\">\n              <div itemprop=\"text\">\n                <p>Att verksamheten bedrivs fr\u00e5n, och \u00e4r skrivet p\u00e5, en fast adress i Sverige \u2013 postbox r\u00e4cker inte.<\/p>\n\n              <\/div>\n            <\/div>\n          <\/div>\n                            <div class=\"Accordion__row\" itemscope itemprop=\"mainEntity\" itemtype=\"https:\/\/schema.org\/Question\">\n            <h3 class=\"Accordion__title\">\n              <button class=\"Button--unstyled togglehandle\" itemprop=\"name\" data-toggle=\"collapse\" data-target=\"hur-manga-anstallda-maste-jag-ha\" aria-expanded=\"false\">\n                Hur m\u00e5nga anst\u00e4llda m\u00e5ste jag ha?\n              <\/button>\n            <\/h3>\n            <div class=\"Accordion__text collapse\" id=\"hur-manga-anstallda-maste-jag-ha\" itemscope itemprop=\"acceptedAnswer\" itemtype=\"https:\/\/schema.org\/Answer\">\n              <div itemprop=\"text\">\n                <p>I\u00a0<a href=\"https:\/\/www.kompetensforetagen.se\/villkor-for-medlemskap-3-2-2\/\" target=\"_blank\" rel=\"noopener\">arbetsgivar- och branschmedlemskap<\/a>\u00a0och f\u00f6r auktorisation kr\u00e4vs minst en anst\u00e4lld. I\u00a0<a href=\"https:\/\/www.kompetensforetagen.se\/villkor-for-medlemskap-3\/\" target=\"_blank\" rel=\"noopener\">branschmedlemskapet<\/a>\u00a0st\u00e4lls inget s\u00e5dant krav.<\/p>\n\n              <\/div>\n            <\/div>\n          <\/div>\n                            <div class=\"Accordion__row\" itemscope itemprop=\"mainEntity\" itemtype=\"https:\/\/schema.org\/Question\">\n            <h3 class=\"Accordion__title\">\n              <button class=\"Button--unstyled togglehandle\" itemprop=\"name\" data-toggle=\"collapse\" data-target=\"vilka-avgifter-betalar-jag-i-de-olika-medlemskapen\" aria-expanded=\"false\">\n                Vilka avgifter betalar jag i de olika medlemskapen?\n              <\/button>\n            <\/h3>\n            <div class=\"Accordion__text collapse\" id=\"vilka-avgifter-betalar-jag-i-de-olika-medlemskapen\" itemscope itemprop=\"acceptedAnswer\" itemtype=\"https:\/\/schema.org\/Answer\">\n              <div itemprop=\"text\">\n                <p>Bransch\u00adavgiften \u00e4r densamma i de olika medlemskapen, kostnaden bakas in i den faktura du betalar till Kompetens\u00adf\u00f6retagen.<\/p>\n<p>Arbetsgivar- och branschmedlemmar betalar \u00e4ven en avgift till Almega, baserat p\u00e5 f\u00f6reg\u00e5ende \u00e5rs l\u00f6nekostnader i f\u00f6retaget.<\/p>\n<p>Branschmedlemmar betalar en serviceavgift till Almega.<\/p>\n<p>I respektive medlemskap ing\u00e5r \u00e4ven medlemskap i Svenskt N\u00e4ringsliv. Betalningen f\u00f6r detta sker via din faktura.<\/p>\n\n              <\/div>\n            <\/div>\n          <\/div>\n                            <div class=\"Accordion__row\" itemscope itemprop=\"mainEntity\" itemtype=\"https:\/\/schema.org\/Question\">\n            <h3 class=\"Accordion__title\">\n              <button class=\"Button--unstyled togglehandle\" itemprop=\"name\" data-toggle=\"collapse\" data-target=\"kan-man-vara-standig-branschmedlem-eller-forvantas-man-byta-medlemskapsform-efter-en-tid-det-ar-up\" aria-expanded=\"false\">\n                Kan man vara st\u00e4ndig branschmedlem eller f\u00f6rv\u00e4ntas man byta medlemskapsform efter en tid? Det \u00e4r up\n              <\/button>\n            <\/h3>\n            <div class=\"Accordion__text collapse\" id=\"kan-man-vara-standig-branschmedlem-eller-forvantas-man-byta-medlemskapsform-efter-en-tid-det-ar-up\" itemscope itemprop=\"acceptedAnswer\" itemtype=\"https:\/\/schema.org\/Answer\">\n              <div itemprop=\"text\">\n                <p>Det \u00e4r upp till varje enskild medlem. Branschmedlemskapet g\u00f6r det m\u00f6jligt att successivt v\u00e4xa in i kollektivavtal och auktorisation.<\/p>\n\n              <\/div>\n            <\/div>\n          <\/div>\n                            <div class=\"Accordion__row\" itemscope itemprop=\"mainEntity\" itemtype=\"https:\/\/schema.org\/Question\">\n            <h3 class=\"Accordion__title\">\n              <button class=\"Button--unstyled togglehandle\" itemprop=\"name\" data-toggle=\"collapse\" data-target=\"skiljer-sig-kostnaderna-for-de-olika-medlemskapsformerna-at\" aria-expanded=\"false\">\n                Skiljer sig kostnaderna f\u00f6r de olika medlemskapsformerna \u00e5t?\n              <\/button>\n            <\/h3>\n            <div class=\"Accordion__text collapse\" id=\"skiljer-sig-kostnaderna-for-de-olika-medlemskapsformerna-at\" itemscope itemprop=\"acceptedAnswer\" itemtype=\"https:\/\/schema.org\/Answer\">\n              <div itemprop=\"text\">\n                <p>Medlems\u00adavgiften\u00a0\u00e4r kostnadsneutral oavsett medlemskapsform.<\/p>\n\n              <\/div>\n            <\/div>\n          <\/div>\n              <\/div>\n    <\/div>\n  <\/div>\n<\/div>\n<\/div>\n<\/div>\n","protected":false},"excerpt":{"rendered":"<p>Har ditt f\u00f6retag verksamhet inom bemanning,omst\u00e4llning eller rekrytering kan du bli medlem i Kompetens\u00adf\u00f6retagen. Vi hj\u00e4lper dagligen v\u00e5ra cirka 950 medlemsf\u00f6retag med fr\u00e5gor kring kollektivavtal och i rollen som arbetsgivare. Vi jobbar ocks\u00e5 med utbildning, &hellip;<\/p>\n","protected":false},"author":14830,"featured_media":0,"parent":0,"menu_order":21,"comment_status":"closed","ping_status":"closed","template":"","meta":{"_acf_changed":false,"footnotes":""},"article_type":[],"agreement":[],"for-members":[],"class_list":["post-11685","page","type-page","status-publish","hentry"],"acf":[],"yoast_head":"<!-- This site is optimized with the Yoast SEO Premium plugin v26.8 (Yoast SEO v26.8) - https:\/\/yoast.com\/product\/yoast-seo-premium-wordpress\/ -->\n<title>Medlemskap i Kompetensf\u00f6retagen<\/title>\n<meta name=\"description\" content=\"Har ditt f\u00f6retag verksamhet inom bemanning, omst\u00e4llning eller rekrytering kan du ans\u00f6ka om medlemskap i Kompetens\u00adf\u00f6retagen. L\u00e4r mer h\u00e4r!\" \/>\n<meta name=\"robots\" content=\"index, follow, max-snippet:-1, max-image-preview:large, max-video-preview:-1\" \/>\n<link rel=\"canonical\" href=\"https:\/\/www.kompetensforetagen.se\/bli-medlem\/\" \/>\n<meta property=\"og:locale\" content=\"sv_SE\" \/>\n<meta property=\"og:type\" content=\"article\" \/>\n<meta property=\"og:title\" content=\"Om medlemskap\" \/>\n<meta property=\"og:description\" content=\"Har ditt f\u00f6retag verksamhet inom bemanning, omst\u00e4llning eller rekrytering kan du ans\u00f6ka om medlemskap i Kompetens\u00adf\u00f6retagen. L\u00e4r mer h\u00e4r!\" \/>\n<meta property=\"og:url\" content=\"https:\/\/www.kompetensforetagen.se\/bli-medlem\/\" \/>\n<meta property=\"og:site_name\" content=\"Kompetensf\u00f6retagen\" \/>\n<meta property=\"article:modified_time\" content=\"2024-03-25T12:16:44+00:00\" \/>\n<meta property=\"og:image\" content=\"https:\/\/www.kompetensforetagen.se\/app\/uploads\/sites\/5\/2023\/03\/Vit-tunn-pil-vanster-e1679575042949.png\" \/>\n<meta name=\"twitter:card\" content=\"summary_large_image\" \/>\n<meta name=\"twitter:label1\" content=\"Ber\u00e4knad l\u00e4stid\" \/>\n\t<meta name=\"twitter:data1\" content=\"3 minuter\" \/>\n<script type=\"application\/ld+json\" class=\"yoast-schema-graph\">{\"@context\":\"https:\/\/schema.org\",\"@graph\":[{\"@type\":\"WebPage\",\"@id\":\"https:\/\/www.kompetensforetagen.se\/bli-medlem\/\",\"url\":\"https:\/\/www.kompetensforetagen.se\/bli-medlem\/\",\"name\":\"Medlemskap i Kompetensf\u00f6retagen\",\"isPartOf\":{\"@id\":\"https:\/\/www.kompetensforetagen.se\/#website\"},\"primaryImageOfPage\":{\"@id\":\"https:\/\/www.kompetensforetagen.se\/bli-medlem\/#primaryimage\"},\"image\":{\"@id\":\"https:\/\/www.kompetensforetagen.se\/bli-medlem\/#primaryimage\"},\"thumbnailUrl\":\"https:\/\/www.kompetensforetagen.se\/app\/uploads\/sites\/5\/2023\/03\/Vit-tunn-pil-vanster-e1679575042949.png\",\"datePublished\":\"2023-03-23T13:46:41+00:00\",\"dateModified\":\"2024-03-25T12:16:44+00:00\",\"description\":\"Har ditt f\u00f6retag verksamhet inom bemanning, omst\u00e4llning eller rekrytering kan du ans\u00f6ka om medlemskap i Kompetens\u00adf\u00f6retagen. L\u00e4r mer h\u00e4r!\",\"breadcrumb\":{\"@id\":\"https:\/\/www.kompetensforetagen.se\/bli-medlem\/#breadcrumb\"},\"inLanguage\":\"sv-SE\",\"potentialAction\":[{\"@type\":\"ReadAction\",\"target\":[\"https:\/\/www.kompetensforetagen.se\/bli-medlem\/\"]}]},{\"@type\":\"ImageObject\",\"inLanguage\":\"sv-SE\",\"@id\":\"https:\/\/www.kompetensforetagen.se\/bli-medlem\/#primaryimage\",\"url\":\"https:\/\/www.kompetensforetagen.se\/app\/uploads\/sites\/5\/2023\/03\/Vit-tunn-pil-vanster-e1679575042949.png\",\"contentUrl\":\"https:\/\/www.kompetensforetagen.se\/app\/uploads\/sites\/5\/2023\/03\/Vit-tunn-pil-vanster-e1679575042949.png\"},{\"@type\":\"BreadcrumbList\",\"@id\":\"https:\/\/www.kompetensforetagen.se\/bli-medlem\/#breadcrumb\",\"itemListElement\":[{\"@type\":\"ListItem\",\"position\":1,\"name\":\"Home\",\"item\":\"https:\/\/www.kompetensforetagen.se\/\"},{\"@type\":\"ListItem\",\"position\":2,\"name\":\"Om medlemskap\"}]},{\"@type\":\"WebSite\",\"@id\":\"https:\/\/www.kompetensforetagen.se\/#website\",\"url\":\"https:\/\/www.kompetensforetagen.se\/\",\"name\":\"Kompetensf\u00f6retagen\",\"description\":\"R\u00e4tt person p\u00e5 r\u00e4tt plats kan f\u00f6r\u00e4ndra v\u00e4rlden\",\"publisher\":{\"@id\":\"https:\/\/www.kompetensforetagen.se\/#organization\"},\"potentialAction\":[{\"@type\":\"SearchAction\",\"target\":{\"@type\":\"EntryPoint\",\"urlTemplate\":\"https:\/\/www.kompetensforetagen.se\/?s={search_term_string}\"},\"query-input\":{\"@type\":\"PropertyValueSpecification\",\"valueRequired\":true,\"valueName\":\"search_term_string\"}}],\"inLanguage\":\"sv-SE\"},{\"@type\":\"Organization\",\"@id\":\"https:\/\/www.kompetensforetagen.se\/#organization\",\"name\":\"Kompetensf\u00f6retagen\",\"url\":\"https:\/\/www.kompetensforetagen.se\/\",\"logo\":{\"@type\":\"ImageObject\",\"inLanguage\":\"sv-SE\",\"@id\":\"https:\/\/www.kompetensforetagen.se\/#\/schema\/logo\/image\/\",\"url\":\"https:\/\/www.kompetensforetagen.se\/app\/uploads\/sites\/5\/2022\/10\/logga_svart.png\",\"contentUrl\":\"https:\/\/www.kompetensforetagen.se\/app\/uploads\/sites\/5\/2022\/10\/logga_svart.png\",\"width\":752,\"height\":64,\"caption\":\"Kompetensf\u00f6retagen\"},\"image\":{\"@id\":\"https:\/\/www.kompetensforetagen.se\/#\/schema\/logo\/image\/\"},\"sameAs\":[\"https:\/\/www.linkedin.com\/company\/10540032\/\"]}]}<\/script>\n<!-- \/ Yoast SEO Premium plugin. -->","yoast_head_json":{"title":"Medlemskap i Kompetensf\u00f6retagen","description":"Har ditt f\u00f6retag verksamhet inom bemanning, omst\u00e4llning eller rekrytering kan du ans\u00f6ka om medlemskap i Kompetens\u00adf\u00f6retagen. L\u00e4r mer h\u00e4r!","robots":{"index":"index","follow":"follow","max-snippet":"max-snippet:-1","max-image-preview":"max-image-preview:large","max-video-preview":"max-video-preview:-1"},"canonical":"https:\/\/www.kompetensforetagen.se\/bli-medlem\/","og_locale":"sv_SE","og_type":"article","og_title":"Om medlemskap","og_description":"Har ditt f\u00f6retag verksamhet inom bemanning, omst\u00e4llning eller rekrytering kan du ans\u00f6ka om medlemskap i Kompetens\u00adf\u00f6retagen. L\u00e4r mer h\u00e4r!","og_url":"https:\/\/www.kompetensforetagen.se\/bli-medlem\/","og_site_name":"Kompetensf\u00f6retagen","article_modified_time":"2024-03-25T12:16:44+00:00","og_image":[{"url":"https:\/\/www.kompetensforetagen.se\/app\/uploads\/sites\/5\/2023\/03\/Vit-tunn-pil-vanster-e1679575042949.png","type":"","width":"","height":""}],"twitter_card":"summary_large_image","twitter_misc":{"Ber\u00e4knad l\u00e4stid":"3 minuter"},"schema":{"@context":"https:\/\/schema.org","@graph":[{"@type":"WebPage","@id":"https:\/\/www.kompetensforetagen.se\/bli-medlem\/","url":"https:\/\/www.kompetensforetagen.se\/bli-medlem\/","name":"Medlemskap i Kompetensf\u00f6retagen","isPartOf":{"@id":"https:\/\/www.kompetensforetagen.se\/#website"},"primaryImageOfPage":{"@id":"https:\/\/www.kompetensforetagen.se\/bli-medlem\/#primaryimage"},"image":{"@id":"https:\/\/www.kompetensforetagen.se\/bli-medlem\/#primaryimage"},"thumbnailUrl":"https:\/\/www.kompetensforetagen.se\/app\/uploads\/sites\/5\/2023\/03\/Vit-tunn-pil-vanster-e1679575042949.png","datePublished":"2023-03-23T13:46:41+00:00","dateModified":"2024-03-25T12:16:44+00:00","description":"Har ditt f\u00f6retag verksamhet inom bemanning, omst\u00e4llning eller rekrytering kan du ans\u00f6ka om medlemskap i Kompetens\u00adf\u00f6retagen. L\u00e4r mer h\u00e4r!","breadcrumb":{"@id":"https:\/\/www.kompetensforetagen.se\/bli-medlem\/#breadcrumb"},"inLanguage":"sv-SE","potentialAction":[{"@type":"ReadAction","target":["https:\/\/www.kompetensforetagen.se\/bli-medlem\/"]}]},{"@type":"ImageObject","inLanguage":"sv-SE","@id":"https:\/\/www.kompetensforetagen.se\/bli-medlem\/#primaryimage","url":"https:\/\/www.kompetensforetagen.se\/app\/uploads\/sites\/5\/2023\/03\/Vit-tunn-pil-vanster-e1679575042949.png","contentUrl":"https:\/\/www.kompetensforetagen.se\/app\/uploads\/sites\/5\/2023\/03\/Vit-tunn-pil-vanster-e1679575042949.png"},{"@type":"BreadcrumbList","@id":"https:\/\/www.kompetensforetagen.se\/bli-medlem\/#breadcrumb","itemListElement":[{"@type":"ListItem","position":1,"name":"Home","item":"https:\/\/www.kompetensforetagen.se\/"},{"@type":"ListItem","position":2,"name":"Om medlemskap"}]},{"@type":"WebSite","@id":"https:\/\/www.kompetensforetagen.se\/#website","url":"https:\/\/www.kompetensforetagen.se\/","name":"Kompetensf\u00f6retagen","description":"R\u00e4tt person p\u00e5 r\u00e4tt plats kan f\u00f6r\u00e4ndra v\u00e4rlden","publisher":{"@id":"https:\/\/www.kompetensforetagen.se\/#organization"},"potentialAction":[{"@type":"SearchAction","target":{"@type":"EntryPoint","urlTemplate":"https:\/\/www.kompetensforetagen.se\/?s={search_term_string}"},"query-input":{"@type":"PropertyValueSpecification","valueRequired":true,"valueName":"search_term_string"}}],"inLanguage":"sv-SE"},{"@type":"Organization","@id":"https:\/\/www.kompetensforetagen.se\/#organization","name":"Kompetensf\u00f6retagen","url":"https:\/\/www.kompetensforetagen.se\/","logo":{"@type":"ImageObject","inLanguage":"sv-SE","@id":"https:\/\/www.kompetensforetagen.se\/#\/schema\/logo\/image\/","url":"https:\/\/www.kompetensforetagen.se\/app\/uploads\/sites\/5\/2022\/10\/logga_svart.png","contentUrl":"https:\/\/www.kompetensforetagen.se\/app\/uploads\/sites\/5\/2022\/10\/logga_svart.png","width":752,"height":64,"caption":"Kompetensf\u00f6retagen"},"image":{"@id":"https:\/\/www.kompetensforetagen.se\/#\/schema\/logo\/image\/"},"sameAs":["https:\/\/www.linkedin.com\/company\/10540032\/"]}]}},"_links":{"self":[{"href":"https:\/\/www.kompetensforetagen.se\/api\/wp\/v2\/pages\/11685","targetHints":{"allow":["GET"]}}],"collection":[{"href":"https:\/\/www.kompetensforetagen.se\/api\/wp\/v2\/pages"}],"about":[{"href":"https:\/\/www.kompetensforetagen.se\/api\/wp\/v2\/types\/page"}],"author":[{"embeddable":true,"href":"https:\/\/www.kompetensforetagen.se\/api\/wp\/v2\/users\/14830"}],"replies":[{"embeddable":true,"href":"https:\/\/www.kompetensforetagen.se\/api\/wp\/v2\/comments?post=11685"}],"version-history":[{"count":85,"href":"https:\/\/www.kompetensforetagen.se\/api\/wp\/v2\/pages\/11685\/revisions"}],"predecessor-version":[{"id":16981,"href":"https:\/\/www.kompetensforetagen.se\/api\/wp\/v2\/pages\/11685\/revisions\/16981"}],"wp:attachment":[{"href":"https:\/\/www.kompetensforetagen.se\/api\/wp\/v2\/media?parent=11685"}],"wp:term":[{"taxonomy":"type","embeddable":true,"href":"https:\/\/www.kompetensforetagen.se\/api\/wp\/v2\/article_type?post=11685"},{"taxonomy":"agreement","embeddable":true,"href":"https:\/\/www.kompetensforetagen.se\/api\/wp\/v2\/agreement?post=11685"},{"taxonomy":"for-members","embeddable":true,"href":"https:\/\/www.kompetensforetagen.se\/api\/wp\/v2\/for-members?post=11685"}],"curies":[{"name":"wp","href":"https:\/\/api.w.org\/{rel}","templated":true}]}}