{"id":10867,"date":"2026-04-29T17:16:17","date_gmt":"2026-04-29T15:16:17","guid":{"rendered":"https:\/\/www.kompetensforetagen.se\/?page_id=10867"},"modified":"2026-04-29T17:44:23","modified_gmt":"2026-04-29T15:44:23","slug":"arsmote-2026","status":"publish","type":"page","link":"https:\/\/www.kompetensforetagen.se\/medlemssidor\/arsmote-2026\/","title":{"rendered":"\u00c5rsm\u00f6te 2026"},"content":{"rendered":"<div id=\"block-hero-block_1d8b04021da75ba48e3f6dedbee75277\" class=\"Hero has-green-background-color\">\n\n    \n  <div class=\"Hero__inner container has-green-background-color has-arrow\">\n              <div class=\"Hero__title\">\n          <h1>\u00c5rsm\u00f6te<i> 2026<\/i><\/h1>\n        <\/div>\n                                <div class=\"Hero__arrow\">\n          <svg class='icon icon--squiggly-arrow'  width=\"282\" height=\"302\" viewBox=\"0 0 282 302\" fill=\"none\" xmlns=\"http:\/\/www.w3.org\/2000\/svg\">\n<path d=\"M108.429 281.19L129.837 295.44L143.97 274.186\" stroke=\"black\" stroke-width=\"4\" stroke-miterlimit=\"10\"\/>\n<path d=\"M43.8871 68.0497C53.3269 84.3998 70.0075 95.6755 88.6244 97.6784C107.24 99.6801 125.826 95.0068 144.209 91.4645C162.592 87.9216 182.067 85.5682 199.674 91.9481C220.515 99.5002 236.316 120.278 236.492 142.446C236.669 164.616 220.178 186.234 198.428 190.49C188.558 192.423 177.815 190.842 169.542 185.112C161.271 179.382 155.88 169.284 156.859 159.269C158.292 144.577 173.761 133.512 188.444 135C203.126 136.491 215.468 148.757 219.176 163.047C222.881 177.337 218.804 192.932 210.416 205.072C202.027 217.212 189.703 226.187 176.514 232.804C167.472 237.341 157.931 240.877 149.144 245.889C140.356 250.899 132.161 257.651 127.746 266.755C123.333 275.858 126.637 283.983 129.929 295.386\" stroke=\"black\" stroke-width=\"4\" stroke-miterlimit=\"10\"\/>\n<\/svg>\n\n          <\/div>\n        <\/div>\n<\/div>\n\n\n\n<div class=\"wp-block-group is-layout-constrained wp-block-group-is-layout-constrained\">\n<div class=\"wp-block-columns is-layout-flex wp-container-core-columns-is-layout-9d6595d7 wp-block-columns-is-layout-flex\">\n<div class=\"wp-block-column is-vertically-aligned-center is-layout-flow wp-block-column-is-layout-flow\"><div class=\"wp-block wp-block-core-heading heading-in-sidebar\" id=\"valkommen-till-kompetens\u00adforetagens-arsmote-2026.\"><a class='Share__link Share__link--url copy-text' href='#' rel='nofollow' data-text='valkommen-till-kompetens\u00adforetagens-arsmote-2026.' title='Dela url' data-confirmation='L\u00e4nken kopierades till urklipp'><svg class='icon icon--link'  width='18' height='18' viewBox='0 0 18 18' fill='none' xmlns='http:\/\/www.w3.org\/2000\/svg'>\n            <path d='M10.4142 0.514721L6.87868 4.05025L8.29289 5.46447L11.1213 2.63604L15.364 6.87868L12.5355 9.70711L13.9497 11.1213L17.4853 7.58579C17.8763 7.19476 17.8763 6.5626 17.4853 6.17158L11.8284 0.514721C11.4374 0.123691 10.8052 0.123691 10.4142 0.514721Z' fill='black'\/>\n            <path d='M9.7071 12.5355L6.87868 15.364L2.63604 11.1213L5.46446 8.2929L4.05025 6.87868L0.514716 10.4142C0.123686 10.8052 0.123686 11.4374 0.514716 11.8284L6.17157 17.4853C6.5626 17.8763 7.19475 17.8763 7.58578 17.4853L11.1213 13.9497L9.7071 12.5355Z' fill='black'\/>\n            <path d='M6.17157 11.8284C6.5626 12.2195 7.19475 12.2195 7.58578 11.8284L11.8284 7.58579C12.2195 7.19476 12.2195 6.56261 11.8284 6.17158C11.4374 5.78055 10.8052 5.78055 10.4142 6.17158L6.17157 10.4142C5.78054 10.8052 5.78054 11.4374 6.17157 11.8284Z' fill='black'\/>\n            <\/svg> <\/a>\n<h2 class=\"wp-block-heading\" id=\"h-valkommen-till-kompetens-foretagens-arsmote-2026\">V\u00e4lkommen till Kompetens\u00adf\u00f6retagens \u00e5rsm\u00f6te 2026.<\/h2>\n<\/div>\n\n<div class=\"wp-block wp-block-core-heading heading-in-sidebar\" id=\"onsdagen-den-20-maj-klockan-13.30&nbsp;ar-det-dags-for-kompetens\u00adforetagens-arsmote-som-halls-bade-fysiskt-samt-digitalt.\"><a class='Share__link Share__link--url copy-text' href='#' rel='nofollow' data-text='onsdagen-den-20-maj-klockan-13.30&nbsp;ar-det-dags-for-kompetens\u00adforetagens-arsmote-som-halls-bade-fysiskt-samt-digitalt.' title='Dela url' data-confirmation='L\u00e4nken kopierades till urklipp'><svg class='icon icon--link'  width='18' height='18' viewBox='0 0 18 18' fill='none' xmlns='http:\/\/www.w3.org\/2000\/svg'>\n            <path d='M10.4142 0.514721L6.87868 4.05025L8.29289 5.46447L11.1213 2.63604L15.364 6.87868L12.5355 9.70711L13.9497 11.1213L17.4853 7.58579C17.8763 7.19476 17.8763 6.5626 17.4853 6.17158L11.8284 0.514721C11.4374 0.123691 10.8052 0.123691 10.4142 0.514721Z' fill='black'\/>\n            <path d='M9.7071 12.5355L6.87868 15.364L2.63604 11.1213L5.46446 8.2929L4.05025 6.87868L0.514716 10.4142C0.123686 10.8052 0.123686 11.4374 0.514716 11.8284L6.17157 17.4853C6.5626 17.8763 7.19475 17.8763 7.58578 17.4853L11.1213 13.9497L9.7071 12.5355Z' fill='black'\/>\n            <path d='M6.17157 11.8284C6.5626 12.2195 7.19475 12.2195 7.58578 11.8284L11.8284 7.58579C12.2195 7.19476 12.2195 6.56261 11.8284 6.17158C11.4374 5.78055 10.8052 5.78055 10.4142 6.17158L6.17157 10.4142C5.78054 10.8052 5.78054 11.4374 6.17157 11.8284Z' fill='black'\/>\n            <\/svg> <\/a>\n<h2 class=\"wp-block-heading\" id=\"h-onsdagen-den-20-maj-klockan-13-30-nbsp-ar-det-dags-for-kompetens-foretagens-arsmote-som-halls-bade-fysiskt-samt-digitalt\"><strong>Onsdagen den 20 maj klockan 13.30&nbsp;\u00e4r det dags f\u00f6r Kompetens\u00adf\u00f6retagens \u00e5rsm\u00f6te som h\u00e5lls b\u00e5de fysiskt samt digitalt.<\/strong><\/h2>\n<\/div><\/div>\n\n\n\n<div class=\"wp-block-column is-layout-flow wp-block-column-is-layout-flow\"><div id=\"block-cta-block_4174386fb9a42e7542a77cbb68409039\" class=\"container\">\n      <div class=\"Cta\">\n          <div class=\"Cta__text has-green-background-color has-white-color\">\n        <p>\n           <span class=\"text-1\">Onsdag 20 maj<\/span>            <span class=\"text-2 has-black-color\">Klockan 13:30 <\/span>          <\/p>\n        \n              <\/div>\n\n      \n              <div class=\"Cta__buttons \">\n                                              \n              <a href=\"https:\/\/event.snmo.se\/event\/sessions?id=Valkommen_pa_Kompetensforetagens_arsmote_och_gemensam_styrelsedag_med_Almegas_forbund\"  target=\"_blank\"  class=\"Cta__button\">\n                <div class=\"Button Button--arrow-tip white-space-nowrap has-forbund-background-color\">\n                  <div class=\"Button__text\">\n                    Till anm\u00e4lan\n                  <\/div>\n                  <div class=\"Button__arrow\">\n                                          <span class=\"Button__line\"><\/span>\n                                        <svg class='icon icon--arrow-tip'  width=\"11\" height=\"16\" viewBox=\"0 0 11 16\" fill=\"none\" xmlns=\"http:\/\/www.w3.org\/2000\/svg\">\n<path d=\"M0.858398 15L9.2304 7.99664L0.967732 1.00001\" stroke=\"black\" stroke-width=\"2\" stroke-miterlimit=\"10\"\/>\n<\/svg>\n\n                    <\/div>\n                <\/div>\n              <\/a>\n                              <\/div>\n            <\/div>\n  <\/div>\n\n<\/div>\n<\/div>\n<\/div>\n\n\n\n<div class=\"wp-block-group has-secondary-background-color has-background is-layout-constrained wp-block-group-is-layout-constrained\">\n<div class=\"wp-block-columns is-layout-flex wp-container-core-columns-is-layout-9d6595d7 wp-block-columns-is-layout-flex\">\n<div class=\"wp-block-column is-layout-flow wp-block-column-is-layout-flow\"><div class=\"wp-block wp-block-core-paragraph\">\n<p><strong>Datum:&nbsp;<\/strong>Onsdag den 20 maj 2026<\/p>\n<\/div>\n\n<div class=\"wp-block wp-block-core-paragraph\">\n<p><strong>Plats:<\/strong> Digitalt (Microsoft Teams) och <em>Stallet 2<\/em> i N\u00e4ringslivets Hus, Storgatan 19<\/p>\n<\/div>\n\n<div class=\"wp-block wp-block-core-paragraph\">\n<p><br><strong>Program<\/strong><\/p>\n<\/div>\n\n<div class=\"wp-block wp-block-core-paragraph\">\n<p><strong>13:15&nbsp; &nbsp; &nbsp; &nbsp;<\/strong>Teamsl\u00e4nk \u00f6ppnas f\u00f6r registrering av antalet deltagare<\/p>\n<\/div>\n\n<div class=\"wp-block wp-block-core-paragraph\">\n<p><strong>13:30&nbsp; &nbsp;&nbsp; &nbsp;<\/strong>\u00c5rsm\u00f6tet inleds<\/p>\n<\/div>\n\n<div class=\"wp-block wp-block-core-paragraph\">\n<p><strong>14:30<\/strong>&nbsp; &nbsp; &nbsp;Ber\u00e4knat avslut<\/p>\n<\/div>\n\n<div class=\"wp-block wp-block-core-paragraph\">\n<p>De nyvalda styrelseledam\u00f6terna h\u00e5ller konstituerande styrelsem\u00f6te efter avslutat \u00e5rsm\u00f6te.<\/p>\n<\/div>\n\n<div class=\"wp-block wp-block-core-paragraph\">\n<p>Handlingar finner ni nedan. <\/p>\n<\/div>\n\n<div class=\"wp-block wp-block-core-paragraph\">\n<p><em><strong>Sista anm\u00e4lningsdag \u00e4r den 11 maj.&nbsp;<\/strong><\/em><\/p>\n<\/div>\n\n<div id=\"block-iconlink-block_fc5b3492ca7e9215de1a88882db483eb\" class=\"Icon-link Icon-link--arrow-tip\">\n      <a href=\"https:\/\/event.snmo.se\/event\/sessions?id=Valkommen_pa_Kompetensforetagens_arsmote_och_gemensam_styrelsedag_med_Almegas_forbund\" target=\"_blank\" class=\"Button is-button is-style-fill has-green-background-color has-green-border-color has-white-color Button--arrow-tip white-space-nowrap\">\n      <div class=\"Button__text\">\n        Till anm\u00e4lan\n      <\/div>\n      <div class=\"Button__arrow  arrow-tip \">\n                <div class=\"Button__line\"><\/div>\n                <svg class='icon icon--arrow-tip'  width=\"11\" height=\"16\" viewBox=\"0 0 11 16\" fill=\"none\" xmlns=\"http:\/\/www.w3.org\/2000\/svg\">\n<path d=\"M0.858398 15L9.2304 7.99664L0.967732 1.00001\" stroke=\"black\" stroke-width=\"2\" stroke-miterlimit=\"10\"\/>\n<\/svg>\n\n        <\/div>\n    <\/a>\n  <\/div>\n<\/div>\n\n\n\n<div class=\"wp-block-column is-layout-flow wp-block-column-is-layout-flow\"><div class=\"wp-block wp-block-core-paragraph\">\n<p>Du \u00e4r \u00e4ven varmt v\u00e4lkommen att bjuda in kollegor till \u00e5rsm\u00f6tet. Gl\u00f6m inte att en f\u00f6ranm\u00e4lan kr\u00e4vs.<\/p>\n<\/div>\n\n<div class=\"wp-block wp-block-core-paragraph\">\n<p>OBS! Du kan endast g\u00f6ra anm\u00e4lan via l\u00e4nken ovan. Vi kan tyv\u00e4rr inte hantera anm\u00e4lningar via post, e-post eller telefon. Fr\u00e5gor om anm\u00e4lan\/avanm\u00e4lan eller registrering efter anm\u00e4lningstidens utg\u00e5ng,&nbsp;kontakta&nbsp;<a href=\"mailto:linn.abo.reslan@kompetensforetagen.se\" target=\"_blank\" rel=\"noreferrer noopener\">Linn Abo Reslan<\/a><\/p>\n<\/div>\n\n<div class=\"wp-block wp-block-core-paragraph\">\n<p><strong>Ombud till \u00e5rsm\u00f6tet<br><\/strong>Varje medlem kan utse ett ombud till \u00e5rsm\u00f6tet (det vill s\u00e4ga en person som representerar medlems\u00adf\u00f6retaget vid eventuell omr\u00f6stning).<\/p>\n<\/div>\n\n<div class=\"wp-block wp-block-core-paragraph\">\n<p><strong>V\u00e4nligen&nbsp;observera&nbsp;att&nbsp;varje medlems\u00adf\u00f6retag endast f\u00f6retr\u00e4ds av en person.&nbsp;Samma person kan f\u00f6retr\u00e4da fler medlems\u00adf\u00f6retag.&nbsp;Medlems\u00adf\u00f6retaget har en r\u00f6st&nbsp;och d\u00e4rut\u00f6ver&nbsp;ytterligare en r\u00f6st per 100-tal \u00e5rsanst\u00e4llda.<\/strong><br><br><em>P\u00e5 \u00e5rsm\u00f6tet v\u00e4ljs bland annat styrelseledam\u00f6ter och valberedning. Senaste \u00e5rets verksamhet med dess ekonomiska resultat g\u00e5s igenom och f\u00f6r f\u00f6reningen andra viktiga fr\u00e5gor.&nbsp;Deltar flera f\u00f6retr\u00e4dare fr\u00e5n samma f\u00f6retag i st\u00e4mman, kan endast en ut\u00f6va medlemmens r\u00f6str\u00e4tt. Som framg\u00e5r av stadgarnas \u00a7 18 (punkt 12) ska medlem, som \u00f6nskar framf\u00f6ra \u00e4rende vid st\u00e4mman, inkomma med detta minst 14 dagar f\u00f6re st\u00e4mman<\/em><strong>.<\/strong><\/p>\n<\/div><\/div>\n<\/div>\n\n\n\n<div class=\"wp-block-columns is-layout-flex wp-container-core-columns-is-layout-9d6595d7 wp-block-columns-is-layout-flex\">\n<div class=\"wp-block-column is-layout-flow wp-block-column-is-layout-flow\"><\/div>\n\n\n\n<div class=\"wp-block-column is-layout-flow wp-block-column-is-layout-flow\"><\/div>\n<\/div>\n\n\n<div class=\"wp-block wp-block-core-heading\" id=\"foredragningslista-(med-bilagor)\">\n<h4 class=\"wp-block-heading\" id=\"h-foredragningslista-med-bilagor\"><strong>F\u00f6redragningslista<\/strong> <strong>(MED BILAGOR)<\/strong><\/h4>\n<\/div>\n\n<div class=\"wp-block wp-block-core-list\">\n<ol class=\"wp-block-list\">\n<li><strong>M\u00f6tets \u00f6ppnande<\/strong><\/li>\n\n\n\n<li><strong>Val av ordf\u00f6rande vid m\u00f6tet<\/strong><\/li>\n\n\n\n<li><strong>Justering av r\u00f6stl\u00e4ngden<\/strong><\/li>\n\n\n\n<li><strong>Val av tv\u00e5 justeringsm\u00e4n att j\u00e4mte ordf\u00f6randen justera protokollet<\/strong><\/li>\n\n\n\n<li><strong>Fr\u00e5ga om m\u00f6tet blivit beh\u00f6rigen utlyst<\/strong><\/li>\n\n\n\n<li><strong>Kompetensf\u00f6retagens redovisning<\/strong> <strong>(<a href=\"https:\/\/www.kompetensforetagen.se\/app\/uploads\/sites\/5\/2026\/04\/Bilaga-A-Arsredovisning-Kompetensforetagen-2025.pdf\" target=\"_blank\" rel=\"noreferrer noopener\">A<\/a>, <a href=\"https:\/\/www.kompetensforetagen.se\/app\/uploads\/sites\/5\/2026\/04\/Bilaga-B-Revisionsberattelse-Kompetensforetagen-2025.pdf\" target=\"_blank\" rel=\"noreferrer noopener\">B<\/a>)<\/strong><br>a. Styrelsens f\u00f6rvaltningsber\u00e4ttelse <br>b. Revisorernas ber\u00e4ttelse<br>c. Fastst\u00e4lla resultat- och balansr\u00e4kning\u00a0<br>d. Beslut om disposition av resultat enligt fastst\u00e4lld balansr\u00e4kning<br><\/li>\n\n\n\n<li><strong>Fr\u00e5ga om ansvarsfrihet f\u00f6r styrelsen och f\u00f6rbundsdirekt\u00f6ren<\/strong> <\/li>\n\n\n\n<li><strong>Fastst\u00e4llande av villkor f\u00f6r Kompetensf\u00f6retagens auktorisation<\/strong><br>a. Auktorisationsvillkor f\u00f6r bemanningsf\u00f6retag<strong> <a href=\"https:\/\/www.kompetensforetagen.se\/app\/uploads\/sites\/5\/2026\/04\/Bilaga-C-Auktorisationsvillkor-Bemanningsforetag.pdf\" type=\"link\" id=\"https:\/\/www.kompetensforetagen.se\/app\/uploads\/sites\/5\/2026\/04\/Bilaga-C-Auktorisationsvillkor-Bemanningsforetag.pdf\" target=\"_blank\" rel=\"noreferrer noopener\">(C)<\/a><\/strong><br>b. Auktorisationsvillkor f\u00f6r omst\u00e4llningsf\u00f6retag <a href=\"https:\/\/www.kompetensforetagen.se\/app\/uploads\/sites\/5\/2026\/04\/Bilaga-D-Auktorisationsvillkor-Omstallningsforetag.pdf\" type=\"link\" id=\"https:\/\/www.kompetensforetagen.se\/app\/uploads\/sites\/5\/2026\/04\/Bilaga-D-Auktorisationsvillkor-Omstallningsforetag.pdf\"><strong>(<\/strong><\/a><a href=\"https:\/\/www.kompetensforetagen.se\/app\/uploads\/sites\/5\/2026\/04\/Bilaga-D-Auktorisationsvillkor-Omstallningsforetag.pdf\" type=\"link\" id=\"https:\/\/www.kompetensforetagen.se\/app\/uploads\/sites\/5\/2026\/04\/Bilaga-D-Auktorisationsvillkor-Omstallningsforetag.pdf\" target=\"_blank\" rel=\"noreferrer noopener\"><strong>D<\/strong><\/a><a href=\"https:\/\/www.kompetensforetagen.se\/app\/uploads\/sites\/5\/2026\/04\/Bilaga-D-Auktorisationsvillkor-Omstallningsforetag.pdf\" type=\"link\" id=\"https:\/\/www.kompetensforetagen.se\/app\/uploads\/sites\/5\/2026\/04\/Bilaga-D-Auktorisationsvillkor-Omstallningsforetag.pdf\"><strong>)<\/strong><\/a><br>c. Auktorisationsvillkor f\u00f6r rekryteringsf\u00f6retag <a href=\"https:\/\/www.kompetensforetagen.se\/app\/uploads\/sites\/5\/2026\/04\/Bilaga-V-Auktorisationsvillkor-Rekryteringsforetag.pdf\" type=\"link\" id=\"https:\/\/www.kompetensforetagen.se\/app\/uploads\/sites\/5\/2026\/04\/Bilaga-V-Auktorisationsvillkor-Rekryteringsforetag.pdf\" target=\"_blank\" rel=\"noreferrer noopener\"><strong>(E)<\/strong><\/a><\/li>\n\n\n\n<li><strong>Best\u00e4mmande av \u00e5rsavgifter, \u00e4ven minimiavgifter, till f\u00f6rbundet och\/eller servicebolaget enligt \u00a7 1 <\/strong><br>a. fastst\u00e4llande av branschavgift 2027 <a href=\"https:\/\/www.kompetensforetagen.se\/app\/uploads\/sites\/5\/2026\/04\/Bilaga-F-Branschavgifter-2027.pdf\" type=\"link\" id=\"https:\/\/www.kompetensforetagen.se\/app\/uploads\/sites\/5\/2026\/04\/Bilaga-F-Branschavgifter-2027.pdf\" target=\"_blank\" rel=\"noreferrer noopener\"><strong>(F)<\/strong><\/a><br>b. fastst\u00e4llande av \u00e5rsavgift 2026 <a href=\"https:\/\/www.kompetensforetagen.se\/app\/uploads\/sites\/5\/2026\/04\/Bilaga-G-Arsavgifter-2027.pdf\" target=\"_blank\" rel=\"noreferrer noopener\"><strong>(G)<\/strong><\/a><a href=\"https:\/\/www.kompetensforetagen.se\/app\/uploads\/sites\/5\/2026\/04\/Bilaga-G-Arsavgifter-2027.pdf\"><br><\/a>c. information om avgifter f\u00f6r serviceavtal 2026 <a href=\"https:\/\/www.kompetensforetagen.se\/app\/uploads\/sites\/5\/2026\/04\/Bilaga-H-Avgifter-serviceavtal-2027.pdf\" target=\"_blank\" rel=\"noreferrer noopener\"><strong>(H)<\/strong><\/a><a href=\"https:\/\/www.kompetensforetagen.se\/app\/uploads\/sites\/5\/2026\/04\/Bilaga-H-Avgifter-serviceavtal-2027.pdf\"><br><\/a><\/li>\n\n\n\n<li><strong>Valberedningens f\u00f6rslag till \u00e5rsm\u00f6tet 2025<\/strong> <strong><a href=\"https:\/\/www.kompetensforetagen.se\/app\/uploads\/sites\/5\/2026\/04\/Bilaga-I-Valberedningens-forslag.pdf\" type=\"link\" id=\"https:\/\/www.kompetensforetagen.se\/app\/uploads\/sites\/5\/2026\/04\/Bilaga-I-Valberedningens-forslag.pdf\" target=\"_blank\" rel=\"noreferrer noopener\">(I)<\/a><\/strong><br>a. Val av ordf\u00f6rande i styrelsen<br>b. Val av \u00f6vriga ledam\u00f6ter i styrelsen<br>c. Val av tv\u00e5 revisorer j\u00e4mte tv\u00e5 suppleanter<br>d. Val av valberedning<br>e. Val av ledamot eller suppleant i Svenskt N\u00e4ringslivs styrelse<br>f. Val av ombud till Svenskt N\u00e4ringslivs st\u00e4mma<br>g. Val av f\u00f6rbundets representant i Almegas valberedning<br>h. Val av f\u00f6rbundets ombud vid bolagsst\u00e4mma i servicebolag som omn\u00e4mns i \u00a7 1<br>i. Val bland styrelsens ledam\u00f6ter av ledam\u00f6ter i styrelsen f\u00f6r f\u00f6rbundsgruppen Almega<br>j. Val av representant i internationellt branschorgan<br>k. Information: Valberedningens f\u00f6rslag till SME-kommitt\u00e9n<br><\/li>\n\n\n\n<li><strong>Fastst\u00e4llande av ers\u00e4ttningar och arvoden<\/strong> <strong><a href=\"https:\/\/www.kompetensforetagen.se\/app\/uploads\/sites\/5\/2026\/04\/Bilaga-J-Ersattningar-och-arvoden.pdf\" type=\"link\" id=\"https:\/\/www.kompetensforetagen.se\/app\/uploads\/sites\/5\/2026\/04\/Bilaga-J-Ersattningar-och-arvoden.pdf\" target=\"_blank\" rel=\"noreferrer noopener\">(J)<\/a><\/strong><\/li>\n\n\n\n<li><strong>Framst\u00e4llningar fr\u00e5n styrelsen eller Svenskt N\u00e4ringsliv eller styrelsen f\u00f6r f\u00f6rbundsgruppen Almega<\/strong> <br>a. F\u00f6rslag till stadge\u00e4ndring av \u00a7 8 Styrelsen <a href=\"https:\/\/www.kompetensforetagen.se\/app\/uploads\/sites\/5\/2026\/04\/Bilaga-K-Forslag-till-stadgeandringar-\u00a7-8-Styrelsen.pdf\" type=\"link\" id=\"https:\/\/www.kompetensforetagen.se\/app\/uploads\/sites\/5\/2026\/04\/Bilaga-K-Forslag-till-stadgeandringar-\u00a7-8-Styrelsen.pdf\" target=\"_blank\" rel=\"noreferrer noopener\"><strong>(K)<\/strong><\/a><br>b. F\u00f6rslag till justering av medlemsvillkor <a href=\"https:\/\/www.kompetensforetagen.se\/app\/uploads\/sites\/5\/2026\/04\/Bilaga-L-Forslag-till-rattelse-i-stadgar-\u00a7-14-Auktorisation.pdf\" type=\"link\" id=\"https:\/\/www.kompetensforetagen.se\/app\/uploads\/sites\/5\/2026\/04\/Bilaga-L-Forslag-till-rattelse-i-stadgar-\u00a7-14-Auktorisation.pdf\"><strong>(<\/strong><\/a><a href=\"https:\/\/www.kompetensforetagen.se\/app\/uploads\/sites\/5\/2026\/04\/Bilaga-L-Forslag-till-rattelse-i-stadgar-\u00a7-14-Auktorisation.pdf\" type=\"link\" id=\"https:\/\/www.kompetensforetagen.se\/app\/uploads\/sites\/5\/2026\/04\/Bilaga-L-Forslag-till-rattelse-i-stadgar-\u00a7-14-Auktorisation.pdf\" target=\"_blank\" rel=\"noreferrer noopener\"><strong>L)<\/strong><\/a><br><\/li>\n\n\n\n<li><strong>Av medlem gjord framst\u00e4llning, som minst tv\u00e5 veckor f\u00f6re m\u00f6tet skriftligen anm\u00e4ls till styrelsen f\u00f6r behandling av m\u00f6tet.<\/strong><br><\/li>\n\n\n\n<li><strong>Fastst\u00e4llande av riktlinjer f\u00f6r valberedningen<\/strong> <strong><a href=\"https:\/\/www.kompetensforetagen.se\/app\/uploads\/sites\/5\/2026\/04\/Bilaga-M-Riktlinjer-for-valberedningen.pdf\" type=\"link\" id=\"https:\/\/www.kompetensforetagen.se\/app\/uploads\/sites\/5\/2026\/04\/Bilaga-M-Riktlinjer-for-valberedningen.pdf\" target=\"_blank\" rel=\"noreferrer noopener\">(M)<\/a><\/strong><\/li>\n\n\n\n<li><strong>M\u00f6tet avslutas&nbsp;<\/strong><\/li>\n<\/ol>\n<\/div><\/div>\n","protected":false},"excerpt":{"rendered":"<p>V\u00e4lkommen till Kompetens\u00adf\u00f6retagens \u00e5rsm\u00f6te 2026. Onsdagen den 20 maj klockan 13.30&nbsp;\u00e4r det dags f\u00f6r Kompetens\u00adf\u00f6retagens \u00e5rsm\u00f6te som h\u00e5lls b\u00e5de fysiskt samt digitalt. Datum:&nbsp;Onsdag den 20 maj 2026 Plats: Digitalt (Microsoft Teams) och Stallet 2 i &hellip;<\/p>\n","protected":false},"author":14989,"featured_media":0,"parent":560,"menu_order":0,"comment_status":"closed","ping_status":"closed","template":"","meta":{"_acf_changed":false,"footnotes":""},"article_type":[],"agreement":[163,164,165,36,37,38,39,40,41,58,59,60,42,43,44,45,46,47,48,49,50,51,52,53,55,54,56,57,61,62,63,64,65,66,67,68,69,70,71,72,73,74,75,76,77,78,79,80,81,82,83,89,90,91,84,85,86,87,88,95,92,93,94,96,97,98,99,100,101,102,103,104,105,106,107,108,109,110,111,112,113,114,115,116,117,118,119,120,121,122,123,124,125,126,127,128,129,133,130,131,132,134,135,136,137,138,139,140,141,142,143,144,145,147,149,150,151,148,152,146,153,154,155,156,157,158,159,160,162,161],"for-members":[],"class_list":["post-10867","page","type-page","status-publish","hentry","agreement-d8372015-3f44-e211-be83-005056b20fd8","agreement-1ac6e1f5-3f44-e211-be83-005056b20fd8","agreement-70ee1081-3f44-e211-be83-005056b20fd8","agreement-cacd80f7-ff07-de11-b4e1-02bf9e69ca65","agreement-cbcd80f7-ff07-de11-b4e1-02bf9e69ca65","agreement-8dce80f7-ff07-de11-b4e1-02bf9e69ca65","agreement-a1c8f241-0761-e011-a194-02bf9e69ca65","agreement-a6e84646-06ab-e611-8108-003dd8b71e47","agreement-acce80f7-ff07-de11-b4e1-02bf9e69ca65","agreement-705d8229-a064-de11-bdb9-02bf9e69ca65","agreement-2767ab55-42a2-e411-95d0-005056b20fd6","agreement-875fe194-42a2-e411-95d0-005056b20fd6","agreement-9cce80f7-ff07-de11-b4e1-02bf9e69ca65","agreement-a2ce80f7-ff07-de11-b4e1-02bf9e69ca65","agreement-a1ce80f7-ff07-de11-b4e1-02bf9e69ca65","agreement-9dce80f7-ff07-de11-b4e1-02bf9e69ca65","agreement-a3ce80f7-ff07-de11-b4e1-02bf9e69ca65","agreement-a8ce80f7-ff07-de11-b4e1-02bf9e69ca65","agreement-9ece80f7-ff07-de11-b4e1-02bf9e69ca65","agreement-a4ce80f7-ff07-de11-b4e1-02bf9e69ca65","agreement-20c6e08e-fe12-de11-b4e1-02bf9e69ca65","agreement-a7ce80f7-ff07-de11-b4e1-02bf9e69ca65","agreement-a5ce80f7-ff07-de11-b4e1-02bf9e69ca65","agreement-a6ce80f7-ff07-de11-b4e1-02bf9e69ca65","agreement-9fce80f7-ff07-de11-b4e1-02bf9e69ca65","agreement-a0ce80f7-ff07-de11-b4e1-02bf9e69ca65","agreement-aace80f7-ff07-de11-b4e1-02bf9e69ca65","agreement-a9ce80f7-ff07-de11-b4e1-02bf9e69ca65","agreement-abce80f7-ff07-de11-b4e1-02bf9e69ca65","agreement-b0ce80f7-ff07-de11-b4e1-02bf9e69ca65","agreement-80801b30-bf59-de11-bdb9-02bf9e69ca65","agreement-4ace80f7-ff07-de11-b4e1-02bf9e69ca65","agreement-5bd980a8-f612-de11-b4e1-02bf9e69ca65","agreement-12ce80f7-ff07-de11-b4e1-02bf9e69ca65","agreement-19ce80f7-ff07-de11-b4e1-02bf9e69ca65","agreement-91c18dfe-fd12-de11-b4e1-02bf9e69ca65","agreement-58ce80f7-ff07-de11-b4e1-02bf9e69ca65","agreement-dbc1f569-b5f1-e511-b8fc-005056b20fd8","agreement-a0dd9b4d-7a56-de11-bdb9-02bf9e69ca65","agreement-81ce80f7-ff07-de11-b4e1-02bf9e69ca65","agreement-bccd80f7-ff07-de11-b4e1-02bf9e69ca65","agreement-4bce80f7-ff07-de11-b4e1-02bf9e69ca65","agreement-22ce80f7-ff07-de11-b4e1-02bf9e69ca65","agreement-45ce80f7-ff07-de11-b4e1-02bf9e69ca65","agreement-6fce80f7-ff07-de11-b4e1-02bf9e69ca65","agreement-72ce80f7-ff07-de11-b4e1-02bf9e69ca65","agreement-6ece80f7-ff07-de11-b4e1-02bf9e69ca65","agreement-71ce80f7-ff07-de11-b4e1-02bf9e69ca65","agreement-74ce80f7-ff07-de11-b4e1-02bf9e69ca65","agreement-47ce80f7-ff07-de11-b4e1-02bf9e69ca65","agreement-21ce80f7-ff07-de11-b4e1-02bf9e69ca65","agreement-31055653-edd3-e511-afc2-005056b20fd8","agreement-c1cd80f7-ff07-de11-b4e1-02bf9e69ca65","agreement-c4cd80f7-ff07-de11-b4e1-02bf9e69ca65","agreement-62ce80f7-ff07-de11-b4e1-02bf9e69ca65","agreement-61ce80f7-ff07-de11-b4e1-02bf9e69ca65","agreement-63ce80f7-ff07-de11-b4e1-02bf9e69ca65","agreement-64ce80f7-ff07-de11-b4e1-02bf9e69ca65","agreement-54ce80f7-ff07-de11-b4e1-02bf9e69ca65","agreement-79ce80f7-ff07-de11-b4e1-02bf9e69ca65","agreement-1cce80f7-ff07-de11-b4e1-02bf9e69ca65","agreement-5dce80f7-ff07-de11-b4e1-02bf9e69ca65","agreement-d7532451-e4a4-e711-810e-003dd8b71e49","agreement-84ce80f7-ff07-de11-b4e1-02bf9e69ca65","agreement-10cec22e-2f50-de11-bdb9-02bf9e69ca65","agreement-24ce80f7-ff07-de11-b4e1-02bf9e69ca65","agreement-9ace80f7-ff07-de11-b4e1-02bf9e69ca65","agreement-ff73fbfd-74c6-e111-9e82-005056b20fd8","agreement-8b353f92-eae2-e111-b718-005056b20fd6","agreement-6bce80f7-ff07-de11-b4e1-02bf9e69ca65","agreement-80ce80f7-ff07-de11-b4e1-02bf9e69ca65","agreement-52ce80f7-ff07-de11-b4e1-02bf9e69ca65","agreement-1dce80f7-ff07-de11-b4e1-02bf9e69ca65","agreement-8bce80f7-ff07-de11-b4e1-02bf9e69ca65","agreement-8cce80f7-ff07-de11-b4e1-02bf9e69ca65","agreement-5ece80f7-ff07-de11-b4e1-02bf9e69ca65","agreement-20ce80f7-ff07-de11-b4e1-02bf9e69ca65","agreement-50febb79-7a56-de11-bdb9-02bf9e69ca65","agreement-5fce80f7-ff07-de11-b4e1-02bf9e69ca65","agreement-7dce80f7-ff07-de11-b4e1-02bf9e69ca65","agreement-4bb0699c-fd12-de11-b4e1-02bf9e69ca65","agreement-c5cd80f7-ff07-de11-b4e1-02bf9e69ca65","agreement-d95c3e3a-0da2-de11-b057-02bf9e69ca65","agreement-2b2479db-06a2-de11-b057-02bf9e69ca65","agreement-89175bca-06a2-de11-b057-02bf9e69ca65","agreement-5ace80f7-ff07-de11-b4e1-02bf9e69ca65","agreement-55ce80f7-ff07-de11-b4e1-02bf9e69ca65","agreement-4dce80f7-ff07-de11-b4e1-02bf9e69ca65","agreement-bfc990e1-647d-e111-8141-005056b20278","agreement-6cce80f7-ff07-de11-b4e1-02bf9e69ca65","agreement-c067cbf5-647d-e111-8141-005056b20278","agreement-86ce80f7-ff07-de11-b4e1-02bf9e69ca65","agreement-85ce80f7-ff07-de11-b4e1-02bf9e69ca65","agreement-88ce80f7-ff07-de11-b4e1-02bf9e69ca65","agreement-43ce80f7-ff07-de11-b4e1-02bf9e69ca65","agreement-44ce80f7-ff07-de11-b4e1-02bf9e69ca65","agreement-9277b1e1-28ad-e011-8875-005056b20278","agreement-82ce80f7-ff07-de11-b4e1-02bf9e69ca65","agreement-87ce80f7-ff07-de11-b4e1-02bf9e69ca65","agreement-7ace80f7-ff07-de11-b4e1-02bf9e69ca65","agreement-7bce80f7-ff07-de11-b4e1-02bf9e69ca65","agreement-46ce80f7-ff07-de11-b4e1-02bf9e69ca65","agreement-cccd80f7-ff07-de11-b4e1-02bf9e69ca65","agreement-18ce80f7-ff07-de11-b4e1-02bf9e69ca65","agreement-7ece80f7-ff07-de11-b4e1-02bf9e69ca65","agreement-bbcd80f7-ff07-de11-b4e1-02bf9e69ca65","agreement-becd80f7-ff07-de11-b4e1-02bf9e69ca65","agreement-42ce80f7-ff07-de11-b4e1-02bf9e69ca65","agreement-99ce80f7-ff07-de11-b4e1-02bf9e69ca65","agreement-49ce80f7-ff07-de11-b4e1-02bf9e69ca65","agreement-284e69e0-7a56-de11-bdb9-02bf9e69ca65","agreement-587f7203-7b56-de11-bdb9-02bf9e69ca65","agreement-26ce80f7-ff07-de11-b4e1-02bf9e69ca65","agreement-29ce80f7-ff07-de11-b4e1-02bf9e69ca65","agreement-1fce80f7-ff07-de11-b4e1-02bf9e69ca65","agreement-25ce80f7-ff07-de11-b4e1-02bf9e69ca65","agreement-1ece80f7-ff07-de11-b4e1-02bf9e69ca65","agreement-59ce80f7-ff07-de11-b4e1-02bf9e69ca65","agreement-53ce80f7-ff07-de11-b4e1-02bf9e69ca65","agreement-68c1af9f-6b56-de11-bdb9-02bf9e69ca65","agreement-4cce80f7-ff07-de11-b4e1-02bf9e69ca65","agreement-4fce80f7-ff07-de11-b4e1-02bf9e69ca65","agreement-7cce80f7-ff07-de11-b4e1-02bf9e69ca65","agreement-8ace80f7-ff07-de11-b4e1-02bf9e69ca65","agreement-60ce80f7-ff07-de11-b4e1-02bf9e69ca65","agreement-bfcd80f7-ff07-de11-b4e1-02bf9e69ca65","agreement-a438d278-7ccb-e711-810f-003dd8b71e49","agreement-c0cd80f7-ff07-de11-b4e1-02bf9e69ca65","agreement-78ce80f7-ff07-de11-b4e1-02bf9e69ca65","agreement-66ce80f7-ff07-de11-b4e1-02bf9e69ca65"],"acf":[],"yoast_head":"<!-- This site is optimized with the Yoast SEO Premium plugin v26.8 (Yoast SEO v26.8) - https:\/\/yoast.com\/product\/yoast-seo-premium-wordpress\/ -->\n<title>\u00c5rsm\u00f6te 2026 - Kompetensf\u00f6retagen<\/title>\n<meta name=\"description\" content=\"Kompetens\u00adf\u00f6retagens \u00e5rsm\u00f6te 2025.Torsdagen den 8 maj klockan 15.00\u00a0\u00e4r det dags f\u00f6r Kompetens\u00adf\u00f6retagens \u00e5rsm\u00f6te som i \u00e5r h\u00e5lls digitalt.\" \/>\n<meta name=\"robots\" content=\"index, follow, max-snippet:-1, max-image-preview:large, max-video-preview:-1\" \/>\n<link rel=\"canonical\" href=\"https:\/\/www.kompetensforetagen.se\/medlemssidor\/arsmote-2026\/\" \/>\n<meta property=\"og:locale\" content=\"sv_SE\" \/>\n<meta property=\"og:type\" content=\"article\" \/>\n<meta property=\"og:title\" content=\"\u00c5rsm\u00f6te 2026\" \/>\n<meta property=\"og:description\" content=\"Kompetens\u00adf\u00f6retagens \u00e5rsm\u00f6te 2025.Torsdagen den 8 maj klockan 15.00\u00a0\u00e4r det dags f\u00f6r Kompetens\u00adf\u00f6retagens \u00e5rsm\u00f6te som i \u00e5r h\u00e5lls digitalt.\" \/>\n<meta property=\"og:url\" content=\"https:\/\/www.kompetensforetagen.se\/medlemssidor\/arsmote-2026\/\" \/>\n<meta property=\"og:site_name\" content=\"Kompetensf\u00f6retagen\" \/>\n<meta property=\"article:modified_time\" content=\"2026-04-29T15:44:23+00:00\" \/>\n<meta name=\"twitter:card\" content=\"summary_large_image\" \/>\n<meta name=\"twitter:label1\" content=\"Ber\u00e4knad l\u00e4stid\" \/>\n\t<meta name=\"twitter:data1\" content=\"3 minuter\" \/>\n<script type=\"application\/ld+json\" class=\"yoast-schema-graph\">{\"@context\":\"https:\/\/schema.org\",\"@graph\":[{\"@type\":\"WebPage\",\"@id\":\"https:\/\/www.kompetensforetagen.se\/medlemssidor\/arsmote-2026\/\",\"url\":\"https:\/\/www.kompetensforetagen.se\/medlemssidor\/arsmote-2026\/\",\"name\":\"\u00c5rsm\u00f6te 2026 - Kompetensf\u00f6retagen\",\"isPartOf\":{\"@id\":\"https:\/\/www.kompetensforetagen.se\/#website\"},\"datePublished\":\"2026-04-29T15:16:17+00:00\",\"dateModified\":\"2026-04-29T15:44:23+00:00\",\"description\":\"Kompetens\u00adf\u00f6retagens \u00e5rsm\u00f6te 2025.Torsdagen den 8 maj klockan 15.00\u00a0\u00e4r det dags f\u00f6r Kompetens\u00adf\u00f6retagens \u00e5rsm\u00f6te som i \u00e5r h\u00e5lls digitalt.\",\"breadcrumb\":{\"@id\":\"https:\/\/www.kompetensforetagen.se\/medlemssidor\/arsmote-2026\/#breadcrumb\"},\"inLanguage\":\"sv-SE\",\"potentialAction\":[{\"@type\":\"ReadAction\",\"target\":[\"https:\/\/www.kompetensforetagen.se\/medlemssidor\/arsmote-2026\/\"]}]},{\"@type\":\"BreadcrumbList\",\"@id\":\"https:\/\/www.kompetensforetagen.se\/medlemssidor\/arsmote-2026\/#breadcrumb\",\"itemListElement\":[{\"@type\":\"ListItem\",\"position\":1,\"name\":\"Home\",\"item\":\"https:\/\/www.kompetensforetagen.se\/\"},{\"@type\":\"ListItem\",\"position\":2,\"name\":\"Medlemssidor\",\"item\":\"https:\/\/www.kompetensforetagen.se\/medlemssidor\/\"},{\"@type\":\"ListItem\",\"position\":3,\"name\":\"\u00c5rsm\u00f6te 2026\"}]},{\"@type\":\"WebSite\",\"@id\":\"https:\/\/www.kompetensforetagen.se\/#website\",\"url\":\"https:\/\/www.kompetensforetagen.se\/\",\"name\":\"Kompetensf\u00f6retagen\",\"description\":\"R\u00e4tt person p\u00e5 r\u00e4tt plats kan f\u00f6r\u00e4ndra v\u00e4rlden\",\"publisher\":{\"@id\":\"https:\/\/www.kompetensforetagen.se\/#organization\"},\"potentialAction\":[{\"@type\":\"SearchAction\",\"target\":{\"@type\":\"EntryPoint\",\"urlTemplate\":\"https:\/\/www.kompetensforetagen.se\/?s={search_term_string}\"},\"query-input\":{\"@type\":\"PropertyValueSpecification\",\"valueRequired\":true,\"valueName\":\"search_term_string\"}}],\"inLanguage\":\"sv-SE\"},{\"@type\":\"Organization\",\"@id\":\"https:\/\/www.kompetensforetagen.se\/#organization\",\"name\":\"Kompetensf\u00f6retagen\",\"url\":\"https:\/\/www.kompetensforetagen.se\/\",\"logo\":{\"@type\":\"ImageObject\",\"inLanguage\":\"sv-SE\",\"@id\":\"https:\/\/www.kompetensforetagen.se\/#\/schema\/logo\/image\/\",\"url\":\"https:\/\/www.kompetensforetagen.se\/app\/uploads\/sites\/5\/2022\/10\/logga_svart.png\",\"contentUrl\":\"https:\/\/www.kompetensforetagen.se\/app\/uploads\/sites\/5\/2022\/10\/logga_svart.png\",\"width\":752,\"height\":64,\"caption\":\"Kompetensf\u00f6retagen\"},\"image\":{\"@id\":\"https:\/\/www.kompetensforetagen.se\/#\/schema\/logo\/image\/\"},\"sameAs\":[\"https:\/\/www.linkedin.com\/company\/10540032\/\"]}]}<\/script>\n<!-- \/ Yoast SEO Premium plugin. -->","yoast_head_json":{"title":"\u00c5rsm\u00f6te 2026 - Kompetensf\u00f6retagen","description":"Kompetens\u00adf\u00f6retagens \u00e5rsm\u00f6te 2025.Torsdagen den 8 maj klockan 15.00\u00a0\u00e4r det dags f\u00f6r Kompetens\u00adf\u00f6retagens \u00e5rsm\u00f6te som i \u00e5r h\u00e5lls digitalt.","robots":{"index":"index","follow":"follow","max-snippet":"max-snippet:-1","max-image-preview":"max-image-preview:large","max-video-preview":"max-video-preview:-1"},"canonical":"https:\/\/www.kompetensforetagen.se\/medlemssidor\/arsmote-2026\/","og_locale":"sv_SE","og_type":"article","og_title":"\u00c5rsm\u00f6te 2026","og_description":"Kompetens\u00adf\u00f6retagens \u00e5rsm\u00f6te 2025.Torsdagen den 8 maj klockan 15.00\u00a0\u00e4r det dags f\u00f6r Kompetens\u00adf\u00f6retagens \u00e5rsm\u00f6te som i \u00e5r h\u00e5lls digitalt.","og_url":"https:\/\/www.kompetensforetagen.se\/medlemssidor\/arsmote-2026\/","og_site_name":"Kompetensf\u00f6retagen","article_modified_time":"2026-04-29T15:44:23+00:00","twitter_card":"summary_large_image","twitter_misc":{"Ber\u00e4knad l\u00e4stid":"3 minuter"},"schema":{"@context":"https:\/\/schema.org","@graph":[{"@type":"WebPage","@id":"https:\/\/www.kompetensforetagen.se\/medlemssidor\/arsmote-2026\/","url":"https:\/\/www.kompetensforetagen.se\/medlemssidor\/arsmote-2026\/","name":"\u00c5rsm\u00f6te 2026 - Kompetensf\u00f6retagen","isPartOf":{"@id":"https:\/\/www.kompetensforetagen.se\/#website"},"datePublished":"2026-04-29T15:16:17+00:00","dateModified":"2026-04-29T15:44:23+00:00","description":"Kompetens\u00adf\u00f6retagens \u00e5rsm\u00f6te 2025.Torsdagen den 8 maj klockan 15.00\u00a0\u00e4r det dags f\u00f6r Kompetens\u00adf\u00f6retagens \u00e5rsm\u00f6te som i \u00e5r h\u00e5lls digitalt.","breadcrumb":{"@id":"https:\/\/www.kompetensforetagen.se\/medlemssidor\/arsmote-2026\/#breadcrumb"},"inLanguage":"sv-SE","potentialAction":[{"@type":"ReadAction","target":["https:\/\/www.kompetensforetagen.se\/medlemssidor\/arsmote-2026\/"]}]},{"@type":"BreadcrumbList","@id":"https:\/\/www.kompetensforetagen.se\/medlemssidor\/arsmote-2026\/#breadcrumb","itemListElement":[{"@type":"ListItem","position":1,"name":"Home","item":"https:\/\/www.kompetensforetagen.se\/"},{"@type":"ListItem","position":2,"name":"Medlemssidor","item":"https:\/\/www.kompetensforetagen.se\/medlemssidor\/"},{"@type":"ListItem","position":3,"name":"\u00c5rsm\u00f6te 2026"}]},{"@type":"WebSite","@id":"https:\/\/www.kompetensforetagen.se\/#website","url":"https:\/\/www.kompetensforetagen.se\/","name":"Kompetensf\u00f6retagen","description":"R\u00e4tt person p\u00e5 r\u00e4tt plats kan f\u00f6r\u00e4ndra v\u00e4rlden","publisher":{"@id":"https:\/\/www.kompetensforetagen.se\/#organization"},"potentialAction":[{"@type":"SearchAction","target":{"@type":"EntryPoint","urlTemplate":"https:\/\/www.kompetensforetagen.se\/?s={search_term_string}"},"query-input":{"@type":"PropertyValueSpecification","valueRequired":true,"valueName":"search_term_string"}}],"inLanguage":"sv-SE"},{"@type":"Organization","@id":"https:\/\/www.kompetensforetagen.se\/#organization","name":"Kompetensf\u00f6retagen","url":"https:\/\/www.kompetensforetagen.se\/","logo":{"@type":"ImageObject","inLanguage":"sv-SE","@id":"https:\/\/www.kompetensforetagen.se\/#\/schema\/logo\/image\/","url":"https:\/\/www.kompetensforetagen.se\/app\/uploads\/sites\/5\/2022\/10\/logga_svart.png","contentUrl":"https:\/\/www.kompetensforetagen.se\/app\/uploads\/sites\/5\/2022\/10\/logga_svart.png","width":752,"height":64,"caption":"Kompetensf\u00f6retagen"},"image":{"@id":"https:\/\/www.kompetensforetagen.se\/#\/schema\/logo\/image\/"},"sameAs":["https:\/\/www.linkedin.com\/company\/10540032\/"]}]}},"_links":{"self":[{"href":"https:\/\/www.kompetensforetagen.se\/api\/wp\/v2\/pages\/10867","targetHints":{"allow":["GET"]}}],"collection":[{"href":"https:\/\/www.kompetensforetagen.se\/api\/wp\/v2\/pages"}],"about":[{"href":"https:\/\/www.kompetensforetagen.se\/api\/wp\/v2\/types\/page"}],"author":[{"embeddable":true,"href":"https:\/\/www.kompetensforetagen.se\/api\/wp\/v2\/users\/14989"}],"replies":[{"embeddable":true,"href":"https:\/\/www.kompetensforetagen.se\/api\/wp\/v2\/comments?post=10867"}],"version-history":[{"count":76,"href":"https:\/\/www.kompetensforetagen.se\/api\/wp\/v2\/pages\/10867\/revisions"}],"predecessor-version":[{"id":21653,"href":"https:\/\/www.kompetensforetagen.se\/api\/wp\/v2\/pages\/10867\/revisions\/21653"}],"up":[{"embeddable":true,"href":"https:\/\/www.kompetensforetagen.se\/api\/wp\/v2\/pages\/560"}],"wp:attachment":[{"href":"https:\/\/www.kompetensforetagen.se\/api\/wp\/v2\/media?parent=10867"}],"wp:term":[{"taxonomy":"type","embeddable":true,"href":"https:\/\/www.kompetensforetagen.se\/api\/wp\/v2\/article_type?post=10867"},{"taxonomy":"agreement","embeddable":true,"href":"https:\/\/www.kompetensforetagen.se\/api\/wp\/v2\/agreement?post=10867"},{"taxonomy":"for-members","embeddable":true,"href":"https:\/\/www.kompetensforetagen.se\/api\/wp\/v2\/for-members?post=10867"}],"curies":[{"name":"wp","href":"https:\/\/api.w.org\/{rel}","templated":true}]}}